{"id":23,"date":"2016-10-14T09:05:21","date_gmt":"2016-10-14T07:05:21","guid":{"rendered":"https:\/\/wl.heimpixel.de\/vorlage\/termine\/"},"modified":"2022-08-25T12:38:11","modified_gmt":"2022-08-25T10:38:11","slug":"termine","status":"publish","type":"page","link":"https:\/\/weltlaeden.de\/guestrow\/termine\/","title":{"rendered":"Termine"},"content":{"rendered":"<div class=\"wpb-content-wrapper\"><p>[vc_row][vc_column]<div class=\"wl_einzelbild\"><p><img loading=\"lazy\" decoding=\"async\" class=\"alignnone size-medium wp-image-758\" src=\"https:\/\/weltlaeden.de\/guestrow\/wp-content\/uploads\/sites\/161\/2022\/08\/IMG20220726131934-225x300.jpg\" alt=\"\" width=\"225\" height=\"300\" srcset=\"https:\/\/weltlaeden.de\/guestrow\/wp-content\/uploads\/sites\/161\/2022\/08\/IMG20220726131934-225x300.jpg 225w, https:\/\/weltlaeden.de\/guestrow\/wp-content\/uploads\/sites\/161\/2022\/08\/IMG20220726131934-768x1024.jpg 768w, https:\/\/weltlaeden.de\/guestrow\/wp-content\/uploads\/sites\/161\/2022\/08\/IMG20220726131934-1152x1536.jpg 1152w, https:\/\/weltlaeden.de\/guestrow\/wp-content\/uploads\/sites\/161\/2022\/08\/IMG20220726131934-1536x2048.jpg 1536w, https:\/\/weltlaeden.de\/guestrow\/wp-content\/uploads\/sites\/161\/2022\/08\/IMG20220726131934-scaled.jpg 1440w\" sizes=\"auto, (max-width: 225px) 100vw, 225px\" \/> \u00a0 \u00a0 \u00a0 \u00a0\u00a0 <img loading=\"lazy\" decoding=\"async\" class=\"alignnone size-medium wp-image-759\" src=\"https:\/\/weltlaeden.de\/guestrow\/wp-content\/uploads\/sites\/161\/2022\/08\/IMG20220726132305-225x300.jpg\" alt=\"\" width=\"225\" height=\"300\" srcset=\"https:\/\/weltlaeden.de\/guestrow\/wp-content\/uploads\/sites\/161\/2022\/08\/IMG20220726132305-225x300.jpg 225w, https:\/\/weltlaeden.de\/guestrow\/wp-content\/uploads\/sites\/161\/2022\/08\/IMG20220726132305-768x1024.jpg 768w, https:\/\/weltlaeden.de\/guestrow\/wp-content\/uploads\/sites\/161\/2022\/08\/IMG20220726132305-1152x1536.jpg 1152w, https:\/\/weltlaeden.de\/guestrow\/wp-content\/uploads\/sites\/161\/2022\/08\/IMG20220726132305-1536x2048.jpg 1536w, https:\/\/weltlaeden.de\/guestrow\/wp-content\/uploads\/sites\/161\/2022\/08\/IMG20220726132305-scaled.jpg 1440w\" sizes=\"auto, (max-width: 225px) 100vw, 225px\" \/> \u00a0 \u00a0 \u00a0 \u00a0\u00a0 <img loading=\"lazy\" decoding=\"async\" class=\"alignnone size-medium wp-image-762\" src=\"https:\/\/weltlaeden.de\/guestrow\/wp-content\/uploads\/sites\/161\/2022\/08\/IMG20220726132716-225x300.jpg\" alt=\"\" width=\"225\" height=\"300\" srcset=\"https:\/\/weltlaeden.de\/guestrow\/wp-content\/uploads\/sites\/161\/2022\/08\/IMG20220726132716-225x300.jpg 225w, https:\/\/weltlaeden.de\/guestrow\/wp-content\/uploads\/sites\/161\/2022\/08\/IMG20220726132716-768x1024.jpg 768w, https:\/\/weltlaeden.de\/guestrow\/wp-content\/uploads\/sites\/161\/2022\/08\/IMG20220726132716-1152x1536.jpg 1152w, https:\/\/weltlaeden.de\/guestrow\/wp-content\/uploads\/sites\/161\/2022\/08\/IMG20220726132716-1536x2048.jpg 1536w, https:\/\/weltlaeden.de\/guestrow\/wp-content\/uploads\/sites\/161\/2022\/08\/IMG20220726132716-scaled.jpg 1440w\" sizes=\"auto, (max-width: 225px) 100vw, 225px\" \/><\/p><\/div>[vc_empty_space height=&#8220;30px&#8220;][vc_column_text]<\/p>\n<h1>Termine<\/h1>\n<h4><\/h4>\n<p>[\/vc_column_text][vc_empty_space height=&#8220;30px&#8220;][\/vc_column][\/vc_row][vc_row][vc_column width=&#8220;2\/3&#8243;][vc_column_text]<\/p>\n<h2>Kommende Termine<\/h2>\n<p>[\/vc_column_text]<ul class=\"termine-page current aktuell\"><li><h5 class=\"termine-titel\"><a href=\"https:\/\/weltlaeden.de\/guestrow\/termin\/weltladentag-2026-fair-fruchtet\/\">Weltladentag 2026 &#8211; Fair fruchtet<\/a><\/h5><p class=\"termine-date\">Sa., 09.05.2026, 11:00<\/p><p class=\"termine-auszug\">Fr\u00fcchte stehen f\u00fcr Vielfalt, Genuss und Lebensfreude. Doch hinter dem, was bei uns selbstverst\u00e4ndlich im Einkaufskorb landet, steckt viel Arbeit unter schwierigen Bedingungen. Am Weltladentag am 09. Mai 2026 nehmen wir diese Themen in den Blick. Bananen, Orangen, Ananas und Mangos geh\u00f6ren weltweit zu den beliebtesten Fr\u00fcchten. Doch ihre Produktion ist oft mit schwierigen Arbeitsbedingungen verbunden. Viele Menschen, die sie anbauen und ernten, erhalten niedrige L\u00f6hne, arbeiten befristet oder ohne Vertrag und haben kaum Mitspracherechte. Gro\u00dfe Plantagen internationaler Konzerne bestimmen den Markt, w\u00e4hrend Kleinb\u00e4uerinnen und Kleinbauern mit begrenzten Ressourcen kaum konkurrenzf\u00e4hig sind. Obwohl die Obst- und Fruchtsaftproduktion enorme Gewinne erzielt und j\u00e4hrlich rund 110 Millionen Tonnen Bananen geerntet werden, bleibt am Anfang der Lieferkette nur ein kleiner Teil des Erl\u00f6ses bei den Produzentinnen und Produzenten. &nbsp; <a href=\"https:\/\/service.weltladen.de\/kampagnen-aktionen\/weltladentag\/weltladentag-2026\/\">mehr lesen<\/a><\/li><li><h5 class=\"termine-titel\"><a href=\"https:\/\/weltlaeden.de\/guestrow\/termin\/faires-picknick-2026\/\">Faires Picknick 2026<\/a><\/h5><p class=\"termine-date\">Sa., 04.07.2026, 14:00 bis 14.07.2026, 17:00<\/p><p class=\"termine-auszug\">Auch in diesem Jahr findet das Faire Picknick in G\u00fcstrow vor dem Dom statt. Es gibt Musik, Genuss und auch was f\u00fcr die Kleinen. Also Picknickdecke einpacken und vorbei kommen. <strong>Das faire Picknick in G\u00fcstrow auf dem Domplatz<\/strong> G\u00fcstrow als\u00a0<a href=\"https:\/\/weltlaeden.de\/guestrow\/wir-sind-fairtrade-stadt\/\"><strong>Fairtrade-Stadt<\/strong><\/a>\u00a0setzt ein Zeichen f\u00fcr eine gerechtere Welt und leistet einen wichtigen Beitrag zur Verbesserung der Lebensbedingungen von benachteiligten Produzentengruppen im globalen S\u00fcden. In diesem Zusammenhang l\u00e4dt die Steuerungsgruppe Fairtrade Stadt G\u00fcstrow auch in diesem Jahr unter dem Motto\u00a0<strong>\u201eFair \u2013 Regional \u2013 Nachhaltig\u201c<\/strong>\u00a0zum Fairen Picknick ein. Der Weltladen G\u00fcstrow als erste Adresse des Fairen Handels in G\u00fcstrow bietet faire Produkte zum Anschauen und Mitnehmen an. Weiterhin mit dabei sind der Wildpark MV, unser Original G\u00fcstrower Kniesenack e.V., die \u00d6lm\u00fchle Sander und Konditormeisterin Enrica Korsinski mit leckem Brot und Torte u.v.m. G\u00e4ste sind eingeladen, sich in entspannter Atmosph\u00e4re zu informieren, unterhalten und mit selbst mitgebrachtem Essen in Gesellschaft fair zu picknicken. Bringen [...] <a href=\"https:\/\/weltlaeden.de\/guestrow\/termin\/faires-picknick-2026\/\"><small>[WEITERLESEN]<\/small><\/a><\/p><\/li><li><h5 class=\"termine-titel\"><a href=\"https:\/\/weltlaeden.de\/guestrow\/termin\/faire-woche-2026\/\">Faire Woche 2026<\/a><\/h5><p class=\"termine-date\">Fr., 11.09.2026, 08:00 bis 25.09.2026, 18:00<\/p><p class=\"termine-auszug\">Fair handeln \u2013 Vielfalt erleben! Unter diesem Motto steht die Faire Woche vom 11. bis 25. September. In diesen zwei Wochen r\u00fccken wir die vielen Facetten von Vielfalt im Fairen Handel in den Mittelpunkt \u2013 mit einem\u00a0<strong>besonderen Fokus auf junge Menschen<\/strong>. Wir wollen<strong>\u00a0ihre Perspektiven, ihre Lebensrealit\u00e4ten, ihre Rolle f\u00fcr eine vielf\u00e4ltige Zukunft kennenlernen<\/strong>\u00a0und ihnen ein Plattform bieten ihre Sicht darzustellen. <a href=\"https:\/\/www.faire-woche.de\/faire-woche-2026\/jahresthema-fair-handeln-vielfalt-erleben\">mehr lesen\u00a0<\/a><\/li><\/ul>[vc_empty_space height=&#8220;30px&#8220;][vc_column_text]<\/p>\n<h2>Vergangene Termine<\/h2>\n<p>[\/vc_column_text]<ul class=\"termine-page past vergangen\"><li><h5 class=\"termine-titel\"><a href=\"https:\/\/weltlaeden.de\/guestrow\/termin\/frieden-eine-weltwechsel-veranstaltung\/\">Frieden &#8211; Eine weltwechsel Veranstaltung<\/a><\/h5><p class=\"termine-date\">So., 19.10.2025, 19:00 bis 19.10.2025, 21:00<\/p><p class=\"termine-auszug\"><strong>Internationale Friedens- und Menschenrechtsarbeit in versteckten Kriegen<\/strong> Mit Videoclips und Bildschirmpr\u00e4sentation berichtet Heike Kammer von ihren Erfahrungen und den Herausforderungen gewaltfreien Widerstands in Mexiko, Mittelamerika und Kolumbien. <strong><a href=\"https:\/\/weltlaeden.de\/guestrow\/wp-content\/uploads\/sites\/161\/2025\/10\/Screenshot-2025-10-02-134625.png\">Heike Kammer<\/a> <\/strong>war von 1987 bis 2006 als zivile Friedensfachkraft der peace brigades international in Lateinamerika t\u00e4tig und besucht weiterhin die Projekte. Sie begleitete lokale Menschenrechtsverteidiger:innen in Mexiko, El Salvador, Guatemala und Kolumbien. 1999 wurde ihr als Auszeichnung ihrer Arbeit der Menschenrechtspreis der Stadt Weimar verliehen. Zur Zeit tourt sie mit Vortr\u00e4gen und einer kleinen Puppenb\u00fchne durch Deutschland. Seit 2012 setzt sich der Weltladen ehrenamtlich durch den Verkauf fair produzierter und gehandelter Waren und Bildungsarbeit f\u00fcr eine gerechtere und nachhaltigere Welt ein. Daher haben wir Heike Kammer am 19.10. im Rahmen des <a href=\"https:\/\/www.weltwechsel.de\/\">weltwechsels<\/a> zu uns eingeladen.<\/li><li><h5 class=\"termine-titel\"><a href=\"https:\/\/weltlaeden.de\/guestrow\/termin\/faire-woche-2025\/\">Faire Woche 2025<\/a><\/h5><p class=\"termine-date\">Fr., 12.09.2025 bis 26.09.2025<\/p><p class=\"termine-auszug\">Fair handeln und Vielfalt erleben... Unter diesem Motto steht die diesj\u00e4hrige Faire Woche. Vom 12. bis 26. September wollen wir verschiedene Facetten der Vielfalt in Bezug auf den Fairen Handel beleuchten. Vielfalt macht unser Leben bunt, abwechslungsreich und interessant. Aber Vielfalt macht unser \u00dcberleben auch erst m\u00f6glich. Ob es die biologische Vielfalt ist, die Vielfalt einer Gesellschaft oder ein breites Netzwerk von Akteuren - all das erm\u00f6glicht es uns, in verschiedenen Lebensr\u00e4umen zu leben, zu wirtschaften und Herausforderungen zu meistern. Mehr lesen: <a href=\"https:\/\/www.faire-woche.de\/start\/faire-woche-2025\/jahresthema-fair-handeln-vielfalt-erleben\">https:\/\/www.faire-woche.de\/start\/faire-woche-2025\/jahresthema-fair-handeln-vielfalt-erleben<\/a><\/li><li><h5 class=\"termine-titel\"><a href=\"https:\/\/weltlaeden.de\/guestrow\/termin\/faires-picknick-2025\/\">Faires Picknick 2025<\/a><\/h5><p class=\"termine-date\">Sa., 12.07.2025, 14:00 bis 12.07.2025, 17:00<\/p><p class=\"termine-auszug\"><strong>Auch in diesem Jahr wieder - Das faire Picknick in G\u00fcstrow auf dem Domplatz <\/strong> G\u00fcstrow als <a href=\"https:\/\/weltlaeden.de\/guestrow\/wir-sind-fairtrade-stadt\/\"><strong>Fairtrade-Stadt<\/strong><\/a> setzt ein Zeichen f\u00fcr eine gerechtere Welt und leistet einen wichtigen Beitrag zur Verbesserung der Lebensbedingungen von benachteiligten Produzentengruppen im globalen S\u00fcden. In diesem Zusammenhang l\u00e4dt die Steuerungsgruppe Fairtrade Stadt G\u00fcstrow auch in diesem Jahr unter dem Motto <strong>\u201eFair \u2013 Regional \u2013 Nachhaltig\u201c<\/strong> zum Fairen Picknick ein. Der Weltladen G\u00fcstrow als erste Adresse des Fairen Handels in G\u00fcstrow bietet faire Produkte zum Anschauen und Mitnehmen an. Weiterhin mit dabei sind der Wildpark MV, unser Original G\u00fcstrower Kniesenack e.V., die \u00d6lm\u00fchle Sander sowie weitere regionale Anbietern von leckerem Brot, K\u00e4se, Kuchen u.v.m. G\u00e4ste sind eingeladen, sich in entspannter Atmosph\u00e4re zu informieren, unterhalten und mit selbst mitgebrachtem Essen in Gesellschaft fair zu picknicken. Bringen Sie gern eigenes Geschirr, Besteck und eine Decke mit, auch um m\u00f6glichst wenig M\u00fcll zu produzieren. Was fehlt, wird [...] <a href=\"https:\/\/weltlaeden.de\/guestrow\/termin\/faires-picknick-2025\/\"><small>[WEITERLESEN]<\/small><\/a><\/p><p class=termine-ort\"><small>Ort: <i>Domplatz in G\u00fcstrow<\/i><\/small><\/p><\/li><li><h5 class=\"termine-titel\"><a href=\"https:\/\/weltlaeden.de\/guestrow\/termin\/windradbesteigung-zur-fairen-woche-2024\/\">Windradbesteigung zur Fairen Woche 2024<\/a><\/h5><p class=\"termine-date\">Sa., 21.09.2024, 13:00<\/p><p class=\"termine-auszug\"><p class=\"cvGsUA direction-ltr align-start para-style-body\">Die Bildungsgruppe des Weltladen G\u00fcstrow e.V. l\u00e4dt im Rahmen der Fairen Woche 2024 zu einer Windradbesteigung unter der Leitung von Herrn Johann-Georg Jaeger, Vorsitzender des Landesverbandes Erneuerbare Energie MV (LEE MV) ein.<\/p> <p class=\"cvGsUA direction-ltr align-start para-style-body\">Was ist fair im Hinblick auf die Errichtung von Windr\u00e4dern? Vor der Besteigung laden wir zu einer Diskussion \u00fcber dieses Thema ein.<\/p> Anmeldung bitte unter bildung@weltladen-guestrow.de Das Thema ist interessant f\u00fcr Sie? Dann schauen Sie gern bei den Klimafachtagen des Eine Welt Netzwerkes MV in Schwerin vorbei: <a href=\"https:\/\/eine-welt-mv.de\/events-uebersicht\/klimafachtag\/https:\/\/eine-welt-mv.de\/events-uebersicht\/klimafachtag\/\">https:\/\/eine-welt-mv.de\/events-uebersicht\/klimafachtag\/https:\/\/eine-welt-mv.de\/events-uebersicht\/klimafachtag\/<\/a><\/li><li><h5 class=\"termine-titel\"><a href=\"https:\/\/weltlaeden.de\/guestrow\/termin\/faires-picknick-in-guestrow\/\">Faires Picknick in G\u00fcstrow<\/a><\/h5><p class=\"termine-date\">Sa., 13.07.2024, 14:00<\/p><p class=\"termine-auszug\"><p style=\"font-weight: 400\"><strong>Einladung zum Fairen Picknick auf dem Domplatz <\/strong><\/p> <p style=\"font-weight: 400\">Durch gemeinsames Engagement f\u00fcr den fairen Handel vor Ort setzt G\u00fcstrow als <a href=\"https:\/\/weltlaeden.de\/guestrow\/wir-sind-fairtrade-stadt\/\"><strong>Fairtrade-Stadt<\/strong><\/a> ein Zeichen f\u00fcr eine gerechtere Welt und leistet einen wichtigen Beitrag zur Verbesserung der Lebensbedingungen von benachteiligten Produzentengruppen im globalen S\u00fcden.<\/p> <p style=\"font-weight: 400\">In diesem Zusammenhang l\u00e4dt die Steuerungsgruppe am 13. Juli 2024 von 14:00 \u2013 18:00 Uhr getreu dem Motto <strong>\u201eFair - Regional \u2013 Nachhaltig\u201c<\/strong> herzlich zu einem Fairen Picknick ein.<\/p> <p style=\"font-weight: 400\">Gemeinsam mit Akteuren wie den Weltl\u00e4den anderer St\u00e4dte, Lieferanten fairer Produkte, dem Wildpark MV, dem Original G\u00fcstrower Kniesenack e.V., dem Imkerverein G\u00fcstrow sowie regionalen Anbietern von leckerem Brot, K\u00e4se, Kuchen u.v.m. k\u00f6nnen sich die G\u00e4ste in entspannter Atmosph\u00e4re informieren, unterhalten und fair picknicken.<\/p> <p style=\"font-weight: 400\">Gerne kann alles, was zu einem guten Picknick gebraucht wird, wie Geschirr\/Besteck und eine Decke, selbst mitgebracht werden, auch um m\u00f6glichst wenig M\u00fcll zu produzieren.<\/p> [...] <a href=\"https:\/\/weltlaeden.de\/guestrow\/termin\/faires-picknick-in-guestrow\/\"><small>[WEITERLESEN]<\/small><\/a><\/p><\/li><li><h5 class=\"termine-titel\"><a href=\"https:\/\/weltlaeden.de\/guestrow\/termin\/weltladentag-2024\/\">Weltladentag 2024<\/a><\/h5><p class=\"termine-date\">Sa., 11.05.2024<\/p><p class=\"termine-auszug\">Eine klimagerechte Welt braucht andere politische Rahmenbedingungen. Die bisher beschlossenen Ma\u00dfnahmen sind nicht genug. Die Folgen des Klimawandels sind in vielen L\u00e4ndern schon dramatisch sp\u00fcrbar. Zum Weltladentag, am 11. Mai 2024 fordern wir, dass f\u00fcr Klimasch\u00e4den endlich Verantwortung \u00fcbernommen wird und dass Hilfsgelder gerechter verteilt werden. Mehr dazu: https:\/\/www.weltladen.de\/fuer-weltlaeden\/weltladentag2024\/weltladentag2024-worum-es-geht\/<\/li><li><h5 class=\"termine-titel\"><a href=\"https:\/\/weltlaeden.de\/guestrow\/termin\/faire-flower-power-zum-frauentag\/\">Faire Flower Power zum Frauentag<\/a><\/h5><p class=\"termine-date\">Do., 07.03.2024, 16:00<\/p><p class=\"termine-auszug\"><p style=\"font-weight: 400\">Deutschland importiert Rosen zum gro\u00dfen Teil aus Ostafrika \u2013 und <strong>diese Rosen haben trotz des Transports eine bessere Klimabilanz<\/strong>, als solche aus beheizten Gew\u00e4chsh\u00e4usern in Europa. Warum es sich lohnt, eine fair gehandelte Rose zu kaufen, k\u00f6nnen G\u00fcstrower\/innen am Donnerstag, den 7. M\u00e4rz auf dem Markt erfahren.<\/p> <p style=\"font-weight: 400\">Die Barlachstadt G\u00fcstrow, als Fairtrade-Stadt und die Freie Schule G\u00fcstrow, als Fairtrade-Schule verschenken anl\u00e4sslich des internationalen Frauentages nicht nur sch\u00f6ne Fairtrade-Rosen, sondern wollen ein Zeichen gegen Ausbeutung, schlechte Arbeitsbedingungen und Umweltbelastungen setzen. Da au\u00dferdem knapp die H\u00e4lfte aller Besch\u00e4ftigten auf Blumenfarmen in Kenia weiblich ist, kommen ihnen die Einnahmen aus der Fairtrade-Pr\u00e4mie direkt zugute \u2013 geregelte Arbeitszeiten und Sozialleistungen, Gesundheits- und Mutterschutz, mehr Arbeitssicherheit. Auch Umweltschutz und nachhaltige Bewirtschaftung werden dort mit Fairtrade-Einnahmen umgesetzt.<\/p> <p style=\"font-weight: 400\">Die Veranstaltung am 07. M\u00e4rz 2024 ist einer der Bausteine f\u00fcr ein faires Jahr und steht ganz im Zeichen der st\u00e4dtischen Bestrebungen hin<\/p> [...] <a href=\"https:\/\/weltlaeden.de\/guestrow\/termin\/faire-flower-power-zum-frauentag\/\"><small>[WEITERLESEN]<\/small><\/a><\/p><p class=termine-ort\"><small>Ort: <i>G\u00fcstrower Marktplatz\/Pferdemarkt<\/i><\/small><\/p><\/li><li><h5 class=\"termine-titel\"><a href=\"https:\/\/weltlaeden.de\/guestrow\/termin\/einladung-zum-fair-packen\/\">Einladung zum FAIRpacken<\/a><\/h5><p class=\"termine-date\">Mi., 13.12.2023, 12:00<\/p><p class=\"termine-auszug\">In der Fairtrade Stadt G\u00fcstrow laden wir am 13.12. zwischen 12 und 18 Uhr zum FAIRpacken im Weltladen am Markt 22 ein. Verpacken Sie Ihre Geschenke - kostenlos- in fair gehandeltem Geschenkpapier, um dieses Weihnachtsfest ein kleines St\u00fcckchen gerechter zu machen. In einer Zeit, in der wir Dinge aus aller Welt kaufen k\u00f6nnen, setzen wir uns f\u00fcr einen gerechten Handel ein. Die Entscheidung f\u00fcr fair gehandeltes Geschenkpapier mag nur ein kleiner Schritt sein, doch viele kleine Schritte f\u00fchrten dazu, dass es mittlerweile \u00fcber 800 Fairtrade St\u00e4dte in Deutschland gibt. Sie k\u00f6nnen Ihre eigenen Geschenke mitbringen, um sie im Weltladen zu FAIRpacken oder aber sich vor Ort von dem reichhaltigen Angebot von fair gehandelten Produkten inspirieren lassen. Wir unterst\u00fctzen Sie beim Einpacken und freuen uns \u00fcber Jeden, der dazu beitr\u00e4gt, dass die Fairtrade Stadt G\u00fcstrow zu Recht diesen Zusatz tr\u00e4gt.<\/li><li><h5 class=\"termine-titel\"><a href=\"https:\/\/weltlaeden.de\/guestrow\/termin\/weltwechsel-2023\/\">Weltwechsel 2023<\/a><\/h5><p class=\"termine-date\">Fr., 03.11.2023 bis 25.11.2023<\/p><p class=\"termine-auszug\"><strong>Drei Wochen im November<\/strong> organisieren verschiedene Gruppen, Initiativen und Vereine Workshops, Filme, Vortr\u00e4ge, Theater und Ausstellungen zu Themen wie Utopien, Klimaschutz, Flucht &amp; Migration, zu Nachhaltigkeit, zu Landwirtschaft und zu globaler Gerechtigkeit. Dies Jahr steht der <a style=\"color: #ff9900\" href=\"https:\/\/www.weltwechsel.de\"><strong>Weltwechsel<\/strong><\/a> unter dem Thema: <strong>Ohnmacht, Wut und Mut - Ein gutes Leben f\u00fcr Alle.<\/strong>\u00a0Als Weltladen hier in G\u00fcstrow haben wir uns entschieden, einen Mutbaum aufzustellen. Seit 50 Jahren entscheiden sich Menschen in den Weltl\u00e4den in ganz Deutschland daf\u00fcr, <strong>mutig<\/strong> f\u00fcr eine fairere Welt -meist ehrenamtlich- zu arbeiten. In einer Zeit, in der die Menschen sichtbar zwischen Ohnmacht und Wut hin und her pendeln, entscheiden wir uns daf\u00fcr, <strong>im dunklen November einen Mutbaum<\/strong> <strong>aufzustellen<\/strong>. Dort finden Interessierte auf kleinen K\u00e4rtchen Projekte, die -wie wir- an einem<strong> guten Leben f\u00fcr Alle<\/strong> arbeiten. Wer mag darf eigene Projekte aufh\u00e4ngen und so anderen <strong>Hoffnung<\/strong> geben in der dunklen Jahreszeit. Es gibt zahlreiche Initiativen und hunderttausende [...] <a href=\"https:\/\/weltlaeden.de\/guestrow\/termin\/weltwechsel-2023\/\"><small>[WEITERLESEN]<\/small><\/a><\/p><\/li><li><h5 class=\"termine-titel\"><a href=\"https:\/\/weltlaeden.de\/guestrow\/termin\/guestrower-kunstnacht-2023\/\">G\u00fcstrower Kunstnacht 2023<\/a><\/h5><p class=\"termine-date\">Mo., 02.10.2023, 18:00<\/p><p class=\"termine-auszug\">Von 18.00 bis 21.00 Uhr laden wir zu einem\u00a0<strong>Workshop <\/strong>ein. Dann gibt es bei uns <strong>Upcycling<\/strong> - zum Anschauen und Mitmachen.\u00a0 F\u00fcr musikalische Untermalung sorgt die ukrainische <strong>Pianistin\u00a0<\/strong><strong>Jaroslava Osadcha.<\/strong> Alle Veranstaltungen der Kunstnacht finden Sie hier:<a href=\"https:\/\/www.kunstnachtguestrow.de\"> https:\/\/www.kunstnachtguestrow.de<\/a><\/li><li><h5 class=\"termine-titel\"><a href=\"https:\/\/weltlaeden.de\/guestrow\/termin\/klimagerechtigkeit_29_september2023\/\">Klimagerechtigkeit und Erntedank Veranstaltung<\/a><\/h5><p class=\"termine-date\">Fr., 29.09.2023, 15:00<\/p><p class=\"termine-auszug\">In diesem Jahr die die Faire Woche das Thema <a href=\"https:\/\/www.faire-woche.de\/faire-woche-2023\/jahresthema\"><strong>\"FAIR. UND KEIN GRAD MEHR!<\/strong><\/a>\" Zu diesem Thema findet sich Dorothee Dettmann aus der Bildungsgruppe des Weltladens G\u00fcstrow im Domgut Dehmen zu einem Rundgang mit Dr. Bohn ein. Denn Klimagerechtigkeit und \u00f6kologische Landwirtschaft gehen f\u00fcr uns Hand in Hand. Das Eine kann nicht ohne das Andere realisiert werden. Anschlie\u00dfend darf es weitergehen zur <a href=\"https:\/\/www.recknitz.com\">Kirche in Recknitz<\/a>. Alle Informationen sind hier auf diesem Poster zusammengefasst: <a href=\"https:\/\/weltlaeden.de\/guestrow\/wp-content\/uploads\/sites\/161\/2023\/07\/Poster-veranstaltung-29.09.2023.pdf\">Poster veranstaltung 29.09.2023<\/a> &nbsp;<p class=termine-ort\"><small>Ort: <i>Domgut Dehmen<\/i><\/small><\/p><\/li><li><h5 class=\"termine-titel\"><a href=\"https:\/\/weltlaeden.de\/guestrow\/termin\/faire-woche-2023\/\">Faire Woche 2023<\/a><\/h5><p class=\"termine-date\">Fr., 15.09.2023 bis 29.09.2023<\/p><p class=\"termine-auszug\">Die Faire Woche 2023 findet vom 15. bis 29. September zum Thema \"Klimagerechtigkeit\" statt. Auch der Weltladen G\u00fcstrow engagiert sich mit einzelnen Veranstaltungen zu diesem wichtigen Thema: Hintergr\u00fcnde und Info findest du hier: <a href=\"https:\/\/www.faire-woche.de\/faire-woche-2023\/jahresthema\">https:\/\/www.faire-woche.de\/faire-woche-2023\/jahresthema<\/a><\/li><li><h5 class=\"termine-titel\"><a href=\"https:\/\/weltlaeden.de\/guestrow\/termin\/weltladentag-am-13-05-2023\/\">Weltladentag 2023<\/a><\/h5><p class=\"termine-date\">Sa., 13.05.2023<\/p><p class=\"termine-auszug\"><strong>\"M\u00e4chtig Fair\"<\/strong> ist das Motto des diesj\u00e4hrigen Weltladentages. Auch wir vom Weltladen in G\u00fcstrow denken, es ist <strong>M\u00e4chtig Fair<\/strong> von seiner Arbeit leben zu k\u00f6nnen. Das klingt selbstverst\u00e4ndlich, doch leider sieht die Realit\u00e4t vielerorts anders aus. Bereits im letzten Jahr haben die Weltl\u00e4den sich f\u00fcr ein Verbot von Dumping-Preisen eingesetzt. &nbsp; Mehr Informationen zum diesj\u00e4hrigen Weltladentag findet ihr hier:\u00a0<a href=\"https:\/\/www.weltladen.de\/fuer-weltlaeden\/politische-kampagne\/weltladentag2023\/\">https:\/\/www.weltladen.de\/fuer-weltlaeden\/politische-kampagne\/weltladentag2023\/<\/a><\/li><li><h5 class=\"termine-titel\"><a href=\"https:\/\/weltlaeden.de\/guestrow\/termin\/die-rauchschwalbe-hirundo-rustica-mit-anschliessendem-gespraech\/\">Die Rauchschwalbe- Hirundo rustica mit anschlie\u00dfendem Gespr\u00e4ch<\/a><\/h5><p class=\"termine-date\">Do., 24.11.2022, 19:00<\/p><p class=\"termine-auszug\"><p class=termine-ort\"><small>Ort: <i>Kinder-Jugend-Kunsthaus, Baustra\u00dfe 5 in G\u00fcstrow<\/i><\/small><\/p><\/li><li><h5 class=\"termine-titel\"><a href=\"https:\/\/weltlaeden.de\/guestrow\/termin\/hymenoptera-die-wilden-bienen-%d0%b4%d0%b8%d0%ba%d1%96-%d0%b1%d0%b4%d0%b6%d0%be%d0%bb%d0%b8-in-ukrainischer-simultanuebersetzung-ab-10-jahre\/\">Hymenoptera \u2013die wilden Bienen \u0414\u0438\u043a\u0456 \u0431\u0434\u0436\u043e\u043b\u0438\u00a0in ukrainischer Simultan\u00fcbersetzung (ab 10 Jahre)<\/a><\/h5><p class=\"termine-date\">Do., 24.11.2022, 16:00<\/p><p class=\"termine-auszug\"><p class=termine-ort\"><small>Ort: <i>Kinder-Jugend-Kunsthaus, Baustra\u00dfe 5 in G\u00fcstrow<\/i><\/small><\/p><\/li><li><h5 class=\"termine-titel\"><a href=\"https:\/\/weltlaeden.de\/guestrow\/termin\/13-09-2022-14-16-uhr-kaffeeverkostung\/\">13.09.2022 Kaffeeverkostung<\/a><\/h5><p class=\"termine-date\">Di., 13.09.2022, 14:00<\/p><p class=\"termine-auszug\">Schmecken und riechen Sie verschiedene Kaffeesorten und finden vielleicht Ihren neuen Lieblingskaffee. Die Verkostung findet von 14 bis 16 Uhr statt.<p class=termine-ort\"><small>Ort: <i>Vor dem Weltladen<\/i><\/small><\/p><\/li><li><h5 class=\"termine-titel\"><a href=\"https:\/\/weltlaeden.de\/guestrow\/termin\/12-09-2022-1830-uhr-made-in-bangladesh\/\">12.09.2022  &#8222;Made in Bangladesh&#8220;<\/a><\/h5><p class=\"termine-date\">Mo., 12.09.2022, 18:30<\/p><p class=\"termine-auszug\">Ein Film \u00fcber eine 23 J\u00e4hrige Textilarbeiterin, die in Bangladesh unter ausbeuterischen Bedingungen arbeitet. Doch sie setzt sich zur Wehr.<p class=termine-ort\"><small>Ort: <i>Im Weltladen<\/i><\/small><\/p><\/li><li><h5 class=\"termine-titel\"><a href=\"https:\/\/weltlaeden.de\/guestrow\/termin\/10-09-2022-10-uhr-action-bound\/\">10.09.2022  Action-Bound<\/a><\/h5><p class=\"termine-date\">Sa., 10.09.2022, 10:00<\/p><p class=\"termine-auszug\">der etwas andere Stadtrundgang durch G\u00fcstrow mit Ihrem Smartphone.<p class=termine-ort\"><small>Ort: <i>Treff vor dem Weltladen<\/i><\/small><\/p><\/li><li><h5 class=\"termine-titel\"><a href=\"https:\/\/weltlaeden.de\/guestrow\/termin\/multimedia-show\/\">09.09.2022 Multimedia-Show mit Jens Klein und Volver<\/a><\/h5><p class=\"termine-date\">Fr., 09.09.2022, 18:30<\/p><p class=\"termine-auszug\">Im Rahmen unserer Jubil\u00e4umswoche pr\u00e4sentieren Volver ...\u00a0 und Jens Klein verschiedene Aspekte zum Fairen Handel in Nicaragua. &nbsp; &nbsp;<p class=termine-ort\"><small>Ort: <i>Weltladen G\u00fcstrow, Markt 22, G\u00fcstrow<\/i><\/small><\/p><\/li><\/ul>[\/vc_column][\/vc_row]<\/p>\n<\/div>","protected":false},"excerpt":{"rendered":"<p>[vc_row][vc_column][vc_empty_space height=&#8220;30px&#8220;][vc_column_text] Termine [\/vc_column_text][vc_empty_space height=&#8220;30px&#8220;][\/vc_column][\/vc_row][vc_row][vc_column width=&#8220;2\/3&#8243;][vc_column_text] Kommende Termine [\/vc_column_text][vc_empty_space height=&#8220;30px&#8220;][vc_column_text] Vergangene Termine [\/vc_column_text][\/vc_column][\/vc_row]<\/p>\n","protected":false},"author":1,"featured_media":0,"parent":0,"menu_order":9,"comment_status":"closed","ping_status":"closed","template":"","meta":{"footnotes":""},"class_list":["post-23","page","type-page","status-publish","hentry","description-off"],"yoast_head":"<!-- This site is optimized with the Yoast SEO plugin v26.8 - https:\/\/yoast.com\/product\/yoast-seo-wordpress\/ -->\n<title>Termine - Weltladen G\u00fcstrow<\/title>\n<meta name=\"robots\" content=\"index, follow, max-snippet:-1, max-image-preview:large, max-video-preview:-1\" \/>\n<link rel=\"canonical\" href=\"https:\/\/weltlaeden.de\/guestrow\/termine\/\" \/>\n<meta property=\"og:locale\" content=\"de_DE\" \/>\n<meta property=\"og:type\" content=\"article\" \/>\n<meta property=\"og:title\" content=\"Termine - Weltladen G\u00fcstrow\" \/>\n<meta property=\"og:description\" content=\"[vc_row][vc_column][vc_empty_space height=&#8220;30px&#8220;][vc_column_text] Termine [\/vc_column_text][vc_empty_space height=&#8220;30px&#8220;][\/vc_column][\/vc_row][vc_row][vc_column width=&#8220;2\/3&#8243;][vc_column_text] Kommende Termine [\/vc_column_text][vc_empty_space height=&#8220;30px&#8220;][vc_column_text] Vergangene Termine [\/vc_column_text][\/vc_column][\/vc_row]\" \/>\n<meta property=\"og:url\" content=\"https:\/\/weltlaeden.de\/guestrow\/termine\/\" \/>\n<meta property=\"og:site_name\" content=\"Weltladen G\u00fcstrow\" \/>\n<meta property=\"article:modified_time\" content=\"2022-08-25T10:38:11+00:00\" \/>\n<meta property=\"og:image\" content=\"https:\/\/weltlaeden.de\/guestrow\/wp-content\/uploads\/sites\/161\/2022\/08\/IMG20220726131934-225x300.jpg\" \/>\n<meta name=\"twitter:card\" content=\"summary_large_image\" \/>\n<meta name=\"twitter:label1\" content=\"Gesch\u00e4tzte Lesezeit\" \/>\n\t<meta name=\"twitter:data1\" content=\"1\u00a0Minute\" \/>\n<script type=\"application\/ld+json\" class=\"yoast-schema-graph\">{\"@context\":\"https:\/\/schema.org\",\"@graph\":[{\"@type\":\"WebPage\",\"@id\":\"https:\/\/weltlaeden.de\/guestrow\/termine\/\",\"url\":\"https:\/\/weltlaeden.de\/guestrow\/termine\/\",\"name\":\"Termine - Weltladen G\u00fcstrow\",\"isPartOf\":{\"@id\":\"https:\/\/weltlaeden.de\/guestrow\/#website\"},\"primaryImageOfPage\":{\"@id\":\"https:\/\/weltlaeden.de\/guestrow\/termine\/#primaryimage\"},\"image\":{\"@id\":\"https:\/\/weltlaeden.de\/guestrow\/termine\/#primaryimage\"},\"thumbnailUrl\":\"https:\/\/weltlaeden.de\/guestrow\/wp-content\/uploads\/sites\/161\/2022\/08\/IMG20220726131934-225x300.jpg\",\"datePublished\":\"2016-10-14T07:05:21+00:00\",\"dateModified\":\"2022-08-25T10:38:11+00:00\",\"breadcrumb\":{\"@id\":\"https:\/\/weltlaeden.de\/guestrow\/termine\/#breadcrumb\"},\"inLanguage\":\"de\",\"potentialAction\":[{\"@type\":\"ReadAction\",\"target\":[\"https:\/\/weltlaeden.de\/guestrow\/termine\/\"]}]},{\"@type\":\"ImageObject\",\"inLanguage\":\"de\",\"@id\":\"https:\/\/weltlaeden.de\/guestrow\/termine\/#primaryimage\",\"url\":\"https:\/\/weltlaeden.de\/guestrow\/wp-content\/uploads\/sites\/161\/2022\/08\/IMG20220726131934-225x300.jpg\",\"contentUrl\":\"https:\/\/weltlaeden.de\/guestrow\/wp-content\/uploads\/sites\/161\/2022\/08\/IMG20220726131934-225x300.jpg\"},{\"@type\":\"BreadcrumbList\",\"@id\":\"https:\/\/weltlaeden.de\/guestrow\/termine\/#breadcrumb\",\"itemListElement\":[{\"@type\":\"ListItem\",\"position\":1,\"name\":\"Startseite\",\"item\":\"https:\/\/weltlaeden.de\/guestrow\/\"},{\"@type\":\"ListItem\",\"position\":2,\"name\":\"Termine\"}]},{\"@type\":\"WebSite\",\"@id\":\"https:\/\/weltlaeden.de\/guestrow\/#website\",\"url\":\"https:\/\/weltlaeden.de\/guestrow\/\",\"name\":\"Weltladen G\u00fcstrow\",\"description\":\"Faire Produkte seit 1990\",\"potentialAction\":[{\"@type\":\"SearchAction\",\"target\":{\"@type\":\"EntryPoint\",\"urlTemplate\":\"https:\/\/weltlaeden.de\/guestrow\/?s={search_term_string}\"},\"query-input\":{\"@type\":\"PropertyValueSpecification\",\"valueRequired\":true,\"valueName\":\"search_term_string\"}}],\"inLanguage\":\"de\"}]}<\/script>\n<!-- \/ Yoast SEO plugin. -->","yoast_head_json":{"title":"Termine - Weltladen G\u00fcstrow","robots":{"index":"index","follow":"follow","max-snippet":"max-snippet:-1","max-image-preview":"max-image-preview:large","max-video-preview":"max-video-preview:-1"},"canonical":"https:\/\/weltlaeden.de\/guestrow\/termine\/","og_locale":"de_DE","og_type":"article","og_title":"Termine - Weltladen G\u00fcstrow","og_description":"[vc_row][vc_column][vc_empty_space height=&#8220;30px&#8220;][vc_column_text] Termine [\/vc_column_text][vc_empty_space height=&#8220;30px&#8220;][\/vc_column][\/vc_row][vc_row][vc_column width=&#8220;2\/3&#8243;][vc_column_text] Kommende Termine [\/vc_column_text][vc_empty_space height=&#8220;30px&#8220;][vc_column_text] Vergangene Termine [\/vc_column_text][\/vc_column][\/vc_row]","og_url":"https:\/\/weltlaeden.de\/guestrow\/termine\/","og_site_name":"Weltladen G\u00fcstrow","article_modified_time":"2022-08-25T10:38:11+00:00","og_image":[{"url":"https:\/\/weltlaeden.de\/guestrow\/wp-content\/uploads\/sites\/161\/2022\/08\/IMG20220726131934-225x300.jpg","type":"","width":"","height":""}],"twitter_card":"summary_large_image","twitter_misc":{"Gesch\u00e4tzte Lesezeit":"1\u00a0Minute"},"schema":{"@context":"https:\/\/schema.org","@graph":[{"@type":"WebPage","@id":"https:\/\/weltlaeden.de\/guestrow\/termine\/","url":"https:\/\/weltlaeden.de\/guestrow\/termine\/","name":"Termine - Weltladen G\u00fcstrow","isPartOf":{"@id":"https:\/\/weltlaeden.de\/guestrow\/#website"},"primaryImageOfPage":{"@id":"https:\/\/weltlaeden.de\/guestrow\/termine\/#primaryimage"},"image":{"@id":"https:\/\/weltlaeden.de\/guestrow\/termine\/#primaryimage"},"thumbnailUrl":"https:\/\/weltlaeden.de\/guestrow\/wp-content\/uploads\/sites\/161\/2022\/08\/IMG20220726131934-225x300.jpg","datePublished":"2016-10-14T07:05:21+00:00","dateModified":"2022-08-25T10:38:11+00:00","breadcrumb":{"@id":"https:\/\/weltlaeden.de\/guestrow\/termine\/#breadcrumb"},"inLanguage":"de","potentialAction":[{"@type":"ReadAction","target":["https:\/\/weltlaeden.de\/guestrow\/termine\/"]}]},{"@type":"ImageObject","inLanguage":"de","@id":"https:\/\/weltlaeden.de\/guestrow\/termine\/#primaryimage","url":"https:\/\/weltlaeden.de\/guestrow\/wp-content\/uploads\/sites\/161\/2022\/08\/IMG20220726131934-225x300.jpg","contentUrl":"https:\/\/weltlaeden.de\/guestrow\/wp-content\/uploads\/sites\/161\/2022\/08\/IMG20220726131934-225x300.jpg"},{"@type":"BreadcrumbList","@id":"https:\/\/weltlaeden.de\/guestrow\/termine\/#breadcrumb","itemListElement":[{"@type":"ListItem","position":1,"name":"Startseite","item":"https:\/\/weltlaeden.de\/guestrow\/"},{"@type":"ListItem","position":2,"name":"Termine"}]},{"@type":"WebSite","@id":"https:\/\/weltlaeden.de\/guestrow\/#website","url":"https:\/\/weltlaeden.de\/guestrow\/","name":"Weltladen G\u00fcstrow","description":"Faire Produkte seit 1990","potentialAction":[{"@type":"SearchAction","target":{"@type":"EntryPoint","urlTemplate":"https:\/\/weltlaeden.de\/guestrow\/?s={search_term_string}"},"query-input":{"@type":"PropertyValueSpecification","valueRequired":true,"valueName":"search_term_string"}}],"inLanguage":"de"}]}},"_links":{"self":[{"href":"https:\/\/weltlaeden.de\/guestrow\/wp-json\/wp\/v2\/pages\/23","targetHints":{"allow":["GET"]}}],"collection":[{"href":"https:\/\/weltlaeden.de\/guestrow\/wp-json\/wp\/v2\/pages"}],"about":[{"href":"https:\/\/weltlaeden.de\/guestrow\/wp-json\/wp\/v2\/types\/page"}],"author":[{"embeddable":true,"href":"https:\/\/weltlaeden.de\/guestrow\/wp-json\/wp\/v2\/users\/1"}],"replies":[{"embeddable":true,"href":"https:\/\/weltlaeden.de\/guestrow\/wp-json\/wp\/v2\/comments?post=23"}],"version-history":[{"count":25,"href":"https:\/\/weltlaeden.de\/guestrow\/wp-json\/wp\/v2\/pages\/23\/revisions"}],"predecessor-version":[{"id":776,"href":"https:\/\/weltlaeden.de\/guestrow\/wp-json\/wp\/v2\/pages\/23\/revisions\/776"}],"wp:attachment":[{"href":"https:\/\/weltlaeden.de\/guestrow\/wp-json\/wp\/v2\/media?parent=23"}],"curies":[{"name":"wp","href":"https:\/\/api.w.org\/{rel}","templated":true}]}}