{"version":"1.0","provider_name":"Weltladen G\u00fcstrow","provider_url":"https:\/\/weltlaeden.de\/guestrow","title":"Faires Picknick 2026 - Weltladen G\u00fcstrow","type":"rich","width":600,"height":338,"html":"<blockquote class=\"wp-embedded-content\" data-secret=\"gHAO0QTGcW\"><a href=\"https:\/\/weltlaeden.de\/guestrow\/termin\/faires-picknick-2026\/\">Faires Picknick 2026<\/a><\/blockquote><iframe sandbox=\"allow-scripts\" security=\"restricted\" src=\"https:\/\/weltlaeden.de\/guestrow\/termin\/faires-picknick-2026\/embed\/#?secret=gHAO0QTGcW\" width=\"600\" height=\"338\" title=\"&#8222;Faires Picknick 2026&#8220; &#8211; Weltladen G\u00fcstrow\" data-secret=\"gHAO0QTGcW\" frameborder=\"0\" marginwidth=\"0\" marginheight=\"0\" scrolling=\"no\" class=\"wp-embedded-content\"><\/iframe><script>\n\/*! This file is auto-generated *\/\n!function(d,l){\"use strict\";l.querySelector&&d.addEventListener&&\"undefined\"!=typeof URL&&(d.wp=d.wp||{},d.wp.receiveEmbedMessage||(d.wp.receiveEmbedMessage=function(e){var t=e.data;if((t||t.secret||t.message||t.value)&&!\/[^a-zA-Z0-9]\/.test(t.secret)){for(var s,r,n,a=l.querySelectorAll('iframe[data-secret=\"'+t.secret+'\"]'),o=l.querySelectorAll('blockquote[data-secret=\"'+t.secret+'\"]'),c=new RegExp(\"^https?:$\",\"i\"),i=0;i<o.length;i++)o[i].style.display=\"none\";for(i=0;i<a.length;i++)s=a[i],e.source===s.contentWindow&&(s.removeAttribute(\"style\"),\"height\"===t.message?(1e3<(r=parseInt(t.value,10))?r=1e3:~~r<200&&(r=200),s.height=r):\"link\"===t.message&&(r=new URL(s.getAttribute(\"src\")),n=new URL(t.value),c.test(n.protocol))&&n.host===r.host&&l.activeElement===s&&(d.top.location.href=t.value))}},d.addEventListener(\"message\",d.wp.receiveEmbedMessage,!1),l.addEventListener(\"DOMContentLoaded\",function(){for(var e,t,s=l.querySelectorAll(\"iframe.wp-embedded-content\"),r=0;r<s.length;r++)(t=(e=s[r]).getAttribute(\"data-secret\"))||(t=Math.random().toString(36).substring(2,12),e.src+=\"#?secret=\"+t,e.setAttribute(\"data-secret\",t)),e.contentWindow.postMessage({message:\"ready\",secret:t},\"*\")},!1)))}(window,document);\n<\/script>\n","description":"Auch in diesem Jahr findet das Faire Picknick in G\u00fcstrow vor dem Dom statt. Es gibt Musik, Genuss und auch was f\u00fcr die Kleinen. Also Picknickdecke einpacken und vorbei kommen. Das faire Picknick in G\u00fcstrow auf dem Domplatz G\u00fcstrow als\u00a0Fairtrade-Stadt\u00a0setzt ein Zeichen f\u00fcr eine gerechtere Welt und leistet einen wichtigen Beitrag zur Verbesserung der Lebensbedingungen&hellip;"}