{"id":23,"date":"2016-10-14T09:05:21","date_gmt":"2016-10-14T07:05:21","guid":{"rendered":"https:\/\/wl.heimpixel.de\/vorlage\/termine\/"},"modified":"2018-08-10T10:34:16","modified_gmt":"2018-08-10T08:34:16","slug":"termine","status":"publish","type":"page","link":"https:\/\/weltlaeden.de\/grosskrotzenburg\/termine\/","title":{"rendered":"Termine"},"content":{"rendered":"<div class=\"wpb-content-wrapper\"><p>[vc_row][vc_column]<div class=\"wl_einzelbild\"><p><img loading=\"lazy\" decoding=\"async\" class=\"aligncenter size-full wp-image-nsm-3-33\" src=\"https:\/\/weltlaeden.de\/grosskrotzenburg\/wp-content\/uploads\/sites\/3\/2018\/07\/pocket-watch-1637396_1920_pixabay.png\" alt=\"\" width=\"787\" height=\"340\" \/><\/p><\/div>[vc_empty_space height=&#8220;30px&#8220;][vc_column_text]<\/p>\n<h1>Termine<\/h1>\n<h4><\/h4>\n<p>[\/vc_column_text][vc_empty_space height=&#8220;30px&#8220;][\/vc_column][\/vc_row][vc_row][vc_column width=&#8220;2\/3&#8243;][vc_column_text]<\/p>\n<h2>Kommende Termine<\/h2>\n<p>[\/vc_column_text]<ul class=\"termine-page current aktuell\"><li><h5 class=\"termine-titel\"><a href=\"https:\/\/weltlaeden.de\/grosskrotzenburg\/termin\/jahresversammlung-des-weltladen-grosskrotzenburg\/\">Jahresversammlung des Weltladen Gro\u00dfkrotzenburg<\/a><\/h5><p class=\"termine-date\">Fr., 08.05.2026, 19:30<\/p><p class=\"termine-auszug\"><p class=\"western\" lang=\"de-DE\" align=\"justify\">Liebes Mitglied des Eine-Welt-Laden-Vereins!<\/p> <p class=\"western\" align=\"justify\">Liebe Aktive im Weltladen!<\/p> <p class=\"western\" align=\"justify\">Wir m\u00f6chten Euch zu unserer diesj\u00e4hrigen Jahreshauptversammlung einladen. <\/p> <p class=\"western\" align=\"justify\">Die Versammlung findet statt am<\/p> <p class=\"western\" align=\"justify\"><b>Freitag, den 08. Mai 2026<\/b><\/p> <p class=\"western\" align=\"justify\"><b> um 19.30 Uhr<\/b><\/p> <p class=\"western\" align=\"justify\"><b> im Gro\u00dfen Saal im Immanuel-Zentrum.<\/b><\/p> <p class=\"western\" lang=\"de-DE\" align=\"justify\">Folgende Tagesordnungspunkte sind vorgesehen:<\/p> <p class=\"western\" lang=\"de-DE\" align=\"justify\">1. Begr\u00fc\u00dfung<\/p> <p class=\"western\" align=\"justify\">2. \u00c4nderungen und Erg\u00e4nzungen zur Tagesordnung<\/p> <p class=\"western\" lang=\"de-DE\" align=\"justify\">3. Erinnerung an Irene Kuntz und Guy Maliverny<\/p> <p class=\"western\" align=\"justify\">4. Bericht des Vorstandes<\/p> <p class=\"western\" align=\"justify\">5. Aussprache<\/p> <p class=\"western\" align=\"justify\">6. Bericht des Kassenf\u00fchrers und der Kassenpr\u00fcfer<\/p> <p class=\"western\" align=\"justify\">7. Aussprache<\/p> <p class=\"western\" align=\"justify\">8. Entlastung des Vorstandes<\/p> <p class=\"western\" align=\"justify\">9. Neuwahlen des Vorstandes und der Kassenpr\u00fcfer<\/p> <p class=\"western\" align=\"justify\">10. Verschiedenes<\/p> <p class=\"western\" align=\"justify\">Wir hoffen, dass es Euch m\u00f6glich ist, zur Jahreshauptversammlung zu kommen und freuen uns darauf, Euch dort zu sehen. <\/p><\/li><li><h5 class=\"termine-titel\"><a href=\"https:\/\/weltlaeden.de\/grosskrotzenburg\/termin\/weltladentag-2026-fair-fruchtet\/\">Weltladentag 2026 Fair fruchtet!<\/a><\/h5><p class=\"termine-date\">Sa., 09.05.2026, 10:00<\/p><p class=\"termine-auszug\"><strong>Wir machen mit. Mit Info Material und ein eigens dekorierten Schaufenster.<\/strong> <strong>Was hinter den Fr\u00fcchten steckt<\/strong> Bananen, Orangen, Ananas oder Mangos geh\u00f6ren zu den beliebtesten Fr\u00fcchten weltweit. Die Menschen, die sie anbauen und ernten, arbeiten jedoch oft unter ausbeuterischen Bedingungen, mit niedrigen L\u00f6hnen, befristeten Vertr\u00e4gen und wenig Mitsprache. Gleichzeitig sind viele Obstplantagen Gro\u00dfanlagen internationaler Konzerne, deren Lieferketten sich \u00fcber mehrere L\u00e4nder erstrecken. Kleinb\u00e4uer*innen, die auf kleinen Fl\u00e4chen Obst anbauen, verf\u00fcgen oft nur \u00fcber begrenzte Ressourcen, um ihre Betriebe zu verbessern oder nachhaltig zu wirtschaften. Die internationale Obst- und Fruchtsaftproduktion ist ein Milliardengesch\u00e4ft. Bananen allein sind die meistgehandelte Frucht der Welt: j\u00e4hrlich werden rund 110 Millionen Tonnen produziert. W\u00e4hrend die gro\u00dfen Konzerne hohe Gewinne erzielen, bleibt am Anfang der Lieferketten nur wenig bei den Produzent*innen h\u00e4ngen. <strong>Ausbeutung auch in Europa<\/strong> Nicht nur im globalen S\u00fcden, aus dem viele der beliebten Fr\u00fcchte stammen, gibt es ein Ungleichgewicht entlang der Lieferketten von Obst [...] <a href=\"https:\/\/weltlaeden.de\/grosskrotzenburg\/termin\/weltladentag-2026-fair-fruchtet\/\"><small>[WEITERLESEN]<\/small><\/a><\/p><\/li><\/ul>[vc_empty_space height=&#8220;30px&#8220;][vc_column_text]<\/p>\n<h2>Vergangene Termine<\/h2>\n<p>[\/vc_column_text]<ul class=\"termine-page past vergangen\"><li><h5 class=\"termine-titel\"><a href=\"https:\/\/weltlaeden.de\/grosskrotzenburg\/termin\/krotzebojer-nikolauszauber\/\">Krotzebojer Nikolauszauber<\/a><\/h5><p class=\"termine-date\">Sa., 06.12.2025, 16:00<\/p><p class=\"termine-auszug\">Am Krotzebojer Nikolauszauber den 6 Dezember 2025 hat der Weltladen in der Zeit vom 16:00 bis 21:00 Uhr ge\u00f6ffnet. Es gibt Fairtrade gehandelte Weine und leckeren Gl\u00fchwein.<\/li><li><h5 class=\"termine-titel\"><a href=\"https:\/\/weltlaeden.de\/grosskrotzenburg\/termin\/laurentiusfest-im-pfarrhof-2025\/\">Laurentiusfest im Pfarrhof 2025<\/a><\/h5><p class=\"termine-date\">Sa., 16.08.2025, 19:00<\/p><p class=\"termine-auszug\">Laurentiusfest im Pfarrhof 2025 (Nebenstra\u00dfe 27 in Gro\u00dfkrotzenburg) Pfarrei Sankt Laurentius Faire lecker Weine. Verkauf durch den Weltladen.<\/li><li><h5 class=\"termine-titel\"><a href=\"https:\/\/weltlaeden.de\/grosskrotzenburg\/termin\/850-jahre-grosskrotzenburg\/\">850 Jahre Gro\u00dfkrotzenburg<\/a><\/h5><p class=\"termine-date\">Sa., 21.06.2025, 13:00 bis 21.06.2025, 23:00<\/p><p class=\"termine-auszug\">Weinstand vom Weltladen am R\u00f6merkastell, mit fair gehandelten Weinen.<\/li><li><h5 class=\"termine-titel\"><a href=\"https:\/\/weltlaeden.de\/grosskrotzenburg\/termin\/monatstreffen\/\">Monatstreffen der Mitstreiter\/-innen<\/a><\/h5><p class=\"termine-date\">Do., 08.05.2025, 20:00<\/p><p class=\"termine-auszug\">Jeden 2. Donnerstag im Monat, Monatstreffen um 20:00 Uhr im Weltladen<\/li><li><h5 class=\"termine-titel\"><a href=\"https:\/\/weltlaeden.de\/grosskrotzenburg\/termin\/markttag-grosskrotzenburg\/\">Markttag Gro\u00dfkrotzenburg<\/a><\/h5><p class=\"termine-date\">Sa., 03.05.2025, 11:00<\/p><p class=\"termine-auszug\">Faire Weine. Verkauf durch den Weltladen.<\/li><\/ul>[\/vc_column][\/vc_row]<\/p>\n<\/div>","protected":false},"excerpt":{"rendered":"<p>[vc_row][vc_column][vc_empty_space height=&#8220;30px&#8220;][vc_column_text] Termine [\/vc_column_text][vc_empty_space height=&#8220;30px&#8220;][\/vc_column][\/vc_row][vc_row][vc_column width=&#8220;2\/3&#8243;][vc_column_text] Kommende Termine [\/vc_column_text][vc_empty_space height=&#8220;30px&#8220;][vc_column_text] Vergangene Termine [\/vc_column_text][\/vc_column][\/vc_row]<\/p>\n","protected":false},"author":1,"featured_media":0,"parent":0,"menu_order":8,"comment_status":"closed","ping_status":"closed","template":"","meta":{"footnotes":""},"class_list":["post-23","page","type-page","status-publish","hentry","description-off"],"yoast_head":"<!-- This site is optimized with the Yoast SEO plugin v26.8 - https:\/\/yoast.com\/product\/yoast-seo-wordpress\/ -->\n<title>Termine - Weltladen Gro\u00dfkrotzenburg<\/title>\n<meta name=\"robots\" content=\"index, follow, max-snippet:-1, max-image-preview:large, max-video-preview:-1\" \/>\n<link rel=\"canonical\" href=\"https:\/\/weltlaeden.de\/grosskrotzenburg\/termine\/\" \/>\n<meta property=\"og:locale\" content=\"de_DE\" \/>\n<meta property=\"og:type\" content=\"article\" \/>\n<meta property=\"og:title\" content=\"Termine - Weltladen Gro\u00dfkrotzenburg\" \/>\n<meta property=\"og:description\" content=\"[vc_row][vc_column][vc_empty_space height=&#8220;30px&#8220;][vc_column_text] Termine [\/vc_column_text][vc_empty_space height=&#8220;30px&#8220;][\/vc_column][\/vc_row][vc_row][vc_column width=&#8220;2\/3&#8243;][vc_column_text] Kommende Termine [\/vc_column_text][vc_empty_space height=&#8220;30px&#8220;][vc_column_text] Vergangene Termine [\/vc_column_text][\/vc_column][\/vc_row]\" \/>\n<meta property=\"og:url\" content=\"https:\/\/weltlaeden.de\/grosskrotzenburg\/termine\/\" \/>\n<meta property=\"og:site_name\" content=\"Weltladen Gro\u00dfkrotzenburg\" \/>\n<meta property=\"article:modified_time\" content=\"2018-08-10T08:34:16+00:00\" \/>\n<meta property=\"og:image\" content=\"https:\/\/weltlaeden.de\/grosskrotzenburg\/wp-content\/uploads\/sites\/3\/2018\/07\/pocket-watch-1637396_1920_pixabay.png\" \/>\n<meta name=\"twitter:card\" content=\"summary_large_image\" \/>\n<script type=\"application\/ld+json\" class=\"yoast-schema-graph\">{\"@context\":\"https:\/\/schema.org\",\"@graph\":[{\"@type\":\"WebPage\",\"@id\":\"https:\/\/weltlaeden.de\/grosskrotzenburg\/termine\/\",\"url\":\"https:\/\/weltlaeden.de\/grosskrotzenburg\/termine\/\",\"name\":\"Termine - Weltladen Gro\u00dfkrotzenburg\",\"isPartOf\":{\"@id\":\"https:\/\/weltlaeden.de\/grosskrotzenburg\/#website\"},\"primaryImageOfPage\":{\"@id\":\"https:\/\/weltlaeden.de\/grosskrotzenburg\/termine\/#primaryimage\"},\"image\":{\"@id\":\"https:\/\/weltlaeden.de\/grosskrotzenburg\/termine\/#primaryimage\"},\"thumbnailUrl\":\"https:\/\/weltlaeden.de\/grosskrotzenburg\/wp-content\/uploads\/sites\/3\/2018\/07\/pocket-watch-1637396_1920_pixabay.png\",\"datePublished\":\"2016-10-14T07:05:21+00:00\",\"dateModified\":\"2018-08-10T08:34:16+00:00\",\"breadcrumb\":{\"@id\":\"https:\/\/weltlaeden.de\/grosskrotzenburg\/termine\/#breadcrumb\"},\"inLanguage\":\"de\",\"potentialAction\":[{\"@type\":\"ReadAction\",\"target\":[\"https:\/\/weltlaeden.de\/grosskrotzenburg\/termine\/\"]}]},{\"@type\":\"ImageObject\",\"inLanguage\":\"de\",\"@id\":\"https:\/\/weltlaeden.de\/grosskrotzenburg\/termine\/#primaryimage\",\"url\":\"https:\/\/weltlaeden.de\/grosskrotzenburg\/wp-content\/uploads\/sites\/3\/2018\/07\/pocket-watch-1637396_1920_pixabay.png\",\"contentUrl\":\"https:\/\/weltlaeden.de\/grosskrotzenburg\/wp-content\/uploads\/sites\/3\/2018\/07\/pocket-watch-1637396_1920_pixabay.png\"},{\"@type\":\"BreadcrumbList\",\"@id\":\"https:\/\/weltlaeden.de\/grosskrotzenburg\/termine\/#breadcrumb\",\"itemListElement\":[{\"@type\":\"ListItem\",\"position\":1,\"name\":\"Startseite\",\"item\":\"https:\/\/weltlaeden.de\/grosskrotzenburg\/\"},{\"@type\":\"ListItem\",\"position\":2,\"name\":\"Termine\"}]},{\"@type\":\"WebSite\",\"@id\":\"https:\/\/weltlaeden.de\/grosskrotzenburg\/#website\",\"url\":\"https:\/\/weltlaeden.de\/grosskrotzenburg\/\",\"name\":\"Weltladen Gro\u00dfkrotzenburg\",\"description\":\"Faire Produkte seit mehr als 30 Jahre\",\"potentialAction\":[{\"@type\":\"SearchAction\",\"target\":{\"@type\":\"EntryPoint\",\"urlTemplate\":\"https:\/\/weltlaeden.de\/grosskrotzenburg\/?s={search_term_string}\"},\"query-input\":{\"@type\":\"PropertyValueSpecification\",\"valueRequired\":true,\"valueName\":\"search_term_string\"}}],\"inLanguage\":\"de\"}]}<\/script>\n<!-- \/ Yoast SEO plugin. -->","yoast_head_json":{"title":"Termine - Weltladen Gro\u00dfkrotzenburg","robots":{"index":"index","follow":"follow","max-snippet":"max-snippet:-1","max-image-preview":"max-image-preview:large","max-video-preview":"max-video-preview:-1"},"canonical":"https:\/\/weltlaeden.de\/grosskrotzenburg\/termine\/","og_locale":"de_DE","og_type":"article","og_title":"Termine - Weltladen Gro\u00dfkrotzenburg","og_description":"[vc_row][vc_column][vc_empty_space height=&#8220;30px&#8220;][vc_column_text] Termine [\/vc_column_text][vc_empty_space height=&#8220;30px&#8220;][\/vc_column][\/vc_row][vc_row][vc_column width=&#8220;2\/3&#8243;][vc_column_text] Kommende Termine [\/vc_column_text][vc_empty_space height=&#8220;30px&#8220;][vc_column_text] Vergangene Termine [\/vc_column_text][\/vc_column][\/vc_row]","og_url":"https:\/\/weltlaeden.de\/grosskrotzenburg\/termine\/","og_site_name":"Weltladen Gro\u00dfkrotzenburg","article_modified_time":"2018-08-10T08:34:16+00:00","og_image":[{"url":"https:\/\/weltlaeden.de\/grosskrotzenburg\/wp-content\/uploads\/sites\/3\/2018\/07\/pocket-watch-1637396_1920_pixabay.png","type":"","width":"","height":""}],"twitter_card":"summary_large_image","schema":{"@context":"https:\/\/schema.org","@graph":[{"@type":"WebPage","@id":"https:\/\/weltlaeden.de\/grosskrotzenburg\/termine\/","url":"https:\/\/weltlaeden.de\/grosskrotzenburg\/termine\/","name":"Termine - Weltladen Gro\u00dfkrotzenburg","isPartOf":{"@id":"https:\/\/weltlaeden.de\/grosskrotzenburg\/#website"},"primaryImageOfPage":{"@id":"https:\/\/weltlaeden.de\/grosskrotzenburg\/termine\/#primaryimage"},"image":{"@id":"https:\/\/weltlaeden.de\/grosskrotzenburg\/termine\/#primaryimage"},"thumbnailUrl":"https:\/\/weltlaeden.de\/grosskrotzenburg\/wp-content\/uploads\/sites\/3\/2018\/07\/pocket-watch-1637396_1920_pixabay.png","datePublished":"2016-10-14T07:05:21+00:00","dateModified":"2018-08-10T08:34:16+00:00","breadcrumb":{"@id":"https:\/\/weltlaeden.de\/grosskrotzenburg\/termine\/#breadcrumb"},"inLanguage":"de","potentialAction":[{"@type":"ReadAction","target":["https:\/\/weltlaeden.de\/grosskrotzenburg\/termine\/"]}]},{"@type":"ImageObject","inLanguage":"de","@id":"https:\/\/weltlaeden.de\/grosskrotzenburg\/termine\/#primaryimage","url":"https:\/\/weltlaeden.de\/grosskrotzenburg\/wp-content\/uploads\/sites\/3\/2018\/07\/pocket-watch-1637396_1920_pixabay.png","contentUrl":"https:\/\/weltlaeden.de\/grosskrotzenburg\/wp-content\/uploads\/sites\/3\/2018\/07\/pocket-watch-1637396_1920_pixabay.png"},{"@type":"BreadcrumbList","@id":"https:\/\/weltlaeden.de\/grosskrotzenburg\/termine\/#breadcrumb","itemListElement":[{"@type":"ListItem","position":1,"name":"Startseite","item":"https:\/\/weltlaeden.de\/grosskrotzenburg\/"},{"@type":"ListItem","position":2,"name":"Termine"}]},{"@type":"WebSite","@id":"https:\/\/weltlaeden.de\/grosskrotzenburg\/#website","url":"https:\/\/weltlaeden.de\/grosskrotzenburg\/","name":"Weltladen Gro\u00dfkrotzenburg","description":"Faire Produkte seit mehr als 30 Jahre","potentialAction":[{"@type":"SearchAction","target":{"@type":"EntryPoint","urlTemplate":"https:\/\/weltlaeden.de\/grosskrotzenburg\/?s={search_term_string}"},"query-input":{"@type":"PropertyValueSpecification","valueRequired":true,"valueName":"search_term_string"}}],"inLanguage":"de"}]}},"_links":{"self":[{"href":"https:\/\/weltlaeden.de\/grosskrotzenburg\/wp-json\/wp\/v2\/pages\/23","targetHints":{"allow":["GET"]}}],"collection":[{"href":"https:\/\/weltlaeden.de\/grosskrotzenburg\/wp-json\/wp\/v2\/pages"}],"about":[{"href":"https:\/\/weltlaeden.de\/grosskrotzenburg\/wp-json\/wp\/v2\/types\/page"}],"author":[{"embeddable":true,"href":"https:\/\/weltlaeden.de\/grosskrotzenburg\/wp-json\/wp\/v2\/users\/1"}],"replies":[{"embeddable":true,"href":"https:\/\/weltlaeden.de\/grosskrotzenburg\/wp-json\/wp\/v2\/comments?post=23"}],"version-history":[{"count":14,"href":"https:\/\/weltlaeden.de\/grosskrotzenburg\/wp-json\/wp\/v2\/pages\/23\/revisions"}],"predecessor-version":[{"id":414,"href":"https:\/\/weltlaeden.de\/grosskrotzenburg\/wp-json\/wp\/v2\/pages\/23\/revisions\/414"}],"wp:attachment":[{"href":"https:\/\/weltlaeden.de\/grosskrotzenburg\/wp-json\/wp\/v2\/media?parent=23"}],"curies":[{"name":"wp","href":"https:\/\/api.w.org\/{rel}","templated":true}]}}