{"id":219,"date":"2016-10-28T13:34:47","date_gmt":"2016-10-28T11:34:47","guid":{"rendered":"https:\/\/wl.heimpixel.de\/vorlage\/ueber-uns\/"},"modified":"2025-03-19T09:03:16","modified_gmt":"2025-03-19T08:03:16","slug":"ueber-uns","status":"publish","type":"page","link":"https:\/\/weltlaeden.de\/grosskrotzenburg\/ueber-uns\/","title":{"rendered":"\u00dcber uns"},"content":{"rendered":"<div class=\"wpb-content-wrapper\"><p>[vc_row][vc_column][vc_empty_space][vc_column_text css=&#8220;&#8220;]<\/p>\n<h1>\u00dcber den Weltladen Gro\u00dfkrotzenburg<\/h1>\n<p>Im Jahr 1986 begann mit der &#8222;Aktionsgruppe 3. Welt&#8220; die Verkauf von fair gehandelten Waren in Gro\u00dfkrotzenburg. Die Gr\u00fcndung des Vereins folgte im Jahr 1989, der heute den Namen Eine-Welt-Laden Gro\u00dfkrotzenburg e. V. tr\u00e4gt. Aufgabe und Ziel des Vereins ist die F\u00f6rderung aller Ma\u00dfnahmen, die eine wirksame Hilfe f\u00fcr die Bev\u00f6lkerung in den L\u00e4nder der &#8222;sogenannten&#8220; Dritten Welt bedeuten.<\/p>\n<p>Ein Hauptaugenmerk ist das Soziale, Gesellschaftlichen, Kulturelle Engagement in eigenen Ort.<\/p>\n<p>Im Weltladen arbeiten ausschliesslich ehrenamtliche Kr\u00e4fte, die seit nunmehr fast 40 Jahren \u201eFairen Handel\u201c betreiben.<\/p>\n<p>Im Jahr 2024 haben wir f\u00fcr drei Wochen einen Sch\u00fcler die M\u00f6glichkeit bei uns ein Schulpraktikum zu machen erm\u00f6glicht. Er hat s\u00e4mtliche Aufgaben die in einem Weltladen anfallen kennen gelernt und selbst\u00e4ndig ausgef\u00fchrt.[\/vc_column_text][\/vc_column][\/vc_row][vc_row][vc_column][\/vc_column][\/vc_row]<\/p>\n<\/div>","protected":false},"excerpt":{"rendered":"<p>[vc_row][vc_column][vc_empty_space][vc_column_text css=&#8220;&#8220;] \u00dcber den Weltladen Gro\u00dfkrotzenburg Im Jahr 1986 begann mit der &#8222;Aktionsgruppe 3. Welt&#8220; die Verkauf von fair gehandelten Waren in Gro\u00dfkrotzenburg. Die Gr\u00fcndung des Vereins folgte im Jahr 1989, der heute den Namen Eine-Welt-Laden Gro\u00dfkrotzenburg e. V. tr\u00e4gt. Aufgabe und Ziel des Vereins ist die F\u00f6rderung aller Ma\u00dfnahmen, die eine wirksame Hilfe f\u00fcr&hellip;<\/p>\n","protected":false},"author":1,"featured_media":0,"parent":0,"menu_order":7,"comment_status":"closed","ping_status":"closed","template":"","meta":{"footnotes":""},"class_list":["post-219","page","type-page","status-publish","hentry","description-off"],"yoast_head":"<!-- This site is optimized with the Yoast SEO plugin v26.8 - https:\/\/yoast.com\/product\/yoast-seo-wordpress\/ -->\n<title>\u00dcber uns - Weltladen Gro\u00dfkrotzenburg<\/title>\n<meta name=\"robots\" content=\"index, follow, max-snippet:-1, max-image-preview:large, max-video-preview:-1\" \/>\n<link rel=\"canonical\" href=\"https:\/\/weltlaeden.de\/grosskrotzenburg\/ueber-uns\/\" \/>\n<meta property=\"og:locale\" content=\"de_DE\" \/>\n<meta property=\"og:type\" content=\"article\" \/>\n<meta property=\"og:title\" content=\"\u00dcber uns - Weltladen Gro\u00dfkrotzenburg\" \/>\n<meta property=\"og:description\" content=\"[vc_row][vc_column][vc_empty_space][vc_column_text css=&#8220;&#8220;] \u00dcber den Weltladen Gro\u00dfkrotzenburg Im Jahr 1986 begann mit der &#8222;Aktionsgruppe 3. Welt&#8220; die Verkauf von fair gehandelten Waren in Gro\u00dfkrotzenburg. Die Gr\u00fcndung des Vereins folgte im Jahr 1989, der heute den Namen Eine-Welt-Laden Gro\u00dfkrotzenburg e. V. tr\u00e4gt. Aufgabe und Ziel des Vereins ist die F\u00f6rderung aller Ma\u00dfnahmen, die eine wirksame Hilfe f\u00fcr&hellip;\" \/>\n<meta property=\"og:url\" content=\"https:\/\/weltlaeden.de\/grosskrotzenburg\/ueber-uns\/\" \/>\n<meta property=\"og:site_name\" content=\"Weltladen Gro\u00dfkrotzenburg\" \/>\n<meta property=\"article:modified_time\" content=\"2025-03-19T08:03:16+00:00\" \/>\n<meta name=\"twitter:card\" content=\"summary_large_image\" \/>\n<meta name=\"twitter:label1\" content=\"Gesch\u00e4tzte Lesezeit\" \/>\n\t<meta name=\"twitter:data1\" content=\"1\u00a0Minute\" \/>\n<script type=\"application\/ld+json\" class=\"yoast-schema-graph\">{\"@context\":\"https:\/\/schema.org\",\"@graph\":[{\"@type\":\"WebPage\",\"@id\":\"https:\/\/weltlaeden.de\/grosskrotzenburg\/ueber-uns\/\",\"url\":\"https:\/\/weltlaeden.de\/grosskrotzenburg\/ueber-uns\/\",\"name\":\"\u00dcber uns - Weltladen Gro\u00dfkrotzenburg\",\"isPartOf\":{\"@id\":\"https:\/\/weltlaeden.de\/grosskrotzenburg\/#website\"},\"datePublished\":\"2016-10-28T11:34:47+00:00\",\"dateModified\":\"2025-03-19T08:03:16+00:00\",\"breadcrumb\":{\"@id\":\"https:\/\/weltlaeden.de\/grosskrotzenburg\/ueber-uns\/#breadcrumb\"},\"inLanguage\":\"de\",\"potentialAction\":[{\"@type\":\"ReadAction\",\"target\":[\"https:\/\/weltlaeden.de\/grosskrotzenburg\/ueber-uns\/\"]}]},{\"@type\":\"BreadcrumbList\",\"@id\":\"https:\/\/weltlaeden.de\/grosskrotzenburg\/ueber-uns\/#breadcrumb\",\"itemListElement\":[{\"@type\":\"ListItem\",\"position\":1,\"name\":\"Startseite\",\"item\":\"https:\/\/weltlaeden.de\/grosskrotzenburg\/\"},{\"@type\":\"ListItem\",\"position\":2,\"name\":\"\u00dcber uns\"}]},{\"@type\":\"WebSite\",\"@id\":\"https:\/\/weltlaeden.de\/grosskrotzenburg\/#website\",\"url\":\"https:\/\/weltlaeden.de\/grosskrotzenburg\/\",\"name\":\"Weltladen Gro\u00dfkrotzenburg\",\"description\":\"Faire Produkte seit mehr als 30 Jahre\",\"potentialAction\":[{\"@type\":\"SearchAction\",\"target\":{\"@type\":\"EntryPoint\",\"urlTemplate\":\"https:\/\/weltlaeden.de\/grosskrotzenburg\/?s={search_term_string}\"},\"query-input\":{\"@type\":\"PropertyValueSpecification\",\"valueRequired\":true,\"valueName\":\"search_term_string\"}}],\"inLanguage\":\"de\"}]}<\/script>\n<!-- \/ Yoast SEO plugin. -->","yoast_head_json":{"title":"\u00dcber uns - Weltladen Gro\u00dfkrotzenburg","robots":{"index":"index","follow":"follow","max-snippet":"max-snippet:-1","max-image-preview":"max-image-preview:large","max-video-preview":"max-video-preview:-1"},"canonical":"https:\/\/weltlaeden.de\/grosskrotzenburg\/ueber-uns\/","og_locale":"de_DE","og_type":"article","og_title":"\u00dcber uns - Weltladen Gro\u00dfkrotzenburg","og_description":"[vc_row][vc_column][vc_empty_space][vc_column_text css=&#8220;&#8220;] \u00dcber den Weltladen Gro\u00dfkrotzenburg Im Jahr 1986 begann mit der &#8222;Aktionsgruppe 3. Welt&#8220; die Verkauf von fair gehandelten Waren in Gro\u00dfkrotzenburg. Die Gr\u00fcndung des Vereins folgte im Jahr 1989, der heute den Namen Eine-Welt-Laden Gro\u00dfkrotzenburg e. V. tr\u00e4gt. Aufgabe und Ziel des Vereins ist die F\u00f6rderung aller Ma\u00dfnahmen, die eine wirksame Hilfe f\u00fcr&hellip;","og_url":"https:\/\/weltlaeden.de\/grosskrotzenburg\/ueber-uns\/","og_site_name":"Weltladen Gro\u00dfkrotzenburg","article_modified_time":"2025-03-19T08:03:16+00:00","twitter_card":"summary_large_image","twitter_misc":{"Gesch\u00e4tzte Lesezeit":"1\u00a0Minute"},"schema":{"@context":"https:\/\/schema.org","@graph":[{"@type":"WebPage","@id":"https:\/\/weltlaeden.de\/grosskrotzenburg\/ueber-uns\/","url":"https:\/\/weltlaeden.de\/grosskrotzenburg\/ueber-uns\/","name":"\u00dcber uns - Weltladen Gro\u00dfkrotzenburg","isPartOf":{"@id":"https:\/\/weltlaeden.de\/grosskrotzenburg\/#website"},"datePublished":"2016-10-28T11:34:47+00:00","dateModified":"2025-03-19T08:03:16+00:00","breadcrumb":{"@id":"https:\/\/weltlaeden.de\/grosskrotzenburg\/ueber-uns\/#breadcrumb"},"inLanguage":"de","potentialAction":[{"@type":"ReadAction","target":["https:\/\/weltlaeden.de\/grosskrotzenburg\/ueber-uns\/"]}]},{"@type":"BreadcrumbList","@id":"https:\/\/weltlaeden.de\/grosskrotzenburg\/ueber-uns\/#breadcrumb","itemListElement":[{"@type":"ListItem","position":1,"name":"Startseite","item":"https:\/\/weltlaeden.de\/grosskrotzenburg\/"},{"@type":"ListItem","position":2,"name":"\u00dcber uns"}]},{"@type":"WebSite","@id":"https:\/\/weltlaeden.de\/grosskrotzenburg\/#website","url":"https:\/\/weltlaeden.de\/grosskrotzenburg\/","name":"Weltladen Gro\u00dfkrotzenburg","description":"Faire Produkte seit mehr als 30 Jahre","potentialAction":[{"@type":"SearchAction","target":{"@type":"EntryPoint","urlTemplate":"https:\/\/weltlaeden.de\/grosskrotzenburg\/?s={search_term_string}"},"query-input":{"@type":"PropertyValueSpecification","valueRequired":true,"valueName":"search_term_string"}}],"inLanguage":"de"}]}},"_links":{"self":[{"href":"https:\/\/weltlaeden.de\/grosskrotzenburg\/wp-json\/wp\/v2\/pages\/219","targetHints":{"allow":["GET"]}}],"collection":[{"href":"https:\/\/weltlaeden.de\/grosskrotzenburg\/wp-json\/wp\/v2\/pages"}],"about":[{"href":"https:\/\/weltlaeden.de\/grosskrotzenburg\/wp-json\/wp\/v2\/types\/page"}],"author":[{"embeddable":true,"href":"https:\/\/weltlaeden.de\/grosskrotzenburg\/wp-json\/wp\/v2\/users\/1"}],"replies":[{"embeddable":true,"href":"https:\/\/weltlaeden.de\/grosskrotzenburg\/wp-json\/wp\/v2\/comments?post=219"}],"version-history":[{"count":22,"href":"https:\/\/weltlaeden.de\/grosskrotzenburg\/wp-json\/wp\/v2\/pages\/219\/revisions"}],"predecessor-version":[{"id":804,"href":"https:\/\/weltlaeden.de\/grosskrotzenburg\/wp-json\/wp\/v2\/pages\/219\/revisions\/804"}],"wp:attachment":[{"href":"https:\/\/weltlaeden.de\/grosskrotzenburg\/wp-json\/wp\/v2\/media?parent=219"}],"curies":[{"name":"wp","href":"https:\/\/api.w.org\/{rel}","templated":true}]}}