{"id":20,"date":"2016-10-14T09:05:21","date_gmt":"2016-10-14T07:05:21","guid":{"rendered":"https:\/\/wl.heimpixel.de\/vorlage\/weltladen-musterdorf\/"},"modified":"2025-10-12T09:09:46","modified_gmt":"2025-10-12T07:09:46","slug":"weltladen-musterdorf","status":"publish","type":"page","link":"https:\/\/weltlaeden.de\/grosskrotzenburg\/","title":{"rendered":"Weltladen Gro\u00dfkrotzenburg"},"content":{"rendered":"<div class=\"wpb-content-wrapper\"><p>[vc_row][vc_column]<div class=\"wl_einzelbild\"><p><\/p>\n<p><img loading=\"lazy\" decoding=\"async\" class=\"alignnone size-full wp-image-864\" src=\"https:\/\/weltlaeden.de\/grosskrotzenburg\/wp-content\/uploads\/sites\/222\/2025\/05\/WL_Aussen_klein-scaled.jpg\" alt=\"\" width=\"2560\" height=\"1440\" srcset=\"https:\/\/weltlaeden.de\/grosskrotzenburg\/wp-content\/uploads\/sites\/222\/2025\/05\/WL_Aussen_klein-scaled.jpg 2560w, https:\/\/weltlaeden.de\/grosskrotzenburg\/wp-content\/uploads\/sites\/222\/2025\/05\/WL_Aussen_klein-300x169.jpg 300w, https:\/\/weltlaeden.de\/grosskrotzenburg\/wp-content\/uploads\/sites\/222\/2025\/05\/WL_Aussen_klein-1024x576.jpg 1024w, https:\/\/weltlaeden.de\/grosskrotzenburg\/wp-content\/uploads\/sites\/222\/2025\/05\/WL_Aussen_klein-768x432.jpg 768w, https:\/\/weltlaeden.de\/grosskrotzenburg\/wp-content\/uploads\/sites\/222\/2025\/05\/WL_Aussen_klein-1536x864.jpg 1536w, https:\/\/weltlaeden.de\/grosskrotzenburg\/wp-content\/uploads\/sites\/222\/2025\/05\/WL_Aussen_klein-2048x1152.jpg 2048w\" sizes=\"auto, (max-width: 2560px) 100vw, 2560px\" \/><\/p><\/div>[vc_empty_space height=&#8220;20px&#8220;][\/vc_column][\/vc_row][vc_row][vc_column][vc_column_text css=&#8220;&#8220;]<\/p>\n<h1 style=\"text-align: left\">Willkommen im Weltladen Gro\u00dfkrotzenburg<\/h1>\n<p>[\/vc_column_text][vc_column_text css=&#8220;&#8220;]Den Weltladen Gro\u00dfkrotzenburg finden Sie in der Bahnhofstra\u00dfe 2, gegen\u00fcber des neuen Rathauses. Tr\u00e4ger des Weltladens ist der &#8222;Eine-Welt-Laden-Gro\u00dfkrotzenburg e.V.&#8220;.<br \/>\nDer Weltladen unterst\u00fctzt seit ca. 40 Jahren den Fairen Handel. Der Laden wird ausschlie\u00dflich von ehrenamtlichen Kr\u00e4ften betrieben.<br \/>\nUnter &#8222;Fairen Handel&#8220; verstehen wir: Die ErzeugerInnen erhalten Preise, die ihnen ein Leben in W\u00fcrde erm\u00f6glichen. Das ist gar nicht so selbstverst\u00e4ndlich, wie es klingen mag &#8211; die Erl\u00f6se f\u00fcr viele Produkte aus dem S\u00fcden sind im freien Welthandel so niedrig, dass KleinproduzentInnen kaum davon leben k\u00f6nnen. Zukunftssicherung, Bildung f\u00fcr die Kinder, Gesundheitsversorgung bleiben so unerreichbar.<br \/>\nWeltl\u00e4den wollen das \u00e4ndern.<br \/>\nDeshalb bieten wir Ihnen ein breites Angebot attraktiver Produkte, die dazu beitragen, die Existenz der ErzeugerInnen zu sichern. Sie sind alle fair gehandelt, viele stammen aus \u00f6kologischer Produktion.<br \/>\nDer Faire Handel hat sich im Laufe seiner etwa f\u00fcnfzigj\u00e4hrigen Geschichte zu einer weltweiten Bewegung entwickelt. Die Weltl\u00e4den sind der Kern des Fairen Handels. Hier werden Waren von KleinproduzentInnen und Projekten vor allem aus den arm gemachten L\u00e4ndern der so genannten &#8222;Dritten Welt&#8220; angeboten.<br \/>\nDer faire Preis erm\u00f6glicht es den ProduzentInnen, unter menschenw\u00fcrdigen Bedingungen ihren Lebensunterhalt zu verdienen. Sie k\u00f6nnen in die Entwicklung ihres Dorfes, in Frauen-, Gesundheits- und Schulprojekte investieren, Kleinkredite erhalten, ihre Produktion auf \u00f6kologischer Grundlage umstellen und die Vermarktung in die eigene Hand nehmen. Fairer Handel tr\u00e4gt somit zu nachhaltiger Entwicklung bei.<\/p>\n<p>Mittlerweile ist Gro\u00dfkrotzenburg als <b> <a href=\"https:\/\/www.fairtrade-towns.de\/fairtrade-towns\/stadt\/grosskrotzenburg\" target=\"_blank\" rel=\"noopener\">Fairtrade &#8211; Gemeinde<\/a> <\/b> anerkannt. Vertreter des Weltladens engagieren sich in der Steuerungsgruppe Fairtrade Town.[\/vc_column_text][vc_empty_space height=&#8220;30px&#8220;][\/vc_column][\/vc_row][vc_row][vc_column][vc_column_text]<\/p>\n<h2>Was Sie auf dieser Website finden:<\/h2>\n<p>[\/vc_column_text][vc_empty_space height=&#8220;20px&#8220;][vc_row_inner][vc_column_inner width=&#8220;1\/4&#8243;]<div class=\"wl_einzelbild\"><p><img loading=\"lazy\" decoding=\"async\" class=\"alignleft size-thumbnail wp-image-nsm-3-15\" src=\"https:\/\/weltlaeden.de\/vorlage\/wp-content\/uploads\/sites\/3\/2016\/11\/FairerHandel_ElPuente_Fingerpuppen_EccoExe_Peru-150x150.jpg\" alt=\"\" width=\"150\" height=\"150\" \/><\/p><\/div>[\/vc_column_inner][vc_column_inner width=&#8220;3\/4&#8243;][vc_column_text]<\/p>\n<h3>Fairer Handel<\/h3>\n<p>Was meint Fairer Handel \u00fcberhaupt? Welche Kriterien m\u00fcssen eingehalten werden und wer \u00fcberpr\u00fcft diese? <a href=\"?pagename=fairer-handel\">Erfahren Sie mehr &#8230;<\/a>[\/vc_column_text][\/vc_column_inner][\/vc_row_inner][vc_separator][vc_row_inner][vc_column_inner width=&#8220;1\/4&#8243;]<div class=\"wl_einzelbild\"><p><img loading=\"lazy\" decoding=\"async\" class=\"alignleft size-full wp-image-nsm-3-28\" src=\"https:\/\/weltlaeden.de\/vorlage\/wp-content\/uploads\/sites\/3\/2018\/05\/Lebensmittel_WL-Bornheim-Christian-Schilling_150x150.jpg\" alt=\"\" width=\"150\" height=\"150\" \/><\/p><\/div>[\/vc_column_inner][vc_column_inner width=&#8220;3\/4&#8243;][vc_column_text]<\/p>\n<h3>Produkte<\/h3>\n<p>Unsere Produkte im Weltladen sind nat\u00fcrlich alle aus Fairem Handel, dennoch kommen sie von unterschiedlichen Fair-Handels-Importeuren. <a href=\"?pagename=produkte\">Hier zeigen wir Ihnen unser Sortiment &#8230;<\/a>[\/vc_column_text][\/vc_column_inner][\/vc_row_inner][vc_separator][vc_row_inner][vc_column_inner width=&#8220;1\/4&#8243;]<div class=\"wl_einzelbild\"><p><img loading=\"lazy\" decoding=\"async\" class=\"size-thumbnail wp-image-448 alignleft\" src=\"https:\/\/weltlaeden.de\/grosskrotzenburg\/wp-content\/uploads\/sites\/222\/2019\/04\/board-game-challenge-chess-209728_1200x519-150x150.png\" alt=\"\" width=\"150\" height=\"150\" \/><\/p><\/div>[\/vc_column_inner][vc_column_inner width=&#8220;3\/4&#8243;][vc_column_text css=&#8220;&#8220;]<\/p>\n<h3>\u00dcber uns<\/h3>\n<p>Wer wir sind, warum wir uns f\u00fcr Fairen Handel engagieren und wie man bei uns mitmachen kann &#8211; <a href=\"https:\/\/weltlaeden.de\/grosskrotzenburg\/der-verein\/\">hier stellen wir uns vor &#8230;<\/a>[\/vc_column_text][\/vc_column_inner][\/vc_row_inner][vc_separator][vc_row_inner][vc_column_inner width=&#8220;1\/4&#8243;]<div class=\"wl_einzelbild\"><p><img loading=\"lazy\" decoding=\"async\" class=\"alignleft size-full wp-image-nsm-3-35\" src=\"https:\/\/weltlaeden.de\/vorlage\/wp-content\/uploads\/sites\/3\/2018\/08\/pocket-watch-1637396_1920_150x150.png\" alt=\"\" width=\"150\" height=\"150\" \/><\/p><\/div>[\/vc_column_inner][vc_column_inner width=&#8220;3\/4&#8243;][vc_column_text css=&#8220;&#8220;]<\/p>\n<h3>Termine<\/h3>\n<p>Bei uns ist immer etwas los! Wir treffen uns regelm\u00e4\u00dfig zu Teamsitzungen und Fortbildungen, organisieren aber auch immer mal wieder eine Veranstaltung zum Fairen Handel und verwandten Themen. <a href=\"https:\/\/weltlaeden.de\/grosskrotzenburg\/termine\/\">Hier erfahren Sie was bei uns los ist \u2026<\/a>[\/vc_column_text][\/vc_column_inner][\/vc_row_inner][vc_separator][vc_empty_space][\/vc_column][\/vc_row][vc_row][vc_column][vc_column_text css=&#8220;&#8220;]<\/p>\n<h2>Produkt Impulse<\/h2>\n<p>[\/vc_column_text]<!-- This slideshow output is generated with Advanced post slider a multipurpose responsive WordPress slideshow plugin - http:\/\/www.wpcue.com\/wordpress-plugins\/advanced-post-slider\/ -->\r\n<style>\r\n#advps_container1 .bx-wrapper .bx-viewport {\r\n\t\tbackground:#ffffff;\r\n}\r\n#advps_container1 .bx-wrapper .bx-pager{\r\n\ttext-align: right;\r\n\tpadding-right:5px;\r\n}\r\n#advps_container1 .bx-wrapper .bx-pager\r\n{\r\n\tbottom:-35px;\r\n\tz-index:999;\r\n}\r\n#advps_container1 .bx-wrapper .bx-controls-auto\r\n{\r\n\tbottom:6px;\r\n}\r\n#advps_container1 .bx-wrapper .bx-controls.bx-has-controls-auto.bx-has-pager .bx-pager {\r\n\ttext-align: right;\r\n}\r\n#advps_container1 .bx-wrapper .bx-controls-auto {\r\n\tz-index:99999;\r\n\ttext-align:center;width:100%;}\r\n\r\n#advps_container1 .bx-wrapper .bx-pager.bx-default-pager a {\r\n\tbackground: #666;\r\n\ttext-indent: -9999px;\r\n\tdisplay: block;\r\n\twidth: 10px;\r\n\theight: 10px;\r\n\tmargin: 0 5px;\r\n\toutline: 0;\r\n\t-moz-border-radius: 5px;\r\n\t-webkit-border-radius: 5px;\r\n\tborder-radius: 5px;\r\n\ttext-align:left;\r\n}\r\n#advps_container1 .bx-wrapper .bx-pager.bx-default-pager a:hover,\r\n#advps_container1 .bx-wrapper .bx-pager.bx-default-pager a.active {\r\n\tbackground: #000;\r\n}\r\n\r\n\/* thumbnail pager*\/\r\n#advps_container1 #bx-pager\r\n{\r\n\twidth:100%;\r\n\tposition:absolute;\r\n\tbottom:-35px;\r\n    text-align: right;\r\n\tz-index: 9999;\r\n}\r\n#advps_container1 #bx-pager a img\r\n{\r\n\tborder: 1px solid #CCCCCC;\r\n    padding: 3px;\r\n}\r\n#advps_container1 #bx-pager a:hover img, #advps_container1 #bx-pager a.active img\r\n{\r\n\tborder: 1px solid #666666;\r\n}\r\n\/* medai queries *\/\r\n#advps_container1 .advs-title,#advps_container1 .advs-title a\r\n{\r\n\tfont-size:20px;\r\n\tline-height:26px;\r\n}\r\n#advps_container1 .advps-slide p\r\n{\r\n\tfont-size:15px;\r\n\tline-height:22px;\r\n}\r\n@media screen and (max-width: 1024px){\r\n\t#advps_container1 .advs-title,#advps_container1 .advs-title a\r\n\t{\r\n\t\tfont-size:16px;\r\n\t\tline-height:26px;\r\n\t}\r\n\t#advps_container1 .advps-slide p\r\n\t{\r\n\t\tfont-size:15px;\r\n\t\tline-height:22px;\r\n\t}\r\n}\r\n@media screen and (max-width: 768px){\r\n\t#advps_container1 h2.advs-title, #advps_container1 h2.advs-title a\r\n\t{\r\n\t\tfont-size:16px;\r\n\t\tline-height:20px;\r\n\t}\r\n\t#advps_container1 .advps-slide p\r\n\t{\r\n\t\tfont-size:14px;\r\n\t\tline-height:18px;\r\n\t}\r\n}\r\n@media screen and (max-width: 650px){\r\n\t#advps_container1 h2.advs-title, #advps_container1 h2.advs-title a\r\n\t{\r\n\t\tfont-size:15px;\r\n\t\tline-height:18px;\r\n\t}\r\n\t#advps_container1 .advps-slide p\r\n\t{\r\n\t\tfont-size:13px;\r\n\t\tline-height:15px;\r\n\t}\r\n}\r\n@media screen and (max-width: 480px){\r\n\t#advps_container1 h2.advs-title, #advps_container1 h2.advs-title a\r\n\t{\r\n\t\tfont-size:13px;\r\n\t\tline-height:14px;\r\n\t}\r\n\t#advps_container1 .advps-slide p\r\n\t{\r\n\t\tfont-size:12px;\r\n\t\tline-height:13px;\r\n\t}\r\n}\r\n@media screen and (max-width: 320px){\r\n\t#advps_container1 h2.advs-title, #advps_container1 h2.advs-title a\r\n\t{\r\n\t\tfont-size:12px;\r\n\t\tline-height:13px;\r\n\t}\r\n\t#advps_container1 .advps-slide p\r\n\t{\r\n\t\tfont-size:11px;\r\n\t\tline-height:12px;\r\n\t}\r\n}\r\n<\/style>\r\n<script type=\"text\/javascript\">\r\n\t\tjQuery(document).ready(function($){\r\n\t\t\t$('#advpsslideshow_1').bxSlider({\r\n\t\t\t\tuseCSS:1,\r\n\t\t\t\tslideMargin: 0,\r\n\t\t\t\tspeed: 2000,\t\t\t\t\r\n\t\t\t\t\t\t\t\tmode: 'fade',\r\n\t\t\t\t\t\t\t\t\t\t\t\tauto: 1,\r\n\t\t\t\tautoHover: 1,\r\n\t\t\t\tpause: 10000,\r\n\t\t\t\teasing: 'linear',\r\n\t\t\t\tcontrols: 0,\r\n\t\t\t\tpager: 1,\r\n  \t\t\t\tautoControls: 0\t\t\t\t\t\t\t});\r\n\t\t\t\t\t\t\t$(\"#advpsslideshow_1 .advs-title a\").hover(function(){\r\n\t\t\t\t\t$(this).css('color','#5e5e5e');\r\n\t\t\t\t},function(){\r\n\t\t\t\t\t$(this).css('color','#ff7c00');\r\n\t\t\t\t});\r\n\t\t\t\t\t\t$(\"#advpsslideshow_1 .advps-slide\").hover(function(){\r\n\t\t\t\t  \t\t\t},function(){\r\n\t\t\t\t\t\t\t});\r\n\t\t});\r\n\t<\/script>\r\n<div id=\"advps_container1\" class=\"advps-slide-container\" style=\"overflow:hidden;max-width:1000px;\">\r\n \r\n  <div id=\"advpsslideshow_1\">\r\n        <div class=\"advps-slide\">\r\n\t<a target=\"_blank\" href=\"https:\/\/weltladen.de\" >      <img loading=\"lazy\" decoding=\"async\" width=\"1008\" height=\"756\" src=\"https:\/\/weltlaeden.de\/grosskrotzenburg\/wp-content\/uploads\/sites\/222\/2025\/01\/IMG_09171.jpg\" class=\"attachment-full size-full wp-post-image\" alt=\"\" srcset=\"https:\/\/weltlaeden.de\/grosskrotzenburg\/wp-content\/uploads\/sites\/222\/2025\/01\/IMG_09171.jpg 1008w, https:\/\/weltlaeden.de\/grosskrotzenburg\/wp-content\/uploads\/sites\/222\/2025\/01\/IMG_09171-300x225.jpg 300w, https:\/\/weltlaeden.de\/grosskrotzenburg\/wp-content\/uploads\/sites\/222\/2025\/01\/IMG_09171-768x576.jpg 768w\" sizes=\"auto, (max-width: 1008px) 100vw, 1008px\" \/>      <\/a>       \r\n      <div class=\"advps-excerpt-one\" style=\"width:27%;height:100%;top:0; right:0;\">\r\n      \t<div class=\"advps-overlay-one\" style=\"background-color:#ffffff; -moz-opacity:0.97;filter:alpha(opacity=97);opacity:0.97;\"><\/div>\r\n        <div class=\"advps-excerpt-block-one\" style=\"text-align:left;color:#383838;-moz-opacity:1;filter:alpha(opacity=100);opacity:1;\">        \r\n        <h2 class=\"advs-title\" style=\"margin:5px 0px 10px 0px;color:#ff7c00\"><a target=\"_blank\" href=\"https:\/\/weltladen.de\" style=\"margin:5px 0px 10px 0px;color:#ff7c00\" >St\u00f6bern Sie gerne in unserem Sortiment<\/a><\/h2>\r\n          \r\n            <p>Kommen Sie vorbei. Es gibt viel zu Entdecken.<\/p>\n        <\/div>\r\n      <\/div>\r\n    <\/div>\r\n        <div class=\"advps-slide\">\r\n\t<a target=\"_blank\" href=\"https:\/\/beispiellink.com\" >      <img loading=\"lazy\" decoding=\"async\" width=\"323\" height=\"457\" src=\"https:\/\/weltlaeden.de\/grosskrotzenburg\/wp-content\/uploads\/sites\/222\/2017\/04\/Kaffee-e1737393631931.jpg\" class=\"attachment-full size-full wp-post-image\" alt=\"\" \/>      <\/a>       \r\n      <div class=\"advps-excerpt-one\" style=\"width:27%;height:100%;top:0; right:0;\">\r\n      \t<div class=\"advps-overlay-one\" style=\"background-color:#ffffff; -moz-opacity:0.97;filter:alpha(opacity=97);opacity:0.97;\"><\/div>\r\n        <div class=\"advps-excerpt-block-one\" style=\"text-align:left;color:#383838;-moz-opacity:1;filter:alpha(opacity=100);opacity:1;\">        \r\n        <h2 class=\"advs-title\" style=\"margin:5px 0px 10px 0px;color:#ff7c00\"><a target=\"_blank\" href=\"https:\/\/beispiellink.com\" style=\"margin:5px 0px 10px 0px;color:#ff7c00\" >Produkt mit Ort Bezug<\/a><\/h2>\r\n          \r\n            <p>&#8222;Krotzebojer K\u00e4ffche&#8220; Eine Bio-Arabica-Mischung aus schonender Langzeitr\u00f6stung! Den Kaffee gibt es gemahlen oder als Bohnen in 250g P\u00e4ckchen. Die Bohnen stammen aus Nicaragua und \u00c4thiopien&hellip;<\/p>\n        <\/div>\r\n      <\/div>\r\n    <\/div>\r\n      <\/div>\r\n  <\/div><!-- end advps-slide-container -->\r\n<!-- \/ Advanced post slider a multipurpose responsive slideshow plugin -->\r\n[\/vc_column][\/vc_row][vc_row][vc_column][vc_column_text]<\/p>\n<h2>Neuigkeiten<\/h2>\n<p>[\/vc_column_text]<section class=\"items-grid wf-container\"><div class=\"wf-cell wf-1-2\"><article class=\"post-format-standard\"><div class=\"mini-post-img\"><a class=\"alignleft post-rollover layzr-bg\" href=\"https:\/\/weltlaeden.de\/grosskrotzenburg\/el-puente-kaffee-gegen-rechts-bohnen\/\" aria-label=\"Post image\"><img decoding=\"async\" class=\"preload-me lazy-load aspect\" src=\"data:image\/svg+xml,%3Csvg%20xmlns%3D&#39;http%3A%2F%2Fwww.w3.org%2F2000%2Fsvg&#39;%20viewBox%3D&#39;0%200%2060%2060&#39;%2F%3E\" data-src=\"https:\/\/weltlaeden.de\/grosskrotzenburg\/wp-content\/uploads\/sites\/222\/2025\/01\/36444_820735-e1737394312120-60x60.jpeg\" data-srcset=\"https:\/\/weltlaeden.de\/grosskrotzenburg\/wp-content\/uploads\/sites\/222\/2025\/01\/36444_820735-e1737394312120-60x60.jpeg 60w, https:\/\/weltlaeden.de\/grosskrotzenburg\/wp-content\/uploads\/sites\/222\/2025\/01\/36444_820735-e1737394312120-120x120.jpeg 120w\" loading=\"eager\" style=\"--ratio: 60 \/ 60\" sizes=\"(max-width: 60px) 100vw, 60px\" width=\"60\" height=\"60\"  alt=\"\" \/><\/a><\/div><div class=\"post-content\"><a href=\"https:\/\/weltlaeden.de\/grosskrotzenburg\/el-puente-kaffee-gegen-rechts-bohnen\/\">El Puente Kaffee gegen Rechts Bohnen<\/a><br \/><time class=\"text-secondary\" datetime=\"2025-02-05T18:14:40+01:00\">5. Februar 2025<\/time><\/div><\/article><\/div><div class=\"wf-cell wf-1-2\"><article class=\"post-format-standard\"><div class=\"mini-post-img\"><a class=\"alignleft post-rollover layzr-bg\" href=\"https:\/\/weltlaeden.de\/grosskrotzenburg\/beispielneuigkeit\/\" aria-label=\"Post image\"><img decoding=\"async\" class=\"preload-me lazy-load aspect\" src=\"data:image\/svg+xml,%3Csvg%20xmlns%3D&#39;http%3A%2F%2Fwww.w3.org%2F2000%2Fsvg&#39;%20viewBox%3D&#39;0%200%2060%2060&#39;%2F%3E\" data-src=\"https:\/\/weltlaeden.de\/grosskrotzenburg\/wp-content\/uploads\/sites\/222\/2025\/01\/36444_820734-60x60.jpg\" data-srcset=\"https:\/\/weltlaeden.de\/grosskrotzenburg\/wp-content\/uploads\/sites\/222\/2025\/01\/36444_820734-60x60.jpg 60w, https:\/\/weltlaeden.de\/grosskrotzenburg\/wp-content\/uploads\/sites\/222\/2025\/01\/36444_820734-120x120.jpg 120w\" loading=\"eager\" style=\"--ratio: 60 \/ 60\" sizes=\"(max-width: 60px) 100vw, 60px\" width=\"60\" height=\"60\"  alt=\"\" \/><\/a><\/div><div class=\"post-content\"><a href=\"https:\/\/weltlaeden.de\/grosskrotzenburg\/beispielneuigkeit\/\">El Puente Kaffee gegen Rechts<\/a><br \/><time class=\"text-secondary\" datetime=\"2025-01-20T09:43:59+01:00\">20. Januar 2025<\/time><\/div><\/article><\/div><\/section><a href=\"?pagename=neuigkeiten\" class=\"btn-shortcode dt-btn-s dt-btn default-btn-color default-btn-hover-color default-btn-bg-color default-btn-bg-hover-color\" target=\"_blank\" id=\"dt-btn-1\" rel=\"noopener\"><span>Alle Neuigkeiten<\/span><\/a>[\/vc_column][\/vc_row]<\/p>\n<\/div>","protected":false},"excerpt":{"rendered":"<p>[vc_row][vc_column][vc_empty_space height=&#8220;20px&#8220;][\/vc_column][\/vc_row][vc_row][vc_column][vc_column_text css=&#8220;&#8220;] Willkommen im Weltladen Gro\u00dfkrotzenburg [\/vc_column_text][vc_column_text css=&#8220;&#8220;]Den Weltladen Gro\u00dfkrotzenburg finden Sie in der Bahnhofstra\u00dfe 2, gegen\u00fcber des neuen Rathauses. Tr\u00e4ger des Weltladens ist&hellip;<\/p>\n","protected":false},"author":1,"featured_media":0,"parent":0,"menu_order":0,"comment_status":"closed","ping_status":"closed","template":"","meta":{"footnotes":""},"class_list":["post-20","page","type-page","status-publish","hentry","description-off"],"yoast_head":"<!-- This site is optimized with the Yoast SEO plugin v26.8 - https:\/\/yoast.com\/product\/yoast-seo-wordpress\/ -->\n<title>Weltladen Gro\u00dfkrotzenburg - Weltladen Gro\u00dfkrotzenburg<\/title>\n<meta name=\"robots\" content=\"index, follow, max-snippet:-1, max-image-preview:large, max-video-preview:-1\" \/>\n<link rel=\"canonical\" href=\"https:\/\/weltlaeden.de\/grosskrotzenburg\/\" \/>\n<meta property=\"og:locale\" content=\"de_DE\" \/>\n<meta property=\"og:type\" content=\"article\" \/>\n<meta property=\"og:title\" content=\"Weltladen Gro\u00dfkrotzenburg - Weltladen Gro\u00dfkrotzenburg\" \/>\n<meta property=\"og:description\" content=\"[vc_row][vc_column][vc_empty_space height=&#8220;20px&#8220;][\/vc_column][\/vc_row][vc_row][vc_column][vc_column_text css=&#8220;&#8220;] Willkommen im Weltladen Gro\u00dfkrotzenburg [\/vc_column_text][vc_column_text css=&#8220;&#8220;]Den Weltladen Gro\u00dfkrotzenburg finden Sie in der Bahnhofstra\u00dfe 2, gegen\u00fcber des neuen Rathauses. Tr\u00e4ger des Weltladens ist&hellip;\" \/>\n<meta property=\"og:url\" content=\"https:\/\/weltlaeden.de\/grosskrotzenburg\/\" \/>\n<meta property=\"og:site_name\" content=\"Weltladen Gro\u00dfkrotzenburg\" \/>\n<meta property=\"article:modified_time\" content=\"2025-10-12T07:09:46+00:00\" \/>\n<meta property=\"og:image\" content=\"https:\/\/weltlaeden.de\/grosskrotzenburg\/wp-content\/uploads\/sites\/222\/2025\/05\/WL_Aussen_klein-scaled.jpg\" \/>\n\t<meta property=\"og:image:width\" content=\"2560\" \/>\n\t<meta property=\"og:image:height\" content=\"1440\" \/>\n\t<meta property=\"og:image:type\" content=\"image\/jpeg\" \/>\n<meta name=\"twitter:card\" content=\"summary_large_image\" \/>\n<meta name=\"twitter:label1\" content=\"Gesch\u00e4tzte Lesezeit\" \/>\n\t<meta name=\"twitter:data1\" content=\"4\u00a0Minuten\" \/>\n<script type=\"application\/ld+json\" class=\"yoast-schema-graph\">{\"@context\":\"https:\/\/schema.org\",\"@graph\":[{\"@type\":\"WebPage\",\"@id\":\"https:\/\/weltlaeden.de\/grosskrotzenburg\/\",\"url\":\"https:\/\/weltlaeden.de\/grosskrotzenburg\/\",\"name\":\"Weltladen Gro\u00dfkrotzenburg - Weltladen Gro\u00dfkrotzenburg\",\"isPartOf\":{\"@id\":\"https:\/\/weltlaeden.de\/grosskrotzenburg\/#website\"},\"primaryImageOfPage\":{\"@id\":\"https:\/\/weltlaeden.de\/grosskrotzenburg\/#primaryimage\"},\"image\":{\"@id\":\"https:\/\/weltlaeden.de\/grosskrotzenburg\/#primaryimage\"},\"thumbnailUrl\":\"https:\/\/weltlaeden.de\/grosskrotzenburg\/wp-content\/uploads\/sites\/222\/2025\/05\/WL_Aussen_klein-scaled.jpg\",\"datePublished\":\"2016-10-14T07:05:21+00:00\",\"dateModified\":\"2025-10-12T07:09:46+00:00\",\"breadcrumb\":{\"@id\":\"https:\/\/weltlaeden.de\/grosskrotzenburg\/#breadcrumb\"},\"inLanguage\":\"de\",\"potentialAction\":[{\"@type\":\"ReadAction\",\"target\":[\"https:\/\/weltlaeden.de\/grosskrotzenburg\/\"]}]},{\"@type\":\"ImageObject\",\"inLanguage\":\"de\",\"@id\":\"https:\/\/weltlaeden.de\/grosskrotzenburg\/#primaryimage\",\"url\":\"https:\/\/weltlaeden.de\/grosskrotzenburg\/wp-content\/uploads\/sites\/222\/2025\/05\/WL_Aussen_klein-scaled.jpg\",\"contentUrl\":\"https:\/\/weltlaeden.de\/grosskrotzenburg\/wp-content\/uploads\/sites\/222\/2025\/05\/WL_Aussen_klein-scaled.jpg\",\"width\":2560,\"height\":1440},{\"@type\":\"BreadcrumbList\",\"@id\":\"https:\/\/weltlaeden.de\/grosskrotzenburg\/#breadcrumb\",\"itemListElement\":[{\"@type\":\"ListItem\",\"position\":1,\"name\":\"Startseite\",\"item\":\"https:\/\/weltlaeden.de\/grosskrotzenburg\/\"},{\"@type\":\"ListItem\",\"position\":2,\"name\":\"Weltladen Gro\u00dfkrotzenburg\"}]},{\"@type\":\"WebSite\",\"@id\":\"https:\/\/weltlaeden.de\/grosskrotzenburg\/#website\",\"url\":\"https:\/\/weltlaeden.de\/grosskrotzenburg\/\",\"name\":\"Weltladen Gro\u00dfkrotzenburg\",\"description\":\"Faire Produkte seit mehr als 30 Jahre\",\"potentialAction\":[{\"@type\":\"SearchAction\",\"target\":{\"@type\":\"EntryPoint\",\"urlTemplate\":\"https:\/\/weltlaeden.de\/grosskrotzenburg\/?s={search_term_string}\"},\"query-input\":{\"@type\":\"PropertyValueSpecification\",\"valueRequired\":true,\"valueName\":\"search_term_string\"}}],\"inLanguage\":\"de\"}]}<\/script>\n<!-- \/ Yoast SEO plugin. -->","yoast_head_json":{"title":"Weltladen Gro\u00dfkrotzenburg - Weltladen Gro\u00dfkrotzenburg","robots":{"index":"index","follow":"follow","max-snippet":"max-snippet:-1","max-image-preview":"max-image-preview:large","max-video-preview":"max-video-preview:-1"},"canonical":"https:\/\/weltlaeden.de\/grosskrotzenburg\/","og_locale":"de_DE","og_type":"article","og_title":"Weltladen Gro\u00dfkrotzenburg - Weltladen Gro\u00dfkrotzenburg","og_description":"[vc_row][vc_column][vc_empty_space height=&#8220;20px&#8220;][\/vc_column][\/vc_row][vc_row][vc_column][vc_column_text css=&#8220;&#8220;] Willkommen im Weltladen Gro\u00dfkrotzenburg [\/vc_column_text][vc_column_text css=&#8220;&#8220;]Den Weltladen Gro\u00dfkrotzenburg finden Sie in der Bahnhofstra\u00dfe 2, gegen\u00fcber des neuen Rathauses. Tr\u00e4ger des Weltladens ist&hellip;","og_url":"https:\/\/weltlaeden.de\/grosskrotzenburg\/","og_site_name":"Weltladen Gro\u00dfkrotzenburg","article_modified_time":"2025-10-12T07:09:46+00:00","og_image":[{"width":2560,"height":1440,"url":"https:\/\/weltlaeden.de\/grosskrotzenburg\/wp-content\/uploads\/sites\/222\/2025\/05\/WL_Aussen_klein-scaled.jpg","type":"image\/jpeg"}],"twitter_card":"summary_large_image","twitter_misc":{"Gesch\u00e4tzte Lesezeit":"4\u00a0Minuten"},"schema":{"@context":"https:\/\/schema.org","@graph":[{"@type":"WebPage","@id":"https:\/\/weltlaeden.de\/grosskrotzenburg\/","url":"https:\/\/weltlaeden.de\/grosskrotzenburg\/","name":"Weltladen Gro\u00dfkrotzenburg - Weltladen Gro\u00dfkrotzenburg","isPartOf":{"@id":"https:\/\/weltlaeden.de\/grosskrotzenburg\/#website"},"primaryImageOfPage":{"@id":"https:\/\/weltlaeden.de\/grosskrotzenburg\/#primaryimage"},"image":{"@id":"https:\/\/weltlaeden.de\/grosskrotzenburg\/#primaryimage"},"thumbnailUrl":"https:\/\/weltlaeden.de\/grosskrotzenburg\/wp-content\/uploads\/sites\/222\/2025\/05\/WL_Aussen_klein-scaled.jpg","datePublished":"2016-10-14T07:05:21+00:00","dateModified":"2025-10-12T07:09:46+00:00","breadcrumb":{"@id":"https:\/\/weltlaeden.de\/grosskrotzenburg\/#breadcrumb"},"inLanguage":"de","potentialAction":[{"@type":"ReadAction","target":["https:\/\/weltlaeden.de\/grosskrotzenburg\/"]}]},{"@type":"ImageObject","inLanguage":"de","@id":"https:\/\/weltlaeden.de\/grosskrotzenburg\/#primaryimage","url":"https:\/\/weltlaeden.de\/grosskrotzenburg\/wp-content\/uploads\/sites\/222\/2025\/05\/WL_Aussen_klein-scaled.jpg","contentUrl":"https:\/\/weltlaeden.de\/grosskrotzenburg\/wp-content\/uploads\/sites\/222\/2025\/05\/WL_Aussen_klein-scaled.jpg","width":2560,"height":1440},{"@type":"BreadcrumbList","@id":"https:\/\/weltlaeden.de\/grosskrotzenburg\/#breadcrumb","itemListElement":[{"@type":"ListItem","position":1,"name":"Startseite","item":"https:\/\/weltlaeden.de\/grosskrotzenburg\/"},{"@type":"ListItem","position":2,"name":"Weltladen Gro\u00dfkrotzenburg"}]},{"@type":"WebSite","@id":"https:\/\/weltlaeden.de\/grosskrotzenburg\/#website","url":"https:\/\/weltlaeden.de\/grosskrotzenburg\/","name":"Weltladen Gro\u00dfkrotzenburg","description":"Faire Produkte seit mehr als 30 Jahre","potentialAction":[{"@type":"SearchAction","target":{"@type":"EntryPoint","urlTemplate":"https:\/\/weltlaeden.de\/grosskrotzenburg\/?s={search_term_string}"},"query-input":{"@type":"PropertyValueSpecification","valueRequired":true,"valueName":"search_term_string"}}],"inLanguage":"de"}]}},"_links":{"self":[{"href":"https:\/\/weltlaeden.de\/grosskrotzenburg\/wp-json\/wp\/v2\/pages\/20","targetHints":{"allow":["GET"]}}],"collection":[{"href":"https:\/\/weltlaeden.de\/grosskrotzenburg\/wp-json\/wp\/v2\/pages"}],"about":[{"href":"https:\/\/weltlaeden.de\/grosskrotzenburg\/wp-json\/wp\/v2\/types\/page"}],"author":[{"embeddable":true,"href":"https:\/\/weltlaeden.de\/grosskrotzenburg\/wp-json\/wp\/v2\/users\/1"}],"replies":[{"embeddable":true,"href":"https:\/\/weltlaeden.de\/grosskrotzenburg\/wp-json\/wp\/v2\/comments?post=20"}],"version-history":[{"count":51,"href":"https:\/\/weltlaeden.de\/grosskrotzenburg\/wp-json\/wp\/v2\/pages\/20\/revisions"}],"predecessor-version":[{"id":875,"href":"https:\/\/weltlaeden.de\/grosskrotzenburg\/wp-json\/wp\/v2\/pages\/20\/revisions\/875"}],"wp:attachment":[{"href":"https:\/\/weltlaeden.de\/grosskrotzenburg\/wp-json\/wp\/v2\/media?parent=20"}],"curies":[{"name":"wp","href":"https:\/\/api.w.org\/{rel}","templated":true}]}}