{"version":"1.0","provider_name":"Weltladen Greifswald","provider_url":"https:\/\/weltlaeden.de\/greifswald","title":"Interkulturelles Caf\u00e9 - Weltladen Greifswald","type":"rich","width":600,"height":338,"html":"<blockquote class=\"wp-embedded-content\" data-secret=\"hWQ1kfHlji\"><a href=\"https:\/\/weltlaeden.de\/greifswald\/termin\/interkulturelles-cafe\/\">Interkulturelles Caf\u00e9<\/a><\/blockquote><iframe sandbox=\"allow-scripts\" security=\"restricted\" src=\"https:\/\/weltlaeden.de\/greifswald\/termin\/interkulturelles-cafe\/embed\/#?secret=hWQ1kfHlji\" width=\"600\" height=\"338\" title=\"&#8222;Interkulturelles Caf\u00e9&#8220; &#8211; Weltladen Greifswald\" data-secret=\"hWQ1kfHlji\" frameborder=\"0\" marginwidth=\"0\" marginheight=\"0\" scrolling=\"no\" class=\"wp-embedded-content\"><\/iframe><script>\n\/*! This file is auto-generated *\/\n!function(d,l){\"use strict\";l.querySelector&&d.addEventListener&&\"undefined\"!=typeof URL&&(d.wp=d.wp||{},d.wp.receiveEmbedMessage||(d.wp.receiveEmbedMessage=function(e){var t=e.data;if((t||t.secret||t.message||t.value)&&!\/[^a-zA-Z0-9]\/.test(t.secret)){for(var s,r,n,a=l.querySelectorAll('iframe[data-secret=\"'+t.secret+'\"]'),o=l.querySelectorAll('blockquote[data-secret=\"'+t.secret+'\"]'),c=new RegExp(\"^https?:$\",\"i\"),i=0;i<o.length;i++)o[i].style.display=\"none\";for(i=0;i<a.length;i++)s=a[i],e.source===s.contentWindow&&(s.removeAttribute(\"style\"),\"height\"===t.message?(1e3<(r=parseInt(t.value,10))?r=1e3:~~r<200&&(r=200),s.height=r):\"link\"===t.message&&(r=new URL(s.getAttribute(\"src\")),n=new URL(t.value),c.test(n.protocol))&&n.host===r.host&&l.activeElement===s&&(d.top.location.href=t.value))}},d.addEventListener(\"message\",d.wp.receiveEmbedMessage,!1),l.addEventListener(\"DOMContentLoaded\",function(){for(var e,t,s=l.querySelectorAll(\"iframe.wp-embedded-content\"),r=0;r<s.length;r++)(t=(e=s[r]).getAttribute(\"data-secret\"))||(t=Math.random().toString(36).substring(2,12),e.src+=\"#?secret=\"+t,e.setAttribute(\"data-secret\",t)),e.contentWindow.postMessage({message:\"ready\",secret:t},\"*\")},!1)))}(window,document);\n<\/script>\n","description":"Interkulturelles Caf\u00e9 Wir laden Sie herzlich zum Interkulturellen Caf\u00e9 ein. Menschen jeden Alters und jeder Kultur k\u00f6nnen sich hier bei Kuchen und Kaffee und Gesellschaftsspielen kennenlernen und austauschen. Es freut uns, wenn G\u00e4ste etwas f\u00fcr das selbstgemachte Kuchenbuffet mitbringen. Es gibt fair gehandelten Kaffee. Intercultural Caf\u00e9 at St.Spiritus every first and third wednesday of any&hellip;"}