{"id":429,"date":"2019-02-03T11:29:58","date_gmt":"2019-02-03T10:29:58","guid":{"rendered":"https:\/\/weltlaeden.de\/goeppingen\/?page_id=429"},"modified":"2023-11-13T15:04:03","modified_gmt":"2023-11-13T14:04:03","slug":"projekte","status":"publish","type":"page","link":"https:\/\/weltlaeden.de\/goeppingen\/projekte\/","title":{"rendered":"Projekte"},"content":{"rendered":"<div class=\"wpb-content-wrapper\"><p>[vc_row][vc_column][vc_row_inner][vc_column_inner width=&#8220;1\/3&#8243;][vc_single_image image=&#8220;594&#8243; img_size=&#8220;150&#215;100&#8243; alignment=&#8220;center&#8220;][\/vc_column_inner][vc_column_inner width=&#8220;1\/3&#8243;][vc_single_image image=&#8220;593&#8243; img_size=&#8220;150&#215;100&#8243; alignment=&#8220;center&#8220;][\/vc_column_inner][vc_column_inner width=&#8220;1\/3&#8243;][vc_single_image image=&#8220;592&#8243; img_size=&#8220;150&#215;100&#8243; alignment=&#8220;center&#8220;][\/vc_column_inner][\/vc_row_inner][vc_empty_space][vc_column_text]<strong>Projekte, die die Initiative Eine Welt e.V. j\u00e4hrlich unterst\u00fctzt <\/strong>[\/vc_column_text][vc_empty_space][vc_separator][vc_row_inner][vc_column_inner width=&#8220;1\/4&#8243;][vc_single_image image=&#8220;354&#8243; img_size=&#8220;100&#215;100&#8243; alignment=&#8220;center&#8220;][\/vc_column_inner][vc_column_inner width=&#8220;3\/4&#8243;][vc_column_text]<\/p>\n<p class=\"western\">1.<strong> Projekt Samenkorn in Guatemala<\/strong><\/p>\n<p class=\"western\">Stipendium f\u00fcr junge Mayas<br \/>\nZiel: gesellschaftliche und politische Beteiligung, Fachrichtungen: Medizin, Architektur, Betriebswirtschaft, Psychologie, soziale Arbeit, Jura. u.a.<\/p>\n<p class=\"western\"><a href=\"http:\/\/www.stipendienwerk-guatemala.de\" target=\"_blank\" rel=\"noopener\"><em>http:\/\/pijatz.de\/<\/em><\/a><\/p>\n<p>[\/vc_column_text][\/vc_column_inner][\/vc_row_inner][vc_empty_space][vc_separator][vc_row_inner][vc_column_inner width=&#8220;1\/4&#8243;][vc_single_image image=&#8220;354&#8243; img_size=&#8220;100&#215;100&#8243; alignment=&#8220;center&#8220;][\/vc_column_inner][vc_column_inner width=&#8220;3\/4&#8243;][vc_column_text]<\/p>\n<p class=\"western\"><strong>2. Fl\u00fcchtlingskinder im Libanon<\/strong><\/p>\n<p class=\"western\">Linderung der Not in den Lagern, vor allem durch Ausbildung vonSozialarbeiterInnen, Unterst\u00fctzung von Kinderg\u00e4rten, medizinische Versorgung, Nachhilfeprojekt f\u00fcr Grundsch\u00fclerInnen, Kurs f\u00fcr psychisch beeintr\u00e4chtigte M\u00e4dchen zum Erlernen der Grundversorgung, Berufsbildungskurse f\u00fcr 15-20 junge Pal\u00e4stinenser<\/p>\n<p class=\"western\"><a href=\"http:\/\/www.lib-hilfe.de\" target=\"_blank\" rel=\"noopener\"><em>www.lib-hilfe.de<\/em><\/a><\/p>\n<p>[\/vc_column_text][\/vc_column_inner][\/vc_row_inner][vc_empty_space][vc_separator][vc_row_inner][vc_column_inner width=&#8220;1\/4&#8243;][vc_single_image image=&#8220;354&#8243; img_size=&#8220;100&#215;100&#8243; alignment=&#8220;center&#8220;][\/vc_column_inner][vc_column_inner width=&#8220;3\/4&#8243;][vc_column_text]<\/p>\n<p class=\"western\">\u00a0<strong>3. \u00d6kumenische Initiative Mittelamerika e.V.<\/strong><\/p>\n<p class=\"western\">Ausbildung von benachteiligten Jugendlichen durch die Lutherische Kirche ILUGUA in Guatemala, Unterst\u00fctzung der Menschenrechtsarbeit, Ausbildung in nachhaltiger Landwirtschaft, Kaffeeanbau und Vermarktung<\/p>\n<p class=\"western\"><a href=\"http:\/\/www.ini-ecumenica.org\" target=\"_blank\" rel=\"noopener\"><em>\u00a0www.ini-ecumenica.org<\/em><\/a><\/p>\n<p>[\/vc_column_text][\/vc_column_inner][\/vc_row_inner][vc_empty_space][vc_separator][vc_row_inner][vc_column_inner width=&#8220;1\/4&#8243;][vc_single_image image=&#8220;354&#8243; img_size=&#8220;100&#215;100&#8243; alignment=&#8220;center&#8220;][\/vc_column_inner][vc_column_inner width=&#8220;3\/4&#8243;][vc_column_text]<\/p>\n<p class=\"western\"><strong>4. Friends Kinderhilfe International <\/strong><\/p>\n<p class=\"western\">Unterst\u00fctzung von Waisen des B\u00fcrgerkrieges in Sri Lanka, Ausweitung der Arbeit auf andere Krisenregionen in Sri Lanka, Hilfe f\u00fcr in Camps untergebrachte Kinder mit Grundversorgung und Unterricht, Ausbildungszentrum f\u00fcr Waisenkinder<\/p>\n<p class=\"western\"><a href=\"http:\/\/www.friends-kinderhilfe.de\" target=\"_blank\" rel=\"noopener\">\u00a0<em>www.friends-kinderhilfe.de<\/em><\/a><\/p>\n<p>[\/vc_column_text][\/vc_column_inner][\/vc_row_inner][vc_empty_space][vc_separator][vc_row_inner][vc_column_inner width=&#8220;1\/4&#8243;][vc_single_image image=&#8220;354&#8243; img_size=&#8220;100&#215;100&#8243; alignment=&#8220;center&#8220;][\/vc_column_inner][vc_column_inner width=&#8220;3\/4&#8243;][vc_column_text]<\/p>\n<p class=\"western\"><strong>5. F\u00f6rderverein Freundeskreis Nord-Argentinien e.V.<\/strong><\/p>\n<p class=\"western\">Ausbildung junger Menschen aus wirtschaftlich schwachen Familien in l\u00e4ndlichen Gebieten Argentiniens, 2 Berufsbildungswerke, Kindergarten, Bau und Handel mit Solarkochern, Anpflanzung von Johannisbrotb\u00e4umen<\/p>\n<p><a href=\"https:\/\/www.fccfernandez.org\/inicio\/inicio_01_de.htm\">https:\/\/www.fccfernandez.org\/inicio\/inicio_01_de.htm<\/a>[\/vc_column_text][\/vc_column_inner][\/vc_row_inner][vc_empty_space][vc_separator][vc_row_inner][vc_column_inner width=&#8220;1\/4&#8243;][vc_single_image image=&#8220;354&#8243; img_size=&#8220;100&#215;100&#8243; alignment=&#8220;center&#8220;][\/vc_column_inner][vc_column_inner width=&#8220;3\/4&#8243;][vc_column_text]<strong>6. FIAN<\/strong><\/p>\n<p>FIAN engagiert sich f\u00fcr eine Welt, die frei von Hunger ist und in der jede Person Zugang zu den Ressourcen hat, die ihr ein Leben in W\u00fcrde erm\u00f6glichen.<\/p>\n<p><a href=\"https:\/\/www.fian.de\/\" target=\"_blank\" rel=\"noopener\"><em><strong>https:\/\/www.fian.de\/<\/strong><\/em><\/a>[\/vc_column_text][\/vc_column_inner][\/vc_row_inner][vc_empty_space][vc_separator][vc_row_inner][vc_column_inner width=&#8220;1\/3&#8243;][vc_single_image image=&#8220;591&#8243; img_size=&#8220;150&#215;100&#8243; alignment=&#8220;center&#8220;][\/vc_column_inner][vc_column_inner width=&#8220;1\/3&#8243;][vc_single_image image=&#8220;590&#8243; img_size=&#8220;150&#215;100&#8243; alignment=&#8220;center&#8220;][\/vc_column_inner][vc_column_inner width=&#8220;1\/3&#8243;][vc_single_image image=&#8220;589&#8243; img_size=&#8220;150&#215;100&#8243; alignment=&#8220;center&#8220;][\/vc_column_inner][\/vc_row_inner][\/vc_column][\/vc_row]<\/p>\n<\/div>","protected":false},"excerpt":{"rendered":"<p>[vc_row][vc_column][vc_row_inner][vc_column_inner width=&#8220;1\/3&#8243;][vc_single_image image=&#8220;594&#8243; img_size=&#8220;150&#215;100&#8243; alignment=&#8220;center&#8220;][\/vc_column_inner][vc_column_inner width=&#8220;1\/3&#8243;][vc_single_image image=&#8220;593&#8243; img_size=&#8220;150&#215;100&#8243; alignment=&#8220;center&#8220;][\/vc_column_inner][vc_column_inner width=&#8220;1\/3&#8243;][vc_single_image image=&#8220;592&#8243; img_size=&#8220;150&#215;100&#8243; alignment=&#8220;center&#8220;][\/vc_column_inner][\/vc_row_inner][vc_empty_space][vc_column_text]Projekte, die die Initiative Eine Welt e.V. j\u00e4hrlich unterst\u00fctzt [\/vc_column_text][vc_empty_space][vc_separator][vc_row_inner][vc_column_inner width=&#8220;1\/4&#8243;][vc_single_image image=&#8220;354&#8243; img_size=&#8220;100&#215;100&#8243; alignment=&#8220;center&#8220;][\/vc_column_inner][vc_column_inner width=&#8220;3\/4&#8243;][vc_column_text] 1. Projekt Samenkorn in Guatemala Stipendium f\u00fcr junge Mayas Ziel: gesellschaftliche und politische Beteiligung, Fachrichtungen: Medizin, Architektur, Betriebswirtschaft, Psychologie, soziale Arbeit, Jura. u.a. http:\/\/pijatz.de\/ [\/vc_column_text][\/vc_column_inner][\/vc_row_inner][vc_empty_space][vc_separator][vc_row_inner][vc_column_inner width=&#8220;1\/4&#8243;][vc_single_image image=&#8220;354&#8243; img_size=&#8220;100&#215;100&#8243;&hellip;<\/p>\n","protected":false},"author":61,"featured_media":0,"parent":0,"menu_order":8,"comment_status":"closed","ping_status":"closed","template":"","meta":{"footnotes":""},"class_list":["post-429","page","type-page","status-publish","hentry","description-off"],"yoast_head":"<!-- This site is optimized with the Yoast SEO plugin v26.8 - https:\/\/yoast.com\/product\/yoast-seo-wordpress\/ -->\n<title>Projekte - Weltladen G\u00f6ppingen<\/title>\n<meta name=\"robots\" content=\"index, follow, max-snippet:-1, max-image-preview:large, max-video-preview:-1\" \/>\n<link rel=\"canonical\" href=\"https:\/\/weltlaeden.de\/goeppingen\/projekte\/\" \/>\n<meta property=\"og:locale\" content=\"de_DE\" \/>\n<meta property=\"og:type\" content=\"article\" \/>\n<meta property=\"og:title\" content=\"Projekte - Weltladen G\u00f6ppingen\" \/>\n<meta property=\"og:description\" content=\"[vc_row][vc_column][vc_row_inner][vc_column_inner width=&#8220;1\/3&#8243;][vc_single_image image=&#8220;594&#8243; img_size=&#8220;150&#215;100&#8243; alignment=&#8220;center&#8220;][\/vc_column_inner][vc_column_inner width=&#8220;1\/3&#8243;][vc_single_image image=&#8220;593&#8243; img_size=&#8220;150&#215;100&#8243; alignment=&#8220;center&#8220;][\/vc_column_inner][vc_column_inner width=&#8220;1\/3&#8243;][vc_single_image image=&#8220;592&#8243; img_size=&#8220;150&#215;100&#8243; alignment=&#8220;center&#8220;][\/vc_column_inner][\/vc_row_inner][vc_empty_space][vc_column_text]Projekte, die die Initiative Eine Welt e.V. j\u00e4hrlich unterst\u00fctzt [\/vc_column_text][vc_empty_space][vc_separator][vc_row_inner][vc_column_inner width=&#8220;1\/4&#8243;][vc_single_image image=&#8220;354&#8243; img_size=&#8220;100&#215;100&#8243; alignment=&#8220;center&#8220;][\/vc_column_inner][vc_column_inner width=&#8220;3\/4&#8243;][vc_column_text] 1. Projekt Samenkorn in Guatemala Stipendium f\u00fcr junge Mayas Ziel: gesellschaftliche und politische Beteiligung, Fachrichtungen: Medizin, Architektur, Betriebswirtschaft, Psychologie, soziale Arbeit, Jura. u.a. http:\/\/pijatz.de\/ [\/vc_column_text][\/vc_column_inner][\/vc_row_inner][vc_empty_space][vc_separator][vc_row_inner][vc_column_inner width=&#8220;1\/4&#8243;][vc_single_image image=&#8220;354&#8243; img_size=&#8220;100&#215;100&#8243;&hellip;\" \/>\n<meta property=\"og:url\" content=\"https:\/\/weltlaeden.de\/goeppingen\/projekte\/\" \/>\n<meta property=\"og:site_name\" content=\"Weltladen G\u00f6ppingen\" \/>\n<meta property=\"article:modified_time\" content=\"2023-11-13T14:04:03+00:00\" \/>\n<meta name=\"twitter:card\" content=\"summary_large_image\" \/>\n<meta name=\"twitter:label1\" content=\"Gesch\u00e4tzte Lesezeit\" \/>\n\t<meta name=\"twitter:data1\" content=\"2\u00a0Minuten\" \/>\n<script type=\"application\/ld+json\" class=\"yoast-schema-graph\">{\"@context\":\"https:\/\/schema.org\",\"@graph\":[{\"@type\":\"WebPage\",\"@id\":\"https:\/\/weltlaeden.de\/goeppingen\/projekte\/\",\"url\":\"https:\/\/weltlaeden.de\/goeppingen\/projekte\/\",\"name\":\"Projekte - Weltladen G\u00f6ppingen\",\"isPartOf\":{\"@id\":\"https:\/\/weltlaeden.de\/goeppingen\/#website\"},\"datePublished\":\"2019-02-03T10:29:58+00:00\",\"dateModified\":\"2023-11-13T14:04:03+00:00\",\"breadcrumb\":{\"@id\":\"https:\/\/weltlaeden.de\/goeppingen\/projekte\/#breadcrumb\"},\"inLanguage\":\"de\",\"potentialAction\":[{\"@type\":\"ReadAction\",\"target\":[\"https:\/\/weltlaeden.de\/goeppingen\/projekte\/\"]}]},{\"@type\":\"BreadcrumbList\",\"@id\":\"https:\/\/weltlaeden.de\/goeppingen\/projekte\/#breadcrumb\",\"itemListElement\":[{\"@type\":\"ListItem\",\"position\":1,\"name\":\"Startseite\",\"item\":\"https:\/\/weltlaeden.de\/goeppingen\/\"},{\"@type\":\"ListItem\",\"position\":2,\"name\":\"Projekte\"}]},{\"@type\":\"WebSite\",\"@id\":\"https:\/\/weltlaeden.de\/goeppingen\/#website\",\"url\":\"https:\/\/weltlaeden.de\/goeppingen\/\",\"name\":\"Vorlage\",\"description\":\"40 Jahre Initiative Eine Welt e.V. G\u00f6ppingen  und Weltladen G\u00f6ppingen\",\"potentialAction\":[{\"@type\":\"SearchAction\",\"target\":{\"@type\":\"EntryPoint\",\"urlTemplate\":\"https:\/\/weltlaeden.de\/goeppingen\/?s={search_term_string}\"},\"query-input\":{\"@type\":\"PropertyValueSpecification\",\"valueRequired\":true,\"valueName\":\"search_term_string\"}}],\"inLanguage\":\"de\"}]}<\/script>\n<!-- \/ Yoast SEO plugin. -->","yoast_head_json":{"title":"Projekte - Weltladen G\u00f6ppingen","robots":{"index":"index","follow":"follow","max-snippet":"max-snippet:-1","max-image-preview":"max-image-preview:large","max-video-preview":"max-video-preview:-1"},"canonical":"https:\/\/weltlaeden.de\/goeppingen\/projekte\/","og_locale":"de_DE","og_type":"article","og_title":"Projekte - Weltladen G\u00f6ppingen","og_description":"[vc_row][vc_column][vc_row_inner][vc_column_inner width=&#8220;1\/3&#8243;][vc_single_image image=&#8220;594&#8243; img_size=&#8220;150&#215;100&#8243; alignment=&#8220;center&#8220;][\/vc_column_inner][vc_column_inner width=&#8220;1\/3&#8243;][vc_single_image image=&#8220;593&#8243; img_size=&#8220;150&#215;100&#8243; alignment=&#8220;center&#8220;][\/vc_column_inner][vc_column_inner width=&#8220;1\/3&#8243;][vc_single_image image=&#8220;592&#8243; img_size=&#8220;150&#215;100&#8243; alignment=&#8220;center&#8220;][\/vc_column_inner][\/vc_row_inner][vc_empty_space][vc_column_text]Projekte, die die Initiative Eine Welt e.V. j\u00e4hrlich unterst\u00fctzt [\/vc_column_text][vc_empty_space][vc_separator][vc_row_inner][vc_column_inner width=&#8220;1\/4&#8243;][vc_single_image image=&#8220;354&#8243; img_size=&#8220;100&#215;100&#8243; alignment=&#8220;center&#8220;][\/vc_column_inner][vc_column_inner width=&#8220;3\/4&#8243;][vc_column_text] 1. Projekt Samenkorn in Guatemala Stipendium f\u00fcr junge Mayas Ziel: gesellschaftliche und politische Beteiligung, Fachrichtungen: Medizin, Architektur, Betriebswirtschaft, Psychologie, soziale Arbeit, Jura. u.a. http:\/\/pijatz.de\/ [\/vc_column_text][\/vc_column_inner][\/vc_row_inner][vc_empty_space][vc_separator][vc_row_inner][vc_column_inner width=&#8220;1\/4&#8243;][vc_single_image image=&#8220;354&#8243; img_size=&#8220;100&#215;100&#8243;&hellip;","og_url":"https:\/\/weltlaeden.de\/goeppingen\/projekte\/","og_site_name":"Weltladen G\u00f6ppingen","article_modified_time":"2023-11-13T14:04:03+00:00","twitter_card":"summary_large_image","twitter_misc":{"Gesch\u00e4tzte Lesezeit":"2\u00a0Minuten"},"schema":{"@context":"https:\/\/schema.org","@graph":[{"@type":"WebPage","@id":"https:\/\/weltlaeden.de\/goeppingen\/projekte\/","url":"https:\/\/weltlaeden.de\/goeppingen\/projekte\/","name":"Projekte - Weltladen G\u00f6ppingen","isPartOf":{"@id":"https:\/\/weltlaeden.de\/goeppingen\/#website"},"datePublished":"2019-02-03T10:29:58+00:00","dateModified":"2023-11-13T14:04:03+00:00","breadcrumb":{"@id":"https:\/\/weltlaeden.de\/goeppingen\/projekte\/#breadcrumb"},"inLanguage":"de","potentialAction":[{"@type":"ReadAction","target":["https:\/\/weltlaeden.de\/goeppingen\/projekte\/"]}]},{"@type":"BreadcrumbList","@id":"https:\/\/weltlaeden.de\/goeppingen\/projekte\/#breadcrumb","itemListElement":[{"@type":"ListItem","position":1,"name":"Startseite","item":"https:\/\/weltlaeden.de\/goeppingen\/"},{"@type":"ListItem","position":2,"name":"Projekte"}]},{"@type":"WebSite","@id":"https:\/\/weltlaeden.de\/goeppingen\/#website","url":"https:\/\/weltlaeden.de\/goeppingen\/","name":"Vorlage","description":"40 Jahre Initiative Eine Welt e.V. G\u00f6ppingen  und Weltladen G\u00f6ppingen","potentialAction":[{"@type":"SearchAction","target":{"@type":"EntryPoint","urlTemplate":"https:\/\/weltlaeden.de\/goeppingen\/?s={search_term_string}"},"query-input":{"@type":"PropertyValueSpecification","valueRequired":true,"valueName":"search_term_string"}}],"inLanguage":"de"}]}},"_links":{"self":[{"href":"https:\/\/weltlaeden.de\/goeppingen\/wp-json\/wp\/v2\/pages\/429","targetHints":{"allow":["GET"]}}],"collection":[{"href":"https:\/\/weltlaeden.de\/goeppingen\/wp-json\/wp\/v2\/pages"}],"about":[{"href":"https:\/\/weltlaeden.de\/goeppingen\/wp-json\/wp\/v2\/types\/page"}],"author":[{"embeddable":true,"href":"https:\/\/weltlaeden.de\/goeppingen\/wp-json\/wp\/v2\/users\/61"}],"replies":[{"embeddable":true,"href":"https:\/\/weltlaeden.de\/goeppingen\/wp-json\/wp\/v2\/comments?post=429"}],"version-history":[{"count":19,"href":"https:\/\/weltlaeden.de\/goeppingen\/wp-json\/wp\/v2\/pages\/429\/revisions"}],"predecessor-version":[{"id":973,"href":"https:\/\/weltlaeden.de\/goeppingen\/wp-json\/wp\/v2\/pages\/429\/revisions\/973"}],"wp:attachment":[{"href":"https:\/\/weltlaeden.de\/goeppingen\/wp-json\/wp\/v2\/media?parent=429"}],"curies":[{"name":"wp","href":"https:\/\/api.w.org\/{rel}","templated":true}]}}