{"id":218,"date":"2016-10-28T13:34:47","date_gmt":"2016-10-28T11:34:47","guid":{"rendered":"https:\/\/wl.heimpixel.de\/vorlage\/fairer-handel\/"},"modified":"2020-06-03T18:39:46","modified_gmt":"2020-06-03T16:39:46","slug":"fairer-handel","status":"publish","type":"page","link":"https:\/\/weltlaeden.de\/goeppingen\/fairer-handel\/","title":{"rendered":"Fairer Handel"},"content":{"rendered":"<div class=\"wpb-content-wrapper\"><p>[vc_row][vc_column][vc_single_image image=&#8220;749&#8243; img_size=&#8220;large&#8220; alignment=&#8220;center&#8220;][vc_empty_space][\/vc_column][\/vc_row][vc_row][vc_column width=&#8220;1\/4&#8243;][vc_single_image image=&#8220;756&#8243; img_size=&#8220;100&#215;150&#8243; onclick=&#8220;custom_link&#8220; link=&#8220;https:\/\/www.weltladen.de\/downloads\/externe-publikationen\/100-fair\/&#8220;][\/vc_column][vc_column width=&#8220;3\/4&#8243;][vc_column_text]<\/p>\n<h2><strong><span style=\"color: #ff6600\">Fairer Handel bedeutet f\u00fcr Weltl\u00e4den&#8230;<\/span><\/strong><\/h2>\n<p><strong>Verkaufen: <\/strong>Weil der Verkauf fair gehandelter Produkte das Leben f\u00fcr die Produzenten und Produzentinnen verbessert.<\/p>\n<p><strong>Informieren: <\/strong>Weil politische Kampagnen die Rahmenbedingungen f\u00fcr die Menschen im S\u00fcden ver\u00e4ndern k\u00f6nnen.<\/p>\n<p><strong>Lernen:<\/strong> Weil wir viel \u00fcber die globalisierte Welt wissen sollten, um zu verstehen, wie unser Konsum die Welt ver\u00e4ndert \u2013 zum Guten oder zum Schlechten.<\/p>\n<p style=\"text-align: right\">&gt; <a href=\"https:\/\/www.weltladen.de\/downloads\/externe-publikationen\/100-fair\/\" target=\"_blank\" rel=\"noopener\">zum download<\/a><\/p>\n<p>[\/vc_column_text][vc_row_inner][vc_column_inner][vc_empty_space height=&#8220;16px&#8220;][\/vc_column_inner][\/vc_row_inner][\/vc_column][\/vc_row][vc_row][vc_column width=&#8220;1\/4&#8243;][vc_single_image image=&#8220;760&#8243; img_size=&#8220;100&#215;150&#8243; onclick=&#8220;custom_link&#8220; link=&#8220;https:\/\/weltlaeden.de\/bilderpool\/wp-content\/uploads\/sites\/3\/2019\/09\/Konvention_der_Weltl%C3%A4den.pdf&#8220;][\/vc_column][vc_column width=&#8220;3\/4&#8243;][vc_column_text]<\/p>\n<h2><strong><span style=\"color: #ff6600\">Kriterien des Fairen Handels<\/span><\/strong><\/h2>\n<p><span class=\"normal\">Die <a href=\"https:\/\/weltlaeden.de\/bilderpool\/wp-content\/uploads\/sites\/3\/2019\/09\/Konvention_der_Weltl%C3%A4den.pdf\" target=\"_blank\" rel=\"noopener\">Konvention der Weltl\u00e4den<\/a> ist das Grundsatzpapier f\u00fcr den Fairen Handel der Weltl\u00e4den und Fair-Handels-Gruppen. Sie wurde in einem jahrelangen Dialog gemeinsam entwickelt und erstmals 1997 von der Mitgliederversammlung des Weltladen-Dachverbandes beschlossen. Die Kriterien der Konvention der Weltl\u00e4den in der aktuellen Version decken sich mit den zehn Prinzipien der World Fair Trade Organization.<br \/>\n<\/span><\/p>\n<p><span class=\"normal\">Fairer Handel, wie ihn die Weltl\u00e4den betreiben, strebt eine gleichberechtigte Partnerschaft des Nordens mit dem S\u00fcden an. Daher wendet die Konvention die Kriterien auf alle wesentlichen Akteure im Fairen Handel an: auf Produzenten und Produzentinnen, Importeure sowie Weltl\u00e4den und Fair-Handels-Gruppen.<\/span>[\/vc_column_text][\/vc_column][\/vc_row][vc_row][vc_column width=&#8220;1\/4&#8243;][vc_single_image image=&#8220;776&#8243; img_size=&#8220;100&#215;150&#8243; onclick=&#8220;custom_link&#8220; link=&#8220;https:\/\/www.weltladen.de\/downloads\/kundenmagazin\/wie-funktionierts-die-konvention-der-weltlaeden\/&#8220;][\/vc_column][vc_column width=&#8220;3\/4&#8243;][vc_column_text]<\/p>\n<h4><span class=\"normal\"><strong>Grundkriterien der Konvention:<\/strong><\/span><\/h4>\n<ul>\n<li>Handelspraktiken<\/li>\n<li>Arbeitsbedingungen<\/li>\n<li>Transparenz<\/li>\n<li>Bildungs- und Informationsarbeit<\/li>\n<li>\u00d6ffentlichkeitsarbeit<\/li>\n<li>Umweltschutz<\/li>\n<li>Erg\u00e4nzungsprodukte (z.B. regionale Produkte)<\/li>\n<\/ul>\n<p style=\"text-align: right\">&gt; <a href=\"https:\/\/www.weltladen.de\/downloads\/kundenmagazin\/wie-funktionierts-die-konvention-der-weltlaeden\/\">zum download: &#8222;wie funktionierts&#8220;<\/a><\/p>\n<p>[\/vc_column_text][\/vc_column][\/vc_row][vc_row][vc_column][vc_empty_space][vc_column_text]<\/p>\n<h2><strong><span style=\"color: #ff6600\">Links zu Akteuren des Fairen Handels<\/span><\/strong><\/h2>\n<p>[\/vc_column_text][vc_column_text]<\/p>\n<div class=\"wpb_text_column wpb_content_element \">\n<div class=\"wpb_wrapper\">\n<h4><strong>Weltl\u00e4den<\/strong><\/h4>\n<ul>\n<li><a href=\"http:\/\/www.weltladen.de\" target=\"_blank\" rel=\"noopener\">Weltladen-Dachverband<\/a><\/li>\n<\/ul>\n<h4><strong>Importorganisationen (Auswahl)<br \/>\n<\/strong><\/h4>\n<ul>\n<li><a href=\"http:\/\/www.banafair.de\" target=\"_blank\" rel=\"noopener\">BanaFair<\/a><\/li>\n<li><a href=\"http:\/\/www.dwp-rv.de\" target=\"_blank\" rel=\"noopener\">dwp<\/a><\/li>\n<li><a href=\"http:\/\/www.el-puente.de\" target=\"_blank\" rel=\"noopener\">El Puente<\/a><\/li>\n<li><a href=\"http:\/\/www.gepa.de\/\" target=\"_blank\" rel=\"noopener\">GEPA \u2013 The Fair Trade Company<\/a><\/li>\n<li><a href=\"https:\/\/www.globo-fairtrade.com\/\" target=\"_blank\" rel=\"noopener\">GLOBO<\/a><\/li>\n<\/ul>\n<h4><strong>Netzwerke und Infos \u00fcber Produzenten und Produzentinnen<br \/>\n<\/strong><\/h4>\n<ul>\n<li><a href=\"http:\/\/www.forum-fairer-handel.de\" target=\"_blank\" rel=\"noopener\">Forum Fairer Handel<\/a><\/li>\n<li><a href=\"https:\/\/www.fair-band.de\" target=\"_blank\" rel=\"noopener\">FAIR BAND<\/a><\/li>\n<li><a href=\"http:\/\/www.wfto.com\/\" target=\"_blank\" rel=\"noopener\">World Fair Trade Organization\u00a0(WFTO)<\/a><\/li>\n<li><a href=\"http:\/\/fairtrade.de\">fairtrade.de<\/a><\/li>\n<\/ul>\n<h4><strong>Siegelorganisationen<\/strong><\/h4>\n<ul>\n<li><a href=\"http:\/\/www.naturland.de\/index.php?option=com_content&amp;view=category&amp;layout=blog&amp;id=148&amp;Itemid=888&amp;lang=de\">Naturland Fair<\/a><\/li>\n<li><a href=\"http:\/\/www.fairtrade-deutschland.de\" target=\"_blank\" rel=\"noopener\">Fairtrade Deutschland<\/a><\/li>\n<li><a href=\"http:\/\/www.fairtrade.net\" target=\"_blank\" rel=\"noopener\">Fairtrade International<\/a><\/li>\n<\/ul>\n<\/div>\n<\/div>\n<p>[\/vc_column_text][\/vc_column][\/vc_row]<\/p>\n<\/div>","protected":false},"excerpt":{"rendered":"<p>[vc_row][vc_column][vc_single_image image=&#8220;749&#8243; img_size=&#8220;large&#8220; alignment=&#8220;center&#8220;][vc_empty_space][\/vc_column][\/vc_row][vc_row][vc_column width=&#8220;1\/4&#8243;][vc_single_image image=&#8220;756&#8243; img_size=&#8220;100&#215;150&#8243; onclick=&#8220;custom_link&#8220; link=&#8220;https:\/\/www.weltladen.de\/downloads\/externe-publikationen\/100-fair\/&#8220;][\/vc_column][vc_column width=&#8220;3\/4&#8243;][vc_column_text] Fairer Handel bedeutet f\u00fcr Weltl\u00e4den&#8230; Verkaufen: Weil der Verkauf fair gehandelter Produkte das Leben f\u00fcr die Produzenten und Produzentinnen verbessert. Informieren: Weil politische Kampagnen die Rahmenbedingungen f\u00fcr die Menschen im S\u00fcden ver\u00e4ndern k\u00f6nnen. Lernen: Weil wir viel \u00fcber die globalisierte Welt wissen sollten, um zu&hellip;<\/p>\n","protected":false},"author":1,"featured_media":0,"parent":0,"menu_order":2,"comment_status":"closed","ping_status":"closed","template":"","meta":{"footnotes":""},"class_list":["post-218","page","type-page","status-publish","hentry","description-off"],"yoast_head":"<!-- This site is optimized with the Yoast SEO plugin v26.8 - https:\/\/yoast.com\/product\/yoast-seo-wordpress\/ -->\n<title>Fairer Handel - Weltladen G\u00f6ppingen<\/title>\n<meta name=\"robots\" content=\"index, follow, max-snippet:-1, max-image-preview:large, max-video-preview:-1\" \/>\n<link rel=\"canonical\" href=\"https:\/\/weltlaeden.de\/goeppingen\/fairer-handel\/\" \/>\n<meta property=\"og:locale\" content=\"de_DE\" \/>\n<meta property=\"og:type\" content=\"article\" \/>\n<meta property=\"og:title\" content=\"Fairer Handel - Weltladen G\u00f6ppingen\" \/>\n<meta property=\"og:description\" content=\"[vc_row][vc_column][vc_single_image image=&#8220;749&#8243; img_size=&#8220;large&#8220; alignment=&#8220;center&#8220;][vc_empty_space][\/vc_column][\/vc_row][vc_row][vc_column width=&#8220;1\/4&#8243;][vc_single_image image=&#8220;756&#8243; img_size=&#8220;100&#215;150&#8243; onclick=&#8220;custom_link&#8220; link=&#8220;https:\/\/www.weltladen.de\/downloads\/externe-publikationen\/100-fair\/&#8220;][\/vc_column][vc_column width=&#8220;3\/4&#8243;][vc_column_text] Fairer Handel bedeutet f\u00fcr Weltl\u00e4den&#8230; Verkaufen: Weil der Verkauf fair gehandelter Produkte das Leben f\u00fcr die Produzenten und Produzentinnen verbessert. Informieren: Weil politische Kampagnen die Rahmenbedingungen f\u00fcr die Menschen im S\u00fcden ver\u00e4ndern k\u00f6nnen. Lernen: Weil wir viel \u00fcber die globalisierte Welt wissen sollten, um zu&hellip;\" \/>\n<meta property=\"og:url\" content=\"https:\/\/weltlaeden.de\/goeppingen\/fairer-handel\/\" \/>\n<meta property=\"og:site_name\" content=\"Weltladen G\u00f6ppingen\" \/>\n<meta property=\"article:modified_time\" content=\"2020-06-03T16:39:46+00:00\" \/>\n<meta name=\"twitter:card\" content=\"summary_large_image\" \/>\n<meta name=\"twitter:label1\" content=\"Gesch\u00e4tzte Lesezeit\" \/>\n\t<meta name=\"twitter:data1\" content=\"2\u00a0Minuten\" \/>\n<script type=\"application\/ld+json\" class=\"yoast-schema-graph\">{\"@context\":\"https:\/\/schema.org\",\"@graph\":[{\"@type\":\"WebPage\",\"@id\":\"https:\/\/weltlaeden.de\/goeppingen\/fairer-handel\/\",\"url\":\"https:\/\/weltlaeden.de\/goeppingen\/fairer-handel\/\",\"name\":\"Fairer Handel - Weltladen G\u00f6ppingen\",\"isPartOf\":{\"@id\":\"https:\/\/weltlaeden.de\/goeppingen\/#website\"},\"datePublished\":\"2016-10-28T11:34:47+00:00\",\"dateModified\":\"2020-06-03T16:39:46+00:00\",\"breadcrumb\":{\"@id\":\"https:\/\/weltlaeden.de\/goeppingen\/fairer-handel\/#breadcrumb\"},\"inLanguage\":\"de\",\"potentialAction\":[{\"@type\":\"ReadAction\",\"target\":[\"https:\/\/weltlaeden.de\/goeppingen\/fairer-handel\/\"]}]},{\"@type\":\"BreadcrumbList\",\"@id\":\"https:\/\/weltlaeden.de\/goeppingen\/fairer-handel\/#breadcrumb\",\"itemListElement\":[{\"@type\":\"ListItem\",\"position\":1,\"name\":\"Startseite\",\"item\":\"https:\/\/weltlaeden.de\/goeppingen\/\"},{\"@type\":\"ListItem\",\"position\":2,\"name\":\"Fairer Handel\"}]},{\"@type\":\"WebSite\",\"@id\":\"https:\/\/weltlaeden.de\/goeppingen\/#website\",\"url\":\"https:\/\/weltlaeden.de\/goeppingen\/\",\"name\":\"Vorlage\",\"description\":\"40 Jahre Initiative Eine Welt e.V. G\u00f6ppingen  und Weltladen G\u00f6ppingen\",\"potentialAction\":[{\"@type\":\"SearchAction\",\"target\":{\"@type\":\"EntryPoint\",\"urlTemplate\":\"https:\/\/weltlaeden.de\/goeppingen\/?s={search_term_string}\"},\"query-input\":{\"@type\":\"PropertyValueSpecification\",\"valueRequired\":true,\"valueName\":\"search_term_string\"}}],\"inLanguage\":\"de\"}]}<\/script>\n<!-- \/ Yoast SEO plugin. -->","yoast_head_json":{"title":"Fairer Handel - Weltladen G\u00f6ppingen","robots":{"index":"index","follow":"follow","max-snippet":"max-snippet:-1","max-image-preview":"max-image-preview:large","max-video-preview":"max-video-preview:-1"},"canonical":"https:\/\/weltlaeden.de\/goeppingen\/fairer-handel\/","og_locale":"de_DE","og_type":"article","og_title":"Fairer Handel - Weltladen G\u00f6ppingen","og_description":"[vc_row][vc_column][vc_single_image image=&#8220;749&#8243; img_size=&#8220;large&#8220; alignment=&#8220;center&#8220;][vc_empty_space][\/vc_column][\/vc_row][vc_row][vc_column width=&#8220;1\/4&#8243;][vc_single_image image=&#8220;756&#8243; img_size=&#8220;100&#215;150&#8243; onclick=&#8220;custom_link&#8220; link=&#8220;https:\/\/www.weltladen.de\/downloads\/externe-publikationen\/100-fair\/&#8220;][\/vc_column][vc_column width=&#8220;3\/4&#8243;][vc_column_text] Fairer Handel bedeutet f\u00fcr Weltl\u00e4den&#8230; Verkaufen: Weil der Verkauf fair gehandelter Produkte das Leben f\u00fcr die Produzenten und Produzentinnen verbessert. Informieren: Weil politische Kampagnen die Rahmenbedingungen f\u00fcr die Menschen im S\u00fcden ver\u00e4ndern k\u00f6nnen. Lernen: Weil wir viel \u00fcber die globalisierte Welt wissen sollten, um zu&hellip;","og_url":"https:\/\/weltlaeden.de\/goeppingen\/fairer-handel\/","og_site_name":"Weltladen G\u00f6ppingen","article_modified_time":"2020-06-03T16:39:46+00:00","twitter_card":"summary_large_image","twitter_misc":{"Gesch\u00e4tzte Lesezeit":"2\u00a0Minuten"},"schema":{"@context":"https:\/\/schema.org","@graph":[{"@type":"WebPage","@id":"https:\/\/weltlaeden.de\/goeppingen\/fairer-handel\/","url":"https:\/\/weltlaeden.de\/goeppingen\/fairer-handel\/","name":"Fairer Handel - Weltladen G\u00f6ppingen","isPartOf":{"@id":"https:\/\/weltlaeden.de\/goeppingen\/#website"},"datePublished":"2016-10-28T11:34:47+00:00","dateModified":"2020-06-03T16:39:46+00:00","breadcrumb":{"@id":"https:\/\/weltlaeden.de\/goeppingen\/fairer-handel\/#breadcrumb"},"inLanguage":"de","potentialAction":[{"@type":"ReadAction","target":["https:\/\/weltlaeden.de\/goeppingen\/fairer-handel\/"]}]},{"@type":"BreadcrumbList","@id":"https:\/\/weltlaeden.de\/goeppingen\/fairer-handel\/#breadcrumb","itemListElement":[{"@type":"ListItem","position":1,"name":"Startseite","item":"https:\/\/weltlaeden.de\/goeppingen\/"},{"@type":"ListItem","position":2,"name":"Fairer Handel"}]},{"@type":"WebSite","@id":"https:\/\/weltlaeden.de\/goeppingen\/#website","url":"https:\/\/weltlaeden.de\/goeppingen\/","name":"Vorlage","description":"40 Jahre Initiative Eine Welt e.V. G\u00f6ppingen  und Weltladen G\u00f6ppingen","potentialAction":[{"@type":"SearchAction","target":{"@type":"EntryPoint","urlTemplate":"https:\/\/weltlaeden.de\/goeppingen\/?s={search_term_string}"},"query-input":{"@type":"PropertyValueSpecification","valueRequired":true,"valueName":"search_term_string"}}],"inLanguage":"de"}]}},"_links":{"self":[{"href":"https:\/\/weltlaeden.de\/goeppingen\/wp-json\/wp\/v2\/pages\/218","targetHints":{"allow":["GET"]}}],"collection":[{"href":"https:\/\/weltlaeden.de\/goeppingen\/wp-json\/wp\/v2\/pages"}],"about":[{"href":"https:\/\/weltlaeden.de\/goeppingen\/wp-json\/wp\/v2\/types\/page"}],"author":[{"embeddable":true,"href":"https:\/\/weltlaeden.de\/goeppingen\/wp-json\/wp\/v2\/users\/1"}],"replies":[{"embeddable":true,"href":"https:\/\/weltlaeden.de\/goeppingen\/wp-json\/wp\/v2\/comments?post=218"}],"version-history":[{"count":50,"href":"https:\/\/weltlaeden.de\/goeppingen\/wp-json\/wp\/v2\/pages\/218\/revisions"}],"predecessor-version":[{"id":803,"href":"https:\/\/weltlaeden.de\/goeppingen\/wp-json\/wp\/v2\/pages\/218\/revisions\/803"}],"wp:attachment":[{"href":"https:\/\/weltlaeden.de\/goeppingen\/wp-json\/wp\/v2\/media?parent=218"}],"curies":[{"name":"wp","href":"https:\/\/api.w.org\/{rel}","templated":true}]}}