{"id":744,"date":"2020-02-22T00:25:54","date_gmt":"2020-02-21T23:25:54","guid":{"rendered":"https:\/\/weltlaeden.de\/gladenbach\/?page_id=744"},"modified":"2020-02-22T00:34:14","modified_gmt":"2020-02-21T23:34:14","slug":"bildungsarbeit","status":"publish","type":"page","link":"https:\/\/weltlaeden.de\/gladenbach\/bildungsarbeit\/","title":{"rendered":"Bildungsarbeit"},"content":{"rendered":"<h1><span style=\"color: #ff6600\"><strong>Lokal-Global-Egal?<\/strong><\/span><\/h1>\n<p><span style=\"color: #ff6600\"><strong><img loading=\"lazy\" decoding=\"async\" class=\" wp-image-747 aligncenter\" src=\"https:\/\/weltlaeden.de\/gladenbach\/wp-content\/uploads\/sites\/84\/2020\/02\/Bildungsarbeit-300x200.jpg\" alt=\"\" width=\"417\" height=\"278\" \/><\/strong><\/span><\/p>\n<h2><span style=\"color: #ff6600\">Was ist die Bildungss\u00e4ule?<\/span><\/h2>\n<p>Die Bildungss\u00e4ule besteht aus sieben Stehsammlern zu den Themen Fu\u00dfball, Kaffee, Kakao, Handy, Textilien, Fairer Handel und S\u00fcdfr\u00fcchte. Sie umfasst einen Grundstock an Materialien zu den gefragtesten Themen der entwicklungspolitischen Bildungsarbeit in Weltl\u00e4den. Die Bildungss\u00e4ule wurde entwickelt f\u00fcr Interessierte, die Informationen zum Fairen Handel suchen und Bildungsformate umsetzen wollen. Sie kann von Bildungsaktiven im Weltladen sowie von Multiplikator*innen aus schulischen und au\u00dferschulischen Bildungseinrichtungen genutzt werden.<\/p>\n<h2><span style=\"color: #ff6600\"><strong><img loading=\"lazy\" decoding=\"async\" class=\"alignnone size-medium wp-image-751\" src=\"https:\/\/weltlaeden.de\/gladenbach\/wp-content\/uploads\/sites\/84\/2020\/02\/Material__176-300x200.jpg\" alt=\"\" width=\"300\" height=\"200\" srcset=\"https:\/\/weltlaeden.de\/gladenbach\/wp-content\/uploads\/sites\/84\/2020\/02\/Material__176-300x200.jpg 300w, https:\/\/weltlaeden.de\/gladenbach\/wp-content\/uploads\/sites\/84\/2020\/02\/Material__176-768x512.jpg 768w, https:\/\/weltlaeden.de\/gladenbach\/wp-content\/uploads\/sites\/84\/2020\/02\/Material__176-1024x683.jpg 1024w, https:\/\/weltlaeden.de\/gladenbach\/wp-content\/uploads\/sites\/84\/2020\/02\/Material__176.jpg 1920w\" sizes=\"auto, (max-width: 300px) 100vw, 300px\" \/>\u00a0\u00a0\u00a0\u00a0\u00a0\u00a0 <img loading=\"lazy\" decoding=\"async\" class=\"alignnone size-medium wp-image-754\" src=\"https:\/\/weltlaeden.de\/gladenbach\/wp-content\/uploads\/sites\/84\/2020\/02\/Material__170-300x200.jpg\" alt=\"\" width=\"300\" height=\"200\" srcset=\"https:\/\/weltlaeden.de\/gladenbach\/wp-content\/uploads\/sites\/84\/2020\/02\/Material__170-300x200.jpg 300w, https:\/\/weltlaeden.de\/gladenbach\/wp-content\/uploads\/sites\/84\/2020\/02\/Material__170-768x512.jpg 768w, https:\/\/weltlaeden.de\/gladenbach\/wp-content\/uploads\/sites\/84\/2020\/02\/Material__170-1024x683.jpg 1024w\" sizes=\"auto, (max-width: 300px) 100vw, 300px\" \/><br \/>\n<\/strong><\/span><\/h2>\n<p style=\"text-align: center\">Ein Blick auf das Material und die Ordner der Bildungss\u00e4ule.<\/p>\n<h2><span style=\"color: #ff6600\"><strong>Angebote f\u00fcr Schulklassen<\/strong><\/span><\/h2>\n<p>Bildungsarbeit ist neben dem Warenverkauf ein fester Bestandteil unserer Weltladenarbeit. Dabei besteht seit vielen Jahren eine Kooperation mit der Europaschule Gladenbach, einer additiven Gesamtschule mit F\u00f6rder- und Oberstufe. Gerade in den F\u00e4chern Erdkunde, POWI, Ethik, Religion, Englisch, Biologie und Arbeitslehre sind Themen, wie Schokolade, Jeans, Rohstoffhandel, Entwicklungszusammenarbeit, Armut, Reichtum, Kinderarbeit im Curriculum verankert, so dass sich ein \u201eAusflug\u201c in den au\u00dferschulischen Lernort Weltladen anbietet.<\/p>\n<p>Der Raum des Caf\u00e9 FAIR steht den Schulklassen zur Verf\u00fcgung.<\/p>\n<p>Die \u201eBildungss\u00e4ule\u201c zu den Themen Fairer Handel, Kaffee, Kakao, Bananen, Fu\u00dfball, Baumwolle \/ Textilien bildet die Grundlage f\u00fcr ein handlungsorientiertes Bildungskonzept. Diese Sammelordner (Set von Stehsammlern) im \u201eBaukastensystem\u201c wurden vom Weltladendachverband ausgearbeitet und werden regelm\u00e4\u00dfig \u00fcberarbeitet und aktualisiert.<\/p>\n<p>Die thematisch aufbereiteten Stehsammler k\u00f6nnen auf Anfrage hin auch einzeln ausgeliehen werden.<\/p>\n<p>Ferner wird seit einigen Jahren f\u00fcr die 6. Klassen der \u201eWeltladen-Erkundungszirkel\u201c gern genutzt. Dabei handelt es sich um eine Weltladenerkundung in Form einer Stationen-Rallye f\u00fcr Sch\u00fcler\/innen in der F\u00f6rderstufe und den 7. Klassen in allen Schulformen. Anhand mehrerer Stationen wird veranschaulicht, wie ein Weltladen arbeitet und warum der Faire Handel dabei im Mittelpunkt steht. Die Rechercheaufgaben an den einzelnen Stationen helfen, die Arbeit eines Weltladens zu verstehen und Weg und Geschichte der Produkte nachzuvollziehen. So erhalten die Sch\u00fclerInnen Antworten auf \u00a0die Fragen:<\/p>\n<ul>\n<li>Was ist Fairer Handel?<\/li>\n<li>Wie ist ein Weltladen organisiert?<\/li>\n<li>Wie leben Produzent\/innen von Kaffee, Bananen, Tee, Zuckerrohr etc?<\/li>\n<li>Wie wird die Kakaobohne zur (fairen) Schokolade?<\/li>\n<\/ul>\n<p>Unser Bildungsangebot richtet sich an alle Schulformen, Lehrkr\u00e4fte, Vereine, kirchliche Gruppen und andere Interessierte.<\/p>\n<p>Kontakt:<\/p>\n<p>Doris H\u00e4ring<\/p>\n<p>haeringd@gmx.de<\/p>\n","protected":false},"excerpt":{"rendered":"<p>Lokal-Global-Egal? Was ist die Bildungss\u00e4ule? Die Bildungss\u00e4ule besteht aus sieben Stehsammlern zu den Themen Fu\u00dfball, Kaffee, Kakao, Handy, Textilien, Fairer Handel und S\u00fcdfr\u00fcchte. Sie umfasst einen Grundstock an Materialien zu den gefragtesten Themen der entwicklungspolitischen Bildungsarbeit in Weltl\u00e4den. Die Bildungss\u00e4ule wurde entwickelt f\u00fcr Interessierte, die Informationen zum Fairen Handel suchen und Bildungsformate umsetzen wollen. Sie&hellip;<\/p>\n","protected":false},"author":126,"featured_media":0,"parent":0,"menu_order":4,"comment_status":"closed","ping_status":"closed","template":"","meta":{"footnotes":""},"class_list":["post-744","page","type-page","status-publish","hentry","description-off"],"yoast_head":"<!-- This site is optimized with the Yoast SEO plugin v26.8 - https:\/\/yoast.com\/product\/yoast-seo-wordpress\/ -->\n<title>Bildungsarbeit - Weltladen Gladenbach<\/title>\n<meta name=\"robots\" content=\"index, follow, max-snippet:-1, max-image-preview:large, max-video-preview:-1\" \/>\n<link rel=\"canonical\" href=\"https:\/\/weltlaeden.de\/gladenbach\/bildungsarbeit\/\" \/>\n<meta property=\"og:locale\" content=\"de_DE\" \/>\n<meta property=\"og:type\" content=\"article\" \/>\n<meta property=\"og:title\" content=\"Bildungsarbeit - Weltladen Gladenbach\" \/>\n<meta property=\"og:description\" content=\"Lokal-Global-Egal? Was ist die Bildungss\u00e4ule? Die Bildungss\u00e4ule besteht aus sieben Stehsammlern zu den Themen Fu\u00dfball, Kaffee, Kakao, Handy, Textilien, Fairer Handel und S\u00fcdfr\u00fcchte. Sie umfasst einen Grundstock an Materialien zu den gefragtesten Themen der entwicklungspolitischen Bildungsarbeit in Weltl\u00e4den. Die Bildungss\u00e4ule wurde entwickelt f\u00fcr Interessierte, die Informationen zum Fairen Handel suchen und Bildungsformate umsetzen wollen. Sie&hellip;\" \/>\n<meta property=\"og:url\" content=\"https:\/\/weltlaeden.de\/gladenbach\/bildungsarbeit\/\" \/>\n<meta property=\"og:site_name\" content=\"Weltladen Gladenbach\" \/>\n<meta property=\"article:modified_time\" content=\"2020-02-21T23:34:14+00:00\" \/>\n<meta property=\"og:image\" content=\"https:\/\/weltlaeden.de\/gladenbach\/wp-content\/uploads\/sites\/84\/2020\/02\/Bildungsarbeit-300x200.jpg\" \/>\n<meta name=\"twitter:card\" content=\"summary_large_image\" \/>\n<meta name=\"twitter:label1\" content=\"Gesch\u00e4tzte Lesezeit\" \/>\n\t<meta name=\"twitter:data1\" content=\"2\u00a0Minuten\" \/>\n<script type=\"application\/ld+json\" class=\"yoast-schema-graph\">{\"@context\":\"https:\/\/schema.org\",\"@graph\":[{\"@type\":\"WebPage\",\"@id\":\"https:\/\/weltlaeden.de\/gladenbach\/bildungsarbeit\/\",\"url\":\"https:\/\/weltlaeden.de\/gladenbach\/bildungsarbeit\/\",\"name\":\"Bildungsarbeit - Weltladen Gladenbach\",\"isPartOf\":{\"@id\":\"https:\/\/weltlaeden.de\/gladenbach\/#website\"},\"primaryImageOfPage\":{\"@id\":\"https:\/\/weltlaeden.de\/gladenbach\/bildungsarbeit\/#primaryimage\"},\"image\":{\"@id\":\"https:\/\/weltlaeden.de\/gladenbach\/bildungsarbeit\/#primaryimage\"},\"thumbnailUrl\":\"https:\/\/weltlaeden.de\/gladenbach\/wp-content\/uploads\/sites\/84\/2020\/02\/Bildungsarbeit-300x200.jpg\",\"datePublished\":\"2020-02-21T23:25:54+00:00\",\"dateModified\":\"2020-02-21T23:34:14+00:00\",\"breadcrumb\":{\"@id\":\"https:\/\/weltlaeden.de\/gladenbach\/bildungsarbeit\/#breadcrumb\"},\"inLanguage\":\"de\",\"potentialAction\":[{\"@type\":\"ReadAction\",\"target\":[\"https:\/\/weltlaeden.de\/gladenbach\/bildungsarbeit\/\"]}]},{\"@type\":\"ImageObject\",\"inLanguage\":\"de\",\"@id\":\"https:\/\/weltlaeden.de\/gladenbach\/bildungsarbeit\/#primaryimage\",\"url\":\"https:\/\/weltlaeden.de\/gladenbach\/wp-content\/uploads\/sites\/84\/2020\/02\/Bildungsarbeit.jpg\",\"contentUrl\":\"https:\/\/weltlaeden.de\/gladenbach\/wp-content\/uploads\/sites\/84\/2020\/02\/Bildungsarbeit.jpg\",\"width\":300,\"height\":200},{\"@type\":\"BreadcrumbList\",\"@id\":\"https:\/\/weltlaeden.de\/gladenbach\/bildungsarbeit\/#breadcrumb\",\"itemListElement\":[{\"@type\":\"ListItem\",\"position\":1,\"name\":\"Startseite\",\"item\":\"https:\/\/weltlaeden.de\/gladenbach\/\"},{\"@type\":\"ListItem\",\"position\":2,\"name\":\"Bildungsarbeit\"}]},{\"@type\":\"WebSite\",\"@id\":\"https:\/\/weltlaeden.de\/gladenbach\/#website\",\"url\":\"https:\/\/weltlaeden.de\/gladenbach\/\",\"name\":\"Weltladen Gladenbach\",\"description\":\"Faire Produkte seit 1990\",\"potentialAction\":[{\"@type\":\"SearchAction\",\"target\":{\"@type\":\"EntryPoint\",\"urlTemplate\":\"https:\/\/weltlaeden.de\/gladenbach\/?s={search_term_string}\"},\"query-input\":{\"@type\":\"PropertyValueSpecification\",\"valueRequired\":true,\"valueName\":\"search_term_string\"}}],\"inLanguage\":\"de\"}]}<\/script>\n<!-- \/ Yoast SEO plugin. -->","yoast_head_json":{"title":"Bildungsarbeit - Weltladen Gladenbach","robots":{"index":"index","follow":"follow","max-snippet":"max-snippet:-1","max-image-preview":"max-image-preview:large","max-video-preview":"max-video-preview:-1"},"canonical":"https:\/\/weltlaeden.de\/gladenbach\/bildungsarbeit\/","og_locale":"de_DE","og_type":"article","og_title":"Bildungsarbeit - Weltladen Gladenbach","og_description":"Lokal-Global-Egal? Was ist die Bildungss\u00e4ule? Die Bildungss\u00e4ule besteht aus sieben Stehsammlern zu den Themen Fu\u00dfball, Kaffee, Kakao, Handy, Textilien, Fairer Handel und S\u00fcdfr\u00fcchte. Sie umfasst einen Grundstock an Materialien zu den gefragtesten Themen der entwicklungspolitischen Bildungsarbeit in Weltl\u00e4den. Die Bildungss\u00e4ule wurde entwickelt f\u00fcr Interessierte, die Informationen zum Fairen Handel suchen und Bildungsformate umsetzen wollen. Sie&hellip;","og_url":"https:\/\/weltlaeden.de\/gladenbach\/bildungsarbeit\/","og_site_name":"Weltladen Gladenbach","article_modified_time":"2020-02-21T23:34:14+00:00","og_image":[{"url":"https:\/\/weltlaeden.de\/gladenbach\/wp-content\/uploads\/sites\/84\/2020\/02\/Bildungsarbeit-300x200.jpg","type":"","width":"","height":""}],"twitter_card":"summary_large_image","twitter_misc":{"Gesch\u00e4tzte Lesezeit":"2\u00a0Minuten"},"schema":{"@context":"https:\/\/schema.org","@graph":[{"@type":"WebPage","@id":"https:\/\/weltlaeden.de\/gladenbach\/bildungsarbeit\/","url":"https:\/\/weltlaeden.de\/gladenbach\/bildungsarbeit\/","name":"Bildungsarbeit - Weltladen Gladenbach","isPartOf":{"@id":"https:\/\/weltlaeden.de\/gladenbach\/#website"},"primaryImageOfPage":{"@id":"https:\/\/weltlaeden.de\/gladenbach\/bildungsarbeit\/#primaryimage"},"image":{"@id":"https:\/\/weltlaeden.de\/gladenbach\/bildungsarbeit\/#primaryimage"},"thumbnailUrl":"https:\/\/weltlaeden.de\/gladenbach\/wp-content\/uploads\/sites\/84\/2020\/02\/Bildungsarbeit-300x200.jpg","datePublished":"2020-02-21T23:25:54+00:00","dateModified":"2020-02-21T23:34:14+00:00","breadcrumb":{"@id":"https:\/\/weltlaeden.de\/gladenbach\/bildungsarbeit\/#breadcrumb"},"inLanguage":"de","potentialAction":[{"@type":"ReadAction","target":["https:\/\/weltlaeden.de\/gladenbach\/bildungsarbeit\/"]}]},{"@type":"ImageObject","inLanguage":"de","@id":"https:\/\/weltlaeden.de\/gladenbach\/bildungsarbeit\/#primaryimage","url":"https:\/\/weltlaeden.de\/gladenbach\/wp-content\/uploads\/sites\/84\/2020\/02\/Bildungsarbeit.jpg","contentUrl":"https:\/\/weltlaeden.de\/gladenbach\/wp-content\/uploads\/sites\/84\/2020\/02\/Bildungsarbeit.jpg","width":300,"height":200},{"@type":"BreadcrumbList","@id":"https:\/\/weltlaeden.de\/gladenbach\/bildungsarbeit\/#breadcrumb","itemListElement":[{"@type":"ListItem","position":1,"name":"Startseite","item":"https:\/\/weltlaeden.de\/gladenbach\/"},{"@type":"ListItem","position":2,"name":"Bildungsarbeit"}]},{"@type":"WebSite","@id":"https:\/\/weltlaeden.de\/gladenbach\/#website","url":"https:\/\/weltlaeden.de\/gladenbach\/","name":"Weltladen Gladenbach","description":"Faire Produkte seit 1990","potentialAction":[{"@type":"SearchAction","target":{"@type":"EntryPoint","urlTemplate":"https:\/\/weltlaeden.de\/gladenbach\/?s={search_term_string}"},"query-input":{"@type":"PropertyValueSpecification","valueRequired":true,"valueName":"search_term_string"}}],"inLanguage":"de"}]}},"_links":{"self":[{"href":"https:\/\/weltlaeden.de\/gladenbach\/wp-json\/wp\/v2\/pages\/744","targetHints":{"allow":["GET"]}}],"collection":[{"href":"https:\/\/weltlaeden.de\/gladenbach\/wp-json\/wp\/v2\/pages"}],"about":[{"href":"https:\/\/weltlaeden.de\/gladenbach\/wp-json\/wp\/v2\/types\/page"}],"author":[{"embeddable":true,"href":"https:\/\/weltlaeden.de\/gladenbach\/wp-json\/wp\/v2\/users\/126"}],"replies":[{"embeddable":true,"href":"https:\/\/weltlaeden.de\/gladenbach\/wp-json\/wp\/v2\/comments?post=744"}],"version-history":[{"count":5,"href":"https:\/\/weltlaeden.de\/gladenbach\/wp-json\/wp\/v2\/pages\/744\/revisions"}],"predecessor-version":[{"id":748,"href":"https:\/\/weltlaeden.de\/gladenbach\/wp-json\/wp\/v2\/pages\/744\/revisions\/748"}],"wp:attachment":[{"href":"https:\/\/weltlaeden.de\/gladenbach\/wp-json\/wp\/v2\/media?parent=744"}],"curies":[{"name":"wp","href":"https:\/\/api.w.org\/{rel}","templated":true}]}}