{"id":219,"date":"2016-10-28T13:34:47","date_gmt":"2016-10-28T11:34:47","guid":{"rendered":"https:\/\/wl.heimpixel.de\/vorlage\/ueber-uns\/"},"modified":"2026-01-18T16:29:38","modified_gmt":"2026-01-18T15:29:38","slug":"ueber-uns","status":"publish","type":"page","link":"https:\/\/weltlaeden.de\/gladenbach\/ueber-uns\/","title":{"rendered":"\u00dcber uns"},"content":{"rendered":"<div class=\"wpb-content-wrapper\"><p>[vc_row][vc_column][vc_row_inner][vc_column_inner][vc_single_image image=&#8220;1808&#8243; img_size=&#8220;large&#8220; css=&#8220;&#8220;][vc_column_text css=&#8220;&#8220;]<\/p>\n<h1 style=\"text-align: center\"><span style=\"color: #ff6600\">\u00dcber den Weltladen Gladenbach<\/span><\/h1>\n<p>Unsere Arbeit begann 1982 als Teil der evangelischen Kirchengemeinde. Vom kleinen Raum im Gemeindehaus konnten wir uns mit drei Umz\u00fcgen jeweils \u201everbessern\u201c, d. h. die R\u00e4ume wurden immer gr\u00f6\u00dfer und sch\u00f6ner, bekamen immer mehr Schaufenster und auch der Umsatz stieg. An unserem jetzigen Standort erhalten wir Unterst\u00fctzung durch die ev. und die katholische Gemeinde.<\/p>\n<p>Unsere Gruppe bestand von Anfang an aus ehrenamtlichen Mitarbeiterinnen und Mitarbeitern verschiedener Konfessionen. Heute sind es etwa 25 Personen zwischen 19 und 78 Jahren.<\/p>\n<p>Alle MitarbeiterInnen machen Ladendienst, einige \u00fcbernehmen den Einkauf, die Preisauszeichnung, die sehr zeitaufw\u00e4ndige Dekoration der f\u00fcnf gro\u00dfen Schaufenster und im Laden. Zwei MitarbeiterInnen sind zust\u00e4ndig f\u00fcr Kassenabrechnung und Buchhaltung. Wir bem\u00fchen uns, Bildungsarbeit im Laden zu gestalten, besonders f\u00fcr Kinder und Jugendliche der Europaschule Gladenbach. Zum Beispiel organisieren wir Vortr\u00e4ge und Filmabende, beispielsweise im Rahmen des Filmfestivals Gobale Mittelhessen. Die Teilnahme an Weltladentag und Fairer Woche ist eines der j\u00e4hrlichen Highlights.<\/p>\n<p>Die Zusammenarbeit mit den Kirchengemeinden und dem Dekanat Gladenbach \u2013 der Weltladen ist Teil des Tansania-Arbeitkreis im Dekanat \u2013 wird immer umfangreicher. Verschiedene Gemeinden holen regelm\u00e4\u00dfig Ware f\u00fcr Kaffeeausschank und Verkaufsst\u00e4nde, so dass der Weltladen auch bei Kirchenfesten pr\u00e4sent ist.<\/p>\n<p class=\"TabellenInhalt\">Seit September 2011 tr\u00e4gt Gladenbach den Titel FairTrade Town. Zur Erlangung dieses von Transfair e.V. vergebenen Titels hat die jahrelange Beharrlichkeit unseres Weltladen-Teams in hohem Ma\u00dfe beigetragen.<\/p>\n<p>[\/vc_column_text][vc_empty_space height=&#8220;64px&#8220;][vc_column_text css=&#8220;&#8220;]<\/p>\n<h2><span style=\"color: #ff6600\">Unsere Historie<\/span><\/h2>\n<table>\n<tbody>\n<tr>\n<td width=\"111\">1982<\/p>\n<p>Erster Advent<\/td>\n<td width=\"503\">Unsere Arbeit beginnt als Teil der evangelischen Kirchengemeinde.<\/p>\n<p><strong>Gladenbach hat einen kleinen Dritte-Welt-Laden im Gemeindehaus in der Bahnhofstra\u00dfe.<\/strong><\/p>\n<p>Das Angebot besteht zun\u00e4chst aus Nicaragua-Kaffee, solidarisch bitter, aus Jutetaschen, Lacandona-Honig und schwarzem Tee in Palmblattk\u00e4stchen.<\/p>\n<p>In unserem Arbeitskreis befassen wir uns vor allem mit S\u00fcdafrika, El Salvador, Nicaragua, Mexiko etc.<\/td>\n<\/tr>\n<tr>\n<td width=\"111\">1984<\/td>\n<td width=\"503\"><strong>\u201eEine Kuh f\u00fcr Rio San Juan\u201c<\/strong><\/p>\n<p>In einem landwirtschaftlichen Projekt auf den Solentiname-Inseln in Nicaragua k\u00f6nnen wir von unserem Jahres\u00fcberschuss, damals ca. 1.000 DM, finanzieren.<\/td>\n<\/tr>\n<tr>\n<td width=\"111\">5.10.1992<\/td>\n<td width=\"503\"><strong>10-j\u00e4hriges Jubil\u00e4um<\/strong><\/p>\n<p>Zum 10-j\u00e4hrigen Jubil\u00e4um ein absolutes Highlight: Die Gruppe AYOPAYAMANTA aus Bolivien singt und tanzt im gut gef\u00fcllten Gemeindehaus Blankenstein.<\/td>\n<\/tr>\n<tr>\n<td width=\"111\">Sommer 1995<\/td>\n<td width=\"503\">Aus dem \u201eDritte-Welt-Laden\u201c ist der \u201eEine-Welt-Laden\u201c geworden.<\/p>\n<p>Nach 13 Jahren im ersten Stock des Gemeindehauses in der Bahnhofstra\u00dfe ist der Umzug in eine ehemalige Arztpraxis in der Gie\u00dfener Stra\u00dfe ein echter Fortschritt.<\/p>\n<p>Wir haben Zuwachs bekommen: Zehn junge M\u00e4nner der ehemaligen S\u00fcdafrika-Gruppe Herzhausen arbeiten im Weltladen mit.<\/td>\n<\/tr>\n<tr>\n<td width=\"111\">M\u00e4rz 1998<\/td>\n<td width=\"503\">Wir ziehen in \u201erichtige\u201c Ladenr\u00e4ume, und zwar in die Kreuzstra\u00dfe 14.<\/td>\n<\/tr>\n<tr>\n<td width=\"111\">1998-2000<\/td>\n<td width=\"503\"><strong>Baumwollwindel-Projekt<\/strong><br \/>\nDie Stadt Gladenbach beteiligt sich an unserem Baumwollwindel-Projekt aus Manila.<\/td>\n<\/tr>\n<tr>\n<td width=\"111\">Dez. 2002<\/td>\n<td width=\"503\"><strong>Zwanzig Jahre Weltladen<\/strong><br \/>\nUnd noch einmal zieht der Weltladen um, diesmal direkt an den Marktplatz.<br \/>\nDas neue Laden-Outfit und die erweiterten \u00d6ffnungszeiten ziehen Kundinnen und Kunden sowie Mitarbeiterinnen und Mitarbeiter an.<br \/>\n15 Personen arbeiten im Weltladen mit &#8211; es k\u00f6nnen gern mehr werden!Seitdem nutzen Schulklassen den Weltladen als \u201eau\u00dferschulischen Lernort\u201c zu den Themen \u201eFairer Handel\u201c, \u201eMenschenrechte\u201c etc.Seitdem hat sich der Laden zu einem Fachgesch\u00e4ft des Fairen Handels entwickelt.Er hat seinen festen Platz in der Gemeinde.<\/td>\n<\/tr>\n<tr>\n<td width=\"111\">Herbst 2007<\/td>\n<td width=\"503\"><strong>25 Jahre Weltladen<\/strong><\/td>\n<\/tr>\n<tr>\n<td width=\"111\">2011<\/td>\n<td width=\"503\">Gladenbach wird \u201eFair Trade Town\u201c. Zur Erlangung dieses von Transfair e.V. vergebenen Titels hat die jahrelange Beharrlichkeit unseres Weltladen-Teams in hohem Ma\u00dfe beigetragen.<\/td>\n<\/tr>\n<tr>\n<td width=\"111\">2015<\/td>\n<td width=\"503\">Er\u00f6ffnung des neuen Weltladens in der Marktstra\u00dfe 11, am 28. November 2015, bei Einkauf bei Kerzenschein.<\/td>\n<\/tr>\n<tr>\n<td width=\"111\">2017<\/td>\n<td width=\"503\">Er\u00f6ffnung des Caf\u00e9 FAIR<\/td>\n<\/tr>\n<tr>\n<td width=\"111\">2019<\/td>\n<td width=\"503\">Der Weltladen bekommt neue Schaufenster.<\/td>\n<\/tr>\n<tr>\n<td width=\"111\">2022<\/td>\n<td width=\"503\"><strong>40-j\u00e4hriges Jubil\u00e4um<\/strong><\/td>\n<\/tr>\n<tr>\n<td width=\"111\">2025<\/td>\n<td width=\"503\">&#8222;Vollj\u00e4hrigkeit&#8220; in der Marktstra\u00dfe &#8211; 10 Jahre Weltladen + 8 Jahre Caf\u00e9 FAIR<\/td>\n<\/tr>\n<\/tbody>\n<\/table>\n<p>[\/vc_column_text][\/vc_column_inner][\/vc_row_inner][vc_row_inner][vc_column_inner][vc_empty_space height=&#8220;64px&#8220;][vc_column_text css=&#8220;&#8220;]<\/p>\n<h1 style=\"text-align: center\"><span style=\"color: #ff6600\"><strong>Jeder Kronkorken hilft zu helfen!<\/strong><\/span><\/h1>\n<p>[\/vc_column_text][vc_single_image image=&#8220;1699&#8243; img_size=&#8220;medium&#8220; alignment=&#8220;center&#8220; style=&#8220;vc_box_rounded&#8220; css=&#8220;&#8220;][vc_column_text css=&#8220;&#8220;]<strong>&#8222;In Zusammenarbeit mit den Schornsteinfegern und Ihrer Gl\u00fcckstour wollen wir in Zukunft Kinder und deren betroffene Familien direkt unterst\u00fctzen. Wenn eine Hilfe DIREKT vor Ort ist kann es Probleme nicht kleiner machen, aber lindern.<\/strong><br \/>\n<strong>Darum wird JEDER gesammelte Kronkorken und Schraubdeckel recycelt und der Wertstofferhaltung zugef\u00fchrt.<\/strong><br \/>\n<strong>Die Gl\u00fcckstour ist ein bundesweiter Zusammenschluss von Schornsteinfegern, sie sammeln auf einer j\u00e4hrlichen Radtour und diversen Aktionen Spenden f\u00fcr schwerstkranke Kinder und deren Familien. Dies zu unterst\u00fctzen ist unser Anliegen und Ziel mit unserer Kronkorkenaktion.&#8220;<br \/>\n<\/strong><a href=\"https:\/\/www.kronkorkenmeetsgl\u00fcckstour.de\/das-projekt\/\">&#8211; https:\/\/www.kronkorkenmeetsgl\u00fcckstour.de\/das-projekt\/<\/a>[\/vc_column_text][vc_single_image image=&#8220;1700&#8243; img_size=&#8220;large&#8220; css=&#8220;&#8220;][vc_column_text css=&#8220;&#8220;]<\/p>\n<h2><strong>Wir sammeln Kronkorken und Deckel von Gl\u00e4sern, um von dem (Schrott-) Erl\u00f6s die Gl\u00fcckstour zu unterst\u00fctzen. Sammelt mit!<\/strong><\/h2>\n<p>&nbsp;<\/p>\n<p>F\u00fcr mehr Infos und Einblicke in das Projekt: <a href=\"https:\/\/www.kronkorkenmeetsgl\u00fcckstour.de\">https:\/\/www.kronkorkenmeetsgl\u00fcckstour.de<\/a>[\/vc_column_text][vc_empty_space height=&#8220;64px&#8220;][\/vc_column_inner][\/vc_row_inner][\/vc_column][\/vc_row][vc_row][vc_column][vc_column_text css=&#8220;&#8220;]<\/p>\n<h2><span style=\"color: #ff6600\"><strong>Jubil\u00e4umsfest 2022 &#8211; 40 Jahre Weltladen Gladenbach und 5 Jahre Caf\u00e9 FAIR<\/strong><\/span><\/h2>\n<p>Wer sich gerne zur\u00fcckerinnern m\u00f6chte an das sch\u00f6ne Jubil\u00e4umsfest kann sich Videos vom <a href=\"https:\/\/www.youtube.com\/watch?v=1pcIokUZLhA\" target=\"_blank\" rel=\"noopener\">Auftritt von JURUBEBA<\/a> anschauen.<\/p>\n<p>Hier seht ihr einige Bilder von unserem tollen Jubil\u00e4umsfest. Vielen Dank an Michael Sommer von El Puente f\u00fcr das Anfertigen und zur Verf\u00fcgung stellen der Fotos.<\/p>\n<div id=\"attachment_1128\" style=\"width: 1034px\" class=\"wp-caption aligncenter\"><img loading=\"lazy\" decoding=\"async\" aria-describedby=\"caption-attachment-1128\" class=\"wp-image-1128 size-large\" src=\"https:\/\/weltlaeden.de\/gladenbach\/wp-content\/uploads\/sites\/84\/2022\/05\/Weltladenjubilaeum-1024x717.jpg\" alt=\"\" width=\"1024\" height=\"717\" srcset=\"https:\/\/weltlaeden.de\/gladenbach\/wp-content\/uploads\/sites\/84\/2022\/05\/Weltladenjubilaeum-1024x717.jpg 1024w, https:\/\/weltlaeden.de\/gladenbach\/wp-content\/uploads\/sites\/84\/2022\/05\/Weltladenjubilaeum-300x210.jpg 300w, https:\/\/weltlaeden.de\/gladenbach\/wp-content\/uploads\/sites\/84\/2022\/05\/Weltladenjubilaeum-768x538.jpg 768w, https:\/\/weltlaeden.de\/gladenbach\/wp-content\/uploads\/sites\/84\/2022\/05\/Weltladenjubilaeum.jpg 1125w\" sizes=\"auto, (max-width: 1024px) 100vw, 1024px\" \/><p id=\"caption-attachment-1128\" class=\"wp-caption-text\">Danke an alle, die da waren und mitgeholfen haben.<\/p><\/div>\n<p>&nbsp;<\/p>\n<p><img loading=\"lazy\" decoding=\"async\" class=\"aligncenter wp-image-1133 size-large\" src=\"https:\/\/weltlaeden.de\/gladenbach\/wp-content\/uploads\/sites\/84\/2022\/05\/jubilaeum-gladenbach-100-1024x683.jpg\" alt=\"\" width=\"1024\" height=\"683\" srcset=\"https:\/\/weltlaeden.de\/gladenbach\/wp-content\/uploads\/sites\/84\/2022\/05\/jubilaeum-gladenbach-100-1024x683.jpg 1024w, https:\/\/weltlaeden.de\/gladenbach\/wp-content\/uploads\/sites\/84\/2022\/05\/jubilaeum-gladenbach-100-300x200.jpg 300w, https:\/\/weltlaeden.de\/gladenbach\/wp-content\/uploads\/sites\/84\/2022\/05\/jubilaeum-gladenbach-100-768x512.jpg 768w, https:\/\/weltlaeden.de\/gladenbach\/wp-content\/uploads\/sites\/84\/2022\/05\/jubilaeum-gladenbach-100-1536x1024.jpg 1536w, https:\/\/weltlaeden.de\/gladenbach\/wp-content\/uploads\/sites\/84\/2022\/05\/jubilaeum-gladenbach-100-2048x1365.jpg 2048w, https:\/\/weltlaeden.de\/gladenbach\/wp-content\/uploads\/sites\/84\/2022\/05\/jubilaeum-gladenbach-100-scaled.jpg 1920w\" sizes=\"auto, (max-width: 1024px) 100vw, 1024px\" \/><img loading=\"lazy\" decoding=\"async\" class=\"aligncenter wp-image-1134 size-large\" src=\"https:\/\/weltlaeden.de\/gladenbach\/wp-content\/uploads\/sites\/84\/2022\/05\/jubilaeum-gladenbach-89-683x1024.jpg\" alt=\"\" width=\"683\" height=\"1024\" srcset=\"https:\/\/weltlaeden.de\/gladenbach\/wp-content\/uploads\/sites\/84\/2022\/05\/jubilaeum-gladenbach-89-683x1024.jpg 683w, https:\/\/weltlaeden.de\/gladenbach\/wp-content\/uploads\/sites\/84\/2022\/05\/jubilaeum-gladenbach-89-200x300.jpg 200w, https:\/\/weltlaeden.de\/gladenbach\/wp-content\/uploads\/sites\/84\/2022\/05\/jubilaeum-gladenbach-89-768x1152.jpg 768w, https:\/\/weltlaeden.de\/gladenbach\/wp-content\/uploads\/sites\/84\/2022\/05\/jubilaeum-gladenbach-89-1024x1536.jpg 1024w, https:\/\/weltlaeden.de\/gladenbach\/wp-content\/uploads\/sites\/84\/2022\/05\/jubilaeum-gladenbach-89-1365x2048.jpg 1365w, https:\/\/weltlaeden.de\/gladenbach\/wp-content\/uploads\/sites\/84\/2022\/05\/jubilaeum-gladenbach-89-scaled.jpg 1280w\" sizes=\"auto, (max-width: 683px) 100vw, 683px\" \/><img loading=\"lazy\" decoding=\"async\" class=\"aligncenter wp-image-1135 size-large\" src=\"https:\/\/weltlaeden.de\/gladenbach\/wp-content\/uploads\/sites\/84\/2022\/05\/jubilaeum-gladenbach-85-1024x683.jpg\" alt=\"\" width=\"1024\" height=\"683\" srcset=\"https:\/\/weltlaeden.de\/gladenbach\/wp-content\/uploads\/sites\/84\/2022\/05\/jubilaeum-gladenbach-85-1024x683.jpg 1024w, https:\/\/weltlaeden.de\/gladenbach\/wp-content\/uploads\/sites\/84\/2022\/05\/jubilaeum-gladenbach-85-300x200.jpg 300w, https:\/\/weltlaeden.de\/gladenbach\/wp-content\/uploads\/sites\/84\/2022\/05\/jubilaeum-gladenbach-85-768x512.jpg 768w, https:\/\/weltlaeden.de\/gladenbach\/wp-content\/uploads\/sites\/84\/2022\/05\/jubilaeum-gladenbach-85-1536x1024.jpg 1536w, https:\/\/weltlaeden.de\/gladenbach\/wp-content\/uploads\/sites\/84\/2022\/05\/jubilaeum-gladenbach-85-2048x1365.jpg 2048w, https:\/\/weltlaeden.de\/gladenbach\/wp-content\/uploads\/sites\/84\/2022\/05\/jubilaeum-gladenbach-85-scaled.jpg 1920w\" sizes=\"auto, (max-width: 1024px) 100vw, 1024px\" \/><img loading=\"lazy\" decoding=\"async\" class=\"aligncenter wp-image-1136 size-large\" src=\"https:\/\/weltlaeden.de\/gladenbach\/wp-content\/uploads\/sites\/84\/2022\/05\/jubilaeum-gladenbach-83-1024x683.jpg\" alt=\"\" width=\"1024\" height=\"683\" srcset=\"https:\/\/weltlaeden.de\/gladenbach\/wp-content\/uploads\/sites\/84\/2022\/05\/jubilaeum-gladenbach-83-1024x683.jpg 1024w, https:\/\/weltlaeden.de\/gladenbach\/wp-content\/uploads\/sites\/84\/2022\/05\/jubilaeum-gladenbach-83-300x200.jpg 300w, https:\/\/weltlaeden.de\/gladenbach\/wp-content\/uploads\/sites\/84\/2022\/05\/jubilaeum-gladenbach-83-768x512.jpg 768w, https:\/\/weltlaeden.de\/gladenbach\/wp-content\/uploads\/sites\/84\/2022\/05\/jubilaeum-gladenbach-83-1536x1024.jpg 1536w, https:\/\/weltlaeden.de\/gladenbach\/wp-content\/uploads\/sites\/84\/2022\/05\/jubilaeum-gladenbach-83-2048x1365.jpg 2048w, https:\/\/weltlaeden.de\/gladenbach\/wp-content\/uploads\/sites\/84\/2022\/05\/jubilaeum-gladenbach-83-scaled.jpg 1920w\" sizes=\"auto, (max-width: 1024px) 100vw, 1024px\" \/><img loading=\"lazy\" decoding=\"async\" class=\"aligncenter wp-image-1137 size-large\" src=\"https:\/\/weltlaeden.de\/gladenbach\/wp-content\/uploads\/sites\/84\/2022\/05\/jubilaeum-gladenbach-79-1024x683.jpg\" alt=\"\" width=\"1024\" height=\"683\" srcset=\"https:\/\/weltlaeden.de\/gladenbach\/wp-content\/uploads\/sites\/84\/2022\/05\/jubilaeum-gladenbach-79-1024x683.jpg 1024w, https:\/\/weltlaeden.de\/gladenbach\/wp-content\/uploads\/sites\/84\/2022\/05\/jubilaeum-gladenbach-79-300x200.jpg 300w, https:\/\/weltlaeden.de\/gladenbach\/wp-content\/uploads\/sites\/84\/2022\/05\/jubilaeum-gladenbach-79-768x512.jpg 768w, https:\/\/weltlaeden.de\/gladenbach\/wp-content\/uploads\/sites\/84\/2022\/05\/jubilaeum-gladenbach-79-1536x1024.jpg 1536w, https:\/\/weltlaeden.de\/gladenbach\/wp-content\/uploads\/sites\/84\/2022\/05\/jubilaeum-gladenbach-79-2048x1365.jpg 2048w, https:\/\/weltlaeden.de\/gladenbach\/wp-content\/uploads\/sites\/84\/2022\/05\/jubilaeum-gladenbach-79-scaled.jpg 1920w\" sizes=\"auto, (max-width: 1024px) 100vw, 1024px\" \/><img loading=\"lazy\" decoding=\"async\" class=\"aligncenter wp-image-1138 size-large\" src=\"https:\/\/weltlaeden.de\/gladenbach\/wp-content\/uploads\/sites\/84\/2022\/05\/jubilaeum-gladenbach-71-1024x683.jpg\" alt=\"\" width=\"1024\" height=\"683\" srcset=\"https:\/\/weltlaeden.de\/gladenbach\/wp-content\/uploads\/sites\/84\/2022\/05\/jubilaeum-gladenbach-71-1024x683.jpg 1024w, https:\/\/weltlaeden.de\/gladenbach\/wp-content\/uploads\/sites\/84\/2022\/05\/jubilaeum-gladenbach-71-300x200.jpg 300w, https:\/\/weltlaeden.de\/gladenbach\/wp-content\/uploads\/sites\/84\/2022\/05\/jubilaeum-gladenbach-71-768x512.jpg 768w, https:\/\/weltlaeden.de\/gladenbach\/wp-content\/uploads\/sites\/84\/2022\/05\/jubilaeum-gladenbach-71-1536x1024.jpg 1536w, https:\/\/weltlaeden.de\/gladenbach\/wp-content\/uploads\/sites\/84\/2022\/05\/jubilaeum-gladenbach-71-2048x1365.jpg 2048w, https:\/\/weltlaeden.de\/gladenbach\/wp-content\/uploads\/sites\/84\/2022\/05\/jubilaeum-gladenbach-71-scaled.jpg 1920w\" sizes=\"auto, (max-width: 1024px) 100vw, 1024px\" \/><img loading=\"lazy\" decoding=\"async\" class=\"aligncenter wp-image-1139 size-large\" src=\"https:\/\/weltlaeden.de\/gladenbach\/wp-content\/uploads\/sites\/84\/2022\/05\/jubilaeum-gladenbach-73-1024x683.jpg\" alt=\"\" width=\"1024\" height=\"683\" srcset=\"https:\/\/weltlaeden.de\/gladenbach\/wp-content\/uploads\/sites\/84\/2022\/05\/jubilaeum-gladenbach-73-1024x683.jpg 1024w, https:\/\/weltlaeden.de\/gladenbach\/wp-content\/uploads\/sites\/84\/2022\/05\/jubilaeum-gladenbach-73-300x200.jpg 300w, https:\/\/weltlaeden.de\/gladenbach\/wp-content\/uploads\/sites\/84\/2022\/05\/jubilaeum-gladenbach-73-768x512.jpg 768w, https:\/\/weltlaeden.de\/gladenbach\/wp-content\/uploads\/sites\/84\/2022\/05\/jubilaeum-gladenbach-73-1536x1024.jpg 1536w, https:\/\/weltlaeden.de\/gladenbach\/wp-content\/uploads\/sites\/84\/2022\/05\/jubilaeum-gladenbach-73-2048x1365.jpg 2048w, https:\/\/weltlaeden.de\/gladenbach\/wp-content\/uploads\/sites\/84\/2022\/05\/jubilaeum-gladenbach-73-scaled.jpg 1920w\" sizes=\"auto, (max-width: 1024px) 100vw, 1024px\" \/><img loading=\"lazy\" decoding=\"async\" class=\"aligncenter wp-image-1140 size-large\" src=\"https:\/\/weltlaeden.de\/gladenbach\/wp-content\/uploads\/sites\/84\/2022\/05\/jubilaeum-gladenbach-68-1024x683.jpg\" alt=\"\" width=\"1024\" height=\"683\" srcset=\"https:\/\/weltlaeden.de\/gladenbach\/wp-content\/uploads\/sites\/84\/2022\/05\/jubilaeum-gladenbach-68-1024x683.jpg 1024w, https:\/\/weltlaeden.de\/gladenbach\/wp-content\/uploads\/sites\/84\/2022\/05\/jubilaeum-gladenbach-68-300x200.jpg 300w, https:\/\/weltlaeden.de\/gladenbach\/wp-content\/uploads\/sites\/84\/2022\/05\/jubilaeum-gladenbach-68-768x512.jpg 768w, https:\/\/weltlaeden.de\/gladenbach\/wp-content\/uploads\/sites\/84\/2022\/05\/jubilaeum-gladenbach-68-1536x1024.jpg 1536w, https:\/\/weltlaeden.de\/gladenbach\/wp-content\/uploads\/sites\/84\/2022\/05\/jubilaeum-gladenbach-68-2048x1365.jpg 2048w, https:\/\/weltlaeden.de\/gladenbach\/wp-content\/uploads\/sites\/84\/2022\/05\/jubilaeum-gladenbach-68-scaled.jpg 1920w\" sizes=\"auto, (max-width: 1024px) 100vw, 1024px\" \/><img loading=\"lazy\" decoding=\"async\" class=\"aligncenter wp-image-1141 size-large\" src=\"https:\/\/weltlaeden.de\/gladenbach\/wp-content\/uploads\/sites\/84\/2022\/05\/jubilaeum-gladenbach-64-768x1024.jpg\" alt=\"\" width=\"768\" height=\"1024\" srcset=\"https:\/\/weltlaeden.de\/gladenbach\/wp-content\/uploads\/sites\/84\/2022\/05\/jubilaeum-gladenbach-64-768x1024.jpg 768w, https:\/\/weltlaeden.de\/gladenbach\/wp-content\/uploads\/sites\/84\/2022\/05\/jubilaeum-gladenbach-64-225x300.jpg 225w, https:\/\/weltlaeden.de\/gladenbach\/wp-content\/uploads\/sites\/84\/2022\/05\/jubilaeum-gladenbach-64-1152x1536.jpg 1152w, https:\/\/weltlaeden.de\/gladenbach\/wp-content\/uploads\/sites\/84\/2022\/05\/jubilaeum-gladenbach-64-1536x2048.jpg 1536w, https:\/\/weltlaeden.de\/gladenbach\/wp-content\/uploads\/sites\/84\/2022\/05\/jubilaeum-gladenbach-64-scaled.jpg 1440w\" sizes=\"auto, (max-width: 768px) 100vw, 768px\" \/><img loading=\"lazy\" decoding=\"async\" class=\"aligncenter wp-image-1142 size-large\" src=\"https:\/\/weltlaeden.de\/gladenbach\/wp-content\/uploads\/sites\/84\/2022\/05\/jubilaeum-gladenbach-54-768x1024.jpg\" alt=\"\" width=\"768\" height=\"1024\" srcset=\"https:\/\/weltlaeden.de\/gladenbach\/wp-content\/uploads\/sites\/84\/2022\/05\/jubilaeum-gladenbach-54-768x1024.jpg 768w, https:\/\/weltlaeden.de\/gladenbach\/wp-content\/uploads\/sites\/84\/2022\/05\/jubilaeum-gladenbach-54-225x300.jpg 225w, https:\/\/weltlaeden.de\/gladenbach\/wp-content\/uploads\/sites\/84\/2022\/05\/jubilaeum-gladenbach-54-1152x1536.jpg 1152w, https:\/\/weltlaeden.de\/gladenbach\/wp-content\/uploads\/sites\/84\/2022\/05\/jubilaeum-gladenbach-54-1536x2048.jpg 1536w, https:\/\/weltlaeden.de\/gladenbach\/wp-content\/uploads\/sites\/84\/2022\/05\/jubilaeum-gladenbach-54-scaled.jpg 1440w\" sizes=\"auto, (max-width: 768px) 100vw, 768px\" \/><img loading=\"lazy\" decoding=\"async\" class=\"aligncenter wp-image-1143 size-large\" src=\"https:\/\/weltlaeden.de\/gladenbach\/wp-content\/uploads\/sites\/84\/2022\/05\/jubilaeum-gladenbach-52-683x1024.jpg\" alt=\"\" width=\"683\" height=\"1024\" srcset=\"https:\/\/weltlaeden.de\/gladenbach\/wp-content\/uploads\/sites\/84\/2022\/05\/jubilaeum-gladenbach-52-683x1024.jpg 683w, https:\/\/weltlaeden.de\/gladenbach\/wp-content\/uploads\/sites\/84\/2022\/05\/jubilaeum-gladenbach-52-200x300.jpg 200w, https:\/\/weltlaeden.de\/gladenbach\/wp-content\/uploads\/sites\/84\/2022\/05\/jubilaeum-gladenbach-52-768x1152.jpg 768w, https:\/\/weltlaeden.de\/gladenbach\/wp-content\/uploads\/sites\/84\/2022\/05\/jubilaeum-gladenbach-52-1024x1536.jpg 1024w, https:\/\/weltlaeden.de\/gladenbach\/wp-content\/uploads\/sites\/84\/2022\/05\/jubilaeum-gladenbach-52-1365x2048.jpg 1365w, https:\/\/weltlaeden.de\/gladenbach\/wp-content\/uploads\/sites\/84\/2022\/05\/jubilaeum-gladenbach-52-scaled.jpg 1280w\" sizes=\"auto, (max-width: 683px) 100vw, 683px\" \/><img loading=\"lazy\" decoding=\"async\" class=\"aligncenter wp-image-1144 size-large\" src=\"https:\/\/weltlaeden.de\/gladenbach\/wp-content\/uploads\/sites\/84\/2022\/05\/jubilaeum-gladenbach-49-683x1024.jpg\" alt=\"\" width=\"683\" height=\"1024\" srcset=\"https:\/\/weltlaeden.de\/gladenbach\/wp-content\/uploads\/sites\/84\/2022\/05\/jubilaeum-gladenbach-49-683x1024.jpg 683w, https:\/\/weltlaeden.de\/gladenbach\/wp-content\/uploads\/sites\/84\/2022\/05\/jubilaeum-gladenbach-49-200x300.jpg 200w, https:\/\/weltlaeden.de\/gladenbach\/wp-content\/uploads\/sites\/84\/2022\/05\/jubilaeum-gladenbach-49-768x1152.jpg 768w, https:\/\/weltlaeden.de\/gladenbach\/wp-content\/uploads\/sites\/84\/2022\/05\/jubilaeum-gladenbach-49-1024x1536.jpg 1024w, https:\/\/weltlaeden.de\/gladenbach\/wp-content\/uploads\/sites\/84\/2022\/05\/jubilaeum-gladenbach-49-1365x2048.jpg 1365w, https:\/\/weltlaeden.de\/gladenbach\/wp-content\/uploads\/sites\/84\/2022\/05\/jubilaeum-gladenbach-49-scaled.jpg 1280w\" sizes=\"auto, (max-width: 683px) 100vw, 683px\" \/><img loading=\"lazy\" decoding=\"async\" class=\"aligncenter wp-image-1145 size-large\" src=\"https:\/\/weltlaeden.de\/gladenbach\/wp-content\/uploads\/sites\/84\/2022\/05\/jubilaeum-gladenbach-46-683x1024.jpg\" alt=\"\" width=\"683\" height=\"1024\" srcset=\"https:\/\/weltlaeden.de\/gladenbach\/wp-content\/uploads\/sites\/84\/2022\/05\/jubilaeum-gladenbach-46-683x1024.jpg 683w, https:\/\/weltlaeden.de\/gladenbach\/wp-content\/uploads\/sites\/84\/2022\/05\/jubilaeum-gladenbach-46-200x300.jpg 200w, https:\/\/weltlaeden.de\/gladenbach\/wp-content\/uploads\/sites\/84\/2022\/05\/jubilaeum-gladenbach-46-768x1152.jpg 768w, https:\/\/weltlaeden.de\/gladenbach\/wp-content\/uploads\/sites\/84\/2022\/05\/jubilaeum-gladenbach-46-1024x1536.jpg 1024w, https:\/\/weltlaeden.de\/gladenbach\/wp-content\/uploads\/sites\/84\/2022\/05\/jubilaeum-gladenbach-46-1365x2048.jpg 1365w, https:\/\/weltlaeden.de\/gladenbach\/wp-content\/uploads\/sites\/84\/2022\/05\/jubilaeum-gladenbach-46-scaled.jpg 1280w\" sizes=\"auto, (max-width: 683px) 100vw, 683px\" \/><img loading=\"lazy\" decoding=\"async\" class=\"aligncenter wp-image-1146 size-large\" src=\"https:\/\/weltlaeden.de\/gladenbach\/wp-content\/uploads\/sites\/84\/2022\/05\/jubilaeum-gladenbach-38-683x1024.jpg\" alt=\"\" width=\"683\" height=\"1024\" srcset=\"https:\/\/weltlaeden.de\/gladenbach\/wp-content\/uploads\/sites\/84\/2022\/05\/jubilaeum-gladenbach-38-683x1024.jpg 683w, https:\/\/weltlaeden.de\/gladenbach\/wp-content\/uploads\/sites\/84\/2022\/05\/jubilaeum-gladenbach-38-200x300.jpg 200w, https:\/\/weltlaeden.de\/gladenbach\/wp-content\/uploads\/sites\/84\/2022\/05\/jubilaeum-gladenbach-38-768x1152.jpg 768w, https:\/\/weltlaeden.de\/gladenbach\/wp-content\/uploads\/sites\/84\/2022\/05\/jubilaeum-gladenbach-38-1024x1536.jpg 1024w, https:\/\/weltlaeden.de\/gladenbach\/wp-content\/uploads\/sites\/84\/2022\/05\/jubilaeum-gladenbach-38-1365x2048.jpg 1365w, https:\/\/weltlaeden.de\/gladenbach\/wp-content\/uploads\/sites\/84\/2022\/05\/jubilaeum-gladenbach-38-scaled.jpg 1280w\" sizes=\"auto, (max-width: 683px) 100vw, 683px\" \/><img loading=\"lazy\" decoding=\"async\" class=\"aligncenter wp-image-1147 size-large\" src=\"https:\/\/weltlaeden.de\/gladenbach\/wp-content\/uploads\/sites\/84\/2022\/05\/jubilaeum-gladenbach-25-683x1024.jpg\" alt=\"\" width=\"683\" height=\"1024\" srcset=\"https:\/\/weltlaeden.de\/gladenbach\/wp-content\/uploads\/sites\/84\/2022\/05\/jubilaeum-gladenbach-25-683x1024.jpg 683w, https:\/\/weltlaeden.de\/gladenbach\/wp-content\/uploads\/sites\/84\/2022\/05\/jubilaeum-gladenbach-25-200x300.jpg 200w, https:\/\/weltlaeden.de\/gladenbach\/wp-content\/uploads\/sites\/84\/2022\/05\/jubilaeum-gladenbach-25-768x1152.jpg 768w, https:\/\/weltlaeden.de\/gladenbach\/wp-content\/uploads\/sites\/84\/2022\/05\/jubilaeum-gladenbach-25-1024x1536.jpg 1024w, https:\/\/weltlaeden.de\/gladenbach\/wp-content\/uploads\/sites\/84\/2022\/05\/jubilaeum-gladenbach-25-1365x2048.jpg 1365w, https:\/\/weltlaeden.de\/gladenbach\/wp-content\/uploads\/sites\/84\/2022\/05\/jubilaeum-gladenbach-25-scaled.jpg 1280w\" sizes=\"auto, (max-width: 683px) 100vw, 683px\" \/><img loading=\"lazy\" decoding=\"async\" class=\"aligncenter wp-image-1148 size-large\" src=\"https:\/\/weltlaeden.de\/gladenbach\/wp-content\/uploads\/sites\/84\/2022\/05\/jubilaeum-gladenbach-21-1024x683.jpg\" alt=\"\" width=\"1024\" height=\"683\" srcset=\"https:\/\/weltlaeden.de\/gladenbach\/wp-content\/uploads\/sites\/84\/2022\/05\/jubilaeum-gladenbach-21-1024x683.jpg 1024w, https:\/\/weltlaeden.de\/gladenbach\/wp-content\/uploads\/sites\/84\/2022\/05\/jubilaeum-gladenbach-21-300x200.jpg 300w, https:\/\/weltlaeden.de\/gladenbach\/wp-content\/uploads\/sites\/84\/2022\/05\/jubilaeum-gladenbach-21-768x512.jpg 768w, https:\/\/weltlaeden.de\/gladenbach\/wp-content\/uploads\/sites\/84\/2022\/05\/jubilaeum-gladenbach-21-1536x1024.jpg 1536w, https:\/\/weltlaeden.de\/gladenbach\/wp-content\/uploads\/sites\/84\/2022\/05\/jubilaeum-gladenbach-21-2048x1365.jpg 2048w, https:\/\/weltlaeden.de\/gladenbach\/wp-content\/uploads\/sites\/84\/2022\/05\/jubilaeum-gladenbach-21-scaled.jpg 1920w\" sizes=\"auto, (max-width: 1024px) 100vw, 1024px\" \/><img loading=\"lazy\" decoding=\"async\" class=\"aligncenter wp-image-1149 size-large\" src=\"https:\/\/weltlaeden.de\/gladenbach\/wp-content\/uploads\/sites\/84\/2022\/05\/jubilaeum-gladenbach-20-683x1024.jpg\" alt=\"\" width=\"683\" height=\"1024\" srcset=\"https:\/\/weltlaeden.de\/gladenbach\/wp-content\/uploads\/sites\/84\/2022\/05\/jubilaeum-gladenbach-20-683x1024.jpg 683w, https:\/\/weltlaeden.de\/gladenbach\/wp-content\/uploads\/sites\/84\/2022\/05\/jubilaeum-gladenbach-20-200x300.jpg 200w, https:\/\/weltlaeden.de\/gladenbach\/wp-content\/uploads\/sites\/84\/2022\/05\/jubilaeum-gladenbach-20-768x1152.jpg 768w, https:\/\/weltlaeden.de\/gladenbach\/wp-content\/uploads\/sites\/84\/2022\/05\/jubilaeum-gladenbach-20-1024x1536.jpg 1024w, https:\/\/weltlaeden.de\/gladenbach\/wp-content\/uploads\/sites\/84\/2022\/05\/jubilaeum-gladenbach-20-1365x2048.jpg 1365w, https:\/\/weltlaeden.de\/gladenbach\/wp-content\/uploads\/sites\/84\/2022\/05\/jubilaeum-gladenbach-20-scaled.jpg 1280w\" sizes=\"auto, (max-width: 683px) 100vw, 683px\" \/><img loading=\"lazy\" decoding=\"async\" class=\"aligncenter wp-image-1150 size-large\" src=\"https:\/\/weltlaeden.de\/gladenbach\/wp-content\/uploads\/sites\/84\/2022\/05\/jubilaeum-gladenbach-13-683x1024.jpg\" alt=\"\" width=\"683\" height=\"1024\" srcset=\"https:\/\/weltlaeden.de\/gladenbach\/wp-content\/uploads\/sites\/84\/2022\/05\/jubilaeum-gladenbach-13-683x1024.jpg 683w, https:\/\/weltlaeden.de\/gladenbach\/wp-content\/uploads\/sites\/84\/2022\/05\/jubilaeum-gladenbach-13-200x300.jpg 200w, https:\/\/weltlaeden.de\/gladenbach\/wp-content\/uploads\/sites\/84\/2022\/05\/jubilaeum-gladenbach-13-768x1152.jpg 768w, https:\/\/weltlaeden.de\/gladenbach\/wp-content\/uploads\/sites\/84\/2022\/05\/jubilaeum-gladenbach-13-1024x1536.jpg 1024w, https:\/\/weltlaeden.de\/gladenbach\/wp-content\/uploads\/sites\/84\/2022\/05\/jubilaeum-gladenbach-13-1365x2048.jpg 1365w, https:\/\/weltlaeden.de\/gladenbach\/wp-content\/uploads\/sites\/84\/2022\/05\/jubilaeum-gladenbach-13-scaled.jpg 1280w\" sizes=\"auto, (max-width: 683px) 100vw, 683px\" \/><img loading=\"lazy\" decoding=\"async\" class=\"aligncenter wp-image-1151 size-large\" src=\"https:\/\/weltlaeden.de\/gladenbach\/wp-content\/uploads\/sites\/84\/2022\/05\/jubilaeum-gladenbach-12-1024x683.jpg\" alt=\"\" width=\"1024\" height=\"683\" srcset=\"https:\/\/weltlaeden.de\/gladenbach\/wp-content\/uploads\/sites\/84\/2022\/05\/jubilaeum-gladenbach-12-1024x683.jpg 1024w, https:\/\/weltlaeden.de\/gladenbach\/wp-content\/uploads\/sites\/84\/2022\/05\/jubilaeum-gladenbach-12-300x200.jpg 300w, https:\/\/weltlaeden.de\/gladenbach\/wp-content\/uploads\/sites\/84\/2022\/05\/jubilaeum-gladenbach-12-768x512.jpg 768w, https:\/\/weltlaeden.de\/gladenbach\/wp-content\/uploads\/sites\/84\/2022\/05\/jubilaeum-gladenbach-12-1536x1024.jpg 1536w, https:\/\/weltlaeden.de\/gladenbach\/wp-content\/uploads\/sites\/84\/2022\/05\/jubilaeum-gladenbach-12-2048x1365.jpg 2048w, https:\/\/weltlaeden.de\/gladenbach\/wp-content\/uploads\/sites\/84\/2022\/05\/jubilaeum-gladenbach-12-scaled.jpg 1920w\" sizes=\"auto, (max-width: 1024px) 100vw, 1024px\" \/><img loading=\"lazy\" decoding=\"async\" class=\"aligncenter wp-image-1152 size-large\" src=\"https:\/\/weltlaeden.de\/gladenbach\/wp-content\/uploads\/sites\/84\/2022\/05\/jubilaeum-gladenbach-3-683x1024.jpg\" alt=\"\" width=\"683\" height=\"1024\" srcset=\"https:\/\/weltlaeden.de\/gladenbach\/wp-content\/uploads\/sites\/84\/2022\/05\/jubilaeum-gladenbach-3-683x1024.jpg 683w, https:\/\/weltlaeden.de\/gladenbach\/wp-content\/uploads\/sites\/84\/2022\/05\/jubilaeum-gladenbach-3-200x300.jpg 200w, https:\/\/weltlaeden.de\/gladenbach\/wp-content\/uploads\/sites\/84\/2022\/05\/jubilaeum-gladenbach-3-768x1152.jpg 768w, https:\/\/weltlaeden.de\/gladenbach\/wp-content\/uploads\/sites\/84\/2022\/05\/jubilaeum-gladenbach-3-1024x1536.jpg 1024w, https:\/\/weltlaeden.de\/gladenbach\/wp-content\/uploads\/sites\/84\/2022\/05\/jubilaeum-gladenbach-3-1365x2048.jpg 1365w, https:\/\/weltlaeden.de\/gladenbach\/wp-content\/uploads\/sites\/84\/2022\/05\/jubilaeum-gladenbach-3-scaled.jpg 1280w\" sizes=\"auto, (max-width: 683px) 100vw, 683px\" \/><img loading=\"lazy\" decoding=\"async\" class=\"aligncenter wp-image-1154 size-large\" src=\"https:\/\/weltlaeden.de\/gladenbach\/wp-content\/uploads\/sites\/84\/2022\/05\/jubilaeum-gladenbach-97-683x1024.jpg\" alt=\"\" width=\"683\" height=\"1024\" srcset=\"https:\/\/weltlaeden.de\/gladenbach\/wp-content\/uploads\/sites\/84\/2022\/05\/jubilaeum-gladenbach-97-683x1024.jpg 683w, https:\/\/weltlaeden.de\/gladenbach\/wp-content\/uploads\/sites\/84\/2022\/05\/jubilaeum-gladenbach-97-200x300.jpg 200w, https:\/\/weltlaeden.de\/gladenbach\/wp-content\/uploads\/sites\/84\/2022\/05\/jubilaeum-gladenbach-97-768x1152.jpg 768w, https:\/\/weltlaeden.de\/gladenbach\/wp-content\/uploads\/sites\/84\/2022\/05\/jubilaeum-gladenbach-97-1024x1536.jpg 1024w, https:\/\/weltlaeden.de\/gladenbach\/wp-content\/uploads\/sites\/84\/2022\/05\/jubilaeum-gladenbach-97-1365x2048.jpg 1365w, https:\/\/weltlaeden.de\/gladenbach\/wp-content\/uploads\/sites\/84\/2022\/05\/jubilaeum-gladenbach-97-scaled.jpg 1280w\" sizes=\"auto, (max-width: 683px) 100vw, 683px\" \/>[\/vc_column_text][\/vc_column][\/vc_row]<\/p>\n<\/div>","protected":false},"excerpt":{"rendered":"<p>[vc_row][vc_column][vc_row_inner][vc_column_inner][vc_single_image image=&#8220;1808&#8243; img_size=&#8220;large&#8220; css=&#8220;&#8220;][vc_column_text css=&#8220;&#8220;] \u00dcber den Weltladen Gladenbach Unsere Arbeit begann 1982 als Teil der evangelischen Kirchengemeinde. Vom kleinen Raum im Gemeindehaus konnten wir uns mit drei Umz\u00fcgen jeweils \u201everbessern\u201c, d. h. die R\u00e4ume wurden immer gr\u00f6\u00dfer und sch\u00f6ner, bekamen immer mehr Schaufenster und auch der Umsatz stieg. An unserem jetzigen Standort erhalten wir&hellip;<\/p>\n","protected":false},"author":1,"featured_media":0,"parent":0,"menu_order":9,"comment_status":"closed","ping_status":"closed","template":"","meta":{"footnotes":""},"class_list":["post-219","page","type-page","status-publish","hentry","description-off"],"yoast_head":"<!-- This site is optimized with the Yoast SEO plugin v26.8 - https:\/\/yoast.com\/product\/yoast-seo-wordpress\/ -->\n<title>\u00dcber uns - Weltladen Gladenbach<\/title>\n<meta name=\"robots\" content=\"index, follow, max-snippet:-1, max-image-preview:large, max-video-preview:-1\" \/>\n<link rel=\"canonical\" href=\"https:\/\/weltlaeden.de\/gladenbach\/ueber-uns\/\" \/>\n<meta property=\"og:locale\" content=\"de_DE\" \/>\n<meta property=\"og:type\" content=\"article\" \/>\n<meta property=\"og:title\" content=\"\u00dcber uns - Weltladen Gladenbach\" \/>\n<meta property=\"og:description\" content=\"[vc_row][vc_column][vc_row_inner][vc_column_inner][vc_single_image image=&#8220;1808&#8243; img_size=&#8220;large&#8220; css=&#8220;&#8220;][vc_column_text css=&#8220;&#8220;] \u00dcber den Weltladen Gladenbach Unsere Arbeit begann 1982 als Teil der evangelischen Kirchengemeinde. Vom kleinen Raum im Gemeindehaus konnten wir uns mit drei Umz\u00fcgen jeweils \u201everbessern\u201c, d. h. die R\u00e4ume wurden immer gr\u00f6\u00dfer und sch\u00f6ner, bekamen immer mehr Schaufenster und auch der Umsatz stieg. An unserem jetzigen Standort erhalten wir&hellip;\" \/>\n<meta property=\"og:url\" content=\"https:\/\/weltlaeden.de\/gladenbach\/ueber-uns\/\" \/>\n<meta property=\"og:site_name\" content=\"Weltladen Gladenbach\" \/>\n<meta property=\"article:modified_time\" content=\"2026-01-18T15:29:38+00:00\" \/>\n<meta property=\"og:image\" content=\"https:\/\/weltlaeden.de\/gladenbach\/wp-content\/uploads\/sites\/84\/2022\/05\/Weltladenjubilaeum-1024x717.jpg\" \/>\n<meta name=\"twitter:card\" content=\"summary_large_image\" \/>\n<meta name=\"twitter:label1\" content=\"Gesch\u00e4tzte Lesezeit\" \/>\n\t<meta name=\"twitter:data1\" content=\"10\u00a0Minuten\" \/>\n<script type=\"application\/ld+json\" class=\"yoast-schema-graph\">{\"@context\":\"https:\/\/schema.org\",\"@graph\":[{\"@type\":\"WebPage\",\"@id\":\"https:\/\/weltlaeden.de\/gladenbach\/ueber-uns\/\",\"url\":\"https:\/\/weltlaeden.de\/gladenbach\/ueber-uns\/\",\"name\":\"\u00dcber uns - Weltladen Gladenbach\",\"isPartOf\":{\"@id\":\"https:\/\/weltlaeden.de\/gladenbach\/#website\"},\"primaryImageOfPage\":{\"@id\":\"https:\/\/weltlaeden.de\/gladenbach\/ueber-uns\/#primaryimage\"},\"image\":{\"@id\":\"https:\/\/weltlaeden.de\/gladenbach\/ueber-uns\/#primaryimage\"},\"thumbnailUrl\":\"https:\/\/weltlaeden.de\/gladenbach\/wp-content\/uploads\/sites\/84\/2022\/05\/Weltladenjubilaeum-1024x717.jpg\",\"datePublished\":\"2016-10-28T11:34:47+00:00\",\"dateModified\":\"2026-01-18T15:29:38+00:00\",\"breadcrumb\":{\"@id\":\"https:\/\/weltlaeden.de\/gladenbach\/ueber-uns\/#breadcrumb\"},\"inLanguage\":\"de\",\"potentialAction\":[{\"@type\":\"ReadAction\",\"target\":[\"https:\/\/weltlaeden.de\/gladenbach\/ueber-uns\/\"]}]},{\"@type\":\"ImageObject\",\"inLanguage\":\"de\",\"@id\":\"https:\/\/weltlaeden.de\/gladenbach\/ueber-uns\/#primaryimage\",\"url\":\"https:\/\/weltlaeden.de\/gladenbach\/wp-content\/uploads\/sites\/84\/2022\/05\/Weltladenjubilaeum.jpg\",\"contentUrl\":\"https:\/\/weltlaeden.de\/gladenbach\/wp-content\/uploads\/sites\/84\/2022\/05\/Weltladenjubilaeum.jpg\",\"width\":1125,\"height\":788},{\"@type\":\"BreadcrumbList\",\"@id\":\"https:\/\/weltlaeden.de\/gladenbach\/ueber-uns\/#breadcrumb\",\"itemListElement\":[{\"@type\":\"ListItem\",\"position\":1,\"name\":\"Startseite\",\"item\":\"https:\/\/weltlaeden.de\/gladenbach\/\"},{\"@type\":\"ListItem\",\"position\":2,\"name\":\"\u00dcber uns\"}]},{\"@type\":\"WebSite\",\"@id\":\"https:\/\/weltlaeden.de\/gladenbach\/#website\",\"url\":\"https:\/\/weltlaeden.de\/gladenbach\/\",\"name\":\"Weltladen Gladenbach\",\"description\":\"Faire Produkte seit 1990\",\"potentialAction\":[{\"@type\":\"SearchAction\",\"target\":{\"@type\":\"EntryPoint\",\"urlTemplate\":\"https:\/\/weltlaeden.de\/gladenbach\/?s={search_term_string}\"},\"query-input\":{\"@type\":\"PropertyValueSpecification\",\"valueRequired\":true,\"valueName\":\"search_term_string\"}}],\"inLanguage\":\"de\"}]}<\/script>\n<!-- \/ Yoast SEO plugin. -->","yoast_head_json":{"title":"\u00dcber uns - Weltladen Gladenbach","robots":{"index":"index","follow":"follow","max-snippet":"max-snippet:-1","max-image-preview":"max-image-preview:large","max-video-preview":"max-video-preview:-1"},"canonical":"https:\/\/weltlaeden.de\/gladenbach\/ueber-uns\/","og_locale":"de_DE","og_type":"article","og_title":"\u00dcber uns - Weltladen Gladenbach","og_description":"[vc_row][vc_column][vc_row_inner][vc_column_inner][vc_single_image image=&#8220;1808&#8243; img_size=&#8220;large&#8220; css=&#8220;&#8220;][vc_column_text css=&#8220;&#8220;] \u00dcber den Weltladen Gladenbach Unsere Arbeit begann 1982 als Teil der evangelischen Kirchengemeinde. Vom kleinen Raum im Gemeindehaus konnten wir uns mit drei Umz\u00fcgen jeweils \u201everbessern\u201c, d. h. die R\u00e4ume wurden immer gr\u00f6\u00dfer und sch\u00f6ner, bekamen immer mehr Schaufenster und auch der Umsatz stieg. An unserem jetzigen Standort erhalten wir&hellip;","og_url":"https:\/\/weltlaeden.de\/gladenbach\/ueber-uns\/","og_site_name":"Weltladen Gladenbach","article_modified_time":"2026-01-18T15:29:38+00:00","og_image":[{"url":"https:\/\/weltlaeden.de\/gladenbach\/wp-content\/uploads\/sites\/84\/2022\/05\/Weltladenjubilaeum-1024x717.jpg","type":"","width":"","height":""}],"twitter_card":"summary_large_image","twitter_misc":{"Gesch\u00e4tzte Lesezeit":"10\u00a0Minuten"},"schema":{"@context":"https:\/\/schema.org","@graph":[{"@type":"WebPage","@id":"https:\/\/weltlaeden.de\/gladenbach\/ueber-uns\/","url":"https:\/\/weltlaeden.de\/gladenbach\/ueber-uns\/","name":"\u00dcber uns - Weltladen Gladenbach","isPartOf":{"@id":"https:\/\/weltlaeden.de\/gladenbach\/#website"},"primaryImageOfPage":{"@id":"https:\/\/weltlaeden.de\/gladenbach\/ueber-uns\/#primaryimage"},"image":{"@id":"https:\/\/weltlaeden.de\/gladenbach\/ueber-uns\/#primaryimage"},"thumbnailUrl":"https:\/\/weltlaeden.de\/gladenbach\/wp-content\/uploads\/sites\/84\/2022\/05\/Weltladenjubilaeum-1024x717.jpg","datePublished":"2016-10-28T11:34:47+00:00","dateModified":"2026-01-18T15:29:38+00:00","breadcrumb":{"@id":"https:\/\/weltlaeden.de\/gladenbach\/ueber-uns\/#breadcrumb"},"inLanguage":"de","potentialAction":[{"@type":"ReadAction","target":["https:\/\/weltlaeden.de\/gladenbach\/ueber-uns\/"]}]},{"@type":"ImageObject","inLanguage":"de","@id":"https:\/\/weltlaeden.de\/gladenbach\/ueber-uns\/#primaryimage","url":"https:\/\/weltlaeden.de\/gladenbach\/wp-content\/uploads\/sites\/84\/2022\/05\/Weltladenjubilaeum.jpg","contentUrl":"https:\/\/weltlaeden.de\/gladenbach\/wp-content\/uploads\/sites\/84\/2022\/05\/Weltladenjubilaeum.jpg","width":1125,"height":788},{"@type":"BreadcrumbList","@id":"https:\/\/weltlaeden.de\/gladenbach\/ueber-uns\/#breadcrumb","itemListElement":[{"@type":"ListItem","position":1,"name":"Startseite","item":"https:\/\/weltlaeden.de\/gladenbach\/"},{"@type":"ListItem","position":2,"name":"\u00dcber uns"}]},{"@type":"WebSite","@id":"https:\/\/weltlaeden.de\/gladenbach\/#website","url":"https:\/\/weltlaeden.de\/gladenbach\/","name":"Weltladen Gladenbach","description":"Faire Produkte seit 1990","potentialAction":[{"@type":"SearchAction","target":{"@type":"EntryPoint","urlTemplate":"https:\/\/weltlaeden.de\/gladenbach\/?s={search_term_string}"},"query-input":{"@type":"PropertyValueSpecification","valueRequired":true,"valueName":"search_term_string"}}],"inLanguage":"de"}]}},"_links":{"self":[{"href":"https:\/\/weltlaeden.de\/gladenbach\/wp-json\/wp\/v2\/pages\/219","targetHints":{"allow":["GET"]}}],"collection":[{"href":"https:\/\/weltlaeden.de\/gladenbach\/wp-json\/wp\/v2\/pages"}],"about":[{"href":"https:\/\/weltlaeden.de\/gladenbach\/wp-json\/wp\/v2\/types\/page"}],"author":[{"embeddable":true,"href":"https:\/\/weltlaeden.de\/gladenbach\/wp-json\/wp\/v2\/users\/1"}],"replies":[{"embeddable":true,"href":"https:\/\/weltlaeden.de\/gladenbach\/wp-json\/wp\/v2\/comments?post=219"}],"version-history":[{"count":27,"href":"https:\/\/weltlaeden.de\/gladenbach\/wp-json\/wp\/v2\/pages\/219\/revisions"}],"predecessor-version":[{"id":1811,"href":"https:\/\/weltlaeden.de\/gladenbach\/wp-json\/wp\/v2\/pages\/219\/revisions\/1811"}],"wp:attachment":[{"href":"https:\/\/weltlaeden.de\/gladenbach\/wp-json\/wp\/v2\/media?parent=219"}],"curies":[{"name":"wp","href":"https:\/\/api.w.org\/{rel}","templated":true}]}}