{"version":"1.0","provider_name":"Weltladen Gladenbach","provider_url":"https:\/\/weltlaeden.de\/gladenbach","title":"\u00dcber uns - Weltladen Gladenbach","type":"rich","width":600,"height":338,"html":"<blockquote class=\"wp-embedded-content\" data-secret=\"ijNW58Zjrw\"><a href=\"https:\/\/weltlaeden.de\/gladenbach\/ueber-uns\/\">\u00dcber uns<\/a><\/blockquote><iframe sandbox=\"allow-scripts\" security=\"restricted\" src=\"https:\/\/weltlaeden.de\/gladenbach\/ueber-uns\/embed\/#?secret=ijNW58Zjrw\" width=\"600\" height=\"338\" title=\"&#8222;\u00dcber uns&#8220; &#8211; Weltladen Gladenbach\" data-secret=\"ijNW58Zjrw\" frameborder=\"0\" marginwidth=\"0\" marginheight=\"0\" scrolling=\"no\" class=\"wp-embedded-content\"><\/iframe><script>\n\/*! This file is auto-generated *\/\n!function(d,l){\"use strict\";l.querySelector&&d.addEventListener&&\"undefined\"!=typeof URL&&(d.wp=d.wp||{},d.wp.receiveEmbedMessage||(d.wp.receiveEmbedMessage=function(e){var t=e.data;if((t||t.secret||t.message||t.value)&&!\/[^a-zA-Z0-9]\/.test(t.secret)){for(var s,r,n,a=l.querySelectorAll('iframe[data-secret=\"'+t.secret+'\"]'),o=l.querySelectorAll('blockquote[data-secret=\"'+t.secret+'\"]'),c=new RegExp(\"^https?:$\",\"i\"),i=0;i<o.length;i++)o[i].style.display=\"none\";for(i=0;i<a.length;i++)s=a[i],e.source===s.contentWindow&&(s.removeAttribute(\"style\"),\"height\"===t.message?(1e3<(r=parseInt(t.value,10))?r=1e3:~~r<200&&(r=200),s.height=r):\"link\"===t.message&&(r=new URL(s.getAttribute(\"src\")),n=new URL(t.value),c.test(n.protocol))&&n.host===r.host&&l.activeElement===s&&(d.top.location.href=t.value))}},d.addEventListener(\"message\",d.wp.receiveEmbedMessage,!1),l.addEventListener(\"DOMContentLoaded\",function(){for(var e,t,s=l.querySelectorAll(\"iframe.wp-embedded-content\"),r=0;r<s.length;r++)(t=(e=s[r]).getAttribute(\"data-secret\"))||(t=Math.random().toString(36).substring(2,12),e.src+=\"#?secret=\"+t,e.setAttribute(\"data-secret\",t)),e.contentWindow.postMessage({message:\"ready\",secret:t},\"*\")},!1)))}(window,document);\n<\/script>\n","description":"[vc_row][vc_column][vc_row_inner][vc_column_inner][vc_single_image image=&#8220;1808&#8243; img_size=&#8220;large&#8220; css=&#8220;&#8220;][vc_column_text css=&#8220;&#8220;] \u00dcber den Weltladen Gladenbach Unsere Arbeit begann 1982 als Teil der evangelischen Kirchengemeinde. Vom kleinen Raum im Gemeindehaus konnten wir uns mit drei Umz\u00fcgen jeweils \u201everbessern\u201c, d. h. die R\u00e4ume wurden immer gr\u00f6\u00dfer und sch\u00f6ner, bekamen immer mehr Schaufenster und auch der Umsatz stieg. An unserem jetzigen Standort erhalten wir&hellip;","thumbnail_url":"https:\/\/weltlaeden.de\/gladenbach\/wp-content\/uploads\/sites\/84\/2022\/05\/Weltladenjubilaeum-1024x717.jpg"}