{"version":"1.0","provider_name":"Weltladen Gem\u00fcnden","provider_url":"https:\/\/weltlaeden.de\/gemuenden","title":"Bestellmesse in Rottendorf - Weltladen Gem\u00fcnden","type":"rich","width":600,"height":338,"html":"<blockquote class=\"wp-embedded-content\" data-secret=\"VXxEjvg8az\"><a href=\"https:\/\/weltlaeden.de\/gemuenden\/bestellmesse-in-rottendorf\/\">Bestellmesse in Rottendorf<\/a><\/blockquote><iframe sandbox=\"allow-scripts\" security=\"restricted\" src=\"https:\/\/weltlaeden.de\/gemuenden\/bestellmesse-in-rottendorf\/embed\/#?secret=VXxEjvg8az\" width=\"600\" height=\"338\" title=\"&#8222;Bestellmesse in Rottendorf&#8220; &#8211; Weltladen Gem\u00fcnden\" data-secret=\"VXxEjvg8az\" frameborder=\"0\" marginwidth=\"0\" marginheight=\"0\" scrolling=\"no\" class=\"wp-embedded-content\"><\/iframe><script>\n\/*! This file is auto-generated *\/\n!function(d,l){\"use strict\";l.querySelector&&d.addEventListener&&\"undefined\"!=typeof URL&&(d.wp=d.wp||{},d.wp.receiveEmbedMessage||(d.wp.receiveEmbedMessage=function(e){var t=e.data;if((t||t.secret||t.message||t.value)&&!\/[^a-zA-Z0-9]\/.test(t.secret)){for(var s,r,n,a=l.querySelectorAll('iframe[data-secret=\"'+t.secret+'\"]'),o=l.querySelectorAll('blockquote[data-secret=\"'+t.secret+'\"]'),c=new RegExp(\"^https?:$\",\"i\"),i=0;i<o.length;i++)o[i].style.display=\"none\";for(i=0;i<a.length;i++)s=a[i],e.source===s.contentWindow&&(s.removeAttribute(\"style\"),\"height\"===t.message?(1e3<(r=parseInt(t.value,10))?r=1e3:~~r<200&&(r=200),s.height=r):\"link\"===t.message&&(r=new URL(s.getAttribute(\"src\")),n=new URL(t.value),c.test(n.protocol))&&n.host===r.host&&l.activeElement===s&&(d.top.location.href=t.value))}},d.addEventListener(\"message\",d.wp.receiveEmbedMessage,!1),l.addEventListener(\"DOMContentLoaded\",function(){for(var e,t,s=l.querySelectorAll(\"iframe.wp-embedded-content\"),r=0;r<s.length;r++)(t=(e=s[r]).getAttribute(\"data-secret\"))||(t=Math.random().toString(36).substring(2,12),e.src+=\"#?secret=\"+t,e.setAttribute(\"data-secret\",t)),e.contentWindow.postMessage({message:\"ready\",secret:t},\"*\")},!1)))}(window,document);\n<\/script>\n","thumbnail_url":"https:\/\/weltlaeden.de\/gemuenden\/wp-content\/uploads\/sites\/141\/2026\/02\/1000056385.jpg","thumbnail_width":1000,"thumbnail_height":750,"description":"Der Fr\u00fchling ist da und vieles wird wieder neu und bl\u00fcht und ist bunt. Auch im Sortiment der Importeure im Fairen Handel wird Anfang des Jahres vieles neu und bunt. Zeit f\u00fcr Verantwortliche aus unserem Ladenteam zur Ordermesse nach Rottendorf zu fahren, wohin einige gro\u00dfe faire Importorganisationen die Weltl\u00e4den aus der Region Mainfranken eingeladen hatten.&hellip;"}