{"id":587,"date":"2020-06-27T10:57:31","date_gmt":"2020-06-27T08:57:31","guid":{"rendered":"https:\/\/weltlaeden.de\/gelnhausen\/bildungsarbeit\/fairer-stadtrundgang\/"},"modified":"2025-04-07T19:47:05","modified_gmt":"2025-04-07T17:47:05","slug":"fairer-stadtrundgang","status":"publish","type":"page","link":"https:\/\/weltlaeden.de\/gelnhausen\/bildungsarbeit\/fairer-stadtrundgang\/","title":{"rendered":"Fairer Stadtrundgang"},"content":{"rendered":"<h1 style=\"text-align: center\">\u00a0 <img loading=\"lazy\" decoding=\"async\" class=\"alignnone wp-image-936\" src=\"https:\/\/weltlaeden.de\/gelnhausen\/wp-content\/uploads\/sites\/135\/2020\/07\/20180922_151947k-300x233.jpg\" alt=\"\" width=\"226\" height=\"175\" srcset=\"https:\/\/weltlaeden.de\/gelnhausen\/wp-content\/uploads\/sites\/135\/2020\/07\/20180922_151947k-300x233.jpg 300w, https:\/\/weltlaeden.de\/gelnhausen\/wp-content\/uploads\/sites\/135\/2020\/07\/20180922_151947k.jpg 729w\" sizes=\"auto, (max-width: 226px) 100vw, 226px\" \/> <img loading=\"lazy\" decoding=\"async\" class=\"alignnone wp-image-703\" src=\"https:\/\/weltlaeden.de\/gelnhausen\/wp-content\/uploads\/sites\/135\/2020\/07\/20190527_151306-146x300.jpg\" alt=\"\" width=\"85\" height=\"175\" srcset=\"https:\/\/weltlaeden.de\/gelnhausen\/wp-content\/uploads\/sites\/135\/2020\/07\/20190527_151306-146x300.jpg 146w, https:\/\/weltlaeden.de\/gelnhausen\/wp-content\/uploads\/sites\/135\/2020\/07\/20190527_151306-768x1580.jpg 768w, https:\/\/weltlaeden.de\/gelnhausen\/wp-content\/uploads\/sites\/135\/2020\/07\/20190527_151306-498x1024.jpg 498w, https:\/\/weltlaeden.de\/gelnhausen\/wp-content\/uploads\/sites\/135\/2020\/07\/20190527_151306.jpg 933w\" sizes=\"auto, (max-width: 85px) 100vw, 85px\" \/> <img loading=\"lazy\" decoding=\"async\" class=\"alignnone wp-image-932\" src=\"https:\/\/weltlaeden.de\/gelnhausen\/wp-content\/uploads\/sites\/135\/2020\/07\/20180922_154430k-300x245.jpg\" alt=\"\" width=\"214\" height=\"175\" srcset=\"https:\/\/weltlaeden.de\/gelnhausen\/wp-content\/uploads\/sites\/135\/2020\/07\/20180922_154430k-300x245.jpg 300w, https:\/\/weltlaeden.de\/gelnhausen\/wp-content\/uploads\/sites\/135\/2020\/07\/20180922_154430k.jpg 527w\" sizes=\"auto, (max-width: 214px) 100vw, 214px\" \/><\/h1>\n<h1 style=\"text-align: center\">Fairer Stadtrundgang<\/h1>\n<h2 style=\"text-align: center\">Gelnhausen &#8211; global und fair<\/h2>\n<h3 style=\"text-align: center\">Ein konsumkritischer Rundgang durch die Faire Stadt Gelnhausen<\/h3>\n<p style=\"text-align: justify\">Im Mittelalter war Gelnhausen eine bedeutende Handelsstadt und auf den beiden Marktpl\u00e4tzen wurden Waren aus fernen L\u00e4ndern angeboten. Seit 2011 ist Gelnhausen als &#8222;Fairtrade Stadt&#8220; zertifiziert.<\/p>\n<p style=\"text-align: justify\">Bei unserem Rundgang besuchen wir Sehensw\u00fcrdigkeiten, die einen historischen Bezug zum Handel haben und zeigen beispielhaft auf, wie sich der globale Handel heute auswirkt. Wir wollen informieren, wie Fairer Handel funktioniert, und zum Nachdenken dar\u00fcber anregen, wie wir nachhaltiger konsumieren k\u00f6nnen.<\/p>\n<p style=\"text-align: justify\">Der Rundgang von etwa 1,5 km L\u00e4nge dauert ca 90 Minuten und endet im Weltladen. Dort ist Gelegenheit, bei bio-fairen Getr\u00e4nken und Geb\u00e4ck weitere Fragen zu diskutieren.<\/p>\n<h1><img loading=\"lazy\" decoding=\"async\" class=\"alignnone size-medium wp-image-702 aligncenter\" src=\"https:\/\/weltlaeden.de\/gelnhausen\/wp-content\/uploads\/sites\/135\/2020\/07\/P1070808-300x171.jpg\" alt=\"\" width=\"300\" height=\"171\" srcset=\"https:\/\/weltlaeden.de\/gelnhausen\/wp-content\/uploads\/sites\/135\/2020\/07\/P1070808-300x171.jpg 300w, https:\/\/weltlaeden.de\/gelnhausen\/wp-content\/uploads\/sites\/135\/2020\/07\/P1070808-768x439.jpg 768w, https:\/\/weltlaeden.de\/gelnhausen\/wp-content\/uploads\/sites\/135\/2020\/07\/P1070808-1024x585.jpg 1024w, https:\/\/weltlaeden.de\/gelnhausen\/wp-content\/uploads\/sites\/135\/2020\/07\/P1070808.jpg 1920w\" sizes=\"auto, (max-width: 300px) 100vw, 300px\" \/><\/h1>\n<p style=\"text-align: center\">Weltladen Gie\u00dfen beim Fairen Stadtrundgang 2019<\/p>\n<p>&nbsp;<\/p>\n<h1 style=\"text-align: center\"><strong>Gelnhausen und der Kautschuk<\/strong><\/h1>\n<h2 style=\"text-align: center\"><strong>Eine Radtour entlang der &#8222;Gummiroute&#8220;\u00a0<\/strong><\/h2>\n<p class=\"p1\">Nicht jeder wei\u00df, dass die \u00e4lteste gummiverarbeitende Firma Deutschlands ihren Sitz in Gelnhausen hat, es weitere Firmen aus dieser Branche in unserer Stadt gibt und hier auch eine Fachschule f\u00fcr Kautschuk- und Kunststofftechnik angesiedelt ist.<\/p>\n<p class=\"p1\">Dar\u00fcber und \u00fcber die wechselvolle Geschichte der Kautschukgewinnung und -verarbeitung, vom Kautschukboom im Amazonasgebiet \u00fcber den britischen und franz\u00f6sischen Plantagenanbau in S\u00fcdostasien, der Herstellung von synthetischem Kautschuk und dessen Bedeutung in der Kriegsf\u00fchrung des Zweiten Weltkriegs bis zu aktuellen Entwicklungen k\u00f6nnen Sie sich informieren. Es werden immer wieder Verbindungen zwischen den globalen Entwicklungen und den lokalen Gegebenheiten hergestellt, und die Ausbeutung menschlicher und \u00f6kologischer Ressourcen bis in die Gegenwart wird deutlich. \u201eFairer Kautschuk\u201c kann einen bedeutenden Beitrag f\u00fcr die Verbesserung der Arbeits- und Lebensbedingungen von Prim\u00e4r-erzeugern des Gummis und f\u00fcr eine umwelt-schonende Produktion leisten. Beispielhaft werden einige Produkte aus fairem Kautschuk vorgestellt, die im Weltladen Gelnhausen erh\u00e4ltlich sind.<\/p>\n<p class=\"p1\">Die Rundfahrt von etwa 5 km L\u00e4nge dauert 2,5 Stunden und endet vor der Firma Veritas.<\/p>\n<p class=\"p1\">Unter Umst\u00e4nden k\u00f6nnen die Stationen auch mit dem Auto angefahren werden.<\/p>\n<p><strong><img loading=\"lazy\" decoding=\"async\" class=\"size-medium wp-image-1450 aligncenter\" src=\"https:\/\/weltlaeden.de\/gelnhausen\/wp-content\/uploads\/sites\/135\/2025\/04\/8.5.22-Kautschuk-300x225.jpg\" alt=\"\" width=\"300\" height=\"225\" srcset=\"https:\/\/weltlaeden.de\/gelnhausen\/wp-content\/uploads\/sites\/135\/2025\/04\/8.5.22-Kautschuk-300x225.jpg 300w, https:\/\/weltlaeden.de\/gelnhausen\/wp-content\/uploads\/sites\/135\/2025\/04\/8.5.22-Kautschuk-1024x768.jpg 1024w, https:\/\/weltlaeden.de\/gelnhausen\/wp-content\/uploads\/sites\/135\/2025\/04\/8.5.22-Kautschuk-768x576.jpg 768w, https:\/\/weltlaeden.de\/gelnhausen\/wp-content\/uploads\/sites\/135\/2025\/04\/8.5.22-Kautschuk-1536x1152.jpg 1536w, https:\/\/weltlaeden.de\/gelnhausen\/wp-content\/uploads\/sites\/135\/2025\/04\/8.5.22-Kautschuk.jpg 2048w\" sizes=\"auto, (max-width: 300px) 100vw, 300px\" \/><\/strong><\/p>\n<p>&nbsp;<\/p>\n<h1 style=\"text-align: center\"><strong>Wei\u00dfe Villa \u2013 Schwarzer Kaffee<\/strong><\/h1>\n<h2 style=\"text-align: center\">Ein Rundgang in Gelnhausen auf den Spuren des Kaffees<\/h2>\n<p style=\"text-align: left\">\nMitte des 19. Jahrhunderts stiegen die Gelnh\u00e4user Kaufleute Conrad Heinrich Sch\u00f6ffer und Wilhelm Sch\u00f6ffer in den<br \/>\nniederl\u00e4ndischen Kaffeemarkt ein. Durch den Handel mit den schwarzen Bohnen aus den Kolonien erwirtschafteten<br \/>\nsie ein gro\u00dfes Verm\u00f6gen. Dieses legten sie unter anderem nach ihrer R\u00fcckkehr in ihrer Heimatstadt an. Sie bauten<br \/>\nrepr\u00e4sentative gro\u00dfb\u00fcrgerliche Villen mit Parks. Au\u00dferdem bet\u00e4tigten sie sich weiterhin unternehmerisch, gesellschaftspolitisch oder auch als M\u00e4zene. Damit pr\u00e4gten sie das Stadtbild Gelnhausens, das bis heute nachwirkt.<\/p>\n<p style=\"text-align: left\">Bei einem Rundgang zu verschiedenen Orten, die im Zusammenhang mit dem Wirken der beiden Gelnh\u00e4user<br \/>\nstehen, werden die Zusammenh\u00e4nge beleuchtet.\u00a0 Weitere Informationen \u00fcber den Kaffeeanbau und die Bedingungen<br \/>\ndes Fairen Handels gibt es zum Abschluss bei einer Tasse Kaffee im Weltladen.<\/p>\n<p style=\"text-align: left\">\nDer Rundgang beginnt am Pali Kino, Gelnhausen, Herzbachweg 1 bis 3 und dauert ca 1 Stunde<\/p>\n<p class=\"p1\"><img loading=\"lazy\" decoding=\"async\" class=\"size-medium wp-image-1451 aligncenter\" src=\"https:\/\/weltlaeden.de\/gelnhausen\/wp-content\/uploads\/sites\/135\/2025\/04\/HyIhECiQpvkkb01s-300x195.png\" alt=\"\" width=\"300\" height=\"195\" srcset=\"https:\/\/weltlaeden.de\/gelnhausen\/wp-content\/uploads\/sites\/135\/2025\/04\/HyIhECiQpvkkb01s-300x195.png 300w, https:\/\/weltlaeden.de\/gelnhausen\/wp-content\/uploads\/sites\/135\/2025\/04\/HyIhECiQpvkkb01s.png 463w\" sizes=\"auto, (max-width: 300px) 100vw, 300px\" \/><\/p>\n","protected":false},"excerpt":{"rendered":"<p>\u00a0 Fairer Stadtrundgang Gelnhausen &#8211; global und fair Ein konsumkritischer Rundgang durch die Faire Stadt Gelnhausen Im Mittelalter war Gelnhausen eine bedeutende Handelsstadt und auf den beiden Marktpl\u00e4tzen wurden Waren aus fernen L\u00e4ndern angeboten. Seit 2011 ist Gelnhausen als &#8222;Fairtrade Stadt&#8220; zertifiziert. Bei unserem Rundgang besuchen wir Sehensw\u00fcrdigkeiten, die einen historischen Bezug zum Handel haben&hellip;<\/p>\n","protected":false},"author":197,"featured_media":0,"parent":486,"menu_order":2,"comment_status":"closed","ping_status":"closed","template":"","meta":{"footnotes":""},"class_list":["post-587","page","type-page","status-publish","hentry","description-off"],"yoast_head":"<!-- This site is optimized with the Yoast SEO plugin v26.8 - https:\/\/yoast.com\/product\/yoast-seo-wordpress\/ -->\n<title>Fairer Stadtrundgang - Weltladen Gelnhausen<\/title>\n<meta name=\"robots\" content=\"index, follow, max-snippet:-1, max-image-preview:large, max-video-preview:-1\" \/>\n<link rel=\"canonical\" href=\"https:\/\/weltlaeden.de\/gelnhausen\/bildungsarbeit\/fairer-stadtrundgang\/\" \/>\n<meta property=\"og:locale\" content=\"de_DE\" \/>\n<meta property=\"og:type\" content=\"article\" \/>\n<meta property=\"og:title\" content=\"Fairer Stadtrundgang - Weltladen Gelnhausen\" \/>\n<meta property=\"og:description\" content=\"\u00a0 Fairer Stadtrundgang Gelnhausen &#8211; global und fair Ein konsumkritischer Rundgang durch die Faire Stadt Gelnhausen Im Mittelalter war Gelnhausen eine bedeutende Handelsstadt und auf den beiden Marktpl\u00e4tzen wurden Waren aus fernen L\u00e4ndern angeboten. Seit 2011 ist Gelnhausen als &#8222;Fairtrade Stadt&#8220; zertifiziert. Bei unserem Rundgang besuchen wir Sehensw\u00fcrdigkeiten, die einen historischen Bezug zum Handel haben&hellip;\" \/>\n<meta property=\"og:url\" content=\"https:\/\/weltlaeden.de\/gelnhausen\/bildungsarbeit\/fairer-stadtrundgang\/\" \/>\n<meta property=\"og:site_name\" content=\"Weltladen Gelnhausen\" \/>\n<meta property=\"article:modified_time\" content=\"2025-04-07T17:47:05+00:00\" \/>\n<meta property=\"og:image\" content=\"https:\/\/weltlaeden.de\/gelnhausen\/wp-content\/uploads\/sites\/135\/2020\/07\/20180922_151947k.jpg\" \/>\n\t<meta property=\"og:image:width\" content=\"729\" \/>\n\t<meta property=\"og:image:height\" content=\"565\" \/>\n\t<meta property=\"og:image:type\" content=\"image\/jpeg\" \/>\n<meta name=\"twitter:card\" content=\"summary_large_image\" \/>\n<meta name=\"twitter:label1\" content=\"Gesch\u00e4tzte Lesezeit\" \/>\n\t<meta name=\"twitter:data1\" content=\"4\u00a0Minuten\" \/>\n<script type=\"application\/ld+json\" class=\"yoast-schema-graph\">{\"@context\":\"https:\/\/schema.org\",\"@graph\":[{\"@type\":\"WebPage\",\"@id\":\"https:\/\/weltlaeden.de\/gelnhausen\/bildungsarbeit\/fairer-stadtrundgang\/\",\"url\":\"https:\/\/weltlaeden.de\/gelnhausen\/bildungsarbeit\/fairer-stadtrundgang\/\",\"name\":\"Fairer Stadtrundgang - Weltladen Gelnhausen\",\"isPartOf\":{\"@id\":\"https:\/\/weltlaeden.de\/gelnhausen\/#website\"},\"primaryImageOfPage\":{\"@id\":\"https:\/\/weltlaeden.de\/gelnhausen\/bildungsarbeit\/fairer-stadtrundgang\/#primaryimage\"},\"image\":{\"@id\":\"https:\/\/weltlaeden.de\/gelnhausen\/bildungsarbeit\/fairer-stadtrundgang\/#primaryimage\"},\"thumbnailUrl\":\"https:\/\/weltlaeden.de\/gelnhausen\/wp-content\/uploads\/sites\/135\/2020\/07\/20180922_151947k-300x233.jpg\",\"datePublished\":\"2020-06-27T08:57:31+00:00\",\"dateModified\":\"2025-04-07T17:47:05+00:00\",\"breadcrumb\":{\"@id\":\"https:\/\/weltlaeden.de\/gelnhausen\/bildungsarbeit\/fairer-stadtrundgang\/#breadcrumb\"},\"inLanguage\":\"de\",\"potentialAction\":[{\"@type\":\"ReadAction\",\"target\":[\"https:\/\/weltlaeden.de\/gelnhausen\/bildungsarbeit\/fairer-stadtrundgang\/\"]}]},{\"@type\":\"ImageObject\",\"inLanguage\":\"de\",\"@id\":\"https:\/\/weltlaeden.de\/gelnhausen\/bildungsarbeit\/fairer-stadtrundgang\/#primaryimage\",\"url\":\"https:\/\/weltlaeden.de\/gelnhausen\/wp-content\/uploads\/sites\/135\/2020\/07\/20180922_151947k.jpg\",\"contentUrl\":\"https:\/\/weltlaeden.de\/gelnhausen\/wp-content\/uploads\/sites\/135\/2020\/07\/20180922_151947k.jpg\",\"width\":729,\"height\":565},{\"@type\":\"BreadcrumbList\",\"@id\":\"https:\/\/weltlaeden.de\/gelnhausen\/bildungsarbeit\/fairer-stadtrundgang\/#breadcrumb\",\"itemListElement\":[{\"@type\":\"ListItem\",\"position\":1,\"name\":\"Startseite\",\"item\":\"https:\/\/weltlaeden.de\/gelnhausen\/\"},{\"@type\":\"ListItem\",\"position\":2,\"name\":\"Bildungsarbeit\",\"item\":\"https:\/\/weltlaeden.de\/gelnhausen\/bildungsarbeit\/\"},{\"@type\":\"ListItem\",\"position\":3,\"name\":\"Fairer Stadtrundgang\"}]},{\"@type\":\"WebSite\",\"@id\":\"https:\/\/weltlaeden.de\/gelnhausen\/#website\",\"url\":\"https:\/\/weltlaeden.de\/gelnhausen\/\",\"name\":\"Weltladen Gelnhausen\",\"description\":\"Faire Produkte seit 1981\",\"potentialAction\":[{\"@type\":\"SearchAction\",\"target\":{\"@type\":\"EntryPoint\",\"urlTemplate\":\"https:\/\/weltlaeden.de\/gelnhausen\/?s={search_term_string}\"},\"query-input\":{\"@type\":\"PropertyValueSpecification\",\"valueRequired\":true,\"valueName\":\"search_term_string\"}}],\"inLanguage\":\"de\"}]}<\/script>\n<!-- \/ Yoast SEO plugin. -->","yoast_head_json":{"title":"Fairer Stadtrundgang - Weltladen Gelnhausen","robots":{"index":"index","follow":"follow","max-snippet":"max-snippet:-1","max-image-preview":"max-image-preview:large","max-video-preview":"max-video-preview:-1"},"canonical":"https:\/\/weltlaeden.de\/gelnhausen\/bildungsarbeit\/fairer-stadtrundgang\/","og_locale":"de_DE","og_type":"article","og_title":"Fairer Stadtrundgang - Weltladen Gelnhausen","og_description":"\u00a0 Fairer Stadtrundgang Gelnhausen &#8211; global und fair Ein konsumkritischer Rundgang durch die Faire Stadt Gelnhausen Im Mittelalter war Gelnhausen eine bedeutende Handelsstadt und auf den beiden Marktpl\u00e4tzen wurden Waren aus fernen L\u00e4ndern angeboten. Seit 2011 ist Gelnhausen als &#8222;Fairtrade Stadt&#8220; zertifiziert. Bei unserem Rundgang besuchen wir Sehensw\u00fcrdigkeiten, die einen historischen Bezug zum Handel haben&hellip;","og_url":"https:\/\/weltlaeden.de\/gelnhausen\/bildungsarbeit\/fairer-stadtrundgang\/","og_site_name":"Weltladen Gelnhausen","article_modified_time":"2025-04-07T17:47:05+00:00","og_image":[{"width":729,"height":565,"url":"https:\/\/weltlaeden.de\/gelnhausen\/wp-content\/uploads\/sites\/135\/2020\/07\/20180922_151947k.jpg","type":"image\/jpeg"}],"twitter_card":"summary_large_image","twitter_misc":{"Gesch\u00e4tzte Lesezeit":"4\u00a0Minuten"},"schema":{"@context":"https:\/\/schema.org","@graph":[{"@type":"WebPage","@id":"https:\/\/weltlaeden.de\/gelnhausen\/bildungsarbeit\/fairer-stadtrundgang\/","url":"https:\/\/weltlaeden.de\/gelnhausen\/bildungsarbeit\/fairer-stadtrundgang\/","name":"Fairer Stadtrundgang - Weltladen Gelnhausen","isPartOf":{"@id":"https:\/\/weltlaeden.de\/gelnhausen\/#website"},"primaryImageOfPage":{"@id":"https:\/\/weltlaeden.de\/gelnhausen\/bildungsarbeit\/fairer-stadtrundgang\/#primaryimage"},"image":{"@id":"https:\/\/weltlaeden.de\/gelnhausen\/bildungsarbeit\/fairer-stadtrundgang\/#primaryimage"},"thumbnailUrl":"https:\/\/weltlaeden.de\/gelnhausen\/wp-content\/uploads\/sites\/135\/2020\/07\/20180922_151947k-300x233.jpg","datePublished":"2020-06-27T08:57:31+00:00","dateModified":"2025-04-07T17:47:05+00:00","breadcrumb":{"@id":"https:\/\/weltlaeden.de\/gelnhausen\/bildungsarbeit\/fairer-stadtrundgang\/#breadcrumb"},"inLanguage":"de","potentialAction":[{"@type":"ReadAction","target":["https:\/\/weltlaeden.de\/gelnhausen\/bildungsarbeit\/fairer-stadtrundgang\/"]}]},{"@type":"ImageObject","inLanguage":"de","@id":"https:\/\/weltlaeden.de\/gelnhausen\/bildungsarbeit\/fairer-stadtrundgang\/#primaryimage","url":"https:\/\/weltlaeden.de\/gelnhausen\/wp-content\/uploads\/sites\/135\/2020\/07\/20180922_151947k.jpg","contentUrl":"https:\/\/weltlaeden.de\/gelnhausen\/wp-content\/uploads\/sites\/135\/2020\/07\/20180922_151947k.jpg","width":729,"height":565},{"@type":"BreadcrumbList","@id":"https:\/\/weltlaeden.de\/gelnhausen\/bildungsarbeit\/fairer-stadtrundgang\/#breadcrumb","itemListElement":[{"@type":"ListItem","position":1,"name":"Startseite","item":"https:\/\/weltlaeden.de\/gelnhausen\/"},{"@type":"ListItem","position":2,"name":"Bildungsarbeit","item":"https:\/\/weltlaeden.de\/gelnhausen\/bildungsarbeit\/"},{"@type":"ListItem","position":3,"name":"Fairer Stadtrundgang"}]},{"@type":"WebSite","@id":"https:\/\/weltlaeden.de\/gelnhausen\/#website","url":"https:\/\/weltlaeden.de\/gelnhausen\/","name":"Weltladen Gelnhausen","description":"Faire Produkte seit 1981","potentialAction":[{"@type":"SearchAction","target":{"@type":"EntryPoint","urlTemplate":"https:\/\/weltlaeden.de\/gelnhausen\/?s={search_term_string}"},"query-input":{"@type":"PropertyValueSpecification","valueRequired":true,"valueName":"search_term_string"}}],"inLanguage":"de"}]}},"_links":{"self":[{"href":"https:\/\/weltlaeden.de\/gelnhausen\/wp-json\/wp\/v2\/pages\/587","targetHints":{"allow":["GET"]}}],"collection":[{"href":"https:\/\/weltlaeden.de\/gelnhausen\/wp-json\/wp\/v2\/pages"}],"about":[{"href":"https:\/\/weltlaeden.de\/gelnhausen\/wp-json\/wp\/v2\/types\/page"}],"author":[{"embeddable":true,"href":"https:\/\/weltlaeden.de\/gelnhausen\/wp-json\/wp\/v2\/users\/197"}],"replies":[{"embeddable":true,"href":"https:\/\/weltlaeden.de\/gelnhausen\/wp-json\/wp\/v2\/comments?post=587"}],"version-history":[{"count":15,"href":"https:\/\/weltlaeden.de\/gelnhausen\/wp-json\/wp\/v2\/pages\/587\/revisions"}],"predecessor-version":[{"id":1452,"href":"https:\/\/weltlaeden.de\/gelnhausen\/wp-json\/wp\/v2\/pages\/587\/revisions\/1452"}],"up":[{"embeddable":true,"href":"https:\/\/weltlaeden.de\/gelnhausen\/wp-json\/wp\/v2\/pages\/486"}],"wp:attachment":[{"href":"https:\/\/weltlaeden.de\/gelnhausen\/wp-json\/wp\/v2\/media?parent=587"}],"curies":[{"name":"wp","href":"https:\/\/api.w.org\/{rel}","templated":true}]}}