{"version":"1.0","provider_name":"Weltladen Geislingen","provider_url":"https:\/\/weltlaeden.de\/geislingen","title":"10 Jahre WELTLADEN in der Schubartstra\u00dfe - Weltladen Geislingen","type":"rich","width":600,"height":338,"html":"<blockquote class=\"wp-embedded-content\" data-secret=\"LP8vtuHxfc\"><a href=\"https:\/\/weltlaeden.de\/geislingen\/10-jahre-weltladen-in-der-schubartstrasse-2\/\">10 Jahre WELTLADEN in der Schubartstra\u00dfe<\/a><\/blockquote><iframe sandbox=\"allow-scripts\" security=\"restricted\" src=\"https:\/\/weltlaeden.de\/geislingen\/10-jahre-weltladen-in-der-schubartstrasse-2\/embed\/#?secret=LP8vtuHxfc\" width=\"600\" height=\"338\" title=\"&#8222;10 Jahre WELTLADEN in der Schubartstra\u00dfe&#8220; &#8211; Weltladen Geislingen\" data-secret=\"LP8vtuHxfc\" frameborder=\"0\" marginwidth=\"0\" marginheight=\"0\" scrolling=\"no\" class=\"wp-embedded-content\"><\/iframe><script>\n\/*! This file is auto-generated *\/\n!function(d,l){\"use strict\";l.querySelector&&d.addEventListener&&\"undefined\"!=typeof URL&&(d.wp=d.wp||{},d.wp.receiveEmbedMessage||(d.wp.receiveEmbedMessage=function(e){var t=e.data;if((t||t.secret||t.message||t.value)&&!\/[^a-zA-Z0-9]\/.test(t.secret)){for(var s,r,n,a=l.querySelectorAll('iframe[data-secret=\"'+t.secret+'\"]'),o=l.querySelectorAll('blockquote[data-secret=\"'+t.secret+'\"]'),c=new RegExp(\"^https?:$\",\"i\"),i=0;i<o.length;i++)o[i].style.display=\"none\";for(i=0;i<a.length;i++)s=a[i],e.source===s.contentWindow&&(s.removeAttribute(\"style\"),\"height\"===t.message?(1e3<(r=parseInt(t.value,10))?r=1e3:~~r<200&&(r=200),s.height=r):\"link\"===t.message&&(r=new URL(s.getAttribute(\"src\")),n=new URL(t.value),c.test(n.protocol))&&n.host===r.host&&l.activeElement===s&&(d.top.location.href=t.value))}},d.addEventListener(\"message\",d.wp.receiveEmbedMessage,!1),l.addEventListener(\"DOMContentLoaded\",function(){for(var e,t,s=l.querySelectorAll(\"iframe.wp-embedded-content\"),r=0;r<s.length;r++)(t=(e=s[r]).getAttribute(\"data-secret\"))||(t=Math.random().toString(36).substring(2,12),e.src+=\"#?secret=\"+t,e.setAttribute(\"data-secret\",t)),e.contentWindow.postMessage({message:\"ready\",secret:t},\"*\")},!1)))}(window,document);\n<\/script>\n","thumbnail_url":"https:\/\/weltlaeden.de\/geislingen\/wp-content\/uploads\/sites\/73\/2019\/04\/10-Jahre-Jubil\u00e4um-Plakat.png","thumbnail_width":178,"thumbnail_height":178,"description":"Hier das druckfrische Plakat zur Jubil\u00e4umsfeier in unserem Weltladen. Auch in ganz Geislingen zu entdecken. Aufmachen zur Suche, am 18. Mai auftauchen und mitfeiern! Es gibt Snacks, Getr\u00e4nke, die Kleidertauschb\u00f6rse, Livemusik von &#8222;Konrads Spezialorchester&#8220; um 17 Uhr, Kunsthandwerk 10 % erm\u00e4\u00dfigt, sowie gute Stimmung und engagierte Idealistinnen."}