{"id":23,"date":"2016-10-14T09:05:21","date_gmt":"2016-10-14T07:05:21","guid":{"rendered":"https:\/\/wl.heimpixel.de\/vorlage\/termine\/"},"modified":"2018-11-26T15:55:31","modified_gmt":"2018-11-26T14:55:31","slug":"termine","status":"publish","type":"page","link":"https:\/\/weltlaeden.de\/freising\/termine\/","title":{"rendered":"Termine"},"content":{"rendered":"<div class=\"wpb-content-wrapper\"><p>[vc_row][vc_column]<div class=\"wl_einzelbild\"><p><img loading=\"lazy\" decoding=\"async\" class=\"aligncenter size-full wp-image-nsm-3-33\" src=\"https:\/\/weltlaeden.de\/freising\/wp-content\/uploads\/sites\/3\/2018\/07\/pocket-watch-1637396_1920_pixabay.png\" alt=\"\" width=\"787\" height=\"340\" \/><\/p><\/div>[vc_empty_space height=&#8220;30px&#8220;][vc_column_text]<\/p>\n<h1>Termine<\/h1>\n<h4><\/h4>\n<p>[\/vc_column_text][vc_empty_space height=&#8220;30px&#8220;][\/vc_column][\/vc_row][vc_row][vc_column width=&#8220;2\/3&#8243;][vc_column_text]<\/p>\n<h2>Kommende Termine<\/h2>\n<p>[\/vc_column_text]<ul class=\"termine-page current aktuell\"><li><h5 class=\"termine-titel\"><a href=\"https:\/\/weltlaeden.de\/freising\/termin\/weltladentag-2026-fair-fruchtet\/\">Weltladentag 2026: Fair fruchtet!<\/a><\/h5><p class=\"termine-date\">Sa., 09.05.2026, 08:00 bis 09.05.2026, 14:00<\/p><p class=\"termine-auszug\">Das diesj\u00e4hrige Motto \u201eFair fruchtet\u201c richtet den Blick auf globale Frucht-Lieferketten und ungleiche Machtverh\u00e4ltnisse im Handel. Fr\u00fcchte stehen f\u00fcr Vielfalt, Genuss und Lebensfreude. Doch hinter dem, was bei uns selbstverst\u00e4ndlich im Einkaufskorb landet, steckt viel Arbeit unter schwierigen Bedingungen. Am Weltladentag am 09. Mai 2026 nehmen wir diese Themen in den Blick. Neben unseren beliebten Bananen, werdet Ihr auch frische Ananas sowie weitere Angebote von Kipepeo bei uns finden k\u00f6nnen. Schau vorbei und entdecke noch weitere Aktionen von uns zum Weltladentag! &nbsp; <strong>Hier noch Links zum Weltladentag beim Weltladendachverband:<\/strong> Infos rund um die Aktion \u201eFair fruchtet\u201c: <a href=\"https:\/\/service.weltladen.de\/kampagnen-aktionen\/weltladentag\/weltladentag2026\/\" target=\"_blank\" rel=\"noopener\">https:\/\/service.weltladen.de\/kampagnen-aktionen\/weltladentag\/weltladentag2026\/<\/a> Begleitheft: <a href=\"https:\/\/www.weltladen.de\/site\/assets\/files\/68064\/wlt2026_begleitheft_2026_web-1.pdf\" target=\"_blank\" rel=\"noopener\">https:\/\/www.weltladen.de\/site\/assets\/files\/68064\/wlt2026_begleitheft_2026_web-1.pdf<\/a><\/li><li><h5 class=\"termine-titel\"><a href=\"https:\/\/weltlaeden.de\/freising\/termin\/faire-woche-2026\/\">Faire Woche 2026<\/a><\/h5><p class=\"termine-date\">Sa., 12.09.2026 bis 25.09.2026<\/p><p class=\"termine-auszug\"><\/li><\/ul>[vc_empty_space height=&#8220;30px&#8220;][vc_column_text]<\/p>\n<h2>Vergangene Termine<\/h2>\n<p>[\/vc_column_text]<ul class=\"termine-page past vergangen\"><li><h5 class=\"termine-titel\"><a href=\"https:\/\/weltlaeden.de\/freising\/termin\/podiumsdiskussion-wie-fair-will-freising-sein\/\">Podiumsdiskussion &#8211; Wie fair will Freising sein?<\/a><\/h5><p class=\"termine-date\">Mi., 04.02.2026, 19:30 bis 04.02.2026, 21:00<\/p><p class=\"termine-auszug\"><strong>Freisings OB-Kandidat*innen auf dem Pr\u00fcfstand<\/strong> Am 8. M\u00e4rz w\u00e4hlen wir Freisingerinnen und Freisinger eine neue Oberb\u00fcrgermeisterin oder einen neuen Oberb\u00fcrgermeister. Uns interessiert besonders, wie die kandidierenden zum Thema \u201eFairer Handel\u201c stehen.\u00a0Moderieren wird die Veranstaltung unter dem Titel \u201eWie FAIR will Freising sein?\u201c Dr. Alexander Fonari. <em>Veranstalter: Faires Forum Freising in Kooperation mit der vhs Freising e.V. und dem Weltladen Freising e.V.<\/em> <strong>Mehr Infos unter: <\/strong><a href=\"https:\/\/www.freising.de\/leben-wohnen\/agenda-21\/faires-forum\" target=\"_blank\" rel=\"noopener\"><strong>www.freising.de\/leben-wohnen\/agenda-21\/faires-forum<\/strong><\/a> &nbsp;<p class=termine-ort\"><small>Ort: <i>vhs Freising<\/i><\/small><\/p><\/li><li><h5 class=\"termine-titel\"><a href=\"https:\/\/weltlaeden.de\/freising\/termin\/ausstellung-fair-handeln-fuer-mensch-und-klima\/\">Ausstellung &#8211; Fair handeln f\u00fcr Mensch und Klima<\/a><\/h5><p class=\"termine-date\">Di., 03.02.2026 bis 27.02.2026<\/p><p class=\"termine-auszug\">Eine Ausstellung von Fairtrade Deutschland \u00fcber die Grunds\u00e4tze des Fairen Handels, die Vernetzung in St\u00e4dten, Schulen und Universit\u00e4ten und die Wirkungen von Fairtrade in den Anbauregionen des Globalen S\u00fcdens. Veranstalter: vhs Freising in Kooperation mit Agenda21-Gruppe Faires Forum und Fairtrade Stadt Freising vhs Freising Kammergasse 12 <strong>03. \u2013 27.02.2026<\/strong> kostenlos zug\u00e4nglich zu den \u00d6ffnungszeiten der vhs Freising<p class=termine-ort\"><small>Ort: <i>vhs Freising, Kammergasse 12<\/i><\/small><\/p><\/li><li><h5 class=\"termine-titel\"><a href=\"https:\/\/weltlaeden.de\/freising\/termin\/adventsfeier-im-laden\/\">Adventsfeier im Laden<\/a><\/h5><p class=\"termine-date\">Sa., 29.11.2025, 12:00<\/p><p class=\"termine-auszug\">Adventsfeier im Laden mit unseren Kund*innen Wie im letzten Jahr gibt es wieder ein B\u00fcfett mit selbstgemachten\/-gebackenen Leckereien, Gl\u00fchwein, Punsch und ein kleines Lagerfeuer im Feuerkorb. Herzliche Einladung an alle! \ud83c\udf84\u2764\ufe0f <p aria-hidden=\"true\"><\/p><\/li><li><h5 class=\"termine-titel\"><a href=\"https:\/\/weltlaeden.de\/freising\/termin\/schokolade-fair-naschen-eine-multivisionsshow-von-lobolmo\/\">\u201eSchokolade fair naschen!\u201c eine Multivisionsshow von lobOlmo<\/a><\/h5><p class=\"termine-date\">Mi., 12.11.2025, 19:00<\/p><p class=\"termine-auszug\">Schokolade fair naschen! Multivisionsshow von Jutta Ulmer &amp; Michael Wolfsteiner &nbsp; Freising ist seit 2011 Fairtrade-Stadt. Die Rezertifizierung 2025 wollen wir \u00f6ffentlich feiern! &nbsp; Schokolade geh\u00f6rt zu den beliebtesten S\u00fc\u00dfigkeiten weltweit. Wie aber wird aus Kakao, Zucker und Milch Schokolade hergestellt und wer verdient daran? Diesen Fragen gehen Dr. Jutta Ulmer und Dr. Michael Wolfsteiner in ihrer Multivisionsshow auf den Grund. Die Live-Reportage beginnt in den Regenw\u00e4ldern Guatemalas, wo die Maya bereits vor 1.500 Jahren aus den Fr\u00fcchten des Kakaobaums Trinkschokolade zubereiteten, f\u00fchrt zu den ersten Schokoladenfabriken Europas und zeigt, warum heute im konventionellen Kakaosektor Armut und Kinderarbeit weit verbreitet sind. Eine Alternative bietet der Faire Handel, weshalb die beiden Fotojournalisten drei bio-zertifizierte Fairtrade-Kleinbauernverb\u00e4nde besucht haben. Die Multivisionsshow ist mit ihren feinsinnigen Erz\u00e4hlungen und den beeindruckenden Bildern auf Gro\u00dfleinwand, umrahmt von stimmungsvoller Musik, ein Pl\u00e4doyer f\u00fcr mehr Gerechtigkeit im Schoko-Gesch\u00e4ft. Die Fotografen und Journalisten mit Schwerpunkt Fairer Handel sind Mitglieder [...] <a href=\"https:\/\/weltlaeden.de\/freising\/termin\/schokolade-fair-naschen-eine-multivisionsshow-von-lobolmo\/\"><small>[WEITERLESEN]<\/small><\/a><\/p><p class=termine-ort\"><small>Ort: <i>Pfarrsaal St. Georg, Rindermarkt 3, Freising<\/i><\/small><\/p><\/li><li><h5 class=\"termine-titel\"><a href=\"https:\/\/weltlaeden.de\/freising\/termin\/10-jahre-fairtrade-town-erding\/\">10 Jahre Fairtrade-Town Erding<\/a><\/h5><p class=\"termine-date\">Do., 16.10.2025, 17:00<\/p><p class=\"termine-auszug\"><p class=\"x_MsoNormal\">Vor 10 Jahren hat der Stadtrat der Stadt Erding den Weg bereitet zur Auszeichnung als Fairtrade-Town!<\/p> <p class=\"x_MsoNormal\">Vieles hat sich seither getan: Ein ehrenamtliches Gremium h\u00e4lt diese Kampagne seit 10 Jahren am Laufen und organisiert Veranstaltungen, macht \u00d6ffentlichkeitsarbeit und f\u00f6rdert den Fairen Handel in Erding. Im Jubil\u00e4umsjahr gab es bereits einige Veranstaltungen, angefangen vom Stra\u00dfenfest in der Spiegelgasse \u00fcber verschiedene Infost\u00e4nde bis hin zu einer Lesung in der Stadtb\u00fccherei Erding.<\/p> <p class=\"x_MsoNormal\">Die Rezertifizierung als H\u00f6hepunkt des Jubil\u00e4umsjahr soll gro\u00df gefeiert werden am\u00a0<b>16. Oktober ab 17:00 Uhr ins Museum<\/b> in Erding<\/p> <p class=\"x_MsoNormal\" aria-hidden=\"true\"><\/p> <p class=\"x_MsoNormal\">Zu diesem Jubil\u00e4um ist lobOlmo eingeladen, die mit einer beeindruckenden ganz neuen Multivisionsshow \u00fcber Ostafrika begeistern werden.<\/p> <p class=\"x_MsoNormal\">Der Weltladen Erding hat einen Verkaufsstand und nach der Multivisionsshow kann man den Abend bei einem kleinen Buffet und einem Glas Wein ausklingen lassen.<\/p> <p class=\"x_MsoNormal\" aria-hidden=\"true\"><\/p> <p class=\"x_MsoNormal\">Zur besseren Planbarkeit bitten die Veranstalter um kurze Anmeldung<\/p> [...] <a href=\"https:\/\/weltlaeden.de\/freising\/termin\/10-jahre-fairtrade-town-erding\/\"><small>[WEITERLESEN]<\/small><\/a><\/p><p class=termine-ort\"><small>Ort: <i>Museum in Erding<\/i><\/small><\/p><\/li><li><h5 class=\"termine-titel\"><a href=\"https:\/\/weltlaeden.de\/freising\/termin\/ausstellung-bananarama-ab-24-september-2025-an-der-hochschule-weihenstephan-triesdorf\/\">Ausstellung &#8222;BananaRama&#8220; ab 24. September 2025 an der Hochschule Weihenstephan-Triesdorf<\/a><\/h5><p class=\"termine-date\">Mi., 24.09.2025 bis 15.10.2025<\/p><p class=\"termine-auszug\"><b>\u201eBananaRama \u2013 Eine Forschungsreise zur Banane\u201c<i>\u00a0<\/i><\/b> <p aria-hidden=\"true\">Vom\u00a0<b>24. September bis 15. Oktober 2025<\/b>\u00a0bietet die Ausstellung \u201e<b>BananaRama<\/b>\u201c in der\u00a0<b>Hochschule Weihenstephan-Triesdorf<\/b> spannende Einblicke in die Welt der Bananenforschung.<\/p> <p aria-hidden=\"true\">Wie insbesondere die Kochbanane zur Schl\u00fcsselpflanze f\u00fcr Agrarforschung wird, entdecken Besuchende in f\u00fcnf Modulen \u2013 vom Labor bis zum Acker. Interaktive Elemente und ausgew\u00e4hlte Exponate beleuchten die Banane als Grundnahrungsmittel und erkl\u00e4ren, wie Drohnen beim Bananenanbau helfen, warum biologische Vielfalt wichtig ist und was die Bananenzucht so schwierig macht.<\/p> <p aria-hidden=\"true\">Die Ausstellung basiert auf der Arbeit der Globalen Forschungspartnerschaft f\u00fcr eine ern\u00e4hrungssichere Zukunft (CGIAR) und l\u00e4dt zum Mitmachen und Weiterdenken ein \u2013 f\u00fcr alle, die wissen wollen, was hinter der Schale steckt.<\/p> <p aria-hidden=\"true\"><\/p> <p aria-hidden=\"true\"><\/p> &nbsp; <p align=\"center\">Weitere Informationen zur Ausstellung finden Sie hier:<\/p> <p align=\"center\"><a title=\"https:\/\/www.hswt.de\/newsroom\/veranstaltungskalender\/detail\/bananarama-eine-forschungsreise-zur-banane\" href=\"https:\/\/www.hswt.de\/newsroom\/veranstaltungskalender\/detail\/bananarama-eine-forschungsreise-zur-banane\" data-auth=\"NotApplicable\" data-linkindex=\"0\" data-ogsc=\"\">https:\/\/www.hswt.de\/newsroom\/veranstaltungskalender\/detail\/bananarama-eine-forschungsreise-zur-banane<\/a><\/p> <p aria-hidden=\"true\"><\/p> &nbsp; T\u00e4glich von 9:00 \u2013 17:00 Uhr (auch am Wochenende) <strong data-end=\"399\" data-start=\"382\">Eintritt frei<\/strong><p class=termine-ort\"><small>Ort: <i>Hochschule Weihenstephan-Triesdorf, HSWT, Geb\u00e4ude H11, 85354 Freising<\/i><\/small><\/p><\/li><li><h5 class=\"termine-titel\"><a href=\"https:\/\/weltlaeden.de\/freising\/termin\/online-vortrag-mit-den-sekem-freunden-deutschland\/\">Online-Vortrag mit den SEKEM-Freunden Deutschland<\/a><\/h5><p class=\"termine-date\">Di., 23.09.2025, 19:00<\/p><p class=\"termine-auszug\">DER SEKEM-WEG - ZUKUNFTSCHANCE STATT ZWANGSARBEIT SEKEM-Freunde stellen online die nachhaltige Wirtschaftsinitiative aus \u00c4gypten vor. Kinder- und Zwangsarbeit sind in vielen L\u00e4ndern traurige Realit\u00e4t \u2013 doch es gibt Alternativen. Die \u00e4gyptische Initiative SEKEM zeigt, wie nachhaltige Landwirtschaft, faire Arbeitsbedingungen und soziale Entwicklung Hand in Hand gehen k\u00f6nnen. SEKEM ist heute als eines der weltweit f\u00fchrenden Sozialunternehmen bekannt. In der Online-Veranstaltung berichten VertreterInnen des F\u00f6rdervereins SEKEM-Freunde Deutschland, wie es gelingt, Menschen vor Ort ein besseres Leben zu erm\u00f6glichen und zugleich Umwelt und Ressourcen zu sch\u00fctzen. Wenn m\u00f6glich, wird auch ein SEKEMVertreter live aus \u00c4gypten zugeschaltet &nbsp; Dienstag, 23. September von 19:00 bis 20:30 Uhr online via Zoom Teilnahme kostenlos, Anmeldung erforderlich Bei R\u00fcckfragen bitte wenden an: presse@kbw-freisinoft.de oder Tel. 08161 - 489325 oder Mobil 0163 \/ 39 66 805 &nbsp; &nbsp;<p class=termine-ort\"><small>Ort: <i>online<\/i><\/small><\/p><\/li><li><h5 class=\"termine-titel\"><a href=\"https:\/\/weltlaeden.de\/freising\/termin\/faires-fruehstueck-im-weltladen-freising\/\">FAIRES FR\u00dcHST\u00dcCK IM WELTLADEN FREISING<\/a><\/h5><p class=\"termine-date\">Sa., 20.09.2025, 09:30<\/p><p class=\"termine-auszug\">Kund*innen und Passant*innen sind herzlich eingeladen am Fairen Fr\u00fchst\u00fcckstisch Platz zu nehmen und sich am reich gedeckten B\u00fcfett zu bedienen. Es gibt Faire K\u00f6stlichkeiten aus dem Laden und aus den K\u00fcchen der Ladner*innen. Wir freuen uns auf viele Besucher*innen und gute Gespr\u00e4che. &nbsp; <strong>Termin:<\/strong> 20.09.2025, von 9:30 bis 13:00 Uhr<p class=termine-ort\"><small>Ort: <i>Weltladen Freising, Ziegelgasse 14, 85354 Freising<\/i><\/small><\/p><\/li><li><h5 class=\"termine-titel\"><a href=\"https:\/\/weltlaeden.de\/freising\/termin\/marktstand-am-roiderjackl-brunnen\/\">Marktstand am Roiderjackl-Brunnen<\/a><\/h5><p class=\"termine-date\">Sa., 20.09.2025, 09:30<\/p><p class=\"termine-auszug\">BUNT, FAIR, VIELFALT ERLEBEN Unter diesem Motto findet die allj\u00e4hrliche Faire Woche auch in Freising statt. Das Faire Forum pr\u00e4sentiert sich mit einem Marktstand am Roiderjackl-Brunnen in der Innenstadt: Die Sieger*innen des Malwettbewerbs \u201eBunt, fair, gleich \u2013 so soll die Welt sein!\u201c werden geehrt. Mit Gl\u00fccksrad und Schoko-Quiz erfahren Sie Wissenswertes \u00fcber Schokolade Am mobilen Kaffeeausschank k\u00f6nnen Sie fair gehandelten Espresso genie\u00dfen Am 20.09.2025, von 9:30 bis 12:00 Uhr<p class=termine-ort\"><small>Ort: <i>RoiderJackl-Brunnen, Bahnhofstr. 1, 85354 Freising<\/i><\/small><\/p><\/li><li><h5 class=\"termine-titel\"><a href=\"https:\/\/weltlaeden.de\/freising\/termin\/vormerken-faire-woche-2025\/\">Faire Woche 2025<\/a><\/h5><p class=\"termine-date\">Fr., 12.09.2025 bis 26.09.2025<\/p><p class=\"termine-auszug\">Unter dem Titel<strong> \u201eFair und vielf\u00e4ltig f\u00fcr eine nachhaltige Zukunft\u201c<\/strong> wird sich die <strong>Faire Woche 2025<\/strong> mit Aspekten der Vielfalt im Fairen Handel besch\u00e4ftigen: Artenvielfalt, Vielfalt der handwerklichen und landwirtschaftlichen Techniken, vielf\u00e4ltiges Engagement entlang der Lieferketten, \u2026 <strong>Wann? 12. bis 26. September.<\/strong><\/li><li><h5 class=\"termine-titel\"><a href=\"https:\/\/weltlaeden.de\/freising\/termin\/weltladentag-2025\/\">Weltladentag 2025<\/a><\/h5><p class=\"termine-date\">Sa., 10.05.2025<\/p><p class=\"termine-auszug\"><strong>Schoko f\u00fcr\u2019s Klima? Kauf ich euch ab!<\/strong> So lautet das Motto zum n\u00e4chsten <strong>Weltladentag am 10. Mai 2025.<\/strong> Am Weltladentag wollen wir darauf aufmerksam machen, dass es einen schnellen Wandel im Kakao-Anbau geben muss, der nachhaltiger und klimaschonender ist, um Ernteverluste in Zukunft zu reduzieren. Und das geht nur mit fairen Preisen f\u00fcr Kakaob\u00e4uer*innen. Daf\u00fcr setzen wir am Weltladentag bundesweit ein Zeichen. Also bleibt gespannt und markiert euch den Weltladentag schon einmal im Kalender.<\/li><li><h5 class=\"termine-titel\"><a href=\"https:\/\/weltlaeden.de\/freising\/termin\/ausstellung-der-freiheit-so-fern-kinder-und-zwangsarbeit-im-21-jahrhundert\/\">Ausstellung \u201eDer Freiheit so fern: Kinder- und Zwangsarbeit im 21. Jahrhundert\u201c<\/a><\/h5><p class=\"termine-date\">So., 27.04.2025<\/p><p class=\"termine-auszug\">Kinder- und Zwangsarbeit in globalen Wertsch\u00f6pfungsketten \u2013 dar\u00fcber informiert die Ausstellung <strong>\u201eDer Freiheit so fern: Kinder- und Zwangsarbeit im 21. Jahrhundert\u201c<\/strong> mit Fotos und Texten. Sie bietet Zahlen und Zusammenh\u00e4nge, gibt Einblicke und l\u00e4sst Betroffene zu Wort kommen. <strong>Vom 27.04. - 07.06.<\/strong> ist die Ausstellung von S\u00dcDWIND<strong> im Kreuzgang des Landratsamts Freising<\/strong> zu sehen. Zwangsarbeit ist auch heute noch bittere Realit\u00e4t f\u00fcr Millionen von Menschen auf der ganzen Welt. Zust\u00e4nde unw\u00fcrdiger Arbeit betreffen auch Heranwachsende: 160 Millionen Kinder waren 2021 weltweit zum Arbeiten gezwungen. Die Hauptursache daf\u00fcr, ist die schlechte wirtschaftliche Situation der Kinder und ihrer Familien. Weil die Zahl der Menschen in Armut zum ersten Mal seit 1998 wieder steigt, werden deutlich mehr junge Menschen ihre Kindheit in miserablen Arbeitsverh\u00e4ltnissen erleben, anstatt zur Schule zu gehen. Armut und Perspektivlosigkeit birgt f\u00fcr Menschen aus vulnerablen, also gef\u00e4hrdeten, Gruppen wie ethnische Minderheiten, Frauen, Kinder und Menschen mit Migrationsgeschichte auch ein hohes [...] <a href=\"https:\/\/weltlaeden.de\/freising\/termin\/ausstellung-der-freiheit-so-fern-kinder-und-zwangsarbeit-im-21-jahrhundert\/\"><small>[WEITERLESEN]<\/small><\/a><\/p><p class=termine-ort\"><small>Ort: <i>Kreuzgang des Landratsamt<\/i><\/small><\/p><\/li><li><h5 class=\"termine-titel\"><a href=\"https:\/\/weltlaeden.de\/freising\/termin\/bundestagswahl-am-23-februar-2025\/\">Bundestagswahl am 23. Februar 2025<\/a><\/h5><p class=\"termine-date\">So., 23.02.2025<\/p><p class=\"termine-auszug\">\ud83c\udf0d\u2728 <b>WirW\u00e4hlenFair \u2013 und du?<\/b> Wir als Weltladen setzen uns gemeinsam mit dem Weltladen-Dachverband @weltladen, @fairtradede und dem @forumfairerhandel f\u00fcr eine gerechte und nachhaltige Zukunft ein. \ud83d\udc9a Deine Stimme kann den Unterschied machen: F\u00fcr mehr Demokratie, Menschenrechte und Gerechtigkeit weltweit. \ud83c\udf31 Lass uns zeigen, dass wir Verantwortung \u00fcbernehmen \u2013 im Alltag und an der Wahlurne. W\u00e4hle fair! \ud83d\udcaa\ud83d\uddf3\ufe0f #WirW\u00e4hlenFair #FairerHandel #Weltladen #BTW2025\u00a0<\/li><li><h5 class=\"termine-titel\"><a href=\"https:\/\/weltlaeden.de\/freising\/termin\/faires-klimafruehstueck-am-21-09\/\">Tischlein deck dich \u2013 mit leckeren, klimafreundlichen und fairen Produkten 21.09.2024<\/a><\/h5><p class=\"termine-date\">Sa., 21.09.2024, 09:30 bis 21.09.2024, 13:00<\/p><p class=\"termine-auszug\">Im Rahmen der Fairen Woche organisiert der Weltladen auch dieses Jahr wieder ein <strong>Klimafr\u00fchst\u00fcck<\/strong> f\u00fcr alle Kund*innen und nat\u00fcrlich auch alle interessierten Passant*innen. Das Bildungsteam des Weltladens ist nat\u00fcrlich auch wieder mit kreativen Mitmach-Aktionen dabei. Schaut zahlreich vorbei \ud83d\ude42 &nbsp;<p class=termine-ort\"><small>Ort: <i>Weltladen Freising<\/i><\/small><\/p><\/li><li><h5 class=\"termine-titel\"><a href=\"https:\/\/weltlaeden.de\/freising\/termin\/aktionswoche-ehrenamt-2024\/\">Aktionswoche Ehrenamt 2024<\/a><\/h5><p class=\"termine-date\">Fr., 20.09.2024 bis 27.09.2024<\/p><p class=\"termine-auszug\"><strong>Programm Aktionswoche Ehrenamt 2024<\/strong> <strong>Er\u00f6ffnung Dialograum dASAMa<\/strong> 20. September, nachmittags, genaue Zeit noch offen <strong>Ehrenamtsmarkt in der Oberen Hauptstra\u00dfe<\/strong> 21. September 9-13 Uhr <strong>Biotoppflege mit dem Bund Naturschutz<\/strong> 21. September 14 Uhr <strong>Lebensmittelwertsch\u00e4tzung in der Bildungsarbeit (Caf\u00e9 \u00dcbrig)<\/strong> 24. September 18 Uhr, Caf\u00e9 \u00dcbrig <strong>Vortrag Demenzfreundliche Bestattung (Hospizgruppe)<\/strong> 25. September 17 Uhr, Mainburger Stra\u00dfe 1 <strong>Vorlesen an besonderen Orten (Stadtbibliothek)<\/strong> 26. September 14 Uhr Rathaus, kleiner Sitzungssaal <strong>Erste-Hilfe-Auffrischungskurs f\u00fcr Ehrenamtliche (Treffpunkt Ehrenamt mit Malteser Hilfsdienst)<\/strong> 27. September 14-17.30 Uhr Raum der Begegnung<\/li><li><h5 class=\"termine-titel\"><a href=\"https:\/\/weltlaeden.de\/freising\/termin\/demo-gegen-rechts-fuer-demokratie-und-vielfalt\/\">Demo gegen Rechts: F\u00fcr Demokratie und Vielfalt<\/a><\/h5><p class=\"termine-date\">Di., 23.01.2024, 18:00<\/p><p class=\"termine-auszug\"><p class=termine-ort\"><small>Ort: <i>Marienplatz, Freising<\/i><\/small><\/p><\/li><li><h5 class=\"termine-titel\"><a href=\"https:\/\/weltlaeden.de\/freising\/termin\/nachhaltigkeitsausstellung-im-lindenkeller-15-10-05-11\/\">Nachhaltigkeitsausstellung im Lindenkeller \/ 15.10. &#8211; 05.-11.<\/a><\/h5><p class=\"termine-date\">So., 15.10.2023, 15:00 bis 05.11.2023, 19:00<\/p><p class=\"termine-auszug\"><strong>Ab 15. Oktober findet im Lindenkeller eine Nachhaltigkeitsausstellung mit vielseitigem Veranstaltungsprogramm statt.<\/strong> Wir sind auch dabei: Am <strong>Mittwoch, 18. Oktober<\/strong> sind wir Tagesgast und informieren \u00fcber unsere Arbeit. Und am <strong>Samstag, 21.10.2023<\/strong> mit dem Programm \"Z\u00fcndfunke: Recht auf ein Auto\". Jede*r hat das Recht auf ein Auto \u2013 ein satirischer Programmpunkt zu globaler Gerechtigkeit und Nachhaltigkeit. Sie haben Lust, sich mit Ihrer Meinung zu kritischen Fragen zu positionieren und diskutieren gerne kontrovers? Dann kommen Sie vorbei von 14.00-15.00 Uhr. &nbsp; Alle <strong>Infos<\/strong> sowie genaue <strong>\u00d6ffnungszeiten<\/strong> zur Ausstellung finden Sie<strong> <a style=\"color: #ff6600\" href=\"https:\/\/www.freising.de\/leben-wohnen\/nachhaltigkeitsausstellung\" target=\"_blank\" rel=\"noopener\">hier<\/a>.<\/strong> &nbsp;<p class=termine-ort\"><small>Ort: <i>Lindenkeller Oberhaus, Veitsm\u00fcllerweg 2, 85354 Freising<\/i><\/small><\/p><\/li><li><h5 class=\"termine-titel\"><a href=\"https:\/\/weltlaeden.de\/freising\/termin\/veranstaltugnstipp-wuestenblume-das-musical-04-10-23-15-10-23\/\">Veranstaltungstipp: W\u00fcstenblume das Musical (04.10.23 &#8211; 15.10.23)<\/a><\/h5><p class=\"termine-date\">Mi., 04.10.2023, 19:30 bis 15.10.2023, 19:00<\/p><p class=\"termine-auszug\">Roman-Bestseller als fantastisches Musical <strong>Der Bestseller <em>W\u00fcstenblume<\/em> von Waris Dirie ber\u00fchrte unz\u00e4hlige Menschen weltweit. Und auch das gleichnamige und darauf basierende Musical, das 2020 seine Urauff\u00fchrung am Theater St. Gallen erlebte, wurde von Publikum und Kritik euphorisch gefeiert. Die Geschichte vom somalischen Nomadenm\u00e4dchen, das zum Supermodel und zum Symbol f\u00fcr die St\u00e4rke der Frauen wurde, haben Gil Mehmert (Buch) und Uwe Fahrenkrog-Petersen (Musik) auf wundervolle weise f\u00fcr die B\u00fchne adaptiert. Im Oktober pr\u00e4sentiert dasDeutschen Theater M\u00fcnchen die W\u00fcstenblume als exklusives Deutschland-Gastspiel. Ein Musical, das ein brisantes gesellschaftliches Problem anspricht, Lebensmut ausstrahlt und dazu aufruft, das Schicksal in die eigenen H\u00e4nde zu nehmen. <\/strong> Autobiografie von Waris Dirie Die Geschichte vom Nomadenm\u00e4dchen, das vor der Zwangsheirat aus Somalia flieht und in London zum Topmodel, aber auch zur engagierten K\u00e4mpferin gegen die weibliche Genitalverst\u00fcmmelung wird, ber\u00fchrte die Menschen weltweit. Das autobiografische Buch \u201e<em>Desert Flower<\/em>\u201c von Waris Dirie wurde in den 1990er Jahren [...] <a href=\"https:\/\/weltlaeden.de\/freising\/termin\/veranstaltugnstipp-wuestenblume-das-musical-04-10-23-15-10-23\/\"><small>[WEITERLESEN]<\/small><\/a><\/p><p class=termine-ort\"><small>Ort: <i>Deutsches Theater M\u00fcnchen, Schwanthalerstra\u00dfe 13, 80336 M\u00fcnchen<\/i><\/small><\/p><\/li><li><h5 class=\"termine-titel\"><a href=\"https:\/\/weltlaeden.de\/freising\/termin\/faires-klimafruehstueck-am-16-september\/\">Faires Klimafr\u00fchst\u00fcck am 16. September<\/a><\/h5><p class=\"termine-date\">Sa., 16.09.2023 bis 16.09.2023<\/p><p class=\"termine-auszug\">Der Weltladen organisiert am <strong>16. September<\/strong> im Rahmen der Fairen Woche ein <strong>Klimafr\u00fchst\u00fcck<\/strong> f\u00fcr unsere Kund*innen und nat\u00fcrlich auch alle interessierten Passant*innen. Bei Wir.Espresso aus Solidarischer Landwirtschaft und klimagerecht produzierten Produkten wollen wir zum Austausch einladen. Die Footprint-Fu\u00dfstapfen f\u00fchren ein St\u00fcck die Stra\u00dfe entlang bis zu unserem Ladengesch\u00e4ft und sollen die Passant*innen zu uns lenken. Bei sch\u00f6nem Wetter wollen wir vor dem Laden zur Aktion \"Handabdruck\" einladen (bei schlechtem Wetter findet die Aktion im Laden statt). &nbsp;<p class=termine-ort\"><small>Ort: <i>Weltladen Freising, Ziegelgasse 14, 85354 Freising<\/i><\/small><\/p><\/li><li><h5 class=\"termine-titel\"><a href=\"https:\/\/weltlaeden.de\/freising\/termin\/klimastreik-am-15-09-der-weltladen-freising-schliesst-heute\/\">Klimastreik am 15.09. &#8211; Der Weltladen Freising schlie\u00dft heute<\/a><\/h5><p class=\"termine-date\">Fr., 15.09.2023<\/p><p class=\"termine-auszug\">Am 15.9. ist wieder Klimastreik von Fridays For Future und der Weltladen ist dabei! Das Weltladen-Team hat beschlossen, den Laden w\u00e4hrend des Klimastreiks\/Demo zu schlie\u00dfen\ud83d\udc9aDenn auch wenn wir schon viel erreicht haben ist noch mindestens genausoviel zu tun!\ud83c\udf0d Kommst du auch mit?\ud83e\udd1dAlle Infos und Orte sowie M\u00f6glichkeiten mitzumachen auf <a href=\"https:\/\/www.klima-streik.org\/\" target=\"_blank\" rel=\"noopener\">www.klima-streik.org<\/a> &nbsp;<\/li><li><h5 class=\"termine-titel\"><a href=\"https:\/\/weltlaeden.de\/freising\/termin\/faire-woche-15-09-29-09\/\">Faire Woche 15.09 \u2013 29.09<\/a><\/h5><p class=\"termine-date\">Fr., 15.09.2023 bis 29.09.2023<\/p><p class=\"termine-auszug\">Unter dem Motto \"Fair. Und kein Grad mehr!\" dreht sich bei der Fairen Woche vom <strong>15. bis 29. September<\/strong> alles rund um das Thema Klimagerechtigkeit und Fairer Handel. Alle Aktionen und Informationen zur Fairen Woche finden Sie <a href=\"https:\/\/www.faire-woche.de\/start\" target=\"_blank\" rel=\"noopener\"><strong>hier.<\/strong><\/a> &nbsp; &nbsp;<\/li><li><h5 class=\"termine-titel\"><a href=\"https:\/\/weltlaeden.de\/freising\/termin\/vorstellung-der-neuen-freisinger-stadtschokolade\/\">Vorstellung der neuen Freisinger Stadtschokolade<\/a><\/h5><p class=\"termine-date\">Fr., 26.05.2023, 14:00<\/p><p class=\"termine-auszug\">Am 26. Mai um 14 Uhr wird Oberb\u00fcrgermeister Tobias Eschenbacher, die neue Freisinger Stadtschokolade pr\u00e4sentieren - bei sch\u00f6nem Wetter im Amtsgerichtsgarten, bei schlechtem Wetter im Gro\u00dfen Sitzungssaal des Rathauses. Wir laden Sie ein, die sehr schmackhafte Schokolade kennenzulernen und zu verkosten. Wir freuen uns sehr, dass diese sehr hochwertige, \u00f6kozertifizierte Schokolade, die 100% Wertsch\u00f6pfung im Ursprungsland garantiert, nun in mehreren Gesch\u00e4ften sowie in der Touristinfo erh\u00e4ltlich sein wird, und damit die Freisinger Gesch\u00e4fte ein Zeichen setzen f\u00fcr das ungebrochene Engagement der Stadt f\u00fcr den Fairen Handel.<p class=termine-ort\"><small>Ort: <i>Rathaus Freising<\/i><\/small><\/p><\/li><li><h5 class=\"termine-titel\"><a href=\"https:\/\/weltlaeden.de\/freising\/termin\/uferlos-festival-2023\/\">Uferlos Festival 2023<\/a><\/h5><p class=\"termine-date\">Do., 18.05.2023 bis 19.05.2023<\/p><p class=\"termine-auszug\">Am 18. und 19. Mai sind wir mit dem Treffpunkt Ehrenamt im Nachhaltigkeitszelt am Uferlos Festival. Neben einer kleinen Auswahl an Produkten vom Weltladen kann man u.a. auch bei unserem Gl\u00fccksrad mit Fragen kleine Preise gewinnen. Das Bildungs- und Ladenteam freut sich auf Euch!<p class=termine-ort\"><small>Ort: <i>Luitpoldanlage 1, 85356 Freising<\/i><\/small><\/p><\/li><li><h5 class=\"termine-titel\"><a href=\"https:\/\/weltlaeden.de\/freising\/termin\/weltladentag-2023\/\">Weltladentag 2023<\/a><\/h5><p class=\"termine-date\">Sa., 13.05.2023, 09:30<\/p><p class=\"termine-auszug\">Am Weltladentag (13. Mai) gibt es im Weltladen wieder ein leckeres Faires Fr\u00fchst\u00fcck von halb 10 bis 13 Uhr.<p class=termine-ort\"><small>Ort: <i>Ziegelgasse 14, 85354 Freising<\/i><\/small><\/p><\/li><li><h5 class=\"termine-titel\"><a href=\"https:\/\/weltlaeden.de\/freising\/termin\/pluriversum\/\">PLURIVERSUM<\/a><\/h5><p class=\"termine-date\">Di., 08.11.2022, 19:00<\/p><p class=\"termine-auszug\">Aller guten Dinge sind drei! Am 8.11.22 d\u00fcrfen wir zum dritten Mal <strong>Grupo Sal<\/strong> in Freising willkommen hei\u00dfen. Dieses Mal mit ihrem 40-Jahre-Jubil\u00e4ums-Programm <a style=\"color: #ff6600\" href=\"https:\/\/www.grupo-sal.de\/programm1\/alberto-acosta-sandra-weiss-und-grupo-sal-pluriversum\/\" target=\"_blank\" rel=\"noopener\">PLURIVERSUM.<\/a> Das Kulturb\u00fcro Grupo Sal feiert wie auch wir dieses Jahr 40-j\u00e4hriges Jubil\u00e4um. Dies feiern wir gemeinsam mit einem musikalischem Auftritt des Sextetts und der Aktivistin <strong>Patricia Gualinga, <\/strong>welche live vor Ort zu Gast sein wird. Lateinamerikanische Musik trifft auf spannende Gespr\u00e4che mit prominenten Stimmen. Die Einbettung der musikalisch-thematischen Performance in einem Universum visueller Faszination durch den Projektionsk\u00fcnstler Johannes Keitel generiert ein Erlebnis der besonderen Art: ein gelungenes Momentum der Sch\u00f6nheit, der Erkenntnis, der Freude und des Mutes zu Visionen und Ver\u00e4nderung. <strong>Dienstag, 08.11.2022 in der Luitpoldhalle Freising, Beginn: 19:30 Uhr, Einlass: 18:45 Uhr<\/strong> Abendkasse mit Eintrittspreis auf Spendenbasis nach Selbsteinsch\u00e4tzung (Richtwert 25 Euro) Veranstalter*innen: Agenda21-Gruppen Bauen, Wohnen &amp; Verkehr, Biostadt Freising, Energie &amp; Klimaschutz, Faires Forum und Migrationsrat sowie Weltladen Freising [...] <a href=\"https:\/\/weltlaeden.de\/freising\/termin\/pluriversum\/\"><small>[WEITERLESEN]<\/small><\/a><\/p><p class=termine-ort\"><small>Ort: <i>Luitpoldanlage 1, 85356 Freising<\/i><\/small><\/p><\/li><li><h5 class=\"termine-titel\"><a href=\"https:\/\/weltlaeden.de\/freising\/termin\/freisinger-ernaehrungsforum\/\">FREISINGER ERN\u00c4HRUNGSFORUM<\/a><\/h5><p class=\"termine-date\">Do., 06.10.2022, 19:00 bis 06.10.2022, 21:00<\/p><p class=\"termine-auszug\">Zum Start der Veranstaltungsreihe FREISINGER ERN\u00c4HRUNGSFORUM gibt es am 6.10. eine gro\u00dfe Podiumsdiskussion im Pavillon der Musikschule Freising zum Thema \u201eWas essen wir morgen?\u201c Hierbei ist u.a. auch der Weltladen Fresing mit einem Infostand zum Solawi-Kaffee vertreten. F\u00fcr mehr Infos zur Veranstaltung <a style=\"color: #ff6600\" href=\"https:\/\/hey.bayern\/events\/276617\" target=\"_blank\" rel=\"noopener\">hier klicken.<\/a><p class=termine-ort\"><small>Ort: <i>vhs Freising, Kammergasse 12, 85354 Freising<\/i><\/small><\/p><\/li><li><h5 class=\"termine-titel\"><a href=\"https:\/\/weltlaeden.de\/freising\/termin\/lange-nacht-der-demokratie\/\">Lange Nacht der Demokratie<\/a><\/h5><p class=\"termine-date\">So., 02.10.2022, 18:30<\/p><p class=\"termine-auszug\">Im Lindenkeller beginnt die Lange Nacht der Demokratie in Freising um 18:30 Uhr mit zahlreichen Aktionsst\u00e4nden auf dem Markt der M\u00f6glichkeiten. Nach dem Gru\u00dfwort des Landrats Helmut Petz wird der preisgekr\u00f6nte Poetry Slamer Philipp Potthast gegen 19:30 Uhr mit seinen Texten auf die Nacht der Demokratie einstimmen. Das Jugendpolitikforum, veranstaltet vom Arbeitskreis Jugendpolitik des Kreisjugendring Freising, diskutiert im Anschluss (20 Uhr) zum aktuellen Thema \u201ePflicht-Dienstjahr \u2013 echte Chance oder getarnte Ausbeutung?\u201c. Hauptact der Langen Nacht ist die Poetry Slam Show ab 22 Uhr unter der Moderation von Philipp Potthast und Ko Bylanzky. Es treten mit einem abwechslungsreichen Programm die K\u00fcnstler:innen Meike Harms, Noah Klaus, Fee Brembeck und Marcel Schneuer auf. Detaillierte Informationen zu allen Veranstaltungen der Langen Nacht der Demokratie in Freising und Moosburg finden Sie unter: <a style=\"color: #ff6600\" href=\"http:\/\/www.vhs-moosburg.de\" target=\"_blank\" rel=\"noopener\">www.vhs-moosburg.de<\/a><\/li><li><h5 class=\"termine-titel\"><a href=\"https:\/\/weltlaeden.de\/freising\/termin\/produzentenbesuch-aus-nicaragua-und-verkostung-von-wir-kaffee-aus-solidarischer-landwirtschaft\/\">Produzentenbesuch aus Nicaragua und Verkostung von wir.Kaffee aus solidarischer Landwirtschaft<\/a><\/h5><p class=\"termine-date\">Mo., 26.09.2022, 19:00<\/p><p class=\"termine-auszug\"><strong>Weltladen Freising freut sich auf Austausch mit jungem Kaffeebauern<\/strong> Das Weltladen-Netzwerk Iller-Lech und Caf\u00e9 Chavalo haben 2021 ein wegweisendes Pilotprojekt gestartet und zusammen mit 15 Familienbetrieben der Kooperative Miraflor die weltweit erste Kaffee-Solawi ins Leben gerufen. Konkret bedeutet Solidarische Landwirtschaft, dass die Kaffeebauern\/-b\u00e4uerinnen festlegen, was sie an finanziellen Mitteln brauchen, um ihre famili\u00e4re Existenz zu sichern und ihr Land nachhaltig bearbeiten und f\u00fcr die Zukunft erhalten zu k\u00f6nnen. Auf Grundlage der gesch\u00e4tzen Lebenshaltungskosten verpflichten sich die Solawi-Mitglieder (Verbraucher*innen), j\u00e4hrlich einen festgesetzen Betrag vorzufinanzieren. Im Gegenzug erhalten die Abnehmer*innen die gesamte Kaffeeernte der 15 Betriebe. In diesem zukunftsweisenden Projekt tragen Produzent*innen und Konsument*innen so gemeinsam die Verantwortung und teilen sich Erfolg und Risiko. Ihr wollt mehr \u00fcber das Projekt erfahren oder direkt Teil der Solawi werden? Dann seid ihr bei uns im Weltladen Freising genau richtig. Am<strong> 26. September<\/strong> habt ihr um<strong> 19 Uhr<\/strong> die M\u00f6glichkeit, Jolver Mendoza vom Kooperativenverband Miraflor [...] <a href=\"https:\/\/weltlaeden.de\/freising\/termin\/produzentenbesuch-aus-nicaragua-und-verkostung-von-wir-kaffee-aus-solidarischer-landwirtschaft\/\"><small>[WEITERLESEN]<\/small><\/a><\/p><p class=termine-ort\"><small>Ort: <i>Ziegelgasse 14, 85354 Freising<\/i><\/small><\/p><\/li><li><h5 class=\"termine-titel\"><a href=\"https:\/\/weltlaeden.de\/freising\/termin\/fair-steht-dir-fair-handeln-fuer-menschenrechte-weltweit\/\">FAIR STEHT DIR! #FAIR HANDELN F\u00dcR MENSCHENRECHTE WELTWEIT<\/a><\/h5><p class=\"termine-date\">Sa., 24.09.2022, 08:00 bis 24.09.2022, 13:00<\/p><p class=\"termine-auszug\">Infostand zum Thema Fairer Bekleidung und Fast Fashion. F\u00fcr Aufmerksamkeit soll die Installation eines riesigen Kleiderhaufens aus Altkleidern sorgen. Dieser ist best\u00fcckt mit Fakten \u00fcber die unfairen Arbeitsbedingungen in der Textilindustrie, zu Fast Fashion und den negativen Auswirkungen auf die Umwelt. &nbsp; <strong>Kontaktinformationen:<\/strong> Faires Forum Freising und Weltladen Freising<p class=termine-ort\"><small>Ort: <i>Innenstadt Freising<\/i><\/small><\/p><\/li><li><h5 class=\"termine-titel\"><a href=\"https:\/\/weltlaeden.de\/freising\/termin\/aktionswoche-ehrenamt-2\/\">Aktionswoche Ehrenamt<\/a><\/h5><p class=\"termine-date\">Fr., 23.09.2022 bis 01.10.2022<\/p><p class=\"termine-auszug\">Mach mit &amp; informiere dich! Augen auf in Freising \u2013 es gibt viel zu sehen! Vereine und Initiativen pr\u00e4sentieren sich mit kreativ gestalteten Schaufenstern und vielen Veranstaltungen rund um das Thema Ehrenamt. Auch der Weltladen ist selbstverst\u00e4ndlich dabei. Unter anderem <strong>am 29.09. um 19 Uhr im Furtner Br\u00e4u.<\/strong> Hier erz\u00e4hlen derzeitige Ehrenamtler von der T\u00e4tigkeit bei uns im Laden und in der Bildungsarbeit. <a class=\"a-link a-link--download-inline rspkr_dr_added\" style=\"color: #ff6600\" title=\"Open or download file in new window\" href=\"https:\/\/www.freising.de\/media\/user_upload\/52_Soziales\/5210_pdf-Files\/Treffpunkt_Ehrenamt\/Ehrenamtswoche\/aktionswoche-ehrenamt-freising-flyer-2022.pdf\" target=\"_blank\" rel=\"noopener\">Den Flyer der Aktionswoche 2022 finden Sie hier<\/a>.\u00a0 Alle Veranstaltungen sind kostenlos. Wenn eine Anmeldung erbeten wird, ist die Teilnehmerzahl begrenzt. Weitere Informationen gibt's auf <strong><a href=\"http:\/\/treffpunkt-ehrenamt.freising.de\" target=\"_blank\" rel=\"noopener\">treffpunkt-ehrenamt.freising.de<\/a><\/strong> Schaut gerne vorbei<\/li><li><h5 class=\"termine-titel\"><a href=\"https:\/\/weltlaeden.de\/freising\/termin\/faire-woche-2022\/\">Faire Woche 2022<\/a><\/h5><p class=\"termine-date\">Fr., 16.09.2022 bis 30.09.2022<\/p><p class=\"termine-auszug\">Die Faire Woche findet in diesem Jahr vom <strong>16. bis 30. September<\/strong> statt. Unter dem Motto <strong>\"Fair steht dir\"<\/strong> beleuchtet sie die Produktionsbedingungen entlang textiler Lieferketten und zeigt, welche Alternativen der Faire Handel bietet. Die Faire Woche wird veranstaltet vom Forum Fairer Handel e.V. in Kooperation mit dem Weltladen-Dachverband e.V. und Fairtrade Deutschland e.V. \u2013 in diesem Jahr bereits zum 21. Mal. Die Veranstalter rechnen trotz der Pandemie mit rund 2.000 Veranstaltungen bundesweit. Unter anderem werden Vertreterinnen und Vertreter von Produzentenorganisationen in Videobotschaften berichten, wie der Faire Handel dazu beitr\u00e4gt, menschenw\u00fcrdige Lebens- und Arbeitsbedingungen zu schaffen. Produkte aus Fairem Handel sind in 900 Weltl\u00e4den, mehr als 40.000 Biol\u00e4den, Superm\u00e4rkten, Discountern und B\u00e4ckereien sowie in \u00fcber 20.000 Caf\u00e9s und Restaurants erh\u00e4ltlich. Der Faire Handel schafft Perspektiven f\u00fcr rund 2,5 Mio. Kleinproduzierende und ihre Familien weltweit und hat im Jahr 2021 in Deutschland einen Umsatz von mehr als 2 Mrd. Euro erreicht. [...] <a href=\"https:\/\/weltlaeden.de\/freising\/termin\/faire-woche-2022\/\"><small>[WEITERLESEN]<\/small><\/a><\/p><\/li><li><h5 class=\"termine-titel\"><a href=\"https:\/\/weltlaeden.de\/freising\/termin\/fairtrade-stadtfest\/\">Fairtrade Stadtfest<\/a><\/h5><p class=\"termine-date\">Sa., 09.07.2022, 10:00 bis 09.07.2022, 16:00<\/p><p class=\"termine-auszug\">10 Jahre Fairtrade-Stadt Freising wird gefeiert - mitten in der Stadt, mitten im Sommer mit Musik, Modenschau, Film, Aktionen und einem \"walk and talk\". Alles dreht sich um den fairen Handel und besonders um Mode und Textilien. Mehr Infos und Details zum Programm unter: <a href=\"https:\/\/www.freising.de\/rathaus\/online-dabei\/ein-fest-fuer-den-fairen-handel\" target=\"_blank\" rel=\"noopener\">www.freising.de<\/a> &nbsp; Quelle:\u00a0<a href=\"mailto:touristinfo@freising.de?subject=**%20Frage%20an%20Datenerfasser%20**%2009.07.22%20Fairtrade%20Stadtfest%20xid2161912290.4805258379\" rel=\"nofollow\">Stadt Freising<\/a><p class=termine-ort\"><small>Ort: <i>Marienplatz 7, 85354 Freising<\/i><\/small><\/p><\/li><li><h5 class=\"termine-titel\"><a href=\"https:\/\/weltlaeden.de\/freising\/termin\/40-jahre-weltladen-freising\/\">40 Jahre Weltladen Freising<\/a><\/h5><p class=\"termine-date\">Sa., 14.05.2022, 09:30 bis 14.05.2022, 15:00<\/p><p class=\"termine-auszug\">Seit 1982 setzen wir uns in Freising f\u00fcr einen fairen und sozial gerechten Welthandel ein und bieten den Freisinger*innen ein stetig wachsendes Sortiment an fair gehandelten Produkten. Das m\u00f6chten wir gerne mit Ihnen feiern! <strong>Samstag, 14. Mai 2022 \u2013 ab 9:30 Uhr<\/strong> 11:30 Uhr Sektempfang Musik und K\u00f6stliches aus Fairem Handel Aktions-Ausstellung \u201eM\u00c4CHTIG unfair\u201c zum Motto des diesj\u00e4hrigen Weltladentags &nbsp; Kommen Sie am 14. Mai in den Weltladen. Wir haben ein kleines Dankesch\u00f6n f\u00fcr Sie! \ud83d\ude42<p class=termine-ort\"><small>Ort: <i>Ziegelgasse 14<\/i><\/small><\/p><\/li><li><h5 class=\"termine-titel\"><a href=\"https:\/\/weltlaeden.de\/freising\/termin\/workshop-im-rahmen-der-langen-nacht-der-demokratie\/\">Workshop im Rahmen der Langen Nacht der Demokratie<\/a><\/h5><p class=\"termine-date\">Sa., 02.10.2021, 20:00 bis 02.10.2021, 21:00<\/p><p class=\"termine-auszug\"><strong>Was hat Schokolade mit Demokratie zu tun?<\/strong> <em><strong>Ein Workshop im Rahmen der Langen Nacht der Demokratie<\/strong><\/em> Wie entstehen Regeln? Wie kommt es zu Entscheidungen in einer Gruppe? Was ist fair? Was verstehen wir unter Chancengleichheit? Gemeinsam spielen wir das Schokoladenspiel und erleben so Wege der Meinungsbildung und Entscheidungsfindung. Eingeladen sind alle ab 10 Jahre, die Lust zum Spielen haben. &nbsp; Mehr Infos und das komplette Programmheft zur langen Nacht der Demokratie finden sie hier: <a href=\"https:\/\/www.freising.de\/leben-wohnen\/lange-nacht-der-demokratie\" target=\"_blank\" rel=\"noopener\">Lange Nacht der Demokratie | Stadt Freising<\/a><p class=termine-ort\"><small>Ort: <i>St. Georg Haus, Rindermarkt 3<\/i><\/small><\/p><\/li><li><h5 class=\"termine-titel\"><a href=\"https:\/\/weltlaeden.de\/freising\/termin\/lange-nacht-der-demokratie-2021\/\">Lange Nacht der Demokratie 2021<\/a><\/h5><p class=\"termine-date\">Sa., 02.10.2021, 18:30 bis 02.10.2021, 19:30<\/p><p class=\"termine-auszug\"><strong>Gespr\u00e4che en passant: \u201eAnders wirtschaften ganz konkret\u201c<\/strong> Fotos und Gespr\u00e4che \u00fcber die Umsetzung der gro\u00dfen Vision, anders zu wirtschaften \u2013 sichtbar an konkreten Projekten, etwa der Herstellung von fairer Kleidung, \u00fcber Solidarische Landwirtschaft (Solawi) am Beispiel einer Kaffee-Solawi in Nicaragua oder \u00fcber die \u201eGlobal Mamas\u201c und die\u00a0 Entstehung der ersten \u201efair trade zone\u201c weltweit. &nbsp; Mehr Infos und das komplette Programmheft zur langen Nacht der Demokratie finden sie hier: <a href=\"https:\/\/www.freising.de\/leben-wohnen\/lange-nacht-der-demokratie\" target=\"_blank\" rel=\"noopener\">Lange Nacht der Demokratie | Stadt Freising<\/a><p class=termine-ort\"><small>Ort: <i>Weltladen Freising, Ziegelgasse 14<\/i><\/small><\/p><\/li><li><h5 class=\"termine-titel\"><a href=\"https:\/\/weltlaeden.de\/freising\/termin\/malworkshop-zur-ausstellung-acryl-trifft-kaffeesack\/\">Malworkshop zur Ausstellung ACRYL TRIFFT KAFFEESACK<\/a><\/h5><p class=\"termine-date\">Fr., 24.09.2021, 15:00 bis 24.09.2021, 18:00<\/p><p class=\"termine-auszug\">Angeregt durch die Ausstellung \"Acryl trifft Kaffeesack\" - welche vom 13.09. bis 02.10. in der VHS Freising zu sehen ist - k\u00f6nnen Sie mit Acrylfarben Ihre eigenen Ideen auf den zur Verf\u00fcgung gestellten Kaffees\u00e4cken verwirklichen. Dozentin: Elisabeth Seitzl <strong>Veranstaltungsort:<\/strong> VHS Freising Kammergasse 12 85354 Freising Anmeldung \u00fcber VHS (Weitere Infos im vhs-Programm)<\/li><li><h5 class=\"termine-titel\"><a href=\"https:\/\/weltlaeden.de\/freising\/termin\/die-welt-im-zenit\/\">Die Welt im Zenit<\/a><\/h5><p class=\"termine-date\">Do., 23.09.2021, 19:30<\/p><p class=\"termine-auszug\"><strong>Die Welt im Zenit - 23.09.2021, 19:30 Uhr, Luitpoldhalle Freising<\/strong> Eine mitrei\u00dfende Musik-Text-Collage mit @Kulturb\u00fcro Grupo Sal DUO und Patricia Gualinga &nbsp; Patricia Gualinga ist die ehemalige Sprecherin der indigenen Kichwa-Gemeinde Sarayaku, die seit Langem einen erfolgreichen Kampf gegen das Eindringen in ihr Territorium durch internationale \u00d6lkonzerne f\u00fcr die Gewinnung von \u00d6l, Gas und Mineralien f\u00fchrte und so weltweite Bekanntheit erlangte. Patrica Gualinga setzt den Kampf um das Territorium und ein Leben in Einklang mit der Natur im gr\u00f6\u00dferen Kontext der internationalen Bem\u00fchungen um eine nachhaltige Zukunft. Wichtig dabei ist auch ihre frauenspezifische Perspektive, als Sprecherin ihres Dorfes und auch als Vorbild vieler Frauen in der Verteidigung des Regenwalds. &nbsp; Die Musik von Grupo Sal geht dabei weit \u00fcber die Rolle als begleitende Musik hinaus. Inhaltlich und musikalisch ad\u00e4quat eingeflochten, wird sie ebenso Hauptbestandteil des Programms. Im Wechselspiel mit den inhaltlichen Beitr\u00e4gen entsteht eine unvergessliche, mitrei\u00dfende Atmosph\u00e4re. &nbsp; Veranstalter: Agendagruppen [...] <a href=\"https:\/\/weltlaeden.de\/freising\/termin\/die-welt-im-zenit\/\"><small>[WEITERLESEN]<\/small><\/a><\/p><p class=termine-ort\"><small>Ort: <i>Luitpoldhalle Freising<\/i><\/small><\/p><\/li><li><h5 class=\"termine-titel\"><a href=\"https:\/\/weltlaeden.de\/freising\/termin\/solidarische-kaffeepause-mehr-als-nur-fair\/\">Solidarische Kaffeepause &#8211; mehr als nur fair<\/a><\/h5><p class=\"termine-date\">Di., 14.09.2021, 11:00<\/p><p class=\"termine-auszug\">Genie\u00dfen Sie die erste Tasse Kaffee aus solidarischer Landwirtschaft am Dienstag, 14.09.2021 um 11 Uhr im Weltladen Freising.<p class=termine-ort\"><small>Ort: <i>Ziegelgasse 14, 85354 Freising<\/i><\/small><\/p><\/li><li><h5 class=\"termine-titel\"><a href=\"https:\/\/weltlaeden.de\/freising\/termin\/acryl-trifft-kaffeesack\/\">Acryl trifft Kaffeesack<\/a><\/h5><p class=\"termine-date\">Mo., 13.09.2021, 19:00 bis 02.10.2021, 22:30<\/p><p class=\"termine-auszug\"><strong>Ausstellung ACRL TRIFFT KAFFEESACK<\/strong> Hinter jedem gebrauchten Kaffeesack steht eine Geschichte von Kaffeebauern*b\u00e4uerinnen und ihren Schicksalen rund um den Kaffeeanbau. Die K\u00fcnstlerin Eva Zinke integriert die Aufdrucke auf den Kaffees\u00e4cken, die sie von lokalen Kaffeer\u00f6stereien bezieht, in ihre Malerei. Anregungen erh\u00e4lt sie auch durch ihre Recherchen \u00fcber die Herkunft der Kaffees\u00e4cke. Die bedruckten S\u00e4cke symbolisieren oft den Stolz der Kaffeebauern*b\u00e4uerinnen auf ihre Produkte, die in die ganze Welt geliefert werden. Mit ihrer Malerei will Eva Zinke ein Zeichen f\u00fcr den Fairen Handel setzen. 13.9.-2.10.2021 in den R\u00e4umen der VHS. Die Ausstellung ist w\u00e4hrend der \u00d6ffnungszeiten der VHS zu sehen. Vernissage am 13.09.2021 um 19:00 Uhr. Die Ausstellung wird im Rahmen der Fairen Wochen 2021 von der Agenda21 Projektgruppe Faires Forum Freising und der VHS Freising veranstaltet. Finanziert aus Mitteln des Agenda21-Sozialbeirats der Stadt Freising und unterst\u00fctzt durch Sparda-Bank Freising. Informationen zum Begleitprogramm finden sich im <strong><a style=\"color: #ff6600\" href=\"https:\/\/weltlaeden.de\/freising\/wp-content\/uploads\/sites\/48\/2021\/09\/Ausstellung-FlyerA6_2307_20213203.pdf\" target=\"_blank\"<\/strong> [...] <a href=\"https:\/\/weltlaeden.de\/freising\/termin\/acryl-trifft-kaffeesack\/\"><small>[WEITERLESEN]<\/small><\/a><\/p><p class=termine-ort\"><small>Ort: <i>vhs Freising e.V., Kammergasse 12<\/i><\/small><\/p><\/li><li><h5 class=\"termine-titel\"><a href=\"https:\/\/weltlaeden.de\/freising\/termin\/weltladentag-am-samstag-den-8-mai\/\">Weltladentag am Samstag, den 8. Mai<\/a><\/h5><p class=\"termine-date\">Sa., 08.05.2021, 09:30<\/p><p class=\"termine-auszug\"><p style=\"text-align: center\"><strong>\u201eDie Welt braucht einen Tapetenwechsel. Gestalte ihn mit!\u201c<\/strong><\/p> <strong>Unter diesem Motto l\u00e4dt der Weltladen Freising ein zum diesj\u00e4hrigen Weltladentag am Samstag, den 8. Mai ab 09:30 Uhr in der Ziegelgasse 14.<\/strong> Aufgrund der Corona-Pandemie k\u00f6nnen wir auch in diesem Jahr leider nicht unser traditionelles Faires Fr\u00fchst\u00fcck zum Weltladentag veranstalten. Stattdessen laden wir Sie dazu ein, am Weltladen vorbeizukommen und uns Ihre Ideen f\u00fcr mehr Solidarit\u00e4t, mehr Nachhaltigkeit und mehr Dialog im Alltag mitzuteilen. Wenn wir alle gemeinsam auf diesem Planeten ein gutes Leben f\u00fchren wollen, k\u00f6nnen wir nicht so weiter machen wie bisher. Unsere Art zu leben und zu wirtschaften ist nicht zukunftsf\u00e4hig. In weiten Teilen der Welt nimmt soziale Ungleichheit zu, Umweltzerst\u00f6rung und Klimakrise schreiten voran. Die Auswirkungen der Corona-Pandemie werden all dies weiter versch\u00e4rfen. Die Corona-Krise bietet aber auch die Chance, unser System in Frage zu stellen und in Richtung Nachhaltigkeit umzusteuern. Die letzten Monate zeigen, [...] <a href=\"https:\/\/weltlaeden.de\/freising\/termin\/weltladentag-am-samstag-den-8-mai\/\"><small>[WEITERLESEN]<\/small><\/a><\/p><p class=termine-ort\"><small>Ort: <i>Ziegelgasse 14, 85354 Freising<\/i><\/small><\/p><\/li><li><h5 class=\"termine-titel\"><a href=\"https:\/\/weltlaeden.de\/freising\/termin\/faire-ostereiersuche-am-27-3-2021\/\">Faire Ostereiersuche am 27.3.2021 in der Freisinger Innenstadt<\/a><\/h5><p class=\"termine-date\">Sa., 27.03.2021, 10:00<\/p><p class=\"termine-auszug\"><b>Augen auf beim Schokokauf: Woher kommt die Schokolade in den Ostereiern? <\/b> Unter diesem Motto verteilen Aktive aus dem Fairen Forum Freising und dem Weltladen Freising am 27. M\u00e4rz rund 30 Ostereier aus Papier in der Innenstadt. Klein und Gro\u00df sind eingeladen, am Samstag zwischen Ziegelgasse, Rindermarkt und Unterer Hauptstra\u00dfe auf Ostereiersuche zu gehen. Wer ein Osterei aus Papier findet, kann dies bis Ostern im Weltladen gegen ein Schoko-Osterei eintauschen. Das Papier-Ei dient als Gutschein. Pro Person wird aber nur ein Papier-Ei eingetauscht. Die Suche startet gegen 10:00 Uhr und endet gegen 13:00 Uhr. Der Weltladen und das Faire Forum wollen mit dieser Aktion dazu anregen, beim Schokokauf zu Ostern (und nat\u00fcrlich auch sonst) genau hinzuschauen und sich f\u00fcr Leckereien aus fair gehandelter Schokolade zu entscheiden, denn: faire Arbeitsbedingungen und gerechte Preise sind zwei Seiten derselben Schokolade. S\u00fc\u00dfer wird's nicht - FAIRER schon!<p class=termine-ort\"><small>Ort: <i>Freisinger Innenstadt<\/i><\/small><\/p><\/li><li><h5 class=\"termine-titel\"><a href=\"https:\/\/weltlaeden.de\/freising\/termin\/faires-forum-freising\/\">Faires Forum Freising<\/a><\/h5><p class=\"termine-date\">Mo., 25.01.2021, 18:30<\/p><p class=\"termine-auszug\">Das Faire Forum trifft sich dieses mal online. Bitte Anmeldungen bis 20.01.2021 an:\u00a0<a href=\"mailto:fairtrade@freising.de\" target=\"_parent\">fairtrade@freising.de<\/a> Eine spontane Teilnahme ist damit dieses Mal leider nicht m\u00f6glich. Interessierte sind wie gehabt willkommen.<p class=termine-ort\"><small>Ort: <i>WEBEX-Meeting<\/i><\/small><\/p><\/li><li><h5 class=\"termine-titel\"><a href=\"https:\/\/weltlaeden.de\/freising\/termin\/vortrag-zu-sozial-oekologischer-beschaffung\/\">VORTRAG ZU SOZIAL-\u00d6KOLOGISCHER BESCHAFFUNG<\/a><\/h5><p class=\"termine-date\">Mo., 09.11.2020, 11:00 bis 09.11.2020, 13:00<\/p><p class=\"termine-auszug\">Das Faire Forum Freising l\u00e4dt ein: <strong>09.11.2020, 11:00 - 13:00 Uhr im Raum der Begegnungen<\/strong> Im Warenkorb von \u00f6ffentlichen Einrichtungen landen neben Arbeitskleidung f\u00fcr die Feuerwehr und Spielger\u00e4ten f\u00fcr KITAs auch Natursteine f\u00fcr den Marktplatz, Computer f\u00fcr die Verwaltung, Getr\u00e4nke und Lebensmittel sowie eine Vielzahl weiterer B\u00fcromaterialien. Kommunen, Bildungseinrichtungen, Kirchen, Unternehmen als Gro\u00dfverbraucher*innen k\u00f6nnen zu einem nachhaltigen Konsumverhalten beitragen, indem sie soziale und \u00f6kologische Kriterien bei der Vergabe ber\u00fccksichtigen. <p style=\"padding-left: 30px\">Aber... ...welche Produkte kann man \u00fcberhaupt beschaffen? ...wie sehen sie aus? ...wo kann ich sie bestellen?<\/p> Das Recherchieren nach entsprechenden Produkten ist zeitaufwendig und nicht immer eindeutig. Marina Malter von der Fairen Metropolregion N\u00fcrnberg bietet mit ihrem Vortrag einen Einblick in die Thematik. <p style=\"padding-left: 30px\">Anhand des \u00f6ko-sozialen Beschaffungskoffers stellt sie vor: ...Beispielprodukte zum Anfassen und Anschauen ...Hintergrundinformationen zu Siegeln und Produkten ...Beschaffungsbeispiele aus der Metropolregion N\u00fcrnberg<\/p> In den folgenden Wochen (bis Anfang Dezember) kann der Koffer ausgeliehen werden, [...] <a href=\"https:\/\/weltlaeden.de\/freising\/termin\/vortrag-zu-sozial-oekologischer-beschaffung\/\"><small>[WEITERLESEN]<\/small><\/a><\/p><p class=termine-ort\"><small>Ort: <i>Raum der Begegnungen<\/i><\/small><\/p><\/li><li><h5 class=\"termine-titel\"><a href=\"https:\/\/weltlaeden.de\/freising\/termin\/schokolade-selber-machen\/\">Schokolade selber machen<\/a><\/h5><p class=\"termine-date\">Fr., 06.11.2020, 14:00 bis 06.11.2020, 17:00<\/p><p class=\"termine-auszug\"><strong>Schokolade selber machen - Workshop f\u00fcr Kinder von 8-12 Jahren<\/strong> An der VHS in Kooperation mit dem Weltladen Freising (Partnerschaft Eine Welt e.V.) Mmh, lecker Schokolade! Wenn ihr wissen wollt, wie Schokolade selbst gemacht wird, seid ihr hier genau richtig. Wir werden gemeinsam Schokolade herstellen und mit Leckereien verzieren. Vielleicht entstehen ja auch Sonne, Mond und Sterne aus Schokolade. W\u00e4hrend die Schokolade im K\u00fchlschrank fest wird, damit ihr sie mit nach Hause nehmen k\u00f6nnt, seid ihr noch als Schokodetektiv oder -detektivin unterwegs: Wo w\u00e4chst Kakao? Was passiert alles vom Baum bis zur fertigen Schokolade? Wie leben die Menschen, die den Kakao anbauen? Freitag 06.11.20, 14:00-17:00 Uhr. Der Kurs findet in den Herbstferien statt! Ort: VHS Raum 107\/Schulk\u00fcche, Kammergasse 12 Kosten: 22,- Euro (12,- plus 10,- Material) Mitzubringen \/ Material: Sch\u00fcrze, Beh\u00e4ltnis f\u00fcr die hergestellte Schokolade, Geschirrt\u00fccher ACHTUNG: Bei kleineren Kinder bitte rutschfesten Tritt mitgeben, damit sie gut an der K\u00fcchenzeile [...] <a href=\"https:\/\/weltlaeden.de\/freising\/termin\/schokolade-selber-machen\/\"><small>[WEITERLESEN]<\/small><\/a><\/p><p class=termine-ort\"><small>Ort: <i>VHS Raum 107\/Schulk\u00fcche, Kammergasse 12, 85354 Freising<\/i><\/small><\/p><\/li><li><h5 class=\"termine-titel\"><a href=\"https:\/\/weltlaeden.de\/freising\/termin\/demokratie-2-0\/\">Demokratie 2.0: Entscheidungsprozesse in Gruppen kooperativ und zufriedenstellend gestalten<\/a><\/h5><p class=\"termine-date\">Fr., 23.10.2020, 17:30 bis 23.10.2020, 20:30<\/p><p class=\"termine-auszug\">Eine Veranstaltung an der vhs Freising e.V. in Kooperation mit dem Fairen Forum Freising und LebensArt GbR. Brexit auf der Basis von 51,9% Zustimmung, Investitionen mit langfristigen Folgen f\u00fcr Verantwortungstr\u00e4ger und Betroffene, den Dorfplatz sofort umbauen, sp\u00e4ter oder vielleicht doch besser gar nicht. - Entscheidungen sind allgegenw\u00e4rtig und nicht immer einfach. Da kommt schon mal der Gedanke: \"Demokratie nervt, ist etwas f\u00fcr 'die da oben', da kann ich als Einzelne\/-r doch nicht viel machen, und wo bleibt der starke Mann\/die starke Frau, die alles (wieder) zusammenf\u00fchrt?\" In Politik, Unternehmen und zivilgesellschaftlichen Organisationen geh\u00f6ren Entscheidungen zum Tagesgesch\u00e4ft. Doch warum kommt es dabei so oft zu langwierigen und wenig fruchtbaren Diskussionen und Machtk\u00e4mpfen und wie zufrieden sind Beteiligte und Betroffene am Ende mit den nach langem Ringen getroffenen Entscheidungen? In diesem Workshop schauen wir uns demokratische (Mehrheits-)Entscheidungsprozesse genauer an: Mit dem Systemischen Konsensieren (\"SK-Prinzip\" nach Siegfried Schrotta und Erich Visotschnig) steht eine [...] <a href=\"https:\/\/weltlaeden.de\/freising\/termin\/demokratie-2-0\/\"><small>[WEITERLESEN]<\/small><\/a><\/p><p class=termine-ort\"><small>Ort: <i>vhs Freising e.V. Kammergasse 12 85354 Freising<\/i><\/small><\/p><\/li><li><h5 class=\"termine-titel\"><a href=\"https:\/\/weltlaeden.de\/freising\/termin\/buen-vivir-meets-postwachstumsoekonomie-am-05-10-2020\/\">Buen Vivir meets Postwachstums\u00f6konomie am 05.10.2020<\/a><\/h5><p class=\"termine-date\">Mo., 05.10.2020, 19:30<\/p><p class=\"termine-auszug\"><strong>\u201eBuen Vivir meets Postwachstums\u00f6konomie <\/strong>am <strong>05.10.2020 um 19:30 Uhr im Lindenkeller (Unterhaus)<\/strong>, Veitsm\u00fcllerweg 2, 85354 Freising. Einlass: 19 Uhr. Karten ausschlie\u00dflich im <strong>Vorverkauf ab 29.09.2020 im Weltladen Freising<\/strong>, Ziegelgasse 14 (08161-5193492). Eintrittspreis nach Selbsteinsch\u00e4tzung (Richtwert 15 \u20ac). Teilnahme in Gruppen bis zu maximal 10 Personen m\u00f6glich. An diesem Abend wollen wir eine wichtige und notwendige Diskussion im deutschsprachigen Raum befeuern: Wie wollen wir leben? Wie sieht \u201eGutes Leben\u201c aus? Kann es ein \u201eGutes Leben\u201c f\u00fcr alle geben? Es trifft der gro\u00dfe, lateinamerikanische Intellektuelle und Verfechter der Praxis des \u201cBuen Vivir\u201d <strong>Alberto Acosta<\/strong> auf <strong>Niko Paech<\/strong>, Professor f\u00fcr Plurale \u00d6konomie an der Universit\u00e4t Siegen. Gemeinsam werden alternative Gesellschaftsmodelle ergr\u00fcndet: Die indigene Praxis \u201eBuen Vivir\u201c (gutes Leben), propagiert \u2013 neben einem Leben im Einklang mit der Natur \u2013 f\u00fcr eine neue \u201eEthik der Entwicklung\u201c, ein soziales und solidarisches Wirtschaften und eine Ver\u00e4nderung im Lebens und Politikstil. Der Wirtschaftswissenschaftler Niko Paech, beschreibt mit [...] <a href=\"https:\/\/weltlaeden.de\/freising\/termin\/buen-vivir-meets-postwachstumsoekonomie-am-05-10-2020\/\"><small>[WEITERLESEN]<\/small><\/a><\/p><p class=termine-ort\"><small>Ort: <i>Lindenkeller (Unterhaus), Veitsm\u00fcllerweg 2, 85354 Freising<\/i><\/small><\/p><\/li><li><h5 class=\"termine-titel\"><a href=\"https:\/\/weltlaeden.de\/freising\/termin\/staatsminister-dr-hermann-im-weltladen\/\">Staatsminister Dr. Florian Hermann zu Besuch im Weltladen<\/a><\/h5><p class=\"termine-date\">Sa., 19.09.2020, 10:00<\/p><p class=\"termine-auszug\">Am 19. September 2020 um 10Uhr empf\u00e4ngt der Weltladen Freising unseren Staatsminister f\u00fcr Bundes- und Europaangelegenheiten Dr. Florian Hermann, dem bayrischen Eine-Welt-Minister. Nach einer kurzen F\u00fchrung durch den Laden wird er an der Kasse stehen und den Verkauf \u00fcbernehmen und so f\u00fcr den Fairen Handel werben. Im Anschluss werden Aktive aus dem Fairen Forum Freising und dem Verein Partnerschaft Eine Welt e.V. (dem Tr\u00e4gerverein des Weltladens Freising), mit Staatsminister Herrmann ein Gespr\u00e4ch rund um Fragen des Fairen Handels, der Nachhaltigen Beschaffung und den M\u00f6glichkeiten von Kommune und Land einen Beitrag zur globalen Gerechtigkeit zu leisten, f\u00fchren. &nbsp;<\/li><li><h5 class=\"termine-titel\"><a href=\"https:\/\/weltlaeden.de\/freising\/termin\/faire-woche-2020\/\">Faire Woche 2020<\/a><\/h5><p class=\"termine-date\">Fr., 11.09.2020 bis 25.09.2020<\/p><p class=\"termine-auszug\">Seit mehr als 15 Jahren l\u00e4dt die <a href=\"https:\/\/www.faire-woche.de\/start\" target=\"_blank\" rel=\"noopener\">Faire Woche<\/a> alle Menschen in Deutschland dazu ein, Veranstaltungen zum Fairen Handel in ihrer Region zu besuchen oder selbst zu organisieren. Auch in Freising sind vom <strong>11. bis 25. September<\/strong> wieder spannende Aktionen geplant. &nbsp; &nbsp;<\/li><li><h5 class=\"termine-titel\"><a href=\"https:\/\/weltlaeden.de\/freising\/termin\/das-perfekte-picknick-koestliches-zum-mitnehmen\/\">ABGESAGT &#8211; &#8222;Das perfekte Picknick&#8220; &#8211; K\u00f6stliches zum Mitnehmen<\/a><\/h5><p class=\"termine-date\">Di., 19.05.2020, 18:00<\/p><p class=\"termine-auszug\">Ein Kochkurs in Kooperation mit der VHS. Salate, Bratlinge, Aufstriche, Kuchen und vieles mehr f\u00fcr das Picknick am Weiher oder den Ausflug in die Berge. Mit Produkten aus dem Weltladen wie Kichererbsen, Linsen, Bohnen, Reis, Couscous, Quinoa sowie Gem\u00fcse und Fr\u00fcchte der Saison aus regionalem Bioanbau und frischen K\u00fcchenkr\u00e4utern aus meinem Garten bereiten wir diverse Snacks zu, die zusammen eine vollwertige Mahlzeit ergeben. Diese sind auch f\u00fcr die Mittagspause in B\u00fcro und Schule geeignet: am Abend vorher zubereitet und immer wieder neu variiert ist dies eine gesunde und g\u00fcnstige Alternative zu immer gleichem Fastfood um die Ecke. Im Anschluss an die Zubereitung lassen wir uns gemeinsam unsere Kreationen schmecken. Die Reste d\u00fcrfen in selbst mitgebrachten Beh\u00e4ltern f\u00fcr die Mittagspause am n\u00e4chsten Tag mitgenommen werden (falls etwas \u00fcbrig bleibt ). Anmeldung bitte direkt bei der VHS. Weitere Informationen <a href=\"https:\/\/www.vhs-freising.org\/programm\/gesellschaft\/kurs\/Das+perfekte+Picknick+-+Koestliches+zum+Mitnehmen\/nr\/P0844\/bereich\/details\/kat\/94\/#inhalt\" target=\"_blank\" rel=\"noopener\">hier<\/a>.<\/li><li><h5 class=\"termine-titel\"><a href=\"https:\/\/weltlaeden.de\/freising\/termin\/weltladentag-informationen-und-aktivitaeten-rund-um-das-lieferkettengesetz\/\">Weltladentag &#8211; Informationen und Aktivit\u00e4ten rund um das Lieferkettengesetz<\/a><\/h5><p class=\"termine-date\">Sa., 09.05.2020, 09:30<\/p><p class=\"termine-auszug\">Zum Weltladentag 2020 erwarten Sie Informationen und Aktionen rund um das <a href=\"https:\/\/lieferkettengesetz.de\/\" target=\"_blank\" rel=\"noopener\">Lieferkettengesetz<\/a>. Einfach w\u00e4hrend der \u00d6ffnungszeiten beim Weltladen in der Ziegelgasse vorbeischauen. Wir freuen uns auf Begegnung (in Distanz)!<\/li><li><h5 class=\"termine-titel\"><a href=\"https:\/\/weltlaeden.de\/freising\/termin\/die-wiese-filmabend-mit-regisseur-jan-haft\/\">ABGESAGT &#8211; &#8222;Die Wiese&#8220; &#8211; Filmabend mit Regisseur Jan Haft<\/a><\/h5><p class=\"termine-date\">Di., 24.03.2020, 19:00<\/p><p class=\"termine-auszug\"><strong>Schon gekaufte Eintrittskarten k\u00f6nnen an den Orten, an denen sie gekauft wurden, zur\u00fcckgegeben werden. Dies eilt nicht.<\/strong> <strong>Die Wunderwelt von nebenan<\/strong> Mit beeindruckenden Aufnahmen entf\u00fchrt uns der Dokumentarfilm auf wundersame Weise in eine Welt voller Farbenpracht und Vielfalt. Vor dem Hintergrund eines klanggewaltigen Orchesters von trillernden Brachv\u00f6geln bis hin zu zirpenden Grillen und Heuschrecken tauchen wir ein in das Paradies von nebenan - die Wiese. Ein faszinierendes \u00d6kosystem voller Wunder und \u00dcberraschungen, in dem ein Drittel unserer Pflanzen- und Tierarten zuhause ist. Gleichzeitig sensibilisiert uns der Film mit viel Fingerspitzengef\u00fchl f\u00fcr den achtsamen Umgang mit einem bedrohten Lebensraum, dessen Verschwinden schwerwiegende Folgen f\u00fcr uns haben kann. Im Anschluss an den Film steht Regisseur Jan Haft zur Diskussion zur Verf\u00fcgung. Karten f\u00fcr 5,00 Euro im Vorverkauf: Weltladen, Fashion &amp; more, Tagwerk Biomarkt, Kreisbildungswerk, LebensArt\u00a0\u00a0 oder online unter www.bildungswerk-freising.de https:\/\/www.diewiese-derfilm.de\/ Eine Veranstaltung der Agenda21-Gruppen Biostadt und Faires Forum, unterst\u00fctzt durch Weltladen Freising, [...] <a href=\"https:\/\/weltlaeden.de\/freising\/termin\/die-wiese-filmabend-mit-regisseur-jan-haft\/\"><small>[WEITERLESEN]<\/small><\/a><\/p><p class=termine-ort\"><small>Ort: <i>Gemeindehaus St. Georg, Rindermarkt, Freising<\/i><\/small><\/p><\/li><li><h5 class=\"termine-titel\"><a href=\"https:\/\/weltlaeden.de\/freising\/termin\/bildungsteam-des-weltladen-trifft-sich\/\">Bildungsteam des Weltladen trifft sich<\/a><\/h5><p class=\"termine-date\">Di., 10.03.2020, 20:30<\/p><p class=\"termine-auszug\">Am 10.03.2020 trifft sich das Bildungs- und Kampagnenteam des Weltladens um die Jahresplanung zu machen und einen Aktion zum Lieferkettengesetzt zu planen. Neue Leute sind willkommen. &nbsp;<\/li><li><h5 class=\"termine-titel\"><a href=\"https:\/\/weltlaeden.de\/freising\/termin\/fortbildung-globales-lernen\/\">Fortbildung Globales Lernen<\/a><\/h5><p class=\"termine-date\">Fr., 06.03.2020, 14:00<\/p><p class=\"termine-auszug\">Einf\u00fchrung in die Arbeit mit der Methodenkiste \u201eGlobales Lernen\u201c f\u00fcr Lehrer_innen und Multiplikator_innen Lust dich einen Nachmittag lang mit Fragen und Methoden der globalen Gerechtigkeit und des Welthandels zu besch\u00e4ftigen? Dann melde dich zu unserer Fortbildung an: Die Methodenkiste \u201eGlobales Lernen\u201c wurde vom Nord-S\u00fcd-Forum M\u00fcnchen entwickelt und beinhaltet Einheiten zu den Themen Welthandel, (Verteilungs-) Gerechtigkeit und Diskriminierung\/Privilegierung. Durch interaktive Methoden wie Rollenspiele k\u00f6nnen abstrakte globale Zusammenh\u00e4nge konkret erfahren werden. Auf spielerische Art und Weise setzen sich die Sch\u00fcler*innen mit Fragen nachhaltiger Entwicklung und globaler Gerechtigkeit auseinander. Die Kiste enth\u00e4lt sieben didaktisch aufbereitete Einheiten, die direkt eingesetzt werden k\u00f6nnen, sowie weiterf\u00fchrende Methodensammlungen und Hintergrundinformationen zum Globalen Lernen. Die Einheiten eignen sich zum Einsatz aber der 7. Jahrgangsstufe. In dieser Fortbildung k\u00f6nnen Sie die Methodenkiste mit bew\u00e4hrten Elementen f\u00fcr Unterricht, Vertretungsstunden oder Projekttage kennenlernen und gemeinsam ausprobieren. Die Kiste kann zuk\u00fcnftig im Weltladen Freising entliehen werden. Anmeldung: \u00dcber FIBS (LgID E962-0\/20\/1 - [...] <a href=\"https:\/\/weltlaeden.de\/freising\/termin\/fortbildung-globales-lernen\/\"><small>[WEITERLESEN]<\/small><\/a><\/p><p class=termine-ort\"><small>Ort: <i>Christi-Himmelfahrts-Kirche, Freising<\/i><\/small><\/p><\/li><li><h5 class=\"termine-titel\"><a href=\"https:\/\/weltlaeden.de\/freising\/termin\/bildungsteam-des-weltladens\/\">Bildungsteam des Weltladens<\/a><\/h5><p class=\"termine-date\">Do., 14.11.2019, 19:30<\/p><p class=\"termine-auszug\">Am 14.11. trifft sich das Bildungsteam des Weltladens Freising: um 19:30 Uhr im Weltladen in der Ziegelgasse 14. Wir wollen eine Aktion zur Initiative Lieferkettengesetz planen und vorbereiten.<\/li><li><h5 class=\"termine-titel\"><a href=\"https:\/\/weltlaeden.de\/freising\/termin\/klangschalen-zum-ausprobieren\/\">Klangschalen zum Ausprobieren<\/a><\/h5><p class=\"termine-date\">Mi., 13.11.2019, 19:00<\/p><p class=\"termine-auszug\"><strong> Workshop und Informationen rund um fairgehandelte Klangschale<\/strong>n Klangschalen wirken beruhigend, sind meditativ und in verschiedensten Ausf\u00fchrungen erh\u00e4ltlich. Die richtige(n) Klangschale(n) f\u00fcr sich zu entdecken, erfordert eine deutliche Auseinandersetzung mit der Thematik. In diesem Workshop mit Theorieteil erfahren Sie, auch anhand eines Films, Grundlegendes \u00fcber Material, Herstellung und Handhabung der Schalen. Im Praxisteil wird eine gro\u00dfe Auswahl von Klangschalen zum Ausprobieren\/Testen bereitstehen. Die Referentin Christiane Claren arbeitet bei AKAR im Bereich Design und Produktentwicklung und verbringt j\u00e4hrlich einige Wochen in den AKAR-Werkst\u00e4tten in Kambodscha und Nepal. Eine Veranstaltung in Kooperation mit der Volkshochschule Freising e.V.. Bei Interesse hier\u00a0<a href=\"https:\/\/www.vhs-freising.org\/programm\/gesellschaft\/kurs\/NEU+Klangschalen+zum+Ausprobieren\/nr\/N0133\/bereich\/details\/kat\/3\/#inhalt\">anmelden.<\/a><\/li><li><h5 class=\"termine-titel\"><a href=\"https:\/\/weltlaeden.de\/freising\/termin\/zimt-nicht-nur-fuer-sterne\/\">Zimt nicht nur f\u00fcr Sterne<\/a><\/h5><p class=\"termine-date\">Di., 12.11.2019, 18:00<\/p><p class=\"termine-auszug\"><strong>Exotische Gew\u00fcrze in der alltagstauglichen K\u00fcche<\/strong> Die meisten von uns kennen die Standardgew\u00fcrze schwarzer Pfeffer, Paprika oder Salz. Damit lassen sich viele Gerichte gut abrunden, aber es w\u00e4re doch sch\u00f6n einem einfachen Gericht aus regionalem Gem\u00fcse und Obst mit exotischen bzw. au\u00dfergew\u00f6hnlichen Gew\u00fcrzen einen neuen Charakter zu verleihen. Wir werden im Laufe des Abends eine Auswahl an verschiedenen exotischen Gew\u00fcrzen kennenlernen: Wo kommen die Gew\u00fcrze her? Wie werden sie angebaut und unter welchen Arbeitsbedingungen findet das normalerweise statt? Und nicht zuletzt: Zu welchen Speisen passen sie besonders gut und wie setze ich die Gew\u00fcrze beim Kochen ein? Der Abend soll Mut machen auch einmal mit Gew\u00fcrzen zu experimentieren. Wie passt Safran zu Blumenkohl oder Sternanis und eine Prise gr\u00fcner Pfeffer zu Apfelmus? Gemeinsam kochen wir ein 3-G\u00e4ngemen\u00fc und probieren unsere Kreationen. Dieser Kurs findet in Kooperation mit der Volkshochschule Freising statt. Bei Interesse: hier\u00a0<a href=\"https:\/\/www.vhs-freising.org\/programm\/gesellschaft\/kurs\/Zimt+nicht+nur+fuer+Sterne+-+Exotische+Gewuerze+in+der+alltagstauglichen+Kueche\/nr\/N0850\/bereich\/details\/kat\/94\/#inhalt\">anmelden.<\/a><\/li><li><h5 class=\"termine-titel\"><a href=\"https:\/\/weltlaeden.de\/freising\/termin\/bildungsteam-des-weltladens-freising\/\">Bildungsteam des Weltladens Freising<\/a><\/h5><p class=\"termine-date\">Mo., 14.10.2019, 19:30<\/p><p class=\"termine-auszug\">Am 14.10. trifft sich das Bildungsteam des Weltladens Freising: um 19:30 Uhr im Weltladen in der Ziegelgasse 14. Neue Leute sind herzlichst willkommen.<\/li><li><h5 class=\"termine-titel\"><a href=\"https:\/\/weltlaeden.de\/freising\/termin\/global-mamas-2019\/\">Global Mamas &#8211; Produzentinnenbesuch<\/a><\/h5><p class=\"termine-date\">Do., 26.09.2019, 18:30 bis 26.09.2019<\/p><p class=\"termine-auszug\">Am Donnerstag, den <strong>26. September 2019<\/strong>,\u00a0bekommen wir besonderen Besuch: Die Produzentinnen von Global Mamas,\u00a0Patience Essibu und Barbara Tetteh-Appain, besuchen den Weltladen Freising, um im Rahmen der Fairen Woche 2019 ihr Unternehmen vorzustellen. Wir laden Sie herzlich zu diesem besonderen Abend in den Weltladen ein. Lassen Sie sich <strong>um 18:30 Uhr<\/strong> bei einem Willkommenstrunk von den Farben der ghanaischen Mode verzaubern. Nach einer kleinen Modenschau werden die G\u00e4ste von ihrem Unternehmen berichten. Bei einem fairen Imbiss lassen wir den Abend ausklingen. Wer gerne selbst einen Stempel basteln m\u00f6chte, mit dem Stoffe gebatikt werden k\u00f6nnen, hat dazu Gelegenheit. Wir freuen uns auf Sie! <a href=\"https:\/\/weltlaeden.de\/freising\/wp-content\/uploads\/sites\/48\/2019\/09\/globalmamas-2019.pdf\">Weitere Informationen hier herunterladen<\/a><p class=termine-ort\"><small>Ort: <i>Weltladen Freising<\/i><\/small><\/p><\/li><li><h5 class=\"termine-titel\"><a href=\"https:\/\/weltlaeden.de\/freising\/termin\/global-dinner-2019\/\">Global Dinner<\/a><\/h5><p class=\"termine-date\">Fr., 20.09.2019, 19:30 bis 20.09.2019, 22:00<\/p><p class=\"termine-auszug\">Wie f\u00fchlt es sich an, wenn die ganze Welt zusammen Abend isst? Dieses kritisch-kulinarische Experiment wagen wir am <strong>20. September 2019<\/strong>. Von <strong>19:30 bis 22:00<\/strong> holen wir die Welt an einen Tisch, laden ein zu feinem Essen, zum Erfahren, zum Empfinden und zum gemeinsamen Austausch. Kursgeb\u00fchr 15 \u20ac (3-G\u00e4nge-Men\u00fc und Getr\u00e4nke inklusive) <strong>Anmeldung erforderlich bis 13.09.2019<\/strong> Tel. 08161 4907-0, vhs@vhs-freising.org oder \u00fcber <a href=\"https:\/\/www.vhs-freising.org\/aktuelles\/detailansicht\/global-dinner\/\" target=\"_blank\" rel=\"noopener\">www.vhs-freising.org<\/a> (Kursnummer N0131)<p class=termine-ort\"><small>Ort: <i>vhs Freising, Kammergasse 12, Raum 104<\/i><\/small><\/p><\/li><li><h5 class=\"termine-titel\"><a href=\"https:\/\/weltlaeden.de\/freising\/termin\/faire-woche-2019\/\">Faire Woche 2019<\/a><\/h5><p class=\"termine-date\">Fr., 13.09.2019 bis 29.09.2019<\/p><p class=\"termine-auszug\">Seit mehr als 15 Jahren l\u00e4dt die Faire Woche alle Menschen in Deutschland dazu ein, Veranstaltungen zum Fairen Handel in ihrer Region zu besuchen oder selbst zu organisieren. Auch in Freising sind vom <strong>13. bis 29. September<\/strong> wieder zahlreiche Veranstaltungen geplant: <a href=\"https:\/\/weltlaeden.de\/freising\/wp-content\/uploads\/sites\/48\/2019\/09\/fairewoche-2019-flyer.pdf\">Laden Sie hier das Programm zur Fairen Woche 2019 herunter.<\/a><p class=termine-ort\"><small>Ort: <i>Freising<\/i><\/small><\/p><\/li><li><h5 class=\"termine-titel\"><a href=\"https:\/\/weltlaeden.de\/freising\/termin\/aktionswoche-ehrenamt\/\">Aktionswoche Ehrenamt 2019<\/a><\/h5><p class=\"termine-date\">Fr., 13.09.2019 bis 22.09.2019<\/p><p class=\"termine-auszug\">Engagement macht stark! Unter diesem Motto pr\u00e4sentieren sich w\u00e4hrend der Aktionswoche Ehrenamt vom <strong>13. bis 22. September 2019<\/strong> wieder viele gemeinn\u00fctzige Vereine und Initiativen in Freising. Und auch wir sind wieder mit dabei! Denn im Weltladen Freising sind immer\u00a0<a href=\"https:\/\/weltlaeden.de\/freising\/ueber-uns\/#mitmachen\">Menschen gesucht, die sich engagieren m\u00f6chten<\/a>. Alles zur Aktionswoche und den einzelnen Veranstaltungen finden Sie im Programmflyer:\u00a0<a href=\"https:\/\/weltlaeden.de\/freising\/wp-content\/uploads\/sites\/48\/2019\/09\/aktionswoche-ehrenamt-2019.pdf\">Flyer hier herunterladen<\/a> Augen auf: Schon ab 9. September\u00a0gibt es viel zu sehen! Vereine und Initiativen pr\u00e4sentieren sich mit kreativ gestalteten Schaufenstern. &nbsp; &nbsp;<p class=termine-ort\"><small>Ort: <i>Freising<\/i><\/small><\/p><\/li><li><h5 class=\"termine-titel\"><a href=\"https:\/\/weltlaeden.de\/freising\/termin\/schokolade-selber-machen-fuer-kinder-8-12-jahre\/\">Schokolade selber machen. F\u00fcr Kinder (8-12 Jahre)<\/a><\/h5><p class=\"termine-date\">Di., 16.04.2019, 14:00 bis 16.04.2019, 17:00<\/p><p class=\"termine-auszug\">In Kooperation mit der vhs Freising Mmh, lecker Schokolade! Wenn ihr wissen wollt, wie Schokolade selbst gemacht wird, seid ihr hier genau richtig. Wir werden gemeinsam Schokolade herstellen und mit Leckereien verzieren. W\u00e4hrend die Schokolade im K\u00fchlschrank fest wird, damit ihr sie mit nach Hause nehmen k\u00f6nnt, seid ihr noch als Schokodetektiv oder -detektivin unterwegs: Wie w\u00e4chst Kakao? Was passiert alles vom Baum bis zur fertigen Schokolade? Wie leben die Menschen, die den Kakao anbauen? Weitere Infos und <a href=\"https:\/\/www.vhs-freising.org\/programm\/gesellschaft\/kurs\/Schokolade+selber+machen\/nr\/M0544\/bereich\/details\/kat\/1\/\" target=\"_blank\" rel=\"noopener\">Anmeldung hier.<\/a><p class=termine-ort\"><small>Ort: <i>vhs-Raum 107 - Schulk\u00fcche - Kammergasse 12<\/i><\/small><\/p><\/li><\/ul>[\/vc_column][\/vc_row]<\/p>\n<\/div>","protected":false},"excerpt":{"rendered":"<p>[vc_row][vc_column][vc_empty_space height=&#8220;30px&#8220;][vc_column_text] Termine [\/vc_column_text][vc_empty_space height=&#8220;30px&#8220;][\/vc_column][\/vc_row][vc_row][vc_column width=&#8220;2\/3&#8243;][vc_column_text] Kommende Termine [\/vc_column_text][vc_empty_space height=&#8220;30px&#8220;][vc_column_text] Vergangene Termine [\/vc_column_text][\/vc_column][\/vc_row]<\/p>\n","protected":false},"author":1,"featured_media":0,"parent":0,"menu_order":9,"comment_status":"closed","ping_status":"closed","template":"","meta":{"footnotes":""},"class_list":["post-23","page","type-page","status-publish","hentry","description-off"],"yoast_head":"<!-- This site is optimized with the Yoast SEO plugin v26.8 - https:\/\/yoast.com\/product\/yoast-seo-wordpress\/ -->\n<title>Termine - Weltladen Freising<\/title>\n<meta name=\"robots\" content=\"index, follow, max-snippet:-1, max-image-preview:large, max-video-preview:-1\" \/>\n<link rel=\"canonical\" href=\"https:\/\/weltlaeden.de\/freising\/termine\/\" \/>\n<meta property=\"og:locale\" content=\"de_DE\" \/>\n<meta property=\"og:type\" content=\"article\" \/>\n<meta property=\"og:title\" content=\"Termine - Weltladen Freising\" \/>\n<meta property=\"og:description\" content=\"[vc_row][vc_column][vc_empty_space height=&#8220;30px&#8220;][vc_column_text] Termine [\/vc_column_text][vc_empty_space height=&#8220;30px&#8220;][\/vc_column][\/vc_row][vc_row][vc_column width=&#8220;2\/3&#8243;][vc_column_text] Kommende Termine [\/vc_column_text][vc_empty_space height=&#8220;30px&#8220;][vc_column_text] Vergangene Termine [\/vc_column_text][\/vc_column][\/vc_row]\" \/>\n<meta property=\"og:url\" content=\"https:\/\/weltlaeden.de\/freising\/termine\/\" \/>\n<meta property=\"og:site_name\" content=\"Weltladen Freising\" \/>\n<meta property=\"article:modified_time\" content=\"2018-11-26T14:55:31+00:00\" \/>\n<meta property=\"og:image\" content=\"https:\/\/weltlaeden.de\/freising\/wp-content\/uploads\/sites\/3\/2018\/07\/pocket-watch-1637396_1920_pixabay.png\" \/>\n<meta name=\"twitter:card\" content=\"summary_large_image\" \/>\n<script type=\"application\/ld+json\" class=\"yoast-schema-graph\">{\"@context\":\"https:\/\/schema.org\",\"@graph\":[{\"@type\":\"WebPage\",\"@id\":\"https:\/\/weltlaeden.de\/freising\/termine\/\",\"url\":\"https:\/\/weltlaeden.de\/freising\/termine\/\",\"name\":\"Termine - Weltladen Freising\",\"isPartOf\":{\"@id\":\"https:\/\/weltlaeden.de\/freising\/#website\"},\"primaryImageOfPage\":{\"@id\":\"https:\/\/weltlaeden.de\/freising\/termine\/#primaryimage\"},\"image\":{\"@id\":\"https:\/\/weltlaeden.de\/freising\/termine\/#primaryimage\"},\"thumbnailUrl\":\"https:\/\/weltlaeden.de\/freising\/wp-content\/uploads\/sites\/3\/2018\/07\/pocket-watch-1637396_1920_pixabay.png\",\"datePublished\":\"2016-10-14T07:05:21+00:00\",\"dateModified\":\"2018-11-26T14:55:31+00:00\",\"breadcrumb\":{\"@id\":\"https:\/\/weltlaeden.de\/freising\/termine\/#breadcrumb\"},\"inLanguage\":\"de\",\"potentialAction\":[{\"@type\":\"ReadAction\",\"target\":[\"https:\/\/weltlaeden.de\/freising\/termine\/\"]}]},{\"@type\":\"ImageObject\",\"inLanguage\":\"de\",\"@id\":\"https:\/\/weltlaeden.de\/freising\/termine\/#primaryimage\",\"url\":\"https:\/\/weltlaeden.de\/freising\/wp-content\/uploads\/sites\/3\/2018\/07\/pocket-watch-1637396_1920_pixabay.png\",\"contentUrl\":\"https:\/\/weltlaeden.de\/freising\/wp-content\/uploads\/sites\/3\/2018\/07\/pocket-watch-1637396_1920_pixabay.png\"},{\"@type\":\"BreadcrumbList\",\"@id\":\"https:\/\/weltlaeden.de\/freising\/termine\/#breadcrumb\",\"itemListElement\":[{\"@type\":\"ListItem\",\"position\":1,\"name\":\"Startseite\",\"item\":\"https:\/\/weltlaeden.de\/freising\/\"},{\"@type\":\"ListItem\",\"position\":2,\"name\":\"Termine\"}]},{\"@type\":\"WebSite\",\"@id\":\"https:\/\/weltlaeden.de\/freising\/#website\",\"url\":\"https:\/\/weltlaeden.de\/freising\/\",\"name\":\"Vorlage\",\"description\":\"Faire Produkte seit 1982\",\"potentialAction\":[{\"@type\":\"SearchAction\",\"target\":{\"@type\":\"EntryPoint\",\"urlTemplate\":\"https:\/\/weltlaeden.de\/freising\/?s={search_term_string}\"},\"query-input\":{\"@type\":\"PropertyValueSpecification\",\"valueRequired\":true,\"valueName\":\"search_term_string\"}}],\"inLanguage\":\"de\"}]}<\/script>\n<!-- \/ Yoast SEO plugin. -->","yoast_head_json":{"title":"Termine - Weltladen Freising","robots":{"index":"index","follow":"follow","max-snippet":"max-snippet:-1","max-image-preview":"max-image-preview:large","max-video-preview":"max-video-preview:-1"},"canonical":"https:\/\/weltlaeden.de\/freising\/termine\/","og_locale":"de_DE","og_type":"article","og_title":"Termine - Weltladen Freising","og_description":"[vc_row][vc_column][vc_empty_space height=&#8220;30px&#8220;][vc_column_text] Termine [\/vc_column_text][vc_empty_space height=&#8220;30px&#8220;][\/vc_column][\/vc_row][vc_row][vc_column width=&#8220;2\/3&#8243;][vc_column_text] Kommende Termine [\/vc_column_text][vc_empty_space height=&#8220;30px&#8220;][vc_column_text] Vergangene Termine [\/vc_column_text][\/vc_column][\/vc_row]","og_url":"https:\/\/weltlaeden.de\/freising\/termine\/","og_site_name":"Weltladen Freising","article_modified_time":"2018-11-26T14:55:31+00:00","og_image":[{"url":"https:\/\/weltlaeden.de\/freising\/wp-content\/uploads\/sites\/3\/2018\/07\/pocket-watch-1637396_1920_pixabay.png","type":"","width":"","height":""}],"twitter_card":"summary_large_image","schema":{"@context":"https:\/\/schema.org","@graph":[{"@type":"WebPage","@id":"https:\/\/weltlaeden.de\/freising\/termine\/","url":"https:\/\/weltlaeden.de\/freising\/termine\/","name":"Termine - Weltladen Freising","isPartOf":{"@id":"https:\/\/weltlaeden.de\/freising\/#website"},"primaryImageOfPage":{"@id":"https:\/\/weltlaeden.de\/freising\/termine\/#primaryimage"},"image":{"@id":"https:\/\/weltlaeden.de\/freising\/termine\/#primaryimage"},"thumbnailUrl":"https:\/\/weltlaeden.de\/freising\/wp-content\/uploads\/sites\/3\/2018\/07\/pocket-watch-1637396_1920_pixabay.png","datePublished":"2016-10-14T07:05:21+00:00","dateModified":"2018-11-26T14:55:31+00:00","breadcrumb":{"@id":"https:\/\/weltlaeden.de\/freising\/termine\/#breadcrumb"},"inLanguage":"de","potentialAction":[{"@type":"ReadAction","target":["https:\/\/weltlaeden.de\/freising\/termine\/"]}]},{"@type":"ImageObject","inLanguage":"de","@id":"https:\/\/weltlaeden.de\/freising\/termine\/#primaryimage","url":"https:\/\/weltlaeden.de\/freising\/wp-content\/uploads\/sites\/3\/2018\/07\/pocket-watch-1637396_1920_pixabay.png","contentUrl":"https:\/\/weltlaeden.de\/freising\/wp-content\/uploads\/sites\/3\/2018\/07\/pocket-watch-1637396_1920_pixabay.png"},{"@type":"BreadcrumbList","@id":"https:\/\/weltlaeden.de\/freising\/termine\/#breadcrumb","itemListElement":[{"@type":"ListItem","position":1,"name":"Startseite","item":"https:\/\/weltlaeden.de\/freising\/"},{"@type":"ListItem","position":2,"name":"Termine"}]},{"@type":"WebSite","@id":"https:\/\/weltlaeden.de\/freising\/#website","url":"https:\/\/weltlaeden.de\/freising\/","name":"Vorlage","description":"Faire Produkte seit 1982","potentialAction":[{"@type":"SearchAction","target":{"@type":"EntryPoint","urlTemplate":"https:\/\/weltlaeden.de\/freising\/?s={search_term_string}"},"query-input":{"@type":"PropertyValueSpecification","valueRequired":true,"valueName":"search_term_string"}}],"inLanguage":"de"}]}},"_links":{"self":[{"href":"https:\/\/weltlaeden.de\/freising\/wp-json\/wp\/v2\/pages\/23","targetHints":{"allow":["GET"]}}],"collection":[{"href":"https:\/\/weltlaeden.de\/freising\/wp-json\/wp\/v2\/pages"}],"about":[{"href":"https:\/\/weltlaeden.de\/freising\/wp-json\/wp\/v2\/types\/page"}],"author":[{"embeddable":true,"href":"https:\/\/weltlaeden.de\/freising\/wp-json\/wp\/v2\/users\/1"}],"replies":[{"embeddable":true,"href":"https:\/\/weltlaeden.de\/freising\/wp-json\/wp\/v2\/comments?post=23"}],"version-history":[{"count":13,"href":"https:\/\/weltlaeden.de\/freising\/wp-json\/wp\/v2\/pages\/23\/revisions"}],"predecessor-version":[{"id":396,"href":"https:\/\/weltlaeden.de\/freising\/wp-json\/wp\/v2\/pages\/23\/revisions\/396"}],"wp:attachment":[{"href":"https:\/\/weltlaeden.de\/freising\/wp-json\/wp\/v2\/media?parent=23"}],"curies":[{"name":"wp","href":"https:\/\/api.w.org\/{rel}","templated":true}]}}