{"version":"1.0","provider_name":"Weltladen Freising","provider_url":"https:\/\/weltlaeden.de\/freising","title":"FAIRES FR\u00dcHST\u00dcCK IM WELTLADEN FREISING - Weltladen Freising","type":"rich","width":600,"height":338,"html":"<blockquote class=\"wp-embedded-content\" data-secret=\"Cfu3LaVdCN\"><a href=\"https:\/\/weltlaeden.de\/freising\/termin\/faires-fruehstueck-im-weltladen-freising\/\">FAIRES FR\u00dcHST\u00dcCK IM WELTLADEN FREISING<\/a><\/blockquote><iframe sandbox=\"allow-scripts\" security=\"restricted\" src=\"https:\/\/weltlaeden.de\/freising\/termin\/faires-fruehstueck-im-weltladen-freising\/embed\/#?secret=Cfu3LaVdCN\" width=\"600\" height=\"338\" title=\"&#8222;FAIRES FR\u00dcHST\u00dcCK IM WELTLADEN FREISING&#8220; &#8211; Weltladen Freising\" data-secret=\"Cfu3LaVdCN\" frameborder=\"0\" marginwidth=\"0\" marginheight=\"0\" scrolling=\"no\" class=\"wp-embedded-content\"><\/iframe><script>\n\/*! This file is auto-generated *\/\n!function(d,l){\"use strict\";l.querySelector&&d.addEventListener&&\"undefined\"!=typeof URL&&(d.wp=d.wp||{},d.wp.receiveEmbedMessage||(d.wp.receiveEmbedMessage=function(e){var t=e.data;if((t||t.secret||t.message||t.value)&&!\/[^a-zA-Z0-9]\/.test(t.secret)){for(var s,r,n,a=l.querySelectorAll('iframe[data-secret=\"'+t.secret+'\"]'),o=l.querySelectorAll('blockquote[data-secret=\"'+t.secret+'\"]'),c=new RegExp(\"^https?:$\",\"i\"),i=0;i<o.length;i++)o[i].style.display=\"none\";for(i=0;i<a.length;i++)s=a[i],e.source===s.contentWindow&&(s.removeAttribute(\"style\"),\"height\"===t.message?(1e3<(r=parseInt(t.value,10))?r=1e3:~~r<200&&(r=200),s.height=r):\"link\"===t.message&&(r=new URL(s.getAttribute(\"src\")),n=new URL(t.value),c.test(n.protocol))&&n.host===r.host&&l.activeElement===s&&(d.top.location.href=t.value))}},d.addEventListener(\"message\",d.wp.receiveEmbedMessage,!1),l.addEventListener(\"DOMContentLoaded\",function(){for(var e,t,s=l.querySelectorAll(\"iframe.wp-embedded-content\"),r=0;r<s.length;r++)(t=(e=s[r]).getAttribute(\"data-secret\"))||(t=Math.random().toString(36).substring(2,12),e.src+=\"#?secret=\"+t,e.setAttribute(\"data-secret\",t)),e.contentWindow.postMessage({message:\"ready\",secret:t},\"*\")},!1)))}(window,document);\n<\/script>\n","thumbnail_url":"https:\/\/weltlaeden.de\/freising\/wp-content\/uploads\/sites\/48\/2025\/08\/csm_Web_Header_Desktop_2220x388_c1aadc0ae1.jpg","thumbnail_width":2200,"thumbnail_height":384,"description":"Kund*innen und Passant*innen sind herzlich eingeladen am Fairen Fr\u00fchst\u00fcckstisch Platz zu nehmen und sich am reich gedeckten B\u00fcfett zu bedienen. Es gibt Faire K\u00f6stlichkeiten aus dem Laden und aus den K\u00fcchen der Ladner*innen. Wir freuen uns auf viele Besucher*innen und gute Gespr\u00e4che. &nbsp; Termin: 20.09.2025, von 9:30 bis 13:00 Uhr"}