{"id":219,"date":"2016-10-28T13:34:47","date_gmt":"2016-10-28T11:34:47","guid":{"rendered":"https:\/\/wl.heimpixel.de\/vorlage\/ueber-uns\/"},"modified":"2025-04-14T13:28:01","modified_gmt":"2025-04-14T11:28:01","slug":"ueber-uns","status":"publish","type":"page","link":"https:\/\/weltlaeden.de\/flair-weltladen\/ueber-uns\/","title":{"rendered":"\u00dcber uns"},"content":{"rendered":"<div class=\"wpb-content-wrapper\"><p>[vc_row][vc_column]<div class=\"wl_einzelbild\"><p><img loading=\"lazy\" decoding=\"async\" class=\"alignnone wp-image-395 size-full\" src=\"https:\/\/weltlaeden.de\/flair-weltladen\/wp-content\/uploads\/sites\/32\/2016\/10\/18_start.jpg\" alt=\"\" width=\"770\" height=\"285\" srcset=\"https:\/\/weltlaeden.de\/flair-weltladen\/wp-content\/uploads\/sites\/32\/2016\/10\/18_start.jpg 770w, https:\/\/weltlaeden.de\/flair-weltladen\/wp-content\/uploads\/sites\/32\/2016\/10\/18_start-300x111.jpg 300w, https:\/\/weltlaeden.de\/flair-weltladen\/wp-content\/uploads\/sites\/32\/2016\/10\/18_start-768x284.jpg 768w\" sizes=\"auto, (max-width: 770px) 100vw, 770px\" \/><\/p><\/div>[vc_empty_space][vc_column_text]<\/p>\n<h1>\u00dcber den F(l)air-Weltladen-L\u00fcttringhausen<\/h1>\n<p>[\/vc_column_text][vc_column_text]<\/p>\n<h2>Der Verein \u00d6kumenische Initiative L\u00fcttringhausen<\/h2>\n<p>Aus dem Diskussionsprozess um das sog. Sozialwort des Rates der Evangelischen Kirche in Deutschland und der Deutschen Katholischen Bischofskonferenz im Jahr 1996 haben sich Christen aus L\u00fcttringhausen zusammengefunden, um sich am Ort Zukunftsfragen der Gesellschaft und der Kirchen zu stellen. Nach ein paar praktischen Tests, ob man \u201e\u00f6kumenisch\u201c (katholisch-evangelisch) gut miteinander kooperieren k\u00f6nne, ist der Wunsch entstanden, gemeinsam etwas f\u00fcr die \u201e\u00d6kumene\u201c (\u03bf\u03b9\u03ba\u03bf\u03c5\u03bc\u03ad\u03bd\u03b7 \u03b3\u03ae \/ oikumene g\u00e4 = die ganze bewohnte Erde) zu tun. Ziel war es, einen gemeinn\u00fctzigen Verein zu gr\u00fcnden, der einen Weltladen f\u00fchrt. Damit sollten die enormen Anstrengungen der Bauern- und Handwerkerkooperativen im S\u00fcden der Erde, Qualit\u00e4tsprodukte herzustellen, respektiert werden, indem die Vermarktung fair gehandelter Waren in L\u00fcttringhausen mit freiwilligen Kr\u00e4ften professionalisiert erfolgt. Nach 18-monatiger Vorbereitungszeit konnte am 3. Dezember 1999 der \u201eF(l)air-Weltladen-L\u00fcttringhausen\u201c in der Gertenbachstra\u00dfe 17 in Remscheid er\u00f6ffnet werden.<br \/>\n<a href=\"https:\/\/weltlaeden.de\/flair-weltladen\/wp-content\/uploads\/sites\/32\/2025\/04\/Satzung-OeIL-29.10.24.pdf\" target=\"_blank\" rel=\"noopener\">Satzung des Vereins als PDF-Datei<\/a><\/p>\n<p>Wir sind Mitglied im Weltladendachverband.<\/p>\n<h2>Was wir vorhaben<\/h2>\n<p>Die \u00d6kumenische Initiative L\u00fcttringhausen ist sich bewusst, dass Fairer Handel die Probleme des ungerechten Weltlhandels allein nicht l\u00f6sen kann. Der Faire Handel ist aber eine gute Gelegenheit, genauere Kenntnisse \u00fcber die Herstellungs- und Arbeitsbedingungen im S\u00fcden der Erde zu erlangen und die Schwierigkeiten des Welthandels zu begreifen. Er bietet zudem viele Handlungsm\u00f6glichkeiten, sich f\u00fcr mehr Gerechtigkeit einzusetzen \u2013 durch Mitarbeit im Weltladen oder indem man sich als Kunde f\u00fcr die Produkte aus Fairem Handel interessiert.<\/p>\n<p>Als seit vielen Jahren einziger Weltladen in Remscheid sind wir an der Verbreitung des Fairhandelsgedankens interessiert. Wir interessieren uns f\u00fcr Kooperationspartner in der Stadt Remscheid und freuen uns, dass mit unserer Unterst\u00fctzung Remscheid inzwischen zu den \u201eFair-Trade-Towns\u201c z\u00e4hlt. Wir f\u00fchren Bildungsveranstaltungen und Aktionen durch, um den gesellschaftlichen Meinungsbildungsprozess zu f\u00f6rdern. Mit kulturellen Angeboten tragen wir dazu bei, uns die Vielfalt des Lebens auf den Kontinenten unserer Erde zu vergegenw\u00e4rtigen. Wir arbeiten mit den Weltl\u00e4den im Bergischen Land zusammen.<\/p>\n<p>Der Faire Handel tr\u00e4gt dazu bei, dass sich Menschen in ihrer Heimat versorgen und dort ausk\u00f6mmlich leben k\u00f6nnen. Deshalb interessieren wir uns aber auch f\u00fcr das Leben der Menschen, denen das nicht gelungen ist und die vor politischer Verfolgung, vor Kriegen oder vor Armut in unsere Stadt geflohen sind. Wir beteiligen uns daran, dass sich Fl\u00fcchtlinge bei uns willkommen f\u00fchlen k\u00f6nnen.<\/p>\n<p>Frieden ist Voraussetzung und Ziel, um menschenw\u00fcrdig leben zu k\u00f6nnen. Nach unseren Kr\u00e4ften unterst\u00fctzen wir deshalb gesellschaftliche, in Sonderheit kirchliche Aktionen zur Friedensf\u00f6rderung.<\/p>\n<h1>Mitmachen im Weltladen<\/h1>\n<p><strong>Wir suchen<\/strong> Menschen, die Lust haben, sich ehrenamtlich f\u00fcr eine offene, transparente, \u00f6kologische und nachhaltige Form des Wirtschaftens zu engagieren. Ob im Verkauf, der Informations- oder Bildungsarbeit &#8211; die M\u00f6glichkeiten, in unserem Team mitzumachen sind vielf\u00e4ltig und lassen sich bestimmt auch in Ihren Alltag integrieren! Neben regelm\u00e4\u00dfigen Aufgaben gibt es bei uns auch immer wieder einzelne zeitlich befristete Projekte, f\u00fcr die wir Unterst\u00fctzer\/innen suchen. Viele Aufgaben erfordern keine speziellen Vorkenntnisse, sondern nur Ihre Bereitschaft, Ihre F\u00e4higkeiten einzubringen und eventuell in neuen Bereichen dazuzulernen.<\/p>\n<p><strong>Wir bieten<\/strong> ein nettes Team aus Engagierten mit vielf\u00e4ltigen M\u00f6glichkeiten, sich selbst einzubringen. Eine Gemeinschaft, die Sie herzlich aufnimmt, einarbeitet und bei Fragen zur Verf\u00fcgung steht. Fortbildungsm\u00f6glichkeiten nach Ihren Interessen und Aufgaben.<\/p>\n<p><strong><a href=\"https:\/\/weltlaeden.de\/flair-weltladen\/wp-content\/uploads\/sites\/32\/2018\/08\/Flyer-Mitmachen-2017_final.pdf\" target=\"_blank\" rel=\"noopener\">Lesen Sie hier mehr \u00fcber die Einzelheiten<\/a> und sprechen Sie uns gerne an.<\/strong><\/p>\n<p><strong>Wir freuen uns auf Sie!<\/strong><\/p>\n<h2>Mitglieder<\/h2>\n<p>Die \u00d6kumenische Initiative besteht zur Zeit aus 73 Mitgliedern. Davon sind 62 einzelne Personen.<br \/>\n11 juristische Mitglieder, Evangelische und Katholische Kirchengemeinden sowie kirchliche Einrichtungen und Vereine unterst\u00fctzen die \u00d6kumenische Initiative.<br \/>\nWir freuen uns \u00fcber neue Mitglieder. Einen Antrag zur Mitgliedschaft in der \u00d6kumenischen Initiative L\u00fcttringhausen finden Sie <a href=\"https:\/\/weltlaeden.de\/flair-weltladen\/wp-content\/uploads\/sites\/32\/2021\/04\/Aufnahmeantrag_neu.pdf\" target=\"_blank\" rel=\"noopener\">hier zum Download<\/a>.<\/p>\n<h2>Der Vereinsvorstand<\/h2>\n<p>Im Vorstand der \u00d6kumenischen Initiative arbeiten zur Zeit mit:<\/p>\n<p>Ralf Schnippering (1. Vorsitzende), Manfred Brauers (2. Vorsitzender),<br \/>\nBernhard Hundenborn (Schatzmeister), Rainer Kirch (Schriftf\u00fchrer), Henna Nurminen-Schnippering (Beisitzerin), Anne Hundenborn (Vertreterin der Mitarbeitenden)<\/p>\n<h2>Mitarbeit<\/h2>\n<p>Etwa 25 Mitarbeiterinnen engagieren sich freiwillig im F(l)air-Weltladen.<br \/>\nSie garantieren die \u00d6ffnungszeiten, informieren \u00fcber alle Produkte und sorgen f\u00fcr ein kundenfreundliches Klima.<br \/>\nAu\u00dferdem besch\u00e4ftigen wir f\u00fcr einige Wochenstunden eine Mitarbeiterin in der Buchhaltung.<br \/>\nGern nehmen wir weitere Mitarbeiterinnen und Mitarbeiter nach einer Einf\u00fchrung in unser Verkaufsteam auf. Au\u00dferdem sind wir neugierig auf Interessenten f\u00fcr unsere Bildungs- und Kulturarbeit sowie f\u00fcr die Bereiche EDV und \u00d6ffentlichkeitsarbeit. Interessenten melden sich im Weltladen, telefonisch oder per Mail: flair-weltladen@t-online.de<\/p>\n<p>Gern k\u00f6nnen bei uns Praktika absolviert werden. Dazu ist ein Vorgespr\u00e4ch n\u00f6tig und eine Vereinbarung mit der Einrichtung, die das Praktikum ausschreibt. Sie k\u00f6nnen sich um ein Praktikum unter Angabe der pers\u00f6nlichen Daten und des Zeitraums bewerben durch Vorsprache im Laden, per Telefon oder\u00a0 per Mail.<\/p>\n<h2>Unsere Arbeitsweise<\/h2>\n<p>Das Leitungsorgan im F(l)air-Weltladen bildet der Vorstand des Vereins \u00d6kumenische Initiative L\u00fcttringhausen. Im Vorstand sind die Mitarbeiterinnen und Mitarbeiter durch eine Mitarbeitervertreterin repr\u00e4sentiert. Die aktuelle Besetzung des Vorstands ersehen Sie unter \u201eVorstand\u201c. Er wird durch die Mitgliederversammlung f\u00fcr 2 Jahre gew\u00e4hlt.<\/p>\n<p>In unserem Mitarbeiterkreis (MAK), der ca. alle 6 Wochen tagt, besprechen wir die laufende Arbeit und koordinieren Aktionen im Weltladen und auch au\u00dferhalb des Ladens. F\u00fcr alle Mitarbeiterinnen und Mitarbeiter bieten wir von Zeiz zu Zeit Fortbildungen an.<\/p>\n<p><strong>St\u00e4ndige Arbeitskreise<\/strong><br \/>\nDie Eink\u00e4uferinnen und Eink\u00e4ufer aus allen Ladenbereichen treffen sich regelm\u00e4\u00dfig zu Absprachen \u00fcber Warenbezug und Pr\u00e4sentation der Produkte im Arbeitskreis \u201eWaren und Pr\u00e4sentation\u201c (WuP).<br \/>\nUnsere Bildungs- und Kulturveranstaltungen werden im Arbeitskreis \u201eBildung und Kultur\u201c (BiK) geplant.<\/p>\n<p><strong>Zeitweise Arbeitsgruppen<\/strong><br \/>\nF\u00fcr spezielle Projekte bilden wir zeitlich begrenzt Arbeitsgruppen, z.B. eine \u201eAG Homepage\u201c oder eine \u201eAG Ladenrenovierung\u201c, um diese Projekte gezielt vorbereiten und durchf\u00fchren zu k\u00f6nnen.<\/p>\n<h2>Unser spezielles Projekt<\/h2>\n<p>Seit der Einf\u00fchrung des \u201eBergischen Kaffees\u201c im Jahr 2009 durch die GEPA unterhalten wir direkte Beziehungen zu einer Frauenkaffeekooperative in Honduras, der Asociaci\u00f3n de Productoras Libres de Marcala &#8211; \u00a0<strong>APROLMA. <\/strong>Nach Import des APROLMA-Rohkaffees durch die GEPA und R\u00f6stung durch die Privatr\u00f6sterei Crespo in Remscheid-Lennep wird der aus 100% Arabica-Bohnen bestehende, handverlesene \u201eBauernmarktkaffee\u201c und ein Espresso unter den Bedingungen des Fairen Handels exklusiv \u00fcber den F(l)air-Weltladen vermarktet.\u00a0<a href=\"https:\/\/weltlaeden.de\/flair-weltladen\/fairer-handel\/\"><em>Weiterlesen auf der Seite &#8222;Fairer Handel&#8220;<\/em><\/a><\/p>\n<h2>Unsere Partner<\/h2>\n<p>In der F\u00f6rderung des Fairen Handels in Remscheid arbeiten wir mit den Fair-Trade-Schools in Remscheid zusammen.<br \/>\nDas sind zur Zeit:<\/p>\n<ul>\n<li>das R\u00f6ntgengymnasium<\/li>\n<li>die Albert-Schweitzer-Realschule<\/li>\n<\/ul>\n<p>Auf dem Weg zur Fair-Trade-School ist das Ernst-Moritz-Arndt-Gymnasium.<br \/>\nGemeinsame Aktionen zu Themen des Fairen Handels f\u00fchren wir mit dem Leibniz-Gymnasium durch.<br \/>\nDie Eine-Welt-Promotorin f\u00fcr das Bergische Land, Sophia Merrem, arbeitet mit uns zusammen.<br \/>\nwww.einewelt-regionalstelle-bergischesland.de.<br \/>\nMit den beiden n\u00e4chst gelegenen Weltl\u00e4den in Wuppertal-Ronsdorf und Wermelskirchen halten wir Kontakt und f\u00fchren hin und wieder gemeinsame Veranstaltungen oder Fortbildungen durch.<\/p>\n<p>Unsere Partner im \u201e\u00d6kumenischen Friedensgebet\u201c, das etwa 10 Mal im Jahr stattfindet, sind die Evangelische Kirchengemeinde L\u00fcttringhausen, die Katholische Pfarrgemeinde St. Bonaventura\/Heilig Kreuz, die Evangelisch-freikirchliche Baptistengemeinde in Remscheid und der Evangelische Kirchenkreis Lennep sowie der Katholikenrat Remscheid<\/p>\n<p>Wir sind im Aktionsb\u00fcndnis \u201eREMSCHEID TOLERANT\u201c mit vielen hundert Einzelpersonen, Vereinen, Schulen, Parteien, Firmen, Gewerkschaften, Kirchengemeinden und Vereinen verbunden und gestalten j\u00e4hrlich die bundesweiten Internationalen Wochen gegen Rassismus f\u00fcr Remscheid mit.<br \/>\nMit dem Katholischen Bildungswerk Wuppertal\/Solingen\/Remscheid f\u00fchren wir unsere Bildungsveranstaltungen durch.<\/p>\n<p>Wir kooperieren mit dem Gemeindedienst f\u00fcr Mission und \u00d6kumene, Region Bergisches Land.<\/p>\n<h2>Wir sind Mitglied<\/h2>\n<p>Wir arbeiten als Mitglieder mit bei<br \/>\nWeltladendachverband<br \/>\nSteuergruppe Fair-Trade-Town-Remscheid<br \/>\nDiakonisches Werk der Evangelischen Kirche Rheinland\/Westfalen\/Lippe<br \/>\nOikocredit<br \/>\nSch\u00fclergenossenschaft \u201eTante-EMA-Laden\u201c<br \/>\nREMSCHEID TOLERANT e.V.<br \/>\nHeimatbund L\u00fcttringhausen<br \/>\nMarketingrat L\u00fcttringhausen<\/p>\n<h2>Was wir au\u00dferdem anbieten<\/h2>\n<p>Wir bieten Ladenerkundungen f\u00fcr Einzelne und Gruppen\/Klassen an.<br \/>\nWir vermitteln im Rahmen unserer Bildungsarbeit Referenten zu entwicklungspolitischen Themen und kooperieren gern mit Schulen, Vereinen und Kirchengemeinden.<br \/>\nRegelm\u00e4\u00dfig gestalten wir Veranstaltungen. Unser Halbjahresprogramm k\u00f6nnen Sie <a href=\"https:\/\/weltlaeden.de\/flair-weltladen\/wp-content\/uploads\/sites\/32\/2018\/10\/programm2_2018.pdf\" target=\"_blank\" rel=\"noopener\">hier<\/a> einsehen.<br \/>\nAls Buchhandlung nehmen wir am \u201eWelttag des Buches\u201c teil und laden Klassen in unseren Weltladen ein.<\/p>\n<p><strong>Wir freuen uns auf Sie!<\/strong>[\/vc_column_text][\/vc_column][\/vc_row]<\/p>\n<\/div>","protected":false},"excerpt":{"rendered":"<p>[vc_row][vc_column][vc_empty_space][vc_column_text] \u00dcber den F(l)air-Weltladen-L\u00fcttringhausen [\/vc_column_text][vc_column_text] Der Verein \u00d6kumenische Initiative L\u00fcttringhausen Aus dem Diskussionsprozess um das sog. Sozialwort des Rates der Evangelischen Kirche in Deutschland und der Deutschen Katholischen Bischofskonferenz im Jahr 1996 haben sich Christen aus L\u00fcttringhausen zusammengefunden, um sich am Ort Zukunftsfragen der Gesellschaft und der Kirchen zu stellen. Nach ein paar praktischen Tests,&hellip;<\/p>\n","protected":false},"author":1,"featured_media":0,"parent":0,"menu_order":2,"comment_status":"closed","ping_status":"closed","template":"","meta":{"footnotes":""},"class_list":["post-219","page","type-page","status-publish","hentry","description-off"],"yoast_head":"<!-- This site is optimized with the Yoast SEO plugin v26.8 - https:\/\/yoast.com\/product\/yoast-seo-wordpress\/ -->\n<title>\u00dcber uns - F(l)air-Weltladen-L\u00fcttringhausen<\/title>\n<meta name=\"robots\" content=\"index, follow, max-snippet:-1, max-image-preview:large, max-video-preview:-1\" \/>\n<link rel=\"canonical\" href=\"https:\/\/weltlaeden.de\/flair-weltladen\/ueber-uns\/\" \/>\n<meta property=\"og:locale\" content=\"de_DE\" \/>\n<meta property=\"og:type\" content=\"article\" \/>\n<meta property=\"og:title\" content=\"\u00dcber uns - F(l)air-Weltladen-L\u00fcttringhausen\" \/>\n<meta property=\"og:description\" content=\"[vc_row][vc_column][vc_empty_space][vc_column_text] \u00dcber den F(l)air-Weltladen-L\u00fcttringhausen [\/vc_column_text][vc_column_text] Der Verein \u00d6kumenische Initiative L\u00fcttringhausen Aus dem Diskussionsprozess um das sog. Sozialwort des Rates der Evangelischen Kirche in Deutschland und der Deutschen Katholischen Bischofskonferenz im Jahr 1996 haben sich Christen aus L\u00fcttringhausen zusammengefunden, um sich am Ort Zukunftsfragen der Gesellschaft und der Kirchen zu stellen. Nach ein paar praktischen Tests,&hellip;\" \/>\n<meta property=\"og:url\" content=\"https:\/\/weltlaeden.de\/flair-weltladen\/ueber-uns\/\" \/>\n<meta property=\"og:site_name\" content=\"F(l)air-Weltladen-L\u00fcttringhausen\" \/>\n<meta property=\"article:modified_time\" content=\"2025-04-14T11:28:01+00:00\" \/>\n<meta property=\"og:image\" content=\"https:\/\/weltlaeden.de\/flair-weltladen\/wp-content\/uploads\/sites\/32\/2016\/10\/18_start.jpg\" \/>\n\t<meta property=\"og:image:width\" content=\"770\" \/>\n\t<meta property=\"og:image:height\" content=\"285\" \/>\n\t<meta property=\"og:image:type\" content=\"image\/jpeg\" \/>\n<meta name=\"twitter:card\" content=\"summary_large_image\" \/>\n<meta name=\"twitter:label1\" content=\"Gesch\u00e4tzte Lesezeit\" \/>\n\t<meta name=\"twitter:data1\" content=\"8\u00a0Minuten\" \/>\n<script type=\"application\/ld+json\" class=\"yoast-schema-graph\">{\"@context\":\"https:\/\/schema.org\",\"@graph\":[{\"@type\":\"WebPage\",\"@id\":\"https:\/\/weltlaeden.de\/flair-weltladen\/ueber-uns\/\",\"url\":\"https:\/\/weltlaeden.de\/flair-weltladen\/ueber-uns\/\",\"name\":\"\u00dcber uns - F(l)air-Weltladen-L\u00fcttringhausen\",\"isPartOf\":{\"@id\":\"https:\/\/weltlaeden.de\/flair-weltladen\/#website\"},\"primaryImageOfPage\":{\"@id\":\"https:\/\/weltlaeden.de\/flair-weltladen\/ueber-uns\/#primaryimage\"},\"image\":{\"@id\":\"https:\/\/weltlaeden.de\/flair-weltladen\/ueber-uns\/#primaryimage\"},\"thumbnailUrl\":\"https:\/\/weltlaeden.de\/flair-weltladen\/wp-content\/uploads\/sites\/32\/2016\/10\/18_start.jpg\",\"datePublished\":\"2016-10-28T11:34:47+00:00\",\"dateModified\":\"2025-04-14T11:28:01+00:00\",\"breadcrumb\":{\"@id\":\"https:\/\/weltlaeden.de\/flair-weltladen\/ueber-uns\/#breadcrumb\"},\"inLanguage\":\"de\",\"potentialAction\":[{\"@type\":\"ReadAction\",\"target\":[\"https:\/\/weltlaeden.de\/flair-weltladen\/ueber-uns\/\"]}]},{\"@type\":\"ImageObject\",\"inLanguage\":\"de\",\"@id\":\"https:\/\/weltlaeden.de\/flair-weltladen\/ueber-uns\/#primaryimage\",\"url\":\"https:\/\/weltlaeden.de\/flair-weltladen\/wp-content\/uploads\/sites\/32\/2016\/10\/18_start.jpg\",\"contentUrl\":\"https:\/\/weltlaeden.de\/flair-weltladen\/wp-content\/uploads\/sites\/32\/2016\/10\/18_start.jpg\",\"width\":\"770\",\"height\":\"285\"},{\"@type\":\"BreadcrumbList\",\"@id\":\"https:\/\/weltlaeden.de\/flair-weltladen\/ueber-uns\/#breadcrumb\",\"itemListElement\":[{\"@type\":\"ListItem\",\"position\":1,\"name\":\"Startseite\",\"item\":\"https:\/\/weltlaeden.de\/flair-weltladen\/\"},{\"@type\":\"ListItem\",\"position\":2,\"name\":\"\u00dcber uns\"}]},{\"@type\":\"WebSite\",\"@id\":\"https:\/\/weltlaeden.de\/flair-weltladen\/#website\",\"url\":\"https:\/\/weltlaeden.de\/flair-weltladen\/\",\"name\":\"F(l)air-Weltladen-L\u00fcttringhausen\",\"description\":\"Faire Produkte seit 1990\",\"potentialAction\":[{\"@type\":\"SearchAction\",\"target\":{\"@type\":\"EntryPoint\",\"urlTemplate\":\"https:\/\/weltlaeden.de\/flair-weltladen\/?s={search_term_string}\"},\"query-input\":{\"@type\":\"PropertyValueSpecification\",\"valueRequired\":true,\"valueName\":\"search_term_string\"}}],\"inLanguage\":\"de\"}]}<\/script>\n<!-- \/ Yoast SEO plugin. -->","yoast_head_json":{"title":"\u00dcber uns - F(l)air-Weltladen-L\u00fcttringhausen","robots":{"index":"index","follow":"follow","max-snippet":"max-snippet:-1","max-image-preview":"max-image-preview:large","max-video-preview":"max-video-preview:-1"},"canonical":"https:\/\/weltlaeden.de\/flair-weltladen\/ueber-uns\/","og_locale":"de_DE","og_type":"article","og_title":"\u00dcber uns - F(l)air-Weltladen-L\u00fcttringhausen","og_description":"[vc_row][vc_column][vc_empty_space][vc_column_text] \u00dcber den F(l)air-Weltladen-L\u00fcttringhausen [\/vc_column_text][vc_column_text] Der Verein \u00d6kumenische Initiative L\u00fcttringhausen Aus dem Diskussionsprozess um das sog. Sozialwort des Rates der Evangelischen Kirche in Deutschland und der Deutschen Katholischen Bischofskonferenz im Jahr 1996 haben sich Christen aus L\u00fcttringhausen zusammengefunden, um sich am Ort Zukunftsfragen der Gesellschaft und der Kirchen zu stellen. Nach ein paar praktischen Tests,&hellip;","og_url":"https:\/\/weltlaeden.de\/flair-weltladen\/ueber-uns\/","og_site_name":"F(l)air-Weltladen-L\u00fcttringhausen","article_modified_time":"2025-04-14T11:28:01+00:00","og_image":[{"width":770,"height":285,"url":"https:\/\/weltlaeden.de\/flair-weltladen\/wp-content\/uploads\/sites\/32\/2016\/10\/18_start.jpg","type":"image\/jpeg"}],"twitter_card":"summary_large_image","twitter_misc":{"Gesch\u00e4tzte Lesezeit":"8\u00a0Minuten"},"schema":{"@context":"https:\/\/schema.org","@graph":[{"@type":"WebPage","@id":"https:\/\/weltlaeden.de\/flair-weltladen\/ueber-uns\/","url":"https:\/\/weltlaeden.de\/flair-weltladen\/ueber-uns\/","name":"\u00dcber uns - F(l)air-Weltladen-L\u00fcttringhausen","isPartOf":{"@id":"https:\/\/weltlaeden.de\/flair-weltladen\/#website"},"primaryImageOfPage":{"@id":"https:\/\/weltlaeden.de\/flair-weltladen\/ueber-uns\/#primaryimage"},"image":{"@id":"https:\/\/weltlaeden.de\/flair-weltladen\/ueber-uns\/#primaryimage"},"thumbnailUrl":"https:\/\/weltlaeden.de\/flair-weltladen\/wp-content\/uploads\/sites\/32\/2016\/10\/18_start.jpg","datePublished":"2016-10-28T11:34:47+00:00","dateModified":"2025-04-14T11:28:01+00:00","breadcrumb":{"@id":"https:\/\/weltlaeden.de\/flair-weltladen\/ueber-uns\/#breadcrumb"},"inLanguage":"de","potentialAction":[{"@type":"ReadAction","target":["https:\/\/weltlaeden.de\/flair-weltladen\/ueber-uns\/"]}]},{"@type":"ImageObject","inLanguage":"de","@id":"https:\/\/weltlaeden.de\/flair-weltladen\/ueber-uns\/#primaryimage","url":"https:\/\/weltlaeden.de\/flair-weltladen\/wp-content\/uploads\/sites\/32\/2016\/10\/18_start.jpg","contentUrl":"https:\/\/weltlaeden.de\/flair-weltladen\/wp-content\/uploads\/sites\/32\/2016\/10\/18_start.jpg","width":"770","height":"285"},{"@type":"BreadcrumbList","@id":"https:\/\/weltlaeden.de\/flair-weltladen\/ueber-uns\/#breadcrumb","itemListElement":[{"@type":"ListItem","position":1,"name":"Startseite","item":"https:\/\/weltlaeden.de\/flair-weltladen\/"},{"@type":"ListItem","position":2,"name":"\u00dcber uns"}]},{"@type":"WebSite","@id":"https:\/\/weltlaeden.de\/flair-weltladen\/#website","url":"https:\/\/weltlaeden.de\/flair-weltladen\/","name":"F(l)air-Weltladen-L\u00fcttringhausen","description":"Faire Produkte seit 1990","potentialAction":[{"@type":"SearchAction","target":{"@type":"EntryPoint","urlTemplate":"https:\/\/weltlaeden.de\/flair-weltladen\/?s={search_term_string}"},"query-input":{"@type":"PropertyValueSpecification","valueRequired":true,"valueName":"search_term_string"}}],"inLanguage":"de"}]}},"_links":{"self":[{"href":"https:\/\/weltlaeden.de\/flair-weltladen\/wp-json\/wp\/v2\/pages\/219","targetHints":{"allow":["GET"]}}],"collection":[{"href":"https:\/\/weltlaeden.de\/flair-weltladen\/wp-json\/wp\/v2\/pages"}],"about":[{"href":"https:\/\/weltlaeden.de\/flair-weltladen\/wp-json\/wp\/v2\/types\/page"}],"author":[{"embeddable":true,"href":"https:\/\/weltlaeden.de\/flair-weltladen\/wp-json\/wp\/v2\/users\/1"}],"replies":[{"embeddable":true,"href":"https:\/\/weltlaeden.de\/flair-weltladen\/wp-json\/wp\/v2\/comments?post=219"}],"version-history":[{"count":42,"href":"https:\/\/weltlaeden.de\/flair-weltladen\/wp-json\/wp\/v2\/pages\/219\/revisions"}],"predecessor-version":[{"id":2222,"href":"https:\/\/weltlaeden.de\/flair-weltladen\/wp-json\/wp\/v2\/pages\/219\/revisions\/2222"}],"wp:attachment":[{"href":"https:\/\/weltlaeden.de\/flair-weltladen\/wp-json\/wp\/v2\/media?parent=219"}],"curies":[{"name":"wp","href":"https:\/\/api.w.org\/{rel}","templated":true}]}}