{"id":218,"date":"2016-10-28T13:34:47","date_gmt":"2016-10-28T11:34:47","guid":{"rendered":"https:\/\/wl.heimpixel.de\/eckernfoerde\/fairer-handel\/"},"modified":"2026-07-20T15:15:01","modified_gmt":"2026-07-20T13:15:01","slug":"fairer-handel","status":"publish","type":"page","link":"https:\/\/weltlaeden.de\/eckernfoerde\/fairer-handel\/","title":{"rendered":"Fairer Handel"},"content":{"rendered":"<div class=\"wpb-content-wrapper\" id=\"wpb-content-root\"><p>[vc_row][vc_column]<div class=\"wl_einzelbild\"><p><img loading=\"lazy\" decoding=\"async\" class=\" wp-image-365 aligncenter\" src=\"https:\/\/weltlaeden.de\/eckernfoerde\/wp-content\/uploads\/sites\/21\/2016\/10\/Schaubild-Fairer-Handel-300x208.jpg\" alt=\"\" width=\"309\" height=\"214\" srcset=\"https:\/\/weltlaeden.de\/eckernfoerde\/wp-content\/uploads\/sites\/21\/2016\/10\/Schaubild-Fairer-Handel-300x208.jpg 300w, https:\/\/weltlaeden.de\/eckernfoerde\/wp-content\/uploads\/sites\/21\/2016\/10\/Schaubild-Fairer-Handel-768x531.jpg 768w, https:\/\/weltlaeden.de\/eckernfoerde\/wp-content\/uploads\/sites\/21\/2016\/10\/Schaubild-Fairer-Handel-1024x709.jpg 1024w, https:\/\/weltlaeden.de\/eckernfoerde\/wp-content\/uploads\/sites\/21\/2016\/10\/Schaubild-Fairer-Handel.jpg 1831w\" sizes=\"auto, (max-width: 309px) 100vw, 309px\" \/><\/p><\/div>[\/vc_column][\/vc_row][vc_row][vc_column][vc_empty_space][vc_column_text]<\/p>\n<h1>Der Faire Handel im \u00dcberblick<\/h1>\n<p>[\/vc_column_text][vc_column_text css=&#8220;&#8220;]<\/p>\n<div class=\"wpb_text_column wpb_content_element \">\n<div class=\"wpb_wrapper\">\n<p>Unter der Bezeichnung &#8222;Fairer Handel&#8220; versteht man die Handelspartnerschaften mit Erzeugern aus aller Welt, die ohne die Unterst\u00fctzung der Fair-Handels-Organisation keine Zukunft auf dem Weltmarkt h\u00e4tten.<\/p>\n<p>Mit unseren Handelsbeziehungen m\u00f6chten wir diesen Produzentenfamilien eine Perspektive schenken und ihnen dabei helfen ihre Produkte in alle Welt vermarkten zu k\u00f6nnen.<\/p>\n<p>So gew\u00e4hrleisten wir diesen Menschen ein sicheres Einkommen und eine fundierte Zukunft.<\/p>\n<p>Hierbei stehen vor allem die Menschen im Vordergrund-soziale Rechte, Respekt und Gerechtigkeit liegen im Fokus der Fair-Handels-Organisation.<\/p>\n<p>Es geht darum Produkte zu fairen Preisen zu verkaufen und den Erzeugern auf diese Weise ein menschenw\u00fcrdiges Leben zu erm\u00f6glichen.<\/p>\n<p>Nur durch diese Unterst\u00fctzung ist es den Menschen m\u00f6glich von ihrem Einkommen ihre Familien versorgen zu k\u00f6nnen.<\/p>\n<p>Daher gilt bei uns:<\/p>\n<p><strong>Verkaufen: <\/strong>Weil der Verkauf fair gehandelter Produkte das Leben f\u00fcr die ProduzentInnen verbessert.<\/p>\n<p><strong>Informieren: <\/strong>Weil politische Kampagnen die Rahmenbedingungen f\u00fcr die Menschen ver\u00e4ndern k\u00f6nnen.<\/p>\n<p><strong>Lernen:<\/strong> Weil die MitarbeiterInnen und die KundInnen viel \u00fcber die globalisierte Welt wissen sollten, um zu verstehen, wie unser Konsum die Welt ver\u00e4ndert \u2013 zum Guten oder zum Schlechten.<\/p>\n<p>All dies steht f\u00fcr einen Weltladen, Menschen engagieren sich, um Erzeugern zu einem besseren und gl\u00fccklicheren Leben zu verhelfen.<\/p>\n<\/div>\n<\/div>\n<p>[\/vc_column_text][\/vc_column][\/vc_row][vc_row][vc_column][vc_empty_space][vc_column_text]<\/p>\n<h2>Kriterien des Fairen Handels<\/h2>\n<p>[\/vc_column_text][vc_column_text css=&#8220;&#8220;][\/vc_column_text][vc_column_text css=&#8220;&#8220;]<span class=\"normal\"><strong>Grundkriterien der Konvention:<\/strong><\/span><\/p>\n<p>-Sozial- und Umweltvertr\u00e4glichkeit<\/p>\n<p>-Transparenz<\/p>\n<p>-demokratische Organisationsform<\/p>\n<p>-not-for-Profit-Ausrichtung<\/p>\n<p>-Informations- und Bildungsarbeit<\/p>\n<p>-Kontinuit\u00e4t[\/vc_column_text][\/vc_column][\/vc_row][vc_row][vc_column][vc_empty_space][vc_column_text]<\/p>\n<h1>Links zur Akteuren des Fairen Handels<\/h1>\n<p>[\/vc_column_text][vc_column_text]<\/p>\n<div class=\"wpb_text_column wpb_content_element \">\n<div class=\"wpb_wrapper\">\n<p><strong>Weltl\u00e4den<\/strong><\/p>\n<p>&#8211;<a href=\"http:\/\/www.weltladen.de\" target=\"_blank\" rel=\"noopener noreferrer\">Weltladen-Dachverband<\/a><\/p>\n<p><strong>\u00a0\u00a0\u00a0\u00a0\u00a0\u00a0\u00a0\u00a0\u00a0\u00a0\u00a0\u00a0\u00a0\u00a0\u00a0\u00a0\u00a0\u00a0\u00a0\u00a0\u00a0\u00a0\u00a0\u00a0\u00a0\u00a0\u00a0\u00a0\u00a0\u00a0\u00a0\u00a0\u00a0\u00a0\u00a0\u00a0\u00a0\u00a0\u00a0\u00a0\u00a0\u00a0\u00a0\u00a0\u00a0\u00a0\u00a0\u00a0\u00a0\u00a0\u00a0\u00a0 Importorganisationen (Auswahl)<\/strong><\/p>\n<p>&#8211;<a href=\"http:\/\/www.gepa.de\/\" target=\"_blank\" rel=\"noopener noreferrer\">GEPA \u2013 The Fair Trade Company<\/a>\u00a0\u00a0\u00a0\u00a0\u00a0\u00a0\u00a0\u00a0\u00a0\u00a0\u00a0\u00a0\u00a0\u00a0\u00a0\u00a0\u00a0\u00a0\u00a0\u00a0\u00a0\u00a0 <img loading=\"lazy\" decoding=\"async\" class=\"wp-image-570 alignleft\" src=\"https:\/\/weltlaeden.de\/eckernfoerde\/wp-content\/uploads\/sites\/21\/2016\/10\/El-puente-Logo-300x251.jpg\" alt=\"\" width=\"180\" height=\"151\" srcset=\"https:\/\/weltlaeden.de\/eckernfoerde\/wp-content\/uploads\/sites\/21\/2016\/10\/El-puente-Logo-300x251.jpg 300w, https:\/\/weltlaeden.de\/eckernfoerde\/wp-content\/uploads\/sites\/21\/2016\/10\/El-puente-Logo-768x642.jpg 768w, https:\/\/weltlaeden.de\/eckernfoerde\/wp-content\/uploads\/sites\/21\/2016\/10\/El-puente-Logo-1024x856.jpg 1024w, https:\/\/weltlaeden.de\/eckernfoerde\/wp-content\/uploads\/sites\/21\/2016\/10\/El-puente-Logo.jpg 1087w\" sizes=\"auto, (max-width: 180px) 100vw, 180px\" \/><\/p>\n<p>&#8211;<a href=\"http:\/\/www.el-puente.de\" target=\"_blank\" rel=\"noopener noreferrer\">El Puente<\/a><\/p>\n<p>&#8211;<a href=\"http:\/\/www.dwp-rv.de\" target=\"_blank\" rel=\"noopener noreferrer\">dwp<\/a><\/p>\n<p>&#8211;<a href=\"http:\/\/www.banafair.de\" target=\"_blank\" rel=\"noopener noreferrer\">BanaFair<\/a><\/p>\n<p>&#8211;<a href=\"http:\/\/www.el-rojito.de\" target=\"_blank\" rel=\"noopener noreferrer\">el rojito<\/a><\/p>\n<p>&nbsp;<\/p>\n<p><strong>\u00a0 Netzwerke und Infos \u00fcber Produzent_innen<img loading=\"lazy\" decoding=\"async\" class=\" wp-image-573 alignleft\" src=\"https:\/\/weltlaeden.de\/eckernfoerde\/wp-content\/uploads\/sites\/21\/2016\/10\/World-Fair-Trade-Organisation.png\" alt=\"\" width=\"171\" height=\"173\" \/><\/strong><\/p>\n<p>&#8211;<a href=\"http:\/\/www.forum-fairer-handel.de\" target=\"_blank\" rel=\"noopener noreferrer\">Forum Fairer Handel<\/a><\/p>\n<p>&#8211;<a href=\"http:\/\/www.wfto.com\/\" target=\"_blank\" rel=\"noopener noreferrer\">World Fair Trade Organization\u00a0(WFTO)<\/a><\/p>\n<p>&#8211;<a href=\"http:\/\/fairtrade.de\">fairtrade.de<\/a><\/p>\n<p>&nbsp;<\/p>\n<p>&nbsp;<\/p>\n<p><strong>\u00a0Siegelorganisationen<img loading=\"lazy\" decoding=\"async\" class=\" wp-image-574 alignleft\" src=\"https:\/\/weltlaeden.de\/eckernfoerde\/wp-content\/uploads\/sites\/21\/2016\/10\/Fair-Trade-Deutschland-256x300.png\" alt=\"\" width=\"153\" height=\"179\" srcset=\"https:\/\/weltlaeden.de\/eckernfoerde\/wp-content\/uploads\/sites\/21\/2016\/10\/Fair-Trade-Deutschland-256x300.png 256w, https:\/\/weltlaeden.de\/eckernfoerde\/wp-content\/uploads\/sites\/21\/2016\/10\/Fair-Trade-Deutschland-768x900.png 768w, https:\/\/weltlaeden.de\/eckernfoerde\/wp-content\/uploads\/sites\/21\/2016\/10\/Fair-Trade-Deutschland-874x1024.png 874w, https:\/\/weltlaeden.de\/eckernfoerde\/wp-content\/uploads\/sites\/21\/2016\/10\/Fair-Trade-Deutschland.png 2000w\" sizes=\"auto, (max-width: 153px) 100vw, 153px\" \/><\/strong><\/p>\n<p>&#8211;<a href=\"http:\/\/www.naturland.de\/index.php?option=com_content&amp;view=category&amp;layout=blog&amp;id=148&amp;Itemid=888&amp;lang=de\">Naturland Fair<\/a><\/p>\n<p>&#8211;<a href=\"http:\/\/www.fairtrade-deutschland.de\" target=\"_blank\" rel=\"noopener noreferrer\">Fairtrade Deutschland<\/a><\/p>\n<p>&#8211;<a href=\"http:\/\/www.fairtrade.net\" target=\"_blank\" rel=\"noopener noreferrer\">Fairtrade International<\/a><\/p>\n<\/div>\n<\/div>\n<p>[\/vc_column_text][vc_column_text]<\/p>\n<div class=\"wpb_text_column wpb_content_element \">\n<div class=\"wpb_wrapper\">\n<p>&nbsp;<\/p>\n<\/div>\n<\/div>\n<p>[\/vc_column_text][\/vc_column][\/vc_row]<\/p>\n<\/div>","protected":false},"excerpt":{"rendered":"<p>[vc_row][vc_column][\/vc_column][\/vc_row][vc_row][vc_column][vc_empty_space][vc_column_text] Der Faire Handel im \u00dcberblick [\/vc_column_text][vc_column_text css=&#8220;&#8220;] Unter der Bezeichnung &#8222;Fairer Handel&#8220; versteht man die Handelspartnerschaften mit Erzeugern aus aller Welt, die ohne die Unterst\u00fctzung der Fair-Handels-Organisation keine Zukunft auf dem Weltmarkt h\u00e4tten. Mit unseren Handelsbeziehungen m\u00f6chten wir diesen Produzentenfamilien eine Perspektive schenken und ihnen dabei helfen ihre Produkte in alle Welt vermarkten zu&hellip;<\/p>\n","protected":false},"author":1,"featured_media":0,"parent":0,"menu_order":2,"comment_status":"closed","ping_status":"closed","template":"","meta":{"footnotes":""},"class_list":["post-218","page","type-page","status-publish","hentry","description-off"],"_links":{"self":[{"href":"https:\/\/weltlaeden.de\/eckernfoerde\/wp-json\/wp\/v2\/pages\/218","targetHints":{"allow":["GET"]}}],"collection":[{"href":"https:\/\/weltlaeden.de\/eckernfoerde\/wp-json\/wp\/v2\/pages"}],"about":[{"href":"https:\/\/weltlaeden.de\/eckernfoerde\/wp-json\/wp\/v2\/types\/page"}],"author":[{"embeddable":true,"href":"https:\/\/weltlaeden.de\/eckernfoerde\/wp-json\/wp\/v2\/users\/1"}],"replies":[{"embeddable":true,"href":"https:\/\/weltlaeden.de\/eckernfoerde\/wp-json\/wp\/v2\/comments?post=218"}],"version-history":[{"count":28,"href":"https:\/\/weltlaeden.de\/eckernfoerde\/wp-json\/wp\/v2\/pages\/218\/revisions"}],"predecessor-version":[{"id":873,"href":"https:\/\/weltlaeden.de\/eckernfoerde\/wp-json\/wp\/v2\/pages\/218\/revisions\/873"}],"wp:attachment":[{"href":"https:\/\/weltlaeden.de\/eckernfoerde\/wp-json\/wp\/v2\/media?parent=218"}],"curies":[{"name":"wp","href":"https:\/\/api.w.org\/{rel}","templated":true}]}}