{"id":219,"date":"2016-10-28T13:34:47","date_gmt":"2016-10-28T11:34:47","guid":{"rendered":"https:\/\/wl.heimpixel.de\/vorlage\/ueber-uns\/"},"modified":"2023-11-25T13:40:54","modified_gmt":"2023-11-25T12:40:54","slug":"ueber-uns","status":"publish","type":"page","link":"https:\/\/weltlaeden.de\/ebern\/ueber-uns\/","title":{"rendered":"\u00fcber uns"},"content":{"rendered":"<div class=\"wpb-content-wrapper\"><p>[vc_row][vc_column]<div class=\"wl_einzelbild\"><p><img loading=\"lazy\" decoding=\"async\" class=\"wp-image-nsm-3-16 alignleft\" src=\"https:\/\/weltlaeden.de\/ebern\/wp-content\/uploads\/sites\/3\/2016\/11\/ElPuente_Kakaobohnen_El-Ceibo_Bolivien.jpg\" alt=\"\" width=\"305\" height=\"132\" \/><\/p><\/div>[vc_empty_space][vc_column_text]<\/p>\n<h1>unsere Story<\/h1>\n<p>[\/vc_column_text][vc_column_text]Der Weltladen Ebern bereichert seit 2003 die Eberner Gesch\u00e4ftswelt \u2013 Zeit einmal zur\u00fcckzublicken. Nachdem viele Interessenten und Unterst\u00fctzer gefunden wurden, konnte im Dezember 2002 der Tr\u00e4gerverein \u201eEine Welt Ebern e.V.\u201c gegr\u00fcndet werden. Die Suche nach einem Laden war erfolgreich und so konnte am 04. Juni 2003 der Weltladen Ebern in der Sutte als 50. Mainfr\u00e4nkischer Weltladen er\u00f6ffnet werden. Der Verkauf wurde durch viele begleitende Aktionen unterst\u00fctzt, zum Beispiel die \u201eFairen Pausen\u201c in den Schulen, Verkaufsst\u00e4nde an den M\u00e4rkten und viele Infoveranstaltungen, oft in Zusammenarbeit mit den kirchlichen Gemeinden. Um die Lage des Ladens zu verbessern, machte sich der Verein aus die Suche und wurde 2007 in der Kapellenstra\u00dfe f\u00fcndig. Nach einer Renovierung konnten wir am 10.05.2007 in die jetzigen Ladenr\u00e4ume einziehen. Erfreulicherweise stabilisierten sich auch die Ums\u00e4tze sodass wir 2009 in den Dachverband der Weltl\u00e4den eingetreten sind. Auf diese Weise sind wir in einer schlagkr\u00e4ftigen Organisation vernetzt. Daher beteiligen wir uns auch an den regelm\u00e4ssigen Aktionen wie dem Weltladentag im Mai und die Faire Woche im September mit lokalen Veranstaltungen um den Gedanken des fairen Handelns publik zu machen. Besonders hervorzuheben sind unsere Weinproben\u00a0 die Kaffeetheke am Tag der Vereine oder unser Stand am Bauernmarkt mit einem Naturland-Produzenten. Diese Kooperation, die auch vom Dachverband mit dem Motto \u201e\u00d6ko + Fair ern\u00e4hrt mehr!\u201c beworben wird, hat auch unser Ladensortiment erweitert.<\/p>\n<p>2019 haben wir mit der Komune zusammen die Stadt Ebern zur <a href=\"https:\/\/www.fairtrade-towns.de\/aktuelles\/\">Fair Trade Town<\/a> entwickelt.<\/p>\n<p>Seit M\u00e4rz 2023 gibt es die faire Eberner Stadtschokolade und seit Oktober 2023 sind wir in den R\u00e4umen in der Spitaltorstrasse 1[\/vc_column_text][\/vc_column][\/vc_row][vc_row][vc_column][vc_empty_space][vc_column_text]<\/p>\n<h1>Mitmachen im Weltladen Ebern<\/h1>\n<p>[\/vc_column_text][vc_column_text]<strong>Wir suchen<\/strong> Menschen, die Lust haben, sich ehrenamtlich f\u00fcr eine offene, transparente, \u00f6kologische und nachhaltige Form des Wirtschaftens zu engagieren. Ob im Verkauf, der Informations- oder Bildungsarbeit &#8211; die M\u00f6glichkeiten, in unserem Team mitzumachen sind vielf\u00e4ltig und lassen sich bestimmt auch in Deinen Alltag integrieren! Neben regelm\u00e4\u00dfigen Aufgaben gibt es bei uns auch immer wieder einzelne zeitlich befristete Projekte, f\u00fcr die wir Unterst\u00fctzer\/innen suchen. Viele Aufgaben erfordern keine speziellen Vorkenntnisse, sondern nur Deine Bereitschaft, Deine F\u00e4higkeiten einzubringen und eventuell in neuen Bereichen dazuzulernen.<\/p>\n<p><strong>Wir bieten<\/strong> ein nettes Team aus Engagierten mit vielf\u00e4ltigen M\u00f6glichkeiten, sich selbst einzubringen. Eine Gemeinschaft, die Dich herzlich aufnimmt, einarbeitet und bei Fragen zur Verf\u00fcgung steht. Fortbildungsm\u00f6glichkeiten nach Deinen Interessen und Aufgaben.<\/p>\n<p><strong>Sprich uns im Laden an, Wir freuen uns auf Dich!<\/strong>[\/vc_column_text]<section class=\"shortcode-action-box table no-line\"><div class=\"text-big\"><p>Hier stellen wir uns vor <a href=\"https:\/\/weltlaeden.de\/ebern\/wp-content\/uploads\/sites\/46\/2023\/10\/Flyer_Weltladen_2023.pdf\">Flyer_Weltladen<\/a><\/p>\n<\/div><\/section><section class=\"shortcode-action-box table no-line\"><div class=\"text-big\"><p>hier ist unsere <a href=\"https:\/\/weltlaeden.de\/ebern\/wp-content\/uploads\/sites\/46\/2019\/04\/Beitrittserklaerung_SEPA-1.pdf\">Beitrittserklaerung<\/a><\/p>\n<\/div><\/section>[\/vc_column][\/vc_row][vc_row][vc_column][vc_column_text]<\/p>\n<h1>Vorstandschaft<\/h1>\n<p>[\/vc_column_text][vc_column_text]Der Tr\u00e4gerverein Eine Welt Ebern e.V. W\u00e4hlt alle drei Jahre einen Vorstand. Im November 2023 wurde gew\u00e4hlt:<\/p>\n<ul>\n<li>1. Vorsitzender: Peter Ruppert<\/li>\n<li>2. Vorsitzender: Klaus Schineller<\/li>\n<li>Kassiererin: Iris Merget<\/li>\n<li>Schriftf\u00fchrerin: Anette Giessel<\/li>\n<li>Beisitzer: Gregor Sauer, Manuela H\u00fcmmer, Franz Schaller<\/li>\n<\/ul>\n<p>[\/vc_column_text][\/vc_column][\/vc_row]<\/p>\n<\/div>","protected":false},"excerpt":{"rendered":"<p>[vc_row][vc_column][vc_empty_space][vc_column_text] unsere Story [\/vc_column_text][vc_column_text]Der Weltladen Ebern bereichert seit 2003 die Eberner Gesch\u00e4ftswelt \u2013 Zeit einmal zur\u00fcckzublicken. Nachdem viele Interessenten und Unterst\u00fctzer gefunden wurden, konnte im Dezember 2002 der Tr\u00e4gerverein \u201eEine Welt Ebern e.V.\u201c gegr\u00fcndet werden. Die Suche nach einem Laden war erfolgreich und so konnte am 04. Juni 2003 der Weltladen Ebern in der Sutte&hellip;<\/p>\n","protected":false},"author":1,"featured_media":0,"parent":0,"menu_order":3,"comment_status":"closed","ping_status":"closed","template":"","meta":{"footnotes":""},"class_list":["post-219","page","type-page","status-publish","hentry","description-off"],"yoast_head":"<!-- This site is optimized with the Yoast SEO plugin v26.8 - https:\/\/yoast.com\/product\/yoast-seo-wordpress\/ -->\n<title>\u00fcber uns - Weltladen Ebern<\/title>\n<meta name=\"robots\" content=\"index, follow, max-snippet:-1, max-image-preview:large, max-video-preview:-1\" \/>\n<link rel=\"canonical\" href=\"https:\/\/weltlaeden.de\/ebern\/ueber-uns\/\" \/>\n<meta property=\"og:locale\" content=\"de_DE\" \/>\n<meta property=\"og:type\" content=\"article\" \/>\n<meta property=\"og:title\" content=\"\u00fcber uns - Weltladen Ebern\" \/>\n<meta property=\"og:description\" content=\"[vc_row][vc_column][vc_empty_space][vc_column_text] unsere Story [\/vc_column_text][vc_column_text]Der Weltladen Ebern bereichert seit 2003 die Eberner Gesch\u00e4ftswelt \u2013 Zeit einmal zur\u00fcckzublicken. Nachdem viele Interessenten und Unterst\u00fctzer gefunden wurden, konnte im Dezember 2002 der Tr\u00e4gerverein \u201eEine Welt Ebern e.V.\u201c gegr\u00fcndet werden. Die Suche nach einem Laden war erfolgreich und so konnte am 04. Juni 2003 der Weltladen Ebern in der Sutte&hellip;\" \/>\n<meta property=\"og:url\" content=\"https:\/\/weltlaeden.de\/ebern\/ueber-uns\/\" \/>\n<meta property=\"og:site_name\" content=\"Weltladen Ebern\" \/>\n<meta property=\"article:modified_time\" content=\"2023-11-25T12:40:54+00:00\" \/>\n<meta property=\"og:image\" content=\"https:\/\/weltlaeden.de\/ebern\/wp-content\/uploads\/sites\/3\/2016\/11\/ElPuente_Kakaobohnen_El-Ceibo_Bolivien.jpg\" \/>\n<meta name=\"twitter:card\" content=\"summary_large_image\" \/>\n<meta name=\"twitter:label1\" content=\"Gesch\u00e4tzte Lesezeit\" \/>\n\t<meta name=\"twitter:data1\" content=\"3\u00a0Minuten\" \/>\n<script type=\"application\/ld+json\" class=\"yoast-schema-graph\">{\"@context\":\"https:\/\/schema.org\",\"@graph\":[{\"@type\":\"WebPage\",\"@id\":\"https:\/\/weltlaeden.de\/ebern\/ueber-uns\/\",\"url\":\"https:\/\/weltlaeden.de\/ebern\/ueber-uns\/\",\"name\":\"\u00fcber uns - Weltladen Ebern\",\"isPartOf\":{\"@id\":\"https:\/\/weltlaeden.de\/ebern\/#website\"},\"primaryImageOfPage\":{\"@id\":\"https:\/\/weltlaeden.de\/ebern\/ueber-uns\/#primaryimage\"},\"image\":{\"@id\":\"https:\/\/weltlaeden.de\/ebern\/ueber-uns\/#primaryimage\"},\"thumbnailUrl\":\"https:\/\/weltlaeden.de\/ebern\/wp-content\/uploads\/sites\/3\/2016\/11\/ElPuente_Kakaobohnen_El-Ceibo_Bolivien.jpg\",\"datePublished\":\"2016-10-28T11:34:47+00:00\",\"dateModified\":\"2023-11-25T12:40:54+00:00\",\"breadcrumb\":{\"@id\":\"https:\/\/weltlaeden.de\/ebern\/ueber-uns\/#breadcrumb\"},\"inLanguage\":\"de\",\"potentialAction\":[{\"@type\":\"ReadAction\",\"target\":[\"https:\/\/weltlaeden.de\/ebern\/ueber-uns\/\"]}]},{\"@type\":\"ImageObject\",\"inLanguage\":\"de\",\"@id\":\"https:\/\/weltlaeden.de\/ebern\/ueber-uns\/#primaryimage\",\"url\":\"https:\/\/weltlaeden.de\/ebern\/wp-content\/uploads\/sites\/3\/2016\/11\/ElPuente_Kakaobohnen_El-Ceibo_Bolivien.jpg\",\"contentUrl\":\"https:\/\/weltlaeden.de\/ebern\/wp-content\/uploads\/sites\/3\/2016\/11\/ElPuente_Kakaobohnen_El-Ceibo_Bolivien.jpg\"},{\"@type\":\"BreadcrumbList\",\"@id\":\"https:\/\/weltlaeden.de\/ebern\/ueber-uns\/#breadcrumb\",\"itemListElement\":[{\"@type\":\"ListItem\",\"position\":1,\"name\":\"Startseite\",\"item\":\"https:\/\/weltlaeden.de\/ebern\/\"},{\"@type\":\"ListItem\",\"position\":2,\"name\":\"\u00fcber uns\"}]},{\"@type\":\"WebSite\",\"@id\":\"https:\/\/weltlaeden.de\/ebern\/#website\",\"url\":\"https:\/\/weltlaeden.de\/ebern\/\",\"name\":\"Vorlage\",\"description\":\"Faire Produkte in Ebern seit 2003\",\"potentialAction\":[{\"@type\":\"SearchAction\",\"target\":{\"@type\":\"EntryPoint\",\"urlTemplate\":\"https:\/\/weltlaeden.de\/ebern\/?s={search_term_string}\"},\"query-input\":{\"@type\":\"PropertyValueSpecification\",\"valueRequired\":true,\"valueName\":\"search_term_string\"}}],\"inLanguage\":\"de\"}]}<\/script>\n<!-- \/ Yoast SEO plugin. -->","yoast_head_json":{"title":"\u00fcber uns - Weltladen Ebern","robots":{"index":"index","follow":"follow","max-snippet":"max-snippet:-1","max-image-preview":"max-image-preview:large","max-video-preview":"max-video-preview:-1"},"canonical":"https:\/\/weltlaeden.de\/ebern\/ueber-uns\/","og_locale":"de_DE","og_type":"article","og_title":"\u00fcber uns - Weltladen Ebern","og_description":"[vc_row][vc_column][vc_empty_space][vc_column_text] unsere Story [\/vc_column_text][vc_column_text]Der Weltladen Ebern bereichert seit 2003 die Eberner Gesch\u00e4ftswelt \u2013 Zeit einmal zur\u00fcckzublicken. Nachdem viele Interessenten und Unterst\u00fctzer gefunden wurden, konnte im Dezember 2002 der Tr\u00e4gerverein \u201eEine Welt Ebern e.V.\u201c gegr\u00fcndet werden. Die Suche nach einem Laden war erfolgreich und so konnte am 04. Juni 2003 der Weltladen Ebern in der Sutte&hellip;","og_url":"https:\/\/weltlaeden.de\/ebern\/ueber-uns\/","og_site_name":"Weltladen Ebern","article_modified_time":"2023-11-25T12:40:54+00:00","og_image":[{"url":"https:\/\/weltlaeden.de\/ebern\/wp-content\/uploads\/sites\/3\/2016\/11\/ElPuente_Kakaobohnen_El-Ceibo_Bolivien.jpg","type":"","width":"","height":""}],"twitter_card":"summary_large_image","twitter_misc":{"Gesch\u00e4tzte Lesezeit":"3\u00a0Minuten"},"schema":{"@context":"https:\/\/schema.org","@graph":[{"@type":"WebPage","@id":"https:\/\/weltlaeden.de\/ebern\/ueber-uns\/","url":"https:\/\/weltlaeden.de\/ebern\/ueber-uns\/","name":"\u00fcber uns - Weltladen Ebern","isPartOf":{"@id":"https:\/\/weltlaeden.de\/ebern\/#website"},"primaryImageOfPage":{"@id":"https:\/\/weltlaeden.de\/ebern\/ueber-uns\/#primaryimage"},"image":{"@id":"https:\/\/weltlaeden.de\/ebern\/ueber-uns\/#primaryimage"},"thumbnailUrl":"https:\/\/weltlaeden.de\/ebern\/wp-content\/uploads\/sites\/3\/2016\/11\/ElPuente_Kakaobohnen_El-Ceibo_Bolivien.jpg","datePublished":"2016-10-28T11:34:47+00:00","dateModified":"2023-11-25T12:40:54+00:00","breadcrumb":{"@id":"https:\/\/weltlaeden.de\/ebern\/ueber-uns\/#breadcrumb"},"inLanguage":"de","potentialAction":[{"@type":"ReadAction","target":["https:\/\/weltlaeden.de\/ebern\/ueber-uns\/"]}]},{"@type":"ImageObject","inLanguage":"de","@id":"https:\/\/weltlaeden.de\/ebern\/ueber-uns\/#primaryimage","url":"https:\/\/weltlaeden.de\/ebern\/wp-content\/uploads\/sites\/3\/2016\/11\/ElPuente_Kakaobohnen_El-Ceibo_Bolivien.jpg","contentUrl":"https:\/\/weltlaeden.de\/ebern\/wp-content\/uploads\/sites\/3\/2016\/11\/ElPuente_Kakaobohnen_El-Ceibo_Bolivien.jpg"},{"@type":"BreadcrumbList","@id":"https:\/\/weltlaeden.de\/ebern\/ueber-uns\/#breadcrumb","itemListElement":[{"@type":"ListItem","position":1,"name":"Startseite","item":"https:\/\/weltlaeden.de\/ebern\/"},{"@type":"ListItem","position":2,"name":"\u00fcber uns"}]},{"@type":"WebSite","@id":"https:\/\/weltlaeden.de\/ebern\/#website","url":"https:\/\/weltlaeden.de\/ebern\/","name":"Vorlage","description":"Faire Produkte in Ebern seit 2003","potentialAction":[{"@type":"SearchAction","target":{"@type":"EntryPoint","urlTemplate":"https:\/\/weltlaeden.de\/ebern\/?s={search_term_string}"},"query-input":{"@type":"PropertyValueSpecification","valueRequired":true,"valueName":"search_term_string"}}],"inLanguage":"de"}]}},"_links":{"self":[{"href":"https:\/\/weltlaeden.de\/ebern\/wp-json\/wp\/v2\/pages\/219","targetHints":{"allow":["GET"]}}],"collection":[{"href":"https:\/\/weltlaeden.de\/ebern\/wp-json\/wp\/v2\/pages"}],"about":[{"href":"https:\/\/weltlaeden.de\/ebern\/wp-json\/wp\/v2\/types\/page"}],"author":[{"embeddable":true,"href":"https:\/\/weltlaeden.de\/ebern\/wp-json\/wp\/v2\/users\/1"}],"replies":[{"embeddable":true,"href":"https:\/\/weltlaeden.de\/ebern\/wp-json\/wp\/v2\/comments?post=219"}],"version-history":[{"count":24,"href":"https:\/\/weltlaeden.de\/ebern\/wp-json\/wp\/v2\/pages\/219\/revisions"}],"predecessor-version":[{"id":491,"href":"https:\/\/weltlaeden.de\/ebern\/wp-json\/wp\/v2\/pages\/219\/revisions\/491"}],"wp:attachment":[{"href":"https:\/\/weltlaeden.de\/ebern\/wp-json\/wp\/v2\/media?parent=219"}],"curies":[{"name":"wp","href":"https:\/\/api.w.org\/{rel}","templated":true}]}}