{"version":"1.0","provider_name":"Weltladen Ebern","provider_url":"https:\/\/weltlaeden.de\/ebern","title":"\u00fcber uns - Weltladen Ebern","type":"rich","width":600,"height":338,"html":"<blockquote class=\"wp-embedded-content\" data-secret=\"8AbfrTYUry\"><a href=\"https:\/\/weltlaeden.de\/ebern\/ueber-uns\/\">\u00fcber uns<\/a><\/blockquote><iframe sandbox=\"allow-scripts\" security=\"restricted\" src=\"https:\/\/weltlaeden.de\/ebern\/ueber-uns\/embed\/#?secret=8AbfrTYUry\" width=\"600\" height=\"338\" title=\"&#8222;\u00fcber uns&#8220; &#8211; Weltladen Ebern\" data-secret=\"8AbfrTYUry\" frameborder=\"0\" marginwidth=\"0\" marginheight=\"0\" scrolling=\"no\" class=\"wp-embedded-content\"><\/iframe><script>\n\/*! This file is auto-generated *\/\n!function(d,l){\"use strict\";l.querySelector&&d.addEventListener&&\"undefined\"!=typeof URL&&(d.wp=d.wp||{},d.wp.receiveEmbedMessage||(d.wp.receiveEmbedMessage=function(e){var t=e.data;if((t||t.secret||t.message||t.value)&&!\/[^a-zA-Z0-9]\/.test(t.secret)){for(var s,r,n,a=l.querySelectorAll('iframe[data-secret=\"'+t.secret+'\"]'),o=l.querySelectorAll('blockquote[data-secret=\"'+t.secret+'\"]'),c=new RegExp(\"^https?:$\",\"i\"),i=0;i<o.length;i++)o[i].style.display=\"none\";for(i=0;i<a.length;i++)s=a[i],e.source===s.contentWindow&&(s.removeAttribute(\"style\"),\"height\"===t.message?(1e3<(r=parseInt(t.value,10))?r=1e3:~~r<200&&(r=200),s.height=r):\"link\"===t.message&&(r=new URL(s.getAttribute(\"src\")),n=new URL(t.value),c.test(n.protocol))&&n.host===r.host&&l.activeElement===s&&(d.top.location.href=t.value))}},d.addEventListener(\"message\",d.wp.receiveEmbedMessage,!1),l.addEventListener(\"DOMContentLoaded\",function(){for(var e,t,s=l.querySelectorAll(\"iframe.wp-embedded-content\"),r=0;r<s.length;r++)(t=(e=s[r]).getAttribute(\"data-secret\"))||(t=Math.random().toString(36).substring(2,12),e.src+=\"#?secret=\"+t,e.setAttribute(\"data-secret\",t)),e.contentWindow.postMessage({message:\"ready\",secret:t},\"*\")},!1)))}(window,document);\n<\/script>\n","description":"[vc_row][vc_column][vc_empty_space][vc_column_text] unsere Story [\/vc_column_text][vc_column_text]Der Weltladen Ebern bereichert seit 2003 die Eberner Gesch\u00e4ftswelt \u2013 Zeit einmal zur\u00fcckzublicken. Nachdem viele Interessenten und Unterst\u00fctzer gefunden wurden, konnte im Dezember 2002 der Tr\u00e4gerverein \u201eEine Welt Ebern e.V.\u201c gegr\u00fcndet werden. Die Suche nach einem Laden war erfolgreich und so konnte am 04. Juni 2003 der Weltladen Ebern in der Sutte&hellip;","thumbnail_url":"https:\/\/weltlaeden.de\/ebern\/wp-content\/uploads\/sites\/3\/2016\/11\/ElPuente_Kakaobohnen_El-Ceibo_Bolivien.jpg"}