{"id":217,"date":"2016-10-28T13:34:47","date_gmt":"2016-10-28T11:34:47","guid":{"rendered":"https:\/\/wl.heimpixel.de\/vorlage\/produkte\/"},"modified":"2025-07-18T16:42:07","modified_gmt":"2025-07-18T14:42:07","slug":"produkte","status":"publish","type":"page","link":"https:\/\/weltlaeden.de\/die-kokosnuss\/produkte\/","title":{"rendered":"Produkte"},"content":{"rendered":"<div class=\"wpb-content-wrapper\"><p>[vc_row][vc_column]<div class=\"wl_einzelbild\"><p><img loading=\"lazy\" decoding=\"async\" class=\"alignnone wp-image-703\" src=\"https:\/\/weltlaeden.de\/die-kokosnuss\/wp-content\/uploads\/sites\/231\/2025\/07\/sortiment-300x133.png\" alt=\"\" width=\"1225\" height=\"543\" srcset=\"https:\/\/weltlaeden.de\/die-kokosnuss\/wp-content\/uploads\/sites\/231\/2025\/07\/sortiment-300x133.png 300w, https:\/\/weltlaeden.de\/die-kokosnuss\/wp-content\/uploads\/sites\/231\/2025\/07\/sortiment-1024x454.png 1024w, https:\/\/weltlaeden.de\/die-kokosnuss\/wp-content\/uploads\/sites\/231\/2025\/07\/sortiment-768x341.png 768w, https:\/\/weltlaeden.de\/die-kokosnuss\/wp-content\/uploads\/sites\/231\/2025\/07\/sortiment.png 1114w\" sizes=\"auto, (max-width: 1225px) 100vw, 1225px\" \/><\/p><\/div>[vc_empty_space][vc_column_text css=&#8220;&#8220;]<\/p>\n<h1>Unser Sortiment<\/h1>\n<p>[\/vc_column_text][vc_column_text css=&#8220;&#8220;]<strong>Unser Sortiment<\/strong><\/p>\n<p>Wir f\u00fchren in unserem Weltladen ein vielf\u00e4ltiges Sortiment hochwertiger Waren aus aller Welt, die wir von anerkannten Fair-Handels-Importeuren beziehen.<br \/>\nKleinproduzent*innen erhalten so einen fairen Preis.<br \/>\nUnsere Lebensmittel sind nicht nur fair gehandelt, sondern meist auch in Bio-Qualit\u00e4t.[\/vc_column_text][vc_empty_space][vc_row_inner][vc_column_inner width=&#8220;1\/2&#8243;][vc_column_text]<\/p>\n<h2>Lebensmittel<\/h2>\n<p>[\/vc_column_text]<div class=\"wl_einzelbild\"><p><img loading=\"lazy\" decoding=\"async\" class=\"aligncenter size-full wp-image-nsm-3-26\" src=\"https:\/\/weltlaeden.de\/die-kokosnuss\/wp-content\/uploads\/sites\/3\/2018\/05\/Lebensmittel_WL-Bornheim-Christian-Schilling.jpg\" alt=\"\" width=\"600\" height=\"402\" \/><\/p><\/div>[vc_column_text css=&#8220;&#8220;][\/vc_column_text][\/vc_column_inner][vc_column_inner width=&#8220;1\/2&#8243;][vc_column_text css=&#8220;&#8220;]<\/p>\n<h2>Kunsthandwerk &amp; Textilien<\/h2>\n<p>[\/vc_column_text]<div class=\"wl_einzelbild\"><p><img loading=\"lazy\" decoding=\"async\" class=\"aligncenter size-full wp-image-nsm-3-18\" src=\"https:\/\/weltlaeden.de\/die-kokosnuss\/wp-content\/uploads\/sites\/3\/2016\/11\/NonFoodweltladen31.jpg\" alt=\"\" width=\"600\" height=\"402\" \/><\/p><\/div>[vc_column_text css=&#8220;&#8220;]<\/p>\n<p>Zum Sortiment geh\u00f6ren neben den Klassikern Kaffee, Tee und Schokolade auch H\u00fclsenfr\u00fcchte, Honig, Reis oder Saucen und Aufstriche sowie s\u00fc\u00dfe Verf\u00fchrungen oder Knabbereien.<\/p>\n<p>Au\u00dferdem f\u00fchren wir Weine aus S\u00fcdafrika und Chile sowie verschiedene nicht-alkoholische Getr\u00e4nke.<\/p>\n<p>&nbsp;<\/p>\n<p>Wir f\u00fchren st\u00e4ndig eine gro\u00dfe Auswahl an handgesch\u00f6pften Zotter Schokoladen. Lassen Sie sich ein auf die oftmals \u00fcberraschenden Kreationen oder genie\u00dfen Sie Bew\u00e4hrtes in bester Qualit\u00e4t.<\/p>\n<p><strong><img loading=\"lazy\" decoding=\"async\" class=\"alignnone size-full wp-image-708\" src=\"https:\/\/weltlaeden.de\/die-kokosnuss\/wp-content\/uploads\/sites\/231\/2025\/07\/zotter.jpg\" alt=\"\" width=\"225\" height=\"225\" srcset=\"https:\/\/weltlaeden.de\/die-kokosnuss\/wp-content\/uploads\/sites\/231\/2025\/07\/zotter.jpg 225w, https:\/\/weltlaeden.de\/die-kokosnuss\/wp-content\/uploads\/sites\/231\/2025\/07\/zotter-150x150.jpg 150w\" sizes=\"auto, (max-width: 225px) 100vw, 225px\" \/><\/strong><\/p>\n<p><strong>Kunsthandwerk<\/strong><\/p>\n<p>Der Bereich Kunsthandwerk umfasst eine gro\u00dfe Auswahl an Keramik und Gl\u00e4sern, Holzschalen, Tischdecken und Deko oder auch saisonalen Produkten, z.B. zu Weihnachten oder Ostern.<\/p>\n<p>Die beliebten Sonnengl\u00e4ser aus S\u00fcdafrika haben wir ebenfalls im Programm<\/p>\n<p>Wenn Sie auf der Suche nach einem besonderen Geschenk sind \u2013 schauen Sie bei uns vorbei, Sie werden immer wieder neue Anregungen finden.<\/p>\n<p><strong>Mode-Accessoires<\/strong><\/p>\n<p>Taschen, Geldb\u00f6rsen die Ihrem Kleidungsstil noch das gewisse Etwas verleihen.<br \/>\nImmer wieder neue Kreationen aus Leder, Stoff und Recycling Materialien<\/p>\n<p>T\u00fccher und Schals aus Seide , Wolle und Baumwolle<\/p>\n<p><strong>Schmuck<\/strong><\/p>\n<p>Unsere Auswahl an Schmuck ist vielf\u00e4ltig. Sie finden echte Handarbeit aus Silber oder auch vergoldet, sowie Modeschmuck aus Glas, Keramik und Holz.<\/p>\n<p><strong>Geschenkk\u00f6rbe<\/strong><\/p>\n<p>Verschenken Sie doch mal unser \u201efaires Duo\u201c aus \u00a0Altdorfer Stadtkaffee \u00a0Puro und Stadtschokolade von jungen K\u00fcnstlern aus Altdorfer Schulen gestaltet oder aber einen liebevoll gepackten Geschenkkorb bzw. Geschenkkarton.<\/p>\n<p><strong>Papeterie<\/strong><\/p>\n<p>Besondere Gru\u00dfkarten f\u00fcr besondere Menschen:<br \/>\nF\u00fcr Ihre guten Gedanken und W\u00fcnsche an liebe Menschen finden Sie bei uns die passende Karte.<\/p>\n<p>Handgesch\u00f6pfte Papiere begeistern sch\u00f6n gebunden als Briefblock oder als Geschenkpapier, z. B. mit eingeschlossenen Bl\u00fcten.<\/p>\n<p><strong>Entspannung und Meditation<\/strong><\/p>\n<p>Entspannen Sie mit R\u00e4ucherwaren, Kerzen oder Klangschalen.<\/p>\n<p><strong>Geschenk &#8211;\u00a0 Gutscheine<\/strong><\/p>\n<p><img loading=\"lazy\" decoding=\"async\" class=\"alignnone wp-image-709\" src=\"https:\/\/weltlaeden.de\/die-kokosnuss\/wp-content\/uploads\/sites\/231\/2025\/07\/gutscheine-300x117.jpg\" alt=\"\" width=\"859\" height=\"335\" srcset=\"https:\/\/weltlaeden.de\/die-kokosnuss\/wp-content\/uploads\/sites\/231\/2025\/07\/gutscheine-300x117.jpg 300w, https:\/\/weltlaeden.de\/die-kokosnuss\/wp-content\/uploads\/sites\/231\/2025\/07\/gutscheine-1024x399.jpg 1024w, https:\/\/weltlaeden.de\/die-kokosnuss\/wp-content\/uploads\/sites\/231\/2025\/07\/gutscheine-768x300.jpg 768w, https:\/\/weltlaeden.de\/die-kokosnuss\/wp-content\/uploads\/sites\/231\/2025\/07\/gutscheine.jpg 1200w\" sizes=\"auto, (max-width: 859px) 100vw, 859px\" \/><\/p>\n<p>&nbsp;<\/p>\n<p>Mit unseren Geschenkgutscheinen kann man prima pers\u00f6nliche W\u00fcnsche erf\u00fcllen.<\/p>\n<p>&nbsp;<\/p>\n<p>[\/vc_column_text][\/vc_column_inner][\/vc_row_inner][\/vc_column][\/vc_row]<\/p>\n<p>&nbsp;<\/p>\n<\/div>","protected":false},"excerpt":{"rendered":"<p>[vc_row][vc_column][vc_empty_space][vc_column_text css=&#8220;&#8220;] Unser Sortiment [\/vc_column_text][vc_column_text css=&#8220;&#8220;]Unser Sortiment Wir f\u00fchren in unserem Weltladen ein vielf\u00e4ltiges Sortiment hochwertiger Waren aus aller Welt, die wir von anerkannten Fair-Handels-Importeuren beziehen. Kleinproduzent*innen erhalten so einen fairen Preis. Unsere Lebensmittel sind nicht nur fair gehandelt, sondern meist auch in Bio-Qualit\u00e4t.[\/vc_column_text][vc_empty_space][vc_row_inner][vc_column_inner width=&#8220;1\/2&#8243;][vc_column_text] Lebensmittel [\/vc_column_text][vc_column_text css=&#8220;&#8220;][\/vc_column_text][\/vc_column_inner][vc_column_inner width=&#8220;1\/2&#8243;][vc_column_text css=&#8220;&#8220;] Kunsthandwerk &amp; Textilien [\/vc_column_text][vc_column_text css=&#8220;&#8220;]&hellip;<\/p>\n","protected":false},"author":1,"featured_media":0,"parent":0,"menu_order":5,"comment_status":"closed","ping_status":"closed","template":"","meta":{"footnotes":""},"class_list":["post-217","page","type-page","status-publish","hentry","description-off"],"yoast_head":"<!-- This site is optimized with the Yoast SEO plugin v26.8 - https:\/\/yoast.com\/product\/yoast-seo-wordpress\/ -->\n<title>Produkte - Weltladen &quot;Die Kokosnuss&quot;<\/title>\n<meta name=\"robots\" content=\"index, follow, max-snippet:-1, max-image-preview:large, max-video-preview:-1\" \/>\n<link rel=\"canonical\" href=\"https:\/\/weltlaeden.de\/die-kokosnuss\/produkte\/\" \/>\n<meta property=\"og:locale\" content=\"de_DE\" \/>\n<meta property=\"og:type\" content=\"article\" \/>\n<meta property=\"og:title\" content=\"Produkte - Weltladen &quot;Die Kokosnuss&quot;\" \/>\n<meta property=\"og:description\" content=\"[vc_row][vc_column][vc_empty_space][vc_column_text css=&#8220;&#8220;] Unser Sortiment [\/vc_column_text][vc_column_text css=&#8220;&#8220;]Unser Sortiment Wir f\u00fchren in unserem Weltladen ein vielf\u00e4ltiges Sortiment hochwertiger Waren aus aller Welt, die wir von anerkannten Fair-Handels-Importeuren beziehen. Kleinproduzent*innen erhalten so einen fairen Preis. Unsere Lebensmittel sind nicht nur fair gehandelt, sondern meist auch in Bio-Qualit\u00e4t.[\/vc_column_text][vc_empty_space][vc_row_inner][vc_column_inner width=&#8220;1\/2&#8243;][vc_column_text] Lebensmittel [\/vc_column_text][vc_column_text css=&#8220;&#8220;][\/vc_column_text][\/vc_column_inner][vc_column_inner width=&#8220;1\/2&#8243;][vc_column_text css=&#8220;&#8220;] Kunsthandwerk &amp; Textilien [\/vc_column_text][vc_column_text css=&#8220;&#8220;]&hellip;\" \/>\n<meta property=\"og:url\" content=\"https:\/\/weltlaeden.de\/die-kokosnuss\/produkte\/\" \/>\n<meta property=\"og:site_name\" content=\"Weltladen &quot;Die Kokosnuss&quot;\" \/>\n<meta property=\"article:modified_time\" content=\"2025-07-18T14:42:07+00:00\" \/>\n<meta property=\"og:image\" content=\"https:\/\/weltlaeden.de\/die-kokosnuss\/wp-content\/uploads\/sites\/231\/2025\/07\/sortiment.png\" \/>\n\t<meta property=\"og:image:width\" content=\"1114\" \/>\n\t<meta property=\"og:image:height\" content=\"494\" \/>\n\t<meta property=\"og:image:type\" content=\"image\/png\" \/>\n<meta name=\"twitter:card\" content=\"summary_large_image\" \/>\n<meta name=\"twitter:label1\" content=\"Gesch\u00e4tzte Lesezeit\" \/>\n\t<meta name=\"twitter:data1\" content=\"3\u00a0Minuten\" \/>\n<script type=\"application\/ld+json\" class=\"yoast-schema-graph\">{\"@context\":\"https:\/\/schema.org\",\"@graph\":[{\"@type\":\"WebPage\",\"@id\":\"https:\/\/weltlaeden.de\/die-kokosnuss\/produkte\/\",\"url\":\"https:\/\/weltlaeden.de\/die-kokosnuss\/produkte\/\",\"name\":\"Produkte - Weltladen &quot;Die Kokosnuss&quot;\",\"isPartOf\":{\"@id\":\"https:\/\/weltlaeden.de\/die-kokosnuss\/#website\"},\"primaryImageOfPage\":{\"@id\":\"https:\/\/weltlaeden.de\/die-kokosnuss\/produkte\/#primaryimage\"},\"image\":{\"@id\":\"https:\/\/weltlaeden.de\/die-kokosnuss\/produkte\/#primaryimage\"},\"thumbnailUrl\":\"https:\/\/weltlaeden.de\/die-kokosnuss\/wp-content\/uploads\/sites\/231\/2025\/07\/sortiment-300x133.png\",\"datePublished\":\"2016-10-28T11:34:47+00:00\",\"dateModified\":\"2025-07-18T14:42:07+00:00\",\"breadcrumb\":{\"@id\":\"https:\/\/weltlaeden.de\/die-kokosnuss\/produkte\/#breadcrumb\"},\"inLanguage\":\"de\",\"potentialAction\":[{\"@type\":\"ReadAction\",\"target\":[\"https:\/\/weltlaeden.de\/die-kokosnuss\/produkte\/\"]}]},{\"@type\":\"ImageObject\",\"inLanguage\":\"de\",\"@id\":\"https:\/\/weltlaeden.de\/die-kokosnuss\/produkte\/#primaryimage\",\"url\":\"https:\/\/weltlaeden.de\/die-kokosnuss\/wp-content\/uploads\/sites\/231\/2025\/07\/sortiment.png\",\"contentUrl\":\"https:\/\/weltlaeden.de\/die-kokosnuss\/wp-content\/uploads\/sites\/231\/2025\/07\/sortiment.png\",\"width\":1114,\"height\":494},{\"@type\":\"BreadcrumbList\",\"@id\":\"https:\/\/weltlaeden.de\/die-kokosnuss\/produkte\/#breadcrumb\",\"itemListElement\":[{\"@type\":\"ListItem\",\"position\":1,\"name\":\"Startseite\",\"item\":\"https:\/\/weltlaeden.de\/die-kokosnuss\/\"},{\"@type\":\"ListItem\",\"position\":2,\"name\":\"Produkte\"}]},{\"@type\":\"WebSite\",\"@id\":\"https:\/\/weltlaeden.de\/die-kokosnuss\/#website\",\"url\":\"https:\/\/weltlaeden.de\/die-kokosnuss\/\",\"name\":\"Weltladen &quot;Die Kokosnuss&quot;\",\"description\":\"Faire Produkte seit 1990\",\"potentialAction\":[{\"@type\":\"SearchAction\",\"target\":{\"@type\":\"EntryPoint\",\"urlTemplate\":\"https:\/\/weltlaeden.de\/die-kokosnuss\/?s={search_term_string}\"},\"query-input\":{\"@type\":\"PropertyValueSpecification\",\"valueRequired\":true,\"valueName\":\"search_term_string\"}}],\"inLanguage\":\"de\"}]}<\/script>\n<!-- \/ Yoast SEO plugin. -->","yoast_head_json":{"title":"Produkte - Weltladen &quot;Die Kokosnuss&quot;","robots":{"index":"index","follow":"follow","max-snippet":"max-snippet:-1","max-image-preview":"max-image-preview:large","max-video-preview":"max-video-preview:-1"},"canonical":"https:\/\/weltlaeden.de\/die-kokosnuss\/produkte\/","og_locale":"de_DE","og_type":"article","og_title":"Produkte - Weltladen &quot;Die Kokosnuss&quot;","og_description":"[vc_row][vc_column][vc_empty_space][vc_column_text css=&#8220;&#8220;] Unser Sortiment [\/vc_column_text][vc_column_text css=&#8220;&#8220;]Unser Sortiment Wir f\u00fchren in unserem Weltladen ein vielf\u00e4ltiges Sortiment hochwertiger Waren aus aller Welt, die wir von anerkannten Fair-Handels-Importeuren beziehen. Kleinproduzent*innen erhalten so einen fairen Preis. Unsere Lebensmittel sind nicht nur fair gehandelt, sondern meist auch in Bio-Qualit\u00e4t.[\/vc_column_text][vc_empty_space][vc_row_inner][vc_column_inner width=&#8220;1\/2&#8243;][vc_column_text] Lebensmittel [\/vc_column_text][vc_column_text css=&#8220;&#8220;][\/vc_column_text][\/vc_column_inner][vc_column_inner width=&#8220;1\/2&#8243;][vc_column_text css=&#8220;&#8220;] Kunsthandwerk &amp; Textilien [\/vc_column_text][vc_column_text css=&#8220;&#8220;]&hellip;","og_url":"https:\/\/weltlaeden.de\/die-kokosnuss\/produkte\/","og_site_name":"Weltladen &quot;Die Kokosnuss&quot;","article_modified_time":"2025-07-18T14:42:07+00:00","og_image":[{"width":1114,"height":494,"url":"https:\/\/weltlaeden.de\/die-kokosnuss\/wp-content\/uploads\/sites\/231\/2025\/07\/sortiment.png","type":"image\/png"}],"twitter_card":"summary_large_image","twitter_misc":{"Gesch\u00e4tzte Lesezeit":"3\u00a0Minuten"},"schema":{"@context":"https:\/\/schema.org","@graph":[{"@type":"WebPage","@id":"https:\/\/weltlaeden.de\/die-kokosnuss\/produkte\/","url":"https:\/\/weltlaeden.de\/die-kokosnuss\/produkte\/","name":"Produkte - Weltladen &quot;Die Kokosnuss&quot;","isPartOf":{"@id":"https:\/\/weltlaeden.de\/die-kokosnuss\/#website"},"primaryImageOfPage":{"@id":"https:\/\/weltlaeden.de\/die-kokosnuss\/produkte\/#primaryimage"},"image":{"@id":"https:\/\/weltlaeden.de\/die-kokosnuss\/produkte\/#primaryimage"},"thumbnailUrl":"https:\/\/weltlaeden.de\/die-kokosnuss\/wp-content\/uploads\/sites\/231\/2025\/07\/sortiment-300x133.png","datePublished":"2016-10-28T11:34:47+00:00","dateModified":"2025-07-18T14:42:07+00:00","breadcrumb":{"@id":"https:\/\/weltlaeden.de\/die-kokosnuss\/produkte\/#breadcrumb"},"inLanguage":"de","potentialAction":[{"@type":"ReadAction","target":["https:\/\/weltlaeden.de\/die-kokosnuss\/produkte\/"]}]},{"@type":"ImageObject","inLanguage":"de","@id":"https:\/\/weltlaeden.de\/die-kokosnuss\/produkte\/#primaryimage","url":"https:\/\/weltlaeden.de\/die-kokosnuss\/wp-content\/uploads\/sites\/231\/2025\/07\/sortiment.png","contentUrl":"https:\/\/weltlaeden.de\/die-kokosnuss\/wp-content\/uploads\/sites\/231\/2025\/07\/sortiment.png","width":1114,"height":494},{"@type":"BreadcrumbList","@id":"https:\/\/weltlaeden.de\/die-kokosnuss\/produkte\/#breadcrumb","itemListElement":[{"@type":"ListItem","position":1,"name":"Startseite","item":"https:\/\/weltlaeden.de\/die-kokosnuss\/"},{"@type":"ListItem","position":2,"name":"Produkte"}]},{"@type":"WebSite","@id":"https:\/\/weltlaeden.de\/die-kokosnuss\/#website","url":"https:\/\/weltlaeden.de\/die-kokosnuss\/","name":"Weltladen &quot;Die Kokosnuss&quot;","description":"Faire Produkte seit 1990","potentialAction":[{"@type":"SearchAction","target":{"@type":"EntryPoint","urlTemplate":"https:\/\/weltlaeden.de\/die-kokosnuss\/?s={search_term_string}"},"query-input":{"@type":"PropertyValueSpecification","valueRequired":true,"valueName":"search_term_string"}}],"inLanguage":"de"}]}},"_links":{"self":[{"href":"https:\/\/weltlaeden.de\/die-kokosnuss\/wp-json\/wp\/v2\/pages\/217","targetHints":{"allow":["GET"]}}],"collection":[{"href":"https:\/\/weltlaeden.de\/die-kokosnuss\/wp-json\/wp\/v2\/pages"}],"about":[{"href":"https:\/\/weltlaeden.de\/die-kokosnuss\/wp-json\/wp\/v2\/types\/page"}],"author":[{"embeddable":true,"href":"https:\/\/weltlaeden.de\/die-kokosnuss\/wp-json\/wp\/v2\/users\/1"}],"replies":[{"embeddable":true,"href":"https:\/\/weltlaeden.de\/die-kokosnuss\/wp-json\/wp\/v2\/comments?post=217"}],"version-history":[{"count":22,"href":"https:\/\/weltlaeden.de\/die-kokosnuss\/wp-json\/wp\/v2\/pages\/217\/revisions"}],"predecessor-version":[{"id":718,"href":"https:\/\/weltlaeden.de\/die-kokosnuss\/wp-json\/wp\/v2\/pages\/217\/revisions\/718"}],"wp:attachment":[{"href":"https:\/\/weltlaeden.de\/die-kokosnuss\/wp-json\/wp\/v2\/media?parent=217"}],"curies":[{"name":"wp","href":"https:\/\/api.w.org\/{rel}","templated":true}]}}