{"id":20,"date":"2016-10-14T09:05:21","date_gmt":"2016-10-14T07:05:21","guid":{"rendered":"https:\/\/wl.heimpixel.de\/vorlage\/weltladen-musterdorf\/"},"modified":"2025-07-15T09:26:33","modified_gmt":"2025-07-15T07:26:33","slug":"weltladen-musterdorf","status":"publish","type":"page","link":"https:\/\/weltlaeden.de\/die-kokosnuss\/","title":{"rendered":"Weltladen Altdorf &#8211; Die Kokosnuss"},"content":{"rendered":"<div class=\"wpb-content-wrapper\"><p>[vc_row][vc_column]<div class=\"wl_einzelbild\"><p><img loading=\"lazy\" decoding=\"async\" class=\"alignnone wp-image-664\" src=\"https:\/\/weltlaeden.de\/die-kokosnuss\/wp-content\/uploads\/sites\/231\/2025\/06\/482242742_1161884172297362_2274012995956356327_n-300x200.jpg\" alt=\"\" width=\"563\" height=\"375\" srcset=\"https:\/\/weltlaeden.de\/die-kokosnuss\/wp-content\/uploads\/sites\/231\/2025\/06\/482242742_1161884172297362_2274012995956356327_n-300x200.jpg 300w, https:\/\/weltlaeden.de\/die-kokosnuss\/wp-content\/uploads\/sites\/231\/2025\/06\/482242742_1161884172297362_2274012995956356327_n-1024x683.jpg 1024w, https:\/\/weltlaeden.de\/die-kokosnuss\/wp-content\/uploads\/sites\/231\/2025\/06\/482242742_1161884172297362_2274012995956356327_n-768x512.jpg 768w, https:\/\/weltlaeden.de\/die-kokosnuss\/wp-content\/uploads\/sites\/231\/2025\/06\/482242742_1161884172297362_2274012995956356327_n-1536x1024.jpg 1536w, https:\/\/weltlaeden.de\/die-kokosnuss\/wp-content\/uploads\/sites\/231\/2025\/06\/482242742_1161884172297362_2274012995956356327_n.jpg 2048w\" sizes=\"auto, (max-width: 563px) 100vw, 563px\" \/><\/p><\/div>[vc_empty_space height=&#8220;20px&#8220;][\/vc_column][\/vc_row][vc_row][vc_column][vc_column_text css=&#8220;&#8220;]<\/p>\n<h1 style=\"text-align: left\">Willkommen im Weltladen Altdorf &#8211; Die Kokosnuss<\/h1>\n<p>[\/vc_column_text][vc_column_text css=&#8220;&#8220;]Willkommen auf der Website des Weltladen Altdorf &#8211; Die Kokosnuss![\/vc_column_text][vc_empty_space height=&#8220;30px&#8220;][\/vc_column][\/vc_row][vc_row][vc_column][vc_column_text]<\/p>\n<h2>Was Sie auf dieser Website finden:<\/h2>\n<p>[\/vc_column_text][vc_empty_space height=&#8220;20px&#8220;][vc_row_inner][vc_column_inner width=&#8220;1\/4&#8243;]<div class=\"wl_einzelbild\"><p><img loading=\"lazy\" decoding=\"async\" class=\"alignnone wp-image-692\" src=\"https:\/\/weltlaeden.de\/die-kokosnuss\/wp-content\/uploads\/sites\/231\/2025\/07\/Ladenteam-innen-300x300.jpg\" alt=\"\" width=\"200\" height=\"200\" srcset=\"https:\/\/weltlaeden.de\/die-kokosnuss\/wp-content\/uploads\/sites\/231\/2025\/07\/Ladenteam-innen-300x300.jpg 300w, https:\/\/weltlaeden.de\/die-kokosnuss\/wp-content\/uploads\/sites\/231\/2025\/07\/Ladenteam-innen-1024x1024.jpg 1024w, https:\/\/weltlaeden.de\/die-kokosnuss\/wp-content\/uploads\/sites\/231\/2025\/07\/Ladenteam-innen-150x150.jpg 150w, https:\/\/weltlaeden.de\/die-kokosnuss\/wp-content\/uploads\/sites\/231\/2025\/07\/Ladenteam-innen-768x768.jpg 768w, https:\/\/weltlaeden.de\/die-kokosnuss\/wp-content\/uploads\/sites\/231\/2025\/07\/Ladenteam-innen-1536x1536.jpg 1536w, https:\/\/weltlaeden.de\/die-kokosnuss\/wp-content\/uploads\/sites\/231\/2025\/07\/Ladenteam-innen-2048x2048.jpg 2048w\" sizes=\"auto, (max-width: 200px) 100vw, 200px\" \/><\/p><\/div>[\/vc_column_inner][vc_column_inner width=&#8220;3\/4&#8243;][vc_column_text]<\/p>\n<h3>Fairer Handel<\/h3>\n<p>Was meint Fairer Handel \u00fcberhaupt? Welche Kriterien m\u00fcssen eingehalten werden und wer \u00fcberpr\u00fcft diese? <a href=\"?pagename=fairer-handel\">Erfahren Sie mehr &#8230;<\/a>[\/vc_column_text][\/vc_column_inner][\/vc_row_inner][vc_separator][vc_row_inner][vc_column_inner width=&#8220;1\/4&#8243;]<div class=\"wl_einzelbild\"><p><img loading=\"lazy\" decoding=\"async\" class=\"alignleft wp-image-nsm-3-28\" src=\"https:\/\/weltlaeden.de\/vorlage\/wp-content\/uploads\/sites\/3\/2018\/05\/Lebensmittel_WL-Bornheim-Christian-Schilling_150x150.jpg\" alt=\"\" width=\"204\" height=\"204\" \/><\/p><\/div>[\/vc_column_inner][vc_column_inner width=&#8220;3\/4&#8243;][vc_column_text]<\/p>\n<h3>Produkte<\/h3>\n<p>Unsere Produkte im Weltladen sind nat\u00fcrlich alle aus Fairem Handel, dennoch kommen sie von unterschiedlichen Fair-Handels-Importeuren. <a href=\"?pagename=produkte\">Hier zeigen wir Ihnen unser Sortiment &#8230;<\/a>[\/vc_column_text][\/vc_column_inner][\/vc_row_inner][vc_separator][vc_row_inner][vc_column_inner width=&#8220;1\/4&#8243;]<div class=\"wl_einzelbild\"><p><img loading=\"lazy\" decoding=\"async\" class=\"alignnone wp-image-683\" src=\"https:\/\/weltlaeden.de\/die-kokosnuss\/wp-content\/uploads\/sites\/231\/2025\/07\/ueberuns_4-300x230.jpg\" alt=\"\" width=\"200\" height=\"153\" srcset=\"https:\/\/weltlaeden.de\/die-kokosnuss\/wp-content\/uploads\/sites\/231\/2025\/07\/ueberuns_4-300x230.jpg 300w, https:\/\/weltlaeden.de\/die-kokosnuss\/wp-content\/uploads\/sites\/231\/2025\/07\/ueberuns_4.jpg 504w\" sizes=\"auto, (max-width: 200px) 100vw, 200px\" \/><\/p><\/div>[\/vc_column_inner][vc_column_inner width=&#8220;3\/4&#8243;][vc_column_text]<\/p>\n<h3>\u00dcber uns<\/h3>\n<p>Wer wir sind, warum wir uns f\u00fcr Fairen Handel engagieren und wie man bei uns mitmachen kann &#8211; <a href=\"?pagename=ueber-uns\">hier stellen wir uns vor &#8230;<\/a>[\/vc_column_text][\/vc_column_inner][\/vc_row_inner][vc_separator][vc_row_inner][vc_column_inner width=&#8220;1\/4&#8243;]<div class=\"wl_einzelbild\"><p><img loading=\"lazy\" decoding=\"async\" class=\"alignleft wp-image-nsm-3-35\" src=\"https:\/\/weltlaeden.de\/vorlage\/wp-content\/uploads\/sites\/3\/2018\/08\/pocket-watch-1637396_1920_150x150.png\" alt=\"\" width=\"200\" height=\"200\" \/><\/p><\/div>[\/vc_column_inner][vc_column_inner width=&#8220;3\/4&#8243;][vc_column_text css=&#8220;&#8220;]<\/p>\n<h3>Termine<\/h3>\n<p>Bei uns ist immer etwas los! Wir treffen uns regelm\u00e4\u00dfig zu Teamsitzungen und Fortbildungen, organisieren aber auch immer mal wieder eine Veranstaltung zum Fairen Handel und verwandten Themen. <a href=\"https:\/\/weltlaeden.de\/die-kokosnuss\/termine\/\">Hier erfahren Sie was bei uns los ist \u2026<\/a>[\/vc_column_text][\/vc_column_inner][\/vc_row_inner][vc_separator][vc_empty_space][\/vc_column][\/vc_row][vc_row][vc_column][vc_column_text]<\/p>\n<h2>Produkte des Monats<\/h2>\n<p>[\/vc_column_text]<!-- This slideshow output is generated with Advanced post slider a multipurpose responsive WordPress slideshow plugin - http:\/\/www.wpcue.com\/wordpress-plugins\/advanced-post-slider\/ -->\r\n<style>\r\n#advps_container1 .bx-wrapper .bx-viewport {\r\n\t\tbackground:#ffffff;\r\n}\r\n#advps_container1 .bx-wrapper .bx-pager{\r\n\ttext-align: right;\r\n\tpadding-right:5px;\r\n}\r\n#advps_container1 .bx-wrapper .bx-pager\r\n{\r\n\tbottom:-35px;\r\n\tz-index:999;\r\n}\r\n#advps_container1 .bx-wrapper .bx-controls-auto\r\n{\r\n\tbottom:6px;\r\n}\r\n#advps_container1 .bx-wrapper .bx-controls.bx-has-controls-auto.bx-has-pager .bx-pager {\r\n\ttext-align: right;\r\n}\r\n#advps_container1 .bx-wrapper .bx-controls-auto {\r\n\tz-index:99999;\r\n\ttext-align:center;width:100%;}\r\n\r\n#advps_container1 .bx-wrapper .bx-pager.bx-default-pager a {\r\n\tbackground: #666;\r\n\ttext-indent: -9999px;\r\n\tdisplay: block;\r\n\twidth: 10px;\r\n\theight: 10px;\r\n\tmargin: 0 5px;\r\n\toutline: 0;\r\n\t-moz-border-radius: 5px;\r\n\t-webkit-border-radius: 5px;\r\n\tborder-radius: 5px;\r\n\ttext-align:left;\r\n}\r\n#advps_container1 .bx-wrapper .bx-pager.bx-default-pager a:hover,\r\n#advps_container1 .bx-wrapper .bx-pager.bx-default-pager a.active {\r\n\tbackground: #000;\r\n}\r\n\r\n\/* thumbnail pager*\/\r\n#advps_container1 #bx-pager\r\n{\r\n\twidth:100%;\r\n\tposition:absolute;\r\n\tbottom:-35px;\r\n    text-align: right;\r\n\tz-index: 9999;\r\n}\r\n#advps_container1 #bx-pager a img\r\n{\r\n\tborder: 1px solid #CCCCCC;\r\n    padding: 3px;\r\n}\r\n#advps_container1 #bx-pager a:hover img, #advps_container1 #bx-pager a.active img\r\n{\r\n\tborder: 1px solid #666666;\r\n}\r\n\/* medai queries *\/\r\n#advps_container1 .advs-title,#advps_container1 .advs-title a\r\n{\r\n\tfont-size:20px;\r\n\tline-height:26px;\r\n}\r\n#advps_container1 .advps-slide p\r\n{\r\n\tfont-size:15px;\r\n\tline-height:22px;\r\n}\r\n@media screen and (max-width: 1024px){\r\n\t#advps_container1 .advs-title,#advps_container1 .advs-title a\r\n\t{\r\n\t\tfont-size:16px;\r\n\t\tline-height:26px;\r\n\t}\r\n\t#advps_container1 .advps-slide p\r\n\t{\r\n\t\tfont-size:15px;\r\n\t\tline-height:22px;\r\n\t}\r\n}\r\n@media screen and (max-width: 768px){\r\n\t#advps_container1 h2.advs-title, #advps_container1 h2.advs-title a\r\n\t{\r\n\t\tfont-size:16px;\r\n\t\tline-height:20px;\r\n\t}\r\n\t#advps_container1 .advps-slide p\r\n\t{\r\n\t\tfont-size:14px;\r\n\t\tline-height:18px;\r\n\t}\r\n}\r\n@media screen and (max-width: 650px){\r\n\t#advps_container1 h2.advs-title, #advps_container1 h2.advs-title a\r\n\t{\r\n\t\tfont-size:15px;\r\n\t\tline-height:18px;\r\n\t}\r\n\t#advps_container1 .advps-slide p\r\n\t{\r\n\t\tfont-size:13px;\r\n\t\tline-height:15px;\r\n\t}\r\n}\r\n@media screen and (max-width: 480px){\r\n\t#advps_container1 h2.advs-title, #advps_container1 h2.advs-title a\r\n\t{\r\n\t\tfont-size:13px;\r\n\t\tline-height:14px;\r\n\t}\r\n\t#advps_container1 .advps-slide p\r\n\t{\r\n\t\tfont-size:12px;\r\n\t\tline-height:13px;\r\n\t}\r\n}\r\n@media screen and (max-width: 320px){\r\n\t#advps_container1 h2.advs-title, #advps_container1 h2.advs-title a\r\n\t{\r\n\t\tfont-size:12px;\r\n\t\tline-height:13px;\r\n\t}\r\n\t#advps_container1 .advps-slide p\r\n\t{\r\n\t\tfont-size:11px;\r\n\t\tline-height:12px;\r\n\t}\r\n}\r\n<\/style>\r\n<script type=\"text\/javascript\">\r\n\t\tjQuery(document).ready(function($){\r\n\t\t\t$('#advpsslideshow_1').bxSlider({\r\n\t\t\t\tuseCSS:1,\r\n\t\t\t\tslideMargin: 0,\r\n\t\t\t\tspeed: 2000,\t\t\t\t\r\n\t\t\t\t\t\t\t\tmode: 'fade',\r\n\t\t\t\t\t\t\t\t\t\t\t\tauto: 1,\r\n\t\t\t\tautoHover: 1,\r\n\t\t\t\tpause: 10000,\r\n\t\t\t\teasing: 'linear',\r\n\t\t\t\tcontrols: 0,\r\n\t\t\t\tpager: 1,\r\n  \t\t\t\tautoControls: 0\t\t\t\t\t\t\t});\r\n\t\t\t\t\t\t\t$(\"#advpsslideshow_1 .advs-title a\").hover(function(){\r\n\t\t\t\t\t$(this).css('color','#5e5e5e');\r\n\t\t\t\t},function(){\r\n\t\t\t\t\t$(this).css('color','#ff7c00');\r\n\t\t\t\t});\r\n\t\t\t\t\t\t$(\"#advpsslideshow_1 .advps-slide\").hover(function(){\r\n\t\t\t\t  \t\t\t},function(){\r\n\t\t\t\t\t\t\t});\r\n\t\t});\r\n\t<\/script>\r\n<div id=\"advps_container1\" class=\"advps-slide-container\" style=\"overflow:hidden;max-width:1000px;\">\r\n \r\n  <div id=\"advpsslideshow_1\">\r\n        <div class=\"advps-slide\">\r\n\t<a target=\"_blank\" href=\"https:\/\/beispiellink.com\" >      <img loading=\"lazy\" decoding=\"async\" width=\"1280\" height=\"457\" src=\"https:\/\/weltlaeden.de\/die-kokosnuss\/wp-content\/uploads\/sites\/231\/2017\/04\/chocolate-2224998_1280-e1492960711540.jpg\" class=\"attachment-full size-full wp-post-image\" alt=\"\" srcset=\"https:\/\/weltlaeden.de\/die-kokosnuss\/wp-content\/uploads\/sites\/231\/2017\/04\/chocolate-2224998_1280-e1492960711540.jpg 1280w, https:\/\/weltlaeden.de\/die-kokosnuss\/wp-content\/uploads\/sites\/231\/2017\/04\/chocolate-2224998_1280-e1492960711540-300x107.jpg 300w, https:\/\/weltlaeden.de\/die-kokosnuss\/wp-content\/uploads\/sites\/231\/2017\/04\/chocolate-2224998_1280-e1492960711540-768x274.jpg 768w, https:\/\/weltlaeden.de\/die-kokosnuss\/wp-content\/uploads\/sites\/231\/2017\/04\/chocolate-2224998_1280-e1492960711540-1024x366.jpg 1024w\" sizes=\"auto, (max-width: 1280px) 100vw, 1280px\" \/>      <\/a>       \r\n      <div class=\"advps-excerpt-one\" style=\"width:27%;height:100%;top:0; right:0;\">\r\n      \t<div class=\"advps-overlay-one\" style=\"background-color:#ffffff; -moz-opacity:0.97;filter:alpha(opacity=97);opacity:0.97;\"><\/div>\r\n        <div class=\"advps-excerpt-block-one\" style=\"text-align:left;color:#383838;-moz-opacity:1;filter:alpha(opacity=100);opacity:1;\">        \r\n        <h2 class=\"advs-title\" style=\"margin:5px 0px 10px 0px;color:#ff7c00\"><a target=\"_blank\" href=\"https:\/\/beispiellink.com\" style=\"margin:5px 0px 10px 0px;color:#ff7c00\" >Produkt des Monats: Juni<\/a><\/h2>\r\n          \r\n            <p>Schokolade! Immer lecker, nie verkehrt: Schoki!<\/p>\n        <\/div>\r\n      <\/div>\r\n    <\/div>\r\n      <\/div>\r\n  <\/div><!-- end advps-slide-container -->\r\n<!-- \/ Advanced post slider a multipurpose responsive slideshow plugin -->\r\n[\/vc_column][\/vc_row][vc_row][vc_column][vc_column_text]<\/p>\n<h2>Neuigkeiten<\/h2>\n<p>[\/vc_column_text]<section class=\"items-grid wf-container\"><div class=\"wf-cell wf-1-2\"><article class=\"post-format-standard\"><div class=\"mini-post-img\"><a class=\"alignleft post-rollover no-avatar\" href=\"https:\/\/weltlaeden.de\/die-kokosnuss\/25jahre-weltladen-die-kokosnuss\/\"  style=\"width:60px; height: 60px;\" aria-label=\"Post image\"><\/a><\/div><div class=\"post-content\"><a href=\"https:\/\/weltlaeden.de\/die-kokosnuss\/25jahre-weltladen-die-kokosnuss\/\">25Jahre Weltladen Die Kokosnuss<\/a><br \/><time class=\"text-secondary\" datetime=\"2025-09-11T10:32:18+02:00\">11. September 2025<\/time><\/div><\/article><\/div><\/section><a href=\"?pagename=neuigkeiten\" class=\"btn-shortcode dt-btn-s dt-btn default-btn-color default-btn-hover-color default-btn-bg-color default-btn-bg-hover-color\" target=\"_blank\" id=\"dt-btn-1\" rel=\"noopener\"><span>Alle Neuigkeiten<\/span><\/a>[\/vc_column][\/vc_row]<\/p>\n<\/div>","protected":false},"excerpt":{"rendered":"<p>[vc_row][vc_column][vc_empty_space height=&#8220;20px&#8220;][\/vc_column][\/vc_row][vc_row][vc_column][vc_column_text css=&#8220;&#8220;] Willkommen im Weltladen Altdorf &#8211; Die Kokosnuss [\/vc_column_text][vc_column_text css=&#8220;&#8220;]Willkommen auf der Website des Weltladen Altdorf &#8211; Die Kokosnuss![\/vc_column_text][vc_empty_space height=&#8220;30px&#8220;][\/vc_column][\/vc_row][vc_row][vc_column][vc_column_text] Was Sie auf&hellip;<\/p>\n","protected":false},"author":1,"featured_media":0,"parent":0,"menu_order":0,"comment_status":"closed","ping_status":"closed","template":"","meta":{"footnotes":""},"class_list":["post-20","page","type-page","status-publish","hentry","description-off"],"yoast_head":"<!-- This site is optimized with the Yoast SEO plugin v26.8 - https:\/\/yoast.com\/product\/yoast-seo-wordpress\/ -->\n<title>Weltladen Altdorf - Die Kokosnuss - Weltladen &quot;Die Kokosnuss&quot;<\/title>\n<meta name=\"robots\" content=\"index, follow, max-snippet:-1, max-image-preview:large, max-video-preview:-1\" \/>\n<link rel=\"canonical\" href=\"https:\/\/weltlaeden.de\/die-kokosnuss\/\" \/>\n<meta property=\"og:locale\" content=\"de_DE\" \/>\n<meta property=\"og:type\" content=\"article\" \/>\n<meta property=\"og:title\" content=\"Weltladen Altdorf - Die Kokosnuss - Weltladen &quot;Die Kokosnuss&quot;\" \/>\n<meta property=\"og:description\" content=\"[vc_row][vc_column][vc_empty_space height=&#8220;20px&#8220;][\/vc_column][\/vc_row][vc_row][vc_column][vc_column_text css=&#8220;&#8220;] Willkommen im Weltladen Altdorf &#8211; Die Kokosnuss [\/vc_column_text][vc_column_text css=&#8220;&#8220;]Willkommen auf der Website des Weltladen Altdorf &#8211; Die Kokosnuss![\/vc_column_text][vc_empty_space height=&#8220;30px&#8220;][\/vc_column][\/vc_row][vc_row][vc_column][vc_column_text] Was Sie auf&hellip;\" \/>\n<meta property=\"og:url\" content=\"https:\/\/weltlaeden.de\/die-kokosnuss\/\" \/>\n<meta property=\"og:site_name\" content=\"Weltladen &quot;Die Kokosnuss&quot;\" \/>\n<meta property=\"article:modified_time\" content=\"2025-07-15T07:26:33+00:00\" \/>\n<meta property=\"og:image\" content=\"https:\/\/weltlaeden.de\/die-kokosnuss\/wp-content\/uploads\/sites\/231\/2025\/06\/482242742_1161884172297362_2274012995956356327_n.jpg\" \/>\n\t<meta property=\"og:image:width\" content=\"2048\" \/>\n\t<meta property=\"og:image:height\" content=\"1365\" \/>\n\t<meta property=\"og:image:type\" content=\"image\/jpeg\" \/>\n<meta name=\"twitter:card\" content=\"summary_large_image\" \/>\n<meta name=\"twitter:label1\" content=\"Gesch\u00e4tzte Lesezeit\" \/>\n\t<meta name=\"twitter:data1\" content=\"2\u00a0Minuten\" \/>\n<script type=\"application\/ld+json\" class=\"yoast-schema-graph\">{\"@context\":\"https:\/\/schema.org\",\"@graph\":[{\"@type\":\"WebPage\",\"@id\":\"https:\/\/weltlaeden.de\/die-kokosnuss\/\",\"url\":\"https:\/\/weltlaeden.de\/die-kokosnuss\/\",\"name\":\"Weltladen Altdorf - Die Kokosnuss - Weltladen &quot;Die Kokosnuss&quot;\",\"isPartOf\":{\"@id\":\"https:\/\/weltlaeden.de\/die-kokosnuss\/#website\"},\"primaryImageOfPage\":{\"@id\":\"https:\/\/weltlaeden.de\/die-kokosnuss\/#primaryimage\"},\"image\":{\"@id\":\"https:\/\/weltlaeden.de\/die-kokosnuss\/#primaryimage\"},\"thumbnailUrl\":\"https:\/\/weltlaeden.de\/die-kokosnuss\/wp-content\/uploads\/sites\/231\/2025\/06\/482242742_1161884172297362_2274012995956356327_n-300x200.jpg\",\"datePublished\":\"2016-10-14T07:05:21+00:00\",\"dateModified\":\"2025-07-15T07:26:33+00:00\",\"breadcrumb\":{\"@id\":\"https:\/\/weltlaeden.de\/die-kokosnuss\/#breadcrumb\"},\"inLanguage\":\"de\",\"potentialAction\":[{\"@type\":\"ReadAction\",\"target\":[\"https:\/\/weltlaeden.de\/die-kokosnuss\/\"]}]},{\"@type\":\"ImageObject\",\"inLanguage\":\"de\",\"@id\":\"https:\/\/weltlaeden.de\/die-kokosnuss\/#primaryimage\",\"url\":\"https:\/\/weltlaeden.de\/die-kokosnuss\/wp-content\/uploads\/sites\/231\/2025\/06\/482242742_1161884172297362_2274012995956356327_n.jpg\",\"contentUrl\":\"https:\/\/weltlaeden.de\/die-kokosnuss\/wp-content\/uploads\/sites\/231\/2025\/06\/482242742_1161884172297362_2274012995956356327_n.jpg\",\"width\":2048,\"height\":1365},{\"@type\":\"BreadcrumbList\",\"@id\":\"https:\/\/weltlaeden.de\/die-kokosnuss\/#breadcrumb\",\"itemListElement\":[{\"@type\":\"ListItem\",\"position\":1,\"name\":\"Startseite\",\"item\":\"https:\/\/weltlaeden.de\/die-kokosnuss\/\"},{\"@type\":\"ListItem\",\"position\":2,\"name\":\"Weltladen Altdorf &#8211; Die Kokosnuss\"}]},{\"@type\":\"WebSite\",\"@id\":\"https:\/\/weltlaeden.de\/die-kokosnuss\/#website\",\"url\":\"https:\/\/weltlaeden.de\/die-kokosnuss\/\",\"name\":\"Weltladen &quot;Die Kokosnuss&quot;\",\"description\":\"Faire Produkte seit 1990\",\"potentialAction\":[{\"@type\":\"SearchAction\",\"target\":{\"@type\":\"EntryPoint\",\"urlTemplate\":\"https:\/\/weltlaeden.de\/die-kokosnuss\/?s={search_term_string}\"},\"query-input\":{\"@type\":\"PropertyValueSpecification\",\"valueRequired\":true,\"valueName\":\"search_term_string\"}}],\"inLanguage\":\"de\"}]}<\/script>\n<!-- \/ Yoast SEO plugin. -->","yoast_head_json":{"title":"Weltladen Altdorf - Die Kokosnuss - Weltladen &quot;Die Kokosnuss&quot;","robots":{"index":"index","follow":"follow","max-snippet":"max-snippet:-1","max-image-preview":"max-image-preview:large","max-video-preview":"max-video-preview:-1"},"canonical":"https:\/\/weltlaeden.de\/die-kokosnuss\/","og_locale":"de_DE","og_type":"article","og_title":"Weltladen Altdorf - Die Kokosnuss - Weltladen &quot;Die Kokosnuss&quot;","og_description":"[vc_row][vc_column][vc_empty_space height=&#8220;20px&#8220;][\/vc_column][\/vc_row][vc_row][vc_column][vc_column_text css=&#8220;&#8220;] Willkommen im Weltladen Altdorf &#8211; Die Kokosnuss [\/vc_column_text][vc_column_text css=&#8220;&#8220;]Willkommen auf der Website des Weltladen Altdorf &#8211; Die Kokosnuss![\/vc_column_text][vc_empty_space height=&#8220;30px&#8220;][\/vc_column][\/vc_row][vc_row][vc_column][vc_column_text] Was Sie auf&hellip;","og_url":"https:\/\/weltlaeden.de\/die-kokosnuss\/","og_site_name":"Weltladen &quot;Die Kokosnuss&quot;","article_modified_time":"2025-07-15T07:26:33+00:00","og_image":[{"width":2048,"height":1365,"url":"https:\/\/weltlaeden.de\/die-kokosnuss\/wp-content\/uploads\/sites\/231\/2025\/06\/482242742_1161884172297362_2274012995956356327_n.jpg","type":"image\/jpeg"}],"twitter_card":"summary_large_image","twitter_misc":{"Gesch\u00e4tzte Lesezeit":"2\u00a0Minuten"},"schema":{"@context":"https:\/\/schema.org","@graph":[{"@type":"WebPage","@id":"https:\/\/weltlaeden.de\/die-kokosnuss\/","url":"https:\/\/weltlaeden.de\/die-kokosnuss\/","name":"Weltladen Altdorf - Die Kokosnuss - Weltladen &quot;Die Kokosnuss&quot;","isPartOf":{"@id":"https:\/\/weltlaeden.de\/die-kokosnuss\/#website"},"primaryImageOfPage":{"@id":"https:\/\/weltlaeden.de\/die-kokosnuss\/#primaryimage"},"image":{"@id":"https:\/\/weltlaeden.de\/die-kokosnuss\/#primaryimage"},"thumbnailUrl":"https:\/\/weltlaeden.de\/die-kokosnuss\/wp-content\/uploads\/sites\/231\/2025\/06\/482242742_1161884172297362_2274012995956356327_n-300x200.jpg","datePublished":"2016-10-14T07:05:21+00:00","dateModified":"2025-07-15T07:26:33+00:00","breadcrumb":{"@id":"https:\/\/weltlaeden.de\/die-kokosnuss\/#breadcrumb"},"inLanguage":"de","potentialAction":[{"@type":"ReadAction","target":["https:\/\/weltlaeden.de\/die-kokosnuss\/"]}]},{"@type":"ImageObject","inLanguage":"de","@id":"https:\/\/weltlaeden.de\/die-kokosnuss\/#primaryimage","url":"https:\/\/weltlaeden.de\/die-kokosnuss\/wp-content\/uploads\/sites\/231\/2025\/06\/482242742_1161884172297362_2274012995956356327_n.jpg","contentUrl":"https:\/\/weltlaeden.de\/die-kokosnuss\/wp-content\/uploads\/sites\/231\/2025\/06\/482242742_1161884172297362_2274012995956356327_n.jpg","width":2048,"height":1365},{"@type":"BreadcrumbList","@id":"https:\/\/weltlaeden.de\/die-kokosnuss\/#breadcrumb","itemListElement":[{"@type":"ListItem","position":1,"name":"Startseite","item":"https:\/\/weltlaeden.de\/die-kokosnuss\/"},{"@type":"ListItem","position":2,"name":"Weltladen Altdorf &#8211; Die Kokosnuss"}]},{"@type":"WebSite","@id":"https:\/\/weltlaeden.de\/die-kokosnuss\/#website","url":"https:\/\/weltlaeden.de\/die-kokosnuss\/","name":"Weltladen &quot;Die Kokosnuss&quot;","description":"Faire Produkte seit 1990","potentialAction":[{"@type":"SearchAction","target":{"@type":"EntryPoint","urlTemplate":"https:\/\/weltlaeden.de\/die-kokosnuss\/?s={search_term_string}"},"query-input":{"@type":"PropertyValueSpecification","valueRequired":true,"valueName":"search_term_string"}}],"inLanguage":"de"}]}},"_links":{"self":[{"href":"https:\/\/weltlaeden.de\/die-kokosnuss\/wp-json\/wp\/v2\/pages\/20","targetHints":{"allow":["GET"]}}],"collection":[{"href":"https:\/\/weltlaeden.de\/die-kokosnuss\/wp-json\/wp\/v2\/pages"}],"about":[{"href":"https:\/\/weltlaeden.de\/die-kokosnuss\/wp-json\/wp\/v2\/types\/page"}],"author":[{"embeddable":true,"href":"https:\/\/weltlaeden.de\/die-kokosnuss\/wp-json\/wp\/v2\/users\/1"}],"replies":[{"embeddable":true,"href":"https:\/\/weltlaeden.de\/die-kokosnuss\/wp-json\/wp\/v2\/comments?post=20"}],"version-history":[{"count":46,"href":"https:\/\/weltlaeden.de\/die-kokosnuss\/wp-json\/wp\/v2\/pages\/20\/revisions"}],"predecessor-version":[{"id":699,"href":"https:\/\/weltlaeden.de\/die-kokosnuss\/wp-json\/wp\/v2\/pages\/20\/revisions\/699"}],"wp:attachment":[{"href":"https:\/\/weltlaeden.de\/die-kokosnuss\/wp-json\/wp\/v2\/media?parent=20"}],"curies":[{"name":"wp","href":"https:\/\/api.w.org\/{rel}","templated":true}]}}