{"id":632,"date":"2022-04-03T20:34:02","date_gmt":"2022-04-03T18:34:02","guid":{"rendered":"https:\/\/weltlaeden.de\/buehl\/weltladen-buehl-2\/"},"modified":"2025-01-26T22:35:05","modified_gmt":"2025-01-26T21:35:05","slug":"weltladen-buehl-2","status":"publish","type":"page","link":"https:\/\/weltlaeden.de\/buehl\/weltladen-buehl-2\/","title":{"rendered":"Weltladen B\u00fchl"},"content":{"rendered":"<div class=\"wpb-content-wrapper\"><p>[vc_row][vc_column]<div class=\"wl_einzelbild\"><p><img loading=\"lazy\" decoding=\"async\" class=\"wp-image-569 aligncenter\" src=\"https:\/\/weltlaeden.de\/buehl\/wp-content\/uploads\/sites\/177\/2022\/02\/P1080211-300x169.jpg\" alt=\"\" width=\"603\" height=\"340\" srcset=\"https:\/\/weltlaeden.de\/buehl\/wp-content\/uploads\/sites\/177\/2022\/02\/P1080211-300x169.jpg 300w, https:\/\/weltlaeden.de\/buehl\/wp-content\/uploads\/sites\/177\/2022\/02\/P1080211-1024x576.jpg 1024w, https:\/\/weltlaeden.de\/buehl\/wp-content\/uploads\/sites\/177\/2022\/02\/P1080211-768x432.jpg 768w, https:\/\/weltlaeden.de\/buehl\/wp-content\/uploads\/sites\/177\/2022\/02\/P1080211-1536x865.jpg 1536w, https:\/\/weltlaeden.de\/buehl\/wp-content\/uploads\/sites\/177\/2022\/02\/P1080211-2048x1153.jpg 2048w, https:\/\/weltlaeden.de\/buehl\/wp-content\/uploads\/sites\/177\/2022\/02\/P1080211-scaled.jpg 1920w\" sizes=\"auto, (max-width: 603px) 100vw, 603px\" \/><\/p><\/div>[vc_empty_space height=&#8220;20px&#8220;][\/vc_column][\/vc_row][vc_row][vc_column][vc_column_text]<\/p>\n<h1 style=\"text-align: left\">Willkommen im Treffpunkt Weltladen B\u00fchl<\/h1>\n<p>[\/vc_column_text][vc_column_text]Der Weltladen B\u00fchl ist ein Fachgesch\u00e4ft f\u00fcr Fairen Handel. Sie finden bei uns hochwertige Lebensmittel wie Kaffee, Tee, Kakao, Schokolade, Zucker, Honig, S\u00e4fte, aber auch attraktive Handwerksprodukte wie Textilien, Schmuck, Holzartikel, Windlichter, K\u00f6rbe, moderne Taschen und Lederwaren. Der \u00fcberwiegende Teil der\u00a0 Lebensmittel stammt aus kontrolliert biologischem\u00a0 Anbau.<\/p>\n<p>Wir beziehen unsere Produkte \u00fcber spezielle Fairtrade-Importorganisationen, die sich verpflichtet haben, \u00fcber die Produktionsbedingungen umfassend zu informieren sowie ihre Handelswege und Preisgestaltung offenzulegen.[\/vc_column_text][vc_empty_space height=&#8220;30px&#8220;][\/vc_column][\/vc_row][vc_row][vc_column][vc_column_text css=&#8220;&#8220;]<\/p>\n<h1>Was Sie noch wissen sollten:<\/h1>\n<p>[\/vc_column_text][vc_empty_space height=&#8220;20px&#8220;][vc_row_inner][vc_column_inner width=&#8220;1\/4&#8243;]<div class=\"wl_einzelbild\"><p><img loading=\"lazy\" decoding=\"async\" class=\"alignleft size-full wp-image-nsm-3-28\" src=\"https:\/\/weltlaeden.de\/vorlage\/wp-content\/uploads\/sites\/3\/2018\/05\/Lebensmittel_WL-Bornheim-Christian-Schilling_150x150.jpg\" alt=\"\" width=\"150\" height=\"150\" \/><\/p><\/div>[\/vc_column_inner][vc_column_inner width=&#8220;3\/4&#8243;][vc_column_text]<\/p>\n<h3>Produkte<\/h3>\n<p>Unsere Produkte kommen aus zahlreichen L\u00e4ndern rund um den Globus. Sie stammen alle aus fairem Handel, das hei\u00dft, sie werden unter menschenw\u00fcrdigen Bedingungen hergestellt und zu Preisen gehandelt, die ihren Erzeugerinnen und Erzeugern \u2013 \u00fcberwiegend Kleinbauern und Genossenschaften \u2013 eine eigenst\u00e4ndige Existenz erm\u00f6glichen. Im Vordergrund steht dabei eine sozial verantwortliche und nachhaltige Produktion ohne ausbeuterische Kinderarbeit. Wir informieren sowohl im Weltladen als auch bei Veranstaltungen \u00fcber die Herkunft unserer Produkte und die Lebensbedingungen der Menschen, die sie produzieren.<\/p>\n<p>Mit dem Gewinn des ehrenamtlich gef\u00fchrten Ladens, Spenden und den Mitgliedsbeitr\u00e4gen des Tr\u00e4gervereins unterst\u00fctzen wir jedes Jahr weltweit Projekte der Entwicklungszusammenarbeit. Zu allen Projekten besteht ein pers\u00f6nlicher Kontakt.[\/vc_column_text][\/vc_column_inner][\/vc_row_inner][vc_separator][vc_row_inner][vc_column_inner width=&#8220;1\/4&#8243;]<div class=\"wl_einzelbild\"><p><img loading=\"lazy\" decoding=\"async\" class=\"alignnone size-medium wp-image-572\" src=\"https:\/\/weltlaeden.de\/buehl\/wp-content\/uploads\/sites\/177\/2022\/02\/Fair-Tradestadt-300x230.jpg\" alt=\"\" width=\"300\" height=\"230\" srcset=\"https:\/\/weltlaeden.de\/buehl\/wp-content\/uploads\/sites\/177\/2022\/02\/Fair-Tradestadt-300x230.jpg 300w, https:\/\/weltlaeden.de\/buehl\/wp-content\/uploads\/sites\/177\/2022\/02\/Fair-Tradestadt-1024x785.jpg 1024w, https:\/\/weltlaeden.de\/buehl\/wp-content\/uploads\/sites\/177\/2022\/02\/Fair-Tradestadt-768x589.jpg 768w, https:\/\/weltlaeden.de\/buehl\/wp-content\/uploads\/sites\/177\/2022\/02\/Fair-Tradestadt.jpg 1197w\" sizes=\"auto, (max-width: 300px) 100vw, 300px\" \/><\/p><\/div>[\/vc_column_inner][vc_column_inner width=&#8220;3\/4&#8243;][vc_column_text]<\/p>\n<h3>Fairtrade-Stadt B\u00fchl<\/h3>\n<p>Im Fr\u00fchjahr 2019 wurde B\u00fchl im Rahmen der internationalen Kampagne \u201eFairtrade-Towns\u201c als Stadt des Fairen Handels ausgezeichnet. Der gemeinn\u00fctzige Verein TransFair, Verein zur F\u00f6rderung des fairen Handels in der Einen Welt, sah in der Bewerbung der Stadt alle Kriterien, die f\u00fcr die Zertifizierung notwendig sind, als erf\u00fcllt an. Erm\u00f6glicht haben dies eine Steuerungsgruppe, ein Beschluss des Gemeinderates, einige Einzelh\u00e4ndler, der Weltladen, die Bachschlossschule als Fairtrade-School, Vereine und die Kirchengemeinden, die sich teils seit einigen Jahrzehnten f\u00fcr die Eine Welt einsetzen.<\/p>\n<p>In den genannten Organisationen und Gruppen sowie auch in der Stadtverwaltung werden fair gehandelte Waren angeboten und konsumiert. Der mit dem GEPA-Siegel anerkannte Pidecaf\u00e9 \u00d6ko wurde zum \u201eB\u00fchler Stadtkaffee\u201c ernannt. Er wird unter anderem im B\u00fcrgeramt verkauft. Von TransFair gew\u00fcnscht war auch die Beteiligung lokaler Einzelhandelsgesch\u00e4fte sowie Caf\u00e9s und Restaurants, die Fairtrade-Produkte mit dem entsprechenden Siegel anbieten. Das Ziel der Stadtverwaltung und der Steuerungsgruppe ist es, das bestehende Angebot weiter auszubauen.<\/p>\n<p>Informationen zur Fairtrade-Stadt B\u00fchl:<\/p>\n<p>Martin Andreas<\/p>\n<p>Leitung des Referats Klima und Umwelt \/ Klimaschutzmanager<\/p>\n<p>Telefon: 07223\u00a0 935-318<\/p>\n<p>E-Mail: m.andreas.stadt@buehl.de<\/p>\n<p><a href=\"http:\/\/www.buehl.de\/fairtrade\">www.buehl.de\/fairtrade<\/a>[\/vc_column_text][\/vc_column_inner][\/vc_row_inner][vc_separator][vc_row_inner][vc_column_inner width=&#8220;1\/4&#8243;]<div class=\"wl_einzelbild\"><p><img loading=\"lazy\" decoding=\"async\" class=\"size-thumbnail wp-image-448 alignleft\" src=\"https:\/\/weltlaeden.de\/buehl\/wp-content\/uploads\/sites\/177\/2019\/04\/board-game-challenge-chess-209728_1200x519-150x150.png\" alt=\"\" width=\"150\" height=\"150\" \/><\/p><\/div>[\/vc_column_inner][vc_column_inner width=&#8220;3\/4&#8243;][vc_column_text]<\/p>\n<h3>Engagieren<\/h3>\n<p>Wollen auch Sie durch den Kauf fair gehandelter Produkte in Ihrem Einkaufskorb f\u00fcr eine bessere Welt streiten? Wollen auch Sie nicht mehr l\u00e4nger zuschauen, dass so viele Lebenschancen auf unserer Erde ungerecht verteilt sind? Dann sind Sie bei uns genau richtig.<\/p>\n<p>Machen Sie im Ladenteam des Weltladens mit und helfen Sie stundenweise beim Verkauf der Produkte.<\/p>\n<p>Werden Sie Mitglied im Tr\u00e4gerverein des Weltladens, dem gemeinn\u00fctzigen Verein \u201eTreffpunkt Weltladen B\u00fchl e.V.\u201c und unterst\u00fctzen Sie unsere Arbeit mit Ihrem Mitgliedsbeitrag und\/oder einer Spende. Wir freuen uns auf Ihre Unterst\u00fctzung.[\/vc_column_text][\/vc_column_inner][\/vc_row_inner][vc_separator][vc_row_inner][vc_column_inner width=&#8220;3\/4&#8243;][vc_column_text]..[\/vc_column_text][\/vc_column_inner][\/vc_row_inner][vc_separator][vc_empty_space][\/vc_column][\/vc_row][vc_row][vc_column][vc_column_text]<\/p>\n<h2>Produkte des Monats<\/h2>\n<p>[\/vc_column_text]<!-- This slideshow output is generated with Advanced post slider a multipurpose responsive WordPress slideshow plugin - http:\/\/www.wpcue.com\/wordpress-plugins\/advanced-post-slider\/ -->\r\n<style>\r\n#advps_container1 .bx-wrapper .bx-viewport {\r\n\t\tbackground:#ffffff;\r\n}\r\n#advps_container1 .bx-wrapper .bx-pager{\r\n\ttext-align: right;\r\n\tpadding-right:5px;\r\n}\r\n#advps_container1 .bx-wrapper .bx-pager\r\n{\r\n\tbottom:-35px;\r\n\tz-index:999;\r\n}\r\n#advps_container1 .bx-wrapper .bx-controls-auto\r\n{\r\n\tbottom:6px;\r\n}\r\n#advps_container1 .bx-wrapper .bx-controls.bx-has-controls-auto.bx-has-pager .bx-pager {\r\n\ttext-align: right;\r\n}\r\n#advps_container1 .bx-wrapper .bx-controls-auto {\r\n\tz-index:99999;\r\n\ttext-align:center;width:100%;}\r\n\r\n#advps_container1 .bx-wrapper .bx-pager.bx-default-pager a {\r\n\tbackground: #666;\r\n\ttext-indent: -9999px;\r\n\tdisplay: block;\r\n\twidth: 10px;\r\n\theight: 10px;\r\n\tmargin: 0 5px;\r\n\toutline: 0;\r\n\t-moz-border-radius: 5px;\r\n\t-webkit-border-radius: 5px;\r\n\tborder-radius: 5px;\r\n\ttext-align:left;\r\n}\r\n#advps_container1 .bx-wrapper .bx-pager.bx-default-pager a:hover,\r\n#advps_container1 .bx-wrapper .bx-pager.bx-default-pager a.active {\r\n\tbackground: #000;\r\n}\r\n\r\n\/* thumbnail pager*\/\r\n#advps_container1 #bx-pager\r\n{\r\n\twidth:100%;\r\n\tposition:absolute;\r\n\tbottom:-35px;\r\n    text-align: right;\r\n\tz-index: 9999;\r\n}\r\n#advps_container1 #bx-pager a img\r\n{\r\n\tborder: 1px solid #CCCCCC;\r\n    padding: 3px;\r\n}\r\n#advps_container1 #bx-pager a:hover img, #advps_container1 #bx-pager a.active img\r\n{\r\n\tborder: 1px solid #666666;\r\n}\r\n\/* medai queries *\/\r\n#advps_container1 .advs-title,#advps_container1 .advs-title a\r\n{\r\n\tfont-size:20px;\r\n\tline-height:26px;\r\n}\r\n#advps_container1 .advps-slide p\r\n{\r\n\tfont-size:15px;\r\n\tline-height:22px;\r\n}\r\n@media screen and (max-width: 1024px){\r\n\t#advps_container1 .advs-title,#advps_container1 .advs-title a\r\n\t{\r\n\t\tfont-size:16px;\r\n\t\tline-height:26px;\r\n\t}\r\n\t#advps_container1 .advps-slide p\r\n\t{\r\n\t\tfont-size:15px;\r\n\t\tline-height:22px;\r\n\t}\r\n}\r\n@media screen and (max-width: 768px){\r\n\t#advps_container1 h2.advs-title, #advps_container1 h2.advs-title a\r\n\t{\r\n\t\tfont-size:16px;\r\n\t\tline-height:20px;\r\n\t}\r\n\t#advps_container1 .advps-slide p\r\n\t{\r\n\t\tfont-size:14px;\r\n\t\tline-height:18px;\r\n\t}\r\n}\r\n@media screen and (max-width: 650px){\r\n\t#advps_container1 h2.advs-title, #advps_container1 h2.advs-title a\r\n\t{\r\n\t\tfont-size:15px;\r\n\t\tline-height:18px;\r\n\t}\r\n\t#advps_container1 .advps-slide p\r\n\t{\r\n\t\tfont-size:13px;\r\n\t\tline-height:15px;\r\n\t}\r\n}\r\n@media screen and (max-width: 480px){\r\n\t#advps_container1 h2.advs-title, #advps_container1 h2.advs-title a\r\n\t{\r\n\t\tfont-size:13px;\r\n\t\tline-height:14px;\r\n\t}\r\n\t#advps_container1 .advps-slide p\r\n\t{\r\n\t\tfont-size:12px;\r\n\t\tline-height:13px;\r\n\t}\r\n}\r\n@media screen and (max-width: 320px){\r\n\t#advps_container1 h2.advs-title, #advps_container1 h2.advs-title a\r\n\t{\r\n\t\tfont-size:12px;\r\n\t\tline-height:13px;\r\n\t}\r\n\t#advps_container1 .advps-slide p\r\n\t{\r\n\t\tfont-size:11px;\r\n\t\tline-height:12px;\r\n\t}\r\n}\r\n<\/style>\r\n<script type=\"text\/javascript\">\r\n\t\tjQuery(document).ready(function($){\r\n\t\t\t$('#advpsslideshow_1').bxSlider({\r\n\t\t\t\tuseCSS:1,\r\n\t\t\t\tslideMargin: 0,\r\n\t\t\t\tspeed: 2000,\t\t\t\t\r\n\t\t\t\t\t\t\t\tmode: 'fade',\r\n\t\t\t\t\t\t\t\t\t\t\t\tauto: 1,\r\n\t\t\t\tautoHover: 1,\r\n\t\t\t\tpause: 10000,\r\n\t\t\t\teasing: 'linear',\r\n\t\t\t\tcontrols: 0,\r\n\t\t\t\tpager: 1,\r\n  \t\t\t\tautoControls: 0\t\t\t\t\t\t\t});\r\n\t\t\t\t\t\t\t$(\"#advpsslideshow_1 .advs-title a\").hover(function(){\r\n\t\t\t\t\t$(this).css('color','#5e5e5e');\r\n\t\t\t\t},function(){\r\n\t\t\t\t\t$(this).css('color','#ff7c00');\r\n\t\t\t\t});\r\n\t\t\t\t\t\t$(\"#advpsslideshow_1 .advps-slide\").hover(function(){\r\n\t\t\t\t  \t\t\t},function(){\r\n\t\t\t\t\t\t\t});\r\n\t\t});\r\n\t<\/script>\r\n<div id=\"advps_container1\" class=\"advps-slide-container\" style=\"overflow:hidden;max-width:1000px;\">\r\n \r\n  <div id=\"advpsslideshow_1\">\r\n        <div class=\"advps-slide\">\r\n\t<a target=\"_blank\" href=\"https:\/\/weltladen.de\" >      <img loading=\"lazy\" decoding=\"async\" width=\"1280\" height=\"438\" src=\"https:\/\/weltlaeden.de\/buehl\/wp-content\/uploads\/sites\/177\/2017\/04\/clothes-1839935_1280-e1492960754277.jpg\" class=\"attachment-full size-full wp-post-image\" alt=\"\" srcset=\"https:\/\/weltlaeden.de\/buehl\/wp-content\/uploads\/sites\/177\/2017\/04\/clothes-1839935_1280-e1492960754277.jpg 1280w, https:\/\/weltlaeden.de\/buehl\/wp-content\/uploads\/sites\/177\/2017\/04\/clothes-1839935_1280-e1492960754277-300x103.jpg 300w, https:\/\/weltlaeden.de\/buehl\/wp-content\/uploads\/sites\/177\/2017\/04\/clothes-1839935_1280-e1492960754277-768x263.jpg 768w, https:\/\/weltlaeden.de\/buehl\/wp-content\/uploads\/sites\/177\/2017\/04\/clothes-1839935_1280-e1492960754277-1024x350.jpg 1024w\" sizes=\"auto, (max-width: 1280px) 100vw, 1280px\" \/>      <\/a>       \r\n      <div class=\"advps-excerpt-one\" style=\"width:27%;height:100%;top:0; right:0;\">\r\n      \t<div class=\"advps-overlay-one\" style=\"background-color:#ffffff; -moz-opacity:0.97;filter:alpha(opacity=97);opacity:0.97;\"><\/div>\r\n        <div class=\"advps-excerpt-block-one\" style=\"text-align:left;color:#383838;-moz-opacity:1;filter:alpha(opacity=100);opacity:1;\">        \r\n        <h2 class=\"advs-title\" style=\"margin:5px 0px 10px 0px;color:#ff7c00\"><a target=\"_blank\" href=\"https:\/\/weltladen.de\" style=\"margin:5px 0px 10px 0px;color:#ff7c00\" >Alle Textilien<\/a><\/h2>\r\n          \r\n            <p>Kommen Sie vorbei.<\/p>\n        <\/div>\r\n      <\/div>\r\n    <\/div>\r\n        <div class=\"advps-slide\">\r\n\t<a target=\"_blank\" href=\"https:\/\/beispiellink.com\" >      <img loading=\"lazy\" decoding=\"async\" width=\"1280\" height=\"457\" src=\"https:\/\/weltlaeden.de\/buehl\/wp-content\/uploads\/sites\/177\/2017\/04\/chocolate-2224998_1280-e1492960711540.jpg\" class=\"attachment-full size-full wp-post-image\" alt=\"\" srcset=\"https:\/\/weltlaeden.de\/buehl\/wp-content\/uploads\/sites\/177\/2017\/04\/chocolate-2224998_1280-e1492960711540.jpg 1280w, https:\/\/weltlaeden.de\/buehl\/wp-content\/uploads\/sites\/177\/2017\/04\/chocolate-2224998_1280-e1492960711540-300x107.jpg 300w, https:\/\/weltlaeden.de\/buehl\/wp-content\/uploads\/sites\/177\/2017\/04\/chocolate-2224998_1280-e1492960711540-768x274.jpg 768w, https:\/\/weltlaeden.de\/buehl\/wp-content\/uploads\/sites\/177\/2017\/04\/chocolate-2224998_1280-e1492960711540-1024x366.jpg 1024w\" sizes=\"auto, (max-width: 1280px) 100vw, 1280px\" \/>      <\/a>       \r\n      <div class=\"advps-excerpt-one\" style=\"width:27%;height:100%;top:0; right:0;\">\r\n      \t<div class=\"advps-overlay-one\" style=\"background-color:#ffffff; -moz-opacity:0.97;filter:alpha(opacity=97);opacity:0.97;\"><\/div>\r\n        <div class=\"advps-excerpt-block-one\" style=\"text-align:left;color:#383838;-moz-opacity:1;filter:alpha(opacity=100);opacity:1;\">        \r\n        <h2 class=\"advs-title\" style=\"margin:5px 0px 10px 0px;color:#ff7c00\"><a target=\"_blank\" href=\"https:\/\/beispiellink.com\" style=\"margin:5px 0px 10px 0px;color:#ff7c00\" >Produkt des Monats<\/a><\/h2>\r\n          \r\n            <p>Schokolade! Immer lecker, nie verkehrt: Schoki!<\/p>\n        <\/div>\r\n      <\/div>\r\n    <\/div>\r\n      <\/div>\r\n  <\/div><!-- end advps-slide-container -->\r\n<!-- \/ Advanced post slider a multipurpose responsive slideshow plugin -->\r\n[\/vc_column][\/vc_row][vc_row][vc_column][vc_column_text]<\/p>\n<h2>Neuigkeiten<\/h2>\n<p>[\/vc_column_text]<a href=\"?pagename=neuigkeiten\" class=\"btn-shortcode dt-btn-s dt-btn default-btn-color default-btn-hover-color default-btn-bg-color default-btn-bg-hover-color\" target=\"_blank\" id=\"dt-btn-1\" rel=\"noopener\"><span>Alle Neuigkeiten<\/span><\/a>[\/vc_column][\/vc_row]<\/p>\n<\/div>","protected":false},"excerpt":{"rendered":"<p>[vc_row][vc_column][vc_empty_space height=&#8220;20px&#8220;][\/vc_column][\/vc_row][vc_row][vc_column][vc_column_text] Willkommen im Treffpunkt Weltladen B\u00fchl [\/vc_column_text][vc_column_text]Der Weltladen B\u00fchl ist ein Fachgesch\u00e4ft f\u00fcr Fairen Handel. Sie finden bei uns hochwertige Lebensmittel wie Kaffee, Tee,&hellip;<\/p>\n","protected":false},"author":263,"featured_media":0,"parent":0,"menu_order":0,"comment_status":"closed","ping_status":"closed","template":"","meta":{"footnotes":""},"class_list":["post-632","page","type-page","status-publish","hentry","description-off"],"yoast_head":"<!-- This site is optimized with the Yoast SEO plugin v26.8 - https:\/\/yoast.com\/product\/yoast-seo-wordpress\/ -->\n<title>Weltladen B\u00fchl - Weltladen B\u00fchl<\/title>\n<meta name=\"robots\" content=\"index, follow, max-snippet:-1, max-image-preview:large, max-video-preview:-1\" \/>\n<link rel=\"canonical\" href=\"https:\/\/weltlaeden.de\/buehl\/weltladen-buehl-2\/\" \/>\n<meta property=\"og:locale\" content=\"de_DE\" \/>\n<meta property=\"og:type\" content=\"article\" \/>\n<meta property=\"og:title\" content=\"Weltladen B\u00fchl - Weltladen B\u00fchl\" \/>\n<meta property=\"og:description\" content=\"[vc_row][vc_column][vc_empty_space height=&#8220;20px&#8220;][\/vc_column][\/vc_row][vc_row][vc_column][vc_column_text] Willkommen im Treffpunkt Weltladen B\u00fchl [\/vc_column_text][vc_column_text]Der Weltladen B\u00fchl ist ein Fachgesch\u00e4ft f\u00fcr Fairen Handel. Sie finden bei uns hochwertige Lebensmittel wie Kaffee, Tee,&hellip;\" \/>\n<meta property=\"og:url\" content=\"https:\/\/weltlaeden.de\/buehl\/weltladen-buehl-2\/\" \/>\n<meta property=\"og:site_name\" content=\"Weltladen B\u00fchl\" \/>\n<meta property=\"article:modified_time\" content=\"2025-01-26T21:35:05+00:00\" \/>\n<meta property=\"og:image\" content=\"https:\/\/weltlaeden.de\/buehl\/wp-content\/uploads\/sites\/177\/2022\/02\/P1080211-scaled.jpg\" \/>\n\t<meta property=\"og:image:width\" content=\"1920\" \/>\n\t<meta property=\"og:image:height\" content=\"1081\" \/>\n\t<meta property=\"og:image:type\" content=\"image\/jpeg\" \/>\n<meta name=\"twitter:card\" content=\"summary_large_image\" \/>\n<meta name=\"twitter:label1\" content=\"Gesch\u00e4tzte Lesezeit\" \/>\n\t<meta name=\"twitter:data1\" content=\"4\u00a0Minuten\" \/>\n<script type=\"application\/ld+json\" class=\"yoast-schema-graph\">{\"@context\":\"https:\/\/schema.org\",\"@graph\":[{\"@type\":\"WebPage\",\"@id\":\"https:\/\/weltlaeden.de\/buehl\/weltladen-buehl-2\/\",\"url\":\"https:\/\/weltlaeden.de\/buehl\/weltladen-buehl-2\/\",\"name\":\"Weltladen B\u00fchl - Weltladen B\u00fchl\",\"isPartOf\":{\"@id\":\"https:\/\/weltlaeden.de\/buehl\/#website\"},\"primaryImageOfPage\":{\"@id\":\"https:\/\/weltlaeden.de\/buehl\/weltladen-buehl-2\/#primaryimage\"},\"image\":{\"@id\":\"https:\/\/weltlaeden.de\/buehl\/weltladen-buehl-2\/#primaryimage\"},\"thumbnailUrl\":\"https:\/\/weltlaeden.de\/buehl\/wp-content\/uploads\/sites\/177\/2022\/02\/P1080211-300x169.jpg\",\"datePublished\":\"2022-04-03T18:34:02+00:00\",\"dateModified\":\"2025-01-26T21:35:05+00:00\",\"breadcrumb\":{\"@id\":\"https:\/\/weltlaeden.de\/buehl\/weltladen-buehl-2\/#breadcrumb\"},\"inLanguage\":\"de\",\"potentialAction\":[{\"@type\":\"ReadAction\",\"target\":[\"https:\/\/weltlaeden.de\/buehl\/weltladen-buehl-2\/\"]}]},{\"@type\":\"ImageObject\",\"inLanguage\":\"de\",\"@id\":\"https:\/\/weltlaeden.de\/buehl\/weltladen-buehl-2\/#primaryimage\",\"url\":\"https:\/\/weltlaeden.de\/buehl\/wp-content\/uploads\/sites\/177\/2022\/02\/P1080211-scaled.jpg\",\"contentUrl\":\"https:\/\/weltlaeden.de\/buehl\/wp-content\/uploads\/sites\/177\/2022\/02\/P1080211-scaled.jpg\",\"width\":1920,\"height\":1081},{\"@type\":\"BreadcrumbList\",\"@id\":\"https:\/\/weltlaeden.de\/buehl\/weltladen-buehl-2\/#breadcrumb\",\"itemListElement\":[{\"@type\":\"ListItem\",\"position\":1,\"name\":\"Startseite\",\"item\":\"https:\/\/weltlaeden.de\/buehl\/\"},{\"@type\":\"ListItem\",\"position\":2,\"name\":\"Weltladen B\u00fchl\"}]},{\"@type\":\"WebSite\",\"@id\":\"https:\/\/weltlaeden.de\/buehl\/#website\",\"url\":\"https:\/\/weltlaeden.de\/buehl\/\",\"name\":\"Weltladen B\u00fchl\",\"description\":\"Faire Produkte seit 1990\",\"potentialAction\":[{\"@type\":\"SearchAction\",\"target\":{\"@type\":\"EntryPoint\",\"urlTemplate\":\"https:\/\/weltlaeden.de\/buehl\/?s={search_term_string}\"},\"query-input\":{\"@type\":\"PropertyValueSpecification\",\"valueRequired\":true,\"valueName\":\"search_term_string\"}}],\"inLanguage\":\"de\"}]}<\/script>\n<!-- \/ Yoast SEO plugin. -->","yoast_head_json":{"title":"Weltladen B\u00fchl - Weltladen B\u00fchl","robots":{"index":"index","follow":"follow","max-snippet":"max-snippet:-1","max-image-preview":"max-image-preview:large","max-video-preview":"max-video-preview:-1"},"canonical":"https:\/\/weltlaeden.de\/buehl\/weltladen-buehl-2\/","og_locale":"de_DE","og_type":"article","og_title":"Weltladen B\u00fchl - Weltladen B\u00fchl","og_description":"[vc_row][vc_column][vc_empty_space height=&#8220;20px&#8220;][\/vc_column][\/vc_row][vc_row][vc_column][vc_column_text] Willkommen im Treffpunkt Weltladen B\u00fchl [\/vc_column_text][vc_column_text]Der Weltladen B\u00fchl ist ein Fachgesch\u00e4ft f\u00fcr Fairen Handel. Sie finden bei uns hochwertige Lebensmittel wie Kaffee, Tee,&hellip;","og_url":"https:\/\/weltlaeden.de\/buehl\/weltladen-buehl-2\/","og_site_name":"Weltladen B\u00fchl","article_modified_time":"2025-01-26T21:35:05+00:00","og_image":[{"width":1920,"height":1081,"url":"https:\/\/weltlaeden.de\/buehl\/wp-content\/uploads\/sites\/177\/2022\/02\/P1080211-scaled.jpg","type":"image\/jpeg"}],"twitter_card":"summary_large_image","twitter_misc":{"Gesch\u00e4tzte Lesezeit":"4\u00a0Minuten"},"schema":{"@context":"https:\/\/schema.org","@graph":[{"@type":"WebPage","@id":"https:\/\/weltlaeden.de\/buehl\/weltladen-buehl-2\/","url":"https:\/\/weltlaeden.de\/buehl\/weltladen-buehl-2\/","name":"Weltladen B\u00fchl - Weltladen B\u00fchl","isPartOf":{"@id":"https:\/\/weltlaeden.de\/buehl\/#website"},"primaryImageOfPage":{"@id":"https:\/\/weltlaeden.de\/buehl\/weltladen-buehl-2\/#primaryimage"},"image":{"@id":"https:\/\/weltlaeden.de\/buehl\/weltladen-buehl-2\/#primaryimage"},"thumbnailUrl":"https:\/\/weltlaeden.de\/buehl\/wp-content\/uploads\/sites\/177\/2022\/02\/P1080211-300x169.jpg","datePublished":"2022-04-03T18:34:02+00:00","dateModified":"2025-01-26T21:35:05+00:00","breadcrumb":{"@id":"https:\/\/weltlaeden.de\/buehl\/weltladen-buehl-2\/#breadcrumb"},"inLanguage":"de","potentialAction":[{"@type":"ReadAction","target":["https:\/\/weltlaeden.de\/buehl\/weltladen-buehl-2\/"]}]},{"@type":"ImageObject","inLanguage":"de","@id":"https:\/\/weltlaeden.de\/buehl\/weltladen-buehl-2\/#primaryimage","url":"https:\/\/weltlaeden.de\/buehl\/wp-content\/uploads\/sites\/177\/2022\/02\/P1080211-scaled.jpg","contentUrl":"https:\/\/weltlaeden.de\/buehl\/wp-content\/uploads\/sites\/177\/2022\/02\/P1080211-scaled.jpg","width":1920,"height":1081},{"@type":"BreadcrumbList","@id":"https:\/\/weltlaeden.de\/buehl\/weltladen-buehl-2\/#breadcrumb","itemListElement":[{"@type":"ListItem","position":1,"name":"Startseite","item":"https:\/\/weltlaeden.de\/buehl\/"},{"@type":"ListItem","position":2,"name":"Weltladen B\u00fchl"}]},{"@type":"WebSite","@id":"https:\/\/weltlaeden.de\/buehl\/#website","url":"https:\/\/weltlaeden.de\/buehl\/","name":"Weltladen B\u00fchl","description":"Faire Produkte seit 1990","potentialAction":[{"@type":"SearchAction","target":{"@type":"EntryPoint","urlTemplate":"https:\/\/weltlaeden.de\/buehl\/?s={search_term_string}"},"query-input":{"@type":"PropertyValueSpecification","valueRequired":true,"valueName":"search_term_string"}}],"inLanguage":"de"}]}},"_links":{"self":[{"href":"https:\/\/weltlaeden.de\/buehl\/wp-json\/wp\/v2\/pages\/632","targetHints":{"allow":["GET"]}}],"collection":[{"href":"https:\/\/weltlaeden.de\/buehl\/wp-json\/wp\/v2\/pages"}],"about":[{"href":"https:\/\/weltlaeden.de\/buehl\/wp-json\/wp\/v2\/types\/page"}],"author":[{"embeddable":true,"href":"https:\/\/weltlaeden.de\/buehl\/wp-json\/wp\/v2\/users\/263"}],"replies":[{"embeddable":true,"href":"https:\/\/weltlaeden.de\/buehl\/wp-json\/wp\/v2\/comments?post=632"}],"version-history":[{"count":6,"href":"https:\/\/weltlaeden.de\/buehl\/wp-json\/wp\/v2\/pages\/632\/revisions"}],"predecessor-version":[{"id":801,"href":"https:\/\/weltlaeden.de\/buehl\/wp-json\/wp\/v2\/pages\/632\/revisions\/801"}],"wp:attachment":[{"href":"https:\/\/weltlaeden.de\/buehl\/wp-json\/wp\/v2\/media?parent=632"}],"curies":[{"name":"wp","href":"https:\/\/api.w.org\/{rel}","templated":true}]}}