{"id":361,"date":"2018-04-05T09:52:06","date_gmt":"2018-04-05T07:52:53","guid":{"rendered":"https:\/\/weltlaeden.de\/buehl\/?page_id=361"},"modified":"2025-07-30T23:17:57","modified_gmt":"2025-07-30T21:17:57","slug":"neuigkeiten","status":"publish","type":"page","link":"https:\/\/weltlaeden.de\/buehl\/neuigkeiten\/","title":{"rendered":"Neuigkeiten"},"content":{"rendered":"<div class=\"wpb-content-wrapper\"><p>[vc_row][vc_column][vc_column_text]<\/p>\n<h1>Neuigkeiten<\/h1>\n<p>[\/vc_column_text][\/vc_column][\/vc_row][vc_row type=&#8220;1&#8243;][vc_column][vc_column_text css=&#8220;&#8220;]<\/p>\n<h3>Der Acher B\u00fchler Bote vom 13.05.2025 berichtet \u00fcber den &#8222;Walk Talk&#8220; den die Steuerungsgrup-<\/h3>\n<h3>pe der Stadt B\u00fchl in Koopertion mit dem Verein &#8222;Treffpunkt Weltladen B\u00fchl&#8220; veranstaltet hat<\/h3>\n<h2><\/h2>\n<p>[\/vc_column_text][\/vc_column][\/vc_row][vc_row][vc_column]<div class=\"wl_einzelbild\"><p><img loading=\"lazy\" decoding=\"async\" class=\"alignnone wp-image-895\" src=\"https:\/\/weltlaeden.de\/buehl\/wp-content\/uploads\/sites\/177\/2025\/07\/IMG31_0001-300x24.jpg\" alt=\"\" width=\"1350\" height=\"108\" srcset=\"https:\/\/weltlaeden.de\/buehl\/wp-content\/uploads\/sites\/177\/2025\/07\/IMG31_0001-300x24.jpg 300w, https:\/\/weltlaeden.de\/buehl\/wp-content\/uploads\/sites\/177\/2025\/07\/IMG31_0001-1024x83.jpg 1024w, https:\/\/weltlaeden.de\/buehl\/wp-content\/uploads\/sites\/177\/2025\/07\/IMG31_0001-768x62.jpg 768w\" sizes=\"auto, (max-width: 1350px) 100vw, 1350px\" \/><\/p><\/div><div class=\"wl_einzelbild\"><p><img loading=\"lazy\" decoding=\"async\" class=\"alignnone wp-image-894\" src=\"https:\/\/weltlaeden.de\/buehl\/wp-content\/uploads\/sites\/177\/2025\/07\/IMG21-300x283.jpg\" alt=\"\" width=\"1203\" height=\"1135\" srcset=\"https:\/\/weltlaeden.de\/buehl\/wp-content\/uploads\/sites\/177\/2025\/07\/IMG21-300x283.jpg 300w, https:\/\/weltlaeden.de\/buehl\/wp-content\/uploads\/sites\/177\/2025\/07\/IMG21-1024x965.jpg 1024w, https:\/\/weltlaeden.de\/buehl\/wp-content\/uploads\/sites\/177\/2025\/07\/IMG21-768x724.jpg 768w, https:\/\/weltlaeden.de\/buehl\/wp-content\/uploads\/sites\/177\/2025\/07\/IMG21-1536x1448.jpg 1536w, https:\/\/weltlaeden.de\/buehl\/wp-content\/uploads\/sites\/177\/2025\/07\/IMG21-2048x1930.jpg 2048w\" sizes=\"auto, (max-width: 1203px) 100vw, 1203px\" \/><\/p><\/div><div class=\"wl_einzelbild\"><p><img loading=\"lazy\" decoding=\"async\" class=\"alignnone wp-image-893\" src=\"https:\/\/weltlaeden.de\/buehl\/wp-content\/uploads\/sites\/177\/2025\/07\/IMG-225x300.jpg\" alt=\"\" width=\"789\" height=\"1052\" srcset=\"https:\/\/weltlaeden.de\/buehl\/wp-content\/uploads\/sites\/177\/2025\/07\/IMG-225x300.jpg 225w, https:\/\/weltlaeden.de\/buehl\/wp-content\/uploads\/sites\/177\/2025\/07\/IMG-767x1024.jpg 767w, https:\/\/weltlaeden.de\/buehl\/wp-content\/uploads\/sites\/177\/2025\/07\/IMG-768x1025.jpg 768w, https:\/\/weltlaeden.de\/buehl\/wp-content\/uploads\/sites\/177\/2025\/07\/IMG-1151x1536.jpg 1151w, https:\/\/weltlaeden.de\/buehl\/wp-content\/uploads\/sites\/177\/2025\/07\/IMG-1535x2048.jpg 1535w, https:\/\/weltlaeden.de\/buehl\/wp-content\/uploads\/sites\/177\/2025\/07\/IMG.jpg 1624w\" sizes=\"auto, (max-width: 789px) 100vw, 789px\" \/><\/p><\/div>[\/vc_column][\/vc_row][vc_row][vc_column][vc_separator border_width=&#8220;4&#8243;][\/vc_column][\/vc_row][vc_row][vc_column][vc_zigzag color=&#8220;blue&#8220;][\/vc_column][\/vc_row][vc_row][vc_column][vc_separator border_width=&#8220;4&#8243;][\/vc_column][\/vc_row][vc_row type=&#8220;1&#8243;][vc_column][vc_column_text css=&#8220;&#8220;]<\/p>\n<h3>Der Acher B\u00fchler Bote\u00a0 vom 12.04.2025 berichtet<\/h3>\n<h2><\/h2>\n<p>[\/vc_column_text][\/vc_column][\/vc_row][vc_row][vc_column]<div class=\"wl_einzelbild\"><p><img loading=\"lazy\" decoding=\"async\" class=\"wp-image-828 alignleft\" src=\"https:\/\/weltlaeden.de\/buehl\/wp-content\/uploads\/sites\/177\/2025\/04\/25_04_12_Weltladen__006-1-300x44.jpg\" alt=\"\" width=\"702\" height=\"103\" srcset=\"https:\/\/weltlaeden.de\/buehl\/wp-content\/uploads\/sites\/177\/2025\/04\/25_04_12_Weltladen__006-1-300x44.jpg 300w, https:\/\/weltlaeden.de\/buehl\/wp-content\/uploads\/sites\/177\/2025\/04\/25_04_12_Weltladen__006-1-768x114.jpg 768w, https:\/\/weltlaeden.de\/buehl\/wp-content\/uploads\/sites\/177\/2025\/04\/25_04_12_Weltladen__006-1.jpg 954w\" sizes=\"auto, (max-width: 702px) 100vw, 702px\" \/><\/p><\/div>[\/vc_column][\/vc_row][vc_row][vc_column width=&#8220;1\/2&#8243;]<div class=\"wl_einzelbild\"><p><img loading=\"lazy\" decoding=\"async\" class=\"alignnone wp-image-829\" src=\"https:\/\/weltlaeden.de\/buehl\/wp-content\/uploads\/sites\/177\/2025\/04\/25_04_12_Weltladen__007-1-231x300.png\" alt=\"\" width=\"411\" height=\"534\" srcset=\"https:\/\/weltlaeden.de\/buehl\/wp-content\/uploads\/sites\/177\/2025\/04\/25_04_12_Weltladen__007-1-231x300.png 231w, https:\/\/weltlaeden.de\/buehl\/wp-content\/uploads\/sites\/177\/2025\/04\/25_04_12_Weltladen__007-1.png 372w\" sizes=\"auto, (max-width: 411px) 100vw, 411px\" \/><\/p><\/div>[\/vc_column][vc_column width=&#8220;1\/2&#8243;]<div class=\"wl_einzelbild\"><p><img loading=\"lazy\" decoding=\"async\" class=\"alignnone wp-image-840\" src=\"https:\/\/weltlaeden.de\/buehl\/wp-content\/uploads\/sites\/177\/2025\/04\/25_04_12_Weltladen__009-1-240x300.png\" alt=\"\" width=\"384\" height=\"480\" srcset=\"https:\/\/weltlaeden.de\/buehl\/wp-content\/uploads\/sites\/177\/2025\/04\/25_04_12_Weltladen__009-1-240x300.png 240w, https:\/\/weltlaeden.de\/buehl\/wp-content\/uploads\/sites\/177\/2025\/04\/25_04_12_Weltladen__009-1.png 383w\" sizes=\"auto, (max-width: 384px) 100vw, 384px\" \/><\/p><\/div>[\/vc_column][\/vc_row][vc_row][vc_column width=&#8220;1\/2&#8243;]<div class=\"wl_einzelbild\"><p><img loading=\"lazy\" decoding=\"async\" class=\"alignnone wp-image-850\" src=\"https:\/\/weltlaeden.de\/buehl\/wp-content\/uploads\/sites\/177\/2025\/04\/25_04_12_Weltladen__008-3-229x300.png\" alt=\"\" width=\"363\" height=\"476\" srcset=\"https:\/\/weltlaeden.de\/buehl\/wp-content\/uploads\/sites\/177\/2025\/04\/25_04_12_Weltladen__008-3-229x300.png 229w, https:\/\/weltlaeden.de\/buehl\/wp-content\/uploads\/sites\/177\/2025\/04\/25_04_12_Weltladen__008-3.png 369w\" sizes=\"auto, (max-width: 363px) 100vw, 363px\" \/><\/p><\/div>[\/vc_column][vc_column width=&#8220;1\/2&#8243;]<div class=\"wl_einzelbild\"><p><img loading=\"lazy\" decoding=\"async\" class=\"alignnone wp-image-841\" src=\"https:\/\/weltlaeden.de\/buehl\/wp-content\/uploads\/sites\/177\/2025\/04\/25_04_12_Weltladen__010-1-240x300.png\" alt=\"\" width=\"392\" height=\"490\" srcset=\"https:\/\/weltlaeden.de\/buehl\/wp-content\/uploads\/sites\/177\/2025\/04\/25_04_12_Weltladen__010-1-240x300.png 240w, https:\/\/weltlaeden.de\/buehl\/wp-content\/uploads\/sites\/177\/2025\/04\/25_04_12_Weltladen__010-1.png 383w\" sizes=\"auto, (max-width: 392px) 100vw, 392px\" \/><\/p><\/div>[\/vc_column][\/vc_row][vc_row][vc_column][vc_separator border_width=&#8220;4&#8243;][\/vc_column][\/vc_row][vc_row][vc_column][vc_zigzag color=&#8220;blue&#8220;][\/vc_column][\/vc_row][vc_row][vc_column][vc_separator border_width=&#8220;4&#8243;][\/vc_column][\/vc_row][vc_row type=&#8220;1&#8243;][vc_column][vc_column_text css=&#8220;&#8220;]<\/p>\n<h3>Die B\u00fchler Stadtnachrichten schreiben in 04\/2025<\/h3>\n<p>[\/vc_column_text][\/vc_column][\/vc_row][vc_row][vc_column]<div class=\"wl_einzelbild\"><p><img loading=\"lazy\" decoding=\"async\" class=\"alignnone wp-image-864\" src=\"https:\/\/weltlaeden.de\/buehl\/wp-content\/uploads\/sites\/177\/2025\/04\/Scan_20250209_2_1n-185x300.jpg\" alt=\"\" width=\"668\" height=\"1083\" srcset=\"https:\/\/weltlaeden.de\/buehl\/wp-content\/uploads\/sites\/177\/2025\/04\/Scan_20250209_2_1n-185x300.jpg 185w, https:\/\/weltlaeden.de\/buehl\/wp-content\/uploads\/sites\/177\/2025\/04\/Scan_20250209_2_1n-631x1024.jpg 631w, https:\/\/weltlaeden.de\/buehl\/wp-content\/uploads\/sites\/177\/2025\/04\/Scan_20250209_2_1n-768x1246.jpg 768w, https:\/\/weltlaeden.de\/buehl\/wp-content\/uploads\/sites\/177\/2025\/04\/Scan_20250209_2_1n.jpg 792w\" sizes=\"auto, (max-width: 668px) 100vw, 668px\" \/><\/p><\/div><div class=\"wl_einzelbild\"><p><img loading=\"lazy\" decoding=\"async\" class=\"alignnone wp-image-866\" src=\"https:\/\/weltlaeden.de\/buehl\/wp-content\/uploads\/sites\/177\/2025\/04\/Scan_20250209_2_2n-164x300.jpg\" alt=\"\" width=\"639\" height=\"1169\" srcset=\"https:\/\/weltlaeden.de\/buehl\/wp-content\/uploads\/sites\/177\/2025\/04\/Scan_20250209_2_2n-164x300.jpg 164w, https:\/\/weltlaeden.de\/buehl\/wp-content\/uploads\/sites\/177\/2025\/04\/Scan_20250209_2_2n-560x1024.jpg 560w, https:\/\/weltlaeden.de\/buehl\/wp-content\/uploads\/sites\/177\/2025\/04\/Scan_20250209_2_2n.jpg 776w\" sizes=\"auto, (max-width: 639px) 100vw, 639px\" \/><\/p><\/div>[\/vc_column][\/vc_row][vc_row][vc_column][vc_separator border_width=&#8220;4&#8243;][\/vc_column][\/vc_row][vc_row][vc_column][vc_zigzag color=&#8220;blue&#8220;][\/vc_column][\/vc_row][vc_row][vc_column][vc_separator border_width=&#8220;4&#8243;][\/vc_column][\/vc_row][vc_row type=&#8220;1&#8243;][vc_column][vc_column_text css=&#8220;&#8220;]<\/p>\n<h3>Aus den Stadtnachrichten\u00a0 Nr. 19\/204<\/h3>\n<h2>Informativer und interessanter Vortrag zum Stadtkaffee<\/h2>\n<p>[\/vc_column_text][\/vc_column][\/vc_row][vc_row][vc_column][vc_column_text css=&#8220;&#8220;]<\/p>\n<div class=\"body taggroup-body\">Mit dem Vortrag &#8222;Das interessiert mich nicht die Bohne &#8211; der B\u00fchler Partnerschafts- und Stadtkaffee&#8220; startete das diesj\u00e4hrige Jahresprogramm der Fairtrade-Stadt B\u00fchl. B\u00fcrgermeister Daniel Fritz begr\u00fc\u00dfte die Anwesenden und Dr. Christina Alff, Bildungsreferentin von Oikocredit. Er bedankte sich f\u00fcr das ehrenamtliche Engagement des Weltladenteams f\u00fcr den fairen Handel in B\u00fchl. Die Referentin startete mit statistischen Informationen zum Lieblingsgetr\u00e4nk der Deutschen, dem Kaffee, der als getrocknete Bohnen in gro\u00dfen Mengen importiert wird. Sie zeigte den Weg des Kaffees, von der Pflanzung der Kaffeestr\u00e4ucher, \u00fcber die Ernte bis hin zur Verschiffung auf. Etwa 24 Millionen Haushalte seien weltweit vom Kaffeeanbau abh\u00e4ngig, meistens Kleinbauern, die fast alle Arbeitsprozesse in Handarbeit erledigen. Den Pidecaf\u00e9 \u00d6ko, der aus dem Norden Perus stammt, bezeichnete sie als einen qualitativ hochwertigen Arabica-Kaffee. Der faire Handel sichere den Produzenten und ihren Familien ein menschenw\u00fcrdiges Leben. Durch Schulungen lernten die Bauern den agrar\u00f6kologischen Anbau. Mit der Bitte, gelegentlich beim Kaffeekonsum auch an die Arbeit der Produzenten zu denken und den fairen Handel zu unterst\u00fctzen, beendete die Referentin ihren kurzweiligen Vortrag. Weitere Informationen:<a href=\"http:\/\/www.pidecafe.de\"> www.pidecafe.de<\/a><\/div>\n<p>[\/vc_column_text][\/vc_column][\/vc_row][vc_row][vc_column][vc_separator border_width=&#8220;4&#8243;][\/vc_column][\/vc_row][vc_row][vc_column][vc_zigzag color=&#8220;blue&#8220;][\/vc_column][\/vc_row][vc_row][vc_column][vc_separator border_width=&#8220;4&#8243;][\/vc_column][\/vc_row][vc_row type=&#8220;1&#8243;][vc_column][vc_column_text]<\/p>\n<h3>Der Acher B\u00fchler Bote berichtet am 26.03.2024<\/h3>\n<h2>Genossenschaft \u00fcbernimmt den Weltladen in B\u00fchl<\/h2>\n<p>[\/vc_column_text][\/vc_column][\/vc_row][vc_row][vc_column]<div class=\"wl_einzelbild\"><p><img loading=\"lazy\" decoding=\"async\" class=\"alignnone wp-image-761\" src=\"https:\/\/weltlaeden.de\/buehl\/wp-content\/uploads\/sites\/177\/2024\/05\/240326_Genossenschaft_uebernimmt_Ueberschriftntertit-300x47.jpg\" alt=\"\" width=\"778\" height=\"122\" srcset=\"https:\/\/weltlaeden.de\/buehl\/wp-content\/uploads\/sites\/177\/2024\/05\/240326_Genossenschaft_uebernimmt_Ueberschriftntertit-300x47.jpg 300w, https:\/\/weltlaeden.de\/buehl\/wp-content\/uploads\/sites\/177\/2024\/05\/240326_Genossenschaft_uebernimmt_Ueberschriftntertit.jpg 607w\" sizes=\"auto, (max-width: 778px) 100vw, 778px\" \/><\/p><\/div><div class=\"wl_einzelbild\"><p><img loading=\"lazy\" decoding=\"async\" class=\"alignnone wp-image-760\" src=\"https:\/\/weltlaeden.de\/buehl\/wp-content\/uploads\/sites\/177\/2024\/05\/240326_Genossenschaft_uebernimmt_Foto-300x278.jpg\" alt=\"\" width=\"958\" height=\"887\" srcset=\"https:\/\/weltlaeden.de\/buehl\/wp-content\/uploads\/sites\/177\/2024\/05\/240326_Genossenschaft_uebernimmt_Foto-300x278.jpg 300w, https:\/\/weltlaeden.de\/buehl\/wp-content\/uploads\/sites\/177\/2024\/05\/240326_Genossenschaft_uebernimmt_Foto-768x710.jpg 768w, https:\/\/weltlaeden.de\/buehl\/wp-content\/uploads\/sites\/177\/2024\/05\/240326_Genossenschaft_uebernimmt_Foto.jpg 800w\" sizes=\"auto, (max-width: 958px) 100vw, 958px\" \/><\/p><\/div>[\/vc_column][\/vc_row][vc_row][vc_column][\/vc_column][vc_column][vc_column_text]<strong><span class=\"bold\">B\u00fchl.\u00a0 <\/span><\/strong>Im B\u00fchler Weltladen \u00e4ndert sich ab 1. April vieles und doch bleibt einiges beim Alten. Obwohl das Gesch\u00e4ft in der Eisenbahnstra\u00dfe beachtliche 32 ehrenamtliche Mitarbeiter hat, finden Monika und Nikolaus Krippl keine Nachfolger f\u00fcr die Leitung. Beide sind Mitte 70 und sorgen sich um die Zukunft der Einrichtung, die 1993 gegr\u00fcndet wurde. Diese Zukunft ist jetzt gesichert. Die Genossenschaft Weltladen-Beitreiber \u00fcbernimmt den B\u00fchler Laden.<\/p>\n<p>Bede Godwyll ist Projektleiter der Genossenschaft mit Sitz in Neubiberg bei M\u00fcnchen, die bundesweit acht Filialen zwischen Flensburg und M\u00fcnchen betreibt. Er hat die ehrenamtlichen Helfer in B\u00fchl inzwischen im neuen Kassensystem geschult. Das wird ebenso an die Genossenschaft angepasst wie der gemeinsame Einkauf, um die Vorteile der Gemeinschaft zu nutzen. Demn\u00e4chst soll es auch Produktschulungen geben, damit die \u201eFreiwilligen\u201c (wie Godwyll die Helfer nennt) die Kunden informieren k\u00f6nnen. Mittelfristig ist die Neueinstellung eines hauptamtlichen Filialleiters in B\u00fchl geplant. Bis dahin leitet das Ehepaar Krippl den Weltladen weiterhin. Monika und Nikolaus Krippl werden sich auch danach weiter engagieren. Sie will sich au\u00dferdem insbesondere um die guten Kontakte zur Stadt und das umfangreiche Netzwerk, das in den vergangenen Jahrzehnten aufgebaut wurde, k\u00fcmmern. Auch der Tr\u00e4gerverein, dessen Vorsitzender Nikolaus Krippl ist, bleibt bestehen.<\/p>\n<p>Der Weltladen wurde vor mehr als drei Jahrzehnten unter dem Dach der Pfarrgemeinde gegr\u00fcndet und bot seine Waren im katholischen Gemeindehaus an. \u201eF\u00fcr mich war die von Hansj\u00f6rg Willig initiierte Keniahilfe der Anlass, mich mit dem Thema zu besch\u00e4ftigen\u201c, erinnert sich Monika Krippl. F\u00fcr ihren Ehemann Nikolaus war es eine Predigt des brasilianischen Bischofs Dom H\u00e9lder C\u00e2mara, der sagte: \u201eEure Almosen k\u00f6nnt ihr behalten.\u201c Der Geistliche forderte faire Preis f\u00fcr die Produkte seiner Landsleute.<\/p>\n<p>\u201eDas ist der Ansatz der Weltl\u00e4den\u201c, stellt Nikolaus Krippl fest. \u201eDie Produzenten im Globalen S\u00fcden wollen ihre Produkte verkaufen. Sie haben keinen Zugang zum Weltmarkt.\u201c Der Weltladen B\u00fchl und die Genossenschaft aus Neubiberg verfolgen in dieser Hinsicht dieselben Ziele. Wie das Gesch\u00e4ft in der Eisenbahnstra\u00dfe verkauft auch die Genossenschaft Fairtrade-Produkte. Dazu geh\u00f6ren Genuss- und Lebensmittel wie Kaffee, Tee, Schokolade und Reis, aber auch handwerkliche Produkte wie K\u00f6rbe und Mode-Accessoires. Die Produkte werden aus dem Globalen S\u00fcden importiert, also aus Afrika, Asien und S\u00fcdamerika.<\/p>\n<p>\u201eEs geht um Hilfe f\u00fcr die \u00c4rmsten der Armen\u201c, sagt Bede Godwyll. \u201eDer faire Handel st\u00e4rkt diese Menschen, denn dadurch erhalten sie mehr Einfluss vor Ort. Sonst haben sie keine Chance.\u201c<\/p>\n<p>Sowohl der Weltladen B\u00fchl als auch die Genossenschaft kaufen nicht direkt bei den Produzenten ein, sondern beim Zwischenhandel. \u201eDer unterliegt allerdings einer strengen Kontrolle\u201c, berichtet Godwyll. Er kennt sich aus, weil er nicht nur f\u00fcr die Genossenschaft, sondern ebenfalls f\u00fcr die Gesellschaft zur F\u00f6rderung der Partnerschaft mit der Dritten Welt (Gepa) t\u00e4tig ist. Das ist der wichtigste Lieferant f\u00fcr Weltl\u00e4den in Deutschland.<\/p>\n<p>Die Genossenschaft wurde 2015 gegr\u00fcndet und hat nach drei Jahren der Vorbereitung ihren ersten Weltladen in Frankfurt gegr\u00fcndet. \u201eEs gibt auf der deutschen Landkarte in Sachen Weltl\u00e4den noch viele wei\u00dfe Flecken\u201c, konstatiert Godwyll. \u201eDie wollen wir schlie\u00dfen.\u201c Zehn Weltl\u00e4den sind das mittelfristige Ziel. Doch auch danach wollen die Genossen weiterhin wachsen. Bisher hat die Genossenschaft mehr als 440 Mitglieder, darunter Einzelpersonen und Institutionen.<\/p>\n<p><span class=\"space-out\">Eigentlich will die Genossenschaft nur Filialen in St\u00e4dten mit mindestens 40.000 Einwohnern er\u00f6ffnen. Mit seinen 30.000 Einwohnern ist B\u00fchl also im Grunde zu klein. Doch Godwyll und sein Team lie\u00dfen sich trotzdem vom Ehepaar Krippl \u00fcberzeugen. \u201eB\u00fchl hat uns begeistert\u201c, sagt Godwyll. \u201eDa sind die Performance und die gute Lage des Ladens und seine tolle Geschichte.\u201c <\/span><\/p>\n<p><span style=\"color: #808080\"><em>Von Ulrich Coenen<\/em><\/span>[\/vc_column_text][\/vc_column][\/vc_row][vc_row type=&#8220;1&#8243;][vc_column width=&#8220;5\/6&#8243;][vc_column_text]<\/p>\n<h2><\/h2>\n<h3>Der <span style=\"color: #3366ff\">Kommentar<\/span> in der selben Ausgabe vom Autor Ulrich Coenen<\/h3>\n<h1><strong>Rettung von ausw\u00e4rts<\/strong><\/h1>\n<p>Ohne Genossenschaft kann der Weltladen nicht \u00fcberleben[\/vc_column_text][\/vc_column][vc_column width=&#8220;1\/6&#8243;]<div class=\"wl_einzelbild\"><p><img loading=\"lazy\" decoding=\"async\" class=\"alignnone size-medium wp-image-771\" src=\"https:\/\/weltlaeden.de\/buehl\/wp-content\/uploads\/sites\/177\/2024\/05\/GEVQEULM.1GEVQEV5J.1-300x300.jpg\" alt=\"\" width=\"300\" height=\"300\" srcset=\"https:\/\/weltlaeden.de\/buehl\/wp-content\/uploads\/sites\/177\/2024\/05\/GEVQEULM.1GEVQEV5J.1-300x300.jpg 300w, https:\/\/weltlaeden.de\/buehl\/wp-content\/uploads\/sites\/177\/2024\/05\/GEVQEULM.1GEVQEV5J.1-150x150.jpg 150w, https:\/\/weltlaeden.de\/buehl\/wp-content\/uploads\/sites\/177\/2024\/05\/GEVQEULM.1GEVQEV5J.1-768x768.jpg 768w, https:\/\/weltlaeden.de\/buehl\/wp-content\/uploads\/sites\/177\/2024\/05\/GEVQEULM.1GEVQEV5J.1.jpg 800w\" sizes=\"auto, (max-width: 300px) 100vw, 300px\" \/><\/p><\/div>[\/vc_column][\/vc_row][vc_row][vc_column][vc_column_text]<\/p>\n<div class=\"body taggroup-body\">\n<p>B\u00fchl ist eine mittelgro\u00dfe Stadt mit knapp 30.000 Einwohnern. Zwei Dinge macht die Kommune viel besser als die meisten deutlich gr\u00f6\u00dferen Gemeinden. Das ist zun\u00e4chst die Aufarbeitung der Judenverfolgung im Dritten Reich. Das Stadtgeschichtliche Institut hat eine ganze Reihe wissenschaftlicher Ver\u00f6ffentlichungen initiiert. Die Kontakte zu aus B\u00fchl stammenden ehemaligen j\u00fcdischen Mitb\u00fcrgern und deren Nachkommen werden ganz bewusst gepflegt. Das ist vorbildlich.<\/p>\n<p>Ebenfalls vorbildlich ist das Engagement der B\u00fchler f\u00fcr den sogenannten Globalen S\u00fcden. Es begann mit einer privaten Initative, n\u00e4mlich der Gr\u00fcndung des Weltladens durch das Ehepaar Monika und Nikolaus Krippl im Jahr 1993. Die Stadt ist aber l\u00e4ngst mit im Boot, und zwar mit erheblichem Aufwand und aus \u00dcberzeugung.<\/p>\n<p>B\u00fchl wurde 2019 im Zusammenhang mit der internationalen Kampagne \u201eFairtraide-Towns\u201c als Stadt des fairen Handels ausgezeichnet. Den Titel der Fairtrade-Stadt tr\u00e4gt B\u00fchl mit Stolz. Im April 2022 hat der damalige Erste Beigeordnete Wolfgang Jokerst (Gr\u00fcne) Hinweistafeln an den Stadteing\u00e4ngen offiziell ihrer Bestimmung \u00fcbergeben.<\/p>\n<p>Sein Nachfolger Daniel Fritz (CDU) betreibt das Projekt fairer Handel mit dem gleichen Engagement. Im Rathaus gibt es l\u00e4ngst eine Steuerungsgruppe Fairtrade-Stadt und Weltladen B\u00fchl.<\/p>\n<p>Es ist aber nicht nur der Weltladen, der sich in B\u00fchl f\u00fcr den Globalen S\u00fcden einsetzt. Die Keniahilfe des Geografen und pensionierten Oberstudiendirektors Hansj\u00f6rg Willig aus Neusatz engagiert sich seit dessen Studienzeit, die ihn nach Afrika gef\u00fchrt hat. Der Verein Kimbondo des B\u00fchler Ehepaares Michaela und Wolfgang Sauerbeck zeigt, wie wichtig pers\u00f6nliches Engagement der B\u00fcrger ist. Kimbondo hat \u00fcber viele Jahre wichtige Arbeit geleistet. Weil sich kein Nachfolger fand, wurde der Verein leider aufgel\u00f6st.<\/p>\n<p>Dieses Schicksal drohte auch dem Weltladen. Es ist also ein Gl\u00fccksfall, dass eine national t\u00e4tige Genossenschaft das Gesch\u00e4ft in der Eisenbahnstra\u00dfe \u00fcbernimmt. Solche \u00c4nderungen muss man akzeptieren, wenn sich in B\u00fchl kein Nachfolger findet.<\/p>\n<\/div>\n<p>[\/vc_column_text][\/vc_column][\/vc_row][vc_row][vc_column][vc_separator border_width=&#8220;4&#8243;][\/vc_column][\/vc_row][vc_row][vc_column][vc_zigzag color=&#8220;blue&#8220;][\/vc_column][\/vc_row][vc_row][vc_column][vc_separator border_width=&#8220;4&#8243;][\/vc_column][\/vc_row][vc_row type=&#8220;1&#8243;][vc_column][vc_column_text]<\/p>\n<h2><\/h2>\n<h2>Der Weltladen in B\u00fchl bekommt einen neuen Tr\u00e4ger<\/h2>\n<h3>Der Acher B\u00fchler Bote berichtet am 09.03.2024<\/h3>\n<p>[\/vc_column_text][\/vc_column][\/vc_row][vc_row][vc_column]<div class=\"wl_einzelbild\"><p><img loading=\"lazy\" decoding=\"async\" class=\"alignnone wp-image-754\" src=\"https:\/\/weltlaeden.de\/buehl\/wp-content\/uploads\/sites\/177\/2024\/03\/Scan_20240309-300x91.jpg\" alt=\"\" width=\"765\" height=\"232\" srcset=\"https:\/\/weltlaeden.de\/buehl\/wp-content\/uploads\/sites\/177\/2024\/03\/Scan_20240309-300x91.jpg 300w, https:\/\/weltlaeden.de\/buehl\/wp-content\/uploads\/sites\/177\/2024\/03\/Scan_20240309-1024x311.jpg 1024w, https:\/\/weltlaeden.de\/buehl\/wp-content\/uploads\/sites\/177\/2024\/03\/Scan_20240309-768x233.jpg 768w, https:\/\/weltlaeden.de\/buehl\/wp-content\/uploads\/sites\/177\/2024\/03\/Scan_20240309-1536x466.jpg 1536w, https:\/\/weltlaeden.de\/buehl\/wp-content\/uploads\/sites\/177\/2024\/03\/Scan_20240309.jpg 1991w\" sizes=\"auto, (max-width: 765px) 100vw, 765px\" \/><\/p><\/div>[\/vc_column][\/vc_row][vc_row][vc_column][vc_separator border_width=&#8220;4&#8243;][\/vc_column][\/vc_row][vc_row][vc_column][vc_zigzag color=&#8220;blue&#8220;][\/vc_column][\/vc_row][vc_row][vc_column][vc_separator border_width=&#8220;4&#8243;][\/vc_column][\/vc_row][vc_row][vc_column][vc_column_text]<\/p>\n<h2><strong>Wegweisende Hauptversammlung am 07. M\u00e4rz 2024<\/strong><\/h2>\n<p>[\/vc_column_text][vc_column_text]Ein Gro\u00dfteil der Mitglieder des Vereins \u201eTreffpunkt Weltladen\u201c waren zur zweiten Hauptversammlung des Tr\u00e4gers des Weltladens gekommen, um neben dem R\u00fckblick auf das vergangene Jahr auch \u00fcber den Fortbestand dieser \u00fcber 30 Jahre existierenden Einrichtung zu beraten. \u201eDem Ladenteam und der Vorstandschaft des Vereins liegt sehr viel daran, dass der Weltladen weiter existiert. Er wird in B\u00fchl sehr gut angenommen und wir k\u00f6nnen auf diese Weise dazu beitragen, dass die Produzenten im globalen S\u00fcden weiterhin die Chance haben, ihre Produkte zu fairen Preisen zu verkaufen. Denn nur so kann sichergestellt werden, dass diese Menschen von ihrer eigenen Arbeit ein menschenw\u00fcrdiges Leben f\u00fchren k\u00f6nnen. Sie k\u00f6nnen in ihrer Heimat bleiben und m\u00fcssen sich nicht auf den oft gef\u00e4hrlichen Weg ins vermeintliche Paradies im Norden machen\u201c erkl\u00e4rte der Vorsitzende Nikolaus Krippl. \u201eDiese \u00dcberzeugung bildet den Grund unseres Engagements.\u201c<\/p>\n<p>Am 1. Januar 2022 \u00fcbernahm der damals neue Verein den Weltladen B\u00fchl als Tr\u00e4ger von der r\u00f6misch-katholischen Kirchengemeinde B\u00fchl\/Vimbuch. Diese hatte aus finanztechnischen Gr\u00fcnden dringend um diesen Schritt gebeten. Der Stiftungsrat hatte zugestimmt, dass die bisherigen R\u00fcckstellungen und Warenbest\u00e4nde vom neuen Tr\u00e4gerverein \u00fcbernommen werden k\u00f6nnen, wenn dieser auch die durch die Zusammenlegung einiger fr\u00fcher selbst\u00e4ndigen Kirchengemeinden entstandenen Steuernachforderungen bezahlt.\u00a0 \u201eDiese Kapitel wurde 2023 hoffentlich endg\u00fcltig abgeschlossen, sodass jetzt eine gewisse Planungssicherheit entstehen kann\u201c, betonte Krippl.<\/p>\n<p>Seine Frau Monika, als Beisitzerin im Vorstand zust\u00e4ndig f\u00fcr die Bildungsarbeit und die Kontakte zur Kommune, erinnerte an die durchgef\u00fchrten Veranstaltungen und betonte die gute Zusammenarbeit mit der Faitrade-Stadt. F\u00fcr das Jahr 2024 pr\u00e4sentierte sie einen neuen Flyer der Fairtrade-Stadt mit Hinweisen auf vier Veranstaltungen. Dieser wurde zusammen mit dem Verein erarbeitet.<\/p>\n<p>Der Stellvertretende Vorsitzende, Peter Bolz, der als Aufgabe den Aufbau und die Betreuung der Homepage \u00fcbernommen hatte, stellte diese kurz vor. Die Grundlagen daf\u00fcr liefere der Weltladen Dachverband, bei dem man Mitglied sei. An den Pr\u00e4sentationsm\u00f6glichkeiten des Vereins und des Ladens werde weiter gearbeitet.<\/p>\n<p>Das finanzielle Ergebnis des Jahres 2023 wurde von Kassenwart Nikolaus Krippl aufgezeigt. Er habe das Amt zus\u00e4tzlich \u00fcbernommen, weil sonst niemand daf\u00fcr gefunden werden konnte, betonte er zu Beginn seiner Ausf\u00fchrungen. Der Verein habe mit seinem Wirtschaftsbetrieb \u201eWeltladen\u201c einen leichten Gewinn erzielt. Dankbar sei man auch f\u00fcr die Spenden, die dem gemeinn\u00fctzigen Verein zur Verf\u00fcgung gestellt wurden. Die Gemeinn\u00fctzigkeit wurde nach \u00dcberpr\u00fcfung durch das Finanzamt f\u00fcr drei weitere Jahre festgestellt. \u201eDer Verein stehe auf einer guten finanziellen Basis\u201c, versicherte Krippl am Ende seiner Ausf\u00fchrungen.<\/p>\n<p>Eine vorbildliche Kassenf\u00fchrung bescheinigte Kassenpr\u00fcfer Stephan Lorenz, bevor Mitglied Lutz\u00a0 die Entlastung des Kassenwarts und der gesamten Vorstandschaft beantragte. Er leitete auch die Neuwahlen zur Vorstandschaft. Alle bisherigen Vorstandsmitglieder und auch der Kassenpr\u00fcfer wurden wieder gew\u00e4hlt. Als neue Beisitzerin konnte Beate G\u00e4ssler gewonnen werden.<\/p>\n<p>Voller Spannung war der Tagesordnungspunkt \u201eWechsel der Tr\u00e4gerschaft des Weltladens\u201c erwartet worden. Die Tr\u00e4gerschaft des Weltladens soll vom Verein \u201eTreffpunkt Weltladen\u201c auf die \u201eWeltladen-Betreiber Genossenschaft\u201c zum 1. April 2024 \u00fcbergehen. Bereits mit der Einladung zur Hauptversammlung erhielten die Mitglieder ein Informationsblatt zu dieser Genossenschaft und auch den Hinweis zu deren Hompage. Weitere Erkl\u00e4rungen dazu gaben die beiden Vereinsvorsitzenden. \u201eMan habe lange nach einer M\u00f6glichkeit gesucht, wie der Weltladen in B\u00fchl weitergef\u00fchrt werden k\u00f6nne, nachdem die bisherigen Gesch\u00e4ftsf\u00fchrer Monika und Nikolaus Krippl signalisiert hatten, dass sie altersbedingt diese Aufgabe nicht mehr l\u00e4nger zufriedenstellend f\u00fcr alle Beteiligten ausf\u00fchren k\u00f6nnten. Da habe sich die Chance mit der Weltladen-Betreiber Genossenschaft aufgetan\u201c, erl\u00e4uterte Peter Bolz. \u201eFast ein Jahr habe man immer wieder miteinander gesprochen und verhandelt, bis man sich jetzt geeinigt habe und ein \u00dcbergabevertrag vorliege. Die Genossenschaft verfolge \u00e4hnliche Ziele wie der Verein, unter anderem die Absatzsteigerung fair gehandelter Produkte, deshalb empfehle die Vorstandschaft die Zustimmung. Die Alternative w\u00e4re die Schlie\u00dfung des Weltladens.\u201c Nikolaus Krippl erg\u00e4nzte, dass alle Mitarbeiterinnen zugesagt h\u00e4tten, weiterhin ehrenamtlich im Weltladen ihren Dienst zu leisten. F\u00fcr die Kunden w\u00fcrde sich nicht viel \u00e4ndern, haupts\u00e4chlich ginge es um die vielen Arbeiten im Hintergrund, die bisher \u00fcberwiegend an seinem h\u00e4uslichen Schreibtisch erledigt wurden. Der Verein w\u00fcrde weiter bestehen und sich vor allem in der Bildungsarbeit bet\u00e4tigen und den Weltladen auch in neuer Tr\u00e4gerschaft unterst\u00fctzend begleiten. Die anwesenden Mitglieder folgten den Empfehlungen der Vorstandschaft und stimmten dem Tr\u00e4gerwechsel einstimmig zu.[\/vc_column_text][vc_separator color=&#8220;blue&#8220;][vc_zigzag color=&#8220;blue&#8220;][vc_separator color=&#8220;blue&#8220;][\/vc_column][\/vc_row][vc_row type=&#8220;1&#8243;][vc_column][vc_column_text]<\/p>\n<h2><\/h2>\n<h2>Der Weltladen in B\u00fchl ist 30 Jahre<\/h2>\n<h3>Der Acher B\u00fchler Bote berichtet am 13.11.2023<\/h3>\n<p>[\/vc_column_text][\/vc_column][\/vc_row][vc_row][vc_column]<div class=\"wl_einzelbild\"><p><img loading=\"lazy\" decoding=\"async\" class=\"alignnone wp-image-739\" src=\"https:\/\/weltlaeden.de\/buehl\/wp-content\/uploads\/sites\/177\/2023\/11\/231114__ABB_Weltladen_Bild_029_-300x181.jpg\" alt=\"\" width=\"996\" height=\"601\" srcset=\"https:\/\/weltlaeden.de\/buehl\/wp-content\/uploads\/sites\/177\/2023\/11\/231114__ABB_Weltladen_Bild_029_-300x181.jpg 300w, https:\/\/weltlaeden.de\/buehl\/wp-content\/uploads\/sites\/177\/2023\/11\/231114__ABB_Weltladen_Bild_029_-1024x617.jpg 1024w, https:\/\/weltlaeden.de\/buehl\/wp-content\/uploads\/sites\/177\/2023\/11\/231114__ABB_Weltladen_Bild_029_-768x463.jpg 768w, https:\/\/weltlaeden.de\/buehl\/wp-content\/uploads\/sites\/177\/2023\/11\/231114__ABB_Weltladen_Bild_029_-1536x926.jpg 1536w, https:\/\/weltlaeden.de\/buehl\/wp-content\/uploads\/sites\/177\/2023\/11\/231114__ABB_Weltladen_Bild_029_-scaled.jpg 2048w\" sizes=\"auto, (max-width: 996px) 100vw, 996px\" \/><\/p><\/div>[\/vc_column][\/vc_row][vc_row][vc_column][vc_separator border_width=&#8220;4&#8243;][\/vc_column][\/vc_row][vc_row][vc_column][vc_zigzag color=&#8220;blue&#8220;][\/vc_column][\/vc_row][vc_row][vc_column][vc_separator border_width=&#8220;4&#8243;][\/vc_column][\/vc_row][vc_row type=&#8220;1&#8243;][vc_column][vc_column_text]<\/p>\n<h2>Artikel im Badischen Tagblatt vom 29.06.2023<\/h2>\n<h3>B\u00fchl ist wieder als Fairtradestadt zertifiziert<\/h3>\n<p>[\/vc_column_text][\/vc_column][\/vc_row][vc_row][vc_column]<div class=\"wl_einzelbild\"><p><img loading=\"lazy\" decoding=\"async\" class=\"alignnone wp-image-730\" src=\"https:\/\/weltlaeden.de\/buehl\/wp-content\/uploads\/sites\/177\/2023\/07\/230629_Fairtradestadt-Buehl-300x199.jpg\" alt=\"\" width=\"767\" height=\"509\" srcset=\"https:\/\/weltlaeden.de\/buehl\/wp-content\/uploads\/sites\/177\/2023\/07\/230629_Fairtradestadt-Buehl-300x199.jpg 300w, https:\/\/weltlaeden.de\/buehl\/wp-content\/uploads\/sites\/177\/2023\/07\/230629_Fairtradestadt-Buehl-1024x681.jpg 1024w, https:\/\/weltlaeden.de\/buehl\/wp-content\/uploads\/sites\/177\/2023\/07\/230629_Fairtradestadt-Buehl-768x510.jpg 768w, https:\/\/weltlaeden.de\/buehl\/wp-content\/uploads\/sites\/177\/2023\/07\/230629_Fairtradestadt-Buehl-1536x1021.jpg 1536w, https:\/\/weltlaeden.de\/buehl\/wp-content\/uploads\/sites\/177\/2023\/07\/230629_Fairtradestadt-Buehl-scaled.jpg 2048w\" sizes=\"auto, (max-width: 767px) 100vw, 767px\" \/><\/p><\/div>[\/vc_column][\/vc_row][vc_row][vc_column][vc_separator border_width=&#8220;4&#8243;][\/vc_column][\/vc_row][vc_row][vc_column][vc_zigzag color=&#8220;blue&#8220;][\/vc_column][\/vc_row][vc_row][vc_column][vc_separator border_width=&#8220;4&#8243;][\/vc_column][\/vc_row][vc_row type=&#8220;1&#8243;][vc_column][vc_column_text]<\/p>\n<h2>Projektgruppe der Realschule Rheinm\u00fcnster informiert sich \u00fcber faire Schokolade<\/h2>\n<p>[\/vc_column_text][\/vc_column][\/vc_row][vc_row][vc_column width=&#8220;1\/2&#8243;][vc_column_text]Im Vorfeld des Perutages der Realschule Rheinm\u00fcnster hatte sich auch eine Projektgruppe zum Thema \u201eSchokolade\u201c gebildet. Zw\u00f6lf Sch\u00fcler\/innen zeigten Interesse an der Produktion von fairer Schokolade und hatten sich zusammen mit ihrer Lehrerin Silvia Edenborn beim Weltladen angemeldet. Die Pfarrgemeinde stellte im Gemeindehaus einen Raum zur Verf\u00fcgung.<\/p>\n<p>Gestartet wurde mit einem \u201eSchokolade-Quiz\u201c, um das Vorwissen zu testen. Ein Video zeigte die Herstellung von Schokolade in einer kleinen Manufaktur, dabei wurde auch die Produktion der Rohstoffe \u201eKakao\u201c, \u201eZucker\u201c und \u201eMilch\u201c und die Probleme der Produzenten, \u00fcberwiegend Kleinbauern, angesprochen. Anhand von vier verschiedenen Sorten Milchschokolade konnte von der Gruppe der Unterschied zwischen m\u00f6glichst billigen und den fair gehandelten Sorten herausgearbeitet werden. Ein weiteres Video zeigte die Auswirkungen der Fairtrade-Pr\u00e4mie f\u00fcr die Mitglieder einer Kako-Genossenschaft. Ein Brunnen im Dorf sichert die Wasserversorgung, die Kinder k\u00f6nnen zur Schule und auch eine Krankenstation wurde eingerichtet.<\/p>\n<p>Der Besuch des Weltladens mit Informationen zu dessen Hintergrund und Ziele schloss sich an. Die Sch\u00fcler\/innen staunten \u00fcber das gro\u00dfe Angebot des Ladens und dass alle Mitarbeiter\/innen sich ehrenamtlich einbringen.<\/p>\n<p>Bereits im Vorfeld des Besuches hatte sich die Projektgruppe entschlossen, beim Perutag fair gehandelte Schokolade zu verkaufen und den Erl\u00f6s zum Teil dem Peruprojekt der Schule und dem Weltladen zur Verf\u00fcgung zu stellen.<\/p>\n<p>&nbsp;<\/p>\n<p>.[\/vc_column_text][\/vc_column][vc_column width=&#8220;1\/2&#8243;]<div class=\"gap\" style=\"line-height: 30px; height: 30px;\"><\/div><div class=\"wl_einzelbild\"><p><img loading=\"lazy\" decoding=\"async\" class=\"alignnone wp-image-715\" src=\"https:\/\/weltlaeden.de\/buehl\/wp-content\/uploads\/sites\/177\/2023\/05\/PXL_20230419_072121491.MP_-300x169.jpg\" alt=\"\" width=\"453\" height=\"255\" srcset=\"https:\/\/weltlaeden.de\/buehl\/wp-content\/uploads\/sites\/177\/2023\/05\/PXL_20230419_072121491.MP_-300x169.jpg 300w, https:\/\/weltlaeden.de\/buehl\/wp-content\/uploads\/sites\/177\/2023\/05\/PXL_20230419_072121491.MP_-1024x576.jpg 1024w, https:\/\/weltlaeden.de\/buehl\/wp-content\/uploads\/sites\/177\/2023\/05\/PXL_20230419_072121491.MP_-768x432.jpg 768w, https:\/\/weltlaeden.de\/buehl\/wp-content\/uploads\/sites\/177\/2023\/05\/PXL_20230419_072121491.MP_-1536x864.jpg 1536w, https:\/\/weltlaeden.de\/buehl\/wp-content\/uploads\/sites\/177\/2023\/05\/PXL_20230419_072121491.MP_-scaled.jpg 2048w\" sizes=\"auto, (max-width: 453px) 100vw, 453px\" \/><\/p><\/div><div class=\"gap\" style=\"line-height: 50px; height: 50px;\"><\/div><div class=\"wl_einzelbild\"><p><img loading=\"lazy\" decoding=\"async\" class=\"alignnone wp-image-716\" src=\"https:\/\/weltlaeden.de\/buehl\/wp-content\/uploads\/sites\/177\/2023\/05\/PXL_20230419_084431976-300x169.jpg\" alt=\"\" width=\"433\" height=\"244\" srcset=\"https:\/\/weltlaeden.de\/buehl\/wp-content\/uploads\/sites\/177\/2023\/05\/PXL_20230419_084431976-300x169.jpg 300w, https:\/\/weltlaeden.de\/buehl\/wp-content\/uploads\/sites\/177\/2023\/05\/PXL_20230419_084431976-1024x576.jpg 1024w, https:\/\/weltlaeden.de\/buehl\/wp-content\/uploads\/sites\/177\/2023\/05\/PXL_20230419_084431976-768x432.jpg 768w, https:\/\/weltlaeden.de\/buehl\/wp-content\/uploads\/sites\/177\/2023\/05\/PXL_20230419_084431976-1536x864.jpg 1536w, https:\/\/weltlaeden.de\/buehl\/wp-content\/uploads\/sites\/177\/2023\/05\/PXL_20230419_084431976-scaled.jpg 2048w\" sizes=\"auto, (max-width: 433px) 100vw, 433px\" \/><\/p><\/div><div class=\"gap\" style=\"line-height: 70px; height: 70px;\"><\/div><div class=\"wl_einzelbild\"><p><img loading=\"lazy\" decoding=\"async\" class=\"alignnone wp-image-713\" src=\"https:\/\/weltlaeden.de\/buehl\/wp-content\/uploads\/sites\/177\/2023\/05\/2023_05_Bild_Perutag_Schokoladeverkauf-300x200.jpg\" alt=\"\" width=\"632\" height=\"421\" srcset=\"https:\/\/weltlaeden.de\/buehl\/wp-content\/uploads\/sites\/177\/2023\/05\/2023_05_Bild_Perutag_Schokoladeverkauf-300x200.jpg 300w, https:\/\/weltlaeden.de\/buehl\/wp-content\/uploads\/sites\/177\/2023\/05\/2023_05_Bild_Perutag_Schokoladeverkauf-1024x683.jpg 1024w, https:\/\/weltlaeden.de\/buehl\/wp-content\/uploads\/sites\/177\/2023\/05\/2023_05_Bild_Perutag_Schokoladeverkauf-768x512.jpg 768w, https:\/\/weltlaeden.de\/buehl\/wp-content\/uploads\/sites\/177\/2023\/05\/2023_05_Bild_Perutag_Schokoladeverkauf-1536x1024.jpg 1536w, https:\/\/weltlaeden.de\/buehl\/wp-content\/uploads\/sites\/177\/2023\/05\/2023_05_Bild_Perutag_Schokoladeverkauf.jpg 2048w\" sizes=\"auto, (max-width: 632px) 100vw, 632px\" \/><\/p><\/div>[\/vc_column][\/vc_row][vc_row][vc_column][vc_separator border_width=&#8220;4&#8243;][\/vc_column][\/vc_row][vc_row][vc_column][vc_zigzag color=&#8220;blue&#8220;][\/vc_column][\/vc_row][vc_row][vc_column][vc_separator border_width=&#8220;4&#8243;][\/vc_column][\/vc_row][vc_row type=&#8220;1&#8243;][vc_column][vc_column_text]<\/p>\n<h2>Artikel im Badischen Tagblatt vom 13.05.2023<\/h2>\n<h3>Der bittere Beigeschmack von Schokolade<\/h3>\n<h6>Bildungsreferentin Christina Alff wirbt f\u00fcr nachhaltigen Kakaoanbau und den Kauf von Fairtrade-Produkten<\/h6>\n<p>[\/vc_column_text][\/vc_column][\/vc_row][vc_row][vc_column]<div class=\"wl_einzelbild\"><p><img loading=\"lazy\" decoding=\"async\" class=\"alignnone wp-image-704\" src=\"https:\/\/weltlaeden.de\/buehl\/wp-content\/uploads\/sites\/177\/2023\/05\/2023_05_Schokolade_BT_Artikel-300x256.jpg\" alt=\"\" width=\"1130\" height=\"964\" srcset=\"https:\/\/weltlaeden.de\/buehl\/wp-content\/uploads\/sites\/177\/2023\/05\/2023_05_Schokolade_BT_Artikel-300x256.jpg 300w, https:\/\/weltlaeden.de\/buehl\/wp-content\/uploads\/sites\/177\/2023\/05\/2023_05_Schokolade_BT_Artikel-1024x873.jpg 1024w, https:\/\/weltlaeden.de\/buehl\/wp-content\/uploads\/sites\/177\/2023\/05\/2023_05_Schokolade_BT_Artikel-768x655.jpg 768w, https:\/\/weltlaeden.de\/buehl\/wp-content\/uploads\/sites\/177\/2023\/05\/2023_05_Schokolade_BT_Artikel-1536x1310.jpg 1536w, https:\/\/weltlaeden.de\/buehl\/wp-content\/uploads\/sites\/177\/2023\/05\/2023_05_Schokolade_BT_Artikel.jpg 1864w\" sizes=\"auto, (max-width: 1130px) 100vw, 1130px\" \/><\/p><\/div>[\/vc_column][\/vc_row][vc_row][vc_column][vc_separator border_width=&#8220;4&#8243;][\/vc_column][\/vc_row][vc_row][vc_column][vc_zigzag color=&#8220;blue&#8220;][\/vc_column][\/vc_row][vc_row][vc_column][vc_separator border_width=&#8220;4&#8243;][\/vc_column][\/vc_row][vc_row type=&#8220;1&#8243;][vc_column][vc_column_text]Einladung in den B\u00fchlerstadtnachrichten zu der Veranstaltung<\/p>\n<h2>Wenn Kakao zu fairer Schokolade wird \u2013<\/h2>\n<h2>Chancen f\u00fcr Kleinb\u00e4uerinnen in Westafrika<\/h2>\n<p>[\/vc_column_text][\/vc_column][\/vc_row][vc_row][vc_column]<div class=\"wl_einzelbild\"><p><img loading=\"lazy\" decoding=\"async\" class=\"alignnone wp-image-690\" src=\"https:\/\/weltlaeden.de\/buehl\/wp-content\/uploads\/sites\/177\/2023\/04\/20230412_Weltladen_Vortrag-300x192.jpg\" alt=\"\" width=\"694\" height=\"444\" srcset=\"https:\/\/weltlaeden.de\/buehl\/wp-content\/uploads\/sites\/177\/2023\/04\/20230412_Weltladen_Vortrag-300x192.jpg 300w, https:\/\/weltlaeden.de\/buehl\/wp-content\/uploads\/sites\/177\/2023\/04\/20230412_Weltladen_Vortrag-1024x655.jpg 1024w, https:\/\/weltlaeden.de\/buehl\/wp-content\/uploads\/sites\/177\/2023\/04\/20230412_Weltladen_Vortrag-768x491.jpg 768w, https:\/\/weltlaeden.de\/buehl\/wp-content\/uploads\/sites\/177\/2023\/04\/20230412_Weltladen_Vortrag-1536x983.jpg 1536w, https:\/\/weltlaeden.de\/buehl\/wp-content\/uploads\/sites\/177\/2023\/04\/20230412_Weltladen_Vortrag-scaled.jpg 2048w\" sizes=\"auto, (max-width: 694px) 100vw, 694px\" \/><\/p><\/div>[\/vc_column][\/vc_row][vc_row][vc_column][vc_separator border_width=&#8220;4&#8243;][\/vc_column][\/vc_row][vc_row][vc_column][vc_zigzag color=&#8220;blue&#8220;][\/vc_column][\/vc_row][vc_row][vc_column][vc_separator border_width=&#8220;4&#8243;][\/vc_column][\/vc_row][vc_row][vc_column]<style type=\"text\/css\" data-type=\"the7_shortcodes-inline-css\">.blog-shortcode.blog-masonry-shortcode-id-ddc61a5344d5fc53127409ec633b7e37.dividers-on.classic-layout-list article {\n  padding-top: 0;\n}\n.blog-shortcode.blog-masonry-shortcode-id-ddc61a5344d5fc53127409ec633b7e37.dividers-on.classic-layout-list article:first-of-type {\n  margin-top: 0;\n  padding-top: 0;\n}\n.blog-shortcode.blog-masonry-shortcode-id-ddc61a5344d5fc53127409ec633b7e37.classic-layout-list.mode-list .post-entry-content {\n  width: calc(100% - );\n}\n.blog-shortcode.blog-masonry-shortcode-id-ddc61a5344d5fc53127409ec633b7e37.classic-layout-list.mode-list .no-img .post-entry-content {\n  width: 100%;\n}\n.blog-shortcode.blog-masonry-shortcode-id-ddc61a5344d5fc53127409ec633b7e37 .filter-bg-decoration .filter-categories a.act {\n  color: #fff;\n}\n.blog-shortcode.blog-masonry-shortcode-id-ddc61a5344d5fc53127409ec633b7e37:not(.mode-masonry) article:first-of-type,\n.blog-shortcode.blog-masonry-shortcode-id-ddc61a5344d5fc53127409ec633b7e37:not(.mode-masonry) article.visible.first:not(.product) {\n  margin-top: 0;\n}\n.blog-shortcode.blog-masonry-shortcode-id-ddc61a5344d5fc53127409ec633b7e37.dividers-on:not(.mode-masonry) article {\n  margin-top: 0;\n}\n.blog-shortcode.blog-masonry-shortcode-id-ddc61a5344d5fc53127409ec633b7e37.dividers-on:not(.mode-masonry) article:first-of-type,\n.blog-shortcode.blog-masonry-shortcode-id-ddc61a5344d5fc53127409ec633b7e37.dividers-on:not(.mode-masonry) article.visible.first:not(.product) {\n  margin-top: 0;\n  padding-top: 0;\n}\n.blog-shortcode.blog-masonry-shortcode-id-ddc61a5344d5fc53127409ec633b7e37 .post-thumbnail-wrap {\n  padding: 0px 0px 0px 0px;\n}\n.blog-shortcode.blog-masonry-shortcode-id-ddc61a5344d5fc53127409ec633b7e37.enable-bg-rollover .post-thumbnail-rollover:after {\n  background: -webkit-linear-gradient();\n  background: linear-gradient();\n}\n.blog-shortcode.blog-masonry-shortcode-id-ddc61a5344d5fc53127409ec633b7e37 .gallery-zoom-ico {\n  width: 44px;\n  height: 44px;\n  line-height: 44px;\n  border-radius: 100px;\n  margin: -22px 0 0 -22px;\n  border-width: 0px;\n  color: #ffffff;\n}\n.bottom-overlap-layout-list.blog-shortcode.blog-masonry-shortcode-id-ddc61a5344d5fc53127409ec633b7e37 .gallery-zoom-ico {\n  margin-top: -72px;\n}\n.gradient-overlay-layout-list.blog-shortcode.blog-masonry-shortcode-id-ddc61a5344d5fc53127409ec633b7e37 .gallery-zoom-ico,\n.content-rollover-layout-list.blog-shortcode.blog-masonry-shortcode-id-ddc61a5344d5fc53127409ec633b7e37 .gallery-zoom-ico {\n  margin: 0 0 10px;\n}\n.content-align-center.gradient-overlay-layout-list.blog-shortcode.blog-masonry-shortcode-id-ddc61a5344d5fc53127409ec633b7e37 .gallery-zoom-ico,\n.content-align-center.content-rollover-layout-list.blog-shortcode.blog-masonry-shortcode-id-ddc61a5344d5fc53127409ec633b7e37 .gallery-zoom-ico {\n  margin: 0 auto 10px;\n}\n.dt-icon-bg-on.blog-shortcode.blog-masonry-shortcode-id-ddc61a5344d5fc53127409ec633b7e37 .gallery-zoom-ico {\n  background: rgba(255,255,255,0.3);\n  box-shadow: none;\n}\n.blog-shortcode.blog-masonry-shortcode-id-ddc61a5344d5fc53127409ec633b7e37 .gallery-zoom-ico > span,\n.blog-shortcode.blog-masonry-shortcode-id-ddc61a5344d5fc53127409ec633b7e37 .gallery-zoom-ico:before {\n  font-size: 32px;\n  line-height: 44px;\n}\n.blog-shortcode.blog-masonry-shortcode-id-ddc61a5344d5fc53127409ec633b7e37 .gallery-zoom-ico > span,\n.blog-shortcode.blog-masonry-shortcode-id-ddc61a5344d5fc53127409ec633b7e37 .gallery-zoom-ico:before {\n  color: #ffffff;\n}\n.blog-shortcode.blog-masonry-shortcode-id-ddc61a5344d5fc53127409ec633b7e37 .entry-title,\n.blog-shortcode.blog-masonry-shortcode-id-ddc61a5344d5fc53127409ec633b7e37.owl-carousel .entry-title {\n  margin-bottom: 5px;\n  font-weight: bold;\n}\n.blog-shortcode.blog-masonry-shortcode-id-ddc61a5344d5fc53127409ec633b7e37 .entry-meta {\n  margin-bottom: 15px;\n}\n.blog-shortcode.blog-masonry-shortcode-id-ddc61a5344d5fc53127409ec633b7e37 .portfolio-categories {\n  margin-bottom: 15px;\n}\n.blog-shortcode.blog-masonry-shortcode-id-ddc61a5344d5fc53127409ec633b7e37 .entry-excerpt {\n  margin-bottom: 5px;\n}\n.blog-shortcode.blog-masonry-shortcode-id-ddc61a5344d5fc53127409ec633b7e37:not(.centered-layout-list) .post-entry-content {\n  padding: 25px 30px 30px 30px;\n}\n.blog-shortcode.blog-masonry-shortcode-id-ddc61a5344d5fc53127409ec633b7e37:not(.centered-layout-list):not(.content-bg-on):not(.mode-list) .no-img .post-entry-content {\n  padding: 0;\n}\n@media screen and (max-width: ) {\n  .blog-shortcode.blog-masonry-shortcode-id-ddc61a5344d5fc53127409ec633b7e37 article {\n    -ms-flex-flow: column nowrap;\n    flex-flow: column nowrap;\n    margin-top: 20px;\n  }\n  .blog-shortcode.blog-masonry-shortcode-id-ddc61a5344d5fc53127409ec633b7e37.dividers-on article {\n    border: none;\n  }\n  .blog-shortcode.blog-masonry-shortcode-id-ddc61a5344d5fc53127409ec633b7e37.content-bg-on.centered-layout-list article {\n    padding: 0;\n  }\n  .blog-shortcode.blog-masonry-shortcode-id-ddc61a5344d5fc53127409ec633b7e37.blog-shortcode.dividers-on article,\n  .blog-shortcode.blog-masonry-shortcode-id-ddc61a5344d5fc53127409ec633b7e37.dividers-on.classic-layout-list article {\n    margin-top: 20px;\n    padding: 0;\n  }\n  .blog-shortcode.blog-masonry-shortcode-id-ddc61a5344d5fc53127409ec633b7e37.blog-shortcode.dividers-on article:first-of-type,\n  .blog-shortcode.blog-masonry-shortcode-id-ddc61a5344d5fc53127409ec633b7e37.dividers-on.classic-layout-list article:first-of-type {\n    padding: 0;\n  }\n  #page .blog-shortcode.blog-masonry-shortcode-id-ddc61a5344d5fc53127409ec633b7e37 .post-thumbnail-wrap,\n  #page .blog-shortcode.blog-masonry-shortcode-id-ddc61a5344d5fc53127409ec633b7e37 .post-entry-content {\n    width: 100%;\n    margin: 0;\n    top: 0;\n  }\n  #page .blog-shortcode.blog-masonry-shortcode-id-ddc61a5344d5fc53127409ec633b7e37 .post-thumbnail-wrap {\n    padding: 0;\n  }\n  #page .blog-shortcode.blog-masonry-shortcode-id-ddc61a5344d5fc53127409ec633b7e37 .post-entry-content:after {\n    display: none;\n  }\n  #page .blog-shortcode.blog-masonry-shortcode-id-ddc61a5344d5fc53127409ec633b7e37 .project-even .post-thumbnail-wrap,\n  #page .blog-shortcode.blog-masonry-shortcode-id-ddc61a5344d5fc53127409ec633b7e37.centered-layout-list .post-thumbnail-wrap {\n    -ms-flex-order: 0;\n    order: 0;\n  }\n  #page .blog-shortcode.blog-masonry-shortcode-id-ddc61a5344d5fc53127409ec633b7e37.centered-layout-list .post-entry-title-content {\n    -ms-flex-order: 1;\n    order: 1;\n    width: 100%;\n    padding: 20px 20px 0;\n  }\n  #page .blog-shortcode.blog-masonry-shortcode-id-ddc61a5344d5fc53127409ec633b7e37.centered-layout-list .post-entry-content {\n    -ms-flex-order: 2;\n    order: 2;\n    padding-top: 0;\n  }\n  #page .blog-shortcode.blog-masonry-shortcode-id-ddc61a5344d5fc53127409ec633b7e37 .fancy-categories {\n    top: 10px;\n    left: 10px;\n    bottom: auto;\n    right: auto;\n  }\n  #page .blog-shortcode.blog-masonry-shortcode-id-ddc61a5344d5fc53127409ec633b7e37 .fancy-date a {\n    top: 10px;\n    right: 10px;\n    left: auto;\n    bottom: auto;\n  }\n  #page .blog-shortcode.blog-masonry-shortcode-id-ddc61a5344d5fc53127409ec633b7e37 .post-entry-content {\n    padding: 20px;\n  }\n  #page .blog-shortcode.blog-masonry-shortcode-id-ddc61a5344d5fc53127409ec633b7e37 .entry-title {\n    margin: 3px 0 5px;\n    font-size: 20px;\n    line-height: 26px;\n  }\n  #page .blog-shortcode.blog-masonry-shortcode-id-ddc61a5344d5fc53127409ec633b7e37 .entry-meta {\n    margin: 5px 0 5px;\n  }\n  #page .blog-shortcode.blog-masonry-shortcode-id-ddc61a5344d5fc53127409ec633b7e37 .entry-excerpt {\n    margin: 15px 0 0;\n  }\n  #page .blog-shortcode.blog-masonry-shortcode-id-ddc61a5344d5fc53127409ec633b7e37 .post-details {\n    margin: 5px 0 10px;\n  }\n  #page .blog-shortcode.blog-masonry-shortcode-id-ddc61a5344d5fc53127409ec633b7e37 .post-details.details-type-link {\n    margin-bottom: 2px;\n  }\n}<\/style><div class=\"blog-shortcode blog-masonry-shortcode-id-ddc61a5344d5fc53127409ec633b7e37 mode-masonry classic-layout-list content-bg-on jquery-filter scale-img dt-icon-bg-off resize-by-browser-width loading-effect-none description-under-image \" data-padding=\"15px\" data-cur-page=\"1\" data-post-limit=\"-1\" data-pagination-mode=\"none\" data-desktop-columns-num=\"2\" data-v-tablet-columns-num=\"1\" data-h-tablet-columns-num=\"2\" data-phone-columns-num=\"1\" data-width=\"0px\" data-columns=\"0\"><div class=\"iso-container\" ><\/div><!-- iso-container|iso-grid --><\/div>[\/vc_column][\/vc_row][vc_row][vc_column][vc_column_text]<\/p>\n<h2>Bericht von der Hauptversammlung vom 10.03.2023<\/h2>\n<p>[\/vc_column_text][vc_column_text]<\/p>\n<p>Trotz st\u00fcrmischen Regenwetters hatten sich fast die H\u00e4lfte der 74 Mitglieder des \u201eTreffpunkt Weltladen B\u00fchl e.V.\u201c zur ersten Hauptversammlung nach der Gr\u00fcndung im Oktober 2021 auf den Weg gemacht, um ihr Interesse am Vereinsgeschehen zu zeigen. Der Vorsitzende Nikolaus Krippl betonte in seinem R\u00fcckblick die \u00dcberlegungen, die nach 28 Jahren Engagement im Weltladen als kirchliche Gruppierung zur Vereinsgr\u00fcndung f\u00fchrten. Aufgrund dringender Bitte und Anraten der katholischen Kirchengemeinde B\u00fchl\/Vimbuch habe sich das Weltladenteam zu diesem Schritt entschlossen. \u201eDas Team sah die Notwendigkeit, den Produzenten im globalen S\u00fcden weiterhin die Chance zu bieten, ihre Produkte zu fairen Preisen verkaufen zu k\u00f6nnen. Denn nur so kann sichergestellt werden, dass diese Menschen von ihrer eigenen Arbeit ein menschenw\u00fcrdiges Leben f\u00fchren k\u00f6nnen. Sie k\u00f6nnen in ihrer Heimat bleiben und m\u00fcssen sich nicht auf den oft gef\u00e4hrlichen Weg ins vermeintliche Paradies im Norden machen\u201c, betonte Krippl. \u201eDiese \u00dcberzeugung bildet den Grund unseres Engagements.\u201c Er bedankte sich bei allen, die den Verein unterst\u00fctzen und sich f\u00fcr dessen Anliegen engagieren.<\/p>\n<p>Am 1. Januar 2022 \u00fcbernahm der neue Verein den Weltladen B\u00fchl als Tr\u00e4ger. Offen sind im Moment noch eventuelle Steuernachzahlungen aus den Jahren 2017 bis 2021, die durch die Zusammenlegung der ehemaligen selbst\u00e4ndigen Pfarreien St. Peter und Paul B\u00fchl und Kirchspiel Vimbuch entstanden sind. Denn dadurch wurden auch die Weltl\u00e4den in B\u00fchl und in Vimbuch zusammen betrachtet und damit durch Erreichen der Besteuerungsgrenzen steuerpflichtig. Wie hoch die Nachzahlung ausf\u00e4llt und wer diese letztendlich finanzieren muss, wird in den kommenden Wochen entschieden.<\/p>\n<p>Die neu gestaltete Homepage des Vereins stellte Peter Bolz, 2. Vorsitzender, den Anwesenden vor. Die Grundlagen daf\u00fcr stelle der Weltladen Dachverband zur Verf\u00fcgung, die Ausgestaltung liege beim Verein. Es werde weiter an dieser Pr\u00e4sentationsm\u00f6glichkeit des Vereins und des Ladens gearbeitet.<\/p>\n<p>Monika Krippl wies als Beisitzerin im Vorstand und Mitglied der Steuerungsgruppe der Fairtrade-Stadt B\u00fchl auf die gute Zusammenarbeit mit der Stadtverwaltung hin. Im Bildungsbereich w\u00fcrden immer wieder gemeinsame Veranstaltungen angeboten, um die Idee des Fairen Handels noch bekannter zu machen. Das Angebot an die Schulen, Informationen direkt im Klassenzimmer oder im Weltladen zu pr\u00e4sentieren, bestehe weiterhin.<\/p>\n<p>Das finanzielle Ergebnis des Jahres 2022 wurde vom Kassenwart Nikolaus Krippl vorgestellt. Er habe das Amt zus\u00e4tzlich \u00fcbernommen, weil sonst niemand daf\u00fcr gefunden werden konnte, betonte er zu Beginn seiner detaillierten und transparenten Ausf\u00fchrungen, die mit Hilfe eines Beamers f\u00fcr alle Anwesenden anschaulich dargestellt wurden. Der Verein habe mit seinem Wirtschaftsbetrieb \u201eWeltladen\u201c einen leichten Gewinn erzielt, was aufgrund der allgemeinen Wirtschaftslage sicherlich positiv zu werten sei. Dankbar sei man auch f\u00fcr die Spenden, die dem gemeinn\u00fctzigen Verein zur Verf\u00fcgung gestellt wurden.<\/p>\n<p>Die Best\u00e4tigung und Wahl des Kassenpr\u00fcfers f\u00fchrte die Beisitzerin Bettina Tietze-Ullmann durch. Dieses Amt \u00fcbernahm Stephan Lorenz-Feurer, der durch ein einstimmiges Votum best\u00e4tigt und gew\u00e4hlt wurde. Er hatte die Kassenf\u00fchrung im Vorfeld der Versammlung gepr\u00fcft und empfahl der Versammlung die Entlastung des Kassenwarts. Danach bedankte sich Mitglied Lutz J\u00e4ckel beim gesamten Vorstand f\u00fcr dessen Arbeit und beantragte die Entlastung.<\/p>\n<p>Zum Abschluss wurde dem Antrag des Vorstandes, \u00fcber die Verwendung des Jahres\u00fcberschusses verf\u00fcgen zu k\u00f6nnen, zugestimmt. Der Hintergrund daf\u00fcr sind \u00dcberlegungen, im Weltladen \u00fcber die M\u00f6glichkeit eines Minijobs (520 Euro) eventuell f\u00fcr Entlastung der Gesch\u00e4ftsf\u00fchrung zu sorgen. Die Suche nach einer daf\u00fcr geeigneten Person soll verst\u00e4rkt angegangen werden.<\/p>\n<p>.[\/vc_column_text][vc_separator color=&#8220;blue&#8220;][vc_zigzag color=&#8220;blue&#8220;][vc_separator color=&#8220;blue&#8220;][\/vc_column][\/vc_row][vc_row][vc_column]<style type=\"text\/css\" data-type=\"the7_shortcodes-inline-css\">.blog-shortcode.blog-masonry-shortcode-id-ddc61a5344d5fc53127409ec633b7e37.dividers-on.classic-layout-list article {\n  padding-top: 0;\n}\n.blog-shortcode.blog-masonry-shortcode-id-ddc61a5344d5fc53127409ec633b7e37.dividers-on.classic-layout-list article:first-of-type {\n  margin-top: 0;\n  padding-top: 0;\n}\n.blog-shortcode.blog-masonry-shortcode-id-ddc61a5344d5fc53127409ec633b7e37.classic-layout-list.mode-list .post-entry-content {\n  width: calc(100% - );\n}\n.blog-shortcode.blog-masonry-shortcode-id-ddc61a5344d5fc53127409ec633b7e37.classic-layout-list.mode-list .no-img .post-entry-content {\n  width: 100%;\n}\n.blog-shortcode.blog-masonry-shortcode-id-ddc61a5344d5fc53127409ec633b7e37 .filter-bg-decoration .filter-categories a.act {\n  color: #fff;\n}\n.blog-shortcode.blog-masonry-shortcode-id-ddc61a5344d5fc53127409ec633b7e37:not(.mode-masonry) article:first-of-type,\n.blog-shortcode.blog-masonry-shortcode-id-ddc61a5344d5fc53127409ec633b7e37:not(.mode-masonry) article.visible.first:not(.product) {\n  margin-top: 0;\n}\n.blog-shortcode.blog-masonry-shortcode-id-ddc61a5344d5fc53127409ec633b7e37.dividers-on:not(.mode-masonry) article {\n  margin-top: 0;\n}\n.blog-shortcode.blog-masonry-shortcode-id-ddc61a5344d5fc53127409ec633b7e37.dividers-on:not(.mode-masonry) article:first-of-type,\n.blog-shortcode.blog-masonry-shortcode-id-ddc61a5344d5fc53127409ec633b7e37.dividers-on:not(.mode-masonry) article.visible.first:not(.product) {\n  margin-top: 0;\n  padding-top: 0;\n}\n.blog-shortcode.blog-masonry-shortcode-id-ddc61a5344d5fc53127409ec633b7e37 .post-thumbnail-wrap {\n  padding: 0px 0px 0px 0px;\n}\n.blog-shortcode.blog-masonry-shortcode-id-ddc61a5344d5fc53127409ec633b7e37.enable-bg-rollover .post-thumbnail-rollover:after {\n  background: -webkit-linear-gradient();\n  background: linear-gradient();\n}\n.blog-shortcode.blog-masonry-shortcode-id-ddc61a5344d5fc53127409ec633b7e37 .gallery-zoom-ico {\n  width: 44px;\n  height: 44px;\n  line-height: 44px;\n  border-radius: 100px;\n  margin: -22px 0 0 -22px;\n  border-width: 0px;\n  color: #ffffff;\n}\n.bottom-overlap-layout-list.blog-shortcode.blog-masonry-shortcode-id-ddc61a5344d5fc53127409ec633b7e37 .gallery-zoom-ico {\n  margin-top: -72px;\n}\n.gradient-overlay-layout-list.blog-shortcode.blog-masonry-shortcode-id-ddc61a5344d5fc53127409ec633b7e37 .gallery-zoom-ico,\n.content-rollover-layout-list.blog-shortcode.blog-masonry-shortcode-id-ddc61a5344d5fc53127409ec633b7e37 .gallery-zoom-ico {\n  margin: 0 0 10px;\n}\n.content-align-center.gradient-overlay-layout-list.blog-shortcode.blog-masonry-shortcode-id-ddc61a5344d5fc53127409ec633b7e37 .gallery-zoom-ico,\n.content-align-center.content-rollover-layout-list.blog-shortcode.blog-masonry-shortcode-id-ddc61a5344d5fc53127409ec633b7e37 .gallery-zoom-ico {\n  margin: 0 auto 10px;\n}\n.dt-icon-bg-on.blog-shortcode.blog-masonry-shortcode-id-ddc61a5344d5fc53127409ec633b7e37 .gallery-zoom-ico {\n  background: rgba(255,255,255,0.3);\n  box-shadow: none;\n}\n.blog-shortcode.blog-masonry-shortcode-id-ddc61a5344d5fc53127409ec633b7e37 .gallery-zoom-ico > span,\n.blog-shortcode.blog-masonry-shortcode-id-ddc61a5344d5fc53127409ec633b7e37 .gallery-zoom-ico:before {\n  font-size: 32px;\n  line-height: 44px;\n}\n.blog-shortcode.blog-masonry-shortcode-id-ddc61a5344d5fc53127409ec633b7e37 .gallery-zoom-ico > span,\n.blog-shortcode.blog-masonry-shortcode-id-ddc61a5344d5fc53127409ec633b7e37 .gallery-zoom-ico:before {\n  color: #ffffff;\n}\n.blog-shortcode.blog-masonry-shortcode-id-ddc61a5344d5fc53127409ec633b7e37 .entry-title,\n.blog-shortcode.blog-masonry-shortcode-id-ddc61a5344d5fc53127409ec633b7e37.owl-carousel .entry-title {\n  margin-bottom: 5px;\n  font-weight: bold;\n}\n.blog-shortcode.blog-masonry-shortcode-id-ddc61a5344d5fc53127409ec633b7e37 .entry-meta {\n  margin-bottom: 15px;\n}\n.blog-shortcode.blog-masonry-shortcode-id-ddc61a5344d5fc53127409ec633b7e37 .portfolio-categories {\n  margin-bottom: 15px;\n}\n.blog-shortcode.blog-masonry-shortcode-id-ddc61a5344d5fc53127409ec633b7e37 .entry-excerpt {\n  margin-bottom: 5px;\n}\n.blog-shortcode.blog-masonry-shortcode-id-ddc61a5344d5fc53127409ec633b7e37:not(.centered-layout-list) .post-entry-content {\n  padding: 25px 30px 30px 30px;\n}\n.blog-shortcode.blog-masonry-shortcode-id-ddc61a5344d5fc53127409ec633b7e37:not(.centered-layout-list):not(.content-bg-on):not(.mode-list) .no-img .post-entry-content {\n  padding: 0;\n}\n@media screen and (max-width: ) {\n  .blog-shortcode.blog-masonry-shortcode-id-ddc61a5344d5fc53127409ec633b7e37 article {\n    -ms-flex-flow: column nowrap;\n    flex-flow: column nowrap;\n    margin-top: 20px;\n  }\n  .blog-shortcode.blog-masonry-shortcode-id-ddc61a5344d5fc53127409ec633b7e37.dividers-on article {\n    border: none;\n  }\n  .blog-shortcode.blog-masonry-shortcode-id-ddc61a5344d5fc53127409ec633b7e37.content-bg-on.centered-layout-list article {\n    padding: 0;\n  }\n  .blog-shortcode.blog-masonry-shortcode-id-ddc61a5344d5fc53127409ec633b7e37.blog-shortcode.dividers-on article,\n  .blog-shortcode.blog-masonry-shortcode-id-ddc61a5344d5fc53127409ec633b7e37.dividers-on.classic-layout-list article {\n    margin-top: 20px;\n    padding: 0;\n  }\n  .blog-shortcode.blog-masonry-shortcode-id-ddc61a5344d5fc53127409ec633b7e37.blog-shortcode.dividers-on article:first-of-type,\n  .blog-shortcode.blog-masonry-shortcode-id-ddc61a5344d5fc53127409ec633b7e37.dividers-on.classic-layout-list article:first-of-type {\n    padding: 0;\n  }\n  #page .blog-shortcode.blog-masonry-shortcode-id-ddc61a5344d5fc53127409ec633b7e37 .post-thumbnail-wrap,\n  #page .blog-shortcode.blog-masonry-shortcode-id-ddc61a5344d5fc53127409ec633b7e37 .post-entry-content {\n    width: 100%;\n    margin: 0;\n    top: 0;\n  }\n  #page .blog-shortcode.blog-masonry-shortcode-id-ddc61a5344d5fc53127409ec633b7e37 .post-thumbnail-wrap {\n    padding: 0;\n  }\n  #page .blog-shortcode.blog-masonry-shortcode-id-ddc61a5344d5fc53127409ec633b7e37 .post-entry-content:after {\n    display: none;\n  }\n  #page .blog-shortcode.blog-masonry-shortcode-id-ddc61a5344d5fc53127409ec633b7e37 .project-even .post-thumbnail-wrap,\n  #page .blog-shortcode.blog-masonry-shortcode-id-ddc61a5344d5fc53127409ec633b7e37.centered-layout-list .post-thumbnail-wrap {\n    -ms-flex-order: 0;\n    order: 0;\n  }\n  #page .blog-shortcode.blog-masonry-shortcode-id-ddc61a5344d5fc53127409ec633b7e37.centered-layout-list .post-entry-title-content {\n    -ms-flex-order: 1;\n    order: 1;\n    width: 100%;\n    padding: 20px 20px 0;\n  }\n  #page .blog-shortcode.blog-masonry-shortcode-id-ddc61a5344d5fc53127409ec633b7e37.centered-layout-list .post-entry-content {\n    -ms-flex-order: 2;\n    order: 2;\n    padding-top: 0;\n  }\n  #page .blog-shortcode.blog-masonry-shortcode-id-ddc61a5344d5fc53127409ec633b7e37 .fancy-categories {\n    top: 10px;\n    left: 10px;\n    bottom: auto;\n    right: auto;\n  }\n  #page .blog-shortcode.blog-masonry-shortcode-id-ddc61a5344d5fc53127409ec633b7e37 .fancy-date a {\n    top: 10px;\n    right: 10px;\n    left: auto;\n    bottom: auto;\n  }\n  #page .blog-shortcode.blog-masonry-shortcode-id-ddc61a5344d5fc53127409ec633b7e37 .post-entry-content {\n    padding: 20px;\n  }\n  #page .blog-shortcode.blog-masonry-shortcode-id-ddc61a5344d5fc53127409ec633b7e37 .entry-title {\n    margin: 3px 0 5px;\n    font-size: 20px;\n    line-height: 26px;\n  }\n  #page .blog-shortcode.blog-masonry-shortcode-id-ddc61a5344d5fc53127409ec633b7e37 .entry-meta {\n    margin: 5px 0 5px;\n  }\n  #page .blog-shortcode.blog-masonry-shortcode-id-ddc61a5344d5fc53127409ec633b7e37 .entry-excerpt {\n    margin: 15px 0 0;\n  }\n  #page .blog-shortcode.blog-masonry-shortcode-id-ddc61a5344d5fc53127409ec633b7e37 .post-details {\n    margin: 5px 0 10px;\n  }\n  #page .blog-shortcode.blog-masonry-shortcode-id-ddc61a5344d5fc53127409ec633b7e37 .post-details.details-type-link {\n    margin-bottom: 2px;\n  }\n}<\/style><div class=\"blog-shortcode blog-masonry-shortcode-id-ddc61a5344d5fc53127409ec633b7e37 mode-masonry classic-layout-list content-bg-on jquery-filter scale-img dt-icon-bg-off resize-by-browser-width loading-effect-none description-under-image \" data-padding=\"15px\" data-cur-page=\"1\" data-post-limit=\"-1\" data-pagination-mode=\"none\" data-desktop-columns-num=\"2\" data-v-tablet-columns-num=\"1\" data-h-tablet-columns-num=\"2\" data-phone-columns-num=\"1\" data-width=\"0px\" data-columns=\"0\"><div class=\"iso-container\" ><\/div><!-- iso-container|iso-grid --><\/div>[\/vc_column][\/vc_row][vc_row][vc_column][vc_column_text]Im Rahmen der Fairen Woche bot die Stadt B\u00fchl zusammen mit dem Weltladen am 20.09.2022 den Vortrag &#8222;Fair steht dir &#8211;\u00a0 Fairhandeln f\u00fcr Menschenrechte weltweit&#8220; mit der Referentin Frau Dr. Alff an.[\/vc_column_text][\/vc_column][\/vc_row][vc_row][vc_column]<div class=\"wl_einzelbild\"><p><img loading=\"lazy\" decoding=\"async\" class=\"alignnone wp-image-674\" src=\"https:\/\/weltlaeden.de\/buehl\/wp-content\/uploads\/sites\/177\/2022\/09\/Scan_20220922_bearb-300x236.jpg\" alt=\"\" width=\"756\" height=\"594\" srcset=\"https:\/\/weltlaeden.de\/buehl\/wp-content\/uploads\/sites\/177\/2022\/09\/Scan_20220922_bearb-300x236.jpg 300w, https:\/\/weltlaeden.de\/buehl\/wp-content\/uploads\/sites\/177\/2022\/09\/Scan_20220922_bearb-1024x806.jpg 1024w, https:\/\/weltlaeden.de\/buehl\/wp-content\/uploads\/sites\/177\/2022\/09\/Scan_20220922_bearb-768x604.jpg 768w, https:\/\/weltlaeden.de\/buehl\/wp-content\/uploads\/sites\/177\/2022\/09\/Scan_20220922_bearb-1536x1209.jpg 1536w, https:\/\/weltlaeden.de\/buehl\/wp-content\/uploads\/sites\/177\/2022\/09\/Scan_20220922_bearb-scaled.jpg 2048w\" sizes=\"auto, (max-width: 756px) 100vw, 756px\" \/><\/p><\/div>[\/vc_column][\/vc_row][vc_row][vc_column][vc_column_text]Erschienen im Badischem Tagblatt vom: 22.09.2022<\/p>\n<p>.[\/vc_column_text][\/vc_column][\/vc_row][vc_row][vc_column][vc_separator border_width=&#8220;4&#8243;][\/vc_column][\/vc_row][vc_row][vc_column][vc_zigzag color=&#8220;blue&#8220;][\/vc_column][\/vc_row][vc_row][vc_column][vc_separator border_width=&#8220;4&#8243;][\/vc_column][\/vc_row][vc_row][vc_column]<style type=\"text\/css\" data-type=\"the7_shortcodes-inline-css\">.blog-shortcode.blog-masonry-shortcode-id-ddc61a5344d5fc53127409ec633b7e37.dividers-on.classic-layout-list article {\n  padding-top: 0;\n}\n.blog-shortcode.blog-masonry-shortcode-id-ddc61a5344d5fc53127409ec633b7e37.dividers-on.classic-layout-list article:first-of-type {\n  margin-top: 0;\n  padding-top: 0;\n}\n.blog-shortcode.blog-masonry-shortcode-id-ddc61a5344d5fc53127409ec633b7e37.classic-layout-list.mode-list .post-entry-content {\n  width: calc(100% - );\n}\n.blog-shortcode.blog-masonry-shortcode-id-ddc61a5344d5fc53127409ec633b7e37.classic-layout-list.mode-list .no-img .post-entry-content {\n  width: 100%;\n}\n.blog-shortcode.blog-masonry-shortcode-id-ddc61a5344d5fc53127409ec633b7e37 .filter-bg-decoration .filter-categories a.act {\n  color: #fff;\n}\n.blog-shortcode.blog-masonry-shortcode-id-ddc61a5344d5fc53127409ec633b7e37:not(.mode-masonry) article:first-of-type,\n.blog-shortcode.blog-masonry-shortcode-id-ddc61a5344d5fc53127409ec633b7e37:not(.mode-masonry) article.visible.first:not(.product) {\n  margin-top: 0;\n}\n.blog-shortcode.blog-masonry-shortcode-id-ddc61a5344d5fc53127409ec633b7e37.dividers-on:not(.mode-masonry) article {\n  margin-top: 0;\n}\n.blog-shortcode.blog-masonry-shortcode-id-ddc61a5344d5fc53127409ec633b7e37.dividers-on:not(.mode-masonry) article:first-of-type,\n.blog-shortcode.blog-masonry-shortcode-id-ddc61a5344d5fc53127409ec633b7e37.dividers-on:not(.mode-masonry) article.visible.first:not(.product) {\n  margin-top: 0;\n  padding-top: 0;\n}\n.blog-shortcode.blog-masonry-shortcode-id-ddc61a5344d5fc53127409ec633b7e37 .post-thumbnail-wrap {\n  padding: 0px 0px 0px 0px;\n}\n.blog-shortcode.blog-masonry-shortcode-id-ddc61a5344d5fc53127409ec633b7e37.enable-bg-rollover .post-thumbnail-rollover:after {\n  background: -webkit-linear-gradient();\n  background: linear-gradient();\n}\n.blog-shortcode.blog-masonry-shortcode-id-ddc61a5344d5fc53127409ec633b7e37 .gallery-zoom-ico {\n  width: 44px;\n  height: 44px;\n  line-height: 44px;\n  border-radius: 100px;\n  margin: -22px 0 0 -22px;\n  border-width: 0px;\n  color: #ffffff;\n}\n.bottom-overlap-layout-list.blog-shortcode.blog-masonry-shortcode-id-ddc61a5344d5fc53127409ec633b7e37 .gallery-zoom-ico {\n  margin-top: -72px;\n}\n.gradient-overlay-layout-list.blog-shortcode.blog-masonry-shortcode-id-ddc61a5344d5fc53127409ec633b7e37 .gallery-zoom-ico,\n.content-rollover-layout-list.blog-shortcode.blog-masonry-shortcode-id-ddc61a5344d5fc53127409ec633b7e37 .gallery-zoom-ico {\n  margin: 0 0 10px;\n}\n.content-align-center.gradient-overlay-layout-list.blog-shortcode.blog-masonry-shortcode-id-ddc61a5344d5fc53127409ec633b7e37 .gallery-zoom-ico,\n.content-align-center.content-rollover-layout-list.blog-shortcode.blog-masonry-shortcode-id-ddc61a5344d5fc53127409ec633b7e37 .gallery-zoom-ico {\n  margin: 0 auto 10px;\n}\n.dt-icon-bg-on.blog-shortcode.blog-masonry-shortcode-id-ddc61a5344d5fc53127409ec633b7e37 .gallery-zoom-ico {\n  background: rgba(255,255,255,0.3);\n  box-shadow: none;\n}\n.blog-shortcode.blog-masonry-shortcode-id-ddc61a5344d5fc53127409ec633b7e37 .gallery-zoom-ico > span,\n.blog-shortcode.blog-masonry-shortcode-id-ddc61a5344d5fc53127409ec633b7e37 .gallery-zoom-ico:before {\n  font-size: 32px;\n  line-height: 44px;\n}\n.blog-shortcode.blog-masonry-shortcode-id-ddc61a5344d5fc53127409ec633b7e37 .gallery-zoom-ico > span,\n.blog-shortcode.blog-masonry-shortcode-id-ddc61a5344d5fc53127409ec633b7e37 .gallery-zoom-ico:before {\n  color: #ffffff;\n}\n.blog-shortcode.blog-masonry-shortcode-id-ddc61a5344d5fc53127409ec633b7e37 .entry-title,\n.blog-shortcode.blog-masonry-shortcode-id-ddc61a5344d5fc53127409ec633b7e37.owl-carousel .entry-title {\n  margin-bottom: 5px;\n  font-weight: bold;\n}\n.blog-shortcode.blog-masonry-shortcode-id-ddc61a5344d5fc53127409ec633b7e37 .entry-meta {\n  margin-bottom: 15px;\n}\n.blog-shortcode.blog-masonry-shortcode-id-ddc61a5344d5fc53127409ec633b7e37 .portfolio-categories {\n  margin-bottom: 15px;\n}\n.blog-shortcode.blog-masonry-shortcode-id-ddc61a5344d5fc53127409ec633b7e37 .entry-excerpt {\n  margin-bottom: 5px;\n}\n.blog-shortcode.blog-masonry-shortcode-id-ddc61a5344d5fc53127409ec633b7e37:not(.centered-layout-list) .post-entry-content {\n  padding: 25px 30px 30px 30px;\n}\n.blog-shortcode.blog-masonry-shortcode-id-ddc61a5344d5fc53127409ec633b7e37:not(.centered-layout-list):not(.content-bg-on):not(.mode-list) .no-img .post-entry-content {\n  padding: 0;\n}\n@media screen and (max-width: ) {\n  .blog-shortcode.blog-masonry-shortcode-id-ddc61a5344d5fc53127409ec633b7e37 article {\n    -ms-flex-flow: column nowrap;\n    flex-flow: column nowrap;\n    margin-top: 20px;\n  }\n  .blog-shortcode.blog-masonry-shortcode-id-ddc61a5344d5fc53127409ec633b7e37.dividers-on article {\n    border: none;\n  }\n  .blog-shortcode.blog-masonry-shortcode-id-ddc61a5344d5fc53127409ec633b7e37.content-bg-on.centered-layout-list article {\n    padding: 0;\n  }\n  .blog-shortcode.blog-masonry-shortcode-id-ddc61a5344d5fc53127409ec633b7e37.blog-shortcode.dividers-on article,\n  .blog-shortcode.blog-masonry-shortcode-id-ddc61a5344d5fc53127409ec633b7e37.dividers-on.classic-layout-list article {\n    margin-top: 20px;\n    padding: 0;\n  }\n  .blog-shortcode.blog-masonry-shortcode-id-ddc61a5344d5fc53127409ec633b7e37.blog-shortcode.dividers-on article:first-of-type,\n  .blog-shortcode.blog-masonry-shortcode-id-ddc61a5344d5fc53127409ec633b7e37.dividers-on.classic-layout-list article:first-of-type {\n    padding: 0;\n  }\n  #page .blog-shortcode.blog-masonry-shortcode-id-ddc61a5344d5fc53127409ec633b7e37 .post-thumbnail-wrap,\n  #page .blog-shortcode.blog-masonry-shortcode-id-ddc61a5344d5fc53127409ec633b7e37 .post-entry-content {\n    width: 100%;\n    margin: 0;\n    top: 0;\n  }\n  #page .blog-shortcode.blog-masonry-shortcode-id-ddc61a5344d5fc53127409ec633b7e37 .post-thumbnail-wrap {\n    padding: 0;\n  }\n  #page .blog-shortcode.blog-masonry-shortcode-id-ddc61a5344d5fc53127409ec633b7e37 .post-entry-content:after {\n    display: none;\n  }\n  #page .blog-shortcode.blog-masonry-shortcode-id-ddc61a5344d5fc53127409ec633b7e37 .project-even .post-thumbnail-wrap,\n  #page .blog-shortcode.blog-masonry-shortcode-id-ddc61a5344d5fc53127409ec633b7e37.centered-layout-list .post-thumbnail-wrap {\n    -ms-flex-order: 0;\n    order: 0;\n  }\n  #page .blog-shortcode.blog-masonry-shortcode-id-ddc61a5344d5fc53127409ec633b7e37.centered-layout-list .post-entry-title-content {\n    -ms-flex-order: 1;\n    order: 1;\n    width: 100%;\n    padding: 20px 20px 0;\n  }\n  #page .blog-shortcode.blog-masonry-shortcode-id-ddc61a5344d5fc53127409ec633b7e37.centered-layout-list .post-entry-content {\n    -ms-flex-order: 2;\n    order: 2;\n    padding-top: 0;\n  }\n  #page .blog-shortcode.blog-masonry-shortcode-id-ddc61a5344d5fc53127409ec633b7e37 .fancy-categories {\n    top: 10px;\n    left: 10px;\n    bottom: auto;\n    right: auto;\n  }\n  #page .blog-shortcode.blog-masonry-shortcode-id-ddc61a5344d5fc53127409ec633b7e37 .fancy-date a {\n    top: 10px;\n    right: 10px;\n    left: auto;\n    bottom: auto;\n  }\n  #page .blog-shortcode.blog-masonry-shortcode-id-ddc61a5344d5fc53127409ec633b7e37 .post-entry-content {\n    padding: 20px;\n  }\n  #page .blog-shortcode.blog-masonry-shortcode-id-ddc61a5344d5fc53127409ec633b7e37 .entry-title {\n    margin: 3px 0 5px;\n    font-size: 20px;\n    line-height: 26px;\n  }\n  #page .blog-shortcode.blog-masonry-shortcode-id-ddc61a5344d5fc53127409ec633b7e37 .entry-meta {\n    margin: 5px 0 5px;\n  }\n  #page .blog-shortcode.blog-masonry-shortcode-id-ddc61a5344d5fc53127409ec633b7e37 .entry-excerpt {\n    margin: 15px 0 0;\n  }\n  #page .blog-shortcode.blog-masonry-shortcode-id-ddc61a5344d5fc53127409ec633b7e37 .post-details {\n    margin: 5px 0 10px;\n  }\n  #page .blog-shortcode.blog-masonry-shortcode-id-ddc61a5344d5fc53127409ec633b7e37 .post-details.details-type-link {\n    margin-bottom: 2px;\n  }\n}<\/style><div class=\"blog-shortcode blog-masonry-shortcode-id-ddc61a5344d5fc53127409ec633b7e37 mode-masonry classic-layout-list content-bg-on jquery-filter scale-img dt-icon-bg-off resize-by-browser-width loading-effect-none description-under-image \" data-padding=\"15px\" data-cur-page=\"1\" data-post-limit=\"-1\" data-pagination-mode=\"none\" data-desktop-columns-num=\"2\" data-v-tablet-columns-num=\"1\" data-h-tablet-columns-num=\"2\" data-phone-columns-num=\"1\" data-width=\"0px\" data-columns=\"0\"><div class=\"iso-container\" ><\/div><!-- iso-container|iso-grid --><\/div>[\/vc_column][\/vc_row][vc_row][vc_column][vc_column_text]Hier das Presse-Echo auf unsere Veranstaltung: &#8222;Dem fairen Kaffe auf der Spur&#8220;<\/p>\n<p>vom 14.05.2022[\/vc_column_text][\/vc_column][\/vc_row][vc_row][vc_column]<div class=\"wl_einzelbild\"><p><img loading=\"lazy\" decoding=\"async\" class=\"alignnone wp-image-663\" src=\"https:\/\/weltlaeden.de\/buehl\/wp-content\/uploads\/sites\/177\/2022\/09\/Scan_20220904__Bearb-300x177.jpg\" alt=\"\" width=\"828\" height=\"489\" srcset=\"https:\/\/weltlaeden.de\/buehl\/wp-content\/uploads\/sites\/177\/2022\/09\/Scan_20220904__Bearb-300x177.jpg 300w, https:\/\/weltlaeden.de\/buehl\/wp-content\/uploads\/sites\/177\/2022\/09\/Scan_20220904__Bearb-1024x603.jpg 1024w\" sizes=\"auto, (max-width: 828px) 100vw, 828px\" \/><\/p><\/div>[\/vc_column][\/vc_row][vc_row][vc_column][vc_column_text]Erschienen im Badischem Tagblatt vom: 16.05.2022<\/p>\n<p>.[\/vc_column_text][\/vc_column][\/vc_row][vc_row][vc_column][vc_separator border_width=&#8220;4&#8243;][\/vc_column][\/vc_row][vc_row][vc_column][vc_column_text]Dazu noch ein Leserbrief zum dem Artikel vom 16.05.2022[\/vc_column_text][\/vc_column][\/vc_row][vc_row][vc_column]<div class=\"wl_einzelbild\"><p><img loading=\"lazy\" decoding=\"async\" class=\"alignnone wp-image-664\" src=\"https:\/\/weltlaeden.de\/buehl\/wp-content\/uploads\/sites\/177\/2022\/09\/Scan_20220904_2-159x300.jpg\" alt=\"\" width=\"317\" height=\"598\" srcset=\"https:\/\/weltlaeden.de\/buehl\/wp-content\/uploads\/sites\/177\/2022\/09\/Scan_20220904_2-159x300.jpg 159w, https:\/\/weltlaeden.de\/buehl\/wp-content\/uploads\/sites\/177\/2022\/09\/Scan_20220904_2-542x1024.jpg 542w, https:\/\/weltlaeden.de\/buehl\/wp-content\/uploads\/sites\/177\/2022\/09\/Scan_20220904_2-768x1451.jpg 768w, https:\/\/weltlaeden.de\/buehl\/wp-content\/uploads\/sites\/177\/2022\/09\/Scan_20220904_2-813x1536.jpg 813w, https:\/\/weltlaeden.de\/buehl\/wp-content\/uploads\/sites\/177\/2022\/09\/Scan_20220904_2.jpg 1084w\" sizes=\"auto, (max-width: 317px) 100vw, 317px\" \/><\/p><\/div>[\/vc_column][\/vc_row][vc_row][vc_column][vc_separator border_width=&#8220;4&#8243;][\/vc_column][\/vc_row][vc_row][vc_column][vc_zigzag color=&#8220;blue&#8220;][\/vc_column][\/vc_row][vc_row][vc_column][vc_separator border_width=&#8220;4&#8243;][\/vc_column][\/vc_row][vc_row][vc_column]<style type=\"text\/css\" data-type=\"the7_shortcodes-inline-css\">.blog-shortcode.blog-masonry-shortcode-id-ddc61a5344d5fc53127409ec633b7e37.dividers-on.classic-layout-list article {\n  padding-top: 0;\n}\n.blog-shortcode.blog-masonry-shortcode-id-ddc61a5344d5fc53127409ec633b7e37.dividers-on.classic-layout-list article:first-of-type {\n  margin-top: 0;\n  padding-top: 0;\n}\n.blog-shortcode.blog-masonry-shortcode-id-ddc61a5344d5fc53127409ec633b7e37.classic-layout-list.mode-list .post-entry-content {\n  width: calc(100% - );\n}\n.blog-shortcode.blog-masonry-shortcode-id-ddc61a5344d5fc53127409ec633b7e37.classic-layout-list.mode-list .no-img .post-entry-content {\n  width: 100%;\n}\n.blog-shortcode.blog-masonry-shortcode-id-ddc61a5344d5fc53127409ec633b7e37 .filter-bg-decoration .filter-categories a.act {\n  color: #fff;\n}\n.blog-shortcode.blog-masonry-shortcode-id-ddc61a5344d5fc53127409ec633b7e37:not(.mode-masonry) article:first-of-type,\n.blog-shortcode.blog-masonry-shortcode-id-ddc61a5344d5fc53127409ec633b7e37:not(.mode-masonry) article.visible.first:not(.product) {\n  margin-top: 0;\n}\n.blog-shortcode.blog-masonry-shortcode-id-ddc61a5344d5fc53127409ec633b7e37.dividers-on:not(.mode-masonry) article {\n  margin-top: 0;\n}\n.blog-shortcode.blog-masonry-shortcode-id-ddc61a5344d5fc53127409ec633b7e37.dividers-on:not(.mode-masonry) article:first-of-type,\n.blog-shortcode.blog-masonry-shortcode-id-ddc61a5344d5fc53127409ec633b7e37.dividers-on:not(.mode-masonry) article.visible.first:not(.product) {\n  margin-top: 0;\n  padding-top: 0;\n}\n.blog-shortcode.blog-masonry-shortcode-id-ddc61a5344d5fc53127409ec633b7e37 .post-thumbnail-wrap {\n  padding: 0px 0px 0px 0px;\n}\n.blog-shortcode.blog-masonry-shortcode-id-ddc61a5344d5fc53127409ec633b7e37.enable-bg-rollover .post-thumbnail-rollover:after {\n  background: -webkit-linear-gradient();\n  background: linear-gradient();\n}\n.blog-shortcode.blog-masonry-shortcode-id-ddc61a5344d5fc53127409ec633b7e37 .gallery-zoom-ico {\n  width: 44px;\n  height: 44px;\n  line-height: 44px;\n  border-radius: 100px;\n  margin: -22px 0 0 -22px;\n  border-width: 0px;\n  color: #ffffff;\n}\n.bottom-overlap-layout-list.blog-shortcode.blog-masonry-shortcode-id-ddc61a5344d5fc53127409ec633b7e37 .gallery-zoom-ico {\n  margin-top: -72px;\n}\n.gradient-overlay-layout-list.blog-shortcode.blog-masonry-shortcode-id-ddc61a5344d5fc53127409ec633b7e37 .gallery-zoom-ico,\n.content-rollover-layout-list.blog-shortcode.blog-masonry-shortcode-id-ddc61a5344d5fc53127409ec633b7e37 .gallery-zoom-ico {\n  margin: 0 0 10px;\n}\n.content-align-center.gradient-overlay-layout-list.blog-shortcode.blog-masonry-shortcode-id-ddc61a5344d5fc53127409ec633b7e37 .gallery-zoom-ico,\n.content-align-center.content-rollover-layout-list.blog-shortcode.blog-masonry-shortcode-id-ddc61a5344d5fc53127409ec633b7e37 .gallery-zoom-ico {\n  margin: 0 auto 10px;\n}\n.dt-icon-bg-on.blog-shortcode.blog-masonry-shortcode-id-ddc61a5344d5fc53127409ec633b7e37 .gallery-zoom-ico {\n  background: rgba(255,255,255,0.3);\n  box-shadow: none;\n}\n.blog-shortcode.blog-masonry-shortcode-id-ddc61a5344d5fc53127409ec633b7e37 .gallery-zoom-ico > span,\n.blog-shortcode.blog-masonry-shortcode-id-ddc61a5344d5fc53127409ec633b7e37 .gallery-zoom-ico:before {\n  font-size: 32px;\n  line-height: 44px;\n}\n.blog-shortcode.blog-masonry-shortcode-id-ddc61a5344d5fc53127409ec633b7e37 .gallery-zoom-ico > span,\n.blog-shortcode.blog-masonry-shortcode-id-ddc61a5344d5fc53127409ec633b7e37 .gallery-zoom-ico:before {\n  color: #ffffff;\n}\n.blog-shortcode.blog-masonry-shortcode-id-ddc61a5344d5fc53127409ec633b7e37 .entry-title,\n.blog-shortcode.blog-masonry-shortcode-id-ddc61a5344d5fc53127409ec633b7e37.owl-carousel .entry-title {\n  margin-bottom: 5px;\n  font-weight: bold;\n}\n.blog-shortcode.blog-masonry-shortcode-id-ddc61a5344d5fc53127409ec633b7e37 .entry-meta {\n  margin-bottom: 15px;\n}\n.blog-shortcode.blog-masonry-shortcode-id-ddc61a5344d5fc53127409ec633b7e37 .portfolio-categories {\n  margin-bottom: 15px;\n}\n.blog-shortcode.blog-masonry-shortcode-id-ddc61a5344d5fc53127409ec633b7e37 .entry-excerpt {\n  margin-bottom: 5px;\n}\n.blog-shortcode.blog-masonry-shortcode-id-ddc61a5344d5fc53127409ec633b7e37:not(.centered-layout-list) .post-entry-content {\n  padding: 25px 30px 30px 30px;\n}\n.blog-shortcode.blog-masonry-shortcode-id-ddc61a5344d5fc53127409ec633b7e37:not(.centered-layout-list):not(.content-bg-on):not(.mode-list) .no-img .post-entry-content {\n  padding: 0;\n}\n@media screen and (max-width: ) {\n  .blog-shortcode.blog-masonry-shortcode-id-ddc61a5344d5fc53127409ec633b7e37 article {\n    -ms-flex-flow: column nowrap;\n    flex-flow: column nowrap;\n    margin-top: 20px;\n  }\n  .blog-shortcode.blog-masonry-shortcode-id-ddc61a5344d5fc53127409ec633b7e37.dividers-on article {\n    border: none;\n  }\n  .blog-shortcode.blog-masonry-shortcode-id-ddc61a5344d5fc53127409ec633b7e37.content-bg-on.centered-layout-list article {\n    padding: 0;\n  }\n  .blog-shortcode.blog-masonry-shortcode-id-ddc61a5344d5fc53127409ec633b7e37.blog-shortcode.dividers-on article,\n  .blog-shortcode.blog-masonry-shortcode-id-ddc61a5344d5fc53127409ec633b7e37.dividers-on.classic-layout-list article {\n    margin-top: 20px;\n    padding: 0;\n  }\n  .blog-shortcode.blog-masonry-shortcode-id-ddc61a5344d5fc53127409ec633b7e37.blog-shortcode.dividers-on article:first-of-type,\n  .blog-shortcode.blog-masonry-shortcode-id-ddc61a5344d5fc53127409ec633b7e37.dividers-on.classic-layout-list article:first-of-type {\n    padding: 0;\n  }\n  #page .blog-shortcode.blog-masonry-shortcode-id-ddc61a5344d5fc53127409ec633b7e37 .post-thumbnail-wrap,\n  #page .blog-shortcode.blog-masonry-shortcode-id-ddc61a5344d5fc53127409ec633b7e37 .post-entry-content {\n    width: 100%;\n    margin: 0;\n    top: 0;\n  }\n  #page .blog-shortcode.blog-masonry-shortcode-id-ddc61a5344d5fc53127409ec633b7e37 .post-thumbnail-wrap {\n    padding: 0;\n  }\n  #page .blog-shortcode.blog-masonry-shortcode-id-ddc61a5344d5fc53127409ec633b7e37 .post-entry-content:after {\n    display: none;\n  }\n  #page .blog-shortcode.blog-masonry-shortcode-id-ddc61a5344d5fc53127409ec633b7e37 .project-even .post-thumbnail-wrap,\n  #page .blog-shortcode.blog-masonry-shortcode-id-ddc61a5344d5fc53127409ec633b7e37.centered-layout-list .post-thumbnail-wrap {\n    -ms-flex-order: 0;\n    order: 0;\n  }\n  #page .blog-shortcode.blog-masonry-shortcode-id-ddc61a5344d5fc53127409ec633b7e37.centered-layout-list .post-entry-title-content {\n    -ms-flex-order: 1;\n    order: 1;\n    width: 100%;\n    padding: 20px 20px 0;\n  }\n  #page .blog-shortcode.blog-masonry-shortcode-id-ddc61a5344d5fc53127409ec633b7e37.centered-layout-list .post-entry-content {\n    -ms-flex-order: 2;\n    order: 2;\n    padding-top: 0;\n  }\n  #page .blog-shortcode.blog-masonry-shortcode-id-ddc61a5344d5fc53127409ec633b7e37 .fancy-categories {\n    top: 10px;\n    left: 10px;\n    bottom: auto;\n    right: auto;\n  }\n  #page .blog-shortcode.blog-masonry-shortcode-id-ddc61a5344d5fc53127409ec633b7e37 .fancy-date a {\n    top: 10px;\n    right: 10px;\n    left: auto;\n    bottom: auto;\n  }\n  #page .blog-shortcode.blog-masonry-shortcode-id-ddc61a5344d5fc53127409ec633b7e37 .post-entry-content {\n    padding: 20px;\n  }\n  #page .blog-shortcode.blog-masonry-shortcode-id-ddc61a5344d5fc53127409ec633b7e37 .entry-title {\n    margin: 3px 0 5px;\n    font-size: 20px;\n    line-height: 26px;\n  }\n  #page .blog-shortcode.blog-masonry-shortcode-id-ddc61a5344d5fc53127409ec633b7e37 .entry-meta {\n    margin: 5px 0 5px;\n  }\n  #page .blog-shortcode.blog-masonry-shortcode-id-ddc61a5344d5fc53127409ec633b7e37 .entry-excerpt {\n    margin: 15px 0 0;\n  }\n  #page .blog-shortcode.blog-masonry-shortcode-id-ddc61a5344d5fc53127409ec633b7e37 .post-details {\n    margin: 5px 0 10px;\n  }\n  #page .blog-shortcode.blog-masonry-shortcode-id-ddc61a5344d5fc53127409ec633b7e37 .post-details.details-type-link {\n    margin-bottom: 2px;\n  }\n}<\/style><div class=\"blog-shortcode blog-masonry-shortcode-id-ddc61a5344d5fc53127409ec633b7e37 mode-masonry classic-layout-list content-bg-on jquery-filter scale-img dt-icon-bg-off resize-by-browser-width loading-effect-none description-under-image \" data-padding=\"15px\" data-cur-page=\"1\" data-post-limit=\"-1\" data-pagination-mode=\"none\" data-desktop-columns-num=\"2\" data-v-tablet-columns-num=\"1\" data-h-tablet-columns-num=\"2\" data-phone-columns-num=\"1\" data-width=\"0px\" data-columns=\"0\"><div class=\"iso-container\" ><\/div><!-- iso-container|iso-grid --><\/div>[\/vc_column][\/vc_row][vc_row][vc_column][vc_zigzag color=&#8220;blue&#8220;][\/vc_column][\/vc_row]<\/p>\n<\/div>","protected":false},"excerpt":{"rendered":"<p>[vc_row][vc_column][vc_column_text] Neuigkeiten [\/vc_column_text][\/vc_column][\/vc_row][vc_row type=&#8220;1&#8243;][vc_column][vc_column_text css=&#8220;&#8220;] Der Acher B\u00fchler Bote vom 13.05.2025 berichtet \u00fcber den &#8222;Walk Talk&#8220; den die Steuerungsgrup- pe der Stadt B\u00fchl in Koopertion mit dem Verein &#8222;Treffpunkt Weltladen B\u00fchl&#8220; veranstaltet hat [\/vc_column_text][\/vc_column][\/vc_row][vc_row][vc_column][\/vc_column][\/vc_row][vc_row][vc_column][vc_separator border_width=&#8220;4&#8243;][\/vc_column][\/vc_row][vc_row][vc_column][vc_zigzag color=&#8220;blue&#8220;][\/vc_column][\/vc_row][vc_row][vc_column][vc_separator border_width=&#8220;4&#8243;][\/vc_column][\/vc_row][vc_row type=&#8220;1&#8243;][vc_column][vc_column_text css=&#8220;&#8220;] Der Acher B\u00fchler Bote\u00a0 vom 12.04.2025 berichtet [\/vc_column_text][\/vc_column][\/vc_row][vc_row][vc_column][\/vc_column][\/vc_row][vc_row][vc_column width=&#8220;1\/2&#8243;][\/vc_column][vc_column width=&#8220;1\/2&#8243;][\/vc_column][\/vc_row][vc_row][vc_column width=&#8220;1\/2&#8243;][\/vc_column][vc_column width=&#8220;1\/2&#8243;][\/vc_column][\/vc_row][vc_row][vc_column][vc_separator border_width=&#8220;4&#8243;][\/vc_column][\/vc_row][vc_row][vc_column][vc_zigzag color=&#8220;blue&#8220;][\/vc_column][\/vc_row][vc_row][vc_column][vc_separator border_width=&#8220;4&#8243;][\/vc_column][\/vc_row][vc_row type=&#8220;1&#8243;][vc_column][vc_column_text&hellip;<\/p>\n","protected":false},"author":1,"featured_media":591,"parent":0,"menu_order":3,"comment_status":"closed","ping_status":"closed","template":"","meta":{"footnotes":""},"class_list":["post-361","page","type-page","status-publish","has-post-thumbnail","hentry","description-off"],"yoast_head":"<!-- This site is optimized with the Yoast SEO plugin v26.8 - https:\/\/yoast.com\/product\/yoast-seo-wordpress\/ -->\n<title>Neuigkeiten - Weltladen B\u00fchl<\/title>\n<meta name=\"robots\" content=\"index, follow, max-snippet:-1, max-image-preview:large, max-video-preview:-1\" \/>\n<link rel=\"canonical\" href=\"https:\/\/weltlaeden.de\/buehl\/neuigkeiten\/\" \/>\n<meta property=\"og:locale\" content=\"de_DE\" \/>\n<meta property=\"og:type\" content=\"article\" \/>\n<meta property=\"og:title\" content=\"Neuigkeiten - Weltladen B\u00fchl\" \/>\n<meta property=\"og:description\" content=\"[vc_row][vc_column][vc_column_text] Neuigkeiten [\/vc_column_text][\/vc_column][\/vc_row][vc_row type=&#8220;1&#8243;][vc_column][vc_column_text css=&#8220;&#8220;] Der Acher B\u00fchler Bote vom 13.05.2025 berichtet \u00fcber den &#8222;Walk Talk&#8220; den die Steuerungsgrup- pe der Stadt B\u00fchl in Koopertion mit dem Verein &#8222;Treffpunkt Weltladen B\u00fchl&#8220; veranstaltet hat [\/vc_column_text][\/vc_column][\/vc_row][vc_row][vc_column][\/vc_column][\/vc_row][vc_row][vc_column][vc_separator border_width=&#8220;4&#8243;][\/vc_column][\/vc_row][vc_row][vc_column][vc_zigzag color=&#8220;blue&#8220;][\/vc_column][\/vc_row][vc_row][vc_column][vc_separator border_width=&#8220;4&#8243;][\/vc_column][\/vc_row][vc_row type=&#8220;1&#8243;][vc_column][vc_column_text css=&#8220;&#8220;] Der Acher B\u00fchler Bote\u00a0 vom 12.04.2025 berichtet [\/vc_column_text][\/vc_column][\/vc_row][vc_row][vc_column][\/vc_column][\/vc_row][vc_row][vc_column width=&#8220;1\/2&#8243;][\/vc_column][vc_column width=&#8220;1\/2&#8243;][\/vc_column][\/vc_row][vc_row][vc_column width=&#8220;1\/2&#8243;][\/vc_column][vc_column width=&#8220;1\/2&#8243;][\/vc_column][\/vc_row][vc_row][vc_column][vc_separator border_width=&#8220;4&#8243;][\/vc_column][\/vc_row][vc_row][vc_column][vc_zigzag color=&#8220;blue&#8220;][\/vc_column][\/vc_row][vc_row][vc_column][vc_separator border_width=&#8220;4&#8243;][\/vc_column][\/vc_row][vc_row type=&#8220;1&#8243;][vc_column][vc_column_text&hellip;\" \/>\n<meta property=\"og:url\" content=\"https:\/\/weltlaeden.de\/buehl\/neuigkeiten\/\" \/>\n<meta property=\"og:site_name\" content=\"Weltladen B\u00fchl\" \/>\n<meta property=\"article:modified_time\" content=\"2025-07-30T21:17:57+00:00\" \/>\n<meta property=\"og:image\" content=\"https:\/\/weltlaeden.de\/buehl\/wp-content\/uploads\/sites\/177\/2022\/02\/220205_BT_Zeitungsbericht-scaled.jpg\" \/>\n\t<meta property=\"og:image:width\" content=\"1920\" \/>\n\t<meta property=\"og:image:height\" content=\"1287\" \/>\n\t<meta property=\"og:image:type\" content=\"image\/jpeg\" \/>\n<meta name=\"twitter:card\" content=\"summary_large_image\" \/>\n<meta name=\"twitter:label1\" content=\"Gesch\u00e4tzte Lesezeit\" \/>\n\t<meta name=\"twitter:data1\" content=\"21\u00a0Minuten\" \/>\n<script type=\"application\/ld+json\" class=\"yoast-schema-graph\">{\"@context\":\"https:\/\/schema.org\",\"@graph\":[{\"@type\":\"WebPage\",\"@id\":\"https:\/\/weltlaeden.de\/buehl\/neuigkeiten\/\",\"url\":\"https:\/\/weltlaeden.de\/buehl\/neuigkeiten\/\",\"name\":\"Neuigkeiten - Weltladen B\u00fchl\",\"isPartOf\":{\"@id\":\"https:\/\/weltlaeden.de\/buehl\/#website\"},\"primaryImageOfPage\":{\"@id\":\"https:\/\/weltlaeden.de\/buehl\/neuigkeiten\/#primaryimage\"},\"image\":{\"@id\":\"https:\/\/weltlaeden.de\/buehl\/neuigkeiten\/#primaryimage\"},\"thumbnailUrl\":\"https:\/\/weltlaeden.de\/buehl\/wp-content\/uploads\/sites\/177\/2022\/02\/220205_BT_Zeitungsbericht-scaled.jpg\",\"datePublished\":\"2018-04-05T07:52:53+00:00\",\"dateModified\":\"2025-07-30T21:17:57+00:00\",\"breadcrumb\":{\"@id\":\"https:\/\/weltlaeden.de\/buehl\/neuigkeiten\/#breadcrumb\"},\"inLanguage\":\"de\",\"potentialAction\":[{\"@type\":\"ReadAction\",\"target\":[\"https:\/\/weltlaeden.de\/buehl\/neuigkeiten\/\"]}]},{\"@type\":\"ImageObject\",\"inLanguage\":\"de\",\"@id\":\"https:\/\/weltlaeden.de\/buehl\/neuigkeiten\/#primaryimage\",\"url\":\"https:\/\/weltlaeden.de\/buehl\/wp-content\/uploads\/sites\/177\/2022\/02\/220205_BT_Zeitungsbericht-scaled.jpg\",\"contentUrl\":\"https:\/\/weltlaeden.de\/buehl\/wp-content\/uploads\/sites\/177\/2022\/02\/220205_BT_Zeitungsbericht-scaled.jpg\",\"width\":1920,\"height\":1287},{\"@type\":\"BreadcrumbList\",\"@id\":\"https:\/\/weltlaeden.de\/buehl\/neuigkeiten\/#breadcrumb\",\"itemListElement\":[{\"@type\":\"ListItem\",\"position\":1,\"name\":\"Startseite\",\"item\":\"https:\/\/weltlaeden.de\/buehl\/\"},{\"@type\":\"ListItem\",\"position\":2,\"name\":\"Neuigkeiten\"}]},{\"@type\":\"WebSite\",\"@id\":\"https:\/\/weltlaeden.de\/buehl\/#website\",\"url\":\"https:\/\/weltlaeden.de\/buehl\/\",\"name\":\"Weltladen B\u00fchl\",\"description\":\"Faire Produkte seit 1990\",\"potentialAction\":[{\"@type\":\"SearchAction\",\"target\":{\"@type\":\"EntryPoint\",\"urlTemplate\":\"https:\/\/weltlaeden.de\/buehl\/?s={search_term_string}\"},\"query-input\":{\"@type\":\"PropertyValueSpecification\",\"valueRequired\":true,\"valueName\":\"search_term_string\"}}],\"inLanguage\":\"de\"}]}<\/script>\n<!-- \/ Yoast SEO plugin. -->","yoast_head_json":{"title":"Neuigkeiten - Weltladen B\u00fchl","robots":{"index":"index","follow":"follow","max-snippet":"max-snippet:-1","max-image-preview":"max-image-preview:large","max-video-preview":"max-video-preview:-1"},"canonical":"https:\/\/weltlaeden.de\/buehl\/neuigkeiten\/","og_locale":"de_DE","og_type":"article","og_title":"Neuigkeiten - Weltladen B\u00fchl","og_description":"[vc_row][vc_column][vc_column_text] Neuigkeiten [\/vc_column_text][\/vc_column][\/vc_row][vc_row type=&#8220;1&#8243;][vc_column][vc_column_text css=&#8220;&#8220;] Der Acher B\u00fchler Bote vom 13.05.2025 berichtet \u00fcber den &#8222;Walk Talk&#8220; den die Steuerungsgrup- pe der Stadt B\u00fchl in Koopertion mit dem Verein &#8222;Treffpunkt Weltladen B\u00fchl&#8220; veranstaltet hat [\/vc_column_text][\/vc_column][\/vc_row][vc_row][vc_column][\/vc_column][\/vc_row][vc_row][vc_column][vc_separator border_width=&#8220;4&#8243;][\/vc_column][\/vc_row][vc_row][vc_column][vc_zigzag color=&#8220;blue&#8220;][\/vc_column][\/vc_row][vc_row][vc_column][vc_separator border_width=&#8220;4&#8243;][\/vc_column][\/vc_row][vc_row type=&#8220;1&#8243;][vc_column][vc_column_text css=&#8220;&#8220;] Der Acher B\u00fchler Bote\u00a0 vom 12.04.2025 berichtet [\/vc_column_text][\/vc_column][\/vc_row][vc_row][vc_column][\/vc_column][\/vc_row][vc_row][vc_column width=&#8220;1\/2&#8243;][\/vc_column][vc_column width=&#8220;1\/2&#8243;][\/vc_column][\/vc_row][vc_row][vc_column width=&#8220;1\/2&#8243;][\/vc_column][vc_column width=&#8220;1\/2&#8243;][\/vc_column][\/vc_row][vc_row][vc_column][vc_separator border_width=&#8220;4&#8243;][\/vc_column][\/vc_row][vc_row][vc_column][vc_zigzag color=&#8220;blue&#8220;][\/vc_column][\/vc_row][vc_row][vc_column][vc_separator border_width=&#8220;4&#8243;][\/vc_column][\/vc_row][vc_row type=&#8220;1&#8243;][vc_column][vc_column_text&hellip;","og_url":"https:\/\/weltlaeden.de\/buehl\/neuigkeiten\/","og_site_name":"Weltladen B\u00fchl","article_modified_time":"2025-07-30T21:17:57+00:00","og_image":[{"width":1920,"height":1287,"url":"https:\/\/weltlaeden.de\/buehl\/wp-content\/uploads\/sites\/177\/2022\/02\/220205_BT_Zeitungsbericht-scaled.jpg","type":"image\/jpeg"}],"twitter_card":"summary_large_image","twitter_misc":{"Gesch\u00e4tzte Lesezeit":"21\u00a0Minuten"},"schema":{"@context":"https:\/\/schema.org","@graph":[{"@type":"WebPage","@id":"https:\/\/weltlaeden.de\/buehl\/neuigkeiten\/","url":"https:\/\/weltlaeden.de\/buehl\/neuigkeiten\/","name":"Neuigkeiten - Weltladen B\u00fchl","isPartOf":{"@id":"https:\/\/weltlaeden.de\/buehl\/#website"},"primaryImageOfPage":{"@id":"https:\/\/weltlaeden.de\/buehl\/neuigkeiten\/#primaryimage"},"image":{"@id":"https:\/\/weltlaeden.de\/buehl\/neuigkeiten\/#primaryimage"},"thumbnailUrl":"https:\/\/weltlaeden.de\/buehl\/wp-content\/uploads\/sites\/177\/2022\/02\/220205_BT_Zeitungsbericht-scaled.jpg","datePublished":"2018-04-05T07:52:53+00:00","dateModified":"2025-07-30T21:17:57+00:00","breadcrumb":{"@id":"https:\/\/weltlaeden.de\/buehl\/neuigkeiten\/#breadcrumb"},"inLanguage":"de","potentialAction":[{"@type":"ReadAction","target":["https:\/\/weltlaeden.de\/buehl\/neuigkeiten\/"]}]},{"@type":"ImageObject","inLanguage":"de","@id":"https:\/\/weltlaeden.de\/buehl\/neuigkeiten\/#primaryimage","url":"https:\/\/weltlaeden.de\/buehl\/wp-content\/uploads\/sites\/177\/2022\/02\/220205_BT_Zeitungsbericht-scaled.jpg","contentUrl":"https:\/\/weltlaeden.de\/buehl\/wp-content\/uploads\/sites\/177\/2022\/02\/220205_BT_Zeitungsbericht-scaled.jpg","width":1920,"height":1287},{"@type":"BreadcrumbList","@id":"https:\/\/weltlaeden.de\/buehl\/neuigkeiten\/#breadcrumb","itemListElement":[{"@type":"ListItem","position":1,"name":"Startseite","item":"https:\/\/weltlaeden.de\/buehl\/"},{"@type":"ListItem","position":2,"name":"Neuigkeiten"}]},{"@type":"WebSite","@id":"https:\/\/weltlaeden.de\/buehl\/#website","url":"https:\/\/weltlaeden.de\/buehl\/","name":"Weltladen B\u00fchl","description":"Faire Produkte seit 1990","potentialAction":[{"@type":"SearchAction","target":{"@type":"EntryPoint","urlTemplate":"https:\/\/weltlaeden.de\/buehl\/?s={search_term_string}"},"query-input":{"@type":"PropertyValueSpecification","valueRequired":true,"valueName":"search_term_string"}}],"inLanguage":"de"}]}},"_links":{"self":[{"href":"https:\/\/weltlaeden.de\/buehl\/wp-json\/wp\/v2\/pages\/361","targetHints":{"allow":["GET"]}}],"collection":[{"href":"https:\/\/weltlaeden.de\/buehl\/wp-json\/wp\/v2\/pages"}],"about":[{"href":"https:\/\/weltlaeden.de\/buehl\/wp-json\/wp\/v2\/types\/page"}],"author":[{"embeddable":true,"href":"https:\/\/weltlaeden.de\/buehl\/wp-json\/wp\/v2\/users\/1"}],"replies":[{"embeddable":true,"href":"https:\/\/weltlaeden.de\/buehl\/wp-json\/wp\/v2\/comments?post=361"}],"version-history":[{"count":134,"href":"https:\/\/weltlaeden.de\/buehl\/wp-json\/wp\/v2\/pages\/361\/revisions"}],"predecessor-version":[{"id":900,"href":"https:\/\/weltlaeden.de\/buehl\/wp-json\/wp\/v2\/pages\/361\/revisions\/900"}],"wp:featuredmedia":[{"embeddable":true,"href":"https:\/\/weltlaeden.de\/buehl\/wp-json\/wp\/v2\/media\/591"}],"wp:attachment":[{"href":"https:\/\/weltlaeden.de\/buehl\/wp-json\/wp\/v2\/media?parent=361"}],"curies":[{"name":"wp","href":"https:\/\/api.w.org\/{rel}","templated":true}]}}