{"id":23,"date":"2016-10-14T09:05:21","date_gmt":"2016-10-14T07:05:21","guid":{"rendered":"https:\/\/wl.heimpixel.de\/vorlage\/termine\/"},"modified":"2019-05-24T20:19:03","modified_gmt":"2019-05-24T18:19:03","slug":"termine","status":"publish","type":"page","link":"https:\/\/weltlaeden.de\/buchen\/termine\/","title":{"rendered":"Termine"},"content":{"rendered":"<div class=\"wpb-content-wrapper\"><p>[vc_row][vc_column]<div class=\"wl_einzelbild\"><p><img loading=\"lazy\" decoding=\"async\" class=\"alignnone size-full wp-image-nsm-3-19\" src=\"https:\/\/weltlaeden.de\/buchen\/wp-content\/uploads\/sites\/3\/2016\/11\/Termine.jpg\" alt=\"\" width=\"1200\" height=\"519\" \/><\/p><\/div>[vc_empty_space height=&#8220;30px&#8220;][vc_column_text]<\/p>\n<h1>Termine<\/h1>\n<h4><\/h4>\n<p>[\/vc_column_text][vc_empty_space height=&#8220;30px&#8220;][\/vc_column][\/vc_row][vc_row][vc_column width=&#8220;2\/3&#8243;][vc_column_text]<\/p>\n<h2>Kommende Termine<\/h2>\n<p>[\/vc_column_text]<ul class=\"termine-page current aktuell\"><li><h5 class=\"termine-titel\"><a href=\"https:\/\/weltlaeden.de\/buchen\/termin\/eine-welt-e-v-mitgliederversammlung\/\">Eine Welt e. V. Mitgliederversammlung<\/a><\/h5><p class=\"termine-date\">Do., 11.06.2026, 19:00 bis 11.06.2026, 21:00<\/p><p class=\"termine-auszug\">Mitglieder Eine Welt e. V. \u00f6ffentlich <p style=\"text-align: center\"><strong>Einladung Mitgliederversammlung<\/strong><\/p> Liebe Vereinsmitglieder, wir laden euch herzlich zur Mitgliederversammlung ein <p style=\"text-align: center\">am Donnerstag, den 11.06.2026 um 19:00 Uhr im Horizonte-Raum (Eingang Religionsp\u00e4dagogische Medienstelle Buchen) (Wimpinaplatz 5, 74722 Buchen)<\/p> 1. Begr\u00fc\u00dfung 2. Totengedenken 3. Bericht des Vorstandes 3.1 Bericht der Vorsitzenden 3.2 Bericht der Schatzmeisterin 4. Bericht der Kassenpr\u00fcfer 5. Entlastung des Vorstandes 6. Ladendienste 7. Neuorganisation (Einkauf, Ausblick Vorstandswahlen) 8. Vorschau (Termine, M\u00e4rkte, St\u00e4nde, \u00d6ffentlichkeitsarbeit, Social-Media, Bildungsarbeit) 9. Sonstiges Freundliche Gr\u00fc\u00dfe Markus Dosch Pratima Sahgal-Weimer Alexander Weinlein Vorsitzender Vorsitzende Vorsitzender<\/li><\/ul>[vc_empty_space height=&#8220;30px&#8220;][vc_column_text]<\/p>\n<h2>Vergangene Termine<\/h2>\n<p>[\/vc_column_text]<ul class=\"termine-page past vergangen\"><li><h5 class=\"termine-titel\"><a href=\"https:\/\/weltlaeden.de\/buchen\/termin\/eine-welt-e-v-vorstandssitzung-2\/\">Eine Welt e. V. Vorstandssitzung<\/a><\/h5><p class=\"termine-date\">Mi., 18.03.2026, 18:30<\/p><p class=\"termine-auszug\"><p class=termine-ort\"><small>Ort: <i>74722 Buchen<\/i><\/small><\/p><\/li><li><h5 class=\"termine-titel\"><a href=\"https:\/\/weltlaeden.de\/buchen\/termin\/dankes-fruehstueck\/\">Dankes-Fr\u00fchst\u00fcck<\/a><\/h5><p class=\"termine-date\">So., 25.01.2026, 10:00 bis 24.01.2026, 13:00<\/p><p class=\"termine-auszug\"><p class=termine-ort\"><small>Ort: <i>74722 Buchen<\/i><\/small><\/p><\/li><li><h5 class=\"termine-titel\"><a href=\"https:\/\/weltlaeden.de\/buchen\/termin\/weihnachtsmarkt-verlaengerte-oeffnungszeiten\/\">Weihnachtsmarkt &#8211; verl\u00e4ngerte \u00d6ffnungszeiten<\/a><\/h5><p class=\"termine-date\">Fr., 28.11.2025, 10:00 bis 29.11.2025, 20:00<\/p><p class=\"termine-auszug\">Freitag, 28.12.2025 10:00 Uhr bis 20:00 Uhr &nbsp; Samstag, 29.12.2025 10:00 Uhr bis 12.30 Uhr 15:00 Uhr bis 20:00 Uhr<p class=termine-ort\"><small>Ort: <i>Weltladen, Wimpinaplatz, 5, 74722 Buchen<\/i><\/small><\/p><\/li><li><h5 class=\"termine-titel\"><a href=\"https:\/\/weltlaeden.de\/buchen\/termin\/eine-welt-e-v-vorstandssitzung\/\">Eine Welt e. V. Vorstandssitzung<\/a><\/h5><p class=\"termine-date\">Mo., 17.11.2025, 18:00 bis 17.11.2025, 21:00<\/p><p class=\"termine-auszug\"><p class=termine-ort\"><small>Ort: <i>Buchen<\/i><\/small><\/p><\/li><li><h5 class=\"termine-titel\"><a href=\"https:\/\/weltlaeden.de\/buchen\/termin\/herbstmarkt\/\">Herbstmarkt<\/a><\/h5><p class=\"termine-date\">Sa., 25.10.2025, 10:00 bis 25.10.2025, 16:00<\/p><p class=\"termine-auszug\">verl\u00e4ngerte \u00d6ffnungszeit<\/li><li><h5 class=\"termine-titel\"><a href=\"https:\/\/weltlaeden.de\/buchen\/termin\/gepa-produktvorstellung\/\">GEPA-Produktvorstellung<\/a><\/h5><p class=\"termine-date\">Di., 19.08.2025, 15:30 bis 19.08.2025, 17:00<\/p><p class=\"termine-auszug\"><p class=termine-ort\"><small>Ort: <i>Weltladen, Wimpinaplatz, 5, 74722 Buchen<\/i><\/small><\/p><\/li><li><h5 class=\"termine-titel\"><a href=\"https:\/\/weltlaeden.de\/buchen\/termin\/vorstandssitzung-2\/\">Vorstandssitzung<\/a><\/h5><p class=\"termine-date\">Di., 01.07.2025, 19:00 bis 01.07.2025, 22:00<\/p><p class=\"termine-auszug\"><\/li><li><h5 class=\"termine-titel\"><a href=\"https:\/\/weltlaeden.de\/buchen\/termin\/mitgliederversammlung-2\/\">Mitgliederversammlung<\/a><\/h5><p class=\"termine-date\">Mi., 04.06.2025, 19:00 bis 04.06.2025, 22:00<\/p><p class=\"termine-auszug\"><p class=termine-ort\"><small>Ort: <i>Horizonte-Raum, Wimpinaplatz, 5, 74722 Buchen<\/i><\/small><\/p><\/li><li><h5 class=\"termine-titel\"><a href=\"https:\/\/weltlaeden.de\/buchen\/termin\/vorstandssitzung\/\">Vorstandssitzung<\/a><\/h5><p class=\"termine-date\">Mi., 02.04.2025, 19:00 bis 02.04.2025, 22:00<\/p><p class=\"termine-auszug\"><p class=termine-ort\"><small>Ort: <i>Buchen<\/i><\/small><\/p><\/li><li><h5 class=\"termine-titel\"><a href=\"https:\/\/weltlaeden.de\/buchen\/termin\/weltladen-geschlossen\/\">Weltladen geschlossen<\/a><\/h5><p class=\"termine-date\">Sa., 31.08.2024, 01:00 bis 08.09.2024, 23:00<\/p><p class=\"termine-auszug\"><\/li><li><h5 class=\"termine-titel\"><a href=\"https:\/\/weltlaeden.de\/buchen\/termin\/mitgliederversammlung\/\">Mitgliederversammlung<\/a><\/h5><p class=\"termine-date\">So., 14.07.2024, 09:30<\/p><p class=\"termine-auszug\"><em>Mitglieder Eine Welt e. V., Ladnerinnen und Ladner<\/em> <strong>\u00a0<\/strong> <strong>Einladung Mitgliederversammlung<\/strong> &nbsp; Liebe Vereinsmitglieder, liebe Ladnerinnen und Ladner, &nbsp; da f\u00fcr das geplante Fr\u00fchst\u00fcck sich nicht gen\u00fcgend angemeldet haben, m\u00fcssen wir umplanen und laden euch herzlich zur <strong>Mitgliederversammlung <\/strong>mit einem kleinen Snack ein &nbsp; am <strong>Sonntag, 14.07.2024<\/strong> um <strong>9:30 Uhr<\/strong> im <strong>Horizonte-Raum<\/strong> (im Wimpinahaus\/Medienstelle) (Wimpinaplatz 5, 74722 Buchen) <strong>\u00a0<\/strong> <strong> Begr\u00fc\u00dfung<\/strong> <strong> Totengedenken<\/strong> <strong> Bericht des Vorstandes<\/strong> 3.1 Bericht der Vorsitzenden 3.2 Bericht der Schatzmeisterin <strong> Bericht der Kassenpr\u00fcfer<\/strong> <strong> Entlastung des Vorstandes<\/strong> <strong> Vorschau<\/strong> (Termine, M\u00e4rkte, St\u00e4nde, \u00d6ffentlichkeitsarbeit, Social-Media) <strong> Sonstiges<\/strong> &nbsp; Freundliche Gr\u00fc\u00dfe &nbsp; Astrid Diehm\u00a0\u00a0\u00a0\u00a0\u00a0\u00a0\u00a0\u00a0\u00a0\u00a0\u00a0\u00a0\u00a0\u00a0\u00a0\u00a0\u00a0\u00a0\u00a0\u00a0\u00a0 Alexander Weinlein\u00a0\u00a0\u00a0\u00a0\u00a0\u00a0\u00a0\u00a0\u00a0\u00a0\u00a0\u00a0\u00a0\u00a0\u00a0\u00a0\u00a0\u00a0\u00a0\u00a0\u00a0\u00a0\u00a0\u00a0\u00a0\u00a0\u00a0\u00a0 Markus Dosch Vorsitzende\u00a0\u00a0\u00a0\u00a0\u00a0\u00a0\u00a0\u00a0\u00a0\u00a0\u00a0\u00a0\u00a0\u00a0\u00a0\u00a0\u00a0\u00a0\u00a0\u00a0\u00a0\u00a0\u00a0\u00a0 Vorsitzender\u00a0\u00a0\u00a0\u00a0\u00a0\u00a0\u00a0\u00a0\u00a0\u00a0\u00a0\u00a0\u00a0\u00a0\u00a0\u00a0\u00a0\u00a0\u00a0\u00a0\u00a0\u00a0\u00a0\u00a0\u00a0\u00a0\u00a0\u00a0\u00a0\u00a0\u00a0\u00a0\u00a0\u00a0\u00a0\u00a0\u00a0\u00a0\u00a0\u00a0\u00a0 Vorsitzender<p class=termine-ort\"><small>Ort: <i>Horizonte-Raum, Wimpinaplatz, 5, 74722 Buchen<\/i><\/small><\/p><\/li><li><h5 class=\"termine-titel\"><a href=\"https:\/\/weltlaeden.de\/buchen\/termin\/fair-trade-nur-etwas-fuer-reiche\/\">Fair-Trade: Nur etwas f\u00fcr Reiche?<\/a><\/h5><p class=\"termine-date\">Do., 11.07.2024, 18:00<\/p><p class=\"termine-auszug\"><a href=\"https:\/\/weltlaeden.de\/buchen\/wp-content\/uploads\/sites\/29\/2024\/07\/24-07-11-Eine-Welt-Vortrag.pdf\">Fairer Handel ... nur etwas f\u00fcr Reiche? - Einladung<\/a> Vortrag Fairer Handel \u2026 nur etwas f\u00fcr Reiche? am Donnerstag, 11.07.2024 um 18:00 Uhr im Gemeindehaus der Evangelischen Kirchengemeinde Buchen (Am R\u00fchlingshof 3, 74722 Buchen) mit Referent Dr. Eberhard Bolay Der Eine Welt e. V. Buchen hat Herrn Eberhard Bolay vom Weltladen-Dachverband eingeladen zu dem Thema \"Fairer Handel ... nur f\u00fcr Reiche?\". Er wird einf\u00fchren in den Fairen Handel und das Konzept \"kontrolliert Fairer Handel\" vorstellen. Dabei wird es insbesondere auch um die Inhalte, Ziele und Anliegen der Bewegung gehen. Auch Fragen zum Thema Preise und Lebensstil in Deutschland werden aufgegriffen. Was sind \u201eReiche\u201c und wer sind unsere Kunden? Wie k\u00f6nnen wir Wachstum der Branche erreichen und was w\u00e4ren politische und gesellschaftliche Forderungen. Dabei spielen auch die Aufgaben des Dachverbandes der Weltl\u00e4den eine bedeutende Rolle. Im Anschluss des Vortrages steht Herr Dr. Bolay f\u00fcr eine Diskussionsrunde zur Verf\u00fcgung. Dr. Eberhard [...] <a href=\"https:\/\/weltlaeden.de\/buchen\/termin\/fair-trade-nur-etwas-fuer-reiche\/\"><small>[WEITERLESEN]<\/small><\/a><\/p><p class=termine-ort\"><small>Ort: <i>Gemeindehaus der Evangelischen Kirchengemeinde Buchen, Am R\u00fchlingshof 3, 74722 Buchen<\/i><\/small><\/p><\/li><li><h5 class=\"termine-titel\"><a href=\"https:\/\/weltlaeden.de\/buchen\/termin\/stand-weihnachtsmarkt\/\">Stand &#8211; Weihnachtsmarkt<\/a><\/h5><p class=\"termine-date\">Fr., 01.12.2023, 11:00 bis 03.12.2023, 19:00<\/p><p class=\"termine-auszug\"><p class=termine-ort\"><small>Ort: <i>Marktstr., 74722 Buchen<\/i><\/small><\/p><\/li><li><h5 class=\"termine-titel\"><a href=\"https:\/\/weltlaeden.de\/buchen\/termin\/vorstellung-kaffee-projekt-burundi\/\">Vorstellung Kaffee-Projekt Burundi<\/a><\/h5><p class=\"termine-date\">Di., 07.11.2023, 19:00<\/p><p class=\"termine-auszug\">Ingo Schlotter h\u00e4lt einen Online-Vortrag via Zoom \u00fcber eben das Kaffeeprojekt in Burundi. Daran werden mehrere Weltl\u00e4den teilnehmen.Falls hierf\u00fcr Interesse besteht, melden Sie sich bitte bei <a href=\"mailto:schlotter@weltpartner.de\" target=\"_blank\" rel=\"nofollow noopener noreferrer\">schlotter@weltpartner.de<\/a>. &nbsp; <p class=\"yiv3627355035MsoNormal\"><a href=\"https:\/\/us02web.zoom.us\/j\/88191621468?pwd=US9tR3dYOUhUMy9TSCtqZFB6REFBZz09\" target=\"_blank\" rel=\"nofollow noopener noreferrer\">https:\/\/us02web.zoom.us\/j\/88191621468?pwd=US9tR3dYOUhUMy9TSCtqZFB6REFBZz09<\/a><\/p> <p class=\"yiv3627355035MsoNormal\">Meeting-ID: 881 9162 1468<\/p> <p class=\"yiv3627355035MsoNormal\">Kenncode: 128978<\/p> &nbsp; Sie k\u00f6nnen ebenfalls unseren 20-min\u00fctigen Film aus Burundi zeigen. Diesen finden Sie online hier:\u00a0<a href=\"https:\/\/www.weltpartner.de\/de\/handelspartner\/afrika\/burundi\/cococa-burundi\" target=\"_blank\" rel=\"nofollow noopener noreferrer\">https:\/\/www.weltpartner.de\/de\/handelspartner\/afrika\/burundi\/cococa-burundi<\/a><p class=termine-ort\"><small>Ort: <i>online<\/i><\/small><\/p><\/li><li><h5 class=\"termine-titel\"><a href=\"https:\/\/weltlaeden.de\/buchen\/termin\/ausstellung-amahoro-burundi\/\">Ausstellung Amahoro Burundi<\/a><\/h5><p class=\"termine-date\">Mo., 06.11.2023, 08:00 bis 24.11.2023, 12:00<\/p><p class=\"termine-auszug\"><a href=\"https:\/\/sez.de\/service\/ausstellungsverleih\/amahoro-burundi\">Ausstellung \"Amahoro Burundi\" (sez.de)<\/a><p class=termine-ort\"><small>Ort: <i>Foyer Rathaus Buchen, Wimpinaplatz 3, 74722 Buchen<\/i><\/small><\/p><\/li><li><h5 class=\"termine-titel\"><a href=\"https:\/\/weltlaeden.de\/buchen\/termin\/stand-auf-dem-buchener-herbstmarkt\/\">Stand auf dem Buchener Herbstmarkt<\/a><\/h5><p class=\"termine-date\">Sa., 21.10.2023, 10:00 bis 21.10.2023, 16:00<\/p><p class=\"termine-auszug\"><\/li><li><h5 class=\"termine-titel\"><a href=\"https:\/\/weltlaeden.de\/buchen\/termin\/stand-auf-dem-buchener-wochenmarkt\/\">Stand auf dem Buchener Wochenmarkt<\/a><\/h5><p class=\"termine-date\">Mi., 27.09.2023, 09:00 bis 27.09.2023, 13:00<\/p><p class=\"termine-auszug\"><p class=termine-ort\"><small>Ort: <i>Markt, 74722 Buchen<\/i><\/small><\/p><\/li><li><h5 class=\"termine-titel\"><a href=\"https:\/\/weltlaeden.de\/buchen\/termin\/zu-gast-in-burundi-einblicke-in-die-landespartnerschaft\/\">Zu Gast in Burundi \u2013 Einblicke in die Landespartnerschaft<\/a><\/h5><p class=\"termine-date\">Do., 17.08.2023, 18:00<\/p><p class=\"termine-auszug\">Buchen, 26.07.2023 <em>Mitglieder und Interessierte Eine Welt e. V.<\/em> <strong>Zu Gast in Burundi<\/strong> <strong>Einblicke in die Landespartnerschaft<\/strong> &nbsp; Liebe Vereinsmitglieder und Interessierte vom Eine Welt e. V., der \u201eEine Welt e. V.\u201c l\u00e4dt Sie zusammen mit der SPD Neckar-Odenwald-Kreis und dem SPD Ortsverein Buchen herzlich zum Gespr\u00e4ch mit Sebastian Cuny MdL ein am <strong>Donnerstag, den 17.08.2023<\/strong> um 18:00 Uhr im <strong>Weltladen Buchen<\/strong> (Wimpinaplatz 5, 74722 Buchen). Sebastian Cuny ist Mitglied im Petitionsausschuss, im Ausschuss f\u00fcr Europa und Internationales sowie entwicklungspolitischer Sprecher der SPD-Landtagsfraktion. K\u00fcrzlich hat er im Rahmen einer Delegationsreise der Landesregierung unser baden-w\u00fcrttembergisches Partnerland Burundi bereist. Mit ihm wollen wir am Beispiel Burundis \u00fcber unsere globale Verantwortung und Solidarit\u00e4t sprechen. Den kleinen ostafrikanischen Binnenstaat und Baden-W\u00fcrttemberg verbinden seit \u00fcber 30 Jahren partnerschaftliche Beziehungen, vor allem auf zivilgesellschaftlicher Ebene. Doch den meisten Baden-W\u00fcrttemberger*innen ist das Land, welches zu den \u00e4rmsten der Welt z\u00e4hlt, nicht n\u00e4her bekannt. Sebastian Cuny wird von [...] <a href=\"https:\/\/weltlaeden.de\/buchen\/termin\/zu-gast-in-burundi-einblicke-in-die-landespartnerschaft\/\"><small>[WEITERLESEN]<\/small><\/a><\/p><p class=termine-ort\"><small>Ort: <i>Weltladen Buchen, Wimpinaplatz 5, 74722 Buchen<\/i><\/small><\/p><\/li><li><h5 class=\"termine-titel\"><a href=\"https:\/\/weltlaeden.de\/buchen\/termin\/mitgliederversammlung-eine-welt-e-v\/\">Mitgliederversammlung &#8211; Eine Welt e. V.<\/a><\/h5><p class=\"termine-date\">Do., 13.07.2023, 18:30<\/p><p class=\"termine-auszug\">Buchen, 06.07.2023 <em>Mitglieder Eine Welt e. V.<\/em> <strong>\u00a0<\/strong> <strong>Einladung Mitgliederversammlung<\/strong> &nbsp; Liebe Vereinsmitglieder, wir laden euch herzlich zur <strong>Mitgliederversammlung <\/strong>ein &nbsp; am <strong>Donnerstag, den 13.07.2023<\/strong> um <strong>18:30 Uhr<\/strong> im <strong>Weltladen<\/strong> (Wimpinaplatz 5, Buchen) &nbsp; <strong> Begr\u00fc\u00dfung<\/strong> <strong> Totengedenken<\/strong> <strong> Bericht des Vorstandes<\/strong> 3.1 Bericht der Vorsitzenden 3.2 Bericht der Schatzmeisterin <strong> Bericht der Kassenpr\u00fcfer<\/strong> <strong>5 Entlastung des Vorstandes<\/strong> <strong> Neuwahlen<\/strong> <strong> Vorschau<\/strong> <strong> Verschiedenes<\/strong> &nbsp; Freundliche Gr\u00fc\u00dfe &nbsp; Astrid Diehm\u00a0\u00a0\u00a0\u00a0\u00a0\u00a0\u00a0\u00a0\u00a0\u00a0\u00a0\u00a0\u00a0\u00a0 Alexander Weinlein\u00a0\u00a0\u00a0\u00a0\u00a0\u00a0\u00a0\u00a0\u00a0\u00a0\u00a0\u00a0\u00a0\u00a0\u00a0\u00a0\u00a0\u00a0\u00a0\u00a0 Markus Dosch Vorsitzende\u00a0\u00a0\u00a0\u00a0\u00a0\u00a0\u00a0\u00a0\u00a0\u00a0\u00a0\u00a0\u00a0\u00a0\u00a0\u00a0 Vorsitzender\u00a0\u00a0\u00a0\u00a0\u00a0\u00a0\u00a0\u00a0\u00a0\u00a0\u00a0\u00a0\u00a0\u00a0\u00a0\u00a0\u00a0\u00a0\u00a0\u00a0\u00a0\u00a0\u00a0\u00a0\u00a0\u00a0\u00a0\u00a0\u00a0\u00a0\u00a0\u00a0\u00a0 Vorsitzender<p class=termine-ort\"><small>Ort: <i>Weltladen, Wimpinaplatz 5, 74722 Buchen<\/i><\/small><\/p><\/li><li><h5 class=\"termine-titel\"><a href=\"https:\/\/weltlaeden.de\/buchen\/termin\/30-jahre-eine-welt-e-v-buchen\/\">30-Jahre Eine Welt e. V. Buchen<\/a><\/h5><p class=\"termine-date\">Sa., 17.06.2023, 09:00<\/p><p class=\"termine-auszug\"><a href=\"https:\/\/weltlaeden.de\/buchen\/wp-content\/uploads\/sites\/29\/2023\/05\/Text-Oel-Degustation-mit-der-Oelmuehle-Walter.pdf\">Text - \u00d6l Degustation mit der Oelm\u00fchle Walter<\/a><p class=termine-ort\"><small>Ort: <i>Weltladen Buchen, Wimpinaplatz 5, 74722 Buchen<\/i><\/small><\/p><\/li><li><h5 class=\"termine-titel\"><a href=\"https:\/\/weltlaeden.de\/buchen\/termin\/gemeinsam-fuer-eine-faire-welt\/\">Gemeinsam f\u00fcr eine faire Welt<\/a><\/h5><p class=\"termine-date\">Di., 28.03.2023, 17:15<\/p><p class=\"termine-auszug\"><strong>Einladung zum Eine-Welt-Abend am Dienstag, 28. M\u00e4rz 2023<\/strong> &nbsp; Sehr geehrte Damen und Herren, &nbsp; wir freuen uns sehr, dass nach den coronabedingten Einschr\u00e4nkungen erstmals wieder seit 2019 der traditionelle <strong>\u201eEine-Welt-Abend\u201c <\/strong>bei gutem Essen und abwechslungsreicher Unterhaltung durchgef\u00fchrt werden kann. Der Abend wird vom F\u00f6rderverein des Burghardt-Gymnasiums \u201eVerein der Freunde\u201c veranstaltet. Die Durchf\u00fchrung erfolgt in Kooperation mit der <strong>Eine-Welt-AG des Burghardt-Gymnasiums Buchen und <\/strong>der S<strong>teuerungsgruppe der Fairtrade-Stadt Buchen <\/strong>unter dem Motto <strong>\u201eGemeinsam f\u00fcr eine faire Welt\u201c <\/strong>statt<strong>. <\/strong> Ich lade Sie, Ihre Familie und Freunde ganz herzlich zu diesem <strong>\u201eEine-Welt-Abend\u201c <\/strong>am Dienstag, den 28.3.2023 in die <strong>Stadthalle Buchen <\/strong>ein. <strong>Ab 17.15 Uhr <\/strong>werden Sie mit einem Begr\u00fc\u00dfungsgetr\u00e4nk empfangen und Sie k\u00f6nnen sich im Foyer der Stadthalle beim \u201eregionalen und fairen Markt\u201c an verschiedenen St\u00e4nden einen Eindruck davon verschaffen, wie sich Menschen und Institutionen in unserer Region f\u00fcr Gerechtigkeit und Fairness einsetzen. Um <strong>18.00 Uhr <\/strong>startet das abwechslungsreiche Programm. Nat\u00fcrlich wird [...] <a href=\"https:\/\/weltlaeden.de\/buchen\/termin\/gemeinsam-fuer-eine-faire-welt\/\"><small>[WEITERLESEN]<\/small><\/a><\/p><p class=termine-ort\"><small>Ort: <i>Stadthalle Buchen, Sch\u00fctzenstr. 1, 74722 Buchen<\/i><\/small><\/p><\/li><li><h5 class=\"termine-titel\"><a href=\"https:\/\/weltlaeden.de\/buchen\/termin\/weihnachtsurlaub-2020-2021\/\">Weihnachtsurlaub 2020\/2021<\/a><\/h5><p class=\"termine-date\">Do., 10.12.2020, 06:09<\/p><p class=\"termine-auszug\">Liebe Freunde und Kunden des Buchener Weltladens. Wir danken Ihnen von Herzen f\u00fcr Ihre Treue bei uns einzukaufen oder sich etwas schenken zu lassen. Ebenso danken wir f\u00fcr Ihre Geduld, wenn ein Artikel mal nicht vorr\u00e4tig war oder es etwas Zeit dauerte, bis wir diesen endlich wieder bestellt und in den Laden ger\u00e4umt haben. Man darf eben nicht vergessen, dass alles, was um den fairen Buchener Weltladen herum passiert im Ehrenamt geschieht. Deswegen und um Weihnachten und den Jahreswechsel in kleinem Kreis genie\u00dfen zu k\u00f6nnen machen wir <strong>vom 24.12.2020 - einschlie\u00dflich 9.1.2021 Urlaub<\/strong>. Bitte passen Sie in dieser Zeit gut auf sich und Ihre Lieben auf, bleiben Sie gesund und munter. Wir freuen uns <strong>ab 11.01. 2021<\/strong> wieder auf Ihren Besuch in unserem Weltladen. In diesem Sinne w\u00fcnschen wir Ihnen eine sch\u00f6ne friedliche Adventszeit, frohe und besinnliche Festtage und einen guten Rutsch in das neue Jahr.<\/li><li><h5 class=\"termine-titel\"><a href=\"https:\/\/weltlaeden.de\/buchen\/termin\/geniess-dei-buche-fair\/\">&#8222;Genie\u00df DEI BUCHE &#8211; fair&#8220;<\/a><\/h5><p class=\"termine-date\">Fr., 11.09.2020, 16:00<\/p><p class=\"termine-auszug\">Am letzten Sommerferienwochenende, Freitag, 11. September gibt es bei der Aktion <strong>\u201eGenie\u00df DEI BUCHE\u201c<\/strong> auch eine Beteiligung des Weltladens und der Fairtrade Stadt Buchen. Zum Auftakt der Fairen Woche wird hier der faire Handel in den Focus ger\u00fcckt, mit Informationsangeboten und Aktivit\u00e4ten rund um den Slogan<strong> \u201eGenie\u00df DEI BUCHE \u2013 fair!\u201c<\/strong>\u00a0\u201eDas schmeckt ja super!\u201c \u2013 dieses Aha-Erlebnis bekommen die Besucher sicherlich nach dem Genie\u00dfen einer der Kostproben von Schokolade oder Keksen, welche bei dieser Aktion aus dem vielseitigen Sortiment des Weltladens angeboten werden.\u00a0Es gibt f\u00fcr Jung und Alt ein Quiz \u201eFinde das Herstellungsland auf der Weltkarte\u201c, dabei ist es spannend zu entdecken wo die einzelnen Produkte herkommen.\u00a0\u201eSpannendes an der Schokoladenherstellung\u201c kann ebenfalls bei einem Spiel erlebt werden. Warum gibt es fairen Handel und warum ist er wichtig f\u00fcr mich? Bei einer Mitmachaktion kann beleuchtet werden, was f\u00fcr jeden selber ein gutes Leben bedeutet. Es kann er\u00f6rtert werden, wie Konsum- und [...] <a href=\"https:\/\/weltlaeden.de\/buchen\/termin\/geniess-dei-buche-fair\/\"><small>[WEITERLESEN]<\/small><\/a><\/p><\/li><li><h5 class=\"termine-titel\"><a href=\"https:\/\/weltlaeden.de\/buchen\/termin\/urlaub\/\">Weihnachts-\/Neujahrs-Urlaub!<\/a><\/h5><p class=\"termine-date\">Di., 24.12.2019 bis 06.01.2020<\/p><p class=\"termine-auszug\">Der Weltladen bleibt <strong>vom 24.12.19 bis 6.1.20<\/strong> geschlossen. Ab dem 7.1. sind wir wieder wie gewohnt f\u00fcr Sie da!<\/li><li><h5 class=\"termine-titel\"><a href=\"https:\/\/weltlaeden.de\/buchen\/termin\/faires-fruehstueck\/\">Faires Fr\u00fchst\u00fcck<\/a><\/h5><p class=\"termine-date\">Sa., 26.10.2019, 09:00<\/p><p class=\"termine-auszug\">Der Weltladen Buchen l\u00e4dt am <strong>26.10.2019 um 9 Uhr<\/strong> zum<strong> Fairen Fr\u00fchst\u00fcck<\/strong> im <strong>Gemeindesaal der ev. Christuskirche in Buche<\/strong>n ein. Tischreservierungen werden im Weltladen Buchen entgegengenommen. Alle Spenden kommen dem Hilfsprojekt von Xenia H\u00fcgel zum Bau eines Waisenhauses in Uganda zugute. Wir freuen uns auf Ihr Kommen! &nbsp;<\/li><li><h5 class=\"termine-titel\"><a href=\"https:\/\/weltlaeden.de\/buchen\/termin\/urlaub-weltladen-vom-2-bis-8-september-2019-geschlossen\/\">Urlaub! Weltladen vom 2. bis 8. September 2019 geschlossen<\/a><\/h5><p class=\"termine-date\">Mo., 02.09.2019 bis 08.09.2019<\/p><p class=\"termine-auszug\">Der Weltladen macht Urlaub und ist vom 2. bis 8. September geschlossen. Danach sind wir zu den gewohnten \u00d6ffnungszeiten wieder f\u00fcr Sie da.<\/li><li><h5 class=\"termine-titel\"><a href=\"https:\/\/weltlaeden.de\/buchen\/termin\/jahreshauptversammlung\/\">Jahreshauptversammlung<\/a><\/h5><p class=\"termine-date\">Mo., 13.05.2019, 18:30<\/p><p class=\"termine-auszug\">Am 13. Mai findet um 18.30 Uhr im Horizonteraum im Wimpinahaus in Buchen die Jahreshauptversammlung mit folgender Tagesordnung statt: &nbsp; Begr\u00fc\u00dfung Totengedenken R\u00fcckblick \/ Bericht Vorstandschaft Bericht Schatzmeisterin Bericht Kassenpr\u00fcfer Entlastung Vorstandschaft Neuwahlen Verschiedenes &nbsp; Wir laden unsere Mitglieder herzlich dazu ein.<\/li><li><h5 class=\"termine-titel\"><a href=\"https:\/\/weltlaeden.de\/buchen\/termin\/25-jaehriges-jubilaeum\/\">25-j\u00e4hriges Jubil\u00e4um: Herzliche Einladung!<\/a><\/h5><p class=\"termine-date\">So., 23.09.2018, 16:00<\/p><p class=\"termine-auszug\">Ort: Wimpinasaal Buchen (\u00fcber dem Weltladen)<\/li><li><h5 class=\"termine-titel\"><a href=\"https:\/\/weltlaeden.de\/buchen\/termin\/15-05-2018-18-uhr-mitgliederversammlung\/\">Mitgliederversammlung<\/a><\/h5><p class=\"termine-date\">Di., 15.05.2018, 18:00<\/p><p class=\"termine-auszug\">Ort: Rochuszimmer, Wimpinahaus Buchen<\/li><\/ul>[\/vc_column][\/vc_row]<\/p>\n<\/div>","protected":false},"excerpt":{"rendered":"<p>[vc_row][vc_column][vc_empty_space height=&#8220;30px&#8220;][vc_column_text] Termine [\/vc_column_text][vc_empty_space height=&#8220;30px&#8220;][\/vc_column][\/vc_row][vc_row][vc_column width=&#8220;2\/3&#8243;][vc_column_text] Kommende Termine [\/vc_column_text][vc_empty_space height=&#8220;30px&#8220;][vc_column_text] Vergangene Termine [\/vc_column_text][\/vc_column][\/vc_row]<\/p>\n","protected":false},"author":1,"featured_media":0,"parent":0,"menu_order":4,"comment_status":"closed","ping_status":"closed","template":"","meta":{"footnotes":""},"class_list":["post-23","page","type-page","status-publish","hentry","description-off"],"yoast_head":"<!-- This site is optimized with the Yoast SEO plugin v26.8 - https:\/\/yoast.com\/product\/yoast-seo-wordpress\/ -->\n<title>Termine - Weltladen Buchen<\/title>\n<meta name=\"robots\" content=\"index, follow, max-snippet:-1, max-image-preview:large, max-video-preview:-1\" \/>\n<link rel=\"canonical\" href=\"https:\/\/weltlaeden.de\/buchen\/termine\/\" \/>\n<meta property=\"og:locale\" content=\"de_DE\" \/>\n<meta property=\"og:type\" content=\"article\" \/>\n<meta property=\"og:title\" content=\"Termine - Weltladen Buchen\" \/>\n<meta property=\"og:description\" content=\"[vc_row][vc_column][vc_empty_space height=&#8220;30px&#8220;][vc_column_text] Termine [\/vc_column_text][vc_empty_space height=&#8220;30px&#8220;][\/vc_column][\/vc_row][vc_row][vc_column width=&#8220;2\/3&#8243;][vc_column_text] Kommende Termine [\/vc_column_text][vc_empty_space height=&#8220;30px&#8220;][vc_column_text] Vergangene Termine [\/vc_column_text][\/vc_column][\/vc_row]\" \/>\n<meta property=\"og:url\" content=\"https:\/\/weltlaeden.de\/buchen\/termine\/\" \/>\n<meta property=\"og:site_name\" content=\"Weltladen Buchen\" \/>\n<meta property=\"article:publisher\" content=\"https:\/\/www.facebook.com\/Weltladen-Buchen-1926492404332531\" \/>\n<meta property=\"article:modified_time\" content=\"2019-05-24T18:19:03+00:00\" \/>\n<meta property=\"og:image\" content=\"https:\/\/weltlaeden.de\/buchen\/wp-content\/uploads\/sites\/3\/2016\/11\/Termine.jpg\" \/>\n<meta name=\"twitter:card\" content=\"summary_large_image\" \/>\n<script type=\"application\/ld+json\" class=\"yoast-schema-graph\">{\"@context\":\"https:\/\/schema.org\",\"@graph\":[{\"@type\":\"WebPage\",\"@id\":\"https:\/\/weltlaeden.de\/buchen\/termine\/\",\"url\":\"https:\/\/weltlaeden.de\/buchen\/termine\/\",\"name\":\"Termine - Weltladen Buchen\",\"isPartOf\":{\"@id\":\"https:\/\/weltlaeden.de\/buchen\/#website\"},\"primaryImageOfPage\":{\"@id\":\"https:\/\/weltlaeden.de\/buchen\/termine\/#primaryimage\"},\"image\":{\"@id\":\"https:\/\/weltlaeden.de\/buchen\/termine\/#primaryimage\"},\"thumbnailUrl\":\"https:\/\/weltlaeden.de\/buchen\/wp-content\/uploads\/sites\/3\/2016\/11\/Termine.jpg\",\"datePublished\":\"2016-10-14T07:05:21+00:00\",\"dateModified\":\"2019-05-24T18:19:03+00:00\",\"breadcrumb\":{\"@id\":\"https:\/\/weltlaeden.de\/buchen\/termine\/#breadcrumb\"},\"inLanguage\":\"de\",\"potentialAction\":[{\"@type\":\"ReadAction\",\"target\":[\"https:\/\/weltlaeden.de\/buchen\/termine\/\"]}]},{\"@type\":\"ImageObject\",\"inLanguage\":\"de\",\"@id\":\"https:\/\/weltlaeden.de\/buchen\/termine\/#primaryimage\",\"url\":\"https:\/\/weltlaeden.de\/buchen\/wp-content\/uploads\/sites\/3\/2016\/11\/Termine.jpg\",\"contentUrl\":\"https:\/\/weltlaeden.de\/buchen\/wp-content\/uploads\/sites\/3\/2016\/11\/Termine.jpg\"},{\"@type\":\"BreadcrumbList\",\"@id\":\"https:\/\/weltlaeden.de\/buchen\/termine\/#breadcrumb\",\"itemListElement\":[{\"@type\":\"ListItem\",\"position\":1,\"name\":\"Startseite\",\"item\":\"https:\/\/weltlaeden.de\/buchen\/\"},{\"@type\":\"ListItem\",\"position\":2,\"name\":\"Termine\"}]},{\"@type\":\"WebSite\",\"@id\":\"https:\/\/weltlaeden.de\/buchen\/#website\",\"url\":\"https:\/\/weltlaeden.de\/buchen\/\",\"name\":\"Weltladen Buchen\",\"description\":\"Faire Produkte seit 1993\",\"potentialAction\":[{\"@type\":\"SearchAction\",\"target\":{\"@type\":\"EntryPoint\",\"urlTemplate\":\"https:\/\/weltlaeden.de\/buchen\/?s={search_term_string}\"},\"query-input\":{\"@type\":\"PropertyValueSpecification\",\"valueRequired\":true,\"valueName\":\"search_term_string\"}}],\"inLanguage\":\"de\"}]}<\/script>\n<!-- \/ Yoast SEO plugin. -->","yoast_head_json":{"title":"Termine - Weltladen Buchen","robots":{"index":"index","follow":"follow","max-snippet":"max-snippet:-1","max-image-preview":"max-image-preview:large","max-video-preview":"max-video-preview:-1"},"canonical":"https:\/\/weltlaeden.de\/buchen\/termine\/","og_locale":"de_DE","og_type":"article","og_title":"Termine - Weltladen Buchen","og_description":"[vc_row][vc_column][vc_empty_space height=&#8220;30px&#8220;][vc_column_text] Termine [\/vc_column_text][vc_empty_space height=&#8220;30px&#8220;][\/vc_column][\/vc_row][vc_row][vc_column width=&#8220;2\/3&#8243;][vc_column_text] Kommende Termine [\/vc_column_text][vc_empty_space height=&#8220;30px&#8220;][vc_column_text] Vergangene Termine [\/vc_column_text][\/vc_column][\/vc_row]","og_url":"https:\/\/weltlaeden.de\/buchen\/termine\/","og_site_name":"Weltladen Buchen","article_publisher":"https:\/\/www.facebook.com\/Weltladen-Buchen-1926492404332531","article_modified_time":"2019-05-24T18:19:03+00:00","og_image":[{"url":"https:\/\/weltlaeden.de\/buchen\/wp-content\/uploads\/sites\/3\/2016\/11\/Termine.jpg","type":"","width":"","height":""}],"twitter_card":"summary_large_image","schema":{"@context":"https:\/\/schema.org","@graph":[{"@type":"WebPage","@id":"https:\/\/weltlaeden.de\/buchen\/termine\/","url":"https:\/\/weltlaeden.de\/buchen\/termine\/","name":"Termine - Weltladen Buchen","isPartOf":{"@id":"https:\/\/weltlaeden.de\/buchen\/#website"},"primaryImageOfPage":{"@id":"https:\/\/weltlaeden.de\/buchen\/termine\/#primaryimage"},"image":{"@id":"https:\/\/weltlaeden.de\/buchen\/termine\/#primaryimage"},"thumbnailUrl":"https:\/\/weltlaeden.de\/buchen\/wp-content\/uploads\/sites\/3\/2016\/11\/Termine.jpg","datePublished":"2016-10-14T07:05:21+00:00","dateModified":"2019-05-24T18:19:03+00:00","breadcrumb":{"@id":"https:\/\/weltlaeden.de\/buchen\/termine\/#breadcrumb"},"inLanguage":"de","potentialAction":[{"@type":"ReadAction","target":["https:\/\/weltlaeden.de\/buchen\/termine\/"]}]},{"@type":"ImageObject","inLanguage":"de","@id":"https:\/\/weltlaeden.de\/buchen\/termine\/#primaryimage","url":"https:\/\/weltlaeden.de\/buchen\/wp-content\/uploads\/sites\/3\/2016\/11\/Termine.jpg","contentUrl":"https:\/\/weltlaeden.de\/buchen\/wp-content\/uploads\/sites\/3\/2016\/11\/Termine.jpg"},{"@type":"BreadcrumbList","@id":"https:\/\/weltlaeden.de\/buchen\/termine\/#breadcrumb","itemListElement":[{"@type":"ListItem","position":1,"name":"Startseite","item":"https:\/\/weltlaeden.de\/buchen\/"},{"@type":"ListItem","position":2,"name":"Termine"}]},{"@type":"WebSite","@id":"https:\/\/weltlaeden.de\/buchen\/#website","url":"https:\/\/weltlaeden.de\/buchen\/","name":"Weltladen Buchen","description":"Faire Produkte seit 1993","potentialAction":[{"@type":"SearchAction","target":{"@type":"EntryPoint","urlTemplate":"https:\/\/weltlaeden.de\/buchen\/?s={search_term_string}"},"query-input":{"@type":"PropertyValueSpecification","valueRequired":true,"valueName":"search_term_string"}}],"inLanguage":"de"}]}},"_links":{"self":[{"href":"https:\/\/weltlaeden.de\/buchen\/wp-json\/wp\/v2\/pages\/23","targetHints":{"allow":["GET"]}}],"collection":[{"href":"https:\/\/weltlaeden.de\/buchen\/wp-json\/wp\/v2\/pages"}],"about":[{"href":"https:\/\/weltlaeden.de\/buchen\/wp-json\/wp\/v2\/types\/page"}],"author":[{"embeddable":true,"href":"https:\/\/weltlaeden.de\/buchen\/wp-json\/wp\/v2\/users\/1"}],"replies":[{"embeddable":true,"href":"https:\/\/weltlaeden.de\/buchen\/wp-json\/wp\/v2\/comments?post=23"}],"version-history":[{"count":13,"href":"https:\/\/weltlaeden.de\/buchen\/wp-json\/wp\/v2\/pages\/23\/revisions"}],"predecessor-version":[{"id":473,"href":"https:\/\/weltlaeden.de\/buchen\/wp-json\/wp\/v2\/pages\/23\/revisions\/473"}],"wp:attachment":[{"href":"https:\/\/weltlaeden.de\/buchen\/wp-json\/wp\/v2\/media?parent=23"}],"curies":[{"name":"wp","href":"https:\/\/api.w.org\/{rel}","templated":true}]}}