{"id":23,"date":"2016-10-14T09:05:21","date_gmt":"2016-10-14T07:05:21","guid":{"rendered":"https:\/\/wl.heimpixel.de\/vorlage\/termine\/"},"modified":"2022-02-28T18:35:54","modified_gmt":"2022-02-28T17:35:54","slug":"termine","status":"publish","type":"page","link":"https:\/\/weltlaeden.de\/bruehl\/termine\/","title":{"rendered":"Termine"},"content":{"rendered":"<div class=\"wpb-content-wrapper\"><p>&nbsp;<\/p>\n<h2>Kommende Termine<\/h2>\n<p><ul class=\"termine-page current aktuell\">[vc_empty_space height=&#8220;30px&#8220;][vc_column_text]<\/p>\n<h2>Vergangene Termine<\/h2>\n<p>[\/vc_column_text]<ul class=\"termine-page past vergangen\"><li><h5 class=\"termine-titel\"><a href=\"https:\/\/weltlaeden.de\/bruehl\/termin\/misereor-fastenaktion-gast-aus-kamerun-zu-bildungsprojekten\/\">Misereor Fastenaktion: Eveline Gongang aus Kamerun Vortrag und Gespr\u00e4ch zu Bildungsprojekten<\/a><\/h5><p class=\"termine-date\">Fr., 13.03.2026, 19:00 bis 13.03.2026, 21:00<\/p><p class=\"termine-auszug\"><p class=termine-ort\"><small>Ort: <i>Begegnungszentrum margaretaS<\/i><\/small><\/p><\/li><li><h5 class=\"termine-titel\"><a href=\"https:\/\/weltlaeden.de\/bruehl\/termin\/faires-fruehstueck-2\/\">Einladung zum Fairen Fr\u00fchst\u00fcck<\/a><\/h5><p class=\"termine-date\">Sa., 21.02.2026, 10:00 bis 21.02.2026, 13:00<\/p><p class=\"termine-auszug\">.... probieren Sie unsere leckeren Brotaufstriche, ob s\u00fc\u00df oder w\u00fcrzig mit Kaffee und Tee - nat\u00fcrlich fair gehandelt.<p class=termine-ort\"><small>Ort: <i>Begegnungszentrum margaretaS<\/i><\/small><\/p><\/li><li><h5 class=\"termine-titel\"><a href=\"https:\/\/weltlaeden.de\/bruehl\/termin\/gemeinsames-kochen-mit-fairtrade-zutaten\/\">Gemeinsames  Kochen &#8211; mit Fairtrade Zutaten<\/a><\/h5><p class=\"termine-date\">Fr., 23.01.2026, 17:00<\/p><p class=\"termine-auszug\"><p class=termine-ort\"><small>Ort: <i>Begegnungszentrum margaretaS<\/i><\/small><\/p><\/li><li><h5 class=\"termine-titel\"><a href=\"https:\/\/weltlaeden.de\/bruehl\/termin\/verkaufsstand-auf-dem-bruehler-weihnachtsmarkt\/\">Verkaufsstand auf dem Br\u00fchler Weihnachtsmarkt<\/a><\/h5><p class=\"termine-date\">Mo., 15.12.2025 bis 18.12.2025<\/p><p class=\"termine-auszug\"><p class=termine-ort\"><small>Ort: <i>Weihnachtsmarkt Br\u00fchl<\/i><\/small><\/p><\/li><li><h5 class=\"termine-titel\"><a href=\"https:\/\/weltlaeden.de\/bruehl\/termin\/verkaufstand-zugunsten-partnerschule-in-tansania-2\/\">Verkaufstand zugunsten Partnerschule in Tansania<\/a><\/h5><p class=\"termine-date\">Mo., 24.11.2025 bis 27.11.2025<\/p><p class=\"termine-auszug\"><p class=termine-ort\"><small>Ort: <i>Weihnachtsmarkt Br\u00fchl<\/i><\/small><\/p><\/li><li><h5 class=\"termine-titel\"><a href=\"https:\/\/weltlaeden.de\/bruehl\/termin\/verkaufs-und-informationsstand-zum-tag-der-bruehler-vielfalt\/\">Verkaufs- und Informationsstand zum Tag der Br\u00fchler Vielfalt<\/a><\/h5><p class=\"termine-date\">Do., 28.08.2025, 10:00 bis 31.08.2025, 16:00<\/p><p class=\"termine-auszug\"><p class=termine-ort\"><small>Ort: <i>Br\u00fchl Markt<\/i><\/small><\/p><\/li><li><h5 class=\"termine-titel\"><a href=\"https:\/\/weltlaeden.de\/bruehl\/termin\/auf-die-wuerde-fertig-los-misereor-fastenaktion-austausch-mit-einem-gast-aus-sri-lanka\/\">Auf die W\u00fcrde. Fertig.Los &#8211; Misereor Fastenaktion &#8211; Austausch mit einem Gast aus Sri Lanka<\/a><\/h5><p class=\"termine-date\">Fr., 28.03.2025, 19:00 bis 29.03.2025, 13:00<\/p><p class=\"termine-auszug\">&nbsp;<p class=termine-ort\"><small>Ort: <i>Begegnungszentrum margaretaS<\/i><\/small><\/p><\/li><li><h5 class=\"termine-titel\"><a href=\"https:\/\/weltlaeden.de\/bruehl\/termin\/adventsmarkt-an-st-stephan\/\">Weihnachtsmarkt in Br\u00fchl-Ost<\/a><\/h5><p class=\"termine-date\">Sa., 30.11.2024, 14:00 bis 30.11.2024, 20:00<\/p><p class=\"termine-auszug\"><p class=\"p1\">Info- und Verkaufsstand auf dem Adventsmarkt der Ortsgemeinschaft Br\u00fchl-Ost an der Kirche St. Stephan<\/p><p class=termine-ort\"><small>Ort: <i>Br\u00fchl, Rheinstr. 65<\/i><\/small><\/p><\/li><li><h5 class=\"termine-titel\"><a href=\"https:\/\/weltlaeden.de\/bruehl\/termin\/info-und-verkaufsstand-beim-buchsonntag-st-heinrich\/\">Info- und Verkaufsstand beim Buchsonntag St. Heinrich<\/a><\/h5><p class=\"termine-date\">So., 24.11.2024, 13:00 bis 24.11.2024, 17:00<\/p><p class=\"termine-auszug\"><p class=termine-ort\"><small>Ort: <i>Kirche St. Heinrich, Rodderbruch 19<\/i><\/small><\/p><\/li><li><h5 class=\"termine-titel\"><a href=\"https:\/\/weltlaeden.de\/bruehl\/termin\/oekumenischer-stadtkirchentag-verkaufs-und-infostand\/\">\u00d6kumenischer Stadtkirchentag &#8211; Verkaufs- und Infostand<\/a><\/h5><p class=\"termine-date\">So., 29.09.2024, 13:30 bis 29.09.2024, 17:00<\/p><p class=\"termine-auszug\"><p class=termine-ort\"><small>Ort: <i>Br\u00fchl Markt<\/i><\/small><\/p><\/li><li><h5 class=\"termine-titel\"><a href=\"https:\/\/weltlaeden.de\/bruehl\/termin\/verkaufs-und-informationsstand-zum-tansania-schulprojekt\/\">Verkaufs- und Informationsstand zum Tansania Schulprojekt<\/a><\/h5><p class=\"termine-date\">Sa., 24.08.2024, 10:00 bis 24.08.2024, 13:00<\/p><p class=\"termine-auszug\"><p class=termine-ort\"><small>Ort: <i>Wochenmarkt Balthasar-Neumann-Platz<\/i><\/small><\/p><\/li><li><h5 class=\"termine-titel\"><a href=\"https:\/\/weltlaeden.de\/bruehl\/termin\/bericht-aus-kolumbien-arbeit-auf-kaffeefarm-misereor-fastenaktion\/\">Bericht aus Kolumbien: Arbeit auf Kaffeefarm &#8211; Misereor Fastenaktion<\/a><\/h5><p class=\"termine-date\">Di., 05.03.2024, 19:00 bis 05.03.2024, 21:15<\/p><p class=\"termine-auszug\">Frau Jimena Guerrero berichtet \u00fcber den Kaffeeanbau in der Di\u00f6zese Pasto\/Kolumbien<p class=termine-ort\"><small>Ort: <i>Begegnungszentrum margaretaS<\/i><\/small><\/p><\/li><li><h5 class=\"termine-titel\"><a href=\"https:\/\/weltlaeden.de\/bruehl\/termin\/verkaufstand-weihnachtsmarkt-bruehl\/\">Verkaufstand Weihnachtsmarkt Br\u00fchl<\/a><\/h5><p class=\"termine-date\">Mo., 18.12.2023 bis 23.12.2023<\/p><p class=\"termine-auszug\">Verkaufstand mit Produkten aus dem Fairen Handel des Weltladens Br\u00fchl Hier finden Sie faire Geschenke f\u00fcr Jung und Alt<p class=termine-ort\"><small>Ort: <i>Br\u00fchl Markt<\/i><\/small><\/p><\/li><li><h5 class=\"termine-titel\"><a href=\"https:\/\/weltlaeden.de\/bruehl\/termin\/praesentation-unseres-kochbuchs\/\">Pr\u00e4sentation unseres neuen Kochbuchs &#8222;Kochen macht gl\u00fccklich&#8220;&#8230;.<\/a><\/h5><p class=\"termine-date\">Sa., 21.10.2023, 18:00 bis 21.10.2023, 20:00<\/p><p class=\"termine-auszug\">... mit vielen leckeren Rezepten aus fair gehandelten und regionalen Produkten<p class=termine-ort\"><small>Ort: <i>Begegnungszentrum margarethaS<\/i><\/small><\/p><\/li><li><h5 class=\"termine-titel\"><a href=\"https:\/\/weltlaeden.de\/bruehl\/termin\/weltmaedchentag-in-bruehl\/\">Weltm\u00e4dchentag in Br\u00fchl<\/a><\/h5><p class=\"termine-date\">Mi., 11.10.2023<\/p><p class=\"termine-auszug\">wir unterst\u00fctzen den den Weltm\u00e4dchentag in Br\u00fchl &nbsp; detaillierte Information hier:\u00a0<a href=\"https:\/\/wmtbruehl.jimdofree.com\">https:\/\/wmtbruehl.jimdofree.com<\/a><p class=termine-ort\"><small>Ort: <i>Br\u00fchl<\/i><\/small><\/p><\/li><li><h5 class=\"termine-titel\"><a href=\"https:\/\/weltlaeden.de\/bruehl\/termin\/tea-time-im-keramikmuseum\/\">Tea Time im Keramikmuseum&#8230;<\/a><\/h5><p class=\"termine-date\">Fr., 06.10.2023, 16:00 bis 06.10.2023, 18:00<\/p><p class=\"termine-auszug\">... mit Ingo Schlotter von Weltpartner aus Ravensburg faire Teesorten probieren und Informationen zu Anbau, Verarbeitung und Produzenten<p class=termine-ort\"><small>Ort: <i>Keramikmuseum, Kempishofstr. 10, Br\u00fchl<\/i><\/small><\/p><\/li><li><h5 class=\"termine-titel\"><a href=\"https:\/\/weltlaeden.de\/bruehl\/termin\/handelspartner-aus-nepal-stellt-sich-vor\/\">Handelspartner aus Nepal stellt sich vor<\/a><\/h5><p class=\"termine-date\">Sa., 30.09.2023, 11:00<\/p><p class=\"termine-auszug\">https:\/\/www.weltpartner.de\/de\/handelspartner\/asien\/nepal\/get-paper-industry &nbsp;<p class=termine-ort\"><small>Ort: <i>margarethaS, Br\u00fchl<\/i><\/small><\/p><\/li><li><h5 class=\"termine-titel\"><a href=\"https:\/\/weltlaeden.de\/bruehl\/termin\/kaffee-flashmop\/\">&#8222;Kaffee Flashmop&#8220;<\/a><\/h5><p class=\"termine-date\">Sa., 16.09.2023, 14:00<\/p><p class=\"termine-auszug\">Wir sorgen f\u00fcr Kaffee, jede\/r kann mit seiner Tasse vorbeikommen und mit uns einen fairen Kaffee trinken.<p class=termine-ort\"><small>Ort: <i>Br\u00fchl, Belvedere<\/i><\/small><\/p><\/li><li><h5 class=\"termine-titel\"><a href=\"https:\/\/weltlaeden.de\/bruehl\/termin\/agenda-markt-bruehl\/\">Agenda Markt Br\u00fchl<\/a><\/h5><p class=\"termine-date\">Sa., 09.09.2023, 10:00<\/p><p class=\"termine-auszug\">Informations- und Verkaufsstand<p class=termine-ort\"><small>Ort: <i>Br\u00fchl, Markt\/Rathausvorplatz<\/i><\/small><\/p><\/li><li><h5 class=\"termine-titel\"><a href=\"https:\/\/weltlaeden.de\/bruehl\/termin\/aktion-bruehl-probiert\/\">Aktion: Br\u00fchl probiert<\/a><\/h5><p class=\"termine-date\">Mi., 30.08.2023, 10:00<\/p><p class=\"termine-auszug\">Wir bieten unsere leckeren Brotaufstriche zum Probieren an<p class=termine-ort\"><small>Ort: <i>Mittwochmarkt Br\u00fchl<\/i><\/small><\/p><\/li><li><h5 class=\"termine-titel\"><a href=\"https:\/\/weltlaeden.de\/bruehl\/termin\/vortrag-zu-unserer-brasilienhilfe-avicres\/\">Vortrag zu unserer Brasilienhilfe Avicres<\/a><\/h5><p class=\"termine-date\">Fr., 28.07.2023, 17:00<\/p><p class=\"termine-auszug\">Vortrag und Gespr\u00e4ch mit Franz-Thomas Sonka, Vorsitzender von Avicres Deutschland Es gibt dazu Cocktails und H\u00e4ppchen und brasilianische Kl\u00e4nge ...<p class=termine-ort\"><small>Ort: <i>margarethaS, Br\u00fchl<\/i><\/small><\/p><\/li><li><h5 class=\"termine-titel\"><a href=\"https:\/\/weltlaeden.de\/bruehl\/termin\/faires-fruehstueck-zur-ausstellung-prima-fuers-klima\/\">Faires Fr\u00fchst\u00fcck zur Ausstellung &#8222;Prima f\u00fcrs Klima?&#8220;<\/a><\/h5><p class=\"termine-date\">Sa., 17.06.2023, 10:00 bis 17.06.2023, 12:30<\/p><p class=\"termine-auszug\"><strong>Wir laden anl\u00e4\u00dflich unseres 30. Jubil\u00e4ums und unser Fotoausstellung zu einem Fairen Fr\u00fchst\u00fcck ein.<\/strong> <strong>Bei einer leckeren Tasse Bru\u0308hl-Kaffee, Orangensaft, Bro\u0308tchen mit Aufstrichen und Marmeladen aus dem Weltladen gibt es Gelegenheit, zum Austausch u\u0308ber die Ausstellung und die vorgeschlagenen Lo\u0308sungsansa\u0308tze ins Gespra\u0308ch zu kommen.<\/strong><p class=termine-ort\"><small>Ort: <i>Begegnungszentrum margarethaS<\/i><\/small><\/p><\/li><li><h5 class=\"termine-titel\"><a href=\"https:\/\/weltlaeden.de\/bruehl\/termin\/fotoausstellung-prima-fuers-klima\/\">Fotoausstellung: &#8222;Prima f\u00fcrs Klima?&#8220;<\/a><\/h5><p class=\"termine-date\">Mo., 12.06.2023 bis 25.06.2023<\/p><p class=\"termine-auszug\">&nbsp; Im Vordergrund steht die Frage: Was ko\u0308nnen wir konkret beitragen? Jede\/r von uns kann etwas beitragen: Mit unseren Entscheidungen fu\u0308r oder gegen ein bestimmtes Produkt und seine Nutzungsdauer, die Art und Weise wie wir wohnen, uns erna\u0308hren, kleiden, mobil sind, kommunizieren - all das hat Auswirkungen auf das globale Klima. Die Ausstellung \"Prima fu\u0308rs Klima?\" geht der Frage nach, wie gutes Leben mo\u0308glichst klimafreundlich gestaltet werden kann. Mit diesen Themen befasst sich die Fotoausstellung: \uf0de \u00a0Die globale Klimakrise \uf0de \u00a0Klimavera\u0308nderungen Deutschland \uf0de \u00a0Kipppunkte im Klimasystem \uf0de \u00a0Energiegewinnung \uf0de \u00a0Energieverbrauch \uf0de \u00a0Geba\u0308ude \uf0de \u00a0Fla\u0308chenversiegelung \uf0de \u00a0Erna\u0308hrung \uf0de \u00a0Fleischkonsum \uf0de \u00a0Plastik \uf0de \u00a0Einwegprodukte \uf0de \u00a0Textilien \uf0de \u00a0Mobilita\u0308t \uf0de \u00a0Flugverkehr \uf0de \u00a0Wintersport \uf0de \u00a0Rohstoffe \uf0de \u00a0Elektronik-Gera\u0308te \uf0de \u00a0Internet \uf0de \u00a0Geldanlagen \uf0de \u00a0Handeln<p class=termine-ort\"><small>Ort: <i>Begegnungszentrum margaretaS<\/i><\/small><\/p><\/li><li><h5 class=\"termine-titel\"><a href=\"https:\/\/weltlaeden.de\/bruehl\/termin\/eroeffnungsveranstaltung-der-fotoausstellung-prima-fuers-klima\/\">Er\u00f6ffnungsveranstaltung der Fotoausstellung &#8222;Prima f\u00fcrs Klima?&#8220;<\/a><\/h5><p class=\"termine-date\">Mo., 12.06.2023, 19:00<\/p><p class=\"termine-auszug\">Er\u00f6ffnung der Fotoausstellung mit einem Impulsvortrag und anschlie\u00dfender Diskussion <strong>In seinem Einfu\u0308hrungsvortrag zur Ausstellung zeigt Michael Funcke-Bartz, der u\u0308ber langja\u0308hrige Berufserfahrung im Umwelt\u2013 und Klimaschutz verfu\u0308gt, Ansatzpunkte fu\u0308r eigenes Handeln auf und gibt Tipps wie diese praktisch umgesetzt werden ko\u0308nnen.<\/strong> <strong>Die anschlie\u00dfende Diskussion bietet Gelegenheit zum Austausch u\u0308ber eigene Erfahrungen und lokale Umsetzungsinitiativen.<\/strong> &nbsp;<p class=termine-ort\"><small>Ort: <i>Begegnungszentrum margaretaS<\/i><\/small><\/p><\/li><li><h5 class=\"termine-titel\"><a href=\"https:\/\/weltlaeden.de\/bruehl\/termin\/maerchen-aus-aller-welt-im-keramikmuseum\/\">M\u00e4rchen aus aller Welt im Keramikmuseum<\/a><\/h5><p class=\"termine-date\">Fr., 12.05.2023, 18:00<\/p><p class=\"termine-auszug\">Im Rahmen der Veranstaltungen zum 30. Weltladen-Jubil\u00e4um laden wir herzlich zu einem gem\u00fctlichen M\u00e4rchenabend ein. Berenike Wannenmacher erz\u00e4hlt M\u00e4rchen aus aller Welt.<p class=termine-ort\"><small>Ort: <i>Keramikmuseum, Kempishofstr. 10, Br\u00fchl<\/i><\/small><\/p><\/li><li><h5 class=\"termine-titel\"><a href=\"https:\/\/weltlaeden.de\/bruehl\/termin\/einblicke-weltladen-bruehl-foerdert-schule-in-tansania-gaeste-aus-der-partnerschule\/\">Einblicke: &#8222;Weltladen Br\u00fchl f\u00f6rdert Schule in Tansania&#8220;  Video\u00fcbertragung aus der Partnerschule<\/a><\/h5><p class=\"termine-date\">Fr., 28.04.2023, 16:00<\/p><p class=\"termine-auszug\">Im Rahmen der Veranstaltungen zum 30. Weltladen-Jubil\u00e4um laden wir herzlich zu einem Austausch am Freitag, 28. April 2023 um 16.00 Uhr ins Begegnungszentrum margaretaS in Br\u00fchl ein. Was passiert mit unseren Spenden? Das pers\u00f6nliche Gespr\u00e4ch mit G\u00e4sten von der Wende Secondary School aus Njombe, Tansania muss leider ausfallen, stattdessen erfolgt eine Video\u00fcbertragung<p class=termine-ort\"><small>Ort: <i>Begegnungszentrum margaretaS<\/i><\/small><\/p><\/li><li><h5 class=\"termine-titel\"><a href=\"https:\/\/weltlaeden.de\/bruehl\/termin\/vortrag-frauengleichstellung-in-madagaskar-im-rahmen-misereor-fastenaktion-2023-und-30-weltladenjubilaeum\/\">Vortrag: &#8222;Frauengleichstellung in Madagaskar&#8220; im Rahmen Misereor Fastenaktion 2023 und 30. Weltladenjubil\u00e4um<\/a><\/h5><p class=\"termine-date\">Di., 14.03.2023, 19:00<\/p><p class=\"termine-auszug\">Zum 30. Jubil\u00e4um unseres Weltladens laden wir herzlich zu einer Vortragsveranstaltung mit Frau Ony Ratsimbazafy aus Madagaskar ein.\u00a0 \u00a0Wir freuen uns auf Ihr Kommen!<p class=termine-ort\"><small>Ort: <i>Begegnungszentrum margaretaS<\/i><\/small><\/p><\/li><li><h5 class=\"termine-titel\"><a href=\"https:\/\/weltlaeden.de\/bruehl\/termin\/faire-weinprobe\/\">Faire Weinprobe<\/a><\/h5><p class=\"termine-date\">Fr., 20.01.2023, 19:30<\/p><p class=\"termine-auszug\"><p class=termine-ort\"><small>Ort: <i>Begegnungszentrum margarethaS<\/i><\/small><\/p><\/li><li><h5 class=\"termine-titel\"><a href=\"https:\/\/weltlaeden.de\/bruehl\/termin\/verkaufsbude-weihnachtsmarkt-bruehl\/\">Verkaufsbude Weihnachtsmarkt Br\u00fchl<\/a><\/h5><p class=\"termine-date\">So., 18.12.2022 bis 23.12.2022<\/p><p class=\"termine-auszug\">Auch in diesem Jahr freuen wir uns auf Sie auf dem Br\u00fchler Weihnachtsmarkt.<p class=termine-ort\"><small>Ort: <i>Br\u00fchl Markt<\/i><\/small><\/p><\/li><li><h5 class=\"termine-titel\"><a href=\"https:\/\/weltlaeden.de\/bruehl\/termin\/faires-fruehstueck\/\">Faires Fr\u00fchst\u00fcck<\/a><\/h5><p class=\"termine-date\">Sa., 03.09.2022, 10:00 bis 03.09.2022, 12:30<\/p><p class=\"termine-auszug\"><p class=termine-ort\"><small>Ort: <i>margaretaS Begnungszentrum<\/i><\/small><\/p><\/li><li><h5 class=\"termine-titel\"><a href=\"https:\/\/weltlaeden.de\/bruehl\/termin\/fairer-stadtrundgang-vhs-exkursion-zu-fair-trade-geschaeften-in-bruehl\/\">Fairer Stadtrundgang &#8211; VHS Exkursion zu Fair Trade Gesch\u00e4ften in Br\u00fchl<\/a><\/h5><p class=\"termine-date\">Sa., 27.08.2022, 14:00 bis 27.08.2022, 16:30<\/p><p class=\"termine-auszug\">Ein Angebot der VHS Rhein-Erft\u00a0 \u00a0 \u00a0 -\u00a0 \u00a0 \u00a0 Dozent:\u00a0 Wilfried Schultz-Rotter\u00a0 \u00a0 \u00a0 \u00a0Kursgeb\u00fchr:\u00a0 \u00a05,00 \u20ac Seit 2021 ist Br\u00fchl Fair Trade Stadt! Mittlerweile steigt die Anzahl der Gesch\u00e4fte, Schulen und Organisationen, die Produkte aus Fairem Handel anbieten, immer mehr an. Durch den Verkauf dieser Produkte k\u00f6nnen die Menschen in den Entwicklungs- und Schwellenl\u00e4ndern ein existenzsicherndes Einkommen erreichen, u.a. durch bessere Handelsbedingungen und die Sicherung sozialer Rechte sowie ohne ausbeuterische Kinderarbeit. Umweltschonende Anbaumethoden werden dabei besonders gef\u00f6rdert und Bioaufschl\u00e4ge bezahlt. Aber wie funktioniert Fair Trade konkret in Br\u00fchl? Bei dem Besuch einiger Gesch\u00e4fte werden dieses Prinzip und die Produkte besprochen. Die Wegstrecke durch Br\u00fchl betr\u00e4gt 2 km. Durch dieses Projekt sollen insbesondere Menschen erreicht werden, die bisher wenige oder keine Ber\u00fchrungen mit den Themen hatten. In Zusammenarbeit mit Unterwegs e.V. &nbsp; Anmeldung hier:\u00a0\u00a0<a href=\"https:\/\/www.vhs-rhein-erft.de\/kurssuche\/kurs\/Fairer-Stadtrundgang-Exkursion-zu-Fair-Trade-Geschaeften-in-Bruehl\/222-1102#inhalt\">https:\/\/www.vhs-rhein-erft.de\/kurssuche\/kurs\/Fairer-Stadtrundgang-Exkursion-zu-Fair-Trade-Geschaeften-in-Bruehl\/222-1102#inhalt<\/a><\/li><li><h5 class=\"termine-titel\"><a href=\"https:\/\/weltlaeden.de\/bruehl\/termin\/bruehl-probiert-heimathaeppchen-aus-aller-welt\/\">\u201eBr\u00fchl probiert \u2013 Heimath\u00e4ppchen aus aller Welt\u201c<\/a><\/h5><p class=\"termine-date\">Mi., 11.05.2022, 11:00 bis 11.05.2022, 14:00<\/p><p class=\"termine-auszug\"><strong>\u201eBr\u00fchl probiert \u2013 Heimath\u00e4ppchen aus aller Welt\u201c<\/strong> Ein Probierstand vom Weltladen Br\u00fchl im Rahmen der \"Br\u00fchler Genusswochen\",<strong>\u00a0<\/strong>einer Aktion der Stadt Br\u00fchl auf dem Markt. Nutzen Sie die Gelegenheit zum Probieren unserer vielen, leckeren Produkte - Sie sind eingeladen!<p class=termine-ort\"><small>Ort: <i>Br\u00fchl Markt<\/i><\/small><\/p><\/li><li><h5 class=\"termine-titel\"><a href=\"https:\/\/weltlaeden.de\/bruehl\/termin\/den-klimawandel-eingrenzen-es-geht-gerecht\/\">Den Klimawandel eingrenzen: Es geht! Gerecht!<\/a><\/h5><p class=\"termine-date\">Di., 22.03.2022, 19:30 bis 22.03.2022, 21:00<\/p><p class=\"termine-auszug\"><strong>Den Klimawandel eingrenzen: Es geht! Gerecht. <\/strong> <strong>Im Dialog mit Menschen aus dem globalen S\u00fcden <\/strong> Am 22. M\u00e4rz ist Marc Penalver, Gesch\u00e4ftsf\u00fchrer der philippinischen Umweltorganisation IDIS (Interfacing Development Interventions for Sustainability) auf Einladung des Weltladens zu Gast.Die Veranstaltung findet im Begegnungszentrum margaretaS ab 19.30 Uhr statt. Der Weltladen bietet philippinisches Essen an. &nbsp; Eine Veranstaltung zur Misereor-Fastenaktion <em>Referent: Mark Pe\u00f1alver<\/em> &nbsp; &nbsp; &nbsp; &nbsp; &nbsp; &nbsp; &nbsp;<p class=termine-ort\"><small>Ort: <i>margaretaS Begnungszentum<\/i><\/small><\/p><\/li><li><h5 class=\"termine-titel\"><a href=\"https:\/\/weltlaeden.de\/bruehl\/termin\/beispieltermin\/\">Faires Fr\u00fchst\u00fcck<\/a><\/h5><p class=\"termine-date\">Sa., 11.09.2021, 09:30 bis 11.09.2021, 12:00<\/p><p class=\"termine-auszug\"><p class=termine-ort\"><small>Ort: <i>margaretaS<\/i><\/small><\/p><\/li><\/ul>[\/vc_column][\/vc_row]<\/p>\n<\/div>","protected":false},"excerpt":{"rendered":"<p>&nbsp; Kommende Termine [vc_empty_space height=&#8220;30px&#8220;][vc_column_text] Vergangene Termine [\/vc_column_text][\/vc_column][\/vc_row]<\/p>\n","protected":false},"author":1,"featured_media":0,"parent":0,"menu_order":8,"comment_status":"closed","ping_status":"closed","template":"","meta":{"footnotes":""},"class_list":["post-23","page","type-page","status-publish","hentry","description-off"],"yoast_head":"<!-- This site is optimized with the Yoast SEO plugin v26.8 - https:\/\/yoast.com\/product\/yoast-seo-wordpress\/ -->\n<title>Termine - Weltladen Br\u00fchl<\/title>\n<meta name=\"robots\" content=\"index, follow, max-snippet:-1, max-image-preview:large, max-video-preview:-1\" \/>\n<link rel=\"canonical\" href=\"https:\/\/weltlaeden.de\/bruehl\/termine\/\" \/>\n<meta property=\"og:locale\" content=\"de_DE\" \/>\n<meta property=\"og:type\" content=\"article\" \/>\n<meta property=\"og:title\" content=\"Termine - Weltladen Br\u00fchl\" \/>\n<meta property=\"og:description\" content=\"&nbsp; Kommende Termine [vc_empty_space height=&#8220;30px&#8220;][vc_column_text] Vergangene Termine [\/vc_column_text][\/vc_column][\/vc_row]\" \/>\n<meta property=\"og:url\" content=\"https:\/\/weltlaeden.de\/bruehl\/termine\/\" \/>\n<meta property=\"og:site_name\" content=\"Weltladen Br\u00fchl\" \/>\n<meta property=\"article:modified_time\" content=\"2022-02-28T17:35:54+00:00\" \/>\n<meta name=\"twitter:card\" content=\"summary_large_image\" \/>\n<meta name=\"twitter:label1\" content=\"Gesch\u00e4tzte Lesezeit\" \/>\n\t<meta name=\"twitter:data1\" content=\"1\u00a0Minute\" \/>\n<script type=\"application\/ld+json\" class=\"yoast-schema-graph\">{\"@context\":\"https:\/\/schema.org\",\"@graph\":[{\"@type\":\"WebPage\",\"@id\":\"https:\/\/weltlaeden.de\/bruehl\/termine\/\",\"url\":\"https:\/\/weltlaeden.de\/bruehl\/termine\/\",\"name\":\"Termine - Weltladen Br\u00fchl\",\"isPartOf\":{\"@id\":\"https:\/\/weltlaeden.de\/bruehl\/#website\"},\"datePublished\":\"2016-10-14T07:05:21+00:00\",\"dateModified\":\"2022-02-28T17:35:54+00:00\",\"breadcrumb\":{\"@id\":\"https:\/\/weltlaeden.de\/bruehl\/termine\/#breadcrumb\"},\"inLanguage\":\"de\",\"potentialAction\":[{\"@type\":\"ReadAction\",\"target\":[\"https:\/\/weltlaeden.de\/bruehl\/termine\/\"]}]},{\"@type\":\"BreadcrumbList\",\"@id\":\"https:\/\/weltlaeden.de\/bruehl\/termine\/#breadcrumb\",\"itemListElement\":[{\"@type\":\"ListItem\",\"position\":1,\"name\":\"Startseite\",\"item\":\"https:\/\/weltlaeden.de\/bruehl\/\"},{\"@type\":\"ListItem\",\"position\":2,\"name\":\"Termine\"}]},{\"@type\":\"WebSite\",\"@id\":\"https:\/\/weltlaeden.de\/bruehl\/#website\",\"url\":\"https:\/\/weltlaeden.de\/bruehl\/\",\"name\":\"Weltladen Br\u00fchl\",\"description\":\"Faire Produkte seit 1993\",\"potentialAction\":[{\"@type\":\"SearchAction\",\"target\":{\"@type\":\"EntryPoint\",\"urlTemplate\":\"https:\/\/weltlaeden.de\/bruehl\/?s={search_term_string}\"},\"query-input\":{\"@type\":\"PropertyValueSpecification\",\"valueRequired\":true,\"valueName\":\"search_term_string\"}}],\"inLanguage\":\"de\"}]}<\/script>\n<!-- \/ Yoast SEO plugin. -->","yoast_head_json":{"title":"Termine - Weltladen Br\u00fchl","robots":{"index":"index","follow":"follow","max-snippet":"max-snippet:-1","max-image-preview":"max-image-preview:large","max-video-preview":"max-video-preview:-1"},"canonical":"https:\/\/weltlaeden.de\/bruehl\/termine\/","og_locale":"de_DE","og_type":"article","og_title":"Termine - Weltladen Br\u00fchl","og_description":"&nbsp; Kommende Termine [vc_empty_space height=&#8220;30px&#8220;][vc_column_text] Vergangene Termine [\/vc_column_text][\/vc_column][\/vc_row]","og_url":"https:\/\/weltlaeden.de\/bruehl\/termine\/","og_site_name":"Weltladen Br\u00fchl","article_modified_time":"2022-02-28T17:35:54+00:00","twitter_card":"summary_large_image","twitter_misc":{"Gesch\u00e4tzte Lesezeit":"1\u00a0Minute"},"schema":{"@context":"https:\/\/schema.org","@graph":[{"@type":"WebPage","@id":"https:\/\/weltlaeden.de\/bruehl\/termine\/","url":"https:\/\/weltlaeden.de\/bruehl\/termine\/","name":"Termine - Weltladen Br\u00fchl","isPartOf":{"@id":"https:\/\/weltlaeden.de\/bruehl\/#website"},"datePublished":"2016-10-14T07:05:21+00:00","dateModified":"2022-02-28T17:35:54+00:00","breadcrumb":{"@id":"https:\/\/weltlaeden.de\/bruehl\/termine\/#breadcrumb"},"inLanguage":"de","potentialAction":[{"@type":"ReadAction","target":["https:\/\/weltlaeden.de\/bruehl\/termine\/"]}]},{"@type":"BreadcrumbList","@id":"https:\/\/weltlaeden.de\/bruehl\/termine\/#breadcrumb","itemListElement":[{"@type":"ListItem","position":1,"name":"Startseite","item":"https:\/\/weltlaeden.de\/bruehl\/"},{"@type":"ListItem","position":2,"name":"Termine"}]},{"@type":"WebSite","@id":"https:\/\/weltlaeden.de\/bruehl\/#website","url":"https:\/\/weltlaeden.de\/bruehl\/","name":"Weltladen Br\u00fchl","description":"Faire Produkte seit 1993","potentialAction":[{"@type":"SearchAction","target":{"@type":"EntryPoint","urlTemplate":"https:\/\/weltlaeden.de\/bruehl\/?s={search_term_string}"},"query-input":{"@type":"PropertyValueSpecification","valueRequired":true,"valueName":"search_term_string"}}],"inLanguage":"de"}]}},"_links":{"self":[{"href":"https:\/\/weltlaeden.de\/bruehl\/wp-json\/wp\/v2\/pages\/23","targetHints":{"allow":["GET"]}}],"collection":[{"href":"https:\/\/weltlaeden.de\/bruehl\/wp-json\/wp\/v2\/pages"}],"about":[{"href":"https:\/\/weltlaeden.de\/bruehl\/wp-json\/wp\/v2\/types\/page"}],"author":[{"embeddable":true,"href":"https:\/\/weltlaeden.de\/bruehl\/wp-json\/wp\/v2\/users\/1"}],"replies":[{"embeddable":true,"href":"https:\/\/weltlaeden.de\/bruehl\/wp-json\/wp\/v2\/comments?post=23"}],"version-history":[{"count":18,"href":"https:\/\/weltlaeden.de\/bruehl\/wp-json\/wp\/v2\/pages\/23\/revisions"}],"predecessor-version":[{"id":770,"href":"https:\/\/weltlaeden.de\/bruehl\/wp-json\/wp\/v2\/pages\/23\/revisions\/770"}],"wp:attachment":[{"href":"https:\/\/weltlaeden.de\/bruehl\/wp-json\/wp\/v2\/media?parent=23"}],"curies":[{"name":"wp","href":"https:\/\/api.w.org\/{rel}","templated":true}]}}