{"id":5045,"date":"2026-08-21T15:36:23","date_gmt":"2026-08-21T13:36:23","guid":{"rendered":"https:\/\/weltlaeden.de\/bremerhaven\/?page_id=5045"},"modified":"2026-09-01T19:18:13","modified_gmt":"2026-09-01T17:18:13","slug":"schreibwerkstatt","status":"publish","type":"page","link":"https:\/\/weltlaeden.de\/bremerhaven\/schreibwerkstatt\/","title":{"rendered":"Kreatives Schreiben"},"content":{"rendered":"<div class=\"wpb-content-wrapper\" id=\"wpb-content-root\"><p>[vc_row][vc_column][vc_column_text]<em><span style=\"color: #ff6600\">Die Gruppe &#8222;Kreatives Schreiben&#8220; war zu Besuch in unserem Weltladen. Sie trifft sich donnerstags im Ernst-Barlach-Haus und taucht Gedanken, Tipps und Geschichten aus. Ein Schreibanlass war ein gemeinsames Treffen in unserem Weltladen.<\/span><\/em><\/p>\n<p><em><span style=\"color: #ff6600\">Hier sind die Gedanken von Leonore, Sonja, Birgit und Anita. Wir haben uns sehr gefreut, dass sie sie mit uns teilen.<\/span><\/em><\/p>\n<p><em><span style=\"color: #ff6600\"><strong>Ladies<\/strong>, kommt doch wieder einmal vorbei, wir w\u00fcrden uns freuen!<\/span><\/em><\/p>\n<p>[\/vc_column_text][vc_zigzag el_border_width=&#8220;8&#8243; custom_color=&#8220;#DD3333&#8243;][\/vc_column][\/vc_row][vc_row][vc_column][vc_column_text]<\/p>\n<h3><\/h3>\n<h3 style=\"text-align: center\"><span style=\"color: #ff6600\">1001 Gru\u00df <\/span><\/h3>\n<h5 style=\"text-align: center\"><span style=\"color: #ff6600\">von eLeoNore<\/span><\/h5>\n<p>Im Weltladen kann die Kundschaft <strong>pur <\/strong>einkaufen:<\/p>\n<p><strong>p<\/strong> \u2013 plastikreduziert<\/p>\n<p><strong>u<\/strong> \u2013 unverpackt<\/p>\n<p><strong>r<\/strong> \u2013 ressourcenbewusst<\/p>\n<p>Warum ist nicht jeder Laden ein Weltladen \u2013 der das Konsumverhalten kritisch unter die Lupe nimmt?<\/p>\n<p>Na ja, Ottilie und Otto Normalverbraucher sind darauf noch nicht eingestellt. F\u00fcr ganz viele Menschen hei\u00dft die Devise: Ich will mehr, mehr, mehr \u2013 billig \u2013 billiger \u2013 am billigsten.<\/p>\n<p>Zukunft ist erst morgen. \u2013 Heute ist heute. \u2013 Ich lebe im Jetzt.<\/p>\n<p>Jetzt will ich viel konsumieren \u2013 solange ich noch lebe \u2013 solange das Konsumieren noch geht. \u2013 Wer wei\u00df schon, was morgen sein wird?<\/p>\n<p>Ich! \u2013 Ich denke: Der Billigkonsum hat dann die Umwelt verschluckt.<\/p>\n<p>Die Welt geht darin unter und erstickt im Plastikm\u00fcll \u2013 wie das Ganges-Brahmaputra-Delta in Asien schon jetzt.<\/p>\n<p>Daf\u00fcr bleibt die Geldb\u00f6rse der Konsuml\u00e4nder zun\u00e4chst gut gef\u00fcllt. So kann weiter in neuen M\u00fcll investiert werden: ein neues T-Shirt f\u00fcr die n\u00e4chste Party, Plastikspielzeug f\u00fcr die Enkelchen, Plastik-Computer f\u00fcrs pers\u00f6nliche Netzwerk, Plastikverpackungen, Plastik-Handys und \u00c4hnliches, Plastikgeschirr, Plastikm\u00f6bel, Plastikwandschmuck, Plastikverpackungen f\u00fcr Speisen aus dem Supermarkt, Plastikschuhe, Plastikregenschirme, Plastikbilderrahmen, Plastikfensterrahmen, Plastikvorratsdosen, Plastiktaschen, Plastikuhren, etc. etc. etc \u2026..<\/p>\n<p>Wir verkaufen unsere Welt f\u00fcr unn\u00fctzen D\u00f6delkram.<\/p>\n<p>Der Weltladen setzt diesem Trenddenken sein Angebot entgegen und sagt: Stellt euch vor, der Supermarkt hat Billigangebote \u2013 doch keiner geht hin, um die zu kaufen \u2026.<\/p>\n<p>[\/vc_column_text][vc_separator border_width=&#8220;1px&#8220; css_animation=&#8220;none&#8220;][\/vc_column][\/vc_row][vc_row][vc_column][vc_column_text]<\/p>\n<h3 style=\"text-align: center\"><span style=\"color: #ff6600\">Eine andere Art Gesch\u00e4ft <\/span><\/h3>\n<h5 style=\"text-align: center\"><span style=\"color: #ff6600\">von Sonja<\/span><\/h5>\n<p><strong>(Meine Gedanken zum \u201aWeltladen Bremerhaven\u2018, bei dessen Besuch am 21.05.2026 ich nicht anwesend war):<\/strong><\/p>\n<p><strong>\u00a0<\/strong><\/p>\n<p>Die Welt zu Gast in Bremerhaven, das ist der Weltladen mit seinem vielf\u00e4ltigen Angebot: Kunsthandwerkliche Gegenst\u00e4nde gibt es zu entdecken, handgearbeitete Kleidung aus fernen L\u00e4ndern und vieles mehr. Man steht dort und stellt sich vor, wie Bauern in Nepal, ihre R\u00fccken \u00fcber das Produkt gebeugt, unter sengender Sonne die Bio-Bauwolle zu Kleidungsst\u00fccken zusammenf\u00fcgen, in die eines Tages ein Mensch in Europa hineinschl\u00fcpfen wird.<\/p>\n<p>&nbsp;<\/p>\n<p>Nach einem langen Arbeitstag mag ein solcher Bauer heimkehren in seine H\u00fctte, wo seine Frau etliche Packungen mit frisch geernteten Kaffee- und Kakaobohnen auf dem K\u00fcchentisch aufgestapelt hat, durch deren Herstellung auch sie Geld verdient.<\/p>\n<p>&nbsp;<\/p>\n<p>Nicht, dass meine Angetraute zu selbst\u00e4ndig wird damit und mir schlie\u00dflich davonl\u00e4uft, um einen eigenen kleinen Laden aufzubauen, denkt der Bauer beim Anblick der P\u00e4ckchen, sinkt m\u00fcde auf seinen Stammplatz an der Stirnseite des Tisches und wartet hungrig auf die einzige warme Mahlzeit am Tag. Mein Tagewerk ist vollbracht, denkt er zufrieden.<\/p>\n<p>&nbsp;<\/p>\n<p>Er schn\u00fcffelt und fragt: \u201eWann gibt\u2019s was zu essen, Weib?\u201c[\/vc_column_text][vc_separator border_width=&#8220;1px&#8220;][\/vc_column][\/vc_row][vc_row][vc_column][vc_column_text]<\/p>\n<h3><\/h3>\n<h3 style=\"text-align: center\"><span style=\"color: #ff6600\">\u00dcber meinen Besuch beim Bremerhavener Weltladen<\/span><\/h3>\n<h5 style=\"text-align: center\"><span style=\"color: #ff6600\">von Birgit<\/span><\/h5>\n<p>Gesch\u00e4ftig wie beim Kaufland oder anderen Superm\u00e4rkten geht es hier nicht zu. Im Weltladen gibt es Mu\u00dfe und Ruhe zum Entdecken und Staunen. Auf Nachfrage erhalte ich Hintergr\u00fcnde \u00fcber die dekorativen Artikel, ihre Herkunftsl\u00e4nder, Herstellungsweisen und Transportwege. Sie wurden in kleinen Werkst\u00e4tten oder von einzelnen Arbeiterinnen und Arbeitern erstellt, bei vielen sollte ich besser von K\u00fcnstlern reden. Ja, alles ist kreativ geschaffen, meist sind es Unikate mit viel Gesp\u00fcr f\u00fcr Farben und Formen. Fremde Menschen haben ein Werk entworfen und ihre Idee umgesetzt. Menschen, deren Freude, Stolz und W\u00fcrde in ihren Werken steckt und dort sp\u00fcrbar ist. Und dabei haben sie sich ein freies, menschenw\u00fcrdiges Leben aufgebaut, da sie f\u00fcr ihre Arbeiten gerecht entlohnt und als K\u00fcnstler anerkannt werden. Au\u00dferdem erm\u00f6glicht ihr Gehalt auch ihren Familienangeh\u00f6rigen und Freunden Zukunftsperspektiven, Bildung und den Glauben an ihre F\u00e4higkeiten, ihren Selbstwert. Vor allem den M\u00e4dchen zeigt eine unabh\u00e4ngige, arbeitende Mutter, dass sie selbstbestimmt leben k\u00f6nnen und nicht in Kriminalit\u00e4t, Prostitution und Sklaventum enden m\u00fcssen. Kinder k\u00f6nnen \u00fcber die Armut ihrer Umgebung hinaus blicken in eine lebenswerte Zukunft.<\/p>\n<p>So kann der Kauf eines Gegenstandes die Zukunft mehrerer Menschen in einem andern Teil der Welt erm\u00f6glichen.<\/p>\n<p>Wir Europ\u00e4er, vor allem wir Deutsche, haben oft in der Geschichte anderen Menschen und Kulturen ihre W\u00fcrde, ihre Zukunft und ihr Leben geraubt. Nun k\u00f6nnen wir mit unserem Handeln auf Augenh\u00f6he, als gleichwertige Partner, ihnen ihre W\u00fcrde best\u00e4tigen oder zur\u00fcckgeben.<\/p>\n<p>Das ist Fair Trade.<\/p>\n<p>\u201eGesch\u00e4ft\u201c kommt von Schaffen und bei diesem fairen Handel werden Kreativit\u00e4t gegen Selbstbestimmung getauscht. Gerade in Norddeutschland sollten wir uns an das Zitat von Thomas Mann aus Die Buddenbrooks erinnern:<\/p>\n<p style=\"padding-left: 40px\">\u201eSei am Tage mit Lust bei den Gesch\u00e4ften,<\/p>\n<p style=\"padding-left: 40px\">aber mache nur solche,<\/p>\n<p style=\"padding-left: 40px\">dass du des Nachts ruhig schlafen kannst.<\/p>\n<p>[\/vc_column_text][vc_separator border_width=&#8220;1px&#8220;][\/vc_column][\/vc_row][vc_row][vc_column][vc_column_text]<\/p>\n<h3 style=\"text-align: center\"><span style=\"color: #ff6600\">Eine andere Art Gesch\u00e4ft<\/span><\/h3>\n<h5 style=\"text-align: center\"><span style=\"color: #ff6600\">von Anita<\/span><\/h5>\n<p>Im Supermarkt suche ich nach Erzeugnissen, die das Label &#8222;Bio&#8220; tragen. Manchmal stutze ich, weil die Preise nicht teurer sind als die herk\u00f6mmlich erzeugten Lebensmittel. &#8211; Kann das sein? Kann ein Bund kleine Rosen im Winter fair gehandelt sein mit ca. 2 \u20ac?<\/p>\n<p>Unsere Exkursion zum Weltladen in der B\u00fcrger barg f\u00fcr mich neue Erkenntnisse. N\u00e4mlich: &#8222;Fair gehandelt&#8220; bedeutet nicht automatisch &#8222;Bio&#8220;. &#8211; Obwohl auch das angestrebt wird. Bei fair gehandelten Produkten geht es vielmehr um die Arbeitsbedingungen in den Erzeugerl\u00e4ndern. Kleinere Kooperationen und Plantagen werden vor Ort aufgesucht, unterst\u00fctzt und begleitet. Es geht um ausk\u00f6mmliche L\u00f6hne. Kinderarbeit soll abgeschafft werden, Kinder sollen die Schulen besuchen k\u00f6nnen.<\/p>\n<p>Unsere Gruppe war von dem vielf\u00e4ltigen Angebot im Weltladen begeistert. Die kompetente Mitarbeiterin (ehrenamtlich!) hatte w\u00e4hrend unseres Aufenthalts gut zu tun. Wir lauschten dem gut strukturierten Vortrag der Vorsitzenden des Vereins. Wir konnten Fragen stellen, die ersch\u00f6pfend beantwortet wurden. Das ehrenamtliche Ladenpersonal ist sehr engagiert.<\/p>\n<p>Der Vorstand des Vereins w\u00fcnscht sich sehr den Einsatz von j\u00fcngeren Interessierten. Das kommt mir bekannt vor. In meinem Verein setzt sich der Vorstand aus Personen jenseits der 70 zusammen. Es gibt j\u00fcngere Ehrenamtliche in den Selbsthilfegruppen, die aber f\u00fcr eine Vorstandsarbeit kein Interesse haben.[\/vc_column_text][\/vc_column][\/vc_row][vc_row][vc_column][vc_separator border_width=&#8220;1px&#8220;][\/vc_column][\/vc_row][vc_row][vc_column][vc_column_text]<\/p>\n<h3 style=\"text-align: center\"><span style=\"color: #ff6600\">Der Weltladen \u2013 eine andere Art Gesch\u00e4ft<\/span><\/h3>\n<h5 style=\"text-align: center\"><span style=\"color: #ff6600\">von Ingrid<\/span><\/h5>\n<p>Ein Laden f\u00fcr die Welt \u2013 ein Laden f\u00fcr uns. Wir sind die Welt.<\/p>\n<p>Uns geht es in Europa\/Deutschland gut. Klima, Umwelt, Erwerbst\u00e4tigkeit, Wohnung, Umwelt, Freizeit, Gesundheit \u2013 machen ein westliches Dasein aus. Respekt, und dass wir w\u00e4hlen k\u00f6nnen, wie wir leben wollen. Meistens jedenfalls.<\/p>\n<p>Aber, w\u00e4hlen wir immer das Richtige, das Vern\u00fcnftige, die Mitmenschliche aus dem gro\u00dfen Angebot?<\/p>\n<p>Der Weltladen in Bremerhaven steht f\u00fcr ehrenamtliches Engagement und eine Vielzahl von Angeboten. Hier ist die Welt zuhause, allerdings aus L\u00e4ndern, die nur wenige bisher bereist haben, bzw. in die viele Menschen nicht reisen wollen oder k\u00f6nnen.<\/p>\n<p>Die Menschen, die sich mit einer Reise auf andere Kontinente eingelassen haben, brachten die Idee mit, Produkte von dort unseren Konsumenten anzubieten.<\/p>\n<p>Diese Produkte sind au\u00dfergew\u00f6hnlich, vielf\u00e4ltig, kunstvoll, Unikate, farbenfroh, aus Materialien wie Glas, Flechtwaren, Stoffen, Leder sowie hochwertige Nahrungsmittel wie Kaffee, Tee, Schokolade, Kekse, S\u00fc\u00dfigkeiten, Gew\u00fcrze, Weine, Honig, Aufstriche, exotische Knabbereien, Essig, \u00d6le, Datteln und Rosinen. Diese Produkte zeichnen einen Gemischtwarenhandel aus.<\/p>\n<p>Sch\u00f6nes wie Schmuck und Karten, Praktisches wie Taschen und Geldb\u00f6rsen, Tischdeko wie Holzschalen und Servietten, Spielzeug und sch\u00f6ne Papierwaren, sogar Musikinstrumente und Kalender und Unikate an Kleidungsst\u00fccken sind im Angebot.<\/p>\n<p>Eindrucksvoll ist auch das Sonnenglas aus Afrika in kleinem oder gro\u00dfem Format, das mit Solar arbeitet und an der Steckdose zus\u00e4tzlich aufgeladen werden kann.<\/p>\n<p>Der Weltladen hat eine tolle Angebotspalette. Gut, dass ich die Gelegenheit genutzt habe, mit der Gruppe zu Besuch gewesen zu sein.<\/p>\n<p>Und es wird kein einmaliger Besuch, sondern soll sich wiederholen.<\/p>\n<p>Dazu kommt, dieser Weltladen und die InitiatorInnen haben jede Unterst\u00fctzung verdient.[\/vc_column_text][\/vc_column][\/vc_row]<\/p>\n<\/div>","protected":false},"excerpt":{"rendered":"<p>[vc_row][vc_column][vc_column_text]Die Gruppe &#8222;Kreatives Schreiben&#8220; war zu Besuch in unserem Weltladen. Sie trifft sich donnerstags im Ernst-Barlach-Haus und taucht Gedanken, Tipps und Geschichten aus. Ein Schreibanlass war ein gemeinsames Treffen in unserem Weltladen. Hier sind die Gedanken von Leonore, Sonja, Birgit und Anita. Wir haben uns sehr gefreut, dass sie sie mit uns teilen. Ladies, kommt&hellip;<\/p>\n","protected":false},"author":55,"featured_media":0,"parent":0,"menu_order":0,"comment_status":"closed","ping_status":"closed","template":"","meta":{"footnotes":""},"class_list":["post-5045","page","type-page","status-publish","hentry","description-off"],"yoast_head":"<!-- This site is optimized with the Yoast SEO plugin v26.8 - https:\/\/yoast.com\/product\/yoast-seo-wordpress\/ -->\n<title>Kreatives Schreiben - Weltladen Bremerhaven<\/title>\n<meta name=\"robots\" content=\"index, follow, max-snippet:-1, max-image-preview:large, max-video-preview:-1\" \/>\n<link rel=\"canonical\" href=\"https:\/\/weltlaeden.de\/bremerhaven\/schreibwerkstatt\/\" \/>\n<meta property=\"og:locale\" content=\"de_DE\" \/>\n<meta property=\"og:type\" content=\"article\" \/>\n<meta property=\"og:title\" content=\"Kreatives Schreiben - Weltladen Bremerhaven\" \/>\n<meta property=\"og:description\" content=\"[vc_row][vc_column][vc_column_text]Die Gruppe &#8222;Kreatives Schreiben&#8220; war zu Besuch in unserem Weltladen. Sie trifft sich donnerstags im Ernst-Barlach-Haus und taucht Gedanken, Tipps und Geschichten aus. Ein Schreibanlass war ein gemeinsames Treffen in unserem Weltladen. Hier sind die Gedanken von Leonore, Sonja, Birgit und Anita. Wir haben uns sehr gefreut, dass sie sie mit uns teilen. Ladies, kommt&hellip;\" \/>\n<meta property=\"og:url\" content=\"https:\/\/weltlaeden.de\/bremerhaven\/schreibwerkstatt\/\" \/>\n<meta property=\"og:site_name\" content=\"Weltladen Bremerhaven\" \/>\n<meta property=\"article:modified_time\" content=\"2026-09-01T17:18:13+00:00\" \/>\n<meta name=\"twitter:card\" content=\"summary_large_image\" \/>\n<meta name=\"twitter:label1\" content=\"Gesch\u00e4tzte Lesezeit\" \/>\n\t<meta name=\"twitter:data1\" content=\"7\u00a0Minuten\" \/>\n<script type=\"application\/ld+json\" class=\"yoast-schema-graph\">{\"@context\":\"https:\/\/schema.org\",\"@graph\":[{\"@type\":\"WebPage\",\"@id\":\"https:\/\/weltlaeden.de\/bremerhaven\/schreibwerkstatt\/\",\"url\":\"https:\/\/weltlaeden.de\/bremerhaven\/schreibwerkstatt\/\",\"name\":\"Kreatives Schreiben - Weltladen Bremerhaven\",\"isPartOf\":{\"@id\":\"https:\/\/weltlaeden.de\/bremerhaven\/#website\"},\"datePublished\":\"2026-08-21T13:36:23+00:00\",\"dateModified\":\"2026-09-01T17:18:13+00:00\",\"breadcrumb\":{\"@id\":\"https:\/\/weltlaeden.de\/bremerhaven\/schreibwerkstatt\/#breadcrumb\"},\"inLanguage\":\"de\",\"potentialAction\":[{\"@type\":\"ReadAction\",\"target\":[\"https:\/\/weltlaeden.de\/bremerhaven\/schreibwerkstatt\/\"]}]},{\"@type\":\"BreadcrumbList\",\"@id\":\"https:\/\/weltlaeden.de\/bremerhaven\/schreibwerkstatt\/#breadcrumb\",\"itemListElement\":[{\"@type\":\"ListItem\",\"position\":1,\"name\":\"Startseite\",\"item\":\"https:\/\/weltlaeden.de\/bremerhaven\/\"},{\"@type\":\"ListItem\",\"position\":2,\"name\":\"Kreatives Schreiben\"}]},{\"@type\":\"WebSite\",\"@id\":\"https:\/\/weltlaeden.de\/bremerhaven\/#website\",\"url\":\"https:\/\/weltlaeden.de\/bremerhaven\/\",\"name\":\"Weltladen Bremerhaven\",\"description\":\"Faire Produkte seit 1990\",\"potentialAction\":[{\"@type\":\"SearchAction\",\"target\":{\"@type\":\"EntryPoint\",\"urlTemplate\":\"https:\/\/weltlaeden.de\/bremerhaven\/?s={search_term_string}\"},\"query-input\":{\"@type\":\"PropertyValueSpecification\",\"valueRequired\":true,\"valueName\":\"search_term_string\"}}],\"inLanguage\":\"de\"}]}<\/script>\n<!-- \/ Yoast SEO plugin. -->","yoast_head_json":{"title":"Kreatives Schreiben - Weltladen Bremerhaven","robots":{"index":"index","follow":"follow","max-snippet":"max-snippet:-1","max-image-preview":"max-image-preview:large","max-video-preview":"max-video-preview:-1"},"canonical":"https:\/\/weltlaeden.de\/bremerhaven\/schreibwerkstatt\/","og_locale":"de_DE","og_type":"article","og_title":"Kreatives Schreiben - Weltladen Bremerhaven","og_description":"[vc_row][vc_column][vc_column_text]Die Gruppe &#8222;Kreatives Schreiben&#8220; war zu Besuch in unserem Weltladen. Sie trifft sich donnerstags im Ernst-Barlach-Haus und taucht Gedanken, Tipps und Geschichten aus. Ein Schreibanlass war ein gemeinsames Treffen in unserem Weltladen. Hier sind die Gedanken von Leonore, Sonja, Birgit und Anita. Wir haben uns sehr gefreut, dass sie sie mit uns teilen. Ladies, kommt&hellip;","og_url":"https:\/\/weltlaeden.de\/bremerhaven\/schreibwerkstatt\/","og_site_name":"Weltladen Bremerhaven","article_modified_time":"2026-09-01T17:18:13+00:00","twitter_card":"summary_large_image","twitter_misc":{"Gesch\u00e4tzte Lesezeit":"7\u00a0Minuten"},"schema":{"@context":"https:\/\/schema.org","@graph":[{"@type":"WebPage","@id":"https:\/\/weltlaeden.de\/bremerhaven\/schreibwerkstatt\/","url":"https:\/\/weltlaeden.de\/bremerhaven\/schreibwerkstatt\/","name":"Kreatives Schreiben - Weltladen Bremerhaven","isPartOf":{"@id":"https:\/\/weltlaeden.de\/bremerhaven\/#website"},"datePublished":"2026-08-21T13:36:23+00:00","dateModified":"2026-09-01T17:18:13+00:00","breadcrumb":{"@id":"https:\/\/weltlaeden.de\/bremerhaven\/schreibwerkstatt\/#breadcrumb"},"inLanguage":"de","potentialAction":[{"@type":"ReadAction","target":["https:\/\/weltlaeden.de\/bremerhaven\/schreibwerkstatt\/"]}]},{"@type":"BreadcrumbList","@id":"https:\/\/weltlaeden.de\/bremerhaven\/schreibwerkstatt\/#breadcrumb","itemListElement":[{"@type":"ListItem","position":1,"name":"Startseite","item":"https:\/\/weltlaeden.de\/bremerhaven\/"},{"@type":"ListItem","position":2,"name":"Kreatives Schreiben"}]},{"@type":"WebSite","@id":"https:\/\/weltlaeden.de\/bremerhaven\/#website","url":"https:\/\/weltlaeden.de\/bremerhaven\/","name":"Weltladen Bremerhaven","description":"Faire Produkte seit 1990","potentialAction":[{"@type":"SearchAction","target":{"@type":"EntryPoint","urlTemplate":"https:\/\/weltlaeden.de\/bremerhaven\/?s={search_term_string}"},"query-input":{"@type":"PropertyValueSpecification","valueRequired":true,"valueName":"search_term_string"}}],"inLanguage":"de"}]}},"_links":{"self":[{"href":"https:\/\/weltlaeden.de\/bremerhaven\/wp-json\/wp\/v2\/pages\/5045","targetHints":{"allow":["GET"]}}],"collection":[{"href":"https:\/\/weltlaeden.de\/bremerhaven\/wp-json\/wp\/v2\/pages"}],"about":[{"href":"https:\/\/weltlaeden.de\/bremerhaven\/wp-json\/wp\/v2\/types\/page"}],"author":[{"embeddable":true,"href":"https:\/\/weltlaeden.de\/bremerhaven\/wp-json\/wp\/v2\/users\/55"}],"replies":[{"embeddable":true,"href":"https:\/\/weltlaeden.de\/bremerhaven\/wp-json\/wp\/v2\/comments?post=5045"}],"version-history":[{"count":10,"href":"https:\/\/weltlaeden.de\/bremerhaven\/wp-json\/wp\/v2\/pages\/5045\/revisions"}],"predecessor-version":[{"id":5059,"href":"https:\/\/weltlaeden.de\/bremerhaven\/wp-json\/wp\/v2\/pages\/5045\/revisions\/5059"}],"wp:attachment":[{"href":"https:\/\/weltlaeden.de\/bremerhaven\/wp-json\/wp\/v2\/media?parent=5045"}],"curies":[{"name":"wp","href":"https:\/\/api.w.org\/{rel}","templated":true}]}}