{"id":217,"date":"2016-10-28T13:34:47","date_gmt":"2016-10-28T11:34:47","guid":{"rendered":"https:\/\/wl.heimpixel.de\/vorlage\/produkte\/"},"modified":"2024-04-08T13:44:27","modified_gmt":"2024-04-08T11:44:27","slug":"produkte","status":"publish","type":"page","link":"https:\/\/weltlaeden.de\/bremerhaven\/produkte\/","title":{"rendered":"Unser Sortiment"},"content":{"rendered":"<div class=\"wpb-content-wrapper\"><p>[vc_row][vc_column][vc_column_text]<\/p>\n<h1>Unser Sortiment<\/h1>\n<p>[\/vc_column_text][vc_column_text]<strong>&#8222;Fair&#8220;w\u00f6hnen Sie sich&#8230;\u00a0und andere!<\/strong><\/p>\n<p><span class=\"sehrgross\">Ein breit gef\u00e4chertes\u00a0<\/span><span class=\"sehrgross\">Angebot an\u00a0<\/span><span class=\"sehrgross\">ausgew\u00e4hlten Produkten finden\u00a0<\/span><span class=\"sehrgross\">Sie in Ihrem Weltladen\u00a0<\/span><span class=\"sehrgross\">in Ihrer N\u00e4he. <\/span><span class=\"sehrgross\">Ein Besuch lohnt sich immer!\u00a0<\/span><\/p>\n<p>Vom Weltladen-Dachverband e.V. die anerkannten Lieferanten der Weltl\u00e4den m\u00fcssen der Konvention der Weltl\u00e4den ohne oder zumindest mit nur geringen Einschr\u00e4nkungen gerecht werden.[\/vc_column_text][vc_row_inner][vc_column_inner][vc_separator color=&#8220;orange&#8220; border_width=&#8220;5&#8243;][vc_empty_space height=&#8220;50&#8243;][vc_video link=&#8220;https:\/\/www.youtube.com\/watch?v=ApEU7WfZqW4&#8243;][\/vc_column_inner][\/vc_row_inner][vc_empty_space][vc_row_inner][vc_column_inner width=&#8220;1\/2&#8243;][vc_empty_space height=&#8220;50&#8243;][vc_separator color=&#8220;orange&#8220; border_width=&#8220;5&#8243;][vc_column_text]<\/p>\n<h3>Lebensmittel<\/h3>\n<p>[\/vc_column_text]<div class=\"wl_einzelbild\"><p><a href=\"https:\/\/weltlaeden.de\/bremerhaven\/produkte\/lebensmittel\/\"><img loading=\"lazy\" decoding=\"async\" class=\"alignnone wp-image-751 size-full\" src=\"https:\/\/weltlaeden.de\/bremerhaven\/wp-content\/uploads\/sites\/33\/2016\/10\/20170816_103252-e1540810481773.jpg\" alt=\"\" width=\"1435\" height=\"1488\" srcset=\"https:\/\/weltlaeden.de\/bremerhaven\/wp-content\/uploads\/sites\/33\/2016\/10\/20170816_103252-e1540810481773.jpg 1435w, https:\/\/weltlaeden.de\/bremerhaven\/wp-content\/uploads\/sites\/33\/2016\/10\/20170816_103252-e1540810481773-289x300.jpg 289w, https:\/\/weltlaeden.de\/bremerhaven\/wp-content\/uploads\/sites\/33\/2016\/10\/20170816_103252-e1540810481773-768x796.jpg 768w, https:\/\/weltlaeden.de\/bremerhaven\/wp-content\/uploads\/sites\/33\/2016\/10\/20170816_103252-e1540810481773-988x1024.jpg 988w\" sizes=\"auto, (max-width: 1435px) 100vw, 1435px\" \/><\/a><\/p><\/div>[vc_column_text]<strong>Kaffee, Tee, Wein und S\u00e4fte, Gew\u00fcrze,\u00a0<\/strong>Reis, Nudeln, Honig, Konfit\u00fcren, herzhafte Aufstriche, Geb\u00e4ck, eine vielf\u00e4ltige Schokoladenauswahl und weitere S\u00fc\u00dfigkeiten, exotische Knabbereien, N\u00fcsse, Datteln, Rosinen, Essige, \u00d6le und einiges Leckeres mehr.<\/p>\n<p>&nbsp;<\/p>\n<h3 style=\"text-align: right\"><\/h3>\n<p>[\/vc_column_text][vc_empty_space height=&#8220;50&#8243;][\/vc_column_inner][vc_column_inner width=&#8220;1\/2&#8243;][vc_empty_space height=&#8220;50&#8243;][vc_separator color=&#8220;orange&#8220; border_width=&#8220;5&#8243;][vc_column_text]<\/p>\n<h3>Kunsthandwerk und Textilien<\/h3>\n<p>[\/vc_column_text]<div class=\"wl_einzelbild\"><p><a href=\"https:\/\/weltlaeden.de\/bremerhaven\/produkte\/kunsthandwerk-textilien\/\"><img loading=\"lazy\" decoding=\"async\" class=\"wp-image-1146 size-large alignleft\" src=\"https:\/\/weltlaeden.de\/bremerhaven\/wp-content\/uploads\/sites\/33\/2019\/01\/20170321_191438-1024x768.jpg\" alt=\"\" width=\"1024\" height=\"768\" srcset=\"https:\/\/weltlaeden.de\/bremerhaven\/wp-content\/uploads\/sites\/33\/2019\/01\/20170321_191438-1024x768.jpg 1024w, https:\/\/weltlaeden.de\/bremerhaven\/wp-content\/uploads\/sites\/33\/2019\/01\/20170321_191438-300x225.jpg 300w, https:\/\/weltlaeden.de\/bremerhaven\/wp-content\/uploads\/sites\/33\/2019\/01\/20170321_191438-768x576.jpg 768w, https:\/\/weltlaeden.de\/bremerhaven\/wp-content\/uploads\/sites\/33\/2019\/01\/20170321_191438.jpg 1920w\" sizes=\"auto, (max-width: 1024px) 100vw, 1024px\" \/><\/a><\/p><\/div>[vc_column_text]<strong>Geschenkartikel und Gebrauchsgegenst\u00e4nde\u00a0<\/strong>wie K\u00fcchenaccessoires, Glas- und Tuchwaren,\u00a0Spielzeug, Papierartikel, Korbwaren, Musikinstrumente, Servietten, Kerzen, Dekoartikel, <strong>UNICEF-Karten<\/strong>, Kalender, Taschen, Geldb\u00f6rsen&#8230; <strong>Schmuck <\/strong>und vieles mehr.[\/vc_column_text][\/vc_column_inner][\/vc_row_inner][\/vc_column][\/vc_row][vc_row][vc_column width=&#8220;1\/2&#8243;][vc_separator color=&#8220;orange&#8220; border_width=&#8220;5&#8243;][vc_column_text]<\/p>\n<h3>Unser Verkaufsschlager, das Sonnenglas aus S\u00fcdafrika<\/h3>\n<p>[\/vc_column_text][vc_video link=&#8220;https:\/\/www.youtube.com\/watch?v=zYc8-fxsGu4&#8243;][\/vc_column][vc_column width=&#8220;1\/2&#8243;][\/vc_column][\/vc_row]<\/p>\n<\/div>","protected":false},"excerpt":{"rendered":"<p>[vc_row][vc_column][vc_column_text] Unser Sortiment [\/vc_column_text][vc_column_text]&#8222;Fair&#8220;w\u00f6hnen Sie sich&#8230;\u00a0und andere! Ein breit gef\u00e4chertes\u00a0Angebot an\u00a0ausgew\u00e4hlten Produkten finden\u00a0Sie in Ihrem Weltladen\u00a0in Ihrer N\u00e4he. Ein Besuch lohnt sich immer!\u00a0 Vom Weltladen-Dachverband e.V. die anerkannten Lieferanten der Weltl\u00e4den m\u00fcssen der Konvention der Weltl\u00e4den ohne oder zumindest mit nur geringen Einschr\u00e4nkungen gerecht werden.[\/vc_column_text][vc_row_inner][vc_column_inner][vc_separator color=&#8220;orange&#8220; border_width=&#8220;5&#8243;][vc_empty_space height=&#8220;50&#8243;][vc_video link=&#8220;https:\/\/www.youtube.com\/watch?v=ApEU7WfZqW4&#8243;][\/vc_column_inner][\/vc_row_inner][vc_empty_space][vc_row_inner][vc_column_inner width=&#8220;1\/2&#8243;][vc_empty_space height=&#8220;50&#8243;][vc_separator color=&#8220;orange&#8220; border_width=&#8220;5&#8243;][vc_column_text] Lebensmittel [\/vc_column_text][vc_column_text]Kaffee,&hellip;<\/p>\n","protected":false},"author":1,"featured_media":0,"parent":0,"menu_order":3,"comment_status":"closed","ping_status":"closed","template":"","meta":{"footnotes":""},"class_list":["post-217","page","type-page","status-publish","hentry","description-off"],"yoast_head":"<!-- This site is optimized with the Yoast SEO plugin v26.8 - https:\/\/yoast.com\/product\/yoast-seo-wordpress\/ -->\n<title>Unser Sortiment - Weltladen Bremerhaven<\/title>\n<meta name=\"robots\" content=\"index, follow, max-snippet:-1, max-image-preview:large, max-video-preview:-1\" \/>\n<link rel=\"canonical\" href=\"https:\/\/weltlaeden.de\/bremerhaven\/produkte\/\" \/>\n<meta property=\"og:locale\" content=\"de_DE\" \/>\n<meta property=\"og:type\" content=\"article\" \/>\n<meta property=\"og:title\" content=\"Unser Sortiment - Weltladen Bremerhaven\" \/>\n<meta property=\"og:description\" content=\"[vc_row][vc_column][vc_column_text] Unser Sortiment [\/vc_column_text][vc_column_text]&#8222;Fair&#8220;w\u00f6hnen Sie sich&#8230;\u00a0und andere! Ein breit gef\u00e4chertes\u00a0Angebot an\u00a0ausgew\u00e4hlten Produkten finden\u00a0Sie in Ihrem Weltladen\u00a0in Ihrer N\u00e4he. Ein Besuch lohnt sich immer!\u00a0 Vom Weltladen-Dachverband e.V. die anerkannten Lieferanten der Weltl\u00e4den m\u00fcssen der Konvention der Weltl\u00e4den ohne oder zumindest mit nur geringen Einschr\u00e4nkungen gerecht werden.[\/vc_column_text][vc_row_inner][vc_column_inner][vc_separator color=&#8220;orange&#8220; border_width=&#8220;5&#8243;][vc_empty_space height=&#8220;50&#8243;][vc_video link=&#8220;https:\/\/www.youtube.com\/watch?v=ApEU7WfZqW4&#8243;][\/vc_column_inner][\/vc_row_inner][vc_empty_space][vc_row_inner][vc_column_inner width=&#8220;1\/2&#8243;][vc_empty_space height=&#8220;50&#8243;][vc_separator color=&#8220;orange&#8220; border_width=&#8220;5&#8243;][vc_column_text] Lebensmittel [\/vc_column_text][vc_column_text]Kaffee,&hellip;\" \/>\n<meta property=\"og:url\" content=\"https:\/\/weltlaeden.de\/bremerhaven\/produkte\/\" \/>\n<meta property=\"og:site_name\" content=\"Weltladen Bremerhaven\" \/>\n<meta property=\"article:modified_time\" content=\"2024-04-08T11:44:27+00:00\" \/>\n<meta property=\"og:image\" content=\"https:\/\/weltlaeden.de\/bremerhaven\/wp-content\/uploads\/sites\/33\/2016\/10\/20170816_103252-e1540810481773.jpg\" \/>\n<meta name=\"twitter:card\" content=\"summary_large_image\" \/>\n<meta name=\"twitter:label1\" content=\"Gesch\u00e4tzte Lesezeit\" \/>\n\t<meta name=\"twitter:data1\" content=\"2\u00a0Minuten\" \/>\n<script type=\"application\/ld+json\" class=\"yoast-schema-graph\">{\"@context\":\"https:\/\/schema.org\",\"@graph\":[{\"@type\":\"WebPage\",\"@id\":\"https:\/\/weltlaeden.de\/bremerhaven\/produkte\/\",\"url\":\"https:\/\/weltlaeden.de\/bremerhaven\/produkte\/\",\"name\":\"Unser Sortiment - Weltladen Bremerhaven\",\"isPartOf\":{\"@id\":\"https:\/\/weltlaeden.de\/bremerhaven\/#website\"},\"primaryImageOfPage\":{\"@id\":\"https:\/\/weltlaeden.de\/bremerhaven\/produkte\/#primaryimage\"},\"image\":{\"@id\":\"https:\/\/weltlaeden.de\/bremerhaven\/produkte\/#primaryimage\"},\"thumbnailUrl\":\"https:\/\/weltlaeden.de\/bremerhaven\/wp-content\/uploads\/sites\/33\/2016\/10\/20170816_103252-e1540810481773.jpg\",\"datePublished\":\"2016-10-28T11:34:47+00:00\",\"dateModified\":\"2024-04-08T11:44:27+00:00\",\"breadcrumb\":{\"@id\":\"https:\/\/weltlaeden.de\/bremerhaven\/produkte\/#breadcrumb\"},\"inLanguage\":\"de\",\"potentialAction\":[{\"@type\":\"ReadAction\",\"target\":[\"https:\/\/weltlaeden.de\/bremerhaven\/produkte\/\"]}]},{\"@type\":\"ImageObject\",\"inLanguage\":\"de\",\"@id\":\"https:\/\/weltlaeden.de\/bremerhaven\/produkte\/#primaryimage\",\"url\":\"https:\/\/weltlaeden.de\/bremerhaven\/wp-content\/uploads\/sites\/33\/2016\/10\/20170816_103252-e1540810481773.jpg\",\"contentUrl\":\"https:\/\/weltlaeden.de\/bremerhaven\/wp-content\/uploads\/sites\/33\/2016\/10\/20170816_103252-e1540810481773.jpg\",\"width\":1435,\"height\":1488},{\"@type\":\"BreadcrumbList\",\"@id\":\"https:\/\/weltlaeden.de\/bremerhaven\/produkte\/#breadcrumb\",\"itemListElement\":[{\"@type\":\"ListItem\",\"position\":1,\"name\":\"Startseite\",\"item\":\"https:\/\/weltlaeden.de\/bremerhaven\/\"},{\"@type\":\"ListItem\",\"position\":2,\"name\":\"Unser Sortiment\"}]},{\"@type\":\"WebSite\",\"@id\":\"https:\/\/weltlaeden.de\/bremerhaven\/#website\",\"url\":\"https:\/\/weltlaeden.de\/bremerhaven\/\",\"name\":\"Weltladen Bremerhaven\",\"description\":\"Faire Produkte seit 1990\",\"potentialAction\":[{\"@type\":\"SearchAction\",\"target\":{\"@type\":\"EntryPoint\",\"urlTemplate\":\"https:\/\/weltlaeden.de\/bremerhaven\/?s={search_term_string}\"},\"query-input\":{\"@type\":\"PropertyValueSpecification\",\"valueRequired\":true,\"valueName\":\"search_term_string\"}}],\"inLanguage\":\"de\"}]}<\/script>\n<!-- \/ Yoast SEO plugin. -->","yoast_head_json":{"title":"Unser Sortiment - Weltladen Bremerhaven","robots":{"index":"index","follow":"follow","max-snippet":"max-snippet:-1","max-image-preview":"max-image-preview:large","max-video-preview":"max-video-preview:-1"},"canonical":"https:\/\/weltlaeden.de\/bremerhaven\/produkte\/","og_locale":"de_DE","og_type":"article","og_title":"Unser Sortiment - Weltladen Bremerhaven","og_description":"[vc_row][vc_column][vc_column_text] Unser Sortiment [\/vc_column_text][vc_column_text]&#8222;Fair&#8220;w\u00f6hnen Sie sich&#8230;\u00a0und andere! Ein breit gef\u00e4chertes\u00a0Angebot an\u00a0ausgew\u00e4hlten Produkten finden\u00a0Sie in Ihrem Weltladen\u00a0in Ihrer N\u00e4he. Ein Besuch lohnt sich immer!\u00a0 Vom Weltladen-Dachverband e.V. die anerkannten Lieferanten der Weltl\u00e4den m\u00fcssen der Konvention der Weltl\u00e4den ohne oder zumindest mit nur geringen Einschr\u00e4nkungen gerecht werden.[\/vc_column_text][vc_row_inner][vc_column_inner][vc_separator color=&#8220;orange&#8220; border_width=&#8220;5&#8243;][vc_empty_space height=&#8220;50&#8243;][vc_video link=&#8220;https:\/\/www.youtube.com\/watch?v=ApEU7WfZqW4&#8243;][\/vc_column_inner][\/vc_row_inner][vc_empty_space][vc_row_inner][vc_column_inner width=&#8220;1\/2&#8243;][vc_empty_space height=&#8220;50&#8243;][vc_separator color=&#8220;orange&#8220; border_width=&#8220;5&#8243;][vc_column_text] Lebensmittel [\/vc_column_text][vc_column_text]Kaffee,&hellip;","og_url":"https:\/\/weltlaeden.de\/bremerhaven\/produkte\/","og_site_name":"Weltladen Bremerhaven","article_modified_time":"2024-04-08T11:44:27+00:00","og_image":[{"url":"https:\/\/weltlaeden.de\/bremerhaven\/wp-content\/uploads\/sites\/33\/2016\/10\/20170816_103252-e1540810481773.jpg","type":"","width":"","height":""}],"twitter_card":"summary_large_image","twitter_misc":{"Gesch\u00e4tzte Lesezeit":"2\u00a0Minuten"},"schema":{"@context":"https:\/\/schema.org","@graph":[{"@type":"WebPage","@id":"https:\/\/weltlaeden.de\/bremerhaven\/produkte\/","url":"https:\/\/weltlaeden.de\/bremerhaven\/produkte\/","name":"Unser Sortiment - Weltladen Bremerhaven","isPartOf":{"@id":"https:\/\/weltlaeden.de\/bremerhaven\/#website"},"primaryImageOfPage":{"@id":"https:\/\/weltlaeden.de\/bremerhaven\/produkte\/#primaryimage"},"image":{"@id":"https:\/\/weltlaeden.de\/bremerhaven\/produkte\/#primaryimage"},"thumbnailUrl":"https:\/\/weltlaeden.de\/bremerhaven\/wp-content\/uploads\/sites\/33\/2016\/10\/20170816_103252-e1540810481773.jpg","datePublished":"2016-10-28T11:34:47+00:00","dateModified":"2024-04-08T11:44:27+00:00","breadcrumb":{"@id":"https:\/\/weltlaeden.de\/bremerhaven\/produkte\/#breadcrumb"},"inLanguage":"de","potentialAction":[{"@type":"ReadAction","target":["https:\/\/weltlaeden.de\/bremerhaven\/produkte\/"]}]},{"@type":"ImageObject","inLanguage":"de","@id":"https:\/\/weltlaeden.de\/bremerhaven\/produkte\/#primaryimage","url":"https:\/\/weltlaeden.de\/bremerhaven\/wp-content\/uploads\/sites\/33\/2016\/10\/20170816_103252-e1540810481773.jpg","contentUrl":"https:\/\/weltlaeden.de\/bremerhaven\/wp-content\/uploads\/sites\/33\/2016\/10\/20170816_103252-e1540810481773.jpg","width":1435,"height":1488},{"@type":"BreadcrumbList","@id":"https:\/\/weltlaeden.de\/bremerhaven\/produkte\/#breadcrumb","itemListElement":[{"@type":"ListItem","position":1,"name":"Startseite","item":"https:\/\/weltlaeden.de\/bremerhaven\/"},{"@type":"ListItem","position":2,"name":"Unser Sortiment"}]},{"@type":"WebSite","@id":"https:\/\/weltlaeden.de\/bremerhaven\/#website","url":"https:\/\/weltlaeden.de\/bremerhaven\/","name":"Weltladen Bremerhaven","description":"Faire Produkte seit 1990","potentialAction":[{"@type":"SearchAction","target":{"@type":"EntryPoint","urlTemplate":"https:\/\/weltlaeden.de\/bremerhaven\/?s={search_term_string}"},"query-input":{"@type":"PropertyValueSpecification","valueRequired":true,"valueName":"search_term_string"}}],"inLanguage":"de"}]}},"_links":{"self":[{"href":"https:\/\/weltlaeden.de\/bremerhaven\/wp-json\/wp\/v2\/pages\/217","targetHints":{"allow":["GET"]}}],"collection":[{"href":"https:\/\/weltlaeden.de\/bremerhaven\/wp-json\/wp\/v2\/pages"}],"about":[{"href":"https:\/\/weltlaeden.de\/bremerhaven\/wp-json\/wp\/v2\/types\/page"}],"author":[{"embeddable":true,"href":"https:\/\/weltlaeden.de\/bremerhaven\/wp-json\/wp\/v2\/users\/1"}],"replies":[{"embeddable":true,"href":"https:\/\/weltlaeden.de\/bremerhaven\/wp-json\/wp\/v2\/comments?post=217"}],"version-history":[{"count":89,"href":"https:\/\/weltlaeden.de\/bremerhaven\/wp-json\/wp\/v2\/pages\/217\/revisions"}],"predecessor-version":[{"id":4622,"href":"https:\/\/weltlaeden.de\/bremerhaven\/wp-json\/wp\/v2\/pages\/217\/revisions\/4622"}],"wp:attachment":[{"href":"https:\/\/weltlaeden.de\/bremerhaven\/wp-json\/wp\/v2\/media?parent=217"}],"curies":[{"name":"wp","href":"https:\/\/api.w.org\/{rel}","templated":true}]}}