{"id":949,"date":"2019-12-19T12:10:54","date_gmt":"2019-12-19T11:10:54","guid":{"rendered":"https:\/\/weltlaeden.de\/bremen\/?page_id=949"},"modified":"2022-02-10T18:03:48","modified_gmt":"2022-02-10T17:03:48","slug":"archiv","status":"publish","type":"page","link":"https:\/\/weltlaeden.de\/bremen\/archiv\/","title":{"rendered":"R\u00fcckblick"},"content":{"rendered":"<div class=\"wpb-content-wrapper\"><p>[vc_row][vc_column][vc_column_text]<\/p>\n<h1>R\u00fcckblick<\/h1>\n<p>[\/vc_column_text][\/vc_column][\/vc_row][vc_row][vc_column]<style type=\"text\/css\" data-type=\"the7_shortcodes-inline-css\">.blog-shortcode.blog-masonry-shortcode-id-8ec913238b0c9710c0da5bbfbe275ced.dividers-on.classic-layout-list article {\n  padding-top: 0;\n}\n.blog-shortcode.blog-masonry-shortcode-id-8ec913238b0c9710c0da5bbfbe275ced.dividers-on.classic-layout-list article:first-of-type {\n  margin-top: 0;\n  padding-top: 0;\n}\n.blog-shortcode.blog-masonry-shortcode-id-8ec913238b0c9710c0da5bbfbe275ced.classic-layout-list.mode-list .post-entry-content {\n  width: calc(100% - );\n}\n.blog-shortcode.blog-masonry-shortcode-id-8ec913238b0c9710c0da5bbfbe275ced.classic-layout-list.mode-list .no-img .post-entry-content {\n  width: 100%;\n}\n.blog-shortcode.blog-masonry-shortcode-id-8ec913238b0c9710c0da5bbfbe275ced .filter-bg-decoration .filter-categories a.act {\n  color: #fff;\n}\n.blog-shortcode.blog-masonry-shortcode-id-8ec913238b0c9710c0da5bbfbe275ced:not(.mode-masonry) article:first-of-type,\n.blog-shortcode.blog-masonry-shortcode-id-8ec913238b0c9710c0da5bbfbe275ced:not(.mode-masonry) article.visible.first:not(.product) {\n  margin-top: 0;\n}\n.blog-shortcode.blog-masonry-shortcode-id-8ec913238b0c9710c0da5bbfbe275ced.dividers-on:not(.mode-masonry) article {\n  margin-top: 0;\n}\n.blog-shortcode.blog-masonry-shortcode-id-8ec913238b0c9710c0da5bbfbe275ced.dividers-on:not(.mode-masonry) article:first-of-type,\n.blog-shortcode.blog-masonry-shortcode-id-8ec913238b0c9710c0da5bbfbe275ced.dividers-on:not(.mode-masonry) article.visible.first:not(.product) {\n  margin-top: 0;\n  padding-top: 0;\n}\n.blog-shortcode.blog-masonry-shortcode-id-8ec913238b0c9710c0da5bbfbe275ced .post-thumbnail-wrap {\n  padding: 0px 0px 0px 0px;\n}\n.blog-shortcode.blog-masonry-shortcode-id-8ec913238b0c9710c0da5bbfbe275ced.enable-bg-rollover .post-thumbnail-rollover:after {\n  background: -webkit-linear-gradient();\n  background: linear-gradient();\n}\n.blog-shortcode.blog-masonry-shortcode-id-8ec913238b0c9710c0da5bbfbe275ced .gallery-zoom-ico {\n  width: 44px;\n  height: 44px;\n  line-height: 44px;\n  border-radius: 100px;\n  margin: -22px 0 0 -22px;\n  border-width: 0px;\n  color: #ffffff;\n}\n.bottom-overlap-layout-list.blog-shortcode.blog-masonry-shortcode-id-8ec913238b0c9710c0da5bbfbe275ced .gallery-zoom-ico {\n  margin-top: -72px;\n}\n.gradient-overlay-layout-list.blog-shortcode.blog-masonry-shortcode-id-8ec913238b0c9710c0da5bbfbe275ced .gallery-zoom-ico,\n.content-rollover-layout-list.blog-shortcode.blog-masonry-shortcode-id-8ec913238b0c9710c0da5bbfbe275ced .gallery-zoom-ico {\n  margin: 0 0 10px;\n}\n.content-align-center.gradient-overlay-layout-list.blog-shortcode.blog-masonry-shortcode-id-8ec913238b0c9710c0da5bbfbe275ced .gallery-zoom-ico,\n.content-align-center.content-rollover-layout-list.blog-shortcode.blog-masonry-shortcode-id-8ec913238b0c9710c0da5bbfbe275ced .gallery-zoom-ico {\n  margin: 0 auto 10px;\n}\n.dt-icon-bg-on.blog-shortcode.blog-masonry-shortcode-id-8ec913238b0c9710c0da5bbfbe275ced .gallery-zoom-ico {\n  background: rgba(255,255,255,0.3);\n  box-shadow: none;\n}\n.blog-shortcode.blog-masonry-shortcode-id-8ec913238b0c9710c0da5bbfbe275ced .gallery-zoom-ico > span,\n.blog-shortcode.blog-masonry-shortcode-id-8ec913238b0c9710c0da5bbfbe275ced .gallery-zoom-ico:before {\n  font-size: 32px;\n  line-height: 44px;\n}\n.blog-shortcode.blog-masonry-shortcode-id-8ec913238b0c9710c0da5bbfbe275ced .gallery-zoom-ico > span,\n.blog-shortcode.blog-masonry-shortcode-id-8ec913238b0c9710c0da5bbfbe275ced .gallery-zoom-ico:before {\n  color: #ffffff;\n}\n.blog-shortcode.blog-masonry-shortcode-id-8ec913238b0c9710c0da5bbfbe275ced .entry-title,\n.blog-shortcode.blog-masonry-shortcode-id-8ec913238b0c9710c0da5bbfbe275ced.owl-carousel .entry-title {\n  margin-bottom: 5px;\n  font-weight: bold;\n}\n.blog-shortcode.blog-masonry-shortcode-id-8ec913238b0c9710c0da5bbfbe275ced .entry-meta {\n  margin-bottom: 15px;\n}\n.blog-shortcode.blog-masonry-shortcode-id-8ec913238b0c9710c0da5bbfbe275ced .portfolio-categories {\n  margin-bottom: 15px;\n}\n.blog-shortcode.blog-masonry-shortcode-id-8ec913238b0c9710c0da5bbfbe275ced .entry-excerpt {\n  margin-bottom: 5px;\n}\n.blog-shortcode.blog-masonry-shortcode-id-8ec913238b0c9710c0da5bbfbe275ced:not(.centered-layout-list) .post-entry-content {\n  padding: 25px 30px 30px 30px;\n}\n.blog-shortcode.blog-masonry-shortcode-id-8ec913238b0c9710c0da5bbfbe275ced:not(.centered-layout-list):not(.content-bg-on):not(.mode-list) .no-img .post-entry-content {\n  padding: 0;\n}\n@media screen and (max-width: ) {\n  .blog-shortcode.blog-masonry-shortcode-id-8ec913238b0c9710c0da5bbfbe275ced article {\n    -ms-flex-flow: column nowrap;\n    flex-flow: column nowrap;\n    margin-top: 20px;\n  }\n  .blog-shortcode.blog-masonry-shortcode-id-8ec913238b0c9710c0da5bbfbe275ced.dividers-on article {\n    border: none;\n  }\n  .blog-shortcode.blog-masonry-shortcode-id-8ec913238b0c9710c0da5bbfbe275ced.content-bg-on.centered-layout-list article {\n    padding: 0;\n  }\n  .blog-shortcode.blog-masonry-shortcode-id-8ec913238b0c9710c0da5bbfbe275ced.blog-shortcode.dividers-on article,\n  .blog-shortcode.blog-masonry-shortcode-id-8ec913238b0c9710c0da5bbfbe275ced.dividers-on.classic-layout-list article {\n    margin-top: 20px;\n    padding: 0;\n  }\n  .blog-shortcode.blog-masonry-shortcode-id-8ec913238b0c9710c0da5bbfbe275ced.blog-shortcode.dividers-on article:first-of-type,\n  .blog-shortcode.blog-masonry-shortcode-id-8ec913238b0c9710c0da5bbfbe275ced.dividers-on.classic-layout-list article:first-of-type {\n    padding: 0;\n  }\n  #page .blog-shortcode.blog-masonry-shortcode-id-8ec913238b0c9710c0da5bbfbe275ced .post-thumbnail-wrap,\n  #page .blog-shortcode.blog-masonry-shortcode-id-8ec913238b0c9710c0da5bbfbe275ced .post-entry-content {\n    width: 100%;\n    margin: 0;\n    top: 0;\n  }\n  #page .blog-shortcode.blog-masonry-shortcode-id-8ec913238b0c9710c0da5bbfbe275ced .post-thumbnail-wrap {\n    padding: 0;\n  }\n  #page .blog-shortcode.blog-masonry-shortcode-id-8ec913238b0c9710c0da5bbfbe275ced .post-entry-content:after {\n    display: none;\n  }\n  #page .blog-shortcode.blog-masonry-shortcode-id-8ec913238b0c9710c0da5bbfbe275ced .project-even .post-thumbnail-wrap,\n  #page .blog-shortcode.blog-masonry-shortcode-id-8ec913238b0c9710c0da5bbfbe275ced.centered-layout-list .post-thumbnail-wrap {\n    -ms-flex-order: 0;\n    order: 0;\n  }\n  #page .blog-shortcode.blog-masonry-shortcode-id-8ec913238b0c9710c0da5bbfbe275ced.centered-layout-list .post-entry-title-content {\n    -ms-flex-order: 1;\n    order: 1;\n    width: 100%;\n    padding: 20px 20px 0;\n  }\n  #page .blog-shortcode.blog-masonry-shortcode-id-8ec913238b0c9710c0da5bbfbe275ced.centered-layout-list .post-entry-content {\n    -ms-flex-order: 2;\n    order: 2;\n    padding-top: 0;\n  }\n  #page .blog-shortcode.blog-masonry-shortcode-id-8ec913238b0c9710c0da5bbfbe275ced .fancy-categories {\n    top: 10px;\n    left: 10px;\n    bottom: auto;\n    right: auto;\n  }\n  #page .blog-shortcode.blog-masonry-shortcode-id-8ec913238b0c9710c0da5bbfbe275ced .fancy-date a {\n    top: 10px;\n    right: 10px;\n    left: auto;\n    bottom: auto;\n  }\n  #page .blog-shortcode.blog-masonry-shortcode-id-8ec913238b0c9710c0da5bbfbe275ced .post-entry-content {\n    padding: 20px;\n  }\n  #page .blog-shortcode.blog-masonry-shortcode-id-8ec913238b0c9710c0da5bbfbe275ced .entry-title {\n    margin: 3px 0 5px;\n    font-size: 20px;\n    line-height: 26px;\n  }\n  #page .blog-shortcode.blog-masonry-shortcode-id-8ec913238b0c9710c0da5bbfbe275ced .entry-meta {\n    margin: 5px 0 5px;\n  }\n  #page .blog-shortcode.blog-masonry-shortcode-id-8ec913238b0c9710c0da5bbfbe275ced .entry-excerpt {\n    margin: 15px 0 0;\n  }\n  #page .blog-shortcode.blog-masonry-shortcode-id-8ec913238b0c9710c0da5bbfbe275ced .post-details {\n    margin: 5px 0 10px;\n  }\n  #page .blog-shortcode.blog-masonry-shortcode-id-8ec913238b0c9710c0da5bbfbe275ced .post-details.details-type-link {\n    margin-bottom: 2px;\n  }\n}<\/style><div class=\"blog-shortcode blog-masonry-shortcode-id-8ec913238b0c9710c0da5bbfbe275ced mode-masonry classic-layout-list content-bg-on jquery-filter scale-img dt-icon-bg-off resize-by-browser-width loading-effect-none description-under-image \" data-padding=\"15px\" data-cur-page=\"1\" data-post-limit=\"-1\" data-pagination-mode=\"none\" data-desktop-columns-num=\"3\" data-v-tablet-columns-num=\"2\" data-h-tablet-columns-num=\"2\" data-phone-columns-num=\"1\" data-width=\"0px\" data-columns=\"0\"><div class=\"iso-container\" ><div class=\"visible wf-cell iso-item\" data-post-id=\"2295\" data-date=\"2024-09-28T18:25:28+02:00\" data-name=\"Faire Woche 2024 - Klimagerechtigkeit\"><article class=\"post project-odd visible post-2295 type-post status-publish format-standard has-post-thumbnail hentry category-rueckblick category-11\" data-name=\"Faire Woche 2024 &#8211; Klimagerechtigkeit\" data-date=\"2024-09-28T18:25:28+02:00\">\n\n<div class=\"post-thumbnail-wrap\">\n\t<div class=\"post-thumbnail\">\n\t\t\n\t\t\n\t\t<a href=\"https:\/\/weltlaeden.de\/bremen\/faire-woche-2024-klimagerechtigkeit\/\" class=\"post-thumbnail-rollover layzr-bg layzr-bg\" ><img fetchpriority=\"high\" decoding=\"async\" class=\"iso-lazy-load preload-me iso-lazy-load aspect\" src=\"data:image\/svg+xml,%3Csvg%20xmlns%3D&#39;http%3A%2F%2Fwww.w3.org%2F2000%2Fsvg&#39;%20viewBox%3D&#39;0%200%20768%20512&#39;%2F%3E\" data-src=\"https:\/\/weltlaeden.de\/bremen\/wp-content\/uploads\/sites\/92\/2024\/10\/20240918_151552-768x512.jpg\" data-srcset=\"https:\/\/weltlaeden.de\/bremen\/wp-content\/uploads\/sites\/92\/2024\/10\/20240918_151552-768x512.jpg 768w, https:\/\/weltlaeden.de\/bremen\/wp-content\/uploads\/sites\/92\/2024\/10\/20240918_151552-1152x768.jpg 1152w\" loading=\"eager\" style=\"--ratio: 768 \/ 512\" sizes=\"(max-width: 768px) 100vw, 768px\" alt=\"\" title=\"20240918_151552\" width=\"768\" height=\"512\"  \/><\/a>\t<\/div>\n<\/div>\n\n\n<div class=\"post-entry-content\">\n\n\t<h3 class=\"entry-title\">\n\t\t<a href=\"https:\/\/weltlaeden.de\/bremen\/faire-woche-2024-klimagerechtigkeit\/\" title=\"Faire Woche 2024 &#8211; Klimagerechtigkeit\" rel=\"bookmark\">Faire Woche 2024 &#8211; Klimagerechtigkeit<\/a>\n\t<\/h3>\n\n\t<div class=\"entry-meta\"><span class=\"category-link\"><a href=\"https:\/\/weltlaeden.de\/bremen\/category\/rueckblick\/\" >R\u00fcckblick<\/a><\/span><a class=\"author vcard\" href=\"https:\/\/weltlaeden.de\/bremen\/author\/bremen\/\" title=\"Zeige alle Beitr\u00e4ge von bremen\" rel=\"author\">Von <span class=\"fn\">bremen<\/span><\/a><a href=\"https:\/\/weltlaeden.de\/bremen\/2024\/09\/28\/\" title=\"18:25\" class=\"data-link\" rel=\"bookmark\"><time class=\"entry-date updated\" datetime=\"2024-09-28T18:25:28+02:00\">28. September 2024<\/time><\/a><\/div>\n\t<div class=\"entry-excerpt\"><p>Mit einer kleinen Umfrage haben wir am Tresen danach gefragt, zu welchem Team Ihr bereits geh\u00f6rt: Team Verkehrswende, Team Handelsgerechtigkeit, Team Energiewende oder Team Politik bewegen? Mehrfachnennungen waren m\u00f6glich. Als Bremer war die Verkehrswende ganz vorne dabei, gefolgt von Handelsgerechtigkeit. Vielen Dank, dass Ihr dabei seid!<\/p>\n<\/div>\n\t\n<a href=\"https:\/\/weltlaeden.de\/bremen\/faire-woche-2024-klimagerechtigkeit\/\" class=\"post-details details-type-link\" aria-label=\"Read more about Faire Woche 2024 &#8211; Klimagerechtigkeit\">Read more<i class=\"dt-icon-the7-arrow-03\" aria-hidden=\"true\"><\/i><\/a>\n\n<\/div><\/article><\/div><div class=\"visible wf-cell iso-item\" data-post-id=\"2292\" data-date=\"2024-05-11T18:18:07+02:00\" data-name=\"Weltladentag 2024\"><article class=\"post project-odd visible post-2292 type-post status-publish format-standard has-post-thumbnail hentry category-rueckblick category-11\" data-name=\"Weltladentag 2024\" data-date=\"2024-05-11T18:18:07+02:00\">\n\n<div class=\"post-thumbnail-wrap\">\n\t<div class=\"post-thumbnail\">\n\t\t\n\t\t\n\t\t<a href=\"https:\/\/weltlaeden.de\/bremen\/weltladentag-2024\/\" class=\"post-thumbnail-rollover layzr-bg layzr-bg\" ><img decoding=\"async\" class=\"iso-lazy-load preload-me iso-lazy-load aspect\" src=\"data:image\/svg+xml,%3Csvg%20xmlns%3D&#39;http%3A%2F%2Fwww.w3.org%2F2000%2Fsvg&#39;%20viewBox%3D&#39;0%200%20768%20512&#39;%2F%3E\" data-src=\"https:\/\/weltlaeden.de\/bremen\/wp-content\/uploads\/sites\/92\/2024\/05\/20240511_122846-scaled-e1716287079829-768x512.jpg\" data-srcset=\"https:\/\/weltlaeden.de\/bremen\/wp-content\/uploads\/sites\/92\/2024\/05\/20240511_122846-scaled-e1716287079829-768x512.jpg 768w, https:\/\/weltlaeden.de\/bremen\/wp-content\/uploads\/sites\/92\/2024\/05\/20240511_122846-scaled-e1716287079829-1152x768.jpg 1152w\" loading=\"eager\" style=\"--ratio: 768 \/ 512\" sizes=\"(max-width: 768px) 100vw, 768px\" alt=\"\" title=\"20240511_122846\" width=\"768\" height=\"512\"  \/><\/a>\t<\/div>\n<\/div>\n\n\n<div class=\"post-entry-content\">\n\n\t<h3 class=\"entry-title\">\n\t\t<a href=\"https:\/\/weltlaeden.de\/bremen\/weltladentag-2024\/\" title=\"Weltladentag 2024\" rel=\"bookmark\">Weltladentag 2024<\/a>\n\t<\/h3>\n\n\t<div class=\"entry-meta\"><span class=\"category-link\"><a href=\"https:\/\/weltlaeden.de\/bremen\/category\/rueckblick\/\" >R\u00fcckblick<\/a><\/span><a class=\"author vcard\" href=\"https:\/\/weltlaeden.de\/bremen\/author\/bremen\/\" title=\"Zeige alle Beitr\u00e4ge von bremen\" rel=\"author\">Von <span class=\"fn\">bremen<\/span><\/a><a href=\"https:\/\/weltlaeden.de\/bremen\/2024\/05\/11\/\" title=\"18:18\" class=\"data-link\" rel=\"bookmark\"><time class=\"entry-date updated\" datetime=\"2024-05-11T18:18:07+02:00\">11. Mai 2024<\/time><\/a><\/div>\n\t<div class=\"entry-excerpt\"><p>F\u00fcr Klimasch\u00e4den Verantwortung \u00fcbernehmen! Zum Weltladentag, am 11.Mai, hatten wir zu einem politischen Fair Trade Fest eingeladen. Wer mit uns am Rad drehte, konnte sehen, wer Geld aus dem Weltklimafonds bekommt \u2013 besser: bekommen sollte. Denn unsere Beispiele standen f\u00fcr bestehende Klimaherausforderungen im globalen S\u00fcden, besonders f\u00fcr Kleinproduzent:innen.<\/p>\n<\/div>\n\t\n<a href=\"https:\/\/weltlaeden.de\/bremen\/weltladentag-2024\/\" class=\"post-details details-type-link\" aria-label=\"Read more about Weltladentag 2024\">Read more<i class=\"dt-icon-the7-arrow-03\" aria-hidden=\"true\"><\/i><\/a>\n\n<\/div><\/article><\/div><div class=\"visible wf-cell iso-item\" data-post-id=\"2123\" data-date=\"2023-09-29T16:59:48+02:00\" data-name=\"Faire Woche 2023 in Bremen - Klimagerechtigkeit\"><article class=\"post project-odd visible post-2123 type-post status-publish format-standard has-post-thumbnail hentry category-rueckblick category-11\" data-name=\"Faire Woche 2023 in Bremen &#8211; Klimagerechtigkeit\" data-date=\"2023-09-29T16:59:48+02:00\">\n\n<div class=\"post-thumbnail-wrap\">\n\t<div class=\"post-thumbnail\">\n\t\t\n\t\t\n\t\t<a href=\"https:\/\/weltlaeden.de\/bremen\/faire-woche-2023-klimagerechtigkeit\/\" class=\"post-thumbnail-rollover layzr-bg layzr-bg\" ><img decoding=\"async\" class=\"iso-lazy-load preload-me iso-lazy-load aspect\" src=\"data:image\/svg+xml,%3Csvg%20xmlns%3D&#39;http%3A%2F%2Fwww.w3.org%2F2000%2Fsvg&#39;%20viewBox%3D&#39;0%200%20768%20512&#39;%2F%3E\" data-src=\"https:\/\/weltlaeden.de\/bremen\/wp-content\/uploads\/sites\/92\/2023\/09\/2023_FW-Hamira-Kobusingye_Statement_Ausschnitt-768x512.png\" data-srcset=\"https:\/\/weltlaeden.de\/bremen\/wp-content\/uploads\/sites\/92\/2023\/09\/2023_FW-Hamira-Kobusingye_Statement_Ausschnitt-768x512.png 768w, https:\/\/weltlaeden.de\/bremen\/wp-content\/uploads\/sites\/92\/2023\/09\/2023_FW-Hamira-Kobusingye_Statement_Ausschnitt-1030x686.png 1030w\" loading=\"eager\" style=\"--ratio: 768 \/ 512\" sizes=\"(max-width: 768px) 100vw, 768px\" alt=\"\" title=\"2023_FW-Hamira-Kobusingye_Statement_Ausschnitt\" width=\"768\" height=\"512\"  \/><\/a>\t<\/div>\n<\/div>\n\n\n<div class=\"post-entry-content\">\n\n\t<h3 class=\"entry-title\">\n\t\t<a href=\"https:\/\/weltlaeden.de\/bremen\/faire-woche-2023-klimagerechtigkeit\/\" title=\"Faire Woche 2023 in Bremen &#8211; Klimagerechtigkeit\" rel=\"bookmark\">Faire Woche 2023 in Bremen &#8211; Klimagerechtigkeit<\/a>\n\t<\/h3>\n\n\t<div class=\"entry-meta\"><span class=\"category-link\"><a href=\"https:\/\/weltlaeden.de\/bremen\/category\/rueckblick\/\" >R\u00fcckblick<\/a><\/span><a class=\"author vcard\" href=\"https:\/\/weltlaeden.de\/bremen\/author\/bremen\/\" title=\"Zeige alle Beitr\u00e4ge von bremen\" rel=\"author\">Von <span class=\"fn\">bremen<\/span><\/a><a href=\"https:\/\/weltlaeden.de\/bremen\/2023\/09\/29\/\" title=\"16:59\" class=\"data-link\" rel=\"bookmark\"><time class=\"entry-date updated\" datetime=\"2023-09-29T16:59:48+02:00\">29. September 2023<\/time><\/a><\/div>\n\t<div class=\"entry-excerpt\"><p>Was bedeutet Klimagerechtigkeit f\u00fcr Sie? Das haben wir als B\u00fcndnis Faire Woche unsere G\u00e4ste und Kund:innen gefragt und ihre Statements in den sozialen Medien gepostet. Menschen aus der Bremer Politik, Wirtschaft und Zivilgesellschaft waren dabei und die diesj\u00e4hrige Preistr\u00e4gerin des 18. Bremer Solidarit\u00e4tspreises Hamira Kobusingye. Nebenbei haben wir die Interviewpartner:innnen zu uns in die L\u00e4den&hellip;<\/p>\n<\/div>\n\t\n<a href=\"https:\/\/weltlaeden.de\/bremen\/faire-woche-2023-klimagerechtigkeit\/\" class=\"post-details details-type-link\" aria-label=\"Read more about Faire Woche 2023 in Bremen &#8211; Klimagerechtigkeit\">Read more<i class=\"dt-icon-the7-arrow-03\" aria-hidden=\"true\"><\/i><\/a>\n\n<\/div><\/article><\/div><div class=\"visible wf-cell iso-item\" data-post-id=\"2121\" data-date=\"2023-09-15T16:50:09+02:00\" data-name=\"Klimastreik - FAIR und kein Grad mehr!\"><article class=\"post project-odd visible post-2121 type-post status-publish format-standard has-post-thumbnail hentry category-rueckblick category-11\" data-name=\"Klimastreik &#8211; FAIR und kein Grad mehr!\" data-date=\"2023-09-15T16:50:09+02:00\">\n\n<div class=\"post-thumbnail-wrap\">\n\t<div class=\"post-thumbnail\">\n\t\t\n\t\t\n\t\t<a href=\"https:\/\/weltlaeden.de\/bremen\/klimastreik-fair-und-kein-grad-mehr\/\" class=\"post-thumbnail-rollover layzr-bg layzr-bg\" ><img decoding=\"async\" class=\"iso-lazy-load preload-me iso-lazy-load aspect\" src=\"data:image\/svg+xml,%3Csvg%20xmlns%3D&#39;http%3A%2F%2Fwww.w3.org%2F2000%2Fsvg&#39;%20viewBox%3D&#39;0%200%20768%20512&#39;%2F%3E\" data-src=\"https:\/\/weltlaeden.de\/bremen\/wp-content\/uploads\/sites\/92\/2023\/09\/20230915_115941-e1694795543940-768x512.jpg\" data-srcset=\"https:\/\/weltlaeden.de\/bremen\/wp-content\/uploads\/sites\/92\/2023\/09\/20230915_115941-e1694795543940-768x512.jpg 768w, https:\/\/weltlaeden.de\/bremen\/wp-content\/uploads\/sites\/92\/2023\/09\/20230915_115941-e1694795543940-1152x768.jpg 1152w\" loading=\"eager\" style=\"--ratio: 768 \/ 512\" sizes=\"(max-width: 768px) 100vw, 768px\" alt=\"\" title=\"20230915_115941\" width=\"768\" height=\"512\"  \/><\/a>\t<\/div>\n<\/div>\n\n\n<div class=\"post-entry-content\">\n\n\t<h3 class=\"entry-title\">\n\t\t<a href=\"https:\/\/weltlaeden.de\/bremen\/klimastreik-fair-und-kein-grad-mehr\/\" title=\"Klimastreik &#8211; FAIR und kein Grad mehr!\" rel=\"bookmark\">Klimastreik &#8211; FAIR und kein Grad mehr!<\/a>\n\t<\/h3>\n\n\t<div class=\"entry-meta\"><span class=\"category-link\"><a href=\"https:\/\/weltlaeden.de\/bremen\/category\/rueckblick\/\" >R\u00fcckblick<\/a><\/span><a class=\"author vcard\" href=\"https:\/\/weltlaeden.de\/bremen\/author\/bremen\/\" title=\"Zeige alle Beitr\u00e4ge von bremen\" rel=\"author\">Von <span class=\"fn\">bremen<\/span><\/a><a href=\"https:\/\/weltlaeden.de\/bremen\/2023\/09\/15\/\" title=\"16:50\" class=\"data-link\" rel=\"bookmark\"><time class=\"entry-date updated\" datetime=\"2023-09-15T16:50:09+02:00\">15. September 2023<\/time><\/a><\/div>\n\t<div class=\"entry-excerpt\"><p>Zum Auftakt der Fairen Woche waren wir mit dem Faire Woche B\u00fcndnis Bremen beim Klimastreik (15.09.2023) dabei und haben das Motto Fair. UND KEIN GRAD MEHR! und das Thema Klimagerechtigkeit und Fairer Handel auf die Stra\u00dfe getragen.<\/p>\n<\/div>\n\t\n<a href=\"https:\/\/weltlaeden.de\/bremen\/klimastreik-fair-und-kein-grad-mehr\/\" class=\"post-details details-type-link\" aria-label=\"Read more about Klimastreik &#8211; FAIR und kein Grad mehr!\">Read more<i class=\"dt-icon-the7-arrow-03\" aria-hidden=\"true\"><\/i><\/a>\n\n<\/div><\/article><\/div><div class=\"visible wf-cell iso-item\" data-post-id=\"2071\" data-date=\"2023-05-13T17:54:01+02:00\" data-name=\"Weltladentag 2023 - M\u00e4chtig fair!\"><article class=\"post project-odd visible post-2071 type-post status-publish format-standard has-post-thumbnail hentry category-rueckblick category-11\" data-name=\"Weltladentag 2023 &#8211; M\u00e4chtig fair!\" data-date=\"2023-05-13T17:54:01+02:00\">\n\n<div class=\"post-thumbnail-wrap\">\n\t<div class=\"post-thumbnail\">\n\t\t\n\t\t\n\t\t<a href=\"https:\/\/weltlaeden.de\/bremen\/weltladentag-2023-maechtig-fair\/\" class=\"post-thumbnail-rollover layzr-bg layzr-bg\" ><img decoding=\"async\" class=\"iso-lazy-load preload-me iso-lazy-load aspect\" src=\"data:image\/svg+xml,%3Csvg%20xmlns%3D&#39;http%3A%2F%2Fwww.w3.org%2F2000%2Fsvg&#39;%20viewBox%3D&#39;0%200%20768%20512&#39;%2F%3E\" data-src=\"https:\/\/weltlaeden.de\/bremen\/wp-content\/uploads\/sites\/92\/2023\/05\/20230512_185107-768x512.jpg\" data-srcset=\"https:\/\/weltlaeden.de\/bremen\/wp-content\/uploads\/sites\/92\/2023\/05\/20230512_185107-768x512.jpg 768w, https:\/\/weltlaeden.de\/bremen\/wp-content\/uploads\/sites\/92\/2023\/05\/20230512_185107-1152x768.jpg 1152w\" loading=\"eager\" style=\"--ratio: 768 \/ 512\" sizes=\"(max-width: 768px) 100vw, 768px\" alt=\"\" title=\"20230512_185107\" width=\"768\" height=\"512\"  \/><\/a>\t<\/div>\n<\/div>\n\n\n<div class=\"post-entry-content\">\n\n\t<h3 class=\"entry-title\">\n\t\t<a href=\"https:\/\/weltlaeden.de\/bremen\/weltladentag-2023-maechtig-fair\/\" title=\"Weltladentag 2023 &#8211; M\u00e4chtig fair!\" rel=\"bookmark\">Weltladentag 2023 &#8211; M\u00e4chtig fair!<\/a>\n\t<\/h3>\n\n\t<div class=\"entry-meta\"><span class=\"category-link\"><a href=\"https:\/\/weltlaeden.de\/bremen\/category\/rueckblick\/\" >R\u00fcckblick<\/a><\/span><a class=\"author vcard\" href=\"https:\/\/weltlaeden.de\/bremen\/author\/bremen\/\" title=\"Zeige alle Beitr\u00e4ge von bremen\" rel=\"author\">Von <span class=\"fn\">bremen<\/span><\/a><a href=\"https:\/\/weltlaeden.de\/bremen\/2023\/05\/13\/\" title=\"17:54\" class=\"data-link\" rel=\"bookmark\"><time class=\"entry-date updated\" datetime=\"2023-05-13T17:54:01+02:00\">13. Mai 2023<\/time><\/a><\/div>\n\t<div class=\"entry-excerpt\"><p>Am Weltladentag haben wir uns mit einer Postkarten-Aktion f\u00fcr ein starkes EU-Lieferkettengesetz stark gemacht. Mit den Postkarten an EU-Parlaments-Abgeordneten machten wir deutlich: Lieferketten k\u00f6nnen m\u00e4chtig fair werden, wenn ein starkes EU-Lieferkettengesetz durchgesetzt wird. Mehr&#8230; Infos zur Kampagne unter: weltladen.de\/kampagne und Initiative Lieferkettengesetz<\/p>\n<\/div>\n\t\n<a href=\"https:\/\/weltlaeden.de\/bremen\/weltladentag-2023-maechtig-fair\/\" class=\"post-details details-type-link\" aria-label=\"Read more about Weltladentag 2023 &#8211; M\u00e4chtig fair!\">Read more<i class=\"dt-icon-the7-arrow-03\" aria-hidden=\"true\"><\/i><\/a>\n\n<\/div><\/article><\/div><div class=\"visible wf-cell iso-item\" data-post-id=\"2076\" data-date=\"2022-10-01T18:14:45+02:00\" data-name=\"25 Jahre Weltladen im O-Weg\"><article class=\"post project-odd visible post-2076 type-post status-publish format-standard has-post-thumbnail hentry category-rueckblick category-11\" data-name=\"25 Jahre Weltladen im O-Weg\" data-date=\"2022-10-01T18:14:45+02:00\">\n\n<div class=\"post-thumbnail-wrap\">\n\t<div class=\"post-thumbnail\">\n\t\t\n\t\t\n\t\t<a href=\"https:\/\/weltlaeden.de\/bremen\/25-jahre-weltladen-im-o-weg\/\" class=\"post-thumbnail-rollover layzr-bg layzr-bg\" ><img decoding=\"async\" class=\"iso-lazy-load preload-me iso-lazy-load aspect\" src=\"data:image\/svg+xml,%3Csvg%20xmlns%3D&#39;http%3A%2F%2Fwww.w3.org%2F2000%2Fsvg&#39;%20viewBox%3D&#39;0%200%20768%20512&#39;%2F%3E\" data-src=\"https:\/\/weltlaeden.de\/bremen\/wp-content\/uploads\/sites\/92\/2022\/11\/P1050706-e1689869771421-768x512.jpg\" data-srcset=\"https:\/\/weltlaeden.de\/bremen\/wp-content\/uploads\/sites\/92\/2022\/11\/P1050706-e1689869771421-768x512.jpg 768w, https:\/\/weltlaeden.de\/bremen\/wp-content\/uploads\/sites\/92\/2022\/11\/P1050706-e1689869771421-1152x768.jpg 1152w\" loading=\"eager\" style=\"--ratio: 768 \/ 512\" sizes=\"(max-width: 768px) 100vw, 768px\" alt=\"\" title=\"P1050706\" width=\"768\" height=\"512\"  \/><\/a>\t<\/div>\n<\/div>\n\n\n<div class=\"post-entry-content\">\n\n\t<h3 class=\"entry-title\">\n\t\t<a href=\"https:\/\/weltlaeden.de\/bremen\/25-jahre-weltladen-im-o-weg\/\" title=\"25 Jahre Weltladen im O-Weg\" rel=\"bookmark\">25 Jahre Weltladen im O-Weg<\/a>\n\t<\/h3>\n\n\t<div class=\"entry-meta\"><span class=\"category-link\"><a href=\"https:\/\/weltlaeden.de\/bremen\/category\/rueckblick\/\" >R\u00fcckblick<\/a><\/span><a class=\"author vcard\" href=\"https:\/\/weltlaeden.de\/bremen\/author\/bremen\/\" title=\"Zeige alle Beitr\u00e4ge von bremen\" rel=\"author\">Von <span class=\"fn\">bremen<\/span><\/a><a href=\"https:\/\/weltlaeden.de\/bremen\/2022\/10\/01\/\" title=\"18:14\" class=\"data-link\" rel=\"bookmark\"><time class=\"entry-date updated\" datetime=\"2022-10-01T18:14:45+02:00\">1. Oktober 2022<\/time><\/a><\/div>\n\t<div class=\"entry-excerpt\"><p>25 Jahre sind wir nun als Fachgesch\u00e4ft f\u00fcr Fairen Handel fester Bestandteil der Viertelgemeinschaft. Raus aus der Nische war damals die Devise. Unser Jubil\u00e4um wurde mit G\u00e4sten und Kund:innen gro\u00df gefeiert. B\u00fcrgermeister Dr. Andreas Bovenschulte war mit von der Partie und durfte unsere neuen Ladenschilder enth\u00fcllen. Auch in Zukunft werdern wir mit Aktionen und politischen&hellip;<\/p>\n<\/div>\n\t\n<a href=\"https:\/\/weltlaeden.de\/bremen\/25-jahre-weltladen-im-o-weg\/\" class=\"post-details details-type-link\" aria-label=\"Read more about 25 Jahre Weltladen im O-Weg\">Read more<i class=\"dt-icon-the7-arrow-03\" aria-hidden=\"true\"><\/i><\/a>\n\n<\/div><\/article><\/div><div class=\"visible wf-cell iso-item\" data-post-id=\"2068\" data-date=\"2022-09-30T17:42:22+02:00\" data-name=\"Faire Woche 2022\"><article class=\"post project-odd visible post-2068 type-post status-publish format-standard has-post-thumbnail hentry category-rueckblick category-11\" data-name=\"Faire Woche 2022\" data-date=\"2022-09-30T17:42:22+02:00\">\n\n<div class=\"post-thumbnail-wrap\">\n\t<div class=\"post-thumbnail\">\n\t\t\n\t\t\n\t\t<a href=\"https:\/\/weltlaeden.de\/bremen\/faire-woche-2022\/\" class=\"post-thumbnail-rollover layzr-bg layzr-bg\" ><img decoding=\"async\" class=\"iso-lazy-load preload-me iso-lazy-load aspect\" src=\"data:image\/svg+xml,%3Csvg%20xmlns%3D&#39;http%3A%2F%2Fwww.w3.org%2F2000%2Fsvg&#39;%20viewBox%3D&#39;0%200%20768%20512&#39;%2F%3E\" data-src=\"https:\/\/weltlaeden.de\/bremen\/wp-content\/uploads\/sites\/92\/2022\/09\/Christa_1-e1689868152137-768x512.jpg\" data-srcset=\"https:\/\/weltlaeden.de\/bremen\/wp-content\/uploads\/sites\/92\/2022\/09\/Christa_1-e1689868152137-768x512.jpg 768w, https:\/\/weltlaeden.de\/bremen\/wp-content\/uploads\/sites\/92\/2022\/09\/Christa_1-e1689868152137-1152x768.jpg 1152w\" loading=\"eager\" style=\"--ratio: 768 \/ 512\" sizes=\"(max-width: 768px) 100vw, 768px\" alt=\"\" title=\"Christa_1\" width=\"768\" height=\"512\"  \/><\/a>\t<\/div>\n<\/div>\n\n\n<div class=\"post-entry-content\">\n\n\t<h3 class=\"entry-title\">\n\t\t<a href=\"https:\/\/weltlaeden.de\/bremen\/faire-woche-2022\/\" title=\"Faire Woche 2022\" rel=\"bookmark\">Faire Woche 2022<\/a>\n\t<\/h3>\n\n\t<div class=\"entry-meta\"><span class=\"category-link\"><a href=\"https:\/\/weltlaeden.de\/bremen\/category\/rueckblick\/\" >R\u00fcckblick<\/a><\/span><a class=\"author vcard\" href=\"https:\/\/weltlaeden.de\/bremen\/author\/bremen\/\" title=\"Zeige alle Beitr\u00e4ge von bremen\" rel=\"author\">Von <span class=\"fn\">bremen<\/span><\/a><a href=\"https:\/\/weltlaeden.de\/bremen\/2022\/09\/30\/\" title=\"17:42\" class=\"data-link\" rel=\"bookmark\"><time class=\"entry-date updated\" datetime=\"2022-09-30T17:42:22+02:00\">30. September 2022<\/time><\/a><\/div>\n\t<div class=\"entry-excerpt\"><p>Unter dem Motto &#8222;Fair steht dir \u2013 #fairhandeln f\u00fcr Menschenrechte weltweit\u201c drehte sich die bundesweite Faire Woche (16. bis 30. September 2022) um das Thema Textilien. \u00d6ko-faire Mode ist guter Stoff f\u00fcr alle! Der Weltladen war bei einer \u00f6ko-fairen Modenschau in der Markthalle Acht und Aktionen im Laden mit dabei!<\/p>\n<\/div>\n\t\n<a href=\"https:\/\/weltlaeden.de\/bremen\/faire-woche-2022\/\" class=\"post-details details-type-link\" aria-label=\"Read more about Faire Woche 2022\">Read more<i class=\"dt-icon-the7-arrow-03\" aria-hidden=\"true\"><\/i><\/a>\n\n<\/div><\/article><\/div><div class=\"visible wf-cell iso-item\" data-post-id=\"1992\" data-date=\"2022-05-14T11:28:29+02:00\" data-name=\"Weltladentag 2022\"><article class=\"post project-odd visible post-1992 type-post status-publish format-standard has-post-thumbnail hentry category-rueckblick category-11\" data-name=\"Weltladentag 2022\" data-date=\"2022-05-14T11:28:29+02:00\">\n\n<div class=\"post-thumbnail-wrap\">\n\t<div class=\"post-thumbnail\">\n\t\t\n\t\t\n\t\t<a href=\"https:\/\/weltlaeden.de\/bremen\/weltladentag-2022\/\" class=\"post-thumbnail-rollover layzr-bg layzr-bg\" ><img decoding=\"async\" class=\"iso-lazy-load preload-me iso-lazy-load aspect\" src=\"data:image\/svg+xml,%3Csvg%20xmlns%3D&#39;http%3A%2F%2Fwww.w3.org%2F2000%2Fsvg&#39;%20viewBox%3D&#39;0%200%20768%20512&#39;%2F%3E\" data-src=\"https:\/\/weltlaeden.de\/bremen\/wp-content\/uploads\/sites\/92\/2022\/09\/20220514_131616-e1664271101847-768x512.jpg\" data-srcset=\"https:\/\/weltlaeden.de\/bremen\/wp-content\/uploads\/sites\/92\/2022\/09\/20220514_131616-e1664271101847-768x512.jpg 768w, https:\/\/weltlaeden.de\/bremen\/wp-content\/uploads\/sites\/92\/2022\/09\/20220514_131616-e1664271101847-1152x768.jpg 1152w\" loading=\"eager\" style=\"--ratio: 768 \/ 512\" sizes=\"(max-width: 768px) 100vw, 768px\" alt=\"\" title=\"20220514_131616\" width=\"768\" height=\"512\"  \/><\/a>\t<\/div>\n<\/div>\n\n\n<div class=\"post-entry-content\">\n\n\t<h3 class=\"entry-title\">\n\t\t<a href=\"https:\/\/weltlaeden.de\/bremen\/weltladentag-2022\/\" title=\"Weltladentag 2022\" rel=\"bookmark\">Weltladentag 2022<\/a>\n\t<\/h3>\n\n\t<div class=\"entry-meta\"><span class=\"category-link\"><a href=\"https:\/\/weltlaeden.de\/bremen\/category\/rueckblick\/\" >R\u00fcckblick<\/a><\/span><a class=\"author vcard\" href=\"https:\/\/weltlaeden.de\/bremen\/author\/bremen\/\" title=\"Zeige alle Beitr\u00e4ge von bremen\" rel=\"author\">Von <span class=\"fn\">bremen<\/span><\/a><a href=\"https:\/\/weltlaeden.de\/bremen\/2022\/05\/14\/\" title=\"11:28\" class=\"data-link\" rel=\"bookmark\"><time class=\"entry-date updated\" datetime=\"2022-05-14T11:28:29+02:00\">14. Mai 2022<\/time><\/a><\/div>\n\t<div class=\"entry-excerpt\"><p>Eine Saftpresse, eine Milcht\u00fcte, ein Warnschild&#8230;.mit dieser kuriosen Ausstellung vor dem Weltladen machten wir gemeinsam mit Weltl\u00e4den in ganz Deutschland auf die unfairen Preise aufmerksam, die Produzent*innen am Anfang globaler Agrarlieferketten f\u00fcr ihre Produkte nach wie vor erhalten.<\/p>\n<\/div>\n\t\n<a href=\"https:\/\/weltlaeden.de\/bremen\/weltladentag-2022\/\" class=\"post-details details-type-link\" aria-label=\"Read more about Weltladentag 2022\">Read more<i class=\"dt-icon-the7-arrow-03\" aria-hidden=\"true\"><\/i><\/a>\n\n<\/div><\/article><\/div><div class=\"visible wf-cell iso-item\" data-post-id=\"1845\" data-date=\"2021-09-10T18:17:03+02:00\" data-name=\"Faire Woche 2021\"><article class=\"post project-odd visible post-1845 type-post status-publish format-standard has-post-thumbnail hentry category-rueckblick category-11\" data-name=\"Faire Woche 2021\" data-date=\"2021-09-10T18:17:03+02:00\">\n\n<div class=\"post-thumbnail-wrap\">\n\t<div class=\"post-thumbnail\">\n\t\t\n\t\t\n\t\t<a href=\"https:\/\/weltlaeden.de\/bremen\/faire-woche-2021\/\" class=\"post-thumbnail-rollover layzr-bg layzr-bg\" ><img decoding=\"async\" class=\"iso-lazy-load preload-me iso-lazy-load aspect\" src=\"data:image\/svg+xml,%3Csvg%20xmlns%3D&#39;http%3A%2F%2Fwww.w3.org%2F2000%2Fsvg&#39;%20viewBox%3D&#39;0%200%20768%20512&#39;%2F%3E\" data-src=\"https:\/\/weltlaeden.de\/bremen\/wp-content\/uploads\/sites\/92\/2022\/02\/20210910_130039-2-scaled-768x512.jpg\" data-srcset=\"https:\/\/weltlaeden.de\/bremen\/wp-content\/uploads\/sites\/92\/2022\/02\/20210910_130039-2-scaled-768x512.jpg 768w, https:\/\/weltlaeden.de\/bremen\/wp-content\/uploads\/sites\/92\/2022\/02\/20210910_130039-2-scaled-1152x768.jpg 1152w\" loading=\"eager\" style=\"--ratio: 768 \/ 512\" sizes=\"(max-width: 768px) 100vw, 768px\" alt=\"\" title=\"20210910_130039 (2)\" width=\"768\" height=\"512\"  \/><\/a>\t<\/div>\n<\/div>\n\n\n<div class=\"post-entry-content\">\n\n\t<h3 class=\"entry-title\">\n\t\t<a href=\"https:\/\/weltlaeden.de\/bremen\/faire-woche-2021\/\" title=\"Faire Woche 2021\" rel=\"bookmark\">Faire Woche 2021<\/a>\n\t<\/h3>\n\n\t<div class=\"entry-meta\"><span class=\"category-link\"><a href=\"https:\/\/weltlaeden.de\/bremen\/category\/rueckblick\/\" >R\u00fcckblick<\/a><\/span><a class=\"author vcard\" href=\"https:\/\/weltlaeden.de\/bremen\/author\/bremen\/\" title=\"Zeige alle Beitr\u00e4ge von bremen\" rel=\"author\">Von <span class=\"fn\">bremen<\/span><\/a><a href=\"https:\/\/weltlaeden.de\/bremen\/2021\/09\/10\/\" title=\"18:17\" class=\"data-link\" rel=\"bookmark\"><time class=\"entry-date updated\" datetime=\"2021-09-10T18:17:03+02:00\">10. September 2021<\/time><\/a><\/div>\n\t<div class=\"entry-excerpt\"><p>&#8222;Zukunft fair gestalten&#8220;. Die Wette gilt. Bei der Auftaktveranstaltung auf dem Domshof waren Bundestagskandidat:innen und der B\u00fcrgermeister gegeneinander angetreten.<\/p>\n<\/div>\n\t\n<a href=\"https:\/\/weltlaeden.de\/bremen\/faire-woche-2021\/\" class=\"post-details details-type-link\" aria-label=\"Read more about Faire Woche 2021\">Read more<i class=\"dt-icon-the7-arrow-03\" aria-hidden=\"true\"><\/i><\/a>\n\n<\/div><\/article><\/div><div class=\"visible wf-cell iso-item\" data-post-id=\"1841\" data-date=\"2021-05-08T18:06:56+02:00\" data-name=\"Weltladentag 2021\"><article class=\"post project-odd visible post-1841 type-post status-publish format-standard has-post-thumbnail hentry category-rueckblick category-11\" data-name=\"Weltladentag 2021\" data-date=\"2021-05-08T18:06:56+02:00\">\n\n<div class=\"post-thumbnail-wrap\">\n\t<div class=\"post-thumbnail\">\n\t\t\n\t\t\n\t\t<a href=\"https:\/\/weltlaeden.de\/bremen\/weltladentag-2021\/\" class=\"post-thumbnail-rollover layzr-bg layzr-bg\" ><img decoding=\"async\" class=\"iso-lazy-load preload-me iso-lazy-load aspect\" src=\"data:image\/svg+xml,%3Csvg%20xmlns%3D&#39;http%3A%2F%2Fwww.w3.org%2F2000%2Fsvg&#39;%20viewBox%3D&#39;0%200%20768%20512&#39;%2F%3E\" data-src=\"https:\/\/weltlaeden.de\/bremen\/wp-content\/uploads\/sites\/92\/2022\/02\/20210508_115130-scaled-768x512.jpg\" data-srcset=\"https:\/\/weltlaeden.de\/bremen\/wp-content\/uploads\/sites\/92\/2022\/02\/20210508_115130-scaled-768x512.jpg 768w, https:\/\/weltlaeden.de\/bremen\/wp-content\/uploads\/sites\/92\/2022\/02\/20210508_115130-scaled-1152x768.jpg 1152w\" loading=\"eager\" style=\"--ratio: 768 \/ 512\" sizes=\"(max-width: 768px) 100vw, 768px\" alt=\"\" title=\"20210508_115130\" width=\"768\" height=\"512\"  \/><\/a>\t<\/div>\n<\/div>\n\n\n<div class=\"post-entry-content\">\n\n\t<h3 class=\"entry-title\">\n\t\t<a href=\"https:\/\/weltlaeden.de\/bremen\/weltladentag-2021\/\" title=\"Weltladentag 2021\" rel=\"bookmark\">Weltladentag 2021<\/a>\n\t<\/h3>\n\n\t<div class=\"entry-meta\"><span class=\"category-link\"><a href=\"https:\/\/weltlaeden.de\/bremen\/category\/rueckblick\/\" >R\u00fcckblick<\/a><\/span><a class=\"author vcard\" href=\"https:\/\/weltlaeden.de\/bremen\/author\/bremen\/\" title=\"Zeige alle Beitr\u00e4ge von bremen\" rel=\"author\">Von <span class=\"fn\">bremen<\/span><\/a><a href=\"https:\/\/weltlaeden.de\/bremen\/2021\/05\/08\/\" title=\"18:06\" class=\"data-link\" rel=\"bookmark\"><time class=\"entry-date updated\" datetime=\"2021-05-08T18:06:56+02:00\">8. Mai 2021<\/time><\/a><\/div>\n\t<div class=\"entry-excerpt\"><p>Es geht ums Ganze &#8211; eine sozial-\u00f6kologische Transformation. Am Weltladentag waren wir mit dem neuen Kampagnen-Thema mit am Start.<\/p>\n<\/div>\n\t\n<a href=\"https:\/\/weltlaeden.de\/bremen\/weltladentag-2021\/\" class=\"post-details details-type-link\" aria-label=\"Read more about Weltladentag 2021\">Read more<i class=\"dt-icon-the7-arrow-03\" aria-hidden=\"true\"><\/i><\/a>\n\n<\/div><\/article><\/div><div class=\"visible wf-cell iso-item\" data-post-id=\"1379\" data-date=\"2020-09-17T12:38:47+02:00\" data-name=\"Klimastreik 25.09.\"><article class=\"post project-odd visible post-1379 type-post status-publish format-standard has-post-thumbnail hentry category-rueckblick category-11\" data-name=\"Klimastreik 25.09.\" data-date=\"2020-09-17T12:38:47+02:00\">\n\n<div class=\"post-thumbnail-wrap\">\n\t<div class=\"post-thumbnail\">\n\t\t\n\t\t\n\t\t<a href=\"https:\/\/weltlaeden.de\/bremen\/klimastreik-25-09\/\" class=\"post-thumbnail-rollover layzr-bg layzr-bg\" ><img decoding=\"async\" class=\"iso-lazy-load preload-me iso-lazy-load aspect\" src=\"data:image\/svg+xml,%3Csvg%20xmlns%3D&#39;http%3A%2F%2Fwww.w3.org%2F2000%2Fsvg&#39;%20viewBox%3D&#39;0%200%20768%20512&#39;%2F%3E\" data-src=\"https:\/\/weltlaeden.de\/bremen\/wp-content\/uploads\/sites\/92\/2020\/09\/fff_25.09-768x512.jpg\" data-srcset=\"https:\/\/weltlaeden.de\/bremen\/wp-content\/uploads\/sites\/92\/2020\/09\/fff_25.09-768x512.jpg 768w, https:\/\/weltlaeden.de\/bremen\/wp-content\/uploads\/sites\/92\/2020\/09\/fff_25.09-1152x768.jpg 1152w\" loading=\"eager\" style=\"--ratio: 768 \/ 512\" sizes=\"(max-width: 768px) 100vw, 768px\" alt=\"\" title=\"fff_25.09\" width=\"768\" height=\"512\"  \/><\/a>\t<\/div>\n<\/div>\n\n\n<div class=\"post-entry-content\">\n\n\t<h3 class=\"entry-title\">\n\t\t<a href=\"https:\/\/weltlaeden.de\/bremen\/klimastreik-25-09\/\" title=\"Klimastreik 25.09.\" rel=\"bookmark\">Klimastreik 25.09.<\/a>\n\t<\/h3>\n\n\t<div class=\"entry-meta\"><span class=\"category-link\"><a href=\"https:\/\/weltlaeden.de\/bremen\/category\/rueckblick\/\" >R\u00fcckblick<\/a><\/span><a class=\"author vcard\" href=\"https:\/\/weltlaeden.de\/bremen\/author\/bremen\/\" title=\"Zeige alle Beitr\u00e4ge von bremen\" rel=\"author\">Von <span class=\"fn\">bremen<\/span><\/a><a href=\"https:\/\/weltlaeden.de\/bremen\/2020\/09\/17\/\" title=\"12:38\" class=\"data-link\" rel=\"bookmark\"><time class=\"entry-date updated\" datetime=\"2020-09-17T12:38:47+02:00\">17. September 2020<\/time><\/a><\/div>\n\t<div class=\"entry-excerpt\"><p>Fridays for future geht wieder auf die Stra\u00dfe. Auch in Bremen. Ab 10 Uhr an diversen Orten. Mehr hier<\/p>\n<\/div>\n\t\n<a href=\"https:\/\/weltlaeden.de\/bremen\/klimastreik-25-09\/\" class=\"post-details details-type-link\" aria-label=\"Read more about Klimastreik 25.09.\">Read more<i class=\"dt-icon-the7-arrow-03\" aria-hidden=\"true\"><\/i><\/a>\n\n<\/div><\/article><\/div><div class=\"visible wf-cell iso-item\" data-post-id=\"1392\" data-date=\"2020-09-11T17:44:41+02:00\" data-name=\"Faire Woche 2020\"><article class=\"post project-odd visible post-1392 type-post status-publish format-standard has-post-thumbnail hentry category-rueckblick category-11\" data-name=\"Faire Woche 2020\" data-date=\"2020-09-11T17:44:41+02:00\">\n\n<div class=\"post-thumbnail-wrap\">\n\t<div class=\"post-thumbnail\">\n\t\t\n\t\t\n\t\t<a href=\"https:\/\/weltlaeden.de\/bremen\/faire-woche-2020\/\" class=\"post-thumbnail-rollover layzr-bg layzr-bg\" ><img decoding=\"async\" class=\"iso-lazy-load preload-me iso-lazy-load aspect\" src=\"data:image\/svg+xml,%3Csvg%20xmlns%3D&#39;http%3A%2F%2Fwww.w3.org%2F2000%2Fsvg&#39;%20viewBox%3D&#39;0%200%20768%20512&#39;%2F%3E\" data-src=\"https:\/\/weltlaeden.de\/bremen\/wp-content\/uploads\/sites\/92\/2020\/09\/2020-09_FW-B\u00fcndnis_Marktplatz-768x512.jpg\" data-srcset=\"https:\/\/weltlaeden.de\/bremen\/wp-content\/uploads\/sites\/92\/2020\/09\/2020-09_FW-B\u00fcndnis_Marktplatz-768x512.jpg 768w, https:\/\/weltlaeden.de\/bremen\/wp-content\/uploads\/sites\/92\/2020\/09\/2020-09_FW-B\u00fcndnis_Marktplatz-1152x768.jpg 1152w\" loading=\"eager\" style=\"--ratio: 768 \/ 512\" sizes=\"(max-width: 768px) 100vw, 768px\" alt=\"\" title=\"2020-09_FW-B\u00fcndnis_Marktplatz\" width=\"768\" height=\"512\"  \/><\/a>\t<\/div>\n<\/div>\n\n\n<div class=\"post-entry-content\">\n\n\t<h3 class=\"entry-title\">\n\t\t<a href=\"https:\/\/weltlaeden.de\/bremen\/faire-woche-2020\/\" title=\"Faire Woche 2020\" rel=\"bookmark\">Faire Woche 2020<\/a>\n\t<\/h3>\n\n\t<div class=\"entry-meta\"><span class=\"category-link\"><a href=\"https:\/\/weltlaeden.de\/bremen\/category\/rueckblick\/\" >R\u00fcckblick<\/a><\/span><a class=\"author vcard\" href=\"https:\/\/weltlaeden.de\/bremen\/author\/bremen\/\" title=\"Zeige alle Beitr\u00e4ge von bremen\" rel=\"author\">Von <span class=\"fn\">bremen<\/span><\/a><a href=\"https:\/\/weltlaeden.de\/bremen\/2020\/09\/11\/\" title=\"17:44\" class=\"data-link\" rel=\"bookmark\"><time class=\"entry-date updated\" datetime=\"2020-09-11T17:44:41+02:00\">11. September 2020<\/time><\/a><\/div>\n\t<div class=\"entry-excerpt\"><p>Ein gutes Leben f\u00fcr alle &#8211; welchen Beitrag leistet der Faire Handel? &#8222;Fair statt mehr!&#8220; war das diesj\u00e4hrige Thema der Fairen Woche 2020.<\/p>\n<\/div>\n\t\n<a href=\"https:\/\/weltlaeden.de\/bremen\/faire-woche-2020\/\" class=\"post-details details-type-link\" aria-label=\"Read more about Faire Woche 2020\">Read more<i class=\"dt-icon-the7-arrow-03\" aria-hidden=\"true\"><\/i><\/a>\n\n<\/div><\/article><\/div><div class=\"visible wf-cell iso-item\" data-post-id=\"972\" data-date=\"2020-01-18T14:13:21+01:00\" data-name=\"Wir haben es satt - Demo Berlin\"><article class=\"post project-odd visible post-972 type-post status-publish format-standard has-post-thumbnail hentry category-rueckblick category-11\" data-name=\"Wir haben es satt &#8211; Demo Berlin\" data-date=\"2020-01-18T14:13:21+01:00\">\n\n<div class=\"post-thumbnail-wrap\">\n\t<div class=\"post-thumbnail\">\n\t\t\n\t\t\n\t\t<a href=\"https:\/\/weltlaeden.de\/bremen\/wir-haben-es-satt-demo-berlin\/\" class=\"post-thumbnail-rollover layzr-bg layzr-bg\" ><img decoding=\"async\" class=\"iso-lazy-load preload-me iso-lazy-load aspect\" src=\"data:image\/svg+xml,%3Csvg%20xmlns%3D&#39;http%3A%2F%2Fwww.w3.org%2F2000%2Fsvg&#39;%20viewBox%3D&#39;0%200%20386%20257&#39;%2F%3E\" data-src=\"https:\/\/weltlaeden.de\/bremen\/wp-content\/uploads\/sites\/92\/2020\/01\/2020-01-18_WHS-Demo-Berlin-386x257.jpg\" data-srcset=\"https:\/\/weltlaeden.de\/bremen\/wp-content\/uploads\/sites\/92\/2020\/01\/2020-01-18_WHS-Demo-Berlin-386x257.jpg 386w\" loading=\"eager\" style=\"--ratio: 386 \/ 257\" sizes=\"(max-width: 386px) 100vw, 386px\" alt=\"\" title=\"2020-01-18_WHS-Demo-Berlin\" width=\"386\" height=\"257\"  \/><\/a>\t<\/div>\n<\/div>\n\n\n<div class=\"post-entry-content\">\n\n\t<h3 class=\"entry-title\">\n\t\t<a href=\"https:\/\/weltlaeden.de\/bremen\/wir-haben-es-satt-demo-berlin\/\" title=\"Wir haben es satt &#8211; Demo Berlin\" rel=\"bookmark\">Wir haben es satt &#8211; Demo Berlin<\/a>\n\t<\/h3>\n\n\t<div class=\"entry-meta\"><span class=\"category-link\"><a href=\"https:\/\/weltlaeden.de\/bremen\/category\/rueckblick\/\" >R\u00fcckblick<\/a><\/span><a class=\"author vcard\" href=\"https:\/\/weltlaeden.de\/bremen\/author\/bremen\/\" title=\"Zeige alle Beitr\u00e4ge von bremen\" rel=\"author\">Von <span class=\"fn\">bremen<\/span><\/a><a href=\"https:\/\/weltlaeden.de\/bremen\/2020\/01\/18\/\" title=\"14:13\" class=\"data-link\" rel=\"bookmark\"><time class=\"entry-date updated\" datetime=\"2020-01-18T14:13:21+01:00\">18. Januar 2020<\/time><\/a><\/div>\n\t<div class=\"entry-excerpt\"><p>Wir haben es satt! Mit einer Mini-Abordnung waren wir f\u00fcr Ern\u00e4hrungssouver\u00e4nit\u00e4t und gerechten Welthandel in Berlin mit dabei!<\/p>\n<\/div>\n\t\n<a href=\"https:\/\/weltlaeden.de\/bremen\/wir-haben-es-satt-demo-berlin\/\" class=\"post-details details-type-link\" aria-label=\"Read more about Wir haben es satt &#8211; Demo Berlin\">Read more<i class=\"dt-icon-the7-arrow-03\" aria-hidden=\"true\"><\/i><\/a>\n\n<\/div><\/article><\/div><div class=\"visible wf-cell iso-item\" data-post-id=\"939\" data-date=\"2019-11-30T11:17:11+01:00\" data-name=\"Lieferkettengesetz jetzt!\"><article class=\"post project-odd visible post-939 type-post status-publish format-standard has-post-thumbnail hentry category-rueckblick category-11\" data-name=\"Lieferkettengesetz jetzt!\" data-date=\"2019-11-30T11:17:11+01:00\">\n\n<div class=\"post-thumbnail-wrap\">\n\t<div class=\"post-thumbnail\">\n\t\t\n\t\t\n\t\t<a href=\"https:\/\/weltlaeden.de\/bremen\/lieferkettengesetz-jetzt\/\" class=\"post-thumbnail-rollover layzr-bg layzr-bg\" ><img decoding=\"async\" class=\"iso-lazy-load preload-me iso-lazy-load aspect\" src=\"data:image\/svg+xml,%3Csvg%20xmlns%3D&#39;http%3A%2F%2Fwww.w3.org%2F2000%2Fsvg&#39;%20viewBox%3D&#39;0%200%20768%20512&#39;%2F%3E\" data-src=\"https:\/\/weltlaeden.de\/bremen\/wp-content\/uploads\/sites\/92\/2019\/12\/IMG-20191130-WA0000-768x512.jpg\" data-srcset=\"https:\/\/weltlaeden.de\/bremen\/wp-content\/uploads\/sites\/92\/2019\/12\/IMG-20191130-WA0000-768x512.jpg 768w, https:\/\/weltlaeden.de\/bremen\/wp-content\/uploads\/sites\/92\/2019\/12\/IMG-20191130-WA0000-1152x768.jpg 1152w\" loading=\"eager\" style=\"--ratio: 768 \/ 512\" sizes=\"(max-width: 768px) 100vw, 768px\" alt=\"\" title=\"IMG-20191130-WA0000\" width=\"768\" height=\"512\"  \/><\/a>\t<\/div>\n<\/div>\n\n\n<div class=\"post-entry-content\">\n\n\t<h3 class=\"entry-title\">\n\t\t<a href=\"https:\/\/weltlaeden.de\/bremen\/lieferkettengesetz-jetzt\/\" title=\"Lieferkettengesetz jetzt!\" rel=\"bookmark\">Lieferkettengesetz jetzt!<\/a>\n\t<\/h3>\n\n\t<div class=\"entry-meta\"><span class=\"category-link\"><a href=\"https:\/\/weltlaeden.de\/bremen\/category\/rueckblick\/\" >R\u00fcckblick<\/a><\/span><a class=\"author vcard\" href=\"https:\/\/weltlaeden.de\/bremen\/author\/bremen\/\" title=\"Zeige alle Beitr\u00e4ge von bremen\" rel=\"author\">Von <span class=\"fn\">bremen<\/span><\/a><a href=\"https:\/\/weltlaeden.de\/bremen\/2019\/11\/30\/\" title=\"11:17\" class=\"data-link\" rel=\"bookmark\"><time class=\"entry-date updated\" datetime=\"2019-11-30T11:17:11+01:00\">30. November 2019<\/time><\/a><\/div>\n\t<div class=\"entry-excerpt\"><p>Am Samstag, den 30. November waren wir gemeinsam mit anderen Akteuren f\u00fcr ein Lieferketten-Gesetz in der Bremer Innenstadt unterwegs.<\/p>\n<\/div>\n\t\n<a href=\"https:\/\/weltlaeden.de\/bremen\/lieferkettengesetz-jetzt\/\" class=\"post-details details-type-link\" aria-label=\"Read more about Lieferkettengesetz jetzt!\">Read more<i class=\"dt-icon-the7-arrow-03\" aria-hidden=\"true\"><\/i><\/a>\n\n<\/div><\/article><\/div><div class=\"visible wf-cell iso-item\" data-post-id=\"929\" data-date=\"2019-11-29T20:27:06+01:00\" data-name=\"Alle f\u00fcr das Klima!\"><article class=\"post project-odd visible post-929 type-post status-publish format-standard has-post-thumbnail hentry category-rueckblick category-11\" data-name=\"Alle f\u00fcr das Klima!\" data-date=\"2019-11-29T20:27:06+01:00\">\n\n<div class=\"post-thumbnail-wrap\">\n\t<div class=\"post-thumbnail\">\n\t\t\n\t\t\n\t\t<a href=\"https:\/\/weltlaeden.de\/bremen\/klimastreik\/\" class=\"post-thumbnail-rollover layzr-bg layzr-bg\" ><img decoding=\"async\" class=\"iso-lazy-load preload-me iso-lazy-load aspect\" src=\"data:image\/svg+xml,%3Csvg%20xmlns%3D&#39;http%3A%2F%2Fwww.w3.org%2F2000%2Fsvg&#39;%20viewBox%3D&#39;0%200%20768%20512&#39;%2F%3E\" data-src=\"https:\/\/weltlaeden.de\/bremen\/wp-content\/uploads\/sites\/92\/2019\/12\/2019_11_Klimastreik05007-e1576749942340-768x512.jpg\" data-srcset=\"https:\/\/weltlaeden.de\/bremen\/wp-content\/uploads\/sites\/92\/2019\/12\/2019_11_Klimastreik05007-e1576749942340-768x512.jpg 768w, https:\/\/weltlaeden.de\/bremen\/wp-content\/uploads\/sites\/92\/2019\/12\/2019_11_Klimastreik05007-e1576749942340-1152x768.jpg 1152w\" loading=\"eager\" style=\"--ratio: 768 \/ 512\" sizes=\"(max-width: 768px) 100vw, 768px\" alt=\"\" title=\"2019_11_Klimastreik05007\" width=\"768\" height=\"512\"  \/><\/a>\t<\/div>\n<\/div>\n\n\n<div class=\"post-entry-content\">\n\n\t<h3 class=\"entry-title\">\n\t\t<a href=\"https:\/\/weltlaeden.de\/bremen\/klimastreik\/\" title=\"Alle f\u00fcr das Klima!\" rel=\"bookmark\">Alle f\u00fcr das Klima!<\/a>\n\t<\/h3>\n\n\t<div class=\"entry-meta\"><span class=\"category-link\"><a href=\"https:\/\/weltlaeden.de\/bremen\/category\/rueckblick\/\" >R\u00fcckblick<\/a><\/span><a class=\"author vcard\" href=\"https:\/\/weltlaeden.de\/bremen\/author\/bremen\/\" title=\"Zeige alle Beitr\u00e4ge von bremen\" rel=\"author\">Von <span class=\"fn\">bremen<\/span><\/a><a href=\"https:\/\/weltlaeden.de\/bremen\/2019\/11\/29\/\" title=\"20:27\" class=\"data-link\" rel=\"bookmark\"><time class=\"entry-date updated\" datetime=\"2019-11-29T20:27:06+01:00\">29. November 2019<\/time><\/a><\/div>\n\t<div class=\"entry-excerpt\"><p>Statt Black Friday waren wir am Freitag 29.November mit Fridays for future auf der Stra\u00dfe!<\/p>\n<\/div>\n\t\n<a href=\"https:\/\/weltlaeden.de\/bremen\/klimastreik\/\" class=\"post-details details-type-link\" aria-label=\"Read more about Alle f\u00fcr das Klima!\">Read more<i class=\"dt-icon-the7-arrow-03\" aria-hidden=\"true\"><\/i><\/a>\n\n<\/div><\/article><\/div><div class=\"visible wf-cell iso-item\" data-post-id=\"851\" data-date=\"2019-09-27T18:04:22+02:00\" data-name=\"Fair Date im Weltladen\"><article class=\"post project-odd visible post-851 type-post status-publish format-standard has-post-thumbnail hentry category-rueckblick category-11\" data-name=\"Fair Date im Weltladen\" data-date=\"2019-09-27T18:04:22+02:00\">\n\n<div class=\"post-thumbnail-wrap\">\n\t<div class=\"post-thumbnail\">\n\t\t\n\t\t\n\t\t<a href=\"https:\/\/weltlaeden.de\/bremen\/fair-date-im-weltladen\/\" class=\"post-thumbnail-rollover layzr-bg layzr-bg\" ><img decoding=\"async\" class=\"iso-lazy-load preload-me iso-lazy-load aspect\" src=\"data:image\/svg+xml,%3Csvg%20xmlns%3D&#39;http%3A%2F%2Fwww.w3.org%2F2000%2Fsvg&#39;%20viewBox%3D&#39;0%200%20768%20512&#39;%2F%3E\" data-src=\"https:\/\/weltlaeden.de\/bremen\/wp-content\/uploads\/sites\/92\/2019\/11\/20190927_205536-e1574179795483-768x512.jpg\" data-srcset=\"https:\/\/weltlaeden.de\/bremen\/wp-content\/uploads\/sites\/92\/2019\/11\/20190927_205536-e1574179795483-768x512.jpg 768w, https:\/\/weltlaeden.de\/bremen\/wp-content\/uploads\/sites\/92\/2019\/11\/20190927_205536-e1574179795483-1152x768.jpg 1152w\" loading=\"eager\" style=\"--ratio: 768 \/ 512\" sizes=\"(max-width: 768px) 100vw, 768px\" alt=\"\" title=\"20190927_205536\" width=\"768\" height=\"512\"  \/><\/a>\t<\/div>\n<\/div>\n\n\n<div class=\"post-entry-content\">\n\n\t<h3 class=\"entry-title\">\n\t\t<a href=\"https:\/\/weltlaeden.de\/bremen\/fair-date-im-weltladen\/\" title=\"Fair Date im Weltladen\" rel=\"bookmark\">Fair Date im Weltladen<\/a>\n\t<\/h3>\n\n\t<div class=\"entry-meta\"><span class=\"category-link\"><a href=\"https:\/\/weltlaeden.de\/bremen\/category\/rueckblick\/\" >R\u00fcckblick<\/a><\/span><a class=\"author vcard\" href=\"https:\/\/weltlaeden.de\/bremen\/author\/bremen\/\" title=\"Zeige alle Beitr\u00e4ge von bremen\" rel=\"author\">Von <span class=\"fn\">bremen<\/span><\/a><a href=\"https:\/\/weltlaeden.de\/bremen\/2019\/09\/27\/\" title=\"18:04\" class=\"data-link\" rel=\"bookmark\"><time class=\"entry-date updated\" datetime=\"2019-09-27T18:04:22+02:00\">27. September 2019<\/time><\/a><\/div>\n\t<div class=\"entry-excerpt\"><p>Vierzehn GewinnerInnen der Bremer Fair-Date-Verlosung konnten in der Fairen Woche an unserer langen Tafel Platz nehmen.<\/p>\n<\/div>\n\t\n<a href=\"https:\/\/weltlaeden.de\/bremen\/fair-date-im-weltladen\/\" class=\"post-details details-type-link\" aria-label=\"Read more about Fair Date im Weltladen\">Read more<i class=\"dt-icon-the7-arrow-03\" aria-hidden=\"true\"><\/i><\/a>\n\n<\/div><\/article><\/div><div class=\"visible wf-cell iso-item\" data-post-id=\"634\" data-date=\"2019-03-13T12:15:20+01:00\" data-name=\"Im neuen Gewand\"><article class=\"post project-odd visible post-634 type-post status-publish format-standard has-post-thumbnail hentry category-rueckblick category-11\" data-name=\"Im neuen Gewand\" data-date=\"2019-03-13T12:15:20+01:00\">\n\n<div class=\"post-thumbnail-wrap\">\n\t<div class=\"post-thumbnail\">\n\t\t\n\t\t\n\t\t<a href=\"https:\/\/weltlaeden.de\/bremen\/alles-neu-macht-der-maerz\/\" class=\"post-thumbnail-rollover layzr-bg layzr-bg\" ><img decoding=\"async\" class=\"iso-lazy-load preload-me iso-lazy-load aspect\" src=\"data:image\/svg+xml,%3Csvg%20xmlns%3D&#39;http%3A%2F%2Fwww.w3.org%2F2000%2Fsvg&#39;%20viewBox%3D&#39;0%200%20768%20512&#39;%2F%3E\" data-src=\"https:\/\/weltlaeden.de\/bremen\/wp-content\/uploads\/sites\/92\/2019\/06\/DSC00907-768x512.jpg\" data-srcset=\"https:\/\/weltlaeden.de\/bremen\/wp-content\/uploads\/sites\/92\/2019\/06\/DSC00907-768x512.jpg 768w, https:\/\/weltlaeden.de\/bremen\/wp-content\/uploads\/sites\/92\/2019\/06\/DSC00907-1152x768.jpg 1152w\" loading=\"eager\" style=\"--ratio: 768 \/ 512\" sizes=\"(max-width: 768px) 100vw, 768px\" alt=\"\" title=\"DSC00907\" width=\"768\" height=\"512\"  \/><\/a>\t<\/div>\n<\/div>\n\n\n<div class=\"post-entry-content\">\n\n\t<h3 class=\"entry-title\">\n\t\t<a href=\"https:\/\/weltlaeden.de\/bremen\/alles-neu-macht-der-maerz\/\" title=\"Im neuen Gewand\" rel=\"bookmark\">Im neuen Gewand<\/a>\n\t<\/h3>\n\n\t<div class=\"entry-meta\"><span class=\"category-link\"><a href=\"https:\/\/weltlaeden.de\/bremen\/category\/rueckblick\/\" >R\u00fcckblick<\/a><\/span><a class=\"author vcard\" href=\"https:\/\/weltlaeden.de\/bremen\/author\/bremen\/\" title=\"Zeige alle Beitr\u00e4ge von bremen\" rel=\"author\">Von <span class=\"fn\">bremen<\/span><\/a><a href=\"https:\/\/weltlaeden.de\/bremen\/2019\/03\/13\/\" title=\"12:15\" class=\"data-link\" rel=\"bookmark\"><time class=\"entry-date updated\" datetime=\"2019-03-13T12:15:20+01:00\">13. M\u00e4rz 2019<\/time><\/a><\/div>\n\t<div class=\"entry-excerpt\"><p>Nach einer Teilrenovierung haben wir im M\u00e4rz auf unsere Wiedererer\u00f6ffnung angesto\u00dfen.<\/p>\n<\/div>\n\t\n<a href=\"https:\/\/weltlaeden.de\/bremen\/alles-neu-macht-der-maerz\/\" class=\"post-details details-type-link\" aria-label=\"Read more about Im neuen Gewand\">Read more<i class=\"dt-icon-the7-arrow-03\" aria-hidden=\"true\"><\/i><\/a>\n\n<\/div><\/article><\/div><\/div><!-- iso-container|iso-grid --><\/div>[\/vc_column][\/vc_row][vc_row][\/vc_row]<\/p>\n<\/div>","protected":false},"excerpt":{"rendered":"<p>[vc_row][vc_column][vc_column_text] R\u00fcckblick [\/vc_column_text][\/vc_column][\/vc_row][vc_row][vc_column][\/vc_column][\/vc_row][vc_row][\/vc_row]<\/p>\n","protected":false},"author":138,"featured_media":0,"parent":0,"menu_order":0,"comment_status":"closed","ping_status":"closed","template":"","meta":{"footnotes":""},"class_list":["post-949","page","type-page","status-publish","hentry","description-off"],"yoast_head":"<!-- This site is optimized with the Yoast SEO plugin v26.8 - https:\/\/yoast.com\/product\/yoast-seo-wordpress\/ -->\n<title>R\u00fcckblick - Weltladen Bremen<\/title>\n<meta name=\"robots\" content=\"index, follow, max-snippet:-1, max-image-preview:large, max-video-preview:-1\" \/>\n<link rel=\"canonical\" href=\"https:\/\/weltlaeden.de\/bremen\/archiv\/\" \/>\n<meta property=\"og:locale\" content=\"de_DE\" \/>\n<meta property=\"og:type\" content=\"article\" \/>\n<meta property=\"og:title\" content=\"R\u00fcckblick - Weltladen Bremen\" \/>\n<meta property=\"og:description\" content=\"[vc_row][vc_column][vc_column_text] R\u00fcckblick [\/vc_column_text][\/vc_column][\/vc_row][vc_row][vc_column][\/vc_column][\/vc_row][vc_row][\/vc_row]\" \/>\n<meta property=\"og:url\" content=\"https:\/\/weltlaeden.de\/bremen\/archiv\/\" \/>\n<meta property=\"og:site_name\" content=\"Weltladen Bremen\" \/>\n<meta property=\"article:modified_time\" content=\"2022-02-10T17:03:48+00:00\" \/>\n<meta name=\"twitter:card\" content=\"summary_large_image\" \/>\n<script type=\"application\/ld+json\" class=\"yoast-schema-graph\">{\"@context\":\"https:\/\/schema.org\",\"@graph\":[{\"@type\":\"WebPage\",\"@id\":\"https:\/\/weltlaeden.de\/bremen\/archiv\/\",\"url\":\"https:\/\/weltlaeden.de\/bremen\/archiv\/\",\"name\":\"R\u00fcckblick - Weltladen Bremen\",\"isPartOf\":{\"@id\":\"https:\/\/weltlaeden.de\/bremen\/#website\"},\"datePublished\":\"2019-12-19T11:10:54+00:00\",\"dateModified\":\"2022-02-10T17:03:48+00:00\",\"breadcrumb\":{\"@id\":\"https:\/\/weltlaeden.de\/bremen\/archiv\/#breadcrumb\"},\"inLanguage\":\"de\",\"potentialAction\":[{\"@type\":\"ReadAction\",\"target\":[\"https:\/\/weltlaeden.de\/bremen\/archiv\/\"]}]},{\"@type\":\"BreadcrumbList\",\"@id\":\"https:\/\/weltlaeden.de\/bremen\/archiv\/#breadcrumb\",\"itemListElement\":[{\"@type\":\"ListItem\",\"position\":1,\"name\":\"Startseite\",\"item\":\"https:\/\/weltlaeden.de\/bremen\/\"},{\"@type\":\"ListItem\",\"position\":2,\"name\":\"R\u00fcckblick\"}]},{\"@type\":\"WebSite\",\"@id\":\"https:\/\/weltlaeden.de\/bremen\/#website\",\"url\":\"https:\/\/weltlaeden.de\/bremen\/\",\"name\":\"Weltladen Bremen\",\"description\":\"Die ganze Welt des Fairen Handels im Viertel\",\"potentialAction\":[{\"@type\":\"SearchAction\",\"target\":{\"@type\":\"EntryPoint\",\"urlTemplate\":\"https:\/\/weltlaeden.de\/bremen\/?s={search_term_string}\"},\"query-input\":{\"@type\":\"PropertyValueSpecification\",\"valueRequired\":true,\"valueName\":\"search_term_string\"}}],\"inLanguage\":\"de\"}]}<\/script>\n<!-- \/ Yoast SEO plugin. -->","yoast_head_json":{"title":"R\u00fcckblick - Weltladen Bremen","robots":{"index":"index","follow":"follow","max-snippet":"max-snippet:-1","max-image-preview":"max-image-preview:large","max-video-preview":"max-video-preview:-1"},"canonical":"https:\/\/weltlaeden.de\/bremen\/archiv\/","og_locale":"de_DE","og_type":"article","og_title":"R\u00fcckblick - Weltladen Bremen","og_description":"[vc_row][vc_column][vc_column_text] R\u00fcckblick [\/vc_column_text][\/vc_column][\/vc_row][vc_row][vc_column][\/vc_column][\/vc_row][vc_row][\/vc_row]","og_url":"https:\/\/weltlaeden.de\/bremen\/archiv\/","og_site_name":"Weltladen Bremen","article_modified_time":"2022-02-10T17:03:48+00:00","twitter_card":"summary_large_image","schema":{"@context":"https:\/\/schema.org","@graph":[{"@type":"WebPage","@id":"https:\/\/weltlaeden.de\/bremen\/archiv\/","url":"https:\/\/weltlaeden.de\/bremen\/archiv\/","name":"R\u00fcckblick - Weltladen Bremen","isPartOf":{"@id":"https:\/\/weltlaeden.de\/bremen\/#website"},"datePublished":"2019-12-19T11:10:54+00:00","dateModified":"2022-02-10T17:03:48+00:00","breadcrumb":{"@id":"https:\/\/weltlaeden.de\/bremen\/archiv\/#breadcrumb"},"inLanguage":"de","potentialAction":[{"@type":"ReadAction","target":["https:\/\/weltlaeden.de\/bremen\/archiv\/"]}]},{"@type":"BreadcrumbList","@id":"https:\/\/weltlaeden.de\/bremen\/archiv\/#breadcrumb","itemListElement":[{"@type":"ListItem","position":1,"name":"Startseite","item":"https:\/\/weltlaeden.de\/bremen\/"},{"@type":"ListItem","position":2,"name":"R\u00fcckblick"}]},{"@type":"WebSite","@id":"https:\/\/weltlaeden.de\/bremen\/#website","url":"https:\/\/weltlaeden.de\/bremen\/","name":"Weltladen Bremen","description":"Die ganze Welt des Fairen Handels im Viertel","potentialAction":[{"@type":"SearchAction","target":{"@type":"EntryPoint","urlTemplate":"https:\/\/weltlaeden.de\/bremen\/?s={search_term_string}"},"query-input":{"@type":"PropertyValueSpecification","valueRequired":true,"valueName":"search_term_string"}}],"inLanguage":"de"}]}},"_links":{"self":[{"href":"https:\/\/weltlaeden.de\/bremen\/wp-json\/wp\/v2\/pages\/949","targetHints":{"allow":["GET"]}}],"collection":[{"href":"https:\/\/weltlaeden.de\/bremen\/wp-json\/wp\/v2\/pages"}],"about":[{"href":"https:\/\/weltlaeden.de\/bremen\/wp-json\/wp\/v2\/types\/page"}],"author":[{"embeddable":true,"href":"https:\/\/weltlaeden.de\/bremen\/wp-json\/wp\/v2\/users\/138"}],"replies":[{"embeddable":true,"href":"https:\/\/weltlaeden.de\/bremen\/wp-json\/wp\/v2\/comments?post=949"}],"version-history":[{"count":8,"href":"https:\/\/weltlaeden.de\/bremen\/wp-json\/wp\/v2\/pages\/949\/revisions"}],"predecessor-version":[{"id":1838,"href":"https:\/\/weltlaeden.de\/bremen\/wp-json\/wp\/v2\/pages\/949\/revisions\/1838"}],"wp:attachment":[{"href":"https:\/\/weltlaeden.de\/bremen\/wp-json\/wp\/v2\/media?parent=949"}],"curies":[{"name":"wp","href":"https:\/\/api.w.org\/{rel}","templated":true}]}}