{"id":361,"date":"2018-04-05T09:52:53","date_gmt":"2018-04-05T07:52:53","guid":{"rendered":"https:\/\/weltlaeden.de\/bielefeld-sennestadt\/?page_id=361"},"modified":"2025-06-05T10:23:40","modified_gmt":"2025-06-05T08:23:40","slug":"neuigkeiten","status":"publish","type":"page","link":"https:\/\/weltlaeden.de\/bielefeld-sennestadt\/neuigkeiten\/","title":{"rendered":"Neuigkeiten"},"content":{"rendered":"<div class=\"wpb-content-wrapper\"><p>[vc_row][vc_column][vc_empty_space height=&#8220;20px&#8220;][\/vc_column][\/vc_row][vc_row][vc_column][vc_column_text css=&#8220;&#8220;]<\/p>\n<h1>Der Weltladen Bielefeld-Sennestadt feiert in 2025 sein 40j\u00e4hriges Jubil\u00e4um!<\/h1>\n<p>[\/vc_column_text][\/vc_column][\/vc_row][vc_row][vc_column width=&#8220;1\/2&#8243;][vc_column_text css=&#8220;&#8220;][\/vc_column_text]<div class=\"wl_einzelbild\"><p><img loading=\"lazy\" decoding=\"async\" class=\"alignleft wp-image-780 size-full\" src=\"https:\/\/weltlaeden.de\/bielefeld-sennestadt\/wp-content\/uploads\/sites\/126\/2025\/05\/Postkarte-mit-Infos-40jaehriges-Jubilaeum-1_Seite_1-scaled.jpg\" alt=\"\" width=\"1815\" height=\"2560\" srcset=\"https:\/\/weltlaeden.de\/bielefeld-sennestadt\/wp-content\/uploads\/sites\/126\/2025\/05\/Postkarte-mit-Infos-40jaehriges-Jubilaeum-1_Seite_1-scaled.jpg 1815w, https:\/\/weltlaeden.de\/bielefeld-sennestadt\/wp-content\/uploads\/sites\/126\/2025\/05\/Postkarte-mit-Infos-40jaehriges-Jubilaeum-1_Seite_1-213x300.jpg 213w, https:\/\/weltlaeden.de\/bielefeld-sennestadt\/wp-content\/uploads\/sites\/126\/2025\/05\/Postkarte-mit-Infos-40jaehriges-Jubilaeum-1_Seite_1-726x1024.jpg 726w, https:\/\/weltlaeden.de\/bielefeld-sennestadt\/wp-content\/uploads\/sites\/126\/2025\/05\/Postkarte-mit-Infos-40jaehriges-Jubilaeum-1_Seite_1-768x1083.jpg 768w, https:\/\/weltlaeden.de\/bielefeld-sennestadt\/wp-content\/uploads\/sites\/126\/2025\/05\/Postkarte-mit-Infos-40jaehriges-Jubilaeum-1_Seite_1-1089x1536.jpg 1089w, https:\/\/weltlaeden.de\/bielefeld-sennestadt\/wp-content\/uploads\/sites\/126\/2025\/05\/Postkarte-mit-Infos-40jaehriges-Jubilaeum-1_Seite_1-1452x2048.jpg 1452w\" sizes=\"auto, (max-width: 1815px) 100vw, 1815px\" \/><\/p><\/div><div class=\"wl_einzelbild\"><p><img loading=\"lazy\" decoding=\"async\" class=\"alignleft wp-image-781 size-full\" src=\"https:\/\/weltlaeden.de\/bielefeld-sennestadt\/wp-content\/uploads\/sites\/126\/2025\/05\/Postkarte-mit-Infos-40jaehriges-Jubilaeum-1_Seite_2.jpg\" alt=\"\" width=\"1655\" height=\"2340\" srcset=\"https:\/\/weltlaeden.de\/bielefeld-sennestadt\/wp-content\/uploads\/sites\/126\/2025\/05\/Postkarte-mit-Infos-40jaehriges-Jubilaeum-1_Seite_2.jpg 1655w, https:\/\/weltlaeden.de\/bielefeld-sennestadt\/wp-content\/uploads\/sites\/126\/2025\/05\/Postkarte-mit-Infos-40jaehriges-Jubilaeum-1_Seite_2-212x300.jpg 212w, https:\/\/weltlaeden.de\/bielefeld-sennestadt\/wp-content\/uploads\/sites\/126\/2025\/05\/Postkarte-mit-Infos-40jaehriges-Jubilaeum-1_Seite_2-724x1024.jpg 724w, https:\/\/weltlaeden.de\/bielefeld-sennestadt\/wp-content\/uploads\/sites\/126\/2025\/05\/Postkarte-mit-Infos-40jaehriges-Jubilaeum-1_Seite_2-768x1086.jpg 768w, https:\/\/weltlaeden.de\/bielefeld-sennestadt\/wp-content\/uploads\/sites\/126\/2025\/05\/Postkarte-mit-Infos-40jaehriges-Jubilaeum-1_Seite_2-1086x1536.jpg 1086w, https:\/\/weltlaeden.de\/bielefeld-sennestadt\/wp-content\/uploads\/sites\/126\/2025\/05\/Postkarte-mit-Infos-40jaehriges-Jubilaeum-1_Seite_2-1448x2048.jpg 1448w\" sizes=\"auto, (max-width: 1655px) 100vw, 1655px\" \/><\/p><\/div>[\/vc_column][vc_column width=&#8220;1\/2&#8243;][vc_column_text css=&#8220;&#8220;]Aus diesem Anlass finden mehrere Veranstaltungen statt. Zu allen Veranstaltungen besteht freier Entritt, Spenden f\u00fcr die Arbeit des Weltladens sind willkommen.<\/p>\n<p>&nbsp;<\/p>\n<h3><strong>Caf\u00e9FAIR am Weltladentag im Weltladen<\/strong><\/h3>\n<p><strong>Am Samstag, den 10. Mai fand am Weltladentag<\/strong> ein CAF\u00c9 FAIR im Weltladen statt.\u00a0 Das Thema des Weltladentages war dieses Jahr Kakao und seine Anbaubedingungen f\u00fcr das Weltklima: &#8222;Schoki f\u00fcrs Klima? Kauf ich Euch ab!&#8220;. Fairer Handel macht den Unterschied f\u00fcr das Klima und das Leben von kleinen Farmern im Globalen S\u00fcden. Das Ca\u00e9 war gut besucht und neue Kontakte wurden gekn\u00fcpft.<\/p>\n<p>&nbsp;<\/p>\n<h3><strong>Wir sind dabei: SennestadtVereint! Reichowplatz<\/strong><\/h3>\n<p><strong>Am Samstag, den 14. Juni findet von 14 &#8211; 19 Uhr<\/strong> auf dem Reichowplatz in der Sennestadt ein Sennestadt-Fest, organisiert vom Sennestadtverein, statt. Das Motto lautet: <strong>SennestadtVEREINT!.<\/strong> Der Weltladen ist mit Mitmach-Aktionen, d.h. mit einem Gl\u00fccksrad (Nachhaltigkeitsziele der Vereinten Nationen), einem Fotoquiz und \u00dcberraschungen dabei. Zus\u00e4tzlich ist der Weltladen ge\u00f6ffnet. Hier gibt es Kaffee, Tee, Kakao und selbstgebackenen Kuchen.<\/p>\n<p>&nbsp;<\/p>\n<h3><strong>Sommerkonzert mit Grillfest. Musik f\u00fcr mehr Gerechtigkeit! Kreuzkirche Sennestadt<\/strong><\/h3>\n<p><strong>Am Sonntag, den 06. Juli feiern wir von 17 bis 20 Uhr (Open End)<\/strong> mit guter Livemusik und buntem Miteinander. 17 Uhr N\u00e9-K-Trio, Jazzmusik aus Bielefeld I 18 Uhr Pause mit Leckereien vom Grill, verschiedenen Salaten und Getr\u00e4nke aus fairem Handel bzw. der Region I 19 Uhr Pronto Molino &#8211; Musik aus verschiedenen Kulturen &#8211; aus Bielefeld I 20 Uhr Open End.<\/p>\n<p>&nbsp;<\/p>\n<h3><strong>Lesungsabend mit Ulla Loewner im Weltladen<\/strong><\/h3>\n<p><strong>Am Freitag, den 07. November, 17 Uhr,<\/strong> findet im Weltladen in der Sennestadt eine Lesung mit Ulla Loewner statt. An diesem Abend werden Buchstaben lebendig &#8211; ein literarisches FairGn\u00fcgen.[\/vc_column_text][\/vc_column][\/vc_row][vc_row][vc_column][vc_empty_space][vc_column_text css=&#8220;&#8220;]<\/p>\n<h1>Fair schenken &#8211; Schokolade und Kaffee<\/h1>\n<h2>mit einem Motiv aus Sennestadt<\/h2>\n<h2><img loading=\"lazy\" decoding=\"async\" class=\"wp-image-651 alignleft\" src=\"https:\/\/weltlaeden.de\/bielefeld-sennestadt\/wp-content\/uploads\/sites\/126\/2022\/11\/IMG_1556-150x150.jpg\" alt=\"\" width=\"183\" height=\"183\" \/><\/h2>\n<p>&nbsp;<\/p>\n<p>&nbsp;<\/p>\n<p>&nbsp;<\/p>\n<p>[\/vc_column_text][\/vc_column][\/vc_row]<\/p>\n<\/div>","protected":false},"excerpt":{"rendered":"<p>[vc_row][vc_column][vc_empty_space height=&#8220;20px&#8220;][\/vc_column][\/vc_row][vc_row][vc_column][vc_column_text css=&#8220;&#8220;] Der Weltladen Bielefeld-Sennestadt feiert in 2025 sein 40j\u00e4hriges Jubil\u00e4um! [\/vc_column_text][\/vc_column][\/vc_row][vc_row][vc_column width=&#8220;1\/2&#8243;][vc_column_text css=&#8220;&#8220;][\/vc_column_text][\/vc_column][vc_column width=&#8220;1\/2&#8243;][vc_column_text css=&#8220;&#8220;]Aus diesem Anlass finden mehrere Veranstaltungen statt. Zu allen Veranstaltungen besteht freier Entritt, Spenden f\u00fcr die Arbeit des Weltladens sind willkommen. &nbsp; Caf\u00e9FAIR am Weltladentag im Weltladen Am Samstag, den 10. Mai fand am Weltladentag ein CAF\u00c9 FAIR im&hellip;<\/p>\n","protected":false},"author":1,"featured_media":0,"parent":0,"menu_order":2,"comment_status":"closed","ping_status":"closed","template":"","meta":{"footnotes":""},"class_list":["post-361","page","type-page","status-publish","hentry","description-off"],"yoast_head":"<!-- This site is optimized with the Yoast SEO plugin v26.8 - https:\/\/yoast.com\/product\/yoast-seo-wordpress\/ -->\n<title>Neuigkeiten - Weltladen Bielefeld Sennestadt<\/title>\n<meta name=\"robots\" content=\"index, follow, max-snippet:-1, max-image-preview:large, max-video-preview:-1\" \/>\n<link rel=\"canonical\" href=\"https:\/\/weltlaeden.de\/bielefeld-sennestadt\/neuigkeiten\/\" \/>\n<meta property=\"og:locale\" content=\"de_DE\" \/>\n<meta property=\"og:type\" content=\"article\" \/>\n<meta property=\"og:title\" content=\"Neuigkeiten - Weltladen Bielefeld Sennestadt\" \/>\n<meta property=\"og:description\" content=\"[vc_row][vc_column][vc_empty_space height=&#8220;20px&#8220;][\/vc_column][\/vc_row][vc_row][vc_column][vc_column_text css=&#8220;&#8220;] Der Weltladen Bielefeld-Sennestadt feiert in 2025 sein 40j\u00e4hriges Jubil\u00e4um! [\/vc_column_text][\/vc_column][\/vc_row][vc_row][vc_column width=&#8220;1\/2&#8243;][vc_column_text css=&#8220;&#8220;][\/vc_column_text][\/vc_column][vc_column width=&#8220;1\/2&#8243;][vc_column_text css=&#8220;&#8220;]Aus diesem Anlass finden mehrere Veranstaltungen statt. Zu allen Veranstaltungen besteht freier Entritt, Spenden f\u00fcr die Arbeit des Weltladens sind willkommen. &nbsp; Caf\u00e9FAIR am Weltladentag im Weltladen Am Samstag, den 10. Mai fand am Weltladentag ein CAF\u00c9 FAIR im&hellip;\" \/>\n<meta property=\"og:url\" content=\"https:\/\/weltlaeden.de\/bielefeld-sennestadt\/neuigkeiten\/\" \/>\n<meta property=\"og:site_name\" content=\"Weltladen Bielefeld Sennestadt\" \/>\n<meta property=\"article:modified_time\" content=\"2025-06-05T08:23:40+00:00\" \/>\n<meta property=\"og:image\" content=\"https:\/\/weltlaeden.de\/bielefeld-sennestadt\/wp-content\/uploads\/sites\/126\/2025\/05\/Postkarte-mit-Infos-40jaehriges-Jubilaeum-1_Seite_1-scaled.jpg\" \/>\n\t<meta property=\"og:image:width\" content=\"1815\" \/>\n\t<meta property=\"og:image:height\" content=\"2560\" \/>\n\t<meta property=\"og:image:type\" content=\"image\/jpeg\" \/>\n<meta name=\"twitter:card\" content=\"summary_large_image\" \/>\n<meta name=\"twitter:label1\" content=\"Gesch\u00e4tzte Lesezeit\" \/>\n\t<meta name=\"twitter:data1\" content=\"3\u00a0Minuten\" \/>\n<script type=\"application\/ld+json\" class=\"yoast-schema-graph\">{\"@context\":\"https:\/\/schema.org\",\"@graph\":[{\"@type\":\"WebPage\",\"@id\":\"https:\/\/weltlaeden.de\/bielefeld-sennestadt\/neuigkeiten\/\",\"url\":\"https:\/\/weltlaeden.de\/bielefeld-sennestadt\/neuigkeiten\/\",\"name\":\"Neuigkeiten - Weltladen Bielefeld Sennestadt\",\"isPartOf\":{\"@id\":\"https:\/\/weltlaeden.de\/bielefeld-sennestadt\/#website\"},\"primaryImageOfPage\":{\"@id\":\"https:\/\/weltlaeden.de\/bielefeld-sennestadt\/neuigkeiten\/#primaryimage\"},\"image\":{\"@id\":\"https:\/\/weltlaeden.de\/bielefeld-sennestadt\/neuigkeiten\/#primaryimage\"},\"thumbnailUrl\":\"https:\/\/weltlaeden.de\/bielefeld-sennestadt\/wp-content\/uploads\/sites\/126\/2025\/05\/Postkarte-mit-Infos-40jaehriges-Jubilaeum-1_Seite_1-scaled.jpg\",\"datePublished\":\"2018-04-05T07:52:53+00:00\",\"dateModified\":\"2025-06-05T08:23:40+00:00\",\"breadcrumb\":{\"@id\":\"https:\/\/weltlaeden.de\/bielefeld-sennestadt\/neuigkeiten\/#breadcrumb\"},\"inLanguage\":\"de\",\"potentialAction\":[{\"@type\":\"ReadAction\",\"target\":[\"https:\/\/weltlaeden.de\/bielefeld-sennestadt\/neuigkeiten\/\"]}]},{\"@type\":\"ImageObject\",\"inLanguage\":\"de\",\"@id\":\"https:\/\/weltlaeden.de\/bielefeld-sennestadt\/neuigkeiten\/#primaryimage\",\"url\":\"https:\/\/weltlaeden.de\/bielefeld-sennestadt\/wp-content\/uploads\/sites\/126\/2025\/05\/Postkarte-mit-Infos-40jaehriges-Jubilaeum-1_Seite_1-scaled.jpg\",\"contentUrl\":\"https:\/\/weltlaeden.de\/bielefeld-sennestadt\/wp-content\/uploads\/sites\/126\/2025\/05\/Postkarte-mit-Infos-40jaehriges-Jubilaeum-1_Seite_1-scaled.jpg\",\"width\":1815,\"height\":2560},{\"@type\":\"BreadcrumbList\",\"@id\":\"https:\/\/weltlaeden.de\/bielefeld-sennestadt\/neuigkeiten\/#breadcrumb\",\"itemListElement\":[{\"@type\":\"ListItem\",\"position\":1,\"name\":\"Startseite\",\"item\":\"https:\/\/weltlaeden.de\/bielefeld-sennestadt\/\"},{\"@type\":\"ListItem\",\"position\":2,\"name\":\"Neuigkeiten\"}]},{\"@type\":\"WebSite\",\"@id\":\"https:\/\/weltlaeden.de\/bielefeld-sennestadt\/#website\",\"url\":\"https:\/\/weltlaeden.de\/bielefeld-sennestadt\/\",\"name\":\"Weltladen Bielefeld Sennestadt\",\"description\":\"Faire Produkte seit 1990\",\"potentialAction\":[{\"@type\":\"SearchAction\",\"target\":{\"@type\":\"EntryPoint\",\"urlTemplate\":\"https:\/\/weltlaeden.de\/bielefeld-sennestadt\/?s={search_term_string}\"},\"query-input\":{\"@type\":\"PropertyValueSpecification\",\"valueRequired\":true,\"valueName\":\"search_term_string\"}}],\"inLanguage\":\"de\"}]}<\/script>\n<!-- \/ Yoast SEO plugin. -->","yoast_head_json":{"title":"Neuigkeiten - Weltladen Bielefeld Sennestadt","robots":{"index":"index","follow":"follow","max-snippet":"max-snippet:-1","max-image-preview":"max-image-preview:large","max-video-preview":"max-video-preview:-1"},"canonical":"https:\/\/weltlaeden.de\/bielefeld-sennestadt\/neuigkeiten\/","og_locale":"de_DE","og_type":"article","og_title":"Neuigkeiten - Weltladen Bielefeld Sennestadt","og_description":"[vc_row][vc_column][vc_empty_space height=&#8220;20px&#8220;][\/vc_column][\/vc_row][vc_row][vc_column][vc_column_text css=&#8220;&#8220;] Der Weltladen Bielefeld-Sennestadt feiert in 2025 sein 40j\u00e4hriges Jubil\u00e4um! [\/vc_column_text][\/vc_column][\/vc_row][vc_row][vc_column width=&#8220;1\/2&#8243;][vc_column_text css=&#8220;&#8220;][\/vc_column_text][\/vc_column][vc_column width=&#8220;1\/2&#8243;][vc_column_text css=&#8220;&#8220;]Aus diesem Anlass finden mehrere Veranstaltungen statt. Zu allen Veranstaltungen besteht freier Entritt, Spenden f\u00fcr die Arbeit des Weltladens sind willkommen. &nbsp; Caf\u00e9FAIR am Weltladentag im Weltladen Am Samstag, den 10. Mai fand am Weltladentag ein CAF\u00c9 FAIR im&hellip;","og_url":"https:\/\/weltlaeden.de\/bielefeld-sennestadt\/neuigkeiten\/","og_site_name":"Weltladen Bielefeld Sennestadt","article_modified_time":"2025-06-05T08:23:40+00:00","og_image":[{"width":1815,"height":2560,"url":"https:\/\/weltlaeden.de\/bielefeld-sennestadt\/wp-content\/uploads\/sites\/126\/2025\/05\/Postkarte-mit-Infos-40jaehriges-Jubilaeum-1_Seite_1-scaled.jpg","type":"image\/jpeg"}],"twitter_card":"summary_large_image","twitter_misc":{"Gesch\u00e4tzte Lesezeit":"3\u00a0Minuten"},"schema":{"@context":"https:\/\/schema.org","@graph":[{"@type":"WebPage","@id":"https:\/\/weltlaeden.de\/bielefeld-sennestadt\/neuigkeiten\/","url":"https:\/\/weltlaeden.de\/bielefeld-sennestadt\/neuigkeiten\/","name":"Neuigkeiten - Weltladen Bielefeld Sennestadt","isPartOf":{"@id":"https:\/\/weltlaeden.de\/bielefeld-sennestadt\/#website"},"primaryImageOfPage":{"@id":"https:\/\/weltlaeden.de\/bielefeld-sennestadt\/neuigkeiten\/#primaryimage"},"image":{"@id":"https:\/\/weltlaeden.de\/bielefeld-sennestadt\/neuigkeiten\/#primaryimage"},"thumbnailUrl":"https:\/\/weltlaeden.de\/bielefeld-sennestadt\/wp-content\/uploads\/sites\/126\/2025\/05\/Postkarte-mit-Infos-40jaehriges-Jubilaeum-1_Seite_1-scaled.jpg","datePublished":"2018-04-05T07:52:53+00:00","dateModified":"2025-06-05T08:23:40+00:00","breadcrumb":{"@id":"https:\/\/weltlaeden.de\/bielefeld-sennestadt\/neuigkeiten\/#breadcrumb"},"inLanguage":"de","potentialAction":[{"@type":"ReadAction","target":["https:\/\/weltlaeden.de\/bielefeld-sennestadt\/neuigkeiten\/"]}]},{"@type":"ImageObject","inLanguage":"de","@id":"https:\/\/weltlaeden.de\/bielefeld-sennestadt\/neuigkeiten\/#primaryimage","url":"https:\/\/weltlaeden.de\/bielefeld-sennestadt\/wp-content\/uploads\/sites\/126\/2025\/05\/Postkarte-mit-Infos-40jaehriges-Jubilaeum-1_Seite_1-scaled.jpg","contentUrl":"https:\/\/weltlaeden.de\/bielefeld-sennestadt\/wp-content\/uploads\/sites\/126\/2025\/05\/Postkarte-mit-Infos-40jaehriges-Jubilaeum-1_Seite_1-scaled.jpg","width":1815,"height":2560},{"@type":"BreadcrumbList","@id":"https:\/\/weltlaeden.de\/bielefeld-sennestadt\/neuigkeiten\/#breadcrumb","itemListElement":[{"@type":"ListItem","position":1,"name":"Startseite","item":"https:\/\/weltlaeden.de\/bielefeld-sennestadt\/"},{"@type":"ListItem","position":2,"name":"Neuigkeiten"}]},{"@type":"WebSite","@id":"https:\/\/weltlaeden.de\/bielefeld-sennestadt\/#website","url":"https:\/\/weltlaeden.de\/bielefeld-sennestadt\/","name":"Weltladen Bielefeld Sennestadt","description":"Faire Produkte seit 1990","potentialAction":[{"@type":"SearchAction","target":{"@type":"EntryPoint","urlTemplate":"https:\/\/weltlaeden.de\/bielefeld-sennestadt\/?s={search_term_string}"},"query-input":{"@type":"PropertyValueSpecification","valueRequired":true,"valueName":"search_term_string"}}],"inLanguage":"de"}]}},"_links":{"self":[{"href":"https:\/\/weltlaeden.de\/bielefeld-sennestadt\/wp-json\/wp\/v2\/pages\/361","targetHints":{"allow":["GET"]}}],"collection":[{"href":"https:\/\/weltlaeden.de\/bielefeld-sennestadt\/wp-json\/wp\/v2\/pages"}],"about":[{"href":"https:\/\/weltlaeden.de\/bielefeld-sennestadt\/wp-json\/wp\/v2\/types\/page"}],"author":[{"embeddable":true,"href":"https:\/\/weltlaeden.de\/bielefeld-sennestadt\/wp-json\/wp\/v2\/users\/1"}],"replies":[{"embeddable":true,"href":"https:\/\/weltlaeden.de\/bielefeld-sennestadt\/wp-json\/wp\/v2\/comments?post=361"}],"version-history":[{"count":22,"href":"https:\/\/weltlaeden.de\/bielefeld-sennestadt\/wp-json\/wp\/v2\/pages\/361\/revisions"}],"predecessor-version":[{"id":814,"href":"https:\/\/weltlaeden.de\/bielefeld-sennestadt\/wp-json\/wp\/v2\/pages\/361\/revisions\/814"}],"wp:attachment":[{"href":"https:\/\/weltlaeden.de\/bielefeld-sennestadt\/wp-json\/wp\/v2\/media?parent=361"}],"curies":[{"name":"wp","href":"https:\/\/api.w.org\/{rel}","templated":true}]}}