{"id":23,"date":"2016-10-14T09:05:21","date_gmt":"2016-10-14T07:05:21","guid":{"rendered":"https:\/\/wl.heimpixel.de\/vorlage\/termine\/"},"modified":"2024-09-10T16:21:09","modified_gmt":"2024-09-10T14:21:09","slug":"termine","status":"publish","type":"page","link":"https:\/\/weltlaeden.de\/bielefeld-sennestadt\/termine\/","title":{"rendered":"Termine"},"content":{"rendered":"<div class=\"wpb-content-wrapper\"><p>[vc_row][vc_column]<div class=\"wl_einzelbild\"><p><img loading=\"lazy\" decoding=\"async\" class=\"aligncenter size-full wp-image-nsm-3-33\" src=\"https:\/\/weltlaeden.de\/bielefeld-sennestadt\/wp-content\/uploads\/sites\/3\/2018\/07\/pocket-watch-1637396_1920_pixabay.png\" alt=\"\" width=\"787\" height=\"340\" \/><\/p><\/div>[vc_empty_space height=&#8220;30px&#8220;][vc_column_text]<\/p>\n<h1>Termine<\/h1>\n<p>[\/vc_column_text][vc_empty_space height=&#8220;30px&#8220;][\/vc_column][\/vc_row][vc_row][vc_column width=&#8220;2\/3&#8243;][vc_column_text]<\/p>\n<h2>Kommende Termine<\/h2>\n<p>[\/vc_column_text]<ul class=\"termine-page current aktuell\">[vc_empty_space height=&#8220;30px&#8220;][vc_column_text]<\/p>\n<h2>Vergangene Termine<\/h2>\n<p>[\/vc_column_text]<ul class=\"termine-page past vergangen\"><li><h5 class=\"termine-titel\"><a href=\"https:\/\/weltlaeden.de\/bielefeld-sennestadt\/termin\/fruehlings-cafefair-am-28-3-26-im-weltladen\/\">Fr\u00fchlings-CafeFair am 28.3.26 im Weltladen<\/a><\/h5><p class=\"termine-date\">Sa., 28.03.2026, 10:00<\/p><p class=\"termine-auszug\">Cafe-Fair am 28.03.2026 von 10 - 13 Uhr. Ostern steht vor der T\u00fcr \u2013 ein Fest des Aufbl\u00fchens, der Hoffnung und des Miteinanders. Weltl\u00e4den bieten eine liebevoll zusammengestellte Auswahl an handgefertigten Produkten und bio-fairer Schokolade \u2013 perfekt f\u00fcr ein bewusstes und farbenfrohes Osterfest. Laut einer Statistik planen knapp 80 Prozent der Befragten, Lebensmittel wie Osterhasen oder Schokolade zu verschenken. Ob klassischer Osterhase oder feine Schokoladentafeln \u2013 der Weltladen verkauft Schokoprodukte mit echter Wirkung. Hergestellt unter fairen Bedingungen, garantieren sie den Kakaob\u00e4uerinnen und -bauern faire Preise und langfristige Perspektiven. Nur so l\u00e4sst sich Kakao nachhaltig und klimaschonend anbauen \u2013 im Einklang mit Mensch und Natur. Dar\u00fcber hinaussteckt der Weltladen voller handgemachter Unikate und Sch\u00e4tze, passend zu Ostern: Osterdekoration aus Filzanh\u00e4ngern und originellen Eierw\u00e4rmern. Die eierlegende Wollmilchsau ist zwar nicht dabei, aber eine ganze Parade entz\u00fcckender Filztiere als Eierw\u00e4rmer sind im Weltladen zu finden, und diese sind auch wunderbar als Spieltiere f\u00fcr [...] <a href=\"https:\/\/weltlaeden.de\/bielefeld-sennestadt\/termin\/fruehlings-cafefair-am-28-3-26-im-weltladen\/\"><small>[WEITERLESEN]<\/small><\/a><\/p><\/li><li><h5 class=\"termine-titel\"><a href=\"https:\/\/weltlaeden.de\/bielefeld-sennestadt\/termin\/cafefair-am-28-02-2026\/\">CafeFair! am 28.02.2026<\/a><\/h5><p class=\"termine-date\">Sa., 28.02.2026, 10:00<\/p><p class=\"termine-auszug\"><strong>Frauen im Fairen Handel- CafeFair am 28.2.26<\/strong> <strong>Am 28.Februar l\u00e4dt der Weltladen Sennestadt von 10-13 Uhr wieder zu einem CafeFair!<\/strong> <strong>ein.<\/strong> Auch wenn der Weltfrauentag am 8.M\u00e4rz noch vor uns liegt, ist dies Anlass, auf die weltweite Situation von Frauen hinzuweisen. Trotz bedeutender Fortschritte im Hinblick auf die Gleichberechtigung werden Frauen immer noch weltweit strukturell benachteiligt und diskriminiert. Sie k\u00f6nnen in einigen L\u00e4ndern kein eigenes Konto er\u00f6ffnen oder Land erwerben. Vielerorts wird ihnen der Zugang zu Bildung verwehrt. Sie verdienen f\u00fcr die gleiche T\u00e4tigkeit oft weniger Geld als M\u00e4nner. Zudem \u00fcbernehmen Frauen den Gro\u00dfteil der Haus- und Pflegearbeit von Familienangeh\u00f6rigen, was ihre beruflichen M\u00f6glichkeiten einschr\u00e4nkt. <strong><em>Im Fairen Handel wird bewusst ein anderer Weg begangen.<\/em><\/strong> F\u00fcr Fair-Handels-Organisationen steht die Gleichberechtigung der Geschlechter und die wirtschaftliche St\u00e4rkung von Frauen im Mittelpunkt. Frauen erreichen hier mit einer viermal so hohen Wahrscheinlichkeit eine Position als Gesch\u00e4ftsf\u00fchrerin oder Vorstand als in konventionellen Betrieben. Ihre Rechte [...] <a href=\"https:\/\/weltlaeden.de\/bielefeld-sennestadt\/termin\/cafefair-am-28-02-2026\/\"><small>[WEITERLESEN]<\/small><\/a><\/p><\/li><li><h5 class=\"termine-titel\"><a href=\"https:\/\/weltlaeden.de\/bielefeld-sennestadt\/termin\/cafefair-im-weltladen-sennestadt-am-31-01-2026-von-1000-bis-1300\/\">Caf\u00e9Fair! im Weltladen Sennestadt am 31.01.2026 von 10:00 bis 13:00<\/a><\/h5><p class=\"termine-date\">Sa., 31.01.2026, 10:00<\/p><p class=\"termine-auszug\"><strong>Fair Fashion im Weltladen Sennestadt - einfach besonders und anders<\/strong> <strong>\u00a0<\/strong> Am <strong>31.01.2026<\/strong> l\u00e4dt der Weltladen Sennestadt wieder von <strong>10 -13 Uhr zum CafeFair!<\/strong> ein. Es gibt viel zu entdecken. So bietet der Weltladen zus\u00e4tzlich zu den bisherigen Produkten jetzt auch faire Oberbekleidung des Labels Heidek\u00f6nigin an. Die Kollektion wird in der sch\u00f6nen L\u00fcneburger Heide entworfen und wird von ausgew\u00e4hlten Produzenten in Europa gefertigt. <strong>Was macht faire Kleidung aus?<\/strong> Zum Verst\u00e4ndnis daf\u00fcr ist der Blick auf die konventionelle Produktionskette von Textilien hilfreich. Diese beginnt mit dem Rohstoff, aus dem der Stoff gewebt wird und sp\u00e4ter das Kleidungsst\u00fcck entsteht. Beim konventionellen Baumwollanbau werden z.B. 25% der weltweit verwendeten Insektizide eingesetzt, was durch die Sch\u00e4digung von Boden und Gew\u00e4sser verheerende Folgen f\u00fcr Menschen, Tiere und Umwelt hat. Auch in der konventionellen Wollproduktion werden Pestizide verwendet, um einen Parasitenbefall der Schafe zu verhindern. Bei der Weiterverarbeitung der Rohstoffe wird oft auf Arbeits- und [...] <a href=\"https:\/\/weltlaeden.de\/bielefeld-sennestadt\/termin\/cafefair-im-weltladen-sennestadt-am-31-01-2026-von-1000-bis-1300\/\"><small>[WEITERLESEN]<\/small><\/a><\/p><\/li><li><h5 class=\"termine-titel\"><a href=\"https:\/\/weltlaeden.de\/bielefeld-sennestadt\/termin\/adventliches-cafefair-am-13-12-2025-von-10-00-13-00-uhr\/\">Adventliches CafeFair! am 13.12.2025 von 10.00 &#8211; 13.00 Uhr<\/a><\/h5><p class=\"termine-date\">Sa., 13.12.2025, 10:00<\/p><p class=\"termine-auszug\">Kerzenlicht- aber Fair! Am <strong>13.12.25<\/strong> findet im <strong>Weltladen Sennestadt, Reichowplatz 19, von 10-13 Uhr<\/strong> wieder ein <strong>adventliches CafeFair!<\/strong> statt. Zum gem\u00fctlichen Kaffeeplausch geh\u00f6rt in dieser Jahreszeit auch Kerzenlicht. Doch w\u00e4hrend wir uns an dem flackernden Schein der Kerze erfreuen, stellt sich die Frage: Was brennt da eigentlich und wie nachhaltig sind diese Kerzen? Viele herk\u00f6mmliche Kerzen bestehen aus Paraffin, einem Nebenprodukt des Erd\u00f6ls. Stattdessen k\u00f6nnen Kerzen auch aus Stearin hergestellt werden. Pflanzliches Stearin wird vor allem aus der Frucht der \u00d6lpalme gewonnen, ist ein biologisch abbaubares Produkt aus nachwachsenden Rohstoffen. Diese Kerzen brennen geruchsneutral, besonders hell, ru\u00dfarm und recht lange. Aber wie kann ein Rohstoff, der oft mit Regenwaldzerst\u00f6rung in Verbindung gebracht wird, nachhaltig sein? Zum einen wird vielfach \u00fcbersehen, dass die \u00d6lpalme die ertragreichste \u00d6lfrucht der Erde ist und damit der Landverbrauch geringer ist als bei anderen \u00d6lpflanzen. Zum anderen ist der Schl\u00fcssel zur Nachhaltigkeit ein <em>verantwortungsvoller Anbau<\/em> der [...] <a href=\"https:\/\/weltlaeden.de\/bielefeld-sennestadt\/termin\/adventliches-cafefair-am-13-12-2025-von-10-00-13-00-uhr\/\"><small>[WEITERLESEN]<\/small><\/a><\/p><\/li><li><h5 class=\"termine-titel\"><a href=\"https:\/\/weltlaeden.de\/bielefeld-sennestadt\/termin\/literatur-fuer-fair-am-07-11-2025-um-17-uhr-im-weltladen\/\">Literatur f\u00fcr Fair am 07.11.2025 um 17 Uhr im Weltladen<\/a><\/h5><p class=\"termine-date\">Fr., 07.11.2025, 17:00<\/p><p class=\"termine-auszug\">[vc_row][vc_column][vc_column_text css=\"\"] Der Weltladen feiert in diesem Jahr sein 40-j\u00e4hriges Bestehen. Aus diesem Anlass findet eine weitere Veranstaltung im Weltladen <strong>Sennestadt,<\/strong> Reichowplatz 19, 33689 Bielefeld, statt. <strong>Ulla Loewner von der Buchhandlung Klack<\/strong> liest am <strong>07.11.2025 um 17 Uhr aus dem Buch \u201eThe Bitter Side of Sweet\u201c von Tara Sullivan.<\/strong> Mit der Lesung stellt der Weltladen die Gegebenheiten auf vielen Kakaoplantagen in den Mittelpunkt. Trotz gestiegener Kakaopreise \u00e4ndert sich die Situation auf den Plantagen nur wenig: Kinderarbeit ist gang und g\u00e4be, oft werden die Kinder wie Sklaven gehalten. Die Arbeit ist gef\u00e4hrlich, h\u00e4ufig verletzt sich jemand mit einer Machete und das Spr\u00fchen von Pflanzengiften schadet ebenso\u00a0 der Gesundheit. Vor dem Hintergrund realer Verh\u00e4ltnisse auf afrikanischen Kakaoplantagen erz\u00e4hlt die Autorin eine Geschichte von moderner Kindersklaverei: \u201eDer Junge Amadou hat die Hoffnung aufgegeben, je wieder nach Hause zu kommen. Seit zwei Jahren schuften er und sein Bruder auf einer Kakaoplantage\u00a0 in Cote d'Ivoire, [...] <a href=\"https:\/\/weltlaeden.de\/bielefeld-sennestadt\/termin\/literatur-fuer-fair-am-07-11-2025-um-17-uhr-im-weltladen\/\"><small>[WEITERLESEN]<\/small><\/a><\/p><\/li><li><h5 class=\"termine-titel\"><a href=\"https:\/\/weltlaeden.de\/bielefeld-sennestadt\/termin\/faire-woche-2025-und-cafefair-am-20-09-2025-von-1000-bis-1300-uhr\/\">Faire Woche 2025 und CafeFAIR! am 20.09.2025 von 10:00 bis 13:00 Uhr<\/a><\/h5><p class=\"termine-date\">Sa., 20.09.2025, 10:00<\/p><p class=\"termine-auszug\"><strong>Fair Handeln - Vielfalt erleben<\/strong> <strong>\u00a0 <\/strong> <strong>Aktionstag des Weltladen Sennestadt am 20.9.25 von 10-13 Uhr<\/strong> Das Motto der diesj\u00e4hrigen fairen Woche lautet \u201eFair Handeln -Vielfalt erleben\u201c und stellt damit das Thema Vielfalt in den Mittelpunkt. Damit soll deutlich werden, wie wichtig Vielfalt f\u00fcr unser Leben ist und wie der Faire Handel zu mehr Vielfalt beitr\u00e4gt. Durch schonende Produktionsweisen, wie der \u00f6kologischen Landwirtschaft, sch\u00fctzt und f\u00f6rdert der Faire Handel \u00f6kologische Vielfalt. Vielf\u00e4ltig sind auch die fair gehandelten Produkte, vom aromatischen Kaffee bis zu elegantem Silberschmuck aus Mexiko. Hinter jedem fair gehandelten Produkt stehen <em>Menschen mit ihren vielf\u00e4ltigen kulturellen Hintergr\u00fcnden, Erfahrungen und F\u00e4higkeiten<\/em><em>.<\/em> Der Faire Handel tr\u00e4gt zum Erhalt des Wissens bei und f\u00f6rdert gleichzeitig die Weiterentwicklung der Produkte und die Entfaltungsm\u00f6glichkeiten der Menschen hinter den Produkten. Der Faire Handel lebt hier von einem vielf\u00e4ltigen Engagement \u2013 ob durch den Verkauf fair gehandelter Produkte, durch Bildungsprojekte, z.B. mit dem HES oder [...] <a href=\"https:\/\/weltlaeden.de\/bielefeld-sennestadt\/termin\/faire-woche-2025-und-cafefair-am-20-09-2025-von-1000-bis-1300-uhr\/\"><small>[WEITERLESEN]<\/small><\/a><\/p><\/li><li><h5 class=\"termine-titel\"><a href=\"https:\/\/weltlaeden.de\/bielefeld-sennestadt\/termin\/sommerkonzert-zum-40-jaehrigen-jubilaeum-des-weltladen-sennestadt-weltmusik-in-der-kreuzkirche\/\">Sommerkonzert zum 40-j\u00e4hrigen Jubil\u00e4um des Weltladen Sennestadt: \u201eWeltmusik in der Kreuzkirche\u201c<\/a><\/h5><p class=\"termine-date\">So., 06.07.2025, 17:00<\/p><p class=\"termine-auszug\">40 Jahre Weltladen Sennestadt, das bedeutet 40 Jahre ehrenamtlicher Einsatz f\u00fcr den Fairen Handel. Das ist eine beeindruckend lange Zeitspanne, zumal der Weltladen Sennestadt inzwischen der Einzige in Bielefeld ist. Der Weltladen ist ein Ort f\u00fcr faire und vielf\u00e4ltige Produkte, mit deren Verkauf langfristige Perspektiven f\u00fcr die Produzent:innen geschaffen werden. Eines ist allen Waren gemeinsam: Sie werden unter menschenw\u00fcrdigen Bedingungen hergestellt und zu Preisen gehandelt, die die Existenz der B\u00e4uer:innen und Handwerker:innen sichert. Dar\u00fcber hinaus ist der Weltladen ein inspirierender Lernort; hier erleben Sch\u00fcler:innen und Gruppen , z.B. aus dem HES, globales Lernen hautnah. Den runden Geburtstag m\u00f6chte der Weltladen Sennestadt gerne mit vielen Menschen aus Sennestadt und aus dem n\u00e4heren und weiteren Umfeld feiern. Dazu l\u00e4dt das Team des Weltladens in Kooperation mit dem F\u00f6rderverein der Kreuzkirche am 6. Juli zu einem Sommerkonzert mit dem N\u00c9-K Trio und Pronto Mulino in der Kreuzkirche ein. Jazz vom Feinsten bietet das [...] <a href=\"https:\/\/weltlaeden.de\/bielefeld-sennestadt\/termin\/sommerkonzert-zum-40-jaehrigen-jubilaeum-des-weltladen-sennestadt-weltmusik-in-der-kreuzkirche\/\"><small>[WEITERLESEN]<\/small><\/a><\/p><\/li><li><h5 class=\"termine-titel\"><a href=\"https:\/\/weltlaeden.de\/bielefeld-sennestadt\/termin\/sennestadtvereint\/\">SennestadtVEREINt!<\/a><\/h5><p class=\"termine-date\">Sa., 14.06.2025, 14:00 bis 14.06.2025, 19:00<\/p><p class=\"termine-auszug\"><strong>Wir sind dabei: SennestadtVereint!<\/strong> <strong>Am Samstag, den 14. Juni findet von 14 - 19 Uhr<\/strong> auf dem Reichowplatz in der Sennestadt ein Sennestadt-Fest, organisiert vom Sennestadtverein, statt. Das Motto lautet: <strong>SennestadtVEREINT!.<\/strong> Der Weltladen ist mit Mitmach-Aktionen, d.h. mit einem Gl\u00fccksrad (Nachhaltigkeitsziele der Vereinten Nationen), einem Fotoquiz und \u00dcberraschungen dabei. Zus\u00e4tzlich ist der Weltladen ge\u00f6ffnet. Hier gibt es Kaffee, Tee, Kakao und selbstgebackenen Kuchen.<\/li><li><h5 class=\"termine-titel\"><a href=\"https:\/\/weltlaeden.de\/bielefeld-sennestadt\/termin\/cafefair-am-10-5-25-im-weltladen-sennestadt\/\">CafeFair! am 10.5.25 im Weltladen Sennestadt<\/a><\/h5><p class=\"termine-date\">Sa., 10.05.2025, 10:00<\/p><p class=\"termine-auszug\">Am<strong> Samstag, den 10.Mai 2025 ist Weltladentag,<\/strong> der politische Aktionstag der Weltl\u00e4den. Unter dem Motto \u201eSchoki f\u00fcrs Klima? Kauf ich Euch ab!\u201c weisen 900 Weltl\u00e4den in diesem Jahr <strong>auf<\/strong> die dramatische Situation vieler Kakaob\u00e4uerinnen und Kakaobauer hin. Hunderte Weltl\u00e4den zeigen, wie Fairer Handel den Unterschied machen kann f\u00fcr das Klima und die Unterst\u00fctzung der Kakaob\u00e4uerinnen und -bauern im Globalen S\u00fcden. Zum Weltladentag rufen die Weltl\u00e4den dazu auf, die Petition \u201eFaire Kakopreise jetzt\u201c des <em>INKOTA Netzwerkes<\/em> (entwicklunspolitische Organisation) zu unterzeichnen. Sie fordert von den gro\u00dfen Schokoladenherstellern, den Kakaob\u00e4uerinnen und Kakaobauern L\u00f6hne zu zahlen, die deren Existenz sichern. \u201eDer Faire Handel zeigt, dass es auch anders geht. Die Zahlung h\u00f6herer und garantierter Mindestpreise f\u00fcr Kakao, langfristige Partnerschaften sowie die Bereitstellung von zus\u00e4tzlichen Leistungen wie Bio-Pr\u00e4mien erm\u00f6glichen es den Produzent*innen, nachhaltig zu wirtschaften und langfristig ein sicheres Einkommen zu erzielen.\u201c Weltl\u00e4den setzen sich f\u00fcr gerechtere Regeln im globalen Handel ein. Beim Besuch des [...] <a href=\"https:\/\/weltlaeden.de\/bielefeld-sennestadt\/termin\/cafefair-am-10-5-25-im-weltladen-sennestadt\/\"><small>[WEITERLESEN]<\/small><\/a><\/p><\/li><li><h5 class=\"termine-titel\"><a href=\"https:\/\/weltlaeden.de\/bielefeld-sennestadt\/termin\/faires-fruehlingscafe-am-29-3-2025\/\">Faires Fr\u00fchlingscafe am 29.3.2025<\/a><\/h5><p class=\"termine-date\">Sa., 29.03.2025, 10:00<\/p><p class=\"termine-auszug\"><strong>CafeFair! am 29.M\u00e4rz 2025 im Weltladen Bi-Sennestadt von 10:00 bis 13:00 Uhr<\/strong> Passend zum Fr\u00fchling bietet der Weltladen Sennestadt viele farbenfrohe Produkte aus dem Fairen Handel an. Diese eignen sich auch als Dekoration f\u00fcr Ostern oder als kleine Geschenke und Mitbringsel. Alle Produkte sind mit Liebe zum Detail von Handwerksbetrieben hergestellt und von Hand gefertigt. Dabei handelt es sich vor allem um praktische und dekorative Filzprodukte. Filz, Filz, Filz : Im Fairen Handel mit nepalesischen Kunsthandwerk wird das Filzen gro\u00df geschrieben. Die Anh\u00e4nger und Eierw\u00e4rmer stammen aus Fairhandelsbetrieben, die vor allem Frauen aus benachteiligten Schichten einen sicheren Arbeitsplatz bieten. So k\u00f6nnen Frauen ein eigenes Einkommen erwirtschaften, erhalten einen fairen Lohn ( der weit \u00fcber dem Mindestlohn in Nepal liegt) und sind renten- und krankenversichert. Jedes Teil ist aus 100% mulesingfreier (keine schmerzhafte Verst\u00fcmmelung der Schafe) Wolle gefertigt. Alle Produktionschritte vom F\u00e4rben der Wolle mit nichtgiftigen Farben, der Entwicklung des Designs [...] <a href=\"https:\/\/weltlaeden.de\/bielefeld-sennestadt\/termin\/faires-fruehlingscafe-am-29-3-2025\/\"><small>[WEITERLESEN]<\/small><\/a><\/p><\/li><li><h5 class=\"termine-titel\"><a href=\"https:\/\/weltlaeden.de\/bielefeld-sennestadt\/termin\/cafefair-2\/\">Caf\u00e9Fair am 02.November von 10:00 -13:00<\/a><\/h5><p class=\"termine-date\">Sa., 02.11.2024, 10:00<\/p><p class=\"termine-auszug\">CafeFAIR im Weltladen Bielefeld -Sennestadt am 02. November von 10:00 bis 13:00 Uhr. Nehmen Sie Platz und genie\u00dfen Sie unseren fairen Kaffee, Tee, Kakao und unseren k\u00f6stlichen Kuchen. Entdecken Sie die breite Auswahl f\u00fcr fair gehandelte Schokoladen-K\u00f6stlichkeiten und sch\u00f6nen Geschenken zu Weihnachten, Weine f\u00fcr Genie\u00dfer, Oliven\u00f6l aus Pal\u00e4stina. Bei uns im Weltladen k\u00f6nnen Sie in aller Ruhe st\u00f6bern, wir beraten Sie gerne. Auch Gutscheine sind oft eine dankbare Geschenkidee. Hinter jedem Produkt aus dem fairen Handel steckt eine Geschichte von Kleinbauern und Kleinb\u00e4uerinnen und Handwerker:innen. Der Faire Handel verbessert die Arbeits- und Lebensbedingungen im Globalen S\u00fcden und schafft mit langfristigen Partnerschaften stabile Handelsbedingungen und leistet einen Beitrag zu nachhaltiger Entwicklung und gegen die Armut.<\/li><li><h5 class=\"termine-titel\"><a href=\"https:\/\/weltlaeden.de\/bielefeld-sennestadt\/termin\/cafefair\/\">CafeFAIR<\/a><\/h5><p class=\"termine-date\">Sa., 21.09.2024, 10:00 bis 21.09.2024, 13:00<\/p><p class=\"termine-auszug\">Die gr\u00f6\u00dfte Aktionswoche des Fairen Handels in Deutschland, die Faire Woche, findet vom 13. bis 27. September 2024 statt.<strong> <\/strong> Auch wir \u2013 das Team des Weltladen Bielefeld Sennestadt - nehmen die Faire Woche zum Anlass, Verbraucher*innen \u00fcber globale Zusammenh\u00e4nge, junges Engagement und eigene Handlungsm\u00f6glichkeiten f\u00fcr mehr Klimagerechtigkeit zu informieren. Alle sind herzlich eingeladen zu unserem CafeFAIR am 21.September von 10 bis 13.00 Uhr. Freuen sie sich auf: Begegnungen und Gespr\u00e4che, Spannende Quizfragen zu den 17 Zielen nachhaltiger Entwicklung, auf k\u00f6stliche Kaffeespezialit\u00e4ten, Tees und Kakao sowie selbstgebackenen Kuchen. Wir freuen uns ganz besonders auf Ihren Besuch in unserem neu gestalteten Weltladen. FAIRER Handel schafft Zukunft!<\/li><li><h5 class=\"termine-titel\"><a href=\"https:\/\/weltlaeden.de\/bielefeld-sennestadt\/termin\/radkultour-auf-dem-reichowplatz-in-sennestadt-am-1-sept-von-14-18-uhr\/\">Radkultour  auf dem Reichowplatz in Sennestadt am 1.Sept. von 14-18 Uhr<\/a><\/h5><p class=\"termine-date\">So., 01.09.2024, 14:00<\/p><p class=\"termine-auszug\">Der Weltladen Sennestadt beteiligt sich an der Radkultour mit einem Fairen Kaffee und Kuchenstand auf dem Reichowplatz. Genie\u00dfen Sie bei Kaffee und selbstgebackenem Kuchen die vielf\u00e4ltigen kulturellen Angebote . Bei einem Quiz k\u00f6nnen Sie Ihr Wissen \u00fcber nachhaltiges Handeln testen und erweitern. Nat\u00fcrlich gibt es auch einen kleinen Gewinn f\u00fcr alle Teilnehmer*innen. Wir freuen uns auf Ihren Besuch.<\/li><li><h5 class=\"termine-titel\"><a href=\"https:\/\/weltlaeden.de\/bielefeld-sennestadt\/termin\/faires-cafe-am-16-12-23-von-10-13-uhr\/\">Faires Cafe am 23.3.24 von 10-13 Uhr<\/a><\/h5><p class=\"termine-date\">Sa., 23.03.2024, 10:00<\/p><p class=\"termine-auszug\">Am 23.3.24 l\u00e4dt das Team des Weltladens Sennestadt wieder zu einem Fairen Cafe ein.Von 10-13 Uhr hei\u00dfen wir alle herzlich willkommen und freuen uns auf einen Austausch bei Kaffee und selbstgebackenem Kuchen. Nat\u00fcrlich k\u00f6nnen Sie auch gerne im Laden st\u00f6bern und unsere fair gehandelten Osterartikel kennenlernen sowie nette Geschenke f\u00fcr Ostern entdecken. Viel Fairgn\u00fcgen w\u00fcnscht das Team des Weltladens<\/li><\/ul>[\/vc_column][\/vc_row]<\/p>\n<\/div>","protected":false},"excerpt":{"rendered":"<p>[vc_row][vc_column][vc_empty_space height=&#8220;30px&#8220;][vc_column_text] Termine [\/vc_column_text][vc_empty_space height=&#8220;30px&#8220;][\/vc_column][\/vc_row][vc_row][vc_column width=&#8220;2\/3&#8243;][vc_column_text] Kommende Termine [\/vc_column_text][vc_empty_space height=&#8220;30px&#8220;][vc_column_text] Vergangene Termine [\/vc_column_text][\/vc_column][\/vc_row]<\/p>\n","protected":false},"author":1,"featured_media":0,"parent":0,"menu_order":7,"comment_status":"closed","ping_status":"closed","template":"","meta":{"footnotes":""},"class_list":["post-23","page","type-page","status-publish","hentry","description-off"],"yoast_head":"<!-- This site is optimized with the Yoast SEO plugin v26.8 - https:\/\/yoast.com\/product\/yoast-seo-wordpress\/ -->\n<title>Termine - Weltladen Bielefeld Sennestadt Weltladen Bielefeld Sennestadt<\/title>\n<meta name=\"robots\" content=\"index, follow, max-snippet:-1, max-image-preview:large, max-video-preview:-1\" \/>\n<link rel=\"canonical\" href=\"https:\/\/weltlaeden.de\/bielefeld-sennestadt\/termine\/\" \/>\n<meta property=\"og:locale\" content=\"de_DE\" \/>\n<meta property=\"og:type\" content=\"article\" \/>\n<meta property=\"og:title\" content=\"Termine - Weltladen Bielefeld Sennestadt Weltladen Bielefeld Sennestadt\" \/>\n<meta property=\"og:description\" content=\"[vc_row][vc_column][vc_empty_space height=&#8220;30px&#8220;][vc_column_text] Termine [\/vc_column_text][vc_empty_space height=&#8220;30px&#8220;][\/vc_column][\/vc_row][vc_row][vc_column width=&#8220;2\/3&#8243;][vc_column_text] Kommende Termine [\/vc_column_text][vc_empty_space height=&#8220;30px&#8220;][vc_column_text] Vergangene Termine [\/vc_column_text][\/vc_column][\/vc_row]\" \/>\n<meta property=\"og:url\" content=\"https:\/\/weltlaeden.de\/bielefeld-sennestadt\/termine\/\" \/>\n<meta property=\"og:site_name\" content=\"Weltladen Bielefeld Sennestadt\" \/>\n<meta property=\"article:modified_time\" content=\"2024-09-10T14:21:09+00:00\" \/>\n<meta property=\"og:image\" content=\"https:\/\/weltlaeden.de\/bielefeld-sennestadt\/wp-content\/uploads\/sites\/3\/2018\/07\/pocket-watch-1637396_1920_pixabay.png\" \/>\n<meta name=\"twitter:card\" content=\"summary_large_image\" \/>\n<meta name=\"twitter:label1\" content=\"Gesch\u00e4tzte Lesezeit\" \/>\n\t<meta name=\"twitter:data1\" content=\"1\u00a0Minute\" \/>\n<script type=\"application\/ld+json\" class=\"yoast-schema-graph\">{\"@context\":\"https:\/\/schema.org\",\"@graph\":[{\"@type\":\"WebPage\",\"@id\":\"https:\/\/weltlaeden.de\/bielefeld-sennestadt\/termine\/\",\"url\":\"https:\/\/weltlaeden.de\/bielefeld-sennestadt\/termine\/\",\"name\":\"Termine - Weltladen Bielefeld Sennestadt Weltladen Bielefeld Sennestadt\",\"isPartOf\":{\"@id\":\"https:\/\/weltlaeden.de\/bielefeld-sennestadt\/#website\"},\"primaryImageOfPage\":{\"@id\":\"https:\/\/weltlaeden.de\/bielefeld-sennestadt\/termine\/#primaryimage\"},\"image\":{\"@id\":\"https:\/\/weltlaeden.de\/bielefeld-sennestadt\/termine\/#primaryimage\"},\"thumbnailUrl\":\"https:\/\/weltlaeden.de\/bielefeld-sennestadt\/wp-content\/uploads\/sites\/3\/2018\/07\/pocket-watch-1637396_1920_pixabay.png\",\"datePublished\":\"2016-10-14T07:05:21+00:00\",\"dateModified\":\"2024-09-10T14:21:09+00:00\",\"breadcrumb\":{\"@id\":\"https:\/\/weltlaeden.de\/bielefeld-sennestadt\/termine\/#breadcrumb\"},\"inLanguage\":\"de\",\"potentialAction\":[{\"@type\":\"ReadAction\",\"target\":[\"https:\/\/weltlaeden.de\/bielefeld-sennestadt\/termine\/\"]}]},{\"@type\":\"ImageObject\",\"inLanguage\":\"de\",\"@id\":\"https:\/\/weltlaeden.de\/bielefeld-sennestadt\/termine\/#primaryimage\",\"url\":\"https:\/\/weltlaeden.de\/bielefeld-sennestadt\/wp-content\/uploads\/sites\/3\/2018\/07\/pocket-watch-1637396_1920_pixabay.png\",\"contentUrl\":\"https:\/\/weltlaeden.de\/bielefeld-sennestadt\/wp-content\/uploads\/sites\/3\/2018\/07\/pocket-watch-1637396_1920_pixabay.png\"},{\"@type\":\"BreadcrumbList\",\"@id\":\"https:\/\/weltlaeden.de\/bielefeld-sennestadt\/termine\/#breadcrumb\",\"itemListElement\":[{\"@type\":\"ListItem\",\"position\":1,\"name\":\"Startseite\",\"item\":\"https:\/\/weltlaeden.de\/bielefeld-sennestadt\/\"},{\"@type\":\"ListItem\",\"position\":2,\"name\":\"Termine\"}]},{\"@type\":\"WebSite\",\"@id\":\"https:\/\/weltlaeden.de\/bielefeld-sennestadt\/#website\",\"url\":\"https:\/\/weltlaeden.de\/bielefeld-sennestadt\/\",\"name\":\"Weltladen Bielefeld Sennestadt\",\"description\":\"Faire Produkte seit 1990\",\"potentialAction\":[{\"@type\":\"SearchAction\",\"target\":{\"@type\":\"EntryPoint\",\"urlTemplate\":\"https:\/\/weltlaeden.de\/bielefeld-sennestadt\/?s={search_term_string}\"},\"query-input\":{\"@type\":\"PropertyValueSpecification\",\"valueRequired\":true,\"valueName\":\"search_term_string\"}}],\"inLanguage\":\"de\"}]}<\/script>\n<!-- \/ Yoast SEO plugin. -->","yoast_head_json":{"title":"Termine - Weltladen Bielefeld Sennestadt Weltladen Bielefeld Sennestadt","robots":{"index":"index","follow":"follow","max-snippet":"max-snippet:-1","max-image-preview":"max-image-preview:large","max-video-preview":"max-video-preview:-1"},"canonical":"https:\/\/weltlaeden.de\/bielefeld-sennestadt\/termine\/","og_locale":"de_DE","og_type":"article","og_title":"Termine - Weltladen Bielefeld Sennestadt Weltladen Bielefeld Sennestadt","og_description":"[vc_row][vc_column][vc_empty_space height=&#8220;30px&#8220;][vc_column_text] Termine [\/vc_column_text][vc_empty_space height=&#8220;30px&#8220;][\/vc_column][\/vc_row][vc_row][vc_column width=&#8220;2\/3&#8243;][vc_column_text] Kommende Termine [\/vc_column_text][vc_empty_space height=&#8220;30px&#8220;][vc_column_text] Vergangene Termine [\/vc_column_text][\/vc_column][\/vc_row]","og_url":"https:\/\/weltlaeden.de\/bielefeld-sennestadt\/termine\/","og_site_name":"Weltladen Bielefeld Sennestadt","article_modified_time":"2024-09-10T14:21:09+00:00","og_image":[{"url":"https:\/\/weltlaeden.de\/bielefeld-sennestadt\/wp-content\/uploads\/sites\/3\/2018\/07\/pocket-watch-1637396_1920_pixabay.png","type":"","width":"","height":""}],"twitter_card":"summary_large_image","twitter_misc":{"Gesch\u00e4tzte Lesezeit":"1\u00a0Minute"},"schema":{"@context":"https:\/\/schema.org","@graph":[{"@type":"WebPage","@id":"https:\/\/weltlaeden.de\/bielefeld-sennestadt\/termine\/","url":"https:\/\/weltlaeden.de\/bielefeld-sennestadt\/termine\/","name":"Termine - Weltladen Bielefeld Sennestadt Weltladen Bielefeld Sennestadt","isPartOf":{"@id":"https:\/\/weltlaeden.de\/bielefeld-sennestadt\/#website"},"primaryImageOfPage":{"@id":"https:\/\/weltlaeden.de\/bielefeld-sennestadt\/termine\/#primaryimage"},"image":{"@id":"https:\/\/weltlaeden.de\/bielefeld-sennestadt\/termine\/#primaryimage"},"thumbnailUrl":"https:\/\/weltlaeden.de\/bielefeld-sennestadt\/wp-content\/uploads\/sites\/3\/2018\/07\/pocket-watch-1637396_1920_pixabay.png","datePublished":"2016-10-14T07:05:21+00:00","dateModified":"2024-09-10T14:21:09+00:00","breadcrumb":{"@id":"https:\/\/weltlaeden.de\/bielefeld-sennestadt\/termine\/#breadcrumb"},"inLanguage":"de","potentialAction":[{"@type":"ReadAction","target":["https:\/\/weltlaeden.de\/bielefeld-sennestadt\/termine\/"]}]},{"@type":"ImageObject","inLanguage":"de","@id":"https:\/\/weltlaeden.de\/bielefeld-sennestadt\/termine\/#primaryimage","url":"https:\/\/weltlaeden.de\/bielefeld-sennestadt\/wp-content\/uploads\/sites\/3\/2018\/07\/pocket-watch-1637396_1920_pixabay.png","contentUrl":"https:\/\/weltlaeden.de\/bielefeld-sennestadt\/wp-content\/uploads\/sites\/3\/2018\/07\/pocket-watch-1637396_1920_pixabay.png"},{"@type":"BreadcrumbList","@id":"https:\/\/weltlaeden.de\/bielefeld-sennestadt\/termine\/#breadcrumb","itemListElement":[{"@type":"ListItem","position":1,"name":"Startseite","item":"https:\/\/weltlaeden.de\/bielefeld-sennestadt\/"},{"@type":"ListItem","position":2,"name":"Termine"}]},{"@type":"WebSite","@id":"https:\/\/weltlaeden.de\/bielefeld-sennestadt\/#website","url":"https:\/\/weltlaeden.de\/bielefeld-sennestadt\/","name":"Weltladen Bielefeld Sennestadt","description":"Faire Produkte seit 1990","potentialAction":[{"@type":"SearchAction","target":{"@type":"EntryPoint","urlTemplate":"https:\/\/weltlaeden.de\/bielefeld-sennestadt\/?s={search_term_string}"},"query-input":{"@type":"PropertyValueSpecification","valueRequired":true,"valueName":"search_term_string"}}],"inLanguage":"de"}]}},"_links":{"self":[{"href":"https:\/\/weltlaeden.de\/bielefeld-sennestadt\/wp-json\/wp\/v2\/pages\/23","targetHints":{"allow":["GET"]}}],"collection":[{"href":"https:\/\/weltlaeden.de\/bielefeld-sennestadt\/wp-json\/wp\/v2\/pages"}],"about":[{"href":"https:\/\/weltlaeden.de\/bielefeld-sennestadt\/wp-json\/wp\/v2\/types\/page"}],"author":[{"embeddable":true,"href":"https:\/\/weltlaeden.de\/bielefeld-sennestadt\/wp-json\/wp\/v2\/users\/1"}],"replies":[{"embeddable":true,"href":"https:\/\/weltlaeden.de\/bielefeld-sennestadt\/wp-json\/wp\/v2\/comments?post=23"}],"version-history":[{"count":24,"href":"https:\/\/weltlaeden.de\/bielefeld-sennestadt\/wp-json\/wp\/v2\/pages\/23\/revisions"}],"predecessor-version":[{"id":727,"href":"https:\/\/weltlaeden.de\/bielefeld-sennestadt\/wp-json\/wp\/v2\/pages\/23\/revisions\/727"}],"wp:attachment":[{"href":"https:\/\/weltlaeden.de\/bielefeld-sennestadt\/wp-json\/wp\/v2\/media?parent=23"}],"curies":[{"name":"wp","href":"https:\/\/api.w.org\/{rel}","templated":true}]}}