{"id":219,"date":"2016-10-28T13:34:47","date_gmt":"2016-10-28T11:34:47","guid":{"rendered":"https:\/\/wl.heimpixel.de\/vorlage\/ueber-uns\/"},"modified":"2020-03-02T21:17:14","modified_gmt":"2020-03-02T20:17:14","slug":"ueber-uns","status":"publish","type":"page","link":"https:\/\/weltlaeden.de\/bielefeld-sennestadt\/ueber-uns\/","title":{"rendered":"\u00dcber uns"},"content":{"rendered":"<div class=\"wpb-content-wrapper\"><p>[vc_row][vc_column]<div class=\"wl_einzelbild\"><p><img loading=\"lazy\" decoding=\"async\" class=\"aligncenter size-full wp-image-448\" src=\"https:\/\/weltlaeden.de\/bielefeld-sennestadt\/wp-content\/uploads\/sites\/126\/2019\/04\/board-game-challenge-chess-209728_1200x519-e1555324787982.png\" alt=\"\" width=\"787\" height=\"340\" \/><\/p><\/div>[vc_empty_space][vc_column_text]<\/p>\n<h1>\u00dcber den Weltladen Bielefeld-Sennestadt<\/h1>\n<p><span style=\"font-size: large\"><b>\u00dcber uns:<\/b><\/span><\/p>\n<p><span style=\"font-size: large\">Seit 1985 gibt es unseren Weltladen in Sennestadt. Das Team besteht aus ca. 15 ehrenamtlichen MitarbeiterInnen. Wobei jede und jeder selbst entscheidet, welche F\u00e4higkeiten und wieviel Zeit er\/sie einbringen m\u00f6chte. In der monatlichen Teamsitzung werden Fragen der Organisation und Arbeitsverteilung besprochen. Wir haben noch viele Ideen und freuen uns \u00fcber weitere neue Mithelfende.<\/span><\/p>\n<p><span style=\"font-size: large\">Neben dem Laden bieten wir Verkaufsst\u00e4nde beim Weltgebetstag, auf dem Weihnachtsmarkt und auf dem Bauernmarkt Steinkr\u00f6gershof an sowie den monatlichen Pausenverkauf in der HES .<\/span><\/p>\n<p><span style=\"font-size: large\"><i>Ein weiteres Standbein unseres Weltladens ist der regelm\u00e4\u00dfige Verkauf in einer Kirchengemeinde und im Lehrerzimmer des HES. Der Weltladen \u00fcberl\u00e4sst in diesem Falle Waren f\u00fcr den Verkauf auf Kommission.<\/i><\/span><\/p>\n<p><span style=\"font-size: large\">Wir engagieren uns auch in der \u00d6ffentlichkeits- und Bildungsarbeit z. B. in der Fairen Woche oder mit Sch\u00fcler- und Konfirmandengruppen.<\/span><\/p>\n<p><span style=\"font-family: Times New Roman, serif\"><span style=\"font-size: medium\"><span style=\"font-family: Calibri, serif\"><span style=\"font-size: large\"><i><b>Jeden 1. Samstag im Monat laden wir SIE ein, <\/b><\/i><\/span><\/span><span style=\"font-family: Calibri, serif\"><span style=\"font-size: large\"><i>einfach eine kleine Pause zu machen und <\/i><\/span><\/span><span style=\"font-family: Calibri, serif\"><span style=\"font-size: large\"><i><u>frischen Kaffee oder Tee zu genie\u00dfen &#8211; gerne auch mit einem St\u00fcck leckeren Kuchen<\/u><\/i><\/span><\/span><span style=\"font-family: Calibri, serif\"><span style=\"font-size: large\">. <\/span><\/span><span style=\"font-family: Calibri, serif\"><span style=\"font-size: large\"><i> Jeden Tag<\/i><\/span><\/span><span style=\"font-family: Calibri, serif\"><span style=\"font-size: large\"> aber <\/span><\/span><span style=\"font-family: Calibri, serif\"><span style=\"font-size: large\"><i>k\u00f6nnen <\/i><\/span><\/span><span style=\"font-family: Calibri, serif\"><span style=\"font-size: large\"><i>Sie<\/i><\/span><\/span><span style=\"font-family: Calibri, serif\"><span style=\"font-size: large\"><i> bei uns st\u00f6bern, einkaufen oder sich einfach umschauen und informieren.<\/i><\/span><\/span><\/span><\/span><\/p>\n<p><span style=\"font-size: large\">Tr\u00e4ger des Weltladens ist der Verein \u201eEine Weltgruppe Sennestadt e.V.\u201c, er ist als gemeinn\u00fctzig anerkannt und Mitglied des Dachverbandes.<\/span><\/p>\n<p><span style=\"font-size: large\"><i>Neben dem Ladengesch\u00e4ft und damit dem Verkauf von fair gehandelten Waren m\u00f6chten wir Menschen dazu einladen, die Welt mit uns zu\u00a0fair\u00e4ndern.<\/i><\/span><\/p>\n<p>[\/vc_column_text][vc_column_text][\/vc_column_text][\/vc_column][\/vc_row][vc_row][vc_column][vc_empty_space][vc_column_text]<\/p>\n<h1><\/h1>\n<p>[\/vc_column_text][vc_column_text]<\/p>\n<p>&nbsp;<\/p>\n<p><strong>\u00a0<\/strong>[\/vc_column_text][\/vc_column][\/vc_row]<\/p>\n<\/div>","protected":false},"excerpt":{"rendered":"<p>[vc_row][vc_column][vc_empty_space][vc_column_text] \u00dcber den Weltladen Bielefeld-Sennestadt \u00dcber uns: Seit 1985 gibt es unseren Weltladen in Sennestadt. Das Team besteht aus ca. 15 ehrenamtlichen MitarbeiterInnen. Wobei jede und jeder selbst entscheidet, welche F\u00e4higkeiten und wieviel Zeit er\/sie einbringen m\u00f6chte. In der monatlichen Teamsitzung werden Fragen der Organisation und Arbeitsverteilung besprochen. Wir haben noch viele Ideen und freuen&hellip;<\/p>\n","protected":false},"author":1,"featured_media":0,"parent":0,"menu_order":5,"comment_status":"closed","ping_status":"closed","template":"","meta":{"footnotes":""},"class_list":["post-219","page","type-page","status-publish","hentry","description-off"],"yoast_head":"<!-- This site is optimized with the Yoast SEO plugin v26.8 - https:\/\/yoast.com\/product\/yoast-seo-wordpress\/ -->\n<title>\u00dcber uns - Weltladen Bielefeld Sennestadt<\/title>\n<meta name=\"robots\" content=\"index, follow, max-snippet:-1, max-image-preview:large, max-video-preview:-1\" \/>\n<link rel=\"canonical\" href=\"https:\/\/weltlaeden.de\/bielefeld-sennestadt\/ueber-uns\/\" \/>\n<meta property=\"og:locale\" content=\"de_DE\" \/>\n<meta property=\"og:type\" content=\"article\" \/>\n<meta property=\"og:title\" content=\"\u00dcber uns - Weltladen Bielefeld Sennestadt\" \/>\n<meta property=\"og:description\" content=\"[vc_row][vc_column][vc_empty_space][vc_column_text] \u00dcber den Weltladen Bielefeld-Sennestadt \u00dcber uns: Seit 1985 gibt es unseren Weltladen in Sennestadt. Das Team besteht aus ca. 15 ehrenamtlichen MitarbeiterInnen. Wobei jede und jeder selbst entscheidet, welche F\u00e4higkeiten und wieviel Zeit er\/sie einbringen m\u00f6chte. In der monatlichen Teamsitzung werden Fragen der Organisation und Arbeitsverteilung besprochen. Wir haben noch viele Ideen und freuen&hellip;\" \/>\n<meta property=\"og:url\" content=\"https:\/\/weltlaeden.de\/bielefeld-sennestadt\/ueber-uns\/\" \/>\n<meta property=\"og:site_name\" content=\"Weltladen Bielefeld Sennestadt\" \/>\n<meta property=\"article:modified_time\" content=\"2020-03-02T20:17:14+00:00\" \/>\n<meta property=\"og:image\" content=\"https:\/\/weltlaeden.de\/bielefeld-sennestadt\/wp-content\/uploads\/sites\/126\/2019\/04\/board-game-challenge-chess-209728_1200x519-e1555324787982.png\" \/>\n<meta name=\"twitter:card\" content=\"summary_large_image\" \/>\n<meta name=\"twitter:label1\" content=\"Gesch\u00e4tzte Lesezeit\" \/>\n\t<meta name=\"twitter:data1\" content=\"1\u00a0Minute\" \/>\n<script type=\"application\/ld+json\" class=\"yoast-schema-graph\">{\"@context\":\"https:\/\/schema.org\",\"@graph\":[{\"@type\":\"WebPage\",\"@id\":\"https:\/\/weltlaeden.de\/bielefeld-sennestadt\/ueber-uns\/\",\"url\":\"https:\/\/weltlaeden.de\/bielefeld-sennestadt\/ueber-uns\/\",\"name\":\"\u00dcber uns - Weltladen Bielefeld Sennestadt\",\"isPartOf\":{\"@id\":\"https:\/\/weltlaeden.de\/bielefeld-sennestadt\/#website\"},\"primaryImageOfPage\":{\"@id\":\"https:\/\/weltlaeden.de\/bielefeld-sennestadt\/ueber-uns\/#primaryimage\"},\"image\":{\"@id\":\"https:\/\/weltlaeden.de\/bielefeld-sennestadt\/ueber-uns\/#primaryimage\"},\"thumbnailUrl\":\"https:\/\/weltlaeden.de\/bielefeld-sennestadt\/wp-content\/uploads\/sites\/126\/2019\/04\/board-game-challenge-chess-209728_1200x519-e1555324787982.png\",\"datePublished\":\"2016-10-28T11:34:47+00:00\",\"dateModified\":\"2020-03-02T20:17:14+00:00\",\"breadcrumb\":{\"@id\":\"https:\/\/weltlaeden.de\/bielefeld-sennestadt\/ueber-uns\/#breadcrumb\"},\"inLanguage\":\"de\",\"potentialAction\":[{\"@type\":\"ReadAction\",\"target\":[\"https:\/\/weltlaeden.de\/bielefeld-sennestadt\/ueber-uns\/\"]}]},{\"@type\":\"ImageObject\",\"inLanguage\":\"de\",\"@id\":\"https:\/\/weltlaeden.de\/bielefeld-sennestadt\/ueber-uns\/#primaryimage\",\"url\":\"https:\/\/weltlaeden.de\/bielefeld-sennestadt\/wp-content\/uploads\/sites\/126\/2019\/04\/board-game-challenge-chess-209728_1200x519-e1555324787982.png\",\"contentUrl\":\"https:\/\/weltlaeden.de\/bielefeld-sennestadt\/wp-content\/uploads\/sites\/126\/2019\/04\/board-game-challenge-chess-209728_1200x519-e1555324787982.png\",\"width\":787,\"height\":340},{\"@type\":\"BreadcrumbList\",\"@id\":\"https:\/\/weltlaeden.de\/bielefeld-sennestadt\/ueber-uns\/#breadcrumb\",\"itemListElement\":[{\"@type\":\"ListItem\",\"position\":1,\"name\":\"Startseite\",\"item\":\"https:\/\/weltlaeden.de\/bielefeld-sennestadt\/\"},{\"@type\":\"ListItem\",\"position\":2,\"name\":\"\u00dcber uns\"}]},{\"@type\":\"WebSite\",\"@id\":\"https:\/\/weltlaeden.de\/bielefeld-sennestadt\/#website\",\"url\":\"https:\/\/weltlaeden.de\/bielefeld-sennestadt\/\",\"name\":\"Weltladen Bielefeld Sennestadt\",\"description\":\"Faire Produkte seit 1990\",\"potentialAction\":[{\"@type\":\"SearchAction\",\"target\":{\"@type\":\"EntryPoint\",\"urlTemplate\":\"https:\/\/weltlaeden.de\/bielefeld-sennestadt\/?s={search_term_string}\"},\"query-input\":{\"@type\":\"PropertyValueSpecification\",\"valueRequired\":true,\"valueName\":\"search_term_string\"}}],\"inLanguage\":\"de\"}]}<\/script>\n<!-- \/ Yoast SEO plugin. -->","yoast_head_json":{"title":"\u00dcber uns - Weltladen Bielefeld Sennestadt","robots":{"index":"index","follow":"follow","max-snippet":"max-snippet:-1","max-image-preview":"max-image-preview:large","max-video-preview":"max-video-preview:-1"},"canonical":"https:\/\/weltlaeden.de\/bielefeld-sennestadt\/ueber-uns\/","og_locale":"de_DE","og_type":"article","og_title":"\u00dcber uns - Weltladen Bielefeld Sennestadt","og_description":"[vc_row][vc_column][vc_empty_space][vc_column_text] \u00dcber den Weltladen Bielefeld-Sennestadt \u00dcber uns: Seit 1985 gibt es unseren Weltladen in Sennestadt. Das Team besteht aus ca. 15 ehrenamtlichen MitarbeiterInnen. Wobei jede und jeder selbst entscheidet, welche F\u00e4higkeiten und wieviel Zeit er\/sie einbringen m\u00f6chte. In der monatlichen Teamsitzung werden Fragen der Organisation und Arbeitsverteilung besprochen. Wir haben noch viele Ideen und freuen&hellip;","og_url":"https:\/\/weltlaeden.de\/bielefeld-sennestadt\/ueber-uns\/","og_site_name":"Weltladen Bielefeld Sennestadt","article_modified_time":"2020-03-02T20:17:14+00:00","og_image":[{"url":"https:\/\/weltlaeden.de\/bielefeld-sennestadt\/wp-content\/uploads\/sites\/126\/2019\/04\/board-game-challenge-chess-209728_1200x519-e1555324787982.png","type":"","width":"","height":""}],"twitter_card":"summary_large_image","twitter_misc":{"Gesch\u00e4tzte Lesezeit":"1\u00a0Minute"},"schema":{"@context":"https:\/\/schema.org","@graph":[{"@type":"WebPage","@id":"https:\/\/weltlaeden.de\/bielefeld-sennestadt\/ueber-uns\/","url":"https:\/\/weltlaeden.de\/bielefeld-sennestadt\/ueber-uns\/","name":"\u00dcber uns - Weltladen Bielefeld Sennestadt","isPartOf":{"@id":"https:\/\/weltlaeden.de\/bielefeld-sennestadt\/#website"},"primaryImageOfPage":{"@id":"https:\/\/weltlaeden.de\/bielefeld-sennestadt\/ueber-uns\/#primaryimage"},"image":{"@id":"https:\/\/weltlaeden.de\/bielefeld-sennestadt\/ueber-uns\/#primaryimage"},"thumbnailUrl":"https:\/\/weltlaeden.de\/bielefeld-sennestadt\/wp-content\/uploads\/sites\/126\/2019\/04\/board-game-challenge-chess-209728_1200x519-e1555324787982.png","datePublished":"2016-10-28T11:34:47+00:00","dateModified":"2020-03-02T20:17:14+00:00","breadcrumb":{"@id":"https:\/\/weltlaeden.de\/bielefeld-sennestadt\/ueber-uns\/#breadcrumb"},"inLanguage":"de","potentialAction":[{"@type":"ReadAction","target":["https:\/\/weltlaeden.de\/bielefeld-sennestadt\/ueber-uns\/"]}]},{"@type":"ImageObject","inLanguage":"de","@id":"https:\/\/weltlaeden.de\/bielefeld-sennestadt\/ueber-uns\/#primaryimage","url":"https:\/\/weltlaeden.de\/bielefeld-sennestadt\/wp-content\/uploads\/sites\/126\/2019\/04\/board-game-challenge-chess-209728_1200x519-e1555324787982.png","contentUrl":"https:\/\/weltlaeden.de\/bielefeld-sennestadt\/wp-content\/uploads\/sites\/126\/2019\/04\/board-game-challenge-chess-209728_1200x519-e1555324787982.png","width":787,"height":340},{"@type":"BreadcrumbList","@id":"https:\/\/weltlaeden.de\/bielefeld-sennestadt\/ueber-uns\/#breadcrumb","itemListElement":[{"@type":"ListItem","position":1,"name":"Startseite","item":"https:\/\/weltlaeden.de\/bielefeld-sennestadt\/"},{"@type":"ListItem","position":2,"name":"\u00dcber uns"}]},{"@type":"WebSite","@id":"https:\/\/weltlaeden.de\/bielefeld-sennestadt\/#website","url":"https:\/\/weltlaeden.de\/bielefeld-sennestadt\/","name":"Weltladen Bielefeld Sennestadt","description":"Faire Produkte seit 1990","potentialAction":[{"@type":"SearchAction","target":{"@type":"EntryPoint","urlTemplate":"https:\/\/weltlaeden.de\/bielefeld-sennestadt\/?s={search_term_string}"},"query-input":{"@type":"PropertyValueSpecification","valueRequired":true,"valueName":"search_term_string"}}],"inLanguage":"de"}]}},"_links":{"self":[{"href":"https:\/\/weltlaeden.de\/bielefeld-sennestadt\/wp-json\/wp\/v2\/pages\/219","targetHints":{"allow":["GET"]}}],"collection":[{"href":"https:\/\/weltlaeden.de\/bielefeld-sennestadt\/wp-json\/wp\/v2\/pages"}],"about":[{"href":"https:\/\/weltlaeden.de\/bielefeld-sennestadt\/wp-json\/wp\/v2\/types\/page"}],"author":[{"embeddable":true,"href":"https:\/\/weltlaeden.de\/bielefeld-sennestadt\/wp-json\/wp\/v2\/users\/1"}],"replies":[{"embeddable":true,"href":"https:\/\/weltlaeden.de\/bielefeld-sennestadt\/wp-json\/wp\/v2\/comments?post=219"}],"version-history":[{"count":12,"href":"https:\/\/weltlaeden.de\/bielefeld-sennestadt\/wp-json\/wp\/v2\/pages\/219\/revisions"}],"predecessor-version":[{"id":476,"href":"https:\/\/weltlaeden.de\/bielefeld-sennestadt\/wp-json\/wp\/v2\/pages\/219\/revisions\/476"}],"wp:attachment":[{"href":"https:\/\/weltlaeden.de\/bielefeld-sennestadt\/wp-json\/wp\/v2\/media?parent=219"}],"curies":[{"name":"wp","href":"https:\/\/api.w.org\/{rel}","templated":true}]}}