{"id":217,"date":"2016-10-28T13:34:47","date_gmt":"2016-10-28T11:34:47","guid":{"rendered":"https:\/\/wl.heimpixel.de\/vorlage\/produkte\/"},"modified":"2025-11-11T12:07:59","modified_gmt":"2025-11-11T11:07:59","slug":"produkte","status":"publish","type":"page","link":"https:\/\/weltlaeden.de\/bielefeld-sennestadt\/produkte\/","title":{"rendered":"Produkte"},"content":{"rendered":"<div class=\"wpb-content-wrapper\"><p>[vc_row][vc_column]<div class=\"wl_einzelbild\"><p><\/p><\/div>[vc_empty_space][vc_column_text css=&#8220;&#8220;]<\/p>\n<h1>Unser Sortiment<\/h1>\n<p><span style=\"font-size: large;\"><b>Ein Besuch im Weltladen ist immer auch eine Reise um den Globus.<\/b><\/span><\/p>\n<p><span style=\"font-size: large;\">In unserem Weltladen finden Sie eine gro\u00dfe Auswahl an fair gehandelten Produkten v.a. aus den L\u00e4ndern des globalen S\u00fcdens.<\/span><\/p>\n<p><strong><span style=\"font-size: large;\">Essen und Genie\u00dfen <img loading=\"lazy\" decoding=\"async\" class=\"alignnone size-medium wp-image-493\" src=\"https:\/\/weltlaeden.de\/bielefeld-sennestadt\/wp-content\/uploads\/sites\/126\/2020\/03\/P1050813-e1583942393457-300x200.jpg\" alt=\"\" width=\"300\" height=\"200\" srcset=\"https:\/\/weltlaeden.de\/bielefeld-sennestadt\/wp-content\/uploads\/sites\/126\/2020\/03\/P1050813-e1583942393457-300x200.jpg 300w, https:\/\/weltlaeden.de\/bielefeld-sennestadt\/wp-content\/uploads\/sites\/126\/2020\/03\/P1050813-e1583942393457-768x513.jpg 768w, https:\/\/weltlaeden.de\/bielefeld-sennestadt\/wp-content\/uploads\/sites\/126\/2020\/03\/P1050813-e1583942393457-1024x684.jpg 1024w, https:\/\/weltlaeden.de\/bielefeld-sennestadt\/wp-content\/uploads\/sites\/126\/2020\/03\/P1050813-e1583942393457.jpg 1920w\" sizes=\"auto, (max-width: 300px) 100vw, 300px\" \/><br \/>\n<\/span><\/strong><\/p>\n<p><span style=\"font-size: large;\">Exzellente Kaffees, gemahlen oder als Bohne, und den beliebten BIELEFELD KAFFEE von der Kaffeer\u00f6sterei Eisbrenner<\/span><\/p>\n<p><span style=\"font-size: large;\">ausgesuchte Tees, schwarzen und gr\u00fcnen Tee, Rooibostee, diverse Fr\u00fcchtetees und Matetee <\/span><\/p>\n<h1><strong><span style=\"font-size: large;\">Den Alltag vers\u00fc\u00dfen k\u00f6nnen Sie mit:<\/span><\/strong><\/h1>\n<p><span style=\"font-size: large;\">k\u00f6stlichen Schokoladen und Confiserien, Keksen und Fruchtriegel, getrockneten Mangos, vegane Fruchtgummis, N\u00fcssen und Trockenfr\u00fcchten<\/span><\/p>\n<p><a name=\"Bookmark\"><\/a> <span style=\"font-size: large;\">verschiedenen Zuckersorten aus Zuckerrohr, wie u.a. den nach <\/span><span style=\"font-size: large;\">traditionellem Verfahren hergestellten Mascobadozucker<\/span><\/p>\n<h1><\/h1>\n<h1><strong><span style=\"font-size: large;\">Starten Sie in den Tag mit einem kulinarischen Erlebnis,<\/span><\/strong><\/h1>\n<p><span style=\"font-size: large;\">Wir bieten leckere Brotaufstriche wie: Honig, Cocoba (vegan Zartbitter), Erdnusscreme, Marmeladen<\/span><\/p>\n<h1><strong><span style=\"font-size: large;\">Weltk\u00fcche und Wein<\/span><\/strong><\/h1>\n<p><span style=\"font-size: large;\">Versch. Sorten Reis, Quinoa, <\/span><span style=\"font-size: large;\">das \u201eWunderkorn der Inka\u201c,<\/span><\/p>\n<p><span style=\"font-size: large;\">Herzhafte Brotaufstriche<\/span><\/p>\n<p><span style=\"font-size: large;\">vollmundige Rot und Wei\u00dfweine von der S\u00fcdhalbkugel <\/span><\/p>\n<p><span style=\"font-size: large;\">Gew\u00fcrze und viele andere Lebensmittel,<\/span> <span style=\"font-size: large;\"> frei von gentechnisch ver\u00e4nderten Zutaten und \u00fcberwiegend aus biologischem Anbau.<\/span><\/p>\n<p>&nbsp;<\/p>\n<h1><span style=\"font-size: large;\"><b><img loading=\"lazy\" decoding=\"async\" class=\"alignnone size-medium wp-image-490\" src=\"https:\/\/weltlaeden.de\/bielefeld-sennestadt\/wp-content\/uploads\/sites\/126\/2020\/03\/P1050778-300x200.jpg\" alt=\"\" width=\"300\" height=\"200\" srcset=\"https:\/\/weltlaeden.de\/bielefeld-sennestadt\/wp-content\/uploads\/sites\/126\/2020\/03\/P1050778-300x200.jpg 300w, https:\/\/weltlaeden.de\/bielefeld-sennestadt\/wp-content\/uploads\/sites\/126\/2020\/03\/P1050778-768x513.jpg 768w, https:\/\/weltlaeden.de\/bielefeld-sennestadt\/wp-content\/uploads\/sites\/126\/2020\/03\/P1050778-1024x684.jpg 1024w, https:\/\/weltlaeden.de\/bielefeld-sennestadt\/wp-content\/uploads\/sites\/126\/2020\/03\/P1050778.jpg 1920w\" sizes=\"auto, (max-width: 300px) 100vw, 300px\" \/><\/b><b> Mode&amp; Accessoires<br \/>\n<\/b><\/span><\/h1>\n<p><span style=\"font-size: large;\">hochwertiger Silber- und Modeschmuck, <\/span><\/p>\n<p><span style=\"font-size: large;\">T\u00fccher und Schals aus feinen Materialien wie Seide, Wolle, Baumwolle, Mischgewebe <\/span><\/p>\n<p><span style=\"font-size: large;\">Ganz besonders beliebt ist bei uns <\/span><span style=\"font-size: large;\">die ausgefallene <\/span><span style=\"font-size: large;\"><img loading=\"lazy\" decoding=\"async\" class=\"size-medium wp-image-500 alignright\" src=\"https:\/\/weltlaeden.de\/bielefeld-sennestadt\/wp-content\/uploads\/sites\/126\/2020\/03\/P1050810-300x200.jpg\" alt=\"\" width=\"300\" height=\"200\" srcset=\"https:\/\/weltlaeden.de\/bielefeld-sennestadt\/wp-content\/uploads\/sites\/126\/2020\/03\/P1050810-300x200.jpg 300w, https:\/\/weltlaeden.de\/bielefeld-sennestadt\/wp-content\/uploads\/sites\/126\/2020\/03\/P1050810-768x513.jpg 768w, https:\/\/weltlaeden.de\/bielefeld-sennestadt\/wp-content\/uploads\/sites\/126\/2020\/03\/P1050810-1024x684.jpg 1024w, https:\/\/weltlaeden.de\/bielefeld-sennestadt\/wp-content\/uploads\/sites\/126\/2020\/03\/P1050810.jpg 1920w\" sizes=\"auto, (max-width: 300px) 100vw, 300px\" \/><\/span><span style=\"font-size: large;\">Damenoberbekleidung aus Alpaka und Baumwolle von Anden Art aus Peru oder die <\/span><span style=\"font-size: large;\">individuelle Damenmode vom <\/span><span style=\"font-size: large;\">DW-Shop, die sich im Design und Stil wohltuend von schnelllebigen Trends abhebt u. a. Anbietern<\/span><\/p>\n<p>&nbsp;<\/p>\n<h1><span style=\"font-size: large;\"><b>Handwerk<\/b><\/span><\/h1>\n<p><span style=\"font-size: large;\">wundersch\u00f6ne Filz- und Lederwaren in Form von B\u00f6rsen, modischen Taschen bzw. Rucks\u00e4cken <img loading=\"lazy\" decoding=\"async\" class=\"alignnone size-medium wp-image-491\" src=\"https:\/\/weltlaeden.de\/bielefeld-sennestadt\/wp-content\/uploads\/sites\/126\/2020\/03\/P1050779-300x200.jpg\" alt=\"\" width=\"300\" height=\"200\" srcset=\"https:\/\/weltlaeden.de\/bielefeld-sennestadt\/wp-content\/uploads\/sites\/126\/2020\/03\/P1050779-300x200.jpg 300w, https:\/\/weltlaeden.de\/bielefeld-sennestadt\/wp-content\/uploads\/sites\/126\/2020\/03\/P1050779-768x513.jpg 768w, https:\/\/weltlaeden.de\/bielefeld-sennestadt\/wp-content\/uploads\/sites\/126\/2020\/03\/P1050779-1024x684.jpg 1024w, https:\/\/weltlaeden.de\/bielefeld-sennestadt\/wp-content\/uploads\/sites\/126\/2020\/03\/P1050779.jpg 1920w\" sizes=\"auto, (max-width: 300px) 100vw, 300px\" \/><br \/>\n<\/span><\/p>\n<p><span style=\"font-size: large;\">K\u00f6rbe und Korbtaschen als Einkaufsbegleiter<\/span><\/p>\n<p><span style=\"font-size: large;\">ein breitgef\u00e4chertes Sortiment an Kunsthandwerk und ausgefallenen Geschenken aus Recycling Materialien. <\/span><\/p>\n<h1><strong><span style=\"font-size: large;\">Musikinstrumente\u00a0<\/span><\/strong><\/h1>\n<h1><strong><span style=\"font-size: large;\"> <img loading=\"lazy\" decoding=\"async\" class=\"alignnone size-medium wp-image-503\" src=\"https:\/\/weltlaeden.de\/bielefeld-sennestadt\/wp-content\/uploads\/sites\/126\/2020\/03\/P1050797-3-300x198.jpg\" alt=\"\" width=\"300\" height=\"198\" srcset=\"https:\/\/weltlaeden.de\/bielefeld-sennestadt\/wp-content\/uploads\/sites\/126\/2020\/03\/P1050797-3-300x198.jpg 300w, https:\/\/weltlaeden.de\/bielefeld-sennestadt\/wp-content\/uploads\/sites\/126\/2020\/03\/P1050797-3-768x506.jpg 768w, https:\/\/weltlaeden.de\/bielefeld-sennestadt\/wp-content\/uploads\/sites\/126\/2020\/03\/P1050797-3-1024x675.jpg 1024w, https:\/\/weltlaeden.de\/bielefeld-sennestadt\/wp-content\/uploads\/sites\/126\/2020\/03\/P1050797-3.jpg 1920w\" sizes=\"auto, (max-width: 300px) 100vw, 300px\" \/><br \/>\n<\/span><\/strong><\/h1>\n<h1><span style=\"font-size: large;\"><b>Einrichten- K\u00fcche -Wohnen<\/b><\/span><\/h1>\n<p><span style=\"font-size: large;\">entdecken Sie bei uns viele hochwertige, meist von Hand gefertigte, <\/span><span style=\"font-size: large;\">Produkte, f\u00fcr K\u00fcche und Wohnen <\/span><\/p>\n<p><span style=\"font-size: large;\">Schneide- und Servierbrett, Schalen, Tabletts, K\u00fcchent\u00fccher<\/span><\/p>\n<p><span style=\"font-size: large;\">Wohnaccessoires, Filzblumen, Deko, Sitzkissen, Fu\u00dfmatten <\/span><\/p>\n<h1><span style=\"font-size: large;\"><b>Spielzeug und Kinderartikel\u00a0 <img loading=\"lazy\" decoding=\"async\" class=\"alignnone size-medium wp-image-489\" src=\"https:\/\/weltlaeden.de\/bielefeld-sennestadt\/wp-content\/uploads\/sites\/126\/2020\/03\/P1050755-300x200.jpg\" alt=\"\" width=\"300\" height=\"200\" srcset=\"https:\/\/weltlaeden.de\/bielefeld-sennestadt\/wp-content\/uploads\/sites\/126\/2020\/03\/P1050755-300x200.jpg 300w, https:\/\/weltlaeden.de\/bielefeld-sennestadt\/wp-content\/uploads\/sites\/126\/2020\/03\/P1050755-768x513.jpg 768w, https:\/\/weltlaeden.de\/bielefeld-sennestadt\/wp-content\/uploads\/sites\/126\/2020\/03\/P1050755-1024x684.jpg 1024w, https:\/\/weltlaeden.de\/bielefeld-sennestadt\/wp-content\/uploads\/sites\/126\/2020\/03\/P1050755.jpg 1920w\" sizes=\"auto, (max-width: 300px) 100vw, 300px\" \/><br \/>\n<\/b><\/span><\/h1>\n<p><span style=\"font-size: large;\">F\u00fcr Kinder bieten wir zahlreiche Spielzeuge an, auch f\u00fcr Babys- und Kleinkinder. So finden Sie u.a.<\/span><\/p>\n<ul>\n<li><span style=\"font-size: large;\">Hand- und Fingerpuppen und die \u00e4u\u00dferst beliebten M\u00e4rchenwendepuppen, Traumf\u00e4nger und Sorgenp\u00fcppchen, Kuscheltiere <\/span><\/li>\n<li><span style=\"font-size: large;\">Filzb\u00f6rsen und Umh\u00e4ngetaschen<\/span><\/li>\n<li><span style=\"font-size: large;\">Aus Peru traumhafte Kinderstrickjacken aus Baumwolle<\/span><\/li>\n<\/ul>\n<h1><span style=\"font-size: large;\"><b>Fragen Sie uns, wenn Sie W\u00fcnsche haben. Gerne suchen wir auch mit Ihnen in unseren Katalogen, um Ihre W\u00fcnsche zu erf\u00fcllen. <\/b><\/span><\/h1>\n<p>[\/vc_column_text][vc_column_text][\/vc_column_text][vc_empty_space][vc_row_inner][vc_column_inner width=&#8220;1\/2&#8243;][vc_column_text][\/vc_column_text]<div class=\"wl_einzelbild\"><p><\/p><\/div>[vc_column_text][\/vc_column_text][\/vc_column_inner][vc_column_inner width=&#8220;1\/2&#8243;][vc_column_text][\/vc_column_text]<div class=\"wl_einzelbild\"><p><\/p><\/div>[vc_column_text][\/vc_column_text][\/vc_column_inner][\/vc_row_inner][\/vc_column][\/vc_row]<\/p>\n<\/div>","protected":false},"excerpt":{"rendered":"<p>[vc_row][vc_column][vc_empty_space][vc_column_text css=&#8220;&#8220;] Unser Sortiment Ein Besuch im Weltladen ist immer auch eine Reise um den Globus. In unserem Weltladen finden Sie eine gro\u00dfe Auswahl an fair gehandelten Produkten v.a. aus den L\u00e4ndern des globalen S\u00fcdens. Essen und Genie\u00dfen Exzellente Kaffees, gemahlen oder als Bohne, und den beliebten BIELEFELD KAFFEE von der Kaffeer\u00f6sterei Eisbrenner ausgesuchte Tees,&hellip;<\/p>\n","protected":false},"author":1,"featured_media":0,"parent":0,"menu_order":4,"comment_status":"closed","ping_status":"closed","template":"","meta":{"footnotes":""},"class_list":["post-217","page","type-page","status-publish","hentry","description-off"],"yoast_head":"<!-- This site is optimized with the Yoast SEO plugin v26.8 - https:\/\/yoast.com\/product\/yoast-seo-wordpress\/ -->\n<title>Produkte - Weltladen Bielefeld Sennestadt<\/title>\n<meta name=\"robots\" content=\"index, follow, max-snippet:-1, max-image-preview:large, max-video-preview:-1\" \/>\n<link rel=\"canonical\" href=\"https:\/\/weltlaeden.de\/bielefeld-sennestadt\/produkte\/\" \/>\n<meta property=\"og:locale\" content=\"de_DE\" \/>\n<meta property=\"og:type\" content=\"article\" \/>\n<meta property=\"og:title\" content=\"Produkte - Weltladen Bielefeld Sennestadt\" \/>\n<meta property=\"og:description\" content=\"[vc_row][vc_column][vc_empty_space][vc_column_text css=&#8220;&#8220;] Unser Sortiment Ein Besuch im Weltladen ist immer auch eine Reise um den Globus. In unserem Weltladen finden Sie eine gro\u00dfe Auswahl an fair gehandelten Produkten v.a. aus den L\u00e4ndern des globalen S\u00fcdens. Essen und Genie\u00dfen Exzellente Kaffees, gemahlen oder als Bohne, und den beliebten BIELEFELD KAFFEE von der Kaffeer\u00f6sterei Eisbrenner ausgesuchte Tees,&hellip;\" \/>\n<meta property=\"og:url\" content=\"https:\/\/weltlaeden.de\/bielefeld-sennestadt\/produkte\/\" \/>\n<meta property=\"og:site_name\" content=\"Weltladen Bielefeld Sennestadt\" \/>\n<meta property=\"article:modified_time\" content=\"2025-11-11T11:07:59+00:00\" \/>\n<meta property=\"og:image\" content=\"https:\/\/weltlaeden.de\/bielefeld-sennestadt\/wp-content\/uploads\/sites\/126\/2020\/03\/P1050813-e1583942393457.jpg\" \/>\n\t<meta property=\"og:image:width\" content=\"1920\" \/>\n\t<meta property=\"og:image:height\" content=\"1283\" \/>\n\t<meta property=\"og:image:type\" content=\"image\/jpeg\" \/>\n<meta name=\"twitter:card\" content=\"summary_large_image\" \/>\n<meta name=\"twitter:label1\" content=\"Gesch\u00e4tzte Lesezeit\" \/>\n\t<meta name=\"twitter:data1\" content=\"4\u00a0Minuten\" \/>\n<script type=\"application\/ld+json\" class=\"yoast-schema-graph\">{\"@context\":\"https:\/\/schema.org\",\"@graph\":[{\"@type\":\"WebPage\",\"@id\":\"https:\/\/weltlaeden.de\/bielefeld-sennestadt\/produkte\/\",\"url\":\"https:\/\/weltlaeden.de\/bielefeld-sennestadt\/produkte\/\",\"name\":\"Produkte - Weltladen Bielefeld Sennestadt\",\"isPartOf\":{\"@id\":\"https:\/\/weltlaeden.de\/bielefeld-sennestadt\/#website\"},\"primaryImageOfPage\":{\"@id\":\"https:\/\/weltlaeden.de\/bielefeld-sennestadt\/produkte\/#primaryimage\"},\"image\":{\"@id\":\"https:\/\/weltlaeden.de\/bielefeld-sennestadt\/produkte\/#primaryimage\"},\"thumbnailUrl\":\"https:\/\/weltlaeden.de\/bielefeld-sennestadt\/wp-content\/uploads\/sites\/126\/2020\/03\/P1050813-e1583942393457-300x200.jpg\",\"datePublished\":\"2016-10-28T11:34:47+00:00\",\"dateModified\":\"2025-11-11T11:07:59+00:00\",\"breadcrumb\":{\"@id\":\"https:\/\/weltlaeden.de\/bielefeld-sennestadt\/produkte\/#breadcrumb\"},\"inLanguage\":\"de\",\"potentialAction\":[{\"@type\":\"ReadAction\",\"target\":[\"https:\/\/weltlaeden.de\/bielefeld-sennestadt\/produkte\/\"]}]},{\"@type\":\"ImageObject\",\"inLanguage\":\"de\",\"@id\":\"https:\/\/weltlaeden.de\/bielefeld-sennestadt\/produkte\/#primaryimage\",\"url\":\"https:\/\/weltlaeden.de\/bielefeld-sennestadt\/wp-content\/uploads\/sites\/126\/2020\/03\/P1050813-e1583942393457.jpg\",\"contentUrl\":\"https:\/\/weltlaeden.de\/bielefeld-sennestadt\/wp-content\/uploads\/sites\/126\/2020\/03\/P1050813-e1583942393457.jpg\",\"width\":1920,\"height\":1283},{\"@type\":\"BreadcrumbList\",\"@id\":\"https:\/\/weltlaeden.de\/bielefeld-sennestadt\/produkte\/#breadcrumb\",\"itemListElement\":[{\"@type\":\"ListItem\",\"position\":1,\"name\":\"Startseite\",\"item\":\"https:\/\/weltlaeden.de\/bielefeld-sennestadt\/\"},{\"@type\":\"ListItem\",\"position\":2,\"name\":\"Produkte\"}]},{\"@type\":\"WebSite\",\"@id\":\"https:\/\/weltlaeden.de\/bielefeld-sennestadt\/#website\",\"url\":\"https:\/\/weltlaeden.de\/bielefeld-sennestadt\/\",\"name\":\"Weltladen Bielefeld Sennestadt\",\"description\":\"Faire Produkte seit 1990\",\"potentialAction\":[{\"@type\":\"SearchAction\",\"target\":{\"@type\":\"EntryPoint\",\"urlTemplate\":\"https:\/\/weltlaeden.de\/bielefeld-sennestadt\/?s={search_term_string}\"},\"query-input\":{\"@type\":\"PropertyValueSpecification\",\"valueRequired\":true,\"valueName\":\"search_term_string\"}}],\"inLanguage\":\"de\"}]}<\/script>\n<!-- \/ Yoast SEO plugin. -->","yoast_head_json":{"title":"Produkte - Weltladen Bielefeld Sennestadt","robots":{"index":"index","follow":"follow","max-snippet":"max-snippet:-1","max-image-preview":"max-image-preview:large","max-video-preview":"max-video-preview:-1"},"canonical":"https:\/\/weltlaeden.de\/bielefeld-sennestadt\/produkte\/","og_locale":"de_DE","og_type":"article","og_title":"Produkte - Weltladen Bielefeld Sennestadt","og_description":"[vc_row][vc_column][vc_empty_space][vc_column_text css=&#8220;&#8220;] Unser Sortiment Ein Besuch im Weltladen ist immer auch eine Reise um den Globus. In unserem Weltladen finden Sie eine gro\u00dfe Auswahl an fair gehandelten Produkten v.a. aus den L\u00e4ndern des globalen S\u00fcdens. Essen und Genie\u00dfen Exzellente Kaffees, gemahlen oder als Bohne, und den beliebten BIELEFELD KAFFEE von der Kaffeer\u00f6sterei Eisbrenner ausgesuchte Tees,&hellip;","og_url":"https:\/\/weltlaeden.de\/bielefeld-sennestadt\/produkte\/","og_site_name":"Weltladen Bielefeld Sennestadt","article_modified_time":"2025-11-11T11:07:59+00:00","og_image":[{"width":1920,"height":1283,"url":"https:\/\/weltlaeden.de\/bielefeld-sennestadt\/wp-content\/uploads\/sites\/126\/2020\/03\/P1050813-e1583942393457.jpg","type":"image\/jpeg"}],"twitter_card":"summary_large_image","twitter_misc":{"Gesch\u00e4tzte Lesezeit":"4\u00a0Minuten"},"schema":{"@context":"https:\/\/schema.org","@graph":[{"@type":"WebPage","@id":"https:\/\/weltlaeden.de\/bielefeld-sennestadt\/produkte\/","url":"https:\/\/weltlaeden.de\/bielefeld-sennestadt\/produkte\/","name":"Produkte - Weltladen Bielefeld Sennestadt","isPartOf":{"@id":"https:\/\/weltlaeden.de\/bielefeld-sennestadt\/#website"},"primaryImageOfPage":{"@id":"https:\/\/weltlaeden.de\/bielefeld-sennestadt\/produkte\/#primaryimage"},"image":{"@id":"https:\/\/weltlaeden.de\/bielefeld-sennestadt\/produkte\/#primaryimage"},"thumbnailUrl":"https:\/\/weltlaeden.de\/bielefeld-sennestadt\/wp-content\/uploads\/sites\/126\/2020\/03\/P1050813-e1583942393457-300x200.jpg","datePublished":"2016-10-28T11:34:47+00:00","dateModified":"2025-11-11T11:07:59+00:00","breadcrumb":{"@id":"https:\/\/weltlaeden.de\/bielefeld-sennestadt\/produkte\/#breadcrumb"},"inLanguage":"de","potentialAction":[{"@type":"ReadAction","target":["https:\/\/weltlaeden.de\/bielefeld-sennestadt\/produkte\/"]}]},{"@type":"ImageObject","inLanguage":"de","@id":"https:\/\/weltlaeden.de\/bielefeld-sennestadt\/produkte\/#primaryimage","url":"https:\/\/weltlaeden.de\/bielefeld-sennestadt\/wp-content\/uploads\/sites\/126\/2020\/03\/P1050813-e1583942393457.jpg","contentUrl":"https:\/\/weltlaeden.de\/bielefeld-sennestadt\/wp-content\/uploads\/sites\/126\/2020\/03\/P1050813-e1583942393457.jpg","width":1920,"height":1283},{"@type":"BreadcrumbList","@id":"https:\/\/weltlaeden.de\/bielefeld-sennestadt\/produkte\/#breadcrumb","itemListElement":[{"@type":"ListItem","position":1,"name":"Startseite","item":"https:\/\/weltlaeden.de\/bielefeld-sennestadt\/"},{"@type":"ListItem","position":2,"name":"Produkte"}]},{"@type":"WebSite","@id":"https:\/\/weltlaeden.de\/bielefeld-sennestadt\/#website","url":"https:\/\/weltlaeden.de\/bielefeld-sennestadt\/","name":"Weltladen Bielefeld Sennestadt","description":"Faire Produkte seit 1990","potentialAction":[{"@type":"SearchAction","target":{"@type":"EntryPoint","urlTemplate":"https:\/\/weltlaeden.de\/bielefeld-sennestadt\/?s={search_term_string}"},"query-input":{"@type":"PropertyValueSpecification","valueRequired":true,"valueName":"search_term_string"}}],"inLanguage":"de"}]}},"_links":{"self":[{"href":"https:\/\/weltlaeden.de\/bielefeld-sennestadt\/wp-json\/wp\/v2\/pages\/217","targetHints":{"allow":["GET"]}}],"collection":[{"href":"https:\/\/weltlaeden.de\/bielefeld-sennestadt\/wp-json\/wp\/v2\/pages"}],"about":[{"href":"https:\/\/weltlaeden.de\/bielefeld-sennestadt\/wp-json\/wp\/v2\/types\/page"}],"author":[{"embeddable":true,"href":"https:\/\/weltlaeden.de\/bielefeld-sennestadt\/wp-json\/wp\/v2\/users\/1"}],"replies":[{"embeddable":true,"href":"https:\/\/weltlaeden.de\/bielefeld-sennestadt\/wp-json\/wp\/v2\/comments?post=217"}],"version-history":[{"count":26,"href":"https:\/\/weltlaeden.de\/bielefeld-sennestadt\/wp-json\/wp\/v2\/pages\/217\/revisions"}],"predecessor-version":[{"id":857,"href":"https:\/\/weltlaeden.de\/bielefeld-sennestadt\/wp-json\/wp\/v2\/pages\/217\/revisions\/857"}],"wp:attachment":[{"href":"https:\/\/weltlaeden.de\/bielefeld-sennestadt\/wp-json\/wp\/v2\/media?parent=217"}],"curies":[{"name":"wp","href":"https:\/\/api.w.org\/{rel}","templated":true}]}}