{"id":20,"date":"2016-10-14T09:05:21","date_gmt":"2016-10-14T07:05:21","guid":{"rendered":"https:\/\/wl.heimpixel.de\/vorlage\/weltladen-musterdorf\/"},"modified":"2025-06-05T10:40:09","modified_gmt":"2025-06-05T08:40:09","slug":"weltladen-musterdorf","status":"publish","type":"page","link":"https:\/\/weltlaeden.de\/bielefeld-sennestadt\/","title":{"rendered":"Weltladen Bielefeld- Sennestadt"},"content":{"rendered":"<div class=\"wpb-content-wrapper\"><p>[vc_row][vc_column]<div class=\"wl_einzelbild\"><p><img loading=\"lazy\" decoding=\"async\" class=\" wp-image-517 alignright\" src=\"https:\/\/weltlaeden.de\/bielefeld-sennestadt\/wp-content\/uploads\/sites\/126\/2020\/03\/P1050759-300x200.jpg\" alt=\"\" width=\"283\" height=\"189\" srcset=\"https:\/\/weltlaeden.de\/bielefeld-sennestadt\/wp-content\/uploads\/sites\/126\/2020\/03\/P1050759-300x200.jpg 300w, https:\/\/weltlaeden.de\/bielefeld-sennestadt\/wp-content\/uploads\/sites\/126\/2020\/03\/P1050759-768x513.jpg 768w, https:\/\/weltlaeden.de\/bielefeld-sennestadt\/wp-content\/uploads\/sites\/126\/2020\/03\/P1050759-1024x684.jpg 1024w, https:\/\/weltlaeden.de\/bielefeld-sennestadt\/wp-content\/uploads\/sites\/126\/2020\/03\/P1050759.jpg 1920w\" sizes=\"auto, (max-width: 283px) 100vw, 283px\" \/><img loading=\"lazy\" decoding=\"async\" class=\"wp-image-478 alignnone\" src=\"https:\/\/weltlaeden.de\/bielefeld-sennestadt\/wp-content\/uploads\/sites\/126\/2020\/03\/P1050761-300x200.jpg\" alt=\"\" width=\"291\" height=\"194\" srcset=\"https:\/\/weltlaeden.de\/bielefeld-sennestadt\/wp-content\/uploads\/sites\/126\/2020\/03\/P1050761-300x200.jpg 300w, https:\/\/weltlaeden.de\/bielefeld-sennestadt\/wp-content\/uploads\/sites\/126\/2020\/03\/P1050761-768x513.jpg 768w, https:\/\/weltlaeden.de\/bielefeld-sennestadt\/wp-content\/uploads\/sites\/126\/2020\/03\/P1050761-1024x684.jpg 1024w, https:\/\/weltlaeden.de\/bielefeld-sennestadt\/wp-content\/uploads\/sites\/126\/2020\/03\/P1050761.jpg 1920w\" sizes=\"auto, (max-width: 291px) 100vw, 291px\" \/><\/p><\/div>[vc_empty_space height=&#8220;20px&#8220;][\/vc_column][\/vc_row][vc_row][vc_column][vc_column_text css=&#8220;&#8220;]<\/p>\n<h1>Willkommen im Weltladen Bielefeld-Sennestadt!<\/h1>\n<p>Entdecken Sie bei uns die Welt des Fairen Handels! Wir sind ein Fachgesch\u00e4ft des Fairen Handels, kein Laden wie jeder andere. Bei uns k\u00f6nnen Sie sich \u00fcber unseren Weltladen, den fairen Handel, unser Sortiment und die M\u00f6glichkeiten zur ehrenamtlichen Mitarbeit im Weltladen oder \u00fcber eine Mitgliedschaft im Verein \u201eEine Welt\u201c informieren. Detaillierte Informationen finden Sie auf dieser Webseite.<\/p>\n<p><strong>In diesem Jahr feiern wir unser 40. Jubil\u00e4um mit mehreren sch\u00f6nen Veranstaltungen im Jahresverlauf. Sie sind herzlich eingeladen! N\u00e4heres finden Sie <a href=\"https:\/\/weltlaeden.de\/bielefeld-sennestadt\/neuigkeiten\/\">hier<\/a>.<\/strong>[\/vc_column_text][vc_empty_space height=&#8220;30px&#8220;][\/vc_column][\/vc_row][vc_row][vc_column][vc_column_text]<\/p>\n<h2>Was Sie auf dieser Website finden:<\/h2>\n<p>[\/vc_column_text][vc_empty_space height=&#8220;20px&#8220;][vc_row_inner][vc_column_inner width=&#8220;1\/4&#8243;]<div class=\"wl_einzelbild\"><p><img loading=\"lazy\" decoding=\"async\" class=\"alignleft size-thumbnail wp-image-nsm-3-15\" src=\"https:\/\/weltlaeden.de\/bielefeld-sennestadt\/wp-content\/uploads\/sites\/3\/2016\/11\/FairerHandel_ElPuente_Fingerpuppen_EccoExe_Peru-150x150.jpg\" alt=\"\" width=\"150\" height=\"150\" \/><\/p><\/div>[\/vc_column_inner][vc_column_inner width=&#8220;3\/4&#8243;][vc_column_text]<\/p>\n<h3>Fairer Handel<\/h3>\n<p>Was meint Fairer Handel \u00fcberhaupt? Welche Kriterien m\u00fcssen eingehalten werden und wer \u00fcberpr\u00fcft diese? <a href=\"https:\/\/weltlaeden.de\/bielefeld-sennestadt\/fairer-handel\/\">Erfahren Sie mehr &#8230;<\/a>[\/vc_column_text][\/vc_column_inner][\/vc_row_inner][vc_separator][vc_row_inner][vc_column_inner width=&#8220;1\/4&#8243;]<div class=\"wl_einzelbild\"><p><img loading=\"lazy\" decoding=\"async\" class=\"alignleft size-full wp-image-nsm-3-28\" src=\"https:\/\/weltlaeden.de\/bielefeld-sennestadt\/wp-content\/uploads\/sites\/3\/2018\/05\/Lebensmittel_WL-Bornheim-Christian-Schilling_150x150.jpg\" alt=\"\" width=\"150\" height=\"150\" \/><\/p><\/div>[\/vc_column_inner][vc_column_inner width=&#8220;3\/4&#8243;][vc_column_text]<\/p>\n<h3>Produkte<\/h3>\n<p>Unsere Produkte im Weltladen sind nat\u00fcrlich alle aus Fairem Handel, dennoch kommen sie von unterschiedlichen Fair-Handels-Importeuren. <a href=\"https:\/\/weltlaeden.de\/bielefeld-sennestadt\/produkte\/\">Hier zeigen wir Ihnen unser Sortiment &#8230;<\/a>[\/vc_column_text][\/vc_column_inner][\/vc_row_inner][vc_separator][vc_row_inner][vc_column_inner width=&#8220;1\/4&#8243;]<div class=\"wl_einzelbild\"><p><img loading=\"lazy\" decoding=\"async\" class=\"alignleft size-thumbnail wp-image-nsm-3-16\" src=\"https:\/\/weltlaeden.de\/bielefeld-sennestadt\/wp-content\/uploads\/sites\/3\/2016\/11\/ElPuente_Kakaobohnen_El-Ceibo_Bolivien-150x150.jpg\" alt=\"\" width=\"150\" height=\"150\" \/><\/p><\/div>[\/vc_column_inner][vc_column_inner width=&#8220;3\/4&#8243;][vc_column_text]<\/p>\n<h3>\u00dcber uns<\/h3>\n<p>Wer wir sind, warum wir uns f\u00fcr Fairen Handel engagieren und wie man bei uns mitmachen kann &#8211; <a href=\"https:\/\/weltlaeden.de\/bielefeld-sennestadt\/ueber-uns\/\">hier stellen wir uns vor &#8230;<\/a>[\/vc_column_text][\/vc_column_inner][\/vc_row_inner][vc_separator][vc_row_inner][vc_column_inner width=&#8220;1\/4&#8243;]<div class=\"wl_einzelbild\"><p><img loading=\"lazy\" decoding=\"async\" class=\"alignleft size-full wp-image-nsm-3-35\" src=\"https:\/\/weltlaeden.de\/bielefeld-sennestadt\/wp-content\/uploads\/sites\/3\/2018\/08\/pocket-watch-1637396_1920_150x150.png\" alt=\"\" width=\"150\" height=\"150\" \/><\/p><\/div>[\/vc_column_inner][vc_column_inner width=&#8220;3\/4&#8243;][vc_column_text]<\/p>\n<h3>Termine<\/h3>\n<p>Bei uns ist immer etwas los! Wir treffen uns regelm\u00e4\u00dfig zu Teamsitzungen und Fortbildungen, organisieren aber auch immer mal wieder eine Veranstaltung zum Fairen Handel und verwandten Themen. <a href=\"https:\/\/weltlaeden.de\/bielefeld-sennestadt\/termine\/\">Hier erfahren Sie was bei uns los ist \u2026<\/a><br \/>\n[\/vc_column_text][\/vc_column_inner][\/vc_row_inner][vc_separator][vc_empty_space][\/vc_column][\/vc_row]<\/p>\n<\/div>","protected":false},"excerpt":{"rendered":"<p>[vc_row][vc_column][vc_empty_space height=&#8220;20px&#8220;][\/vc_column][\/vc_row][vc_row][vc_column][vc_column_text css=&#8220;&#8220;] Willkommen im Weltladen Bielefeld-Sennestadt! Entdecken Sie bei uns die Welt des Fairen Handels! Wir sind ein Fachgesch\u00e4ft des Fairen Handels, kein Laden wie jeder andere. Bei uns k\u00f6nnen Sie sich \u00fcber unseren Weltladen, den fairen Handel, unser Sortiment und die M\u00f6glichkeiten zur ehrenamtlichen Mitarbeit im Weltladen oder \u00fcber eine Mitgliedschaft im Verein&hellip;<\/p>\n","protected":false},"author":1,"featured_media":0,"parent":0,"menu_order":0,"comment_status":"closed","ping_status":"closed","template":"","meta":{"footnotes":""},"class_list":["post-20","page","type-page","status-publish","hentry","description-off"],"yoast_head":"<!-- This site is optimized with the Yoast SEO plugin v26.8 - https:\/\/yoast.com\/product\/yoast-seo-wordpress\/ -->\n<title>Weltladen Bielefeld- Sennestadt - Weltladen Bielefeld Sennestadt<\/title>\n<meta name=\"robots\" content=\"index, follow, max-snippet:-1, max-image-preview:large, max-video-preview:-1\" \/>\n<link rel=\"canonical\" href=\"https:\/\/weltlaeden.de\/bielefeld-sennestadt\/\" \/>\n<meta property=\"og:locale\" content=\"de_DE\" \/>\n<meta property=\"og:type\" content=\"article\" \/>\n<meta property=\"og:title\" content=\"Weltladen Bielefeld- Sennestadt - Weltladen Bielefeld Sennestadt\" \/>\n<meta property=\"og:description\" content=\"[vc_row][vc_column][vc_empty_space height=&#8220;20px&#8220;][\/vc_column][\/vc_row][vc_row][vc_column][vc_column_text css=&#8220;&#8220;] Willkommen im Weltladen Bielefeld-Sennestadt! Entdecken Sie bei uns die Welt des Fairen Handels! Wir sind ein Fachgesch\u00e4ft des Fairen Handels, kein Laden wie jeder andere. Bei uns k\u00f6nnen Sie sich \u00fcber unseren Weltladen, den fairen Handel, unser Sortiment und die M\u00f6glichkeiten zur ehrenamtlichen Mitarbeit im Weltladen oder \u00fcber eine Mitgliedschaft im Verein&hellip;\" \/>\n<meta property=\"og:url\" content=\"https:\/\/weltlaeden.de\/bielefeld-sennestadt\/\" \/>\n<meta property=\"og:site_name\" content=\"Weltladen Bielefeld Sennestadt\" \/>\n<meta property=\"article:modified_time\" content=\"2025-06-05T08:40:09+00:00\" \/>\n<meta property=\"og:image\" content=\"https:\/\/weltlaeden.de\/bielefeld-sennestadt\/wp-content\/uploads\/sites\/126\/2020\/03\/P1050759.jpg\" \/>\n\t<meta property=\"og:image:width\" content=\"1920\" \/>\n\t<meta property=\"og:image:height\" content=\"1283\" \/>\n\t<meta property=\"og:image:type\" content=\"image\/jpeg\" \/>\n<meta name=\"twitter:card\" content=\"summary_large_image\" \/>\n<meta name=\"twitter:label1\" content=\"Gesch\u00e4tzte Lesezeit\" \/>\n\t<meta name=\"twitter:data1\" content=\"3\u00a0Minuten\" \/>\n<script type=\"application\/ld+json\" class=\"yoast-schema-graph\">{\"@context\":\"https:\/\/schema.org\",\"@graph\":[{\"@type\":\"WebPage\",\"@id\":\"https:\/\/weltlaeden.de\/bielefeld-sennestadt\/\",\"url\":\"https:\/\/weltlaeden.de\/bielefeld-sennestadt\/\",\"name\":\"Weltladen Bielefeld- Sennestadt - Weltladen Bielefeld Sennestadt\",\"isPartOf\":{\"@id\":\"https:\/\/weltlaeden.de\/bielefeld-sennestadt\/#website\"},\"primaryImageOfPage\":{\"@id\":\"https:\/\/weltlaeden.de\/bielefeld-sennestadt\/#primaryimage\"},\"image\":{\"@id\":\"https:\/\/weltlaeden.de\/bielefeld-sennestadt\/#primaryimage\"},\"thumbnailUrl\":\"https:\/\/weltlaeden.de\/bielefeld-sennestadt\/wp-content\/uploads\/sites\/126\/2020\/03\/P1050759-300x200.jpg\",\"datePublished\":\"2016-10-14T07:05:21+00:00\",\"dateModified\":\"2025-06-05T08:40:09+00:00\",\"breadcrumb\":{\"@id\":\"https:\/\/weltlaeden.de\/bielefeld-sennestadt\/#breadcrumb\"},\"inLanguage\":\"de\",\"potentialAction\":[{\"@type\":\"ReadAction\",\"target\":[\"https:\/\/weltlaeden.de\/bielefeld-sennestadt\/\"]}]},{\"@type\":\"ImageObject\",\"inLanguage\":\"de\",\"@id\":\"https:\/\/weltlaeden.de\/bielefeld-sennestadt\/#primaryimage\",\"url\":\"https:\/\/weltlaeden.de\/bielefeld-sennestadt\/wp-content\/uploads\/sites\/126\/2020\/03\/P1050759.jpg\",\"contentUrl\":\"https:\/\/weltlaeden.de\/bielefeld-sennestadt\/wp-content\/uploads\/sites\/126\/2020\/03\/P1050759.jpg\",\"width\":1920,\"height\":1283},{\"@type\":\"BreadcrumbList\",\"@id\":\"https:\/\/weltlaeden.de\/bielefeld-sennestadt\/#breadcrumb\",\"itemListElement\":[{\"@type\":\"ListItem\",\"position\":1,\"name\":\"Startseite\",\"item\":\"https:\/\/weltlaeden.de\/bielefeld-sennestadt\/\"},{\"@type\":\"ListItem\",\"position\":2,\"name\":\"Weltladen Bielefeld- Sennestadt\"}]},{\"@type\":\"WebSite\",\"@id\":\"https:\/\/weltlaeden.de\/bielefeld-sennestadt\/#website\",\"url\":\"https:\/\/weltlaeden.de\/bielefeld-sennestadt\/\",\"name\":\"Weltladen Bielefeld Sennestadt\",\"description\":\"Faire Produkte seit 1990\",\"potentialAction\":[{\"@type\":\"SearchAction\",\"target\":{\"@type\":\"EntryPoint\",\"urlTemplate\":\"https:\/\/weltlaeden.de\/bielefeld-sennestadt\/?s={search_term_string}\"},\"query-input\":{\"@type\":\"PropertyValueSpecification\",\"valueRequired\":true,\"valueName\":\"search_term_string\"}}],\"inLanguage\":\"de\"}]}<\/script>\n<!-- \/ Yoast SEO plugin. -->","yoast_head_json":{"title":"Weltladen Bielefeld- Sennestadt - Weltladen Bielefeld Sennestadt","robots":{"index":"index","follow":"follow","max-snippet":"max-snippet:-1","max-image-preview":"max-image-preview:large","max-video-preview":"max-video-preview:-1"},"canonical":"https:\/\/weltlaeden.de\/bielefeld-sennestadt\/","og_locale":"de_DE","og_type":"article","og_title":"Weltladen Bielefeld- Sennestadt - Weltladen Bielefeld Sennestadt","og_description":"[vc_row][vc_column][vc_empty_space height=&#8220;20px&#8220;][\/vc_column][\/vc_row][vc_row][vc_column][vc_column_text css=&#8220;&#8220;] Willkommen im Weltladen Bielefeld-Sennestadt! Entdecken Sie bei uns die Welt des Fairen Handels! Wir sind ein Fachgesch\u00e4ft des Fairen Handels, kein Laden wie jeder andere. Bei uns k\u00f6nnen Sie sich \u00fcber unseren Weltladen, den fairen Handel, unser Sortiment und die M\u00f6glichkeiten zur ehrenamtlichen Mitarbeit im Weltladen oder \u00fcber eine Mitgliedschaft im Verein&hellip;","og_url":"https:\/\/weltlaeden.de\/bielefeld-sennestadt\/","og_site_name":"Weltladen Bielefeld Sennestadt","article_modified_time":"2025-06-05T08:40:09+00:00","og_image":[{"width":1920,"height":1283,"url":"https:\/\/weltlaeden.de\/bielefeld-sennestadt\/wp-content\/uploads\/sites\/126\/2020\/03\/P1050759.jpg","type":"image\/jpeg"}],"twitter_card":"summary_large_image","twitter_misc":{"Gesch\u00e4tzte Lesezeit":"3\u00a0Minuten"},"schema":{"@context":"https:\/\/schema.org","@graph":[{"@type":"WebPage","@id":"https:\/\/weltlaeden.de\/bielefeld-sennestadt\/","url":"https:\/\/weltlaeden.de\/bielefeld-sennestadt\/","name":"Weltladen Bielefeld- Sennestadt - Weltladen Bielefeld Sennestadt","isPartOf":{"@id":"https:\/\/weltlaeden.de\/bielefeld-sennestadt\/#website"},"primaryImageOfPage":{"@id":"https:\/\/weltlaeden.de\/bielefeld-sennestadt\/#primaryimage"},"image":{"@id":"https:\/\/weltlaeden.de\/bielefeld-sennestadt\/#primaryimage"},"thumbnailUrl":"https:\/\/weltlaeden.de\/bielefeld-sennestadt\/wp-content\/uploads\/sites\/126\/2020\/03\/P1050759-300x200.jpg","datePublished":"2016-10-14T07:05:21+00:00","dateModified":"2025-06-05T08:40:09+00:00","breadcrumb":{"@id":"https:\/\/weltlaeden.de\/bielefeld-sennestadt\/#breadcrumb"},"inLanguage":"de","potentialAction":[{"@type":"ReadAction","target":["https:\/\/weltlaeden.de\/bielefeld-sennestadt\/"]}]},{"@type":"ImageObject","inLanguage":"de","@id":"https:\/\/weltlaeden.de\/bielefeld-sennestadt\/#primaryimage","url":"https:\/\/weltlaeden.de\/bielefeld-sennestadt\/wp-content\/uploads\/sites\/126\/2020\/03\/P1050759.jpg","contentUrl":"https:\/\/weltlaeden.de\/bielefeld-sennestadt\/wp-content\/uploads\/sites\/126\/2020\/03\/P1050759.jpg","width":1920,"height":1283},{"@type":"BreadcrumbList","@id":"https:\/\/weltlaeden.de\/bielefeld-sennestadt\/#breadcrumb","itemListElement":[{"@type":"ListItem","position":1,"name":"Startseite","item":"https:\/\/weltlaeden.de\/bielefeld-sennestadt\/"},{"@type":"ListItem","position":2,"name":"Weltladen Bielefeld- Sennestadt"}]},{"@type":"WebSite","@id":"https:\/\/weltlaeden.de\/bielefeld-sennestadt\/#website","url":"https:\/\/weltlaeden.de\/bielefeld-sennestadt\/","name":"Weltladen Bielefeld Sennestadt","description":"Faire Produkte seit 1990","potentialAction":[{"@type":"SearchAction","target":{"@type":"EntryPoint","urlTemplate":"https:\/\/weltlaeden.de\/bielefeld-sennestadt\/?s={search_term_string}"},"query-input":{"@type":"PropertyValueSpecification","valueRequired":true,"valueName":"search_term_string"}}],"inLanguage":"de"}]}},"_links":{"self":[{"href":"https:\/\/weltlaeden.de\/bielefeld-sennestadt\/wp-json\/wp\/v2\/pages\/20","targetHints":{"allow":["GET"]}}],"collection":[{"href":"https:\/\/weltlaeden.de\/bielefeld-sennestadt\/wp-json\/wp\/v2\/pages"}],"about":[{"href":"https:\/\/weltlaeden.de\/bielefeld-sennestadt\/wp-json\/wp\/v2\/types\/page"}],"author":[{"embeddable":true,"href":"https:\/\/weltlaeden.de\/bielefeld-sennestadt\/wp-json\/wp\/v2\/users\/1"}],"replies":[{"embeddable":true,"href":"https:\/\/weltlaeden.de\/bielefeld-sennestadt\/wp-json\/wp\/v2\/comments?post=20"}],"version-history":[{"count":43,"href":"https:\/\/weltlaeden.de\/bielefeld-sennestadt\/wp-json\/wp\/v2\/pages\/20\/revisions"}],"predecessor-version":[{"id":817,"href":"https:\/\/weltlaeden.de\/bielefeld-sennestadt\/wp-json\/wp\/v2\/pages\/20\/revisions\/817"}],"wp:attachment":[{"href":"https:\/\/weltlaeden.de\/bielefeld-sennestadt\/wp-json\/wp\/v2\/media?parent=20"}],"curies":[{"name":"wp","href":"https:\/\/api.w.org\/{rel}","templated":true}]}}