{"id":481,"date":"2024-06-18T17:24:16","date_gmt":"2024-06-18T15:24:16","guid":{"rendered":"https:\/\/weltlaeden.de\/biberach\/produkte-2\/"},"modified":"2024-08-13T20:53:53","modified_gmt":"2024-08-13T18:53:53","slug":"non-food","status":"publish","type":"page","link":"https:\/\/weltlaeden.de\/biberach\/non-food\/","title":{"rendered":"Non Food"},"content":{"rendered":"<div class=\"wpb-content-wrapper\"><p>[vc_row][vc_column][vc_empty_space height=&#8220;20px&#8220;]<div class=\"wl_einzelbild\"><p><img loading=\"lazy\" decoding=\"async\" class=\"alignnone wp-image-494\" src=\"https:\/\/weltlaeden.de\/biberach\/wp-content\/uploads\/sites\/49\/2024\/06\/20240618_125241-300x225.jpg\" alt=\"\" width=\"338\" height=\"253\" srcset=\"https:\/\/weltlaeden.de\/biberach\/wp-content\/uploads\/sites\/49\/2024\/06\/20240618_125241-300x225.jpg 300w, https:\/\/weltlaeden.de\/biberach\/wp-content\/uploads\/sites\/49\/2024\/06\/20240618_125241-1024x768.jpg 1024w, https:\/\/weltlaeden.de\/biberach\/wp-content\/uploads\/sites\/49\/2024\/06\/20240618_125241-768x576.jpg 768w, https:\/\/weltlaeden.de\/biberach\/wp-content\/uploads\/sites\/49\/2024\/06\/20240618_125241-1536x1152.jpg 1536w, https:\/\/weltlaeden.de\/biberach\/wp-content\/uploads\/sites\/49\/2024\/06\/20240618_125241.jpg 2048w\" sizes=\"auto, (max-width: 338px) 100vw, 338px\" \/><img loading=\"lazy\" decoding=\"async\" class=\" wp-image-495 alignright\" src=\"https:\/\/weltlaeden.de\/biberach\/wp-content\/uploads\/sites\/49\/2024\/06\/20240618_125312-300x225.jpg\" alt=\"\" width=\"332\" height=\"249\" srcset=\"https:\/\/weltlaeden.de\/biberach\/wp-content\/uploads\/sites\/49\/2024\/06\/20240618_125312-300x225.jpg 300w, https:\/\/weltlaeden.de\/biberach\/wp-content\/uploads\/sites\/49\/2024\/06\/20240618_125312-1024x768.jpg 1024w, https:\/\/weltlaeden.de\/biberach\/wp-content\/uploads\/sites\/49\/2024\/06\/20240618_125312-768x576.jpg 768w, https:\/\/weltlaeden.de\/biberach\/wp-content\/uploads\/sites\/49\/2024\/06\/20240618_125312-1536x1152.jpg 1536w, https:\/\/weltlaeden.de\/biberach\/wp-content\/uploads\/sites\/49\/2024\/06\/20240618_125312.jpg 2048w\" sizes=\"auto, (max-width: 332px) 100vw, 332px\" \/><\/p><\/div>[vc_empty_space height=&#8220;20px&#8220;][vc_column_text css=&#8220;&#8220;]<\/p>\n<h1>Unser Sortiment im Bereich Non Food<\/h1>\n<p>[\/vc_column_text][vc_empty_space height=&#8220;20px&#8220;][vc_row_inner][vc_column_inner][vc_column_text css=&#8220;&#8220;]<\/p>\n<h2>Bad Boyz B\u00e4lle<\/h2>\n<p>[\/vc_column_text]<div class=\"wl_einzelbild\"><p><img loading=\"lazy\" decoding=\"async\" class=\"alignnone wp-image-526\" src=\"https:\/\/weltlaeden.de\/biberach\/wp-content\/uploads\/sites\/49\/2024\/06\/20240618_131048-197x300.jpg\" alt=\"\" width=\"274\" height=\"417\" srcset=\"https:\/\/weltlaeden.de\/biberach\/wp-content\/uploads\/sites\/49\/2024\/06\/20240618_131048-197x300.jpg 197w, https:\/\/weltlaeden.de\/biberach\/wp-content\/uploads\/sites\/49\/2024\/06\/20240618_131048-673x1024.jpg 673w, https:\/\/weltlaeden.de\/biberach\/wp-content\/uploads\/sites\/49\/2024\/06\/20240618_131048-768x1169.jpg 768w, https:\/\/weltlaeden.de\/biberach\/wp-content\/uploads\/sites\/49\/2024\/06\/20240618_131048-1010x1536.jpg 1010w, https:\/\/weltlaeden.de\/biberach\/wp-content\/uploads\/sites\/49\/2024\/06\/20240618_131048.jpg 1346w\" sizes=\"auto, (max-width: 274px) 100vw, 274px\" \/><img loading=\"lazy\" decoding=\"async\" class=\" wp-image-642 alignright\" src=\"https:\/\/weltlaeden.de\/biberach\/wp-content\/uploads\/sites\/49\/2024\/06\/20240626_104013-253x300.jpg\" alt=\"\" width=\"344\" height=\"408\" srcset=\"https:\/\/weltlaeden.de\/biberach\/wp-content\/uploads\/sites\/49\/2024\/06\/20240626_104013-253x300.jpg 253w, https:\/\/weltlaeden.de\/biberach\/wp-content\/uploads\/sites\/49\/2024\/06\/20240626_104013-865x1024.jpg 865w, https:\/\/weltlaeden.de\/biberach\/wp-content\/uploads\/sites\/49\/2024\/06\/20240626_104013-768x909.jpg 768w, https:\/\/weltlaeden.de\/biberach\/wp-content\/uploads\/sites\/49\/2024\/06\/20240626_104013-1298x1536.jpg 1298w, https:\/\/weltlaeden.de\/biberach\/wp-content\/uploads\/sites\/49\/2024\/06\/20240626_104013.jpg 1730w\" sizes=\"auto, (max-width: 344px) 100vw, 344px\" \/><\/p><\/div>[vc_column_text css=&#8220;&#8220;]Nehmen Sie unseren Slogan w\u00f6rtlich. Spielen Sie mit uns. Mit unseren B\u00e4llen. Mit B\u00e4llen, die wir individuell f\u00fcr Sie designen und fertigen. Die Produkte Fussball, Handball und Volleyball sowie deren FAIRE Fertigung stehen f\u00fcr uns im Mittelpunkt. Wir bieten Ihnen eine umfangreiche Auswahl vieler Qualit\u00e4ten f\u00fcr die unterschiedlichsten Einsatzzwecke.[\/vc_column_text][vc_empty_space height=&#8220;20px&#8220;][vc_column_text css=&#8220;&#8220;]<\/p>\n<h2>Faire M\u00e4use bei uns im Weltladen<\/h2>\n<p>[\/vc_column_text][\/vc_column_inner][\/vc_row_inner]<div class=\"wl_einzelbild\"><p><img loading=\"lazy\" decoding=\"async\" class=\"alignnone wp-image-572\" src=\"https:\/\/weltlaeden.de\/biberach\/wp-content\/uploads\/sites\/49\/2017\/04\/20240618_124703-300x128.jpg\" alt=\"\" width=\"525\" height=\"224\" srcset=\"https:\/\/weltlaeden.de\/biberach\/wp-content\/uploads\/sites\/49\/2017\/04\/20240618_124703-300x128.jpg 300w, https:\/\/weltlaeden.de\/biberach\/wp-content\/uploads\/sites\/49\/2017\/04\/20240618_124703-1024x439.jpg 1024w, https:\/\/weltlaeden.de\/biberach\/wp-content\/uploads\/sites\/49\/2017\/04\/20240618_124703-768x329.jpg 768w, https:\/\/weltlaeden.de\/biberach\/wp-content\/uploads\/sites\/49\/2017\/04\/20240618_124703-1536x658.jpg 1536w, https:\/\/weltlaeden.de\/biberach\/wp-content\/uploads\/sites\/49\/2017\/04\/20240618_124703.jpg 2048w\" sizes=\"auto, (max-width: 525px) 100vw, 525px\" \/><\/p><\/div>[vc_column_text css=&#8220;&#8220;]Faire Alternativen sind unsere fair herrgestellten PC M\u00e4use. Einfach vorbeikommen und staunen.[\/vc_column_text][vc_empty_space height=&#8220;20px&#8220;][\/vc_column][\/vc_row]<\/p>\n<\/div>","protected":false},"excerpt":{"rendered":"<p>[vc_row][vc_column][vc_empty_space height=&#8220;20px&#8220;][vc_empty_space height=&#8220;20px&#8220;][vc_column_text css=&#8220;&#8220;] Unser Sortiment im Bereich Non Food [\/vc_column_text][vc_empty_space height=&#8220;20px&#8220;][vc_row_inner][vc_column_inner][vc_column_text css=&#8220;&#8220;] Bad Boyz B\u00e4lle [\/vc_column_text][vc_column_text css=&#8220;&#8220;]Nehmen Sie unseren Slogan w\u00f6rtlich. Spielen Sie mit uns. Mit unseren B\u00e4llen. Mit B\u00e4llen, die wir individuell f\u00fcr Sie designen und fertigen. Die Produkte Fussball, Handball und Volleyball sowie deren FAIRE Fertigung stehen f\u00fcr uns im Mittelpunkt. Wir&hellip;<\/p>\n","protected":false},"author":14,"featured_media":0,"parent":0,"menu_order":4,"comment_status":"closed","ping_status":"closed","template":"","meta":{"footnotes":""},"class_list":["post-481","page","type-page","status-publish","hentry","description-off"],"yoast_head":"<!-- This site is optimized with the Yoast SEO plugin v26.8 - https:\/\/yoast.com\/product\/yoast-seo-wordpress\/ -->\n<title>Non Food - Weltladen Biberach<\/title>\n<meta name=\"robots\" content=\"index, follow, max-snippet:-1, max-image-preview:large, max-video-preview:-1\" \/>\n<link rel=\"canonical\" href=\"https:\/\/weltlaeden.de\/biberach\/non-food\/\" \/>\n<meta property=\"og:locale\" content=\"de_DE\" \/>\n<meta property=\"og:type\" content=\"article\" \/>\n<meta property=\"og:title\" content=\"Non Food - Weltladen Biberach\" \/>\n<meta property=\"og:description\" content=\"[vc_row][vc_column][vc_empty_space height=&#8220;20px&#8220;][vc_empty_space height=&#8220;20px&#8220;][vc_column_text css=&#8220;&#8220;] Unser Sortiment im Bereich Non Food [\/vc_column_text][vc_empty_space height=&#8220;20px&#8220;][vc_row_inner][vc_column_inner][vc_column_text css=&#8220;&#8220;] Bad Boyz B\u00e4lle [\/vc_column_text][vc_column_text css=&#8220;&#8220;]Nehmen Sie unseren Slogan w\u00f6rtlich. Spielen Sie mit uns. Mit unseren B\u00e4llen. Mit B\u00e4llen, die wir individuell f\u00fcr Sie designen und fertigen. Die Produkte Fussball, Handball und Volleyball sowie deren FAIRE Fertigung stehen f\u00fcr uns im Mittelpunkt. Wir&hellip;\" \/>\n<meta property=\"og:url\" content=\"https:\/\/weltlaeden.de\/biberach\/non-food\/\" \/>\n<meta property=\"og:site_name\" content=\"Weltladen Biberach\" \/>\n<meta property=\"article:modified_time\" content=\"2024-08-13T18:53:53+00:00\" \/>\n<meta property=\"og:image\" content=\"https:\/\/weltlaeden.de\/biberach\/wp-content\/uploads\/sites\/49\/2024\/06\/20240618_125241-300x225.jpg\" \/>\n<meta name=\"twitter:card\" content=\"summary_large_image\" \/>\n<meta name=\"twitter:label1\" content=\"Gesch\u00e4tzte Lesezeit\" \/>\n\t<meta name=\"twitter:data1\" content=\"2\u00a0Minuten\" \/>\n<script type=\"application\/ld+json\" class=\"yoast-schema-graph\">{\"@context\":\"https:\/\/schema.org\",\"@graph\":[{\"@type\":\"WebPage\",\"@id\":\"https:\/\/weltlaeden.de\/biberach\/non-food\/\",\"url\":\"https:\/\/weltlaeden.de\/biberach\/non-food\/\",\"name\":\"Non Food - Weltladen Biberach\",\"isPartOf\":{\"@id\":\"https:\/\/weltlaeden.de\/biberach\/#website\"},\"primaryImageOfPage\":{\"@id\":\"https:\/\/weltlaeden.de\/biberach\/non-food\/#primaryimage\"},\"image\":{\"@id\":\"https:\/\/weltlaeden.de\/biberach\/non-food\/#primaryimage\"},\"thumbnailUrl\":\"https:\/\/weltlaeden.de\/biberach\/wp-content\/uploads\/sites\/49\/2024\/06\/20240618_125241-300x225.jpg\",\"datePublished\":\"2024-06-18T15:24:16+00:00\",\"dateModified\":\"2024-08-13T18:53:53+00:00\",\"breadcrumb\":{\"@id\":\"https:\/\/weltlaeden.de\/biberach\/non-food\/#breadcrumb\"},\"inLanguage\":\"de\",\"potentialAction\":[{\"@type\":\"ReadAction\",\"target\":[\"https:\/\/weltlaeden.de\/biberach\/non-food\/\"]}]},{\"@type\":\"ImageObject\",\"inLanguage\":\"de\",\"@id\":\"https:\/\/weltlaeden.de\/biberach\/non-food\/#primaryimage\",\"url\":\"https:\/\/weltlaeden.de\/biberach\/wp-content\/uploads\/sites\/49\/2024\/06\/20240618_125241.jpg\",\"contentUrl\":\"https:\/\/weltlaeden.de\/biberach\/wp-content\/uploads\/sites\/49\/2024\/06\/20240618_125241.jpg\",\"width\":2048,\"height\":1536},{\"@type\":\"BreadcrumbList\",\"@id\":\"https:\/\/weltlaeden.de\/biberach\/non-food\/#breadcrumb\",\"itemListElement\":[{\"@type\":\"ListItem\",\"position\":1,\"name\":\"Startseite\",\"item\":\"https:\/\/weltlaeden.de\/biberach\/\"},{\"@type\":\"ListItem\",\"position\":2,\"name\":\"Non Food\"}]},{\"@type\":\"WebSite\",\"@id\":\"https:\/\/weltlaeden.de\/biberach\/#website\",\"url\":\"https:\/\/weltlaeden.de\/biberach\/\",\"name\":\"Vorlage\",\"description\":\"Faire Produkte seit 1981\",\"potentialAction\":[{\"@type\":\"SearchAction\",\"target\":{\"@type\":\"EntryPoint\",\"urlTemplate\":\"https:\/\/weltlaeden.de\/biberach\/?s={search_term_string}\"},\"query-input\":{\"@type\":\"PropertyValueSpecification\",\"valueRequired\":true,\"valueName\":\"search_term_string\"}}],\"inLanguage\":\"de\"}]}<\/script>\n<!-- \/ Yoast SEO plugin. -->","yoast_head_json":{"title":"Non Food - Weltladen Biberach","robots":{"index":"index","follow":"follow","max-snippet":"max-snippet:-1","max-image-preview":"max-image-preview:large","max-video-preview":"max-video-preview:-1"},"canonical":"https:\/\/weltlaeden.de\/biberach\/non-food\/","og_locale":"de_DE","og_type":"article","og_title":"Non Food - Weltladen Biberach","og_description":"[vc_row][vc_column][vc_empty_space height=&#8220;20px&#8220;][vc_empty_space height=&#8220;20px&#8220;][vc_column_text css=&#8220;&#8220;] Unser Sortiment im Bereich Non Food [\/vc_column_text][vc_empty_space height=&#8220;20px&#8220;][vc_row_inner][vc_column_inner][vc_column_text css=&#8220;&#8220;] Bad Boyz B\u00e4lle [\/vc_column_text][vc_column_text css=&#8220;&#8220;]Nehmen Sie unseren Slogan w\u00f6rtlich. Spielen Sie mit uns. Mit unseren B\u00e4llen. Mit B\u00e4llen, die wir individuell f\u00fcr Sie designen und fertigen. Die Produkte Fussball, Handball und Volleyball sowie deren FAIRE Fertigung stehen f\u00fcr uns im Mittelpunkt. Wir&hellip;","og_url":"https:\/\/weltlaeden.de\/biberach\/non-food\/","og_site_name":"Weltladen Biberach","article_modified_time":"2024-08-13T18:53:53+00:00","og_image":[{"url":"https:\/\/weltlaeden.de\/biberach\/wp-content\/uploads\/sites\/49\/2024\/06\/20240618_125241-300x225.jpg","type":"","width":"","height":""}],"twitter_card":"summary_large_image","twitter_misc":{"Gesch\u00e4tzte Lesezeit":"2\u00a0Minuten"},"schema":{"@context":"https:\/\/schema.org","@graph":[{"@type":"WebPage","@id":"https:\/\/weltlaeden.de\/biberach\/non-food\/","url":"https:\/\/weltlaeden.de\/biberach\/non-food\/","name":"Non Food - Weltladen Biberach","isPartOf":{"@id":"https:\/\/weltlaeden.de\/biberach\/#website"},"primaryImageOfPage":{"@id":"https:\/\/weltlaeden.de\/biberach\/non-food\/#primaryimage"},"image":{"@id":"https:\/\/weltlaeden.de\/biberach\/non-food\/#primaryimage"},"thumbnailUrl":"https:\/\/weltlaeden.de\/biberach\/wp-content\/uploads\/sites\/49\/2024\/06\/20240618_125241-300x225.jpg","datePublished":"2024-06-18T15:24:16+00:00","dateModified":"2024-08-13T18:53:53+00:00","breadcrumb":{"@id":"https:\/\/weltlaeden.de\/biberach\/non-food\/#breadcrumb"},"inLanguage":"de","potentialAction":[{"@type":"ReadAction","target":["https:\/\/weltlaeden.de\/biberach\/non-food\/"]}]},{"@type":"ImageObject","inLanguage":"de","@id":"https:\/\/weltlaeden.de\/biberach\/non-food\/#primaryimage","url":"https:\/\/weltlaeden.de\/biberach\/wp-content\/uploads\/sites\/49\/2024\/06\/20240618_125241.jpg","contentUrl":"https:\/\/weltlaeden.de\/biberach\/wp-content\/uploads\/sites\/49\/2024\/06\/20240618_125241.jpg","width":2048,"height":1536},{"@type":"BreadcrumbList","@id":"https:\/\/weltlaeden.de\/biberach\/non-food\/#breadcrumb","itemListElement":[{"@type":"ListItem","position":1,"name":"Startseite","item":"https:\/\/weltlaeden.de\/biberach\/"},{"@type":"ListItem","position":2,"name":"Non Food"}]},{"@type":"WebSite","@id":"https:\/\/weltlaeden.de\/biberach\/#website","url":"https:\/\/weltlaeden.de\/biberach\/","name":"Vorlage","description":"Faire Produkte seit 1981","potentialAction":[{"@type":"SearchAction","target":{"@type":"EntryPoint","urlTemplate":"https:\/\/weltlaeden.de\/biberach\/?s={search_term_string}"},"query-input":{"@type":"PropertyValueSpecification","valueRequired":true,"valueName":"search_term_string"}}],"inLanguage":"de"}]}},"_links":{"self":[{"href":"https:\/\/weltlaeden.de\/biberach\/wp-json\/wp\/v2\/pages\/481","targetHints":{"allow":["GET"]}}],"collection":[{"href":"https:\/\/weltlaeden.de\/biberach\/wp-json\/wp\/v2\/pages"}],"about":[{"href":"https:\/\/weltlaeden.de\/biberach\/wp-json\/wp\/v2\/types\/page"}],"author":[{"embeddable":true,"href":"https:\/\/weltlaeden.de\/biberach\/wp-json\/wp\/v2\/users\/14"}],"replies":[{"embeddable":true,"href":"https:\/\/weltlaeden.de\/biberach\/wp-json\/wp\/v2\/comments?post=481"}],"version-history":[{"count":17,"href":"https:\/\/weltlaeden.de\/biberach\/wp-json\/wp\/v2\/pages\/481\/revisions"}],"predecessor-version":[{"id":845,"href":"https:\/\/weltlaeden.de\/biberach\/wp-json\/wp\/v2\/pages\/481\/revisions\/845"}],"wp:attachment":[{"href":"https:\/\/weltlaeden.de\/biberach\/wp-json\/wp\/v2\/media?parent=481"}],"curies":[{"name":"wp","href":"https:\/\/api.w.org\/{rel}","templated":true}]}}