{"id":219,"date":"2016-10-28T13:34:47","date_gmt":"2016-10-28T11:34:47","guid":{"rendered":"https:\/\/wl.heimpixel.de\/vorlage\/ueber-uns\/"},"modified":"2024-07-23T21:42:38","modified_gmt":"2024-07-23T19:42:38","slug":"ueber-uns","status":"publish","type":"page","link":"https:\/\/weltlaeden.de\/biberach\/ueber-uns\/","title":{"rendered":"\u00dcber uns"},"content":{"rendered":"<div class=\"wpb-content-wrapper\"><p>[vc_row][vc_column]<div class=\"wl_einzelbild\"><p><img loading=\"lazy\" decoding=\"async\" class=\"alignnone wp-image-454\" src=\"https:\/\/weltlaeden.de\/biberach\/wp-content\/uploads\/sites\/49\/2024\/06\/20240618_124333-300x155.jpg\" alt=\"\" width=\"825\" height=\"426\" srcset=\"https:\/\/weltlaeden.de\/biberach\/wp-content\/uploads\/sites\/49\/2024\/06\/20240618_124333-300x155.jpg 300w, https:\/\/weltlaeden.de\/biberach\/wp-content\/uploads\/sites\/49\/2024\/06\/20240618_124333-1024x528.jpg 1024w, https:\/\/weltlaeden.de\/biberach\/wp-content\/uploads\/sites\/49\/2024\/06\/20240618_124333-768x396.jpg 768w, https:\/\/weltlaeden.de\/biberach\/wp-content\/uploads\/sites\/49\/2024\/06\/20240618_124333-1536x792.jpg 1536w, https:\/\/weltlaeden.de\/biberach\/wp-content\/uploads\/sites\/49\/2024\/06\/20240618_124333.jpg 2048w\" sizes=\"auto, (max-width: 825px) 100vw, 825px\" \/><\/p><\/div>[vc_empty_space height=&#8220;20px&#8220;][vc_column_text css=&#8220;&#8220;]<\/p>\n<h1>\u00dcber den Weltladen Biberach<\/h1>\n<p>[\/vc_column_text][vc_column_text css=&#8220;&#8220;]Der Weltladen Biberach e.V. wurde am 16.11.1981 in Biberach gegr\u00fcndet.[\/vc_column_text][\/vc_column][\/vc_row][vc_row][vc_column][vc_empty_space height=&#8220;20px&#8220;][vc_column_text css=&#8220;&#8220;]<\/p>\n<h1>Mitmachen im Weltladen Biberach<\/h1>\n<p>[\/vc_column_text][vc_column_text css=&#8220;&#8220;]<strong>Wir suchen<\/strong> Menschen, die Lust haben, sich ehrenamtlich f\u00fcr eine offene, transparente, \u00f6kologische und nachhaltige Form des Wirtschaftens zu engagieren. Ob im Verkauf, der Informations- oder Bildungsarbeit &#8211; die M\u00f6glichkeiten, in unserem Team mitzumachen sind vielf\u00e4ltig und lassen sich bestimmt auch in Deinen Alltag integrieren! Neben regelm\u00e4\u00dfigen Aufgaben gibt es bei uns auch immer wieder einzelne zeitlich befristete Projekte, f\u00fcr die wir Unterst\u00fctzer\/innen suchen. Viele Aufgaben erfordern keine speziellen Vorkenntnisse, sondern nur Deine Bereitschaft, Deine F\u00e4higkeiten einzubringen und eventuell in neuen Bereichen dazuzulernen.<\/p>\n<p><strong>Wir bieten<\/strong> ein nettes Team aus Engagierten mit vielf\u00e4ltigen M\u00f6glichkeiten, sich selbst einzubringen. Eine Gemeinschaft, die Dich herzlich aufnimmt, einarbeitet und bei Fragen zur Verf\u00fcgung steht. Fortbildungsm\u00f6glichkeiten nach Deinen Interessen und Aufgaben.<\/p>\n<p><strong>Wir freuen uns auf Dich!<\/strong><\/p>\n<p><strong>Komme am Besten im Laden vorbei so lernst Du gleich unsere netten Mitarbeiterinnen kennen.<\/strong>[\/vc_column_text][vc_empty_space height=&#8220;20px&#8220;][\/vc_column][\/vc_row][vc_row][vc_column][\/vc_column][\/vc_row]<\/p>\n<\/div>","protected":false},"excerpt":{"rendered":"<p>[vc_row][vc_column][vc_empty_space height=&#8220;20px&#8220;][vc_column_text css=&#8220;&#8220;] \u00dcber den Weltladen Biberach [\/vc_column_text][vc_column_text css=&#8220;&#8220;]Der Weltladen Biberach e.V. wurde am 16.11.1981 in Biberach gegr\u00fcndet.[\/vc_column_text][\/vc_column][\/vc_row][vc_row][vc_column][vc_empty_space height=&#8220;20px&#8220;][vc_column_text css=&#8220;&#8220;] Mitmachen im Weltladen Biberach [\/vc_column_text][vc_column_text css=&#8220;&#8220;]Wir suchen Menschen, die Lust haben, sich ehrenamtlich f\u00fcr eine offene, transparente, \u00f6kologische und nachhaltige Form des Wirtschaftens zu engagieren. Ob im Verkauf, der Informations- oder Bildungsarbeit &#8211; die M\u00f6glichkeiten,&hellip;<\/p>\n","protected":false},"author":1,"featured_media":0,"parent":0,"menu_order":1,"comment_status":"closed","ping_status":"closed","template":"","meta":{"footnotes":""},"class_list":["post-219","page","type-page","status-publish","hentry","description-off"],"yoast_head":"<!-- This site is optimized with the Yoast SEO plugin v26.8 - https:\/\/yoast.com\/product\/yoast-seo-wordpress\/ -->\n<title>\u00dcber uns - Weltladen Biberach<\/title>\n<meta name=\"robots\" content=\"index, follow, max-snippet:-1, max-image-preview:large, max-video-preview:-1\" \/>\n<link rel=\"canonical\" href=\"https:\/\/weltlaeden.de\/biberach\/ueber-uns\/\" \/>\n<meta property=\"og:locale\" content=\"de_DE\" \/>\n<meta property=\"og:type\" content=\"article\" \/>\n<meta property=\"og:title\" content=\"\u00dcber uns - Weltladen Biberach\" \/>\n<meta property=\"og:description\" content=\"[vc_row][vc_column][vc_empty_space height=&#8220;20px&#8220;][vc_column_text css=&#8220;&#8220;] \u00dcber den Weltladen Biberach [\/vc_column_text][vc_column_text css=&#8220;&#8220;]Der Weltladen Biberach e.V. wurde am 16.11.1981 in Biberach gegr\u00fcndet.[\/vc_column_text][\/vc_column][\/vc_row][vc_row][vc_column][vc_empty_space height=&#8220;20px&#8220;][vc_column_text css=&#8220;&#8220;] Mitmachen im Weltladen Biberach [\/vc_column_text][vc_column_text css=&#8220;&#8220;]Wir suchen Menschen, die Lust haben, sich ehrenamtlich f\u00fcr eine offene, transparente, \u00f6kologische und nachhaltige Form des Wirtschaftens zu engagieren. Ob im Verkauf, der Informations- oder Bildungsarbeit &#8211; die M\u00f6glichkeiten,&hellip;\" \/>\n<meta property=\"og:url\" content=\"https:\/\/weltlaeden.de\/biberach\/ueber-uns\/\" \/>\n<meta property=\"og:site_name\" content=\"Weltladen Biberach\" \/>\n<meta property=\"article:modified_time\" content=\"2024-07-23T19:42:38+00:00\" \/>\n<meta property=\"og:image\" content=\"https:\/\/weltlaeden.de\/biberach\/wp-content\/uploads\/sites\/49\/2024\/06\/20240618_124333-300x155.jpg\" \/>\n<meta name=\"twitter:card\" content=\"summary_large_image\" \/>\n<meta name=\"twitter:label1\" content=\"Gesch\u00e4tzte Lesezeit\" \/>\n\t<meta name=\"twitter:data1\" content=\"2\u00a0Minuten\" \/>\n<script type=\"application\/ld+json\" class=\"yoast-schema-graph\">{\"@context\":\"https:\/\/schema.org\",\"@graph\":[{\"@type\":\"WebPage\",\"@id\":\"https:\/\/weltlaeden.de\/biberach\/ueber-uns\/\",\"url\":\"https:\/\/weltlaeden.de\/biberach\/ueber-uns\/\",\"name\":\"\u00dcber uns - Weltladen Biberach\",\"isPartOf\":{\"@id\":\"https:\/\/weltlaeden.de\/biberach\/#website\"},\"primaryImageOfPage\":{\"@id\":\"https:\/\/weltlaeden.de\/biberach\/ueber-uns\/#primaryimage\"},\"image\":{\"@id\":\"https:\/\/weltlaeden.de\/biberach\/ueber-uns\/#primaryimage\"},\"thumbnailUrl\":\"https:\/\/weltlaeden.de\/biberach\/wp-content\/uploads\/sites\/49\/2024\/06\/20240618_124333-300x155.jpg\",\"datePublished\":\"2016-10-28T11:34:47+00:00\",\"dateModified\":\"2024-07-23T19:42:38+00:00\",\"breadcrumb\":{\"@id\":\"https:\/\/weltlaeden.de\/biberach\/ueber-uns\/#breadcrumb\"},\"inLanguage\":\"de\",\"potentialAction\":[{\"@type\":\"ReadAction\",\"target\":[\"https:\/\/weltlaeden.de\/biberach\/ueber-uns\/\"]}]},{\"@type\":\"ImageObject\",\"inLanguage\":\"de\",\"@id\":\"https:\/\/weltlaeden.de\/biberach\/ueber-uns\/#primaryimage\",\"url\":\"https:\/\/weltlaeden.de\/biberach\/wp-content\/uploads\/sites\/49\/2024\/06\/20240618_124333.jpg\",\"contentUrl\":\"https:\/\/weltlaeden.de\/biberach\/wp-content\/uploads\/sites\/49\/2024\/06\/20240618_124333.jpg\",\"width\":2048,\"height\":1056},{\"@type\":\"BreadcrumbList\",\"@id\":\"https:\/\/weltlaeden.de\/biberach\/ueber-uns\/#breadcrumb\",\"itemListElement\":[{\"@type\":\"ListItem\",\"position\":1,\"name\":\"Startseite\",\"item\":\"https:\/\/weltlaeden.de\/biberach\/\"},{\"@type\":\"ListItem\",\"position\":2,\"name\":\"\u00dcber uns\"}]},{\"@type\":\"WebSite\",\"@id\":\"https:\/\/weltlaeden.de\/biberach\/#website\",\"url\":\"https:\/\/weltlaeden.de\/biberach\/\",\"name\":\"Vorlage\",\"description\":\"Faire Produkte seit 1981\",\"potentialAction\":[{\"@type\":\"SearchAction\",\"target\":{\"@type\":\"EntryPoint\",\"urlTemplate\":\"https:\/\/weltlaeden.de\/biberach\/?s={search_term_string}\"},\"query-input\":{\"@type\":\"PropertyValueSpecification\",\"valueRequired\":true,\"valueName\":\"search_term_string\"}}],\"inLanguage\":\"de\"}]}<\/script>\n<!-- \/ Yoast SEO plugin. -->","yoast_head_json":{"title":"\u00dcber uns - Weltladen Biberach","robots":{"index":"index","follow":"follow","max-snippet":"max-snippet:-1","max-image-preview":"max-image-preview:large","max-video-preview":"max-video-preview:-1"},"canonical":"https:\/\/weltlaeden.de\/biberach\/ueber-uns\/","og_locale":"de_DE","og_type":"article","og_title":"\u00dcber uns - Weltladen Biberach","og_description":"[vc_row][vc_column][vc_empty_space height=&#8220;20px&#8220;][vc_column_text css=&#8220;&#8220;] \u00dcber den Weltladen Biberach [\/vc_column_text][vc_column_text css=&#8220;&#8220;]Der Weltladen Biberach e.V. wurde am 16.11.1981 in Biberach gegr\u00fcndet.[\/vc_column_text][\/vc_column][\/vc_row][vc_row][vc_column][vc_empty_space height=&#8220;20px&#8220;][vc_column_text css=&#8220;&#8220;] Mitmachen im Weltladen Biberach [\/vc_column_text][vc_column_text css=&#8220;&#8220;]Wir suchen Menschen, die Lust haben, sich ehrenamtlich f\u00fcr eine offene, transparente, \u00f6kologische und nachhaltige Form des Wirtschaftens zu engagieren. Ob im Verkauf, der Informations- oder Bildungsarbeit &#8211; die M\u00f6glichkeiten,&hellip;","og_url":"https:\/\/weltlaeden.de\/biberach\/ueber-uns\/","og_site_name":"Weltladen Biberach","article_modified_time":"2024-07-23T19:42:38+00:00","og_image":[{"url":"https:\/\/weltlaeden.de\/biberach\/wp-content\/uploads\/sites\/49\/2024\/06\/20240618_124333-300x155.jpg","type":"","width":"","height":""}],"twitter_card":"summary_large_image","twitter_misc":{"Gesch\u00e4tzte Lesezeit":"2\u00a0Minuten"},"schema":{"@context":"https:\/\/schema.org","@graph":[{"@type":"WebPage","@id":"https:\/\/weltlaeden.de\/biberach\/ueber-uns\/","url":"https:\/\/weltlaeden.de\/biberach\/ueber-uns\/","name":"\u00dcber uns - Weltladen Biberach","isPartOf":{"@id":"https:\/\/weltlaeden.de\/biberach\/#website"},"primaryImageOfPage":{"@id":"https:\/\/weltlaeden.de\/biberach\/ueber-uns\/#primaryimage"},"image":{"@id":"https:\/\/weltlaeden.de\/biberach\/ueber-uns\/#primaryimage"},"thumbnailUrl":"https:\/\/weltlaeden.de\/biberach\/wp-content\/uploads\/sites\/49\/2024\/06\/20240618_124333-300x155.jpg","datePublished":"2016-10-28T11:34:47+00:00","dateModified":"2024-07-23T19:42:38+00:00","breadcrumb":{"@id":"https:\/\/weltlaeden.de\/biberach\/ueber-uns\/#breadcrumb"},"inLanguage":"de","potentialAction":[{"@type":"ReadAction","target":["https:\/\/weltlaeden.de\/biberach\/ueber-uns\/"]}]},{"@type":"ImageObject","inLanguage":"de","@id":"https:\/\/weltlaeden.de\/biberach\/ueber-uns\/#primaryimage","url":"https:\/\/weltlaeden.de\/biberach\/wp-content\/uploads\/sites\/49\/2024\/06\/20240618_124333.jpg","contentUrl":"https:\/\/weltlaeden.de\/biberach\/wp-content\/uploads\/sites\/49\/2024\/06\/20240618_124333.jpg","width":2048,"height":1056},{"@type":"BreadcrumbList","@id":"https:\/\/weltlaeden.de\/biberach\/ueber-uns\/#breadcrumb","itemListElement":[{"@type":"ListItem","position":1,"name":"Startseite","item":"https:\/\/weltlaeden.de\/biberach\/"},{"@type":"ListItem","position":2,"name":"\u00dcber uns"}]},{"@type":"WebSite","@id":"https:\/\/weltlaeden.de\/biberach\/#website","url":"https:\/\/weltlaeden.de\/biberach\/","name":"Vorlage","description":"Faire Produkte seit 1981","potentialAction":[{"@type":"SearchAction","target":{"@type":"EntryPoint","urlTemplate":"https:\/\/weltlaeden.de\/biberach\/?s={search_term_string}"},"query-input":{"@type":"PropertyValueSpecification","valueRequired":true,"valueName":"search_term_string"}}],"inLanguage":"de"}]}},"_links":{"self":[{"href":"https:\/\/weltlaeden.de\/biberach\/wp-json\/wp\/v2\/pages\/219","targetHints":{"allow":["GET"]}}],"collection":[{"href":"https:\/\/weltlaeden.de\/biberach\/wp-json\/wp\/v2\/pages"}],"about":[{"href":"https:\/\/weltlaeden.de\/biberach\/wp-json\/wp\/v2\/types\/page"}],"author":[{"embeddable":true,"href":"https:\/\/weltlaeden.de\/biberach\/wp-json\/wp\/v2\/users\/1"}],"replies":[{"embeddable":true,"href":"https:\/\/weltlaeden.de\/biberach\/wp-json\/wp\/v2\/comments?post=219"}],"version-history":[{"count":14,"href":"https:\/\/weltlaeden.de\/biberach\/wp-json\/wp\/v2\/pages\/219\/revisions"}],"predecessor-version":[{"id":814,"href":"https:\/\/weltlaeden.de\/biberach\/wp-json\/wp\/v2\/pages\/219\/revisions\/814"}],"wp:attachment":[{"href":"https:\/\/weltlaeden.de\/biberach\/wp-json\/wp\/v2\/media?parent=219"}],"curies":[{"name":"wp","href":"https:\/\/api.w.org\/{rel}","templated":true}]}}