{"id":648,"date":"2022-01-29T20:03:39","date_gmt":"2022-01-29T19:03:39","guid":{"rendered":"https:\/\/weltlaeden.de\/betzdorf\/?page_id=648"},"modified":"2026-03-18T21:47:04","modified_gmt":"2026-03-18T20:47:04","slug":"aktuelles-aus-dem-betzdorfer-weltladen","status":"publish","type":"page","link":"https:\/\/weltlaeden.de\/betzdorf\/aktuelles-aus-dem-betzdorfer-weltladen\/","title":{"rendered":"Aktuelles aus dem Betzdorfer Weltladen"},"content":{"rendered":"<div class=\"wpb-content-wrapper\"><p>[vc_row][vc_column][vc_column_text css=&#8220;&#8220;]<\/p>\n<h1 id=\"Ostern26\">So wird Ostern fair &amp; nachhaltig<\/h1>\n<h2>Weltladen Betzdorf bietet nicht nur Schokoprodukte zum Fest<\/h2>\n<p><img loading=\"lazy\" decoding=\"async\" class=\"size-medium wp-image-1555 alignleft\" src=\"https:\/\/weltlaeden.de\/betzdorf\/wp-content\/uploads\/sites\/176\/2026\/03\/Ostern-2026-Weltladen-Zuschnitt-300x252.jpg\" alt=\"\" width=\"300\" height=\"252\" srcset=\"https:\/\/weltlaeden.de\/betzdorf\/wp-content\/uploads\/sites\/176\/2026\/03\/Ostern-2026-Weltladen-Zuschnitt-300x252.jpg 300w, https:\/\/weltlaeden.de\/betzdorf\/wp-content\/uploads\/sites\/176\/2026\/03\/Ostern-2026-Weltladen-Zuschnitt-1024x861.jpg 1024w, https:\/\/weltlaeden.de\/betzdorf\/wp-content\/uploads\/sites\/176\/2026\/03\/Ostern-2026-Weltladen-Zuschnitt-768x646.jpg 768w, https:\/\/weltlaeden.de\/betzdorf\/wp-content\/uploads\/sites\/176\/2026\/03\/Ostern-2026-Weltladen-Zuschnitt-1536x1292.jpg 1536w, https:\/\/weltlaeden.de\/betzdorf\/wp-content\/uploads\/sites\/176\/2026\/03\/Ostern-2026-Weltladen-Zuschnitt-2048x1723.jpg 2048w\" sizes=\"auto, (max-width: 300px) 100vw, 300px\" \/>Betzdorf. Auch dieses Jahr bietet der Weltladen Betzdorf wieder eine Vielfalt an Schoko-Osterprodukten: H\u00e4sinnen und Hasen, Schoko-T\u00e4felchen, Schokoeier und das eine oder andere Produkt zur Osterdekoration:<\/p>\n<p><strong>Bio Schoko Osterh\u00e4schen:<\/strong> Der s\u00fc\u00dfe Osterhase aus feiner Bio-Vollmilchschokolade ist ein faires Highlight f\u00fcrs Osternest oder ein besonderes Pr\u00e4sent f\u00fcr besondere Menschen. Ob Du einen Osterhasen-Mann oder eine Osterhasen-Frau erh\u00e4ltst&#8230; lass Dich \u00fcberraschen!<\/p>\n<p>Besonderheiten auf einen Blick: ohne Emulgatoren, daf\u00fcr schonendes und sorgf\u00e4ltiges Conchieren der Schokoladenmasse, Kakaobutter als einzig eingesetztes pflanzliches Fett, Direktimport der hochwertigen Zutaten und Unterst\u00fctzung mehrerer Handelspartner. Die Osterh\u00e4schen sind laut Gesetz ohne Gentechnik. Die Hohlk\u00f6rper werden ohne N\u00fcsse hergestellt. Der faire Handelsanteil betr\u00e4gt 100 Prozent.<\/p>\n<p><strong>Bunte Schoko-Ostereier:<\/strong> Diese zartschmelzenden Ostereier aus feinster Bio-Vollmilchschokolade sind die ideale Erg\u00e4nzung f\u00fcr das ganz besondere Osterk\u00f6rbchen. Mit ihrem bunten Muster machen sie jeden fr\u00f6hlich. Eine der vielen Besonderheiten: Die faire Biomilch liefern die <a href=\"https:\/\/bergbauernmilch.de\/\">Milchwerke Berchtesgadener Land<\/a><\/p>\n<p><strong>Kleine Oster-Schokotafeln:<\/strong> Die bunte Oster-Schokolade aus zartschmelzender Vollmilchschokolade eignet sich gro\u00dfartig als Mitbringsel f\u00fcr Gro\u00df und Klein oder f\u00fcr ein faires Osterk\u00f6rbchen. Der Geschmack der Schokolade \u00fcberzeugt durch hochwertige Zutaten.<\/p>\n<p>&nbsp;<\/p>\n<hr \/>\n<p>[\/vc_column_text][vc_column_text css=&#8220;&#8220;]<\/p>\n<h1>EU-Bio-Zertifikat zurzeit nicht mehr m\u00f6glich<\/h1>\n<h2>Warum unsere Oliven\u00f6le aus Pal\u00e4stina Solidarit\u00e4t brauchen<\/h2>\n<p><img loading=\"lazy\" decoding=\"async\" class=\"size-medium wp-image-1552 alignleft\" src=\"https:\/\/weltlaeden.de\/betzdorf\/wp-content\/uploads\/sites\/176\/2026\/01\/Olivenfeb4a6ce-f4d6-464d-941a-f250cb54d32f-286x300.jpg\" alt=\"\" width=\"286\" height=\"300\" srcset=\"https:\/\/weltlaeden.de\/betzdorf\/wp-content\/uploads\/sites\/176\/2026\/01\/Olivenfeb4a6ce-f4d6-464d-941a-f250cb54d32f-286x300.jpg 286w, https:\/\/weltlaeden.de\/betzdorf\/wp-content\/uploads\/sites\/176\/2026\/01\/Olivenfeb4a6ce-f4d6-464d-941a-f250cb54d32f-976x1024.jpg 976w, https:\/\/weltlaeden.de\/betzdorf\/wp-content\/uploads\/sites\/176\/2026\/01\/Olivenfeb4a6ce-f4d6-464d-941a-f250cb54d32f-768x805.jpg 768w, https:\/\/weltlaeden.de\/betzdorf\/wp-content\/uploads\/sites\/176\/2026\/01\/Olivenfeb4a6ce-f4d6-464d-941a-f250cb54d32f.jpg 1373w\" sizes=\"auto, (max-width: 286px) 100vw, 286px\" \/>Betzdorf. Die neue Lieferung (u.a. Oliven\u00f6le, Schwarze Oliven) vom fairen Welthandel Partner Canaan Palestine aus Pal\u00e4stina kommt wie gewohnt aus \u00f6kologischer Landwirtschaft \u2013 doch das EU-Bio-Siegel fehlt. Die Anbaumethoden oder Standards haben sich nicht ge\u00e4ndert. Aber aufgrund der Sicherheitslage in der Region hat die internationale Zertifizierungsstelle f\u00fcr Canaan Palestines ihre Arbeit im Westjordanland eingestellt.<\/p>\n<p>Pr\u00fcfer reisen derzeit nicht in die Region \u2013 zu gef\u00e4hrlich, zu unberechenbar. Die Folgen sind wirtschaftlich gravierend: Ohne Zertifikat d\u00fcrfen die \u00d6le nicht als Bioware verkauft werden obwohl sie es inhaltlich eigentlich w\u00e4ren.\u00a0Besonders hart trifft es die Bauern und B\u00e4uerinnen: Rund 30\u202fProzent der zertifizierten Olivenhaine\u00a0 konnten in den vergangenen beiden Jahren nicht geerntet werden.<\/p>\n<p>Viele Familien hatten dadurch zwei Jahre in Folge kein Einkommen aus ihren Oliven \u2013 ihre wichtigste Lebensgrundlage.<\/p>\n<p>Fairer Handel zeigt sich hier als Anker in der Krise. Inmitten dieser Unsicherheit bleibt der Faire Handel f\u00fcr die Produzenten in Pal\u00e4stina die stabilste Verbindung zur Au\u00dfenwelt. Diese Zusammenarbeit gibt Halt \u2013 wirtschaftlich und auch moralisch.<\/p>\n<p>Auch ohne EU-Bio-Siegel bleibt das Canaan-Oliven\u00f6l \u201e\u00f6kologisch\u201c, hochwertig und fair.<\/p>\n<p>Diese Produkte gibt es im Weltladen in Betzdorf:<\/p>\n<p><strong>Oliven\u00f6l 100% Rumi:\u00a0<\/strong> Schon zu Zeiten des R\u00f6mischen Reiches sch\u00e4tzten die Menschen in Pal\u00e4stina Fr\u00fcchte und Oliven\u00f6l des Rumi-Baumes. Von Generation zu Generation weitervererbt, sind die \u00e4ltesten Rumi-B\u00e4ume heute \u00fcber 1.000 Jahre alt und werden wie alters her ausschlie\u00dflich von Hand gepflegt und geerntet. Durch die sorgf\u00e4ltige Verarbeitung und Kaltpressung bleibt das typisch fruchtig-pikante Aroma der Rumi-Olive im \u00d6l erhalten. Ein Oliven\u00f6l von Kleinbauern der Fairhandelsorganisation Canaan Fair Trade\/Pal\u00e4stina. Im ansprechenden Jerusalem-Design des pal\u00e4stinensischen K\u00fcnstlers Ibrahim Shalaby ist dieses Oliven\u00f6l ein wunderbares und besonderes Geschenk.<\/p>\n<p><strong>Oliven\u00f6l:<\/strong> Pr\u00e4miertes Spitzen\u00f6l aus Pal\u00e4stina: dieses Oliven\u00f6l wird von Kleinbauern der Fairhandelsorganisation Canaan Fair Trade\/Pal\u00e4stina im Westjordanland hergestellt.<\/p>\n<p><strong>Schwarze Oliven:<\/strong> Diese k\u00f6stlichen schwarzen Nabali-Oliven sind am Baum voll ausgereift und bestechen durch ihren mild-w\u00fcrzigen Geschmack.<\/p>\n<p>Weitere Infos gibt es <a href=\"https:\/\/www.weltpartner.de\/de\/blog\/208-olivenoele-aus-dem-kriegsgebiet\">hier<\/a><\/p>\n<p>&nbsp;<\/p>\n<hr \/>\n<p>&nbsp;<\/p>\n<p>[\/vc_column_text][vc_column_text css=&#8220;&#8220;]<\/p>\n<h1 id=\"Bertha\">Kinderrechte im Fokus<\/h1>\n<h2>Fairen Handel Sch\u00fclern der Bertha anschaulich erkl\u00e4rt<\/h2>\n<p><img loading=\"lazy\" decoding=\"async\" class=\"alignleft wp-image-1548 size-medium\" src=\"https:\/\/weltlaeden.de\/betzdorf\/wp-content\/uploads\/sites\/176\/2025\/12\/Berta-1-schnitt-300x146.jpg\" alt=\"\" width=\"300\" height=\"146\" srcset=\"https:\/\/weltlaeden.de\/betzdorf\/wp-content\/uploads\/sites\/176\/2025\/12\/Berta-1-schnitt-300x146.jpg 300w, https:\/\/weltlaeden.de\/betzdorf\/wp-content\/uploads\/sites\/176\/2025\/12\/Berta-1-schnitt-1024x499.jpg 1024w, https:\/\/weltlaeden.de\/betzdorf\/wp-content\/uploads\/sites\/176\/2025\/12\/Berta-1-schnitt-768x374.jpg 768w, https:\/\/weltlaeden.de\/betzdorf\/wp-content\/uploads\/sites\/176\/2025\/12\/Berta-1-schnitt-1536x749.jpg 1536w, https:\/\/weltlaeden.de\/betzdorf\/wp-content\/uploads\/sites\/176\/2025\/12\/Berta-1-schnitt-2048x999.jpg 2048w\" sizes=\"auto, (max-width: 300px) 100vw, 300px\" \/><\/p>\n<p>Betzdorf. Im Rahmen der von der Bertha-von-Suttner-Realschule plus in Betzdorf durchgef\u00fchrten Projektwoche \u201eEuropa in der Welt\u201c besch\u00e4ftigten sich die Sch\u00fcler*innen der Klasse 7a, zusammen mit ihren Klassenleiterinnen Nadja R\u00f6dder und Janine Zipsner, kreativ mit dem Thema \u201eKinderrechte \u2013 (k)ein M\u00e4rchen?\u201c Das Projekt fand im Zusammenhang mit dem 73. Europ\u00e4ischen Wettbewerb statt.<\/p>\n<p>Hermann Hesse vom Weltladen Betzdorf besuchte die Klasse 7a. Er zeigte am Beispiel von Schokolade, dass immer noch \u00fcber 1,5 Millionen Kinder wie Sklaven auf Kakaoplantagen arbeiten und warum viele Menschen ihre Heimat verlassen und dass fairer Handel wichtig ist, um den Erzeugerinnen und Erzeugern in den Anbaul\u00e4ndern ein menschenw\u00fcrdiges Leben zu erm\u00f6glichen.<\/p>\n<p>Hesse brachte den Sch\u00fcler*innen mit Hintergrundinformationen und emotionalen Erz\u00e4hlungen den Zusammenhang zwischen fairem Handel und Kinderrechten weltweit n\u00e4her. Dabei erkannten die Jugendlichen, dass sie mit dem Kauf von fair gehandelten Produkten einen wichtigen Beitrag leisten k\u00f6nnen: Kakao-B\u00e4uerinnen und -Bauern erhalten durch den fairen Handel ein existenzsicherndes Einkommen, was wiederum Kinder vor Ausbeutung, Kinderarbeit und Sklaverei sch\u00fctzt.<\/p>\n<p>Mit Schokoladenproben konnten die Sch\u00fcler*innen testen wie lecker ein gutes Gewissen schmeckt.\u00a0Die Sch\u00fcler*innen waren sehr beeindruckt von Hesses Workshop und zeigten gro\u00dfes Interesse am Thema Kinderrechte und fairem Handel.<\/p>\n<p>&nbsp;<\/p>\n<hr \/>\n<p>&nbsp;<\/p>\n<p>[\/vc_column_text][vc_column_text css=&#8220;&#8220;]<\/p>\n<h1 id=\"Etat\" class=\"x_elementToProof\">Entwicklungshilfe: Weitere K\u00fcrzungen verhindern<\/h1>\n<h2 class=\"x_elementToProof\">Weltladen Betzdorf schreibt Fraktionen im Bundestag an<\/h2>\n<div class=\"x_elementToProof\">\n<div id=\"attachment_1543\" style=\"width: 310px\" class=\"wp-caption alignleft\"><img loading=\"lazy\" decoding=\"async\" aria-describedby=\"caption-attachment-1543\" class=\"wp-image-1543 size-medium\" src=\"https:\/\/weltlaeden.de\/betzdorf\/wp-content\/uploads\/sites\/176\/2025\/11\/Weltladen-Betzdorf-Kuerzungen-Bundeshaushalt-2026-300x168.jpg\" alt=\"\" width=\"300\" height=\"168\" srcset=\"https:\/\/weltlaeden.de\/betzdorf\/wp-content\/uploads\/sites\/176\/2025\/11\/Weltladen-Betzdorf-Kuerzungen-Bundeshaushalt-2026-300x168.jpg 300w, https:\/\/weltlaeden.de\/betzdorf\/wp-content\/uploads\/sites\/176\/2025\/11\/Weltladen-Betzdorf-Kuerzungen-Bundeshaushalt-2026-1024x573.jpg 1024w, https:\/\/weltlaeden.de\/betzdorf\/wp-content\/uploads\/sites\/176\/2025\/11\/Weltladen-Betzdorf-Kuerzungen-Bundeshaushalt-2026-768x430.jpg 768w, https:\/\/weltlaeden.de\/betzdorf\/wp-content\/uploads\/sites\/176\/2025\/11\/Weltladen-Betzdorf-Kuerzungen-Bundeshaushalt-2026-1536x860.jpg 1536w, https:\/\/weltlaeden.de\/betzdorf\/wp-content\/uploads\/sites\/176\/2025\/11\/Weltladen-Betzdorf-Kuerzungen-Bundeshaushalt-2026-2048x1147.jpg 2048w\" sizes=\"auto, (max-width: 300px) 100vw, 300px\" \/><p id=\"caption-attachment-1543\" class=\"wp-caption-text\">Mitglieder des Betzdorfer Weltladens setzen sich daf\u00fcr ein, dass im letzten Moment der Beratungen im Bundestag zum Etat 2026 K\u00fcrzungen im Bereich Entwicklungszusammenarbeit unterbleiben. Foto: Weltladen Betzdorf<\/p><\/div>\n<p>Betzdorf. Mitglieder des Aktionskreises Eine-Welt-Handel Betzdorf, der den Weltladen in Betzdorf betreibt, wenden sich an die Fraktionssprecher im Bundestag. Es geht um weitere K\u00fcrzungen im Entwicklungsbereich. Zwischen 2022 und 2025 sank das Budget des Bundesentwicklungsministeriums von 13,8 auf 10,3 Milliarden Euro. F\u00fcr 2026 ist ein Etat von rund 9,9 Milliarden Euro vorgesehen. Die Mittel f\u00fcr humanit\u00e4re Hilfe des Ausw\u00e4rtigen Amtes wurden f\u00fcr 2025 um mehr als 50 Prozent gek\u00fcrzt, von 2,49 auf 1,05 Milliarden Euro.<\/p>\n<div class=\"x_elementToProof\">Die Betzdorfer Weltladen-Mitarbeiter bitten nun mit ihrem Schreiben die Fraktionen von CDU\/CSU, SPD, B\u00fcndnisgr\u00fcnen und Linke eindringlich, diese massiven K\u00fcrzungen bei den Abschlussberatungen im Bundestag im Sinne der Entwicklungszusammenarbeit noch zu verhindern. Die abschlie\u00dfenden Beratungen \u00fcber den Haushalt 2026 finden Ende November im Bundestag statt.\u00a0Die Mitarbeiter des Weltladens Betzdorf schlie\u00dfen sich auch dem <a href=\"https:\/\/www.welthungerhilfe.de\/aktuelles\/publikation\/detail\/appell-haushalt-2026-aufstocken-statt-kuerzen\">Appell von 16 Entwicklungshilfeorganisationen<\/a> an, die zum Beispiel fordern, dass die Mittel f\u00fcr Entwicklungszusammenarbeit mindestens auf dem Stand von 2024 in H\u00f6he von 11,2 Milliarden Euro gehalten werden.<\/div>\n<div class=\"x_elementToProof\">Ebenso wird daran erinnert, was die Bundesministerin f\u00fcr wirtschaftliche Zusammenarbeit und Entwicklung, Reem Alabali Radovan, bei den Haushaltsberatungen am 17. September zum Etat 2025 gesagt hat: \u201eEntwicklungspolitik ist Pr\u00e4ventionsarbeit, Zukunftsarbeit, Friedenspolitik. Wenn sie wegf\u00e4llt, spitzen sich Krisen, Krankheiten und Konflikte zu. Und wir wissen: Die Krisen machen eben nicht an den Grenzen halt, sie betreffen auch uns in Deutschland.\u201c\u00a0\u00a0Diese Argumentation wird seit Jahren auch von den Mitarbeitern des Weltladens vorgebracht.<\/div>\n<div><\/div>\n<\/div>\n<p>&nbsp;<\/p>\n<hr \/>\n<p>[\/vc_column_text][vc_column_text css=&#8220;&#8220;]<\/p>\n<h1 id=\"Banderole\">Banderolen f\u00fcr faire Schokolade gestaltet<\/h1>\n<h2>Weltladen Betzdorf: Erfolg f\u00fcr Sch\u00fcler des Wissener Kopernikus-Gymnasiums<\/h2>\n<div id=\"attachment_1538\" style=\"width: 310px\" class=\"wp-caption alignleft\"><img loading=\"lazy\" decoding=\"async\" aria-describedby=\"caption-attachment-1538\" class=\"wp-image-1538 size-medium\" src=\"https:\/\/weltlaeden.de\/betzdorf\/wp-content\/uploads\/sites\/176\/2025\/10\/Banderolen-300x212.jpg\" alt=\"Beim Wettbewerb des Weltladens Betzdorf waren Sch\u00fcler des Kopernikus-Gymnasiums Wissen erfolgreich. Sie gestalteten Banderolen f\u00fcr fair gehandelte Schokoladen. \u00dcber den Erfolg freute sich neben dem stellvertretenden Schulleiter Thomas Heck (links) auch Projektleiterin Alexandra Studzinski-Simon (2. von rechts). Fragen zum fairen Handel beantworteten Hermann Hesse (2. von links) und Andreas Neuser (rechts) vom Weltladen in Betzdorf. Foto: Weltladen Betzdorf\" width=\"300\" height=\"212\" srcset=\"https:\/\/weltlaeden.de\/betzdorf\/wp-content\/uploads\/sites\/176\/2025\/10\/Banderolen-300x212.jpg 300w, https:\/\/weltlaeden.de\/betzdorf\/wp-content\/uploads\/sites\/176\/2025\/10\/Banderolen-1024x724.jpg 1024w, https:\/\/weltlaeden.de\/betzdorf\/wp-content\/uploads\/sites\/176\/2025\/10\/Banderolen-768x543.jpg 768w, https:\/\/weltlaeden.de\/betzdorf\/wp-content\/uploads\/sites\/176\/2025\/10\/Banderolen-1536x1086.jpg 1536w, https:\/\/weltlaeden.de\/betzdorf\/wp-content\/uploads\/sites\/176\/2025\/10\/Banderolen.jpg 1746w\" sizes=\"auto, (max-width: 300px) 100vw, 300px\" \/><p id=\"caption-attachment-1538\" class=\"wp-caption-text\">Beim Wettbewerb des Weltladens Betzdorf waren Sch\u00fcler des Kopernikus-Gymnasiums Wissen erfolgreich. Sie gestalteten Banderolen f\u00fcr fair gehandelte Schokoladen. \u00dcber den Erfolg freute sich neben dem stellvertretenden Schulleiter Thomas Heck (links) auch Projektleiterin Alexandra Studzinski-Simon (2. von rechts). Fragen zum fairen Handel beantworteten Hermann Hesse (2. von links) und Andreas Neuser (rechts) vom Weltladen in Betzdorf. Foto: Weltladen Betzdorf<\/p><\/div>\n<p>Wissen\/Betzdorf. Mit gro\u00dfem Erfolg beteiligten sich Sch\u00fcler und Sch\u00fclerinnen des Wissener Kopernikus-Gymnasiums an einem Wettbewerb des Weltladens in Betzdorf. Es galt, Banderolen f\u00fcr fair gehandelte Schokoladen der GEPA zu gestalten. Neun junge Menschen der jetzigen 6b und 6d gingen im Kunstunterricht und auch in ihrer Freizeit unter Anleitung von Alexandra Studzinski-Simon flei\u00dfig sowie kreativ an die Arbeit. F\u00fcr das Engagement wurden sie von Hermann Hesse und Andreas Neuser vom Betzdorfer Weltladen ausgezeichnet. Nat\u00fcrlich gab es fair gehandelte Schokoladen.<\/p>\n<p>Im Rahmen der Gestaltung der Banderolen setzten sich die Sch\u00fcler intensiv mit dem fairen Handel auseinander. Sie erkannten: Wer fair gehandelte Schokolade kauft, kann diese auch ohne schlechtes Gewissen genie\u00dfen. So kann jeder dazu beitragen, das Klima zu retten, den Kakaob\u00e4uerinnen und Kakobauern ein faires Einkommen sichern und somit ein wenig f\u00fcr eine gerechtere Welt sorgen.<\/p>\n<p><img loading=\"lazy\" decoding=\"async\" class=\"size-medium wp-image-1539 alignleft\" src=\"https:\/\/weltlaeden.de\/betzdorf\/wp-content\/uploads\/sites\/176\/2025\/10\/Preis-gymn.-Wissen-300x219.jpg\" alt=\"\" width=\"300\" height=\"219\" srcset=\"https:\/\/weltlaeden.de\/betzdorf\/wp-content\/uploads\/sites\/176\/2025\/10\/Preis-gymn.-Wissen-300x219.jpg 300w, https:\/\/weltlaeden.de\/betzdorf\/wp-content\/uploads\/sites\/176\/2025\/10\/Preis-gymn.-Wissen-1024x746.jpg 1024w, https:\/\/weltlaeden.de\/betzdorf\/wp-content\/uploads\/sites\/176\/2025\/10\/Preis-gymn.-Wissen-768x559.jpg 768w, https:\/\/weltlaeden.de\/betzdorf\/wp-content\/uploads\/sites\/176\/2025\/10\/Preis-gymn.-Wissen-1536x1119.jpg 1536w, https:\/\/weltlaeden.de\/betzdorf\/wp-content\/uploads\/sites\/176\/2025\/10\/Preis-gymn.-Wissen-2048x1492.jpg 2048w\" sizes=\"auto, (max-width: 300px) 100vw, 300px\" \/>Die Slogans \u201eSchokogenuss beginnt mit fairen Preisen\u201c und \u201eRettet die Erde, sie ist der einzige Planet mit Schokolade\u201c, waren zum Beispiel auf Banderolen zu lesen.<\/p>\n<p>Fair gehandelte Produkte sind auch Thema am Wissener Gymnasium. Sie werden dort im Umweltladen verkauft. Ebenso geh\u00f6rt die Bildungsst\u00e4tte zu den BNE-Schulen in Rheinland-Pfalz. BNE steht f\u00fcr Bildung f\u00fcr nachhaltige Entwicklung.<\/p>\n<p>&nbsp;<\/p>\n<hr \/>\n<p>&nbsp;<\/p>\n<p>[\/vc_column_text][vc_column_text css=&#8220;&#8220;]<\/p>\n<h1 id=\"Fair\">Fair Handeln &#8211; Vielfalt erleben!<\/h1>\n<h2>Bundesweite Faire Woche vom 12. bis 26. September<\/h2>\n<p><img loading=\"lazy\" decoding=\"async\" class=\"size-medium wp-image-1531 alignleft\" src=\"https:\/\/weltlaeden.de\/betzdorf\/wp-content\/uploads\/sites\/176\/2025\/09\/Fair-Handeln1-300x200.jpg\" alt=\"\" width=\"300\" height=\"200\" srcset=\"https:\/\/weltlaeden.de\/betzdorf\/wp-content\/uploads\/sites\/176\/2025\/09\/Fair-Handeln1-300x200.jpg 300w, https:\/\/weltlaeden.de\/betzdorf\/wp-content\/uploads\/sites\/176\/2025\/09\/Fair-Handeln1-1024x683.jpg 1024w, https:\/\/weltlaeden.de\/betzdorf\/wp-content\/uploads\/sites\/176\/2025\/09\/Fair-Handeln1-768x512.jpg 768w, https:\/\/weltlaeden.de\/betzdorf\/wp-content\/uploads\/sites\/176\/2025\/09\/Fair-Handeln1-1536x1024.jpg 1536w, https:\/\/weltlaeden.de\/betzdorf\/wp-content\/uploads\/sites\/176\/2025\/09\/Fair-Handeln1.jpg 1701w\" sizes=\"auto, (max-width: 300px) 100vw, 300px\" \/>Betzdorf. Am Freitag, 12. September, startet die Faire Woche, Deutschlands gr\u00f6\u00dfte Aktionswoche f\u00fcr den Fairen Handel. Unter dem Motto \u201eFair handeln &#8211; Vielfalt erleben!&#8220; veranstalten Engagierte bis zum 26. September bundesweit Aktionen, damit sich mehr Verbraucher*innen f\u00fcr fairen Konsum entscheiden und engagieren. Im Weltladen in Betzdorf kann man sich einen \u00dcberblick \u00fcber die vielf\u00e4ltigen Angebote des Fairen Handels verschaffen.<\/p>\n<p>Bundesentwicklungsministerin Reem Alabali Radovan, Schirmherrin der Fairen Woche: \u201eDer Faire Handel ist ein lebendiges Beispiel f\u00fcr die Kraft der Vielfalt &#8211; einer Vielfalt, die nicht nur die faire Handelsbewegung umfasst, sondern auch die biologische Vielfalt der Erde sch\u00fctzt.\u201c Organisiert wird die Aktionswoche vom Forum Fairer Handel in ooperation mit dem Weltladen-Dachverband und Fairtrade Deutschland.<\/p>\n<p>In \u00fcber 70 L\u00e4ndern verbindet der Faire Handel Menschen, die sich mit ihrem Wissen und ihren F\u00e4higkeiten f\u00fcr eine nachhaltige Zukunft einsetzen. Entlang der Lieferketten sind unterschiedlichste Akteure vernetzt \u2013 von Produzent*innen fair gehandelter Erzeugnisse \u00fcber weiterverarbeitende Unternehmen und den Handel bis hin zu Fairen Kitas, Schulen und Kommunen. Dieses vielf\u00e4ltige Engagement \u2013 ob durch Produkte, Bildungsprojekte oder Kampagnen \u2013 treibt Fairness in Wirtschaft und Gesellschaft generations\u00fcbergreifend voran.<\/p>\n<p>\u201eVielfalt hei\u00dft f\u00fcr mich, Menschen in ihrer Einzigartigkeit zu respektieren \u2013 unabh\u00e4ngig von Herkunft, Kultur oder Perspektive\u201c, erkl\u00e4rt Nadeesha Madushani aus Sri Lanka. Sie ist Produktentwicklerin beim Fair-Handels-Unternehmen Selyn Fair Trade und wird im Rahmen der Fairen Woche bei verschiedenen Veranstaltungen in Deutschland berichten, was Vielfalt f\u00fcr ihr Unternehmen in der Praxis bedeutet. \u201eVielfalt bereichert \u2013 sie bringt neue Ideen, Erfahrungen und Sichtweisen, die sowohl Gemeinschaften als auch Arbeitspl\u00e4tze st\u00e4rken\u201c, fasst Madushani den Wert von Vielfalt zusammen.<\/p>\n<p>Mit schonenden Produktionsweisen tr\u00e4gt der Faire Handel zum Schutz und Erhalt der nat\u00fcrlichen Lebensgrundlagen bei. So auch Matilde Perdomo Romero und Merlin Urrea: Das Ehepaar aus Corqu\u00edn in Honduras ist Mitglied der Fairtrade-zertifizierten Kaffeekooperative CAFESCOR. Gemeinsam bewirtschaften sie zehn Hektar dicht bewaldetes Land. \u201eWir versuchen, im Einklang mit der Natur zu leben und auch unsere Kaffeeproduktion so zu gestalten \u2013 deswegen bauen wir zum Beispiel ausschlie\u00dflich Bio-Kaffee an.\u201c<\/p>\n<p>Menschen am Anfang der Lieferketten begleitet der Faire Handel dabei, sich an sich ver\u00e4ndernde Lebensbedingungen anzupassen und neue Vermarktungsm\u00f6glichkeiten und Einkommensquellen zu erschlie\u00dfen. Diese Vielfalt an Optionen st\u00e4rkt ihre Widerstandsf\u00e4higkeit gegen\u00fcber Krisen und schafft neue Zukunftsperspektiven. Doch Vielfalt ist in vielerlei Hinsicht bedroht. \u201eVieles, f\u00fcr das sich der Faire Handel seit vielen Jahren engagiert, steht momentan unter gro\u00dfem Druck: Gerechtigkeit, Nachhaltigkeit und Vielfalt sto\u00dfen bei Populist*innen auf Widerstand. Weltweit gibt es hier einen Backlash, hart erk\u00e4mpfte Rechte und Errungenschaften werden an vielen Stellen zur\u00fcckgeschraubt\u201c, warnt Bundesministerin Alabali Radovan.<\/p>\n<p>Der Verlust von Tier- und Pflanzenarten schreitet rasant voran, die Marktmacht gro\u00dfer Konzerne w\u00e4chst und gef\u00e4hrdet kleinere Anbieter, w\u00e4hrend nationalistische Tendenzen weltweit die gesellschaftliche Vielfalt bedrohen. Der Faire Handel setzt dem etwas entgegen: Er st\u00e4rkt Vielfalt \u2013 in der Natur, in der Wirtschaft und in unseren Gesellschaften. Jede*r Einzelne kann dazu beitragen, ob im Alltag, im privaten oder beruflichen Umfeld. Die Faire Woche bietet viele Ankn\u00fcpfungspunkte, Vielfalt zu bewahren und eine nachhaltige Zukunft zu gestalten.<\/p>\n<p>Veranstalter der Fairen Woche ist das Forum Fairer Handel e.V. in Kooperation mit Fairtrade Deutschland e.V. und dem Weltladen-Dachverband e.V. Die Faire Woche wird gef\u00f6rdert durch ENGAGEMENT GLOBAL mit Mitteln des Bundesministeriums f\u00fcr wirtschaftliche Zusammenarbeit und Entwicklung, durch Brot f\u00fcr die Welt mit Mitteln des Kirchlichen Entwicklungsdienstes sowie durch MISEREOR. Au\u00dferdem profitiert die Faire Woche von der finanziellen, fachlichen und ideellen Unterst\u00fctzung durch die Mitglieder vom Forum Fairer Handel.<\/p>\n<p>Umfangreiche Infos gibt es in einer Brosch\u00fcre zur <a href=\"https:\/\/www.faire-woche.de\/fileadmin\/user_upload\/media\/die_faire_woche\/Faire_Woche_2025\/Hintergrundbroschuere_FW_2025_RZ_ds.pdf\">Fairen Woche<\/a><\/p>\n<p>Ebenso gibt es leckere <a href=\"https:\/\/www.faire-woche.de\/fileadmin\/user_upload\/media\/die_faire_woche\/Faire_Woche_2025\/Rezeptheft_FW_2025_RZ_ds.pdf\">Rezepte<\/a> mit fair gehandelten Waren<\/p>\n<p>&nbsp;<\/p>\n<hr \/>\n<p>[\/vc_column_text][vc_column_text css=&#8220;&#8220;]<\/p>\n<h1 id=\"Preise\">Preissteigerungen bei Kaffee und Kakao<\/h1>\n<h2>Herausfordernde Zeiten \u2013 Bleiben Sie dem fairen Handel treu<\/h2>\n<p><img loading=\"lazy\" decoding=\"async\" class=\"size-medium wp-image-1526 alignleft\" src=\"https:\/\/weltlaeden.de\/betzdorf\/wp-content\/uploads\/sites\/176\/2025\/03\/Weltladen-Foto-Kaffee-Schoko-Tee-ausschnitt-251x300.jpg\" alt=\"\" width=\"251\" height=\"300\" srcset=\"https:\/\/weltlaeden.de\/betzdorf\/wp-content\/uploads\/sites\/176\/2025\/03\/Weltladen-Foto-Kaffee-Schoko-Tee-ausschnitt-251x300.jpg 251w, https:\/\/weltlaeden.de\/betzdorf\/wp-content\/uploads\/sites\/176\/2025\/03\/Weltladen-Foto-Kaffee-Schoko-Tee-ausschnitt-856x1024.jpg 856w, https:\/\/weltlaeden.de\/betzdorf\/wp-content\/uploads\/sites\/176\/2025\/03\/Weltladen-Foto-Kaffee-Schoko-Tee-ausschnitt-768x919.jpg 768w, https:\/\/weltlaeden.de\/betzdorf\/wp-content\/uploads\/sites\/176\/2025\/03\/Weltladen-Foto-Kaffee-Schoko-Tee-ausschnitt-1284x1536.jpg 1284w, https:\/\/weltlaeden.de\/betzdorf\/wp-content\/uploads\/sites\/176\/2025\/03\/Weltladen-Foto-Kaffee-Schoko-Tee-ausschnitt-1711x2048.jpg 1711w\" sizes=\"auto, (max-width: 251px) 100vw, 251px\" \/>Betzdorf. Sehr geehrte Kundinnen und Kunden des Weltladens in Betzdorf, die Preisentwicklung im internationalen Handel mit Kaffee, Kakao und anderen Nahrungsmitteln ist derzeit von extremen Wetterbedingungen und Ernteausf\u00e4llen gepr\u00e4gt.<\/p>\n<p>Hauptgrund hierf\u00fcr ist die Trockenheit in Brasilien, dem weltweit f\u00fchrenden Produzenten der Kaffeesorte Arabica.<\/p>\n<p>Brasilien erlebt aktuell die trockensten Wetterbedingungen seit 1981, was die Bl\u00fctezeit der Kaffeepflanzen beeintr\u00e4chtigt und bereits jetzt die Aussichten f\u00fcr die Ernte 2025\/26 verschlechtert.<\/p>\n<p>In Vietnam, dem gr\u00f6\u00dften Produzenten von Robusta-Kaffee, haben D\u00fcrreperioden die Ernte deutlich schlechter ausfallen lassen. Aktuell verz\u00f6gern starke Regenf\u00e4lle die Ernte weiter, da Kaffeefelder \u00fcberflutet sind.<\/p>\n<p>Die Kakaopreise sind auf Jahresh\u00f6chstst\u00e4nde gestiegen und n\u00e4hern sich Allzeithochs. Neben stark gesunkenen Erntemengen im vergangenen Jahr, besteht gro\u00dfe Unsicherheit \u00fcber die Entwicklung der aktuellen Mittelernte in Westafrika, der Hauptanbauregion. Trockenheit beeintr\u00e4chtigt hier die fr\u00fche Entwicklung der Kakaopflanzen.<\/p>\n<p>Der Markt f\u00fcr Kakao mit Bio- und Fairtrade-Zertifizierung ist besonders angespannt, da nur wenige L\u00e4nder und Lieferanten diese Produkte anbieten. Hier sind zus\u00e4tzliche Aufschl\u00e4ge erforderlich, die \u00fcber die \u00fcblichen Pr\u00e4mien hinausgehen. Aber auch bei den konventionellen Anbietern gibt es gro\u00dfe Preisanhebungen.<\/p>\n<p>Wir haben uns auch entschieden, keine Einwaagen-Reduzierungen vorzunehmen, wie das viele andere getan haben, um die Preisoptik zu verbessern.<\/p>\n<p>So kostet zum Beispiel eine bekannte Schweizer Schokoladenmarke bereits jetzt 3,99 \u20ac\/ 100 g, ohne bio &amp; fair zu sein. Kostet eine 80 g Tafel 3,49 \u20ac ist der 100 g Preis 4,36 \u20ac (!), und ist damit um fast 10 % teurer als eine 100 g GEPA-Schokolade f\u00fcr 3,99 \u20ac (entspricht 3,19 \u20ac\/ 80g).<\/p>\n<div id=\"attachment_1527\" style=\"width: 310px\" class=\"wp-caption alignleft\"><img loading=\"lazy\" decoding=\"async\" aria-describedby=\"caption-attachment-1527\" class=\"wp-image-1527 size-medium\" src=\"https:\/\/weltlaeden.de\/betzdorf\/wp-content\/uploads\/sites\/176\/2025\/03\/chart-kaffee-in-euro-5-jahre-stand-31.3.2025-300x153.jpg\" alt=\"\" width=\"300\" height=\"153\" srcset=\"https:\/\/weltlaeden.de\/betzdorf\/wp-content\/uploads\/sites\/176\/2025\/03\/chart-kaffee-in-euro-5-jahre-stand-31.3.2025-300x153.jpg 300w, https:\/\/weltlaeden.de\/betzdorf\/wp-content\/uploads\/sites\/176\/2025\/03\/chart-kaffee-in-euro-5-jahre-stand-31.3.2025-768x392.jpg 768w, https:\/\/weltlaeden.de\/betzdorf\/wp-content\/uploads\/sites\/176\/2025\/03\/chart-kaffee-in-euro-5-jahre-stand-31.3.2025.jpg 980w\" sizes=\"auto, (max-width: 300px) 100vw, 300px\" \/><p id=\"caption-attachment-1527\" class=\"wp-caption-text\">Hier eine Grafik zur Entwicklung der Kaffeepreise in Euro in den vergangenen f\u00fcnf Jahren mit Stand vom 31. M\u00e4rz 2025. Quelle: www.finanzen.net<\/p><\/div>\n<p>Wir danken Ihnen f\u00fcr Ihr Verst\u00e4ndnis und Ihre Unterst\u00fctzung in diesen heraus-fordernden Zeiten auch im Namen unserer Handelspartner im Globalen S\u00fcden.<\/p>\n<p>Wir hoffen, Sie bleiben den fair gehandelten und Bio-Produkten treu \u2013 nur mit solcher Unterst\u00fctzung k\u00f6nnen wir weiter zur Verbesserung der Bedingungen f\u00fcr Kleinb\u00e4uerinnen und -bauern im Welthandel beitragen.<\/p>\n<p>Damit tragen wir zus\u00e4tzlich auch zu einem Erhalt der Biodiversit\u00e4t und zum Klimaschutz bei.<\/p>\n<p>&nbsp;<\/p>\n<hr \/>\n<p>&nbsp;<\/p>\n<p>[\/vc_column_text][vc_column_text css=&#8220;&#8220;]<\/p>\n<h1 id=\"ostern25\">Startklar f\u00fcrs faire Osterfest<\/h1>\n<h2>Weltladen bietet nicht nur Schokoprodukte von Vollmilch bis Zartbitter<\/h2>\n<p><strong><img loading=\"lazy\" decoding=\"async\" class=\"size-medium wp-image-1524 alignleft\" src=\"https:\/\/weltlaeden.de\/betzdorf\/wp-content\/uploads\/sites\/176\/2025\/03\/WL-Ostern-2025-300x255.jpg\" alt=\"\" width=\"300\" height=\"255\" srcset=\"https:\/\/weltlaeden.de\/betzdorf\/wp-content\/uploads\/sites\/176\/2025\/03\/WL-Ostern-2025-300x255.jpg 300w, https:\/\/weltlaeden.de\/betzdorf\/wp-content\/uploads\/sites\/176\/2025\/03\/WL-Ostern-2025-1024x870.jpg 1024w, https:\/\/weltlaeden.de\/betzdorf\/wp-content\/uploads\/sites\/176\/2025\/03\/WL-Ostern-2025-768x653.jpg 768w, https:\/\/weltlaeden.de\/betzdorf\/wp-content\/uploads\/sites\/176\/2025\/03\/WL-Ostern-2025-1536x1306.jpg 1536w, https:\/\/weltlaeden.de\/betzdorf\/wp-content\/uploads\/sites\/176\/2025\/03\/WL-Ostern-2025-2048x1741.jpg 2048w\" sizes=\"auto, (max-width: 300px) 100vw, 300px\" \/><\/strong>Betzdorf. So l\u00e4uft der Hase, wenn es um Gerechtigkeit geht: Auch dieses Jahr bietet der Weltladen Betzdorf wieder eine Vielfalt an Schoko-Osterprodukten von Vollmilch bis Zartbitter: H\u00e4sinnen und Hasen, Riegel, T\u00e4felchen, Eier und auch das Osterlamm sind wieder dabei. Fr\u00fchlingshaft aufgetischt werden die Naschereien durch Wohnaccessoires wie Kerzenhalter aus Steinzeug sowie H\u00e4ngeschmuck aus Filz oder Origami.<\/p>\n<p>Viele Produkte sind handgefertigte Unikate z.B. aus Nepal. Im Fokus stehen Frauen, die ein eigenes Einkommen erwirtschaften. Als Osternest im Garten eignen sich die kleinen Korbschalen der Organisation Prokritee (Bangladesch), mit der speziell Frauen \u2013 meist Landlose \u2013 gef\u00f6rdert werden.. So konnten sich einige Frauen dank ihres Verdienstes eigenes Land kaufen. Zudem k\u00f6nnen sich Handwerker*innen z. B. an Sparprogrammen und Alphabetisierungskursen beteiligen sowie sich zu Gesundheit beraten lassen.<\/p>\n<p>Und mit Claims wie \u201eTaste a fair world!\u201c und der Botschaft \u201eDu hast es in der Hand\u201c m\u00f6chten wir gezielt mit Schoko-Riegeln j\u00fcngere Zielgruppen f\u00fcr den Fairen Handel gewinnen \u2013 auch zu Ostern als Geschenkidee zum Fest und f\u00fcrs Osternest<\/p>\n<p>Mehr Infos rund um die Riegel und unsere Markenkampagne auf <a href=\"https:\/\/public-eur.mkt.dynamics.com\/api\/orgs\/eb4d044e-6ccf-47ae-a5ab-dd72bb1d5366\/r\/fruXjzn4V0ahpuHeUMQAAAUAAAA?target=%7B%22TargetUrl%22%3A%22https%253A%252F%252Fwww.gepa.de%252Fgepa%252Fthemenspecials%252Fdankefuersriegeln.html%22%2C%22RedirectOptions%22%3A%7B%221%22%3Anull%7D%7D&amp;digest=tEI12uVKkxA9oS4afYWvIyIynA7Mb1MCiKvUvW1LRS8%3D&amp;secretVersion=7c13c22c20aa46a1b2fc8b71fde4d19a\">gepa.de\/dankef\u00fcrsriegeln<\/a><\/p>\n<p>&nbsp;<\/p>\n<hr \/>\n<p>&nbsp;<\/p>\n<p>[\/vc_column_text][vc_column_text css=&#8220;&#8220;]<\/p>\n<h1 id=\"Kakao\">Eine Erfolgsgeschichte: El Ceibo in Bolivien<\/h1>\n<h2>Kakao wird angebaut und vor Ort verarbeitet \u2013 Pionier des Fairen Handels<\/h2>\n<div id=\"attachment_1515\" style=\"width: 310px\" class=\"wp-caption alignleft\"><img loading=\"lazy\" decoding=\"async\" aria-describedby=\"caption-attachment-1515\" class=\"wp-image-1515 size-medium\" src=\"https:\/\/weltlaeden.de\/betzdorf\/wp-content\/uploads\/sites\/176\/2025\/01\/gepa-el-ceibo-baumschule-sapecho-_21__950403_A_Welsing-300x169.jpg\" alt=\"\" width=\"300\" height=\"169\" srcset=\"https:\/\/weltlaeden.de\/betzdorf\/wp-content\/uploads\/sites\/176\/2025\/01\/gepa-el-ceibo-baumschule-sapecho-_21__950403_A_Welsing-300x169.jpg 300w, https:\/\/weltlaeden.de\/betzdorf\/wp-content\/uploads\/sites\/176\/2025\/01\/gepa-el-ceibo-baumschule-sapecho-_21__950403_A_Welsing-1024x576.jpg 1024w, https:\/\/weltlaeden.de\/betzdorf\/wp-content\/uploads\/sites\/176\/2025\/01\/gepa-el-ceibo-baumschule-sapecho-_21__950403_A_Welsing-768x432.jpg 768w, https:\/\/weltlaeden.de\/betzdorf\/wp-content\/uploads\/sites\/176\/2025\/01\/gepa-el-ceibo-baumschule-sapecho-_21__950403_A_Welsing-1536x864.jpg 1536w, https:\/\/weltlaeden.de\/betzdorf\/wp-content\/uploads\/sites\/176\/2025\/01\/gepa-el-ceibo-baumschule-sapecho-_21__950403_A_Welsing.jpg 1920w\" sizes=\"auto, (max-width: 300px) 100vw, 300px\" \/><p id=\"caption-attachment-1515\" class=\"wp-caption-text\">In der Baumschule von El Ceibo. Foto: GEPA &#8211; The Fair Trade Company \/ A. Welsing<\/p><\/div>\n<p>Betzdorf\/Wuppertal. Der Kooperativen-Dachverband El Ceibo in Bolovien wurde 1977 gegr\u00fcndet, er hat ca. 1.200 Mitglieder, ist ein Pionier des Fairen Handels und ein Vorreiter des biologischen Anbaus. Die Produkte gibt es im Weltladen in Betzdorf.<\/p>\n<p>Der Kakao wird nicht nur angebaut, sondern vor Ort auch zu Kakaobutter, Kakaopulver und Schokolade verarbeitet. Mit seiner eigenen Schokoladen-Fabrik ist El Ceibo in Bolivien einmalig!<\/p>\n<p>GEPA kaufte 1987 das erste Mal Kakaopulver von El Ceibo und inzwischen ist El Ceibo unser wichtigster Lieferant f\u00fcr Kakaobutter aus dem Ursprung geworden: El Ceibo ist der einzige GEPA-Partner, der Kakaobutter selbst herstellen kann. Durch die Weiterverarbeitung verbleibt mehr Wertsch\u00f6pfung im Anbauland. Die Kakaobutter wird zur Herstellung von Schokolade und Schokoriegeln ben\u00f6tigt.<\/p>\n<p>Von der Fairtrade-Pr\u00e4mie bezahlt El Ceibo u.a. acht Techniker, die Bauern im biologischen Anbau und in der Agroforstwirtschaft beraten. Neben den Kakaob\u00e4umen stehen als Schattenb\u00e4ume z.B. Obstb\u00e4ume oder andere B\u00e4ume zur Holzgewinnung. Es wird auch intensiv zu robusten Kakaosorten geforscht, die dem Klimawandel standhalten.<\/p>\n<p>Seit zwei Jahren bietet die Kooperative ihren Mitgliedern den Service an, die teils hohen B\u00e4ume des Agroforstsystems mit professionellen Baumsteigern zu schneiden. Ein Angebot, das vor allem von den \u00e4lteren Mitgliedern dankend angenommen wird!<\/p>\n<p>Mehr Infos zum Partner auf der <a href=\"https:\/\/www.gepa.de\/produzenten\/partner\/el-ceibo.html#msdynttrid=7pWhew3T-fQCg3lpGQUwsvlduSP3nd1zrJv6-YMWXek\">GEPA-Homepage<\/a><\/p>\n<p>&nbsp;<\/p>\n<hr \/>\n<p>&nbsp;<\/p>\n<p>&nbsp;<\/p>\n<p>[\/vc_column_text][\/vc_column][\/vc_row][vc_row][vc_column][vc_column_text css=&#8220;&#8220;]<\/p>\n<h1 id=\"Zartbitter\">Bestnote \u201eGut\u201c f\u00fcr \u201eGEPA Grand Noir Zarte Bitter 70%\u201c<\/h1>\n<h2>\u00d6kotest pr\u00fcft Zartbitterschokoladen auf Firmenverantwortung und Inhalt<\/h2>\n<div id=\"attachment_1512\" style=\"width: 310px\" class=\"wp-caption alignleft\"><img loading=\"lazy\" decoding=\"async\" aria-describedby=\"caption-attachment-1512\" class=\"wp-image-1512 size-medium\" src=\"https:\/\/weltlaeden.de\/betzdorf\/wp-content\/uploads\/sites\/176\/2024\/12\/GEPA_Zarte_Bitter_70-300x200.jpg\" alt=\"\" width=\"300\" height=\"200\" srcset=\"https:\/\/weltlaeden.de\/betzdorf\/wp-content\/uploads\/sites\/176\/2024\/12\/GEPA_Zarte_Bitter_70-300x200.jpg 300w, https:\/\/weltlaeden.de\/betzdorf\/wp-content\/uploads\/sites\/176\/2024\/12\/GEPA_Zarte_Bitter_70-1024x683.jpg 1024w, https:\/\/weltlaeden.de\/betzdorf\/wp-content\/uploads\/sites\/176\/2024\/12\/GEPA_Zarte_Bitter_70-768x512.jpg 768w, https:\/\/weltlaeden.de\/betzdorf\/wp-content\/uploads\/sites\/176\/2024\/12\/GEPA_Zarte_Bitter_70-1536x1024.jpg 1536w, https:\/\/weltlaeden.de\/betzdorf\/wp-content\/uploads\/sites\/176\/2024\/12\/GEPA_Zarte_Bitter_70-2048x1365.jpg 2048w\" sizes=\"auto, (max-width: 300px) 100vw, 300px\" \/><p id=\"caption-attachment-1512\" class=\"wp-caption-text\">In der aktuellen Ausgabe \u00d6KO-TEST erzielt die GEPA mit ihrer Schokolade \u201eGrand Noir Zarte Bitter 70%\u201c (Artikel-Nr. 8901860) die Gesamtnote \u201egut\u201c und geh\u00f6rt damit zu den Testsiegern. Foto: GEPA \/ Giulia D\u2019Agate<\/p><\/div>\n<p>Wuppertal\/Betzdorf. \u00d6KO-TEST hebt u.a. die GEPA als besondere Empfehlung zum Fest hervor: In der aktuellen Ausgabe erzielt die GEPA mit ihrer Schokolade \u201eGrand Noir Zarte Bitter 70%\u201c (Artikel-Nr. 8901860) die beste Gesamtnote \u201egut\u201c. Sie ist damit laut \u00d6KO-TEST \u201esowohl im Testergebnis Inhaltsstoffe als auch bei den Anbaubedingungen des Kakaos im gr\u00fcnen Bereich\u201c. Testsieger wie die GEPA \u201egl\u00e4nzten mit den st\u00e4rksten ausreichend belegten Bem\u00fchungen.\u201c Bei Unternehmensverantwortung erhielt die GEPA die Note \u201egut\u201c, bei \u201eInhaltsstoffen \u201esehr gut\u201c, im Gegensatz zu einer Reihe von Markenanbietern, die schlechter abschnitten.<\/p>\n<p>Insgesamt hat \u00d6KO-TEST 21 Zartbitterschokoladen untersucht, darunter zehn Bio-Schokoladen wie die \u201eGrand Noir Zarte Bitter 70%\u201c. F\u00fcnf Mal vergab \u00d6KO-TEST Gesamtnote \u201egut\u201c, sieben Mal \u201ebefriedigend\u201c, f\u00fcnf Mal \u201eausreichend\u201c, zwei Mal \u201emangelhaft\u201c. Zwei Schokoladen fielen insgesamt mit \u201eungen\u00fcgend\u201c durch, darunter ein Discounter- und ein bekanntes Markenprodukt.<\/p>\n<p>Mehr Informationen gibt es <a href=\"https:\/\/www.gepa.de\/gepa\/presse\/pressemitteilung\/bestnote-gut-fuer-gepa-grand-noir-zarte-bitter-70.html#msdynttrid=GwA-uW8Y4sWvliXnbvVal01NhvBTCPmjHHg2sgSOGG0\">hier<\/a><\/p>\n<p>&nbsp;<\/p>\n<hr \/>\n<p>&nbsp;<\/p>\n<p>&nbsp;<\/p>\n<p>[\/vc_column_text][\/vc_column][\/vc_row][vc_row][vc_column][vc_column_text css=&#8220;&#8220;]<\/p>\n<h1 id=\"MV2024\">Faire Preise erm\u00f6glichen selbstbestimmte Entwicklung<\/h1>\n<h2>Weltladen Betzdorf w\u00e4hlt Vorstand &#8211; Projekte mit gut 3800 Euro unterst\u00fctzt<\/h2>\n<div id=\"attachment_1397\" style=\"width: 310px\" class=\"wp-caption alignleft\"><img loading=\"lazy\" decoding=\"async\" aria-describedby=\"caption-attachment-1397\" class=\"wp-image-1397 size-medium\" src=\"https:\/\/weltlaeden.de\/betzdorf\/wp-content\/uploads\/sites\/176\/2023\/11\/Weltladen-Foto-Kaffee-Schoko-Tee-300x239.jpg\" alt=\"\" width=\"300\" height=\"239\" srcset=\"https:\/\/weltlaeden.de\/betzdorf\/wp-content\/uploads\/sites\/176\/2023\/11\/Weltladen-Foto-Kaffee-Schoko-Tee-300x239.jpg 300w, https:\/\/weltlaeden.de\/betzdorf\/wp-content\/uploads\/sites\/176\/2023\/11\/Weltladen-Foto-Kaffee-Schoko-Tee-1024x816.jpg 1024w, https:\/\/weltlaeden.de\/betzdorf\/wp-content\/uploads\/sites\/176\/2023\/11\/Weltladen-Foto-Kaffee-Schoko-Tee-768x612.jpg 768w, https:\/\/weltlaeden.de\/betzdorf\/wp-content\/uploads\/sites\/176\/2023\/11\/Weltladen-Foto-Kaffee-Schoko-Tee-1536x1224.jpg 1536w, https:\/\/weltlaeden.de\/betzdorf\/wp-content\/uploads\/sites\/176\/2023\/11\/Weltladen-Foto-Kaffee-Schoko-Tee-scaled.jpg 2048w\" sizes=\"auto, (max-width: 300px) 100vw, 300px\" \/><p id=\"caption-attachment-1397\" class=\"wp-caption-text\">Bei der Mitgliederversammlung beschlossen Mitarbeiter des Weltladens Betzdorf, verschiedene Projekte mit insgesamt gut 3800 Euro zu unterst\u00fctzen. Am meisten gefragt sind im Laden Kaffee und Schokolade. Foto: Weltladen Betzdorf<\/p><\/div>\n<p>Betzdorf. Mit 3849 Euro unterst\u00fctzt der Aktionskreis \u201eEine-Welt-Handel\u201c, der in Betzdorf in der Bahnhofstra\u00dfe den Weltladen betreibt, verschiedene Projekte. Dies wurde bei der Mitgliederversammlung entschieden. Ebenso wurde der Vorstand neu gew\u00e4hlt.<\/p>\n<p>In seinem R\u00fcckblick verweist Aktionskreisvorsitzender Hermann Hesse auf die aktuellen Krisen in der Welt hin. \u201eDie Welt befindet sich in einem starken Wandel \u2013 sowohl klimatisch als auch politisch oder sozial. Vermehrte Starkregen, Eingriffe in die Belange afrikanischer L\u00e4nder z.B. China mit Landkauf und teuren Krediten, R\u00fccknahme bzw. Abschw\u00e4chung von Vertr\u00e4gen und Gesetzen z.B. Lieferkettengesetz oder Klimaabkommen aber auch Kriege, die neben menschlichem Leid eine starke Klimabelastung sowie Energie- und Ressourcenverbrauch zur Folge haben. Au\u00dferdem verschlingt die R\u00fcstung enorme Gelder, die f\u00fcr die Transformation von Wirtschaft und Infrastruktur n\u00f6tig sind\u201c, verdeutlichte er.<\/p>\n<p>\u201eDer Verein, der Tr\u00e4ger des Weltladens ist, wurde unter anderem gegr\u00fcndet, um eine Entwicklung in den L\u00e4ndern der damals sogenannten Dritten Welt zu f\u00f6rdern, Entwicklungen, die von den Betroffenen selbst\u00e4ndig oder in Zusammenarbeit mit kirchlichen oder sonstigen Hilfsorganisationen durchgef\u00fchrt werden. Au\u00dferdem wollte die Weltladenbewegung zeigen, dass eine Wirtschaftsform m\u00f6glich ist, die nicht ausbeutet, sondern den Produzenten ein existenzsicherndes Einkommen gibt\u201c, f\u00fchrte er weiter aus.<\/p>\n<p>\u201eFaire Preise erm\u00f6glichen den Menschen eine selbstbestimmte Entwicklung. So erm\u00f6glichen die Gewinne unseres Verkaufs eine Unterst\u00fctzung f\u00fcr Infrastrukturma\u00dfnahmen unserer Handelspartner. Inzwischen ist Fairtrade in unserer Gesellschaft bekannt und hat in Superm\u00e4rkten Einzug gehalten\u201c, wird verdeutlicht. Diese positive Entwicklung sei aber unter anderem ein Grund daf\u00fcr, dass der Umsatz im Weltladen in Betzdorf zur\u00fcckgehe.<\/p>\n<p>Verkaufsrenner im Laden sind Kaffee und Schokolade, Tee folgt danach.<\/p>\n<p>Der Weltladentag im Mai 2024 stand unter dem Motto \u201eF\u00fcr Klimasch\u00e4den Verantwortung \u00fcbernehmen\u201c, die Faire Woche \u201eFair und kein Grad mehr\u201c. Dazu gab es Informationen im Schaufenster, die in Beispielen zeigen, wie der Faire Handel zur Transformation beitr\u00e4gt.<\/p>\n<p>Christian Ferdinand informierte \u00fcber den Marktstand von \u201eNah dran\u201c. Dort werden auch Produkte aus dem Weltladen verkauft. Er stellt fest, dass es weniger Marktbesucher gibt. Er hat auch den Eindruck, dass die Menschen beim Einkaufen sparen. Das wirkt sich auch auf den Verkauf der Produkte aus dem Weltladen aus.<\/p>\n<p>Kassiererin Christel Schuh stellt den Kassenbericht des Weltladens sowie des Vereins Aktionskreis \u201eEine-Welt-Handel\u201c f\u00fcr das Jahr 2023 vor.<\/p>\n<p>Vorsitzender Hermann Hesse verdeutlicht, dass ein gro\u00dfes Problem weiterhin die Situation bei den Mitarbeitern sei. Hier werden dringen neue Leute gesucht, die ehrenamtlich mitarbeiten.<\/p>\n<p>Bei der Neuwahl des Vorstands wurden die bisherigen Mitglieder erneut f\u00fcr ihre Vorstandsposten vorgeschlagen und gew\u00e4hlt: Hermann Hesse (Vorsitzender), Karl-Heinz Dorka (stv. Vorsitzender), Andreas Neuser (Schriftf\u00fchrer) und Christel Schuh (Kassiererin).<\/p>\n<p>Als Spenden wurde beschlossen: 405 Euro f\u00fcr Kinderrechte-Projekt Preda (Aktion Schutzengel) auf den Philippinen (http:\/\/www.mangos-f\u00fcr-kinderrechte.de), 90 Euro f\u00fcr den Jahrmarkt Wissen f\u00fcr ein Ausbildungszentrum der Don Bosco Salesianer in Sri Lanka und 3290 Euro f\u00fcr zwei Misereorprojekte: Saubere Energie f\u00fcr Gesundheitsstationen in der Demokratischen Republik Kongo und Waldg\u00e4rten in Haiti.<\/p>\n<p>Zu beiden Projekten gibt es umfangreiche Infos im Internet unter: <a href=\"https:\/\/www.misereor.de\/spenden\/spendenprojekte\/afrika-saubere-energie-fuer-krankenhaeuser\">https:\/\/www.misereor.de\/spenden\/spendenprojekte\/afrika-saubere-energie-fuer-krankenhaeuser<\/a><\/p>\n<p><a href=\"https:\/\/www.misereor.de\/spenden\/spendenprojekte\/projekt\/haiti-waldgaerten\">https:\/\/www.misereor.de\/spenden\/spendenprojekte\/projekt\/haiti-waldgaerten<\/a><\/p>\n<p>64 Euro gab es bei der Radtour zur Fairen Woche als Spende. Das Geld geht wieder in das vom Weltladen Betzdorf unterst\u00fctze Regenwaldprojekt am Amazonas: <a href=\"https:\/\/regenwald-institut.de\/unser-regenwald\/\">https:\/\/regenwald-institut.de\/unser-regenwald\/<\/a><\/p>\n<p>&nbsp;<\/p>\n<hr \/>\n<p>&nbsp;<\/p>\n<p>[\/vc_column_text][vc_column_text]<\/p>\n<p>[\/vc_column_text][\/vc_column][\/vc_row][vc_row][vc_column][vc_column_text css=&#8220;&#8220;]<\/p>\n<h1 id=\"Weihschoko\">Weihnachtsleckereien fair gehandelt<\/h1>\n<h2>Adventskalender, Nikolaus und Schokolade im Weltladen<\/h2>\n<p><img loading=\"lazy\" decoding=\"async\" class=\"size-medium wp-image-1484 alignleft\" src=\"https:\/\/weltlaeden.de\/betzdorf\/wp-content\/uploads\/sites\/176\/2024\/11\/IMG_8605-272x300.jpg\" alt=\"\" width=\"272\" height=\"300\" srcset=\"https:\/\/weltlaeden.de\/betzdorf\/wp-content\/uploads\/sites\/176\/2024\/11\/IMG_8605-272x300.jpg 272w, https:\/\/weltlaeden.de\/betzdorf\/wp-content\/uploads\/sites\/176\/2024\/11\/IMG_8605-930x1024.jpg 930w, https:\/\/weltlaeden.de\/betzdorf\/wp-content\/uploads\/sites\/176\/2024\/11\/IMG_8605-768x846.jpg 768w, https:\/\/weltlaeden.de\/betzdorf\/wp-content\/uploads\/sites\/176\/2024\/11\/IMG_8605.jpg 1211w\" sizes=\"auto, (max-width: 272px) 100vw, 272px\" \/>Betzdorf. Vers\u00fc\u00dfen Sie sich und Ihren Lieben die Advents- und Weihnachtszeit mit unseren k\u00f6stlichen Weihnachtsleckereien, meist in Bio-Qualit\u00e4t. Ein fair gehandelter Bio-Adventskalender mit Schokolade gef\u00fcllt verk\u00fcrzt das Warten auf Heiligabend. Weiterhin gibt es im Weltladen in Betzdorf aktuell Bio-Weihnachtsschokolade mit Spekulatiusgew\u00fcrz sowie den Schoko-Nikolaus in verschiedenen Gr\u00f6\u00dfen.<\/p>\n<p><strong>Schoko-Adventskalender:<\/strong> 24x auf Weihnachten freuen. Das Motiv des diesj\u00e4hrigen GEPA-Adventskalenders stammt von der britischen K\u00fcnstlerin Justine Kimmer. Nach ihrem Illustrations-Studium arbeitete Kimmer zun\u00e4chst als angestellte Grafikerin, bevor sie sich als freie Illustratorin s\u00fcdlich von London niederlie\u00df. Sie arbeitet gern mit Acrylfarben und bearbeitet ihre Bilder im Anschluss digital. Auf dem Adventskalender f\u00fcr 2024 stellen wir unseren Partner \u201eSindyanna of Galilee\u201c aus Israel vor, von dem wir Mandeln f\u00fcr unsere Nougat Kakao Mandeln beziehen. Arabische und j\u00fcdische Frauen arbeiten hier seit vielen Jahren gut zusammen und verarbeiten und verpacken regionale landwirtschaftliche Produkte. Die Mandeln werden im Dorf Iksal s\u00fcdlich von Nazareth angebaut. In dieser Region war der \u00dcberlieferung zufolge Jesus zu Hause.<\/p>\n<p>Hinter den 24 T\u00fcrchen verbirgt sich leckere bio-faire Vollmilchschokolade. Dabei stammen nicht nur Kakao und Zucker aus Fairem Handel und Bio-Anbau, sondern auch die Alpenmilch aus Deutschland \u2013 rundum fair in S\u00fcd und Nord.<\/p>\n<p>Das Motiv von Justine Kimmer findet sich au\u00dferdem auf unseren Bio-Weihnachtsschokoladen.<\/p>\n<p><strong>Bio Schoko-Nikolaus:<\/strong> Was w\u00e4re Weihnachten ohne den beliebten \u201eechten\u201d Bio Schoko-Nikolaus, originalgetreu mit Mitra und Bischofsstab, aus Fairem Handel? Diesen gibt es f\u00fcr jeden Anlass und Geschmack: im praktischen Zehnerpack \u2013 ideal zum Verschenken f\u00fcr Freunde, Familie und Kolleginnen \u2013 sowie als Hohlfigur in 28 und 65 Gramm. Der Schoko-Nikolaus in Bio-Qualit\u00e4t ist durch schonendes und langes Conchieren besonders zart. Ein herrlicher Genuss zur Weihnachtszeit f\u00fcr Klein und Gro\u00df. F\u00fcr den Nikolausstiefel, Weihnachtsteller, als kleine Aufmerksamkeit f\u00fcr Familie, Freunde oder Arbeitskollegen.<\/p>\n<p>Besonderheiten auf einen Blick: ohne Emulgatoren, daf\u00fcr schonendes und sorgf\u00e4ltiges Conchieren der Schokoladenmasse. Der leckerer Nikolaus kommt nun ohne Haselnussmark aus. Kakaobutter ist das einzig eingesetzte Fett. Infos zur Herstellung gibt es in einem Video:<\/p>\n<p><a href=\"https:\/\/www.gepa-shop.de\/schoko-nikolaus-bio.html\">https:\/\/www.gepa-shop.de\/schoko-nikolaus-bio.html<\/a><\/p>\n<p><strong>Weihnachts-Schokolade mit Spekulatiusgew\u00fcrz:<\/strong> \u00dcberall duftet es so herrlich nach Weihnachten und das macht richtig Lust aufs Naschen. Unsere kleine Weihnachtsschokolade wurde mit einer feinen Gew\u00fcrzmischung aus u.a. Zimt, Nelken und Ingwer abgeschmeckt und ist die ideale kleine Nasch-Portion. Das K\u00fcnstlerbild, das Sie auf unserem Adventskalender finden, schm\u00fcckt auch unsere Weihnachtsschokolade. Die Spekulatiusgew\u00fcrzmischung gibt dieser Schokolade das besondere Etwas.<\/p>\n<p>&nbsp;<\/p>\n<hr \/>\n<p>&nbsp;<\/p>\n<p>[\/vc_column_text][vc_column_text css=&#8220;&#8220;]<\/p>\n<h1 id=\"Fairewocheklima\">Faire Woche im Zeichen von Klimagerechtigkeit<\/h1>\n<h2>Weltladen Betzdorf informiert \u00fcber die Bedeutung von B\u00e4umen<\/h2>\n<p><img loading=\"lazy\" decoding=\"async\" class=\"size-medium wp-image-1480 alignleft\" src=\"https:\/\/weltlaeden.de\/betzdorf\/wp-content\/uploads\/sites\/176\/2024\/09\/IMG_8117-300x225.jpg\" alt=\"\" width=\"300\" height=\"225\" srcset=\"https:\/\/weltlaeden.de\/betzdorf\/wp-content\/uploads\/sites\/176\/2024\/09\/IMG_8117-300x225.jpg 300w, https:\/\/weltlaeden.de\/betzdorf\/wp-content\/uploads\/sites\/176\/2024\/09\/IMG_8117-1024x768.jpg 1024w, https:\/\/weltlaeden.de\/betzdorf\/wp-content\/uploads\/sites\/176\/2024\/09\/IMG_8117-768x576.jpg 768w, https:\/\/weltlaeden.de\/betzdorf\/wp-content\/uploads\/sites\/176\/2024\/09\/IMG_8117-1536x1152.jpg 1536w, https:\/\/weltlaeden.de\/betzdorf\/wp-content\/uploads\/sites\/176\/2024\/09\/IMG_8117.jpg 2048w\" sizes=\"auto, (max-width: 300px) 100vw, 300px\" \/>Betzdorf. Die bundesweite Aktionswoche des Fairen Handels findet vom 13. bis 27. September 2024 unter dem Motto \u201eFair. Und kein Grad mehr!&#8220; statt. Angesichts der Klimakrise ist es von entscheidender Bedeutung, dass jeder seinen Handlungsspielraum erkennt und nutzt. Auch der Weltladen Betzdorf ist mit seinen ehrenamtlichen Mitarbeitern mit dabei. Im Weltladen in der Bahnhofstra\u00dfe gibt es zwei Beispiele f\u00fcr Produkte (Kakao und Honig), die aufzeigen, wie fairer Handel und Klimagerechtigkeit zusammenh\u00e4ngen.<\/p>\n<p>Die Kakao-Kooperative Cooproagro in der Dominikanischen Republik ist ein wichtiger Partner der GEPA (Gesellschaft zur F\u00f6rderung der Partnerschaft mit der Dritten Welt). Zurzeit geh\u00f6ren ca. 2000 Kakaob\u00e4uerinnen und Bauern zu der Kakao-Kooperative. Dort wird der Aufbau eines dynamischen Agroforstsystems unterst\u00fctzt. Dabei wird der Kakao in Mischkultur mit anderen Kultur- und Schattenpflanzen angebaut. Neben dem Kakao bauen die Familien Bananen, Kokosn\u00fcsse, Zitrusfr\u00fcchte, S\u00fc\u00dfkartoffeln und Gem\u00fcse f\u00fcr den eigenen Bedarf an. Ein Team von Agraringenieuren der Waldbewirtschaftung ber\u00e4t alle Mitglieder der Kooperative um die Bodenfruchtbarkeit zu verbessern &#8211; was auch den Kakaoertrag erh\u00f6ht. Dieses Team kontrolliert auch Jahr f\u00fcr Jahr jede einzelne Parzelle. Dar\u00fcber hinaus organisiert es Workshops, Exkursionen und Schulungen<\/p>\n<p>Der Honig-Partner Copichajulense in Guatemala wurde von der GEPA bei der Biozertifizierung unterst\u00fctzt. Um die Abholzung von B\u00e4umen zu verhindern, soll auch Bewusstsein f\u00fcr die Bedeutung von B\u00e4umen im \u00d6ko-System geschaffen werden. Bei diesem Partner werden Baumpflanz-Projekte und Schulungen sehr erfolgreich gef\u00f6rdert. Die Imkerei f\u00f6rdert grunds\u00e4tzlich die Biodiversit\u00e4t und tr\u00e4gt damit zum Schutz der Umwelt bei. F\u00fcr ihr Wiederaufforstungsprojekt kauft der Honigpartner Setzlinge ein, was mit Mitteln des GEPA Handelspartnerfonds unterst\u00fctzt wird. Diese Setzlinge verteilt die Kooperative an die Mitglieder.<\/p>\n<p>\u201eDie globale Klimakrise ist eine der gr\u00f6\u00dften Herausforderung unserer Zeit. Weltweit sind Menschen von ihren Folgen betroffen. Besonders Kleinbauer und Kleinb\u00e4uerinnen und Kleinproduzenten in L\u00e4ndern der s\u00fcdlichen Halbkugel leiden unter extremen Wetterbedingungen. Auch wenn sie am wenigsten zum Klimawandel beitragen, bedrohen D\u00fcrren, \u00dcberschwemmungen und St\u00fcrme ihre Existenz in hohem Ma\u00dfe\u201c, verdeutlichen die Mitarbeiter des Betzdorfer Weltladens. So m\u00fcssten Treibhausgase reduziert, fossile Energien ersetzt und Geld f\u00fcr die internationale Klimafinanzierung bereitgestellt werden.<\/p>\n<p>Die Faire Woche ist mit j\u00e4hrlich rund 2000 Aktionen die bundesweit gr\u00f6\u00dfte Aktionswoche des Fairen Handels in Deutschland.<\/p>\n<p>&nbsp;<\/p>\n<hr \/>\n<p>&nbsp;<\/p>\n<p>[\/vc_column_text][vc_column_text css=&#8220;&#8220;]<\/p>\n<h1 id=\"Sonnenglas\">Blauer Engel f\u00fcr Sonnenglas<\/h1>\n<h2>Innovation aus S\u00fcdafrika erh\u00e4lt als erste Solarlampe das Umweltzeichen<\/h2>\n<div id=\"attachment_1471\" style=\"width: 310px\" class=\"wp-caption alignleft\"><img loading=\"lazy\" decoding=\"async\" aria-describedby=\"caption-attachment-1471\" class=\"size-medium wp-image-1471\" src=\"https:\/\/weltlaeden.de\/betzdorf\/wp-content\/uploads\/sites\/176\/2024\/08\/Sonnenglas-300x196.jpg\" alt=\"\" width=\"300\" height=\"196\" srcset=\"https:\/\/weltlaeden.de\/betzdorf\/wp-content\/uploads\/sites\/176\/2024\/08\/Sonnenglas-300x196.jpg 300w, https:\/\/weltlaeden.de\/betzdorf\/wp-content\/uploads\/sites\/176\/2024\/08\/Sonnenglas-1024x670.jpg 1024w, https:\/\/weltlaeden.de\/betzdorf\/wp-content\/uploads\/sites\/176\/2024\/08\/Sonnenglas-768x502.jpg 768w, https:\/\/weltlaeden.de\/betzdorf\/wp-content\/uploads\/sites\/176\/2024\/08\/Sonnenglas-1536x1004.jpg 1536w, https:\/\/weltlaeden.de\/betzdorf\/wp-content\/uploads\/sites\/176\/2024\/08\/Sonnenglas.jpg 2048w\" sizes=\"auto, (max-width: 300px) 100vw, 300px\" \/><p id=\"caption-attachment-1471\" class=\"wp-caption-text\">Foto: Sonnenglas<\/p><\/div>\n<p>Betzdorf\/Neufeld. Sonnenglas\u00ae hat als erster Hersteller das renommierte Umweltzeichen \u201eBlauer Engel&#8220; f\u00fcr seine Solar-Innovationen erhalten. Diese Auszeichnung best\u00e4tigt die Umweltvertr\u00e4glichkeit und Nachhaltigkeit der Sonnenglas\u00ae Produkte. Produkte von Sonnenglas gibt es auch im Weltladen in Betzdorf.<\/p>\n<p>Das Umweltzeichen <a href=\"http:\/\/www.blauer-engel.de\">&#8222;Blauer Engel&#8220;<\/a> wird nur an Produkte verliehen, die besonders umweltschonend sind. Es ist seit \u00fcber 40 Jahren ein verl\u00e4ssliches Zeichen f\u00fcr nachhaltige Produkte und Dienstleistungen. Das Fraunhofer-Institut f\u00fcr Solare Energiesysteme ISE in Freiburg, das gr\u00f6\u00dfte Solarforschungsinstitut Europas, hat das Herzst\u00fcck der Sonnenglas\u00ae Solarlaterne, das SOMO Sonnenmodul, entsprechend der Anforderungen der Blauer Engel-Vergabekriterien getestet.<\/p>\n<p>\u201eWir sind unglaublich stolz darauf, dass unsere Solarlampe als erste \u00fcberhaupt mit dem Blauen Engel ausgezeichnet wurde. Diese Anerkennung unterstreicht unser Engagement f\u00fcr Nachhaltigkeit und Umweltschutz. Wir m\u00f6chten den Menschen weltweit eine umweltfreundliche Lichtquelle bieten und gleichzeitig die Umwelt sch\u00fctzen,\u201c sagte Stefan Neubig, Gr\u00fcnder und CEO von Sonnenglas\u00ae.<\/p>\n<p>Die Sonnenglas\u00ae Solarprodukte zeichnen sich durch ihre innovative Technologie und die Verwendung nachhaltiger Materialien aus. Alle Produkte werden unter fairen Bedingungen in S\u00fcdafrika hergestellt und kombinieren modernes Design mit Umweltbewusstsein. Das Sonnenmodul speichert tags\u00fcber Sonnenenergie und gibt sie bei Bedarf als Licht ab, was es zu einer idealen L\u00f6sung f\u00fcr Outdoor-Aktivit\u00e4ten, Notbeleuchtung und dekorative Zwecke macht.<\/p>\n<p>Die Verleihung des Blauen Engels ist ein weiterer Meilenstein in der Erfolgsgeschichte von Sonnenglas\u00ae. Das Unternehmen plant, seine Produktpalette weiter zu erweitern und kontinuierlich in nachhaltige Innovationen zu investieren.<\/p>\n<p>Die Sonnenglas GmbH ist ein f\u00fchrender Anbieter von nachhaltigen Solar-Beleuchtungsl\u00f6sungen. Seit der Gr\u00fcndung im Jahr 2013 hat das Fair-Trade-zertifizierte Unternehmen sich zum Ziel gesetzt, durch innovative Solarprodukte einen Beitrag zum Umweltschutz zu leisten. Neben dem \u00f6kologischen Aspekt spielt auch der Social Impact eine gro\u00dfe Rolle bei Sonnenglas: Gefertigt wird in der eigenen Manufaktur in Johannesburg, S\u00fcdafrika, in der 65 Menschen ein sicherer und fairer Arbeitsplatz geboten wird.<\/p>\n<p>Mehr zum sozialen und \u00f6kologischen Impact unter <a href=\"http:\/\/www.sonnenglas.net\">www.sonnenglas.net<\/a><\/p>\n<p>&nbsp;<\/p>\n<hr \/>\n<p>&nbsp;<\/p>\n<p>[\/vc_column_text][vc_column_text css=&#8220;&#8220;]<\/p>\n<h1 id=\"Mangokokos\">Mangos mit Kokos: lecker<\/h1>\n<h2>Ein Konfekt im Weltladen \u2013 50 Jahre Preda<\/h2>\n<p><img loading=\"lazy\" decoding=\"async\" class=\"size-medium wp-image-1465 alignleft\" src=\"https:\/\/weltlaeden.de\/betzdorf\/wp-content\/uploads\/sites\/176\/2024\/06\/Mangos-300x248.jpg\" alt=\"\" width=\"300\" height=\"248\" srcset=\"https:\/\/weltlaeden.de\/betzdorf\/wp-content\/uploads\/sites\/176\/2024\/06\/Mangos-300x248.jpg 300w, https:\/\/weltlaeden.de\/betzdorf\/wp-content\/uploads\/sites\/176\/2024\/06\/Mangos-1024x846.jpg 1024w, https:\/\/weltlaeden.de\/betzdorf\/wp-content\/uploads\/sites\/176\/2024\/06\/Mangos-768x635.jpg 768w, https:\/\/weltlaeden.de\/betzdorf\/wp-content\/uploads\/sites\/176\/2024\/06\/Mangos-1536x1269.jpg 1536w, https:\/\/weltlaeden.de\/betzdorf\/wp-content\/uploads\/sites\/176\/2024\/06\/Mangos.jpg 1830w\" sizes=\"auto, (max-width: 300px) 100vw, 300px\" \/>Betzdorf. Getrocknete Mangos in Streifen gibt es bereits seit vielen Jahren im Weltladen in Betzdorf. Jetzt werden sie erg\u00e4nzt durch Mango-Kokos-Konfekt. Das ist eine herrliche Verbindung aus fruchtiger Mango und exotischer Kokosnuss. Entdecken Sie das Aroma-Erlebnis aus 60 Prozent Mango und 20 Prozent Kokosnuss.<\/p>\n<p>Dieses Aroma-Erlebnis der erfolgreichen Kooperation der Fairhandelsgenossenschaft dwp eG und dem Kinderschutzzentrum Preda\/Philippinen zu verdanken. Die f\u00fcr diese B\u00e4llchen verwendeten Mangos sind die Original Carabao-Mangos. Sehr lecker!<\/p>\n<p>Die philippinische Kinderschutzorganisation PREDA um Pater Shay Cullen &#8222;k\u00e4mpft&#8220; bereits seit einem halben Jahrhundert unerm\u00fcdlich f\u00fcr die Rechte von Kindern und Jugendlichen und f\u00f6rdert gemeinsam mit WeltPartner den Fairen Handel. Als langj\u00e4hriger Partner von PREDA m\u00f6chten wir diesen besonderen Meilenstein in 2024 feiern und gleichzeitig auf unsere gemeinsamen Erfolge zur\u00fcckblicken.<\/p>\n<p>Bereits seit den Anf\u00e4ngen von WeltPartner vor \u00fcber 35 Jahren, existiert unsere besondere Partnerschaft mit PREDA auf den Philippinen, die seitdem einen bedeutenden Unterschied im Leben tausender Menschen ausgemacht hat. Durch unser Fair Trade-Mango-Projekt konnten wir nicht nur die Lebensgrundlage von Kleinbauernfamilien st\u00e4rken, sondern auch Kinder vor Ausbeutung sch\u00fctzen. Die hochwertig-leckeren Produkte von PREDA haben in zahlreichen Ladengesch\u00e4ften eine gro\u00dfe Fangemeinde und zeigen, dass bewusster Konsum von fair gehandelten Produkten einen echten, nachhaltig positiven Einfluss haben kann. Unsere Partnerschaft mit PREDA steht f\u00fcr gemeinsame Werte und den Glauben an eine bessere Zukunft f\u00fcr alle. Zusammen haben wir vor \u00fcber 30 Jahren als Erster das Bestseller-Produkt \u201egetrocknete, fair gehandelte Mangos\u201c auf den europ\u00e4ischen Markt gebracht und \u00fcber den Verkauf Millionenfach Bewusstsein f\u00fcr die Rechte von Kindern und Kampagnen gegen sexuelle Ausbeutung geschaffen. Diese Zusammenarbeit ist ein starkes Beispiel daf\u00fcr, wie Kinderschutzarbeit und der Faire Handel Hand in Hand gehen k\u00f6nnen. Das geschafft zu haben, darauf sind Preda und WeltPartner auch stolz!<\/p>\n<p>Mehr Infos gibt es <a href=\"https:\/\/www.weltpartner.de\/de\/blog\/203-50-jahre-preda\">hier<\/a><\/p>\n<p>&nbsp;<\/p>\n<hr \/>\n<p>&nbsp;<\/p>\n<p>[\/vc_column_text][vc_column_text]<\/p>\n<h1 id=\"Gie\u00dfkanne\">Gie\u00dfkannen zieren Weltladen Betzdorf<\/h1>\n<h2>Fairer Handel hilft direkt &#8211; Aktionstag f\u00fcr Klimagerechtigkeit<\/h2>\n<p><img loading=\"lazy\" decoding=\"async\" class=\"size-medium wp-image-1459 alignleft\" src=\"https:\/\/weltlaeden.de\/betzdorf\/wp-content\/uploads\/sites\/176\/2024\/05\/WL-Klima-Schaufenster-300x262.jpg\" alt=\"\" width=\"300\" height=\"262\" srcset=\"https:\/\/weltlaeden.de\/betzdorf\/wp-content\/uploads\/sites\/176\/2024\/05\/WL-Klima-Schaufenster-300x262.jpg 300w, https:\/\/weltlaeden.de\/betzdorf\/wp-content\/uploads\/sites\/176\/2024\/05\/WL-Klima-Schaufenster.jpg 731w\" sizes=\"auto, (max-width: 300px) 100vw, 300px\" \/>Betzdorf. Gie\u00dfkannen zieren den Weltladen in Betzdorf. Sie sind ein Beitrag zum internationalen Tag des Fairen Handels am Samstag, 11. Mai. Aus diesem Anlass gibt es den bundesweiten Weltladentag unter dem Motto \u201eF\u00fcr Klimasch\u00e4den Verantwortung \u00fcbernehmen\u201c.<\/p>\n<p>Symbolisch stehen die Gie\u00dfkannen im Betzdorfer Weltladen daf\u00fcr, dass durch Fairen Handel direkt ein Beitrag zu mehr Klimagerechtigkeit geleistet wird. Ein trockener Ast kann wieder zum Bl\u00fchen gebracht werden. Dazu braucht es mehr Fairen Handel, Schutz von besonders betroffenen Personen (Kleinbauern und Kleinproduzenten), Geld zur Anpassung an den Klimawandel und Geld zur Beseitigung von Klimasch\u00e4den, die besonders von den Industriel\u00e4ndern verursacht wurden und werden. Menschen, die am wenigsten zur Klimakrise beigetragen haben, leiden heute oft am st\u00e4rksten unter den Folgen. Kleinbauern und Kleinproduzenten, deren Lebensgrundlagen durch Extrem-Wetterereignisse massiv bedroht sind, brauchen eine M\u00f6glichkeit, schnell und unb\u00fcrokratisch Gelder zum Wiederaufbau zu bekommen. Der auf der Welt-Klimakonferenz 2023 beschlossene Fonds f\u00fcr Sch\u00e4den und Verluste ist eine wichtige Ma\u00dfnahme auf dem Weg zu mehr Klimagerechtigkeit, jedoch reichen die derzeit zur Verf\u00fcgung gestellten Mittel nicht einmal aus, um ein Prozent der weltweiten klimabedingten Sch\u00e4den und Verluste zu bezahlen. Die verursachenden L\u00e4nder der Klimakrise stehen in der Verantwortung, deutlich mehr Gelder f\u00fcr den Fonds zur Verf\u00fcgung zu stellen, so Mitarbeiter des Weltladens Betzdorf.<\/p>\n<p>Der Weltladen Betzdorf leistet bereits seit Jahrzehnten durch den Verkauf fair gehandelter Waren auch einen Beitrag f\u00fcr Klimagerechtigkeit. Hier einmal zwei Beispiele:<\/p>\n<p>Der kleine Inselstaat S\u00e3o Tom\u00e9 e Pr\u00edncipe liegt vor der K\u00fcste Kameruns. 2008 wurde dort eine Kakaokooperative gegr\u00fcndet, um die Lage der Bauernfamilien zu verbessern. Die Mitglieder der Kooperative nutzen die Chancen, die im Fairen Handel liegen: Sie engagieren sich sehr f\u00fcr die Kakao-Qualit\u00e4t, den Bio-Anbau und f\u00fcr den Umweltschutz. Seit 2020 wird dort ihr Aufforstungsprojekt zum Teil von der GEPA und somit durch Kunden des Weltladens finanziert. Vor Ort werden die Bohnen fermentiert und getrocknet. Der Kakao wird zum Beispiel in den Schokoriegeln verwendet.<\/p>\n<p>Ebenso gibt es im Weltladen Betzdorf Produkte (Seifen) aus dem Regenwald, denn wenn wir unser Klima erhalten wollen, m\u00fcssen wir handeln und die Regenw\u00e4lder sch\u00fctzen. Der Weltladen hat inzwischen aus seinem Gewinn auch Patenschaften \u00fcber einige Quadratmeter Regenwald \u00fcbernommen.<\/p>\n<p>&nbsp;<\/p>\n<hr \/>\n<p>&nbsp;<\/p>\n<p>[\/vc_column_text][vc_column_text]<\/p>\n<h1 id=\"Riegel\">Schokoladig: Gerechtigkeit als \u201eZutat\u201c<\/h1>\n<h2>Neuer Auftritt mit verj\u00fcngtem Riegelsortiment \u2013 Zw\u00f6lf Sorten<\/h2>\n<p><img loading=\"lazy\" decoding=\"async\" class=\"size-medium wp-image-1445 alignleft\" src=\"https:\/\/weltlaeden.de\/betzdorf\/wp-content\/uploads\/sites\/176\/2022\/02\/WL-Riegel2-IMG_7194-002-300x193.jpg\" alt=\"\" width=\"300\" height=\"193\" srcset=\"https:\/\/weltlaeden.de\/betzdorf\/wp-content\/uploads\/sites\/176\/2022\/02\/WL-Riegel2-IMG_7194-002-300x193.jpg 300w, https:\/\/weltlaeden.de\/betzdorf\/wp-content\/uploads\/sites\/176\/2022\/02\/WL-Riegel2-IMG_7194-002-1024x659.jpg 1024w, https:\/\/weltlaeden.de\/betzdorf\/wp-content\/uploads\/sites\/176\/2022\/02\/WL-Riegel2-IMG_7194-002-768x494.jpg 768w, https:\/\/weltlaeden.de\/betzdorf\/wp-content\/uploads\/sites\/176\/2022\/02\/WL-Riegel2-IMG_7194-002-1536x989.jpg 1536w, https:\/\/weltlaeden.de\/betzdorf\/wp-content\/uploads\/sites\/176\/2022\/02\/WL-Riegel2-IMG_7194-002-scaled.jpg 2048w\" sizes=\"auto, (max-width: 300px) 100vw, 300px\" \/>Betzdorf\/Wuppertal. Vorhang auf f\u00fcr die Markenkampagne der GEPA: Mit einem neuen Claim \u201eTaste a fair world!\u201c im Logo und einer umfassenden Digital-Kampagne hat das Fair Handelsunternehmen GEPA jetzt einen Marken-Relaunch der Schoko-Riegel eingeleitet. Damit sch\u00e4rft die Fair Trade-Vorreiterin ihr Markenbild und fokussiert sich auf ihren Kernwert \u201eGerechtigkeit\u201c.<\/p>\n<p>Das spiegelt auch das neue verj\u00fcngte Schoko-Riegelsortiment in zw\u00f6lf Sorten hochwertiger Bio-Riegel inklusive drei neuer Varianten: der vegane \u201ecookie &amp; choc fairness\u201c, der \u201ecaramel crunch fairness\u201c und der \u201ecoffee crunch fairness\u201c. Das Design ist nicht nur visuell modernisiert, sondern es verbindet auch Genuss und Haltung: \u201efairness\u201c ist hier Bestandteil des Produktnamens.<\/p>\n<p>Um Fairness und bewussten Genuss anhand der Riegel in der Breite bekannter zu machen, begleitet eine digitale Kampagne den Marken-Relaunch. Mit der \u00fcbergeordneten Botschaft \u201eDu hast es in der Hand\u201c sollen neue und j\u00fcngere Verbraucher*innen ermutigt werden, Gerechtigkeit in den Mittelpunkt ihrer (Kauf-) Entscheidungen zu stellen und sich f\u00fcr mehr Fairness zu engagieren. Das Ergebnis einer von der GEPA initiierten Marktforschung hatte gezeigt, dass nachhaltigkeitsaffine und j\u00fcngere Zielgruppen mit dem Thema Fair Trade noch wenig vertraut sind.<\/p>\n<p>\u201eGEPA hei\u00dft, Gerechtigkeit gro\u00df gedacht\u201c, erkl\u00e4rte GEPA-Gesch\u00e4ftsf\u00fchrer Marke und Vertrieb Peter Schaumberger. \u201eWir sind \u00fcberzeugt, dass eine gerechtere Welt m\u00f6glich ist, und erleben die Wirkung des Fairen Handels seit fast 50 Jahren. Auch wenn sich vor dem Hintergrund der aktuellen gesellschaftlichen Entwicklungen viele Menschen machtlos f\u00fchlen, m\u00f6chten wir sie mit unserer Kampagne inspirieren. Wir zeigen, dass jede*r es in die Hand nehmen kann, etwas zu ver\u00e4ndern und fairer, klimagerechter und nachhaltiger zu handeln!\u201c<\/p>\n<p>Von der Kakaobohne bis zum Riegel l\u00e4sst sich die Lieferkette transparent zur\u00fcckverfolgen. Die GEPA bezieht ihren hochwertigen, zu 100 Prozent biologisch angebauten Kakao von langj\u00e4hrigen Handelspartnern, z. B. COOPROAGRO aus der Dominikanischen Republik, CECAQ-11 aus S\u00e3o Tom\u00e9 und El Ceibo aus Bolivien. Neun der zw\u00f6lf Riegel tragen das Naturland- oder Naturland Fair-Siegel. Produziert werden sie ohne Emulgatoren mit ausgew\u00e4hlten Rezepturen. Die Innenfolie ist heimkompostierbar und besteht aus nachwachsenden Rohstoffen.<\/p>\n<p>Das neue Schokoriegel-Sortiment ist erh\u00e4ltlich im Weltladen in Betzdorf.<\/p>\n<p>Weitere Infos gibt es <a href=\"http:\/\/www.gepa.de\/dankef\u00fcrsriegeln\">hier<\/a><\/p>\n<p>&nbsp;<\/p>\n<hr \/>\n<p>[\/vc_column_text][vc_column_text]<\/p>\n<h1 id=\"Gebets\">Bio-Oliven\u00f6l aus Pal\u00e4stina<\/h1>\n<h2>Ein Produkt aus dem Weltladen zum Weltgebetstag der Frauen<\/h2>\n<p><img loading=\"lazy\" decoding=\"async\" class=\"size-medium wp-image-1429 alignleft\" src=\"https:\/\/weltlaeden.de\/betzdorf\/wp-content\/uploads\/sites\/176\/2024\/02\/wl-olivenIMG_7130-003-238x300.jpg\" alt=\"\" width=\"238\" height=\"300\" srcset=\"https:\/\/weltlaeden.de\/betzdorf\/wp-content\/uploads\/sites\/176\/2024\/02\/wl-olivenIMG_7130-003-238x300.jpg 238w, https:\/\/weltlaeden.de\/betzdorf\/wp-content\/uploads\/sites\/176\/2024\/02\/wl-olivenIMG_7130-003-814x1024.jpg 814w, https:\/\/weltlaeden.de\/betzdorf\/wp-content\/uploads\/sites\/176\/2024\/02\/wl-olivenIMG_7130-003-768x966.jpg 768w, https:\/\/weltlaeden.de\/betzdorf\/wp-content\/uploads\/sites\/176\/2024\/02\/wl-olivenIMG_7130-003-1221x1536.jpg 1221w, https:\/\/weltlaeden.de\/betzdorf\/wp-content\/uploads\/sites\/176\/2024\/02\/wl-olivenIMG_7130-003-scaled.jpg 1628w\" sizes=\"auto, (max-width: 238px) 100vw, 238px\" \/>\u00dcber Konfessions- und L\u00e4ndergrenzen hinweg engagieren sich Frauen beim Weltgebetstag daf\u00fcr, dass M\u00e4dchen und Frauen \u00fcberall auf der Welt in Frieden, Gerechtigkeit und W\u00fcrde leben k\u00f6nnen. So entstand die gr\u00f6\u00dfte Basisbewegung christlicher Frauen weltweit. Der Weltgebetstag 2024 kommt aus Pal\u00e4stina. Unter dem Motto \u201e\u2026durch das Band des Friedens\u201c wird er am 1. M\u00e4rz 2024 begangen. Im Weltladen Betzdorf werden zwei fair gehandelte Produkte aus Pal\u00e4stina angeboten: Oliven\u00f6l und Pesto Basilikum.<\/p>\n<p>Die Fairhandels- und Vermarktungsorganisation Canaan Fair Trade unterst\u00fctzt benachteiligte pal\u00e4stinensische l\u00e4ndliche Gemeinschaften damit diese ihren Lebensunterhalt und ihre Kultur aufrechterhalten k\u00f6nnen.\u00a0 Canaan Fair Trade \u00fcberwacht den Produktionsprozess vom Anbau \u00fcber die Ernte bis zur Pressung. Entlang der gesamten Wertsch\u00f6pfungskette werden faire Preise gezahlt, um nachhaltige Verbesserungen des Lebensstandards zu erm\u00f6glichen. Canaan Fair Trade f\u00f6rdert benachteiligte pal\u00e4stinensische Gruppen durch den Vertrieb von Oliven\u00f6l und anderen Produkten &#8211; wie etwa Mandeln, Sesam und Honig &#8211; im Fairen Handel. Die Produkte von Canaan Fair Trade, stammen von \u00fcber 2000 in Kooperativen organisierten Kleinb\u00e4uerinnen und Kleinbauern. Vom Erl\u00f6s des verkauften Oliven\u00f6les nach Deutschland geht ein Dollar pro Liter in das Programm \u201eTrees for Life\u201c. Von diesem Geld werden in erster Linie Olivenb\u00e4ume gepflanzt.<\/p>\n<p>Durch den Verkauf der wertvollen Bio-Produkte zu fairen Preisen finden immer mehr Kleinbauern in Pal\u00e4stina eine Zukunft in der \u00f6kologischen Landwirtschaft. Das zeigt: Der Faire Handel ist ein wichtiger Faktor f\u00fcr eine solidarische und nachhaltige Wirtschaftsweise. Doch diese positive Entwicklung wird zunehmend von Wetterextremen wie D\u00fcrreperioden bedroht.<\/p>\n<p>Da die meisten Bauern keine Bew\u00e4sserungsanlagen besitzen, sind sie g\u00e4nzlich vom Regen abh\u00e4ngig. Wie heikel das ist, zeigt sich in diesem Jahr. Durch Klimawandel mit extremen D\u00fcrreperioden enthalten die Oliven wegen geringen Niederschlagsmengen weniger \u00d6l als in den Vorjahren. Canaan Fair Trade hat auf die sinkenden Erntemengen reagiert und den Einkaufspreis pro Liter Oliven\u00f6l bereits angehoben. Dadurch wird der Verlust f\u00fcr die Kleinbauern abgemildert \u2013 auch das ist ein wichtiger Aspekt des Fairen Handels.<\/p>\n<p>Bio-Oliven\u00f6l 500 ml: 16,00 \u20ac, Bio-Pesto Basilikum\u00a0 125 g: 5,00\u00a0 \u20ac<\/p>\n<p>Infos zu Canaan Fair Traid gibt es <a href=\"https:\/\/www.weltpartner.de\/de\/handelspartner\/asien\/palaestina\/canaan-fair-trade\">hier<\/a><\/p>\n<p>Infos zum Weltgebetstag gibt es <a href=\"https:\/\/weltgebetstag.de\/\">hier<\/a><\/p>\n<p>&nbsp;<\/p>\n<hr \/>\n<p>&nbsp;<\/p>\n<p>[\/vc_column_text][vc_column_text]<\/p>\n<h1 id=\"Ostern\">Vorfreude auf ein faires Osterfest<\/h1>\n<h2>Genie\u00dfe Bio-Schoko-Osterh\u00e4schen, Schokoeier und Schokot\u00e4felchen<\/h2>\n<p><img loading=\"lazy\" decoding=\"async\" class=\"size-medium wp-image-1428 alignleft\" src=\"https:\/\/weltlaeden.de\/betzdorf\/wp-content\/uploads\/sites\/176\/2024\/02\/WL-Ostern24-300x225.jpg\" alt=\"\" width=\"300\" height=\"225\" srcset=\"https:\/\/weltlaeden.de\/betzdorf\/wp-content\/uploads\/sites\/176\/2024\/02\/WL-Ostern24-300x225.jpg 300w, https:\/\/weltlaeden.de\/betzdorf\/wp-content\/uploads\/sites\/176\/2024\/02\/WL-Ostern24-1024x768.jpg 1024w, https:\/\/weltlaeden.de\/betzdorf\/wp-content\/uploads\/sites\/176\/2024\/02\/WL-Ostern24-768x576.jpg 768w, https:\/\/weltlaeden.de\/betzdorf\/wp-content\/uploads\/sites\/176\/2024\/02\/WL-Ostern24-1536x1152.jpg 1536w, https:\/\/weltlaeden.de\/betzdorf\/wp-content\/uploads\/sites\/176\/2024\/02\/WL-Ostern24-scaled.jpg 2048w\" sizes=\"auto, (max-width: 300px) 100vw, 300px\" \/><strong>S\u00fc\u00dfer Osterhase:<\/strong> Der s\u00fc\u00dfe Osterhase aus feiner Bio-Vollmilchschokolade ist ein faires Highlight f\u00fcrs Osternest oder ein besonderes Pr\u00e4sent f\u00fcr besondere Menschen. Der Weltladen in Betzdorf bietet ein kleines aber feines Ostersortiment aus leckerer Bio-Vollmilchschokolade an. Ob Du einen Osterhasen-Mann oder eine Osterhasen-Frau erh\u00e4ltst&#8230; lass Dich \u00fcberraschen. Besonderheiten auf einen Blick: ohne Emulgatoren, daf\u00fcr schonendes und sorgf\u00e4ltiges Conchieren der Schokoladenmasse, Kakaobutter als einzig eingesetztes pflanzliches Fett, Direktimport der hochwertigen Zutaten, Unterst\u00fctzung mehrerer Handelspartner und ohne Gentechnik laut Gesetz. Die Hohlk\u00f6rper werden ohne N\u00fcsse hergestellt.<\/p>\n<p><strong>Bunte Schoko-Ostereier:<\/strong> Diese zartschmelzenden Ostereier aus feinster Bio-Vollmilchschokolade sind die ideale Erg\u00e4nzung f\u00fcr das ganz besondere Osterk\u00f6rbchen. Mit ihrem bunten Muster machen sie jeden fr\u00f6hlich. Besonderheiten auf einen Blick: Perfekt f\u00fcrs faire Osterk\u00f6rbchen, mit fairer Bio-Milch, ohne Emulgatoren, daf\u00fcr schonendes und sorgf\u00e4ltiges Conchieren der Schokoladenmasse, Kakaobutter als einzig eingesetztes pflanzliches Fett, Direktimport der hochwertigen Zutaten, Unterst\u00fctzung mehrerer Handelspartner, ohne Gentechnik laut Gesetz.<\/p>\n<p><strong>Kleine Oster-Schokoladen:<\/strong> Zartschmelzende Vollmilchschokoladent\u00e4felchen im Vorteilspack f\u00fcr Dein faires Osterk\u00f6rbchen. Die kleinen Osterschokoladen-T\u00e4felchen eignen sich auch wunderbar zum Verschenken und Teilen. Besonderheiten auf einen Blick: zartschmelzende Vollmilchschokolade im fr\u00f6hlichen Fr\u00fchlingsdesign, besonderer Geschmack durch Mascobado-Vollrohrzucker, ohne Emulgatoren, daf\u00fcr schonendes und sorgf\u00e4ltiges Conchieren der Schokoladenmasse, Kakaobutter als einzig eingesetztes pflanzliches Fett, Direktimport der hochwertigen Zutaten, Unterst\u00fctzung mehrerer Handelspartner, es werden keine N\u00fcsse eingesetzt, ohne Gentechnik laut Gesetz.<\/p>\n<p>Zum Osterfest eignet sich nat\u00fcrlich auch das umfangreiche Schokoladenangebot im Weltladen oder ein leckerer Schokoriegel.<\/p>\n<p>&nbsp;<\/p>\n<hr \/>\n<p>&nbsp;<\/p>\n<p>[\/vc_column_text][\/vc_column][\/vc_row][vc_row][vc_column]<div class=\"shortcode-banner\" style=\"min-height: 150px\"><div class=\"shortcode-banner-bg wf-table\" style=\"padding: 10px;min-height: 150px\"><div class=\"shortcode-banner-inside wf-table text-big\" style=\"background-color: rgb(0,0,0);background-color: rgba(0,0,0,0.4);border: solid 10px transparent;outline: solid 3px;outline-color: #ffffff;height: 140px\"><div><h1 id=\"hoffnung\">Hoffnung auf eine bessere Zeit<\/h1>\n<p><img loading=\"lazy\" decoding=\"async\" class=\"size-medium wp-image-1412 aligncenter\" src=\"https:\/\/weltlaeden.de\/betzdorf\/wp-content\/uploads\/sites\/176\/2024\/01\/Weltladen-Hoffnung-2023-293x300.jpg\" alt=\"\" width=\"293\" height=\"300\" srcset=\"https:\/\/weltlaeden.de\/betzdorf\/wp-content\/uploads\/sites\/176\/2024\/01\/Weltladen-Hoffnung-2023-293x300.jpg 293w, https:\/\/weltlaeden.de\/betzdorf\/wp-content\/uploads\/sites\/176\/2024\/01\/Weltladen-Hoffnung-2023-999x1024.jpg 999w, https:\/\/weltlaeden.de\/betzdorf\/wp-content\/uploads\/sites\/176\/2024\/01\/Weltladen-Hoffnung-2023-768x787.jpg 768w, https:\/\/weltlaeden.de\/betzdorf\/wp-content\/uploads\/sites\/176\/2024\/01\/Weltladen-Hoffnung-2023.jpg 1297w\" sizes=\"auto, (max-width: 293px) 100vw, 293px\" \/>Da sind wir mal wieder beim Jahreswechsel. Es neigt sich damit ein Jahr dem Ende, das wohl viele von uns gern verabschieden.<\/p>\n<p>Ein Jahr voller ersch\u00fctternder Nachrichten.<\/p>\n<p>Gerade in Zeiten wie diesen, in denen die globalen Herausforderungen so gro\u00df und erdr\u00fcckend erscheinen, brauchen wir Hoffnung.<\/p>\n<p>Das ist es, wof\u00fcr wir <strong>mit Ihrer Unterst\u00fctzung<\/strong> Tag f\u00fcr Tag gearbeitet haben und uns auch weiter einsetzen.<\/p>\n<p>Mit dem Umsatz des Jahres 2023 konnten unter anderem die \u00f6kologische Landwirtschaft gef\u00f6rdert werden und 217 Familien ein ausreichendes Einkommen erhalten.<\/p>\n<p><strong>Wir bedanken uns bei Ihnen<\/strong> \u2013 unseren Kundinnen und Kunden!<\/p>\n<\/div><\/div><\/div><\/div>[\/vc_column][\/vc_row][vc_row][vc_column][vc_column_text]<\/p>\n<h1 id=\"Geschenk\">Geschenke aus dem Weltladen<\/h1>\n<h2>Nachhaltiges, das Weihnachten nicht nur Beschenkten Freude macht<\/h2>\n<div id=\"attachment_1405\" style=\"width: 267px\" class=\"wp-caption alignleft\"><img loading=\"lazy\" decoding=\"async\" aria-describedby=\"caption-attachment-1405\" class=\"wp-image-1405 size-medium\" src=\"https:\/\/weltlaeden.de\/betzdorf\/wp-content\/uploads\/sites\/176\/2023\/12\/Laden-Kaffeegenuss-257x300.jpg\" alt=\"\" width=\"257\" height=\"300\" srcset=\"https:\/\/weltlaeden.de\/betzdorf\/wp-content\/uploads\/sites\/176\/2023\/12\/Laden-Kaffeegenuss-257x300.jpg 257w, https:\/\/weltlaeden.de\/betzdorf\/wp-content\/uploads\/sites\/176\/2023\/12\/Laden-Kaffeegenuss-878x1024.jpg 878w, https:\/\/weltlaeden.de\/betzdorf\/wp-content\/uploads\/sites\/176\/2023\/12\/Laden-Kaffeegenuss-768x895.jpg 768w, https:\/\/weltlaeden.de\/betzdorf\/wp-content\/uploads\/sites\/176\/2023\/12\/Laden-Kaffeegenuss-1318x1536.jpg 1318w, https:\/\/weltlaeden.de\/betzdorf\/wp-content\/uploads\/sites\/176\/2023\/12\/Laden-Kaffeegenuss-scaled.jpg 1757w\" sizes=\"auto, (max-width: 257px) 100vw, 257px\" \/><p id=\"caption-attachment-1405\" class=\"wp-caption-text\">Geschenkbox mit Kaffeegenuss: Biokaffee, Kekse und eine passende Tasse.<\/p><\/div>\n<p>Betzdorf. Geschenke aus dem Weltladen stiften Freude \u2013 sowohl bei den Schenkenden als auch bei den Beschenkten. Der Weltladen Betzdorf bietet eine reichhaltige Auswahl fair gehandelter Produkte \u2013 Geschenkideen f\u00fcr das Weihnachtsfest.<\/p>\n<p>Produkte aus dem Weltladen sind lecker, hochwertig und sch\u00f6n: ob k\u00f6stliche Lebensmittel, weitgehend aus \u00f6kologischem Anbau, modische Textilien aus nat\u00fcrlichen Materialien, einzigartiger Schmuck, von Hand gefertigt oder pfiffige Recyclingartikel, die Produkten ein neues Leben einhauchen.<\/p>\n<p>Gleichzeitig bedeutet ein Einkauf im Weltladen einen Beitrag zur Zukunftssicherung f\u00fcr die Menschen, die die Produkte hergestellt haben. F\u00fcr Kaffeeproduzent*innen, die von den Auswirkungen der Klimakrise betroffen sind, Handwerker*innen, die wegen steigender Energiekosten dringend auf den Verkauf ihrer Waren angewiesen sind oder f\u00fcr Frauen, denen ein eigenes Einkommen die Chance zu mehr Eigenst\u00e4ndigkeit erm\u00f6glicht.<\/p>\n<p>Zus\u00e4tzlich zum sch\u00f6nen Produkt nimmt man so auch das gute Gef\u00fchl mit nach Hause, eine Entscheidung getroffen zu haben, die positive Wirkungen entfaltet. Gerade in einer Zeit voller Krisen ist es wichtig, eigene Handlungsm\u00f6glichkeiten zu entdecken und die eigene Selbstwirksamkeit zu erfahren.<\/p>\n<p>Gerade f\u00fcr Weihnachtsgeschenke bieten Weltl\u00e4den eine breite Auswahl: vom edlen Schmuck bis hin zu besonderen Seifen und weiteren K\u00f6rperpflegeprodukten.<\/p>\n<p>Egal zu welcher Jahreszeit \u2013 Schokolade geht als Geschenk nat\u00fcrlich immer. Wei\u00dfe Schokolade, Zartbitter, mit Meersalz etc. oder auch in fl\u00fcssiger Form als w\u00e4rmende Trinkschokolade. Die Auswahl im Weltladen in Betzdorf ist gro\u00df.<\/p>\n<p>Auch Geschenkgutscheine aus dem Weltladen sind zu Weihnachten beliebt.<\/p>\n<p>Ebenso k\u00f6nnen Geschenkboxen zusammengestellt werden. Hier drei Beispiele:<\/p>\n<p>&nbsp;<\/p>\n<p><strong>Kaffeegenuss:<\/strong> Biokaffee, Kekse und eine passende Tasse.<\/p>\n<p>&nbsp;<\/p>\n<div id=\"attachment_1407\" style=\"width: 310px\" class=\"wp-caption alignleft\"><img loading=\"lazy\" decoding=\"async\" aria-describedby=\"caption-attachment-1407\" class=\"wp-image-1407 size-medium\" src=\"https:\/\/weltlaeden.de\/betzdorf\/wp-content\/uploads\/sites\/176\/2023\/12\/Laden-Wohlfuehlbox-300x292.jpg\" alt=\"\" width=\"300\" height=\"292\" srcset=\"https:\/\/weltlaeden.de\/betzdorf\/wp-content\/uploads\/sites\/176\/2023\/12\/Laden-Wohlfuehlbox-300x292.jpg 300w, https:\/\/weltlaeden.de\/betzdorf\/wp-content\/uploads\/sites\/176\/2023\/12\/Laden-Wohlfuehlbox-1024x996.jpg 1024w, https:\/\/weltlaeden.de\/betzdorf\/wp-content\/uploads\/sites\/176\/2023\/12\/Laden-Wohlfuehlbox-768x747.jpg 768w, https:\/\/weltlaeden.de\/betzdorf\/wp-content\/uploads\/sites\/176\/2023\/12\/Laden-Wohlfuehlbox-1536x1494.jpg 1536w, https:\/\/weltlaeden.de\/betzdorf\/wp-content\/uploads\/sites\/176\/2023\/12\/Laden-Wohlfuehlbox-scaled.jpg 2048w\" sizes=\"auto, (max-width: 300px) 100vw, 300px\" \/><p id=\"caption-attachment-1407\" class=\"wp-caption-text\">Beispiel f\u00fcr eine Wohlf\u00fchlbox: K\u00f6rper\u00f6l, Haarseife und ein Hamamtuch (90&#215;100).<\/p><\/div>\n<p><strong>Wohlf\u00fchlbox:<\/strong> K\u00f6rper\u00f6l, Haarseife und ein Hamamtuch (90&#215;100).<\/p>\n<p>&nbsp;<\/p>\n<p>&nbsp;<\/p>\n<p>&nbsp;<\/p>\n<p><strong>Weingenuss:<\/strong> Zum Beispiel zwei Flaschen Rotwein, die mit Gold pr\u00e4miert wurden.<\/p>\n<p>&nbsp;<\/p>\n<p>Der Weltladen Betzdorf hat noch viele weitere sch\u00f6ne Produkte im Sortiment \u2013 einfach mal reinschauen.<\/p>\n<p>&nbsp;<\/p>\n<hr \/>\n<p>&nbsp;<\/p>\n<p>[\/vc_column_text][\/vc_column][\/vc_row][vc_row][vc_column][vc_column_text]<\/p>\n<h1 id=\"schoko\">Weihnachtsleckereien aus Fairem Handel<\/h1>\n<h2>Nikolaus, Schokolade und ein Adventskalender <img loading=\"lazy\" decoding=\"async\" class=\"size-medium wp-image-1391 alignleft\" src=\"https:\/\/weltlaeden.de\/betzdorf\/wp-content\/uploads\/sites\/176\/2023\/11\/Weltladen-Niko-hoch-225x300.jpg\" alt=\"\" width=\"225\" height=\"300\" srcset=\"https:\/\/weltlaeden.de\/betzdorf\/wp-content\/uploads\/sites\/176\/2023\/11\/Weltladen-Niko-hoch-225x300.jpg 225w, https:\/\/weltlaeden.de\/betzdorf\/wp-content\/uploads\/sites\/176\/2023\/11\/Weltladen-Niko-hoch-768x1024.jpg 768w, https:\/\/weltlaeden.de\/betzdorf\/wp-content\/uploads\/sites\/176\/2023\/11\/Weltladen-Niko-hoch-1152x1536.jpg 1152w\" sizes=\"auto, (max-width: 225px) 100vw, 225px\" \/><\/h2>\n<p>Betzdorf. Vers\u00fc\u00dfen Sie sich und Ihren Lieben die Advents- und Weihnachtszeit mit unseren k\u00f6stlichen Weihnachtsleckereien, meist in Bio-Qualit\u00e4t. Ein fair gehandelter Bio-Adventskalender verk\u00fcrzt das Warten auf Heiligabend. Es gibt aber auch den Nikolaus in unterschiedlichen Gr\u00f6\u00dfen und eine besondere Weihnachtsschokolade.<\/p>\n<p>Schoko-Adventskalender: 24x auf Weihnachten freuen. Das Motiv des diesj\u00e4hrigen GEPA-Adventskalenders stammt von Judy Kaufmann. Ihre Kindheit verbrachte sie in Santiago de Chile. Im Jahr 2004 zog die Chilenin nach Barcelona, um dort Illustration zu studieren. Nach dem Studium machte sie sich als Illustratorin selbstst\u00e4ndig. Judy Kaufmann arbeitet meist \u2013 wie bei diesem Bild \u2013 digital, aber zwischendurch auch gerne mit Bunt- und Bleistiften. Ihre Arbeiten sind turbulent und farbenfroh. Auf dem Adventskalender-Motiv 2023 mit der heiligen Familie sitzt das Jesuskind auf den Schultern seines Vaters. Die K\u00fcnstlerin hat eine Vorliebe f\u00fcr Tiere, Pflanzen und Sterne. Im Hintergrund haben sich bereits die Heiligen Drei K\u00f6nige auf den Weg zur Heiligen Familie gemacht.<\/p>\n<p>T\u00fcrchen f\u00fcr T\u00fcrchen w\u00e4chst die Freude auf das gro\u00dfe Fest. Die leckere Bio-Schokolade, die sich dahinter verbirgt, ist ein sch\u00f6nes Beispiel f\u00fcr Fairen Handel in aller Welt. Sie enth\u00e4lt n\u00e4mlich nicht nur fair gehandelten Zucker aus Paraguay und Kakao aus S\u00e3o Tom\u00e9 und der Dominikanischen Republik, sondern auch faire Milch aus dem Alpenvorland &#8211; rundum fair in S\u00fcd und Nord.<\/p>\n<p>Bio-Weihnachtsschokolade: Das Motiv von Judy Kaufmann findet sich au\u00dferdem auf unseren Bio-Weihnachtsschokoladen, die als 100- sowie kleine 40-Gramm-Tafeln erh\u00e4ltlich sind. Die Bio-Weihnachtsschokolade ist eine klasse Kombination von feiner Vollmilchschokolade und weihnachtlichem Spekulatius. Die Weihnachtsschokolade wurde mit einer feinen Gew\u00fcrzmischung aus u.a. Zimt, Nelken und Ingwer abgeschmeckt und ist die ideale kleine Nasch-Portion. Besonderheiten auf einen Blick: feine Vollmilchschokolade mit weihnachtlicher Gew\u00fcrzmischung; mit fairer Naturland Bio-Milch aus S\u00fcddeutschland; ohne Emulgatoren, daf\u00fcr schonendes und sorgf\u00e4ltiges Conchieren der Schokoladenmasse; nur reine Kakaobutter; Direktimport der hochwertigen Zutaten; Unterst\u00fctzung mehrerer Handelspartner: Innenwickel: kompostierbar.<\/p>\n<p>Nikolaus: Was w\u00e4re Weihnachten ohne den beliebten \u201eechten\u201d Bio Schoko-Nikolaus, originalgetreu mit Mitra und Bischofsstab, aus Fairem Handel? Diesen gibt es f\u00fcr jeden Anlass und Geschmack: im praktischen Zehnerpack \u2013 ideal zum Verschenken f\u00fcr Freunde, Familie und Kolleginnen \u2013 als Hohlfigur in 28 und 65 Gramm.<\/p>\n<p>Im <a href=\"https:\/\/www.gepa-shop.de\/schoko-nikolaus-bio.html\">Video<\/a> sehen Sie au\u00dferdem, wie der einzig wahre GEPA-Schoko-Nikolaus hergestellt wird.<\/p>\n<p>&nbsp;<\/p>\n<hr \/>\n<p>&nbsp;<\/p>\n<p>[\/vc_column_text][vc_column_text]<\/p>\n<h1 id=\"gedicht\">Kakaoplantagen<\/h1>\n<h2>Ein kleines Gedicht mit der Empfehlung zum Kauf im Weltladen<\/h2>\n<h4><img loading=\"lazy\" decoding=\"async\" class=\"size-medium wp-image-1400 aligncenter\" src=\"https:\/\/weltlaeden.de\/betzdorf\/wp-content\/uploads\/sites\/176\/2023\/11\/weltladen-foto-gedicht-287x300.jpg\" alt=\"\" width=\"287\" height=\"300\" srcset=\"https:\/\/weltlaeden.de\/betzdorf\/wp-content\/uploads\/sites\/176\/2023\/11\/weltladen-foto-gedicht-287x300.jpg 287w, https:\/\/weltlaeden.de\/betzdorf\/wp-content\/uploads\/sites\/176\/2023\/11\/weltladen-foto-gedicht-980x1024.jpg 980w, https:\/\/weltlaeden.de\/betzdorf\/wp-content\/uploads\/sites\/176\/2023\/11\/weltladen-foto-gedicht-768x803.jpg 768w, https:\/\/weltlaeden.de\/betzdorf\/wp-content\/uploads\/sites\/176\/2023\/11\/weltladen-foto-gedicht-1469x1536.jpg 1469w, https:\/\/weltlaeden.de\/betzdorf\/wp-content\/uploads\/sites\/176\/2023\/11\/weltladen-foto-gedicht.jpg 1959w\" sizes=\"auto, (max-width: 287px) 100vw, 287px\" \/><\/h4>\n<h4><\/h4>\n<h4>Von S\u00fcden, von Kakaoplantagen komm ich her,<\/h4>\n<h4>ich muss euch sagen: Die Menschen dort leiden sehr.<\/h4>\n<h4>All \u00fcberall unter Kakaob\u00e4umen<\/h4>\n<h4>Kinder schwerste S\u00e4cke r\u00e4umen.<\/h4>\n<h4>Und droben aus dem deutschen Land<\/h4>\n<h4>hat mancher Mensch das Elend erkannt.<\/h4>\n<h4>Auf dass das Unrecht sich bald wandel,<\/h4>\n<h4>kauft Schokolade im Fairen Handel!<\/h4>\n<p>&nbsp;<\/p>\n<hr \/>\n<p>&nbsp;<\/p>\n<p>[\/vc_column_text][vc_column_text]<\/p>\n<h1 id=\"jhv23\">Kaffee und Schokolade besonders gefragt<\/h1>\n<h2>Weltladen Betzdorf zieht Bilanz &#8211; Projekte mit rund 3700 Euro unterst\u00fctzt<\/h2>\n<div id=\"attachment_1397\" style=\"width: 310px\" class=\"wp-caption alignleft\"><img loading=\"lazy\" decoding=\"async\" aria-describedby=\"caption-attachment-1397\" class=\"wp-image-1397 size-medium\" src=\"https:\/\/weltlaeden.de\/betzdorf\/wp-content\/uploads\/sites\/176\/2023\/11\/Weltladen-Foto-Kaffee-Schoko-Tee-300x239.jpg\" alt=\"\" width=\"300\" height=\"239\" srcset=\"https:\/\/weltlaeden.de\/betzdorf\/wp-content\/uploads\/sites\/176\/2023\/11\/Weltladen-Foto-Kaffee-Schoko-Tee-300x239.jpg 300w, https:\/\/weltlaeden.de\/betzdorf\/wp-content\/uploads\/sites\/176\/2023\/11\/Weltladen-Foto-Kaffee-Schoko-Tee-1024x816.jpg 1024w, https:\/\/weltlaeden.de\/betzdorf\/wp-content\/uploads\/sites\/176\/2023\/11\/Weltladen-Foto-Kaffee-Schoko-Tee-768x612.jpg 768w, https:\/\/weltlaeden.de\/betzdorf\/wp-content\/uploads\/sites\/176\/2023\/11\/Weltladen-Foto-Kaffee-Schoko-Tee-1536x1224.jpg 1536w, https:\/\/weltlaeden.de\/betzdorf\/wp-content\/uploads\/sites\/176\/2023\/11\/Weltladen-Foto-Kaffee-Schoko-Tee-scaled.jpg 2048w\" sizes=\"auto, (max-width: 300px) 100vw, 300px\" \/><p id=\"caption-attachment-1397\" class=\"wp-caption-text\">Kaffee und Schokolade sind die Umsatzrenner im Weltladen in Betzdorf. Mit Abstand folgen Teeprodukte auf dem dritten Platz. Foto: Weltladen Betzdorf<\/p><\/div>\n<p>Betzdorf. Kaffee und Schokolade sind die Umsatzrenner im Weltladen in Betzdorf. Das wurde w\u00e4hrend der Mitgliederversammlung verdeutlicht.<\/p>\n<p>Mit 3705 Euro unterst\u00fctzt der Aktionskreis \u201eEine-Welt-Handel\u201c, der in Betzdorf in der Bahnhofstra\u00dfe den Weltladen betreibt, verschiedene Projekte. \u00dcber die Vergabe der Geldmittel wurde bei der Mitgliederversammlung entschieden. Aktionskreisvorsitzender Hermann Hesse informierte \u00fcber Entwicklungen im Bereich des fairen Handels und der Weltladen-Bewegung.<\/p>\n<p>Er verweist auf einige Krisen in der Welt hin. Teureres Getreide und teurere Energie w\u00fcrden Menschen in s\u00fcdlichen L\u00e4ndern besonders stark treffen. Bei der Migration liege eine Ursache im ungerechten Handel. Altkleider aus dem Westen nach Afrika, Fischfangflotten, die den Menschen in Westafrika den eigenen Fischfang zerst\u00f6ren, seien hier nur zwei Beispiele. Dies f\u00fchre zu Wirtschaftsfl\u00fcchtlingen. \u201eUmso wichtiger sind der faire Handel und die Arbeit der Weltl\u00e4den\u201c, verdeutlichte er bei der Versammlung im \u201eNah dran\u201c.<\/p>\n<p>Beim Vergleich der Ums\u00e4tze im Weltladen befindet sich dieser 2022 mit rund 46 000 Euro auf \u00e4hnlichem Niveau wie im Jahr 2021. Beim Blick auf die Warenlieferungen von der Gepa im aktuellen Jahr 2023 stellte Hesse erfreulich fest, dass man da vom Umsatz her bis Oktober bereits auf dem Niveau wie im gesamten Jahr 2021 oder auch 2022 liege. Hauptprodukte im Verkauf sind Kaffee und Schokolade sowie mit Abstand Tee.<\/p>\n<p>Im Vergleich zu Jahresums\u00e4tzen in fr\u00fcheren Jahren sei die Bilanz allerdings ern\u00fcchternd, stellte die Mitgliederversammlung fest. Im Jahr 2013 lag der Umsatz noch bei rund 80 000 Euro, davor gab es sogar Jahre mit Ums\u00e4tzen von rund 100 000 Euro. Die Zukunft des Weltladens sieht Hesse allerdings nicht am aktuellen Umsatz scheitern. Fehlendes Personal sei hier das gr\u00f6\u00dfere Problem.<\/p>\n<p>Der Vorsitzende stellte einige Aktivit\u00e4ten des Weltladens vor. Das reichte vom Besuch einer Klasse der Bertha Realschule plus im Laden \u00fcber Infos zum Lieferkettengesetz, Schaufenstergestaltungen und aktuell einer Radtour zur Fairen Woche mit rund 40 Teilnehmern.<\/p>\n<p>Christian Ferdinand informierte noch einmal \u00fcber den Marktstand von \u201eNah dran\u201c. Zwischen 70 und 90 Euro Umsatz gibt es dort an einem Markttag.<\/p>\n<p>Kassiererin Christel Schuh stellt den Kassenbericht des Weltladens sowie des Vereins Aktionskreis \u201eEine-Welt-Handel\u201c f\u00fcr das Jahr 2022 vor.<\/p>\n<p>Folgende Projekte werden mit insgesamt 3705 Euro unterst\u00fctzt:<\/p>\n<p>370 Euro f\u00fcr Kinderrechte-Projekt Preda auf den Philippinen (Geld aus der Spendendose im Weltladen), 150 Euro an den Jahrmarkt Wissen f\u00fcr ein Ausbildungszentrum der Don Bosco Salesianer in Nigeria sowie Aktionen von Hermann Reeh (Radtouren): 1593 Euro f\u00fcr Solaranlagen f\u00fcr Gesundheitsstationen im Kongo sowie 1592 Euro f\u00fcr den Ackerbau in Westafrika. Beides sind Projekte von Misereor.<\/p>\n<p>&nbsp;<\/p>\n<hr \/>\n<p>[\/vc_column_text][vc_column_text]<\/p>\n<h1>Mit Fairem Handel zu mehr Klimagerechtigkeit<\/h1>\n<h2>Aktionswoche des Fairen Handels mit Radtour &#8211; Halt in Betzdorf<\/h2>\n<div id=\"attachment_1386\" style=\"width: 310px\" class=\"wp-caption alignleft\"><img loading=\"lazy\" decoding=\"async\" aria-describedby=\"caption-attachment-1386\" class=\"wp-image-1386 size-medium\" src=\"https:\/\/weltlaeden.de\/betzdorf\/wp-content\/uploads\/sites\/176\/2023\/09\/Weltladen-Betzdorf-Radtour-300x225.jpg\" alt=\"\" width=\"300\" height=\"225\" srcset=\"https:\/\/weltlaeden.de\/betzdorf\/wp-content\/uploads\/sites\/176\/2023\/09\/Weltladen-Betzdorf-Radtour-300x225.jpg 300w, https:\/\/weltlaeden.de\/betzdorf\/wp-content\/uploads\/sites\/176\/2023\/09\/Weltladen-Betzdorf-Radtour-1024x768.jpg 1024w, https:\/\/weltlaeden.de\/betzdorf\/wp-content\/uploads\/sites\/176\/2023\/09\/Weltladen-Betzdorf-Radtour-768x576.jpg 768w, https:\/\/weltlaeden.de\/betzdorf\/wp-content\/uploads\/sites\/176\/2023\/09\/Weltladen-Betzdorf-Radtour-1536x1152.jpg 1536w, https:\/\/weltlaeden.de\/betzdorf\/wp-content\/uploads\/sites\/176\/2023\/09\/Weltladen-Betzdorf-Radtour-scaled.jpg 2048w\" sizes=\"auto, (max-width: 300px) 100vw, 300px\" \/><p id=\"caption-attachment-1386\" class=\"wp-caption-text\">An die 40 Radfahrer begr\u00fc\u00dften Mitarbeiter und Mitarbeiterinnen des Weltladens Betzdorf am Sonntagnachmittag in Betzdorf. Vor dem Weltladen in der Bahnhofstra\u00dfe gab es f\u00fcr die Teilnehmer einer Radtour Kaffee, Kuchen und interessante Gespr\u00e4che. Eine Fairtrade-Radtour verband die drei Weltl\u00e4den in Siegen-Weidenau, Neunkirchen und Betzdorf sowie den Hammergarten Siegen (Gemeinschaftsgarten am Effertsufer) miteinander. Foto: Weltladen Betzdorf<\/p><\/div>\n<p>Betzdorf. An die 40 Radfahrer begr\u00fc\u00dften Mitarbeiter und Mitarbeiterinnen des Weltladens Betzdorf am Sonntagnachmittag in Betzdorf. Vor dem Weltladen in der Bahnhofstra\u00dfe gab es f\u00fcr die Teilnehmer einer Radtour Kaffee, Kuchen und interessante Gespr\u00e4che. Viel Lob gab es f\u00fcr die gute Bewirtung vor dem Weltladen. Die Weltl\u00e4den der Region hatten f\u00fcr Sonntag zu einer Fair-Trade-Radtour eingeladen. Die Fairtrade-Radtour verband die drei Weltl\u00e4den in Siegen-Weidenau, Neunkirchen und Betzdorf sowie den Hammergarten Siegen (Gemeinschaftsgarten am Effertsufer) miteinander.<\/p>\n<p>Die Radtour stand unter dem Motto \u201eFair. Und kein Grad mehr!\u201c Das ist das Motto der bundesweiten Fairen Woche, die diesmal vom 15. bis 29. September die Klimakrise in den Fokus stellt. Die Faire Woche wird jedes Jahr im September vom Forum Fairer Handel in Kooperation mit dem Weltladen-Dachverband und Fairtrade Deutschland ausgerichtet. Der Zeitraum erstreckt sich dabei \u00fcber zwei volle Wochen \u2013 nicht nur \u00fcber eine. Die Anzahl von rund 2000 Veranstaltungen j\u00e4hrlich spricht f\u00fcr sich. Damit ist die Faire Woche die gr\u00f6\u00dfte Aktionswoche des Fairen Handels in Deutschland. In diesem Jahr zeigen die Veranstaltenden vor allem, welchen Beitrag der Faire Handel jetzt schon zur Einhaltung des 1,5 Grad Ziels leistet, was die Politik f\u00fcr mehr Klimagerechtigkeit tun kann und vor welchen Herausforderungen die Handelspartner vor allem im Globalen S\u00fcden stehen.<\/p>\n<p>Die Klimakrise versch\u00e4rft globale Ungleichheiten. Sie betrifft zwar alle Menschen weltweit, doch nicht im gleichen Ma\u00df: Arme Menschen sind st\u00e4rker betroffen als reiche, viele L\u00e4nder des Globalen S\u00fcdens st\u00e4rker als die des Nordens. Besonders ungerecht ist, dass vor allem die Menschen unter den Folgen der Klimakrise leiden, die am wenigsten zu ihrer Entstehung beigetragen haben: Der Gro\u00dfteil der Menschen im Globalen S\u00fcden sowie junge Menschen und zuk\u00fcnftige Generationen. Umgekehrt sind diejenigen, die die Klimakrise ma\u00dfgeblich verursacht haben, n\u00e4mlich der Gro\u00dfteil der Bev\u00f6lkerung im Globalen Norden, (noch) nicht sehr stark von ihren Folgen betroffen \u2013 am wenigsten die Reichen, die in den vergangenen 250 Jahren \u00fcberproportional zum Klimawandel beigetragen haben.<\/p>\n<p>Von den Folgen der Klimakrise sind auch Partner des Fairen Handels betroffen, vor allem in der Landwirtschaft, aber auch Handwerksproduzenten: Versp\u00e4tete Regenzeiten lassen Feldfr\u00fcchte verdorren, w\u00e4hrend zu fr\u00fche Regenf\u00e4lle Bl\u00fcten an B\u00e4umen und Str\u00e4uchern vernichten. Prognosen gehen davon aus, dass in vielen der heutigen Kaffeeanbaugebiete in wenigen Jahren keine Kaffeeproduktion mehr m\u00f6glich sein wird. H\u00f6here Temperaturen beg\u00fcnstigen die Ausbreitung von Sch\u00e4dlingen, setzen Pflanzen unter Stress und machen die Arbeit auf dem Feld und in den Werkst\u00e4tten anstrengender, zeitweise sogar unm\u00f6glich.<\/p>\n<p>Die Strecke der regionalen Radtour ab Siegen war stellenweise anspruchsvoll wegen Steigungen und der Mitbenutzung \u00f6ffentlicher Stra\u00dfen. Die Gesamtl\u00e4nge betrug rund 55 Kilometer. Vom Startpunkt des Weltladens Siegen in Weidenau f\u00fchrte die Tour entlang der Sieg, nach Eisern und \u00fcber die Schr\u00e4nke zum Weltladen nach Neunkirchen. Die weitere Etappe f\u00fchrte \u00fcber Herdorf und Gr\u00fcnebach nach Betzdorf. Von dort ging es schlie\u00dflich \u00fcber Kirchen, Katzenbach, Brachbach und Niederschelden nach Siegen zum Hammergarten am Effertsufer. Beim Hammergarten in Siegen fand ein Tomatenfest statt mit Verkostung und Pr\u00e4mierung der leckersten Tomate von Siegen. Der Gemeinschaftsgarten ist ein Projekt des Netzwerks Urbane G\u00e4rten Siegen-Wittgenstein und dient auch als Bildungsgel\u00e4nde.<\/p>\n<p>Weitere Informationen zur Fairen Woche gibt es unter <a href=\"http:\/\/www.faire-woche.de\"><strong>www.faire-woche.de<\/strong><\/a><\/p>\n<p>&nbsp;<\/p>\n<hr \/>\n<p><strong>\u00a0<\/strong>[\/vc_column_text][vc_column_text]<\/p>\n<h1>Mit Fairem Handel zu mehr Klimagerechtigkeit<\/h1>\n<h2>Bundesweite Aktionswoche des Fairen Handels mit Radtour<\/h2>\n<p><img loading=\"lazy\" decoding=\"async\" class=\"size-medium wp-image-1383 alignleft\" src=\"https:\/\/weltlaeden.de\/betzdorf\/wp-content\/uploads\/sites\/176\/2023\/09\/Faire_Woche_2023_Webbanner_header-1-300x104.jpg\" alt=\"\" width=\"300\" height=\"104\" srcset=\"https:\/\/weltlaeden.de\/betzdorf\/wp-content\/uploads\/sites\/176\/2023\/09\/Faire_Woche_2023_Webbanner_header-1-300x104.jpg 300w, https:\/\/weltlaeden.de\/betzdorf\/wp-content\/uploads\/sites\/176\/2023\/09\/Faire_Woche_2023_Webbanner_header-1-768x265.jpg 768w, https:\/\/weltlaeden.de\/betzdorf\/wp-content\/uploads\/sites\/176\/2023\/09\/Faire_Woche_2023_Webbanner_header-1.jpg 936w\" sizes=\"auto, (max-width: 300px) 100vw, 300px\" \/>Betzdorf. Das Motto \u201eFair. Und kein Grad mehr!\u201c macht deutlich, worum es bei der 22. Auflage der Fairen Woche geht: Die gr\u00f6\u00dfte Aktionswoche des Fairen Handels nimmt vom 15. bis 29. September die Klimakrise in den Fokus.<\/p>\n<p>Die Weltl\u00e4den der Region laden zu einer Fair-Trade-Radtour am Sonntag, 17. September, ein. Bitte anmelden unter: <a href=\"https:\/\/touren-termine.adfc.de\/radveranstaltung\/104814-fairtraderadtour\">https:\/\/touren-termine.adfc.de\/radveranstaltung\/104814-fairtraderadtour<\/a>.<\/p>\n<p>Die Fairtrade-Radtour wird die drei Weltl\u00e4den in Siegen-Weidenau, Neunkirchen und Betzdorf sowie den Hammergarten Siegen (Gemeinschaftsgarten am Effertsufer) miteinander verbinden. Die Strecke ist stellenweise anspruchsvoll wegen Steigungen und der Mitbenutzung \u00f6ffentlicher Stra\u00dfen. Die Gesamtl\u00e4nge (ohne Zugnutzung) betr\u00e4gt rund 55km bei 400 hm Steigungen, so dass sie vor allem f\u00fcr ge\u00fcbte Radelnde und Radelnde mit e-Bike geeignet ist.<\/p>\n<p>Startpunkt ist der Weltladen Siegen in Weidenau (Treff ab 9 Uhr, Abfahrt 10.30 Uhr). Zwischen dem Weltladen und dem Bahnhof Weidenau befindet sich ein Parkplatz der als Sammelpunkt dient. Bei Bedarf gibt es Parkm\u00f6glichkeiten f\u00fcr Pkw hinter dem Finanzamt. Es werden ab 9 Uhr Kaffee und belegte Br\u00f6tchen angeboten. F\u00fcr die Radler gibt es so lange der Vorrat reicht von der GEPA gespendete kleine Snacks f\u00fcr unterwegs. Die 1. Etappe f\u00fchrt 20,8 km entlang der Sieg, nach Eisern\u00a0 und \u00fcber die Schr\u00e4nke nach Neunkirchen (215 hm). Bis Ortseingang Eiserfeld werden die Radwege genutzt und der Aufstieg von Eisern zur Schr\u00e4nke ist mit 6 Prozent Steigung auf einer kleinen Nebenstra\u00dfe nicht steil.<\/p>\n<p>Der Aufenthalt beim Weltladen Neunkirchen ist von 12.30 Uhr bis 13.30 Uhr angedacht. Es sollen Baguettescheiben mit Aufstrichen aus dem Ladensortiment angeboten werden. Eventuell wird sogar ein Smoothie-Fahrrad zum Einsatz kommen. Die 2. Etappe f\u00fchrt 12,1 km \u00fcber Herdorf und Gr\u00fcnebach nach Betzdorf (85 hm). Bis Herdorf wird der Radweg benutzt. Da die Stra\u00dfenbr\u00fccke in Herdorf weiterhin gesperrt ist, wird relativ wenig Autoverkehr bis kurz vor Alsdorf unterwegs sein. Alsdorf k\u00f6nnen wir auf unbefestigten Wegen am Neuen Gr\u00fcnebacher Stollen vorbei umgehen. Dort geht es ein kurzes St\u00fcck bergauf und wieder bergab.<\/p>\n<p>Beim Weltladen Betzdorf mit Aufenthalt von etwa 14.15 Uhr bis 15 Uhr wird Kaffee und Kuchen gegen Spende angeboten. Nach dem Weltladen Betzdorf geht es wahlweise per Zug nach Siegen oder auch den Rest mit dem Fahrrad weiter. Die 3. Etappe f\u00fchrt 20,8 km \u00fcber Kirchen, Katzenbach, Brachbach und Niederschelden nach Siegen zum Hammergarten (294 hm) am Effertsufer.<\/p>\n<p>Beim Hammergarten in Siegen (unweit Hbf, Ankunft bis sp\u00e4testens 17 Uhr) wird ein Tomatenfest stattfinden mit Verkostung und Pr\u00e4mierung der leckersten Tomate von Siegen. Der Gemeinschaftsgarten ist ein Projekt des Netzwerks Urbane G\u00e4rten Siegen-Wittgenstein und dient auch als Bildungsgel\u00e4nde.<\/p>\n<p>Weitere Informationen zur Fairen Woche gibt es <a href=\"https:\/\/www.gepa.de\/home\/meldungen\/faire-woche-2023.html\">hier<\/a><\/p>\n<p>&nbsp;<\/p>\n<hr \/>\n<p>&nbsp;<\/p>\n<p>[\/vc_column_text][vc_column_text]<\/p>\n<h1>Hunger bek\u00e4mpfen: K\u00fcrzungen im Etat verhindern<\/h1>\n<h2>Weltladen Betzdorf schreibt an heimische Bundestagsabgeordnete<\/h2>\n<p><img loading=\"lazy\" decoding=\"async\" class=\"size-medium wp-image-1374 alignleft\" src=\"https:\/\/weltlaeden.de\/betzdorf\/wp-content\/uploads\/sites\/176\/2023\/09\/Weltladen-Foto-Geld-300x225.jpg\" alt=\"\" width=\"300\" height=\"225\" \/>Betzdorf. Der Weltladen Betzdorf kritisiert heftig die geplanten K\u00fcrzungen im Bundeshaushalt im Bereich des Entwicklungsministeriums und des Au\u00dfenministeriums f\u00fcr humanit\u00e4re Hilfe. \u201eEin absolut falsches Signal\u201c, so die Mitarbeiter des Weltladens. Sie haben die heimischen Bundestagsabgeordneten Erwin R\u00fcddel (CDU), Martin Diedenhofen (SPD) und Sandra Weeser (FDP) angeschrieben. Sie sollen sich im Bundestag daf\u00fcr einsetzen, dass diese geplanten K\u00fcrzungen nicht umgesetzt werden. Noch ist das im Rahmen der Beratungen m\u00f6glich.<\/p>\n<p>In dieser Woche wird der Haushalt 2024 im Bundestag eingebracht. Am Freitag, 8. September 2023, wird der Etat mit seinen 25 Einzelpl\u00e4nen erstmals beraten.<\/p>\n<p>So soll der Etat des Entwicklungsministeriums um 640 Millionen Euro schrumpfen. Die humanit\u00e4re Hilfe, angesiedelt im Ausw\u00e4rtigen Amt, soll sogar um eine Milliarde Euro gek\u00fcrzt werden. \u201eAngesichts des wieder zunehmenden Hungers in der Welt\u201c, so der Weltladen Betzdorf, \u201esind das politisch falsche Entscheidungen\u201c. Denn laut der Vereinten Nationen (UN) hungern weltweit 735 Millionen Menschen. Im Jahr 2019 waren es noch 613 Millionen. Die internationale Gemeinschaft hat sich zum Ziel gesetzt, den Hunger bis 2030 vollst\u00e4ndig zu besiegen. Die Vorgaben im Etat des Bundes f\u00fcr 2024 weisen da aber genau in die falsche Richtung, um diesem Ziel bis 2030 wenigsten noch n\u00e4her zu kommen.<\/p>\n<p>F\u00fcr die Mitglieder des Weltladens ist es aber auch besonders wichtig, dass jeder Einzelne mit seinem Handel zu einer besseren Welt beitragen kann. Gerade die Menschen am Anfang der Lieferketten geh\u00f6ren h\u00e4ufig zu den Verlierern der Globalisierung und des weltweiten Profitstrebens. Ob Textilarbeiterinnen in Bangladesch, Kaffeebauern in Honduras oder Milchbauern in Deutschland \u2013 gerade diejenigen, die die Produkte unseres Alltags anbauen und herstellen, leiden unter niedrigen Weltmarktpreisen, sehr schlechte Arbeitsbedingungen und Ausbeutung.<\/p>\n<p>Im Bereich der Weltl\u00e4den und des fairen Handels dagegen gibt es f\u00fcr die Produzenten langfristige Abnahmegarantien und Zahlung von Preisen, die \u00fcber dem Weltmarktniveau liegen. So wird zum Beispiel auch ausbeuterische Kinderarbeit verhindert. Fairer Handel f\u00f6rdert ebenso den \u00f6kologischen Landbau und naturvertr\u00e4gliche Produktionsweisen. So arbeiten Weltl\u00e4den und ihre Kunden mit an einer nachhaltigen, gerechten und dadurch friedfertigen Welt.<\/p>\n<p>Und wenn die Menschen vor Ort von ihrer Arbeit leben k\u00f6nnen und eine Zukunftsperspektive haben, so verhindert das auch Fl\u00fcchtlingsstr\u00f6me.<\/p>\n<p>Mehr Hintergrundinformationen gibt es in einem Gastbeitrag von Thilo Hoppe am 31. Juli 2023 in der Frankfurter Rundschau. Zu lesen ist der Beitrag <a href=\"https:\/\/www.fr.de\/meinung\/gastbeitraege\/ampel-koalition-spar-programm-humanitaere-hilfe-hungernde-menschen-92431682.html\">hier<\/a><\/p>\n<p><strong>Erstellt 4. September 2023<\/strong><\/p>\n<p>&nbsp;<\/p>\n<hr \/>\n<p>&nbsp;<\/p>\n<p>[\/vc_column_text][vc_column_text]<\/p>\n<h1 class=\"_ap3a _aaco _aacu _aacx _aad7 _aade\" dir=\"auto\">Virtuelle Mittagspause zum Fairen Handel<\/h1>\n<h2 class=\"_ap3a _aaco _aacu _aacx _aad7 _aade\" dir=\"auto\">Sabine B\u00e4tzing-Lichtenth\u00e4ler im Gespr\u00e4ch mit dem Weltladen Betzdorf<\/h2>\n<p class=\"_ap3a _aaco _aacu _aacx _aad7 _aade\" dir=\"auto\"><img loading=\"lazy\" decoding=\"async\" class=\"size-medium wp-image-1402 alignleft\" src=\"https:\/\/weltlaeden.de\/betzdorf\/wp-content\/uploads\/sites\/176\/2023\/11\/weltladen-baetzing-169x300.jpg\" alt=\"\" width=\"169\" height=\"300\" srcset=\"https:\/\/weltlaeden.de\/betzdorf\/wp-content\/uploads\/sites\/176\/2023\/11\/weltladen-baetzing-169x300.jpg 169w, https:\/\/weltlaeden.de\/betzdorf\/wp-content\/uploads\/sites\/176\/2023\/11\/weltladen-baetzing.jpg 320w\" sizes=\"auto, (max-width: 169px) 100vw, 169px\" \/>Betzdorf. Eine sehr informative virtuelle Mittagspause zum Fairen Handel gab es mit der SPD-Landtagsabgeordneten Sabine B\u00e4tzing-Lichtenth\u00e4ler zum Fairen Handel mit Andreas Neuser vom Weltladen in Betzdorf. Es ging u.a. um das EU-Lieferkettengesetz, die Gepa-Produkte bis hin zur Aufforderung &#8222;Politik mit dem Einkaufskorb&#8220; zu machen! Wer im Weltladen mitarbeiten will ist herzlich eingeladen: info@weltladen-betzdorf.de.<\/p>\n<p dir=\"auto\">Hier gibt es das Gespr\u00e4ch auf <a href=\"https:\/\/www.instagram.com\/p\/CtYyGXEsjdB\/\">Instagram<\/a><\/p>\n<p>&nbsp;<\/p>\n<p>&nbsp;<\/p>\n<p>&nbsp;<\/p>\n<p>&nbsp;<\/p>\n<hr \/>\n<p>&nbsp;<\/p>\n<p>[\/vc_column_text][vc_column_text]<\/p>\n<h1>Honig als willkommenes Zusatzeinkommen<\/h1>\n<h2>Honige der GEPA sind zu 100 Prozent bio und klimaneutral<\/h2>\n<div id=\"attachment_1351\" style=\"width: 310px\" class=\"wp-caption alignleft\"><img loading=\"lazy\" decoding=\"async\" aria-describedby=\"caption-attachment-1351\" class=\"wp-image-1351 size-medium\" src=\"https:\/\/weltlaeden.de\/betzdorf\/wp-content\/uploads\/sites\/176\/2023\/05\/HonigBild3guayab-fotos-macarioandere-2-3-2-2021-300x200.jpg\" alt=\"\" width=\"300\" height=\"200\" srcset=\"https:\/\/weltlaeden.de\/betzdorf\/wp-content\/uploads\/sites\/176\/2023\/05\/HonigBild3guayab-fotos-macarioandere-2-3-2-2021-300x200.jpg 300w, https:\/\/weltlaeden.de\/betzdorf\/wp-content\/uploads\/sites\/176\/2023\/05\/HonigBild3guayab-fotos-macarioandere-2-3-2-2021-1024x682.jpg 1024w, https:\/\/weltlaeden.de\/betzdorf\/wp-content\/uploads\/sites\/176\/2023\/05\/HonigBild3guayab-fotos-macarioandere-2-3-2-2021-768x512.jpg 768w, https:\/\/weltlaeden.de\/betzdorf\/wp-content\/uploads\/sites\/176\/2023\/05\/HonigBild3guayab-fotos-macarioandere-2-3-2-2021-1536x1024.jpg 1536w, https:\/\/weltlaeden.de\/betzdorf\/wp-content\/uploads\/sites\/176\/2023\/05\/HonigBild3guayab-fotos-macarioandere-2-3-2-2021.jpg 2000w\" sizes=\"auto, (max-width: 300px) 100vw, 300px\" \/><p id=\"caption-attachment-1351\" class=\"wp-caption-text\">Als zus\u00e4tzliches Familieneinkommen ist der Bio-Honig f\u00fcr die Mitglieder von GEPA-Handelspartner Guaya\u2018b besonders wichtig. Die Umstellung auf Bio-Honig war ein gemeinsames Projekt von Guaya\u00b4b und der GEPA, das u.a. durch den GEPA-Handelspartner-Fonds unterst\u00fctzt wurde. Foto: GEPA \u2013 The Fair Trade Company \/ Nova TV Guatemala<\/p><\/div>\n<p>Betzdorf. Vom Handelspartner Guaya&#8217;b aus Guatemala bezieht die GEPA Honig f\u00fcr den Guatemala Gebirgsbl\u00fctenhonig und f\u00fcr die Wildbl\u00fcten Honige. Die Produzentenorganisation hat \u00fcber 600 Mitglieder von denen viele auch Imker*innen sind.<\/p>\n<p>Die B\u00e4uer*innen aus den Bergd\u00f6rfern im Nord-Westen Guatemalas bauen Kaffee an, der auch \u00fcber den Fairen Handel vermarket wird, sowie Erdn\u00fcsse, Chilis und Hibiskus f\u00fcr den lokalen Markt und Gem\u00fcse, Kartoffeln und Getreide f\u00fcr den Eigenbedarf.<\/p>\n<p>Die Organisation unterh\u00e4lt eine Baumschule und es wurden von den B\u00e4uer*innen schon tausende Baumsetzlinge gepflanzt, was auch hilft Folgen des Klimawandels zu bek\u00e4mpfen. Der Gesch\u00e4ftsf\u00fchrer von Guaya&#8217;b Lucas Silvestre sagt: \u201eAls Partner der GEPA konnten wir die Wiederaufforstung mit bienenfreundlichen, bl\u00fctenreichen und pollenproduzierenden Pflanzenarten f\u00f6rdern.&#8220;<\/p>\n<p>Die Imkerei erf\u00fcllt mehrere Zwecke: Die Bienen best\u00e4uben die Kaffeebl\u00fcten und die Bl\u00fcten von Obstb\u00e4umen, die extra als Bienennahrung angepflanzt wurden. Der Honig ist ein willkommenes Zusatzeinkommen zur Landwirtschaft, und die Imkerei bietet eine wirtschaftliche Perspektive f\u00fcr junge Menschen in der abgelegenen l\u00e4ndlichen Region.<\/p>\n<p>F\u00fcr den fairen Honig gibt es einen FLO (Zertifizierungsgesellschaft f\u00fcr fairen Handel) Mindestpreis, plus Fair Trade-Pr\u00e4mie, plus Bio-Pr\u00e4mie. Die GEPA bezieht Honig in Bio-Qualit\u00e4t von Guaya&#8217;b: zurzeit sind 90 Imker*innen Bio-zertifiziert, sie haben rund 6000 Bienenv\u00f6lker. Der GEPA-Handelspartnerfonds hatte den Partner beim Einstieg in die \u00f6kologische Honig-Produktion finanziell unterst\u00fctzt.<\/p>\n<p>Honig ist im Bereich Weltl\u00e4den und Weltgruppen immer schon ein wichtiges Produkt gewesen. Vier von f\u00fcnf Weltl\u00e4den f\u00fchren GEPA-Honige im Sortiment: Ob Wildbl\u00fctenhonige, L\u00e4nderhonige oder Sortenhonige &#8211; alle Honige sind zu 100% Bio und Produktion, Transport, Abf\u00fcllung und Vertrieb sind zu 100% klimaneutral! Die CO2 Kompensation f\u00fcr das Honig-Sortiment erfolgt \u00fcber die Klima-Kollekte.<\/p>\n<p>Der Honig von Guaya&#8217;b ist im cremigen Guatemala Gebirgsbl\u00fctenhonig und auch in den Wildbl\u00fcten Honig-Mischungen cremig und fl\u00fcssig enthalten. Der Guatemala Honig ist ein L\u00e4nderhonig, der nur Honig aus einem Land enth\u00e4lt und einen charakteristischen Geschmack hat. \u00c4hnlich wie beim Wein, kann sich jede Ernte leicht im Geschmack unterscheiden &#8211; je nachdem welchen Nektar die Honigbienen gesammelt haben.<\/p>\n<p>Der cremige Bio Gebirgsbl\u00fctenhonig ist harmonisch ausgewogen und hat einen herb-w\u00fcrzigen Geschmack. Die Imkerinnen und Imker leben in der Sierra Madre de Chiapas, einer Bergkette, die sich von Mexiko kommend auch durch Guatemala zieht, der Honig enth\u00e4lt den Nektar unterschiedlicher Gebirgspflanzen. Der Bio-Honig, u.a. von unserem Partner Guaya&#8217;b, eignet sich als s\u00fc\u00dfer Brotaufstrich ebenso wie zum Verfeinern von Getr\u00e4nken, Geb\u00e4ck und Desserts.<\/p>\n<p>&nbsp;<\/p>\n<p>Einen umfassenden \u00dcberblick \u00fcber die GEPA Honige gibt es <a href=\"https:\/\/www.gepa.de\/gepa\/themenspecials\/honeybefair.html\">hier<\/a><\/p>\n<p>&nbsp;<\/p>\n<hr \/>\n<p>&nbsp;<\/p>\n<p>[\/vc_column_text][vc_column_text]<\/p>\n<h1>Weltladen Betzdorf fordert gerechte Preise<\/h1>\n<h2>Ausstellung am 13. Mai auf dem Wochenmarkt &#8211; Bundesweiter Weltladentag<\/h2>\n<p><img loading=\"lazy\" decoding=\"async\" class=\"size-medium wp-image-1280 alignleft\" src=\"https:\/\/weltlaeden.de\/betzdorf\/wp-content\/uploads\/sites\/176\/2022\/05\/Weltladentag2022Plakat-213x300.jpg\" alt=\"\" width=\"213\" height=\"300\" \/>Betzdorf. Zum Weltladentag Mitte Mai fordern hunderte Weltl\u00e4den bundesweit, dass die Gewinne entlang globaler Lieferketten gerechter verteilt werden m\u00fcssen. Unter dem Motto \u201eM\u00c4CHTIG unfair\u201c zeigen sie die negativen Auswirkungen niedriger Erzeuger-Preise auf. Auch der Weltladen Betzdorf beteiligt sich am Freitag, 13. Mai, auf dem Betzdorfer Wochenmarkt sowie beim Betzdorfer Fr\u00fchlingsmarkt am Sonntag, 15. Mai, mit einer Aktion an der bundesweiten Kampagne des Weltladen-Dachverbandes.<\/p>\n<p>Warum sind ein Box-Handschuh, eine Saftpresse und eine Kaffeem\u00fchle auf dem Wochenmarkt in Betzdorf ausgestellt? Zu dieser kuriosen Ausstellung l\u00e4dt der Weltladen Betzdorf anl\u00e4sslich des Weltladentags ein. Anhand verschiedener Alltagsgegenst\u00e4nde machen Weltl\u00e4den in ganz Deutschland unter dem Motto \u201eM\u00c4CHTIG unfair\u201c darauf aufmerksam, dass viele Produzenten weltweit kein existenzsicherndes Einkommen aus dem Handel mit ihren Produkten erzielen.<\/p>\n<p>\u201eOft decken die Preise, die die Produzenten f\u00fcr Kaffee, Kakao, Bananen oder Milch erhalten, nicht einmal die Produktionskosten\u201c, erl\u00e4utern Betzdorfer Weltladen-Mitarbeiter. \u201eDurch die aktuell steigenden Verbraucher-Preise merken wir auf dramatische Weise, wie wichtig existenzsichernde Einkommen und L\u00f6hne sind, sowohl in Deutschland wie auch weltweit.\u201c<\/p>\n<p>Entlang globaler Lieferketten herrscht laut Weltladen-Dachverband und Forum Fairer Handel ein extremes Macht- und Verhandlungsungleichgewicht. Dies f\u00fchrt dazu, dass gro\u00dfe Unternehmen gegen\u00fcber Lieferanten und Produzierenden niedrige Preise und unfaire Vertragskonditionen durchsetzen k\u00f6nnen. \u201eIn der Regel profitieren die gro\u00dfen Unternehmen von den Gewinnen, w\u00e4hrend die Produzenten um ihre Existenz k\u00e4mpfen\u201c, wird in vom Weltladen Betzdorf verdeutlicht.<\/p>\n<p>Die Fair-Handels-Bewegung setzt sich f\u00fcr eine rasche Nachbesserung des im Mai 2021 beschlossenen \u201eGesetzes zur St\u00e4rkung der Organisationen und Lieferketten im Agrarbereich\u201c ein, welches die gravierendsten unlauteren Handelspraktiken verbietet. \u201eDie Bundesregierung sollte schnellstm\u00f6glich ein Verbot von Preisen unterhalb der Produktionskosten in Deutschland einf\u00fchren und sich f\u00fcr eine gerechtere Verteilung der Wertsch\u00f6pfung entlang der Lieferkette einsetzen\u201c, fordert Anna Hirt, politische Referentin beim Weltladen-Dachverband in Mainz.<\/p>\n<p>\u201eM\u00e4chtig unfair erscheint uns im Moment vieles, das wir in der Welt beobachten\u201c, so die Weltladen-Mitarbeiter mit Blick auf den Krieg in der Ukraine und die steigenden Verbraucher-Preise. \u201eUmso wichtiger ist es uns als Weltladen mit unseren Aktionen auch weiterhin ein Zeichen f\u00fcr globale Gerechtigkeit und die Menschenrechte zu setzen.\u201c<\/p>\n<p>&nbsp;<\/p>\n<hr \/>\n<p>&nbsp;<\/p>\n<p>[\/vc_column_text][vc_column_text]<\/p>\n<h1>Koopmanskloof-Weine der GEPA sind fair!<\/h1>\n<h2>Artikel in der taz zur \u201eWeinernte in S\u00fcdafrika\u201c mit missverst\u00e4ndlichen Infos<\/h2>\n<p>&nbsp;<\/p>\n<p><img loading=\"lazy\" decoding=\"async\" class=\"size-medium wp-image-1340 alignleft\" src=\"https:\/\/weltlaeden.de\/betzdorf\/wp-content\/uploads\/sites\/176\/2023\/04\/Koopmanskloof_picking5_mteas-300x169.jpg\" alt=\"\" width=\"300\" height=\"169\" srcset=\"https:\/\/weltlaeden.de\/betzdorf\/wp-content\/uploads\/sites\/176\/2023\/04\/Koopmanskloof_picking5_mteas-300x169.jpg 300w, https:\/\/weltlaeden.de\/betzdorf\/wp-content\/uploads\/sites\/176\/2023\/04\/Koopmanskloof_picking5_mteas.jpg 675w\" sizes=\"auto, (max-width: 300px) 100vw, 300px\" \/>In der Ausgabe der taz vom 24.3. 2023 geht es um die \u201eWeinernte in S\u00fcdafrika\u201c und<\/p>\n<p>die kritische Berichterstattung zum Thema \u201eFairtrade-Wein ohne Mindestlohn\u201c. Im Fokus<\/p>\n<p>stehen die Arbeitsbedingungen in der s\u00fcdafrikanischen Weinproduktion, vor allem bei<\/p>\n<p>Fairtrade-zertifizierten Weing\u00fctern. Die s\u00fcdafrikanische NGO \u201eWomen on Farms Project\u201c<\/p>\n<p>hatte Ergebnisse eines entsprechenden Berichts ver\u00f6ffentlicht, der vor allem auch Frauen zu<\/p>\n<p>den Arbeitsbedingungen und L\u00f6hnen befragt hatte. Im Artikel wird das Weingut<\/p>\n<p>Koopmanskloof Wingerde kritisiert, von dem die GEPA verschiedene hochwertige Rot- und<\/p>\n<p>Wei\u00dfweine erh\u00e4lt. Die GEPA m\u00f6chte hier einige aus ihrer Sicht missverst\u00e4ndliche<\/p>\n<p>Informationen korrigieren. Ausf\u00fchrliche Details sind in der <a href=\"https:\/\/www.gepa.de\/fileadmin\/user_upload\/WUG_Weltlaeden_und_Gruppen\/Kundeninfos\/Kundeninfo_taz_Wein_aus_Suedafrika_2023-03-24.pdf\">Erkl\u00e4rung der GEPA<\/a> in einem Schreiben an die Kunden zu lesen.<\/p>\n<p>&nbsp;<\/p>\n<p>Mehr Infos zum <a href=\"https:\/\/www.gepa.de\/produzenten\/partner\/koopmanskloof.html\">Weingut Koopmanskloof Wingerde<\/a><\/p>\n<p>&nbsp;<\/p>\n<hr \/>\n<p>&nbsp;<\/p>\n<p>[\/vc_column_text][vc_column_text]<\/p>\n<h1>WM in Katar: Steilpass f\u00fcr das Kinderrecht auf Spielen<\/h1>\n<h2>Weltladen Betzdorf weist auf Nutzung fair gehandelter Fu\u00dfb\u00e4lle hin<\/h2>\n<div id=\"attachment_1311\" style=\"width: 310px\" class=\"wp-caption alignleft\"><img loading=\"lazy\" decoding=\"async\" aria-describedby=\"caption-attachment-1311\" class=\"wp-image-1311 size-medium\" src=\"https:\/\/weltlaeden.de\/betzdorf\/wp-content\/uploads\/sites\/176\/2022\/11\/Weltladen-Baelle-WM-300x225.jpg\" alt=\"\" width=\"300\" height=\"225\" srcset=\"https:\/\/weltlaeden.de\/betzdorf\/wp-content\/uploads\/sites\/176\/2022\/11\/Weltladen-Baelle-WM-300x225.jpg 300w, https:\/\/weltlaeden.de\/betzdorf\/wp-content\/uploads\/sites\/176\/2022\/11\/Weltladen-Baelle-WM-1024x768.jpg 1024w, https:\/\/weltlaeden.de\/betzdorf\/wp-content\/uploads\/sites\/176\/2022\/11\/Weltladen-Baelle-WM-768x576.jpg 768w, https:\/\/weltlaeden.de\/betzdorf\/wp-content\/uploads\/sites\/176\/2022\/11\/Weltladen-Baelle-WM-1536x1152.jpg 1536w, https:\/\/weltlaeden.de\/betzdorf\/wp-content\/uploads\/sites\/176\/2022\/11\/Weltladen-Baelle-WM.jpg 2016w\" sizes=\"auto, (max-width: 300px) 100vw, 300px\" \/><p id=\"caption-attachment-1311\" class=\"wp-caption-text\">Im Zusammenhang mit der Fu\u00dfball-Weltmeisterschaft in Katar weist der Weltladen Betzdorf noch einmal auf fair gehandelte Fu\u00dfb\u00e4lle hin, die auch im Laden in Betzdorf gekauft werden k\u00f6nnen. Foto: Weltladen Betzdorf<\/p><\/div>\n<p>Betzdorf. Im Zusammenhang mit der Fu\u00dfball-Weltmeisterschaft in Katar verweist der Weltladen Betzdorf auf Probleme am Austragungsort, die Kommerzialisierung des Fu\u00dfballs und Kinderarbeit. In einem Schreiben an Politiker aus der Region und Multiplikatoren im Sport verweist der Weltladen auf die Nutzung fair gehandelter Fu\u00dfb\u00e4lle.<\/p>\n<p>\u201eMillionen Menschen auf der ganzen Welt freuen sich auf die Fu\u00dfball-Weltmeisterschaft 2022. Die Faszination des Spiels ist ungebrochen. Umso tragischer finden wir es, dass die zunehmende Kommerzialisierung im Fu\u00dfball immer mehr zur Verarmung durch Dumpingl\u00f6hne beitr\u00e4gt\u201c, hei\u00dft es in einer Mitteilung des Weltladens Betzdorf. Weiter wird dort ausgef\u00fchrt:<\/p>\n<p>\u201eViele Kinder weltweit, gerade in armen L\u00e4ndern, haben kaum Gelegenheit zu Spiel und Sport, weil sie wegen der Niedrigl\u00f6hne ihrer Eltern auch arbeiten m\u00fcssen. Berichte aus Katar haben uns dieses Schicksal in den vergangenen Monaten oft genug vor Augen gef\u00fchrt. Menschen z.B. aus Nepal oder Bangladesch arbeiten f\u00fcr 230 Euro im Monat unter sklaven\u00e4hnlichen Arbeitsbedingungen auf den WM-Baustellen. N\u00e4herinnen und N\u00e4her produzieren Fu\u00dfb\u00e4lle unter Bedingungen, die f\u00fcr ein Leben in W\u00fcrde und zur Versorgung ihrer Familie nicht ausreichen.<\/p>\n<p>Dem stehen z.B. 150 Millionen Euro gegen\u00fcber, die Katar f\u00fcr den Drei-Jahresvertrag eines Fu\u00dfballspielers (Mbapp\u00e9 von Paris St. Germain) zahlt. Oder auch rund 500 Milliarden Euro, die sich der Golfstaat die teuerste WM kosten l\u00e4sst.<\/p>\n<p>Davor d\u00fcrfen wir nicht die Augen verschlie\u00dfen, denn f\u00fcr die Entwicklung eines jeden Kindes gibt es nichts Wichtigeres im Leben als freies Spiel, damit Kinder Kreativit\u00e4t, Selbstbewusstsein und Teamgeist entwickeln \u2013 Eigenschaften, die sie f\u00fcr ihr ganzes Leben brauchen.<\/p>\n<p>So k\u00f6nnen Politiker und Multiplikatoren im Sport f\u00fcr ein Umdenken in unserer Gesellschaft sorgen \u2013 weg vom \u201eGeiz ist Geil\u201c! Dass uns dieses Wirtschaftsdenken einmal auf die F\u00fc\u00dfe f\u00e4llt, zeigen unter anderem die augenblickliche Energiekrise oder die Migrationsbewegungen aus Afrika. Die Mitarbeiter vom Weltladen Betzdorf bitten daher, bei einem Besuch von Vereinen oder Schulen und Kinderg\u00e4rten auf fair gehandelte B\u00e4lle zur\u00fcckzugreifen.<\/p>\n<p>Damit die Freude des Einen nicht mit dem Leiden eines Anderen erkauft wird, erhalten die N\u00e4herinnen und N\u00e4her eines fair gehandelten Balles etwa 20 Prozent mehr Lohn als im herk\u00f6mmlichen Handel, so dass Kinder auch Zeit zum Spielen haben.\u201c<\/p>\n<p>Im Weltladen gibt es zwei Sorten fair gehandelter B\u00e4lle. Zum einen den \u201ePro fit\u201c (23,95 Euro), der ab der C-Jugend und f\u00fcr Senioren geeignet ist. Der \u201eTeam Skill\u201c (20,95 Euro) ist der geeignete Ball f\u00fcr die D-Jugend.<\/p>\n<p>&nbsp;<\/p>\n<hr \/>\n<p>&nbsp;<\/p>\n<p>[\/vc_column_text][vc_column_text]<\/p>\n<div>\n<h1>\u201eSehr gut\u201c f\u00fcr GEPA-Bio-Honig \u201eFaires Pfund\u201c<\/h1>\n<\/div>\n<div>\n<h2><b>Im Weltladen Betzdorf erh\u00e4ltlich &#8211; Sechs Produkte fielen durch<\/b><\/h2>\n<p><strong><img loading=\"lazy\" decoding=\"async\" class=\"size-medium wp-image-1306 alignleft\" src=\"https:\/\/weltlaeden.de\/betzdorf\/wp-content\/uploads\/sites\/176\/2022\/11\/faires-pfundkaJJwkpLqywedvW9XRzDYEsI9P7xtpJMEwPp2AN51bg-300x100.jpg\" alt=\"\" width=\"300\" height=\"100\" srcset=\"https:\/\/weltlaeden.de\/betzdorf\/wp-content\/uploads\/sites\/176\/2022\/11\/faires-pfundkaJJwkpLqywedvW9XRzDYEsI9P7xtpJMEwPp2AN51bg-300x100.jpg 300w, https:\/\/weltlaeden.de\/betzdorf\/wp-content\/uploads\/sites\/176\/2022\/11\/faires-pfundkaJJwkpLqywedvW9XRzDYEsI9P7xtpJMEwPp2AN51bg.jpg 660w\" sizes=\"auto, (max-width: 300px) 100vw, 300px\" \/>Betzdorf\/Wuppertal.<\/strong> Das geht runter wie Honig: In der neuen \u00d6KO-TEST-Ausgabe hat der \u201eBio Honig Faires Pfund\u201c (Artikel-Nr. 8910417) der GEPA mit sieben weiteren Bio-Produkten die Bestnote \u201esehr gut\u201c erreicht. Auch in Einzelkategorien wie Pollen-Analyse, Sensorik (\u201ehonigtypisch, fruchtig, s\u00fc\u00df, w\u00fcrzig\u201c), Naturbelassenheit, Inhaltsstoffe konnte der GEPA-Honig punkten. Insgesamt wurden 19 Produkte getestet. Drei Bio-Honige erhielten \u201egut\u201c, zwei Bio-Honige \u201ebefriedigend\u201c, sechs Honige fielen mit \u201emangelhaft\u201c und \u201eungen\u00fcgend\u201c durch, darunter auch drei Bio-Honige. Der Honig eines Markenanbieters fiel dabei durch starke Verunreinigungen auf, in Proben anderer konventioneller Honige wurden gentechnisch ver\u00e4nderte Pflanzen-DNA und Pestizide gefunden.<\/p>\n<p><strong>Intensives und erfolgreiches Qualit\u00e4tsmanagement<\/strong><br \/>\nGEPA-Gesch\u00e4ftsf\u00fchrer Peter Schaumberger: \u201eWir freuen uns auch im Namen unserer Partnerkooperativen im Globalen S\u00fcden: Denn sie betreiben gro\u00dfen Aufwand, um den Honig unverf\u00e4lscht, naturrein und unbelastet zu gewinnen. Auch das intensive Qualit\u00e4tsmanagement der GEPA und die intensive Beratung bei der Bio-Umstellung unserer Honige haben dazu beigetragen.\u201c Hinzu kommt, dass im weiteren Umfeld der Imkergenossenschaften in der Region so weit wie m\u00f6glich schonend gewirtschaftet wird. Der Honig kommt wegen seines angenehmen Geschmacks und des \u00fcberraschend g\u00fcnstigen Preises f\u00fcr diese Qualit\u00e4t auch bei Verbraucher*innen sehr gut an.<\/p>\n<p><strong>Botanische Herkunft durch Pollen-Analyse best\u00e4tigt<\/strong><br \/>\nIm Gegensatz zu etwa einem beanstandeten Honig eines anderen Anbieters konnte die GEPA die Deklaration zur Herkunft \u201eBl\u00fctenhonig\u201c (Guatemala oder Mexiko) durch Pollen-Analyse f\u00fcr die eingesetzte Charge (MHD 23.02.24) detailliert best\u00e4tigen. Es konnte sogar auch nachgewiesen werden, welche Bl\u00fcten die Bienen angeflogen hatten, z.B. Kreuzdorngew\u00e4chse oder Kaffeestrauch.<\/p>\n<p><strong>Pr\u00e4vention von Pestiziden und Sch\u00e4dlingen<\/strong><br \/>\nDie mexikanische Kooperative Tzeltal Tzotzil, von der die GEPA Honig und Kaffee bezieht, setzt das interne Kontrollsystem f\u00fcr die Bio-Zertifizierung erfolgreich um. Zus\u00e4tzlich zu den eigenen Laboranalysen der GEPA wurde dies jetzt durch \u00d6KO-TEST noch einmal best\u00e4tigt. Der Standort der Bienenst\u00f6cke wird genau ermittelt, damit sie den entsprechenden Abstand zu konventionell bewirtschafteten Feldern haben. Die Bienenst\u00f6cke der GEPA-Partnerkooperativen Guaya\u2019b und Copichajulense (Guatemala) befinden sich oft in abgelegenen Gebieten (z.B. Bergregionen), in denen das Risiko einer Kontamination minimal oder nicht vorhanden ist. Beim Varroa-Management setzen alle drei Kooperativen auf regelm\u00e4\u00dfige Kontrollen und Schulungen der Imker*innen. Alle drei Kooperativen arbeiten bewusst mit der afrikanisierten Honigbiene, der eine bessere Resistenz bei einem Befall mit der Varroamilbe nachgesagt wird. Eine gute imkerliche Praxis und Wabenhygiene, wie sie die Handelspartner der GEPA umsetzen, k\u00f6nnen dem Befall mit Parasiten oder Krankheiten ebenfalls vorbeugen.<\/p>\n<p><strong>Honig und Fairer Handel<\/strong><br \/>\nDurch den Honig-Export erzielen die Imker*innen ein wichtiges Zusatzeinkommen. F\u00fcr Mitglieder der Kooperative Tzeltal Tzotzil bedeutet Honig ein zentrales zweites Standbein neben Kaffee. Doch auch die Imker*innen sind von den Auswirkungen der Klimakrise betroffen: ver\u00e4nderte Regen- oder Trockenzeiten, die u.a. in Ernteverschiebungen resultieren und somit: weniger Ernte und weniger Einkommen. Fairer Handel ist f\u00fcr sie wichtiger denn je. Das gesamte Honig-Sortiment der GEPA ist von der Wabe bis ins Glas klimaneutral.Quelle: Gepa-Pressemeldung<\/p>\n<p>Weitere Infos unter <a href=\"https:\/\/1326735665634febbac970b7ee245c1d.svc.dynamics.com\/t\/t\/8ZfilrxlgVg2CvV7nXyCdmlzqdgTpFLaQWz8yUx9kV0x\/TNGdmbzEnh0jkt8rjHb6xwayzlxXM0htnVBfb0kDqccx\" target=\"_blank\" rel=\"noopener\" data-msdyn-tracking=\"null\" data-msdyn-tracking-id=\"f660440e-2e0f-4cc3-abd0-8f782b058cc4\">www.gepa.de\/honeybefair\u00a0<\/a><\/p>\n<p>&nbsp;<\/p>\n<\/div>\n<hr \/>\n<p>&nbsp;<\/p>\n<p>[\/vc_column_text][vc_column_text]<\/p>\n<h1>Weltladen unterst\u00fctzt Projekte mit fast 4500 Euro<\/h1>\n<h2>Bei Mitgliederversammlung Entwicklungen des fairen Handels beleuchtet<\/h2>\n<div id=\"attachment_1302\" style=\"width: 310px\" class=\"wp-caption alignleft\"><img loading=\"lazy\" decoding=\"async\" aria-describedby=\"caption-attachment-1302\" class=\"wp-image-1302 size-medium\" src=\"https:\/\/weltlaeden.de\/betzdorf\/wp-content\/uploads\/sites\/176\/2022\/11\/Weltladen-Betzdorf-e1667977577865-300x199.jpg\" alt=\"\" width=\"300\" height=\"199\" srcset=\"https:\/\/weltlaeden.de\/betzdorf\/wp-content\/uploads\/sites\/176\/2022\/11\/Weltladen-Betzdorf-e1667977577865-300x199.jpg 300w, https:\/\/weltlaeden.de\/betzdorf\/wp-content\/uploads\/sites\/176\/2022\/11\/Weltladen-Betzdorf-e1667977577865-1024x678.jpg 1024w, https:\/\/weltlaeden.de\/betzdorf\/wp-content\/uploads\/sites\/176\/2022\/11\/Weltladen-Betzdorf-e1667977577865-768x509.jpg 768w, https:\/\/weltlaeden.de\/betzdorf\/wp-content\/uploads\/sites\/176\/2022\/11\/Weltladen-Betzdorf-e1667977577865.jpg 1048w\" sizes=\"auto, (max-width: 300px) 100vw, 300px\" \/><p id=\"caption-attachment-1302\" class=\"wp-caption-text\">Bei der Mitgliederversammlung beschlossen Mitarbeiter des Weltladens Betzdorf, verschiedene Projekte mit insgesamt fast 4500 Euro zu unterst\u00fctzen. Foto: Weltladen Betzdorf<\/p><\/div>\n<p>Betzdorf. Mit fast 4500 Euro unterst\u00fctzt der Aktionskreis \u201eEine-Welt-Handel\u201c, der in Betzdorf in der Bahnhofstra\u00dfe den Weltladen betreibt, ve<\/p>\n<p>Weltladen Betzdorf unterst\u00fctzt Projekte mit fast 4500 Euro<\/p>\n<p>Bei Mitgliederversammlung Entwicklungen im Bereich fairer Handel beleuchtet<\/p>\n<p>Betzdorf. Mit fast 4500 Euro unterst\u00fctzt der Aktionskreis \u201eEine-Welt-Handel\u201c, der in Betzdorf in der Bahnhofstra\u00dfe den Weltladen betreibt, verschiedene Projekte. \u00dcber die Vergabe der Geldmittel wurde bei der Mitgliederversammlung entschieden. Aktionskreisvorsitzender Hermann Hesse und 2. Vorsitzender Karl-Heinz Dorka stellten Entwicklungen im Bereich des fairen Handels und der Weltladen-Bewegung vor. Der Umsatz im Weltladen in Betzdorf sank von 2020 auf 2021 um sieben Prozent. Dies wird vor allem auf das Coronajahr zur\u00fcckgef\u00fchrt. Bis August 2022 blieb der Umsatz auf dem niedrigeren Niveau. Ebenso wurden noch einmal einige Aktivit\u00e4ten im Jahr 2021 vorgestellt, so zum Beispiel die Aktion \u201eM\u00e4chtig unfair\u201c auf dem Wochenmarkt und Fr\u00fchlingsfest sowie die Aktion \u201eFaire Woche\u201c.<\/p>\n<p>Christian Ferdinand stellt Erfahrungen mit dem Marktstand von \u201eNah dran\u201c vor. Hier bietet er auch Produkte aus dem Weltladen an.<\/p>\n<p>Christel Schuh stellte den Kassenbericht des Weltladens f\u00fcr das Jahr 2021 vor. Im Laden gab es 2021 einen Umsatz von rund 46 000 Euro.<\/p>\n<p>Folgende Projekte und Institutionen werden laut Beschluss der Mitgliederversammlung mit insgesamt 4480 Euro unterst\u00fctzt: Kinderrechte-Projekt Preda auf den Philippinen (Geld aus der Spendendose im Weltladen), Friedenserziehung in Schulen im S\u00fcdsudan (Misereorprojekt), Solaranlagen f\u00fcr Gesundheitsstationen im Kongo (Misereorprojekt), Patenschaft \u00fcber ein Regenwaldprojekt, Musikprojekt von Michaela Weyand (Verein Crearte) in Chile, Christliche Initiative Romero, S\u00fcdwind-Institut, das zum Thema gerechte Wirtschaftsbeziehungen forscht, Projekt Kleinbauern und das Recht auf Land (Misereor) und Unterst\u00fctzung zum Bau energieeffizienter \u00d6fen in Tansania.<\/p>\n<p>rschiedene Projekte. \u00dcber die Vergabe der Geldmittel wurde bei der Mitgliederversammlung entschieden. Aktionskreisvorsitzender Hermann Hesse und 2. Vorsitzender Karl-Heinz Dorka stellten Entwicklungen im Bereich des fairen Handels und der Weltladen-Bewegung vor. Der Umsatz im Weltladen in Betzdorf sank von 2020 auf 2021 um sieben Prozent. Dies wird vor allem auf das Coronajahr zur\u00fcckgef\u00fchrt. Bis August 2022 blieb der Umsatz auf dem niedrigeren Niveau. Ebenso wurden noch einmal einige Aktivit\u00e4ten im Jahr 2021 vorgestellt, so zum Beispiel die Aktion \u201eM\u00e4chtig unfair\u201c auf dem Wochenmarkt und Fr\u00fchlingsfest sowie die Aktion \u201eFaire Woche\u201c.<\/p>\n<p>Christian Ferdinand stellt Erfahrungen mit dem Marktstand von \u201eNah dran\u201c vor. Hier bietet er auch Produkte aus dem Weltladen an.<\/p>\n<p>Christel Schuh stellte den Kassenbericht des Weltladens f\u00fcr das Jahr 2021 vor. Im Laden gab es 2021 einen Umsatz von rund 46 000 Euro.<\/p>\n<p>&nbsp;<\/p>\n<p>Folgende Projekte und Institutionen werden laut Beschluss der Mitgliederversammlung mit insgesamt 4480 Euro unterst\u00fctzt:<\/p>\n<p><a href=\"https:\/\/www.mangos-fuer-kinderrechte.de\/de\/kinderrechte#preda\">Kinderrechte-Projekt Preda auf den Philippinen<\/a> (Geld aus der Spendendose im Weltladen)<\/p>\n<p><a href=\"https:\/\/www.misereor.de\/spenden\/spendenprojekte\/suedsudan-schulen-fuer-den-frieden\">Friedenserziehung in Schulen im S\u00fcdsudan<\/a> (Misereorprojekt)<\/p>\n<p><a href=\"https:\/\/mediapool.misereor.de\/kongo-sonnenenergie\">Solaranlagen f\u00fcr Gesundheitsstationen im Kongo<\/a> (Misereorprojekt)<\/p>\n<p><a href=\"https:\/\/regenwald-institut.de\/\">Patenschaft \u00fcber ein Regenwaldprojekt<\/a><\/p>\n<p>Musikprojekt von Michaela Weyand (<a href=\"https:\/\/crearte-epa.org\/\">Verein Crearte<\/a>) in Chile<\/p>\n<p><a href=\"https:\/\/www.ci-romero.de\/\">Christliche Initiative Romero<\/a><\/p>\n<p><a href=\"https:\/\/suedwind-institut.de\/startseite.html\">S\u00fcdwind-Institut<\/a>, das zum Thema gerechte Wirtschaftsbeziehungen forscht<\/p>\n<p><a href=\"https:\/\/www.misereor.de\/spenden\/spendenprojekte\/paraguay-brasilien-recht-auf-land\">Projekt Kleinbauern<\/a> und das Recht auf Land (Misereor)<\/p>\n<p>Unterst\u00fctzung zum <a href=\"https:\/\/klima-kollekte.de\/projekte\/kleinprojekte\/26-07-2018-energieeffiziente-fen-in-tansania\">Bau energieeffizienter \u00d6fen<\/a> in Tansania<\/p>\n<p><strong>Bericht vom Nov. 2022<\/strong><\/p>\n<p>&nbsp;<\/p>\n<hr \/>\n<p>[\/vc_column_text][vc_column_text]<\/p>\n<div class=\"row stage\">\n<div class=\"span4\">\n<div id=\"c26381\" class=\"gepa-box clearfix\">\n<h1 class=\"csc-header csc-header-n1\">Welttag gegen Kinderarbeit: Lernen statt schuften<\/h1>\n<h2 class=\"csc-header csc-header-n1\">Chancen durch Fairen Handel &#8211; Menschen Zukunft geben: Beispiel Kakao<\/h2>\n<figure class=\"csc-textpic-imagewrap\"><figcaption class=\"caption\"><\/figcaption><\/figure>\n<\/div>\n<\/div>\n<\/div>\n<div class=\"clearfix\">\n<div class=\"gridLeft\">\n<div id=\"c26395\" class=\"gepa-box clearfix\">\n<div class=\"textpic textpic-below\">\n<div class=\"textpic-item textpic-text textwrap\">\n<div id=\"attachment_1294\" style=\"width: 310px\" class=\"wp-caption alignleft\"><img loading=\"lazy\" decoding=\"async\" aria-describedby=\"caption-attachment-1294\" class=\"wp-image-1294 size-medium\" src=\"https:\/\/weltlaeden.de\/betzdorf\/wp-content\/uploads\/sites\/176\/2022\/06\/06_Schule_bei_GEPA-Handelspartner_Sol_y_Cafe_Var2-300x169.jpg\" alt=\"\" width=\"300\" height=\"169\" srcset=\"https:\/\/weltlaeden.de\/betzdorf\/wp-content\/uploads\/sites\/176\/2022\/06\/06_Schule_bei_GEPA-Handelspartner_Sol_y_Cafe_Var2-300x169.jpg 300w, https:\/\/weltlaeden.de\/betzdorf\/wp-content\/uploads\/sites\/176\/2022\/06\/06_Schule_bei_GEPA-Handelspartner_Sol_y_Cafe_Var2-1024x576.jpg 1024w, https:\/\/weltlaeden.de\/betzdorf\/wp-content\/uploads\/sites\/176\/2022\/06\/06_Schule_bei_GEPA-Handelspartner_Sol_y_Cafe_Var2-768x432.jpg 768w, https:\/\/weltlaeden.de\/betzdorf\/wp-content\/uploads\/sites\/176\/2022\/06\/06_Schule_bei_GEPA-Handelspartner_Sol_y_Cafe_Var2-1536x864.jpg 1536w, https:\/\/weltlaeden.de\/betzdorf\/wp-content\/uploads\/sites\/176\/2022\/06\/06_Schule_bei_GEPA-Handelspartner_Sol_y_Cafe_Var2-2048x1152.jpg 2048w, https:\/\/weltlaeden.de\/betzdorf\/wp-content\/uploads\/sites\/176\/2022\/06\/06_Schule_bei_GEPA-Handelspartner_Sol_y_Cafe_Var2-scaled.jpg 1920w\" sizes=\"auto, (max-width: 300px) 100vw, 300px\" \/><p id=\"caption-attachment-1294\" class=\"wp-caption-text\">Durch ihre Kaffeeimporte finanziert die GEPA die Ganztagsschule der Kaffee-Genossenschaft Sol y Caf\u00e9 mit. Diese Schule hat Modellcharakter und steht auch Kindern von Nicht-Mitgliedern offen. Zurzeit besuchen 132 Sch\u00fcler*innen die Schule. Sogar Umweltschutz steht auf dem Lehrplan, damit die Kinder von klein auf lernen, was Nachhaltigkeit bedeutet. Foto: GEPA \u2013 The Fair Trade Company \/ A. Welsing<\/p><\/div>\n<p class=\"bodytext\">Ein Jahr Kakao-Plus-Preis der GEPA \u2013 wie Fairer Handel Kinder im Globalen S\u00fcden sch\u00fctzen und ihnen bessere Bildungschancen bieten kann, lesen Sie am Beispiel Kakao und Kaffee auf dieser Seite. Am 12. Juni ist der UN-Aktionstag gegen ausbeuterische Kinderarbeit oder kurz Welttag gegen Kinderarbeit.<\/p>\n<\/div>\n<\/div>\n<\/div>\n<div id=\"c26393\" class=\"gepa-box clearfix\">\n<div class=\"textwrap\">\n<p class=\"bodytext\">Die weltweite Inflation sorgt in diesem Jahr daf\u00fcr, dass faire Preise noch wichtiger f\u00fcr die Produzent*innen und ihre Familien werden. GEPA-Gesch\u00e4ftsf\u00fchrer Peter Schaumberger: \u201eDies ist in Zeiten steigender Lebenshaltungskosten aufgrund des Kriegs in Europa wichtiger denn je. Davon sind Kleinbauernfamilien im Globalen S\u00fcden noch viel st\u00e4rker betroffen als wir.\u201c<\/p>\n<p class=\"bodytext\">Damit sie ihre Existenz nachhaltig sichern und ihre Kinder zur Schule schicken k\u00f6nnen, sind zwei Punkte zentral:<\/p>\n<ul class=\"list-normal\">\n<li>Faire Preise<\/li>\n<li>Langfristige Zusammenarbeit<\/li>\n<\/ul>\n<p class=\"bodytext\">Eine gro\u00dfe Rolle spielt au\u00dferdem:<\/p>\n<ul class=\"list-normal\">\n<li>eine kurze, transparente Lieferkette.<\/li>\n<\/ul>\n<p class=\"bodytext\">All das kennzeichnet den Fairen Handel der GEPA.<\/p>\n<p>&nbsp;<\/p>\n<\/div>\n<p>Am Beispiel Kakao zeigt die GEPA auf, was es hier f\u00fcr M\u00f6glichkeiten gibt. Die Infos gibt es <a href=\"https:\/\/www.gepa.de\/home\/meldungen\/welttag-gegen-kinderarbeit-lernen-statt-schuften.html\">hier<\/a><\/p>\n<p>&nbsp;<\/p>\n<hr \/>\n<\/div>\n<p>&nbsp;<\/p>\n<\/div>\n<\/div>\n<p>[\/vc_column_text][vc_column_text]<\/p>\n<h1>Ausgepresst, zerm\u00fcrbt und mit F\u00fc\u00dfen getreten<\/h1>\n<h2>Weltladen informiert \u00fcber ungerechten Handel und fordert Verbesserungen<\/h2>\n<p>&nbsp;<\/p>\n<div id=\"attachment_1285\" style=\"width: 310px\" class=\"wp-caption alignleft\"><img loading=\"lazy\" decoding=\"async\" aria-describedby=\"caption-attachment-1285\" class=\"wp-image-1285 size-medium\" src=\"https:\/\/weltlaeden.de\/betzdorf\/wp-content\/uploads\/sites\/176\/2022\/05\/Weltladen-Betzdorf-Markt-Betzdorf-13.5.2022-Kopie-300x225.jpg\" alt=\"\" width=\"300\" height=\"225\" srcset=\"https:\/\/weltlaeden.de\/betzdorf\/wp-content\/uploads\/sites\/176\/2022\/05\/Weltladen-Betzdorf-Markt-Betzdorf-13.5.2022-Kopie-300x225.jpg 300w, https:\/\/weltlaeden.de\/betzdorf\/wp-content\/uploads\/sites\/176\/2022\/05\/Weltladen-Betzdorf-Markt-Betzdorf-13.5.2022-Kopie.jpg 600w\" sizes=\"auto, (max-width: 300px) 100vw, 300px\" \/><p id=\"caption-attachment-1285\" class=\"wp-caption-text\">Sch\u00fcler der 9a der Betzdorfer Bertha-von-Suttner Realschule plus informierten sich gemeinsam mit ihrem Lehrer Carsten Winkler auf dem Wochenmarkt \u00fcber eine Ausstellung des Betzdorfer Weltladens. Es ging dabei um unfaire Handelsbeziehungen in der Welt. Foto: Weltladen Betzdorf<\/p><\/div>\n<p>Betzdorf. Eine Zitronenpresse, eine Kaffeem\u00fchle, eine zertretene Milcht\u00fcte, krumme Bananen und eine Lupe pr\u00e4sentierten Mitglieder des Betzdorfer Weltladens am Freitag auf dem Wochenmarkt und am Sonntag beim Fr\u00fchlingsfest gleich vor dem Laden in der Bahnhofstra\u00dfe. Die Ladenmitarbeiter Hermann Hesse, Karl-Heinz Dorka und Andreas Neuser wiesen mit diesen Gegenst\u00e4nden auf Ungerechtigkeiten im Welthandel hin. Produzenten werden ausgepresst (Zitronenpresse), sie werden zerm\u00fcrbt (Kaffeem\u00fchle), mit F\u00fc\u00dfen getreten (Milcht\u00fcten), auch Milchproduzenten in Deutschland, und krumme Gesch\u00e4fte im \u00fcbertragenen Sinne gibt es bei den Bananen. Oft liegen hier die Preise unter den Produktionskosten. Ein Preis oder schon ein Nulltarif f\u00fcr die Produzenten, der gesucht werden muss (Lupe) ist auch oft Alltag f\u00fcr die Menschen, die die Waren liefern.<\/p>\n<p>Sch\u00fcler der 9a der Betzdorfer Bertha-von-Suttner Realschule plus schauten sich am Freitag die Ausstellung auf dem Wochenmarkt an. Lehrer Carsten Winkler verdeutlichte, dass die Globalisierung im kommenden Schuljahr (Klassenstufe 10) auch Thema im Unterricht sein wird. Beim Besuch bei den Mitarbeitern des Weltladens erhielten die Sch\u00fcler nun erste Einblicke in die Thematik.<\/p>\n<p>Menschen sollten weltweit von ihrer Arbeit gut leben k\u00f6nnen, verdeutlichen die Aktiven des Betzdorfer Weltladens. Doch leider ist dies oft nicht der Fall. Globale Lieferketten sind gepr\u00e4gt von ungleichen Machtverh\u00e4ltnissen. Zum Weltladentag am 14. Mai 2022 verbreitet die Weltladen-Bewegung: \u201eDas ist m\u00e4chtig unfair!&#8220; und fordert ein Verbot von Dumping-Preisen.<\/p>\n<p>Im Jahr 2021 hat die Weltladen-Bewegung zusammen mit anderen Akteuren aus dem Fairen Handel und der Zivilgesellschaft wichtige Meilensteine erreicht. Mit dem Lieferkettengesetz und dem Gesetz gegen unfaire Handelspraktiken hat die Bundesregierung 2021 zwei zentrale politische Anliegen endlich umgesetzt. Mit dem Weltladentag will die Weltladen-Bewegung nun auf die n\u00e4chsten Meilensteine hinwirken. Schlie\u00dflich haben die Gesetze noch etliche L\u00fccken und bed\u00fcrfen der Nachbesserung.<\/p>\n<p>\u201eSchlechte Arbeitsbedingungen, Niedrigl\u00f6hne und Menschenrechtsverletzungen sind noch immer Teil des Alltags vieler Menschen weltweit. Besonders absurd erscheint es, wenn einzelne Unternehmen immense Gewinne machen, w\u00e4hrend Produzenten am Anfang der Lieferkette um ihre Existenz k\u00e4mpfen\u201c, verdeutlicht der Betzdorfer Weltladen. Oft erhalten sie f\u00fcr ihre Bananen, ihren Kaffee, Kakao oder ihre Milch viel zu niedrige Preise, mit denen sie nicht einmal die Produktionskosten decken k\u00f6nnen. Der gro\u00dfen Macht- und Verhandlungsposition der Unternehmen k\u00f6nnen die Produzenten oft nichts entgegensetzen.<\/p>\n<p>Deshalb fordert die Weltladen-Bewegung: \u201eDumping-Preise, die nicht einmal die Produktionskosten decken, m\u00fcssen verboten werden! Stattdessen braucht es endlich eine gerechte Verteilung der Gewinne entlang der Lieferkette und existenzsichernde Einkommen weltweit.\u201c<\/p>\n<p>Der Faire Handel, so wird verdeutlicht, macht es anders: Im Fairen Handel steht der Mensch im Mittelpunkt des Wirtschaftens. Die Organisationen des Fairen Handels versuchen, den bestehenden Machtungleichgewichten entlang der Lieferkette entgegenzuwirken. Produzenten werden best\u00e4rkt, f\u00fcr ihre Rechte einzutreten, damit eine echte Handelspartnerschaft entstehen kann. Fairer Handel bedeutet: partnerschaftlicher Umgang, Verhandlungen und Preise, die im Dialog miteinander entstehen, Transparenz durch Muster-Kalkulationen, St\u00e4rkung von Gewerkschaften, Beteiligung an Genossenschaften, F\u00f6rderung der Wertsch\u00f6pfung vor Ort sowie Planungssicherheit durch langfristige Zusammenarbeit. <strong>Bericht vom 14. Mai 2022<\/strong><\/p>\n<p>Zum Weltladentag 2022 gibt es weitere Infos <a href=\"https:\/\/www.weltladen.de\/politik-veraendern\/weltladentag\/aktuelle-kampagne\/\">hier<\/a><\/p>\n<p>&nbsp;<\/p>\n<hr \/>\n<p>&nbsp;<\/p>\n<p>[\/vc_column_text][vc_column_text]<\/p>\n<div class=\"row stage\">\n<div class=\"span4\">\n<section class=\"gepa-box clearfix\">\n<header class=\"gepa-page-headline\">\n<h1>Gesamtnote 1,9 f\u00fcr \u201eBio Rooibos Tee\u201c<\/h1>\n<h2>GEPA als einer von zwei Testsiegern bei Stiftung Warentest<\/h2>\n<p>&nbsp;<\/p>\n<div id=\"attachment_1274\" style=\"width: 310px\" class=\"wp-caption alignleft\"><img loading=\"lazy\" decoding=\"async\" aria-describedby=\"caption-attachment-1274\" class=\"wp-image-1274 size-medium\" src=\"https:\/\/weltlaeden.de\/betzdorf\/wp-content\/uploads\/sites\/176\/2022\/04\/04_Rooibosernte_Var2-300x200.jpg\" alt=\"\" width=\"300\" height=\"200\" srcset=\"https:\/\/weltlaeden.de\/betzdorf\/wp-content\/uploads\/sites\/176\/2022\/04\/04_Rooibosernte_Var2-300x200.jpg 300w, https:\/\/weltlaeden.de\/betzdorf\/wp-content\/uploads\/sites\/176\/2022\/04\/04_Rooibosernte_Var2.jpg 600w\" sizes=\"auto, (max-width: 300px) 100vw, 300px\" \/><p id=\"caption-attachment-1274\" class=\"wp-caption-text\">Die GEPA bezieht ihren Bio Rooibostee unter anderem von der Kleinbauernkooperative Wupperthal Original Rooibos Cooperative (WORC) aus S\u00fcdafrika. Die Kleinb\u00e4uer*innen ernten den Tee sorgf\u00e4ltig mit der Sichel. Foto: GEPA<\/p><\/div>\n<p>Bestnote 1,9 (\u201egut\u201c) f\u00fcr den \u201eBio Rooibos Tee\u201c von Fair Trade-Pionier GEPA: Damit hat der Tee (Art-Nr. 8880992, Teebeutel) als einer von zwei Testsiegern in der Mai-Ausgabe von \u201etest\u201c \u00fcberzeugt. Das hebt Warentest auch besonders hervor. Bei den Einzelbewertungen zu Schadstoffen erhielt das GEPA-Produkt viermal \u201esehr gut\u201c (Aluminium, Anthrachinon, Chlorat, Pestizide), zweimal \u201egut\u201c (Perchlorat, Pyrrolizidinalkaloide). Insgesamt hatte Stiftung Warentest elf Rooibostees auf Schadstoffe untersucht, darunter f\u00fcnf Bio-Tees. F\u00fcnf Tees schnitten mit \u201egut\u201c ab (Note 1,9 bis 2,4), drei mit \u201ebefriedigend\u201c. Ein Tee eines Bio-Anbieters fiel mit Gesamtnote \u201emangelhaft\u201c durch.<\/p>\n<p>Im Vorfeld mussten die Anbieter einen Fragebogen zu Erntemethoden, Herkunft der Rohware, Pr\u00e4vention von Schadstoffen, Kontrollen von Bezahlung, Arbeitsschutz, Verhinderung von Kinderarbeit und umweltvertr\u00e4glicher Produktion beantworten.<\/p>\n<h3>Ernte von Hand: Rooibostee aus S\u00fcdafrika<\/h3>\n<p>Den Rooibostee bezieht die GEPA von den Kleinbauernkooperativen Wupperthal Original Rooibos Cooperative (WORC) und der Heiveld Cooperative aus den Zederbergen, Provinz Western Cape, S\u00fcdafrika. Den Rooibostee ernten die Kleinb\u00e4uer*innen sorgf\u00e4ltig mit der Sichel. So k\u00f6nnen die Bl\u00fcten und Bl\u00e4tter von den in S\u00fcdafrika verbreiteten Korbbl\u00fctlern unterschieden werden, die giftige Pyrrolizidinalkaloide enthalten k\u00f6nnen.<\/p>\n<h3>Gut ger\u00fcstet f\u00fcr Klimawandel: GEPA finanzierte technischen Berater der Kleinbauernkooperative WORC<\/h3>\n<p>In den vergangenen Jahren hatte die Kooperative WORC stark unter einer langanhaltenden D\u00fcrre als Folge des Klimawandels zu leiden. Daher finanzierte die GEPA 2017 einen technischen Berater. Barend Salomo, WORC-Gesch\u00e4ftsf\u00fchrer: \u201eDank der Methoden, die uns der Berater beigebracht hat, f\u00fchlen wir uns gut f\u00fcr den Klimawandel ger\u00fcstet. Was er in den zwei Jahren seiner T\u00e4tigkeit hier erreicht hat, ist fantastisch. Inzwischen wenden alle die Methoden an, die er vorgeschlagen hat.\u201c Der Berater zeigte den Kleinb\u00e4uer*innen, wie die Bodenfeuchtigkeit erhalten bleibt: Zwischen den B\u00fcschen werden Bl\u00e4tter und Zweige so ausgelegt, dass die Sonne die Erde nicht austrocknen kann. Der Berater regte au\u00dferdem an, die einzelnen Reihen der Felder im Wechsel zu bestellen: eine Reihe Teeb\u00fcsche, eine Reihe Weizen, den Schafe abweiden. Der Schafskot und der verrottende Weizen bilden den organischen D\u00fcnger, sodass die B\u00fcsche besonders gut tragen. Auf Anraten des technischen Beraters hat WORC einen Produktionsmanager f\u00fcr die Qualit\u00e4tssicherung eingestellt. <strong>Meldung vom 23. April 2022<\/strong><\/p>\n<p>&nbsp;<\/p>\n<hr \/>\n<\/header>\n<p>&nbsp;<\/p>\n<\/section>\n<\/div>\n<\/div>\n<p>[\/vc_column_text][vc_column_text]<\/p>\n<h1>\u201eInternationaler Bioweinpreis\u201d f\u00fcr GEPA-Rotweine<\/h1>\n<h2>2021: \u201eGro\u00dfes Gold\u201d f\u00fcr den Solombra Cabernet Sauvignon Bonarda<\/h2>\n<p>&nbsp;<\/p>\n<p><img loading=\"lazy\" decoding=\"async\" class=\"size-medium wp-image-1261 alignleft\" src=\"https:\/\/weltlaeden.de\/betzdorf\/wp-content\/uploads\/sites\/176\/2022\/03\/WL-Weine-Auszeichnung-225x300.jpg\" alt=\"\" width=\"225\" height=\"300\" srcset=\"https:\/\/weltlaeden.de\/betzdorf\/wp-content\/uploads\/sites\/176\/2022\/03\/WL-Weine-Auszeichnung-225x300.jpg 225w, https:\/\/weltlaeden.de\/betzdorf\/wp-content\/uploads\/sites\/176\/2022\/03\/WL-Weine-Auszeichnung.jpg 480w\" sizes=\"auto, (max-width: 225px) 100vw, 225px\" \/>Zwei Rotweine der GEPA erhielten nun besondere Auszeichnungen. Beide Rotweine sind im Weltladen in Betzdorf vorr\u00e4tig.<\/p>\n<p>Dem <strong>Bio Solombra Cabernet Sauvignon Bonarda<\/strong> (Jahrgang 2020) des argentinischen Handelspartners La Riojana wurde eine besondere Ehre zuteil: Er erreichte 97 PAR-Punkte und somit die h\u00f6chstm\u00f6gliche Auszeichnung \u201eGro\u00dfes Gold\u201c. Ausschlie\u00dflich Weltklasse-Weine mit charaktervoller Stilistik erhalten diese Auszeichnung.<\/p>\n<p>Bei der Fr\u00fchjahrsverkostung 2021 des Internationalen Bioweinpreieses erreichte der 2017 <strong>Bio Lautaro Carmen\u00e8re<\/strong> unseres chilenischen Handelspartners Sagrada Familia 93 Punkte. Diese Punktzahl erm\u00f6glicht die Auszeichnung mit &#8222;Gold&#8220;. <strong>Meldung vom 24. M\u00e4rz 2022<\/strong><\/p>\n<p>&nbsp;<\/p>\n<p>Mehr Infos zu diesen beiden Weinen und weiteren Wein-Auszeichnung gibt es <a href=\"https:\/\/www.gepa.de\/home\/meldungen\/praemierte-gepa-weine.html\">hier<\/a><\/p>\n<p>&nbsp;<\/p>\n<hr \/>\n<p>&nbsp;<\/p>\n<p>[\/vc_column_text][vc_column_text]<\/p>\n<h1>Es gab keine Bio-Bananen<\/h1>\n<h2>Weltladen Betzdorf betroffen &#8211; Kleinbauern in Ecuador leiden &#8211; Lieferung verz\u00f6gert &#8211; Neue Ware seit 11. April<\/h2>\n<p>&nbsp;<\/p>\n<div id=\"attachment_1145\" style=\"width: 310px\" class=\"wp-caption alignleft\"><img loading=\"lazy\" decoding=\"async\" aria-describedby=\"caption-attachment-1145\" class=\"wp-image-1145 size-medium\" src=\"https:\/\/weltlaeden.de\/betzdorf\/wp-content\/uploads\/sites\/176\/2022\/02\/WL-Banafair-Laden-300x200.jpg\" alt=\"\" width=\"300\" height=\"200\" srcset=\"https:\/\/weltlaeden.de\/betzdorf\/wp-content\/uploads\/sites\/176\/2022\/02\/WL-Banafair-Laden-300x200.jpg 300w, https:\/\/weltlaeden.de\/betzdorf\/wp-content\/uploads\/sites\/176\/2022\/02\/WL-Banafair-Laden-768x512.jpg 768w, https:\/\/weltlaeden.de\/betzdorf\/wp-content\/uploads\/sites\/176\/2022\/02\/WL-Banafair-Laden.jpg 800w\" sizes=\"auto, (max-width: 300px) 100vw, 300px\" \/><p id=\"caption-attachment-1145\" class=\"wp-caption-text\">F\u00fcr drei Wochen gibt es seit 14. M\u00e4rz im Weltladen in Betzdorf keine fair gehandelten Bio-Bananen. Grund daf\u00fcr sind fehlende Frachtkapazit\u00e4ten f\u00fcr kleine Unternehmen. Foto: Weltladen Betzdorf<\/p><\/div>\n<p><strong>Aktualisierung am 10. April 2022: <\/strong>Ab Montag, 11. April 2022, gibt es im Weltladen in Betzdorf wieder fair gehandelte Bio-Bananen.<\/p>\n<p><strong>Aktualisierung 20. M\u00e4rz 2022:<\/strong> Leider wird es auch nach dem 28. M\u00e4rz noch keine Bananen geben. Das teilt BanaFair mit. Die Gr\u00fcnde: Die Bananen sind mittlerweile zwar zweimal in Ecuador verladen worden, die dritte Buchung ist best\u00e4tigt. Das l\u00e4sst also auf Normalisierung hoffen. Die schlechte Nachricht ist, dass das erste Schiff etwas versp\u00e4tet sein wird, sodass &#8211; Stand jetzt &#8211; auch f\u00fcr die Kalenderwoche 14 (4. bis 10. April) keine Auslieferung erfolgen kann.<\/p>\n<p>&nbsp;<\/p>\n<p>Im Weltladen in Betzdorf gibt es seit dem 14. M\u00e4rz f\u00fcr voraussichtlich mindestens drei Wochen keine fair gehandelten Bio-Bananen mehr. Der Weltladen bezieht die Bananen \u00fcber den Verein BanaFair in Gelnhausen (Main-Kinzig-Kreis). Doch bei der Verschiffung der Bananen gibt es gro\u00dfe Probleme. Frachtkapazit\u00e4ten stehen f\u00fcr kleine Kunden fast nicht zur Verf\u00fcgung. Reedereien bedienen teilweise nur noch die Gro\u00dfkunden im Lebensmittelmarkt. Die Folge ist, dass Kleinbauern in Ecuador unter diesen Wirtschaftsstrukturen leiden.<\/p>\n<p>BanaFair verdeutlicht die Hintergr\u00fcnde. Seit dem Jahreswechsel gab es keinen Kontrakt mehr f\u00fcr Seefracht. Es konnten nur noch Spot-Buchungen von Woche zu Woche erfolgen, zu Preisen, die bis zum Dreifachen h\u00f6her lagen als im vergangenen Jahr. Au\u00dferdem hat es nicht immer funktioniert, es gab im Januar und Februar bereits zwei Wochen ohne frische Ank\u00fcnfte. Aber noch reichten die vorhandenen Mengen an Bananen in den Reifereien zur Versorgung der Kunden aus. Doch nun stehen allerdings nochmals drei Wochen ohne Verschiffung bevor und die Reifereien laufen leer. Ab 21. M\u00e4rz gibt es somit f\u00fcr mindestens zwei Wochen keine fair gehandelten Bananen von BanaFair.<\/p>\n<p>Die Ursachen sind vielf\u00e4ltig: der internationale Seefrachtverkehr ist seit Monaten massiv gest\u00f6rt, ausgel\u00f6st durch den R\u00fcckstau, den der im Suez-Kanal festgefahrene Containerriese &#8222;Ever Given&#8220; vergangenen Sommer verursachte. Dazu kamen dann massive Auswirkungen der Pandemie, Quarant\u00e4nen f\u00fcr ganze Schiffsbesatzungen, Sperrung von H\u00e4fen in S\u00fcdostasien etc. Hinzu kommen seitens einiger Reedereien Verschiebungen in den zur Verf\u00fcgung gestellten Frachtkapazit\u00e4ten f\u00fcr einzelne Routen, Einschr\u00e4nkungen in den Buchungsoptionen gerade f\u00fcr kleinere Akteure oder Spediteure\/Frachtdienstleister usw. Die knappen Frachtpl\u00e4tze sind hei\u00df begehrt und die Preise durch die Decke gegangen wie nie zuvor.<\/p>\n<p>Inzwischen ist es aber gelungen, wieder vier Container auf einem Schiff der Reederei MSC unterbringen. Im Moment liegt das Schiff noch in Guayaquil, wird aber bis 27. M\u00e4rz in Rotterdam erwartet. Weitere Verschiffungen mit der Reederei MSC sind bereits eingef\u00e4delt.<\/p>\n<p>F\u00fcr die Produzenten in Ecuador ist die Lage besonders schwierig. Bananen wachsen weiter und m\u00fcssen jede Woche geerntet werden. Fr\u00fcchte, die nicht f\u00fcr BanaFair exportieren werden k\u00f6nnen, werden in Ecuador als konventionelle Bananen verkauft. Der Preis ist sehr niedrig, zwischen zwei und vier Dollar pro Kiste Bananen. Der Preis ist mit zwei bis vier Dollar pro Kiste Bananen so niedrig, dass eine Familie damit kein Existenz sicherndes Einkommen hat. BanaFair zahlt rund 13 Euro pro Kiste in Ecuador.<\/p>\n<p><strong>Die Mitarbeiter im Weltladen Betzdorf hoffen ab 28. M\u00e4rz wieder fair gehandelte Bananen anbieten zu k\u00f6nnen<\/strong>. Das Weltladenteam bittet Sie, dann wieder auf unsere fairen und leckeren Bananen zuzugreifen und vielleicht weitere K\u00e4ufer zu gewinnen, damit auch Kleinbauern eine Chance auf dem Markt haben.<\/p>\n<p><strong>Meldung vom 14. M\u00e4rz 2022<\/strong><\/p>\n<p>&nbsp;<\/p>\n<hr \/>\n<p>[\/vc_column_text][vc_column_text]<\/p>\n<h1 id=\"Ostern\">Vorfreude auf Ostern mit fair gehandelten Produkten<\/h1>\n<h2>Genie\u00dfe Bio Schoko Osterh\u00e4schen und viele S\u00fc\u00dfigkeiten mehr<\/h2>\n<p>&nbsp;<\/p>\n<p><strong><img loading=\"lazy\" decoding=\"async\" class=\" wp-image-1235 alignleft\" src=\"https:\/\/weltlaeden.de\/betzdorf\/wp-content\/uploads\/sites\/176\/2022\/03\/WL-Ostern-Tisch-300x236.jpg\" alt=\"\" width=\"439\" height=\"345\" srcset=\"https:\/\/weltlaeden.de\/betzdorf\/wp-content\/uploads\/sites\/176\/2022\/03\/WL-Ostern-Tisch-300x236.jpg 300w, https:\/\/weltlaeden.de\/betzdorf\/wp-content\/uploads\/sites\/176\/2022\/03\/WL-Ostern-Tisch.jpg 400w\" sizes=\"auto, (max-width: 439px) 100vw, 439px\" \/>Osterhase:<\/strong> Der s\u00fc\u00dfe Osterhase aus feiner Bio-Vollmilchschokolade ist ein faires Highlight f\u00fcr Dein Osternest oder ein besonderes Pr\u00e4sent f\u00fcr besondere Menschen! Die GEPA bietet Dir ein kleines aber feines Ostersortiment aus leckerer Bio-Vollmilchschokolade an. Ob Du einen Osterhasen-Mann oder eine Osterhasen-Frau erh\u00e4ltst&#8230; lass Dich \u00fcberraschen! Besonderheiten auf einen Blick: ohne Emulgatoren, daf\u00fcr schonendes und sorgf\u00e4ltiges Conchieren der Schokoladenmasse, Kakaobutter als einzig eingesetztes pflanzliches Fett, Direktimport der hochwertigen Zutaten, \u00a0\u00a0Unterst\u00fctzung mehrerer Handelspartner, ohne Gentechnik laut Gesetz, GEPA-Hohlk\u00f6rper werden ohne N\u00fcsse hergestellt.<\/p>\n<p><strong>Schoko-Ostereier:<\/strong> Diese zartschmelzenden Ostereier aus feinster Bio-Vollmilchschokolade sind die ideale Erg\u00e4nzung f\u00fcr das ganz besondere Osterk\u00f6rbchen. Mit ihrem bunten Muster machen sie jeden fr\u00f6hlich! Besonderheiten auf einen Blick: Perfekt f\u00fcrs faire Osterk\u00f6rbchen, mit fairer Bio-Milch, ohne Emulgatoren, daf\u00fcr schonendes und sorgf\u00e4ltiges Conchieren der Schokoladenmasse, Kakaobutter als einzig eingesetztes pflanzliches Fett, Direktimport der hochwertigen Zutaten, Unterst\u00fctzung mehrerer Handelspartner, ohne Gentechnik laut Gesetz.<\/p>\n<p><strong>Kleine Oster-Schokotafeln:<\/strong> Zartschmelzende Vollmilchschokoladent\u00e4felchen als Mitbringsel oder f\u00fcr Dein faires Osterk\u00f6rbchen!<\/p>\n<p><strong>Knackige Bio Schoko-Ostereier mit Paran\u00fcssen:<\/strong> Nur zu Ostern aus der feinen GEPA-Confiserie: Diese k\u00f6stlichen Bio Paranuss Ostereier sind eine Komposition aus exquisiten Fair Trade Paran\u00fcssen, dragiert mit feiner Bio Vollmilchschokolade. Au\u00dfen cremig, innen knackig! Perfekt f\u00fcr das faire Osterk\u00f6rbchen.<\/p>\n<p><strong>Osterhasent\u00fcten:<\/strong> Und all die s\u00fc\u00dfen und fair gehandelten Oster\u00fcberraschungen k\u00f6nnen dann mit den niedlichen Osterhasent\u00fcten perfekt und vor allem plastikfrei verpackt werden. Die T\u00fcten gibt es als 2er Set aus Wasserhyazinthenpapier, handgefertigt, braun \/ beige und plastikfrei.<\/p>\n<p><strong>4. M\u00e4rz 2022<\/strong><\/p>\n<p>&nbsp;<\/p>\n<p>&nbsp;<\/p>\n<p>[\/vc_column_text][vc_column_text]<\/p>\n<h1>Wir m\u00fcssen die Kaffeepreise anpassen<\/h1>\n<h2>Erh\u00f6hte Kosten f\u00fcr Seetransporte und Anstieg der Rohstoffpreise<\/h2>\n<p>&nbsp;<\/p>\n<p><img loading=\"lazy\" decoding=\"async\" class=\"size-medium wp-image-1183 alignleft\" src=\"https:\/\/weltlaeden.de\/betzdorf\/wp-content\/uploads\/sites\/176\/2022\/02\/LadenKaffeekorbDSC06974-1-300x200.jpg\" alt=\"\" width=\"300\" height=\"200\" srcset=\"https:\/\/weltlaeden.de\/betzdorf\/wp-content\/uploads\/sites\/176\/2022\/02\/LadenKaffeekorbDSC06974-1-300x200.jpg 300w, https:\/\/weltlaeden.de\/betzdorf\/wp-content\/uploads\/sites\/176\/2022\/02\/LadenKaffeekorbDSC06974-1-768x511.jpg 768w, https:\/\/weltlaeden.de\/betzdorf\/wp-content\/uploads\/sites\/176\/2022\/02\/LadenKaffeekorbDSC06974-1.jpg 787w\" sizes=\"auto, (max-width: 300px) 100vw, 300px\" \/>Sehr geehrte Kundinnen\u00a0 und Kunden, liebe Unterst\u00fctzerInnen des \u201e Fairen Handels\u201c<\/p>\n<p>die Kosten f\u00fcr Seetransporte sind wegen Verknappung der verf\u00fcgbaren Frachtkapazit\u00e4ten drastisch gestiegen (z.B. bei Containern aus den Philippinen von 1000 US$ auf bis zu 8000 US$).<\/p>\n<p>Zu den erh\u00f6hten Transport- und Energiekosten kommt ein sprunghafter Anstieg der Rohstoffpreise. z.B. ist der Weltmarktpreis f\u00fcr Rohkaffee seit Anfang 2021 um \u00fcber 100 Prozent gestiegen. Das liegt zum Teil auch an Ernteausf\u00e4llen durch Frost in Brasilien &#8211;\u00a0 der Klimawandel l\u00e4sst gr\u00fc\u00dfen.<\/p>\n<p>Damit die Produzenten nicht unter den ver\u00e4nderten Bedingungen leiden, m\u00fcssen die Preise f\u00fcr einige unserer Lebensmittel leider angehoben werden. So leisten wir einen kleinen Beitrag zu Klima- und sozialer Gerechtigkeit und hoffen auf weitere Unterst\u00fctzung durch Ihren Einkauf im Weltladen in Betzdorf.<\/p>\n<p><strong>Meldung vom Januar 2022<\/strong>[\/vc_column_text][\/vc_column][\/vc_row][vc_row][vc_column][\/vc_column][\/vc_row][vc_row][vc_column][\/vc_column][\/vc_row][vc_row][vc_column][\/vc_column][\/vc_row][vc_row][vc_column][\/vc_column][\/vc_row][vc_row][vc_column][\/vc_column][\/vc_row][vc_row][vc_column][\/vc_column][\/vc_row][vc_row][vc_column][\/vc_column][\/vc_row][vc_row][vc_column][\/vc_column][\/vc_row][vc_row][vc_column][\/vc_column][\/vc_row][vc_row][vc_column][\/vc_column][\/vc_row][vc_row][vc_column][\/vc_column][\/vc_row][vc_row][vc_column][\/vc_column][\/vc_row]<\/p>\n<\/div>","protected":false},"excerpt":{"rendered":"<p>[vc_row][vc_column][vc_column_text css=&#8220;&#8220;] So wird Ostern fair &amp; nachhaltig Weltladen Betzdorf bietet nicht nur Schokoprodukte zum Fest Betzdorf. Auch dieses Jahr bietet der Weltladen Betzdorf wieder eine Vielfalt an Schoko-Osterprodukten: H\u00e4sinnen und Hasen, Schoko-T\u00e4felchen, Schokoeier und das eine oder andere Produkt zur Osterdekoration: Bio Schoko Osterh\u00e4schen: Der s\u00fc\u00dfe Osterhase aus feiner Bio-Vollmilchschokolade ist ein faires Highlight&hellip;<\/p>\n","protected":false},"author":262,"featured_media":0,"parent":0,"menu_order":1,"comment_status":"closed","ping_status":"closed","template":"","meta":{"footnotes":""},"class_list":["post-648","page","type-page","status-publish","hentry","description-off"],"yoast_head":"<!-- This site is optimized with the Yoast SEO plugin v26.8 - https:\/\/yoast.com\/product\/yoast-seo-wordpress\/ -->\n<title>Aktuelles aus dem Betzdorfer Weltladen - Weltladen Betzdorf<\/title>\n<meta name=\"robots\" content=\"index, follow, max-snippet:-1, max-image-preview:large, max-video-preview:-1\" \/>\n<link rel=\"canonical\" href=\"https:\/\/weltlaeden.de\/betzdorf\/aktuelles-aus-dem-betzdorfer-weltladen\/\" \/>\n<meta property=\"og:locale\" content=\"de_DE\" \/>\n<meta property=\"og:type\" content=\"article\" \/>\n<meta property=\"og:title\" content=\"Aktuelles aus dem Betzdorfer Weltladen - Weltladen Betzdorf\" \/>\n<meta property=\"og:description\" content=\"[vc_row][vc_column][vc_column_text css=&#8220;&#8220;] So wird Ostern fair &amp; nachhaltig Weltladen Betzdorf bietet nicht nur Schokoprodukte zum Fest Betzdorf. Auch dieses Jahr bietet der Weltladen Betzdorf wieder eine Vielfalt an Schoko-Osterprodukten: H\u00e4sinnen und Hasen, Schoko-T\u00e4felchen, Schokoeier und das eine oder andere Produkt zur Osterdekoration: Bio Schoko Osterh\u00e4schen: Der s\u00fc\u00dfe Osterhase aus feiner Bio-Vollmilchschokolade ist ein faires Highlight&hellip;\" \/>\n<meta property=\"og:url\" content=\"https:\/\/weltlaeden.de\/betzdorf\/aktuelles-aus-dem-betzdorfer-weltladen\/\" \/>\n<meta property=\"og:site_name\" content=\"Weltladen Betzdorf\" \/>\n<meta property=\"article:modified_time\" content=\"2026-03-18T20:47:04+00:00\" \/>\n<meta property=\"og:image\" content=\"https:\/\/weltlaeden.de\/betzdorf\/wp-content\/uploads\/sites\/176\/2026\/03\/Ostern-2026-Weltladen-Zuschnitt.jpg\" \/>\n\t<meta property=\"og:image:width\" content=\"2205\" \/>\n\t<meta property=\"og:image:height\" content=\"1855\" \/>\n\t<meta property=\"og:image:type\" content=\"image\/jpeg\" \/>\n<meta name=\"twitter:card\" content=\"summary_large_image\" \/>\n<meta name=\"twitter:label1\" content=\"Gesch\u00e4tzte Lesezeit\" \/>\n\t<meta name=\"twitter:data1\" content=\"83\u00a0Minuten\" \/>\n<script type=\"application\/ld+json\" class=\"yoast-schema-graph\">{\"@context\":\"https:\/\/schema.org\",\"@graph\":[{\"@type\":\"WebPage\",\"@id\":\"https:\/\/weltlaeden.de\/betzdorf\/aktuelles-aus-dem-betzdorfer-weltladen\/\",\"url\":\"https:\/\/weltlaeden.de\/betzdorf\/aktuelles-aus-dem-betzdorfer-weltladen\/\",\"name\":\"Aktuelles aus dem Betzdorfer Weltladen - Weltladen Betzdorf\",\"isPartOf\":{\"@id\":\"https:\/\/weltlaeden.de\/betzdorf\/#website\"},\"primaryImageOfPage\":{\"@id\":\"https:\/\/weltlaeden.de\/betzdorf\/aktuelles-aus-dem-betzdorfer-weltladen\/#primaryimage\"},\"image\":{\"@id\":\"https:\/\/weltlaeden.de\/betzdorf\/aktuelles-aus-dem-betzdorfer-weltladen\/#primaryimage\"},\"thumbnailUrl\":\"https:\/\/weltlaeden.de\/betzdorf\/wp-content\/uploads\/sites\/176\/2026\/03\/Ostern-2026-Weltladen-Zuschnitt-300x252.jpg\",\"datePublished\":\"2022-01-29T19:03:39+00:00\",\"dateModified\":\"2026-03-18T20:47:04+00:00\",\"breadcrumb\":{\"@id\":\"https:\/\/weltlaeden.de\/betzdorf\/aktuelles-aus-dem-betzdorfer-weltladen\/#breadcrumb\"},\"inLanguage\":\"de\",\"potentialAction\":[{\"@type\":\"ReadAction\",\"target\":[\"https:\/\/weltlaeden.de\/betzdorf\/aktuelles-aus-dem-betzdorfer-weltladen\/\"]}]},{\"@type\":\"ImageObject\",\"inLanguage\":\"de\",\"@id\":\"https:\/\/weltlaeden.de\/betzdorf\/aktuelles-aus-dem-betzdorfer-weltladen\/#primaryimage\",\"url\":\"https:\/\/weltlaeden.de\/betzdorf\/wp-content\/uploads\/sites\/176\/2026\/03\/Ostern-2026-Weltladen-Zuschnitt.jpg\",\"contentUrl\":\"https:\/\/weltlaeden.de\/betzdorf\/wp-content\/uploads\/sites\/176\/2026\/03\/Ostern-2026-Weltladen-Zuschnitt.jpg\",\"width\":2205,\"height\":1855},{\"@type\":\"BreadcrumbList\",\"@id\":\"https:\/\/weltlaeden.de\/betzdorf\/aktuelles-aus-dem-betzdorfer-weltladen\/#breadcrumb\",\"itemListElement\":[{\"@type\":\"ListItem\",\"position\":1,\"name\":\"Startseite\",\"item\":\"https:\/\/weltlaeden.de\/betzdorf\/\"},{\"@type\":\"ListItem\",\"position\":2,\"name\":\"Aktuelles aus dem Betzdorfer Weltladen\"}]},{\"@type\":\"WebSite\",\"@id\":\"https:\/\/weltlaeden.de\/betzdorf\/#website\",\"url\":\"https:\/\/weltlaeden.de\/betzdorf\/\",\"name\":\"Weltladen Betzdorf\",\"description\":\"Ein St\u00fcck Welt von morgen\",\"potentialAction\":[{\"@type\":\"SearchAction\",\"target\":{\"@type\":\"EntryPoint\",\"urlTemplate\":\"https:\/\/weltlaeden.de\/betzdorf\/?s={search_term_string}\"},\"query-input\":{\"@type\":\"PropertyValueSpecification\",\"valueRequired\":true,\"valueName\":\"search_term_string\"}}],\"inLanguage\":\"de\"}]}<\/script>\n<!-- \/ Yoast SEO plugin. -->","yoast_head_json":{"title":"Aktuelles aus dem Betzdorfer Weltladen - Weltladen Betzdorf","robots":{"index":"index","follow":"follow","max-snippet":"max-snippet:-1","max-image-preview":"max-image-preview:large","max-video-preview":"max-video-preview:-1"},"canonical":"https:\/\/weltlaeden.de\/betzdorf\/aktuelles-aus-dem-betzdorfer-weltladen\/","og_locale":"de_DE","og_type":"article","og_title":"Aktuelles aus dem Betzdorfer Weltladen - Weltladen Betzdorf","og_description":"[vc_row][vc_column][vc_column_text css=&#8220;&#8220;] So wird Ostern fair &amp; nachhaltig Weltladen Betzdorf bietet nicht nur Schokoprodukte zum Fest Betzdorf. Auch dieses Jahr bietet der Weltladen Betzdorf wieder eine Vielfalt an Schoko-Osterprodukten: H\u00e4sinnen und Hasen, Schoko-T\u00e4felchen, Schokoeier und das eine oder andere Produkt zur Osterdekoration: Bio Schoko Osterh\u00e4schen: Der s\u00fc\u00dfe Osterhase aus feiner Bio-Vollmilchschokolade ist ein faires Highlight&hellip;","og_url":"https:\/\/weltlaeden.de\/betzdorf\/aktuelles-aus-dem-betzdorfer-weltladen\/","og_site_name":"Weltladen Betzdorf","article_modified_time":"2026-03-18T20:47:04+00:00","og_image":[{"width":2205,"height":1855,"url":"https:\/\/weltlaeden.de\/betzdorf\/wp-content\/uploads\/sites\/176\/2026\/03\/Ostern-2026-Weltladen-Zuschnitt.jpg","type":"image\/jpeg"}],"twitter_card":"summary_large_image","twitter_misc":{"Gesch\u00e4tzte Lesezeit":"83\u00a0Minuten"},"schema":{"@context":"https:\/\/schema.org","@graph":[{"@type":"WebPage","@id":"https:\/\/weltlaeden.de\/betzdorf\/aktuelles-aus-dem-betzdorfer-weltladen\/","url":"https:\/\/weltlaeden.de\/betzdorf\/aktuelles-aus-dem-betzdorfer-weltladen\/","name":"Aktuelles aus dem Betzdorfer Weltladen - Weltladen Betzdorf","isPartOf":{"@id":"https:\/\/weltlaeden.de\/betzdorf\/#website"},"primaryImageOfPage":{"@id":"https:\/\/weltlaeden.de\/betzdorf\/aktuelles-aus-dem-betzdorfer-weltladen\/#primaryimage"},"image":{"@id":"https:\/\/weltlaeden.de\/betzdorf\/aktuelles-aus-dem-betzdorfer-weltladen\/#primaryimage"},"thumbnailUrl":"https:\/\/weltlaeden.de\/betzdorf\/wp-content\/uploads\/sites\/176\/2026\/03\/Ostern-2026-Weltladen-Zuschnitt-300x252.jpg","datePublished":"2022-01-29T19:03:39+00:00","dateModified":"2026-03-18T20:47:04+00:00","breadcrumb":{"@id":"https:\/\/weltlaeden.de\/betzdorf\/aktuelles-aus-dem-betzdorfer-weltladen\/#breadcrumb"},"inLanguage":"de","potentialAction":[{"@type":"ReadAction","target":["https:\/\/weltlaeden.de\/betzdorf\/aktuelles-aus-dem-betzdorfer-weltladen\/"]}]},{"@type":"ImageObject","inLanguage":"de","@id":"https:\/\/weltlaeden.de\/betzdorf\/aktuelles-aus-dem-betzdorfer-weltladen\/#primaryimage","url":"https:\/\/weltlaeden.de\/betzdorf\/wp-content\/uploads\/sites\/176\/2026\/03\/Ostern-2026-Weltladen-Zuschnitt.jpg","contentUrl":"https:\/\/weltlaeden.de\/betzdorf\/wp-content\/uploads\/sites\/176\/2026\/03\/Ostern-2026-Weltladen-Zuschnitt.jpg","width":2205,"height":1855},{"@type":"BreadcrumbList","@id":"https:\/\/weltlaeden.de\/betzdorf\/aktuelles-aus-dem-betzdorfer-weltladen\/#breadcrumb","itemListElement":[{"@type":"ListItem","position":1,"name":"Startseite","item":"https:\/\/weltlaeden.de\/betzdorf\/"},{"@type":"ListItem","position":2,"name":"Aktuelles aus dem Betzdorfer Weltladen"}]},{"@type":"WebSite","@id":"https:\/\/weltlaeden.de\/betzdorf\/#website","url":"https:\/\/weltlaeden.de\/betzdorf\/","name":"Weltladen Betzdorf","description":"Ein St\u00fcck Welt von morgen","potentialAction":[{"@type":"SearchAction","target":{"@type":"EntryPoint","urlTemplate":"https:\/\/weltlaeden.de\/betzdorf\/?s={search_term_string}"},"query-input":{"@type":"PropertyValueSpecification","valueRequired":true,"valueName":"search_term_string"}}],"inLanguage":"de"}]}},"_links":{"self":[{"href":"https:\/\/weltlaeden.de\/betzdorf\/wp-json\/wp\/v2\/pages\/648","targetHints":{"allow":["GET"]}}],"collection":[{"href":"https:\/\/weltlaeden.de\/betzdorf\/wp-json\/wp\/v2\/pages"}],"about":[{"href":"https:\/\/weltlaeden.de\/betzdorf\/wp-json\/wp\/v2\/types\/page"}],"author":[{"embeddable":true,"href":"https:\/\/weltlaeden.de\/betzdorf\/wp-json\/wp\/v2\/users\/262"}],"replies":[{"embeddable":true,"href":"https:\/\/weltlaeden.de\/betzdorf\/wp-json\/wp\/v2\/comments?post=648"}],"version-history":[{"count":78,"href":"https:\/\/weltlaeden.de\/betzdorf\/wp-json\/wp\/v2\/pages\/648\/revisions"}],"predecessor-version":[{"id":1557,"href":"https:\/\/weltlaeden.de\/betzdorf\/wp-json\/wp\/v2\/pages\/648\/revisions\/1557"}],"wp:attachment":[{"href":"https:\/\/weltlaeden.de\/betzdorf\/wp-json\/wp\/v2\/media?parent=648"}],"curies":[{"name":"wp","href":"https:\/\/api.w.org\/{rel}","templated":true}]}}