{"id":568,"date":"2022-01-22T09:28:40","date_gmt":"2022-01-22T08:28:40","guid":{"rendered":"https:\/\/weltlaeden.de\/betzdorf\/?page_id=568"},"modified":"2022-02-24T11:24:41","modified_gmt":"2022-02-24T10:24:41","slug":"archiv","status":"publish","type":"page","link":"https:\/\/weltlaeden.de\/betzdorf\/archiv\/","title":{"rendered":"Aus dem Archiv"},"content":{"rendered":"<div class=\"wpb-content-wrapper\"><p>[vc_row][vc_column][vc_column_text]<\/p>\n<p class=\"imAlign_left\"><span class=\"ff3 fc0 fs12 \"><img loading=\"lazy\" decoding=\"async\" class=\" wp-image-1056 aligncenter\" src=\"https:\/\/weltlaeden.de\/betzdorf\/wp-content\/uploads\/sites\/176\/2022\/02\/WL-Archiv-Seitenbild-300x222.jpg\" alt=\"\" width=\"787\" height=\"582\" srcset=\"https:\/\/weltlaeden.de\/betzdorf\/wp-content\/uploads\/sites\/176\/2022\/02\/WL-Archiv-Seitenbild-300x222.jpg 300w, https:\/\/weltlaeden.de\/betzdorf\/wp-content\/uploads\/sites\/176\/2022\/02\/WL-Archiv-Seitenbild-768x569.jpg 768w, https:\/\/weltlaeden.de\/betzdorf\/wp-content\/uploads\/sites\/176\/2022\/02\/WL-Archiv-Seitenbild.jpg 787w\" sizes=\"auto, (max-width: 787px) 100vw, 787px\" \/><\/span><\/p>\n<p>&nbsp;<\/p>\n<h1>Kleiner Blick in Aktivit\u00e4ten des Weltladens Betzdorf<\/h1>\n<h2>Eine Auswahl von Mitteilungen und Presseberichten<\/h2>\n<p>&nbsp;<\/p>\n<p class=\"imAlign_left\"><span class=\"ff3 fc0 fs12 \">Hier finden Sie ein Archiv mit einer Auswahl von Mitteilungen und Presseberichten zum Weltladen Betzdorf. Diese Auswahl gibt zudem einen guten \u00dcberblick \u00fcber unsere Aktivit\u00e4ten:<\/span><\/p>\n<p>&nbsp;<\/p>\n<p><a href=\"#Weltladentag\">Weltladentag 2021<\/a><\/p>\n<p><a href=\"#Schutzengel\">Aktion Schutzengel<\/a><\/p>\n<p><a href=\"#Schoko\">Schoko for Change<\/a><\/p>\n<p><a href=\"#Solidarit\u00e4t\">Solidarit\u00e4t mit Kleinbauern<\/a><\/p>\n<p><a href=\"#Faire\">Faire Wochen: Gemeinsam f\u00fcr ein gutes Klima<\/a><\/p>\n<p><a href=\"#Ausgleich\">CO2-Ausgleich: 130 Baumsetzlinge gespendet<\/a><\/p>\n<p><a href=\"#bananen\">Bananen: Schluss mit giftig<\/a><\/p>\n<p><a href=\"#L\u00f6hne\">F\u00fcr faire L\u00f6hne und Naturschutz weltweit<\/a><\/p>\n<p><a href=\"#Frauen\">Aktive Solidarit\u00e4t f\u00fcr benachteiligte Frauen<\/a><\/p>\n<p><a href=\"#Taste\">&#8222;Taste Fair Africa&#8220;<\/a><\/p>\n<p><a href=\"#Jugend\">Jugend f\u00fcr Fairen Handel &#8211; Aktion des Weltladens<\/a><\/p>\n<p><a href=\"#Weckruf\">Weckruf: Fl\u00fcchtlinge haben ein Geschenk mitgebracht<\/a><\/p>\n<p><a href=\"#Klima\">Aufruf zum Handeln: Klimaneutral f\u00fcr ein Jahr<\/a><\/p>\n<p><a href=\"#Frieden\">Frieden beginnt mit gerechter Weltordnung<\/a><\/p>\n<p><a href=\"#Ministerin\">Ministerin Ulrike H\u00f6fken im Weltladen Betzdorf<\/a><\/p>\n<p><a href=\"#Weihnachtsbotschaft\">Weihnachtsbotschaft \u201eFrieden auf Erden den Menschen\u201c einl\u00f6sen<\/a><\/p>\n<p><a href=\"#Steilpass\">Steilpass: F\u00fcr das Recht der Kinder auf Spielen<\/a><\/p>\n<p><a href=\"#Kampagne\">Start der Kampagne: &#8222;\u00d6ko + Fair erreicht mehr&#8220;<\/a><\/p>\n<p><a href=\"#Christen\">Christen und Muslime: Gemeinsam gegen die W\u00fcste<\/a><\/p>\n<p><a href=\"#Betzdorf\">Sch\u00fcler informierten sich im Weltladen Betzdorf<\/a><\/p>\n<p><a href=\"#Rote\">Weltladen zeigt Schokoladenindustrie &#8222;Rote Karte&#8220;<\/a><\/p>\n<p><a href=\"#Haus\">Weltladen baut ein Haus f\u00fcr Neugeborene<\/a><\/p>\n<p><a href=\"#Waffen\">Die Waffen nieder<\/a><\/p>\n<p><a href=\"#Haiti\">Haiti muss wieder gr\u00fcn werden<\/a><\/p>\n<p>&nbsp;<\/p>\n<p><a href=\"#Auswahl\">Eine Auswahl von weiteren Aktivit\u00e4ten<\/a><\/p>\n<p>&nbsp;<\/p>\n<hr \/>\n<h1 id=\"Weltladentag\"><span class=\"ff3 fc0 fs12 \"><br \/>\n<\/span><span class=\"ff3 fc3 fs16 fb \">Weltladentag 2021 <\/span><\/h1>\n<h2>Motto <span class=\"ff3 fc2 fs12 fb \">\u201eDie Welt braucht einen Tapetenwechsel. Gestalte ihn mit!\u201c<\/span><span class=\"ff3 fc2 fs12 \"><br \/>\n<\/span><\/h2>\n<p>&nbsp;<\/p>\n<p><img loading=\"lazy\" decoding=\"async\" class=\"size-medium wp-image-968 alignleft\" src=\"https:\/\/weltlaeden.de\/betzdorf\/wp-content\/uploads\/sites\/176\/2022\/02\/TapetenwechselDSC_0115-Kopie-2-300x199.jpg\" alt=\"\" width=\"300\" height=\"199\" srcset=\"https:\/\/weltlaeden.de\/betzdorf\/wp-content\/uploads\/sites\/176\/2022\/02\/TapetenwechselDSC_0115-Kopie-2-300x199.jpg 300w, https:\/\/weltlaeden.de\/betzdorf\/wp-content\/uploads\/sites\/176\/2022\/02\/TapetenwechselDSC_0115-Kopie-2.jpg 666w\" sizes=\"auto, (max-width: 300px) 100vw, 300px\" \/>Die Welt steht vor enormen Herausforderungen. Sogar unter Wirtschaftswissenschaftler*innen mehren sich die Stimmen, die reines Profit- und Gewinnstreben als oberstes Ziel des Wirtschaftens in Frage stellen. Denn das ist nur mit ungerechten Handelsbedingungen, Kinderarbeit, Verbot von Gewerkschaften und dem Einsatz von Pestiziden m\u00f6glich. Die Folgen (und das sind nur einige von vielen): der Verlust vieler Tier- und Pflanzenarten, prek\u00e4re Lebens- und Arbeitsverh\u00e4ltnisse, Umweltzerst\u00f6rung und Klimawandel. Im September 2018 ver\u00f6ffentlichten daher \u00fcber 200 Wissenschaftler*innen einen <span class=\"ff3 fc2 fs12 fu \">offenen Brief mit dem Titel \u201eSchluss mit Wachstum Wachstum Wachstum\u201c<\/span><span class=\"ff3 fc2 fs12 \">.<\/span><\/p>\n<p>Weitermachen wie bisher ist also keine Option, wenn wir, aber auch die nachfolgenden Generationen auf diesem Planeten ein gutes Leben f\u00fchren wollen. Es ist wirklich Zeit f\u00fcr einen Tapetenwechsel.<br \/>\nKeine Frage: Immer mehr Menschen sprechen sich f\u00fcr eine Ver\u00e4nderung unseres globalen Wirtschafts- und Gesellschaftssystems aus und suchen nach L\u00f6sungen. Eine wichtige bietet der Weltladen an. Bereits im Lauf der letzten 40 Jahre hat die Weltladen-Bewegung gezeigt, dass der Faire Handel auf Augenh\u00f6he mit gleichberechtigten Produzenten eine sozialvertr\u00e4gliche und nachhaltige Wirtschafts- und Lebensweise m\u00f6glich macht.<\/p>\n<p>Gestalten Sie den Tapetenwechsel f\u00fcr unsere Welt mit, indem Sie alte Tapeten abrei\u00dfen und z.B. Faire Produkte kaufen. Viele dieser Produkte stammen sogar schon aus kontrolliert biologischem Anbau.<\/p>\n<p><strong>Juli 2022<\/strong><\/p>\n<p>&nbsp;<\/p>\n<hr \/>\n<p>&nbsp;<\/p>\n<h1 id=\"Schutzengel\">Gegen Missbrauch von Kindern<\/h1>\n<h2><span class=\"ff3 fc2 fs12 \">Weltladen startete vor \u00fcber 20 Jahren die Aktion Schutzengel in Betzdorf<\/span><\/h2>\n<p>&nbsp;<\/p>\n<div id=\"attachment_864\" style=\"width: 310px\" class=\"wp-caption alignleft\"><img loading=\"lazy\" decoding=\"async\" aria-describedby=\"caption-attachment-864\" class=\"wp-image-864 size-medium\" src=\"https:\/\/weltlaeden.de\/betzdorf\/wp-content\/uploads\/sites\/176\/2022\/02\/MangosHesseDSC06365-Kopie-300x200.jpg\" alt=\"Aktion Schutzengel\" width=\"300\" height=\"200\" srcset=\"https:\/\/weltlaeden.de\/betzdorf\/wp-content\/uploads\/sites\/176\/2022\/02\/MangosHesseDSC06365-Kopie-300x200.jpg 300w, https:\/\/weltlaeden.de\/betzdorf\/wp-content\/uploads\/sites\/176\/2022\/02\/MangosHesseDSC06365-Kopie-768x511.jpg 768w, https:\/\/weltlaeden.de\/betzdorf\/wp-content\/uploads\/sites\/176\/2022\/02\/MangosHesseDSC06365-Kopie.jpg 787w\" sizes=\"auto, (max-width: 300px) 100vw, 300px\" \/><p id=\"caption-attachment-864\" class=\"wp-caption-text\">Ramona und Hermann Hesse vom Betzdorfer Weltladen pr\u00e4sentieren fair gehandelte Mangoprodukte der &#8222;Aktion Schutzengel&#8220;.<\/p><\/div>\n<p><span class=\"ff3 fc2 fs12 \">Nach \u00fcber 20 Jahren werden immer noch rund 100 000 Minderj\u00e4hrige auf den Philippinen pro Jahr als Sexarbeiter*innen besch\u00e4ftigt. Das Team des Weltladens Betzdorf ruft deshalb dazu auf, durch den Kauf von Mangoprodukten der Aktion Schutzengel die Organisation Preda zu unterst\u00fctzen. Preda hat sich zum Ziel gesetzt, der sexuellen Ausbeutung von Minderj\u00e4hrigen entgegen zu wirken. <\/span><span class=\"ff3 fc0 fs12 \">Die Kinder von armen Familien auf dem Land werden von Menschenh\u00e4ndlern f\u00fcr ein geringes Entgelt angeworben mit dem Versprechen, sie zu besch\u00e4ftigen. Au\u00dferdem haben viele Familien, die als Tagel\u00f6hner arbeiten mit den weltweiten Lockdowns von einem Tag auf den anderen ihr Einkommen verloren. Sie k\u00f6nnen nicht auf soziale Sicherung wie Arbeitslosengeld oder auf Nahrungsmittelhilfe z\u00e4hlen und sehen daher oft keinen anderen Ausweg, als auf das \u201eAngebot\u201c der Menschenh\u00e4ndler einzugehen.<\/span><\/p>\n<p>Menschenrechtler aus den Philippinen berichten, dass die Zahl der Kinder, die sich vor der Webcam prostituieren, um etwas Geld f\u00fcr ihre Familie zu erwirtschaften, anw\u00e4chst. Dazu \u201epasst\u201c, dass laut Europol die Nachfrage nach Kinderpornographie im Netz mit dem Beginn der Lockdowns ebenfalls enorm angestiegen ist. Die Philippinen haben sich dabei zum neuen Hotspot f\u00fcr die sexuelle Ausbeutung von Kindern im Internet entwickelt. Eine Studie der International Justice Mission zeigte, dass sich seit 2017 dort die Vergehen innerhalb von drei Jahren verdreifacht haben. Die Betroffenen sind im Durchschnitt elf Jahre alt. Der Missbrauch findet oft mehrere Jahre lang statt.<\/p>\n<p>Die international aktive <span class=\"ff3 fc0 fs12 fb \">Kinder- und Menschenrechtsorganisation Preda<\/span><span class=\"ff3 fc0 fs12 \"> wurde von Pater Shay Cullen 1974 gegr\u00fcndet. Die Stiftung hat ihren Sitz am Rand der Hafenstadt Olongapo auf der philippinischen Hautpinsel Luzon und ist bis heute eine wichtige Anlaufstelle und ein Therapiezentrum f\u00fcr sexuell missbrauchte Kinder und Jugendliche. Seit 1974 bietet die Preda-Stiftung Stra\u00dfenkindern und Missbrauchsopfern Schutz. Preda setzt auf ein breites Ma\u00dfnahmenkonzept im Kampf gegen Kinderprostitution und Missbrauch: unter anderem mit einem Girls&#8216; Home f\u00fcr 90 M\u00e4dchen und einem Boys&#8216; Home f\u00fcr 60 Jungen. In diesen Kinderschutzzentren wird wertvolle Therapiearbeit geleistet. Aber auch die Jugendsozialarbeit kommt nicht zu kurz. Zudem wird die juristische Verfolgung von Missbrauchst\u00e4tern in die Wege geleitet. Inzwischen konnten durch Preda auch ehemalige Kinderprostituierte zur Sozialarbeiterin ausgebildet werden. Sie holen junge M\u00e4dchen aus den Bars, um sie im Therapiezentrum von Preda von ihren Traumata zu heilen.<\/span><\/p>\n<p>Der <span class=\"ff3 fc0 fs12 fb \">Kauf von Mangoprodukten der Aktion Schutzengel<\/span><span class=\"ff3 fc0 fs12 \"> im Weltladen hilft Preda doppelt. Das Fair -Trade-Mango-Projekt verschafft \u00fcber 500 Kleinbauernfamilien existenzsichernde Einkommen und zus\u00e4tzliche Arbeitspl\u00e4tze in der Verarbeitung. 10% des Verkaufspreises unserer Mango-Produkte verbleiben bei Preda. Damit f\u00f6rdern wir den Ausbau der Therapie-Arbeit und st\u00e4rken die Kinderrechte vor Ort.<\/span><\/p>\n<p>Mit den existenzsichernden Einkommen f\u00fcr Kleinbauern und zus\u00e4tzliche Arbeitspl\u00e4tze, ist der Lebensunterhalt von \u00fcber 500 Familien gesichert. Dies schafft die Voraussetzung f\u00fcr ein beh\u00fctetes und sicheres Zuhause f\u00fcr die Kinder. Mit dem Erl\u00f6s eines gro\u00dfen Mangobaumes k\u00f6nnen z.B. die kompletten Schulkosten f\u00fcr zwei Kinder f\u00fcr ein Jahr gedeckt werden.<\/p>\n<p><strong>19. Mai 2021<\/strong><\/p>\n<p>&nbsp;<\/p>\n<hr \/>\n<p>&nbsp;<\/p>\n<h1 id=\"Schoko\"><span class=\"ff3 fc4 fs16 fb \">&#8222;Schoko for Change&#8220; auch in der <\/span><span class=\"ff3 fc4 fs16 fb \">Weihnachtszeit<\/span><\/h1>\n<h2><span class=\"ff3 fc0 fs12 \">S\u00fc\u00dfer Genuss ohne bitteren Beigeschmack<\/span><\/h2>\n<div id=\"attachment_863\" style=\"width: 310px\" class=\"wp-caption alignleft\"><img loading=\"lazy\" decoding=\"async\" aria-describedby=\"caption-attachment-863\" class=\"wp-image-863 size-medium\" src=\"https:\/\/weltlaeden.de\/betzdorf\/wp-content\/uploads\/sites\/176\/2022\/02\/KlimaschockDSC_0140-300x199.jpg\" alt=\"\" width=\"300\" height=\"199\" srcset=\"https:\/\/weltlaeden.de\/betzdorf\/wp-content\/uploads\/sites\/176\/2022\/02\/KlimaschockDSC_0140-300x199.jpg 300w, https:\/\/weltlaeden.de\/betzdorf\/wp-content\/uploads\/sites\/176\/2022\/02\/KlimaschockDSC_0140-768x508.jpg 768w, https:\/\/weltlaeden.de\/betzdorf\/wp-content\/uploads\/sites\/176\/2022\/02\/KlimaschockDSC_0140.jpg 787w\" sizes=\"auto, (max-width: 300px) 100vw, 300px\" \/><p id=\"caption-attachment-863\" class=\"wp-caption-text\">Eine Klimaschutz-Schokolade stellte Hermann Hesse vom Betzdorfer Weltladen auf dem Wochenmarkt vor.<\/p><\/div>\n<p><span class=\"ff3 fc0 fs12 \">Die Advents- und Weihnachtszeit steht vor der T\u00fcr und wir sorgen uns, wie wir diese Tage mit Familie und Freunden feiern. Schokolade in all ihren Formen geh\u00f6rt f\u00fcr viele unbedingt dazu. Doch der s\u00fc\u00dfe Genuss hat einen bitteren Beigeschmack: <\/span><span class=\"ff3 fc0 fs12 fb \">Armut und ausbeuterische Kinderarbeit<\/span><span class=\"ff3 fc0 fs12 \"> geh\u00f6ren noch immer zum Alltag der Kakaob\u00e4uerinnen und \u2013bauern. Hauptursache daf\u00fcr ist das niedrige Einkommen. In Ghana m\u00fcsste sich das Einkommen einer Familie verdoppeln, um existenzsichernd zu sein. Darum m\u00fcssen rund zwei Millionen Kinder allein in Ghana und der Elfenbeink\u00fcste unter gef\u00e4hrlichen Bedingungen im Kakaoanbau arbeiten.<\/span>ie Schokoladenindustrie versprach bereits 2001 in einem Abkommen mit den Regierungen der beiden L\u00e4nder, bis 2005 die schlimmsten Formen der Kinderarbeit zu beenden. Dieses Ziel wurde aber mehrfach verschoben. Eine angestrebte Reduzierung der Kinderarbeit um 70% bis 2020 wird daher wieder nicht erreicht werden. So ist jeder Tag, an dem alles beim Alten bleibt, ein verlorener Tag f\u00fcr die Kinder in Kakaoanbauregionen. Freiwillige Initiativen der Schokoladenindustrie sind also bisher gescheitert.<br \/>\n<span class=\"ff3 fc0 fs12 fb \">Wir als Verbraucher k\u00f6nnen aber noch etwas \u00e4ndern.<\/span><span class=\"ff3 fc0 fs12 \"> Schokolade aus dem Weltladen garantiert den Kakaob\u00e4uerinnen und \u2013bauern ein existenzsicherndes Einkommen und die Kinder k\u00f6nnen die Schule besuchen.<\/span><\/p>\n<p>In dieser Krisenzeit brauchen sie unsere Unterst\u00fctzung umso mehr, denn die Corona-Krise trifft Menschen, die in extremer Armut leben, am h\u00e4rtesten. Mit dem Schoko-Nikolaus, dem Adventskalender, k\u00f6stlichen Trinkschokoladen oder den vielen Schokoladensorten aus dem Weltladen k\u00f6nnen wir zu Weihnachten nicht nur Freude bereiten, sondern auch den \u00fcber zwei Millionen Kindern auf den Kakaoplantagen Hilfe durch den fairen Preis bringen. Au\u00dferdem ist der verarbeitete Kakao aus biologischem Anbau. Damit werden auch Natur und Klima gesch\u00fctzt.<\/p>\n<p><strong>25. September 2020<\/strong><br \/>\n<span class=\"ff4 fc0 fs10 \"><br \/>\n<\/span><\/p>\n<div id=\"attachment_1000\" style=\"width: 510px\" class=\"wp-caption alignnone\"><a href=\"https:\/\/weltlaeden.de\/betzdorf\/wp-content\/uploads\/sites\/176\/2022\/02\/Schoko-Change-RZ-26.09.2020.jpg\"><img loading=\"lazy\" decoding=\"async\" aria-describedby=\"caption-attachment-1000\" class=\"wp-image-1000 \" src=\"https:\/\/weltlaeden.de\/betzdorf\/wp-content\/uploads\/sites\/176\/2022\/02\/Schoko-Change-RZ-26.09.2020-300x225.jpg\" alt=\"\" width=\"500\" height=\"375\" srcset=\"https:\/\/weltlaeden.de\/betzdorf\/wp-content\/uploads\/sites\/176\/2022\/02\/Schoko-Change-RZ-26.09.2020-300x225.jpg 300w, https:\/\/weltlaeden.de\/betzdorf\/wp-content\/uploads\/sites\/176\/2022\/02\/Schoko-Change-RZ-26.09.2020.jpg 488w\" sizes=\"auto, (max-width: 500px) 100vw, 500px\" \/><\/a><p id=\"caption-attachment-1000\" class=\"wp-caption-text\">Bericht aus der Rhein-Zeitung vom 26.09.2020<\/p><\/div>\n<p>&nbsp;<\/p>\n<hr \/>\n<pre><span class=\"ff3 fc4 fs16 fb \"><strong>\r\n\r\nBertha goes Fair Trade - f\u00fcr eine nachhaltigere Schule<\/strong>\r\n<\/span><span class=\"ff3 fc2 fs12 \"><a class=\"ImLink\" title=\"\" href=\"https:\/\/www.ak-kurier.de\/akkurier\/www\/artikel\/94247-bertha-goes-fair-trade---fuer-eine-nachhaltigere-schule\">AK-Kurier vom 22.9.2020<\/a><\/span><\/pre>\n<p><strong>&#8222;Choco for Change&#8220;: Faire Schokolade im Weltladen Betzdorf<\/strong><br \/>\n<span class=\"ff3 fc2 fs12 \"><a class=\"ImLink\" title=\"\" href=\"https:\/\/www.ak-kurier.de\/akkurier\/www\/artikel\/94130--choco-for-change---faire-schokolade-im-weltladen-betzdorf\"> AK-Kurier vom 18.09.2020<\/a><\/span><\/p>\n<p>&nbsp;<\/p>\n<hr \/>\n<p>&nbsp;<\/p>\n<h1 id=\"Solidarit\u00e4t\"><span class=\"ff3 fc4 fs16 fb \">Weltladen wirbt f\u00fcr Solidarit\u00e4t mit Kleinbauern<br \/>\n<\/span><\/h1>\n<h2>Gerade in Coronazeiten ben\u00f6tigen Produzenten des S\u00fcdens Solidarit\u00e4t<\/h2>\n<div id=\"attachment_954\" style=\"width: 310px\" class=\"wp-caption alignleft\"><a href=\"https:\/\/weltlaeden.de\/betzdorf\/wp-content\/uploads\/sites\/176\/2022\/02\/kafcor.jpg\"><img loading=\"lazy\" decoding=\"async\" aria-describedby=\"caption-attachment-954\" class=\"wp-image-954 size-medium\" src=\"https:\/\/weltlaeden.de\/betzdorf\/wp-content\/uploads\/sites\/176\/2022\/02\/kafcor-300x149.jpg\" alt=\"\" width=\"300\" height=\"149\" srcset=\"https:\/\/weltlaeden.de\/betzdorf\/wp-content\/uploads\/sites\/176\/2022\/02\/kafcor-300x149.jpg 300w, https:\/\/weltlaeden.de\/betzdorf\/wp-content\/uploads\/sites\/176\/2022\/02\/kafcor-768x382.jpg 768w, https:\/\/weltlaeden.de\/betzdorf\/wp-content\/uploads\/sites\/176\/2022\/02\/kafcor.jpg 840w\" sizes=\"auto, (max-width: 300px) 100vw, 300px\" \/><\/a><p id=\"caption-attachment-954\" class=\"wp-caption-text\">Der Vorstand des Aktionskreises Eine-Welt-Handel mahnt weltweite Solidarit\u00e4t an: Karl-Heinz Dorka, Christel Schuh, Hermann Hesse und Anne Rickert.<\/p><\/div>\n<p><span class=\"ff3 fc0 fs12 \">Auch und gerade in Coronazeiten sollte der faire Handel nicht vergessen werden. Darauf weist der Betzdorfer Weltladen in einer Pressemitteilung hin. \u201eHeute, in der augenblicklichen Krisenzeit, ben\u00f6tigen die Produzenten des S\u00fcdens unsere Solidarit\u00e4t mehr denn je.&#8220; <\/span>Die Kleinbauernfamilien, die Kaffee, Kakao, Tee, Bananen und vieles mehr produzierten, seien von den Auswirkungen der Pandemie besonders betroffen. F\u00fcr sie gebe es keine staatliche Grundsicherung, keinen Schutzschirm oder Hilfspakete. Neben den bevorstehenden Umsatzeinbu\u00dfen seien au\u00dferdem die Gesundheitssysteme in ihren L\u00e4ndern nicht funktionsf\u00e4hig &#8211; mit dramatischen Folgen.<\/p>\n<p>Deshalb appellieren die Mitarbeiterinnen und Mitarbeiter des Weltladens an alle Kunden und die, die es noch werden k\u00f6nnen: <span class=\"ff3 fc0 fs12 fb \">\u201eBeweisen Sie praktische Solidarit\u00e4t in der Corona-Krise. Solidarit\u00e4t, die \u00fcber Landesgrenzen hinausgeht. Auch das Virus kennt solche Landesgrenzen nicht.&#8220;<\/span><\/p>\n<p>Mit dem Kauf verschiedener Produkte zu fairen Preisen unterst\u00fctze man kleine Produzenten auf der s\u00fcdlichen Halbkugel. Neben dem existenzsichernden Lohn f\u00fcr die Kleinbauern erhielten die Kooperativen einen Beitrag f\u00fcr die Verbesserung der Infrastruktur, z. B. die Einrichtung medizinischer Versorgung.<\/p>\n<p class=\"imAlign_left\"><strong><span class=\"ff3 fc2 fs10 \">(Aus: Siegener Zeitung vom 27. April 2020)<\/span><\/strong><\/p>\n<p>&nbsp;<\/p>\n<hr \/>\n<p>&nbsp;<\/p>\n<h1 id=\"Faire\"><span class=\"ff3 fc4 fs16 fb \">\u201eGemeinsam f\u00fcr ein gutes Klima\u201c<\/span><\/h1>\n<h2><span class=\"ff3 fc4 fs16 fb \">Weltladen Betzdorf unterst\u00fctzt bundesweite Faire Wochen<\/span><\/h2>\n<p><span class=\"ff3 fc4 fs16 fb \"><br \/>\n<\/span><span class=\"ff3 fc2 fs12 \"><img loading=\"lazy\" decoding=\"async\" class=\"size-medium wp-image-1003 alignleft\" src=\"https:\/\/weltlaeden.de\/betzdorf\/wp-content\/uploads\/sites\/176\/2022\/02\/Anapqui-300x157.jpg\" alt=\"\" width=\"300\" height=\"157\" srcset=\"https:\/\/weltlaeden.de\/betzdorf\/wp-content\/uploads\/sites\/176\/2022\/02\/Anapqui-300x157.jpg 300w, https:\/\/weltlaeden.de\/betzdorf\/wp-content\/uploads\/sites\/176\/2022\/02\/Anapqui.jpg 400w\" sizes=\"auto, (max-width: 300px) 100vw, 300px\" \/>Unter dem Motto \u201eGemeinsam f\u00fcr ein gutes Klima\u201c beteiligt sich der Weltladen Betzdorf an der bundesweiten <\/span><span class=\"ff3 fc2 fs12 fb \">Fairen Woche<\/span><span class=\"ff3 fc2 fs12 \">. In diesem Jahr stehen die weltweit vielleicht gr\u00f6\u00dften Herausforderungen, die der Klimawandel u.a. f\u00fcr die Kleinbauern und Kooperativen mit sich bringt, im Fokus.<\/span><\/p>\n<p>Schon heute sind die Folgen vom Klimawandel sp\u00fcrbar. Besonders im globalen S\u00fcden leiden die Menschen unter starkem Wind, langen D\u00fcrren oder heftigen Starkregen. \u201e<span class=\"ff3 fc2 fs12 fb \">Klimawandel bedroht die Existenzgrundlagen von Millionen von Kleinbauern weltweit<\/span><span class=\"ff3 fc2 fs12 \">\u201c, erl\u00e4utert Hermann Hesse vom Weltladen Betzdorf die Auswahl des Themas der Aktionswoche in diesem Jahr. Rund 25 Mio. Menschen m\u00fcssen j\u00e4hrlich ihre Heimat wegen des Klimawandels verlassen.<\/span><\/p>\n<p>In der kargen Gegend Boliviens, dem Altiplano zum Beispiel, leben die Menschen vom Quinoa-Anbau \u2013 wei\u00dfe, rote und schwarze Quinoa werden hier seit Generationen angebaut, wo sonst nichts mehr w\u00e4chst. Der Klimawandel setzt den Bauern jedoch zu. Durch st\u00e4rkere Winde, die Hitze und weniger Niederschlag fallen Ernten aus. Die Kooperative ANAPQUI ein Fairhandelspartner des Weltladen Betzdorf unterst\u00fctzt die Bauern mit einem eigenen technischen Institut, das u. a. verbesserte Produktionsmethoden erforscht und die Bauern ber\u00e4t.<\/p>\n<p><span class=\"ff3 fc2 fs12 fb \">Fairer Handel bedeutet auch Umweltschutz<\/span><span class=\"ff3 fc2 fs12 \">. Dieser ist fester Bestandteil der Handelsbeziehungen mit unseren Partnern, um langfristig die Lebenssituationen der Kleinbauern zu verbessern, aber auch Klima Wasser und B\u00f6den zu sch\u00fctzen. <\/span><span class=\"ff3 fc2 fs12 fb \">Der Faire Handel unterst\u00fctzt schon seit vielen Jahren Produzentengruppen bei der Anpassung an die Auswirkungen des Klimawandels und bei der Umstellung auf klimaschonende Wirtschaftsweisen.<\/span><span class=\"ff3 fc2 fs12 \"> Dazu geh\u00f6rt z.B. der \u00f6kologische Landbau, der nachweislich weniger klimasch\u00e4dlich ist als die konventionelle Landwirtschaft. In der Hochebene Boliviens unterst\u00fctzt der Faire Handel die Anpassung an den Klimawandel durch Beratung. Statt Fl\u00e4chend\u00fcngung erfolgt lokale D\u00fcngung direkt an die Quinua mit aufbereitetem Lamad\u00fcnger mittels Spritze. Oder es wird mit Terrassenfeldern der Erosion entgegen-gewirkt.<br \/>\nPassend zum Motto der Fairen Woche bietet der Weltladen Betzdorf Quinua-Produkte aus den Anden an: Bratlinge, Risotto, Kekse aber auch rote und wei\u00dfe Quinua. <\/span><span class=\"ff3 fc2 fs12 fb \">\u201eDamit wollen wir zeigen, dass eine Wirtschaftsform m\u00f6glich ist, die f\u00fcr Verbraucher, Produzenten und Umwelt nicht nur ges\u00fcnder und nachhaltig ist, sondern auch Fluchtursachen verhindert\u201c<\/span><span class=\"ff3 fc2 fs12 \">, sagen die Mitarbeiter des Weltladens. Ein Teil der Produkte wird im Land verarbeitet und bringt so einen Mehrwert f\u00fcr die Produzenten in Bolivien.<\/span><\/p>\n<p><strong>September 2018<\/strong><\/p>\n<p>&nbsp;<\/p>\n<hr \/>\n<p>&nbsp;<\/p>\n<h1 id=\"Ausgleich\"><span class=\"ff3 fc4 fs16 fb \">1300 Baumsetzlinge f\u00fcr Ausgleich von CO2-Aussto\u00df<\/span><\/h1>\n<h2><span class=\"ff3 fc2 fs12 fb \">Kardinal Toribio Ticona aus Bolivien die Spende pers\u00f6nlich \u00fcberreicht <\/span><\/h2>\n<p>&nbsp;<\/p>\n<p><img loading=\"lazy\" decoding=\"async\" class=\"size-medium wp-image-955 alignleft\" src=\"https:\/\/weltlaeden.de\/betzdorf\/wp-content\/uploads\/sites\/176\/2022\/02\/kard2-300x225.jpg\" alt=\"\" width=\"300\" height=\"225\" srcset=\"https:\/\/weltlaeden.de\/betzdorf\/wp-content\/uploads\/sites\/176\/2022\/02\/kard2-300x225.jpg 300w, https:\/\/weltlaeden.de\/betzdorf\/wp-content\/uploads\/sites\/176\/2022\/02\/kard2.jpg 660w\" sizes=\"auto, (max-width: 300px) 100vw, 300px\" \/>Auch der <span class=\"ff3 fc2 fs12 fb \">Weltladen Betzdorf nimmt seine Klimaverantwortung wahr<\/span><span class=\"ff3 fc2 fs12 \">, um die Nachhaltigkeitsziele der Vereinten Nationen zu erreichen, z.B. durch \u00d6kostrom von Mann Um den CO2-Aussto\u00df f\u00fcr den Quinua-Transport zu kompensieren, spendet der Weltladen f\u00fcr je 10\u20ac Umsatz in der Zeit vom 24.9. 2018 bis 6.10. 2018 f\u00fcr Baumsetzlinge 1\u20ac. Die B\u00e4umchen werden in einem Misereor-Projekt in Bolivien gepflanzt.<\/span><\/p>\n<p>Wie der Zufall manchmal spielt, <span class=\"ff3 fc2 fs12 fb \">konnte die Spende aus der Fairen Woche f\u00fcr 1300 B\u00e4umchen zur CO2 Kompensation sogar Kardinal Toribio Ticona aus Bolivien pers\u00f6nlich \u00fcberreicht werden<\/span><span class=\"ff3 fc2 fs12 \">. Er war im Rahmen der Bolivienpartnerschaft des Bistums Trier Gast bei der Caritas.<br \/>\nOktober ist die Zeit der Ernte. Apfel oder Birnb\u00e4ume bescheren uns zum Teil Obst im \u00dcberfluss. Auch Winzer zeigen sich recht zufrieden. Landwirte, deren Ernte wegen Trockenheit gering ist, k\u00f6nnen auf staatliche Unterst\u00fctzung hoffen. Dabei d\u00fcrfen wir aber nicht vergessen, dass bei der Herstellung unserer Nahrungsmittel und Alltagsprodukte Natur und Klima extrem belastet werden. Die Auswirkungen des Klimawandels bedrohen die Existenz von Millionen Kleinbauern weltweit, die keine staatliche Unterst\u00fctzung erfahren.<\/span><\/p>\n<p>Um dieses brennende Problem ins Bewusstsein der Verbraucher in Deutschland zu r\u00fccken, wurden in der Fairen Woche die Aktionstage zum Fairen Handel unter das Motto \u201eGemeinsam f\u00fcr ein gutes Klima&#8220; gestellt. Fairer Handel bedeutet auch Umweltschutz. Dieser ist fester Bestandteil der Handelsbeziehungen mit den Partnern der Weltl\u00e4den, um langfristig die Lebenssituationen der Kleinbauern zu verbessern, aber auch Klima Wasser und B\u00f6den zu sch\u00fctzen. Der Faire Handel unterst\u00fctzt Produzentengruppen bei der Anpassung an die Auswirkungen des Klimawandels und bei der Umstellung auf klimaschonende Wirtschaftsweisen. Dazu geh\u00f6rt z.B. der \u00f6kologische Landbau, der nachweislich weniger klimasch\u00e4dlich ist als die konventionelle Landwirtschaft. So konnten bereits vor 26 Jahren die Bauern von ANAPQUI im Altiplano, der Hochebene Boliviens, Quinua mit Biosiegel produzieren und durch den fairen Handel hier in Deutschland auf den Markt bringen. Der Weltladen Betzdorf verkaufte die Bio-Quinua bereits in den 90er Jahren, damals noch am Stand auf dem Busbahnhof.<\/p>\n<p>Das Team des Weltladen Betzdorf hatte f\u00fcr die Aktionstage der Fairen Woche Bolivien mit Quinua und Quinuaprodukten wie Bratlinge oder Risotto nicht ohne Grund in den Fokus ger\u00fcckt. In der ohnehin kargen Hochebene Boliviens sind durch ausbleibende Regenf\u00e4lle und st\u00e4rkere Winde die Enten zum Teil ausgeblieben. Oder durch Extremregen wurde der Boden im Altiplano fortgesp\u00fclt.<\/p>\n<p>\u201eDa wir uns der Klimaverantwortung bewusst sind, zahlen wir 10% des Umsatzes der Aktionstage zur Kompensation des CO2 Aussto\u00dfes f\u00fcr den Transport der Produkte,\u201c so die Mitarbeiter im Weltladen. Mit diesem Beitrag unterst\u00fctzt der Weltladen Betzdorf die Anpflanzung von 1300 Baumsetzlinge f\u00fcr den Partnerschaftswald des Bistums Trier in Patacamaya. Da Kardinal Toribio Ticona, Bischof aus Bolivien, gerade zu Besuch bei der Caritas in Betzdorf und Kirchen war, konnte der Scheck f\u00fcr die 1300 B\u00e4umchen im Anschluss an den Gottesdienst in Steineroth direkt \u00fcbergeben werden.<\/p>\n<p><strong>10. Oktober 2018<\/strong><\/p>\n<p class=\"imAlign_center\"><span class=\"ff3 fc2 fs12 \">\u00a0<\/span><\/p>\n<hr \/>\n<p><span class=\"ff1 fc0 fs10 \">\u00a0<\/span><\/p>\n<h1 id=\"bananen\"><span class=\"ff3 fc4 fs16 \">Schluss mit giftig!<\/span> <span class=\"ff3 fc4 fs16 fb \"><br \/>\n<\/span><\/h1>\n<h2>Konventionelle Bananen enthalten eine Menge Pestizide<\/h2>\n<p><span class=\"ff3 fc0 fs12 \"><br \/>\n<img loading=\"lazy\" decoding=\"async\" class=\"size-medium wp-image-1074 alignleft\" src=\"https:\/\/weltlaeden.de\/betzdorf\/wp-content\/uploads\/sites\/176\/2022\/02\/WL-Bananen--300x199.jpg\" alt=\"\" width=\"300\" height=\"199\" srcset=\"https:\/\/weltlaeden.de\/betzdorf\/wp-content\/uploads\/sites\/176\/2022\/02\/WL-Bananen--300x199.jpg 300w, https:\/\/weltlaeden.de\/betzdorf\/wp-content\/uploads\/sites\/176\/2022\/02\/WL-Bananen-.jpg 600w\" sizes=\"auto, (max-width: 300px) 100vw, 300px\" \/>Bananen sind nach \u00c4pfeln in Deutschland das meistgekaufte Obst. Allerdings sind <\/span><span class=\"ff3 fc0 fs12 fb \">in konventionellen Bananen eine Menge Pestizide enthalten<\/span><span class=\"ff3 fc0 fs12 \">. <\/span><span class=\"ff3 fc0 fs12 fb \">Darauf macht das \u00d6KO-TEST-Magazin in der Januar-Ausgabe aufmerksam.<\/span><span class=\"ff3 fc0 fs12 \"> Das ist aber nicht nur f\u00fcr uns hier ein Problem, sondern in erheblichem Ma\u00df auch f\u00fcr die Anbaul\u00e4ndern. Das Verspr\u00fchen der Pestizide beeintr\u00e4chtigt die Gesundheit der Menschen im Bananenanbau und sch\u00e4digt auf Jahrzehnte B\u00f6den und Wasser. Schlechte Arbeitsbedingungen und geringe Bezahlung verst\u00e4rken noch die Probleme.<\/span><\/p>\n<p>\u201eDie Flieger kommen fast jede Woche ohne Vorwarnung. Ich versuche dann schnell die Kinder ins Haus zu holen. Zwei haben bereits jetzt schon schlimme Allergien\u201c, so eine Anwohnerin einer Bananenplantage. \u00d6KOTEST hat in Deutschland Bananen verschiedener Anbieter untersucht und schreibt: \u201eBei den konventionellen Produkten wurde das Labor durchweg f\u00fcndig. Fast alle enthalten die besonders bedenklichen Pestizide Imazalil und\/oder Bifenthrin.\u201c<\/p>\n<p>Laut dem europ\u00e4ischen Gefahrenstoffrecht gelten beide Substanzen als m\u00f6glicherweise krebserzeugend. Die Pestizide werden im konventionellen Bananenanbau oft mithilfe von Flugzeugen verspr\u00fcht. Aufgrund von Verwehungen gelangen die Spritzmittel so in angrenzende Wohngebiete und reichern sich in der Umwelt an. Dies hat zu einer starken Verseuchung von Wasserreserven, Fl\u00fcssen, B\u00f6den und zu einem starken Verlust an Biodiversit\u00e4t gef\u00fchrt. Manche Orte m\u00fcssen mit Trinkwasser per Tankwagen versorgt werden, der alle zwei Tage kommt &#8211; 12.000 Liter alle zwei Tage f\u00fcr ca. 1000 Familien. Zum Baden und Waschen reicht das nicht.<\/p>\n<p class=\"imAlign_center\"><span class=\"ff3 fc0 fs12 \">Die Studie der \u00f6sterreichischen \u00c4rzteorganisation AGU in Wien zeigt, dass <\/span><span class=\"ff3 fc0 fs12 fb \">vermehrt Erkrankungen der Bananenproduzent\/innen und ihrer Familien<\/span><span class=\"ff3 fc0 fs12 \"> die Folge ist, da sie dem Einsatz von Chemikalien weitgehend schutzlos ausgesetzt sind. Die Arbeitsmediziner untersuchten Ende 2015 die Gesundheitsgef\u00e4hrdung von Bananenarbeiter\/innen in Ecuador. Ihre Ergebnisse sind erschreckend: Arbeiter\/innen im konventionellen Bananenanbau haben z.B. sechs- bis achtfach so h\u00e4ufig Magen-Darm-Erkrankungen wie Arbeiter\/innen in der \u00f6kologischen Landwirtschaft. Auch andere Symptome wie Schwindel, Erbrechen und Durchfall, Augenbrennen und Hautreizungen, M\u00fcdigkeit, Schlaflosigkeit und unregelm\u00e4\u00dfiger Herzschlag wurden deutlich h\u00e4ufiger festgestellt.<\/span><\/p>\n<p>\u201eWir machen uns gro\u00dfe Sorgen, weil wir unter dem Pestizid-Regen arbeiten m\u00fcssen. Aber wenn man sich beschwert, riskiert man, entlassen zu werden\u201c, so ein Arbeiter beim Produzenten Mat\u00edas, der unter anderem Lidl beliefert. Nicht nur der mangelhafte Umweltschutz sondern auch die <span class=\"ff3 fc0 fs12 fb \">Verletzung von Arbeitsrechten<\/span><span class=\"ff3 fc0 fs12 \"> ist also im tropischen Fr\u00fcchtesektor h\u00e4ufig an der Tagesordnung.<\/span><\/p>\n<p>Wer mit Arbeiter\/innen aus ecuadorianischen Bananenplantagen spricht, trifft auf ein Klima der Angst. Nicht ohne Grund: Offene Kritik, betriebsinterne Beschwerden und erst recht der Aufbau einer Gewerkschaft haben allzu oft Entlassungen zur Folge. Unter den Plantagenbesitzern sollen schwarze Listen zirkulieren, die Gewerkschafter\/innen und andere \u201eaufm\u00fcpfige\u201c Personen enthalten.<\/p>\n<p>In der Stichprobe auf den Rainforest-Alliance-zertifizierten Plantagen, zu denen auch der Lidl-Lieferant Mat\u00edas z\u00e4hlt, wurde die Frage, ob das Unternehmen, bei dem sie arbeiten, ihrer Meinung nach die Gr\u00fcndung einer Gewerkschaft zulassen w\u00fcrde von alle Befragten verneint. Auf WWF\/Edeka-zertifizierten Plantagen gaben 65 Prozent der Befragten ein Nein zur Antwort. So wurden z.B. beim Produzenten Agr\u00edcola Agromonte, der f\u00fcr Aldi, Edeka und Rewe produziert, im Herbst 2015 50 gewerkschaftlich organisierte Arbeiter\/innen entlassen.<br \/>\n<span class=\"ff3 fc0 fs12 fb \">W\u00e4hrend man sich in Deutschland \u00fcber Billigpreise freut, k\u00e4mpfen Arbeiter\/innen im Bananenanbau um ihr t\u00e4gliches \u00dcberleben.<\/span><span class=\"ff3 fc0 fs12 \"> Trotz vieler geleisteter \u00dcberstunden <\/span><span class=\"ff3 fc0 fs12 fb \">decken die Durchschnittsl\u00f6hne der Arbeiter\/innen sowie die<\/span> <span class=\"ff3 fc0 fs12 fb \">Durchschnittseinkommen der Kleinb\u00e4uerinnen und -bauern dabei nicht einmal das Existenzminimum<\/span><span class=\"ff3 fc0 fs12 \">, also das, was Menschen f\u00fcr Essen, Kleidung, ein Dach \u00fcber dem Kopf, medizinische Versorgung, Schul- und Berufsausbildung sowie notwendige R\u00fccklagen f\u00fcr Alter und Notf\u00e4lle aufwenden m\u00fcssen. Dazu muss das Einkommen der Kleinbauern noch die Produktionskosten decken wie z.B. Ger\u00e4te, Neupflanzungen usw.<\/span><\/p>\n<p>Dank ihrer Marktmacht k\u00f6nnen die Konzerne Preise und Lieferbedingungen vorgeben, Kosten an Lieferanten durchreichen und Ware entgegen getroffener Vereinbarungen zur\u00fcckweisen. Unter diesem Preis- und Kostendruck kennen die Hersteller oft nur einen Ausweg: So billig wie m\u00f6glich zu produzieren, um Kosten zu sparen \u2013 vor allem bei den L\u00f6hnen. Auch wenn z.B. Ecuador per Gesetz einen Mindestpreis f\u00fcr Bananen festlegt, so wird dieser festgelegte Preis mit illegalen Praktiken umgangen, indem Dienstleistungen wie Transport, Verpackung usw. den Produzenten in Rechnung gestellt werden, sodass diese am Ende weniger als den Mindestpreis erhalten.<\/p>\n<p>Bananen sind ein Produkt, dessen Preis so entscheidend f\u00fcr die Konsumenten ist, dass er die Wahl des Supermarktes f\u00fcr den t\u00e4glichen Einkauf entscheidend beeinflusst. <span class=\"ff3 fc0 fs12 fb \">Aber d\u00fcrfen wirtschaftliche Ausbeutung, Armut und menschliches Leid Zutaten der Lebensmittel in unseren Supermarktregalen sein?<\/span><span class=\"ff3 fc0 fs12 \"> Nein, ebenso wenig wie die Verseuchung von Wasser und Boden \u00fcber Generationen hinaus.<\/span><\/p>\n<p>F\u00fcr die Januar-Ausgabe des Magazins \u00d6KOTEST wurden Bananen von 22 Anbietern auf ein breites Spektrum von Pestiziden untersucht und die Einhaltung von Sozialstandards \u00fcberpr\u00fcft. <span class=\"ff3 fc0 fs12 fb \">BanaFair-Bananen waren frei von Pestizidr\u00fcckst\u00e4nden und sind in Bezug auf Produktionsbedingungen und Transparenz mit der Note sehr gut bewertet worden.<\/span><\/p>\n<p><span class=\"ff3 fc0 fs12 \">Mit dem Kauf der fair gehandelten Bio-Bananen im Weltladen Betzdorf erhalten die Kunden nicht nur eine ges\u00fcndere Umwelt und pestizidfreies Obst, sondern beseitigen au\u00dferdem Fluchtursachen.<\/span><\/p>\n<p><strong>August 2018<\/strong><\/p>\n<p>&nbsp;<\/p>\n<hr \/>\n<p>&nbsp;<\/p>\n<h1 id=\"L\u00f6hne\"><span class=\"ff3 fc4 fs16 \">F\u00fcr faire L\u00f6hne und Naturschutz weltweit<\/span><\/h1>\n<h2><span class=\"ff3 fc4 fs16 \">Weltladen Betzdorf appelliert an die Bundestagsabgeordneten<\/span><\/h2>\n<p>&nbsp;<\/p>\n<p><img loading=\"lazy\" decoding=\"async\" class=\"size-medium wp-image-987 alignleft\" src=\"https:\/\/weltlaeden.de\/betzdorf\/wp-content\/uploads\/sites\/176\/2022\/02\/apell2018-300x226.jpg\" alt=\"\" width=\"300\" height=\"226\" srcset=\"https:\/\/weltlaeden.de\/betzdorf\/wp-content\/uploads\/sites\/176\/2022\/02\/apell2018-300x226.jpg 300w, https:\/\/weltlaeden.de\/betzdorf\/wp-content\/uploads\/sites\/176\/2022\/02\/apell2018-1024x770.jpg 1024w, https:\/\/weltlaeden.de\/betzdorf\/wp-content\/uploads\/sites\/176\/2022\/02\/apell2018-768x578.jpg 768w, https:\/\/weltlaeden.de\/betzdorf\/wp-content\/uploads\/sites\/176\/2022\/02\/apell2018-1536x1155.jpg 1536w, https:\/\/weltlaeden.de\/betzdorf\/wp-content\/uploads\/sites\/176\/2022\/02\/apell2018-2048x1541.jpg 2048w, https:\/\/weltlaeden.de\/betzdorf\/wp-content\/uploads\/sites\/176\/2022\/02\/apell2018-scaled.jpg 1920w\" sizes=\"auto, (max-width: 300px) 100vw, 300px\" \/><span class=\"ff3 fc2 fs12 \">Auf dem Wochenmarkt informierten Mitarbeiter des Weltladens in einer Aktion dar\u00fcber, dass f\u00fcr die Umsetzung der nachhaltigen Entwicklungsziele ein Gesetz n\u00f6tig ist. Die Entwicklungsziele sind Teil der globalen Agenda 2030, die 2015 von fast allen Staaten der Welt in der UN beschlossen wurden. Sie sollen bis 2030 die nachhaltige Entwicklung in wirtschaftlichen, sozialen und \u00f6kologischen Belangen weltweit verbessern.<\/span><\/p>\n<p class=\"imAlign_left\"><span class=\"ff3 fc2 fs12 \">Da in vielen Unternehmen Gewinnmaximierung Vorrang vor Sorgfaltspflicht hat, sind die bisher von der Bundesregierung bevorzugten <\/span><span class=\"ff3 fc2 fs12 fb \">freiwilligen Bem\u00fchungen deutscher Unternehmen nicht ausreichend<\/span><span class=\"ff3 fc2 fs12 \">, wie die Textilindustrie beispielhaft f\u00fcnf Jahre nach dem Einsturz der Rana-Plaza Textilfabrik in Bangladesch zeigt. Denn in mehr als 800 Fabriken fehlt immer noch ein funktionierendes Feueralarmsystem und 286 Fabriken haben Statikprobleme immer noch nicht behoben. Bis heute fehlt zudem eine staatliche Arbeitsunfallversicherung. Fabrikbesitzer in Bangladesch verwehren sich dagegen. Sie f\u00fcrchten, dass die Abgaben f\u00fcr eine Versicherung die Kosten ihrer Waren hochtreiben.<br \/>\nDiese Furcht ist nicht unbegr\u00fcndet. Schlie\u00dflich erfahren die Fabrikbesitzer tagt\u00e4glich, dass die Markenunternehmen zwar Sozial- und Umweltstandards einfordern, aber nicht bereit sind, h\u00f6here Preise zu zahlen. Ganz im Gegenteil: Die Einkaufspreise sind, so das Center for Global Workers&#8216; Rights, seit Rana Plaza um 13 Prozent gefallen.<\/span><\/p>\n<p>Damit die Unternehmen ihrer Verantwortung gegen\u00fcber Mensch und Umwelt einen h\u00f6heren Wert beimessen und ihre Gesch\u00e4ftspraxis darauf entsprechend ausrichten, m\u00fcssen bei Nichteinhaltung ihrer Sorgfaltspflicht Strafen folgen. <span class=\"ff3 fc2 fs12 fb \">Dazu bedarf es eines Gesetzes, das der Weltladen Betzdorf in einem Appell an die lokalen Bundestagsabgeordneten mit den Weltl\u00e4den bundesweit einfordert.<\/span><\/p>\n<p>Auf dem Wochenmarkt konnten bereits 93 Unterschriften gesammelt werden. <span class=\"ff3 fc2 fs12 fb \">Die Mitarbeiter des Weltladens bitten ihre Mitb\u00fcrger, die Aktion mit ihrer Unterschrift zu unterst\u00fctzen und damit zu zeigen, dass wir eine Wirtschaft w\u00fcnschen, die dem Allgemeinwohl und nicht der Ausbeutung von Mensch und Natur dient. <\/span><span class=\"ff3 fc2 fs12 \">Der Appell mit den Unterschriftenlisten liegt noch bis August im Weltladen aus.<\/span><\/p>\n<p><strong>11. Mai 2018<\/strong><\/p>\n<p>&nbsp;<\/p>\n<hr \/>\n<p>&nbsp;<\/p>\n<h1 id=\"Frauen\"><span class=\"ff3 fc4 fs16 \">Aktive Solidarit\u00e4t f\u00fcr benachteiligte Frauen<\/span><\/h1>\n<h2><span class=\"ff3 fc0 fs12 \"><span class=\"ff3 fc0 fs12 fb \">Eswatini Kitchen<\/span> bietet jungen Frauen aus Swasiland eine Perspektive<\/span><\/h2>\n<p><span class=\"ff3 fc4 fs16 fb \"><br \/>\n<\/span><span class=\"ff3 fc0 fs12 \"><img loading=\"lazy\" decoding=\"async\" class=\"size-medium wp-image-1090 alignleft\" src=\"https:\/\/weltlaeden.de\/betzdorf\/wp-content\/uploads\/sites\/176\/2022\/02\/WL-int.-Frauentag-7.3.2014-300x199.jpg\" alt=\"\" width=\"300\" height=\"199\" srcset=\"https:\/\/weltlaeden.de\/betzdorf\/wp-content\/uploads\/sites\/176\/2022\/02\/WL-int.-Frauentag-7.3.2014-300x199.jpg 300w, https:\/\/weltlaeden.de\/betzdorf\/wp-content\/uploads\/sites\/176\/2022\/02\/WL-int.-Frauentag-7.3.2014.jpg 600w\" sizes=\"auto, (max-width: 300px) 100vw, 300px\" \/>8. M\u00e4rz nur ein weiterer \u201eGedenktag\u201c im Kalender? Der Weltfrauentag ist vor\u00fcber. Viel wurde \u00fcber die ungleiche Behandlung und die Benachteiligung der Frauen geschrieben. Wem n\u00fctzt aber das Theoretisieren und Anklagen, wenn die Konsequenzen ausbleiben? Haben wirtschaftliche Interessen Vorrang vor Solidarit\u00e4t? Das fragen sich die Mitarbeiter des Weltladen Betzdorf und zeigen an einem Beispiel wie einfach es sein kann, Solidarit\u00e4t mit Frauen durch Taten zu verwirklichen.<\/span><\/p>\n<p>Fikile Shabangu, Mutter von zwei T\u00f6chtern, lebt in Manzapa einem kleinen Dorf in Swasiland nahe Manzini. Da ihr Mann verstorben ist, ist sie allein erziehend. Zu ihrem Ungl\u00fcck haben Frauen in Swasiland nicht das Recht, Land zu besitzen. So ist es f\u00fcr Fikile Shabangu ein Problem, den Lebensunterhalt f\u00fcr sich und die Kinder zu bestreiten, zumal der Verdienst meist sehr gering ist. Zwei Drittel der Bev\u00f6lkerung von Swasiland leben von weniger als 1,25 US-Dollar pro Tag. Das reicht auch nicht, um die hohen Kosten f\u00fcr den Transport, Schulunifor-men und Materialien f\u00fcr den Unterricht aufzubringen.<\/p>\n<p>Darum haben viele Jungen und M\u00e4dchen in den s\u00fcdlichen Regionen Swasilands nicht einmal die Grundschule abgeschlossen. Sie nehmen vielmehr eine Arbeit an, um zur Versorgung der Familie beizutragen &#8211; darunter auch kommerzielle Sexarbeit oder Sklaverei im Haushalt. Tausende von Kindern, vor allem M\u00e4dchen, werden sogar nach S\u00fcdafrika und Mosambik &#8222;exportiert&#8220;.<\/p>\n<p><span class=\"ff3 fc0 fs12 fb \">Eswatini Kitchen<\/span><span class=\"ff3 fc0 fs12 \"> war f\u00fcr die junge Frau aus Swasiland eine Perspektive. <\/span><span class=\"ff3 fc0 fs12 fb \">Das Projekt bietet vor allem allein erziehenden Frauen eine gute M\u00f6glichkeit, f\u00fcr sich und ihre Kinder eine neue Existenz aufzubauen.<\/span><span class=\"ff3 fc0 fs12 \"> Sie k\u00f6nnen sich f\u00fcr einen Beruf qualifizieren und zugleich ihren Lebensunterhalt selbst bestreiten. Eswatini Kitchen produziert nach traditionellen Rezepten Chutneys und Marmeladen mit denen Speisen verfeinert werden k\u00f6nnen. Die Produkte wer-den aus den lokalen Obst- und Gem\u00fcsesorten ohne Konservierungsmittel oder Farbstoffe hergestellt. Alles ist Handarbeit \u2013 vom Schneiden, R\u00fchren bis zum Einf\u00fcllen in die Gl\u00e4ser.<\/span><\/p>\n<p>Bei Eswatini Kitchen arbeiten zurzeit 17 fest angestellte Mitarbeiter (13 Frauen und 4 M\u00e4nner). Mit 3.500 Emalangeni pro Monat (rund 300 Euro) verdienen die Mitarbeiterinnen und Mitarbeiter f\u00fcr dortige Verh\u00e4ltnisse gut. Aufgrund des guten Gehalts von Eswatini Kitchen kann Fikile Shabangu ihre T\u00f6chter zur Schule schicken und die Schulgeb\u00fchren bezahlen. Sie hat eine F\u00fcnf-Tage-Woche bei einer t\u00e4glichen Arbeitszeit von 7.30 bis 16.30 Uhr. Im Fall von \u00dcberstunden erh\u00e4lt sie daf\u00fcr den doppelten Stundenlohn. Au\u00dferdem ist sie rentenversichert und erh\u00e4lt bei Gewinn einen j\u00e4hrlichen Bonus.<\/p>\n<p class=\"imAlign_left\"><span class=\"ff3 fc0 fs12 \">Da die Produkte vor Ort in Swasiland in Gl\u00e4ser abgef\u00fcllt werden, konnten zus\u00e4tzliche Arbeitspl\u00e4tze geschaffen werden. F\u00fcr die Qualit\u00e4tskontrolle verf\u00fcgt Eswatini Kitchen \u00fcber ein eigenes kleines Labor, in dem die Chutneys und Marmeladen begutachtet werden. Das Obst und Gem\u00fcse, das die Frauen zu Chutneys und Marmeladen verarbeiten, kommt von rund 50 Farmen der Umgebung.<\/span><\/p>\n<p>Die Lebenserwartung im Land betr\u00e4gt nur 48 Jahre. Ein Grund daf\u00fcr ist die weltweit h\u00f6chste HIV Infektionsrate von etwa 26 Prozent. Der zweite ist die extreme Armut in der etwa zwei Drittel der Bev\u00f6lkerung in Swasiland lebt. Mangelern\u00e4hrung und unzureichende Bildung sind die Folge. Da es in Swasiland keine nennenswerten Bodensch\u00e4tze gibt, ist das internationale Interesse sehr gering.<\/p>\n<p><span class=\"ff3 fc0 fs12 fb \">Der Weltladen hat es sich zur Aufgabe gemacht, nicht nur auf Missst\u00e4nde hinzuweisen, sondern durch faire Handelsbeziehungen Solidarit\u00e4t mit benachteiligten Menschen praktisch umzusetzen. Daher rufen die Mitarbeiter im Nachgang zum Weltfrauentag dazu auf, z.B. mit Chutneys von Eswatini Kitchen Speisen zu \u201efair\u201cfeinern und dadurch z.B. allein erziehenden Frauen und deren Kindern in Swasiland eine Zukunftsperspektive zu geben.<\/span><\/p>\n<p><strong>M\u00e4rz 2014<br \/>\n<\/strong><\/p>\n<p>&nbsp;<\/p>\n<hr \/>\n<p>&nbsp;<\/p>\n<h1 id=\"Taste\"><span class=\"ff3 fc4 fs16 fb \">\u201e<\/span><span class=\"ff3 fc4 fs16 \">Taste Fair Africa<\/span><span class=\"ff3 fc4 fs16 fb \">\u201c<\/span><\/h1>\n<h2><span class=\"ff3 fc2 fs12 \">Aktion im Weltladen: Belastende Kolonialgeschichte reicht bis in Neuzeit<\/span><\/h2>\n<p><span class=\"ff3 fc2 fs12 \"><br \/>\n<img loading=\"lazy\" decoding=\"async\" class=\"size-medium wp-image-959 alignleft\" src=\"https:\/\/weltlaeden.de\/betzdorf\/wp-content\/uploads\/sites\/176\/2022\/02\/P1080282b-300x200.jpg\" alt=\"\" width=\"300\" height=\"200\" srcset=\"https:\/\/weltlaeden.de\/betzdorf\/wp-content\/uploads\/sites\/176\/2022\/02\/P1080282b-300x200.jpg 300w, https:\/\/weltlaeden.de\/betzdorf\/wp-content\/uploads\/sites\/176\/2022\/02\/P1080282b-768x513.jpg 768w, https:\/\/weltlaeden.de\/betzdorf\/wp-content\/uploads\/sites\/176\/2022\/02\/P1080282b.jpg 1024w\" sizes=\"auto, (max-width: 300px) 100vw, 300px\" \/>Die Mitarbeiter des Weltladen Betzdorf wollen mehr Mitmenschen gewinnen aktiv und unmittelbar Fl\u00fcchtlingspolitik zu betreiben, um die Situation sowohl hier als auch dort zu verbessern.<br \/>\n<\/span><span class=\"ff3 fc2 fs12 fb \">Wir starten das Jahr unter dem Motto \u201eTaste Fair Africa\u201c und bieten ein Sortiment aus drei Kaffeevariationen aus Uganda und f\u00fcnf neuen Schokoladen mit Kakao aus S\u00e3o Tom\u00e9 an<\/span><span class=\"ff3 fc2 fs12 \">.<\/span><\/p>\n<p class=\"imAlign_left\"><span class=\"ff3 fc2 fs12 \">Wir legen den Schwerpunkt ganz bewusst auf Afrika weil dessen belastende Kolonialgeschichte bis in die Neuzeit reicht, begr\u00fcnden die Mitarbeiter die Kampagne. Tausende von Migranten finden auf ihrer Suche nach einem Lebensunterhalt den Tod unter anderem im Mittelmeer.<\/span><\/p>\n<p>Da Afrika ein sehr vielf\u00e4ltiger Kontinent ist, sind auch Infrastruktur und Exporterfahrung ganz unterschiedlich. Waren aus Afrika zu importieren ist im Vergleich anspruchsvoll. So m\u00f6chten wir als Weltladen den Blick auf Afrika mit seinen vielen Facetten richten. Die hochwertigen Produkte, unter fairen Bedingungen hergestellt, vermitteln Eindr\u00fccke jenseits der \u00fcblichen Klischees. <span class=\"ff3 fc2 fs12 fb \">Die Geschichten von den Menschen hinter den Produkten zeigen, wie diese u.a. \u00fcber den Fairen Handel ihre Genossenschaften und damit ihre eigenen Lebensbedingungen weiterentwickeln konnten<\/span><span class=\"ff3 fc2 fs12 \">.<\/span><\/p>\n<p>Die Kooperativen von Bukonzo bauen ihren Bio-Arabica-Kaffee (u.a. Bourbon) in den Bergen im S\u00fcdwesten Ugandas an nahe dem Virunga Nationalpark. Seit 1999 sind die Produzentinnen und Produzenten Partner des Fairen Handels und konnten mit dem Mehrgewinn aus Fairem Handel unter anderem die Erweiterung des Gesundheitszentrums in der Stadt Kyarumba finanzieren. Es wurden z.B. ein kleiner Operationssaal und R\u00e4umlichkeiten f\u00fcr die Frauen gebaut, in denen sie nach der Geburt ihres Kindes zun\u00e4chst bleiben k\u00f6nnen. Des weiteren konnten Stra\u00dfen und Br\u00fccken gebaut werden, um den Transport des Rohkaffees zu erleichtern.<br \/>\nDurch Sparprogramme und die Vergabe von Mikrokrediten an ihre Mitglieder konnten die B\u00e4uerinnen und Bauern u.a. in eine bessere Verarbeitung ihres qualitativ hochwertigen Bio-Kaffees investieren. Dadurch wurden das Qualit\u00e4tsniveau erh\u00f6ht und weitere Einkommensm\u00f6glichkeiten geschaffen.<\/p>\n<p>Anfang des 20. Jahrhunderts war S\u00e3o Tom\u00e9 der gr\u00f6\u00dfte Kakaoproduzent auf der Welt. Seit 1850 wird dort Kakao von hoher Qualit\u00e4t angebaut. Fr\u00fcher mussten die Bauern ihre Kakaobohnen direkt nach der Ernte zu Niedrigstpreisen an kommerzielle Zwischenh\u00e4ndler verkaufen. Durch den Fairen Handel mit der GEPA wurde das Aufkaufmonopol auf der Insel gebrochen, so dass inzwischen auch die lokalen Kakao-Aufk\u00e4ufer ihre Preise erh\u00f6hen mussten. Die Kooperative erh\u00e4lt von der GEPA einen Preis, der deutlich \u00fcber dem von Fairtrade International (FLO) festgesetzten Mindestpreis liegt. Zum B\u00f6rsenpreis kommen die Fair-Trade-Pr\u00e4mie, die Bio-Pr\u00e4mie sowie ein Qualit\u00e4tszuschlag. Durch den Einfluss des Fairen Handels fermentieren und trocknen die Kleinbauern heute selbst wodurch weitere Arbeitspl\u00e4tze geschaffen wurden.<\/p>\n<p><span class=\"ff3 fc2 fs12 fb \">Damit wird einer entscheidenden Fluchtursache entgegengewirkt<\/span><span class=\"ff3 fc2 fs12 \">. Noch mehr Familien ist ein existenzsicherndes Einkommen sicher. Mit der Fair-Trade-Pr\u00e4mie konnten Solarpanel zur Stromversorgung der D\u00f6rfer aufgestellt werden. Die damit verbesserte Lebensqualit\u00e4t ist eine weitere M\u00f6glichkeit, die Migration aus den l\u00e4ndlichen Regionen zu bremsen.<\/span><\/p>\n<p><span class=\"ff3 fc2 fs12 fb \">\u201eWir Mitarbeiter des Weltladen Betzdorf sehen uns als Wertegemeinschaft mit unseren Partnern im S\u00fcden aber auch mit unseren Kunden. Darum wollen wir mit dem Fairen Handel weltweit Produktionsweisen etablieren, die m\u00f6glichst fair, m\u00f6glichst bio. m\u00f6glichst nachhaltig sind &#8211; das ist der Entwurf f\u00fcr eine globale Wirtschaftsform f\u00fcr eine Welt wie sie sein sollte.\u201c<\/span><\/p>\n<p>Gemeinsam mit unseren Kunden haben wir bereits gezeigt, dass faires Wirtschaften m\u00f6glich ist und die Lebensbedingungen der Menschen in Afrika nachhaltig verbessert wurden, denn durch den Verkauf im Weltladen konnten j\u00e4hrlich etwa 150 Familien ein ausreichendes Einkommen erzielen. Da aber immer noch viele Menschen kein ausreichendes Einkommen f\u00fcr den Unterhalt der Familie, Bildung und medizinische Versorgung haben, verlassen sie ihre Heimat, um z.B. in Europa den Lebensunterhalt f\u00fcr ihre Familien zu verdienen.<\/p>\n<p>Das neue Sortiment \u201eTaste Fair Afrika\u201c soll mehr Westerw\u00e4lder und Siegerl\u00e4nder zu einer nachhaltigen Fl\u00fcchtlingspolitik motivieren, denn es erf\u00fcllt nicht nur die Anspr\u00fcche an die Menschenrechte und Wertegemeinschaft sondern auch die Bed\u00fcrfnisse nach anspruchsvollen und authentischen Produkten &#8211; <span class=\"ff3 fc2 fs12 fb \">Fl\u00fcchtlingspolitik mit dem Einkaufskorb<\/span><span class=\"ff3 fc2 fs12 \">.<\/span><\/p>\n<p><strong>Januar 2018<\/strong><\/p>\n<p>&nbsp;<\/p>\n<hr \/>\n<p>&nbsp;<\/p>\n<div id=\"imContent\">\n<div id=\"imPage\">\n<div id=\"imCel0_00\">\n<div id=\"imCel0_00_Cont\">\n<div id=\"imObj0_00\">\n<h1 id=\"Jugend\">Jugend f\u00fcr Fairen Handel &#8211; Aktion des Weltladens<\/h1>\n<h2 class=\"imAlign_left\"><span class=\"ff3 fc0 fs12 \">Jusos im Kreis Altenkirchen zu Gast in Betzdorf<\/span><\/h2>\n<p class=\"imAlign_left\"><span class=\"ff3 fc0 fs12 \"><img loading=\"lazy\" decoding=\"async\" class=\"size-medium wp-image-953 alignleft\" src=\"https:\/\/weltlaeden.de\/betzdorf\/wp-content\/uploads\/sites\/176\/2022\/02\/JusoBild-300x200.jpg\" alt=\"\" width=\"300\" height=\"200\" srcset=\"https:\/\/weltlaeden.de\/betzdorf\/wp-content\/uploads\/sites\/176\/2022\/02\/JusoBild-300x200.jpg 300w, https:\/\/weltlaeden.de\/betzdorf\/wp-content\/uploads\/sites\/176\/2022\/02\/JusoBild-1024x683.jpg 1024w, https:\/\/weltlaeden.de\/betzdorf\/wp-content\/uploads\/sites\/176\/2022\/02\/JusoBild-768x512.jpg 768w, https:\/\/weltlaeden.de\/betzdorf\/wp-content\/uploads\/sites\/176\/2022\/02\/JusoBild-1536x1024.jpg 1536w, https:\/\/weltlaeden.de\/betzdorf\/wp-content\/uploads\/sites\/176\/2022\/02\/JusoBild-2048x1365.jpg 2048w, https:\/\/weltlaeden.de\/betzdorf\/wp-content\/uploads\/sites\/176\/2022\/02\/JusoBild-scaled.jpg 1920w\" sizes=\"auto, (max-width: 300px) 100vw, 300px\" \/>Da der Weltladen Betzdorf erhebliche Schwierigkeiten hat, Jugendliche und junge Erwachsene f\u00fcr eine Unterst\u00fctzung des Fairen Handels zu gewinnen, m\u00f6chten die Mitarbeiterinnen und Mitarbeiter <\/span><span class=\"ff3 fc0 fs12 fb \">eine \u201eWerbekampagne\u201c starten, um den erw\u00e4hnten Personenkreis f\u00fcr den Einkauf und ein Mitmachen im Weltladen zu gewinnen. Die erste Zielgruppe die angesprochen werden soll, sind die Jugendorganisationen der Parteien im Kreis Altenkirchen. Die Jusos im Kreis haben auf die Einladung positiv reagiert und lie\u00dfen sich im Weltladen \u00fcber die Ziele des Fairen Handels und eine Aktion des Weltladens informieren.<\/span><\/p>\n<p>\u201eWie der derzeitige Entwicklungshilfeminister Gerd M\u00fcller gehen wir im Weltladen davon aus, dass unser Handeln hier in Deutschland globale Auswirkungen hat&#8220;, so Hermann Reeh vom Weltladen. M\u00fcller habe erkannt, wof\u00fcr der Faire Handel schon lange k\u00e4mpfe \u201eBleibeperspektiven im eigenen Land zu schaffen. Wenn uns das nicht gelingt, kommen k\u00fcnftig nicht Hunderttausende, sondern Millionen Fl\u00fcchtlinge\u201c, zitierte Reeh eine Aussage des Ministers angesichts der Fl\u00fcchtlinge, die aus afrikanischen L\u00e4ndern kommen.<\/p>\n<p>Diese \u201eBleibeperspektiven\u201c k\u00f6nne man nur schaffen, wenn die Menschen in den Herkunftsl\u00e4ndern existenzsichernde Einkommen erhielten. Also Einkommen, die ausreichen, um Nahrung, Kleidung, Unterkunft, medizinische Versorgung, Schul- und Berufsausbildung der Kinder zu bezahlen und R\u00fccklagen f\u00fcr Alter und Notzeiten zu bilden. Genau das sei der Ansatz des Fairen Handels, so Hermann Reeh. Wer im Weltladen einkauft oder mitarbeitet bek\u00e4mpft Fluchtursachen und lege einen Grundstein f\u00fcr eine friedliche Entwicklung.<\/p>\n<p>Denn, so habe Willy Brandt schon 1980 erkannt: <span class=\"ff3 fc0 fs12 fb \">\u201eWo Hunger herrscht, kann Friede keinen Bestand haben. Wer den Krieg \u00e4chten will, muss auch die Armut bannen.\u201c<\/span><\/p>\n<p>Dieser Zusammenhang sei vielen Menschen auch Jugendlichen nicht bewusst.<\/p>\n<p>Wie man Friedenspolitik mit dem Einkaufskorb machen k\u00f6nne, verdeutlichte Hermann Reeh, an dem Friedensprozess in Kolumbien. Der Friedensvertrag zwischen der Regierung und der Farc, sehe auch die Vernichtung der Kokafelder vor. Welche Alternative habe aber eine Kleinb\u00e4uerin, die ihre Existenz bisher mit dem Anbau von Koka gesichert habe. Wenn man ihr das Kokafeld abbrenne, nehme man ihr das einzig sichere Einkommen und st\u00fcrze sie in Armut.<\/p>\n<p>Wenn dieser B\u00e4uerin f\u00fcr den Anbau von Kaffee, Kakao , Bananen usw. einen existenzsichernden Preis erhalte, w\u00fcrde man ihre Armut und ihre Landflucht verhindern und eine \u201eBleibeperspektive\u201c schaffen. Das leiste bisher nur der Faire Handel. Der Faire Handel brauche aber Menschen, die bereit sind, einen h\u00f6heren Preis f\u00fcr Kaffee oder Schokolade zu bezahlen.<\/p>\n<p>\u201eAls Verbraucherin und Verbraucher k\u00f6nnen Sie sich jeden Tag f\u00fcr eine gerechte und friedliche Welt einsetzen, z.B. beim Kauf fairer Schokolade, Kaffee und Tee in einem Weltladen\u201c, so Hermann Reeh. \u201eMit Ihrer bewussten Kaufentscheidung f\u00fcr Produkte, die unter fairen Bedingungen produziert werden, verbessern Sie die Lebens- und Arbeitsbedingungen von 2,5 Millionen Produzentinnen und Produzenten und ihren Familien weltweit. Sie k\u00f6nnen Politik mit dem Einkaufskorb machen\u201c, so Reeh weiter. \u201eUnd Sie als junge Menschen, die ihr politisches Interesse durch Ihre Mitgliedschaft in der SPD bekunden, k\u00f6nnen somit eine der besten Traditionen Ihrer Partei fortf\u00fchren: Nicht nur die Lage der Menschen im eigenen Land verbessern, sondern mit allen L\u00e4ndern dieser Erde gemeinsam die Armut bek\u00e4mpfen.\u201c<\/p>\n<p>Martin Diedenhofen bedankte sich auch im Namen der Jungsozialisten f\u00fcr die interessanten Ausf\u00fchrungen und erkl\u00e4rte: \u201eDer Weltladen Betzdorf tr\u00e4gt dazu bei, dass Bewusstsein f\u00fcr die Auswirkungen unseres Einkaufsverhalten zu sch\u00e4rfen. Mein Dank gilt den vielen Ehrenamtlichen, die sich hier engagieren \u2013 das Motto <span class=\"ff3 fc0 fs12 fb \">\u201cGlobal denken, lokal handeln\u201c <\/span><span class=\"ff3 fc0 fs12 \">wird hier gelebt. Nachhaltige Fluchtursachenbek\u00e4mpfung funktioniert nur, wenn wir fairen Handel und faire Handelsbeziehungen st\u00e4rken. Auch daf\u00fcr tritt der Weltladen Betzdorf ein und daf\u00fcr werde ich mich auch im Deutschen Bundestag einsetzen.\u201c<\/span><\/p>\n<p><strong>21. Juli 2017<\/strong><\/p>\n<p>&nbsp;<\/p>\n<hr \/>\n<h1><\/h1>\n<h1 id=\"Weckruf\">Weckruf: Fl\u00fcchtlinge haben ein Geschenk mitgebracht<\/h1>\n<h2 class=\"imAlign_left\"><span class=\"ff3 fc0 fs12 fb \">\u00dcber den Horizont unserer Wohlstands-Oase<span class=\"ff3 fc0 fs12 \"> hinauszublicken<\/span><\/span><\/h2>\n<p>&nbsp;<\/p>\n<p class=\"imAlign_left\"><span class=\"ff3 fc0 fs12 \"><img loading=\"lazy\" decoding=\"async\" class=\"size-medium wp-image-1091 alignleft\" src=\"https:\/\/weltlaeden.de\/betzdorf\/wp-content\/uploads\/sites\/176\/2022\/02\/WL-Bauen-Welt-Kinder-216x300.jpg\" alt=\"\" width=\"216\" height=\"300\" srcset=\"https:\/\/weltlaeden.de\/betzdorf\/wp-content\/uploads\/sites\/176\/2022\/02\/WL-Bauen-Welt-Kinder-216x300.jpg 216w, https:\/\/weltlaeden.de\/betzdorf\/wp-content\/uploads\/sites\/176\/2022\/02\/WL-Bauen-Welt-Kinder.jpg 397w\" sizes=\"auto, (max-width: 216px) 100vw, 216px\" \/>Wenn dieser Tage von Fl\u00fcchtlingen die Rede ist, so wird die Debatte von Begriffen wie \u201eObergrenzen\u201c, \u201esichere EU-Au\u00dfengrenzen\u201c, \u201eSicherung der nationalen Grenzen\u201c, \u201eIntegrationspflicht\u201c, \u201eTageskontigente\u201c, \u201esichere Herkunftsl\u00e4nder\u201c, \u201eVersch\u00e4rfung der Asylgesetze\u201c, \u201eHotspots\u201c u.a. Begriffen dominiert.<\/span><\/p>\n<p>Wir vom Weltladen Betzdorf m\u00f6chten aber darauf hinweisen, dass uns die Gefl\u00fcchteten, die es bis zu uns schaffen, ein besonderes Pr\u00e4sent mitgebracht haben. Geschenkt haben uns die Migranten etwas ganz Wichtiges: den n\u00fctzlichen Zwang \u00fcber den Horizont unserer <span class=\"ff3 fc0 fs12 fb \">Wohlstands-Oase<\/span><span class=\"ff3 fc0 fs12 \"> hinauszublicken. Sie sind Botschafter einer Welt, wie sie wirklich ist. Sie zeigen uns in Nahaufnahme den Skandal, dass wir viel zu lange glaubten, unseren Wohlstand zum gro\u00dfen Teil auf Kosten anderer erhalten zu k\u00f6nnen, statt mit ihnen gemeinsam. Sie sind <\/span><span class=\"ff3 fc0 fs12 fb \">Sehhilfe<\/span><span class=\"ff3 fc0 fs12 \">, mit der wir erkennen k\u00f6nnen, dass Krisen und Kriege mit unserer Lebensweise mehr zu tun haben, als wir wahrhaben wollen. Sie haben uns die zerrissene Welt buchst\u00e4blich ins Haus gebracht.<\/span><\/p>\n<p>Dass diese zerrissene Welt irgendwie mit der Auspl\u00fcnderung und Ausbeutung der sogenannten Entwicklungsl\u00e4nder und damit der Fl\u00fcchtlinge zusammenh\u00e4ngt, ahnt man dunkel. So genau will man das wiederum nicht wissen. Wissen k\u00f6nnte das Gewissen belasten.<\/p>\n<p>&nbsp;<\/p>\n<h2><strong><span class=\"ff3 fc4 fs12 fb \">Die Fl\u00fcchtlinge erteilen uns eine Lektion<\/span><\/strong><\/h2>\n<p>Es ist eine Lebensl\u00fcge zu glauben, ein kleiner Teil der Welt k\u00f6nne in Frieden leben, w\u00e4hrend ein Gro\u00dfteil in Armut und Kriegen versinkt. Dass sich fr\u00fcher oder sp\u00e4ter eine V\u00f6lkerwanderung in Bewegung setzen w\u00fcrde, h\u00e4tten wir ahnen m\u00fcssen.<\/p>\n<p>Die wenigsten Menschen verlassen ihre Familie und ihre Heimat ohne Grund, vor allem, wenn der Fluchtweg lebensgef\u00e4hrlich ist. Meist sind kriegerische Konflikte, politische Verfolgung, Armut, Klimaver\u00e4nderung, Verletzung von Menschenrechten die Ursache von Flucht.<\/p>\n<p>Wird aber das Recht auf Nahrung, Bildung, Gesundheitsf\u00fcrsorge, auf ein <span class=\"ff3 fc0 fs12 fb \">existenz-sicherndes Erwerbseinkommen<\/span><span class=\"ff3 fc0 fs12 \"> \u2013 also auf ein menschenw\u00fcrdiges Leben \u2013 nicht verwirklicht, dann haben Menschen keine Perspektiven.<\/span><\/p>\n<p>Und vorhandene Perspektiven werden noch zerst\u00f6rt: z.B. wird Fischern an der Westk\u00fcste Afrikas ihre Lebensgrundlage von gro\u00dfen Fischfangflotten aus Europa weggefischt. Auch den Schneiderinnen und Schneidern der lokalen M\u00e4rkte in Togo, Ghana, Nigeria und Kamerun wird die Lebensgrundlage durch gebrauchte Kleidung aus Europa genommen. Ebenso k\u00f6nnen Frauenkooperativen mit Gefl\u00fcgelzucht in Ghana u.a. afrikanischen L\u00e4ndern gegen subventioniertes Tiefk\u00fchlfleisch aus Europa nicht konkurrieren. Das gleiche gilt f\u00fcr Kleinbauern in Ghana, die Tomaten anbauen.Sie alle sehen sich gezwungen, ihr Land zu verlassen, um f\u00fcr sich und ihre Familien eine neue Zukunft aufzubauen.<\/p>\n<p>Doch wenn Menschen nicht vor bewaffneten Konflikten fliehen oder nachweislich politisch verfolgt werden, haben sie meist geringe Chancen, in reichen L\u00e4ndern Asyl zu erhalten. Sie werden hierzulande oft als \u201eWirtschaftsfl\u00fcchtlinge\u201d bezeichnet. In diesem Fall wird den Menschen, die aufgrund von Armut ihre Heimat verlassen, ihr legitimer Anspruch auf Menschenrechte und ein Leben in W\u00fcrde nicht gew\u00e4hrt.<\/p>\n<p>&nbsp;<\/p>\n<h2><strong><span class=\"ff3 fc4 fs12 fb \">Jeder Mensch hat aber das gleiche Recht auf Gl\u00fcck!<\/span><\/strong><\/h2>\n<p>Wir m\u00f6chten darauf aufmerksam machen, dass der Faire Handel die Flucht von Menschen verhindert, weil er daf\u00fcr sorgt, dass die Menschen Nahrung, Kleidung, Unterkunft, medizinische Versorgung, Schul- und Berufsausbildung der Kinder finanzieren k\u00f6nnen und damit eine Perspektive f\u00fcr die Zukunft haben. Menschen haben ein Bed\u00fcrfnis, in einer Welt zu leben, in der es vorhersehbar und gerecht zugeht, das ist aber in vielen Teilen der Welt nicht gegeben.<\/p>\n<p>Die Bek\u00e4mpfung der Fluchtursachen ist wie der Klimawandel eine globale Herausforderung, es w\u00e4r hilfreich, wenn wir einen Teil zu deren L\u00f6sung beitragen w\u00fcrden. Wenn es darum geht, Fluchtursachen zu bek\u00e4mpfen, muss es also auch um Armutsbek\u00e4mpfung, um eine gerechte Verteilung des Reichtums auf der Welt gehen. Der Weltladen Betzdorf wirbt f\u00fcr den Kauf fair gehandelter Produkte, um Menschen eine sichere Existenz zu erm\u00f6glichen.<\/p>\n<p><span class=\"ff3 fc0 fs12 fb \">Mit dem Einkauf im Weltladen kann man Fluchtursachen bek\u00e4mpfen<\/span><span class=\"ff3 fc0 fs12 \">, weil der Faire Handel daf\u00fcr sorgt, dass die Menschen ein Einkommen erhalten, dass es ihnen erm\u00f6glicht f\u00fcr Nahrung, Kleidung, Unterkunft, medizinische Versorgung, Altersvorsorge, Schul- und Berufsausbildung der Kinder selbst zur sorgen. Schon der Verkauf fair gehandelter Produkte f\u00fcr 500 \u20ac im Weltladen kann den Lebensunterhalt einer Familie(z.B. eines Kaffeebauern in Nicaragua, einer Teepfl\u00fcckerin in Sri Lanka) f\u00fcr ein Jahr sichern. Dadurch haben sie eine Perspektive f\u00fcr die Zukunft.<\/span><\/p>\n<p>&nbsp;<\/p>\n<h2><strong><span class=\"ff3 fc4 fs12 fb \">Forderungen an die Politik<\/span><\/strong><\/h2>\n<p>Nicht die Fl\u00fcchtlinge, sondern die Fluchtursachen sind das eigentliche Problem, das gel\u00f6st werden muss.nur noch f\u00fcr eine wirklich nachhaltige Landwirtschaft und Fischerei.Gemeinwohl muss Vorrang vor wirtschaftlichen Interessen haben.\u00f6rderung ziviler Konfliktl\u00f6sung \u2013 und -pr\u00e4vention.von weltweiten sozialen und \u00f6kologischen Mindeststandards.f\u00fcr eine gerechte Verteilung des weltweiten Reichtums.und Besteuerung aller Finanztransaktionen.und Einschr\u00e4nkung des Waffenhandels.<\/p>\n<p><strong>Februar 2016<\/strong><\/p>\n<p>&nbsp;<\/p>\n<\/div>\n<hr \/>\n<div id=\"imObj0_00\">\n<p>&nbsp;<\/p>\n<h1 id=\"Klima\"><span class=\"ff3 fc4 fs16 fb \">Aufruf zum Handeln: \u201eKlimaneutral f\u00fcr ein Jahr\u201c<\/span><\/h1>\n<h2><span class=\"ff3 fc2 fs12 \">Vom Klimaschutz reden viele, doch es ist h\u00f6chste Zeit zum Handeln<\/span><\/h2>\n<p><span class=\"ff3 fc2 fs12 fb \"><img loading=\"lazy\" decoding=\"async\" class=\"size-medium wp-image-1048 alignleft\" src=\"https:\/\/weltlaeden.de\/betzdorf\/wp-content\/uploads\/sites\/176\/2022\/02\/plakat4-1-212x300.jpg\" alt=\"\" width=\"212\" height=\"300\" srcset=\"https:\/\/weltlaeden.de\/betzdorf\/wp-content\/uploads\/sites\/176\/2022\/02\/plakat4-1-212x300.jpg 212w, https:\/\/weltlaeden.de\/betzdorf\/wp-content\/uploads\/sites\/176\/2022\/02\/plakat4-1.jpg 317w\" sizes=\"auto, (max-width: 212px) 100vw, 212px\" \/>Was hat ein Weltladen mit dem Klimawandel zu tun? <\/span><span class=\"ff3 fc2 fs12 \">Es ist im wahrsten Sinne des Wortes tragisch: Die Menschen, die am wenigsten zur Klimaver\u00e4nderung beitragen, werden am st\u00e4rksten darunter zu leiden haben. Die Menschen in den s\u00fcdlichen L\u00e4ndern. Sie leiden schon heute unter der Klimaver\u00e4nderung. Nicht wenige davon sind Fairhandelspartner. Auch darum ist es Aufgaben eines Weltladens, auf die Gefahren der Klimawandels hinzuweisen und M\u00f6glichkeiten f\u00fcr Klimagerechtigkeit aufzuzeigen.<\/span><\/p>\n<p><strong><span class=\"ff3 fc2 fs12 fb fu \">Die Fakten: <\/span><\/strong><span class=\"ff3 fc2 fs12 \">Die Bundesb\u00fcrger verursachen pro Kopf im Schnitt elf Tonnen(Umweltbundesamt) des Treibhausgases CO2 im Jahr. Klimaforscher sagen: Mehr als zwei Tonnen pro Kopf und Jahr d\u00fcrfen es f\u00fcr alle Erdenb\u00fcrger l\u00e4ngerfristig nicht sein, damit der Klimawandel beherrschbar bleibe. <\/span><span class=\"ff3 fc2 fs12 fb \">Wir m\u00fcssen unseren Aussto\u00df an CO2 um neun Tonnen reduzieren.<br \/>\n<\/span><span class=\"ff3 fc2 fs12 \">Die Formel zur Rettung der Welt hei\u00dft noch immer: <\/span><span class=\"ff3 fc2 fs12 fb \">Die Erw\u00e4rmung auf zwei Grad zu begrenzen.<\/span><\/p>\n<p><strong>Erw\u00e4rmung begrenzen, ist das m\u00f6glich?:<\/strong> <span class=\"ff3 fc2 fs12 \">Ein Blick zur\u00fcck auf das Jahr 1992 als in Rio die Agenda 21 beschlossen wurde\u2013 eine Agenda zur Rettung der Erde, wie ein Teilnehmer unter Beifall aller Regierungschefs euphorisch verk\u00fcndete &#8211; stimmt wenig hoffnungsvoll. Die Fortschritte beim Klimaschutz sind eher bescheiden.<\/span><\/p>\n<p><strong><span class=\"ff3 fc2 fs12 fb \">Es ist noch nicht zu sp\u00e4t!: <\/span><\/strong><span class=\"ff3 fc2 fs12 \">Ein Kommentator in der Frankfurter Rundschau meinte vor einigen Jahren, man solle das 20. und das beginnende 21. Jahrhundert aus der Sicht unserer Enkel und Urenkel betrachten, m\u00f6glicherweise, so meinte er, k\u00f6nnten die dadurch gewonnenen Erkenntnisse eine Kurskorrektur bewirken. Bei einem Denken von der Zukunft her, w\u00fcrde man erst einmal von einem w\u00fcnschbaren Zustand her denken und sich dann die Frage stellen: Wie komme ich dahin?<br \/>\nVersuchen wir es: Unsere Enkel und Urenkel werden sich sch\u00fctteln, wenn sie lesen, welche Summen wir f\u00fcr milit\u00e4rische Ausr\u00fcstung ausgegeben haben. Wie eine pl\u00fcndernde R\u00e4uberbande werden wir ihnen vorkommen, wenn sie die Ausrottung der Tier- und Pflanzenarten, die Zerst\u00f6rung der Regenw\u00e4lder und damit auch das Sterben vieler Menschen bilanzieren.<br \/>\nWenn wir so weitermachen, werden sie uns gar verfluchen, wegen des Gesamterbes, das wir zu hinterlassen dabei sind: einen Planeten mit vergifteten B\u00f6den, mit verseuchtem Wasser abgeholzten Regenw\u00e4ldern, zerst\u00f6rter Atmosph\u00e4re, die eine Klimakatastrophe bewirkte, unter der sie leiden werden, mit leergefischten Meeren, mit wachsenden W\u00fcsten, mit Klimafl\u00fcchtlingen, selbst unseren atomaren Schrott m\u00fcssen sie noch hunderte von Jahren bewachen.<br \/>\nDabei werden uns die Enkel und Urenkel nicht einmal zu Gute halten k\u00f6nnen, dass wir all dies ahnungslos oder zumindest unvorsichtig bewirkt h\u00e4tten. Ganz im Gegenteil: Die Probleme waren bekannt, an Warnungen fehlte es nicht, Appelle an die Vernunft, an das Verantwortungsbewusstsein, an Ethik und Moral und die christlichen Werte waren vielf\u00e4ltig.<br \/>\nSehenden Auges haben die Menschen des 20. und des beginnenden 21. Jahrhunderts den Planeten zerst\u00f6rt, geradeso als h\u00e4tten sie einen zweiten in Reserve gehabt. Ein Alptraum, gewiss. Er k\u00f6nnte Wirklichkeit werden, er muss es aber noch nicht \u2013 noch nicht. Damit er es nicht wird, muss endlich ein weltweites Umdenken und ein entsprechendes Handeln einsetzen, damit das Ziel, die Erw\u00e4rmung der Erde auf zwei Grad zu begrenzen, erreicht wird.<\/span><\/p>\n<p><strong><span class=\"ff3 fc2 fs12 fb \">Es ist nicht zu sp\u00e4t:<\/span><\/strong><span class=\"ff3 fc2 fs12 \"> Die Daten sind eindeutig. Bald k\u00f6nnte der Punkt erreicht sein, an dem der Klimawandel unumkehrbar wird. Auf dem Klimagipfel in Paris muss die internationale Politik eine befriedigende Antwort finden.<\/span><\/p>\n<p><span class=\"ff3 fc2 fs12 fb \"><strong>Jeder ist verantwortlich:<\/strong> Aber auch wir<\/span><span class=\"ff3 fc2 fs12 \"> m\u00fcssen eine Antwort und eine L\u00f6sung f\u00fcr unser Verhalten als Produzentinnen und Produzenten des klimasch\u00e4dlichen CO2 finden. Wir k\u00f6nnen die L\u00f6sung nicht allein den Politikerinnen und Politiker \u00fcberlassen. Immerhin, ich sagte es schon, ist jede und jeder von uns f\u00fcr den Aussto\u00df von elf Tonnen Kohlendioxid im Jahr verantwortlich. Neun Tonnen mehr als uns im Weltma\u00dfstab zustehen. Wir verletzen die fundamentalen und vitalen Interessen von Menschen dadurch, dass wir f\u00fcr die Ver\u00e4nderung des Klimas mitverantwortlich sind. Wir handeln hier nach Maximen, die nicht verallgemeinerbar sind. Nicht jeder Mensch auf der Erde darf elf Tonnen CO2 in die Atmosph\u00e4re entsorgen. Der wichtigste Aspekt der Moral ist, dass man die Interessen anderer Menschen ernst nehmen muss und sie nicht sch\u00e4digen darf. Wenn ich also ein moralisch handelnder Mensch sein will, muss ich mir die Welt von oben anschauen und die Interessen derer, die unter meinem Handeln leiden oder wie meine Enkel und Urenkel m\u00f6glicherweise leiden werden, genauso ernst nehmen, wie meine eigenen Interessen. Ich muss also meinen pers\u00f6nlichen Aussto\u00df von Kohlendioxid um neun Tonnen senken.<br \/>\n<\/span><\/p>\n<p><strong><span class=\"ff3 fc4 fs12 fb \">Wir k\u00f6nnen weniger C02 produzieren: <\/span><\/strong><span class=\"ff3 fc2 fs12 \">Folgende M\u00f6glichkeiten haben wir: Elektroger\u00e4te nach Effizienzklasse kaufen; Recyclingpapier verwenden; auf Plastikt\u00fcten verzichten; Kurzstrecken unter 3 km zu Fu\u00df oder mit dem Fahrrad zur\u00fccklegen; \u00d6ffentliche Verkehrsmittel benutzen; aufs Fliegen verzichten; weniger oder gar kein Fleisch essen; Lebensmittel aus \u00f6kologischem Anbau kaufen; fair gehandelte Produkte kaufen; Naturstrom beziehen usw.Staat und die Gesellschaft bei der Umstellung auf alternative Energien unterst\u00fctzen.<\/span><\/p>\n<p><span class=\"ff3 fc2 fs12 fb \">Der Vermeidungsweg <\/span><span class=\"ff3 fc2 fs12 \">allein ist zu langsam. F\u00fcr effektives Klimaschutzhandeln ist entscheidend, so schnell wie nur m\u00f6glich nicht mehr zum atmosph\u00e4rischen Anstieg der Treibhausgaskonzentration beizutragen.<br \/>\nAuch wer mit gro\u00dfem Engagement und hohem finanziellen Einsatz in absehbarer Zeit eine Reduktion von 20, 30 oder gar 50% erreicht, tr\u00e4gt mit den restlichen 80, 70 oder 50% noch immer zur Erh\u00f6hung der atmosph\u00e4rischen CO2-Konzentration bei. Wird dieser Restwert kompensiert, ist die Klimaneutralit\u00e4t jedes Einzelnen deutlich schneller zu erreichen.<\/span><\/p>\n<\/div>\n<div id=\"imObj0_00\">\n<p>Wir k\u00f6nnen B\u00e4ume pflanzen, die das von uns produzierte C02 neutralisieren: <span class=\"ff3 fc2 fs12 fb \">Kompensation als Klimaschutzbeitrag mit Zusatznutzen f\u00fcr Menschen weltweit. <\/span><span class=\"ff3 fc2 fs12 \">Kompensation kann das Klimaproblem nicht l\u00f6sen, weil sie nichts an den eigentlichen CO2 \u2013Quellen \u00e4ndert. Sie ist aber solange als <\/span><span class=\"ff3 fc2 fs12 fb \">zweitbeste L\u00f6sung<\/span><span class=\"ff3 fc2 fs12 \"> notwendig, solange die beste L\u00f6sung noch nicht existiert. Es liegt beim einzelnen CO2-Verursacher zu pr\u00fcfen, ob und wie er seinen CO2-Aussto\u00df kompensieren will.<br \/>\nJeder Baum entzieht der Atmosph\u00e4re in seiner Wachstumsphase CO2. Das Prinzip der Photosynthese ist bereits viele Millionen Jahre alt. Gr\u00fcne Pflanzen spalten das CO2 der Luft, speichern den Kohlenstoff(C) in ihrer Biomasse und setzen den Sauerstoff (O2) frei. Eine ausgewachsene Buche hat im Laufe ihres Wachstums der Luft ca. zehn Tonnen CO2 entzogen.<br \/>\nEine deutliche Vergr\u00f6\u00dferung der weltweiten Waldfl\u00e4che w\u00fcrde zu einer starken Entlastung der Klimaproblematik f\u00fchren.<br \/>\n<\/span><span class=\"ff3 fc2 fs12 fb \">Ein ausreichender Schutz unserer klimatischen Lebensbedingungen wird ohne eine massive Vergr\u00f6\u00dferung der nat\u00fcrlichen Kohlenstoff-Bindungskapazit\u00e4t insbesondere der W\u00e4lder nicht mehr rechtzeitig gelingen<\/span><\/p>\n<p><span class=\"ff3 fc2 fs12 \"><strong><img loading=\"lazy\" decoding=\"async\" class=\"size-medium wp-image-1084 alignleft\" src=\"https:\/\/weltlaeden.de\/betzdorf\/wp-content\/uploads\/sites\/176\/2022\/02\/WL-CO2-Zertifikat-19.11.15--300x199.jpg\" alt=\"\" width=\"300\" height=\"199\" srcset=\"https:\/\/weltlaeden.de\/betzdorf\/wp-content\/uploads\/sites\/176\/2022\/02\/WL-CO2-Zertifikat-19.11.15--300x199.jpg 300w, https:\/\/weltlaeden.de\/betzdorf\/wp-content\/uploads\/sites\/176\/2022\/02\/WL-CO2-Zertifikat-19.11.15-.jpg 600w\" sizes=\"auto, (max-width: 300px) 100vw, 300px\" \/>Eigene CO2 Emissionen selbst f\u00fcr ein Jahr kompensieren:<\/strong><\/span>Sie k\u00f6nnen einmal Ihren pers\u00f6nlichen CO2 Aussto\u00df f\u00fcr ein Jahr (oder einen Flug) ausrechnen (oder ausrechnen lassen). Oder den Jahresdurchschnitt eines Bundesb\u00fcrgers (11 Tonnen CO2) als Berechnungsgrundlage nehmen, von diesen 11 Tonnen ziehen sie 2 Tonnen ab (so viel wie jedem Erdenb\u00fcrger zustehen). Neun Tonnen m\u00fcssen Sie kompensieren. <span class=\"ff3 fc2 fs12 fb \">Jede Tonne kostet 15 Euro, macht 135 EUR.<\/span><span class=\"ff3 fc2 fs12 \"> Eine Tonne CO2, die durch einen Flug erzeugt wird, kostet 23 EUR, weil die Klimawirkung entsprechend h\u00f6her ist.<\/span><\/p>\n<p><span class=\"ff3 fc2 fs12 fb \">Von diesem Betrag f\u00f6rdert der Weltladen Betzdorf Wiederaufforstungsprojekte, z.B. in Haiti. <\/span><span class=\"ff3 fc2 fs12 \">Haiti ist das \u00e4rmste Land in Lateinamerika. Haiti steuert auf eine \u00f6kologische Katastrophe zu. Inzwischen sind nur noch drei Prozent des zumeist bergigen Landes mit Wald bedeckt. Ganze Regionen drohen vollst\u00e4ndig zu verkarsten. Der Boden kann kein Wasser mehr speichern. Trotz ausreichender Niederschl\u00e4ge leidet Haiti unter Wassermangel.<br \/>\nAls besonders geeignete Methode gegen den Verkarstungsprozess hat sich in der karibisch-tropischen Natur die Anlage von Waldg\u00e4rten erwiesen. B\u00e4ume, Wild- und Kulturpflanzen, Mikroorganismen sowie Wild- und Haustiere bilden eine harmonische Lebensgemeinschaft. Die Bauernfamilien bewirtschaften eigenst\u00e4ndig ihre Parzellen. Im Waldgarten w\u00e4chst mehr als eine gro\u00dfe Familie verbraucht, um sich reichhaltig, gesund und ausgeglichen ern\u00e4hren zu k\u00f6nnen. So bleibt noch gen\u00fcgend \u00fcbrig f\u00fcr den Verkauf auf lokalen M\u00e4rkten.<br \/>\nDie Waldg\u00e4rten verschaffen den Kleinbauernfamilien eine Existenzgrundlage, sie verhindern somit Landflucht, gleichzeitig sind sie eine hervorragende Ma\u00dfnahme, um die Verkarstung Haitis zu stoppen oder r\u00fcckg\u00e4ngig zu machen. Das Projekt \u201eWaldg\u00e4rten\u201c wir von Misereor unterst\u00fctzt.<\/span><\/p>\n<p><span class=\"ff3 fc2 fs12 fb \"><strong>Papst Franziskus:<\/strong> \u201eDas Klima ist ein gemeinschaftliches Gut von allen und f\u00fcr alle\u201c, <\/span><span class=\"ff3 fc2 fs12 \">schreibt Papst Franziskus in seiner Enzyklika \u201eLaudato si\u201c. Das bedeutet, dass jede und jeder zum Schutz dieses Gemeingutes beitragen muss und kann. Entsprechend dem Prinzip der gemeinsamen, aber unterschiedlichen Verantwortlichkeiten und entsprechend ihrer oder seiner F\u00e4higkeiten.<br \/>\nGeben Sie mit uns ein deutlich sichtbares Zeichen, dass wir bereit sind, Verantwortung f\u00fcr den von uns erzeugten CO2 Aussto\u00df zu \u00fcbernehmen und eine entsprechende <\/span><span class=\"ff3 fc2 fs12 fb \">\u201eKlimaabgabe\u201c <\/span><span class=\"ff3 fc2 fs12 \">zu entrichten. Wir zeigen damit, dass wir die Atmosph\u00e4re nicht l\u00e4nger als kostenfreie M\u00fclldeponie betrachten, in die wir unsere Abgase kostenlos entsorgen k\u00f6nnen.<br \/>\nUnsere Generation entscheidet durch ihr Verhalten, welche Lebenschancen die zuk\u00fcnftigen Generationen haben.<br \/>\n<\/span><span class=\"ff3 fc2 fs12 fb \">\u201eLasst uns unsere Zeit so gestalten, dass man sich an sie erinnern wird als eine Zeit, in der eine neue Ehrfurcht vor dem Leben erwachte, als eine Zeit, in der das Streben nach Gerechtigkeit und Frieden neuen Auftrieb bekam.\u201c <\/span><span class=\"ff3 fc2 fs12 \">(Papst Franziskus Enzyklika \u201eLaudato si&#8220;)<\/span><\/p>\n<p><strong>Hermann Reeh<\/strong><\/p>\n<p>&nbsp;<\/p>\n<\/div>\n<\/div>\n<hr \/>\n<div id=\"imCel0_00_Cont\">\n<div id=\"imObj0_00\">\n<p>&nbsp;<\/p>\n<h1 id=\"Frieden\"><span class=\"ff3 fc4 fs16 \">Frieden beginnt mit gerechter Weltordnung <\/span><\/h1>\n<h2>Jetzige Generation entscheidet \u00fcber Lebenschancen k\u00fcnftiger Generationen<\/h2>\n<p>&nbsp;<\/p>\n<p><img loading=\"lazy\" decoding=\"async\" class=\"size-medium wp-image-1078 alignleft\" src=\"https:\/\/weltlaeden.de\/betzdorf\/wp-content\/uploads\/sites\/176\/2022\/02\/WL-Frieden-gerechte-Weltordnung22.9.15-1-300x181.jpg\" alt=\"\" width=\"300\" height=\"181\" srcset=\"https:\/\/weltlaeden.de\/betzdorf\/wp-content\/uploads\/sites\/176\/2022\/02\/WL-Frieden-gerechte-Weltordnung22.9.15-1-300x181.jpg 300w, https:\/\/weltlaeden.de\/betzdorf\/wp-content\/uploads\/sites\/176\/2022\/02\/WL-Frieden-gerechte-Weltordnung22.9.15-1.jpg 516w\" sizes=\"auto, (max-width: 300px) 100vw, 300px\" \/>Wir vom Weltladen Betzdorf verstehen uns als eine der Bewegungen, die der Papst auffordert, ihre Stimme zu erheben, sich zu mobilisieren und friedlich aber hartn\u00e4ckig zu fordern, dass unverz\u00fcglich geeignete Ma\u00dfnahmen ergriffen werden, damit die Wirtschaft in den Dienst der V\u00f6lker gestellt wird.<\/p>\n<p>Die jetzige Generation entscheidet durch ihr Verhalten, welche Lebenschancen die k\u00fcnftigen Generationen haben.<\/p>\n<p><span class=\"ff3 fc0 fs12 fi \">\u201eLasst uns unsere Zeit so gestalten, dass man sich an sie erinnern wird als eine Zeit, in der eine neue Ehrfurcht vor dem Leben erwachte, als eine Zeit, in der das Streben nach Gerechtigkeit und Frieden neuen Auftrieb bekam.\u201c<br \/>\n(Papst Franziskus Enzyklika \u201eLaudato si\u201c; 2015)<\/span><\/p>\n<p><strong><span class=\"ff3 fc0 fs12 fb \">Was k\u00f6nnen Sie tun?: <\/span><\/strong><span class=\"ff3 fc0 fs12 fu \">Kaufen Sie nur Produkte, bei denen existenzsichernde L\u00f6hne gezahlt wurden. Kaufen Sie z.B. eine Friedenstasche!<\/span><span class=\"ff3 fc0 fs12 \"> Mit dem Kauf einer <\/span><span class=\"ff3 fc0 fs12 fb \">\u201eFriedenstasche\u201c<\/span><span class=\"ff3 fc0 fs12 \"> mit fair gehandelten Produkten, zeigen Sie, dass Sie eine Wirtschaft und einen Handel wollen, der der Gemeinwohl dient und nicht \u00fcber der W\u00fcrde des Menschen steht,Gerechtigkeit und Frieden die Menschen verbindet Denn: <\/span><span class=\"ff3 fc0 fs12 fi \">\u201eDas Kaufen ist nicht nur ein wirtschaftlicher Akt, sondern immer auch eine moralische Handlung.\u201c (Enzyklika Laudato si)<br \/>\n<\/span><span class=\"ff3 fc0 fs12 \"><br \/>\n<\/span><strong><span class=\"ff3 fc0 fs12 fb \">Forderungen an die Politik:<\/span><\/strong><span class=\"ff3 fc0 fs12 \"> Das Gemeinwohl muss Vorrang vor wirtschaftlichen Interessen haben.<br \/>\nNicht die Fl\u00fcchtlinge, sondern die Fluchtursachen sind das eigentliche Problem, das gel\u00f6st werden muss.<br \/>\nF\u00f6rderung ziviler Konfliktpr\u00e4vention. Festsetzen von weltweiten sozialen Mindeststandards.<\/span><\/p>\n<p><strong><span class=\"ff3 fc0 fs12 fb \">Eine besorgniserregende Weltlage<\/span><\/strong><span class=\"ff3 fc0 fs12 \"><strong>:<\/strong> Jeden Menschen, der t\u00e4glich Fernsehen schaut, Zeitungen liest oder online ist, beschleicht ein ungutes Gef\u00fchl: Die Krisen in der Welt werden immer zahlreicher, sind kaum beherrschbar: Kriege und B\u00fcrgerkriege; Religi\u00f6ser Fanatismus setzt ganze Regionen in Brand; Millionen Menschen sind auf der Flucht vor Krieg und Gewalt; Menschen werden vertrieben, weil Agrarkonzerne Land rauben.<\/span><\/p>\n<p>Bewaffnete Konflikte, die Gewalt, Tod und Leid vor allem \u00fcber die Zivilbev\u00f6lkerung bringen und zu Verletzungen der Menschenrechte und des humanit\u00e4ren V\u00f6lkerrechts f\u00fchren, sind auch zu Beginn des 21. Jahrhunderts eine der gr\u00f6\u00dften Herausforderungen. Die wirtschaftliche Globalisierung wird nicht in gleichem Ma\u00df von der globalen Verwirklichung von Frieden und Menschenrechten begleitet.<\/p>\n<p><strong><span class=\"ff3 fc0 fs12 fb \">F\u00f6rderung ziviler Konfliktl\u00f6sung statt Waffenexport: <\/span><\/strong><span class=\"ff3 fc0 fs12 \">Die Anh\u00e4ufung von Waffen und Munition f\u00f6rdert die Entwicklung von Konflikten und Krisen. Die R\u00fcstungsg\u00fcter kommen h\u00e4ufig nicht erst mit Ausbruch offener Kriege zum Einsatz, sondern tragen bereits t\u00e4glich zu Gewalt und Repression bei. Waffenlieferungen st\u00fctzen korrupte Systeme und damit Ausbeutung und Auspl\u00fcnderung. <\/span>Im ersten Halbjahr dieses Jahres genehmigte die Bundesregierung Ausfuhren von Waffen und R\u00fcstungsg\u00fctern im Wert von 6,35 Milliarden Euro. Dem steht dieses Jahr nur die H\u00e4lfte f\u00fcr Entwicklungshilfe entgegen.<br \/>\nDie Bundesregierung muss (will) bei der R\u00fcstungspolitik einen Spagat schaffen: Einerseits setzt sie sich f\u00fcr eine Verringerung der Waffenlieferungen ins Ausland ein. Andererseits soll sie die Interessen der deutschen Industrie im Blick haben.<\/p>\n<p><span class=\"ff3 fc0 fs12 fu \"><strong>Umfassende Friedenspolitik:<\/strong> Eine umfassende Friedenspolitik ist eng verbunden mit dem Einsatz f\u00fcr eine gerechte Weltordnung und eine F\u00f6rderung ziviler Konfliktl\u00f6sung. <\/span><span class=\"ff3 fc0 fs12 fb \">Wir wollen eine grunds\u00e4tzliche Ver\u00e4nderung. <\/span><span class=\"ff3 fc0 fs12 \">Es geht um Nahrung, Kleidung, Unterkunft, um Ausbildungsm\u00f6glichkeiten, um den Aufbau eines f\u00fcr alle zug\u00e4nglichen Gesundheitssystems, es geht um Infrastruktur, um die St\u00e4rkung ziviler Konfliktvorbeugung. Es geht auch um fairen Handel und faire Welthandelsvertr\u00e4ge.<\/span><\/p>\n<p><strong>Was Papst Franziskus sagt:<\/strong> Papst Franziskus sagte dazu in seiner Rede, die er bei einem Treffen mit Volksbewegungen in Bolivien im Juli 2015 gehalten hat: <span class=\"ff3 fc0 fs12 fi \">\u201eSehen wir ein, dass etwas nicht in Ordnung ist in einer Welt, in der so viele Campesinos, Kleinbauern ohne Grund und Boden, so viele Familien ohne Wohnung, so viele Arbeiter ohne Rechte, so viele Menschen in ihrer W\u00fcrde verletzt sind. Ich frage mich, ob wir f\u00e4hig sind zu erkennen, dass diese zerst\u00f6rerischen Wirklichkeiten einem System entsprechen, das sich \u00fcber den ganzen Globus ausgebreitet hat? Wenn es so ist, dann beharre ich darauf: Wir wollen eine wirkliche Ver\u00e4nderung, eine Ver\u00e4nderung der Strukturen!\u201c<\/span><\/p>\n<p>\u201eDie erste Aufgabe ist, die Wirtschaft in den Dienst der V\u00f6lker zu stellen: Die Menschen d\u00fcrfen nicht im Dienst des Geldes stehen! Wir sagen Nein zu einer Wirtschaft der Ausschlie\u00dfung und der sozialen Ungerechtigkeit wo Geld herrscht, anstatt zu dienen. Diese Wirtschaft t\u00f6tet.\u201c<\/p>\n<p>\u201eDie zweite Aufgabe ist, unsere V\u00f6lker auf dem Weg des Friedens und der Gerechtigkeit zu vereinen. Die V\u00f6lker und ihre Bewegungen sind berufen, ihre Stimme zu erheben, sich zu mobilisieren und friedlich, aber hartn\u00e4ckig zu fordern, dass unverz\u00fcglich geeignete Ma\u00dfnahmen ergriffen werden.&#8220;<\/p>\n<p><strong>September 2015<\/strong><\/p>\n<p>&nbsp;<\/p>\n<hr \/>\n<\/div>\n<\/div>\n<\/div>\n<p>&nbsp;<\/p>\n<div id=\"imCel0_00\">\n<div id=\"imCel0_00_Cont\">\n<div id=\"imObj0_00\">\n<h1 id=\"Ministerin\"><span class=\"ff3 fc4 fs16 \">Ministerin Ulrike H\u00f6fken im Weltladen Betzdorf <\/span><\/h1>\n<\/div>\n<div id=\"imObj0_00\">\n<h2>\u00dcber die Vielfalt der Schokowelten informiert<\/h2>\n<p>&nbsp;<\/p>\n<p><img loading=\"lazy\" decoding=\"async\" class=\"size-medium wp-image-1076 alignleft\" src=\"https:\/\/weltlaeden.de\/betzdorf\/wp-content\/uploads\/sites\/176\/2022\/02\/WL-Ministerin--300x199.jpg\" alt=\"\" width=\"300\" height=\"199\" srcset=\"https:\/\/weltlaeden.de\/betzdorf\/wp-content\/uploads\/sites\/176\/2022\/02\/WL-Ministerin--300x199.jpg 300w, https:\/\/weltlaeden.de\/betzdorf\/wp-content\/uploads\/sites\/176\/2022\/02\/WL-Ministerin-.jpg 600w\" sizes=\"auto, (max-width: 300px) 100vw, 300px\" \/>Ulrike H\u00f6fken, die rheinland-pf\u00e4lzische Ministerin f\u00fcr Umwelt, Landwirtschaft und Forsten besuchte den Weltladen Betzdorf und lernte die &#8222;Schokowelten&#8220; des Ladens kennen.<\/p>\n<p>Hermann Reeh vom Weltladen informierte dort \u00fcber die Geschichte des Ladens und \u00fcber zahlreiche Aktionen f\u00fcr eine gerechte Welt, in der weder Menschen noch die Natur ausgebeutet werden. \u201eIn Weltl\u00e4den hat man die M\u00f6glichkeit weltweite Solidarit\u00e4t zu \u00fcben und unsere Erde \u201e<span class=\"ff3 fc2 fs12 fb \">enkeltauglich<\/span><span class=\"ff3 fc2 fs12 \">\u201c zu machen\u201c, sagte er.<\/span><\/p>\n<p>\u201eUnsere \u201eSchokoladenseite\u201c verdient besondere Beachtung\u201c, so Reeh. \u201eHier trifft Fair aus S\u00fcd Fair aus Nord.\u201c Fairer Bio Kakao aus Bolivien, Peru, Dominikanischer Republik oder Sao Tome mit fair gehandelter Bio Milch aus dem Berchtesgadener Land und werden unter Verantwortung des Fair Handelshauses der gepa zusammen mit fair gehandeltem Bio Rohrzucker zu einem rundum fairen Schokoladengenuss verarbeitet.<\/p>\n<p>Rund 350 Naturland-Betriebe aus dem Berchtesgadener Land liefern zur Zeit die faire Biomilch f\u00fcr die gepa Bio Schokolade. Es sind \u00fcberwiegend mittlere Familienbetriebe. Auf den H\u00f6fen wird die Biomilch auf althergebrachte Art gewonnen. Die K\u00fche sind \u2013 sobald es das Wetter zul\u00e4\u00dft \u2013 auf der Weide. Den Sommer verbringen sie meist auf den Almen. Im Stall erhalten die K\u00fche Biofutter, das den strengen Naturlandrichtlinien entspricht.<\/p>\n<p>Sowohl die Bauerinnen und Bauern im Berchtesgadener Land als auch die Kakaoproduzentinnen und &#8211; produzenten erhalten einen existenzsichernden Preis f\u00fcr ihre Bio-Produkte.<br \/>\n\u201e<span class=\"ff3 fc2 fs12 fb \">\u00d6kologisch, sozial und fair<\/span><span class=\"ff3 fc2 fs12 \"> ist in unserer Schokolade weltumspannend verwirklicht\u201c, so Hermann Reeh und er verweist darauf, dass die Zukunft der Erde von einer \u00f6kologischen, sozialen und fairen Wirtschaftsweise abh\u00e4nge.<\/span><\/p>\n<p>Ministerin H\u00f6fken, die als Bundestagsabgeordnete bereits im Weltladen war, lobte das Engagement der Mitarbeiterinnen und Mitarbeiter. \u201eDer Weltladen ist zu einer Institution geworden.\u201c Hier gelte das Motto \u201eGlobal denken \u2013 lokal handeln\u201c. \u00d6kologische Landwirtschaft und Fairer Handel br\u00e4uchten aber auch politische Unterst\u00fctzung. \u201eEin gutes Leben f\u00fcr alle\u201c unter diesem Motto k\u00fcndigte die Ministerin eine Initiative der B\u00fcndnisgr\u00fcnen an. \u201eWir k\u00f6nnen nicht mehr so weiter leben wie bisher, dann brauchen wir 2,5 Erden.\u201c H\u00f6fken erinnerte daran, dass es jetzt bereits weltweite Verteilungsk\u00e4mpfe und Kriege um Wasser und andere Ressourcen gebe.<\/p>\n<p>Die Landtagsabgeordnete Anna Neuhof best\u00e4tigte aus eigenem Geschmackerlebnis die besondere Qualit\u00e4t der gepa Schokoladen und hob die fairen Preise f\u00fcr die Bauern in Nord und S\u00fcd hervor.<\/p>\n<p><strong>20. M\u00e4rz 2015<\/strong><\/p>\n<p>&nbsp;<\/p>\n<\/div>\n<hr \/>\n<div id=\"imObj0_00\">\n<p>&nbsp;<\/p>\n<h1 id=\"Weihnachtsbotschaft\">Botschaft \u201eFrieden auf Erden den Menschen\u201c einl\u00f6sen<\/h1>\n<h2>Zwischen Gerechtigkeit und Frieden besteht unaufl\u00f6slicher Zusammenhang<\/h2>\n<p>&nbsp;<\/p>\n<p><img loading=\"lazy\" decoding=\"async\" class=\"size-medium wp-image-1037 alignleft\" src=\"https:\/\/weltlaeden.de\/betzdorf\/wp-content\/uploads\/sites\/176\/2022\/02\/frieden-256x300.jpg\" alt=\"\" width=\"256\" height=\"300\" srcset=\"https:\/\/weltlaeden.de\/betzdorf\/wp-content\/uploads\/sites\/176\/2022\/02\/frieden-256x300.jpg 256w, https:\/\/weltlaeden.de\/betzdorf\/wp-content\/uploads\/sites\/176\/2022\/02\/frieden.jpg 416w\" sizes=\"auto, (max-width: 256px) 100vw, 256px\" \/>Unter dem Motto \u201eFrieden beginnt mit gerechter Weltordnung\u201c m\u00f6chte der Weltladen in der Vorweihnachtszeit auf den Zusammenhang zwischen Gerechtigkeit und Frieden aufmerksam machen und Mitmenschen aufr\u00fctteln, denn die Weihnachtsbotschaft \u201eFrieden auf Erden den Menschen\u201c wartet noch auf ihre Einl\u00f6sung.<br \/>\nVielleicht, weil Gerechtigkeit und Frieden zu wenig im Zusammenhang gesehen werden.<\/p>\n<p>F\u00fcr unsere Ethik jedoch stehen Friede und Gerechtigkeit in einem unaufl\u00f6slichen Zusammenhang. Auch Friedenspolitik ist eng verbunden mit dem Einsatz f\u00fcr eine gerechte Weltordnung, die allen Menschen eine gleichberechtigte Teilhabe an den G\u00fctern unserer Erde erm\u00f6glicht. Betrachtet man die gegenw\u00e4rtige Weltlage, so lassen sich leicht Gegebenheiten finden, die eine gleichberechtige Teilhabe an den G\u00fctern der Erde verhindern.<\/p>\n<p>Zwei Beispiele, die diese Behauptung st\u00fctzen:<\/p>\n<p>Nahrungsmittel, die in Europa weggeworfen werden, w\u00fcrden reichen, um die Hungernden der Erde zweimal satt zu machen.<br \/>\nNur 47 Prozent der Weltgetreideproduktion dienen als Nahrung. Der Rest wird verf\u00fcttert, verheizt oder zu Treibstoff verarbeitet.<\/p>\n<p>W\u00e4hrend wir also das Weihnachtsfest feiern, gehen nach Angabe der Welthungerhilfe 800 Millionen Menschen hungrig schlafen, darunter mehr als 400 Millionen Kinder. Hier Feiern, dort Elend und Tod. Das ist keine Verkettung ungl\u00fccklicher Umst\u00e4nde, sondern eine Verkettung menschlicher Verantwortungslosigkeit. Zu Recht klage Papst Franziskus an: \u201eDiese Wirtschaft t\u00f6tet.\u201c<\/p>\n<p>Nur wenige Menschen auf der Welt wollen Ungerechtigkeit. Umstritten ist daher nicht, ob es gerecht zugehen soll, sondern wie eine gerechte und friedliche Weltordnung erreicht werden kann.<\/p>\n<p>Weihnachten, das \u201eFest des Friedens\u201c, sollten wir zum Anlass nehmen, M\u00f6glichkeiten wahrzunehmen, die das Versprechen der Weihnachtsbotschaft von einer gerechten und friedlichen Welt Wirklichkeit werden lassen. Damit nicht nur die Symptome beseitigt werden, sondern die Ursachen aus dem Weg geschafft werden, bietet der Weltladen eine \u201eFriedenstasche\u201c mit dem Aufdruck \u201eFrieden beginnt mit gerechter Weltordnung\u201c zum Kauf an. Sie ist gef\u00fcllt mit fair gehandelten Produkten, die dem Produzenten gleichberechtigten Zugang den G\u00fctern unserer Erde erm\u00f6glicht. Dem K\u00e4ufer bietet sie qualitativ hochwertige Ware, die zudem naturschonend produziert wurde. Wir m\u00fcssen uns verb\u00fcnden, um Gerechtigkeit und Frieden zu schaffen.<\/p>\n<p><strong><span class=\"ff3 fc4 fs16 \">Frieden beginnt in den K\u00f6pfen: <\/span><\/strong>H\u00f6rt man die t\u00e4glichen Nachrichten, so k\u00f6nnte man meinen, dieser Appell von K\u00e4the Kollwitz sei ohne Wirkung geblieben. Die Meldungen zu den kriegerischen Auseinandersetzungen in der Ukraine, im Gaza, in Syrien, im Irak, im S\u00fcdsudan, Kongo usw. lassen nur eingeschr\u00e4nkt die Hoffnung aufkommen, dass Konflikte ohne Gewalt ausgetragen werden k\u00f6nnen.<\/p>\n<p><span class=\"ff3 fc4 fs12 fb \">\u201eKrieg beginnt in den K\u00f6pfen der Menschen\u201c,<\/span><span class=\"ff3 fc0 fs12 \"> so hei\u00dft es in der Charta der UNESCO (eine internationale Organisation, die sich unter anderem um die Zusammenarbeit von verschiedenen L\u00e4ndern k\u00fcmmert). Das soll hei\u00dfen, dass Kriege bereits beginnen, wenn man sie im Kopf hat und als Denken akzeptiert. Wenn man also Gewalt als Mittel der Konfliktl\u00f6sung in Ordnung findet. Die bewusste Entscheidung, zu den Waffen zu greifen und Waffen einzusetzen, spielt sich also in den K\u00f6pfen der Menschen ab.<\/span><\/p>\n<p><strong><span class=\"ff3 fc4 fs12 fb \">Ursachen von Gewalt und Krieg: <\/span><\/strong><span class=\"ff3 fc0 fs12 \">Die mannigfachen Formen von Gewalt und Krieg lassen sich nicht auf eine einzige Ursache zur\u00fcckf\u00fchren. Vieles wirkt zusammen: unterschiedliche Auffassungen \u00fcber allgemein verbindliche ethische Normen, expansive Machtpolitik, Ausweitung der eigenen politischen Einflusssph\u00e4re, wirtschaftliche Interessen, Angst privilegierter Gruppen vor Machtverlust, Feindbilder, Vorurteile, religi\u00f6ser Fundamentalismus.<\/span><\/p>\n<p><strong><span class=\"ff3 fc4 fs12 fb \">&#8222;Kultur des Friedens beginnt in den K\u00f6pfen der Menschen\u201c<\/span><\/strong><span class=\"ff3 fc0 fs12 \"><strong>:<\/strong> Obwohl es uns leichter f\u00e4llt und mehr Aufmerksamkeit bewirkt, wenn wir \u00fcber Gewalttaten reden, sollten wir ganz bewusst den Frieden in den Mittelpunkt unseres Denkens und Handelns stellen. 1945, kurz nach dem 2. Weltkrieg, wurde die Pr\u00e4ambel der UNESCO-Verfassung geschrieben. Darin hei\u00dft es: <\/span><span class=\"ff3 fc0 fs12 fb fi \">\u201eDa Krieg in den K\u00f6pfen der Menschen beginnt, muss in den K\u00f6pfen der Menschen Vorsorge f\u00fcr den Frieden getroffen werden.\u201c<br \/>\n<\/span><\/p>\n<p class=\"imAlign_left\"><strong><span class=\"ff3 fc4 fs12 fb \">Einsatz f\u00fcr eine gerechte Weltordnung: <\/span><\/strong><span class=\"ff3 fc0 fs12 \">Aktive Friedenspolitik ist eng verbunden mit dem Einsatz f\u00fcr eine gerechte Weltordnung, die eine gleichberechtigte Teilnahme aller Menschen an den G\u00fctern der Erde erm\u00f6glicht, denn: <\/span>Insbesondere von Gewalt und Krieg betroffene L\u00e4nder liegen bei der Erreichung von Zielen wie: Nahrungsmittelsicherheit, Gesundheitsvorsorge, Anspruch auf Bildung, Gleichberechtigung von Mann und Frau, existenzsichernde Einkommen, Beachtung der Menschen- und Kinderrechte weit zur\u00fcck.<\/p>\n<p class=\"imAlign_left\">Gewaltsame Konflikte infolge des Klimawandels und des wachsenden Rohstoffbedarfs nehmen stetig zu. Die zunehmende Bedeutung von ziviler, gewaltfreier Konfliktbearbeitung und Friedensf\u00f6rderung f\u00fcr erfolgreiche Armutsbek\u00e4mpfung und eine nachhaltige Entwicklung verdient mehr Aufmerksamkeit. Politik heute muss vordringlich Krieg und Gewalt verhindern.<br \/>\nAllerdings deuten die zur Verf\u00fcgung gestellten finanziellen Mittel noch nicht auf ein Umdenken hin: <span class=\"ff3 fc0 fs12 fb \">Der Skandal:<\/span><span class=\"ff3 fc0 fs12 \">\u00a0 Bundeswehreins\u00e4tze: 32,5 Milliarden \u20ac (100%), Ziviler Friedensdienst: 0,25 Milliarden \u20ac (0.78%).<\/span><\/p>\n<p><strong><span class=\"ff3 fc4 fs12 fb \">Verantwortung f\u00fcr Frieden durch Gerechtigkeit \u00fcbernehmen: <\/span><\/strong><span class=\"ff3 fc0 fs12 \">Der Faire Handel erm\u00f6glicht Produzenten durch langfristige Abnahmegarantieren und existenzsichernde Preise ein Leben in wirtschaftlicher Sicherheit und gew\u00e4hrt eine nachhaltige Zukunftsperspektive. Das verhindert Landflucht und wirkt so einer dichten Besiedlung in Armut &#8211; einer Brutst\u00e4tte f\u00fcr Gewalt &#8211; entgegen. Ein ausreichendes Einkommen der Familie erm\u00f6glicht Bildung und f\u00f6rdert in der n\u00e4chsten Generation Prozesse, die zu Emanzipation, Demokratie und Gerechtigkeit beitragen.<\/span><\/p>\n<p><span class=\"ff3 fc0 fs12 fb \"><strong>Friedentasche:<\/strong> Kaufen Sie <\/span><span class=\"ff3 fc0 fs12 \">eine Friedenstasche mit fair gehandelten Produkten: Tasche mit Kaffee und Honig aus Guatemala, Tasche mit Kaffee, Kakao, Schokolade aus afrikanischen L\u00e4ndern oder eine Tasche mit Tee und Cashewn\u00fcssen aus Sri Lanka.<\/span><\/p>\n<p><strong>Unterst\u00fctzung f\u00fcr Projekte:<\/strong> Au\u00dferdem m\u00f6chte der Weltladen Betzdorf vorbeugend Gewalt verhindern und unterst\u00fctzt azu drei Projekte. <span class=\"ff3 fc0 fs12 fb \">Spenden Sie<\/span><span class=\"ff3 fc0 fs12 \"> f\u00fcr eines der folgenden Projekte: Projekt zur Gewaltverhinderung in Guatemala (Misereor), Projekt mit ehemaligen Kindersoldaten in Sri Lanka (Misereor) und Projekt f\u00fcr M\u00e4dchen und Frauen, die im Krieg im Ostkongo vergewaltigt und misshandelt wurden.<\/span><\/p>\n<p><span class=\"ff3 fc0 fs12 fb \">Im Weltladen kann der <\/span><span class=\"ff3 fc0 fs12 \">\u201eAppell f\u00fcr Friedenspolitik statt Milit\u00e4reins\u00e4tze\u201c des \u201eForums Ziviler Friedensdienst\u201c unterschrieben werden. <\/span><span class=\"ff3 fc4 fs12 fb \">Gerechtigkeit und Frieden gibt es nicht umsonst.<\/span><\/p>\n<p>&nbsp;<\/p>\n<hr \/>\n<p>&nbsp;<\/p>\n<h1 id=\"Steilpass\">Steilpass &#8211; f\u00fcr das Recht der Kinder aufs Spielen<\/h1>\n<h2>Zur Fu\u00dfball-Weltmeisterschaft Ballspender gesucht<\/h2>\n<p>&nbsp;<\/p>\n<p class=\"imAlign_left\"><span class=\"ff3 fc0 fs12 \"><img loading=\"lazy\" decoding=\"async\" class=\"size-medium wp-image-1092 alignleft\" src=\"https:\/\/weltlaeden.de\/betzdorf\/wp-content\/uploads\/sites\/176\/2022\/02\/WL-Fairer-Handel-Netz-Kinderrechte-20.06.14-300x199.jpg\" alt=\"\" width=\"300\" height=\"199\" srcset=\"https:\/\/weltlaeden.de\/betzdorf\/wp-content\/uploads\/sites\/176\/2022\/02\/WL-Fairer-Handel-Netz-Kinderrechte-20.06.14-300x199.jpg 300w, https:\/\/weltlaeden.de\/betzdorf\/wp-content\/uploads\/sites\/176\/2022\/02\/WL-Fairer-Handel-Netz-Kinderrechte-20.06.14.jpg 600w\" sizes=\"auto, (max-width: 300px) 100vw, 300px\" \/>Millionen Menschen freuen sich weltweit auf die Fu\u00dfball-Weltmeisterschaft. Die Faszination des Spiels ist ungebrochen.<br \/>\nUmso tragischer ist es, dass viele Kinder kaum Gelegenheit zu Spiel und Sport haben, weil sie wegen zu geringer L\u00f6hne zum Familieneinkommen beitragen m\u00fcssen. Dem wollen wir mit einem <\/span><span class=\"ff3 fc4 fs12 fb \">Steilpass<\/span><span class=\"ff3 fc0 fs12 \"> entgegenwirken! <\/span><\/p>\n<p class=\"imAlign_left\">Wir vom Weltladen Betzdorf w\u00fcrden uns freuen, wenn Sie unseren <span class=\"ff3 fc4 fs12 fb \">Steilpass<\/span><span class=\"ff3 fc0 fs12 \"> unterst\u00fctzen, indem Sie einen Ball spenden.<br \/>\nDamit die Freude des Einen aber nicht mit der Ausbeutung eines Anderen erkauft wird, achten wir auf <\/span><span class=\"ff3 fc5 fs22 fb fu \">Fair Pay<\/span> <span class=\"ff3 fc6 fs22 fb fu \">for<\/span> <span class=\"ff3 fc7 fs22 fb fu \">Fair Life.<\/span><\/p>\n<p class=\"imAlign_left\"><span class=\"ff3 fc0 fs12 \">Spielen legt die Grundlagen f\u00fcr Verantwortungsbewusstsein sportlichen Wettkampf lernen Kinder gewaltlose Konfliktl\u00f6sungf\u00f6rdern Teamgeist und beugen Ausgrenzung vorbeim Spiel f\u00f6rdert soziales Verhaltenst\u00e4rkt das Selbstbewusstsein. <\/span>Durch Spiel und Sport k\u00f6nnen Kinder diese Eigenschaften entwickeln, die sie zu starken Pers\u00f6nlichkeiten machen. So k\u00f6nnen sie dazu beitragen, dass weltweit in Gesellschaften f\u00fcr sozial verantwortliches Handeln gek\u00e4mpft wird. Fair Life bedeutet f\u00fcr uns, dass alle Menschen auf der Erde eine faire Chance erhalten auf<br \/>\nein Leben in W\u00fcrde.Leben ohne Ausbeutung. Leben ohne Hunger. Leben mit Bildung. Leben mit ausreichender Gesundheitsversorgung<span class=\"ff1 fc0 fs12 \">.<br \/>\n<\/span><\/p>\n<p>&nbsp;<\/p>\n<hr \/>\n<p>&nbsp;<\/p>\n<h1 id=\"Kampagne\"><span class=\"ff3 fc0 fs16 fu \">Start der Kampagne \u201e\u00d6ko + Fair ern\u00e4hrt mehr\u201c<\/span><\/h1>\n<h2>Weltladen zur weltweiten Ern\u00e4hrungskrise &#8211; Aktion zur Bundestagswahl 2013<\/h2>\n<p>&nbsp;<\/p>\n<p><img loading=\"lazy\" decoding=\"async\" class=\"size-medium wp-image-1042 alignleft\" src=\"https:\/\/weltlaeden.de\/betzdorf\/wp-content\/uploads\/sites\/176\/2022\/02\/oekoplusfair-1-300x225.jpg\" alt=\"\" width=\"300\" height=\"225\" srcset=\"https:\/\/weltlaeden.de\/betzdorf\/wp-content\/uploads\/sites\/176\/2022\/02\/oekoplusfair-1-300x225.jpg 300w, https:\/\/weltlaeden.de\/betzdorf\/wp-content\/uploads\/sites\/176\/2022\/02\/oekoplusfair-1.jpg 448w\" sizes=\"auto, (max-width: 300px) 100vw, 300px\" \/>Auch der Weltladen Betzdorf beteiligt sich an der bundesweiten politischen Kampagne \u201e\u00d6ko + Fair ern\u00e4hrt mehr\u201c der Weltl\u00e4den in Deutschland. Zur Er\u00f6ffnung der Aktion hatten die Mitarbeiterinnen und Mitarbeiter in den Weltladen eingeladen.<br \/>\nDie Kampagne m\u00f6chte auf die weltweite Ern\u00e4hrungskrise aufmerksam machen und \u00f6kologische Anbauformen und Fairen Handel als Alternativen zu den sozial- und umweltsch\u00e4dlichen Anbaumethoden und Handelspraktiken aufzuzeigen.<\/p>\n<p>Bei der Vorstellung der Aktion wies Hermann Reeh vom Weltladen Betzdorf daraufhin, dass das Menschenrecht auf ausreichende Nahrung, jenes Menschenrecht sei, das weltweit am h\u00e4ufigsten verletzt wird. Gem\u00e4\u00df der UN-Organisation f\u00fcr Ern\u00e4hrung und Landwirtschaft(FAO) waren 2012 rund 870 Millionen Menschen unterern\u00e4hrt. 80 Prozent der Hungernden leben auf dem Land, paradoxerweise also dort, wo die Grundnahrungsmittel produziert werden.<br \/>\nDie Kampagne \u201e\u00d6ko + Fair ern\u00e4hrt mehr\u201c m\u00f6chte darauf aufmerksam machen, das \u00d6ko-Landbau und Fairer Handel einen entscheidenden L\u00f6sungsansatz f\u00fcr eine zukunftsf\u00e4hige Weltern\u00e4hrung darstellen. Kleinb\u00e4uerinnen und Kleinbauern spielen dabei eine Schl\u00fcsselrolle. Sie erwirtschaften etwa 70% der weltweit geernteten Lebensmittel, nutzen die nat\u00fcrlichen Ressourcen der Erde nachhaltig und leisten damit einen Beitrag f\u00fcr eine gemeinsame Zukunft.<\/p>\n<p>Die Forderungen der Kampangne finden Sie hier.<\/p>\n<p>Hermann Reeh machte darauf aufmerksam, dass auch der Weltagrarbericht von 2009 in der kleinb\u00e4uerlichen Landwirtschaft den wichtigsten Garanten f\u00fcr eine ausreichende Versorgung mit Grundnahrungsmitteln sehe, wenn bestimmte Voraussetzungen wie Zugang zu Land und Wasser, verbesserte Anbaumethoden, Lagerung, Marktzugang und existenzsichernde Preise f\u00fcr landwirtschaftliche Produkte geschaffen w\u00fcrden. \u201eKonzepte zur Ern\u00e4hrungssicherung m\u00fcssen hier ansetzen\u201c, so Hermann Reeh, \u201edarum fordern wir von der( neuen) Bundesregierung, die Rechte von Kleinb\u00e4uerinnen zu st\u00e4rken, kleinb\u00e4uerliche Wirtschaftsweisen statt die Agrarindustrie zu f\u00f6rdern und eine umwelt- und klimafreundliche Lebensmittelproduktion weltweit zu beg\u00fcnstigen.\u201c<br \/>\nHunderttausend Unterschriften sollen bundesweit bis zur Bundestagswahl am 22. September 2013 gesammelt werden. Nach Bildung der neuen Regierung werden diese in Berlin \u00fcbergeben. Im Weltladen Betzdorf und am Stand des Weltladens auf dem Wochenmarkt gibt es weitere Informationen. Dort kann man sich auch in die Unterschriftenliste eintragen.<\/p>\n<p>&#8222;Bis die Politik die entsprechenden Rahmenbedingungen geschaffen habe, sollten wir als Verbraucherinnen und Verbraucher durch unser Kaufverhalten Weichen stellen und \u201ePolitik mit dem Einkaufskorb\u201c machen&#8220;, findet Reeh. \u201eWer will, kann sich schon heute weitgehend \u00d6ko+Fair ern\u00e4hren.\u201c Er zitierte die bekannte Fernsehk\u00f6chin Sarah Wiener, die in einem Interview sagte: \u201eEssen und Kochen sind hochpolitische Angelegenheiten.\u201c<\/p>\n<p>&nbsp;<\/p>\n<hr \/>\n<p>&nbsp;<\/p>\n<h1 id=\"Christen\"><span class=\"ff3 fc0 fs16 \">Christen und Muslime: Gemeinsam gegen die W\u00fcste<\/span><\/h1>\n<h2>Projekt der Kleinbauernfamilien in Burkina Faso unterst\u00fctzen<\/h2>\n<p>&nbsp;<\/p>\n<p><img loading=\"lazy\" decoding=\"async\" class=\"size-medium wp-image-1071 alignleft\" src=\"https:\/\/weltlaeden.de\/betzdorf\/wp-content\/uploads\/sites\/176\/2022\/02\/Baumsetzlinge-Muslime-300x211.jpg\" alt=\"\" width=\"300\" height=\"211\" srcset=\"https:\/\/weltlaeden.de\/betzdorf\/wp-content\/uploads\/sites\/176\/2022\/02\/Baumsetzlinge-Muslime-300x211.jpg 300w, https:\/\/weltlaeden.de\/betzdorf\/wp-content\/uploads\/sites\/176\/2022\/02\/Baumsetzlinge-Muslime.jpg 600w\" sizes=\"auto, (max-width: 300px) 100vw, 300px\" \/>B\u00e4che, Fl\u00fcsse und sprudelndes Wasser in der W\u00fcste? Ein Bild, das nicht zu passen scheint, denn Wasser gibt es selten in der W\u00fcste. Selten zu finden sind auch friedliche Gemeinschaften von Christen und Muslimen. F\u00fcr beides aber steht fest. Findet man sie, dann sind sie umso kostbarer. Das gilt auch f\u00fcr die Gruppen von Kleinbauernfamilien am Rande der Sahelzone in Burkina Faso (Westafrika).<\/p>\n<p>Die Frauen und M\u00e4nner von der \u201eGeschwisterlichen Vereinigung der Gl\u00e4ubigen von Dori\u201c(UFC) k\u00e4mpfen um kostbares Regenwasser, bringen Gem\u00fcse in der W\u00fcste zum Wachsen und widersetzen sich sintflutartigen Regenf\u00e4llen und der Klimaver\u00e4nderung mit sichtbarem Erfolg. Mit bew\u00e4hrten Methoden der Wassergewinnung, mit dem Pflanzen von B\u00e4umen, Str\u00e4uchern und Gem\u00fcse und angepassten Agrarmethoden verhindern sie die Ausbreitung der W\u00fcste, sanieren die B\u00f6den, so dass sie wieder landwirtschaftlich nutzbar werden. Das kath. Hilfswerk Misereor f\u00f6rdert dieses Projekt. <span class=\"ff3 fc0 fs12 fi \">\u201eGott hat uns nicht verboten, gemeinsam mit Andersgl\u00e4ubigen gute Dinge zu tun\u201c, <\/span><span class=\"ff3 fc0 fs12 \">so sagen die Menschen im Dorf Dori.<\/span><\/p>\n<p>Christen und Muslime in Betzdorf und Umgebung wollen gemeinsam das Projekt der Kleinbauernfamilien in Burkina Faso mit einer Aktion zum Internationalen Umwelttag (5. Juni) unterst\u00fctzen. Siebzig Cent kostet ein Baumsetzling in Burkina Faso. Wir errichten eine Leinwand mit einer W\u00fcstenlandschaft in Burkina Faso. Dort befestigen wir alle von Ihnen gekauften symbolischen Baumsetzlinge, das Geld leiten wir \u00fcber Misereor nach Burkina Faso.<\/p>\n<p>Weitere Informationen gibt es im Weltladen Betzdorf, Bahnhofstr. 2-4 und bei der Muslimischen Gemeinde in Betzdorf, Ladestra\u00dfe. Wir laden alle Muslime und Christen zum Mitmachen ein.<\/p>\n<p><strong>Juni 2011<\/strong><\/p>\n<p>&nbsp;<\/p>\n<hr \/>\n<p>&nbsp;<\/p>\n<h1 id=\"Betzdorf\"><span class=\"ff3 fc0 fs16 \">Sch\u00fcler informierten sich im Weltladen Betzdorf<\/span><\/h1>\n<h2><span class=\"ff3 fc0 fs16 \">\u201eEntscheidung \u00fcber Kindersklaverei f\u00e4llt in Deutschland\u201c<\/span><\/h2>\n<p>&nbsp;<\/p>\n<div id=\"attachment_1051\" style=\"width: 310px\" class=\"wp-caption alignleft\"><a href=\"https:\/\/weltlaeden.de\/betzdorf\/wp-content\/uploads\/sites\/176\/2022\/02\/schgym3-1.jpg\"><img loading=\"lazy\" decoding=\"async\" aria-describedby=\"caption-attachment-1051\" class=\"wp-image-1051 size-medium\" src=\"https:\/\/weltlaeden.de\/betzdorf\/wp-content\/uploads\/sites\/176\/2022\/02\/schgym3-1-300x225.jpg\" alt=\"\" width=\"300\" height=\"225\" srcset=\"https:\/\/weltlaeden.de\/betzdorf\/wp-content\/uploads\/sites\/176\/2022\/02\/schgym3-1-300x225.jpg 300w, https:\/\/weltlaeden.de\/betzdorf\/wp-content\/uploads\/sites\/176\/2022\/02\/schgym3-1-768x576.jpg 768w, https:\/\/weltlaeden.de\/betzdorf\/wp-content\/uploads\/sites\/176\/2022\/02\/schgym3-1.jpg 1024w\" sizes=\"auto, (max-width: 300px) 100vw, 300px\" \/><\/a><p id=\"caption-attachment-1051\" class=\"wp-caption-text\">Auch Sch\u00fclerinnen und Sch\u00fcler des Freiherr-vom-Stein-Gymnasiums mit Lehrerin Rita M\u00fcnzel zeigen der Schokoladenindustrie die \u201eRote Karte\u201c wegen Mi\u00dfachtung von Kinderrechten auf Kakaoplantagen der Elfenbeink\u00fcste.<\/p><\/div>\n<p>\u201eZiele des Fairen Handels sind existenzsichernde Einkommen, Beachtung von sozialen Menschenrechten und Kinderrechten sowie soziale und \u00f6kologische Mindeststandards weltweit\u201c, so Hermann Reeh vom Weltladen Betzdorf zu Sch\u00fclerinnen und Sch\u00fclern des Freiherr-vom-Stein-Gymnasiums. Mit ihrer Lehrerin Rita M\u00fcnzel besuchten die Jugendlichen vom Kurs kath. Religion den Weltladen Betzdorf, um sich \u00fcber Ziele, Erfolge und Probleme des Fairen Handels allgemein und speziell des Weltladens Betzdorf zu informieren.<\/p>\n<p>Der Faire Handel sei eine hervorragende M\u00f6glichkeit, die Welt zu ver\u00e4ndern, erl\u00e4uterte Reeh. Durch den Kauf von fair gehandelten Produkten, k\u00f6nne jede und jeder einen Beitrag dazu leisten, dass Kinder in Afrika, Asien, Mittel- und S\u00fcdamerika ausreichend ern\u00e4hrt, medizinisch versorgt, eine Unterkunft haben, die Schule besuchen k\u00f6nnen und eine Perspektive f\u00fcr die Zukunft h\u00e4tten, denn der Faire Handel zahle existenzsichernde Preise.<\/p>\n<p>Hermann Reeh stellte den Sch\u00fclerinnen und Sch\u00fclern auch die Kampagne des Weltladens \u201eWir zeigen der Schokoladenindustrie die Rote Karte\u201c vor.<\/p>\n<p>Sein Fazit: \u201eSie sollten wissen: Die Entscheidung \u00fcber Kinderhandel, Kindersklaverei und Kinderhandel in den Kakaoplantagen der Elfenbeink\u00fcste f\u00e4llt hier in Deutschland.\u201c<\/p>\n<p>&nbsp;<\/p>\n<hr \/>\n<p>&nbsp;<\/p>\n<\/div>\n<div id=\"imObj0_00\">\n<h1 id=\"Rote\"><span class=\"ff3 fc0 fs16 \">Weltladen zeigt Schokoladenindustrie \u201eRote Karte\u201c<\/span><\/h1>\n<h2>Kinderhandel, Kindersklaverei und Kinderarbeit auf den Kakaoplantagen<\/h2>\n<p>&nbsp;<\/p>\n<p><img loading=\"lazy\" decoding=\"async\" class=\"size-medium wp-image-1050 alignleft\" src=\"https:\/\/weltlaeden.de\/betzdorf\/wp-content\/uploads\/sites\/176\/2022\/02\/RKarteB-1-300x225.jpg\" alt=\"\" width=\"300\" height=\"225\" srcset=\"https:\/\/weltlaeden.de\/betzdorf\/wp-content\/uploads\/sites\/176\/2022\/02\/RKarteB-1-300x225.jpg 300w, https:\/\/weltlaeden.de\/betzdorf\/wp-content\/uploads\/sites\/176\/2022\/02\/RKarteB-1.jpg 512w\" sizes=\"auto, (max-width: 300px) 100vw, 300px\" \/>\u201eWir zeigen der Schokoladenindustrie die \u201eRote Karte\u201c wegen Kinderhandel, Kindersklaverei, Kinderarbeit auf Kakaoplantagen\u201c &#8211; unter diesem Motto startet der Weltladen Betzdorf eine Unterschriftenkampagne. Die ARD-Dokumentation \u201eSchmutzige Schokolade\u201c habe gezeigt, dass Kinderhandel, Kindersklaverei und Kinderarbeit auf den Kakaoplantagen der Elfenbeink\u00fcste weit verbreitet seien. Der Film zeige auch, dass die Schokoladenindustrie Kinderhandel, Kindersklaverei und Kinderarbeit zumindest dulde und nicht bereit sei, Verantwortung f\u00fcr gravierende\u00a0 Kinderrechtsverletzungen zu \u00fcbernehmen, so der Weltladen.<\/p>\n<p>Gegen diese Haltung m\u00f6chte der Weltladen protestieren und bittet B\u00fcrgerinnen und B\u00fcrger, den nachstehenden Appell an die Schokoladenindustrie zu unterschreiben:<\/p>\n<p>\u00dcbernehmen Sie die volle Verantwortung f\u00fcr die Bedingungen, unter denen der Kakao produziert wird, den Sie verarbeiten!<\/p>\n<p>Zahlen Sie den Kakao-Plantagenbesitzern und den Arbeiterinnen und Arbeiterinnen Preise und L\u00f6hne, die ausreichen, um die Kosten f\u00fcr Nahrung, Kleidung, Unterkunft, medizinische Versorgung, Schul- und Berufsausbildung der Kinder, soziale Absicherung zu bezahlen. Diese Forderungen sind auch Bestandteil des Menschenrechtskatalogs und der ILO (Internationale Arbeiterorganisation).<\/p>\n<p>Sorgen Sie daf\u00fcr, dass auf den Plantagen, von denen Sie Ihren Kakao beziehen, das Verbot von Kinderarbeit, Kinderhandel und Kindersklaverei eingehalten wird. Dazu sind Sie auch durch die UN-Kinderkonvention von 1989 verpflichtet.\u201c<\/p>\n<p>Die Unterschriftenlisten liegen im Weltladen und am Stand des Weltladens auf dem Betzdorfer Wochenmarkt aus. Verbunden mit der Unterschrift ist der Kauf einer fair gehandelten Schokolade. \u201eDamit die Unterschrift gleich mit einer solidarischen Handlung verbunden ist\u201c, so Hermann Reeh vom Weltladen Betzdorf.<\/p>\n<p>Die Unterschriftenlisten sollen der Schokoladenindustrie im Fr\u00fchling 2011 \u00fcberbracht werden.<\/p>\n<p><strong>2011<\/strong><\/p>\n<p>&nbsp;<\/p>\n<hr \/>\n<p>&nbsp;<\/p>\n<h1 id=\"Haus\"><span class=\"ff3 fc0 fs16 fb \">Weltladen baut ein Haus f\u00fcr Neugeborene<\/span><\/h1>\n<h2>F\u00fcr 100 Euro Umsatz gibt es einen Ziegelstein<\/h2>\n<p>&nbsp;<\/p>\n<p><img loading=\"lazy\" decoding=\"async\" class=\"size-medium wp-image-1079 alignleft\" src=\"https:\/\/weltlaeden.de\/betzdorf\/wp-content\/uploads\/sites\/176\/2022\/02\/WL-Haus-bauen-Dez.-2010-300x225.jpg\" alt=\"\" width=\"300\" height=\"225\" srcset=\"https:\/\/weltlaeden.de\/betzdorf\/wp-content\/uploads\/sites\/176\/2022\/02\/WL-Haus-bauen-Dez.-2010-300x225.jpg 300w, https:\/\/weltlaeden.de\/betzdorf\/wp-content\/uploads\/sites\/176\/2022\/02\/WL-Haus-bauen-Dez.-2010.jpg 400w\" sizes=\"auto, (max-width: 300px) 100vw, 300px\" \/>Der Weltladen Betzdorf baut ein Haus f\u00fcr Neugeborene. F\u00fcr je 100 Euro Umsatz im Weltladen wird das &#8222;Haus&#8220; um einen Ziegelstein weiter gebaut. Der Fortschritt der Bauarbeiten kann im Schaufenster des Weltladens beobachtet werden. Zur Fertigstellung werden etwa 100 Ziegelsteine plus Dachpfannen ben\u00f6tigt. &#8222;Mit unserer Aktion m\u00f6chten wir den Menschen in Betzdorf und Umgebung zeigen, dass sie aktiv am Weiterbau des Hauses und damit an der Einhaltung von sozialen Menschenrechten mitwirken k\u00f6nnen&#8220;, so Hesse. Mit dem Ziegelstein wolle man deutlich machen, dass die Menschen durch ihr Kaufverhalten M\u00fctter und Kinder sch\u00fctzen k\u00f6nnten.<\/p>\n<p>Kinder sollten nicht in einem Stall oder in einem anderen Elendsquartier geboren werden. Das ist nicht nur die Auffassung der Mitarbeiterinnen und Mitarbeiter im Weltladen Betzdorf, sondern sind auch Forderungen aus dem UN-Menschenrechtskatalog. Seit Weihnachten gefeiert wird steht eine Schwangere und die Geburt in einem Stall im Mittelpunkt des Festes. Da die schwangere Maria und ihr Verlobter Josef keinen Platz in einer Herberge fanden, musste Maria ihren Sohn in einem Stall &#8211; einem Elendsquartier &#8211; zur Welt bringen.<\/p>\n<p>Ankn\u00fcpfend an diese Weihnachtsgeschichte aus dem Lukasevangelium m\u00f6chte der Weltladen mit einer Adventskampagne aufzeigen, dass auch heute noch viele M\u00fctter ihre Kinder unter Br\u00fccken, auf M\u00fcllhalden, auf Stra\u00dfen, auf der Flucht vor Krieg und Armut ohne jegliche medizinische Betreuung zur Welt bringen m\u00fc\u00dften. &#8222;Mehr als 400 000 Frauen sterben unter diesen Umst\u00e4nden jedes Jahr bei der Geburt oder in der Schwangerschaft. Da sind statistisch gesehen jeden Tag mehr als 1000. &#8222;Obwohl&#8220;, so Hermann Reeh, &#8222;im UN-Menschenrechtskatalog besondere Schutzrechte f\u00fcr Schwangere, M\u00fctter und Neugeborene verbindlich fest geschrieben wurden, ist die Diskrepanz zwischen erkl\u00e4rten Rechten und der Wirklichkeit sehr gro\u00df.&#8220;<\/p>\n<p>Der Faire Handel ist f\u00fcr den Weltladen Betzdorf eine wichtige M\u00f6glichkeit, diese Kluft zu \u00fcberwinden. &#8222;Denn\u201c, so Reeh, &#8222;Mutterschutz ist Standard im Fairen Handel.&#8220; Dies sei ganz wesentlich f\u00fcr die Gesundheit der M\u00fctter und Kinder. Auf Farmen und Plantagen, die f\u00fcr die Fairen Handel produzierten, erhielten die Frauen f\u00fcr die Dauer von mehreren Wochen Ruhe und Erholung, die sie bei Schwangerschaft und Geburt dringend ben\u00f6tigten. Auch fachliche medizinische Betreuung sei gew\u00e4hrleistet, so wie es die Menschenrechte verlangen. Die Standards des Fairen Handels m\u00fc\u00dften f\u00fcr den gesamten Welthandel \u00fcbernommen werden, dann sei man ein gutes St\u00fcck weiter.<\/p>\n<p>&nbsp;<\/p>\n<hr \/>\n<p>&nbsp;<\/p>\n<h1 id=\"Waffen\"><span class=\"ff3 fc0 fs16 fb \">\u201eDie Waffen nieder\u201c<\/span><\/h1>\n<h2><span class=\"ff3 fc0 fs16 fb \">Aktion des Weltladens zum Antikriegstag<\/span><\/h2>\n<p>&nbsp;<\/p>\n<div id=\"attachment_1093\" style=\"width: 310px\" class=\"wp-caption alignleft\"><a href=\"https:\/\/weltlaeden.de\/betzdorf\/wp-content\/uploads\/sites\/176\/2022\/02\/chocpaza2-1.jpg\"><img loading=\"lazy\" decoding=\"async\" aria-describedby=\"caption-attachment-1093\" class=\"wp-image-1093 size-medium\" src=\"https:\/\/weltlaeden.de\/betzdorf\/wp-content\/uploads\/sites\/176\/2022\/02\/chocpaza2-1-300x225.jpg\" alt=\"\" width=\"300\" height=\"225\" srcset=\"https:\/\/weltlaeden.de\/betzdorf\/wp-content\/uploads\/sites\/176\/2022\/02\/chocpaza2-1-300x225.jpg 300w, https:\/\/weltlaeden.de\/betzdorf\/wp-content\/uploads\/sites\/176\/2022\/02\/chocpaza2-1.jpg 448w\" sizes=\"auto, (max-width: 300px) 100vw, 300px\" \/><\/a><p id=\"caption-attachment-1093\" class=\"wp-caption-text\">Friedensaktion auf dem Betzdorfer Wochenmarkt. \u00d6ffentlichkeitswirksam informierte der Weltladen Betzdorf \u00fcber die Friedensd\u00f6rfer in Kolumbien und warb f\u00fcr den Kauf der \u201eChoco de Paz\u201c -Schokolade des Friedens.<\/p><\/div>\n<p>\u201eDie Waffen nieder!\u201c Diese Aufforderung von Bertha von Suttner hatte eine Realsch\u00fclerin auf ein Plakat geschrieben und das, so meinte Hermann Reeh vom Weltladen Betzdorf, ist auch die Forderung der Einwohner des Dorfes San Jos\u00e8 de Arpatado in Kolumbien. Kolumbien ist in weiten Teilen von Gewalt gepr\u00e4gt. Paramilit\u00e4r, Milit\u00e4r und Guerilla liefern sich erbitterte Schlachten. Egal f\u00fcr welche Seiten man auch ist, die andere wird einen verfolgen. Ganze Landstriche werden unbewohnbar gemacht und die Menschen dort gequ\u00e4lt, vertrieben und get\u00f6tet. An diese Situation in dem s\u00fcdamerikanischen Land erinnerte der Weltladen Betzdorf in einer Aktion zum Antikriegstag am 1. September.<\/p>\n<p>Vor mehr als 10 Jahren haben die mutigen Bewohner einer Gemeinde in Nord-kolumbien beschlossen, bei dieser sinnlosen Gewalt nicht mehr mitzumachen: Die gesamte Gemeinschaft von San Jos\u00e8 de Arpatado duldet seitdem keinerlei Waffen, Drogen oder Alkohol in ihrem Dorf. Sie haben sich offiziell f\u00fcr neutral erkl\u00e4rt und versuchen den K\u00e4mpfen mit friedlichem Widerstand zu begegnen.<\/p>\n<p>Unterst\u00fctzung erfahren die Menschen von u.a. durch den Fairen Handel. Sie bauen Kakao an, den die gepa importiert und daraus die Schokolade des Friedens \u201eChoco de Paz\u201c hier in Deutschland produzieren l\u00e4\u00dft. \u201eHinter diesem Namen verbirgt sich ein au\u00dfergew\u00f6hnliches Produkt des Fairen Handels, das nicht nur gut schmeckt, sondern auch eine politische Botschaft beinhaltet\u201c, so Hermann Reeh.<\/p>\n<p class=\"imAlign_left\"><span class=\"ff3 fc0 fs12 \">Das man mit dem Kauf von Schokolade einen Beitrag f\u00fcr den Frieden leisten kann, lernten auch die Sch\u00fclerinnen und Sch\u00fcler der Klassen 7a und 7c der Bertha von Suttner Realschule(jetzt Realschule plus) mit ihren Lehrerinnen Ulrike Stein und Jasmin Ruf. Im Unterricht besch\u00e4ftigten sie sich mit den Themen Kolumbien und Friedensschokolade. Sie gestalteten Plakate und bemalten ein Bettlaken mit der Friedenstaube. Am 31. August waren sie auf dem Betzdorfer Wochenmarkt am Stand des Weltladens und unterst\u00fctzten \u00f6ffentlich die Friedensaktion. Auch der Landtagsabgeordnete Matthias Krell, B\u00fcrgermeister Bernd Brato, B\u00fcndnisgr\u00fcne und viele Erwachsene zeigten ihre Unterst\u00fctzung.<\/span><\/p>\n<p>Bei der Aktion gab es eine gro\u00dfe Umrisskarte von Kolumbien. Darauf wurden K\u00e4rtchen in Postkartengr\u00f6\u00dfe mit einer Friedenstaube befestigt. Diese K\u00e4rtchen konnten zusammen mit der Tafel \u201eChoco de Paz\u201c gekauft werden. Mehr als zweihundert Tafeln wurden verkauft, Kolumbien war g\u00e4nzlich mit Friedenstauben bedeckt.<\/p>\n<p>Weitere Informationen zu der Schokolade und den Friedensd\u00f6rfern erh\u00e4lt man <a class=\"ImLink\" title=\"\"> hier<\/a>, oder unter www.ComunidadDePaz.de.<\/p>\n<p>&nbsp;<\/p>\n<hr \/>\n<p>&nbsp;<\/p>\n<h1 id=\"Haiti\"><span class=\"ff3 fc0 fs16 fb \">\u201eHaiti muss wieder gr\u00fcn werden\u201c<\/span><\/h1>\n<h2>Aktion zum Tag der Umwelt &#8211; Projekt Waldg\u00e4rten wird unterst\u00fctzt<\/h2>\n<p>&nbsp;<\/p>\n<p><img loading=\"lazy\" decoding=\"async\" class=\"size-full wp-image-1100 alignleft\" src=\"https:\/\/weltlaeden.de\/betzdorf\/wp-content\/uploads\/sites\/176\/2022\/02\/pict3.jpg\" alt=\"\" width=\"186\" height=\"187\" srcset=\"https:\/\/weltlaeden.de\/betzdorf\/wp-content\/uploads\/sites\/176\/2022\/02\/pict3.jpg 186w, https:\/\/weltlaeden.de\/betzdorf\/wp-content\/uploads\/sites\/176\/2022\/02\/pict3-150x150.jpg 150w\" sizes=\"auto, (max-width: 186px) 100vw, 186px\" \/>Haiti ist fast ohne Wald. Von seinem urspr\u00fcnglichen Baumbestand sind nur zwei Prozent geblieben, drei\u00dfig Prozent sind aber notwendig, um ein \u00f6kologisches Gleichgewicht zu gew\u00e4hrleisten. Armut zwingt die Bauern zur weiteren Abholzung, sie verschlimmern damit die Anf\u00e4lligkeit f\u00fcr Naturkatastrophen. Bei Gewittern rasen Sturzb\u00e4che die kahlen H\u00fcgel herunter und zerst\u00f6ren die letzten W\u00e4lder und auch H\u00e4user der Landbev\u00f6lkerung. Viele Landbewohner sind in den letzten Jahren wegen der Perspektivlosigkeit auf dem Land in die Elendsviertel der St\u00e4dte geflohen.<\/p>\n<p>&#8222;Haiti ist eines der L\u00e4nder, die schon heute unter der Klimaver\u00e4nderung leiden. Es verf\u00fcgt nur noch \u00fcber zwei Prozent seiner urspr\u00fcnglichen Waldfl\u00e4che, drei\u00dfig Prozent m\u00fcssten es aber mindestens sein&#8220;, so Hermann Reeh vom Weltladen Betzdorf. Sich durch die Erderw\u00e4rmung steigernde Tropenregen, die auf einen Boden treffen, der durch keinerlei Bepflanzung mehr gesch\u00fctzt ist, lie\u00dfen eine zerst\u00f6rte Landschaft zur\u00fcck. Um diesen Prozess zu stoppen und wenn m\u00f6glich umzukehren, m\u00fcsse einerseits die Wiederaufforstung verst\u00e4rkt und andererseits, die Belastung der Atmosph\u00e4re durch Kohlendioxid in den reichen L\u00e4ndern gemindert werden. Das erste scheitere an der Armut der Menschen in Haiti, das andere an der fehlenden Bereitschaft der Menschen in den Industriel\u00e4nder ihren Aussto\u00df von klimasch\u00e4dlichen Gasen drastisch zu mindern.<\/p>\n<p>&#8222;Die Atmosph\u00e4re ist nur begrenzt belastbar&#8220;, erkl\u00e4rt Reeh. &#8222;Und die Belastunggrenze f\u00fcr das klimasch\u00e4dliche Gas C02 ist l\u00e4ngst \u00fcberschritten.&#8220; Es sei also h\u00f6chste Zeit diese Entwicklung zu \u00fcberdenken und das Verhalten zu \u00e4ndern, wolle man nicht die Grundlagen des Lebens zerst\u00f6ren. Ein &#8222;C02-Wegmachtag&#8220; f\u00fcr die Atmosph\u00e4re sei notwendig. F\u00fcr zw\u00f6lf Tonnen C02 ist jeder Mensch in Deutschland pro Jahr verantwortlich, zehn Tonnen mehr als die Natur vertragen kann, so war bei einem Informationsgespr\u00e4ch mit Silvia Schmegner, Anne Rickert und Hermann Reeh zu erfahren; das sind jeden Tag 32 Kilogramm. Die &#8222;Entsorgung&#8220; einer Tonne C02 kostet 20 Euro. Umgerechnet sind das f\u00fcr 32 Kilo etwa 70 Cent. &#8222;Das klimasch\u00e4dliche C02 darf nicht mehr weiter kostenlos in die Atmosph\u00e4re entsorgt werden&#8220;, so Silvia Schmegner, &#8222;das geht zu Lasten der Schw\u00e4chsten in den s\u00fcdlichen L\u00e4ndern und nachfolgender Generationen. Wir m\u00fcssen Verantwortung f\u00fcr unser Handeln \u00fcbernehmen.&#8220;<\/p>\n<p>M\u00f6glichkeiten zur Schadensbegrenzung sind die Reduzierung des C02 Aussto\u00dfes oder das Pflanzen von B\u00e4umen, die C02 aus der Atmosph\u00e4re abbauen. Unter dem Motto &#8222;Haiti muss wieder gr\u00fcn werden&#8220; leistete der Weltladen Betzdorf einen Beitrag zum Internationalen Tag der Umwelt am 5. Juni. Der Betzdorfer K\u00fcnstler Erwin Ricker hatte auf einer Leinwand die zerst\u00f6rte Landschaft Haitis gemalt. Am Internationalen Umwelttag wurde diese Leinwand mit B\u00e4umen &#8222;bepflanzt&#8220;.<\/p>\n<p>Im Weltladen besteht weiterhin die M\u00f6glichkeit f\u00fcr siebzig Cent einen Beitrag zum Klimaschutz zu leisten und f\u00fcr einen Tag klimaneutral zu leben. Mit den siebzig Cent wird ein Baumsetzling gekauft, der in Haiti gepflanzt wird. Das katholische Hilfswerk Misereor unterst\u00fctzt ein entsprechendes Wiederaufforstungs-Projekt in Haiti.<\/p>\n<p>Pflanzung von B\u00e4umen bietet Schutz und erschlie\u00dft neue Nahrungsquellen: In die W\u00e4lder legen die Bauern Waldg\u00e4rten an, in denen sie Nahrungsmittel anbauen. Durch die Waldg\u00e4rten gibt es wieder Hoffnung in den l\u00e4ndlichen Regionen.<\/p>\n<p>&nbsp;<\/p>\n<\/div>\n<\/div>\n<p>&nbsp;<\/p>\n<\/div>\n<\/div>\n<\/div>\n<h1 id=\"Auswahl\">Ein Blick in die Presse<\/h1>\n<h2>Einige Zeitungsausschnitte zum St\u00f6bern gibt es hier in der pdf-Datei:<\/h2>\n<p>&nbsp;<\/p>\n<p><a href=\"https:\/\/weltlaeden.de\/betzdorf\/wp-content\/uploads\/sites\/176\/2022\/02\/Weltladen-Artikel-zum-Stoebern.pdf\">Weltladen Artikel zum St\u00f6bern<\/a><\/p>\n<p>&nbsp;<\/p>\n<p>&nbsp;<\/p>\n<p>&nbsp;<\/p>\n<p>&nbsp;<\/p>\n<p>&nbsp;<\/p>\n<p>&nbsp;<\/p>\n<p>&nbsp;<\/p>\n<p>&nbsp;<\/p>\n<p>&nbsp;<\/p>\n<p>&nbsp;<\/p>\n<p>&nbsp;<\/p>\n<p>&nbsp;<\/p>\n<p>&nbsp;<\/p>\n<p>&nbsp;<\/p>\n<p>&nbsp;<\/p>\n<p>&nbsp;<\/p>\n<p>[\/vc_column_text][\/vc_column][\/vc_row]<\/p>\n<\/div>","protected":false},"excerpt":{"rendered":"<p>[vc_row][vc_column][vc_column_text] &nbsp; Kleiner Blick in Aktivit\u00e4ten des Weltladens Betzdorf Eine Auswahl von Mitteilungen und Presseberichten &nbsp; Hier finden Sie ein Archiv mit einer Auswahl von Mitteilungen und Presseberichten zum Weltladen Betzdorf. Diese Auswahl gibt zudem einen guten \u00dcberblick \u00fcber unsere Aktivit\u00e4ten: &nbsp; Weltladentag 2021 Aktion Schutzengel Schoko for Change Solidarit\u00e4t mit Kleinbauern Faire Wochen: Gemeinsam&hellip;<\/p>\n","protected":false},"author":262,"featured_media":0,"parent":0,"menu_order":0,"comment_status":"closed","ping_status":"closed","template":"","meta":{"footnotes":""},"class_list":["post-568","page","type-page","status-publish","hentry","description-off"],"yoast_head":"<!-- This site is optimized with the Yoast SEO plugin v26.8 - https:\/\/yoast.com\/product\/yoast-seo-wordpress\/ -->\n<title>Aus dem Archiv - Weltladen Betzdorf<\/title>\n<meta name=\"robots\" content=\"index, follow, max-snippet:-1, max-image-preview:large, max-video-preview:-1\" \/>\n<link rel=\"canonical\" href=\"https:\/\/weltlaeden.de\/betzdorf\/archiv\/\" \/>\n<meta property=\"og:locale\" content=\"de_DE\" \/>\n<meta property=\"og:type\" content=\"article\" \/>\n<meta property=\"og:title\" content=\"Aus dem Archiv - Weltladen Betzdorf\" \/>\n<meta property=\"og:description\" content=\"[vc_row][vc_column][vc_column_text] &nbsp; Kleiner Blick in Aktivit\u00e4ten des Weltladens Betzdorf Eine Auswahl von Mitteilungen und Presseberichten &nbsp; Hier finden Sie ein Archiv mit einer Auswahl von Mitteilungen und Presseberichten zum Weltladen Betzdorf. Diese Auswahl gibt zudem einen guten \u00dcberblick \u00fcber unsere Aktivit\u00e4ten: &nbsp; Weltladentag 2021 Aktion Schutzengel Schoko for Change Solidarit\u00e4t mit Kleinbauern Faire Wochen: Gemeinsam&hellip;\" \/>\n<meta property=\"og:url\" content=\"https:\/\/weltlaeden.de\/betzdorf\/archiv\/\" \/>\n<meta property=\"og:site_name\" content=\"Weltladen Betzdorf\" \/>\n<meta property=\"article:modified_time\" content=\"2022-02-24T10:24:41+00:00\" \/>\n<meta property=\"og:image\" content=\"https:\/\/weltlaeden.de\/betzdorf\/wp-content\/uploads\/sites\/176\/2022\/02\/WL-Archiv-Seitenbild-300x222.jpg\" \/>\n<meta name=\"twitter:card\" content=\"summary_large_image\" \/>\n<meta name=\"twitter:label1\" content=\"Gesch\u00e4tzte Lesezeit\" \/>\n\t<meta name=\"twitter:data1\" content=\"71\u00a0Minuten\" \/>\n<script type=\"application\/ld+json\" class=\"yoast-schema-graph\">{\"@context\":\"https:\/\/schema.org\",\"@graph\":[{\"@type\":\"WebPage\",\"@id\":\"https:\/\/weltlaeden.de\/betzdorf\/archiv\/\",\"url\":\"https:\/\/weltlaeden.de\/betzdorf\/archiv\/\",\"name\":\"Aus dem Archiv - Weltladen Betzdorf\",\"isPartOf\":{\"@id\":\"https:\/\/weltlaeden.de\/betzdorf\/#website\"},\"primaryImageOfPage\":{\"@id\":\"https:\/\/weltlaeden.de\/betzdorf\/archiv\/#primaryimage\"},\"image\":{\"@id\":\"https:\/\/weltlaeden.de\/betzdorf\/archiv\/#primaryimage\"},\"thumbnailUrl\":\"https:\/\/weltlaeden.de\/betzdorf\/wp-content\/uploads\/sites\/176\/2022\/02\/WL-Archiv-Seitenbild-300x222.jpg\",\"datePublished\":\"2022-01-22T08:28:40+00:00\",\"dateModified\":\"2022-02-24T10:24:41+00:00\",\"breadcrumb\":{\"@id\":\"https:\/\/weltlaeden.de\/betzdorf\/archiv\/#breadcrumb\"},\"inLanguage\":\"de\",\"potentialAction\":[{\"@type\":\"ReadAction\",\"target\":[\"https:\/\/weltlaeden.de\/betzdorf\/archiv\/\"]}]},{\"@type\":\"ImageObject\",\"inLanguage\":\"de\",\"@id\":\"https:\/\/weltlaeden.de\/betzdorf\/archiv\/#primaryimage\",\"url\":\"https:\/\/weltlaeden.de\/betzdorf\/wp-content\/uploads\/sites\/176\/2022\/02\/WL-Archiv-Seitenbild.jpg\",\"contentUrl\":\"https:\/\/weltlaeden.de\/betzdorf\/wp-content\/uploads\/sites\/176\/2022\/02\/WL-Archiv-Seitenbild.jpg\",\"width\":787,\"height\":583},{\"@type\":\"BreadcrumbList\",\"@id\":\"https:\/\/weltlaeden.de\/betzdorf\/archiv\/#breadcrumb\",\"itemListElement\":[{\"@type\":\"ListItem\",\"position\":1,\"name\":\"Startseite\",\"item\":\"https:\/\/weltlaeden.de\/betzdorf\/\"},{\"@type\":\"ListItem\",\"position\":2,\"name\":\"Aus dem Archiv\"}]},{\"@type\":\"WebSite\",\"@id\":\"https:\/\/weltlaeden.de\/betzdorf\/#website\",\"url\":\"https:\/\/weltlaeden.de\/betzdorf\/\",\"name\":\"Weltladen Betzdorf\",\"description\":\"Ein St\u00fcck Welt von morgen\",\"potentialAction\":[{\"@type\":\"SearchAction\",\"target\":{\"@type\":\"EntryPoint\",\"urlTemplate\":\"https:\/\/weltlaeden.de\/betzdorf\/?s={search_term_string}\"},\"query-input\":{\"@type\":\"PropertyValueSpecification\",\"valueRequired\":true,\"valueName\":\"search_term_string\"}}],\"inLanguage\":\"de\"}]}<\/script>\n<!-- \/ Yoast SEO plugin. -->","yoast_head_json":{"title":"Aus dem Archiv - Weltladen Betzdorf","robots":{"index":"index","follow":"follow","max-snippet":"max-snippet:-1","max-image-preview":"max-image-preview:large","max-video-preview":"max-video-preview:-1"},"canonical":"https:\/\/weltlaeden.de\/betzdorf\/archiv\/","og_locale":"de_DE","og_type":"article","og_title":"Aus dem Archiv - Weltladen Betzdorf","og_description":"[vc_row][vc_column][vc_column_text] &nbsp; Kleiner Blick in Aktivit\u00e4ten des Weltladens Betzdorf Eine Auswahl von Mitteilungen und Presseberichten &nbsp; Hier finden Sie ein Archiv mit einer Auswahl von Mitteilungen und Presseberichten zum Weltladen Betzdorf. Diese Auswahl gibt zudem einen guten \u00dcberblick \u00fcber unsere Aktivit\u00e4ten: &nbsp; Weltladentag 2021 Aktion Schutzengel Schoko for Change Solidarit\u00e4t mit Kleinbauern Faire Wochen: Gemeinsam&hellip;","og_url":"https:\/\/weltlaeden.de\/betzdorf\/archiv\/","og_site_name":"Weltladen Betzdorf","article_modified_time":"2022-02-24T10:24:41+00:00","og_image":[{"url":"https:\/\/weltlaeden.de\/betzdorf\/wp-content\/uploads\/sites\/176\/2022\/02\/WL-Archiv-Seitenbild-300x222.jpg","type":"","width":"","height":""}],"twitter_card":"summary_large_image","twitter_misc":{"Gesch\u00e4tzte Lesezeit":"71\u00a0Minuten"},"schema":{"@context":"https:\/\/schema.org","@graph":[{"@type":"WebPage","@id":"https:\/\/weltlaeden.de\/betzdorf\/archiv\/","url":"https:\/\/weltlaeden.de\/betzdorf\/archiv\/","name":"Aus dem Archiv - Weltladen Betzdorf","isPartOf":{"@id":"https:\/\/weltlaeden.de\/betzdorf\/#website"},"primaryImageOfPage":{"@id":"https:\/\/weltlaeden.de\/betzdorf\/archiv\/#primaryimage"},"image":{"@id":"https:\/\/weltlaeden.de\/betzdorf\/archiv\/#primaryimage"},"thumbnailUrl":"https:\/\/weltlaeden.de\/betzdorf\/wp-content\/uploads\/sites\/176\/2022\/02\/WL-Archiv-Seitenbild-300x222.jpg","datePublished":"2022-01-22T08:28:40+00:00","dateModified":"2022-02-24T10:24:41+00:00","breadcrumb":{"@id":"https:\/\/weltlaeden.de\/betzdorf\/archiv\/#breadcrumb"},"inLanguage":"de","potentialAction":[{"@type":"ReadAction","target":["https:\/\/weltlaeden.de\/betzdorf\/archiv\/"]}]},{"@type":"ImageObject","inLanguage":"de","@id":"https:\/\/weltlaeden.de\/betzdorf\/archiv\/#primaryimage","url":"https:\/\/weltlaeden.de\/betzdorf\/wp-content\/uploads\/sites\/176\/2022\/02\/WL-Archiv-Seitenbild.jpg","contentUrl":"https:\/\/weltlaeden.de\/betzdorf\/wp-content\/uploads\/sites\/176\/2022\/02\/WL-Archiv-Seitenbild.jpg","width":787,"height":583},{"@type":"BreadcrumbList","@id":"https:\/\/weltlaeden.de\/betzdorf\/archiv\/#breadcrumb","itemListElement":[{"@type":"ListItem","position":1,"name":"Startseite","item":"https:\/\/weltlaeden.de\/betzdorf\/"},{"@type":"ListItem","position":2,"name":"Aus dem Archiv"}]},{"@type":"WebSite","@id":"https:\/\/weltlaeden.de\/betzdorf\/#website","url":"https:\/\/weltlaeden.de\/betzdorf\/","name":"Weltladen Betzdorf","description":"Ein St\u00fcck Welt von morgen","potentialAction":[{"@type":"SearchAction","target":{"@type":"EntryPoint","urlTemplate":"https:\/\/weltlaeden.de\/betzdorf\/?s={search_term_string}"},"query-input":{"@type":"PropertyValueSpecification","valueRequired":true,"valueName":"search_term_string"}}],"inLanguage":"de"}]}},"_links":{"self":[{"href":"https:\/\/weltlaeden.de\/betzdorf\/wp-json\/wp\/v2\/pages\/568","targetHints":{"allow":["GET"]}}],"collection":[{"href":"https:\/\/weltlaeden.de\/betzdorf\/wp-json\/wp\/v2\/pages"}],"about":[{"href":"https:\/\/weltlaeden.de\/betzdorf\/wp-json\/wp\/v2\/types\/page"}],"author":[{"embeddable":true,"href":"https:\/\/weltlaeden.de\/betzdorf\/wp-json\/wp\/v2\/users\/262"}],"replies":[{"embeddable":true,"href":"https:\/\/weltlaeden.de\/betzdorf\/wp-json\/wp\/v2\/comments?post=568"}],"version-history":[{"count":96,"href":"https:\/\/weltlaeden.de\/betzdorf\/wp-json\/wp\/v2\/pages\/568\/revisions"}],"predecessor-version":[{"id":1228,"href":"https:\/\/weltlaeden.de\/betzdorf\/wp-json\/wp\/v2\/pages\/568\/revisions\/1228"}],"wp:attachment":[{"href":"https:\/\/weltlaeden.de\/betzdorf\/wp-json\/wp\/v2\/media?parent=568"}],"curies":[{"name":"wp","href":"https:\/\/api.w.org\/{rel}","templated":true}]}}