{"version":"1.0","provider_name":"Weltladen Bensheim - Sankt Georg","provider_url":"https:\/\/weltlaeden.de\/bensheim","title":"Der Weltladen Bensheim beim Marktfr\u00fchst\u00fcck - Weltladen Bensheim - Sankt Georg","type":"rich","width":600,"height":338,"html":"<blockquote class=\"wp-embedded-content\" data-secret=\"tlthXMVLBx\"><a href=\"https:\/\/weltlaeden.de\/bensheim\/der-weltladen-bensheim-beim-marktfruehstueck\/\">Der Weltladen Bensheim beim Marktfr\u00fchst\u00fcck<\/a><\/blockquote><iframe sandbox=\"allow-scripts\" security=\"restricted\" src=\"https:\/\/weltlaeden.de\/bensheim\/der-weltladen-bensheim-beim-marktfruehstueck\/embed\/#?secret=tlthXMVLBx\" width=\"600\" height=\"338\" title=\"&#8222;Der Weltladen Bensheim beim Marktfr\u00fchst\u00fcck&#8220; &#8211; Weltladen Bensheim - Sankt Georg\" data-secret=\"tlthXMVLBx\" frameborder=\"0\" marginwidth=\"0\" marginheight=\"0\" scrolling=\"no\" class=\"wp-embedded-content\"><\/iframe><script>\n\/*! This file is auto-generated *\/\n!function(d,l){\"use strict\";l.querySelector&&d.addEventListener&&\"undefined\"!=typeof URL&&(d.wp=d.wp||{},d.wp.receiveEmbedMessage||(d.wp.receiveEmbedMessage=function(e){var t=e.data;if((t||t.secret||t.message||t.value)&&!\/[^a-zA-Z0-9]\/.test(t.secret)){for(var s,r,n,a=l.querySelectorAll('iframe[data-secret=\"'+t.secret+'\"]'),o=l.querySelectorAll('blockquote[data-secret=\"'+t.secret+'\"]'),c=new RegExp(\"^https?:$\",\"i\"),i=0;i<o.length;i++)o[i].style.display=\"none\";for(i=0;i<a.length;i++)s=a[i],e.source===s.contentWindow&&(s.removeAttribute(\"style\"),\"height\"===t.message?(1e3<(r=parseInt(t.value,10))?r=1e3:~~r<200&&(r=200),s.height=r):\"link\"===t.message&&(r=new URL(s.getAttribute(\"src\")),n=new URL(t.value),c.test(n.protocol))&&n.host===r.host&&l.activeElement===s&&(d.top.location.href=t.value))}},d.addEventListener(\"message\",d.wp.receiveEmbedMessage,!1),l.addEventListener(\"DOMContentLoaded\",function(){for(var e,t,s=l.querySelectorAll(\"iframe.wp-embedded-content\"),r=0;r<s.length;r++)(t=(e=s[r]).getAttribute(\"data-secret\"))||(t=Math.random().toString(36).substring(2,12),e.src+=\"#?secret=\"+t,e.setAttribute(\"data-secret\",t)),e.contentWindow.postMessage({message:\"ready\",secret:t},\"*\")},!1)))}(window,document);\n<\/script>\n","thumbnail_url":"https:\/\/weltlaeden.de\/bensheim\/wp-content\/uploads\/sites\/105\/2025\/08\/WhatsApp-Image-2025-08-09-at-12.54.27.jpeg","thumbnail_width":2048,"thumbnail_height":1537,"description":"Heute war der Weltladen Bensheim mit einem eigenen Stand beim beliebten Marktfr\u00fchst\u00fcck vertreten. Bei bestem Marktwetter konnten Besucher*innen faire Produkte kennenlernen, probieren und sich \u00fcber den fairen Handel informieren.Das engagierte Team des Weltladens nutzte die Gelegenheit, um ins Gespr\u00e4ch zu kommen, Fragen zu beantworten und auf das vielf\u00e4ltige Sortiment aufmerksam zu machen \u2013 von k\u00f6stlichem&hellip;"}