{"id":1456,"date":"2023-05-15T14:10:08","date_gmt":"2023-05-15T12:10:08","guid":{"rendered":"https:\/\/weltlaeden.de\/badwildungen\/?page_id=1456"},"modified":"2023-05-15T14:23:25","modified_gmt":"2023-05-15T12:23:25","slug":"weltladentag-2023","status":"publish","type":"page","link":"https:\/\/weltlaeden.de\/badwildungen\/weltladentag-2023\/","title":{"rendered":"Weltladentag 2023"},"content":{"rendered":"<p><strong>&#8222;Krank durch Used-Look&#8220;, &#8222;Von Kinderh\u00e4nden hergestellt&#8220;, &#8222;F\u00fcr den M\u00fcll produziert&#8220;<\/strong><\/p>\n<p><img loading=\"lazy\" decoding=\"async\" class=\"size-medium wp-image-1459 alignleft\" src=\"https:\/\/weltlaeden.de\/badwildungen\/wp-content\/uploads\/sites\/113\/2023\/05\/20230513_101920-300x300.jpg\" alt=\"\" width=\"300\" height=\"300\" srcset=\"https:\/\/weltlaeden.de\/badwildungen\/wp-content\/uploads\/sites\/113\/2023\/05\/20230513_101920-300x300.jpg 300w, https:\/\/weltlaeden.de\/badwildungen\/wp-content\/uploads\/sites\/113\/2023\/05\/20230513_101920-1024x1024.jpg 1024w, https:\/\/weltlaeden.de\/badwildungen\/wp-content\/uploads\/sites\/113\/2023\/05\/20230513_101920-150x150.jpg 150w, https:\/\/weltlaeden.de\/badwildungen\/wp-content\/uploads\/sites\/113\/2023\/05\/20230513_101920-768x768.jpg 768w, https:\/\/weltlaeden.de\/badwildungen\/wp-content\/uploads\/sites\/113\/2023\/05\/20230513_101920-1536x1536.jpg 1536w, https:\/\/weltlaeden.de\/badwildungen\/wp-content\/uploads\/sites\/113\/2023\/05\/20230513_101920-scaled.jpg 2048w\" sizes=\"auto, (max-width: 300px) 100vw, 300px\" \/><img loading=\"lazy\" decoding=\"async\" class=\"wp-image-1460 alignleft\" src=\"https:\/\/weltlaeden.de\/badwildungen\/wp-content\/uploads\/sites\/113\/2023\/05\/20230513_101910-300x300.jpg\" alt=\"\" width=\"300\" height=\"300\" srcset=\"https:\/\/weltlaeden.de\/badwildungen\/wp-content\/uploads\/sites\/113\/2023\/05\/20230513_101910-300x300.jpg 300w, https:\/\/weltlaeden.de\/badwildungen\/wp-content\/uploads\/sites\/113\/2023\/05\/20230513_101910-1024x1024.jpg 1024w, https:\/\/weltlaeden.de\/badwildungen\/wp-content\/uploads\/sites\/113\/2023\/05\/20230513_101910-150x150.jpg 150w, https:\/\/weltlaeden.de\/badwildungen\/wp-content\/uploads\/sites\/113\/2023\/05\/20230513_101910-768x768.jpg 768w, https:\/\/weltlaeden.de\/badwildungen\/wp-content\/uploads\/sites\/113\/2023\/05\/20230513_101910-1536x1536.jpg 1536w, https:\/\/weltlaeden.de\/badwildungen\/wp-content\/uploads\/sites\/113\/2023\/05\/20230513_101910-scaled.jpg 2048w\" sizes=\"auto, (max-width: 300px) 100vw, 300px\" \/><\/p>\n<p>&nbsp;<\/p>\n<p>&nbsp;<\/p>\n<p>&nbsp;<\/p>\n<p>&nbsp;<\/p>\n<p>&nbsp;<\/p>\n<p>&nbsp;<\/p>\n<p>&nbsp;<\/p>\n<p>&nbsp;<\/p>\n<p>&nbsp;<\/p>\n<p>&nbsp;<\/p>\n<p>Diese Slogans, auf Kleidungsst\u00fccken, die an W\u00e4schest\u00e4ndern hingen, sollten am Weltladentag 13.5.23 auf\u00a0 das Fehlen sozialer und \u00f6kologischer Standards bei der Produktion von Textilien aufmerksam machen.<\/p>\n<p>Mit dem Motto &#8222;&#8230;m\u00e4chtig fair ist es, wenn &#8230;&#8220; des Weltladen-Dachverbandes haben wir mit einer<strong> \u00f6ffentlichkeitswirksamen Aktion in der Fu\u00dfg\u00e4ngerzone Bad Wildungen auf das EU-Lieferkettengesetz aufmerksam machen, das im Juni 23 im Europarlament<\/strong> <strong>abschlie\u00dfend diskutiert und verabschiedet werden soll. Mit einer Unterschriftenaktion per Postkarten wollten wir unsere Forderungen nach einem wirksamen EU-Lieferkettengesetz deutlich machen. <\/strong><\/p>\n<p><strong>53 Postkarten, die Wildunger B\u00fcrgerinnen und B\u00fcrger an unserem Aktionstag unterschrieben haben, haben wir an die EU-Abgeordneten aus Hessen geschickt.<br \/>\n<\/strong><\/p>\n<p>Zum Hintergrund:<\/p>\n<p>Das deutsche Lieferkettengesetz, das am 1.1.23 in Kraft getreten ist, verpflichtet <span class=\"ILfuVd\" lang=\"de\"><span class=\"hgKElc\">Unternehmen mit Sitz in Deutschland dazu, zu \u00fcberpr\u00fcfen, dass ihre Lieferanten weltweit Menschenrechte und Umweltstandards einhalten. <\/span><\/span><\/p>\n<p>Der Entwurf des EU-Lieferkettengesetzes\u00a0 sieht vor, dass die Sorgfaltspflichten der Unternehmer sich auf vorgelagerte und die nachgelagerte Wertsch\u00f6pfungskette beziehen. Vorgesehen ist auch &#8211; anders als im deutschen Lieferkettengesetz &#8211; eine zivilrechtliche Haftung bei Nicht-Einhaltung von <span class=\"ILfuVd\" lang=\"de\"><span class=\"hgKElc\">Menschenrechten und Umweltstandards. Allerdings gab es auch hier Versuche, das Gesetz zu verw\u00e4ssern. Wir wollen mit einer Postkartenaktion, die an die EU-Abgeordneten aus Hessen adressiert sein sollen, den Abgeordneten unsere Forderungen nach einem starken europ\u00e4ischen Lieferkettengesetz deutlich machen.<\/span><\/span><\/p>\n<p><img loading=\"lazy\" decoding=\"async\" class=\"alignnone wp-image-1462\" src=\"https:\/\/weltlaeden.de\/badwildungen\/wp-content\/uploads\/sites\/113\/2023\/05\/20230515_130005-300x300.jpg\" alt=\"\" width=\"334\" height=\"334\" srcset=\"https:\/\/weltlaeden.de\/badwildungen\/wp-content\/uploads\/sites\/113\/2023\/05\/20230515_130005-300x300.jpg 300w, https:\/\/weltlaeden.de\/badwildungen\/wp-content\/uploads\/sites\/113\/2023\/05\/20230515_130005-1024x1024.jpg 1024w, https:\/\/weltlaeden.de\/badwildungen\/wp-content\/uploads\/sites\/113\/2023\/05\/20230515_130005-150x150.jpg 150w, https:\/\/weltlaeden.de\/badwildungen\/wp-content\/uploads\/sites\/113\/2023\/05\/20230515_130005-768x768.jpg 768w, https:\/\/weltlaeden.de\/badwildungen\/wp-content\/uploads\/sites\/113\/2023\/05\/20230515_130005-1536x1536.jpg 1536w, https:\/\/weltlaeden.de\/badwildungen\/wp-content\/uploads\/sites\/113\/2023\/05\/20230515_130005-scaled.jpg 2048w\" sizes=\"auto, (max-width: 334px) 100vw, 334px\" \/> WLZ, 15.5.23<\/p>\n","protected":false},"excerpt":{"rendered":"<p>&#8222;Krank durch Used-Look&#8220;, &#8222;Von Kinderh\u00e4nden hergestellt&#8220;, &#8222;F\u00fcr den M\u00fcll produziert&#8220; &nbsp; &nbsp; &nbsp; &nbsp; &nbsp; &nbsp; &nbsp; &nbsp; &nbsp; &nbsp; Diese Slogans, auf Kleidungsst\u00fccken, die an W\u00e4schest\u00e4ndern hingen, sollten am Weltladentag 13.5.23 auf\u00a0 das Fehlen sozialer und \u00f6kologischer Standards bei der Produktion von Textilien aufmerksam machen. Mit dem Motto &#8222;&#8230;m\u00e4chtig fair ist es, wenn &#8230;&#8220;&hellip;<\/p>\n","protected":false},"author":174,"featured_media":0,"parent":0,"menu_order":12,"comment_status":"closed","ping_status":"closed","template":"","meta":{"footnotes":""},"class_list":["post-1456","page","type-page","status-publish","hentry","description-off"],"yoast_head":"<!-- This site is optimized with the Yoast SEO plugin v26.8 - https:\/\/yoast.com\/product\/yoast-seo-wordpress\/ -->\n<title>Weltladentag 2023 - Weltladen Bad Wildungen<\/title>\n<meta name=\"robots\" content=\"index, follow, max-snippet:-1, max-image-preview:large, max-video-preview:-1\" \/>\n<link rel=\"canonical\" href=\"https:\/\/weltlaeden.de\/badwildungen\/weltladentag-2023\/\" \/>\n<meta property=\"og:locale\" content=\"de_DE\" \/>\n<meta property=\"og:type\" content=\"article\" \/>\n<meta property=\"og:title\" content=\"Weltladentag 2023 - Weltladen Bad Wildungen\" \/>\n<meta property=\"og:description\" content=\"&#8222;Krank durch Used-Look&#8220;, &#8222;Von Kinderh\u00e4nden hergestellt&#8220;, &#8222;F\u00fcr den M\u00fcll produziert&#8220; &nbsp; &nbsp; &nbsp; &nbsp; &nbsp; &nbsp; &nbsp; &nbsp; &nbsp; &nbsp; Diese Slogans, auf Kleidungsst\u00fccken, die an W\u00e4schest\u00e4ndern hingen, sollten am Weltladentag 13.5.23 auf\u00a0 das Fehlen sozialer und \u00f6kologischer Standards bei der Produktion von Textilien aufmerksam machen. Mit dem Motto &#8222;&#8230;m\u00e4chtig fair ist es, wenn &#8230;&#8220;&hellip;\" \/>\n<meta property=\"og:url\" content=\"https:\/\/weltlaeden.de\/badwildungen\/weltladentag-2023\/\" \/>\n<meta property=\"og:site_name\" content=\"Weltladen Bad Wildungen\" \/>\n<meta property=\"article:modified_time\" content=\"2023-05-15T12:23:25+00:00\" \/>\n<meta property=\"og:image\" content=\"https:\/\/weltlaeden.de\/badwildungen\/wp-content\/uploads\/sites\/113\/2023\/05\/20230513_101920-300x300.jpg\" \/>\n<meta name=\"twitter:card\" content=\"summary_large_image\" \/>\n<meta name=\"twitter:label1\" content=\"Gesch\u00e4tzte Lesezeit\" \/>\n\t<meta name=\"twitter:data1\" content=\"2\u00a0Minuten\" \/>\n<script type=\"application\/ld+json\" class=\"yoast-schema-graph\">{\"@context\":\"https:\/\/schema.org\",\"@graph\":[{\"@type\":\"WebPage\",\"@id\":\"https:\/\/weltlaeden.de\/badwildungen\/weltladentag-2023\/\",\"url\":\"https:\/\/weltlaeden.de\/badwildungen\/weltladentag-2023\/\",\"name\":\"Weltladentag 2023 - Weltladen Bad Wildungen\",\"isPartOf\":{\"@id\":\"https:\/\/weltlaeden.de\/badwildungen\/#website\"},\"primaryImageOfPage\":{\"@id\":\"https:\/\/weltlaeden.de\/badwildungen\/weltladentag-2023\/#primaryimage\"},\"image\":{\"@id\":\"https:\/\/weltlaeden.de\/badwildungen\/weltladentag-2023\/#primaryimage\"},\"thumbnailUrl\":\"https:\/\/weltlaeden.de\/badwildungen\/wp-content\/uploads\/sites\/113\/2023\/05\/20230513_101920-300x300.jpg\",\"datePublished\":\"2023-05-15T12:10:08+00:00\",\"dateModified\":\"2023-05-15T12:23:25+00:00\",\"breadcrumb\":{\"@id\":\"https:\/\/weltlaeden.de\/badwildungen\/weltladentag-2023\/#breadcrumb\"},\"inLanguage\":\"de\",\"potentialAction\":[{\"@type\":\"ReadAction\",\"target\":[\"https:\/\/weltlaeden.de\/badwildungen\/weltladentag-2023\/\"]}]},{\"@type\":\"ImageObject\",\"inLanguage\":\"de\",\"@id\":\"https:\/\/weltlaeden.de\/badwildungen\/weltladentag-2023\/#primaryimage\",\"url\":\"https:\/\/weltlaeden.de\/badwildungen\/wp-content\/uploads\/sites\/113\/2023\/05\/20230513_101920.jpg\",\"contentUrl\":\"https:\/\/weltlaeden.de\/badwildungen\/wp-content\/uploads\/sites\/113\/2023\/05\/20230513_101920.jpg\",\"width\":2048,\"height\":2048},{\"@type\":\"BreadcrumbList\",\"@id\":\"https:\/\/weltlaeden.de\/badwildungen\/weltladentag-2023\/#breadcrumb\",\"itemListElement\":[{\"@type\":\"ListItem\",\"position\":1,\"name\":\"Startseite\",\"item\":\"https:\/\/weltlaeden.de\/badwildungen\/\"},{\"@type\":\"ListItem\",\"position\":2,\"name\":\"Weltladentag 2023\"}]},{\"@type\":\"WebSite\",\"@id\":\"https:\/\/weltlaeden.de\/badwildungen\/#website\",\"url\":\"https:\/\/weltlaeden.de\/badwildungen\/\",\"name\":\"Weltladen Bad Wildungen\",\"description\":\"Faire Produkte seit 1990\",\"potentialAction\":[{\"@type\":\"SearchAction\",\"target\":{\"@type\":\"EntryPoint\",\"urlTemplate\":\"https:\/\/weltlaeden.de\/badwildungen\/?s={search_term_string}\"},\"query-input\":{\"@type\":\"PropertyValueSpecification\",\"valueRequired\":true,\"valueName\":\"search_term_string\"}}],\"inLanguage\":\"de\"}]}<\/script>\n<!-- \/ Yoast SEO plugin. -->","yoast_head_json":{"title":"Weltladentag 2023 - Weltladen Bad Wildungen","robots":{"index":"index","follow":"follow","max-snippet":"max-snippet:-1","max-image-preview":"max-image-preview:large","max-video-preview":"max-video-preview:-1"},"canonical":"https:\/\/weltlaeden.de\/badwildungen\/weltladentag-2023\/","og_locale":"de_DE","og_type":"article","og_title":"Weltladentag 2023 - Weltladen Bad Wildungen","og_description":"&#8222;Krank durch Used-Look&#8220;, &#8222;Von Kinderh\u00e4nden hergestellt&#8220;, &#8222;F\u00fcr den M\u00fcll produziert&#8220; &nbsp; &nbsp; &nbsp; &nbsp; &nbsp; &nbsp; &nbsp; &nbsp; &nbsp; &nbsp; Diese Slogans, auf Kleidungsst\u00fccken, die an W\u00e4schest\u00e4ndern hingen, sollten am Weltladentag 13.5.23 auf\u00a0 das Fehlen sozialer und \u00f6kologischer Standards bei der Produktion von Textilien aufmerksam machen. Mit dem Motto &#8222;&#8230;m\u00e4chtig fair ist es, wenn &#8230;&#8220;&hellip;","og_url":"https:\/\/weltlaeden.de\/badwildungen\/weltladentag-2023\/","og_site_name":"Weltladen Bad Wildungen","article_modified_time":"2023-05-15T12:23:25+00:00","og_image":[{"url":"https:\/\/weltlaeden.de\/badwildungen\/wp-content\/uploads\/sites\/113\/2023\/05\/20230513_101920-300x300.jpg","type":"","width":"","height":""}],"twitter_card":"summary_large_image","twitter_misc":{"Gesch\u00e4tzte Lesezeit":"2\u00a0Minuten"},"schema":{"@context":"https:\/\/schema.org","@graph":[{"@type":"WebPage","@id":"https:\/\/weltlaeden.de\/badwildungen\/weltladentag-2023\/","url":"https:\/\/weltlaeden.de\/badwildungen\/weltladentag-2023\/","name":"Weltladentag 2023 - Weltladen Bad Wildungen","isPartOf":{"@id":"https:\/\/weltlaeden.de\/badwildungen\/#website"},"primaryImageOfPage":{"@id":"https:\/\/weltlaeden.de\/badwildungen\/weltladentag-2023\/#primaryimage"},"image":{"@id":"https:\/\/weltlaeden.de\/badwildungen\/weltladentag-2023\/#primaryimage"},"thumbnailUrl":"https:\/\/weltlaeden.de\/badwildungen\/wp-content\/uploads\/sites\/113\/2023\/05\/20230513_101920-300x300.jpg","datePublished":"2023-05-15T12:10:08+00:00","dateModified":"2023-05-15T12:23:25+00:00","breadcrumb":{"@id":"https:\/\/weltlaeden.de\/badwildungen\/weltladentag-2023\/#breadcrumb"},"inLanguage":"de","potentialAction":[{"@type":"ReadAction","target":["https:\/\/weltlaeden.de\/badwildungen\/weltladentag-2023\/"]}]},{"@type":"ImageObject","inLanguage":"de","@id":"https:\/\/weltlaeden.de\/badwildungen\/weltladentag-2023\/#primaryimage","url":"https:\/\/weltlaeden.de\/badwildungen\/wp-content\/uploads\/sites\/113\/2023\/05\/20230513_101920.jpg","contentUrl":"https:\/\/weltlaeden.de\/badwildungen\/wp-content\/uploads\/sites\/113\/2023\/05\/20230513_101920.jpg","width":2048,"height":2048},{"@type":"BreadcrumbList","@id":"https:\/\/weltlaeden.de\/badwildungen\/weltladentag-2023\/#breadcrumb","itemListElement":[{"@type":"ListItem","position":1,"name":"Startseite","item":"https:\/\/weltlaeden.de\/badwildungen\/"},{"@type":"ListItem","position":2,"name":"Weltladentag 2023"}]},{"@type":"WebSite","@id":"https:\/\/weltlaeden.de\/badwildungen\/#website","url":"https:\/\/weltlaeden.de\/badwildungen\/","name":"Weltladen Bad Wildungen","description":"Faire Produkte seit 1990","potentialAction":[{"@type":"SearchAction","target":{"@type":"EntryPoint","urlTemplate":"https:\/\/weltlaeden.de\/badwildungen\/?s={search_term_string}"},"query-input":{"@type":"PropertyValueSpecification","valueRequired":true,"valueName":"search_term_string"}}],"inLanguage":"de"}]}},"_links":{"self":[{"href":"https:\/\/weltlaeden.de\/badwildungen\/wp-json\/wp\/v2\/pages\/1456","targetHints":{"allow":["GET"]}}],"collection":[{"href":"https:\/\/weltlaeden.de\/badwildungen\/wp-json\/wp\/v2\/pages"}],"about":[{"href":"https:\/\/weltlaeden.de\/badwildungen\/wp-json\/wp\/v2\/types\/page"}],"author":[{"embeddable":true,"href":"https:\/\/weltlaeden.de\/badwildungen\/wp-json\/wp\/v2\/users\/174"}],"replies":[{"embeddable":true,"href":"https:\/\/weltlaeden.de\/badwildungen\/wp-json\/wp\/v2\/comments?post=1456"}],"version-history":[{"count":5,"href":"https:\/\/weltlaeden.de\/badwildungen\/wp-json\/wp\/v2\/pages\/1456\/revisions"}],"predecessor-version":[{"id":1465,"href":"https:\/\/weltlaeden.de\/badwildungen\/wp-json\/wp\/v2\/pages\/1456\/revisions\/1465"}],"wp:attachment":[{"href":"https:\/\/weltlaeden.de\/badwildungen\/wp-json\/wp\/v2\/media?parent=1456"}],"curies":[{"name":"wp","href":"https:\/\/api.w.org\/{rel}","templated":true}]}}