{"id":361,"date":"2018-04-05T09:52:06","date_gmt":"2019-01-31T23:00:06","guid":{"rendered":"https:\/\/weltlaeden.de\/badschoenborn\/?page_id=361"},"modified":"2026-04-18T16:04:42","modified_gmt":"2026-04-18T14:04:42","slug":"neuigkeiten","status":"publish","type":"page","link":"https:\/\/weltlaeden.de\/badschoenborn\/neuigkeiten\/","title":{"rendered":"Neuigkeiten"},"content":{"rendered":"<div class=\"wpb-content-wrapper\"><div class=\"wpb_column vc_column_container vc_col-sm-9\">\n<div class=\"vc_column-inner\">\n<div class=\"wpb_wrapper\">\n<div class=\"wpb_text_column wpb_content_element \">\n<div class=\"wpb_wrapper\">\n<div>\n<p>&nbsp;<\/p>\n<div class=\"field__item\">\n<div id=\"paragraphs-id-59499\" class=\"paragraph paragraph--type--apc-text paragraph--view-mode--default\">\n<div class=\"clearfix text-formatted field field--name-field-apc-text-text field--type-text-long field--label-hidden field__items\">\n<div class=\"field__item\">\n<p><strong>Weltladen Bad Sch\u00f6nborn<\/strong><br \/>\nFriedrichstra\u00dfe 52, Mingolsheim<br \/>\n<strong>Aktuelle \u00d6ffnungszeiten:<\/strong><\/p>\n<p>Di, Mi, Do, Fr und Sa: 9.00 \u2013 13.00 Uhr<\/p>\n<p>Di, Do und Fr: 14.30 \u2013 18.00 Uhr<br \/>\n<strong>Anfragen und Bestellungen<\/strong> unter Telefon: 07253 20 98 20<br \/>\nHomepage: https:\/\/weltlaeden.de\/badschoenborn<\/p>\n<p>&nbsp;<\/p>\n<p><em><strong>Vorstandswechsel im Verein<\/strong><\/em><\/p>\n<p>&nbsp;<\/p>\n<p>Anl\u00e4sslich der diesj\u00e4hrigen Jahreshauptversammlung des Vereins Faire Welt e. V. Bad Sch\u00f6nborn am 14. April 2026 wurde ein <em><strong>neuer Vorstand <\/strong><\/em>gew\u00e4hlt. Daniela Blech-Straub und Monika Engelhardt wurden als bisherige Vorst\u00e4nde mit Dank f\u00fcr Ihren Einsatz f\u00fcr den Verein verabschiedet (siehe Bild Mitte).<\/p>\n<p>Als neuer 1. Vorstand wurde Rudolf K\u00f6pp und als neuer 2. Vorstand J\u00f6rg Weinmann-Hanke gew\u00e4hlt (siehe Bild au\u00dfen). Das Weltladenteam freut sich auf eine vertrauensvolle Zusammenarbeit im Sinne des Gedankens des fairen Handels. Rudolf K\u00f6pp hob die Bedeutung des Weltladens f\u00fcr den Status der Gemeinde als Faire Trade Town hervor. In Zeiten globaler Krisen ist der Einsatz f\u00fcr eine gerechte Verteilung und Schonung der Ressourcen f\u00fcr ein friedvolles Miteinander besonders wichtig.<\/p>\n<p>&nbsp;<\/p>\n<p>F\u00fcr dieses Jahr sind wieder \u00a0Aktionen von Seiten des Weltladens rund um den fairen Handel geplant.<\/p>\n<p>Als n\u00e4chstes steht der<em><strong> Weltladentag am 09. Mai 2026<\/strong><\/em> an, der dieses Mal das Motto <strong><em>&#8222;Fair fruchtet&#8220;<\/em><\/strong> tr\u00e4gt. Unterst\u00fctzt vom Weltladendachverband und engagierten Ehrenamtlichen des Vereins wird es ein besonderes, faires \u00a0Fr\u00fcchteangebot und interessante Informationen zum Handel mit Fr\u00fcchten f\u00fcr Sie geben. Lassen Sie sich \u00fcberraschen, wir freuen uns auf Sie!<\/p>\n<p>&nbsp;<\/p>\n<p><em>I<strong>hr Weltladenteam<\/strong><\/em><\/p>\n<\/div>\n<\/div>\n<\/div>\n<\/div>\n<div class=\"field__item\">\n<div id=\"paragraphs-id-59500\" class=\"field-apc-image-layout-col-12\">\n<div class=\"field field--name-field-apc-image-image field--type-image field--label-hidden field__items\">\n<div class=\"field__item\"><\/div>\n<\/div>\n<\/div>\n<\/div>\n<p><img loading=\"lazy\" decoding=\"async\" class=\"alignnone size-medium wp-image-1411\" src=\"https:\/\/weltlaeden.de\/badschoenborn\/wp-content\/uploads\/sites\/62\/2026\/04\/IMG_20260414_194941_5-300x169.jpg\" alt=\"\" width=\"300\" height=\"169\" srcset=\"https:\/\/weltlaeden.de\/badschoenborn\/wp-content\/uploads\/sites\/62\/2026\/04\/IMG_20260414_194941_5-300x169.jpg 300w, https:\/\/weltlaeden.de\/badschoenborn\/wp-content\/uploads\/sites\/62\/2026\/04\/IMG_20260414_194941_5-1024x576.jpg 1024w, https:\/\/weltlaeden.de\/badschoenborn\/wp-content\/uploads\/sites\/62\/2026\/04\/IMG_20260414_194941_5-768x432.jpg 768w, https:\/\/weltlaeden.de\/badschoenborn\/wp-content\/uploads\/sites\/62\/2026\/04\/IMG_20260414_194941_5-1536x863.jpg 1536w, https:\/\/weltlaeden.de\/badschoenborn\/wp-content\/uploads\/sites\/62\/2026\/04\/IMG_20260414_194941_5-2048x1151.jpg 2048w\" sizes=\"auto, (max-width: 300px) 100vw, 300px\" \/>Foto: Ulrike Thienel<\/p>\n<p>&nbsp;<\/p>\n<p><em><strong>Zum Weltgebetstag aus Nigeria , 6. M\u00e4rz 2026<\/strong><\/em><\/p>\n<p>&nbsp;<\/p>\n<p>Der Weltladen Bad Sch\u00f6nborn bot anl\u00e4sslich des Weltgebetstages der Frauen einen <strong>Verkaufsstand im Edith-Stein-Haus mit fair gehandelten Produkten<\/strong>. Der Verkauf fand im Anschluss an den Gottesdienst in der Lambertuskirche statt.<\/p>\n<p>Im <strong>Edith-Stein-Haus<\/strong> wurden an diesem Abend faire Produkte aus verschiedenen afrikanischen L\u00e4ndern angeboten: Kerzen, Schokolade, Gew\u00fcrze, Kaffee- und Teesorten. Passend zum diesj\u00e4hrigen Titel des Weltgebetstag 2026 \u201eKommt! Bringt eure Last\u201c, der aus Nigeria kommt.<\/p>\n<p><img loading=\"lazy\" decoding=\"async\" class=\"alignnone size-medium wp-image-1403\" src=\"https:\/\/weltlaeden.de\/badschoenborn\/wp-content\/uploads\/sites\/62\/2026\/03\/IMG-20260309-WA0001-225x300.jpg\" alt=\"\" width=\"225\" height=\"300\" srcset=\"https:\/\/weltlaeden.de\/badschoenborn\/wp-content\/uploads\/sites\/62\/2026\/03\/IMG-20260309-WA0001-225x300.jpg 225w, https:\/\/weltlaeden.de\/badschoenborn\/wp-content\/uploads\/sites\/62\/2026\/03\/IMG-20260309-WA0001-768x1024.jpg 768w, https:\/\/weltlaeden.de\/badschoenborn\/wp-content\/uploads\/sites\/62\/2026\/03\/IMG-20260309-WA0001-1152x1536.jpg 1152w, https:\/\/weltlaeden.de\/badschoenborn\/wp-content\/uploads\/sites\/62\/2026\/03\/IMG-20260309-WA0001.jpg 1536w\" sizes=\"auto, (max-width: 225px) 100vw, 225px\" \/>Foto: Weltladen Bad Sch\u00f6nborn<\/p>\n<p>&nbsp;<\/p>\n<p>Der Weltgebetstag findet j\u00e4hrlich am ersten Freitag im M\u00e4rz statt \u00dcber Konfessions- und L\u00e4ndergrenzen hinweg engagieren sich Frauen weltweit f\u00fcr die Rechte benachteiligter Frauen.<\/p>\n<\/div>\n<p>Auch in der<strong> Gemeinde in St.Leon Rot<\/strong> war der Weltladen anl\u00e4sslich des Weltgebetstagsgottesdienstes mit fairen, aus Afrika stammenden Produkten, vertreten. Das Angebot wurde interessiert aufgenommen und bereicherte die Unterst\u00fctzung der Projekte zugunsten benachteiligter Frauen auf der ganzen Welt.<\/p>\n<p>&nbsp;<\/p>\n<p><img loading=\"lazy\" decoding=\"async\" class=\"alignnone size-medium wp-image-1405\" src=\"https:\/\/weltlaeden.de\/badschoenborn\/wp-content\/uploads\/sites\/62\/2026\/03\/signal-2026-03-09-11-14-23-428-300x224.jpg\" alt=\"\" width=\"300\" height=\"224\" srcset=\"https:\/\/weltlaeden.de\/badschoenborn\/wp-content\/uploads\/sites\/62\/2026\/03\/signal-2026-03-09-11-14-23-428-300x224.jpg 300w, https:\/\/weltlaeden.de\/badschoenborn\/wp-content\/uploads\/sites\/62\/2026\/03\/signal-2026-03-09-11-14-23-428-1024x766.jpg 1024w, https:\/\/weltlaeden.de\/badschoenborn\/wp-content\/uploads\/sites\/62\/2026\/03\/signal-2026-03-09-11-14-23-428-768x575.jpg 768w, https:\/\/weltlaeden.de\/badschoenborn\/wp-content\/uploads\/sites\/62\/2026\/03\/signal-2026-03-09-11-14-23-428-1536x1149.jpg 1536w, https:\/\/weltlaeden.de\/badschoenborn\/wp-content\/uploads\/sites\/62\/2026\/03\/signal-2026-03-09-11-14-23-428.jpg 2048w\" sizes=\"auto, (max-width: 300px) 100vw, 300px\" \/><\/p>\n<p>Foto: Annette Stegm\u00fcller<\/p>\n<p>&nbsp;<\/p>\n<p><strong>Starte gerecht ins neue Jahr \u2013 mit deinem Weltladen<\/strong><\/p>\n<p>Das neue Jahr ist da \u2013 Zeit f\u00fcr neue Vors\u00e4tze! Was w\u00e4re, wenn dein Vorsatz f\u00fcr das neue Jahr nicht nur dein eigenes Leben bereichert, sondern auch das Leben vieler anderer Menschen weltweit verbessert?<\/p>\n<p data-start=\"389\" data-end=\"484\">Der Faire Handel zeigt, dass Ver\u00e4nderung m\u00f6glich ist \u2013 durch bewusste Entscheidungen im Alltag:<\/p>\n<p data-start=\"486\" data-end=\"590\">\ud83e\udde1 fair einkaufen<br data-start=\"503\" data-end=\"506\" \/>\ud83e\udde1 Menschenrechte st\u00e4rken<br data-start=\"531\" data-end=\"534\" \/>\ud83e\udde1 Umwelt sch\u00fctzen<br data-start=\"552\" data-end=\"555\" \/>\ud83e\udde1 globale Verantwortung \u00fcbernehmen<\/p>\n<p data-start=\"592\" data-end=\"842\">Im Weltladen findest du Produkte, die unter menschenw\u00fcrdigen Bedingungen entstehen \u2013 mit existenzsichernden L\u00f6hnen, sicheren Arbeitspl\u00e4tzen und klimaschonender Herstellung. Dein Einkauf wird so zu einem Zeichen f\u00fcr Respekt gegen\u00fcber Mensch und Natur. Mahatma Gandhi sagte einmal: <strong data-start=\"875\" data-end=\"947\">\u201eSei du selbst die Ver\u00e4nderung, die du dir w\u00fcnschst f\u00fcr diese Welt.\u201c <\/strong>Genau das erm\u00f6glicht der Faire Handel \u2013 Tag f\u00fcr Tag. Mach das neue Jahr zu deinem Jahr voller Wirkung: F\u00fcr dich, f\u00fcr andere und f\u00fcr eine gerechtere Welt. Wir freuen uns auf deinen Besuch im Weltladen.<\/p>\n<\/div>\n<\/div>\n<\/div>\n<\/div>\n<\/div>\n<p><img loading=\"lazy\" decoding=\"async\" class=\"alignnone size-medium wp-image-1373\" src=\"https:\/\/weltlaeden.de\/badschoenborn\/wp-content\/uploads\/sites\/62\/2026\/01\/01_Neujahr-240x300.jpg\" alt=\"\" width=\"240\" height=\"300\" srcset=\"https:\/\/weltlaeden.de\/badschoenborn\/wp-content\/uploads\/sites\/62\/2026\/01\/01_Neujahr-240x300.jpg 240w, https:\/\/weltlaeden.de\/badschoenborn\/wp-content\/uploads\/sites\/62\/2026\/01\/01_Neujahr.jpg 400w\" sizes=\"auto, (max-width: 240px) 100vw, 240px\" \/>Foto: Weltladendachverband<\/p>\n<p>&nbsp;<\/p>\n<p>&nbsp;<\/p>\n<p><strong><em>Der faire Nikolaus<\/em><\/strong><\/p>\n<p>Im Weltladen Bad Sch\u00f6nborn \u00a0gibt es ihn &#8211; den fairen Schokobischof \u2013 \u00a0Fair Trade, nachhaltig und richtig lecker.<\/p>\n<p>Dieses Jahr war das Thema des Weltladentages der<strong><em> Kakaoanbau<\/em><\/strong>. Von Seiten des Weltladendachverbandes gab es viele Informationen zu den Hintergr\u00fcnden der gestiegenen Kakaopreise und welche M\u00f6glichkeiten der Faire Handel bietet, die Kakaobauern und &#8211; b\u00e4uerinnen zu unterst\u00fctzen. Ein zentrales Anliegen ist \u00a0dabei, durch eine \u00f6kologische Anbauweise den Einsatz von Pflanzenschutzmitteln zu verhindern. \u00a0Dadurch wird zum einen eine \u00a0menschenw\u00fcrdige Arbeitsweise erm\u00f6glicht. Zum anderen bietet eine Mischkultur den Kakaopflanzen Schutz vor der starken Sonneneinstrahlung, welche die B\u00f6den austrocknet.<\/p>\n<p>Mit dem Kauf fairer Schokolade leisten Sie einen Beitrag zur Sicherung des Einkommens von KakaoproduzentInnen und zum Erhalt des Klimas.<\/p>\n<p>&nbsp;<\/p>\n<p><strong><em>Der Nikolaus auf dem Weihnachtsmarkt in Mingolsheim<\/em><\/strong><\/p>\n<p>Wer hat den Nikolaus in Mingolsheim gesehen?<\/p>\n<p>Ja, er kam tats\u00e4chlich. Dem Weltladen Bad Sch\u00f6nborn stattete er einen Besuch anl\u00e4sslich des Weihnachtsmarktes ab. Dort boten die Ehrenamtlichen am Samstag Nachmittag fairen Gl\u00fchwein und ein vielf\u00e4ltiges weihnachtliches Verkaufsangebot. Krippen aus Holz, Figuren aus Schurwolle und vieles mehr konnten bei verl\u00e4ngerten Laden\u00f6ffnungszeiten erworben werden. Die aus Naturmaterialien in kunstvoller Handarbeit hergestellten Kunsthandwerksartikel luden zum Verweilen bei Gl\u00fchweinduft ein.<\/p>\n<p>Der Heilige <strong>Nikolaus<\/strong> lebte die Werte\u00a0<strong> <em>Gerechtigkeit <\/em><\/strong>und <strong><em>Solidarit\u00e4t <\/em><\/strong>mit den Benachteiligten. Auch \u00a0der Faire Handel setzt sich f\u00fcr diese Werte ein.<\/p>\n<p>Wenn Sie noch nach einem fairen Schokonikolaus suchen &#8211; oder \u00a0nach fairem Kunsthandwerk, um es zu<strong> <em>Fair<\/em><\/strong>schenken oder um ihr eigenes Zuhause zu<em> <strong>Fair<\/strong><\/em>sch\u00f6nern &#8211;<\/p>\n<p>kommen Sie gerne vorbei, wir bieten Ihnen eine vielf\u00e4ltige, solange der Vorrat reicht.<\/p>\n<p>Sie interessieren sich f\u00fcr den fairen Handel? Wir bieten Ihnen die M\u00f6glichkeit eines <strong><em>ehrenamtlichen Engagements <\/em><\/strong>in einem spannenden Themenumfeld.<\/p>\n<p>Der Verein Faire Welt e.V. Bad Sch\u00f6nborn engagiert sich \u2013 ausgehend vom Weltladen als Informationszentrum und zentralem Ort \u2013 seit 2011 f\u00fcr die Ziele des Fairen Handels.<\/p>\n<p>Wir w\u00fcnschen allen LeserInnen eine <strong>frohe und besinnliche Adventszeit!<\/strong><\/p>\n<p><img loading=\"lazy\" decoding=\"async\" class=\"alignnone size-medium wp-image-1360\" src=\"https:\/\/weltlaeden.de\/badschoenborn\/wp-content\/uploads\/sites\/62\/2025\/12\/IMG-20251129-WA0004-300x225.jpg\" alt=\"\" width=\"300\" height=\"225\" srcset=\"https:\/\/weltlaeden.de\/badschoenborn\/wp-content\/uploads\/sites\/62\/2025\/12\/IMG-20251129-WA0004-300x225.jpg 300w, https:\/\/weltlaeden.de\/badschoenborn\/wp-content\/uploads\/sites\/62\/2025\/12\/IMG-20251129-WA0004-1024x768.jpg 1024w, https:\/\/weltlaeden.de\/badschoenborn\/wp-content\/uploads\/sites\/62\/2025\/12\/IMG-20251129-WA0004-768x576.jpg 768w, https:\/\/weltlaeden.de\/badschoenborn\/wp-content\/uploads\/sites\/62\/2025\/12\/IMG-20251129-WA0004-1536x1152.jpg 1536w, https:\/\/weltlaeden.de\/badschoenborn\/wp-content\/uploads\/sites\/62\/2025\/12\/IMG-20251129-WA0004.jpg 1600w\" sizes=\"auto, (max-width: 300px) 100vw, 300px\" \/><\/p>\n<p>Foto: Weltladen Bad Sch\u00f6nborn<\/p>\n<div>\n<p>&nbsp;<\/p>\n<p><em><strong>Dank allen SpenderInnen<\/strong><\/em><\/p>\n<p>Besonders bedanken m\u00f6chten wir uns bei allen, die sich bei der <strong><i>Spendenaktion\u00a0<\/i><\/strong> zugunsten des Vereins <strong><i>Ganesh Nepalhilfe e.V<\/i><\/strong>., beteiligt haben. Angefangen hat es mit der Aktion &#8222;Gl\u00fccksrad&#8220; beim Sommerausklang und wurde durch den Verkauf von ausgew\u00e4hlten Artikeln im Weltladen Bad Sch\u00f6nborn fortgesetzt. Die Gesamtsumme bel\u00e4uft sich auf<em><strong> 300<\/strong><\/em>Euro. Die Einnahmen kommen ausschlie\u00dflich und direkt <strong><i>sozialen Projekten<\/i><\/strong> zugute, die durch den Verein Ganesh in<strong><i> Nepal <\/i><\/strong>unterst\u00fctzt werden.<\/p>\n<\/div>\n<p>Ihr Weltladenteam<\/p>\n<div><\/div>\n<div><\/div>\n<div><\/div>\n<div><\/div>\n<div><strong>An dieser Stelle ein Aufruf des Weltladendachverbandes:<\/strong><\/div>\n<div><\/div>\n<h1 class=\"article__headline\">K\u00fcrzungen in Entwicklungszusammenarbeit stoppen<\/h1>\n<p class=\"article__teaser\">Zivilgesellschaftliche Organisationen warnen vor massiven Einschnitten und fordern K\u00fcrzungen in Entwicklungszusammenarbeit und humanit\u00e4rer Hilfe zu stoppen! Unterst\u00fctze mit uns den Appell, um Entwicklungszusammenarbeit und humanit\u00e4re Hilfe zu st\u00e4rken!<\/p>\n<div class=\"blocks__block block block--text usertext\">\n<p>In einem eindringlichen Appell warnen <a href=\"https:\/\/venro.org\/ueber-venro\/aktuelles\/detail\/appell-an-die-bundesregierung-kuerzungen-stoppen\" target=\"_blank\" rel=\"noopener\">VENRO<\/a>\u00a0(Verband Entwicklungspolitik und Humanit\u00e4re Hilfe),\u00a0<a href=\"https:\/\/act.one.org\/sign\/appell-kuerzungen\/\" target=\"_blank\" rel=\"noopener\">ONE<\/a>\u00a0und <a href=\"https:\/\/www.globalcitizen.org\/de\/action\/germany-stop-budget-cuts\/\" target=\"_blank\" rel=\"noopener\">Global Citizen<\/a> davor, dass geplante K\u00fcrzungen im Haushalt des Entwicklungsministeriums (BMZ) und im Etat des Ausw\u00e4rtigen Amts den Fortschritt in internationaler Zusammenarbeit untergraben. Sie rufen die Bundesregierung auf: <strong>Statt Investitionen zur\u00fcckzufahren, braucht es Mut zur Verantwortung \u2013 f\u00fcr eine gerechte und solidarische Welt. <\/strong>Wir schlie\u00dfen uns dieser Forderung an.<\/p>\n<p>Im Haushaltsentwurf f\u00fcr 2025 plant die Bundesregierung deutliche Einsparungen im Etat des BMZ sowie bei den Mitteln f\u00fcr humanit\u00e4re Hilfe im Ausw\u00e4rtigen Amt. Viele zivilgesellschaftliche Akteure sehen darin nicht nur einen R\u00fcckschritt, sondern ein echtes Risiko f\u00fcr aktuelle und zuk\u00fcnftige Erfolge in der Entwicklungszusammenarbeit.<\/p>\n<h2><a href=\"https:\/\/act.one.org\/sign\/appell-kuerzungen\/\" target=\"_blank\" rel=\"noopener\">Unterschreibe\u00a0 den Appell an die Bundesregierung!<\/a><\/h2>\n<p>https:\/\/act.one.org\/sign\/appell-kuerzungen<\/p>\n<\/div>\n<div class=\"blocks__block block block--text usertext\">\n<hr \/>\n<\/div>\n<p>Die Weltladen Bewegung steht f\u00fcr Fairen Handel, strukturelle Gerechtigkeit und nachhaltige Entwicklung. Gerade in Zeiten globaler Krisen sind gezielte Investitionen in Entwicklungszusammenarbeit und humanit\u00e4re Hilfe unverzichtbar. Indem wir uns dem Aufruf anschlie\u00dfen, senden wir ein wichtiges Signal: Solidarit\u00e4t kennt keine Einsparung.<\/p>\n<p>In einer Zeit, in der globale Herausforderungen wie Klimawandel und geopolitische Instabilit\u00e4t sp\u00fcrbar sind, darf Deutschland seine Verantwortung nicht hintenanstellen. Entwicklungszusammenarbeit und humanit\u00e4re Hilfe sind keine Luxusaufgaben \u2013 sie sind essentiell f\u00fcr eine gerechte Welt. Der Aufruf ist klar: K\u00fcrzungen stoppen, Verantwortung \u00fcbernehmen, gemeinsam weitermachen.<\/p>\n<p>&nbsp;<\/p>\n<p>&nbsp;<\/p>\n<p>&nbsp;<\/p>\n<p>&nbsp;<\/p>\n<p><strong>Handgefertigter Keramik Schmuck von Kazuri &#8211; Gestalten Sie Ihr eigenes Schmuckst\u00fcck<\/strong><\/p>\n<p>Bei Kazuri, einer kenianischen Manufaktur, verdienen heute rund 280 Kenianerinnen ihren Lebensunterhalt. Ziel ist es, alleinstehenden M\u00fcttern eine Existenz zu sichern.<\/p>\n<p>Die Herstellung der Perlen f\u00fcr die Schmuckkollektion erfolgt in reiner Handarbeit. Dadurch gleicht kein St\u00fcck dem anderen. Dies macht den besonderen Reiz der Schmuckst\u00fccke aus.<\/p>\n<p>Heute hat der Schmuck viele Anh\u00e4nger auf der ganzen Welt.<\/p>\n<p>Kreieren Sie Ihre <strong><em>eigenen, individuellen Schmuckst\u00fccke<\/em><\/strong>, mit <strong><em>Perlen aus fairer Keramik<\/em><\/strong> und Gummib\u00e4ndern aus Naturkautschuk im Weltladen Bad Sch\u00f6nborn, gelegen am Marktplatz in Mingolsheim.<\/p>\n<p>Sie interessieren sich f\u00fcr den fairen Handel? Wir bieten Ihnen die M\u00f6glichkeit eines ehrenamtlichen Engagements in einem spannenden Themenumfeld.<\/p>\n<p>&nbsp;<\/p>\n<p><em><strong>Der Weltladen Bad Sch\u00f6nborn beim Europafest im Rathaus in Mingolsheim<\/strong><\/em><\/p>\n<p><strong><img loading=\"lazy\" decoding=\"async\" class=\"alignnone size-medium wp-image-1315\" src=\"https:\/\/weltlaeden.de\/badschoenborn\/wp-content\/uploads\/sites\/62\/2025\/06\/IMG_20250628_152009_7-300x169.jpg\" alt=\"\" width=\"300\" height=\"169\" srcset=\"https:\/\/weltlaeden.de\/badschoenborn\/wp-content\/uploads\/sites\/62\/2025\/06\/IMG_20250628_152009_7-300x169.jpg 300w, https:\/\/weltlaeden.de\/badschoenborn\/wp-content\/uploads\/sites\/62\/2025\/06\/IMG_20250628_152009_7-1024x576.jpg 1024w, https:\/\/weltlaeden.de\/badschoenborn\/wp-content\/uploads\/sites\/62\/2025\/06\/IMG_20250628_152009_7-768x432.jpg 768w, https:\/\/weltlaeden.de\/badschoenborn\/wp-content\/uploads\/sites\/62\/2025\/06\/IMG_20250628_152009_7-1536x863.jpg 1536w, https:\/\/weltlaeden.de\/badschoenborn\/wp-content\/uploads\/sites\/62\/2025\/06\/IMG_20250628_152009_7-2048x1151.jpg 2048w\" sizes=\"auto, (max-width: 300px) 100vw, 300px\" \/>\u201eRund um den Fairen Handel\u201c <\/strong><\/p>\n<p>So lautete das Motto bei der Beteiligung des<strong><em> Weltladens Bad Sch\u00f6nborn am Europafest<\/em><\/strong> am vergangenen Samstag Nachmittag in Mingolsheim.<\/p>\n<p>Bei strahlendem Sonnenschein verweilten die\u00a0 ungarischen und franz\u00f6sischen G\u00e4ste, die aus den Partnergemeinden zum 25. Partnerschaftsjubil\u00e4um angereist waren, \u00a0bei fairem Kaffee- und Kuchengenuss vor und im Rathaus in Mingolsheim.<\/p>\n<p>Dazuhin wurden ausgew\u00e4hlte Sommerwaren sowie eine Auswahl fair gehandelte Lebensmittel im Foyer pr\u00e4sentiert.<\/p>\n<p>Die Besucher verbrachten einen hoffentlich kurzweiligen und interessanten Nachmittag in der Partnergemeinde Mingolsheim. Gleichzeitig lud eine Ausstellung im Rathaus und eine Mitmachmalaktion der evangelischen Kirchengemeinde vor dem Rathaus zu einem Besuch ein.<\/p>\n<p>Zur Ankunft erhielt die Reisegesellschaft von der Gemeinde Bad Sch\u00f6nborn eine bunte Infotasche. Darin befand sich ein Flyer des Weltladens Bad Sch\u00f6nborn mit ungarischem und franz\u00f6sischem Einleger \u00fcber den fairen Handel. Die G\u00e4ste aus den Partnergemeinden erhielten so die M\u00f6glichkeit, sich \u00fcber den <strong>Weltladen Bad Sch\u00f6nborn<\/strong> als wichtigen Teil der <strong>Fair Trade Gemeinde Bad Sch\u00f6nborn<\/strong>, zu informieren.<\/p>\n<p>&nbsp;<\/p>\n<p>&nbsp;<\/p>\n<p>&nbsp;<\/p>\n<p>&nbsp;<\/p>\n<p>&nbsp;<\/p>\n<p><strong><img loading=\"lazy\" decoding=\"async\" class=\"alignnone size-medium wp-image-1312\" src=\"https:\/\/weltlaeden.de\/badschoenborn\/wp-content\/uploads\/sites\/62\/2025\/06\/weltladen-fachtage_2025_messe_weltladen-dachverband_-_c__albuschkat.480x0-300x200.jpg\" alt=\"\" width=\"300\" height=\"200\" srcset=\"https:\/\/weltlaeden.de\/badschoenborn\/wp-content\/uploads\/sites\/62\/2025\/06\/weltladen-fachtage_2025_messe_weltladen-dachverband_-_c__albuschkat.480x0-300x200.jpg 300w, https:\/\/weltlaeden.de\/badschoenborn\/wp-content\/uploads\/sites\/62\/2025\/06\/weltladen-fachtage_2025_messe_weltladen-dachverband_-_c__albuschkat.480x0.jpg 480w\" sizes=\"auto, (max-width: 300px) 100vw, 300px\" \/><img loading=\"lazy\" decoding=\"async\" class=\"alignnone wp-image-1313\" src=\"https:\/\/weltlaeden.de\/badschoenborn\/wp-content\/uploads\/sites\/62\/2025\/06\/weltladen-fachtage_2025_forum_weltladen-dachverband_-_c__albuschkat-1-300x200.jpg\" alt=\"\" width=\"8\" height=\"5\" srcset=\"https:\/\/weltlaeden.de\/badschoenborn\/wp-content\/uploads\/sites\/62\/2025\/06\/weltladen-fachtage_2025_forum_weltladen-dachverband_-_c__albuschkat-1-300x200.jpg 300w, https:\/\/weltlaeden.de\/badschoenborn\/wp-content\/uploads\/sites\/62\/2025\/06\/weltladen-fachtage_2025_forum_weltladen-dachverband_-_c__albuschkat-1-1024x682.jpg 1024w, https:\/\/weltlaeden.de\/badschoenborn\/wp-content\/uploads\/sites\/62\/2025\/06\/weltladen-fachtage_2025_forum_weltladen-dachverband_-_c__albuschkat-1-768x512.jpg 768w, https:\/\/weltlaeden.de\/badschoenborn\/wp-content\/uploads\/sites\/62\/2025\/06\/weltladen-fachtage_2025_forum_weltladen-dachverband_-_c__albuschkat-1-1536x1024.jpg 1536w, https:\/\/weltlaeden.de\/badschoenborn\/wp-content\/uploads\/sites\/62\/2025\/06\/weltladen-fachtage_2025_forum_weltladen-dachverband_-_c__albuschkat-1-2048x1365.jpg 2048w\" sizes=\"auto, (max-width: 8px) 100vw, 8px\" \/>\u00a0 \u00a0 \u00a0 \u00a0 \u00a0 \u00a0 \u00a0 \u00a0 \u00a0 \u00a0 \u00a0 \u00a0 \u00a0 \u00a0 \u00a0 \u00a0 \u00a0 \u00a0 \u00a0 \u00a0 \u00a0 \u00a0 \u00a0 \u00a0 \u00a0 \u00a0 \u00a0 \u00a0 \u00a0 \u00a0 \u00a0 \u00a0 \u00a0 \u00a0 \u00a0 \u00a0 \u00a0 \u00a0 \u00a0 \u00a0 \u00a0 \u00a0 \u00a0 \u00a0 \u00a0 \u00a0 \u00a0 \u00a0 \u00a0 \u00a0 \u00a0 \u00a0 \u00a0 \u00a0 \u00a0 \u00a0 \u00a0 \u00a0 \u00a0 \u00a0 \u00a0 Weltladen-Fachtage in Bad Hersfeld<\/strong><\/p>\n<p>&nbsp;<\/p>\n<p><em><strong><img loading=\"lazy\" decoding=\"async\" class=\"wp-image-1303 aligncenter\" src=\"https:\/\/weltlaeden.de\/badschoenborn\/wp-content\/uploads\/sites\/62\/2025\/06\/IMG-20250624-WA0000-300x225.jpg\" alt=\"\" width=\"350\" height=\"262\" srcset=\"https:\/\/weltlaeden.de\/badschoenborn\/wp-content\/uploads\/sites\/62\/2025\/06\/IMG-20250624-WA0000-300x225.jpg 300w, https:\/\/weltlaeden.de\/badschoenborn\/wp-content\/uploads\/sites\/62\/2025\/06\/IMG-20250624-WA0000-1024x768.jpg 1024w, https:\/\/weltlaeden.de\/badschoenborn\/wp-content\/uploads\/sites\/62\/2025\/06\/IMG-20250624-WA0000-768x576.jpg 768w, https:\/\/weltlaeden.de\/badschoenborn\/wp-content\/uploads\/sites\/62\/2025\/06\/IMG-20250624-WA0000-1536x1152.jpg 1536w, https:\/\/weltlaeden.de\/badschoenborn\/wp-content\/uploads\/sites\/62\/2025\/06\/IMG-20250624-WA0000.jpg 1600w\" sizes=\"auto, (max-width: 350px) 100vw, 350px\" \/><\/strong><\/em>\u00a0 \u00a0 \u00a0 \u00a0 \u00a0 \u00a0 \u00a0 \u00a0 \u00a0 \u00a0 \u00a0 \u00a0 \u00a0 \u00a0 \u00a0 \u00a0 \u00a0 \u00a0 \u00a0 \u00a0 \u00a0 \u00a0 \u00a0 \u00a0 \u00a0 \u00a0 \u00a0 \u00a0 \u00a0 \u00a0 \u00a0 \u00a0 \u00a0 \u00a0 \u00a0 \u00a0 \u00a0 \u00a0 \u00a0 \u00a0 \u00a0 \u00a0 Quelle: Weltladen Bad Sch\u00f6nborn<\/p>\n<p><em>\u00a0\u00a0<\/em><\/p>\n<p><strong><em>Weltladen Bad Sch\u00f6nborn war beim bundesweiten Netzwerktreffen der Weltladen-Bewegung<\/em><\/strong><\/p>\n<p>Die Vision des Fairen Handels nach einer gerechten und solidarischen Welt ist aktuell wichtiger denn je. Der <strong>Weltladen Bad Sch\u00f6nborn<\/strong> war am 20.\/21.06.2025 beim bundesweit gr\u00f6\u00dften Netzwerktreffen der Weltladen-Bewegung in Bad Hersfeld. Die Mitarbeitenden des Weltladens konnten sich bei der Messe mit den Weltladen-Lieferanten austauschen, Produktneuheiten kennenlernen und sich bei der Tagung weiterbilden. Rund 60 Aussteller waren mit Ihren fair gehandelten Produkten vertreten. Dabei waren Klassiker wie Kaffee oder Schokolade, einzigartige Handwerksprodukte und Geschenkartikel sowie Dinge des t\u00e4glichen Bedarfs wie Seifen, Kosmetik oder bio-faire Textilien.<br \/>\nRund 500 Teilnehmende aus Weltl\u00e4den und anderen Fair-Handels-Organisationen nahmen an der vom Weltladen-Dachverband ausgerichteten Veranstaltung teil.<\/p>\n<p>Das Team des Weltladens hat sich au\u00dferdem in Workshops zu allen Bereichen der Weltladen-Arbeit wie dem <strong>Verkauf fair gehandelter Produkte,<\/strong> der<strong> Bildungsarbeit und politischen Kampagnen<\/strong> weitergebildet. In mehreren Foren wurden Fragen zur Zukunft der Weltladen-Bewegung diskutiert.<\/p>\n<p>Den Auftakt bildete anl\u00e4sslich des 50-j\u00e4hrigen Bestehens des Weltladen-Dachverbandes ein Gespr\u00e4ch mit Sven Giegold, dem stellvertretenden Bundesvorsitzenden von B\u00dcNDNIS 90\/Die Gr\u00fcnen, und Gifty Rosetta Amo Antwi, der Gesch\u00e4ftsf\u00fchrerin des Weltladen-Dachverbandes. Sven Giegold hat betont, wie wichtig die \u00fcber 900 Weltl\u00e4den als Orte f\u00fcr politischen Dialog sind.<\/p>\n<p>&nbsp;<\/p>\n<p>&nbsp;<\/p>\n<p><strong>Faire Schokoladenverkostung zum Weltladentag 2025<\/strong><\/p>\n<div id=\"attachment_1290\" style=\"width: 310px\" class=\"wp-caption alignnone\"><img loading=\"lazy\" decoding=\"async\" aria-describedby=\"caption-attachment-1290\" class=\"size-medium wp-image-1290\" src=\"https:\/\/weltlaeden.de\/badschoenborn\/wp-content\/uploads\/sites\/62\/2025\/05\/IMG_20250510_184805_8-300x169.jpg\" alt=\"\" width=\"300\" height=\"169\" srcset=\"https:\/\/weltlaeden.de\/badschoenborn\/wp-content\/uploads\/sites\/62\/2025\/05\/IMG_20250510_184805_8-300x169.jpg 300w, https:\/\/weltlaeden.de\/badschoenborn\/wp-content\/uploads\/sites\/62\/2025\/05\/IMG_20250510_184805_8-1024x576.jpg 1024w, https:\/\/weltlaeden.de\/badschoenborn\/wp-content\/uploads\/sites\/62\/2025\/05\/IMG_20250510_184805_8-768x432.jpg 768w, https:\/\/weltlaeden.de\/badschoenborn\/wp-content\/uploads\/sites\/62\/2025\/05\/IMG_20250510_184805_8-1536x863.jpg 1536w, https:\/\/weltlaeden.de\/badschoenborn\/wp-content\/uploads\/sites\/62\/2025\/05\/IMG_20250510_184805_8-2048x1151.jpg 2048w\" sizes=\"auto, (max-width: 300px) 100vw, 300px\" \/><p id=\"caption-attachment-1290\" class=\"wp-caption-text\">Foto: Ulrike Thienel<\/p><\/div>\n<p><em><em><br \/>\nAm Samstagnachmittag, <strong>den 10. Mai<\/strong>, war es soweit \u2013 der diesj\u00e4hrige Jahrmarkt wurde er\u00f6ffnet. Das sonnige Wetter meinte es zum Jahrmarktswochenende in Mingolsheim gut. Das bunte Treiben zog zahlreiche Besucher an.<br \/>\nDer Weltladen Bad Sch\u00f6nborn war mit einem Stand zur Schokoladenverkostung dabei. <\/em><\/em><\/p>\n<p>Die BesucherInnen konnten Schokoladen probieren \u2013 passend zum diesj\u00e4hrigen Thema <strong>\u201eFairer Kakaoanbau\u201c <\/strong>des Weltladentages, der am 10. Mai, initiiert vom Weltladendachverband, mit verschiedenen Aktionen bundesweit begangen wurde. Die verschiedenen Geschm\u00e4cker wurden bedient \u2013 von klassischer wei\u00dfer oder Vollmilchschokolade bis zu dunkler Schokolade mit Kakaonibs.Das Angebot wurde gerne wahrgenommen.<br \/>\nVor allem die westafrikanische Schokoladenfirma <strong>&#8222;fairafric&#8220; <\/strong><em>beeindruckt mit ihrer klima- und sozialfreundlichen Schokoladenproduktion in Ghana.<br \/>\nAuch am verkaufsoffenen Sonntag war der Weltladen Bad Sch\u00f6nborn ge\u00f6ffnet. Die KundInnen wurden eingeladen, faire Schokoladensorten zu verkosten und sich \u00fcber die Bedingungen des Kakaoanbaus zu informieren. Auch dieses Angebot wurde gerne wahrgenommen.<br \/>\nDer Kakaoanbau in Westafrika, dem Hauptanbaugebiet f\u00fcr Kakao, steht massiv unter Druck aufgrund der von der Klimaver\u00e4nderung verursachten D\u00fcrre. Dazu kommt ein vermehrter Sch\u00e4dlingsbefall. Dies f\u00fchrt zu Ernteausf\u00e4llen und erh\u00f6ht die Kakaopreise. Notwendig sind Investitionen in \u00f6kologischen Anbau sowie eine gezielte Unterst\u00fctzung der Existenz der Kakaob\u00e4uerinnen und Kakaobauern.<\/em><\/p>\n<p>Durch den Kauf von fair gehandelter Schokolade helfen Sie mit, die Lebensbedingungen in Westafrika f\u00fcr die an der Kakaoernte beteiligten Familien zu verbessern und Kinderarbeit zu verhindern.<\/p>\n<p>&#8230;.<br \/>\n&#8230;.<\/p>\n<p><strong>Von Tee aus Kerala bis Taschen, alles fair und aus Indien<\/strong><\/p>\n<p>Anl\u00e4sslich eines Parnterschaftsgottesdienstes der evangelischen Kirchengemeinde Bad Sch\u00f6nborn, welcher die Partnerschaft des Kirchenbezirkes Bretten-Bruchsal mit der Di\u00f6zese Malabar zum Thema hatte, stellte der Weltladen Bad Sch\u00f6nborn am 02. Februar 2025 handgefertigte Produkte und faire K\u00f6stlichkeiten aus Indien im Foyer der Kirche in der Hebelstra\u00dfe in Mingolsheim, zum Verkauf aus.<\/p>\n<p>An dem Stand reichte die Auswahl von kunstvoll hergestellten Taschen und Seidenschals bis zu wohltuend riechenden R\u00e4ucherst\u00e4bchen und geschmackbringendem Pfeffer und Salz aus fairem Handel.<br \/>\nF\u00fcr eine indische Teestunde wurden ein fair produzierter Schwarztee aus Kerala und Zucker angeboten.<img loading=\"lazy\" decoding=\"async\" class=\"alignnone size-medium wp-image-1210\" src=\"https:\/\/weltlaeden.de\/badschoenborn\/wp-content\/uploads\/sites\/62\/2025\/02\/IMG_20250202_095703_2-300x169.jpg\" alt=\"\" width=\"300\" height=\"169\" srcset=\"https:\/\/weltlaeden.de\/badschoenborn\/wp-content\/uploads\/sites\/62\/2025\/02\/IMG_20250202_095703_2-300x169.jpg 300w, https:\/\/weltlaeden.de\/badschoenborn\/wp-content\/uploads\/sites\/62\/2025\/02\/IMG_20250202_095703_2-1024x576.jpg 1024w, https:\/\/weltlaeden.de\/badschoenborn\/wp-content\/uploads\/sites\/62\/2025\/02\/IMG_20250202_095703_2-768x432.jpg 768w, https:\/\/weltlaeden.de\/badschoenborn\/wp-content\/uploads\/sites\/62\/2025\/02\/IMG_20250202_095703_2-1536x863.jpg 1536w, https:\/\/weltlaeden.de\/badschoenborn\/wp-content\/uploads\/sites\/62\/2025\/02\/IMG_20250202_095703_2-2048x1151.jpg 2048w\" sizes=\"auto, (max-width: 300px) 100vw, 300px\" \/><\/p>\n<p>Die ehrenamtlichen Mitarbeiterinnen pr\u00e4sentierten die Waren und gaben Auskunft \u00fcber Herkunft und Produktion an Interessierte weiter.<\/p>\n<p>Foto: Ulrike Thienel<\/p>\n<p>[vc_row][vc_column]<style type=\"text\/css\" data-type=\"the7_shortcodes-inline-css\">.blog-shortcode.blog-masonry-shortcode-id-619a3c9b8a7ede2e122ac85cf8b67672.dividers-on.classic-layout-list article {\n  padding-top: 0;\n}\n.blog-shortcode.blog-masonry-shortcode-id-619a3c9b8a7ede2e122ac85cf8b67672.dividers-on.classic-layout-list article:first-of-type {\n  margin-top: 0;\n  padding-top: 0;\n}\n.blog-shortcode.blog-masonry-shortcode-id-619a3c9b8a7ede2e122ac85cf8b67672.classic-layout-list.mode-list .post-entry-content {\n  width: calc(100% - );\n}\n.blog-shortcode.blog-masonry-shortcode-id-619a3c9b8a7ede2e122ac85cf8b67672.classic-layout-list.mode-list .no-img .post-entry-content {\n  width: 100%;\n}\n.blog-shortcode.blog-masonry-shortcode-id-619a3c9b8a7ede2e122ac85cf8b67672 .filter-bg-decoration .filter-categories a.act {\n  color: #fff;\n}\n.blog-shortcode.blog-masonry-shortcode-id-619a3c9b8a7ede2e122ac85cf8b67672:not(.mode-masonry) article:first-of-type,\n.blog-shortcode.blog-masonry-shortcode-id-619a3c9b8a7ede2e122ac85cf8b67672:not(.mode-masonry) article.visible.first:not(.product) {\n  margin-top: 0;\n}\n.blog-shortcode.blog-masonry-shortcode-id-619a3c9b8a7ede2e122ac85cf8b67672.dividers-on:not(.mode-masonry) article {\n  margin-top: 0;\n}\n.blog-shortcode.blog-masonry-shortcode-id-619a3c9b8a7ede2e122ac85cf8b67672.dividers-on:not(.mode-masonry) article:first-of-type,\n.blog-shortcode.blog-masonry-shortcode-id-619a3c9b8a7ede2e122ac85cf8b67672.dividers-on:not(.mode-masonry) article.visible.first:not(.product) {\n  margin-top: 0;\n  padding-top: 0;\n}\n.blog-shortcode.blog-masonry-shortcode-id-619a3c9b8a7ede2e122ac85cf8b67672 .post-thumbnail-wrap {\n  padding: 0px 0px 0px 0px;\n}\n.blog-shortcode.blog-masonry-shortcode-id-619a3c9b8a7ede2e122ac85cf8b67672.enable-bg-rollover .post-thumbnail-rollover:after {\n  background: -webkit-linear-gradient();\n  background: linear-gradient();\n}\n.blog-shortcode.blog-masonry-shortcode-id-619a3c9b8a7ede2e122ac85cf8b67672 .gallery-zoom-ico {\n  width: 44px;\n  height: 44px;\n  line-height: 44px;\n  border-radius: 100px;\n  margin: -22px 0 0 -22px;\n  border-width: 0px;\n  color: #ffffff;\n}\n.bottom-overlap-layout-list.blog-shortcode.blog-masonry-shortcode-id-619a3c9b8a7ede2e122ac85cf8b67672 .gallery-zoom-ico {\n  margin-top: -72px;\n}\n.gradient-overlay-layout-list.blog-shortcode.blog-masonry-shortcode-id-619a3c9b8a7ede2e122ac85cf8b67672 .gallery-zoom-ico,\n.content-rollover-layout-list.blog-shortcode.blog-masonry-shortcode-id-619a3c9b8a7ede2e122ac85cf8b67672 .gallery-zoom-ico {\n  margin: 0 0 10px;\n}\n.content-align-center.gradient-overlay-layout-list.blog-shortcode.blog-masonry-shortcode-id-619a3c9b8a7ede2e122ac85cf8b67672 .gallery-zoom-ico,\n.content-align-center.content-rollover-layout-list.blog-shortcode.blog-masonry-shortcode-id-619a3c9b8a7ede2e122ac85cf8b67672 .gallery-zoom-ico {\n  margin: 0 auto 10px;\n}\n.dt-icon-bg-on.blog-shortcode.blog-masonry-shortcode-id-619a3c9b8a7ede2e122ac85cf8b67672 .gallery-zoom-ico {\n  background: rgba(255,255,255,0.3);\n  box-shadow: none;\n}\n.blog-shortcode.blog-masonry-shortcode-id-619a3c9b8a7ede2e122ac85cf8b67672 .gallery-zoom-ico > span,\n.blog-shortcode.blog-masonry-shortcode-id-619a3c9b8a7ede2e122ac85cf8b67672 .gallery-zoom-ico:before {\n  font-size: 32px;\n  line-height: 44px;\n}\n.blog-shortcode.blog-masonry-shortcode-id-619a3c9b8a7ede2e122ac85cf8b67672 .gallery-zoom-ico > span,\n.blog-shortcode.blog-masonry-shortcode-id-619a3c9b8a7ede2e122ac85cf8b67672 .gallery-zoom-ico:before {\n  color: #ffffff;\n}\n.blog-shortcode.blog-masonry-shortcode-id-619a3c9b8a7ede2e122ac85cf8b67672 .entry-title,\n.blog-shortcode.blog-masonry-shortcode-id-619a3c9b8a7ede2e122ac85cf8b67672.owl-carousel .entry-title {\n  margin-bottom: 5px;\n  font-weight: bold;\n}\n.blog-shortcode.blog-masonry-shortcode-id-619a3c9b8a7ede2e122ac85cf8b67672 .entry-meta {\n  margin-bottom: 15px;\n}\n.blog-shortcode.blog-masonry-shortcode-id-619a3c9b8a7ede2e122ac85cf8b67672 .portfolio-categories {\n  margin-bottom: 15px;\n}\n.blog-shortcode.blog-masonry-shortcode-id-619a3c9b8a7ede2e122ac85cf8b67672 .entry-excerpt {\n  margin-bottom: 5px;\n}\n.blog-shortcode.blog-masonry-shortcode-id-619a3c9b8a7ede2e122ac85cf8b67672:not(.centered-layout-list) .post-entry-content {\n  padding: 25px 30px 30px 30px;\n}\n.blog-shortcode.blog-masonry-shortcode-id-619a3c9b8a7ede2e122ac85cf8b67672:not(.centered-layout-list):not(.content-bg-on):not(.mode-list) .no-img .post-entry-content {\n  padding: 0;\n}\n@media screen and (max-width: ) {\n  .blog-shortcode.blog-masonry-shortcode-id-619a3c9b8a7ede2e122ac85cf8b67672 article {\n    -ms-flex-flow: column nowrap;\n    flex-flow: column nowrap;\n    margin-top: 20px;\n  }\n  .blog-shortcode.blog-masonry-shortcode-id-619a3c9b8a7ede2e122ac85cf8b67672.dividers-on article {\n    border: none;\n  }\n  .blog-shortcode.blog-masonry-shortcode-id-619a3c9b8a7ede2e122ac85cf8b67672.content-bg-on.centered-layout-list article {\n    padding: 0;\n  }\n  .blog-shortcode.blog-masonry-shortcode-id-619a3c9b8a7ede2e122ac85cf8b67672.blog-shortcode.dividers-on article,\n  .blog-shortcode.blog-masonry-shortcode-id-619a3c9b8a7ede2e122ac85cf8b67672.dividers-on.classic-layout-list article {\n    margin-top: 20px;\n    padding: 0;\n  }\n  .blog-shortcode.blog-masonry-shortcode-id-619a3c9b8a7ede2e122ac85cf8b67672.blog-shortcode.dividers-on article:first-of-type,\n  .blog-shortcode.blog-masonry-shortcode-id-619a3c9b8a7ede2e122ac85cf8b67672.dividers-on.classic-layout-list article:first-of-type {\n    padding: 0;\n  }\n  #page .blog-shortcode.blog-masonry-shortcode-id-619a3c9b8a7ede2e122ac85cf8b67672 .post-thumbnail-wrap,\n  #page .blog-shortcode.blog-masonry-shortcode-id-619a3c9b8a7ede2e122ac85cf8b67672 .post-entry-content {\n    width: 100%;\n    margin: 0;\n    top: 0;\n  }\n  #page .blog-shortcode.blog-masonry-shortcode-id-619a3c9b8a7ede2e122ac85cf8b67672 .post-thumbnail-wrap {\n    padding: 0;\n  }\n  #page .blog-shortcode.blog-masonry-shortcode-id-619a3c9b8a7ede2e122ac85cf8b67672 .post-entry-content:after {\n    display: none;\n  }\n  #page .blog-shortcode.blog-masonry-shortcode-id-619a3c9b8a7ede2e122ac85cf8b67672 .project-even .post-thumbnail-wrap,\n  #page .blog-shortcode.blog-masonry-shortcode-id-619a3c9b8a7ede2e122ac85cf8b67672.centered-layout-list .post-thumbnail-wrap {\n    -ms-flex-order: 0;\n    order: 0;\n  }\n  #page .blog-shortcode.blog-masonry-shortcode-id-619a3c9b8a7ede2e122ac85cf8b67672.centered-layout-list .post-entry-title-content {\n    -ms-flex-order: 1;\n    order: 1;\n    width: 100%;\n    padding: 20px 20px 0;\n  }\n  #page .blog-shortcode.blog-masonry-shortcode-id-619a3c9b8a7ede2e122ac85cf8b67672.centered-layout-list .post-entry-content {\n    -ms-flex-order: 2;\n    order: 2;\n    padding-top: 0;\n  }\n  #page .blog-shortcode.blog-masonry-shortcode-id-619a3c9b8a7ede2e122ac85cf8b67672 .fancy-categories {\n    top: 10px;\n    left: 10px;\n    bottom: auto;\n    right: auto;\n  }\n  #page .blog-shortcode.blog-masonry-shortcode-id-619a3c9b8a7ede2e122ac85cf8b67672 .fancy-date a {\n    top: 10px;\n    right: 10px;\n    left: auto;\n    bottom: auto;\n  }\n  #page .blog-shortcode.blog-masonry-shortcode-id-619a3c9b8a7ede2e122ac85cf8b67672 .post-entry-content {\n    padding: 20px;\n  }\n  #page .blog-shortcode.blog-masonry-shortcode-id-619a3c9b8a7ede2e122ac85cf8b67672 .entry-title {\n    margin: 3px 0 5px;\n    font-size: 20px;\n    line-height: 26px;\n  }\n  #page .blog-shortcode.blog-masonry-shortcode-id-619a3c9b8a7ede2e122ac85cf8b67672 .entry-meta {\n    margin: 5px 0 5px;\n  }\n  #page .blog-shortcode.blog-masonry-shortcode-id-619a3c9b8a7ede2e122ac85cf8b67672 .entry-excerpt {\n    margin: 15px 0 0;\n  }\n  #page .blog-shortcode.blog-masonry-shortcode-id-619a3c9b8a7ede2e122ac85cf8b67672 .post-details {\n    margin: 5px 0 10px;\n  }\n  #page .blog-shortcode.blog-masonry-shortcode-id-619a3c9b8a7ede2e122ac85cf8b67672 .post-details.details-type-link {\n    margin-bottom: 2px;\n  }\n}<\/style><div class=\"blog-shortcode blog-masonry-shortcode-id-619a3c9b8a7ede2e122ac85cf8b67672 mode-masonry classic-layout-list content-bg-on scale-img dt-icon-bg-off resize-by-browser-width loading-effect-none description-under-image \" data-padding=\"15px\" data-cur-page=\"1\" data-post-limit=\"-1\" data-pagination-mode=\"pages\" data-desktop-columns-num=\"2\" data-v-tablet-columns-num=\"1\" data-h-tablet-columns-num=\"2\" data-phone-columns-num=\"1\" data-width=\"0px\" data-columns=\"0\"><div class=\"iso-container\" ><div class=\"visible wf-cell iso-item\" data-post-id=\"1190\" data-date=\"2025-02-21T11:12:34+01:00\" data-name=\"Wir bieten eine spannende T\u00e4tigkeit in einem fairen Umfeld\"><article class=\"post project-odd visible no-img post-1190 type-post status-publish format-standard hentry category-allgemein category-1\" data-name=\"Wir bieten eine spannende T\u00e4tigkeit in einem fairen Umfeld\" data-date=\"2025-02-21T11:12:34+01:00\">\n\n<div class=\"post-entry-content\">\n\n\t<h3 class=\"entry-title\">\n\t\t<a href=\"https:\/\/weltlaeden.de\/badschoenborn\/frohes-neues-jahr-2025\/\" title=\"Wir bieten eine spannende T\u00e4tigkeit in einem fairen Umfeld\" rel=\"bookmark\">Wir bieten eine spannende T\u00e4tigkeit in einem fairen Umfeld<\/a>\n\t<\/h3>\n\n\t<div class=\"entry-meta\"><a href=\"https:\/\/weltlaeden.de\/badschoenborn\/2025\/02\/21\/\" title=\"11:12\" class=\"data-link\" rel=\"bookmark\"><time class=\"entry-date updated\" datetime=\"2025-02-21T11:12:34+01:00\">21. Februar 2025<\/time><\/a><\/div>\n\t<div class=\"entry-excerpt\"><p>Sie wollen sich f\u00fcr Menschenrechte, Gerechtigkeit und Demokratie einsetzen und haben Interesse an einer ehrenamtlichen Mitarbeit in unserem Team? Es erwartet Sie eine abwechslungsreiche T\u00e4tigkeit, verbunden mit spannenden Einblicken in die Welt des fairen Handels. Schauen Sie im Weltladen in Mingolsheim, in der Friedrichstra\u00dfe 52 vorbei, Sie sind herzlich willkomen!<\/p>\n<\/div>\n\t\n<a href=\"https:\/\/weltlaeden.de\/badschoenborn\/frohes-neues-jahr-2025\/\" class=\"dt-btn-s dt-btn post-details details-type-btn\" aria-label=\"Read more about Wir bieten eine spannende T\u00e4tigkeit in einem fairen Umfeld\">Weiterlesen<i class=\"dt-icon-the7-arrow-03\" aria-hidden=\"true\"><\/i><\/a>\n\n<\/div><\/article><\/div><div class=\"visible wf-cell iso-item\" data-post-id=\"1164\" data-date=\"2024-10-25T15:42:54+02:00\" data-name=\"Faire Cocktails zum Jubil\u00e4um!\"><article class=\"post project-odd visible post-1164 type-post status-publish format-standard has-post-thumbnail hentry category-allgemein category-1\" data-name=\"Faire Cocktails zum Jubil\u00e4um!\" data-date=\"2024-10-25T15:42:54+02:00\">\n\n<div class=\"post-thumbnail-wrap\">\n\t<div class=\"post-thumbnail\">\n\t\t\n\t\t\n\t\t<a href=\"https:\/\/weltlaeden.de\/badschoenborn\/faire-cocktails-zum-jubilaeum\/\" class=\"post-thumbnail-rollover layzr-bg layzr-bg\" ><img fetchpriority=\"high\" decoding=\"async\" class=\"iso-lazy-load preload-me iso-lazy-load aspect\" src=\"data:image\/svg+xml,%3Csvg%20xmlns%3D&#39;http%3A%2F%2Fwww.w3.org%2F2000%2Fsvg&#39;%20viewBox%3D&#39;0%200%20625%20417&#39;%2F%3E\" data-src=\"https:\/\/weltlaeden.de\/badschoenborn\/wp-content\/uploads\/sites\/62\/2024\/10\/2024_10_Faire-Cocktails-zum-Jubilaeum-625x417.jpg\" data-srcset=\"https:\/\/weltlaeden.de\/badschoenborn\/wp-content\/uploads\/sites\/62\/2024\/10\/2024_10_Faire-Cocktails-zum-Jubilaeum-625x417.jpg 625w\" loading=\"eager\" style=\"--ratio: 625 \/ 417\" sizes=\"(max-width: 625px) 100vw, 625px\" alt=\"Ehrenamtliche beim Zubereiten von bunten Cocktails\" title=\"2024_10_Faire Cocktails zum Jubil\u00e4um\" width=\"625\" height=\"417\"  \/><\/a>\t<\/div>\n<\/div>\n\n\n<div class=\"post-entry-content\">\n\n\t<h3 class=\"entry-title\">\n\t\t<a href=\"https:\/\/weltlaeden.de\/badschoenborn\/faire-cocktails-zum-jubilaeum\/\" title=\"Faire Cocktails zum Jubil\u00e4um!\" rel=\"bookmark\">Faire Cocktails zum Jubil\u00e4um!<\/a>\n\t<\/h3>\n\n\t<div class=\"entry-meta\"><a href=\"https:\/\/weltlaeden.de\/badschoenborn\/2024\/10\/25\/\" title=\"15:42\" class=\"data-link\" rel=\"bookmark\"><time class=\"entry-date updated\" datetime=\"2024-10-25T15:42:54+02:00\">25. Oktober 2024<\/time><\/a><\/div>\n\t<div class=\"entry-excerpt\"><p>Alkoholfrei feiern liegt im Trend \u2013 und wenn dabei Fairtrade-Zutaten in Bio-Qualit\u00e4t ins Spiel kommen ist neben der gerechteren Lieferkette auch die Umwelt weniger belastet. \u00dcber 100 Pina Coladas und \u201eIpanemas\u201d mit Mango und Ingwer wurden beim Jubil\u00e4um am 11.10.2024 getrunken.<\/p>\n<\/div>\n\t\n<a href=\"https:\/\/weltlaeden.de\/badschoenborn\/faire-cocktails-zum-jubilaeum\/\" class=\"dt-btn-s dt-btn post-details details-type-btn\" aria-label=\"Read more about Faire Cocktails zum Jubil\u00e4um!\">Weiterlesen<i class=\"dt-icon-the7-arrow-03\" aria-hidden=\"true\"><\/i><\/a>\n\n<\/div><\/article><\/div><div class=\"visible wf-cell iso-item\" data-post-id=\"1146\" data-date=\"2024-07-14T18:24:24+02:00\" data-name=\"Bad Sch\u00f6nborn ist Fairtrade-Town!\"><article class=\"post project-odd visible post-1146 type-post status-publish format-standard has-post-thumbnail hentry category-allgemein category-1\" data-name=\"Bad Sch\u00f6nborn ist Fairtrade-Town!\" data-date=\"2024-07-14T18:24:24+02:00\">\n\n<div class=\"post-thumbnail-wrap\">\n\t<div class=\"post-thumbnail\">\n\t\t\n\t\t\n\t\t<a href=\"https:\/\/weltlaeden.de\/badschoenborn\/bad-schoenborn-ist-fairtrade-town\/\" class=\"post-thumbnail-rollover layzr-bg layzr-bg\" ><img decoding=\"async\" class=\"iso-lazy-load preload-me iso-lazy-load aspect\" src=\"data:image\/svg+xml,%3Csvg%20xmlns%3D&#39;http%3A%2F%2Fwww.w3.org%2F2000%2Fsvg&#39;%20viewBox%3D&#39;0%200%20678%20452&#39;%2F%3E\" data-src=\"https:\/\/weltlaeden.de\/badschoenborn\/wp-content\/uploads\/sites\/62\/2024\/07\/FairtradeTown_Auszeichnfeier_SteuerungsGruppeUrkunden-678x452.jpg\" data-srcset=\"https:\/\/weltlaeden.de\/badschoenborn\/wp-content\/uploads\/sites\/62\/2024\/07\/FairtradeTown_Auszeichnfeier_SteuerungsGruppeUrkunden-678x452.jpg 678w\" loading=\"eager\" style=\"--ratio: 678 \/ 452\" sizes=\"(max-width: 678px) 100vw, 678px\" alt=\"Steuerungsgruppe Auszeichnung Bad Sch\u00f6nborn Fairtrade Town f\u00fcr zwei Jahre Sonntag 14. Juli 2024\" title=\"FairtradeTown_Auszeichnfeier_SteuerungsGruppeUrkunden\" width=\"678\" height=\"452\"  \/><\/a>\t<\/div>\n<\/div>\n\n\n<div class=\"post-entry-content\">\n\n\t<h3 class=\"entry-title\">\n\t\t<a href=\"https:\/\/weltlaeden.de\/badschoenborn\/bad-schoenborn-ist-fairtrade-town\/\" title=\"Bad Sch\u00f6nborn ist Fairtrade-Town!\" rel=\"bookmark\">Bad Sch\u00f6nborn ist Fairtrade-Town!<\/a>\n\t<\/h3>\n\n\t<div class=\"entry-meta\"><a href=\"https:\/\/weltlaeden.de\/badschoenborn\/2024\/07\/14\/\" title=\"18:24\" class=\"data-link\" rel=\"bookmark\"><time class=\"entry-date updated\" datetime=\"2024-07-14T18:24:24+02:00\">14. Juli 2024<\/time><\/a><\/div>\n\t<div class=\"entry-excerpt\"><p>Die Arbeit der Steuerungsgruppe f\u00fchrte zur erfolgreichen Auszeichnung Bad Sch\u00f6nborns zur Fairtrade Town f\u00fcr zwei Jahre. Vertreterinnen und Vertreter aus Vereinen, Kirchen, dem Gemeinderat, der Gemeindeverwaltung, des Einzelhandels und der Gastronomie feierten am Sonntag, 14. Juli 2024 im Rahmen des Familienfestes die Urkundenverleihung durch Herrn Manfred Holz von Fairtrade Deutschland.<\/p>\n<\/div>\n\t\n<a href=\"https:\/\/weltlaeden.de\/badschoenborn\/bad-schoenborn-ist-fairtrade-town\/\" class=\"dt-btn-s dt-btn post-details details-type-btn\" aria-label=\"Read more about Bad Sch\u00f6nborn ist Fairtrade-Town!\">Weiterlesen<i class=\"dt-icon-the7-arrow-03\" aria-hidden=\"true\"><\/i><\/a>\n\n<\/div><\/article><\/div><div class=\"visible wf-cell iso-item\" data-post-id=\"1127\" data-date=\"2024-05-02T16:19:13+02:00\" data-name=\"Unverpackt aus Burkina Faso: Fairtrade-Cashewkerne!\"><article class=\"post project-odd visible no-img post-1127 type-post status-publish format-standard hentry category-allgemein category-1\" data-name=\"Unverpackt aus Burkina Faso: Fairtrade-Cashewkerne!\" data-date=\"2024-05-02T16:19:13+02:00\">\n\n<div class=\"post-entry-content\">\n\n\t<h3 class=\"entry-title\">\n\t\t<a href=\"https:\/\/weltlaeden.de\/badschoenborn\/unverpackt-aus-burkina-faso-fairtrade-cashewkerne\/\" title=\"Unverpackt aus Burkina Faso: Fairtrade-Cashewkerne!\" rel=\"bookmark\">Unverpackt aus Burkina Faso: Fairtrade-Cashewkerne!<\/a>\n\t<\/h3>\n\n\t<div class=\"entry-meta\"><a href=\"https:\/\/weltlaeden.de\/badschoenborn\/2024\/05\/02\/\" title=\"16:19\" class=\"data-link\" rel=\"bookmark\"><time class=\"entry-date updated\" datetime=\"2024-05-02T16:19:13+02:00\">2. Mai 2024<\/time><\/a><\/div>\n\t<div class=\"entry-excerpt\"><p>M\u00fcllvermeidung bei Lebensmitteltransporten wird zur Herausforderung der Zukunft, denn die Massen der Plastikverpackungen belasten die Umwelt mehrfach: bei der Herstellung und beim Wegschmei\u00dfen. Deshalb seit Ostern 2024: Die k\u00f6stlichen Nusskerne der Cashew-\u00c4pfel \u2013 unverpackt! Der h\u00f6here Preis, den man f\u00fcr Fairtrade-Cashew-Kerne bezahlt, hat viele Gr\u00fcnde:\u00a0Die rohen Cashew-Kerne sind ungenie\u00dfbar und m\u00fcssen durch Erhitzung aufw\u00e4ndig aus&hellip;<\/p>\n<\/div>\n\t\n<a href=\"https:\/\/weltlaeden.de\/badschoenborn\/unverpackt-aus-burkina-faso-fairtrade-cashewkerne\/\" class=\"dt-btn-s dt-btn post-details details-type-btn\" aria-label=\"Read more about Unverpackt aus Burkina Faso: Fairtrade-Cashewkerne!\">Weiterlesen<i class=\"dt-icon-the7-arrow-03\" aria-hidden=\"true\"><\/i><\/a>\n\n<\/div><\/article><\/div><div class=\"visible wf-cell iso-item\" data-post-id=\"1111\" data-date=\"2024-01-19T11:35:11+01:00\" data-name=\"Upcycling aus Sansibar\"><article class=\"post project-odd visible post-1111 type-post status-publish format-standard has-post-thumbnail hentry category-allgemein category-1\" data-name=\"Upcycling aus Sansibar\" data-date=\"2024-01-19T11:35:11+01:00\">\n\n<div class=\"post-thumbnail-wrap\">\n\t<div class=\"post-thumbnail\">\n\t\t\n\t\t\n\t\t<a href=\"https:\/\/weltlaeden.de\/badschoenborn\/upcycling-aus-sansibar\/\" class=\"post-thumbnail-rollover layzr-bg layzr-bg\" ><img decoding=\"async\" class=\"iso-lazy-load preload-me iso-lazy-load aspect\" src=\"data:image\/svg+xml,%3Csvg%20xmlns%3D&#39;http%3A%2F%2Fwww.w3.org%2F2000%2Fsvg&#39;%20viewBox%3D&#39;0%200%20708%20472&#39;%2F%3E\" data-src=\"https:\/\/weltlaeden.de\/badschoenborn\/wp-content\/uploads\/sites\/62\/2024\/01\/Sansibar_upcycling_contigo.jpg\" data-srcset=\"https:\/\/weltlaeden.de\/badschoenborn\/wp-content\/uploads\/sites\/62\/2024\/01\/Sansibar_upcycling_contigo.jpg 708w\" loading=\"eager\" style=\"--ratio: 708 \/ 472\" sizes=\"(max-width: 708px) 100vw, 708px\" alt=\"Mitarbeiterinnen pr\u00e4sentieren Upcycling-Kunsthandwerk\" title=\"Sansibar_upcycling_contigo\" width=\"708\" height=\"472\"  \/><\/a>\t<\/div>\n<\/div>\n\n\n<div class=\"post-entry-content\">\n\n\t<h3 class=\"entry-title\">\n\t\t<a href=\"https:\/\/weltlaeden.de\/badschoenborn\/upcycling-aus-sansibar\/\" title=\"Upcycling aus Sansibar\" rel=\"bookmark\">Upcycling aus Sansibar<\/a>\n\t<\/h3>\n\n\t<div class=\"entry-meta\"><a href=\"https:\/\/weltlaeden.de\/badschoenborn\/2024\/01\/19\/\" title=\"11:35\" class=\"data-link\" rel=\"bookmark\"><time class=\"entry-date updated\" datetime=\"2024-01-19T11:35:11+01:00\">19. Januar 2024<\/time><\/a><\/div>\n\t<div class=\"entry-excerpt\"><p>M\u00fcllvermeidung in Afrika:\u00a0Kunstfertige Menschen verbessern ihre Zukunft, indem sie als Rohstoffe das nutzen, was andere wegschmei\u00dfen. Der Tourismus ist ein gro\u00dfer Wirtschaftszweig auf der im Indischen Ozean gelegenen Insel. Auf Sansibar ist die Verm\u00fcllung der Str\u00e4nde hochproblematisch. Die Einheimischen leben zumeist am Rande der Armutsgrenze und sammeln Verwertbares. Anfangs verkauften die Upcycling-K\u00fcnstlerInnen selbstgemachte Souvenirs in&hellip;<\/p>\n<\/div>\n\t\n<a href=\"https:\/\/weltlaeden.de\/badschoenborn\/upcycling-aus-sansibar\/\" class=\"dt-btn-s dt-btn post-details details-type-btn\" aria-label=\"Read more about Upcycling aus Sansibar\">Weiterlesen<i class=\"dt-icon-the7-arrow-03\" aria-hidden=\"true\"><\/i><\/a>\n\n<\/div><\/article><\/div><div class=\"visible wf-cell iso-item\" data-post-id=\"1077\" data-date=\"2023-07-28T13:47:11+02:00\" data-name=\"Faires Fr\u00fchst\u00fcck bei der 1250-Jahr-Feier Mingolsheim\"><article class=\"post project-odd visible post-1077 type-post status-publish format-standard has-post-thumbnail hentry category-allgemein category-1\" data-name=\"Faires Fr\u00fchst\u00fcck bei der 1250-Jahr-Feier Mingolsheim\" data-date=\"2023-07-28T13:47:11+02:00\">\n\n<div class=\"post-thumbnail-wrap\">\n\t<div class=\"post-thumbnail\">\n\t\t\n\t\t\n\t\t<a href=\"https:\/\/weltlaeden.de\/badschoenborn\/faires-fruehstueck-bei-der-1250-jahr-feier-mingolsheim\/\" class=\"post-thumbnail-rollover layzr-bg layzr-bg\" ><img decoding=\"async\" class=\"iso-lazy-load preload-me iso-lazy-load aspect\" src=\"data:image\/svg+xml,%3Csvg%20xmlns%3D&#39;http%3A%2F%2Fwww.w3.org%2F2000%2Fsvg&#39;%20viewBox%3D&#39;0%200%20768%20512&#39;%2F%3E\" data-src=\"https:\/\/weltlaeden.de\/badschoenborn\/wp-content\/uploads\/sites\/62\/2023\/07\/Mingolsheim_Fest_Kinder-Suchspiel_Faires-Fruehstueck-768x512.jpg\" data-srcset=\"https:\/\/weltlaeden.de\/badschoenborn\/wp-content\/uploads\/sites\/62\/2023\/07\/Mingolsheim_Fest_Kinder-Suchspiel_Faires-Fruehstueck-768x512.jpg 768w, https:\/\/weltlaeden.de\/badschoenborn\/wp-content\/uploads\/sites\/62\/2023\/07\/Mingolsheim_Fest_Kinder-Suchspiel_Faires-Fruehstueck-910x607.jpg 910w\" loading=\"eager\" style=\"--ratio: 768 \/ 512\" sizes=\"(max-width: 768px) 100vw, 768px\" alt=\"Faires Fr\u00fchst\u00fcck 1250 Jahre Mingolsheim\" title=\"Mingolsheim_Fest_Kinder-Suchspiel_Faires Fr\u00fchst\u00fcck\" width=\"768\" height=\"512\"  \/><\/a>\t<\/div>\n<\/div>\n\n\n<div class=\"post-entry-content\">\n\n\t<h3 class=\"entry-title\">\n\t\t<a href=\"https:\/\/weltlaeden.de\/badschoenborn\/faires-fruehstueck-bei-der-1250-jahr-feier-mingolsheim\/\" title=\"Faires Fr\u00fchst\u00fcck bei der 1250-Jahr-Feier Mingolsheim\" rel=\"bookmark\">Faires Fr\u00fchst\u00fcck bei der 1250-Jahr-Feier Mingolsheim<\/a>\n\t<\/h3>\n\n\t<div class=\"entry-meta\"><a href=\"https:\/\/weltlaeden.de\/badschoenborn\/2023\/07\/28\/\" title=\"13:47\" class=\"data-link\" rel=\"bookmark\"><time class=\"entry-date updated\" datetime=\"2023-07-28T13:47:11+02:00\">28. Juli 2023<\/time><\/a><\/div>\n\t<div class=\"entry-excerpt\"><p>Im Festzelt beim Sportpark in der Sch\u00f6nbornallee wurde am Sonntag, 25. Juni 2023 in den fr\u00fchen Morgenstunden geschnippelt, geschafft und geschleppt, um p\u00fcnktlich um 8.30 Uhr \u00fcber 100 Tassen Kaffee und Bio-Lebensmittel am Start zu haben, um die vielen Fr\u00fchst\u00fccksg\u00e4ste zu bewirten. Die angenehmen Morgenstunden vergingen wie im Flug bis nach dem Gottesdienst das Kinderprogramm&hellip;<\/p>\n<\/div>\n\t\n<a href=\"https:\/\/weltlaeden.de\/badschoenborn\/faires-fruehstueck-bei-der-1250-jahr-feier-mingolsheim\/\" class=\"dt-btn-s dt-btn post-details details-type-btn\" aria-label=\"Read more about Faires Fr\u00fchst\u00fcck bei der 1250-Jahr-Feier Mingolsheim\">Weiterlesen<i class=\"dt-icon-the7-arrow-03\" aria-hidden=\"true\"><\/i><\/a>\n\n<\/div><\/article><\/div><div class=\"visible wf-cell iso-item\" data-post-id=\"1056\" data-date=\"2023-05-03T16:19:36+02:00\" data-name=\"Frische Fairtrade-Mangos im Angebot!\"><article class=\"post project-odd visible post-1056 type-post status-publish format-standard has-post-thumbnail hentry category-allgemein category-1\" data-name=\"Frische Fairtrade-Mangos im Angebot!\" data-date=\"2023-05-03T16:19:36+02:00\">\n\n<div class=\"post-thumbnail-wrap\">\n\t<div class=\"post-thumbnail\">\n\t\t\n\t\t\n\t\t<a href=\"https:\/\/weltlaeden.de\/badschoenborn\/frische-fairtrade-mangos-im-angebot\/\" class=\"post-thumbnail-rollover layzr-bg layzr-bg\" ><img decoding=\"async\" class=\"iso-lazy-load preload-me iso-lazy-load aspect\" src=\"data:image\/svg+xml,%3Csvg%20xmlns%3D&#39;http%3A%2F%2Fwww.w3.org%2F2000%2Fsvg&#39;%20viewBox%3D&#39;0%200%20762%20508&#39;%2F%3E\" data-src=\"https:\/\/weltlaeden.de\/badschoenborn\/wp-content\/uploads\/sites\/62\/2023\/05\/Mangos_fairtrade_frisch-762x508.jpg\" data-srcset=\"https:\/\/weltlaeden.de\/badschoenborn\/wp-content\/uploads\/sites\/62\/2023\/05\/Mangos_fairtrade_frisch-762x508.jpg 762w\" loading=\"eager\" style=\"--ratio: 762 \/ 508\" sizes=\"(max-width: 762px) 100vw, 762px\" alt=\"Mangos aus Burkina Faso\" title=\"Mangos_fairtrade_frisch\" width=\"762\" height=\"508\"  \/><\/a>\t<\/div>\n<\/div>\n\n\n<div class=\"post-entry-content\">\n\n\t<h3 class=\"entry-title\">\n\t\t<a href=\"https:\/\/weltlaeden.de\/badschoenborn\/frische-fairtrade-mangos-im-angebot\/\" title=\"Frische Fairtrade-Mangos im Angebot!\" rel=\"bookmark\">Frische Fairtrade-Mangos im Angebot!<\/a>\n\t<\/h3>\n\n\t<div class=\"entry-meta\"><a href=\"https:\/\/weltlaeden.de\/badschoenborn\/2023\/05\/03\/\" title=\"16:19\" class=\"data-link\" rel=\"bookmark\"><time class=\"entry-date updated\" datetime=\"2023-05-03T16:19:36+02:00\">3. Mai 2023<\/time><\/a><\/div>\n\t<div class=\"entry-excerpt\"><p>Qualit\u00e4t, die \u00fcberzeugt! \u201eKipepeo\u201c bedeutet auf Suaheli Schmetterling. Der Name steht f\u00fcr die nachhaltige Entwicklung, die Kipepeo bio &amp; fair GmbH im Lauf der Jahre bei ihren Kleinbauern durch den Export ihrer Biofr\u00fcchte sehen. Zielsetzung von Kipepeo \u00a0ist es, sonnengereifte tropische Fr\u00fcchte nach Europa zu importieren, um den Erzeugern in Afrika existenzsichernde Einkommen zu verschaffen&hellip;<\/p>\n<\/div>\n\t\n<a href=\"https:\/\/weltlaeden.de\/badschoenborn\/frische-fairtrade-mangos-im-angebot\/\" class=\"dt-btn-s dt-btn post-details details-type-btn\" aria-label=\"Read more about Frische Fairtrade-Mangos im Angebot!\">Weiterlesen<i class=\"dt-icon-the7-arrow-03\" aria-hidden=\"true\"><\/i><\/a>\n\n<\/div><\/article><\/div><div class=\"visible wf-cell iso-item\" data-post-id=\"1036\" data-date=\"2023-03-31T10:03:03+02:00\" data-name=\"Weltladen bietet Praktikumspl\u00e4tze\"><article class=\"post project-odd visible post-1036 type-post status-publish format-standard has-post-thumbnail hentry category-allgemein category-1\" data-name=\"Weltladen bietet Praktikumspl\u00e4tze\" data-date=\"2023-03-31T10:03:03+02:00\">\n\n<div class=\"post-thumbnail-wrap\">\n\t<div class=\"post-thumbnail\">\n\t\t\n\t\t\n\t\t<a href=\"https:\/\/weltlaeden.de\/badschoenborn\/weltladen-bietet-praktikumsplaetze\/\" class=\"post-thumbnail-rollover layzr-bg layzr-bg\" ><img decoding=\"async\" class=\"iso-lazy-load preload-me iso-lazy-load aspect\" src=\"data:image\/svg+xml,%3Csvg%20xmlns%3D&#39;http%3A%2F%2Fwww.w3.org%2F2000%2Fsvg&#39;%20viewBox%3D&#39;0%200%20768%20512&#39;%2F%3E\" data-src=\"https:\/\/weltlaeden.de\/badschoenborn\/wp-content\/uploads\/sites\/62\/2023\/03\/Sozialpraktikum_Vorstellung_LGOe-768x512.jpg\" data-srcset=\"https:\/\/weltlaeden.de\/badschoenborn\/wp-content\/uploads\/sites\/62\/2023\/03\/Sozialpraktikum_Vorstellung_LGOe-768x512.jpg 768w, https:\/\/weltlaeden.de\/badschoenborn\/wp-content\/uploads\/sites\/62\/2023\/03\/Sozialpraktikum_Vorstellung_LGOe-886x590.jpg 886w\" loading=\"eager\" style=\"--ratio: 768 \/ 512\" sizes=\"(max-width: 768px) 100vw, 768px\" alt=\"Gruppenbild Anbieter Sozialpraktikum im LG\u00d6\" title=\"Sozialpraktikum_Vorstellung_LG\u00d6\" width=\"768\" height=\"512\"  \/><\/a>\t<\/div>\n<\/div>\n\n\n<div class=\"post-entry-content\">\n\n\t<h3 class=\"entry-title\">\n\t\t<a href=\"https:\/\/weltlaeden.de\/badschoenborn\/weltladen-bietet-praktikumsplaetze\/\" title=\"Weltladen bietet Praktikumspl\u00e4tze\" rel=\"bookmark\">Weltladen bietet Praktikumspl\u00e4tze<\/a>\n\t<\/h3>\n\n\t<div class=\"entry-meta\"><a href=\"https:\/\/weltlaeden.de\/badschoenborn\/2023\/03\/31\/\" title=\"10:03\" class=\"data-link\" rel=\"bookmark\"><time class=\"entry-date updated\" datetime=\"2023-03-31T10:03:03+02:00\">31. M\u00e4rz 2023<\/time><\/a><\/div>\n\t<div class=\"entry-excerpt\"><p>Am Leibniz-Gymnasium in \u00d6stringen (LG\u00d6) wird wieder schulbegleitend das Sozialpraktikum f\u00fcr 10. Klassen angeboten. Dazu fand am Montag, 27.03.23 ein Informationstag in der Schule statt. Der Weltladen Bad Sch\u00f6nborn wurde von den Organisatorinnen Ann-Kathrin Gugumus und Martina K\u00f6hler eingeladen, um sein Angebot den jungen Interessierten vorzustellen.\u00a0Ausgehend von den 17 Nachhaltigkeitszielen der UN fragte die Referentin&hellip;<\/p>\n<\/div>\n\t\n<a href=\"https:\/\/weltlaeden.de\/badschoenborn\/weltladen-bietet-praktikumsplaetze\/\" class=\"dt-btn-s dt-btn post-details details-type-btn\" aria-label=\"Read more about Weltladen bietet Praktikumspl\u00e4tze\">Weiterlesen<i class=\"dt-icon-the7-arrow-03\" aria-hidden=\"true\"><\/i><\/a>\n\n<\/div><\/article><\/div><div class=\"visible wf-cell iso-item\" data-post-id=\"1026\" data-date=\"2023-02-14T13:40:09+01:00\" data-name=\"Schm\u00fcckender Valentin!\"><article class=\"post project-odd visible post-1026 type-post status-publish format-standard has-post-thumbnail hentry category-allgemein category-1\" data-name=\"Schm\u00fcckender Valentin!\" data-date=\"2023-02-14T13:40:09+01:00\">\n\n<div class=\"post-thumbnail-wrap\">\n\t<div class=\"post-thumbnail\">\n\t\t\n\t\t\n\t\t<a href=\"https:\/\/weltlaeden.de\/badschoenborn\/schmueckender-valentin\/\" class=\"post-thumbnail-rollover layzr-bg layzr-bg\" ><img decoding=\"async\" class=\"iso-lazy-load preload-me iso-lazy-load aspect\" src=\"data:image\/svg+xml,%3Csvg%20xmlns%3D&#39;http%3A%2F%2Fwww.w3.org%2F2000%2Fsvg&#39;%20viewBox%3D&#39;0%200%20768%20512&#39;%2F%3E\" data-src=\"https:\/\/weltlaeden.de\/badschoenborn\/wp-content\/uploads\/sites\/62\/2023\/02\/Peru_Schmuckperlen_Heimarbeit-768x512.jpg\" data-srcset=\"https:\/\/weltlaeden.de\/badschoenborn\/wp-content\/uploads\/sites\/62\/2023\/02\/Peru_Schmuckperlen_Heimarbeit-768x512.jpg 768w, https:\/\/weltlaeden.de\/badschoenborn\/wp-content\/uploads\/sites\/62\/2023\/02\/Peru_Schmuckperlen_Heimarbeit-1152x768.jpg 1152w\" loading=\"eager\" style=\"--ratio: 768 \/ 512\" sizes=\"(max-width: 768px) 100vw, 768px\" alt=\"Schmuckherstellung in S\u00fcdamerika\" title=\"Peru_Schmuckperlen_Heimarbeit\" width=\"768\" height=\"512\"  \/><\/a>\t<\/div>\n<\/div>\n\n\n<div class=\"post-entry-content\">\n\n\t<h3 class=\"entry-title\">\n\t\t<a href=\"https:\/\/weltlaeden.de\/badschoenborn\/schmueckender-valentin\/\" title=\"Schm\u00fcckender Valentin!\" rel=\"bookmark\">Schm\u00fcckender Valentin!<\/a>\n\t<\/h3>\n\n\t<div class=\"entry-meta\"><a href=\"https:\/\/weltlaeden.de\/badschoenborn\/2023\/02\/14\/\" title=\"13:40\" class=\"data-link\" rel=\"bookmark\"><time class=\"entry-date updated\" datetime=\"2023-02-14T13:40:09+01:00\">14. Februar 2023<\/time><\/a><\/div>\n\t<div class=\"entry-excerpt\"><p>Das Fairtrade-zertifizierte Partnerunternehmen Artes Manolita in Peru erm\u00f6glicht zahlreichen Kunsthandwerkerinnen eine faire Entlohnung f\u00fcr ihre Arbeit. Dabei profitieren besonders die Frauen, da sie durch Heimarbeit am Erwerbsleben beteiligt sind, w\u00e4hrend sie zu Hause die Familienarbeit t\u00e4tigen.\u00a0Der Weltladen m\u00f6chte diese Kooperative unterst\u00fctzen, da das Leben in Peru durch gewaltt\u00e4tige Unruhen nach der Amtsenthebung und Verhaftung von&hellip;<\/p>\n<\/div>\n\t\n<a href=\"https:\/\/weltlaeden.de\/badschoenborn\/schmueckender-valentin\/\" class=\"dt-btn-s dt-btn post-details details-type-btn\" aria-label=\"Read more about Schm\u00fcckender Valentin!\">Weiterlesen<i class=\"dt-icon-the7-arrow-03\" aria-hidden=\"true\"><\/i><\/a>\n\n<\/div><\/article><\/div><div class=\"visible wf-cell iso-item\" data-post-id=\"760\" data-date=\"2022-11-21T13:22:23+01:00\" data-name=\"Heiss auf Fairtrade-Schokolade?\"><article class=\"post project-odd visible post-760 type-post status-publish format-standard has-post-thumbnail hentry category-allgemein category-1\" data-name=\"Heiss auf Fairtrade-Schokolade?\" data-date=\"2022-11-21T13:22:23+01:00\">\n\n<div class=\"post-thumbnail-wrap\">\n\t<div class=\"post-thumbnail\">\n\t\t\n\t\t\n\t\t<a href=\"https:\/\/weltlaeden.de\/badschoenborn\/lieferservice-2\/\" class=\"post-thumbnail-rollover layzr-bg layzr-bg\" ><img decoding=\"async\" class=\"iso-lazy-load preload-me iso-lazy-load aspect\" src=\"data:image\/svg+xml,%3Csvg%20xmlns%3D&#39;http%3A%2F%2Fwww.w3.org%2F2000%2Fsvg&#39;%20viewBox%3D&#39;0%200%20708%20472&#39;%2F%3E\" data-src=\"https:\/\/weltlaeden.de\/badschoenborn\/wp-content\/uploads\/sites\/62\/2022\/11\/Weihnachtsmarkt_Mingolsheim-708x472.jpg\" data-srcset=\"https:\/\/weltlaeden.de\/badschoenborn\/wp-content\/uploads\/sites\/62\/2022\/11\/Weihnachtsmarkt_Mingolsheim-708x472.jpg 708w, https:\/\/weltlaeden.de\/badschoenborn\/wp-content\/uploads\/sites\/62\/2022\/11\/Weihnachtsmarkt_Mingolsheim-709x472.jpg 709w\" loading=\"eager\" style=\"--ratio: 708 \/ 472\" sizes=\"(max-width: 708px) 100vw, 708px\" alt=\"Weihnachtsmarkt Mingolsheim Ausschank ab 16 Uhr\" title=\"Weihnachtsmarkt_Mingolsheim\" width=\"708\" height=\"472\"  \/><\/a>\t<\/div>\n<\/div>\n\n\n<div class=\"post-entry-content\">\n\n\t<h3 class=\"entry-title\">\n\t\t<a href=\"https:\/\/weltlaeden.de\/badschoenborn\/lieferservice-2\/\" title=\"Heiss auf Fairtrade-Schokolade?\" rel=\"bookmark\">Heiss auf Fairtrade-Schokolade?<\/a>\n\t<\/h3>\n\n\t<div class=\"entry-meta\"><a href=\"https:\/\/weltlaeden.de\/badschoenborn\/2022\/11\/21\/\" title=\"13:22\" class=\"data-link\" rel=\"bookmark\"><time class=\"entry-date updated\" datetime=\"2022-11-21T13:22:23+01:00\">21. November 2022<\/time><\/a><\/div>\n\t<div class=\"entry-excerpt\"><p>Ausschank am Samstag, 26.11.22 auf dem Mingolsheimer Weihnachtsmarkt Die Ehrenamtlichen des Weltladens laden herzlich ein, Hei\u00dfgetr\u00e4nke wie Trinkschokolade und Tees aus Fairem Handel zu probieren. Au\u00dferdem wird auch Bio-Gl\u00fchwein ab 16.00 Uhr an der H\u00fctte vor der Sparkasse ausgeschenkt. Im Fairen Handel gibt es bereits zahlreiche Lebensmittel in Bio-Qualit\u00e4t. Doch Nachhaltigkeit betrifft zunehmend auch die&hellip;<\/p>\n<\/div>\n\t\n<a href=\"https:\/\/weltlaeden.de\/badschoenborn\/lieferservice-2\/\" class=\"dt-btn-s dt-btn post-details details-type-btn\" aria-label=\"Read more about Heiss auf Fairtrade-Schokolade?\">Weiterlesen<i class=\"dt-icon-the7-arrow-03\" aria-hidden=\"true\"><\/i><\/a>\n\n<\/div><\/article><\/div><div class=\"visible wf-cell iso-item\" data-post-id=\"1005\" data-date=\"2022-11-04T14:36:49+01:00\" data-name=\"Weihnachtskarten f\u00fcr Geldgeschenke\"><article class=\"post project-odd visible no-img post-1005 type-post status-publish format-standard hentry category-produktinformation category-12\" data-name=\"Weihnachtskarten f\u00fcr Geldgeschenke\" data-date=\"2022-11-04T14:36:49+01:00\">\n\n<div class=\"post-entry-content\">\n\n\t<h3 class=\"entry-title\">\n\t\t<a href=\"https:\/\/weltlaeden.de\/badschoenborn\/weihnachtskarten-fuer-geldgeschenke\/\" title=\"Weihnachtskarten f\u00fcr Geldgeschenke\" rel=\"bookmark\">Weihnachtskarten f\u00fcr Geldgeschenke<\/a>\n\t<\/h3>\n\n\t<div class=\"entry-meta\"><a href=\"https:\/\/weltlaeden.de\/badschoenborn\/2022\/11\/04\/\" title=\"14:36\" class=\"data-link\" rel=\"bookmark\"><time class=\"entry-date updated\" datetime=\"2022-11-04T14:36:49+01:00\">4. November 2022<\/time><\/a><\/div>\n\t<div class=\"entry-excerpt\"><p>[vc_row][vc_column][vc_column_text]Diese besonderen Papiere wurden in Nepal hergestellt. Die Karten bestehen aus den Fasern der Seidelbast-Pflanze. Mit dem Kauf unterst\u00fctzen Sie eine Papier-Manufaktur und tragen dazu bei, dass diese Handwerkstradition erhalten bleibt.[\/vc_column_text][\/vc_column][\/vc_row][vc_row][vc_column][\/vc_column][\/vc_row]<\/p>\n<\/div>\n\t\n<a href=\"https:\/\/weltlaeden.de\/badschoenborn\/weihnachtskarten-fuer-geldgeschenke\/\" class=\"dt-btn-s dt-btn post-details details-type-btn\" aria-label=\"Read more about Weihnachtskarten f\u00fcr Geldgeschenke\">Weiterlesen<i class=\"dt-icon-the7-arrow-03\" aria-hidden=\"true\"><\/i><\/a>\n\n<\/div><\/article><\/div><div class=\"visible wf-cell iso-item\" data-post-id=\"992\" data-date=\"2022-07-22T15:17:44+02:00\" data-name=\"M\u00e4chtig unfair! Weltladentag 2022 im Sole Aktiv-Park\"><article class=\"post project-odd visible post-992 type-post status-publish format-standard has-post-thumbnail hentry category-allgemein category-1\" data-name=\"M\u00e4chtig unfair! Weltladentag 2022 im Sole Aktiv-Park\" data-date=\"2022-07-22T15:17:44+02:00\">\n\n<div class=\"post-thumbnail-wrap\">\n\t<div class=\"post-thumbnail\">\n\t\t\n\t\t\n\t\t<a href=\"https:\/\/weltlaeden.de\/badschoenborn\/maechtig-unfair-weltladentag-2022-im-sole-aktiv-park\/\" class=\"post-thumbnail-rollover layzr-bg layzr-bg\" ><img decoding=\"async\" class=\"iso-lazy-load preload-me iso-lazy-load aspect\" src=\"data:image\/svg+xml,%3Csvg%20xmlns%3D&#39;http%3A%2F%2Fwww.w3.org%2F2000%2Fsvg&#39;%20viewBox%3D&#39;0%200%20768%20512&#39;%2F%3E\" data-src=\"https:\/\/weltlaeden.de\/badschoenborn\/wp-content\/uploads\/sites\/62\/2022\/07\/Nachbericht_Weltladentag_22-768x512.jpg\" data-srcset=\"https:\/\/weltlaeden.de\/badschoenborn\/wp-content\/uploads\/sites\/62\/2022\/07\/Nachbericht_Weltladentag_22-768x512.jpg 768w, https:\/\/weltlaeden.de\/badschoenborn\/wp-content\/uploads\/sites\/62\/2022\/07\/Nachbericht_Weltladentag_22-1048x698.jpg 1048w\" loading=\"eager\" style=\"--ratio: 768 \/ 512\" sizes=\"(max-width: 768px) 100vw, 768px\" alt=\"M\u00e4chtig unfair Kurpark Bad sch\u00f6nborn\" title=\"Nachbericht_Weltladentag_22\" width=\"768\" height=\"512\"  \/><\/a>\t<\/div>\n<\/div>\n\n\n<div class=\"post-entry-content\">\n\n\t<h3 class=\"entry-title\">\n\t\t<a href=\"https:\/\/weltlaeden.de\/badschoenborn\/maechtig-unfair-weltladentag-2022-im-sole-aktiv-park\/\" title=\"M\u00e4chtig unfair! Weltladentag 2022 im Sole Aktiv-Park\" rel=\"bookmark\">M\u00e4chtig unfair! Weltladentag 2022 im Sole Aktiv-Park<\/a>\n\t<\/h3>\n\n\t<div class=\"entry-meta\"><a href=\"https:\/\/weltlaeden.de\/badschoenborn\/2022\/07\/22\/\" title=\"15:17\" class=\"data-link\" rel=\"bookmark\"><time class=\"entry-date updated\" datetime=\"2022-07-22T15:17:44+02:00\">22. Juli 2022<\/time><\/a><\/div>\n\t<div class=\"entry-excerpt\"><p>Am Weltladentag 2022 luden die Aktiven von Faire Welt e.V. Bad Sch\u00f6nborn ein, im Kurpark den Pfad der Billigpreise zu begehen.\u00a0\u201eDie Marktmacht sei mit Dir\u201d erfuhren Interessierte, die eine kleine, finstere Star-Wars-Figur auf einer wei\u00df verh\u00fcllten Kiste unweit des Biergartens betrachteten. Am Sonntag den 15. Mai 2022 hatten die Aktiven des Vereins diese und viele&hellip;<\/p>\n<\/div>\n\t\n<a href=\"https:\/\/weltlaeden.de\/badschoenborn\/maechtig-unfair-weltladentag-2022-im-sole-aktiv-park\/\" class=\"dt-btn-s dt-btn post-details details-type-btn\" aria-label=\"Read more about M\u00e4chtig unfair! Weltladentag 2022 im Sole Aktiv-Park\">Weiterlesen<i class=\"dt-icon-the7-arrow-03\" aria-hidden=\"true\"><\/i><\/a>\n\n<\/div><\/article><\/div><div class=\"visible wf-cell iso-item\" data-post-id=\"959\" data-date=\"2022-02-28T09:46:15+01:00\" data-name=\"Faire Rosen in Langenbr\u00fccken und Mingolsheim!\"><article class=\"post project-odd visible post-959 type-post status-publish format-standard has-post-thumbnail hentry category-allgemein category-1\" data-name=\"Faire Rosen in Langenbr\u00fccken und Mingolsheim!\" data-date=\"2022-02-28T09:46:15+01:00\">\n\n<div class=\"post-thumbnail-wrap\">\n\t<div class=\"post-thumbnail\">\n\t\t\n\t\t\n\t\t<a href=\"https:\/\/weltlaeden.de\/badschoenborn\/faire-rosen-in-langenbruecken-und-mingolsheim\/\" class=\"post-thumbnail-rollover layzr-bg layzr-bg\" ><img decoding=\"async\" class=\"iso-lazy-load preload-me iso-lazy-load aspect\" src=\"data:image\/svg+xml,%3Csvg%20xmlns%3D&#39;http%3A%2F%2Fwww.w3.org%2F2000%2Fsvg&#39;%20viewBox%3D&#39;0%200%20768%20512&#39;%2F%3E\" data-src=\"https:\/\/weltlaeden.de\/badschoenborn\/wp-content\/uploads\/sites\/62\/2022\/02\/Rosenaktion_Weltfrauentag_22-768x512.jpg\" data-srcset=\"https:\/\/weltlaeden.de\/badschoenborn\/wp-content\/uploads\/sites\/62\/2022\/02\/Rosenaktion_Weltfrauentag_22-768x512.jpg 768w, https:\/\/weltlaeden.de\/badschoenborn\/wp-content\/uploads\/sites\/62\/2022\/02\/Rosenaktion_Weltfrauentag_22-886x590.jpg 886w\" loading=\"eager\" style=\"--ratio: 768 \/ 512\" sizes=\"(max-width: 768px) 100vw, 768px\" alt=\"Bad Sch\u00f6nborn Fairtrade\" title=\"Rosenaktion_Weltfrauentag_22\" width=\"768\" height=\"512\"  \/><\/a>\t<\/div>\n<\/div>\n\n\n<div class=\"post-entry-content\">\n\n\t<h3 class=\"entry-title\">\n\t\t<a href=\"https:\/\/weltlaeden.de\/badschoenborn\/faire-rosen-in-langenbruecken-und-mingolsheim\/\" title=\"Faire Rosen in Langenbr\u00fccken und Mingolsheim!\" rel=\"bookmark\">Faire Rosen in Langenbr\u00fccken und Mingolsheim!<\/a>\n\t<\/h3>\n\n\t<div class=\"entry-meta\"><a href=\"https:\/\/weltlaeden.de\/badschoenborn\/2022\/02\/28\/\" title=\"9:46\" class=\"data-link\" rel=\"bookmark\"><time class=\"entry-date updated\" datetime=\"2022-02-28T09:46:15+01:00\">28. Februar 2022<\/time><\/a><\/div>\n\t<div class=\"entry-excerpt\"><p>Am Weltfrauentag,\u00a0Dienstag, 8. M\u00e4rz ab 8.00 Uhr\u00a0auf dem Marktplatz Mingolsheim. \u201eEs ist ein kleines Dankesch\u00f6n f\u00fcr unsere B\u00fcrgerinnen und B\u00fcrger und gleichzeitig setzen wir ein Zeichen, dass wir auch in Pandemiezeiten Fairtrade Town werden wollen,\u201d so Tanja Baumann von der Steuerungsgruppe Fairtrade Town. Auf dem\u00a0Niederbronn-les-Bains-Platz in Langenbr\u00fccken wird am Freitag, dem 11. M\u00e4rz ab 10&hellip;<\/p>\n<\/div>\n\t\n<a href=\"https:\/\/weltlaeden.de\/badschoenborn\/faire-rosen-in-langenbruecken-und-mingolsheim\/\" class=\"dt-btn-s dt-btn post-details details-type-btn\" aria-label=\"Read more about Faire Rosen in Langenbr\u00fccken und Mingolsheim!\">Weiterlesen<i class=\"dt-icon-the7-arrow-03\" aria-hidden=\"true\"><\/i><\/a>\n\n<\/div><\/article><\/div><div class=\"visible wf-cell iso-item\" data-post-id=\"888\" data-date=\"2021-10-04T11:04:07+02:00\" data-name=\"Klimaschutz beginnt in der K\u00fcche\"><article class=\"post project-odd visible post-888 type-post status-publish format-standard has-post-thumbnail hentry category-allgemein category-1\" data-name=\"Klimaschutz beginnt in der K\u00fcche\" data-date=\"2021-10-04T11:04:07+02:00\">\n\n<div class=\"post-thumbnail-wrap\">\n\t<div class=\"post-thumbnail\">\n\t\t\n\t\t\n\t\t<a href=\"https:\/\/weltlaeden.de\/badschoenborn\/klimaschutz-beginnt-in-der-kueche\/\" class=\"post-thumbnail-rollover layzr-bg layzr-bg\" ><img decoding=\"async\" class=\"iso-lazy-load preload-me iso-lazy-load aspect\" src=\"data:image\/svg+xml,%3Csvg%20xmlns%3D&#39;http%3A%2F%2Fwww.w3.org%2F2000%2Fsvg&#39;%20viewBox%3D&#39;0%200%20768%20512&#39;%2F%3E\" data-src=\"https:\/\/weltlaeden.de\/badschoenborn\/wp-content\/uploads\/sites\/62\/2021\/10\/2021_10_07_Buch_Bunk_Kochen-768x512.jpg\" data-srcset=\"https:\/\/weltlaeden.de\/badschoenborn\/wp-content\/uploads\/sites\/62\/2021\/10\/2021_10_07_Buch_Bunk_Kochen-768x512.jpg 768w, https:\/\/weltlaeden.de\/badschoenborn\/wp-content\/uploads\/sites\/62\/2021\/10\/2021_10_07_Buch_Bunk_Kochen-1152x768.jpg 1152w\" loading=\"eager\" style=\"--ratio: 768 \/ 512\" sizes=\"(max-width: 768px) 100vw, 768px\" alt=\"Haus des Gastes Bad Sch\u00f6nborn: Buchvorstellung\" title=\"2021_10_07_Buch_Bunk_Kochen\" width=\"768\" height=\"512\"  \/><\/a>\t<\/div>\n<\/div>\n\n\n<div class=\"post-entry-content\">\n\n\t<h3 class=\"entry-title\">\n\t\t<a href=\"https:\/\/weltlaeden.de\/badschoenborn\/klimaschutz-beginnt-in-der-kueche\/\" title=\"Klimaschutz beginnt in der K\u00fcche\" rel=\"bookmark\">Klimaschutz beginnt in der K\u00fcche<\/a>\n\t<\/h3>\n\n\t<div class=\"entry-meta\"><a href=\"https:\/\/weltlaeden.de\/badschoenborn\/2021\/10\/04\/\" title=\"11:04\" class=\"data-link\" rel=\"bookmark\"><time class=\"entry-date updated\" datetime=\"2021-10-04T11:04:07+02:00\">4. Oktober 2021<\/time><\/a><\/div>\n\t<div class=\"entry-excerpt\"><p>F\u00fcr 1000 EUR im Jahr Essen wegwerfen? Am Dienstag, 28.09. konnten Daniela Blech-Straub, Monika Engelhardt und weitere Vereinsmitglieder die M\u00fcnchner Autorin von \u201eKochen mit gutem Gewissen\u201d im Haus des Gastes begr\u00fc\u00dfen.\u00a0 Anneliese Bunk, die mit \u201ePlastikfrei leben\u201d einen Bestseller publiziert hat, verbindet Ressourcenschonung mit fairer und wassersparender Beschaffung. Im gut besuchten Saal kamen erstaunliche Tatsachen&hellip;<\/p>\n<\/div>\n\t\n<a href=\"https:\/\/weltlaeden.de\/badschoenborn\/klimaschutz-beginnt-in-der-kueche\/\" class=\"dt-btn-s dt-btn post-details details-type-btn\" aria-label=\"Read more about Klimaschutz beginnt in der K\u00fcche\">Weiterlesen<i class=\"dt-icon-the7-arrow-03\" aria-hidden=\"true\"><\/i><\/a>\n\n<\/div><\/article><\/div><div class=\"visible wf-cell iso-item\" data-post-id=\"826\" data-date=\"2021-04-12T17:21:33+02:00\" data-name=\"Click &amp; Collect geht auch Fair: Online bestellen \u2013 lokale Initiative unterst\u00fctzen\"><article class=\"post project-odd visible post-826 type-post status-publish format-standard has-post-thumbnail hentry category-allgemein category-1\" data-name=\"Click &amp; Collect geht auch Fair: Online bestellen \u2013 lokale Initiative unterst\u00fctzen\" data-date=\"2021-04-12T17:21:33+02:00\">\n\n<div class=\"post-thumbnail-wrap\">\n\t<div class=\"post-thumbnail\">\n\t\t\n\t\t\n\t\t<a href=\"https:\/\/weltlaeden.de\/badschoenborn\/click-collect-geht-auch-fair-online-bestellen-lokale-initiative-unterstuetzen\/\" class=\"post-thumbnail-rollover layzr-bg layzr-bg\" ><img decoding=\"async\" class=\"iso-lazy-load preload-me iso-lazy-load aspect\" src=\"data:image\/svg+xml,%3Csvg%20xmlns%3D&#39;http%3A%2F%2Fwww.w3.org%2F2000%2Fsvg&#39;%20viewBox%3D&#39;0%200%20768%20512&#39;%2F%3E\" data-src=\"https:\/\/weltlaeden.de\/badschoenborn\/wp-content\/uploads\/sites\/62\/2021\/04\/2021_04_15_FairesClickCollect-768x512.jpg\" data-srcset=\"https:\/\/weltlaeden.de\/badschoenborn\/wp-content\/uploads\/sites\/62\/2021\/04\/2021_04_15_FairesClickCollect-768x512.jpg 768w, https:\/\/weltlaeden.de\/badschoenborn\/wp-content\/uploads\/sites\/62\/2021\/04\/2021_04_15_FairesClickCollect-877x585.jpg 877w\" loading=\"eager\" style=\"--ratio: 768 \/ 512\" sizes=\"(max-width: 768px) 100vw, 768px\" alt=\"Faires Online bestellen\" title=\"2021_04_15_FairesClick&amp;Collect\" width=\"768\" height=\"512\"  \/><\/a>\t<\/div>\n<\/div>\n\n\n<div class=\"post-entry-content\">\n\n\t<h3 class=\"entry-title\">\n\t\t<a href=\"https:\/\/weltlaeden.de\/badschoenborn\/click-collect-geht-auch-fair-online-bestellen-lokale-initiative-unterstuetzen\/\" title=\"Click &amp; Collect geht auch Fair: Online bestellen \u2013 lokale Initiative unterst\u00fctzen\" rel=\"bookmark\">Click &amp; Collect geht auch Fair: Online bestellen \u2013 lokale Initiative unterst\u00fctzen<\/a>\n\t<\/h3>\n\n\t<div class=\"entry-meta\"><a href=\"https:\/\/weltlaeden.de\/badschoenborn\/2021\/04\/12\/\" title=\"17:21\" class=\"data-link\" rel=\"bookmark\"><time class=\"entry-date updated\" datetime=\"2021-04-12T17:21:33+02:00\">12. April 2021<\/time><\/a><\/div>\n\t<div class=\"entry-excerpt\"><p>Ein langj\u00e4hriger Fairtrade-Lieferant, El Puente aus Nordstemmen, bietet an,\u00a0station\u00e4ren und Online-Handel zusammenzudenken. Mit dem Fairen Click &amp; Collect-Service haben Sie als Kund*in die M\u00f6glichkeit, sich aus dem El Puente Online-Angebot bestellte Ware in den \u00f6rtlichen Weltladen liefern zu lassen. Das ist praktisch. Denn viele Berufst\u00e4tige sind nicht zu Hause, wenn Pakete von der Post zugestellt&hellip;<\/p>\n<\/div>\n\t\n<a href=\"https:\/\/weltlaeden.de\/badschoenborn\/click-collect-geht-auch-fair-online-bestellen-lokale-initiative-unterstuetzen\/\" class=\"dt-btn-s dt-btn post-details details-type-btn\" aria-label=\"Read more about Click &amp; Collect geht auch Fair: Online bestellen \u2013 lokale Initiative unterst\u00fctzen\">Weiterlesen<i class=\"dt-icon-the7-arrow-03\" aria-hidden=\"true\"><\/i><\/a>\n\n<\/div><\/article><\/div><div class=\"visible wf-cell iso-item\" data-post-id=\"707\" data-date=\"2020-10-21T15:01:36+02:00\" data-name=\"Neue Vorstandsfrau gew\u00e4hlt\"><article class=\"post project-odd visible post-707 type-post status-publish format-standard has-post-thumbnail hentry category-neues category-8\" data-name=\"Neue Vorstandsfrau gew\u00e4hlt\" data-date=\"2020-10-21T15:01:36+02:00\">\n\n<div class=\"post-thumbnail-wrap\">\n\t<div class=\"post-thumbnail\">\n\t\t\n\t\t\n\t\t<a href=\"https:\/\/weltlaeden.de\/badschoenborn\/neue-vorstandsfrau-gewaehlt\/\" class=\"post-thumbnail-rollover layzr-bg layzr-bg\" ><img decoding=\"async\" class=\"iso-lazy-load preload-me iso-lazy-load aspect\" src=\"data:image\/svg+xml,%3Csvg%20xmlns%3D&#39;http%3A%2F%2Fwww.w3.org%2F2000%2Fsvg&#39;%20viewBox%3D&#39;0%200%20435%20290&#39;%2F%3E\" data-src=\"https:\/\/weltlaeden.de\/badschoenborn\/wp-content\/uploads\/sites\/62\/2020\/10\/2021_VortragZukunftshaus_BlechStraub-435x290.jpg\" data-srcset=\"https:\/\/weltlaeden.de\/badschoenborn\/wp-content\/uploads\/sites\/62\/2020\/10\/2021_VortragZukunftshaus_BlechStraub-435x290.jpg 435w\" loading=\"eager\" style=\"--ratio: 435 \/ 290\" sizes=\"(max-width: 435px) 100vw, 435px\" alt=\"Vorstandsvorsitzende Daniela Blech-Straub\" title=\"Daniela_BlechStraub\" width=\"435\" height=\"290\"  \/><\/a>\t<\/div>\n<\/div>\n\n\n<div class=\"post-entry-content\">\n\n\t<h3 class=\"entry-title\">\n\t\t<a href=\"https:\/\/weltlaeden.de\/badschoenborn\/neue-vorstandsfrau-gewaehlt\/\" title=\"Neue Vorstandsfrau gew\u00e4hlt\" rel=\"bookmark\">Neue Vorstandsfrau gew\u00e4hlt<\/a>\n\t<\/h3>\n\n\t<div class=\"entry-meta\"><a href=\"https:\/\/weltlaeden.de\/badschoenborn\/2020\/10\/21\/\" title=\"15:01\" class=\"data-link\" rel=\"bookmark\"><time class=\"entry-date updated\" datetime=\"2020-10-21T15:01:36+02:00\">21. Oktober 2020<\/time><\/a><\/div>\n\t<div class=\"entry-excerpt\"><p>Die Vorstandsvorsitzende Daniela Blech-Straub, hier beim beim Vortrag \u201eZukunftshaus W\u00fcrzburg\u201d in Mingolsheim, wurde in der Mitgliederversammlung am 30.09.2020 in der Ev. Kirche, Mingolsheim gew\u00e4hlt.<\/p>\n<\/div>\n\t\n<a href=\"https:\/\/weltlaeden.de\/badschoenborn\/neue-vorstandsfrau-gewaehlt\/\" class=\"dt-btn-s dt-btn post-details details-type-btn\" aria-label=\"Read more about Neue Vorstandsfrau gew\u00e4hlt\">Weiterlesen<i class=\"dt-icon-the7-arrow-03\" aria-hidden=\"true\"><\/i><\/a>\n\n<\/div><\/article><\/div><div class=\"visible wf-cell iso-item\" data-post-id=\"695\" data-date=\"2020-09-21T10:50:48+02:00\" data-name=\"Faire Woche 2020\"><article class=\"post project-odd visible post-695 type-post status-publish format-standard has-post-thumbnail hentry category-allgemein category-1\" data-name=\"Faire Woche 2020\" data-date=\"2020-09-21T10:50:48+02:00\">\n\n<div class=\"post-thumbnail-wrap\">\n\t<div class=\"post-thumbnail\">\n\t\t\n\t\t\n\t\t<a href=\"https:\/\/weltlaeden.de\/badschoenborn\/695-2\/\" class=\"post-thumbnail-rollover layzr-bg layzr-bg\" ><img decoding=\"async\" class=\"iso-lazy-load preload-me iso-lazy-load aspect\" src=\"data:image\/svg+xml,%3Csvg%20xmlns%3D&#39;http%3A%2F%2Fwww.w3.org%2F2000%2Fsvg&#39;%20viewBox%3D&#39;0%200%20768%20512&#39;%2F%3E\" data-src=\"https:\/\/weltlaeden.de\/badschoenborn\/wp-content\/uploads\/sites\/62\/2020\/09\/2020_09_25_Stand_FaireWoche_Augustine_5475-768x512.jpg\" data-srcset=\"https:\/\/weltlaeden.de\/badschoenborn\/wp-content\/uploads\/sites\/62\/2020\/09\/2020_09_25_Stand_FaireWoche_Augustine_5475-768x512.jpg 768w, https:\/\/weltlaeden.de\/badschoenborn\/wp-content\/uploads\/sites\/62\/2020\/09\/2020_09_25_Stand_FaireWoche_Augustine_5475-1152x768.jpg 1152w\" loading=\"eager\" style=\"--ratio: 768 \/ 512\" sizes=\"(max-width: 768px) 100vw, 768px\" alt=\"Mingolsheim Marktplatz am Stand von Faire Welt e.V. Bad Sch\u00f6nborn mit Clown Augustine\" title=\"2020_09_25_Stand_FaireWoche_Augustine_5475\" width=\"768\" height=\"512\"  \/><\/a>\t<\/div>\n<\/div>\n\n\n<div class=\"post-entry-content\">\n\n\t<h3 class=\"entry-title\">\n\t\t<a href=\"https:\/\/weltlaeden.de\/badschoenborn\/695-2\/\" title=\"Faire Woche 2020\" rel=\"bookmark\">Faire Woche 2020<\/a>\n\t<\/h3>\n\n\t<div class=\"entry-meta\"><a href=\"https:\/\/weltlaeden.de\/badschoenborn\/2020\/09\/21\/\" title=\"10:50\" class=\"data-link\" rel=\"bookmark\"><time class=\"entry-date updated\" datetime=\"2020-09-21T10:50:48+02:00\">21. September 2020<\/time><\/a><\/div>\n\t<div class=\"entry-excerpt\"><p>Was brauche ich f\u00fcr ein gutes Leben \u2013 was meint Augustine dazu?Zur Fairen Woche 2020 hatte der Weltladen\u00a0Bad Sch\u00f6nborn am Freitag, 25.9.2020 auf dem Wochenmarkt zur Mitmach-Aktion\u00a0eingeladen. Die Vereinsaktiven sammelten zahlreiche Antworten zur\u00a0Frage: \u201eWas brauche ich f\u00fcr ein gutes Leben?\u201d Ab\u00a09.00 Uhr war der Stand in der\u00a0Friedrichstra\u00dfe vor der Musikschule pr\u00e4sent und im Laufe des&hellip;<\/p>\n<\/div>\n\t\n<a href=\"https:\/\/weltlaeden.de\/badschoenborn\/695-2\/\" class=\"dt-btn-s dt-btn post-details details-type-btn\" aria-label=\"Read more about Faire Woche 2020\">Weiterlesen<i class=\"dt-icon-the7-arrow-03\" aria-hidden=\"true\"><\/i><\/a>\n\n<\/div><\/article><\/div><div class=\"visible wf-cell iso-item\" data-post-id=\"686\" data-date=\"2020-08-26T17:30:50+02:00\" data-name=\"Segelkaffee aus Nicaragua eingetroffen!\"><article class=\"post project-odd visible post-686 type-post status-publish format-standard has-post-thumbnail hentry category-allgemein category-produktinformation category-1 category-12\" data-name=\"Segelkaffee aus Nicaragua eingetroffen!\" data-date=\"2020-08-26T17:30:50+02:00\">\n\n<div class=\"post-thumbnail-wrap\">\n\t<div class=\"post-thumbnail\">\n\t\t\n\t\t\n\t\t<a href=\"https:\/\/weltlaeden.de\/badschoenborn\/segelkaffee-aus-nicaragua-eingetroffen\/\" class=\"post-thumbnail-rollover layzr-bg layzr-bg\" ><img decoding=\"async\" class=\"iso-lazy-load preload-me iso-lazy-load aspect\" src=\"data:image\/svg+xml,%3Csvg%20xmlns%3D&#39;http%3A%2F%2Fwww.w3.org%2F2000%2Fsvg&#39;%20viewBox%3D&#39;0%200%20567%20378&#39;%2F%3E\" data-src=\"https:\/\/weltlaeden.de\/badschoenborn\/wp-content\/uploads\/sites\/62\/2020\/08\/Segelkaffee-567x378.jpg\" data-srcset=\"https:\/\/weltlaeden.de\/badschoenborn\/wp-content\/uploads\/sites\/62\/2020\/08\/Segelkaffee-567x378.jpg 567w\" loading=\"eager\" style=\"--ratio: 567 \/ 378\" sizes=\"(max-width: 567px) 100vw, 567px\" alt=\"Cafe Chavalo Espresso und Kaffeepulver, auch Bohne erh\u00e4ltlich\" title=\"Segelkaffee\" width=\"567\" height=\"378\"  \/><\/a>\t<\/div>\n<\/div>\n\n\n<div class=\"post-entry-content\">\n\n\t<h3 class=\"entry-title\">\n\t\t<a href=\"https:\/\/weltlaeden.de\/badschoenborn\/segelkaffee-aus-nicaragua-eingetroffen\/\" title=\"Segelkaffee aus Nicaragua eingetroffen!\" rel=\"bookmark\">Segelkaffee aus Nicaragua eingetroffen!<\/a>\n\t<\/h3>\n\n\t<div class=\"entry-meta\"><a href=\"https:\/\/weltlaeden.de\/badschoenborn\/2020\/08\/26\/\" title=\"17:30\" class=\"data-link\" rel=\"bookmark\"><time class=\"entry-date updated\" datetime=\"2020-08-26T17:30:50+02:00\">26. August 2020<\/time><\/a><\/div>\n\t<div class=\"entry-excerpt\"><p>Windkraft f\u00fcr den Transport von Kaffee statt der konventionellen Frachtschiffe? Ein Kaffee-Importeur hat es organisiert: Die Genossenschaft \u201eCafe Chavalo\u201d aus Leipzig wollte nicht nur fairen Bio-Kaffee importieren, sondern begann auch bei der Transportweise neue Wege zu beschreiten. Eine Segelcrew hat \u2013 trotz Corona \u2013 den Kaffee von S\u00fcdamerika in den Hamburger Hafen geliefert! Der klimafreundliche&hellip;<\/p>\n<\/div>\n\t\n<a href=\"https:\/\/weltlaeden.de\/badschoenborn\/segelkaffee-aus-nicaragua-eingetroffen\/\" class=\"dt-btn-s dt-btn post-details details-type-btn\" aria-label=\"Read more about Segelkaffee aus Nicaragua eingetroffen!\">Weiterlesen<i class=\"dt-icon-the7-arrow-03\" aria-hidden=\"true\"><\/i><\/a>\n\n<\/div><\/article><\/div><div class=\"visible wf-cell iso-item\" data-post-id=\"659\" data-date=\"2020-08-10T11:35:27+02:00\" data-name=\"Neuer Praktikant im Weltladen!\"><article class=\"post project-odd visible post-659 type-post status-publish format-standard has-post-thumbnail hentry category-verein category-11\" data-name=\"Neuer Praktikant im Weltladen!\" data-date=\"2020-08-10T11:35:27+02:00\">\n\n<div class=\"post-thumbnail-wrap\">\n\t<div class=\"post-thumbnail\">\n\t\t\n\t\t\n\t\t<a href=\"https:\/\/weltlaeden.de\/badschoenborn\/neuer-praktikant-im-weltladen\/\" class=\"post-thumbnail-rollover layzr-bg layzr-bg\" ><img decoding=\"async\" class=\"iso-lazy-load preload-me iso-lazy-load aspect\" src=\"data:image\/svg+xml,%3Csvg%20xmlns%3D&#39;http%3A%2F%2Fwww.w3.org%2F2000%2Fsvg&#39;%20viewBox%3D&#39;0%200%20768%20512&#39;%2F%3E\" data-src=\"https:\/\/weltlaeden.de\/badschoenborn\/wp-content\/uploads\/sites\/62\/2020\/08\/2020_08_Oskar_Radermacher-768x512.jpg\" data-srcset=\"https:\/\/weltlaeden.de\/badschoenborn\/wp-content\/uploads\/sites\/62\/2020\/08\/2020_08_Oskar_Radermacher-768x512.jpg 768w\" loading=\"eager\" style=\"--ratio: 768 \/ 512\" sizes=\"(max-width: 768px) 100vw, 768px\" alt=\"Ferienpraktikant im Weltladen \u2013 Oskar Radermacher\" title=\"2020_08_Oskar_Radermacher\" width=\"768\" height=\"512\"  \/><\/a>\t<\/div>\n<\/div>\n\n\n<div class=\"post-entry-content\">\n\n\t<h3 class=\"entry-title\">\n\t\t<a href=\"https:\/\/weltlaeden.de\/badschoenborn\/neuer-praktikant-im-weltladen\/\" title=\"Neuer Praktikant im Weltladen!\" rel=\"bookmark\">Neuer Praktikant im Weltladen!<\/a>\n\t<\/h3>\n\n\t<div class=\"entry-meta\"><a href=\"https:\/\/weltlaeden.de\/badschoenborn\/2020\/08\/10\/\" title=\"11:35\" class=\"data-link\" rel=\"bookmark\"><time class=\"entry-date updated\" datetime=\"2020-08-10T11:35:27+02:00\">10. August 2020<\/time><\/a><\/div>\n\t<div class=\"entry-excerpt\"><p>\u00dcber die Sommerferien freut sich das ehrenamtliche Ladenteam \u00fcber tatkr\u00e4ftige Unterst\u00fctzung. Oskar Radermacher hatte sich Ende Juli 2020 nach dem Aufruf \u201eZupackende H\u00e4nde gesucht\u201d gemeldet, um \u00fcber die Ferien einige Wochen im Weltladen mitzuhelfen. Der Gymnasiast aus Langenbr\u00fccken wurde am 4. August eingearbeitet und hatte an diesem belebten Dienstagvormittag gleich mit allen Finessen des Verkaufs&hellip;<\/p>\n<\/div>\n\t\n<a href=\"https:\/\/weltlaeden.de\/badschoenborn\/neuer-praktikant-im-weltladen\/\" class=\"dt-btn-s dt-btn post-details details-type-btn\" aria-label=\"Read more about Neuer Praktikant im Weltladen!\">Weiterlesen<i class=\"dt-icon-the7-arrow-03\" aria-hidden=\"true\"><\/i><\/a>\n\n<\/div><\/article><\/div><div class=\"visible wf-cell iso-item\" data-post-id=\"540\" data-date=\"2020-02-12T07:00:06+01:00\" data-name=\"Strategie-Workshop am 3.2.2020\"><article class=\"post project-odd visible post-540 type-post status-publish format-standard has-post-thumbnail hentry category-allgemein category-neues category-termine-abgelaufen category-1 category-8 category-6\" data-name=\"Strategie-Workshop am 3.2.2020\" data-date=\"2020-02-12T07:00:06+01:00\">\n\n<div class=\"post-thumbnail-wrap\">\n\t<div class=\"post-thumbnail\">\n\t\t\n\t\t\n\t\t<a href=\"https:\/\/weltlaeden.de\/badschoenborn\/540-2\/\" class=\"post-thumbnail-rollover layzr-bg layzr-bg\" ><img decoding=\"async\" class=\"iso-lazy-load preload-me iso-lazy-load aspect\" src=\"data:image\/svg+xml,%3Csvg%20xmlns%3D&#39;http%3A%2F%2Fwww.w3.org%2F2000%2Fsvg&#39;%20viewBox%3D&#39;0%200%20768%20512&#39;%2F%3E\" data-src=\"https:\/\/weltlaeden.de\/badschoenborn\/wp-content\/uploads\/sites\/62\/2020\/02\/Bildungsreferentin_World_Cafe-e1583049180901-768x512.jpg\" data-srcset=\"https:\/\/weltlaeden.de\/badschoenborn\/wp-content\/uploads\/sites\/62\/2020\/02\/Bildungsreferentin_World_Cafe-e1583049180901-768x512.jpg 768w, https:\/\/weltlaeden.de\/badschoenborn\/wp-content\/uploads\/sites\/62\/2020\/02\/Bildungsreferentin_World_Cafe-e1583049180901-1055x703.jpg 1055w\" loading=\"eager\" style=\"--ratio: 768 \/ 512\" sizes=\"(max-width: 768px) 100vw, 768px\" alt=\"World-Cafe-Ideensammlung zu \u201eAktionen, Kampagnen, Bildung\u201d\" title=\"Bildungsreferentin_Weltladen\" width=\"768\" height=\"512\"  \/><\/a>\t<\/div>\n<\/div>\n\n\n<div class=\"post-entry-content\">\n\n\t<h3 class=\"entry-title\">\n\t\t<a href=\"https:\/\/weltlaeden.de\/badschoenborn\/540-2\/\" title=\"Strategie-Workshop am 3.2.2020\" rel=\"bookmark\">Strategie-Workshop am 3.2.2020<\/a>\n\t<\/h3>\n\n\t<div class=\"entry-meta\"><a href=\"https:\/\/weltlaeden.de\/badschoenborn\/2020\/02\/12\/\" title=\"7:00\" class=\"data-link\" rel=\"bookmark\"><time class=\"entry-date updated\" datetime=\"2020-02-12T07:00:06+01:00\">12. Februar 2020<\/time><\/a><\/div>\n\t<div class=\"entry-excerpt\"><p>Fair ist popul\u00e4r:\u00a0Die Idee des Fairen Handels ist allen bekannt, fair einzukaufen ist normal. Wer in Bad Sch\u00f6nborn lebt, kennt selbstverst\u00e4ndlich den Weltladen am Mingolsheimer Marktplatz und kauft regelm\u00e4\u00dfig dort ein. Im Sommer laden Bank und Tisch vor dem Laden zum Verweilen bei fairem Kaffee und Geb\u00e4ck ein. Eine weitere fest angestellte Kraft garantiert die&hellip;<\/p>\n<\/div>\n\t\n<a href=\"https:\/\/weltlaeden.de\/badschoenborn\/540-2\/\" class=\"dt-btn-s dt-btn post-details details-type-btn\" aria-label=\"Read more about Strategie-Workshop am 3.2.2020\">Weiterlesen<i class=\"dt-icon-the7-arrow-03\" aria-hidden=\"true\"><\/i><\/a>\n\n<\/div><\/article><\/div><\/div><!-- iso-container|iso-grid --><div class=\"paginator\" role=\"navigation\"><span class=\"nav-prev disabled\">\u2192<\/span><a href=\"https:\/\/weltlaeden.de\/badschoenborn\/wp-json\/wp\/v2\/pages\/361\/\" class=\"page-numbers act\" data-page-num=\"1\">1<\/a><a href=\"https:\/\/weltlaeden.de\/badschoenborn\/wp-json\/wp\/v2\/pages\/361\/page\/2\/\" class=\"page-numbers \" data-page-num=\"2\">2<\/a><a href=\"https:\/\/weltlaeden.de\/badschoenborn\/wp-json\/wp\/v2\/pages\/361\/page\/2\/\" class=\"page-numbers nav-next filter-item\" data-page-num=\"2\" >\u2192<\/a><\/div><\/div>[\/vc_column][\/vc_row][vc_row][vc_column][vc_column_text]<\/p>\n<h1>Fairtrade-Lebensmittel im Unverpackt-Angebot<\/h1>\n<p>[\/vc_column_text][vc_column_text]M\u00e4rz 2021: Wir erweitern mit Basmati-Reis und Espresso-Mischung. Weiterhin erhalten Sie Bohnenkaffee, Mandeln und pikante Nu\u00dfmischung.[\/vc_column_text]<!-- This slideshow output is generated with Advanced post slider a multipurpose responsive WordPress slideshow plugin - http:\/\/www.wpcue.com\/wordpress-plugins\/advanced-post-slider\/ -->\r\n<style>\r\n#advps_container2 .bx-wrapper .bx-viewport {\r\n\t\tbackground:#FFFFFF;\r\n}\r\n#advps_container2 .bx-wrapper .bx-pager{\r\n\ttext-align: right;\r\n\tpadding-right:5px;\r\n}\r\n#advps_container2 .bx-wrapper .bx-pager\r\n{\r\n\tbottom:-35px;\r\n\tz-index:999;\r\n}\r\n#advps_container2 .bx-wrapper .bx-controls-auto\r\n{\r\n\tbottom:6px;\r\n}\r\n#advps_container2 .bx-wrapper .bx-controls.bx-has-controls-auto.bx-has-pager .bx-pager {\r\n\ttext-align: right;\r\n}\r\n#advps_container2 .bx-wrapper .bx-controls-auto {\r\n\tz-index:99999;\r\n\ttext-align:center;width:100%;}\r\n\r\n#advps_container2 .bx-wrapper .bx-pager.bx-default-pager a {\r\n\tbackground: #666;\r\n\ttext-indent: -9999px;\r\n\tdisplay: block;\r\n\twidth: 10px;\r\n\theight: 10px;\r\n\tmargin: 0 5px;\r\n\toutline: 0;\r\n\t-moz-border-radius: 5px;\r\n\t-webkit-border-radius: 5px;\r\n\tborder-radius: 5px;\r\n\ttext-align:left;\r\n}\r\n#advps_container2 .bx-wrapper .bx-pager.bx-default-pager a:hover,\r\n#advps_container2 .bx-wrapper .bx-pager.bx-default-pager a.active {\r\n\tbackground: #000;\r\n}\r\n\r\n\/* thumbnail pager*\/\r\n#advps_container2 #bx-pager\r\n{\r\n\twidth:100%;\r\n\tposition:absolute;\r\n\tbottom:-35px;\r\n    text-align: right;\r\n\tz-index: 9999;\r\n}\r\n#advps_container2 #bx-pager a img\r\n{\r\n\tborder: 1px solid #CCCCCC;\r\n    padding: 3px;\r\n}\r\n#advps_container2 #bx-pager a:hover img, #advps_container2 #bx-pager a.active img\r\n{\r\n\tborder: 1px solid #666666;\r\n}\r\n\/* medai queries *\/\r\n#advps_container2 .advs-title,#advps_container2 .advs-title a\r\n{\r\n\tfont-size:20px;\r\n\tline-height:20px;\r\n}\r\n#advps_container2 .advps-slide p\r\n{\r\n\tfont-size:14px;\r\n\tline-height:14px;\r\n}\r\n@media screen and (max-width: 1024px){\r\n\t#advps_container2 .advs-title,#advps_container2 .advs-title a\r\n\t{\r\n\t\tfont-size:18px;\r\n\t\tline-height:18px;\r\n\t}\r\n\t#advps_container2 .advps-slide p\r\n\t{\r\n\t\tfont-size:12px;\r\n\t\tline-height:12px;\r\n\t}\r\n}\r\n@media screen and (max-width: 768px){\r\n\t#advps_container2 h2.advs-title, #advps_container2 h2.advs-title a\r\n\t{\r\n\t\tfont-size:16px;\r\n\t\tline-height:16px;\r\n\t}\r\n\t#advps_container2 .advps-slide p\r\n\t{\r\n\t\tfont-size:12px;\r\n\t\tline-height:12px;\r\n\t}\r\n}\r\n@media screen and (max-width: 650px){\r\n\t#advps_container2 h2.advs-title, #advps_container2 h2.advs-title a\r\n\t{\r\n\t\tfont-size:15px;\r\n\t\tline-height:15px;\r\n\t}\r\n\t#advps_container2 .advps-slide p\r\n\t{\r\n\t\tfont-size:12px;\r\n\t\tline-height:12px;\r\n\t}\r\n}\r\n@media screen and (max-width: 480px){\r\n\t#advps_container2 h2.advs-title, #advps_container2 h2.advs-title a\r\n\t{\r\n\t\tfont-size:15px;\r\n\t\tline-height:15px;\r\n\t}\r\n\t#advps_container2 .advps-slide p\r\n\t{\r\n\t\tfont-size:12px;\r\n\t\tline-height:12px;\r\n\t}\r\n}\r\n@media screen and (max-width: 320px){\r\n\t#advps_container2 h2.advs-title, #advps_container2 h2.advs-title a\r\n\t{\r\n\t\tfont-size:15px;\r\n\t\tline-height:15px;\r\n\t}\r\n\t#advps_container2 .advps-slide p\r\n\t{\r\n\t\tfont-size:12px;\r\n\t\tline-height:12px;\r\n\t}\r\n}\r\n<\/style>\r\n<script type=\"text\/javascript\">\r\n\t\tjQuery(document).ready(function($){\r\n\t\t\t$('#advpsslideshow_2').bxSlider({\r\n\t\t\t\tuseCSS:1,\r\n\t\t\t\tslideMargin: 0,\r\n\t\t\t\tspeed: 2001,\t\t\t\t\r\n\t\t\t\t\t\t\t\tmode: 'fade',\r\n\t\t\t\t\t\t\t\t\t\t\t\tauto: 1,\r\n\t\t\t\tautoHover: 1,\r\n\t\t\t\tpause: 3000,\r\n\t\t\t\teasing: 'linear',\r\n\t\t\t\tcontrols: 1,\r\n\t\t\t\tpager: 1,\r\n  \t\t\t\tautoControls: 0\t\t\t\t\t\t\t});\r\n\t\t\t\t\t\t$(\"#advpsslideshow_2 .advps-slide\").hover(function(){\r\n\t\t\t\t  \t\t\t},function(){\r\n\t\t\t\t\t\t\t});\r\n\t\t});\r\n\t<\/script>\r\n<div id=\"advps_container2\" class=\"advps-slide-container\" style=\"overflow:hidden;max-width:1000px;\">\r\n \r\n  <div id=\"advpsslideshow_2\">\r\n        <div class=\"advps-slide\">\r\n    \t        <img loading=\"lazy\" decoding=\"async\" width=\"886\" height=\"788\" src=\"https:\/\/weltlaeden.de\/badschoenborn\/wp-content\/uploads\/sites\/62\/2021\/01\/Unverpackt_4Verkauf.png\" class=\"attachment-full size-full wp-post-image\" alt=\"Kunde beim Unverpackt-Verkauf\" \/>            <\/div>\r\n        <div class=\"advps-slide\">\r\n    \t        <img loading=\"lazy\" decoding=\"async\" width=\"886\" height=\"788\" src=\"https:\/\/weltlaeden.de\/badschoenborn\/wp-content\/uploads\/sites\/62\/2021\/01\/Unverpackt_3Abwiegen.png\" class=\"attachment-full size-full wp-post-image\" alt=\"Mitarbeiterin hat mit Kaffee gef\u00fcllten Beh\u00e4lter gewogen\" srcset=\"https:\/\/weltlaeden.de\/badschoenborn\/wp-content\/uploads\/sites\/62\/2021\/01\/Unverpackt_3Abwiegen.png 886w, https:\/\/weltlaeden.de\/badschoenborn\/wp-content\/uploads\/sites\/62\/2021\/01\/Unverpackt_3Abwiegen-300x267.png 300w, https:\/\/weltlaeden.de\/badschoenborn\/wp-content\/uploads\/sites\/62\/2021\/01\/Unverpackt_3Abwiegen-768x683.png 768w\" sizes=\"auto, (max-width: 886px) 100vw, 886px\" \/>            <\/div>\r\n        <div class=\"advps-slide\">\r\n    \t        <img loading=\"lazy\" decoding=\"async\" width=\"886\" height=\"788\" src=\"https:\/\/weltlaeden.de\/badschoenborn\/wp-content\/uploads\/sites\/62\/2021\/01\/Unverpackt_2Abf\u00fcllen.png\" class=\"attachment-full size-full wp-post-image\" alt=\"Mitarbeiterin f\u00fcllt Bohnenkaffe ab\" srcset=\"https:\/\/weltlaeden.de\/badschoenborn\/wp-content\/uploads\/sites\/62\/2021\/01\/Unverpackt_2Abf\u00fcllen.png 886w, https:\/\/weltlaeden.de\/badschoenborn\/wp-content\/uploads\/sites\/62\/2021\/01\/Unverpackt_2Abf\u00fcllen-300x267.png 300w, https:\/\/weltlaeden.de\/badschoenborn\/wp-content\/uploads\/sites\/62\/2021\/01\/Unverpackt_2Abf\u00fcllen-768x683.png 768w\" sizes=\"auto, (max-width: 886px) 100vw, 886px\" \/>            <\/div>\r\n        <div class=\"advps-slide\">\r\n    \t        <img loading=\"lazy\" decoding=\"async\" width=\"886\" height=\"788\" src=\"https:\/\/weltlaeden.de\/badschoenborn\/wp-content\/uploads\/sites\/62\/2021\/01\/Unverpackt_1Tara.png\" class=\"attachment-full size-full wp-post-image\" alt=\"Mitarbeiterin wiegt leeren Beh\u00e4lter\" srcset=\"https:\/\/weltlaeden.de\/badschoenborn\/wp-content\/uploads\/sites\/62\/2021\/01\/Unverpackt_1Tara.png 886w, https:\/\/weltlaeden.de\/badschoenborn\/wp-content\/uploads\/sites\/62\/2021\/01\/Unverpackt_1Tara-300x267.png 300w, https:\/\/weltlaeden.de\/badschoenborn\/wp-content\/uploads\/sites\/62\/2021\/01\/Unverpackt_1Tara-768x683.png 768w\" sizes=\"auto, (max-width: 886px) 100vw, 886px\" \/>            <\/div>\r\n      <\/div>\r\n  <\/div><!-- end advps-slide-container -->\r\n<!-- \/ Advanced post slider a multipurpose responsive slideshow plugin -->\r\n[\/vc_column][\/vc_row][vc_row][vc_column][vc_custom_heading source=&#8220;post_title&#8220; font_container=&#8220;tag:h4|text_align:left&#8220;][\/vc_column][\/vc_row]<br \/>\nFoto: Ulrike Thienel<\/p>\n<\/div>","protected":false},"excerpt":{"rendered":"<p>&nbsp; Weltladen Bad Sch\u00f6nborn Friedrichstra\u00dfe 52, Mingolsheim Aktuelle \u00d6ffnungszeiten: Di, Mi, Do, Fr und Sa: 9.00 \u2013 13.00 Uhr Di, Do und Fr: 14.30 \u2013 18.00 Uhr Anfragen und Bestellungen unter Telefon: 07253 20 98 20 Homepage: https:\/\/weltlaeden.de\/badschoenborn &nbsp; Vorstandswechsel im Verein &nbsp; Anl\u00e4sslich der diesj\u00e4hrigen Jahreshauptversammlung des Vereins Faire Welt e. V. Bad Sch\u00f6nborn&hellip;<\/p>\n","protected":false},"author":1,"featured_media":0,"parent":0,"menu_order":2,"comment_status":"closed","ping_status":"closed","template":"","meta":{"footnotes":""},"class_list":["post-361","page","type-page","status-publish","hentry","description-off"],"yoast_head":"<!-- This site is optimized with the Yoast SEO plugin v26.8 - https:\/\/yoast.com\/product\/yoast-seo-wordpress\/ -->\n<title>Neuigkeiten - Weltladen Bad Sch\u00f6nborn<\/title>\n<meta name=\"robots\" content=\"index, follow, max-snippet:-1, max-image-preview:large, max-video-preview:-1\" \/>\n<link rel=\"canonical\" href=\"https:\/\/weltlaeden.de\/badschoenborn\/neuigkeiten\/\" \/>\n<meta property=\"og:locale\" content=\"de_DE\" \/>\n<meta property=\"og:type\" content=\"article\" \/>\n<meta property=\"og:title\" content=\"Neuigkeiten - Weltladen Bad Sch\u00f6nborn\" \/>\n<meta property=\"og:description\" content=\"&nbsp; Weltladen Bad Sch\u00f6nborn Friedrichstra\u00dfe 52, Mingolsheim Aktuelle \u00d6ffnungszeiten: Di, Mi, Do, Fr und Sa: 9.00 \u2013 13.00 Uhr Di, Do und Fr: 14.30 \u2013 18.00 Uhr Anfragen und Bestellungen unter Telefon: 07253 20 98 20 Homepage: https:\/\/weltlaeden.de\/badschoenborn &nbsp; Vorstandswechsel im Verein &nbsp; Anl\u00e4sslich der diesj\u00e4hrigen Jahreshauptversammlung des Vereins Faire Welt e. V. Bad Sch\u00f6nborn&hellip;\" \/>\n<meta property=\"og:url\" content=\"https:\/\/weltlaeden.de\/badschoenborn\/neuigkeiten\/\" \/>\n<meta property=\"og:site_name\" content=\"Weltladen Bad Sch\u00f6nborn\" \/>\n<meta property=\"article:modified_time\" content=\"2026-04-18T14:04:42+00:00\" \/>\n<meta property=\"og:image\" content=\"https:\/\/weltlaeden.de\/badschoenborn\/wp-content\/uploads\/sites\/62\/2026\/04\/IMG_20260414_194941_5-scaled.jpg\" \/>\n\t<meta property=\"og:image:width\" content=\"2560\" \/>\n\t<meta property=\"og:image:height\" content=\"1439\" \/>\n\t<meta property=\"og:image:type\" content=\"image\/jpeg\" \/>\n<meta name=\"twitter:card\" content=\"summary_large_image\" \/>\n<meta name=\"twitter:label1\" content=\"Gesch\u00e4tzte Lesezeit\" \/>\n\t<meta name=\"twitter:data1\" content=\"14\u00a0Minuten\" \/>\n<script type=\"application\/ld+json\" class=\"yoast-schema-graph\">{\"@context\":\"https:\/\/schema.org\",\"@graph\":[{\"@type\":\"WebPage\",\"@id\":\"https:\/\/weltlaeden.de\/badschoenborn\/neuigkeiten\/\",\"url\":\"https:\/\/weltlaeden.de\/badschoenborn\/neuigkeiten\/\",\"name\":\"Neuigkeiten - Weltladen Bad Sch\u00f6nborn\",\"isPartOf\":{\"@id\":\"https:\/\/weltlaeden.de\/badschoenborn\/#website\"},\"primaryImageOfPage\":{\"@id\":\"https:\/\/weltlaeden.de\/badschoenborn\/neuigkeiten\/#primaryimage\"},\"image\":{\"@id\":\"https:\/\/weltlaeden.de\/badschoenborn\/neuigkeiten\/#primaryimage\"},\"thumbnailUrl\":\"https:\/\/weltlaeden.de\/badschoenborn\/wp-content\/uploads\/sites\/62\/2026\/04\/IMG_20260414_194941_5-300x169.jpg\",\"datePublished\":\"2019-01-31T23:00:06+00:00\",\"dateModified\":\"2026-04-18T14:04:42+00:00\",\"breadcrumb\":{\"@id\":\"https:\/\/weltlaeden.de\/badschoenborn\/neuigkeiten\/#breadcrumb\"},\"inLanguage\":\"de\",\"potentialAction\":[{\"@type\":\"ReadAction\",\"target\":[\"https:\/\/weltlaeden.de\/badschoenborn\/neuigkeiten\/\"]}]},{\"@type\":\"ImageObject\",\"inLanguage\":\"de\",\"@id\":\"https:\/\/weltlaeden.de\/badschoenborn\/neuigkeiten\/#primaryimage\",\"url\":\"https:\/\/weltlaeden.de\/badschoenborn\/wp-content\/uploads\/sites\/62\/2026\/04\/IMG_20260414_194941_5-scaled.jpg\",\"contentUrl\":\"https:\/\/weltlaeden.de\/badschoenborn\/wp-content\/uploads\/sites\/62\/2026\/04\/IMG_20260414_194941_5-scaled.jpg\",\"width\":2560,\"height\":1439},{\"@type\":\"BreadcrumbList\",\"@id\":\"https:\/\/weltlaeden.de\/badschoenborn\/neuigkeiten\/#breadcrumb\",\"itemListElement\":[{\"@type\":\"ListItem\",\"position\":1,\"name\":\"Startseite\",\"item\":\"https:\/\/weltlaeden.de\/badschoenborn\/\"},{\"@type\":\"ListItem\",\"position\":2,\"name\":\"Neuigkeiten\"}]},{\"@type\":\"WebSite\",\"@id\":\"https:\/\/weltlaeden.de\/badschoenborn\/#website\",\"url\":\"https:\/\/weltlaeden.de\/badschoenborn\/\",\"name\":\"Vorlage\",\"description\":\"Faire Welt e.V. Bad Sch\u00f6nborn\",\"potentialAction\":[{\"@type\":\"SearchAction\",\"target\":{\"@type\":\"EntryPoint\",\"urlTemplate\":\"https:\/\/weltlaeden.de\/badschoenborn\/?s={search_term_string}\"},\"query-input\":{\"@type\":\"PropertyValueSpecification\",\"valueRequired\":true,\"valueName\":\"search_term_string\"}}],\"inLanguage\":\"de\"}]}<\/script>\n<!-- \/ Yoast SEO plugin. -->","yoast_head_json":{"title":"Neuigkeiten - Weltladen Bad Sch\u00f6nborn","robots":{"index":"index","follow":"follow","max-snippet":"max-snippet:-1","max-image-preview":"max-image-preview:large","max-video-preview":"max-video-preview:-1"},"canonical":"https:\/\/weltlaeden.de\/badschoenborn\/neuigkeiten\/","og_locale":"de_DE","og_type":"article","og_title":"Neuigkeiten - Weltladen Bad Sch\u00f6nborn","og_description":"&nbsp; Weltladen Bad Sch\u00f6nborn Friedrichstra\u00dfe 52, Mingolsheim Aktuelle \u00d6ffnungszeiten: Di, Mi, Do, Fr und Sa: 9.00 \u2013 13.00 Uhr Di, Do und Fr: 14.30 \u2013 18.00 Uhr Anfragen und Bestellungen unter Telefon: 07253 20 98 20 Homepage: https:\/\/weltlaeden.de\/badschoenborn &nbsp; Vorstandswechsel im Verein &nbsp; Anl\u00e4sslich der diesj\u00e4hrigen Jahreshauptversammlung des Vereins Faire Welt e. V. Bad Sch\u00f6nborn&hellip;","og_url":"https:\/\/weltlaeden.de\/badschoenborn\/neuigkeiten\/","og_site_name":"Weltladen Bad Sch\u00f6nborn","article_modified_time":"2026-04-18T14:04:42+00:00","og_image":[{"width":2560,"height":1439,"url":"https:\/\/weltlaeden.de\/badschoenborn\/wp-content\/uploads\/sites\/62\/2026\/04\/IMG_20260414_194941_5-scaled.jpg","type":"image\/jpeg"}],"twitter_card":"summary_large_image","twitter_misc":{"Gesch\u00e4tzte Lesezeit":"14\u00a0Minuten"},"schema":{"@context":"https:\/\/schema.org","@graph":[{"@type":"WebPage","@id":"https:\/\/weltlaeden.de\/badschoenborn\/neuigkeiten\/","url":"https:\/\/weltlaeden.de\/badschoenborn\/neuigkeiten\/","name":"Neuigkeiten - Weltladen Bad Sch\u00f6nborn","isPartOf":{"@id":"https:\/\/weltlaeden.de\/badschoenborn\/#website"},"primaryImageOfPage":{"@id":"https:\/\/weltlaeden.de\/badschoenborn\/neuigkeiten\/#primaryimage"},"image":{"@id":"https:\/\/weltlaeden.de\/badschoenborn\/neuigkeiten\/#primaryimage"},"thumbnailUrl":"https:\/\/weltlaeden.de\/badschoenborn\/wp-content\/uploads\/sites\/62\/2026\/04\/IMG_20260414_194941_5-300x169.jpg","datePublished":"2019-01-31T23:00:06+00:00","dateModified":"2026-04-18T14:04:42+00:00","breadcrumb":{"@id":"https:\/\/weltlaeden.de\/badschoenborn\/neuigkeiten\/#breadcrumb"},"inLanguage":"de","potentialAction":[{"@type":"ReadAction","target":["https:\/\/weltlaeden.de\/badschoenborn\/neuigkeiten\/"]}]},{"@type":"ImageObject","inLanguage":"de","@id":"https:\/\/weltlaeden.de\/badschoenborn\/neuigkeiten\/#primaryimage","url":"https:\/\/weltlaeden.de\/badschoenborn\/wp-content\/uploads\/sites\/62\/2026\/04\/IMG_20260414_194941_5-scaled.jpg","contentUrl":"https:\/\/weltlaeden.de\/badschoenborn\/wp-content\/uploads\/sites\/62\/2026\/04\/IMG_20260414_194941_5-scaled.jpg","width":2560,"height":1439},{"@type":"BreadcrumbList","@id":"https:\/\/weltlaeden.de\/badschoenborn\/neuigkeiten\/#breadcrumb","itemListElement":[{"@type":"ListItem","position":1,"name":"Startseite","item":"https:\/\/weltlaeden.de\/badschoenborn\/"},{"@type":"ListItem","position":2,"name":"Neuigkeiten"}]},{"@type":"WebSite","@id":"https:\/\/weltlaeden.de\/badschoenborn\/#website","url":"https:\/\/weltlaeden.de\/badschoenborn\/","name":"Vorlage","description":"Faire Welt e.V. Bad Sch\u00f6nborn","potentialAction":[{"@type":"SearchAction","target":{"@type":"EntryPoint","urlTemplate":"https:\/\/weltlaeden.de\/badschoenborn\/?s={search_term_string}"},"query-input":{"@type":"PropertyValueSpecification","valueRequired":true,"valueName":"search_term_string"}}],"inLanguage":"de"}]}},"_links":{"self":[{"href":"https:\/\/weltlaeden.de\/badschoenborn\/wp-json\/wp\/v2\/pages\/361","targetHints":{"allow":["GET"]}}],"collection":[{"href":"https:\/\/weltlaeden.de\/badschoenborn\/wp-json\/wp\/v2\/pages"}],"about":[{"href":"https:\/\/weltlaeden.de\/badschoenborn\/wp-json\/wp\/v2\/types\/page"}],"author":[{"embeddable":true,"href":"https:\/\/weltlaeden.de\/badschoenborn\/wp-json\/wp\/v2\/users\/1"}],"replies":[{"embeddable":true,"href":"https:\/\/weltlaeden.de\/badschoenborn\/wp-json\/wp\/v2\/comments?post=361"}],"version-history":[{"count":70,"href":"https:\/\/weltlaeden.de\/badschoenborn\/wp-json\/wp\/v2\/pages\/361\/revisions"}],"predecessor-version":[{"id":1415,"href":"https:\/\/weltlaeden.de\/badschoenborn\/wp-json\/wp\/v2\/pages\/361\/revisions\/1415"}],"wp:attachment":[{"href":"https:\/\/weltlaeden.de\/badschoenborn\/wp-json\/wp\/v2\/media?parent=361"}],"curies":[{"name":"wp","href":"https:\/\/api.w.org\/{rel}","templated":true}]}}