{"id":23,"date":"2025-03-31T16:30:06","date_gmt":"2016-10-14T07:05:21","guid":{"rendered":"https:\/\/wl.heimpixel.de\/vorlage\/termine\/"},"modified":"2026-03-09T19:24:55","modified_gmt":"2026-03-09T18:24:55","slug":"naechste-vereinssitzung","status":"publish","type":"page","link":"https:\/\/weltlaeden.de\/badschoenborn\/naechste-vereinssitzung\/","title":{"rendered":"Termine"},"content":{"rendered":"<div class=\"wpb-content-wrapper\"><p>&nbsp;<\/p>\n<h2><\/h2>\n<h2>Kommende Termine<\/h2>\n<div><\/div>\n<div><\/div>\n<div><\/div>\n<div><em>Weltladentag am 09. Mai 2026<\/em><\/div>\n<h2><\/h2>\n<h2>Vergangene Termine<\/h2>\n<p><em><strong>Teamausflug nach Karlsruhe<\/strong><\/em><\/p>\n<p>Ein Hihglight des Jahres ist der gemeinsame Ausflug des Weltladenteams. Dieses Mal ging es nach Karlsruhe, zun\u00e4chst in den Weltladen und anschlie\u00dfen in das Cafe Diyar. Beides war sehr informativ und gleichzeitig eine gute Gelegenheit, um sich auszutauschen. Im Weltladen wurden wir freundlich empfangen und begr\u00fc\u00dft. Jeder Weltladen stellt eine eigene &#8222;Welt&#8220; mit Schwerpunkten dar. So ist es immer interessant, wie das Sortiment an anderen Orten gestaltet ist.<img loading=\"lazy\" decoding=\"async\" class=\"alignnone size-medium wp-image-1376\" src=\"https:\/\/weltlaeden.de\/badschoenborn\/wp-content\/uploads\/sites\/62\/2026\/01\/IMG_20260109_160119_4-300x169.jpg\" alt=\"\" width=\"300\" height=\"169\" srcset=\"https:\/\/weltlaeden.de\/badschoenborn\/wp-content\/uploads\/sites\/62\/2026\/01\/IMG_20260109_160119_4-300x169.jpg 300w, https:\/\/weltlaeden.de\/badschoenborn\/wp-content\/uploads\/sites\/62\/2026\/01\/IMG_20260109_160119_4-1024x576.jpg 1024w, https:\/\/weltlaeden.de\/badschoenborn\/wp-content\/uploads\/sites\/62\/2026\/01\/IMG_20260109_160119_4-768x432.jpg 768w, https:\/\/weltlaeden.de\/badschoenborn\/wp-content\/uploads\/sites\/62\/2026\/01\/IMG_20260109_160119_4-1536x863.jpg 1536w, https:\/\/weltlaeden.de\/badschoenborn\/wp-content\/uploads\/sites\/62\/2026\/01\/IMG_20260109_160119_4-2048x1151.jpg 2048w\" sizes=\"auto, (max-width: 300px) 100vw, 300px\" \/>Foto: Ulrike Thienel\/Weltladen Bad Sch\u00f6nborn<\/p>\n<p>Das Cafe Diyar wird von Kathera Thuki und ihrer Schwester gef\u00fchrt. Sie stammen aus Afghanistan und unterst\u00fctzen dortige Bildungseinrichtungen durch direkte Spenden. Haupts\u00e4chlich wird dadurch der Schulbesuch von M\u00e4dchen. Mit speziellen Speisen und Gew\u00fcrzen, wie Kardammom, Safran und Rosenbl\u00fcten\u00a0 wurden wir reichlich bewirtet.<\/p>\n<p>&nbsp;<\/p>\n<p>&nbsp;<\/p>\n<p><em><strong>Weihnachtsmarkt in Mingolsheim<\/strong><\/em><\/p>\n<p>Es weihnachtet bald sehr &#8211; am<em><strong> Samstag, 29.11. von 16.00 Uhr bis 19.00 Uhr<\/strong> <\/em>und am <em><strong>Sonntag 30.11.25 von 13.00 Uhr bis 17.00 Uhr<\/strong><\/em> ist der Weltladen mit dabei beim <em><strong>Weihnachtsmarkt<\/strong> <\/em>in Mingolsheim.<\/p>\n<p>Genie\u00dfen Sie am <em><strong>Samstag<\/strong><\/em> einen hei\u00dfen Schluck<em><strong> Gl\u00fchwein<\/strong><\/em> und schauen Sie sich in Ruhe im Weltladen das<em><strong> faire Weihnachtssortiment<\/strong><\/em> an, bestimmt ist etwas Sch\u00f6nes f\u00fcr Sie dabei.<\/p>\n<p>Am <em><strong>Sonntag<\/strong><\/em> bietet ein <em><strong>weihnachtlicher Verkaufsstand<\/strong> <\/em>vor dem Weltladen allerlei Faires zur Einstimmung in die <em><strong>Adventszeit<\/strong> <\/em>und zur <em><strong>Dekoration<\/strong><\/em> f\u00fcr Ihr Zuhause. Aufw\u00e4rmen k\u00f6nnen Sie sich Innen bei einer <em><strong>fairen Tasse Kaffee<\/strong><\/em> gegen eine Spende. In den Innenr\u00e4umen des Weltladens findet am Sonntag kein Verkauf statt.<\/p>\n<p>Wir freuen uns auf Ihren Besuch im Weltladen beim Weihnachtsmarkt!<\/p>\n<p><em><strong>Ihr Weltladenteam<\/strong><\/em><\/p>\n<p>&nbsp;<\/p>\n<table id=\"backgroundTable\" style=\"height: 100%;width: 100% !important;margin: 0px;padding: 0px\" border=\"0\" width=\"100%\" cellspacing=\"0\" cellpadding=\"0\">\n<tbody>\n<tr>\n<td align=\"center\" valign=\"top\">\n<table id=\"templateContainer\" style=\"background-color: #fff;padding: 20px\" border=\"0\" width=\"600\" cellspacing=\"0\" cellpadding=\"0\">\n<tbody>\n<tr>\n<td align=\"center\" valign=\"top\">\n<table id=\"templateBody\" border=\"0\" width=\"100%\" cellspacing=\"0\" cellpadding=\"0\">\n<tbody>\n<tr>\n<td class=\"bodyContent\" valign=\"top\">\n<table style=\"height: 5px\" border=\"0\" width=\"201\" cellspacing=\"0\" cellpadding=\"10\">\n<tbody>\n<tr>\n<td valign=\"top\">\n<div style=\"font-size: 12px;font-family: Verdana,Helvetica,Arial,sans-serif;font-weight: normal;color: #000;text-align: left;line-height: 1.5em\">\n<div class=\"bodyContent\" style=\"font-size: 12px;font-family: Verdana,Helvetica,Arial,sans-serif;font-weight: normal;color: #000;text-align: left;line-height: 1.5em;background-color: #fff\"><\/div>\n<\/div>\n<\/td>\n<\/tr>\n<\/tbody>\n<\/table>\n<\/td>\n<\/tr>\n<\/tbody>\n<\/table>\n<\/td>\n<\/tr>\n<\/tbody>\n<\/table>\n<\/td>\n<\/tr>\n<\/tbody>\n<\/table>\n<p>&nbsp;<\/p>\n<h2>Vergangene Termine<\/h2>\n<p>&nbsp;<\/p>\n<p>Die <em><strong>Faire Woche<\/strong> <\/em>hat mit dem Sommerausklang in Mingolsheim einen feierlichen Abschluss gefunden.\u00a0Bei fairer Limonade konnten am <strong>Gl\u00fccksrad<\/strong> eine bunte Auswahl fairer Preise gewonnen werden. Der Erl\u00f6s geht an den <em><strong>Verein Ganesh\u00a0 Nepalhilfe e.V..<\/strong><\/em> und dient vor allem der Unterst\u00fctzung eines Kinderheimes. Bei gutem Wetter versuchten\u00a0 die BesucherInnen Ihr Gl\u00fcck &#8211; auf jeden Fall gab es ein St\u00fcckchen fairer Schokolade!<\/p>\n<p>W\u00e4hrend der Fairen Woche, die von einer farbenfrohen Schaufenstergestaltung begleitet war, gab es einen kulinarischen H\u00f6hepunkt: passend zur angebotenen <em><strong>Gew\u00fcrzvielfalt<\/strong><\/em>, konnte eine <img loading=\"lazy\" decoding=\"async\" class=\" wp-image-1335 aligncenter\" src=\"https:\/\/weltlaeden.de\/badschoenborn\/wp-content\/uploads\/sites\/62\/2025\/09\/IMG_20250918_100850_7-169x300.jpg\" alt=\"\" width=\"148\" height=\"263\" srcset=\"https:\/\/weltlaeden.de\/badschoenborn\/wp-content\/uploads\/sites\/62\/2025\/09\/IMG_20250918_100850_7-169x300.jpg 169w, https:\/\/weltlaeden.de\/badschoenborn\/wp-content\/uploads\/sites\/62\/2025\/09\/IMG_20250918_100850_7-576x1024.jpg 576w, https:\/\/weltlaeden.de\/badschoenborn\/wp-content\/uploads\/sites\/62\/2025\/09\/IMG_20250918_100850_7-768x1366.jpg 768w, https:\/\/weltlaeden.de\/badschoenborn\/wp-content\/uploads\/sites\/62\/2025\/09\/IMG_20250918_100850_7-863x1536.jpg 863w, https:\/\/weltlaeden.de\/badschoenborn\/wp-content\/uploads\/sites\/62\/2025\/09\/IMG_20250918_100850_7-1151x2048.jpg 1151w, https:\/\/weltlaeden.de\/badschoenborn\/wp-content\/uploads\/sites\/62\/2025\/09\/IMG_20250918_100850_7-scaled.jpg 1439w\" sizes=\"auto, (max-width: 148px) 100vw, 148px\" \/><\/p>\n<p>&nbsp;<\/p>\n<p>Foto: Ulrike Thienel\u00a0 \u00a0 \u00a0 \u00a0 \u00a0 \u00a0 \u00a0 \u00a0 \u00a0 \u00a0 \u00a0 \u00a0 \u00a0 \u00a0 \u00a0 \u00a0 \u00a0 \u00a0 \u00a0 \u00a0 \u00a0 \u00a0 \u00a0 \u00a0 \u00a0 \u00a0 \u00a0<em><strong>Verkostung\u00a0&#8211; &#8222;Veggiequiche&#8220;<\/strong><\/em><\/p>\n<p>&nbsp;<\/p>\n<p><em><strong>&#8222;Veggie-Quiche&#8220;<\/strong> ge<\/em>kostet werden. Die KundInnen nahmen das schmackhafte Angebot gerne an und vielleicht wird das Rezept zu Hause noch ausprobiert.<\/p>\n<p>Aus dem vielf\u00e4ltigen, nachhaltigen <em><strong>Gew\u00fcrzsortiment &#8222;fair und spicy&#8220;<\/strong> <\/em>bieten wir eine breite Auswahl verschiedener Gew\u00fcrzmischungen. Haben Sie Lust, etwas Neues zu entdecken?<\/p>\n<p>Kommen Sie gerne in den <em><strong>Weltladen Bad Sch\u00f6nborn<\/strong><\/em> und lassen sich von den Kr\u00e4utern aus aller Welt inspirieren. Wir freuen uns auf Sie!<\/p>\n<p>Ihr Weltladenteam<\/p>\n<p>&nbsp;<\/p>\n<p>&nbsp;<\/p>\n<p>&nbsp;<\/p>\n<p>&nbsp;<\/p>\n<p>&nbsp;<\/p>\n<p><img loading=\"lazy\" decoding=\"async\" class=\"alignnone size-medium wp-image-1269\" src=\"https:\/\/weltlaeden.de\/badschoenborn\/wp-content\/uploads\/sites\/62\/2025\/04\/weltladentag_2025_plakat_vorschau.1280x0-214x300.jpg\" alt=\"\" width=\"214\" height=\"300\" srcset=\"https:\/\/weltlaeden.de\/badschoenborn\/wp-content\/uploads\/sites\/62\/2025\/04\/weltladentag_2025_plakat_vorschau.1280x0-214x300.jpg 214w, https:\/\/weltlaeden.de\/badschoenborn\/wp-content\/uploads\/sites\/62\/2025\/04\/weltladentag_2025_plakat_vorschau.1280x0-730x1024.jpg 730w, https:\/\/weltlaeden.de\/badschoenborn\/wp-content\/uploads\/sites\/62\/2025\/04\/weltladentag_2025_plakat_vorschau.1280x0-768x1078.jpg 768w, https:\/\/weltlaeden.de\/badschoenborn\/wp-content\/uploads\/sites\/62\/2025\/04\/weltladentag_2025_plakat_vorschau.1280x0-1095x1536.jpg 1095w, https:\/\/weltlaeden.de\/badschoenborn\/wp-content\/uploads\/sites\/62\/2025\/04\/weltladentag_2025_plakat_vorschau.1280x0.jpg 1280w\" sizes=\"auto, (max-width: 214px) 100vw, 214px\" \/>[vc_row][vc_column]<br \/>\nQuelle: Weltladendachverband<\/p>\n<p>Am <strong>10. Mai 2025<\/strong><em> war Weltladentag.<br \/>\nUnter dem Motto <strong>&#8222;Schoki f\u00fcrs Klima? Kauf ich euch ab!&#8220;<\/strong> finden bundesweit Aktionen f\u00fcr einen fairen Kakaoanbau und &#8211; handel statt. <\/em><\/p>\n<p>Der Kakaoanbau, insbesondere in Westafrika, der weltweit wichtigsten Region f\u00fcr Kakaoanbau, wird in den letzten Jahren durch zunehmende D\u00fcrren und vermehrten Pilzbefall bedroht. Die Ernteausf\u00e4lle tragen zur Verschlechterung der ohnehin schwierigen Einkommenssituation der Kakaob\u00e4uerInnen trotz steigender Weltmarktpreise bei. Vor allem kleinere Familienbetriebe geraten durch Ernteausf\u00e4lle in existenzgef\u00e4hrdende Situationen, da es f\u00fcr sie schwierig ist, auf alternative Einkommensquellen umzusteigen<br \/>\nHier will der faire Handel mit fairen Preisen gegensteuern.<\/p>\n<p>Die LieferantInnen der Weltl\u00e4den sichern den Kakaob\u00e4uerInnen existenzsichernde Einkommen \u00fcber transparente Handelswege, langfristige Partnerschaften und Liefervertr\u00e4ge und faire Preise zu..<br \/>\nDie Weltl\u00e4den wollen dieses Jahr anl\u00e4sslich des Weltladentages am 10. Mai mit verschiedenen Aktionen auf diese Problematik aufmerksam machen.<\/p>\n<p>Auch der <strong>Weltladen Bad Sch\u00f6nborn <\/strong>beteiligt sich mit einem fairen Stand auf dem Jahrmarkt.<br \/>\nKommen Sie gerne am 10. Mai ab 16.00 Uhr in Mingolsheim bei uns vorbei. Genie\u00dfen und probieren Sie ein St\u00fcck Schokolade bei der Schokoladenverkostung und spielen Sie mit bei einem Schokoladenquiz. Lassen Sie sich von dem unterhaltsamen und schmackhaften Angebot f\u00fcr Gro\u00df und Klein \u00fcberraschen.<\/p>\n<p>Unterst\u00fctzen Sie den fairen Kakaoanbau mit Ihrer Unterschrift. Das INKOTA-Netzwerk fordert von gro\u00dfen Schokoladenherstellern, den Kakaoanbauenden existenzsichernde L\u00f6hne zu zahlen und damit Kinderarbeit zu verhindern.<br \/>\nDie Weltl\u00e4den rufen zum Weltladentag dazu auf, <strong>die Petition &#8222;Faire Kakaopreise jetzt&#8220; zu unterschreiben.<\/strong><\/p>\n<p>Der Verein Faire Welt e.V. Bad Sch\u00f6nborn engagiert sich \u2013 ausgehend vom Weltladen als Informationszentrum und zentralem Ort \u2013 seit 2011 f\u00fcr die Ziele des Fairen Handels.<\/p>\n<p>Wir freuen uns auf Sie!<br \/>\nIhr Weltladenteam<\/p>\n<p><ul class=\"termine-page past vergangen\"><li><h5 class=\"termine-titel\"><a href=\"https:\/\/weltlaeden.de\/badschoenborn\/termin\/freitag-11-april-2025-um-1900-uhr-im-gemeindesaal-der-ev-kirchengemeinde-bad-schoenborn-mingolsheim-hebelstrasse-2-jahresmitgliederversammlung-faire-welt-e-v-bad-schoenborn\/\">Freitag, 11. April 2025 um 19:00 Uhr im Gemeindesaal der ev. Kirchengemeinde Bad Sch\u00f6nborn-Mingolsheim, Hebelstra\u00dfe 2.   Jahresmitgliederversammlung Faire Welt e.V. Bad Sch\u00f6nborn<\/a><\/h5><p class=\"termine-date\">Fr., 11.04.2025, 19:00<\/p><p class=\"termine-auszug\"><\/li><li><h5 class=\"termine-titel\"><a href=\"https:\/\/weltlaeden.de\/badschoenborn\/termin\/wochen-gegen-rassismus-haben-begonnen\/\">Wochen gegen Rassismus haben begonnen<\/a><\/h5><p class=\"termine-date\">Fr., 21.03.2025<\/p><p class=\"termine-auszug\"><\/li><li><h5 class=\"termine-titel\"><a href=\"https:\/\/weltlaeden.de\/badschoenborn\/termin\/mitgliederversammlung-vortrag-thats-ghana\/\">Mitgliederversammlung \/ Vortrag \u201eThat\u2019s Ghana\u201d<\/a><\/h5><p class=\"termine-date\">Fr., 15.03.2024, 19:30<\/p><p class=\"termine-auszug\"><p class=\"Veranstaltungstext\" align=\"left\">Am <b>Freitag, den 15. M\u00e4rz 2024<\/b> l\u00e4dt Faire Welt e.V. Bad Sch\u00f6nborn nach der Mitgliederversammlung zu einem Erfahrungsbericht aus Ghana ein. Um <b>19.30 Uhr<\/b> beginnt Silva Schweigert, die ein freiwilliges Soziales Jahr in Westafrika verbracht hat mit ihrem\u00a0<b>Bildvortrag \u201eThat\u2019s Ghana \u2013 so anders als erwartet\u201d<\/b>. Sie arbeitete in einem Heim f\u00fcr unterern\u00e4hrte Kinder im Nordwesten des Landes und berichtet \u2013 abseits des Safari-Tourismus \u2013 vom Hinterland des \u201eBlack Volta\u201d. In ihrem Bildvortrag zeigt sie die ghanaische Lebenswirklichkeit, erz\u00e4hlt vom allm\u00e4hlichen Annehmen der so ganz anderen Lebensbedingungen in Westafrika, vom Eintauchen in die Traditionen der Gesellschaft, das Erlernen der fremden Regeln; Kurioses, Bedenkliches und Erfreuliches. Was braucht es, um in der Fremde Vertrauen zu fassen zu Mitmenschen, die bei auftauchenden Problemen ganz andere L\u00f6sungen finden als vermutet?<\/p> Nach dem Bildvortrag besteht die M\u00f6glichkeit zu Diskussion und Austausch \u2013 Herzliche Einladung!<p class=termine-ort\"><small>Ort: <i>Gemeindezentrum neben der Gustav-Adolf-Kirche in der Hebelstra\u00dfe 2, Mingolsheim<\/i><\/small><\/p><\/li><li><h5 class=\"termine-titel\"><a href=\"https:\/\/weltlaeden.de\/badschoenborn\/termin\/fairtrade-weihnachtsmarkt-huette\/\">Fairtrade-Weihnachtsmarkt-H\u00fctte<\/a><\/h5><p class=\"termine-date\">Sa., 02.12.2023, 16:00<\/p><p class=\"termine-auszug\"><p style=\"font-weight: 400\">Am <strong>2. Dezember 2023<\/strong> laden wir Sie und Euch herzlich ein zur <strong>Fairtrade-Weihnachtsmarkt-H\u00fctte<\/strong>. Zus\u00e4tzlich zum samstagnachmittags ge\u00f6ffneten Weltladen bieten die Aktiven von Faire Welt e.V. und die LadenteamerInnen direkt vor dem Weltladen zur Verkostung an: <strong>Hei\u00dfe Fairtrade-Schokoladen<\/strong>, verschiedene <strong>Tees und Gl\u00fchwein<\/strong>. Der Bio-Ingwer im Tee stammt z.B. aus Vietnam. Die B\u00e4uerInnen leben in abgelegenen D\u00f6rfern ganz im Norden des Landes. Dort gibt es kaum Schulen, wenig Strom, kaum Wasserleitungen und schlechte Stra\u00dfen. Doch sind sie sehr verwurzelt in ihrer Dorfgemeinschaft und haben durch den Fairen Handel eine Zukunftsperspektive, die Landflucht verhindert. Mit der FairTrade-Pr\u00e4mie wurde beispielsweise im Dorf Suomi Bu ein Kindergarten gebaut.<\/p><p class=termine-ort\"><small>Ort: <i>Friedrichstr. 52, Mingolsheim<\/i><\/small><\/p><\/li><li><h5 class=\"termine-titel\"><a href=\"https:\/\/weltlaeden.de\/badschoenborn\/termin\/weihnachtliches-mingolsheim\/\">Weihnachtliches Mingolsheim<\/a><\/h5><p class=\"termine-date\">Fr., 01.12.2023, 17:00<\/p><p class=\"termine-auszug\"><p style=\"font-weight: 400\">Am 1. Dezember 2023 l\u00e4dt der Weltladen zusammen mit \u201ePapier-Schneider\u201d am Freitagnachmittag zur <strong>geselligen Nikolaus-Aktion<\/strong> ein. Vor der Friedrichstra\u00dfe 52 finden Sie <strong>ab 17.00 Uhr<\/strong> das kulinarische Angebot. Die <strong>Waffeln<\/strong> k\u00f6nnen mit Fairtrade-Zucker aus den den Philippinen verfeinert werden. Dort w\u00e4chst das Zuckerrohr, der Rohstoff f\u00fcr die s\u00fc\u00dfe Zutat. Neben fairen L\u00f6hnen, die die philippinischen Zuckerrohrbauern f\u00fcr ihre Ernte erhalten wird der \u00f6kologische Landbau gef\u00f6rdert, um eine nachhaltige Zukunft f\u00fcr die Menschen im l\u00e4ndlichen Raum sicherzustellen. <strong>Gl\u00fchwein<\/strong> und <strong>Kinderpunsch<\/strong> werden f\u00fcr die durstigen Besucherinnen und Besucher ebenfalls angeboten.<\/p><p class=termine-ort\"><small>Ort: <i>Friedrichstr. 52, Mingolsheim<\/i><\/small><\/p><\/li><li><h5 class=\"termine-titel\"><a href=\"https:\/\/weltlaeden.de\/badschoenborn\/termin\/ladentreff-november\/\">Ladentreff November<\/a><\/h5><p class=\"termine-date\">Mo., 27.11.2023, 19:30<\/p><p class=\"termine-auszug\">Jeden Monat trifft sich das Ladenteam, um die kommenden Wochen zu planen. G\u00e4ste sind gerne gesehen!<p class=termine-ort\"><small>Ort: <i>FeG, Sch\u00f6nbornallee Mingolsheim<\/i><\/small><\/p><\/li><li><h5 class=\"termine-titel\"><a href=\"https:\/\/weltlaeden.de\/badschoenborn\/termin\/wasser-ist-kostbarer-als-gold-reisebericht-zur-klimagerechtigkeit-in-burkina-faso\/\">\u201eWasser ist kostbarer als Gold\u201d\u2013 Reisebericht zur Klimagerechtigkeit in Burkina Faso<\/a><\/h5><p class=\"termine-date\">Fr., 15.09.2023, 19:00<\/p><p class=\"termine-auszug\"><p style=\"font-weight: 400\">Klimagerechtigkeit hei\u00dft: Die Verursacher von hohem CO2-Aussto\u00df in den Industrienationen erm\u00f6glichen Menschen in L\u00e4ndern mit wenig CO2-Aussto\u00df eine lebenswerte Zukunft. Der F\u00f6rderkreis Burkina Faso Rheinstetten ist seit 2004 in dem westafrikanischen Land Burkina Faso in Sapon\u00e9-March\u00e9 (30 km s\u00fcdlich der Hauptstadt Ouagadougou) t\u00e4tig. Burkina Faso ist ein Binnenland in Westafrika, wurde 1960 von der Kolonialmacht Frankreich unabh\u00e4ngig und ist heute eines der am wenigsten entwickelten L\u00e4nder der Welt. Die klimatischen Verh\u00e4ltnisse laugen die B\u00f6den aus und verschlechtern den Zugang zu Wasser, was langfristig die Ernteertr\u00e4ge schm\u00e4lert.\u00a0Beim<strong> Faire Woche<\/strong>-Bildvortrag am <strong>Freitag, den 15. September 2023<\/strong> berichten Rosemarie Peregovits und Christa Volkmann vom F\u00f6rderkreis Burkina Faso Rheinstetten e.V. von ihren Projekten und schildern aktuelle Reiseeindr\u00fccke. Der F\u00f6rderkreis Burkina Faso Rheinstetten arbeitet vor Ort mit dem Partnerkomitee BUUD YAM in Sapon\u00e9-March\u00e9 zusammen, um Hilfe zur Selbsthilfe zu leisten. Viele hoffnungsvolle Projekte zur Klimagerechtigkeit ist der F\u00f6rderkreis mit dem Partnerkomitee bereits angegangen.<\/p> [...] <a href=\"https:\/\/weltlaeden.de\/badschoenborn\/termin\/wasser-ist-kostbarer-als-gold-reisebericht-zur-klimagerechtigkeit-in-burkina-faso\/\"><small>[WEITERLESEN]<\/small><\/a><\/p><p class=termine-ort\"><small>Ort: <i>Haus des Gastes, Kurpark\/Kraichgaustra\u00dfe 10 in Mingolsheim<\/i><\/small><\/p><\/li><li><h5 class=\"termine-titel\"><a href=\"https:\/\/weltlaeden.de\/badschoenborn\/termin\/ladentreff_august-2023\/\">Ladentreff August<\/a><\/h5><p class=\"termine-date\">Mo., 28.08.2023, 19:00<\/p><p class=\"termine-auszug\">Faire Woche in Mingolsheim und andere Themen aus Laden und Bildungsarbeit.<p class=termine-ort\"><small>Ort: <i>FeG, Sch\u00f6nbornallee 1, Mingolsheim<\/i><\/small><\/p><\/li><li><h5 class=\"termine-titel\"><a href=\"https:\/\/weltlaeden.de\/badschoenborn\/termin\/faires-bio-fruehstueck-zum-ortsjubilaeum\/\">Faires Bio-Fr\u00fchst\u00fcck zum Ortsjubil\u00e4um<\/a><\/h5><p class=\"termine-date\">So., 25.06.2023, 08:30<\/p><p class=\"termine-auszug\"><p style=\"font-weight: 400\">Herzliche Einladung zum Fairen Fr\u00fchst\u00fcck! Im Festzelt beim Sportpark in der Sch\u00f6nbornallee bewirten die Ehrenamtlichen alle Fr\u00fchst\u00fccksg\u00e4ste am Festsonntag von<strong> 8.30 bis 10.00 Uhr<\/strong> mit K\u00f6stlichkeiten aus Fairen Handel und ausgesuchten regionalen Lebensmitteln gegen Spende. Wir freuen uns \u00fcber <strong>Anmeldungen<\/strong> zur besseren Planung. Wer teilnehmen m\u00f6chte, bitte<strong> bis 20.06.2023<\/strong> Namen und Anzahl der Personen angeben unter\u00a0<a href=\"mailto:weltladen-bad-schoenborn@gmx.de\">weltladen-bad-schoenborn@gmx.de<\/a>.<\/p> Gerne k\u00f6nnen Sie sich auch im Weltladen pers\u00f6nlich anmelden.<\/li><li><h5 class=\"termine-titel\"><a href=\"https:\/\/weltlaeden.de\/badschoenborn\/termin\/vortrag-siegelklarheit\/\">Vortrag Siegelklarheit<\/a><\/h5><p class=\"termine-date\">Mi., 03.05.2023, 19:30<\/p><p class=\"termine-auszug\"><p style=\"font-weight: 400\">\u201e\u00d6koTex\u201d, \u201eNaturlandFAIR\u201d, \u201eGOTS\u201d \u2013 Lebensmittel- und Textilhersteller m\u00f6chten mit Bio-, \u201eorganic-\u201c oder Fairtrade-Siegeln zu mehr Transparenz in der Produktionskette beitragen. Doch gelingt das wirklich? Was steckt dahinter? Wer \u00fcberpr\u00fcft vor Ort, ob die Bio-Baumwolle im Ausland tats\u00e4chlich mit weniger Pestizid-Einsatz angebaut, transportiert oder veredelt wurde? Welche L\u00f6hne in fairtrade-zertifizierten Betrieben gezahlt werden?<\/p> <p style=\"font-weight: 400\">Am <strong>Mittwoch, 3. Mai 2023<\/strong> l\u00e4dt der Verein FaireWelt e.V. Bad Sch\u00f6nborn ein, zusammen mit dem Referent Andreas Bohn von <em>baghi<\/em>, einem vom Weltladen-Dachverband anerkannten Lieferanten, die H\u00e4ndlerseite der Siegelzertifizierungen kennen zu lernen.<\/p> <p style=\"font-weight: 400\">Das Unternehmen <em>baghi<\/em> (das Hindi-Wort bedeutet \u201eRebell\u201d) hat im vergangenen Jahr erfolgreich die Zertifizierung des GOTS (Global Organic Textile Standards) bestanden und handelt mit nachhaltig und fair produzierten Bio-Baumwoll-Textilien aus Indien.<\/p> <p style=\"font-weight: 400\">Andreas und Susan Bohn pflegen langj\u00e4hrige Kontakte in Indien und sind fasziniert von vielen Menschen, die dort f\u00fcr Nachhaltigkeit und einen respektvollen Umgang mit Natur und<\/p> [...] <a href=\"https:\/\/weltlaeden.de\/badschoenborn\/termin\/vortrag-siegelklarheit\/\"><small>[WEITERLESEN]<\/small><\/a><\/p><p class=termine-ort\"><small>Ort: <i>Bad Sch\u00f6nborn, Hebelstr. 2<\/i><\/small><\/p><\/li><li><h5 class=\"termine-titel\"><a href=\"https:\/\/weltlaeden.de\/badschoenborn\/termin\/mitgliederversammlung-2023\/\">Mitgliederversammlung 2023<\/a><\/h5><p class=\"termine-date\">Mi., 03.05.2023, 18:30<\/p><p class=\"termine-auszug\">Wir treffen uns am Mittwoch, 3. Mai um 18.30 im Gemeindesaal der Ev. Kirche Mingolsheim, Hebelstra\u00dfe. Anschlie\u00dfend herzliche Einladung zum Fachvortrag \u201eSiegelklarheit\u201d von A. und S. Bohn, Gesch\u00e4ftsf\u00fchrende des Fairtrade-Lieferanten \u201eBaghi\u201c (Indien)<\/li><li><h5 class=\"termine-titel\"><a href=\"https:\/\/weltlaeden.de\/badschoenborn\/termin\/ladentreff-april\/\">Ladentreff April<\/a><\/h5><p class=\"termine-date\">Mo., 24.04.2023, 19:00<\/p><p class=\"termine-auszug\">Wir treffen uns am Montag, 24.04.23 ab 19.00 Uhr in den R\u00e4umen der FeG, Sch\u00f6nbornallee<\/li><li><h5 class=\"termine-titel\"><a href=\"https:\/\/weltlaeden.de\/badschoenborn\/termin\/ladentreff-februar\/\">Ladentreff Februar<\/a><\/h5><p class=\"termine-date\">Mo., 27.02.2023, 19:00<\/p><p class=\"termine-auszug\">in den R\u00e4umen der FeG, Sch\u00f6nborn-Allee 1<\/li><li><h5 class=\"termine-titel\"><a href=\"https:\/\/weltlaeden.de\/badschoenborn\/termin\/ladentreff-mit-luise-schroter\/\">Ladentreff mit Luise Schroter<\/a><\/h5><p class=\"termine-date\">Mo., 28.11.2022, 20:00<\/p><p class=\"termine-auszug\">Vortrag mit Luise Schroter,\u00a0Master of European Law aus Den Haag <b>Ort: FeG, Mingolsheim,\u00a0<\/b>Sch\u00f6nborn-Allee 1<\/li><li><h5 class=\"termine-titel\"><a href=\"https:\/\/weltlaeden.de\/badschoenborn\/termin\/heiss-auf-fairtrade-schokolade-ausschank\/\">Hei\u00df auf Fairtrade-Schokolade? Ausschank<\/a><\/h5><p class=\"termine-date\">Sa., 26.11.2022, 16:00<\/p><p class=\"termine-auszug\"><p style=\"font-weight: 400\"><strong>Ausschank am Samstag, 26.11.22 auf dem Mingolsheimer Weihnachtsmarkt:\u00a0<\/strong>Die Ehrenamtlichen des Weltladens laden herzlich ein, Hei\u00dfgetr\u00e4nke wie Trinkschokolade und Tees aus Fairem Handel zu probieren. Au\u00dferdem wird auch Bio-Gl\u00fchwein ab 16.00 Uhr an der H\u00fctte vor der Sparkasse ausgeschenkt.\u00a0Im Fairen Handel gibt es bereits zahlreiche Lebensmittel in Bio-Qualit\u00e4t. Doch Nachhaltigkeit betrifft zunehmend auch die Verpackungen: z.B. wurden nachhaltigere Papierh\u00fcllen als Kuverts f\u00fcr die Teebeutel entwickelt, um die Plastikflut einzud\u00e4mmen. Die aromasch\u00fctzenden T\u00fctchen bestehen aus kompostierbarem Holzzellstoff. Auch bei Schokoladen gibt es neue Verpackungen, weg von Rohstoffen auf Erdo\u0308lbasis, hin zu nachwachsenden Rohstoffen. Im Laden finden Sie aktuelle Informationen zu Fairem Handel und Nachhaltigkeit; das ehrenamtliche Ladenteam freut sich \u00fcber Ihren Besuch an der H\u00fctte oder im warmen Innenraum!<\/p><p class=termine-ort\"><small>Ort: <i>Mingolsheim<\/i><\/small><\/p><\/li><li><h5 class=\"termine-titel\"><a href=\"https:\/\/weltlaeden.de\/badschoenborn\/termin\/einladung-zum-klimawandeln-nach-heidelberg\/\">Einladung\u00a0zum \u201eKlimawandeln\u201d nach Heidelberg<\/a><\/h5><p class=\"termine-date\">Mi., 19.10.2022, 16:00<\/p><p class=\"termine-auszug\">Globales Lernen \u2013 Globales Klassenzimmer In\u00a0vielen St\u00e4dten Deutschlands gibt es Globale Klassenzimmer. Auch in Heidelberg\u00a0wurde im \u201eWelthaus\u201d, gleich neben dem\u00a0Hauptbahnhof, im Jahre 2012 dieses\u00a0Angebot geschaffen. Ausgezeichnet vom UNSECO-Programm <strong>\u201eBildung f\u00fcr nachhaltige\u00a0Entwicklung\u201d<\/strong> in 2019 bietet der innovative Lernraum neben Bildungsangeboten f\u00fcr\u00a0Schulklassen und Jugendgruppen auch\u00a0Fortbildungen zum Globalen Lernen f\u00fcr\u00a0Lehrkr\u00e4fte, angehende P\u00e4dagog:innen und interessierte Erwachsene an. Der\u00a0experimentelle Freiraum, um neue Formen der Wissensvermittlung zu erproben\u00a0inspiriert die Gro\u00dfen genauso wie die Kinder\u00a0und Jugendlichen. Das\u00a0EineWelt-Zentrum Heidelberg, ein Zusammenschluss von \u00fcber 40 Initiativen,\u00a0Vereinen und Organisationen\u00a0bildete die Grundlage, um das Globale Lernen zu\u00a0entwickeln und will mit seiner Arbeit dazu einladen, an unserer Einen Welt\u00a0mitzugestalten und die globalen Zusammenh\u00e4nge zu verstehen, um zukunftsf\u00e4hige\u00a0Entwicklungen voranzutreiben. Das\u00a0Bildungsangebot reicht von <strong>Stadtrundg\u00e4ngen, die mit einem ungewohnten Blick\u00a0durch Heidelberg<\/strong> f\u00fchren, Ausleihe von\u00a0Ausstellungen, bis hin zu Workshops, die die\u00a0Hintergr\u00fcnde der Globalisierung, bewussten Konsum, den Klimaschutz sowie\u00a0Migration\u00a0und Menschenrechte in den Mittelpunkt stellen. <strong>Faire Welt e.V. Bad Sch\u00f6nborn l\u00e4dt ein zum\u00a0\u201eKlimawandeln in Heidelberg\u201d mit dem Globalen<\/strong> [...] <a href=\"https:\/\/weltlaeden.de\/badschoenborn\/termin\/einladung-zum-klimawandeln-nach-heidelberg\/\"><small>[WEITERLESEN]<\/small><\/a><\/p><\/li><li><h5 class=\"termine-titel\"><a href=\"https:\/\/weltlaeden.de\/badschoenborn\/termin\/tombola-zum-sommerausklang\/\">Tombola zum Sommerausklang<\/a><\/h5><p class=\"termine-date\">Sa., 24.09.2022, 16:00 bis 24.09.2022, 20:00<\/p><p class=\"termine-auszug\">W\u00e4hrend der Fairen Woche informiert Faire Welt e.V. Bad Sch\u00f6nborn \u00fcber die Hintergr\u00fcnde der Mode-Industrie und veranstaltet am <strong>Samstag, 24.09.2022<\/strong>, zum Sommerausklang eine interessante <strong>Tombola<\/strong> mit ausgew\u00e4hlten Produkten. Der Erl\u00f6s geht an die 1996 gegr\u00fcndete Initiative \u201eKampagne f\u00fcr Saubere Kleidung Deutschland e.V.\u201d Ausl\u00f6ser der Gr\u00fcndung waren alarmierende Berichte aus den Textilfabriken Asiens und Mittelamerikas, in denen insbesondere junge Frauen unter oft unmenschlichen Bedingungen arbeiten. Aktivist*innen der ersten Stunde machten anl\u00e4sslich der Winter- und Sommerschlussverk\u00e4ufe mit Infost\u00e4nden auf die ausbeuterischen Arbeitsbedingungen aufmerksam. Gleichzeitig dazu fanden erste Gespr\u00e4che mit Textilunternehmen wie Otto, Adidas, Steilmann und C&amp;A statt. Galt es doch, die Unternehmen mit den Zust\u00e4nden in den Textilfabriken zu konfrontieren und auf Verbesserungen zu dr\u00e4ngen. Auch die internationale Solidarit\u00e4tsarbeit mit Arbeiter:Innen wurde begonnen. &nbsp; Ziele der Aktionen von Saubere Kleidung e.V.: regul\u00e4re Besch\u00e4ftigungsverh\u00e4ltnisse f\u00fcr alle Besch\u00e4ftigten, Arbeitszeitregelung Schaffung von menschenw\u00fcrdigen Arbeitsbedingungen, faire Bezahlung Durchsetzung gewerkschaftlicher Rechte Sicherheit und Gesundheit am Arbeitsplatz Verbot [...] <a href=\"https:\/\/weltlaeden.de\/badschoenborn\/termin\/tombola-zum-sommerausklang\/\"><small>[WEITERLESEN]<\/small><\/a><\/p><p class=termine-ort\"><small>Ort: <i>Bad Sch\u00f6nborn Mingolsheim<\/i><\/small><\/p><\/li><li><h5 class=\"termine-titel\"><a href=\"https:\/\/weltlaeden.de\/badschoenborn\/termin\/ladentreff-juli\/\">Ladentreff Juli<\/a><\/h5><p class=\"termine-date\">Mo., 25.07.2022, 19:30<\/p><p class=\"termine-auszug\">Weltladentreffen am 25.07.2022, 19.30 Uhr, in der Freien Evangelischen Gemeinde Mingolsheim. \u00a0Die Ehrenamtlichen planen zur Fairen Woche 2022. Herzliche Einladung an alle Interessierten!<\/li><li><h5 class=\"termine-titel\"><a href=\"https:\/\/weltlaeden.de\/badschoenborn\/termin\/reise-einer-jeans-globales-lernen-in-der-michael-ende-schule\/\">Reise einer Jeans \u2013 Globales Lernen in der Michael Ende Schule<\/a><\/h5><p class=\"termine-date\">Mi., 22.06.2022, 11:00<\/p><p class=\"termine-auszug\"><p style=\"font-weight: 400\">Die Achtkl\u00e4ssler der Michael-Ende-Schule in Mingolsheim trafen sich am Mittwoch, 18. Mai 2022 mit der Kunstlehrerin Karin Renz und der Bildungsreferentin des Weltladens, Constanze Spranger, um im Rahmen des Globalen Lernens der Lieferkette von Jeanshosen auf die Spur zu kommen. Bis die Baumwolle zum blau gef\u00e4rbten Denim-Stoff verarbeitet ist, der dann nach China zu XinXin oder Wong transportiert wird, die dort die Jeans herstellen, werden viele Ressourcen verbraucht und Wegekilometer zur\u00fcckgelegt. Die Sch\u00fclerinnen und Sch\u00fcler erfuhren, dass die modische \u201estone washed\u201d-Optik ein wasserintensiver Arbeitsschritt ist, bevor die Jeans, nach Kontrolle, Verpackung und Transport, in den Onlineshops oder Modeboutiquen zum Verkauf angeboten werden.<\/p> <p style=\"font-weight: 400\">Am Mittwoch, den 6. Juni 2022 werden die Eindr\u00fccke aus dem Mai-Workshop in kreative Gestaltungen mit Weltkarten konzeptionell als Entw\u00fcrfe zur Kunst-Gestaltung umgesetzt und an den darauffolgenden Tagen ausgearbeitet.<\/p><\/li><li><h5 class=\"termine-titel\"><a href=\"https:\/\/weltlaeden.de\/badschoenborn\/termin\/weltladentag-2022\/\">Weltladentag 2022<\/a><\/h5><p class=\"termine-date\">Sa., 14.05.2022, 13:04<\/p><p class=\"termine-auszug\">Die niedrigen Preise bedeuten f\u00fcr viele Kleinproduzent*innen im Globalen S\u00fcden ein Leben in Armut.\u00a0In Deutschland sehen sich viele Erzeuger*innen gezwungen, ihre H\u00f6fe zu schlie\u00dfen.\u00a0Wir fordern von der Bundesregierung das Verbot des Einkaufs unterhalb der Produktionskosten und dies wirksam im Lieferkettengesetz umzusetzen. Dabei ist es wichtig, dass das Verbot auch f\u00fcr Lieferanten aus Nicht-EU-L\u00e4ndern gilt. Zudem muss es so ausgestaltet sein, dass die zu deckenden Produktionskosten die Zahlung von existenzsichernden L\u00f6hnen f\u00fcr angestellte Arbeiter*innen umfassen sowie Erzeuger*innen den Verdienst eines existenzsichernden Einkommens erm\u00f6glicht. <p style=\"font-weight: 400\">Mit Blick auf die Milliardengewinne, welche der Lebensmitteleinzelhandel und andere Unternehmen im letzten Jahr erwirtschaftet haben machte der Weltladen unter dem Motto \"M\u00c4CHTIG unfair\" am Weltladentag, Samstag, 14. Mai 2022 im Kurpark auf diese ungleichen Machtverh\u00e4ltnisse entlang globaler Lieferketten aufmerksam.<\/p><\/li><li><h5 class=\"termine-titel\"><a href=\"https:\/\/weltlaeden.de\/badschoenborn\/termin\/fairtrade-kaffeeseminar\/\">Fairtrade-Kaffeeseminar<\/a><\/h5><p class=\"termine-date\">Sa., 07.05.2022, 14:15<\/p><p class=\"termine-auszug\">In Mingolsheim ist eine \u00f6ffentliche Fortbildung f\u00fcr Kaffeebegeisterte geplant. Das Weltladenteam hat mit der Referentin Yvonne Weiss (Gepa \u00b7The Fair Trade Company) eine erfahrene Fairhandelsberaterin in die <strong>R\u00e4ume des Freien evangelischen Gemeindezentrums<\/strong> eingeladen, die sich \u00fcber interessierte und kritische Fragen rund um das liebste Hei\u00dfgetr\u00e4nk der Deutschen freut. Was geschieht in Kaffeeanbaul\u00e4ndern mit den Menschenrechten? Was unternehmen Kleinproduzenten, um Bio-Qualit\u00e4t zu erhalten? Wie entsteht entkoffeinierter Kaffee? Sind Kaffeepads wirklich kompostierbar? Im kleinen Kreis findet dazu die Verkostung von Sorten aus verschiedenen Kooperativen statt. Nur mit Voranmeldung \u2013 ab sofort im Weltladen m\u00f6glich. <strong>Kontakt: <\/strong><a href=\"mailto:info@weltladen-badschoenborn.de\"><strong>info@weltladen-badschoenborn.de<\/strong><\/a><p class=termine-ort\"><small>Ort: <i>FeG Bad Sch\u00f6nborn<\/i><\/small><\/p><\/li><li><h5 class=\"termine-titel\"><a href=\"https:\/\/weltlaeden.de\/badschoenborn\/termin\/mitgliedsversammlung\/\">Mitgliedsversammlung<\/a><\/h5><p class=\"termine-date\">Fr., 29.04.2022, 18:30<\/p><p class=\"termine-auszug\">Beginn Mitgliedsversammlung um\u00a018:30Uhr im Rathaus Mingolsheim. 19:30 Uhr \u201eZukunft des Fairen Handels\u201c Workshop mit Ingeborg Pujiula, dann kleiner Umtrunk.<\/li><li><h5 class=\"termine-titel\"><a href=\"https:\/\/weltlaeden.de\/badschoenborn\/termin\/weltfrauentag-2022-faire-flowerpower-aktion\/\">Weltfrauentag 2022 \u2013 Faire FlowerPower-Aktion<\/a><\/h5><p class=\"termine-date\">Di., 08.03.2022, 08:00 bis 11.03.2022, 12:30<\/p><p class=\"termine-auszug\"><p class=\"standard\">Ausbeutung von Frauen in Ostafrika f\u00fcr Blumenzierde? Viele Arbeiterinnen auf den Rosenfarmen in Kenia, \u00c4thiopien und Tansania arbeiten unter schlechten Bedingungen, ohne Arbeitsvertr\u00e4ge und unter mangelndem Arbeitsschutz.\u00a0Dass es anders geht, darauf macht die Aktion \u201eFlower Power \u2013 Sag\u2019s mit fairen Blumen\u201c vom Blumengesch\u00e4ft \u201eBlumenfreund\u201d und der Steuerungsgruppe <b>Fairtrade-Stadt Bad Sch\u00f6nborn<\/b> aufmerksam. Auf dem <strong>Marktplatz in Mingolsheim<\/strong> verteilen die Aktiven am Weltfrauentag, <b>Dienstag, 8. M\u00e4rz ab 8.00 Uhr.<\/b> \u201eEs ist ein kleines Dankesch\u00f6n f\u00fcr unsere B\u00fcrgerinnen und B\u00fcrger und gleichzeitig setzen wir ein Zeichen, dass wir auch in Pandemiezeiten Fairtrade-Gemeinde werden wollen. Das geht auch Corona-konform,\u201c sagt Tanja Baumann. Auf dem <b>Marktplatz in Langenbr\u00fccken wird am Freitag, dem 11. M\u00e4rz ab 10 Uhr<\/b> eine mobile Rosen-Station aufgebaut. B\u00fcrgerinnen und B\u00fcrger d\u00fcrfen eine Rose mitnehmen und sich \u00fcber den fairen Handel mit Blumen informieren. Die Ehrenamtlichen vom Weltladen freuen sich \u00fcber Ihren Besuch!<\/p><p class=termine-ort\"><small>Ort: <i>Bad Sch\u00f6nborn<\/i><\/small><\/p><\/li><li><h5 class=\"termine-titel\"><a href=\"https:\/\/weltlaeden.de\/badschoenborn\/termin\/weltgebetstag-2022-england-wales-nordirland\/\">Weltgebetstag 2022 \u2013 England, Wales, Nordirland<\/a><\/h5><p class=\"termine-date\">Fr., 04.03.2022, 18:00<\/p><p class=\"termine-auszug\">Eine Vielzahl von Speisen, die wir heute als \u201etypisch britisch\u201c betrachten, sind von kolonialen Einfl\u00fcssen gepr\u00e4gt. Die Liebe zum Tee entwickelten die Einwohner \u00a0Gro\u00dfbritanniens erst mit den Importen von Teeanbaugebieten aus S\u00fcdostasien. Heute ist Tee aus dem Vereinigten K\u00f6nigreich nicht mehr wegzudenken. Der Gottesdienst findet am 04.03. um 18.00 Uhr in der Evang. Kirche in Mingolsheim statt; im Weltaden finden Sie Informationsmaterialien zu den L\u00e4ndern.<\/li><li><h5 class=\"termine-titel\"><a href=\"https:\/\/weltlaeden.de\/badschoenborn\/termin\/oeffnungszeiten-21-22\/\">\u00d6ffnungszeiten 21\/22<\/a><\/h5><p class=\"termine-date\">Fr., 07.01.2022, 09:00<\/p><p class=\"termine-auszug\">Am 24.12. und 31.12. ist der Weltladen von 9.00 bis 12.00 Uhr ge\u00f6ffnet. Nach der Inventur \u00f6ffnen wir im neuen Jahr wieder am Freitag, den 7.1.2022!<\/li><li><h5 class=\"termine-titel\"><a href=\"https:\/\/weltlaeden.de\/badschoenborn\/termin\/mitgliedsversammlung-2021\/\">Mitgliedsversammlung 2021<\/a><\/h5><p class=\"termine-date\">Mi., 13.10.2021, 19:00<\/p><p class=\"termine-auszug\"><p class=termine-ort\"><small>Ort: <i>Ev. Kirche, Hebelstra\u00dfe 2, Bad Sch\u00f6nborn,<\/i><\/small><\/p><\/li><li><h5 class=\"termine-titel\"><a href=\"https:\/\/weltlaeden.de\/badschoenborn\/termin\/faire-woche-2021-kochen-und-menschenrechte\/\">Faire Woche 2021 \u2013 Kochen und Menschenrechte<\/a><\/h5><p class=\"termine-date\">Di., 28.09.2021, 19:00<\/p><p class=\"termine-auszug\">Die Autorin von \u201eBesser leben ohne Plastik\u201c, Anneliese Bunk, wirft einen gesamtheitlichen Blick auf den Einkaufskorb: Welche Produkte k\u00f6nnen wir hinsichtlich CO2-Belastung, Wasserfu\u00dfabdruck und Verpackungsm\u00fcll zuk\u00fcnftig mit gutem Gewissen kaufen? Oft werden beim ausbeuterischen Wirtschaften auch die Menschenrechte missachtet. Um 19.00 Uhr berichtet sie von ihrer aktuellen Recherche \u2013 in Kooperation mit den Menschen im globalen S\u00fcden. Lesung und Diskussion im \u201eHaus des Gastes\u201d, Mingolsheim<b>, Kraichgaustra\u00dfe 10.<\/b> <b>Anmeldung <a href=\"mailto:info@weltladen-badschoenborn.de\">info@weltladen-badschoenborn.de<\/a><\/b><p class=termine-ort\"><small>Ort: <i>Bad Sch\u00f6nborn, Kraichgaustra\u00dfe 10<\/i><\/small><\/p><\/li><li><h5 class=\"termine-titel\"><a href=\"https:\/\/weltlaeden.de\/badschoenborn\/termin\/faire-woche-2021-kaffeeseminar\/\">Faire Woche 2021 \u2013 Kaffeeseminar<\/a><\/h5><p class=\"termine-date\">Sa., 18.09.2021, 14:00<\/p><p class=\"termine-auszug\">Was geschieht in Kaffeeanbaul\u00e4ndern mit den Menschenrechten? Was unternehmen Kleinproduzenten, um Bio-Qualit\u00e4t zu erhalten? Wie entsteht entkoffeinierter Kaffee? Sind Kaffeepads wirklich kompostierbar? Im kleinen Kreis erfahren Sie Hintergr\u00fcnde und neue Entwicklungen rund um das liebste Getr\u00e4nk der Deutschen.\u00a0 <b>Ort: Freie ev. Gemeinde Mingolsheim, Gemeindezentrum Sch\u00f6nbornallee 1.<\/b> \u00a0<b>Anmeldung <a href=\"mailto:info@weltladen-badschoenborn.de\">info@weltladen-badschoenborn.de<\/a><\/b><p class=termine-ort\"><small>Ort: <i>Bad Sch\u00f6nborn, Sch\u00f6nbornallee 1<\/i><\/small><\/p><\/li><li><h5 class=\"termine-titel\"><a href=\"https:\/\/weltlaeden.de\/badschoenborn\/termin\/zukunftsfaehiges-wirtschaften-matthias-pieper-vom-zukunftshaus-wuerzburg-zu-gast\/\">Zukunftsf\u00e4higes Wirtschaften \u2013 Matthias Pieper vom \u201eZukunftshaus W\u00fcrzburg\u201d zu Gast<\/a><\/h5><p class=\"termine-date\">Fr., 25.06.2021, 19:00<\/p><p class=\"termine-auszug\">\u201eF\u00fcr unser Jubil\u00e4um wollen wir in die Zukunft schauen,\u201d so Daniela Blech-Straub, die Vorsitzende des Tr\u00e4gervereins Faire Welt Bad Sch\u00f6nborn e.V. \u201eFair und Bio ist gut, aber wenn dabei durch hohen Wasserverbrauch, ausufernde Verpackungen oder energiefressende Transportmittel Ressourcen in M\u00fcll umgewandelt werden, muss ein neuer Weg gefunden werden.\u201d Zusammen mit dem Referenten Matthias Pieper vom Zukunftshaus W\u00fcrzburg e.V. will der Verein am <strong>Freitag, den 25. Juni 2021<\/strong> einladen, neues Wirtschaften f\u00fcr die Zeit des Postwachstums zu entwickeln. Um 19.00 Uhr beginnt im Pfarrgarten der Ev. Kirche Mingolsheim der Bildvortrag von\u00a0Matthias Pieper vom Verein \u201eZukunftshaus e.V.\u201c, W\u00fcrzburg. Der studierte Betriebswirt arbeitet im Weltladen W\u00fcrzburg, ist Mitinhaber und Gesch\u00e4ftsf\u00fchrer des Alpaka-Gro\u00dfhandelsunternehmens \u201emariposa fair trade\u201c und war viele Jahre Vorstandsvorsitzender beim \u201eFair Band\u201c Bundesverband f\u00fcr fairen Import und Vertrieb e.V. in Berlin.\u00a0Der Referent stellt neue Rahmenbedingungen des Zukunftsf\u00e4higen Wirtschaftens vor und l\u00e4dt ein zur Diskussion \u00fcber einen zukunftsf\u00e4higen Lebensstil \u2013 f\u00fcr den Erhalt [...] <a href=\"https:\/\/weltlaeden.de\/badschoenborn\/termin\/zukunftsfaehiges-wirtschaften-matthias-pieper-vom-zukunftshaus-wuerzburg-zu-gast\/\"><small>[WEITERLESEN]<\/small><\/a><\/p><p class=termine-ort\"><small>Ort: <i>Ev. Kirche Pfarrgarten, Hebelstr. 2, Mingolsheim<\/i><\/small><\/p><\/li><li><h5 class=\"termine-titel\"><a href=\"https:\/\/weltlaeden.de\/badschoenborn\/termin\/weltladenfachtage-online-9-12-juni-2021\/\">Weltladenfachtage Online: 9. \u2013 12. Juni 2021<\/a><\/h5><p class=\"termine-date\">Mi., 09.06.2021, 10:00 bis 12.06.2021, 12:00<\/p><p class=\"termine-auszug\">Die inspirierende Veranstaltung teilt sich in zwei Bereiche: Die Fachmesse mit \u00fcber 45 Ausstellern an ihren virtuellen Messest\u00e4nden und die Fachtagung mit Fortbildung-Workshops! Eine Anmeldung ist erforderlich. Alle wichtigen Informationen unter <a href=\"http:\/\/www.weltladen.de\/fachtage\">www.weltladen.de\/fachtage<\/a>. Veranstalter: Gesch\u00e4ftsstelle Weltladen-Dachverband e.V., Mainz<\/li><li><h5 class=\"termine-titel\"><a href=\"https:\/\/weltlaeden.de\/badschoenborn\/termin\/weltladentag-2021\/\">Weltladentag 2021<\/a><\/h5><p class=\"termine-date\">Sa., 08.05.2021 bis 09.05.2021<\/p><p class=\"termine-auszug\"><strong>Die Welt braucht einen Tapetenwechsel \u2013\u00a0die guten Vors\u00e4tze f\u00fcrs neue Jahr etwas auffrischen?<\/strong> G\u00f6nn Dir Wandel \u2013 die Aktion zum Weltladentag 2021. <a href=\"https:\/\/www.weltladen.de\/politik-veraendern\/weltladentag\/aktuelle-kampagne\/goenn-dir-solidaritaet\/\">Impulse f\u00fcr Ver\u00e4nderung<\/a> d\u00fcrfen auch in diesem Fr\u00fchjahr Wirkung entfalten \u2013 Mit einer bunten Stra\u00dfenaktion laden die Ehrenamtlichen vom Bad Sch\u00f6nborner Weltladen ein, mitzumachen: Von Donnerstag, 6. Mai \u2013 Samstag, 8. Mai 2021 werden auf ausgew\u00e4hlten Pl\u00e4tzen in Mingolsheim und Langebr\u00fccken\u00a0Leinen gespannt, die mit farbigen Mitnehm-Impulsen zu Nachhaltigkeit, Solidarit\u00e4t, Engagement und gelingender Kommunikation best\u00fcckt werden. Aber damit ist es nicht getan: Auf der R\u00fcckseite der bunten K\u00e4rtchen sind verschiedene QR-Codes mit Links zu einer hochaktuellen Info-Datenbank mit weiterf\u00fchrenden Hintergrundinformationen, um die guten Vors\u00e4tze in die Tat umzusetzen. Klimabewusstes Einkaufen, alternative Verm\u00f6gensanlagen, Tipps gegen verbale Grobheiten (hatespeech) in Online-Plattformen oder sich politisch engagieren \u2013 aber wie? Wenn pers\u00f6nliche Begegnungen reduziert sind, finden Sie unter diesen Links ein vielf\u00e4ltiges Engagement, das an vielen Orten durch viele Aktive bereits umgesetzt [...] <a href=\"https:\/\/weltlaeden.de\/badschoenborn\/termin\/weltladentag-2021\/\"><small>[WEITERLESEN]<\/small><\/a><\/p><\/li><li><h5 class=\"termine-titel\"><a href=\"https:\/\/weltlaeden.de\/badschoenborn\/termin\/weltgbetstag-2021-vanuatu\/\">Weltgbetstag 2021 \u2013 Vanuatu<\/a><\/h5><p class=\"termine-date\">Fr., 05.03.2021<\/p><p class=\"termine-auszug\"><a href=\"https:\/\/weltgebetstag.de\/aktueller-wgt\/vanuatu\/\">Weltgebetstag<\/a> 2021 \u2013 Vanuatu Am 05. M\u00e4rz 2021 feiern wir in aller Welt den Weltgebetstag der Frauen aus Vanuatu. Das Inselgebiet von Vanuatu liegt \u00f6stlich von Australien und z\u00e4hlt zu Melanesien. Landwirtschaftliche Erzeugnisse wie z.B. in den K\u00fcstenregionen die Kokosverwertung erm\u00f6glichen der Bev\u00f6lkerung neben dem Tourismus einen bescheidenen Lebensstandard. Da nun coronabedingt die Reisenden wegbleiben, ist die Ernte und Verarbeitung von Wurzeln und Fr\u00fcchten eine den Unw\u00e4gbarkeiten des Wetters unterworfene Einnahmequelle. Im Weltladen finden Sie bis zum Weltgebetstag Anfang M\u00e4rz einen Infotisch mit Produkten aus dem geografisch nahegelegenen Indonesien, Sri Lanka und weiteren L\u00e4ndern.<\/li><li><h5 class=\"termine-titel\"><a href=\"https:\/\/weltlaeden.de\/badschoenborn\/termin\/weihnachtszeit-lieferdienste-und-oeffnungszeiten\/\">Weihnachtszeit: Lieferdienste und ge\u00e4nderte \u00d6ffnungszeiten<\/a><\/h5><p class=\"termine-date\">Di., 22.12.2020 bis 12.01.2021<\/p><p class=\"termine-auszug\">Di, 22.12. 9 \u2013 13 Uhr Mi, 23.12. 9 \u2013 13 Uhr Di, 29.12. 9 \u2013 13 Uhr Mi, 30.12. 9 \u2013 13 Uhr Do, 31.12. 9 \u2013 13 Uhr <strong>Vom 02. \u2013 10.01.2021 ist geschlossen.<\/strong> Damit Sie aber weiterhin Ihre guten Fair-Trade-Produkte erhalten k\u00f6nnen, bieten wir Ihnen einen Lieferservice an. Bitte nennen Sie uns Ihre W\u00fcnsche per Telefon: 07253 8804590 und 07253 31451 oder per E-Mail: <a href=\"mailto:weltladen-badschoenborn@t-online.de\">weltladen-badschoenborn@t-online.de<\/a> Wir w\u00fcnschen Ihnen alles Gute, bleiben Sie gesund! Ihr Weltladen-Team<\/li><li><h5 class=\"termine-titel\"><a href=\"https:\/\/weltlaeden.de\/badschoenborn\/termin\/oeffnungszeiten-november-dezember\/\">\u00d6ffnungszeiten November\/Dezember<\/a><\/h5><p class=\"termine-date\">Do., 12.11.2020, 09:00<\/p><p class=\"termine-auszug\"><strong>Wieder nachmittags ge\u00f6ffnet!<\/strong> Ab November 2020 k\u00f6nnen wir unsere bew\u00e4hrten \u00d6ffnungszeiten anbieten: Di. \u2013 Sa.: 9.00 \u2013 13.00 Uhr Di, Do und Fr nachmittags von 14.30 \u2013 18.00 Uhr Wir freuen uns \u00fcber Ihren Besuch! Bitte beachten Sie die Hygiene-Regeln am Ladeneingang. &nbsp;<\/li><li><h5 class=\"termine-titel\"><a href=\"https:\/\/weltlaeden.de\/badschoenborn\/termin\/mitgliedsversammlung-2020\/\">Mitgliedsversammlung 2020<\/a><\/h5><p class=\"termine-date\">Mi., 30.09.2020, 19:30<\/p><p class=\"termine-auszug\">Mittwoch, 30.09.2020 um 19.30 Uhr\u00a0in der Ev. Gustav-Adolf-Kirche Kirche in Mingolsheim, Hebelstra\u00dfe 2,\u00a0laden wir herzlich ein. Tagesordnung: TOP 1 Begr\u00fc\u00dfung durch den Vorstand TOP 2 Er\u00f6ffnung der Versammlung und Feststellung der stimmberechtigten Mitglieder TOP 3 Jahresbericht des Jahres 2019 durch den Vorstand TOP 4 Kassenbericht 2019 TOP 5 Bericht der Kassenpr\u00fcfer\/innen TOP 6 Aussprache \u00fcber die Berichte TOP 7 Entlastung des Vorstandes TOP 8 Dank an langj\u00e4hrige aktive Mitglieder TOP 9 Neuwahl Vorstand TOP 10 Wahl der Kassenpr\u00fcfer\/Innen TOP 11 Vorschau auf die n\u00e4chsten Veranstaltungen (10 Jahre Weltladen in 2021) TOP 12 Verschiedenes Bitte bringen Sie einen Mund- und Nasenschutz mit und einen eigenen Stift f\u00fcr die Unterschrift auf der Anwesenheitsliste.<p class=termine-ort\"><small>Ort: <i>Ev. Gustav-Adolf-Kirche Kirche in Mingolsheim, Hebelstra\u00dfe 2<\/i><\/small><\/p><\/li><li><h5 class=\"termine-titel\"><a href=\"https:\/\/weltlaeden.de\/badschoenborn\/termin\/was-brauche-ich-fuer-ein-gutes-leben\/\">Was brauche ich f\u00fcr ein gutes Leben?<\/a><\/h5><p class=\"termine-date\">Fr., 25.09.2020, 09:00 bis 25.09.2020, 12:50<\/p><p class=\"termine-auszug\">Die 17 <a href=\"https:\/\/www.unesco.de\/bildung\/agenda-bildung-2030\/bildung-und-die-sdgs\">Nachhaltigkeitsziele<\/a> sichern langfristig unser \u00dcberleben. Diese Erkenntnis in den Alltag hineinzunehmen ist nicht immer einfach. Zur Fairen Woche 2020 m\u00f6chte der Weltladen auf dem Marktplatz daf\u00fcr Anregungen sammeln. Weitere Informationen folgen!<\/li><li><h5 class=\"termine-titel\"><a href=\"https:\/\/weltlaeden.de\/badschoenborn\/termin\/faire-wochen-2020\/\">Faire Wochen 2020<\/a><\/h5><p class=\"termine-date\">Fr., 11.09.2020 bis 25.09.2020<\/p><p class=\"termine-auszug\"><strong>Fairer Handel und das Gute Leben<\/strong>: Was brauchen wir f\u00fcr ein gutes Leben? Was tr\u00e4gt\u00a0der Faire Handel zum Wandel zu einer nachhaltigen Lebensweise bei? Bei der n\u00e4chsten Fairen Woche dreht sich unter dem Motto \"Fair statt mehr\" alles um das 12. UN-Nachhaltigkeitsziel: Nachhaltiger Konsum und Produktion.<\/li><li><h5 class=\"termine-titel\"><a href=\"https:\/\/weltlaeden.de\/badschoenborn\/termin\/mitarbeiterinnen-gesucht\/\">MitarbeiterInnen gesucht!<\/a><\/h5><p class=\"termine-date\">Di., 30.06.2020, 09:04<\/p><p class=\"termine-auszug\">Wollen Sie sich f\u00fcr eine gerechtere Welt engagieren? Dann machen Sie bei uns mit! Im Verein Faire Welt Bad Sch\u00f6nborn e.V. mit dem Weltladen in Mingolsheim k\u00f6nnen Sie durch Ihre Mithilfe im Ladendienst faire Produkte bekannter machen, sich bei Aktionen auf politischer Ebene f\u00fcr die gute Sache einsetzen und Ihre eigenen Ideen einbringen.\u00a0Speziell f\u00fcr Einkauf und Einbuchungen unseres fair gehandelten Kunsthandwerks suchen wir eine Person mit kaufm\u00e4nnischen Kenntnissen, Gesp\u00fcr f\u00fcr Trends und Neugier auf die Herkunftsl\u00e4nder der Waren. Aber auch neue Aktive f\u00fcr Ladendienst sind herzlich willkommen. <strong>Einarbeitungstermine k\u00f6nnen flexibel vereinbart werden<\/strong>. Haben Sie Interesse? Dann freuen wir uns auf Ihr <a href=\"weltladen-badschoenborn@t-online.de\">Nachricht<\/a>. Oder sprechen Sie uns einfach pers\u00f6nlich per Telefon oder direkt im Weltladen an!<\/li><li><h5 class=\"termine-titel\"><a href=\"https:\/\/weltlaeden.de\/badschoenborn\/termin\/586\/\">Weltladen Bad Sch\u00f6nborn \u00f6ffnet stundenweise<\/a><\/h5><p class=\"termine-date\">Di., 07.04.2020, 09:30 bis 07.04.2020, 12:00<\/p><p class=\"termine-auszug\">Die Corona-Krise bedroht die gesamte Weltbev\u00f6lkerung. Die Kleinbauern und Kunsthandwerker in den Erzeugerl\u00e4ndern sind der Krise schutzloser ausgesetzt als wir mit unserem hohen Informations- und Gesundheitsstandard. Wir d\u00fcrfen jetzt unsere Fair-Handels-Partner nicht im Stich lassen und sie auch noch zus\u00e4tzlichen wirtschaftlichen Einbu\u00dfen aussetzen. Das ehrenamtliche Ladenteam hat deshalb beschlossen, f\u00fcr Ihren Ostereinkauf (Osterschokolade etc.) in der Karwoche zu \u00f6ffnen \u2013 wir freuen uns \u00fcber Ihre Unterst\u00fctzung!<\/li><li><h5 class=\"termine-titel\"><a href=\"https:\/\/weltlaeden.de\/badschoenborn\/termin\/woher-kommt-mein-handy\/\">Woher kommt mein Handy?<\/a><\/h5><p class=\"termine-date\">Do., 19.03.2020, 09:00<\/p><p class=\"termine-auszug\">\u2013 Abgesagt\u2013 Im Internationalen Frauentreff \u00d6stringen wird am Donnerstag, den 19. M\u00e4rz 2020 der Lebenszyklus eines Handys betrachtet. Die Bildungsreferentin des Weltladens informiert \u00fcber die Produktion von IT-Ger\u00e4ten, den verursachen Ressourcen- und Energieverbrauch und die Arbeitsbedingungen. Auch wenn es noch kein 100%ig Faires Handy gibt, k\u00f6nnen die Handy-NutzerInnen bei Kauf und Gebrauch der hochkomplexen Mini-Computer ressourcensparend handeln. N\u00e4heres dazu ab 9.00 Uhr beim Mitbring-Fr\u00fchst\u00fcck des Internationalen Frauentreffs \u00d6stringen, Galerie Am\u00a0Leiberg I.<p class=termine-ort\"><small>Ort: <i>\u00d6stringen, Gustav-Wolf-Kunstgalerie<\/i><\/small><\/p><\/li><li><h5 class=\"termine-titel\"><a href=\"https:\/\/weltlaeden.de\/badschoenborn\/termin\/fair-trade-genuss-auf-dem-weihnachtsmarkt\/\">Simbabwe \u2013 Weltgebetstag 2020<\/a><\/h5><p class=\"termine-date\">Fr., 06.03.2020, 17:00 bis 06.03.2020<\/p><p class=\"termine-auszug\">Am Freitag, 6. M\u00e4rz feiern wir den Weltgebetstags-Gottesdienst, in dem Frauen aus Simbabwe uns von den Sch\u00f6nheiten ihres Landes erz\u00e4hlen und von der Gemeinschaft, die sie tr\u00e4gt. Sie berichten aber auch von ihrer Hoffnung auf eine bessere Zukunft in einem Land, das durch Korruption und Misswirtschaft am Boden liegt und in dem der Staat seine Aufgaben in Bildung, Infrastruktur und Gesundheitswesen nicht mehr wahrnimmt. Simbabwe geh\u00f6rt heute zu den L\u00e4ndern mit den h\u00f6chsten Schulden weltweit. Das deutsche Weltgebetstagskomitee setzt sich mit einer Unterschriftenaktion daf\u00fcr ein, dass ein Teil dieser Schulden erlassen und die frei werdenden Gelder verpflichtend in Gesundheitsprogramme investiert werden. So sollen insbesondere HIV\/AIDS, Malaria und Tuberkulose bek\u00e4mpft und v.a. den \u00e4rmeren Bev\u00f6lkerungsschichten geholfen werden. Unterst\u00fctzen k\u00f6nnen Sie die Aktion durch Ihre Unterschrift bei dem Gottesdienst am Freitag, den\u00a06. M\u00e4rz 2020 um 19.00 Uhr\u00a0bei der Evangelischen Gemeinde Mingolsheim in der Gustav-Adolf-Kirche,\u00a0Hebelstra\u00dfe 2. Faire Welt e.V.\u00a0Bad Sch\u00f6nborn wird mit einem [...] <a href=\"https:\/\/weltlaeden.de\/badschoenborn\/termin\/fair-trade-genuss-auf-dem-weihnachtsmarkt\/\"><small>[WEITERLESEN]<\/small><\/a><\/p><p class=termine-ort\"><small>Ort: <i>Ev. Gemeinde Mingolsheim in der Gustav-Adolph-Kirche,\u00a0Hebelstra\u00dfe 2<\/i><\/small><\/p><\/li><li><h5 class=\"termine-titel\"><a href=\"https:\/\/weltlaeden.de\/badschoenborn\/termin\/ladentreffen-maerz\/\">Ladentreffen M\u00e4rz<\/a><\/h5><p class=\"termine-date\">Mo., 02.03.2020, 20:00<\/p><p class=\"termine-auszug\">Am Montag, den 2. M\u00e4rz trifft sich das Ladenteam, um die kommenden Wochen zu planen. Interessierte k\u00f6nnen gerne dazukommen, bitte vorher bei B\u00e4rbel Hostadt <a href=\"info@weltladen-badschoenborn.de\" target=\"_blank\" rel=\"noopener\">anmelden<\/a>.<p class=termine-ort\"><small>Ort: <i>Bad Sch\u00f6nborn<\/i><\/small><\/p><\/li><li><h5 class=\"termine-titel\"><a href=\"https:\/\/weltlaeden.de\/badschoenborn\/termin\/workshop-zukunft-nachhaltig-und-fair\/\">Workshop Zukunft Nachhaltig und Fair<\/a><\/h5><p class=\"termine-date\">Mo., 03.02.2020, 19:30 bis 03.02.2020, 11:52<\/p><p class=\"termine-auszug\">im Rahmen der Mitgliederversammlung mit der Referentin\u00a0Birgit Lieber, Dachverband Entwicklungspolitik Baden-W\u00fcrttemberg (DEAB) <strong>Montag, 3. Februar 2020<\/strong> <strong>19.30 Uhr in der FEG Mingolsheim,\u00a0Sch\u00f6nbornallee<\/strong> Mit Kostproben aus Fairem Handel, Eintritt frei!<p class=termine-ort\"><small>Ort: <i>FEG Mingolsheim,\u00a0Sch\u00f6nbornallee<\/i><\/small><\/p><\/li><li><h5 class=\"termine-titel\"><a href=\"https:\/\/weltlaeden.de\/badschoenborn\/termin\/nikolausaktion\/\">Gemeinschaftliche Nikolausaktion<\/a><\/h5><p class=\"termine-date\">Fr., 29.11.2019, 17:00<\/p><p class=\"termine-auszug\">Leckerer Kinderpunsch mit Fair Trade-Zutaten (Fr\u00fcchtetee und Orangensaft) steht f\u00fcr die kleine und gro\u00dfen G\u00e4ste in Mingolsheim bereit. Das ehrenamtliche Ladenteam bewirtet Sie in der H\u00fctte vor Papier Schneider in der Friedrichstra\u00dfe mit Waffeln und W\u00fcrstchen und bietet Gl\u00fchwein an. Der Erl\u00f6s geht an\u00a0den Verein <a href=\"https:\/\/www.tatort-verein.org\/aktuelles\/\">\u201eTatort \u2013 Stra\u00dfen der Welt e.V.\u201d<\/a> f\u00fcr die Kinderrechtsstiftung \u201ePreda\u201d auf den Philippinen. Der Nikolaus hat sich gegen 18.00 Uhr angek\u00fcndigt \u2013 lassen Sie sich \u00fcberraschen!<\/li><li><h5 class=\"termine-titel\"><a href=\"https:\/\/weltlaeden.de\/badschoenborn\/termin\/betriebsausflug-nach-landau\/\">Betriebsausflug nach Landau<\/a><\/h5><p class=\"termine-date\">Sa., 26.10.2019 bis 26.10.2019<\/p><p class=\"termine-auszug\">Besuch bei den Pf\u00e4lzer Kolleginnen vom Weltladen Landau.<p class=termine-ort\"><small>Ort: <i>Landau<\/i><\/small><\/p><\/li><li><h5 class=\"termine-titel\"><a href=\"https:\/\/weltlaeden.de\/badschoenborn\/termin\/feier-frauencafejubilaeum-16-10-2019\/\">Feier Frauencafejubil\u00e4um 16.10.2019<\/a><\/h5><p class=\"termine-date\">Mi., 16.10.2019<\/p><p class=\"termine-auszug\">Das Frauencafe feiert 5 Jahre Jubil\u00e4um in Mingolsheim.<\/li><li><h5 class=\"termine-titel\"><a href=\"https:\/\/weltlaeden.de\/badschoenborn\/termin\/weltladentag\/\">Weltladentag<\/a><\/h5><p class=\"termine-date\">Fr., 10.05.2019<\/p><p class=\"termine-auszug\">Jetzt schon vormerken: Der diesj\u00e4hrige Weltladentag findet am 10. Mai statt. Wir freuen uns schon jetzt auf viele Besucher, die unsere guten und gesunden Produkte aus fairem Handel kennenlernen m\u00f6chten. &nbsp;<\/li><li><h5 class=\"termine-titel\"><a href=\"https:\/\/weltlaeden.de\/badschoenborn\/termin\/16-03-2019-hausmesse-effeta\/\">16.03.2019 bei Hausmesse Effeta<\/a><\/h5><p class=\"termine-date\">Sa., 16.03.2019<\/p><p class=\"termine-auszug\"><\/li><li><h5 class=\"termine-titel\"><a href=\"https:\/\/weltlaeden.de\/badschoenborn\/termin\/termine-zum-vormerken\/\">Weltgebetstag 8.M\u00e4rz 2019<\/a><\/h5><p class=\"termine-date\">Fr., 08.03.2019, 19:00<\/p><p class=\"termine-auszug\">Der <strong>Weltgebetstag<\/strong> findet statt am Freitag, 08. 03. 2019 um 19.00 Uhr in der Freien Evang. Gemeinde Bad Sch\u00f6nborn, Sch\u00f6nbornallee. \u00dcber Konfessions- und L\u00e4ndergrenzen hinweg, engagieren sich christliche Frauen beim Weltgebetstag daf\u00fcr, dass Frauen und M\u00e4dchen \u00fcberall auf der Welt in Frieden, Gerechtigkeit und W\u00fcrde leben k\u00f6nnen. Aus den Vorbereitungen zum Weltgebetstag sind im Laufe der Jahre zahlreiche Initiativen entstanden: von Bildungs-Angeboten f\u00fcr Kinder und Jugendliche, \u00fcber \u00f6kumenische Frauen-Fr\u00fchst\u00fccke, Kooperationen mit Weltl\u00e4den und dem \u201efairen Handel\u201c bis zu Beratungsangeboten f\u00fcr Zwangsprostituierte. <strong>Wir sind auch dabei und bieten auf einem Tisch K\u00f6stlichkeiten aus Slowenien und Handwerk und Lebensmittel aus fairem Handel an. <\/strong> &nbsp;<\/li><\/ul>[\/vc_column][\/vc_row]<\/p>\n<p><img loading=\"lazy\" decoding=\"async\" class=\"alignnone size-medium wp-image-1269\" src=\"https:\/\/weltlaeden.de\/badschoenborn\/wp-content\/uploads\/sites\/62\/2025\/04\/weltladentag_2025_plakat_vorschau.1280x0-214x300.jpg\" alt=\"\" width=\"214\" height=\"300\" srcset=\"https:\/\/weltlaeden.de\/badschoenborn\/wp-content\/uploads\/sites\/62\/2025\/04\/weltladentag_2025_plakat_vorschau.1280x0-214x300.jpg 214w, https:\/\/weltlaeden.de\/badschoenborn\/wp-content\/uploads\/sites\/62\/2025\/04\/weltladentag_2025_plakat_vorschau.1280x0-730x1024.jpg 730w, https:\/\/weltlaeden.de\/badschoenborn\/wp-content\/uploads\/sites\/62\/2025\/04\/weltladentag_2025_plakat_vorschau.1280x0-768x1078.jpg 768w, https:\/\/weltlaeden.de\/badschoenborn\/wp-content\/uploads\/sites\/62\/2025\/04\/weltladentag_2025_plakat_vorschau.1280x0-1095x1536.jpg 1095w, https:\/\/weltlaeden.de\/badschoenborn\/wp-content\/uploads\/sites\/62\/2025\/04\/weltladentag_2025_plakat_vorschau.1280x0.jpg 1280w\" sizes=\"auto, (max-width: 214px) 100vw, 214px\" \/>[vc_row][vc_column]<br \/>\nQuelle: Weltladendachverband<\/p>\n<p>Am <strong>10. Mai 2025<\/strong><em> ist Weltladentag.<br \/>\nUnter dem Motto <strong>&#8222;Schoki f\u00fcrs Klima? Kauf ich euch ab!&#8220;<\/strong> finden bundesweit Aktionen f\u00fcr einen fairen Kakaoanbau und &#8211; handel statt. <\/em><\/p>\n<p>Der Kakaoanbau, insbesondere in Westafrika, der weltweit wichtigsten Region f\u00fcr Kakaoanbau, wird in den letzten Jahren durch zunehmende D\u00fcrren und vermehrten Pilzbefall bedroht. Die Ernteausf\u00e4lle tragen zur Verschlechterung der ohnehin schwierigen Einkommenssituation der Kakaob\u00e4uerInnen trotz steigender Weltmarktpreise bei. Vor allem kleinere Familienbetriebe geraten durch Ernteausf\u00e4lle in existenzgef\u00e4hrdende Situationen, da es f\u00fcr sie schwierig ist, auf alternative Einkommensquellen umzusteigen<br \/>\nHier will der faire Handel mit fairen Preisen gegensteuern.<\/p>\n<p>Die LieferantInnen der Weltl\u00e4den sichern den Kakaob\u00e4uerInnen existenzsichernde Einkommen \u00fcber transparente Handelswege, langfristige Partnerschaften und Liefervertr\u00e4ge und faire Preise zu..<br \/>\nDie Weltl\u00e4den wollen dieses Jahr anl\u00e4sslich des Weltladentages am 10. Mai mit verschiedenen Aktionen auf diese Problematik aufmerksam machen.<\/p>\n<p>Auch der <strong>Weltladen Bad Sch\u00f6nborn <\/strong>beteiligt sich mit einem fairen Stand auf dem Jahrmarkt.<br \/>\nKommen Sie gerne am 10. Mai ab 16.00 Uhr in Mingolsheim bei uns vorbei. Genie\u00dfen und probieren Sie ein St\u00fcck Schokolade bei der Schokoladenverkostung und spielen Sie mit bei einem Schokoladenquiz. Lassen Sie sich von dem unterhaltsamen und schmackhaften Angebot f\u00fcr Gro\u00df und Klein \u00fcberraschen.<\/p>\n<p>Unterst\u00fctzen Sie den fairen Kakaoanbau mit Ihrer Unterschrift. Das INKOTA-Netzwerk fordert von gro\u00dfen Schokoladenherstellern, den Kakaoanbauenden existenzsichernde L\u00f6hne zu zahlen und damit Kinderarbeit zu verhindern.<br \/>\nDie Weltl\u00e4den rufen zum Weltladentag dazu auf, <strong>die Petition &#8222;Faire Kakaopreise jetzt&#8220; zu unterschreiben.<\/strong><\/p>\n<p>Der Verein Faire Welt e.V. Bad Sch\u00f6nborn engagiert sich \u2013 ausgehend vom Weltladen als Informationszentrum und zentralem Ort \u2013 seit 2011 f\u00fcr die Ziele des Fairen Handels.<\/p>\n<p>Wir freuen uns auf Sie!<br \/>\nIhr Weltladenteam<\/p>\n<\/div>","protected":false},"excerpt":{"rendered":"<p>&nbsp; Kommende Termine Weltladentag am 09. Mai 2026 Vergangene Termine Teamausflug nach Karlsruhe Ein Hihglight des Jahres ist der gemeinsame Ausflug des Weltladenteams. Dieses Mal ging es nach Karlsruhe, zun\u00e4chst in den Weltladen und anschlie\u00dfen in das Cafe Diyar. Beides war sehr informativ und gleichzeitig eine gute Gelegenheit, um sich auszutauschen. Im Weltladen wurden wir&hellip;<\/p>\n","protected":false},"author":1,"featured_media":770,"parent":0,"menu_order":4,"comment_status":"closed","ping_status":"closed","template":"","meta":{"footnotes":""},"class_list":["post-23","page","type-page","status-publish","has-post-thumbnail","hentry","description-off"],"yoast_head":"<!-- This site is optimized with the Yoast SEO plugin v26.8 - https:\/\/yoast.com\/product\/yoast-seo-wordpress\/ -->\n<title>Termine - Weltladen Bad Sch\u00f6nborn<\/title>\n<meta name=\"robots\" content=\"index, follow, max-snippet:-1, max-image-preview:large, max-video-preview:-1\" \/>\n<link rel=\"canonical\" href=\"https:\/\/weltlaeden.de\/badschoenborn\/naechste-vereinssitzung\/\" \/>\n<meta property=\"og:locale\" content=\"de_DE\" \/>\n<meta property=\"og:type\" content=\"article\" \/>\n<meta property=\"og:title\" content=\"Termine - Weltladen Bad Sch\u00f6nborn\" \/>\n<meta property=\"og:description\" content=\"&nbsp; Kommende Termine Weltladentag am 09. Mai 2026 Vergangene Termine Teamausflug nach Karlsruhe Ein Hihglight des Jahres ist der gemeinsame Ausflug des Weltladenteams. Dieses Mal ging es nach Karlsruhe, zun\u00e4chst in den Weltladen und anschlie\u00dfen in das Cafe Diyar. Beides war sehr informativ und gleichzeitig eine gute Gelegenheit, um sich auszutauschen. Im Weltladen wurden wir&hellip;\" \/>\n<meta property=\"og:url\" content=\"https:\/\/weltlaeden.de\/badschoenborn\/naechste-vereinssitzung\/\" \/>\n<meta property=\"og:site_name\" content=\"Weltladen Bad Sch\u00f6nborn\" \/>\n<meta property=\"article:modified_time\" content=\"2026-03-09T18:24:55+00:00\" \/>\n<meta property=\"og:image\" content=\"https:\/\/weltlaeden.de\/badschoenborn\/wp-content\/uploads\/sites\/62\/2021\/01\/Weltladen_Bad_Schoenborn_10_Jahre.png\" \/>\n\t<meta property=\"og:image:width\" content=\"1133\" \/>\n\t<meta property=\"og:image:height\" content=\"519\" \/>\n\t<meta property=\"og:image:type\" content=\"image\/png\" \/>\n<meta name=\"twitter:card\" content=\"summary_large_image\" \/>\n<meta name=\"twitter:label1\" content=\"Gesch\u00e4tzte Lesezeit\" \/>\n\t<meta name=\"twitter:data1\" content=\"7\u00a0Minuten\" \/>\n<script type=\"application\/ld+json\" class=\"yoast-schema-graph\">{\"@context\":\"https:\/\/schema.org\",\"@graph\":[{\"@type\":\"WebPage\",\"@id\":\"https:\/\/weltlaeden.de\/badschoenborn\/naechste-vereinssitzung\/\",\"url\":\"https:\/\/weltlaeden.de\/badschoenborn\/naechste-vereinssitzung\/\",\"name\":\"Termine - Weltladen Bad Sch\u00f6nborn\",\"isPartOf\":{\"@id\":\"https:\/\/weltlaeden.de\/badschoenborn\/#website\"},\"primaryImageOfPage\":{\"@id\":\"https:\/\/weltlaeden.de\/badschoenborn\/naechste-vereinssitzung\/#primaryimage\"},\"image\":{\"@id\":\"https:\/\/weltlaeden.de\/badschoenborn\/naechste-vereinssitzung\/#primaryimage\"},\"thumbnailUrl\":\"https:\/\/weltlaeden.de\/badschoenborn\/wp-content\/uploads\/sites\/62\/2021\/01\/Weltladen_Bad_Schoenborn_10_Jahre.png\",\"datePublished\":\"2016-10-14T07:05:21+00:00\",\"dateModified\":\"2026-03-09T18:24:55+00:00\",\"breadcrumb\":{\"@id\":\"https:\/\/weltlaeden.de\/badschoenborn\/naechste-vereinssitzung\/#breadcrumb\"},\"inLanguage\":\"de\",\"potentialAction\":[{\"@type\":\"ReadAction\",\"target\":[\"https:\/\/weltlaeden.de\/badschoenborn\/naechste-vereinssitzung\/\"]}]},{\"@type\":\"ImageObject\",\"inLanguage\":\"de\",\"@id\":\"https:\/\/weltlaeden.de\/badschoenborn\/naechste-vereinssitzung\/#primaryimage\",\"url\":\"https:\/\/weltlaeden.de\/badschoenborn\/wp-content\/uploads\/sites\/62\/2021\/01\/Weltladen_Bad_Schoenborn_10_Jahre.png\",\"contentUrl\":\"https:\/\/weltlaeden.de\/badschoenborn\/wp-content\/uploads\/sites\/62\/2021\/01\/Weltladen_Bad_Schoenborn_10_Jahre.png\",\"width\":1133,\"height\":519,\"caption\":\"Ladeneingang Friedrichstra\u00dfe\"},{\"@type\":\"BreadcrumbList\",\"@id\":\"https:\/\/weltlaeden.de\/badschoenborn\/naechste-vereinssitzung\/#breadcrumb\",\"itemListElement\":[{\"@type\":\"ListItem\",\"position\":1,\"name\":\"Startseite\",\"item\":\"https:\/\/weltlaeden.de\/badschoenborn\/\"},{\"@type\":\"ListItem\",\"position\":2,\"name\":\"Termine\"}]},{\"@type\":\"WebSite\",\"@id\":\"https:\/\/weltlaeden.de\/badschoenborn\/#website\",\"url\":\"https:\/\/weltlaeden.de\/badschoenborn\/\",\"name\":\"Vorlage\",\"description\":\"Faire Welt e.V. Bad Sch\u00f6nborn\",\"potentialAction\":[{\"@type\":\"SearchAction\",\"target\":{\"@type\":\"EntryPoint\",\"urlTemplate\":\"https:\/\/weltlaeden.de\/badschoenborn\/?s={search_term_string}\"},\"query-input\":{\"@type\":\"PropertyValueSpecification\",\"valueRequired\":true,\"valueName\":\"search_term_string\"}}],\"inLanguage\":\"de\"}]}<\/script>\n<!-- \/ Yoast SEO plugin. -->","yoast_head_json":{"title":"Termine - Weltladen Bad Sch\u00f6nborn","robots":{"index":"index","follow":"follow","max-snippet":"max-snippet:-1","max-image-preview":"max-image-preview:large","max-video-preview":"max-video-preview:-1"},"canonical":"https:\/\/weltlaeden.de\/badschoenborn\/naechste-vereinssitzung\/","og_locale":"de_DE","og_type":"article","og_title":"Termine - Weltladen Bad Sch\u00f6nborn","og_description":"&nbsp; Kommende Termine Weltladentag am 09. Mai 2026 Vergangene Termine Teamausflug nach Karlsruhe Ein Hihglight des Jahres ist der gemeinsame Ausflug des Weltladenteams. Dieses Mal ging es nach Karlsruhe, zun\u00e4chst in den Weltladen und anschlie\u00dfen in das Cafe Diyar. Beides war sehr informativ und gleichzeitig eine gute Gelegenheit, um sich auszutauschen. Im Weltladen wurden wir&hellip;","og_url":"https:\/\/weltlaeden.de\/badschoenborn\/naechste-vereinssitzung\/","og_site_name":"Weltladen Bad Sch\u00f6nborn","article_modified_time":"2026-03-09T18:24:55+00:00","og_image":[{"width":1133,"height":519,"url":"https:\/\/weltlaeden.de\/badschoenborn\/wp-content\/uploads\/sites\/62\/2021\/01\/Weltladen_Bad_Schoenborn_10_Jahre.png","type":"image\/png"}],"twitter_card":"summary_large_image","twitter_misc":{"Gesch\u00e4tzte Lesezeit":"7\u00a0Minuten"},"schema":{"@context":"https:\/\/schema.org","@graph":[{"@type":"WebPage","@id":"https:\/\/weltlaeden.de\/badschoenborn\/naechste-vereinssitzung\/","url":"https:\/\/weltlaeden.de\/badschoenborn\/naechste-vereinssitzung\/","name":"Termine - Weltladen Bad Sch\u00f6nborn","isPartOf":{"@id":"https:\/\/weltlaeden.de\/badschoenborn\/#website"},"primaryImageOfPage":{"@id":"https:\/\/weltlaeden.de\/badschoenborn\/naechste-vereinssitzung\/#primaryimage"},"image":{"@id":"https:\/\/weltlaeden.de\/badschoenborn\/naechste-vereinssitzung\/#primaryimage"},"thumbnailUrl":"https:\/\/weltlaeden.de\/badschoenborn\/wp-content\/uploads\/sites\/62\/2021\/01\/Weltladen_Bad_Schoenborn_10_Jahre.png","datePublished":"2016-10-14T07:05:21+00:00","dateModified":"2026-03-09T18:24:55+00:00","breadcrumb":{"@id":"https:\/\/weltlaeden.de\/badschoenborn\/naechste-vereinssitzung\/#breadcrumb"},"inLanguage":"de","potentialAction":[{"@type":"ReadAction","target":["https:\/\/weltlaeden.de\/badschoenborn\/naechste-vereinssitzung\/"]}]},{"@type":"ImageObject","inLanguage":"de","@id":"https:\/\/weltlaeden.de\/badschoenborn\/naechste-vereinssitzung\/#primaryimage","url":"https:\/\/weltlaeden.de\/badschoenborn\/wp-content\/uploads\/sites\/62\/2021\/01\/Weltladen_Bad_Schoenborn_10_Jahre.png","contentUrl":"https:\/\/weltlaeden.de\/badschoenborn\/wp-content\/uploads\/sites\/62\/2021\/01\/Weltladen_Bad_Schoenborn_10_Jahre.png","width":1133,"height":519,"caption":"Ladeneingang Friedrichstra\u00dfe"},{"@type":"BreadcrumbList","@id":"https:\/\/weltlaeden.de\/badschoenborn\/naechste-vereinssitzung\/#breadcrumb","itemListElement":[{"@type":"ListItem","position":1,"name":"Startseite","item":"https:\/\/weltlaeden.de\/badschoenborn\/"},{"@type":"ListItem","position":2,"name":"Termine"}]},{"@type":"WebSite","@id":"https:\/\/weltlaeden.de\/badschoenborn\/#website","url":"https:\/\/weltlaeden.de\/badschoenborn\/","name":"Vorlage","description":"Faire Welt e.V. Bad Sch\u00f6nborn","potentialAction":[{"@type":"SearchAction","target":{"@type":"EntryPoint","urlTemplate":"https:\/\/weltlaeden.de\/badschoenborn\/?s={search_term_string}"},"query-input":{"@type":"PropertyValueSpecification","valueRequired":true,"valueName":"search_term_string"}}],"inLanguage":"de"}]}},"_links":{"self":[{"href":"https:\/\/weltlaeden.de\/badschoenborn\/wp-json\/wp\/v2\/pages\/23","targetHints":{"allow":["GET"]}}],"collection":[{"href":"https:\/\/weltlaeden.de\/badschoenborn\/wp-json\/wp\/v2\/pages"}],"about":[{"href":"https:\/\/weltlaeden.de\/badschoenborn\/wp-json\/wp\/v2\/types\/page"}],"author":[{"embeddable":true,"href":"https:\/\/weltlaeden.de\/badschoenborn\/wp-json\/wp\/v2\/users\/1"}],"replies":[{"embeddable":true,"href":"https:\/\/weltlaeden.de\/badschoenborn\/wp-json\/wp\/v2\/comments?post=23"}],"version-history":[{"count":108,"href":"https:\/\/weltlaeden.de\/badschoenborn\/wp-json\/wp\/v2\/pages\/23\/revisions"}],"predecessor-version":[{"id":1408,"href":"https:\/\/weltlaeden.de\/badschoenborn\/wp-json\/wp\/v2\/pages\/23\/revisions\/1408"}],"wp:featuredmedia":[{"embeddable":true,"href":"https:\/\/weltlaeden.de\/badschoenborn\/wp-json\/wp\/v2\/media\/770"}],"wp:attachment":[{"href":"https:\/\/weltlaeden.de\/badschoenborn\/wp-json\/wp\/v2\/media?parent=23"}],"curies":[{"name":"wp","href":"https:\/\/api.w.org\/{rel}","templated":true}]}}