{"id":219,"date":"2016-10-28T13:34:47","date_gmt":"2016-10-28T11:34:47","guid":{"rendered":"https:\/\/wl.heimpixel.de\/vorlage\/ueber-uns\/"},"modified":"2025-02-03T10:36:18","modified_gmt":"2025-02-03T09:36:18","slug":"ueber-uns","status":"publish","type":"page","link":"https:\/\/weltlaeden.de\/badschoenborn\/ueber-uns\/","title":{"rendered":"\u00dcber uns &amp; Chronik des Weltladens"},"content":{"rendered":"<div class=\"wpb-content-wrapper\"><p>[vc_row][vc_column]<div class=\"wl_einzelbild\"><p><img loading=\"lazy\" decoding=\"async\" class=\"alignnone wp-image-1156\" src=\"https:\/\/weltlaeden.de\/badschoenborn\/wp-content\/uploads\/sites\/62\/2024\/09\/2024_09_05_Gruppe_Secontique_Stuttgart-300x186.jpg\" alt=\"Stuttgart \u2013Weltladenteam besucht die FAIRWERTUNG\" width=\"382\" height=\"237\" srcset=\"https:\/\/weltlaeden.de\/badschoenborn\/wp-content\/uploads\/sites\/62\/2024\/09\/2024_09_05_Gruppe_Secontique_Stuttgart-300x186.jpg 300w, https:\/\/weltlaeden.de\/badschoenborn\/wp-content\/uploads\/sites\/62\/2024\/09\/2024_09_05_Gruppe_Secontique_Stuttgart-1024x634.jpg 1024w, https:\/\/weltlaeden.de\/badschoenborn\/wp-content\/uploads\/sites\/62\/2024\/09\/2024_09_05_Gruppe_Secontique_Stuttgart-768x476.jpg 768w, https:\/\/weltlaeden.de\/badschoenborn\/wp-content\/uploads\/sites\/62\/2024\/09\/2024_09_05_Gruppe_Secontique_Stuttgart-1536x952.jpg 1536w, https:\/\/weltlaeden.de\/badschoenborn\/wp-content\/uploads\/sites\/62\/2024\/09\/2024_09_05_Gruppe_Secontique_Stuttgart.jpg 1890w\" sizes=\"auto, (max-width: 382px) 100vw, 382px\" \/><\/p><\/div>[vc_empty_space][vc_column_text]<\/p>\n<h1>Mitmachen im Weltladen Bad Sch\u00f6nborn<\/h1>\n<p><strong>Faire Welt e.V. Bad Sch\u00f6nborn<br \/>\n<\/strong><\/p>\n<p>Aus einer Aktionsgruppe f\u00fcr Fairen Handel in der Evangelischen Kirchengemeinde entwickelte sich ein \u00fcberkonfessionelles Team, das seit April 2011 den Weltladen betreibt. Seit Mai 2012 sind wir der Verein \u201eFaire Welt e.V. Bad Sch\u00f6nborn \u201c. Der Verein will zu wirksamer Hilfe f\u00fcr benachteiligte Bev\u00f6lkerungsgruppen beitragen, um ihnen ein Leben in W\u00fcrde zu erm\u00f6glichen. Er m\u00f6chte das Gerechtigkeitsempfinden f\u00f6rdern und f\u00fcr den Frieden in der Welt eintreten.<\/p>\n<p><strong>Wir suchen Menschen, die Lust haben, sich ehrenamtlich<\/strong> f\u00fcr eine offene, transparente, \u00f6kologische und nachhaltige Form des Wirtschaftens zu engagieren. Ob im Verkauf, der Informations- oder Bildungsarbeit \u2013 die M\u00f6glichkeiten in unserem Team mitzumachen sind vielf\u00e4ltig und lassen sich bestimmt auch in Ihren Alltag integrieren.<\/p>\n<p>Faire Welt e.V. Bad Sch\u00f6nborn informiert durch:<\/p>\n<p>&#8211; Infoveranstaltungen zu entwicklungspolitischen und nachhaltigen Themen<br \/>\n&#8211; Bildungsprojekte in Schulen, Kirchengemeinden und bei anderen Gelegenheiten<br \/>\n&#8211; Unterst\u00fctzung bei Veranstaltungen mit Infomaterial und Produkten aus Fairem Handel<br \/>\n&#8211; Presseartikel<br \/>\n&#8211; Beteiligung an politischen Kampagnen<\/p>\n<p>Interesse an einer Mitarbeit? Wir freuen uns \u00fcber Ihre Nachricht.<\/p>\n<p><strong>Kontakt<br \/>\n<\/strong>Daniela Blech-Straub,<br \/>\nE-Mail: <a href=\"info@weltladen-badschoenborn.de\">info@weltladen-badschoenborn.de<\/a>[\/vc_column_text][vc_column_text][\/vc_column_text][\/vc_column][\/vc_row][vc_row][vc_column][vc_tta_tabs style=&#8220;modern&#8220; color=&#8220;orange&#8220; active_section=&#8220;1&#8243; no_fill_content_area=&#8220;true&#8220; title=&#8220;Chronik&#8220;][vc_tta_section title=&#8220;2024&#8243; tab_id=&#8220;1729864191287-8a04e8a4-928b&#8220;][vc_column_text css=&#8220;&#8220;]Januar 2024 \u2013 Praktikantinnen des LG\u00d6 helfen bei der Inventur<br \/>\nM\u00e4rz 2024 \u2013 \u201eThat\u2019s Ghana!\u201d Vortrag einer Weltw\u00e4rts-R\u00fcckkehrrerin zur Jahreshauptversammlung<br \/>\nWeltgebetstag \u201ePal\u00e4stina\u201d<br \/>\nApril 2024 \u2013 Infotag Sozialpraktikum am LG\u00d6<br \/>\nApril 2024 \u2013 Besuch der Fairtrade-Messe in Stuttgart<br \/>\nApril 2024 \u2013 Workshop \u201eLieferkette: Von der Baumwolle zur Jeans\u201d an der MES<br \/>\nMai 2024 \u2013 Weltladentag \u201eKlimagerechtigkeit\u201d mit Mango-Lhassi<br \/>\nJuli 2024 \u2013 \u201eSchmeck das Unrecht\u201d Stand \u00fcber Landbau international beim Familientag im Kurpark<br \/>\nAugust 2024 \u2013 Betriebsausflug zum Weltladen Stuttgart<br \/>\nSeptember 2024 \u2013 Klimabrunch wurde leider krankheitsbedingt abgesagt!<br \/>\nOktober 2024 \u2013 Fairtrade-Cocktails im Ausschank zur Jubil\u00e4umsfeier[\/vc_column_text][\/vc_tta_section][vc_tta_section title=&#8220;2023&#8243; tab_id=&#8220;1681407242895-cbbbb6ab-9f9d&#8220;][vc_column_text css=&#8220;&#8220;]Fr, 10. M\u00e4rz 23 \u2013\u00a0<strong>Fair Flower<\/strong> Aktion in Mingolsheim<br \/>\nMo, 27. M\u00e4rz 23 \u2013 Infotag <strong>Sozialpraktikum<\/strong> Leibniz-Gymnasium \u00d6stringen<br \/>\nMi, 3. Mai 23 \u2013 Mitgliederversammlung und Vortrag \u201e<strong>Siegelklarheit<\/strong>\u201d in Saal der Ev. Gemeinde Mingolsheim<br \/>\nSa, 13. Mai 23 \u2013 \u201e<strong>M\u00e4chtig Fair<\/strong>\u201c-Aktion zum Weltladentag 2023 zum Lieferkettengesetz<br \/>\nIm Mai: Mango-Aktion: Verkauf von Fairtrade Mangos und weiteren Fairtrade-Frischfr\u00fcchten<br \/>\nFr, 26. Mai 23 \u2013 Tag der Nachbarn mit Fair Trade-Kaffee<br \/>\nSo, 25. Juni 23 \u2013 <strong>Fairer Brunch<\/strong> im\u00a0Festzelt beim Sportpark in der Sch\u00f6nbornallee zur 1250-Jahr-Feier.<br \/>\nNachmittags: Kinderprogramm auf der Festmeile<br \/>\n15.09.23 \u2013 Vortrag: <strong>\u201eWasser ist kostbarer als Gold\u201d <\/strong>Berichte aus <strong>Burkina Faso<\/strong> im Haus des Gastes[\/vc_column_text][\/vc_tta_section][vc_tta_section title=&#8220;2022&#8243; tab_id=&#8220;1658494621533-961ba3a3-f98c&#8220;][vc_column_text]Weltfrauentag: Am 8.3. f\u00fchrte der Verein zusammen mit der Gemeinde Bad Sch\u00f6nborn die \u201eFlowerPower-Aktion\u201c durch: Rosen wurden auf dem Marktplatz in Mingolsheim sowie auf dem Niederbronn-les-Bains-Platz in Langenbr\u00fccken an Passantinnen verteilt.<\/p>\n<p>29.04.\u00a0Jubil\u00e4ums-Jahresmitgliederversammlung: Nach dem offiziellen Teil waren die Mitglieder zu einem Vortrag von Ingeborg Pujiula eingeladen. Die Bildungsreferentin des Aktion Eine Welt e.V. Karlsruhe referierte \u00fcber die Zukunft des Fairen Handels. Anschlie\u00dfend gab es einen Umtrunk mit Fairtrade-Sekt und Snacks.<\/p>\n<p>7.5. Kaffeeseminar mit Yvonne Wei\u00df (GEPA) f\u00fcr Vereinsmitglieder und andere Interessierte.<\/p>\n<p>11.5. Bildungsreferentin Constanze Spranger f\u00fchrte einen Workshop mit den diesj\u00e4hrigen Konfirmand*innen zum Thema \u201eFairtrade-Baumwolle \u2013 die Reise einer Jeans\u201c durch.<\/p>\n<p>Samstag, 14. Mai: Zum Weltladentag 2022 wurde im Sole-Aktiv-Park eine Aktionsausstellung gezeigt. Ein\u00a0Entdeckerpfad zu den Billigpreisen unter dem Motto \u201eM\u00c4CHTIG UNFAIR!\u201d machte die Lieferkette von z.B. Lebensmitteln aus aller Welt transparent. Der Gewinn des Verkaufs kommt nicht bei den Bauern an, die auf Bananenplantagen, im Kaffee- oder Kakaoanbau arbeiten, sondern bei gro\u00dfen Konzernen, die als Eink\u00e4ufer der Fr\u00fcchte die Preise dr\u00fccken.<\/p>\n<p>20.05. Am \u201eTag der Nachbarn\u201c wurde von der Stadtverwaltung ein Mitbring-Fr\u00fchst\u00fcck auf dem Marktplatz in Mingolsheim organisiert, bei dem Fairtrade-Kaffee gegen Spende ausgeschenkt wurde. Bei dem parallel angebotenen Kindermalwettbewerb \u201eSommer mit Freunden\u201c gab es als Preise Notizb\u00fccher und Bleistifte aus dem Weltladen.<\/p>\n<p>Ende Juni: In Kooperation mit dem KuKuK (Kunst- und Kulturkreis) Bad Sch\u00f6nborn und der ev. Pfarrerin Luise Helm fand eine Kunstaktion zum Globalen Lernen in der Michael-Ende-Schule in Mingolsheim statt. Sch\u00fclerinnen und Sch\u00fcler der 7. bis 9. Klasse besch\u00e4ftigten sich mit dem Thema: \u201eReise der Rohstoffe \u2013 Wo kommen die Dinge her?\u201c<\/p>\n<p class=\"ydp57defd58MsoNormal\">Faire Wochen \u2013 Motto \u201eFair steht Dir\u201c:\u00a0Zum \u201eSommerausklang\u201c der Gemeinde am 24.09. richteten aktive Vereinsmitglieder eine Tombola mit Verkauf von Losen aus. Der Erl\u00f6s wurde an die Kampagne \u201eSaubere Kleidung\u201c gespendet. Es kam bei der Verlosung eine Summe von 450 EUR zusammen. Im Weltladen kl\u00e4rte eine T-Shirt-Ausstellung \u00fcber Missst\u00e4nde in der Textilbranche auf.<\/p>\n<p class=\"ydp57defd58MsoNormal\">05.10.: Start des \u00fcberregionalen Gutschein-Systems: Ab jetzt k\u00f6nnen im Weltladen Bad Sch\u00f6nborn Gutscheine erworben werden, die in Weltl\u00e4den eingel\u00f6st werden k\u00f6nnen, die dem bundesweiten Gutschein-System angeschlossen sind. Ebenso k\u00f6nnen anderswo erstandene Gutscheine im Weltladen Bad Sch\u00f6nborn eingel\u00f6st werden. Die bisherigen Gutscheine, die nur in Bad Sch\u00f6nborn ausgestellt und eingel\u00f6st werden k\u00f6nnen, gibt es weiterhin.<\/p>\n<p class=\"ydp57defd58MsoNormal\">19.10.: Team-Ausflug \u201eKlimawandeln in Heidelberg\u201c vom Welthaus Heidelberg mit einer kleinen Gruppe der Aktiven. Zusammen mit dem Referenten wurden Ursachen und Folgen des Klimawandels veranschaulicht und Handlungsalternativen diskutiert.<\/p>\n<p class=\"ydp57defd58MsoNormal\">F\u00fcr die Tombola auf ihrem Herbstfest hat die Michael-Ende-Schule Fairtrade-Produkte aus dem Weltladen erhalten.<\/p>\n<p class=\"ydp57defd58MsoNormal\">05.11.: Er\u00f6ffnung einer Fairtrade-Ecke im Stammgesch\u00e4ft von Papier Schneider in Sandhausen. Die fairen Produkte bezieht Papier Schneider im Weltladen Bad Sch\u00f6nborn.<\/p>\n<p class=\"ydp57defd58MsoNormal\">28.11.: Gut besuchte \u00f6ffentliche Veranstaltung mit Luise Schroter, die internationales Recht in Den Haag und Edinburgh studiert hat, zum Stand des Lieferkettengesetzes in den R\u00e4umen der FeG in Mingolsheim.<\/p>\n<p class=\"ydp57defd58MsoNormal\">Weihnachtsmarkt in Mingolsheim: Sehr gut angenommener Verkauf von fair gehandeltem Gl\u00fchwein.<\/p>\n<p>[\/vc_column_text][\/vc_tta_section][vc_tta_section title=&#8220;2021&#8243; tab_id=&#8220;1610706786075-a14827bb-93b6&#8243;][vc_column_text]15. Januar \u2013 Beginn des Jubil\u00e4umsjahres \u201e10 Jahre Weltladen Bad Sch\u00f6nborn\u201d \u2013 Artikel-Serie \u201eMitarbeiterinnen stellen sich vor\u201d<\/p>\n<p>6. Mai \u2013 8. Mai 2021 \u2013 Weltladentag: Auf ausgew\u00e4hlten Pl\u00e4tzen in Mingolsheim und Langebr\u00fccken\u00a0wurden Leinen gespannt, die mit farbigen Mitnehm-Impulsen zu Nachhaltigkeit, Solidarit\u00e4t, Engagement und gelingender Kommunikation best\u00fcckt waren.<\/p>\n<p>25. Juni 2021 Wirtschaft\u00a0ohne Wachstum? Faire Ideenwerkstatt<span class=\"Apple-converted-space\">\u00a0<\/span>im Pfarrgarten der ev. Kirche Mingolsheim<br \/>\nWie kann man auf praktische Weise zukunftsf\u00e4hig wirtschaften? Vortrag und Diskussion mit Matthias Pieper, Betriebswirt, Mitinhaber und Gesch\u00e4ftsf\u00fchrer des Alpaka-Gro\u00dfhandelsunternehmens \u201emariposa fair trade\u201d aus Peru. Vorstellung der Zukunftshaus e.G. f\u00fcr \u201eWirtschaft ohne Wachstum\u201c konkret, damit die eine Erde auch f\u00fcr unsere Kinder und Enkel noch bewohnbar bleibt \u2013 in Kooperation mit den Menschen im globalen S\u00fcden.<\/p>\n<p>28. September 2021 \u2013 Lesung \u201eKlimaschutz beginnt in der K\u00fcche\u201d mit Anneliese Bunk aus M\u00fcnchen im \u201eHaus des Gastes\u201d. Die Autorin empfiehlt, nicht nur Fair sondern auch nach der \u201ePlanetary Health Diet\u201d (\u00fcbersetzt mit \u201eKlimaschutz beginnt in der K\u00fcche\u201d) einzukaufen und sie hat nach vielen Recherchen und Gespr\u00e4chen mit Fachleuten ihren Verzehr und Verbrauch so umgestaltet, dass es machbar erscheint, 10 Milliarden Menschen auf der Erde gesund zu ern\u00e4hren, ohne den Planeten zu zerst\u00f6ren.[\/vc_column_text][\/vc_tta_section][vc_tta_section title=&#8220;2020&#8243; tab_id=&#8220;1597235396029-47ff1a34-bd93&#8243;][vc_column_text]3.2.2020 \u2013 Strategie-Workshop mit Birgit Lieber vom Dachverband Entwicklungspolitik Baden W\u00fcrttemberg (deab) als \u00f6ffentliche Mitgliederversammlung in der FeG.<br \/>\nSammelbox f\u00fcr ausrangierte Handys<\/p>\n<p>6. M\u00e4rz 2020 Teilnahme an der Feier des Weltgebetstags in der Ev. Kirche Mingolsheim.<\/p>\n<p>20. M\u00e4rz 2020 \u2013 Corona-Lockdown: Schlie\u00dfen des Weltladens und Einf\u00fchrung eines Lieferdienstes (Bestellungen per E-Mail)<\/p>\n<p>7. April \u2013 Reduzierte \u00d6ffnungszeiten in der Karwoche, weiterhin Liefer- und Abholservice<\/p>\n<p>16. April \u2013 Weltladen \u00f6ffnet wieder mit reduzierten Ladenzeiten<\/p>\n<p>Juli \u2013 Mitarbeiterinnen Gesuch-Kampagne in der Presse<\/p>\n<p>August \u2013 Aktion \u201eFAIRwertsteuer\u201d. Der reduzierte Mehrwertsteuersatz wird benachteiligten ProduzentInnen im globalen S\u00fcden gespendet. Praktikant Oskar arbeitet in den Sommerferien im Weltladen mit.<\/p>\n<p>25. September \u2013 \u201eWas brauche ich f\u00fcr ein gutes Leben?\u201d Aktion zur Fairen Woche auf dem Wochenmarkt mit Clown Augustine.<\/p>\n<p>30. September \u2013 Mitgliedsversammlung mit Vorstandswahlen<\/p>\n<p>3. Oktober \u2013 Besuch der trotz Corona stattfindenden Messe \u201eFAIRgn\u00fcgt\u201d in Darmstadt<\/p>\n<p>19. November \u2013 Unverpackt-Angebot mit Bohnenkaffee, Mandeln und Nu\u00dfmischung[\/vc_column_text][\/vc_tta_section][vc_tta_section title=&#8220;2019&#8243; tab_id=&#8220;1587135977861-ba641984-1195&#8243;][vc_column_text]09.02.2019<br \/>\nWorkshop in Heidelberg \u201e Fairer Handel f\u00fcr eine Sozial-\u00f6kologische Zukunft\u201c<\/p>\n<p>08.03.2019<br \/>\nWeltgebetstag in der Freien Ev. Gemeinde Bad Sch\u00f6nborn \u2013 Slowenien<\/p>\n<p>21.03.2019<br \/>\nRegionaltreffen in Heidelberg<br \/>\nVorbereitung d. Weltladentags zum Thema \u201eLieferkettengesetz\u201c<\/p>\n<p>30.03.2019<br \/>\nFortbildung mit Birgit Lieber vom DEAB<br \/>\n\u201eAnders statt mehr!\u201c Der Beitrag des Fairen Handels zu einer sozial-\u00f6kologischen Zukunft.<\/p>\n<p>11.05.2019<br \/>\nWeltladentag<br \/>\n\u201eWir fordern Einhaltung der Menschenrechte weltweit\u201c Stra\u00dfenplakat zum Lieferkettengesetz, das weltweit Menschrechtsverletzungen und Umweltzerst\u00f6rung Einhalt gebietet. Praktikantin Sina aus dem SE-Projekt hat flei\u00dfig mitgeholfen.<\/p>\n<p>15.05. 2019<br \/>\nVorstellung beim Leibniz-Gymnasium in \u00d6stringen f\u00fcr Soziales Engagement.<\/p>\n<p>23.05.2019<br \/>\nEinladung zum B\u00fcrgergespr\u00e4ch mit den Gemeinderatskandidat\/innen aller Parteien zum Thema: \u201eGlobal denken \u2013 lokal handeln\u201c, Aula Michael-Ende-Schule<br \/>\nModeration: Birgit Lieber, DEAB.<\/p>\n<p>28. \u2013 30. 06 2019<br \/>\nTeilnahme bei den Weltladen-Fachtagen in Bad Hersfeld<\/p>\n<p>13.-27.09.2019<br \/>\nFaire Woche \u201eGleiche Chancen durch fairen Handel\u201c beim Sommerausklang am 21.09.2019 in Mingolsheim. Gemeinsam mit der \u201eAktion Zeichen setzen\u201c und Jugendlichen aus der Evang. Kirchengemeinde. 29.09.2019 Teilnahme am Gemeindefest der Evang. Kirchengemeinde in Mingolsheim mit Info- und Verkaufstisch<\/p>\n<p>12.10.2019<br \/>\nTeilnahme Herbst-Hausmesse bei Effata in Heidelberg mit Handelspartnern.<\/p>\n<p>16.10.2019<br \/>\n5j\u00e4hriges Bestehen des Interkulturellen Frauencaf\u00e9s. Bewirtung und Vortrag mit Daniela Blech-Straub \u201eStarke Frauen in L\u00e4ndern des S\u00fcdens\u201d Mitmach-Aktion \u201eWeltkarte\u201d mit Constanze Spranger.<\/p>\n<p>29.11.2019<br \/>\nNikolausaktion gemeinsam mit Papier-Schneider. Der Erl\u00f6s des Verkaufs von Waffeln und Gl\u00fchwein ging an den Tatort-Verein \u2013 Stra\u00dfen der Welt, der sich f\u00fcr Kinderrechte auf den Philippinen einsetzt.<\/p>\n<p>30.11.2019 H\u00fctte auf dem Weihnachtsmarkt[\/vc_column_text][\/vc_tta_section][vc_tta_section title=&#8220;2018&#8243; tab_id=&#8220;1587135977882-ca9989c9-9409&#8243;][vc_column_text]Faire Woche Sommerausklang, Tombola[\/vc_column_text][\/vc_tta_section][vc_tta_section title=&#8220;2017&#8243; tab_id=&#8220;1587136115808-ac73f519-9125&#8243;][vc_column_text]Die Klasse 6c der Realschule Bad Sch\u00f6nborn zu Besuch im Weltladen Bad Sch\u00f6nborn<\/p>\n<p>Donnerstag, 31. August 2017: Olav Gutting (CDU) und Neza Yildirim (SPD)<br \/>\nMontag, 04. September 2017: Hendrik Tzschaschel (FDP) Dr. Danyal Bayaz (B\u00fcndnis 90\/Die Gr\u00fcnen) Werner Zieger (Die Linke) jeweils um 18.00 Uhr im Weltladen zur Diskussion.<\/p>\n<p>23. September 2017: Sommerausklang \u201eMangos f\u00fcr Kinderrechte\u201d 16 \u2013 21 Uhr[\/vc_column_text][\/vc_tta_section][vc_tta_section title=&#8220;2016&#8243; tab_id=&#8220;1587136145104-9ade3bd5-3c8a&#8220;][vc_column_text]23. Januar 2016 \u2013\u00a0Konfi-Workshop im Familienzentrum Bad Sch\u00f6nborn<\/p>\n<p>30. Januar 2016\u00a0\u2013 Seminar \u201eGrundlagen des Fairen Handels\u201c mit Birgit Lieber, Fachpromotorin Fairer Handel beim Dachverband Entwicklungspolitik Baden-W\u00fcrttemberg, Gemeindesaal der Evang. Gustav-Adolf-Kirche in Bad Sch\u00f6nborn-Mingolsheim<\/p>\n<p><strong>1. M\u00e4rz 2016 \u2013 Neuer\u00f6ffnung in<span class=\"Apple-converted-space\">\u00a0 <\/span>die Friedrichstra\u00dfe 52<\/strong> mit Papier-Schneider, dazu Einf\u00fchrung Neues Kassensystem mit Scannerkasse und EC-Zahlung<\/p>\n<p>Auszeichnung der World Fair Trade Organization (WFTO) erfolgreich bis Juni 2018 verl\u00e4ngert<\/p>\n<p>8. Mai 2016 \u2013 \u201eUnternehmen haftbar machen\u201d Aktion des Weltladens Bad Sch\u00f6nborn auf dem Marktplatz Mingolsheim Briefaktion: 130 Briefe haben wir an Bundeskanzlerin Angela Merkel geschickt<\/p>\n<p>Sonntag, 26. Juni 2016\u00a0\u2013 Fest des Aktionsb\u00fcndnisses ZEICHEN SETZEN ab 15.30 Uhr rund um den Marktplatz Mingolsheim<\/p>\n<p>Freitag, 19. August 2016 \u2013 \u201eEine Reise in die Karibik\u201d Ferienprogramm, 15.00 Uhr<\/p>\n<p>16. bis 30. September 16 \u2013 Faire Woche. Mit Infos zu Bananen (\u201eBanane macht fit\u201d), Schokolade (\u201eSchokolade macht gl\u00fccklich\u201d) und Kaffee (\u201eKaffee macht wach\u201d)<\/p>\n<p>Samstag, 24.09.2016 \u2013 Macht mein Lieblingsst\u00fcck Fair! Modenschau 17 und 19 Uhr zur Langen Einkaufsnacht und Aktionstage zum Fashion-Fair-Day: Stand von 16.00 bis 21.00 Uhr auf dem Marktplatz in Mingolsheim. Besuch von Shailesh Patel von der Fairtrade-zertifizierten Baumwollkooperative RDFC ltd. am Weltladen-Stand auf dem Gemeindefest der Evang. Kirchengemeinde Bad Sch\u00f6nborn und Kronau, Sonntag, 25.09.16 (Kraichgauhalle Langenbr\u00fccken)[\/vc_column_text][\/vc_tta_section][vc_tta_section title=&#8220;2015&#8243; tab_id=&#8220;1587136161903-97cc86e2-c865&#8243;][vc_column_text]Januar: Auszeichnung der World Fair Trade Organization (WFTO)<\/p>\n<p>14. M\u00e4rz 2015 \u2013 Seminar<span class=\"Apple-converted-space\">\u00a0 <\/span>\u201eAlles Fair &#8211; oder was?\u201d mit Birgit Lieber, Gemeindesaal der Ev. Gustav-Adolf-Kirche in Bad Sch\u00f6nborn-Mingolsheim<\/p>\n<p>Sonntag, 10. Mai 2015 \u2013 Weltladentag \u00a0im Rahmen des Jahrmarktes. Weltladen-Stand (vom 09. \u2013 11.05.15) und Aktionen (am 10.05.15) in der N\u00e4he des Mingolsheimer Tafelladens, Rochusstra\u00dfe 12. Unterschriften-Aktion \u201eMensch. Macht. Handel. Fair.\u201d Arbeits- und Menschenrechtsverletzungen in den Lieferketten unserer t\u00e4glichen Verbrauchsg\u00fcter und Lebensmittel<\/p>\n<p>Freitag, 07. August 2015 \u2013 \u201eEine Reise nach Afrika\u201d Ferienprogramm mit dem Verein Faire Welt e.V. Bad Sch\u00f6nborn, Foyer des Evangelischen Gemeindezentrums<\/p>\n<p>10. November 2015 \u2013 \u201eFaire Kleidung \u2013 wie geht das?\u201d Vortrag mit Daniela Blech-Straub im Interkulturellen Frauencaf\u00e9[\/vc_column_text][\/vc_tta_section][vc_tta_section title=&#8220;2014&#8243; tab_id=&#8220;1587136171799-b3e1485e-7df6&#8243;][vc_column_text]04. April 2014 \u2013 \u201eSekt und Seide\u201d Themenabend im Haus des Gastes in Bad Sch\u00f6nborn-Mingolsheim<\/p>\n<p>Weltladentag 2014 \u2013 Fotoaktion und Stra\u00dfenplakat in Bad Sch\u00f6nborn<\/p>\n<p>10. \u2013 12. Mai 2014 \u2013 Stand am Jahrmarkt Mingolsheim<\/p>\n<p>1. Juni 2014 \u2013 ZEICHEN SETZEN-Fest, Stand auf dem Niederbronn-les-Bains-Platz in Bad Sch\u00f6nborn-Langenbr\u00fccken<\/p>\n<p>Freitag, 8. August 2014 \u2013 \u201eEine Reise nach Asien\u201d, Ferienprogramm mit Faire Welt e.V. Bad Sch\u00f6nborn, Gemeindesaal der Gustav-Adolf-Kirche<\/p>\n<p>Sonntag, 17. August 2014 \u2013 Rochusfest der Katholischen Pfarrgemeinde St. Lambertus Stand in Mingolsheim\u00a0<span class=\"Apple-converted-space\">\u00a0<\/span><\/p>\n<p>Samstag, 20. September 2014 \u2013 Gospel Day: Singen und Schweigen f\u00fcr Gerechtigkeit. Gospelchor Forst auf dem Mingolsheimer Marktplatz mit\u00a0Faire Welt e.V. Bad Sch\u00f6nborn<\/p>\n<p>28. September 2014 \u2013 Informations- und Verkaufsstand des Weltladens Bad Sch\u00f6nborn auf dem Gemeindefest der Ev. Kirchengemeinde Bad Sch\u00f6nborn-Kronau, von 10.00 bis 16.00 Uhr Kraichgauhalle, u.a. mit Cocktails und Drinks aus Mango-Produkten.[\/vc_column_text][\/vc_tta_section][vc_tta_section title=&#8220;2013&#8243; tab_id=&#8220;1587136181551-93c2ee93-a150&#8243;][vc_column_text]6. Juli 2013 \u2013 Reise nach Ravensburg zu <a href=\"https:\/\/www.weltpartner.de\">dwp<\/a>, Gro\u00dfes Jubil\u00e4umsfest \u201e25 Jahre DWP\u201d Kooperation von Preda und dem Tatort-Verein<\/p>\n<p>11. September 2013 \u2013 \u201eregionalFAIRglobal\u201d Eine Ausstellung zur Fairen Woche, Vernissage 17.00 Uhr. Die Ausstellung bleibt bis zum 20. September 2013 w\u00e4hrend der \u00d6ffnungszeiten der Sparkasse der Bev\u00f6lkerung zug\u00e4nglich.<\/p>\n<p>21. September 2013 \u2013 Gospel Day mit Gospelchor Forst \u00a0um 13.00 Uhr auf dem Marktplatz in Mingolsheim<\/p>\n<p>22. September 2013 \u2013 Ev.\u00a0Gemeindefest: Cocktailbar und Indische Tee-Zeremonie 10 &#8211; 16 Uhr[\/vc_column_text][\/vc_tta_section][vc_tta_section title=&#8220;2012&#8243; tab_id=&#8220;1587136196002-65c346fb-1e25&#8243;][vc_column_text]Mai 2012 \u2013 Vereinsgr\u00fcndung \u201eFaire Welt Bad Sch\u00f6nborn e.V\u201c<\/p>\n<p>22. September 2012 \u2013 \u201eFairer Genuss\u201d mit VIF-Weinhandel, Marktplatz Mingolsheim, ab 11.30 Uhr<\/p>\n<p>23. September 2012 \u2013 Cocktailbar beim Ev. Gemeindefest, Kraichgauhalle Langenbr\u00fccken[\/vc_column_text][\/vc_tta_section][vc_tta_section title=&#8220;2011&#8243; tab_id=&#8220;1587136206024-fc454d7f-08b4&#8243;][vc_column_text]2011 \u2013 Er\u00f6ffnung Weltladen Bad Sch\u00f6nborn, Marktplatz 4<\/p>\n<p>17. September 2011 \u2013 Fair genie\u00dfen: Wein und K\u00f6stlichkeiten Probieraktion mit\u00a0VIF-Weinhandel Marktplatz Mingolsheim, 10 \u2013 16 Uhr[\/vc_column_text][\/vc_tta_section][vc_tta_section title=&#8220;2010&#8243; tab_id=&#8220;1587136218602-074ce86d-6568&#8243;][\/vc_tta_section][vc_tta_section title=&#8220;2009&#8243; tab_id=&#8220;1587136226307-26ec3a12-5edb&#8220;][vc_column_text]Weltladenstube: 17. \u2013 19.9.2009: Zur Fairen Woche: Kostproben und Infos<\/p>\n<p>27. September2009: Cocktailbar beim Ev. Gemeindefest, Kraichgauhalle Langenbr\u00fccken[\/vc_column_text][\/vc_tta_section][vc_tta_section title=&#8220;2008&#8243; tab_id=&#8220;1587136247418-e92d3189-15e7&#8243;][vc_column_text]26. September 2008 \u2013 \u00a0Lesung aus dem Buch von Pater Shay Cullen \u201eKein Kind ist verloren\u201d mit Frauke Sch\u00fcler-Bredt in der Buchhandlung \u201eArs Legendi\u201d<\/p>\n<p>Weltladenstube: 27. September 2008 \u2013 Fairk\u00f6stigung am Marktplatz zum Weltladentag,\u00a010 \u2013 14 Uhr<\/p>\n<p>[\/vc_column_text][\/vc_tta_section][\/vc_tta_tabs][\/vc_column][vc_column][vc_column_text css=&#8220;&#8220;][\/vc_column_text][\/vc_column][\/vc_row]<\/p>\n<\/div>","protected":false},"excerpt":{"rendered":"<p>[vc_row][vc_column][vc_empty_space][vc_column_text] Mitmachen im Weltladen Bad Sch\u00f6nborn Faire Welt e.V. Bad Sch\u00f6nborn Aus einer Aktionsgruppe f\u00fcr Fairen Handel in der Evangelischen Kirchengemeinde entwickelte sich ein \u00fcberkonfessionelles Team, das seit April 2011 den Weltladen betreibt. Seit Mai 2012 sind wir der Verein \u201eFaire Welt e.V. Bad Sch\u00f6nborn \u201c. Der Verein will zu wirksamer Hilfe f\u00fcr benachteiligte Bev\u00f6lkerungsgruppen&hellip;<\/p>\n","protected":false},"author":1,"featured_media":0,"parent":0,"menu_order":6,"comment_status":"closed","ping_status":"closed","template":"","meta":{"footnotes":""},"class_list":["post-219","page","type-page","status-publish","hentry","description-off"],"yoast_head":"<!-- This site is optimized with the Yoast SEO plugin v26.8 - https:\/\/yoast.com\/product\/yoast-seo-wordpress\/ -->\n<title>\u00dcber uns &amp; Chronik des Weltladens - Weltladen Bad Sch\u00f6nborn<\/title>\n<meta name=\"description\" content=\"Fairer Handel \u2013 Engagement f\u00fcr eine transparente, \u00f6kologische und nachhaltige Form des Wirtschaftens.\" \/>\n<meta name=\"robots\" content=\"index, follow, max-snippet:-1, max-image-preview:large, max-video-preview:-1\" \/>\n<link rel=\"canonical\" href=\"https:\/\/weltlaeden.de\/badschoenborn\/ueber-uns\/\" \/>\n<meta property=\"og:locale\" content=\"de_DE\" \/>\n<meta property=\"og:type\" content=\"article\" \/>\n<meta property=\"og:title\" content=\"\u00dcber uns &amp; Chronik des Weltladens - Weltladen Bad Sch\u00f6nborn\" \/>\n<meta property=\"og:description\" content=\"Fairer Handel \u2013 Engagement f\u00fcr eine transparente, \u00f6kologische und nachhaltige Form des Wirtschaftens.\" \/>\n<meta property=\"og:url\" content=\"https:\/\/weltlaeden.de\/badschoenborn\/ueber-uns\/\" \/>\n<meta property=\"og:site_name\" content=\"Weltladen Bad Sch\u00f6nborn\" \/>\n<meta property=\"article:modified_time\" content=\"2025-02-03T09:36:18+00:00\" \/>\n<meta property=\"og:image\" content=\"https:\/\/weltlaeden.de\/badschoenborn\/wp-content\/uploads\/sites\/62\/2024\/09\/2024_09_05_Gruppe_Secontique_Stuttgart.jpg\" \/>\n\t<meta property=\"og:image:width\" content=\"1890\" \/>\n\t<meta property=\"og:image:height\" content=\"1171\" \/>\n\t<meta property=\"og:image:type\" content=\"image\/jpeg\" \/>\n<meta name=\"twitter:card\" content=\"summary_large_image\" \/>\n<meta name=\"twitter:label1\" content=\"Gesch\u00e4tzte Lesezeit\" \/>\n\t<meta name=\"twitter:data1\" content=\"12\u00a0Minuten\" \/>\n<script type=\"application\/ld+json\" class=\"yoast-schema-graph\">{\"@context\":\"https:\/\/schema.org\",\"@graph\":[{\"@type\":\"WebPage\",\"@id\":\"https:\/\/weltlaeden.de\/badschoenborn\/ueber-uns\/\",\"url\":\"https:\/\/weltlaeden.de\/badschoenborn\/ueber-uns\/\",\"name\":\"\u00dcber uns &amp; Chronik des Weltladens - Weltladen Bad Sch\u00f6nborn\",\"isPartOf\":{\"@id\":\"https:\/\/weltlaeden.de\/badschoenborn\/#website\"},\"primaryImageOfPage\":{\"@id\":\"https:\/\/weltlaeden.de\/badschoenborn\/ueber-uns\/#primaryimage\"},\"image\":{\"@id\":\"https:\/\/weltlaeden.de\/badschoenborn\/ueber-uns\/#primaryimage\"},\"thumbnailUrl\":\"https:\/\/weltlaeden.de\/badschoenborn\/wp-content\/uploads\/sites\/62\/2024\/09\/2024_09_05_Gruppe_Secontique_Stuttgart-300x186.jpg\",\"datePublished\":\"2016-10-28T11:34:47+00:00\",\"dateModified\":\"2025-02-03T09:36:18+00:00\",\"description\":\"Fairer Handel \u2013 Engagement f\u00fcr eine transparente, \u00f6kologische und nachhaltige Form des Wirtschaftens.\",\"breadcrumb\":{\"@id\":\"https:\/\/weltlaeden.de\/badschoenborn\/ueber-uns\/#breadcrumb\"},\"inLanguage\":\"de\",\"potentialAction\":[{\"@type\":\"ReadAction\",\"target\":[\"https:\/\/weltlaeden.de\/badschoenborn\/ueber-uns\/\"]}]},{\"@type\":\"ImageObject\",\"inLanguage\":\"de\",\"@id\":\"https:\/\/weltlaeden.de\/badschoenborn\/ueber-uns\/#primaryimage\",\"url\":\"https:\/\/weltlaeden.de\/badschoenborn\/wp-content\/uploads\/sites\/62\/2024\/09\/2024_09_05_Gruppe_Secontique_Stuttgart.jpg\",\"contentUrl\":\"https:\/\/weltlaeden.de\/badschoenborn\/wp-content\/uploads\/sites\/62\/2024\/09\/2024_09_05_Gruppe_Secontique_Stuttgart.jpg\",\"width\":1890,\"height\":1171,\"caption\":\"Stuttgart \u2013Weltladenteam besucht die FAIRWERTUNG\"},{\"@type\":\"BreadcrumbList\",\"@id\":\"https:\/\/weltlaeden.de\/badschoenborn\/ueber-uns\/#breadcrumb\",\"itemListElement\":[{\"@type\":\"ListItem\",\"position\":1,\"name\":\"Startseite\",\"item\":\"https:\/\/weltlaeden.de\/badschoenborn\/\"},{\"@type\":\"ListItem\",\"position\":2,\"name\":\"\u00dcber uns &amp; Chronik des Weltladens\"}]},{\"@type\":\"WebSite\",\"@id\":\"https:\/\/weltlaeden.de\/badschoenborn\/#website\",\"url\":\"https:\/\/weltlaeden.de\/badschoenborn\/\",\"name\":\"Vorlage\",\"description\":\"Faire Welt e.V. Bad Sch\u00f6nborn\",\"potentialAction\":[{\"@type\":\"SearchAction\",\"target\":{\"@type\":\"EntryPoint\",\"urlTemplate\":\"https:\/\/weltlaeden.de\/badschoenborn\/?s={search_term_string}\"},\"query-input\":{\"@type\":\"PropertyValueSpecification\",\"valueRequired\":true,\"valueName\":\"search_term_string\"}}],\"inLanguage\":\"de\"}]}<\/script>\n<!-- \/ Yoast SEO plugin. -->","yoast_head_json":{"title":"\u00dcber uns &amp; Chronik des Weltladens - Weltladen Bad Sch\u00f6nborn","description":"Fairer Handel \u2013 Engagement f\u00fcr eine transparente, \u00f6kologische und nachhaltige Form des Wirtschaftens.","robots":{"index":"index","follow":"follow","max-snippet":"max-snippet:-1","max-image-preview":"max-image-preview:large","max-video-preview":"max-video-preview:-1"},"canonical":"https:\/\/weltlaeden.de\/badschoenborn\/ueber-uns\/","og_locale":"de_DE","og_type":"article","og_title":"\u00dcber uns &amp; Chronik des Weltladens - Weltladen Bad Sch\u00f6nborn","og_description":"Fairer Handel \u2013 Engagement f\u00fcr eine transparente, \u00f6kologische und nachhaltige Form des Wirtschaftens.","og_url":"https:\/\/weltlaeden.de\/badschoenborn\/ueber-uns\/","og_site_name":"Weltladen Bad Sch\u00f6nborn","article_modified_time":"2025-02-03T09:36:18+00:00","og_image":[{"width":1890,"height":1171,"url":"https:\/\/weltlaeden.de\/badschoenborn\/wp-content\/uploads\/sites\/62\/2024\/09\/2024_09_05_Gruppe_Secontique_Stuttgart.jpg","type":"image\/jpeg"}],"twitter_card":"summary_large_image","twitter_misc":{"Gesch\u00e4tzte Lesezeit":"12\u00a0Minuten"},"schema":{"@context":"https:\/\/schema.org","@graph":[{"@type":"WebPage","@id":"https:\/\/weltlaeden.de\/badschoenborn\/ueber-uns\/","url":"https:\/\/weltlaeden.de\/badschoenborn\/ueber-uns\/","name":"\u00dcber uns &amp; Chronik des Weltladens - Weltladen Bad Sch\u00f6nborn","isPartOf":{"@id":"https:\/\/weltlaeden.de\/badschoenborn\/#website"},"primaryImageOfPage":{"@id":"https:\/\/weltlaeden.de\/badschoenborn\/ueber-uns\/#primaryimage"},"image":{"@id":"https:\/\/weltlaeden.de\/badschoenborn\/ueber-uns\/#primaryimage"},"thumbnailUrl":"https:\/\/weltlaeden.de\/badschoenborn\/wp-content\/uploads\/sites\/62\/2024\/09\/2024_09_05_Gruppe_Secontique_Stuttgart-300x186.jpg","datePublished":"2016-10-28T11:34:47+00:00","dateModified":"2025-02-03T09:36:18+00:00","description":"Fairer Handel \u2013 Engagement f\u00fcr eine transparente, \u00f6kologische und nachhaltige Form des Wirtschaftens.","breadcrumb":{"@id":"https:\/\/weltlaeden.de\/badschoenborn\/ueber-uns\/#breadcrumb"},"inLanguage":"de","potentialAction":[{"@type":"ReadAction","target":["https:\/\/weltlaeden.de\/badschoenborn\/ueber-uns\/"]}]},{"@type":"ImageObject","inLanguage":"de","@id":"https:\/\/weltlaeden.de\/badschoenborn\/ueber-uns\/#primaryimage","url":"https:\/\/weltlaeden.de\/badschoenborn\/wp-content\/uploads\/sites\/62\/2024\/09\/2024_09_05_Gruppe_Secontique_Stuttgart.jpg","contentUrl":"https:\/\/weltlaeden.de\/badschoenborn\/wp-content\/uploads\/sites\/62\/2024\/09\/2024_09_05_Gruppe_Secontique_Stuttgart.jpg","width":1890,"height":1171,"caption":"Stuttgart \u2013Weltladenteam besucht die FAIRWERTUNG"},{"@type":"BreadcrumbList","@id":"https:\/\/weltlaeden.de\/badschoenborn\/ueber-uns\/#breadcrumb","itemListElement":[{"@type":"ListItem","position":1,"name":"Startseite","item":"https:\/\/weltlaeden.de\/badschoenborn\/"},{"@type":"ListItem","position":2,"name":"\u00dcber uns &amp; Chronik des Weltladens"}]},{"@type":"WebSite","@id":"https:\/\/weltlaeden.de\/badschoenborn\/#website","url":"https:\/\/weltlaeden.de\/badschoenborn\/","name":"Vorlage","description":"Faire Welt e.V. Bad Sch\u00f6nborn","potentialAction":[{"@type":"SearchAction","target":{"@type":"EntryPoint","urlTemplate":"https:\/\/weltlaeden.de\/badschoenborn\/?s={search_term_string}"},"query-input":{"@type":"PropertyValueSpecification","valueRequired":true,"valueName":"search_term_string"}}],"inLanguage":"de"}]}},"_links":{"self":[{"href":"https:\/\/weltlaeden.de\/badschoenborn\/wp-json\/wp\/v2\/pages\/219","targetHints":{"allow":["GET"]}}],"collection":[{"href":"https:\/\/weltlaeden.de\/badschoenborn\/wp-json\/wp\/v2\/pages"}],"about":[{"href":"https:\/\/weltlaeden.de\/badschoenborn\/wp-json\/wp\/v2\/types\/page"}],"author":[{"embeddable":true,"href":"https:\/\/weltlaeden.de\/badschoenborn\/wp-json\/wp\/v2\/users\/1"}],"replies":[{"embeddable":true,"href":"https:\/\/weltlaeden.de\/badschoenborn\/wp-json\/wp\/v2\/comments?post=219"}],"version-history":[{"count":87,"href":"https:\/\/weltlaeden.de\/badschoenborn\/wp-json\/wp\/v2\/pages\/219\/revisions"}],"predecessor-version":[{"id":411,"href":"https:\/\/weltlaeden.de\/badschoenborn\/wp-json\/wp\/v2\/pages\/219\/revisions\/411"}],"wp:attachment":[{"href":"https:\/\/weltlaeden.de\/badschoenborn\/wp-json\/wp\/v2\/media?parent=219"}],"curies":[{"name":"wp","href":"https:\/\/api.w.org\/{rel}","templated":true}]}}