{"id":217,"date":"2016-10-28T13:34:47","date_gmt":"2016-10-28T11:34:47","guid":{"rendered":"https:\/\/wl.heimpixel.de\/vorlage\/produkte\/"},"modified":"2025-02-03T10:36:18","modified_gmt":"2025-02-03T09:36:18","slug":"produkte","status":"publish","type":"page","link":"https:\/\/weltlaeden.de\/badschoenborn\/produkte\/","title":{"rendered":"Produkte"},"content":{"rendered":"<div class=\"wpb-content-wrapper\"><p>[vc_row][vc_column]<div class=\"wl_einzelbild\"><p><\/p><\/div>[vc_empty_space][vc_column_text]<\/p>\n<h1>Unser Fairtrade-Sortiment<\/h1>\n<p>[\/vc_column_text][vc_column_text]Ziel des fairen Handels ist es, die Arbeits- und Lebensbedingungen der vom Weltmarkt benachteiligten Kleinproduzenten zu verbessern. Der faire Handel garantiert ihnen:<\/p>\n<ul>\n<li>faire Preise, unabh\u00e4ngig vom Weltmarkt<\/li>\n<li>langfristige Liefervertr\u00e4ge<\/li>\n<li>Sicherung sozialer Rechte<\/li>\n<li>Aufpreis f\u00fcr biologische Anbaumethoden<\/li>\n<li>Zusch\u00fcsse f\u00fcr soziale Projekte, Schulgeb\u00fchren, Gesundheitsstationen, Kleinkredite u.a.<\/li>\n<\/ul>\n<p>[\/vc_column_text][vc_empty_space][vc_row_inner][vc_column_inner width=&#8220;1\/2&#8243;][vc_column_text]<\/p>\n<h2>Lebensmittel<\/h2>\n<p>[\/vc_column_text]<div class=\"wl_einzelbild\"><p><\/p>\n<div id=\"attachment_589\" style=\"width: 310px\" class=\"wp-caption alignnone\"><img loading=\"lazy\" decoding=\"async\" aria-describedby=\"caption-attachment-589\" class=\"size-medium wp-image-589\" src=\"https:\/\/weltlaeden.de\/badschoenborn\/wp-content\/uploads\/sites\/62\/2020\/04\/BANAFAIR_Kleinbauer-300x287.jpg\" alt=\"Bananenproduzent Manuel Parrales (banafair)\" width=\"300\" height=\"287\" srcset=\"https:\/\/weltlaeden.de\/badschoenborn\/wp-content\/uploads\/sites\/62\/2020\/04\/BANAFAIR_Kleinbauer-300x287.jpg 300w, https:\/\/weltlaeden.de\/badschoenborn\/wp-content\/uploads\/sites\/62\/2020\/04\/BANAFAIR_Kleinbauer-768x734.jpg 768w, https:\/\/weltlaeden.de\/badschoenborn\/wp-content\/uploads\/sites\/62\/2020\/04\/BANAFAIR_Kleinbauer-1024x978.jpg 1024w, https:\/\/weltlaeden.de\/badschoenborn\/wp-content\/uploads\/sites\/62\/2020\/04\/BANAFAIR_Kleinbauer.jpg 1564w\" sizes=\"auto, (max-width: 300px) 100vw, 300px\" \/><p id=\"caption-attachment-589\" class=\"wp-caption-text\">Fairtrade Bananen aus Ecuador<\/p><\/div>\n<p><\/p><\/div>[vc_column_text]Hochwertige, k\u00f6stliche Lebensmittel wie z.B. Schokoladen, viel Bio-Teesorten lose oder in Beuteln, Bio-Kaffeesorten mit und ohne Koffein.\u00a0Reis, Nudeln, Trockenfr\u00fcchte, Brotaufstriche salzig und s\u00fc\u00df, Fruchtkonserven und S\u00e4fte.<br \/>\n<strong>FairTrade-Bananen<\/strong> werden jede Woche am Dienstag <strong>frisch<\/strong> geliefert.<br \/>\nBestellen k\u00f6nnen Sie unter<br \/>\n<a href=\"mailto:weltladen-bad-schoenborn@gmx.de\">weltladen-bad-schoenborn@gmx.de<\/a><\/p>\n<p>Au\u00dferdem: Gew\u00fcrze, Salz, Zuckersorten, Honig, Kakao, Schokolade, Knabbereien, u.v.m.[\/vc_column_text][\/vc_column_inner][vc_column_inner width=&#8220;1\/2&#8243;][vc_column_text]<\/p>\n<h2>Kunsthandwerk &amp; Textilien<\/h2>\n<p>[\/vc_column_text]<div class=\"wl_einzelbild\"><p><\/p>\n<div id=\"attachment_773\" style=\"width: 310px\" class=\"wp-caption alignnone\"><img loading=\"lazy\" decoding=\"async\" aria-describedby=\"caption-attachment-773\" class=\"size-medium wp-image-773\" src=\"https:\/\/weltlaeden.de\/badschoenborn\/wp-content\/uploads\/sites\/62\/2021\/01\/Karola_Strickwaren-300x238.jpg\" alt=\"Produkt des Monats Januar\" width=\"300\" height=\"238\" srcset=\"https:\/\/weltlaeden.de\/badschoenborn\/wp-content\/uploads\/sites\/62\/2021\/01\/Karola_Strickwaren-300x238.jpg 300w, https:\/\/weltlaeden.de\/badschoenborn\/wp-content\/uploads\/sites\/62\/2021\/01\/Karola_Strickwaren-768x609.jpg 768w, https:\/\/weltlaeden.de\/badschoenborn\/wp-content\/uploads\/sites\/62\/2021\/01\/Karola_Strickwaren.jpg 886w\" sizes=\"auto, (max-width: 300px) 100vw, 300px\" \/><p id=\"caption-attachment-773\" class=\"wp-caption-text\">Mitarbeiterin mit Strickwaren<\/p><\/div>\n<p><\/p><\/div>[vc_column_text]Fairtrade-Waren aus S\u00fcdamerika, Afrika und Asien helfen, Handwerksk\u00fcnste zu bewahren: Sonnenh\u00fcte, Korbwaren, Filzartikel; Textilien, z.B. Handt\u00fccher und Kissenh\u00fcllen, Keramik und Kerzen, aber auch Gl\u00e4ser, Geschirrt\u00fccher, Teller und viele sch\u00f6ne, n\u00fctzliche Dinge f\u00fcr Gro\u00dfe und Kleine. Sorgf\u00e4ltig ausgef\u00fchrte Handwerkskunst aus aller Welt&#8230;[\/vc_column_text][\/vc_column_inner][\/vc_row_inner][\/vc_column][\/vc_row][vc_row][vc_column width=&#8220;1\/2&#8243;][vc_column_text]<\/p>\n<h2>Getr\u00e4nke<\/h2>\n<p>[\/vc_column_text][vc_single_image image=&#8220;881&#8243; img_size=&#8220;medium&#8220; add_caption=&#8220;yes&#8220;][vc_column_text]S\u00fcdafrika: Nach dem Ende der Apartheid wurde ein umfassendes staatliches Programm eingef\u00fchrt: \u201eBlack Economic Empowerment Program\u201c, das mehr Chancengleichheit bietet. Beim Weingut Koopmanskloof sind die MitarbeiterInnen \u00fcberdurchschnittlich am Besitz beteiligt \u2013 mit 51 Prozent, anstatt den vorgeschriebenen 26 Prozent. Zudem bekommen sie f\u00fcr ihre Arbeit einen \u00fcberdurchschnittlichen Lohn, der sich an ihrer langj\u00e4hrigen Erfahrung orientiert. Gerade in S\u00fcdafrika mit einer Arbeitslosenquote von \u00fcber 30% ist ein verl\u00e4sslicher und sicherer Arbeitsplatz entscheidend.\u00a0Mit den Geldern der Fairtrade-Pr\u00e4mien wird in Koopmanskloof viel Soziales und verbesserter Zugang zu Bildung erm\u00f6glicht. Neben dem Unterhalt einer Schule und eines Kindergartens ist die Warmwasserversorgung ein wichtiges Projekt. So wurden f\u00fcr die H\u00e4user der Arbeiter auf jedem Dach Solar-Warmwasseranlagen installiert.\u00a0Zus\u00e4tzlich kann das Fairtrade Premium Committee, das die Arbeiter aus ihren Reihen w\u00e4hlen, \u00fcber die Verwendung der Fairtrade-Pr\u00e4mie entscheiden. Auf dem Weingut gibt es eine gut ausgestattete Krippe f\u00fcr die Kinder der Mitarbeiterinnen und Mitarbeiter, die dort auch essen k\u00f6nnen. Schuluniformen und Geb\u00fchren f\u00fcr h\u00f6here Schulen werden ebenfalls bezahlt.<\/p>\n<p class=\"\">Weitere Informationen zu Weinerzeugern, die im Fairen Handel aktiv sind erhalten Sie im Weltladen.<\/p>\n<p>[\/vc_column_text][\/vc_column][vc_column width=&#8220;1\/2&#8243;][vc_column_text]<\/p>\n<h2>R\u00e4ucherwerk aus Fairem Handel<\/h2>\n<p>[\/vc_column_text][vc_single_image image=&#8220;1029&#8243; img_size=&#8220;full&#8220;][vc_column_text]<\/p>\n<div>\n<p><span class=\"apple-converted-space\">Agarbatti ist der Ausdruck in der Sprache Hindi f\u00fcr \u201eR\u00e4ucherst\u00e4bchen\u201d. <\/span>In Indien werden die meisten St\u00e4bchen produziert. Die Zutaten sind Pulver, Pasten und manchmal \u00d6le von aromatischen Naturmaterialien wie Harze von Sandelholz, Bestandteile der Patchoulipflanze<span class=\"apple-converted-space\">, Ambersamen, etc. Die Paste wird feucht auf Bambusst\u00e4bchen aufgebracht und anschlie\u00dfend getrocknet und ggf. mit Duft-\u00d6l versehen.\u00a0<\/span>Im Fairen Handel wird bei der Herstellung darauf geachtet, dass die benachteiligte Produzenten im S\u00fcden Indiens z.B. in Tamil Nadu gerecht bezahlt werden. Bei der Produktion der Fairtrade-Agarbatti wird die Handarbeit der maschinellen Fertigung vorgezogen. Zu einem gro\u00dfen Teil werden nat\u00fcrliche Zutaten aus der Region verarbeitet.<\/p>\n<\/div>\n<p>[\/vc_column_text][\/vc_column][\/vc_row][vc_row][vc_column width=&#8220;1\/2&#8243;][vc_column_text]<\/p>\n<h2>Webkunst aus Nepal<\/h2>\n<p>[\/vc_column_text][vc_single_image image=&#8220;922&#8243; img_size=&#8220;medium&#8220; add_caption=&#8220;yes&#8220;][vc_column_text]Der direkte Kontakt mit den ProduzentInnen im Himalaya-Staat war trotz Einschr\u00e4nkungen f\u00fcr unsere Fairhandelspartner in 2021 wieder m\u00f6glich. Textil- und Webarbeiten sind eine der wenigen Einkommensquellen der indigenen Bev\u00f6lkerung. Durch Klimawandel und l\u00e4ngere D\u00fcrrezeiten haben es die Menschen im Hochland schwer, ihre b\u00e4uerliche Lebensweise fortzuf\u00fchren. Landflucht ist die Folge. Doch die Fertigung von Wollwaren im Land hilft den Hochlandbewohnern, eine alternative Erwerbsarbeit zukunftsf\u00e4hig zu betreiben. Der Faire Handel hat sich dabei positiv auf die verstreut lebenden Arbeiterinnen ausgewirkt, da so vor allem viele in Textilhandwerk kundige Frauen eine Erwerbsquelle mit ausreichend Einkommen finden konnten. Die Inhaberin der Weberei \u201eSunny Pashmina\u201d in Kathmandu, Hissi Dongala, kauft deshalb Schurwolle aus Neuseeland dazu, um die wachsende Anzahl an fair bezahlten Kunsthandwerkerinnen zu besch\u00e4ftigen. Der Weltladen unterst\u00fctzt das Unternehmen mit dem Verkauf von ausgew\u00e4hlten Schurwolldecken, die trotz Pandemie-Einschr\u00e4nkungen geliefert werden konnten.<\/p>\n<p>Ein Fairhandelslieferant plant im Fr\u00fchjahr 2022 Reisen nach Nepal mit Besuchen bei den Produzenten. Informieren Sie sich im Weltladen \u00fcber dieses Angebot und weitere Projekte aus Nepal.[\/vc_column_text][\/vc_column][vc_column width=&#8220;1\/2&#8243;][vc_column_text]<\/p>\n<h2>Lederwaren<\/h2>\n<p>[\/vc_column_text][vc_single_image image=&#8220;916&#8243; img_size=&#8220;medium&#8220;][vc_column_text]Ein ganz besonderes Leder wurde f\u00fcr Pierres Lieblingsprodukt aus dem Weltladen verwendet. Das 2005 gegr\u00fcndete Lederwaren-Unternehmen aus der Hauptstadt Westbengalens arbeitet mit \u201eECOfriendly\u201d-Leder. \u201eSeit ich im Weltladen samstags beim Ladendienst mitarbeite, habe ich schon viel \u00fcber die Hintergr\u00fcnde des Fairen Handels erfahren,\u201d erz\u00e4hlt Pierre Mepitnjuen, der im Sommer 2021 zum Weltladenteam gefunden hat.<br \/>\nDas Fairtrade-Unternehmen \u201eFeather Touch\u201d aus Kolkata, wie Kalkutta heute hei\u00dft, steht ganz in der Tradition der Lederverarbeitung. Nach der britischen Kolonialzeit gelang die Einf\u00fchrung von Abwasserreinigung, Arbeitsschutz oder Gleichbehandlung der Arbeitskr\u00e4fte nur bei Lederherstellern, die auf dem Globalen Markt durch faire Einkaufsbedingungen genug erwirtschafteten, um in moderne Techniken zu investieren. Seit Mitte des 20. Jahrhunderts wurde die Produktion von Leder und Lederwaren schrittweise aus Deutschland und anderen klassischen Industrienationen in Niedriglohnl\u00e4nder wie Indien verlagert.[\/vc_column_text][\/vc_column][\/vc_row][vc_row][vc_column width=&#8220;1\/2&#8243;][vc_column_text]<\/p>\n<h2>Aus Ghana: Baby- und Kinderkleidung<\/h2>\n<p>[\/vc_column_text][vc_single_image image=&#8220;851&#8243; img_size=&#8220;large&#8220;][vc_column_text]Die gelernten Batikerinnen und Schneiderinnen wollten ihren Absatz steigern und der Aussage \u201eDie Armut ist weiblich\u201d, der schlechteren Bezahlung von Frauenarbeit etwas entgegensetzen. Die Einschr\u00e4nkungen f\u00fcr Frauen der lokalen Gesellschaft (weniger Schulbesuch f\u00fcr M\u00e4dchen, etc.) wollten sie nicht l\u00e4nger akzeptieren und nannten sich Global Mamas. Planungssicherheit gewannen sie durch verl\u00e4ssliche Handelspartner im Fairen Handel und durch die im Fairen Handel \u00fcbliche ausk\u00f6mmliche Bezahlung aus Ghana von Global Mamas. Im Sortiment neu aufgenommen: sommerliche Strampler, Kleidchen und, ganz wichtig: Sonnenh\u00fctchen in vielen Farben![\/vc_column_text][\/vc_column][vc_column width=&#8220;1\/2&#8243;][vc_column_text]<\/p>\n<h2>Gew\u00fcrze<\/h2>\n<p>[\/vc_column_text][vc_single_image image=&#8220;892&#8243; img_size=&#8220;medium&#8220;][vc_column_text]Fairtrade-Gew\u00fcrzsalzmischungen aus S\u00fcdafrika, mit denen sich im Handumdrehen pikante Leckereien zaubern lassen. <strong>Khoisans<\/strong> Salzgewinnungsbetrieb befindet sich in Velddrift an der St. Helena Bucht \u2013 ungef\u00e4hr 140 km n\u00f6rdlich von Kapstadt an der Westk\u00fcste von S\u00fcdafrika. Dort sind 15 Vollzeit-MitarbeiterInnen und 2 Teilzeit- bzw. Saison-Angestellte besch\u00e4ftigt. Zum H\u00f6hepunkt der Salz-Erntesaison im s\u00fcdafrikanischen Sommer (Oktober bis Ende M\u00e4rz) steigt ihre Zahl bis zu 25 Mitarbeiter- und Mitarbeiterinnen an. Seit vielen Jahren hat sich an der Erntetechnik des einzigartigen \u201eKhoisan\u201d\u2013Salzes nichts ver\u00e4ndert. Auch heute noch f\u00fchrt der einzige Weg, um pures Salz zu erhalten \u00fcber die aufwendige, von Hand ausgef\u00fchrte traditionelle Ernte, die vor Jahrhunderten von den Ureinwohnern gelernt wurde und heute von den afrikanischen Salzbauern praktiziert wird. Der arbeitsintensive Prozess schafft Arbeitspl\u00e4tze und soziale Absicherung f\u00fcr Menschen in einer der wenig entwickelten Regionen S\u00fcdafrikas.\u00a0Faire, sozial verantwortliche und menschenfreundliche Arbeitsbedingungen geh\u00f6ren ebenso zum Betriebsalltag wie die internationalen Hygienestandards im Lebensmittelbereich.[\/vc_column_text][\/vc_column][\/vc_row][vc_row][vc_column][vc_column_text]<\/p>\n<h2>Sportb\u00e4lle<\/h2>\n<p>[vc_single_image image=&#8220;848&#8243; img_size=&#8220;medium&#8220; add_caption=&#8220;yes&#8220;][vc_column_text]<\/p>\n<p class=\"\">Das runde Leder hat es J\u00fcrgen Ungerer angetan. Schon als Jugendlicher hat er viel Fu\u00dfball gespielt und ist dem Ballsport verbunden. Er\u00a0m\u00f6chte anregen, dass weitere Schulen und Vereine beim Erwerb von Sportartikeln mit den fair gehandelten B\u00e4llen eine Alternative w\u00e4hlen, die z.B. ohne ausbeuterische Kinderarbeit auskommt. So setzt die Handelspartnerschaft bei den Fairtrade-B\u00e4llen f\u00fcr die ArbeiterInnen in Pakistan h\u00f6here Standards: Keine N\u00e4herInnen unter 14 Jahre, h\u00f6here St\u00fcckl\u00f6hne f\u00fcr alle ArbeiterInnen, eigene N\u00e4hzentren f\u00fcr Frauen mit besseren Arbeitsbedingungen (z.B. mit Kinderbetreuung und Gesundheitszentrum). Und mit dem h\u00f6heren Erl\u00f6s f\u00fcr die fair gehandelten B\u00e4lle k\u00f6nnen z.B. Schulstipendien f\u00fcr Kinder von MitarbeiterInnen erm\u00f6glicht werden. Doch der Fairtrade-Importeur geht noch weiter und testet seine Lieferanten auf schadstoffarme Materialien: Farbe, Kunstleder und Faden werden regelm\u00e4\u00dfig \u00fcberpr\u00fcft.<\/p>\n<p>[\/vc_column_text][\/vc_column][\/vc_row][vc_row][vc_column width=&#8220;1\/2&#8243;][vc_column_text]<\/p>\n<h2>Mode und Accessoires<\/h2>\n<p>[\/vc_column_text][vc_single_image image=&#8220;819&#8243; img_size=&#8220;large&#8220;][vc_column_text]<\/p>\n<p style=\"text-align: left\">Unsere Mitarbeiterin Annette zeigt bunte, luftige Seidenschals aus Vietnam und Kambodscha. Durch den B\u00fcrgerkrieg in den 70er Jahren kamen die Seidenraupenzucht und das Weben der Seide beinahe zum Erliegen. In neuerer Zeit wird das feine Garn immer noch mit reiner Handarbeit gefertigt. Im landestypischen Monsunklima herrschen g\u00fcnstige Bedingungen f\u00fcr die auf Maulbeerbl\u00e4tter spezialisierten Raupen des Seidenspinners. Nach ca. 30 Tagen beginnen sie sich zu verpuppen und werden dann durch Hitze abget\u00f6tet, um den Kokon zu \u201eernten\u201d. \u00a0Trotz starker Konkurrenz aus China hat die Seidenstofferzeugung innerhalb der Textilwirtschaft Kambodschas eine Nische besetzt. Den schlechten Arbeitsbedingungen der Kleiderindustrie setzt der Faire Handel wichtige Alternativen entgegen: Die Schals werden von Produzentinnen gefertigt, die faire L\u00f6hne f\u00fcr die fein gewebten Seidenprodukte erhalten<\/p>\n<p>Gerne bestellen wir auch Accessoires f\u00fcr Sie exclusiv \u2013 so lange Vorrat reicht.[\/vc_column_text][\/vc_column][vc_column width=&#8220;1\/2&#8243;][vc_column_text]<\/p>\n<h2>Kosmetik und K\u00f6rperpflege<\/h2>\n<p>[\/vc_column_text][vc_single_image image=&#8220;877&#8243; img_size=&#8220;medium&#8220;][vc_column_text]Der Andiroba-Baum kann in tropischem Klima \u00fcber 30 Meter hoch werden und ausgewachsene B\u00e4ume lassen ca. 100 kg Samen \u00fcbers Jahr verteilt fallen. Die Samen f\u00fcr die \u00d6lpressung werden nicht aus Plantagenwirtschaft, sondern aus Wildsammlungen gewonnen, die von kundigen Bewohnern des Regenwalds erwerbsm\u00e4\u00dfig durchgef\u00fchrt werden.\u00a0<strong>Daniela Blech-Straub<\/strong> sch\u00e4tzt nicht nur das angenehme Hautgef\u00fchl der Regenwald-Kosmetik, sondern auch die Wertsch\u00f6pfung, mit der diese besonderen Pflegeprodukte hergestellt werden. Wenn die Regenw\u00e4lder ihre Bewohner ern\u00e4hren k\u00f6nnen, dann bewahren sie die W\u00e4lder vor der Zerst\u00f6rung. Zudem zeichnen sich wild gesammelte Samen durch die h\u00f6chste zu erreichende \u00f6kologische Qualit\u00e4tsstufe aus. Das \u00d6l ist ein Naturprodukt, welches nie mit wachstumsf\u00f6rdernden oder -hemmenden Substanzen (D\u00fcnger, Herbizide, Pestizide) in Ber\u00fchrung gekommen ist. In Zusammenarbeit mit den Wissenschaftlern des <a href=\"https:\/\/regenwald-institut.de\">Regenwald-Instituts<\/a> wird\u00a0 zu den Wildsammlungen laufend weiter geforscht, dabei auf den Verbleib von Samen zur Waldverj\u00fcngung geachtet und die drastischen Ver\u00e4nderungen in den letzten Jahren durch den Klimawandel dokumentiert.[\/vc_column_text][\/vc_column][\/vc_row][vc_row][\/vc_row][vc_column width=&#8220;1\/2&#8243;][\/vc_column][vc_column_text]<\/p>\n<p>[\/vc_column_text]<\/p>\n<\/div>","protected":false},"excerpt":{"rendered":"<p>[vc_row][vc_column][vc_empty_space][vc_column_text] Unser Fairtrade-Sortiment [\/vc_column_text][vc_column_text]Ziel des fairen Handels ist es, die Arbeits- und Lebensbedingungen der vom Weltmarkt benachteiligten Kleinproduzenten zu verbessern. Der faire Handel garantiert ihnen: faire Preise, unabh\u00e4ngig vom Weltmarkt langfristige Liefervertr\u00e4ge Sicherung sozialer Rechte Aufpreis f\u00fcr biologische Anbaumethoden Zusch\u00fcsse f\u00fcr soziale Projekte, Schulgeb\u00fchren, Gesundheitsstationen, Kleinkredite u.a. [\/vc_column_text][vc_empty_space][vc_row_inner][vc_column_inner width=&#8220;1\/2&#8243;][vc_column_text] Lebensmittel [\/vc_column_text][vc_column_text]Hochwertige, k\u00f6stliche Lebensmittel wie z.B.&hellip;<\/p>\n","protected":false},"author":1,"featured_media":839,"parent":0,"menu_order":5,"comment_status":"closed","ping_status":"closed","template":"","meta":{"footnotes":""},"class_list":["post-217","page","type-page","status-publish","has-post-thumbnail","hentry","description-off"],"yoast_head":"<!-- This site is optimized with the Yoast SEO plugin v26.8 - https:\/\/yoast.com\/product\/yoast-seo-wordpress\/ -->\n<title>Produkte - Weltladen Bad Sch\u00f6nborn<\/title>\n<meta name=\"description\" content=\"#fairtrade #schokolade #kaffee #tee #gew\u00fcrze #kosmetik #schmuck #textilien\" \/>\n<meta name=\"robots\" content=\"index, follow, max-snippet:-1, max-image-preview:large, max-video-preview:-1\" \/>\n<link rel=\"canonical\" href=\"https:\/\/weltlaeden.de\/badschoenborn\/produkte\/\" \/>\n<meta property=\"og:locale\" content=\"de_DE\" \/>\n<meta property=\"og:type\" content=\"article\" \/>\n<meta property=\"og:title\" content=\"Produkte - Weltladen Bad Sch\u00f6nborn\" \/>\n<meta property=\"og:description\" content=\"#fairtrade #schokolade #kaffee #tee #gew\u00fcrze #kosmetik #schmuck #textilien\" \/>\n<meta property=\"og:url\" content=\"https:\/\/weltlaeden.de\/badschoenborn\/produkte\/\" \/>\n<meta property=\"og:site_name\" content=\"Weltladen Bad Sch\u00f6nborn\" \/>\n<meta property=\"article:modified_time\" content=\"2025-02-03T09:36:18+00:00\" \/>\n<meta property=\"og:image\" content=\"https:\/\/weltlaeden.de\/badschoenborn\/wp-content\/uploads\/sites\/62\/2021\/05\/2021_04_29_Baerbel_Kapula_2480.jpg\" \/>\n\t<meta property=\"og:image:width\" content=\"1390\" \/>\n\t<meta property=\"og:image:height\" content=\"1000\" \/>\n\t<meta property=\"og:image:type\" content=\"image\/jpeg\" \/>\n<meta name=\"twitter:card\" content=\"summary_large_image\" \/>\n<meta name=\"twitter:label1\" content=\"Gesch\u00e4tzte Lesezeit\" \/>\n\t<meta name=\"twitter:data1\" content=\"11\u00a0Minuten\" \/>\n<script type=\"application\/ld+json\" class=\"yoast-schema-graph\">{\"@context\":\"https:\/\/schema.org\",\"@graph\":[{\"@type\":\"WebPage\",\"@id\":\"https:\/\/weltlaeden.de\/badschoenborn\/produkte\/\",\"url\":\"https:\/\/weltlaeden.de\/badschoenborn\/produkte\/\",\"name\":\"Produkte - Weltladen Bad Sch\u00f6nborn\",\"isPartOf\":{\"@id\":\"https:\/\/weltlaeden.de\/badschoenborn\/#website\"},\"primaryImageOfPage\":{\"@id\":\"https:\/\/weltlaeden.de\/badschoenborn\/produkte\/#primaryimage\"},\"image\":{\"@id\":\"https:\/\/weltlaeden.de\/badschoenborn\/produkte\/#primaryimage\"},\"thumbnailUrl\":\"https:\/\/weltlaeden.de\/badschoenborn\/wp-content\/uploads\/sites\/62\/2021\/05\/2021_04_29_Baerbel_Kapula_2480.jpg\",\"datePublished\":\"2016-10-28T11:34:47+00:00\",\"dateModified\":\"2025-02-03T09:36:18+00:00\",\"description\":\"#fairtrade #schokolade #kaffee #tee #gew\u00fcrze #kosmetik #schmuck #textilien\",\"breadcrumb\":{\"@id\":\"https:\/\/weltlaeden.de\/badschoenborn\/produkte\/#breadcrumb\"},\"inLanguage\":\"de\",\"potentialAction\":[{\"@type\":\"ReadAction\",\"target\":[\"https:\/\/weltlaeden.de\/badschoenborn\/produkte\/\"]}]},{\"@type\":\"ImageObject\",\"inLanguage\":\"de\",\"@id\":\"https:\/\/weltlaeden.de\/badschoenborn\/produkte\/#primaryimage\",\"url\":\"https:\/\/weltlaeden.de\/badschoenborn\/wp-content\/uploads\/sites\/62\/2021\/05\/2021_04_29_Baerbel_Kapula_2480.jpg\",\"contentUrl\":\"https:\/\/weltlaeden.de\/badschoenborn\/wp-content\/uploads\/sites\/62\/2021\/05\/2021_04_29_Baerbel_Kapula_2480.jpg\",\"width\":1390,\"height\":1000,\"caption\":\"Jubil\u00e4umsaktion\u2013Lieblingsprodukt von Mitarbeiterin B\u00e4rbel Hostadt: Kapula-Keramik aus S\u00fcdafrika\"},{\"@type\":\"BreadcrumbList\",\"@id\":\"https:\/\/weltlaeden.de\/badschoenborn\/produkte\/#breadcrumb\",\"itemListElement\":[{\"@type\":\"ListItem\",\"position\":1,\"name\":\"Startseite\",\"item\":\"https:\/\/weltlaeden.de\/badschoenborn\/\"},{\"@type\":\"ListItem\",\"position\":2,\"name\":\"Produkte\"}]},{\"@type\":\"WebSite\",\"@id\":\"https:\/\/weltlaeden.de\/badschoenborn\/#website\",\"url\":\"https:\/\/weltlaeden.de\/badschoenborn\/\",\"name\":\"Vorlage\",\"description\":\"Faire Welt e.V. Bad Sch\u00f6nborn\",\"potentialAction\":[{\"@type\":\"SearchAction\",\"target\":{\"@type\":\"EntryPoint\",\"urlTemplate\":\"https:\/\/weltlaeden.de\/badschoenborn\/?s={search_term_string}\"},\"query-input\":{\"@type\":\"PropertyValueSpecification\",\"valueRequired\":true,\"valueName\":\"search_term_string\"}}],\"inLanguage\":\"de\"}]}<\/script>\n<!-- \/ Yoast SEO plugin. -->","yoast_head_json":{"title":"Produkte - Weltladen Bad Sch\u00f6nborn","description":"#fairtrade #schokolade #kaffee #tee #gew\u00fcrze #kosmetik #schmuck #textilien","robots":{"index":"index","follow":"follow","max-snippet":"max-snippet:-1","max-image-preview":"max-image-preview:large","max-video-preview":"max-video-preview:-1"},"canonical":"https:\/\/weltlaeden.de\/badschoenborn\/produkte\/","og_locale":"de_DE","og_type":"article","og_title":"Produkte - Weltladen Bad Sch\u00f6nborn","og_description":"#fairtrade #schokolade #kaffee #tee #gew\u00fcrze #kosmetik #schmuck #textilien","og_url":"https:\/\/weltlaeden.de\/badschoenborn\/produkte\/","og_site_name":"Weltladen Bad Sch\u00f6nborn","article_modified_time":"2025-02-03T09:36:18+00:00","og_image":[{"width":1390,"height":1000,"url":"https:\/\/weltlaeden.de\/badschoenborn\/wp-content\/uploads\/sites\/62\/2021\/05\/2021_04_29_Baerbel_Kapula_2480.jpg","type":"image\/jpeg"}],"twitter_card":"summary_large_image","twitter_misc":{"Gesch\u00e4tzte Lesezeit":"11\u00a0Minuten"},"schema":{"@context":"https:\/\/schema.org","@graph":[{"@type":"WebPage","@id":"https:\/\/weltlaeden.de\/badschoenborn\/produkte\/","url":"https:\/\/weltlaeden.de\/badschoenborn\/produkte\/","name":"Produkte - Weltladen Bad Sch\u00f6nborn","isPartOf":{"@id":"https:\/\/weltlaeden.de\/badschoenborn\/#website"},"primaryImageOfPage":{"@id":"https:\/\/weltlaeden.de\/badschoenborn\/produkte\/#primaryimage"},"image":{"@id":"https:\/\/weltlaeden.de\/badschoenborn\/produkte\/#primaryimage"},"thumbnailUrl":"https:\/\/weltlaeden.de\/badschoenborn\/wp-content\/uploads\/sites\/62\/2021\/05\/2021_04_29_Baerbel_Kapula_2480.jpg","datePublished":"2016-10-28T11:34:47+00:00","dateModified":"2025-02-03T09:36:18+00:00","description":"#fairtrade #schokolade #kaffee #tee #gew\u00fcrze #kosmetik #schmuck #textilien","breadcrumb":{"@id":"https:\/\/weltlaeden.de\/badschoenborn\/produkte\/#breadcrumb"},"inLanguage":"de","potentialAction":[{"@type":"ReadAction","target":["https:\/\/weltlaeden.de\/badschoenborn\/produkte\/"]}]},{"@type":"ImageObject","inLanguage":"de","@id":"https:\/\/weltlaeden.de\/badschoenborn\/produkte\/#primaryimage","url":"https:\/\/weltlaeden.de\/badschoenborn\/wp-content\/uploads\/sites\/62\/2021\/05\/2021_04_29_Baerbel_Kapula_2480.jpg","contentUrl":"https:\/\/weltlaeden.de\/badschoenborn\/wp-content\/uploads\/sites\/62\/2021\/05\/2021_04_29_Baerbel_Kapula_2480.jpg","width":1390,"height":1000,"caption":"Jubil\u00e4umsaktion\u2013Lieblingsprodukt von Mitarbeiterin B\u00e4rbel Hostadt: Kapula-Keramik aus S\u00fcdafrika"},{"@type":"BreadcrumbList","@id":"https:\/\/weltlaeden.de\/badschoenborn\/produkte\/#breadcrumb","itemListElement":[{"@type":"ListItem","position":1,"name":"Startseite","item":"https:\/\/weltlaeden.de\/badschoenborn\/"},{"@type":"ListItem","position":2,"name":"Produkte"}]},{"@type":"WebSite","@id":"https:\/\/weltlaeden.de\/badschoenborn\/#website","url":"https:\/\/weltlaeden.de\/badschoenborn\/","name":"Vorlage","description":"Faire Welt e.V. Bad Sch\u00f6nborn","potentialAction":[{"@type":"SearchAction","target":{"@type":"EntryPoint","urlTemplate":"https:\/\/weltlaeden.de\/badschoenborn\/?s={search_term_string}"},"query-input":{"@type":"PropertyValueSpecification","valueRequired":true,"valueName":"search_term_string"}}],"inLanguage":"de"}]}},"_links":{"self":[{"href":"https:\/\/weltlaeden.de\/badschoenborn\/wp-json\/wp\/v2\/pages\/217","targetHints":{"allow":["GET"]}}],"collection":[{"href":"https:\/\/weltlaeden.de\/badschoenborn\/wp-json\/wp\/v2\/pages"}],"about":[{"href":"https:\/\/weltlaeden.de\/badschoenborn\/wp-json\/wp\/v2\/types\/page"}],"author":[{"embeddable":true,"href":"https:\/\/weltlaeden.de\/badschoenborn\/wp-json\/wp\/v2\/users\/1"}],"replies":[{"embeddable":true,"href":"https:\/\/weltlaeden.de\/badschoenborn\/wp-json\/wp\/v2\/comments?post=217"}],"version-history":[{"count":99,"href":"https:\/\/weltlaeden.de\/badschoenborn\/wp-json\/wp\/v2\/pages\/217\/revisions"}],"predecessor-version":[{"id":1180,"href":"https:\/\/weltlaeden.de\/badschoenborn\/wp-json\/wp\/v2\/pages\/217\/revisions\/1180"}],"wp:featuredmedia":[{"embeddable":true,"href":"https:\/\/weltlaeden.de\/badschoenborn\/wp-json\/wp\/v2\/media\/839"}],"wp:attachment":[{"href":"https:\/\/weltlaeden.de\/badschoenborn\/wp-json\/wp\/v2\/media?parent=217"}],"curies":[{"name":"wp","href":"https:\/\/api.w.org\/{rel}","templated":true}]}}