{"id":20,"date":"2016-10-14T09:05:21","date_gmt":"2016-10-14T07:05:21","guid":{"rendered":"https:\/\/wl.heimpixel.de\/vorlage\/weltladen-musterdorf\/"},"modified":"2026-04-29T12:56:19","modified_gmt":"2026-04-29T10:56:19","slug":"weltladen-musterdorf","status":"publish","type":"page","link":"https:\/\/weltlaeden.de\/badschoenborn\/","title":{"rendered":"Weltladen Bad Sch\u00f6nborn"},"content":{"rendered":"<p>&nbsp;<\/p>\n<div class=\"mceTemp\"><\/div>\n<p><img loading=\"lazy\" decoding=\"async\" class=\"alignnone wp-image-1147 size-medium\" src=\"https:\/\/weltlaeden.de\/badschoenborn\/wp-content\/uploads\/sites\/62\/2024\/07\/FairtradeTown_Auszeichnfeier_SteuerungsGruppeUrkunden-300x170.jpg\" alt=\"Steuerungsgruppe Auszeichnung Bad Sch\u00f6nborn Fairtrade Town f\u00fcr zwei Jahre Sonntag 14. Juli 2024\" width=\"300\" height=\"170\" srcset=\"https:\/\/weltlaeden.de\/badschoenborn\/wp-content\/uploads\/sites\/62\/2024\/07\/FairtradeTown_Auszeichnfeier_SteuerungsGruppeUrkunden-300x170.jpg 300w, https:\/\/weltlaeden.de\/badschoenborn\/wp-content\/uploads\/sites\/62\/2024\/07\/FairtradeTown_Auszeichnfeier_SteuerungsGruppeUrkunden-768x434.jpg 768w, https:\/\/weltlaeden.de\/badschoenborn\/wp-content\/uploads\/sites\/62\/2024\/07\/FairtradeTown_Auszeichnfeier_SteuerungsGruppeUrkunden.jpg 800w\" sizes=\"auto, (max-width: 300px) 100vw, 300px\" \/><\/p>\n<h2>Weltladen \u2013 das Fachgesch\u00e4ft f\u00fcr Fairen Handel!<\/h2>\n<p>Der Verein betreibt den Weltladen mit Fairtrade-Lebensmitteln und Kunsthandwerk aus Fairer Produktion.<br \/>\nSie finden uns gegen\u00fcber vom\u00a0<strong>Rathaus<\/strong>, nahe dem<strong> Marktplatz<\/strong> im Ortsteil Bad Sch\u00f6nborn-<strong>Mingolsheim<\/strong>.<br \/>\nIn der Friedrichstra\u00dfe 52 teilen wir uns die R\u00e4ume mit dem Schreibwarengesch\u00e4ft <strong>\u201ePapier-Schneider\u201d<\/strong>.<br \/>\n<strong><br \/>\n<\/strong><\/p>\n<h2>Fairer Handel und Globales Lernen<\/h2>\n<p><strong>Fairer Handel ist Armutsbek\u00e4mpfung!<\/strong><br \/>\nWir sind ein ehrenamtlich engagiertes Team mit Freude am Einsatz f\u00fcr mehr Gerechtigkeit.\u00a0Transparenz der Lieferketten und Faire Preise f\u00fcr die Produzenten sind zwei der <a style=\"font-weight: normal\" href=\"https:\/\/weltlaeden.de\/badschoenborn\/fairer-handel\/\">Kriterien des Fairen Handels<\/a><span style=\"font-weight: normal\">.<\/span><\/p>\n<p><strong>Haben Sie Interesse an einer Mitarbeit im Laden?<\/strong><br \/>\nWir suchen Menschen mit Freude an der solidarischen Idee \u201eFairer Handel\u201d, den Produkten und Spass an der vielseitigen Ladenarbeit. Sie bekommen eine gute Einarbeitung und regelm\u00e4ssige Fortbildung.<\/p>\n<p><strong>Kontakt<\/strong><br \/>\nWeltladen Friedrichstra\u00dfe 52, Tel. 07253 20 98 20<br \/>\nE-Mail:\u00a0<a href=\"mailto:fairewelt-ev-badschoenborn@t-online.de\">fairewelt-ev-badschoenborn@t-online.de oder weltladen-bad-schoenborn@gmx.de<\/a><br \/>\nSprechen Sie uns einfach im Weltladen an!<\/p>\n<p><strong>Wir freuen uns auf Sie!<\/strong><\/p>\n<p>Herzlich \u00a0\u00a0<em> Ihr Weltladenteam<\/em><\/p>\n<p><img loading=\"lazy\" decoding=\"async\" class=\"alignnone size-medium wp-image-1373\" src=\"https:\/\/weltlaeden.de\/badschoenborn\/wp-content\/uploads\/sites\/62\/2026\/01\/01_Neujahr-240x300.jpg\" alt=\"\" width=\"240\" height=\"300\" srcset=\"https:\/\/weltlaeden.de\/badschoenborn\/wp-content\/uploads\/sites\/62\/2026\/01\/01_Neujahr-240x300.jpg 240w, https:\/\/weltlaeden.de\/badschoenborn\/wp-content\/uploads\/sites\/62\/2026\/01\/01_Neujahr.jpg 400w\" sizes=\"auto, (max-width: 240px) 100vw, 240px\" \/>Foto: Weltladendachverband<\/p>\n<p><strong>Globales Lernen<\/strong> f\u00fcr Jugend- und Kindergruppen bietet M\u00f6glichkeiten, Zusammenh\u00e4nge von Konsum und Ressourcenverbrauch auf die Spur zu kommen. Die wahren Kosten von Produkten werden anhand von Beispielen aus Lebensmittel- und Textilwirtschaft erl\u00e4utert.<br \/>\nMitmach-Lernen hilft, alte Denkmuster und Einfl\u00fcsse von Werbung und bewu\u00dfter Verbrauchert\u00e4uschung aufzudecken.<\/p>\n<p>Anfragen und Buchungen unter<a href=\"mailto:info@weltladen-badschoenborn.de\"> info@weltladen-badschoenborn.de<\/a>_<\/p>\n<p>&nbsp;<\/p>\n<h3>Produkte<\/h3>\n<p>Unsere Produkte im Weltladen sind alle aus Fairem Handel und kommen von unterschiedlichen Fair-Handels-Importeuren. <a href=\"https:\/\/weltlaeden.de\/badschoenborn\/produkte\/\">Hier zeigen wir Ihnen unser Sortiment &#8230;<\/a><\/p>\n<p>&nbsp;<\/p>\n<p>&nbsp;<\/p>\n<h3>Verein Faire Welt e.V. Bad Sch\u00f6nborn<\/h3>\n<p style=\"text-align: center\"><strong>Interesse an einer Mitgliedschaft?<\/strong><\/p>\n<p>Seit April 2011 betreiben wir den Weltladen in Bad Sch\u00f6nborn. Aus einer Aktionsgruppe f\u00fcr fairen Handel in der evangelischen Kirchengemeinde entwickelte sich ein \u00fcberkonfessionelles Team, das Mai 2012 den Verein \u201eFaire Welt e.V. Bad Sch\u00f6nborn\u201c gr\u00fcndete.<\/p>\n<p>Unser Verein will zu wirksamer Hilfe f\u00fcr benachteiligte Bev\u00f6lkerungsgruppen beitragen, um ihnen ein Leben in W\u00fcrde zu erm\u00f6glichen. Wir treten ein f\u00fcr mehr Gerechtigkeit und ein faires Miteinander in unserer Welt.<\/p>\n<p>Faire Welt e.V. Bad Sch\u00f6nborn informiert durch:<\/p>\n<ul>\n<li>Infoveranstaltungen zu entwicklungspolitischen Themen<\/li>\n<li>Bildungsprojekte in Schulen, Kirchengemeinden und bei anderen Gelegenheiten<\/li>\n<li>Unterst\u00fctzung bei Veranstaltungen mit Infomaterial und Produkten aus fairem Handel<\/li>\n<li>Presseartikel<\/li>\n<li>Beteiligung an politischen Kampagnen<\/li>\n<\/ul>\n<p style=\"text-align: center\"><strong>Wir freuen uns \u00fcber jedes neue MItglied!<\/strong><\/p>\n<p>&nbsp;<\/p>\n<p>&nbsp;<\/p>\n","protected":false},"excerpt":{"rendered":"<p>&nbsp; Weltladen \u2013 das Fachgesch\u00e4ft f\u00fcr Fairen Handel! Der Verein betreibt den Weltladen mit Fairtrade-Lebensmitteln und Kunsthandwerk aus Fairer Produktion. Sie finden uns gegen\u00fcber vom\u00a0Rathaus, nahe dem Marktplatz im Ortsteil Bad Sch\u00f6nborn-Mingolsheim. In der Friedrichstra\u00dfe 52 teilen wir uns die R\u00e4ume mit dem Schreibwarengesch\u00e4ft \u201ePapier-Schneider\u201d. Fairer Handel und Globales Lernen Fairer Handel ist Armutsbek\u00e4mpfung! Wir&hellip;<\/p>\n","protected":false},"author":1,"featured_media":1373,"parent":0,"menu_order":1,"comment_status":"closed","ping_status":"closed","template":"","meta":{"footnotes":""},"class_list":["post-20","page","type-page","status-publish","has-post-thumbnail","hentry","description-off"],"yoast_head":"<!-- This site is optimized with the Yoast SEO plugin v26.8 - https:\/\/yoast.com\/product\/yoast-seo-wordpress\/ -->\n<title>Weltladen Bad Sch\u00f6nborn - Weltladen Bad Sch\u00f6nborn<\/title>\n<meta name=\"robots\" content=\"index, follow, max-snippet:-1, max-image-preview:large, max-video-preview:-1\" \/>\n<link rel=\"canonical\" href=\"https:\/\/weltlaeden.de\/badschoenborn\/\" \/>\n<meta property=\"og:locale\" content=\"de_DE\" \/>\n<meta property=\"og:type\" content=\"article\" \/>\n<meta property=\"og:title\" content=\"Weltladen Bad Sch\u00f6nborn - Weltladen Bad Sch\u00f6nborn\" \/>\n<meta property=\"og:description\" content=\"&nbsp; Weltladen \u2013 das Fachgesch\u00e4ft f\u00fcr Fairen Handel! Der Verein betreibt den Weltladen mit Fairtrade-Lebensmitteln und Kunsthandwerk aus Fairer Produktion. Sie finden uns gegen\u00fcber vom\u00a0Rathaus, nahe dem Marktplatz im Ortsteil Bad Sch\u00f6nborn-Mingolsheim. In der Friedrichstra\u00dfe 52 teilen wir uns die R\u00e4ume mit dem Schreibwarengesch\u00e4ft \u201ePapier-Schneider\u201d. Fairer Handel und Globales Lernen Fairer Handel ist Armutsbek\u00e4mpfung! Wir&hellip;\" \/>\n<meta property=\"og:url\" content=\"https:\/\/weltlaeden.de\/badschoenborn\/\" \/>\n<meta property=\"og:site_name\" content=\"Weltladen Bad Sch\u00f6nborn\" \/>\n<meta property=\"article:modified_time\" content=\"2026-04-29T10:56:19+00:00\" \/>\n<meta property=\"og:image\" content=\"https:\/\/weltlaeden.de\/badschoenborn\/wp-content\/uploads\/sites\/62\/2026\/01\/01_Neujahr.jpg\" \/>\n\t<meta property=\"og:image:width\" content=\"400\" \/>\n\t<meta property=\"og:image:height\" content=\"500\" \/>\n\t<meta property=\"og:image:type\" content=\"image\/jpeg\" \/>\n<meta name=\"twitter:card\" content=\"summary_large_image\" \/>\n<meta name=\"twitter:label1\" content=\"Gesch\u00e4tzte Lesezeit\" \/>\n\t<meta name=\"twitter:data1\" content=\"3\u00a0Minuten\" \/>\n<script type=\"application\/ld+json\" class=\"yoast-schema-graph\">{\"@context\":\"https:\/\/schema.org\",\"@graph\":[{\"@type\":\"WebPage\",\"@id\":\"https:\/\/weltlaeden.de\/badschoenborn\/\",\"url\":\"https:\/\/weltlaeden.de\/badschoenborn\/\",\"name\":\"Weltladen Bad Sch\u00f6nborn - Weltladen Bad Sch\u00f6nborn\",\"isPartOf\":{\"@id\":\"https:\/\/weltlaeden.de\/badschoenborn\/#website\"},\"primaryImageOfPage\":{\"@id\":\"https:\/\/weltlaeden.de\/badschoenborn\/#primaryimage\"},\"image\":{\"@id\":\"https:\/\/weltlaeden.de\/badschoenborn\/#primaryimage\"},\"thumbnailUrl\":\"https:\/\/weltlaeden.de\/badschoenborn\/wp-content\/uploads\/sites\/62\/2026\/01\/01_Neujahr.jpg\",\"datePublished\":\"2016-10-14T07:05:21+00:00\",\"dateModified\":\"2026-04-29T10:56:19+00:00\",\"breadcrumb\":{\"@id\":\"https:\/\/weltlaeden.de\/badschoenborn\/#breadcrumb\"},\"inLanguage\":\"de\",\"potentialAction\":[{\"@type\":\"ReadAction\",\"target\":[\"https:\/\/weltlaeden.de\/badschoenborn\/\"]}]},{\"@type\":\"ImageObject\",\"inLanguage\":\"de\",\"@id\":\"https:\/\/weltlaeden.de\/badschoenborn\/#primaryimage\",\"url\":\"https:\/\/weltlaeden.de\/badschoenborn\/wp-content\/uploads\/sites\/62\/2026\/01\/01_Neujahr.jpg\",\"contentUrl\":\"https:\/\/weltlaeden.de\/badschoenborn\/wp-content\/uploads\/sites\/62\/2026\/01\/01_Neujahr.jpg\",\"width\":400,\"height\":500},{\"@type\":\"BreadcrumbList\",\"@id\":\"https:\/\/weltlaeden.de\/badschoenborn\/#breadcrumb\",\"itemListElement\":[{\"@type\":\"ListItem\",\"position\":1,\"name\":\"Startseite\",\"item\":\"https:\/\/weltlaeden.de\/badschoenborn\/\"},{\"@type\":\"ListItem\",\"position\":2,\"name\":\"Weltladen Bad Sch\u00f6nborn\"}]},{\"@type\":\"WebSite\",\"@id\":\"https:\/\/weltlaeden.de\/badschoenborn\/#website\",\"url\":\"https:\/\/weltlaeden.de\/badschoenborn\/\",\"name\":\"Vorlage\",\"description\":\"Faire Welt e.V. Bad Sch\u00f6nborn\",\"potentialAction\":[{\"@type\":\"SearchAction\",\"target\":{\"@type\":\"EntryPoint\",\"urlTemplate\":\"https:\/\/weltlaeden.de\/badschoenborn\/?s={search_term_string}\"},\"query-input\":{\"@type\":\"PropertyValueSpecification\",\"valueRequired\":true,\"valueName\":\"search_term_string\"}}],\"inLanguage\":\"de\"}]}<\/script>\n<!-- \/ Yoast SEO plugin. -->","yoast_head_json":{"title":"Weltladen Bad Sch\u00f6nborn - Weltladen Bad Sch\u00f6nborn","robots":{"index":"index","follow":"follow","max-snippet":"max-snippet:-1","max-image-preview":"max-image-preview:large","max-video-preview":"max-video-preview:-1"},"canonical":"https:\/\/weltlaeden.de\/badschoenborn\/","og_locale":"de_DE","og_type":"article","og_title":"Weltladen Bad Sch\u00f6nborn - Weltladen Bad Sch\u00f6nborn","og_description":"&nbsp; Weltladen \u2013 das Fachgesch\u00e4ft f\u00fcr Fairen Handel! Der Verein betreibt den Weltladen mit Fairtrade-Lebensmitteln und Kunsthandwerk aus Fairer Produktion. Sie finden uns gegen\u00fcber vom\u00a0Rathaus, nahe dem Marktplatz im Ortsteil Bad Sch\u00f6nborn-Mingolsheim. In der Friedrichstra\u00dfe 52 teilen wir uns die R\u00e4ume mit dem Schreibwarengesch\u00e4ft \u201ePapier-Schneider\u201d. Fairer Handel und Globales Lernen Fairer Handel ist Armutsbek\u00e4mpfung! Wir&hellip;","og_url":"https:\/\/weltlaeden.de\/badschoenborn\/","og_site_name":"Weltladen Bad Sch\u00f6nborn","article_modified_time":"2026-04-29T10:56:19+00:00","og_image":[{"width":400,"height":500,"url":"https:\/\/weltlaeden.de\/badschoenborn\/wp-content\/uploads\/sites\/62\/2026\/01\/01_Neujahr.jpg","type":"image\/jpeg"}],"twitter_card":"summary_large_image","twitter_misc":{"Gesch\u00e4tzte Lesezeit":"3\u00a0Minuten"},"schema":{"@context":"https:\/\/schema.org","@graph":[{"@type":"WebPage","@id":"https:\/\/weltlaeden.de\/badschoenborn\/","url":"https:\/\/weltlaeden.de\/badschoenborn\/","name":"Weltladen Bad Sch\u00f6nborn - Weltladen Bad Sch\u00f6nborn","isPartOf":{"@id":"https:\/\/weltlaeden.de\/badschoenborn\/#website"},"primaryImageOfPage":{"@id":"https:\/\/weltlaeden.de\/badschoenborn\/#primaryimage"},"image":{"@id":"https:\/\/weltlaeden.de\/badschoenborn\/#primaryimage"},"thumbnailUrl":"https:\/\/weltlaeden.de\/badschoenborn\/wp-content\/uploads\/sites\/62\/2026\/01\/01_Neujahr.jpg","datePublished":"2016-10-14T07:05:21+00:00","dateModified":"2026-04-29T10:56:19+00:00","breadcrumb":{"@id":"https:\/\/weltlaeden.de\/badschoenborn\/#breadcrumb"},"inLanguage":"de","potentialAction":[{"@type":"ReadAction","target":["https:\/\/weltlaeden.de\/badschoenborn\/"]}]},{"@type":"ImageObject","inLanguage":"de","@id":"https:\/\/weltlaeden.de\/badschoenborn\/#primaryimage","url":"https:\/\/weltlaeden.de\/badschoenborn\/wp-content\/uploads\/sites\/62\/2026\/01\/01_Neujahr.jpg","contentUrl":"https:\/\/weltlaeden.de\/badschoenborn\/wp-content\/uploads\/sites\/62\/2026\/01\/01_Neujahr.jpg","width":400,"height":500},{"@type":"BreadcrumbList","@id":"https:\/\/weltlaeden.de\/badschoenborn\/#breadcrumb","itemListElement":[{"@type":"ListItem","position":1,"name":"Startseite","item":"https:\/\/weltlaeden.de\/badschoenborn\/"},{"@type":"ListItem","position":2,"name":"Weltladen Bad Sch\u00f6nborn"}]},{"@type":"WebSite","@id":"https:\/\/weltlaeden.de\/badschoenborn\/#website","url":"https:\/\/weltlaeden.de\/badschoenborn\/","name":"Vorlage","description":"Faire Welt e.V. Bad Sch\u00f6nborn","potentialAction":[{"@type":"SearchAction","target":{"@type":"EntryPoint","urlTemplate":"https:\/\/weltlaeden.de\/badschoenborn\/?s={search_term_string}"},"query-input":{"@type":"PropertyValueSpecification","valueRequired":true,"valueName":"search_term_string"}}],"inLanguage":"de"}]}},"_links":{"self":[{"href":"https:\/\/weltlaeden.de\/badschoenborn\/wp-json\/wp\/v2\/pages\/20","targetHints":{"allow":["GET"]}}],"collection":[{"href":"https:\/\/weltlaeden.de\/badschoenborn\/wp-json\/wp\/v2\/pages"}],"about":[{"href":"https:\/\/weltlaeden.de\/badschoenborn\/wp-json\/wp\/v2\/types\/page"}],"author":[{"embeddable":true,"href":"https:\/\/weltlaeden.de\/badschoenborn\/wp-json\/wp\/v2\/users\/1"}],"replies":[{"embeddable":true,"href":"https:\/\/weltlaeden.de\/badschoenborn\/wp-json\/wp\/v2\/comments?post=20"}],"version-history":[{"count":160,"href":"https:\/\/weltlaeden.de\/badschoenborn\/wp-json\/wp\/v2\/pages\/20\/revisions"}],"predecessor-version":[{"id":1418,"href":"https:\/\/weltlaeden.de\/badschoenborn\/wp-json\/wp\/v2\/pages\/20\/revisions\/1418"}],"wp:featuredmedia":[{"embeddable":true,"href":"https:\/\/weltlaeden.de\/badschoenborn\/wp-json\/wp\/v2\/media\/1373"}],"wp:attachment":[{"href":"https:\/\/weltlaeden.de\/badschoenborn\/wp-json\/wp\/v2\/media?parent=20"}],"curies":[{"name":"wp","href":"https:\/\/api.w.org\/{rel}","templated":true}]}}