{"version":"1.0","provider_name":"Weltladen Bad Sch\u00f6nborn","provider_url":"https:\/\/weltlaeden.de\/badschoenborn","title":"Weltgebetstag 8.M\u00e4rz 2019 - Weltladen Bad Sch\u00f6nborn","type":"rich","width":600,"height":338,"html":"<blockquote class=\"wp-embedded-content\" data-secret=\"ilZx0TZhRA\"><a href=\"https:\/\/weltlaeden.de\/badschoenborn\/termin\/termine-zum-vormerken\/\">Weltgebetstag 8.M\u00e4rz 2019<\/a><\/blockquote><iframe sandbox=\"allow-scripts\" security=\"restricted\" src=\"https:\/\/weltlaeden.de\/badschoenborn\/termin\/termine-zum-vormerken\/embed\/#?secret=ilZx0TZhRA\" width=\"600\" height=\"338\" title=\"&#8222;Weltgebetstag 8.M\u00e4rz 2019&#8220; &#8211; Weltladen Bad Sch\u00f6nborn\" data-secret=\"ilZx0TZhRA\" frameborder=\"0\" marginwidth=\"0\" marginheight=\"0\" scrolling=\"no\" class=\"wp-embedded-content\"><\/iframe><script>\n\/*! This file is auto-generated *\/\n!function(d,l){\"use strict\";l.querySelector&&d.addEventListener&&\"undefined\"!=typeof URL&&(d.wp=d.wp||{},d.wp.receiveEmbedMessage||(d.wp.receiveEmbedMessage=function(e){var t=e.data;if((t||t.secret||t.message||t.value)&&!\/[^a-zA-Z0-9]\/.test(t.secret)){for(var s,r,n,a=l.querySelectorAll('iframe[data-secret=\"'+t.secret+'\"]'),o=l.querySelectorAll('blockquote[data-secret=\"'+t.secret+'\"]'),c=new RegExp(\"^https?:$\",\"i\"),i=0;i<o.length;i++)o[i].style.display=\"none\";for(i=0;i<a.length;i++)s=a[i],e.source===s.contentWindow&&(s.removeAttribute(\"style\"),\"height\"===t.message?(1e3<(r=parseInt(t.value,10))?r=1e3:~~r<200&&(r=200),s.height=r):\"link\"===t.message&&(r=new URL(s.getAttribute(\"src\")),n=new URL(t.value),c.test(n.protocol))&&n.host===r.host&&l.activeElement===s&&(d.top.location.href=t.value))}},d.addEventListener(\"message\",d.wp.receiveEmbedMessage,!1),l.addEventListener(\"DOMContentLoaded\",function(){for(var e,t,s=l.querySelectorAll(\"iframe.wp-embedded-content\"),r=0;r<s.length;r++)(t=(e=s[r]).getAttribute(\"data-secret\"))||(t=Math.random().toString(36).substring(2,12),e.src+=\"#?secret=\"+t,e.setAttribute(\"data-secret\",t)),e.contentWindow.postMessage({message:\"ready\",secret:t},\"*\")},!1)))}(window,document);\n<\/script>\n","description":"Der Weltgebetstag findet statt am Freitag, 08. 03. 2019 um 19.00 Uhr in der Freien Evang. Gemeinde Bad Sch\u00f6nborn, Sch\u00f6nbornallee. \u00dcber Konfessions- und L\u00e4ndergrenzen hinweg, engagieren sich christliche Frauen beim Weltgebetstag daf\u00fcr, dass Frauen und M\u00e4dchen \u00fcberall auf der Welt in Frieden, Gerechtigkeit und W\u00fcrde leben k\u00f6nnen. Aus den Vorbereitungen zum Weltgebetstag sind im Laufe&hellip;"}