{"version":"1.0","provider_name":"Weltladen Bad Sch\u00f6nborn","provider_url":"https:\/\/weltlaeden.de\/badschoenborn","title":"Fairtrade-Kaffeeseminar - Weltladen Bad Sch\u00f6nborn","type":"rich","width":600,"height":338,"html":"<blockquote class=\"wp-embedded-content\" data-secret=\"UldZWBlbNM\"><a href=\"https:\/\/weltlaeden.de\/badschoenborn\/termin\/fairtrade-kaffeeseminar\/\">Fairtrade-Kaffeeseminar<\/a><\/blockquote><iframe sandbox=\"allow-scripts\" security=\"restricted\" src=\"https:\/\/weltlaeden.de\/badschoenborn\/termin\/fairtrade-kaffeeseminar\/embed\/#?secret=UldZWBlbNM\" width=\"600\" height=\"338\" title=\"&#8222;Fairtrade-Kaffeeseminar&#8220; &#8211; Weltladen Bad Sch\u00f6nborn\" data-secret=\"UldZWBlbNM\" frameborder=\"0\" marginwidth=\"0\" marginheight=\"0\" scrolling=\"no\" class=\"wp-embedded-content\"><\/iframe><script>\n\/*! This file is auto-generated *\/\n!function(d,l){\"use strict\";l.querySelector&&d.addEventListener&&\"undefined\"!=typeof URL&&(d.wp=d.wp||{},d.wp.receiveEmbedMessage||(d.wp.receiveEmbedMessage=function(e){var t=e.data;if((t||t.secret||t.message||t.value)&&!\/[^a-zA-Z0-9]\/.test(t.secret)){for(var s,r,n,a=l.querySelectorAll('iframe[data-secret=\"'+t.secret+'\"]'),o=l.querySelectorAll('blockquote[data-secret=\"'+t.secret+'\"]'),c=new RegExp(\"^https?:$\",\"i\"),i=0;i<o.length;i++)o[i].style.display=\"none\";for(i=0;i<a.length;i++)s=a[i],e.source===s.contentWindow&&(s.removeAttribute(\"style\"),\"height\"===t.message?(1e3<(r=parseInt(t.value,10))?r=1e3:~~r<200&&(r=200),s.height=r):\"link\"===t.message&&(r=new URL(s.getAttribute(\"src\")),n=new URL(t.value),c.test(n.protocol))&&n.host===r.host&&l.activeElement===s&&(d.top.location.href=t.value))}},d.addEventListener(\"message\",d.wp.receiveEmbedMessage,!1),l.addEventListener(\"DOMContentLoaded\",function(){for(var e,t,s=l.querySelectorAll(\"iframe.wp-embedded-content\"),r=0;r<s.length;r++)(t=(e=s[r]).getAttribute(\"data-secret\"))||(t=Math.random().toString(36).substring(2,12),e.src+=\"#?secret=\"+t,e.setAttribute(\"data-secret\",t)),e.contentWindow.postMessage({message:\"ready\",secret:t},\"*\")},!1)))}(window,document);\n<\/script>\n","thumbnail_url":"https:\/\/weltlaeden.de\/badschoenborn\/wp-content\/uploads\/sites\/62\/2022\/01\/KaffeeseminarQuer.jpg","thumbnail_width":1770,"thumbnail_height":1063,"description":"In Mingolsheim ist eine \u00f6ffentliche Fortbildung f\u00fcr Kaffeebegeisterte geplant. Das Weltladenteam hat mit der Referentin Yvonne Weiss (Gepa \u00b7The Fair Trade Company) eine erfahrene Fairhandelsberaterin in die R\u00e4ume des Freien evangelischen Gemeindezentrums eingeladen, die sich \u00fcber interessierte und kritische Fragen rund um das liebste Hei\u00dfgetr\u00e4nk der Deutschen freut. Was geschieht in Kaffeeanbaul\u00e4ndern mit den Menschenrechten?&hellip;"}