{"version":"1.0","provider_name":"Weltladen Bad Sch\u00f6nborn","provider_url":"https:\/\/weltlaeden.de\/badschoenborn","title":"Faire Woche 2021 \u2013 Kochen und Menschenrechte - Weltladen Bad Sch\u00f6nborn","type":"rich","width":600,"height":338,"html":"<blockquote class=\"wp-embedded-content\" data-secret=\"DaOdpboqw0\"><a href=\"https:\/\/weltlaeden.de\/badschoenborn\/termin\/faire-woche-2021-kochen-und-menschenrechte\/\">Faire Woche 2021 \u2013 Kochen und Menschenrechte<\/a><\/blockquote><iframe sandbox=\"allow-scripts\" security=\"restricted\" src=\"https:\/\/weltlaeden.de\/badschoenborn\/termin\/faire-woche-2021-kochen-und-menschenrechte\/embed\/#?secret=DaOdpboqw0\" width=\"600\" height=\"338\" title=\"&#8222;Faire Woche 2021 \u2013 Kochen und Menschenrechte&#8220; &#8211; Weltladen Bad Sch\u00f6nborn\" data-secret=\"DaOdpboqw0\" frameborder=\"0\" marginwidth=\"0\" marginheight=\"0\" scrolling=\"no\" class=\"wp-embedded-content\"><\/iframe><script>\n\/*! This file is auto-generated *\/\n!function(d,l){\"use strict\";l.querySelector&&d.addEventListener&&\"undefined\"!=typeof URL&&(d.wp=d.wp||{},d.wp.receiveEmbedMessage||(d.wp.receiveEmbedMessage=function(e){var t=e.data;if((t||t.secret||t.message||t.value)&&!\/[^a-zA-Z0-9]\/.test(t.secret)){for(var s,r,n,a=l.querySelectorAll('iframe[data-secret=\"'+t.secret+'\"]'),o=l.querySelectorAll('blockquote[data-secret=\"'+t.secret+'\"]'),c=new RegExp(\"^https?:$\",\"i\"),i=0;i<o.length;i++)o[i].style.display=\"none\";for(i=0;i<a.length;i++)s=a[i],e.source===s.contentWindow&&(s.removeAttribute(\"style\"),\"height\"===t.message?(1e3<(r=parseInt(t.value,10))?r=1e3:~~r<200&&(r=200),s.height=r):\"link\"===t.message&&(r=new URL(s.getAttribute(\"src\")),n=new URL(t.value),c.test(n.protocol))&&n.host===r.host&&l.activeElement===s&&(d.top.location.href=t.value))}},d.addEventListener(\"message\",d.wp.receiveEmbedMessage,!1),l.addEventListener(\"DOMContentLoaded\",function(){for(var e,t,s=l.querySelectorAll(\"iframe.wp-embedded-content\"),r=0;r<s.length;r++)(t=(e=s[r]).getAttribute(\"data-secret\"))||(t=Math.random().toString(36).substring(2,12),e.src+=\"#?secret=\"+t,e.setAttribute(\"data-secret\",t)),e.contentWindow.postMessage({message:\"ready\",secret:t},\"*\")},!1)))}(window,document);\n<\/script>\n","description":"Die Autorin von \u201eBesser leben ohne Plastik\u201c, Anneliese Bunk, wirft einen gesamtheitlichen Blick auf den Einkaufskorb: Welche Produkte k\u00f6nnen wir hinsichtlich CO2-Belastung, Wasserfu\u00dfabdruck und Verpackungsm\u00fcll zuk\u00fcnftig mit gutem Gewissen kaufen? Oft werden beim ausbeuterischen Wirtschaften auch die Menschenrechte missachtet. Um 19.00 Uhr berichtet sie von ihrer aktuellen Recherche \u2013 in Kooperation mit den Menschen im&hellip;"}