{"id":361,"date":"2018-04-05T09:52:53","date_gmt":"2018-04-05T07:52:53","guid":{"rendered":"https:\/\/weltlaeden.de\/babenhausen\/?page_id=361"},"modified":"2022-02-04T11:51:02","modified_gmt":"2022-02-04T10:51:02","slug":"neuigkeiten","status":"publish","type":"page","link":"https:\/\/weltlaeden.de\/babenhausen\/neuigkeiten\/","title":{"rendered":"Neuigkeiten"},"content":{"rendered":"<div class=\"wpb-content-wrapper\"><p>[vc_row][vc_column][vc_column_text]<\/p>\n<h1>Neuigkeiten<\/h1>\n<p>[\/vc_column_text]<style type=\"text\/css\" data-type=\"the7_shortcodes-inline-css\">.blog-shortcode.blog-masonry-shortcode-id-3be8abe400746b6ec119cdd104f34a29.dividers-on.classic-layout-list article {\n  padding-top: 0;\n}\n.blog-shortcode.blog-masonry-shortcode-id-3be8abe400746b6ec119cdd104f34a29.dividers-on.classic-layout-list article:first-of-type {\n  margin-top: 0;\n  padding-top: 0;\n}\n.blog-shortcode.blog-masonry-shortcode-id-3be8abe400746b6ec119cdd104f34a29.classic-layout-list.mode-list .post-entry-content {\n  width: calc(100% - );\n}\n.blog-shortcode.blog-masonry-shortcode-id-3be8abe400746b6ec119cdd104f34a29.classic-layout-list.mode-list .no-img .post-entry-content {\n  width: 100%;\n}\n.blog-shortcode.blog-masonry-shortcode-id-3be8abe400746b6ec119cdd104f34a29 .filter-bg-decoration .filter-categories a.act {\n  color: #fff;\n}\n.blog-shortcode.blog-masonry-shortcode-id-3be8abe400746b6ec119cdd104f34a29:not(.mode-masonry) article:first-of-type,\n.blog-shortcode.blog-masonry-shortcode-id-3be8abe400746b6ec119cdd104f34a29:not(.mode-masonry) article.visible.first:not(.product) {\n  margin-top: 0;\n}\n.blog-shortcode.blog-masonry-shortcode-id-3be8abe400746b6ec119cdd104f34a29.dividers-on:not(.mode-masonry) article {\n  margin-top: 0;\n}\n.blog-shortcode.blog-masonry-shortcode-id-3be8abe400746b6ec119cdd104f34a29.dividers-on:not(.mode-masonry) article:first-of-type,\n.blog-shortcode.blog-masonry-shortcode-id-3be8abe400746b6ec119cdd104f34a29.dividers-on:not(.mode-masonry) article.visible.first:not(.product) {\n  margin-top: 0;\n  padding-top: 0;\n}\n.blog-shortcode.blog-masonry-shortcode-id-3be8abe400746b6ec119cdd104f34a29 .post-thumbnail-wrap {\n  padding: 0px 0px 0px 0px;\n}\n.blog-shortcode.blog-masonry-shortcode-id-3be8abe400746b6ec119cdd104f34a29.enable-bg-rollover .post-thumbnail-rollover:after {\n  background: -webkit-linear-gradient();\n  background: linear-gradient();\n}\n.blog-shortcode.blog-masonry-shortcode-id-3be8abe400746b6ec119cdd104f34a29 .gallery-zoom-ico {\n  width: 44px;\n  height: 44px;\n  line-height: 44px;\n  border-radius: 100px;\n  margin: -22px 0 0 -22px;\n  border-width: 0px;\n  color: #ffffff;\n}\n.bottom-overlap-layout-list.blog-shortcode.blog-masonry-shortcode-id-3be8abe400746b6ec119cdd104f34a29 .gallery-zoom-ico {\n  margin-top: -72px;\n}\n.gradient-overlay-layout-list.blog-shortcode.blog-masonry-shortcode-id-3be8abe400746b6ec119cdd104f34a29 .gallery-zoom-ico,\n.content-rollover-layout-list.blog-shortcode.blog-masonry-shortcode-id-3be8abe400746b6ec119cdd104f34a29 .gallery-zoom-ico {\n  margin: 0 0 10px;\n}\n.content-align-center.gradient-overlay-layout-list.blog-shortcode.blog-masonry-shortcode-id-3be8abe400746b6ec119cdd104f34a29 .gallery-zoom-ico,\n.content-align-center.content-rollover-layout-list.blog-shortcode.blog-masonry-shortcode-id-3be8abe400746b6ec119cdd104f34a29 .gallery-zoom-ico {\n  margin: 0 auto 10px;\n}\n.dt-icon-bg-on.blog-shortcode.blog-masonry-shortcode-id-3be8abe400746b6ec119cdd104f34a29 .gallery-zoom-ico {\n  background: rgba(255,255,255,0.3);\n  box-shadow: none;\n}\n.blog-shortcode.blog-masonry-shortcode-id-3be8abe400746b6ec119cdd104f34a29 .gallery-zoom-ico > span,\n.blog-shortcode.blog-masonry-shortcode-id-3be8abe400746b6ec119cdd104f34a29 .gallery-zoom-ico:before {\n  font-size: 32px;\n  line-height: 44px;\n}\n.blog-shortcode.blog-masonry-shortcode-id-3be8abe400746b6ec119cdd104f34a29 .gallery-zoom-ico > span,\n.blog-shortcode.blog-masonry-shortcode-id-3be8abe400746b6ec119cdd104f34a29 .gallery-zoom-ico:before {\n  color: #ffffff;\n}\n.blog-shortcode.blog-masonry-shortcode-id-3be8abe400746b6ec119cdd104f34a29 .entry-title,\n.blog-shortcode.blog-masonry-shortcode-id-3be8abe400746b6ec119cdd104f34a29.owl-carousel .entry-title {\n  margin-bottom: 5px;\n  font-weight: bold;\n}\n.blog-shortcode.blog-masonry-shortcode-id-3be8abe400746b6ec119cdd104f34a29 .entry-meta {\n  margin-bottom: 15px;\n}\n.blog-shortcode.blog-masonry-shortcode-id-3be8abe400746b6ec119cdd104f34a29 .portfolio-categories {\n  margin-bottom: 15px;\n}\n.blog-shortcode.blog-masonry-shortcode-id-3be8abe400746b6ec119cdd104f34a29 .entry-excerpt {\n  margin-bottom: 5px;\n}\n.blog-shortcode.blog-masonry-shortcode-id-3be8abe400746b6ec119cdd104f34a29:not(.centered-layout-list) .post-entry-content {\n  padding: 25px 30px 30px 30px;\n}\n.blog-shortcode.blog-masonry-shortcode-id-3be8abe400746b6ec119cdd104f34a29:not(.centered-layout-list):not(.content-bg-on):not(.mode-list) .no-img .post-entry-content {\n  padding: 0;\n}\n@media screen and (max-width: ) {\n  .blog-shortcode.blog-masonry-shortcode-id-3be8abe400746b6ec119cdd104f34a29 article {\n    -ms-flex-flow: column nowrap;\n    flex-flow: column nowrap;\n    margin-top: 20px;\n  }\n  .blog-shortcode.blog-masonry-shortcode-id-3be8abe400746b6ec119cdd104f34a29.dividers-on article {\n    border: none;\n  }\n  .blog-shortcode.blog-masonry-shortcode-id-3be8abe400746b6ec119cdd104f34a29.content-bg-on.centered-layout-list article {\n    padding: 0;\n  }\n  .blog-shortcode.blog-masonry-shortcode-id-3be8abe400746b6ec119cdd104f34a29.blog-shortcode.dividers-on article,\n  .blog-shortcode.blog-masonry-shortcode-id-3be8abe400746b6ec119cdd104f34a29.dividers-on.classic-layout-list article {\n    margin-top: 20px;\n    padding: 0;\n  }\n  .blog-shortcode.blog-masonry-shortcode-id-3be8abe400746b6ec119cdd104f34a29.blog-shortcode.dividers-on article:first-of-type,\n  .blog-shortcode.blog-masonry-shortcode-id-3be8abe400746b6ec119cdd104f34a29.dividers-on.classic-layout-list article:first-of-type {\n    padding: 0;\n  }\n  #page .blog-shortcode.blog-masonry-shortcode-id-3be8abe400746b6ec119cdd104f34a29 .post-thumbnail-wrap,\n  #page .blog-shortcode.blog-masonry-shortcode-id-3be8abe400746b6ec119cdd104f34a29 .post-entry-content {\n    width: 100%;\n    margin: 0;\n    top: 0;\n  }\n  #page .blog-shortcode.blog-masonry-shortcode-id-3be8abe400746b6ec119cdd104f34a29 .post-thumbnail-wrap {\n    padding: 0;\n  }\n  #page .blog-shortcode.blog-masonry-shortcode-id-3be8abe400746b6ec119cdd104f34a29 .post-entry-content:after {\n    display: none;\n  }\n  #page .blog-shortcode.blog-masonry-shortcode-id-3be8abe400746b6ec119cdd104f34a29 .project-even .post-thumbnail-wrap,\n  #page .blog-shortcode.blog-masonry-shortcode-id-3be8abe400746b6ec119cdd104f34a29.centered-layout-list .post-thumbnail-wrap {\n    -ms-flex-order: 0;\n    order: 0;\n  }\n  #page .blog-shortcode.blog-masonry-shortcode-id-3be8abe400746b6ec119cdd104f34a29.centered-layout-list .post-entry-title-content {\n    -ms-flex-order: 1;\n    order: 1;\n    width: 100%;\n    padding: 20px 20px 0;\n  }\n  #page .blog-shortcode.blog-masonry-shortcode-id-3be8abe400746b6ec119cdd104f34a29.centered-layout-list .post-entry-content {\n    -ms-flex-order: 2;\n    order: 2;\n    padding-top: 0;\n  }\n  #page .blog-shortcode.blog-masonry-shortcode-id-3be8abe400746b6ec119cdd104f34a29 .fancy-categories {\n    top: 10px;\n    left: 10px;\n    bottom: auto;\n    right: auto;\n  }\n  #page .blog-shortcode.blog-masonry-shortcode-id-3be8abe400746b6ec119cdd104f34a29 .fancy-date a {\n    top: 10px;\n    right: 10px;\n    left: auto;\n    bottom: auto;\n  }\n  #page .blog-shortcode.blog-masonry-shortcode-id-3be8abe400746b6ec119cdd104f34a29 .post-entry-content {\n    padding: 20px;\n  }\n  #page .blog-shortcode.blog-masonry-shortcode-id-3be8abe400746b6ec119cdd104f34a29 .entry-title {\n    margin: 3px 0 5px;\n    font-size: 20px;\n    line-height: 26px;\n  }\n  #page .blog-shortcode.blog-masonry-shortcode-id-3be8abe400746b6ec119cdd104f34a29 .entry-meta {\n    margin: 5px 0 5px;\n  }\n  #page .blog-shortcode.blog-masonry-shortcode-id-3be8abe400746b6ec119cdd104f34a29 .entry-excerpt {\n    margin: 15px 0 0;\n  }\n  #page .blog-shortcode.blog-masonry-shortcode-id-3be8abe400746b6ec119cdd104f34a29 .post-details {\n    margin: 5px 0 10px;\n  }\n  #page .blog-shortcode.blog-masonry-shortcode-id-3be8abe400746b6ec119cdd104f34a29 .post-details.details-type-link {\n    margin-bottom: 2px;\n  }\n}<\/style><div class=\"blog-shortcode blog-masonry-shortcode-id-3be8abe400746b6ec119cdd104f34a29 mode-masonry classic-layout-list content-bg-on scale-img dt-icon-bg-off resize-by-browser-width loading-effect-none description-under-image \" data-padding=\"15px\" data-cur-page=\"1\" data-post-limit=\"-1\" data-pagination-mode=\"pages\" data-desktop-columns-num=\"2\" data-v-tablet-columns-num=\"1\" data-h-tablet-columns-num=\"2\" data-phone-columns-num=\"1\" data-width=\"0px\" data-columns=\"0\"><div class=\"iso-container\" ><div class=\"visible wf-cell iso-item\" data-post-id=\"2178\" data-date=\"2026-03-14T11:02:51+01:00\" data-name=\"Wie entsteht Schokolade - das Thema beim Besuch der ev. Frauenhilfe 2026\"><article class=\"post project-odd visible post-2178 type-post status-publish format-standard has-post-thumbnail hentry category-neues category-verein category-8 category-12\" data-name=\"Wie entsteht Schokolade &#8211; das Thema beim Besuch der ev. Frauenhilfe 2026\" data-date=\"2026-03-14T11:02:51+01:00\">\n\n<div class=\"post-thumbnail-wrap\">\n\t<div class=\"post-thumbnail\">\n\t\t\n\t\t\n\t\t<a href=\"https:\/\/weltlaeden.de\/babenhausen\/wie-entsteht-schokolade-das-thema-beim-besuch-der-ev-frauenhilfe\/\" class=\"post-thumbnail-rollover layzr-bg layzr-bg\" ><img fetchpriority=\"high\" decoding=\"async\" class=\"iso-lazy-load preload-me iso-lazy-load aspect\" src=\"data:image\/svg+xml,%3Csvg%20xmlns%3D&#39;http%3A%2F%2Fwww.w3.org%2F2000%2Fsvg&#39;%20viewBox%3D&#39;0%200%20768%20361&#39;%2F%3E\" data-src=\"https:\/\/weltlaeden.de\/babenhausen\/wp-content\/uploads\/sites\/107\/2026\/03\/20260311_1512562-scaled-768x361.jpg\" data-srcset=\"https:\/\/weltlaeden.de\/babenhausen\/wp-content\/uploads\/sites\/107\/2026\/03\/20260311_1512562-scaled-768x361.jpg 768w, https:\/\/weltlaeden.de\/babenhausen\/wp-content\/uploads\/sites\/107\/2026\/03\/20260311_1512562-scaled-1152x542.jpg 1152w\" loading=\"eager\" style=\"--ratio: 768 \/ 361\" sizes=\"(max-width: 768px) 100vw, 768px\" alt=\"\" title=\"20260311_151256~2\" width=\"768\" height=\"361\"  \/><\/a>\t<\/div>\n<\/div>\n\n\n<div class=\"post-entry-content\">\n\n\t<h3 class=\"entry-title\">\n\t\t<a href=\"https:\/\/weltlaeden.de\/babenhausen\/wie-entsteht-schokolade-das-thema-beim-besuch-der-ev-frauenhilfe\/\" title=\"Wie entsteht Schokolade &#8211; das Thema beim Besuch der ev. Frauenhilfe 2026\" rel=\"bookmark\">Wie entsteht Schokolade &#8211; das Thema beim Besuch der ev. Frauenhilfe 2026<\/a>\n\t<\/h3>\n\n\t<div class=\"entry-meta\"><a href=\"https:\/\/weltlaeden.de\/babenhausen\/2026\/03\/14\/\" title=\"11:02\" class=\"data-link\" rel=\"bookmark\"><time class=\"entry-date updated\" datetime=\"2026-03-14T11:02:51+01:00\">14. M\u00e4rz 2026<\/time><\/a><\/div>\n\t<div class=\"entry-excerpt\"><p>[vc_row][vc_column][vc_column_text css=&#8220;&#8220;]Am 11. M\u00e4rz 2026 waren zwei Mitarbeiterinnen des Weltladens zum Treffen der ev. Frauenhilfe in Babenhausen eingeladen. Sie berichteten \u00fcber die Entstehung von Schokolade&hellip;<\/p>\n<\/div>\n\t\n<a href=\"https:\/\/weltlaeden.de\/babenhausen\/wie-entsteht-schokolade-das-thema-beim-besuch-der-ev-frauenhilfe\/\" class=\"dt-btn-s dt-btn post-details details-type-btn\" aria-label=\"Read more about Wie entsteht Schokolade &#8211; das Thema beim Besuch der ev. Frauenhilfe 2026\">Weiterlesen<i class=\"dt-icon-the7-arrow-03\" aria-hidden=\"true\"><\/i><\/a>\n\n<\/div><\/article><\/div><div class=\"visible wf-cell iso-item\" data-post-id=\"2150\" data-date=\"2026-02-24T14:37:27+01:00\" data-name=\"Neu bei uns: Italienische Feinkost - Schmeckt gut. F\u00fchlt sich richtig an.\"><article class=\"post project-odd visible post-2150 type-post status-publish format-standard has-post-thumbnail hentry category-neues category-8\" data-name=\"Neu bei uns: Italienische Feinkost &#8211; Schmeckt gut. F\u00fchlt sich richtig an.\" data-date=\"2026-02-24T14:37:27+01:00\">\n\n<div class=\"post-thumbnail-wrap\">\n\t<div class=\"post-thumbnail\">\n\t\t\n\t\t\n\t\t<a href=\"https:\/\/weltlaeden.de\/babenhausen\/neu-bei-uns-italienische-feinkost-schmeckt-gut-fuehlt-sich-richtig-an\/\" class=\"post-thumbnail-rollover layzr-bg layzr-bg\" ><img decoding=\"async\" class=\"iso-lazy-load preload-me iso-lazy-load aspect\" src=\"data:image\/svg+xml,%3Csvg%20xmlns%3D&#39;http%3A%2F%2Fwww.w3.org%2F2000%2Fsvg&#39;%20viewBox%3D&#39;0%200%20768%20488&#39;%2F%3E\" data-src=\"https:\/\/weltlaeden.de\/babenhausen\/wp-content\/uploads\/sites\/107\/2026\/02\/W_LegalLecker2-768x488.png\" data-srcset=\"https:\/\/weltlaeden.de\/babenhausen\/wp-content\/uploads\/sites\/107\/2026\/02\/W_LegalLecker2-768x488.png 768w, https:\/\/weltlaeden.de\/babenhausen\/wp-content\/uploads\/sites\/107\/2026\/02\/W_LegalLecker2.png 786w\" loading=\"eager\" style=\"--ratio: 768 \/ 488\" sizes=\"(max-width: 768px) 100vw, 768px\" alt=\"\" title=\"W_Legal&amp;Lecker2\" width=\"768\" height=\"488\"  \/><\/a>\t<\/div>\n<\/div>\n\n\n<div class=\"post-entry-content\">\n\n\t<h3 class=\"entry-title\">\n\t\t<a href=\"https:\/\/weltlaeden.de\/babenhausen\/neu-bei-uns-italienische-feinkost-schmeckt-gut-fuehlt-sich-richtig-an\/\" title=\"Neu bei uns: Italienische Feinkost &#8211; Schmeckt gut. F\u00fchlt sich richtig an.\" rel=\"bookmark\">Neu bei uns: Italienische Feinkost &#8211; Schmeckt gut. F\u00fchlt sich richtig an.<\/a>\n\t<\/h3>\n\n\t<div class=\"entry-meta\"><a href=\"https:\/\/weltlaeden.de\/babenhausen\/2026\/02\/24\/\" title=\"14:37\" class=\"data-link\" rel=\"bookmark\"><time class=\"entry-date updated\" datetime=\"2026-02-24T14:37:27+01:00\">24. Februar 2026<\/time><\/a><\/div>\n\t<div class=\"entry-excerpt\"><p>Unsere neuen italienischen Produkte sind nicht einfach nur lecker \u2013 sie stehen f\u00fcr Mut, Fairness und echten Widerstand gegen die Mafia. Mit jedem Einkauf unterst\u00fctzen&hellip;<\/p>\n<\/div>\n\t\n<a href=\"https:\/\/weltlaeden.de\/babenhausen\/neu-bei-uns-italienische-feinkost-schmeckt-gut-fuehlt-sich-richtig-an\/\" class=\"dt-btn-s dt-btn post-details details-type-btn\" aria-label=\"Read more about Neu bei uns: Italienische Feinkost &#8211; Schmeckt gut. F\u00fchlt sich richtig an.\">Weiterlesen<i class=\"dt-icon-the7-arrow-03\" aria-hidden=\"true\"><\/i><\/a>\n\n<\/div><\/article><\/div><div class=\"visible wf-cell iso-item\" data-post-id=\"2077\" data-date=\"2025-11-14T15:34:34+01:00\" data-name=\"Warum Weihnachtsgeschenke aus dem Weltladen?\"><article class=\"post project-odd visible post-2077 type-post status-publish format-standard has-post-thumbnail hentry category-allgemein category-1\" data-name=\"Warum Weihnachtsgeschenke aus dem Weltladen?\" data-date=\"2025-11-14T15:34:34+01:00\">\n\n<div class=\"post-thumbnail-wrap\">\n\t<div class=\"post-thumbnail\">\n\t\t\n\t\t\n\t\t<a href=\"https:\/\/weltlaeden.de\/babenhausen\/warum-weihnachtsgeschenke-aus-dem-weltladen\/\" class=\"post-thumbnail-rollover layzr-bg layzr-bg\" ><img decoding=\"async\" class=\"iso-lazy-load preload-me iso-lazy-load aspect\" src=\"data:image\/svg+xml,%3Csvg%20xmlns%3D&#39;http%3A%2F%2Fwww.w3.org%2F2000%2Fsvg&#39;%20viewBox%3D&#39;0%200%20768%20390&#39;%2F%3E\" data-src=\"https:\/\/weltlaeden.de\/babenhausen\/wp-content\/uploads\/sites\/107\/2025\/11\/W_Weihn_titel-768x390.png\" data-srcset=\"https:\/\/weltlaeden.de\/babenhausen\/wp-content\/uploads\/sites\/107\/2025\/11\/W_Weihn_titel-768x390.png 768w, https:\/\/weltlaeden.de\/babenhausen\/wp-content\/uploads\/sites\/107\/2025\/11\/W_Weihn_titel.png 787w\" loading=\"eager\" style=\"--ratio: 768 \/ 390\" sizes=\"(max-width: 768px) 100vw, 768px\" alt=\"\" title=\"W_Weihn_titel\" width=\"768\" height=\"390\"  \/><\/a>\t<\/div>\n<\/div>\n\n\n<div class=\"post-entry-content\">\n\n\t<h3 class=\"entry-title\">\n\t\t<a href=\"https:\/\/weltlaeden.de\/babenhausen\/warum-weihnachtsgeschenke-aus-dem-weltladen\/\" title=\"Warum Weihnachtsgeschenke aus dem Weltladen?\" rel=\"bookmark\">Warum Weihnachtsgeschenke aus dem Weltladen?<\/a>\n\t<\/h3>\n\n\t<div class=\"entry-meta\"><a href=\"https:\/\/weltlaeden.de\/babenhausen\/2025\/11\/14\/\" title=\"15:34\" class=\"data-link\" rel=\"bookmark\"><time class=\"entry-date updated\" datetime=\"2025-11-14T15:34:34+01:00\">14. November 2025<\/time><\/a><\/div>\n\t<div class=\"entry-excerpt\"><p>Die Weihnachtszeit steht vor der T\u00fcr \u2013 und mit ihr die Suche nach passenden Geschenken f\u00fcr Familie, Freunde und Kollegen. Wer Wert auf Nachhaltigkeit, Fairness&hellip;<\/p>\n<\/div>\n\t\n<a href=\"https:\/\/weltlaeden.de\/babenhausen\/warum-weihnachtsgeschenke-aus-dem-weltladen\/\" class=\"dt-btn-s dt-btn post-details details-type-btn\" aria-label=\"Read more about Warum Weihnachtsgeschenke aus dem Weltladen?\">Weiterlesen<i class=\"dt-icon-the7-arrow-03\" aria-hidden=\"true\"><\/i><\/a>\n\n<\/div><\/article><\/div><div class=\"visible wf-cell iso-item\" data-post-id=\"2037\" data-date=\"2025-08-11T20:26:22+02:00\" data-name=\"Malaktion beim Altstadtfest und beim \u201eFr\u00fchst\u00fcck uff de Gass\u201c\"><article class=\"post project-odd visible post-2037 type-post status-publish format-standard has-post-thumbnail hentry category-allgemein category-1\" data-name=\"Malaktion beim Altstadtfest und beim \u201eFr\u00fchst\u00fcck uff de Gass\u201c\" data-date=\"2025-08-11T20:26:22+02:00\">\n\n<div class=\"post-thumbnail-wrap\">\n\t<div class=\"post-thumbnail\">\n\t\t\n\t\t\n\t\t<a href=\"https:\/\/weltlaeden.de\/babenhausen\/malwettbewerb-beim-altstadtfest-und-beim-fruehstueck-uff-de-gass\/\" class=\"post-thumbnail-rollover layzr-bg layzr-bg\" ><img decoding=\"async\" class=\"iso-lazy-load preload-me iso-lazy-load aspect\" src=\"data:image\/svg+xml,%3Csvg%20xmlns%3D&#39;http%3A%2F%2Fwww.w3.org%2F2000%2Fsvg&#39;%20viewBox%3D&#39;0%200%20768%20390&#39;%2F%3E\" data-src=\"https:\/\/weltlaeden.de\/babenhausen\/wp-content\/uploads\/sites\/107\/2025\/08\/W_Malaktion3-768x390.png\" data-srcset=\"https:\/\/weltlaeden.de\/babenhausen\/wp-content\/uploads\/sites\/107\/2025\/08\/W_Malaktion3-768x390.png 768w, https:\/\/weltlaeden.de\/babenhausen\/wp-content\/uploads\/sites\/107\/2025\/08\/W_Malaktion3.png 787w\" loading=\"eager\" style=\"--ratio: 768 \/ 390\" sizes=\"(max-width: 768px) 100vw, 768px\" alt=\"\" title=\"W_Malaktion3\" width=\"768\" height=\"390\"  \/><\/a>\t<\/div>\n<\/div>\n\n\n<div class=\"post-entry-content\">\n\n\t<h3 class=\"entry-title\">\n\t\t<a href=\"https:\/\/weltlaeden.de\/babenhausen\/malwettbewerb-beim-altstadtfest-und-beim-fruehstueck-uff-de-gass\/\" title=\"Malaktion beim Altstadtfest und beim \u201eFr\u00fchst\u00fcck uff de Gass\u201c\" rel=\"bookmark\">Malaktion beim Altstadtfest und beim \u201eFr\u00fchst\u00fcck uff de Gass\u201c<\/a>\n\t<\/h3>\n\n\t<div class=\"entry-meta\"><a href=\"https:\/\/weltlaeden.de\/babenhausen\/2025\/08\/11\/\" title=\"20:26\" class=\"data-link\" rel=\"bookmark\"><time class=\"entry-date updated\" datetime=\"2025-08-11T20:26:22+02:00\">11. August 2025<\/time><\/a><\/div>\n\t<div class=\"entry-excerpt\"><p>Beim diesj\u00e4hrigen Altstadtfest (13. und 14. September) und unserem traditionellen \u201eFr\u00fchst\u00fcck uff de Gass\u201c (20. September), veranstalten wir eine Malaktion unter dem Motto: Gestalte deine&hellip;<\/p>\n<\/div>\n\t\n<a href=\"https:\/\/weltlaeden.de\/babenhausen\/malwettbewerb-beim-altstadtfest-und-beim-fruehstueck-uff-de-gass\/\" class=\"dt-btn-s dt-btn post-details details-type-btn\" aria-label=\"Read more about Malaktion beim Altstadtfest und beim \u201eFr\u00fchst\u00fcck uff de Gass\u201c\">Weiterlesen<i class=\"dt-icon-the7-arrow-03\" aria-hidden=\"true\"><\/i><\/a>\n\n<\/div><\/article><\/div><div class=\"visible wf-cell iso-item\" data-post-id=\"1944\" data-date=\"2025-05-02T17:50:50+02:00\" data-name=\"Besuch bei der ev. Frauenhilfe in Babenhausen\"><article class=\"post project-odd visible post-1944 type-post status-publish format-standard has-post-thumbnail hentry category-neues category-verein category-8 category-12\" data-name=\"Besuch bei der ev. Frauenhilfe in Babenhausen\" data-date=\"2025-05-02T17:50:50+02:00\">\n\n<div class=\"post-thumbnail-wrap\">\n\t<div class=\"post-thumbnail\">\n\t\t\n\t\t\n\t\t<a href=\"https:\/\/weltlaeden.de\/babenhausen\/30-04-25-besuch-bei-der-ev-frauenhilfe-in-babenhausen\/\" class=\"post-thumbnail-rollover layzr-bg layzr-bg\" ><img decoding=\"async\" class=\"iso-lazy-load preload-me iso-lazy-load aspect\" src=\"data:image\/svg+xml,%3Csvg%20xmlns%3D&#39;http%3A%2F%2Fwww.w3.org%2F2000%2Fsvg&#39;%20viewBox%3D&#39;0%200%20493%20400&#39;%2F%3E\" data-src=\"https:\/\/weltlaeden.de\/babenhausen\/wp-content\/uploads\/sites\/107\/2025\/05\/20250430_1610353-scaled-e1771941080871.jpg\" data-srcset=\"https:\/\/weltlaeden.de\/babenhausen\/wp-content\/uploads\/sites\/107\/2025\/05\/20250430_1610353-scaled-e1771941080871.jpg 493w\" loading=\"eager\" style=\"--ratio: 493 \/ 400\" sizes=\"(max-width: 493px) 100vw, 493px\" alt=\"\" title=\"20250430_161035~3\" width=\"493\" height=\"400\"  \/><\/a>\t<\/div>\n<\/div>\n\n\n<div class=\"post-entry-content\">\n\n\t<h3 class=\"entry-title\">\n\t\t<a href=\"https:\/\/weltlaeden.de\/babenhausen\/30-04-25-besuch-bei-der-ev-frauenhilfe-in-babenhausen\/\" title=\"Besuch bei der ev. Frauenhilfe in Babenhausen\" rel=\"bookmark\">Besuch bei der ev. Frauenhilfe in Babenhausen<\/a>\n\t<\/h3>\n\n\t<div class=\"entry-meta\"><a href=\"https:\/\/weltlaeden.de\/babenhausen\/2025\/05\/02\/\" title=\"17:50\" class=\"data-link\" rel=\"bookmark\"><time class=\"entry-date updated\" datetime=\"2025-05-02T17:50:50+02:00\">2. Mai 2025<\/time><\/a><\/div>\n\t<div class=\"entry-excerpt\"><p>Zwei Mitarbeiterinnen des Weltladens waren am Mittwoch, 30. April 2025\u00a0 zum Treffen der ev. Frauenhilfe im Erasmus-Alberus-Haus in Babenhausen eingeladen. Die Teilnehmerinnen hatten Interesse an&hellip;<\/p>\n<\/div>\n\t\n<a href=\"https:\/\/weltlaeden.de\/babenhausen\/30-04-25-besuch-bei-der-ev-frauenhilfe-in-babenhausen\/\" class=\"dt-btn-s dt-btn post-details details-type-btn\" aria-label=\"Read more about Besuch bei der ev. Frauenhilfe in Babenhausen\">Weiterlesen<i class=\"dt-icon-the7-arrow-03\" aria-hidden=\"true\"><\/i><\/a>\n\n<\/div><\/article><\/div><div class=\"visible wf-cell iso-item\" data-post-id=\"1932\" data-date=\"2025-04-27T10:46:47+02:00\" data-name=\"Gut besuchte Lesung am 26. April 2025\"><article class=\"post project-odd visible post-1932 type-post status-publish format-standard has-post-thumbnail hentry category-neues category-verein tag-kultur-im-weltladen category-8 category-12\" data-name=\"Gut besuchte Lesung am 26. April 2025\" data-date=\"2025-04-27T10:46:47+02:00\">\n\n<div class=\"post-thumbnail-wrap\">\n\t<div class=\"post-thumbnail\">\n\t\t\n\t\t\n\t\t<a href=\"https:\/\/weltlaeden.de\/babenhausen\/gut-besuchte-lesung-am-26-april-25\/\" class=\"post-thumbnail-rollover layzr-bg layzr-bg\" ><img decoding=\"async\" class=\"iso-lazy-load preload-me iso-lazy-load aspect\" src=\"data:image\/svg+xml,%3Csvg%20xmlns%3D&#39;http%3A%2F%2Fwww.w3.org%2F2000%2Fsvg&#39;%20viewBox%3D&#39;0%200%20768%20633&#39;%2F%3E\" data-src=\"https:\/\/weltlaeden.de\/babenhausen\/wp-content\/uploads\/sites\/107\/2025\/04\/WL-Lesung-Helga-Ranis_2025_04_26-e1771940815475-768x633.jpg\" data-srcset=\"https:\/\/weltlaeden.de\/babenhausen\/wp-content\/uploads\/sites\/107\/2025\/04\/WL-Lesung-Helga-Ranis_2025_04_26-e1771940815475-768x633.jpg 768w, https:\/\/weltlaeden.de\/babenhausen\/wp-content\/uploads\/sites\/107\/2025\/04\/WL-Lesung-Helga-Ranis_2025_04_26-e1771940815475-1152x950.jpg 1152w\" loading=\"eager\" style=\"--ratio: 768 \/ 633\" sizes=\"(max-width: 768px) 100vw, 768px\" alt=\"\" title=\"WL-Lesung Helga Ranis_2025_04_26\" width=\"768\" height=\"633\"  \/><\/a>\t<\/div>\n<\/div>\n\n\n<div class=\"post-entry-content\">\n\n\t<h3 class=\"entry-title\">\n\t\t<a href=\"https:\/\/weltlaeden.de\/babenhausen\/gut-besuchte-lesung-am-26-april-25\/\" title=\"Gut besuchte Lesung am 26. April 2025\" rel=\"bookmark\">Gut besuchte Lesung am 26. April 2025<\/a>\n\t<\/h3>\n\n\t<div class=\"entry-meta\"><a href=\"https:\/\/weltlaeden.de\/babenhausen\/2025\/04\/27\/\" title=\"10:46\" class=\"data-link\" rel=\"bookmark\"><time class=\"entry-date updated\" datetime=\"2025-04-27T10:46:47+02:00\">27. April 2025<\/time><\/a><\/div>\n\t<div class=\"entry-excerpt\"><p>Als Fortsetzung der Veranstaltungsreihe Kultur im Weltladen hat die Autorin Helga Ranis interessante und gerade in unserer heutigen Zeit immer noch aktuelle Aspekte aus ihrem&hellip;<\/p>\n<\/div>\n\t\n<a href=\"https:\/\/weltlaeden.de\/babenhausen\/gut-besuchte-lesung-am-26-april-25\/\" class=\"dt-btn-s dt-btn post-details details-type-btn\" aria-label=\"Read more about Gut besuchte Lesung am 26. April 2025\">Weiterlesen<i class=\"dt-icon-the7-arrow-03\" aria-hidden=\"true\"><\/i><\/a>\n\n<\/div><\/article><\/div><div class=\"visible wf-cell iso-item\" data-post-id=\"1861\" data-date=\"2025-04-21T15:21:08+02:00\" data-name=\"Wir haben eingekauft und unser Schmuck- und Ledersortiment f\u00fcr Sie erg\u00e4nzt\"><article class=\"post project-odd visible post-1861 type-post status-publish format-standard has-post-thumbnail hentry category-allgemein category-1\" data-name=\"Wir haben eingekauft und unser Schmuck- und Ledersortiment f\u00fcr Sie erg\u00e4nzt\" data-date=\"2025-04-21T15:21:08+02:00\">\n\n<div class=\"post-thumbnail-wrap\">\n\t<div class=\"post-thumbnail\">\n\t\t\n\t\t\n\t\t<a href=\"https:\/\/weltlaeden.de\/babenhausen\/wir-haben-eingekauft-und-unser-schmuck-und-ledersortiment-fuer-sie-ergaenzt\/\" class=\"post-thumbnail-rollover layzr-bg layzr-bg\" ><img decoding=\"async\" class=\"iso-lazy-load preload-me iso-lazy-load aspect\" src=\"data:image\/svg+xml,%3Csvg%20xmlns%3D&#39;http%3A%2F%2Fwww.w3.org%2F2000%2Fsvg&#39;%20viewBox%3D&#39;0%200%20768%20468&#39;%2F%3E\" data-src=\"https:\/\/weltlaeden.de\/babenhausen\/wp-content\/uploads\/sites\/107\/2025\/04\/Taschen_Schmuck_4-scaled-768x468.jpg\" data-srcset=\"https:\/\/weltlaeden.de\/babenhausen\/wp-content\/uploads\/sites\/107\/2025\/04\/Taschen_Schmuck_4-scaled-768x468.jpg 768w, https:\/\/weltlaeden.de\/babenhausen\/wp-content\/uploads\/sites\/107\/2025\/04\/Taschen_Schmuck_4-scaled-1152x702.jpg 1152w\" loading=\"eager\" style=\"--ratio: 768 \/ 468\" sizes=\"(max-width: 768px) 100vw, 768px\" alt=\"\" title=\"Taschen_Schmuck_4\" width=\"768\" height=\"468\"  \/><\/a>\t<\/div>\n<\/div>\n\n\n<div class=\"post-entry-content\">\n\n\t<h3 class=\"entry-title\">\n\t\t<a href=\"https:\/\/weltlaeden.de\/babenhausen\/wir-haben-eingekauft-und-unser-schmuck-und-ledersortiment-fuer-sie-ergaenzt\/\" title=\"Wir haben eingekauft und unser Schmuck- und Ledersortiment f\u00fcr Sie erg\u00e4nzt\" rel=\"bookmark\">Wir haben eingekauft und unser Schmuck- und Ledersortiment f\u00fcr Sie erg\u00e4nzt<\/a>\n\t<\/h3>\n\n\t<div class=\"entry-meta\"><a href=\"https:\/\/weltlaeden.de\/babenhausen\/2025\/04\/21\/\" title=\"15:21\" class=\"data-link\" rel=\"bookmark\"><time class=\"entry-date updated\" datetime=\"2025-04-21T15:21:08+02:00\">21. April 2025<\/time><\/a><\/div>\n\t<div class=\"entry-excerpt\"><p>Der Fr\u00fchling ist da! Frische Farben bei Lederwaren und neues Design beim Schmuck. &nbsp; Wir beziehen viele Teile unseres Schmucks von der Firma Mekhada und&hellip;<\/p>\n<\/div>\n\t\n<a href=\"https:\/\/weltlaeden.de\/babenhausen\/wir-haben-eingekauft-und-unser-schmuck-und-ledersortiment-fuer-sie-ergaenzt\/\" class=\"dt-btn-s dt-btn post-details details-type-btn\" aria-label=\"Read more about Wir haben eingekauft und unser Schmuck- und Ledersortiment f\u00fcr Sie erg\u00e4nzt\">Weiterlesen<i class=\"dt-icon-the7-arrow-03\" aria-hidden=\"true\"><\/i><\/a>\n\n<\/div><\/article><\/div><div class=\"visible wf-cell iso-item\" data-post-id=\"1820\" data-date=\"2025-02-05T14:00:35+01:00\" data-name=\"R\u00f6stung gegen Rechts \u2013 neuer Bio-Kaffee im Weltladen\"><article class=\"post project-odd visible post-1820 type-post status-publish format-standard has-post-thumbnail hentry category-neues tag-kaffee category-8\" data-name=\"R\u00f6stung gegen Rechts \u2013 neuer Bio-Kaffee im Weltladen\" data-date=\"2025-02-05T14:00:35+01:00\">\n\n<div class=\"post-thumbnail-wrap\">\n\t<div class=\"post-thumbnail\">\n\t\t\n\t\t\n\t\t<a href=\"https:\/\/weltlaeden.de\/babenhausen\/roestung-gegen-rechts-neuer-bio-kaffee-im-weltladen\/\" class=\"post-thumbnail-rollover layzr-bg layzr-bg\" ><img decoding=\"async\" class=\"iso-lazy-load preload-me iso-lazy-load aspect\" src=\"data:image\/svg+xml,%3Csvg%20xmlns%3D&#39;http%3A%2F%2Fwww.w3.org%2F2000%2Fsvg&#39;%20viewBox%3D&#39;0%200%20768%20409&#39;%2F%3E\" data-src=\"https:\/\/weltlaeden.de\/babenhausen\/wp-content\/uploads\/sites\/107\/2025\/02\/Kaffee-gegen-Rechts-768x409.png\" data-srcset=\"https:\/\/weltlaeden.de\/babenhausen\/wp-content\/uploads\/sites\/107\/2025\/02\/Kaffee-gegen-Rechts-768x409.png 768w, https:\/\/weltlaeden.de\/babenhausen\/wp-content\/uploads\/sites\/107\/2025\/02\/Kaffee-gegen-Rechts-1078x575.png 1078w\" loading=\"eager\" style=\"--ratio: 768 \/ 409\" sizes=\"(max-width: 768px) 100vw, 768px\" alt=\"\" title=\"Kaffee gegen Rechts\" width=\"768\" height=\"409\"  \/><\/a>\t<\/div>\n<\/div>\n\n\n<div class=\"post-entry-content\">\n\n\t<h3 class=\"entry-title\">\n\t\t<a href=\"https:\/\/weltlaeden.de\/babenhausen\/roestung-gegen-rechts-neuer-bio-kaffee-im-weltladen\/\" title=\"R\u00f6stung gegen Rechts \u2013 neuer Bio-Kaffee im Weltladen\" rel=\"bookmark\">R\u00f6stung gegen Rechts \u2013 neuer Bio-Kaffee im Weltladen<\/a>\n\t<\/h3>\n\n\t<div class=\"entry-meta\"><a href=\"https:\/\/weltlaeden.de\/babenhausen\/2025\/02\/05\/\" title=\"14:00\" class=\"data-link\" rel=\"bookmark\"><time class=\"entry-date updated\" datetime=\"2025-02-05T14:00:35+01:00\">5. Februar 2025<\/time><\/a><\/div>\n\t<div class=\"entry-excerpt\"><p>Mit der &#8222;R\u00f6stung gegen Rechts&#8220; haben wir eine neue Kaffeesorte in unser Sortiment aufgenommen und unterst\u00fctzen damit die Aktion unseres Lieferanten EL PUENTE. EL PUENTE&hellip;<\/p>\n<\/div>\n\t\n<a href=\"https:\/\/weltlaeden.de\/babenhausen\/roestung-gegen-rechts-neuer-bio-kaffee-im-weltladen\/\" class=\"dt-btn-s dt-btn post-details details-type-btn\" aria-label=\"Read more about R\u00f6stung gegen Rechts \u2013 neuer Bio-Kaffee im Weltladen\">Weiterlesen<i class=\"dt-icon-the7-arrow-03\" aria-hidden=\"true\"><\/i><\/a>\n\n<\/div><\/article><\/div><div class=\"visible wf-cell iso-item\" data-post-id=\"1795\" data-date=\"2024-12-31T15:52:30+01:00\" data-name=\"Neujahrsw\u00fcnsche\"><article class=\"post project-odd visible no-img post-1795 type-post status-publish format-standard hentry category-allgemein category-1\" data-name=\"Neujahrsw\u00fcnsche\" data-date=\"2024-12-31T15:52:30+01:00\">\n\n<div class=\"post-entry-content\">\n\n\t<h3 class=\"entry-title\">\n\t\t<a href=\"https:\/\/weltlaeden.de\/babenhausen\/1795-2\/\" title=\"Neujahrsw\u00fcnsche\" rel=\"bookmark\">Neujahrsw\u00fcnsche<\/a>\n\t<\/h3>\n\n\t<div class=\"entry-meta\"><a href=\"https:\/\/weltlaeden.de\/babenhausen\/2024\/12\/31\/\" title=\"15:52\" class=\"data-link\" rel=\"bookmark\"><time class=\"entry-date updated\" datetime=\"2024-12-31T15:52:30+01:00\">31. Dezember 2024<\/time><\/a><\/div>\n\t<div class=\"entry-excerpt\"><\/div>\n\t\n<a href=\"https:\/\/weltlaeden.de\/babenhausen\/1795-2\/\" class=\"dt-btn-s dt-btn post-details details-type-btn\" aria-label=\"Read more about Neujahrsw\u00fcnsche\">Weiterlesen<i class=\"dt-icon-the7-arrow-03\" aria-hidden=\"true\"><\/i><\/a>\n\n<\/div><\/article><\/div><div class=\"visible wf-cell iso-item\" data-post-id=\"1780\" data-date=\"2024-12-17T16:08:11+01:00\" data-name=\"Kinder zu Besuch im Weltladen\"><article class=\"post project-odd visible post-1780 type-post status-publish format-standard has-post-thumbnail hentry category-allgemein tag-kinder tag-kindergarten category-1\" data-name=\"Kinder zu Besuch im Weltladen\" data-date=\"2024-12-17T16:08:11+01:00\">\n\n<div class=\"post-thumbnail-wrap\">\n\t<div class=\"post-thumbnail\">\n\t\t\n\t\t\n\t\t<a href=\"https:\/\/weltlaeden.de\/babenhausen\/kinder-zu-besuch-im-weltladen\/\" class=\"post-thumbnail-rollover layzr-bg layzr-bg\" ><img decoding=\"async\" class=\"iso-lazy-load preload-me iso-lazy-load aspect\" src=\"data:image\/svg+xml,%3Csvg%20xmlns%3D&#39;http%3A%2F%2Fwww.w3.org%2F2000%2Fsvg&#39;%20viewBox%3D&#39;0%200%20768%201028&#39;%2F%3E\" data-src=\"https:\/\/weltlaeden.de\/babenhausen\/wp-content\/uploads\/sites\/107\/2024\/12\/Kindergarten4-scaled-768x1028.jpg\" data-srcset=\"https:\/\/weltlaeden.de\/babenhausen\/wp-content\/uploads\/sites\/107\/2024\/12\/Kindergarten4-scaled-768x1028.jpg 768w, https:\/\/weltlaeden.de\/babenhausen\/wp-content\/uploads\/sites\/107\/2024\/12\/Kindergarten4-scaled-1152x1542.jpg 1152w\" loading=\"eager\" style=\"--ratio: 768 \/ 1028\" sizes=\"(max-width: 768px) 100vw, 768px\" alt=\"\" title=\"Kindergarten4\" width=\"768\" height=\"1028\"  \/><\/a>\t<\/div>\n<\/div>\n\n\n<div class=\"post-entry-content\">\n\n\t<h3 class=\"entry-title\">\n\t\t<a href=\"https:\/\/weltlaeden.de\/babenhausen\/kinder-zu-besuch-im-weltladen\/\" title=\"Kinder zu Besuch im Weltladen\" rel=\"bookmark\">Kinder zu Besuch im Weltladen<\/a>\n\t<\/h3>\n\n\t<div class=\"entry-meta\"><a href=\"https:\/\/weltlaeden.de\/babenhausen\/2024\/12\/17\/\" title=\"16:08\" class=\"data-link\" rel=\"bookmark\"><time class=\"entry-date updated\" datetime=\"2024-12-17T16:08:11+01:00\">17. Dezember 2024<\/time><\/a><\/div>\n\t<div class=\"entry-excerpt\"><p>Am 4. Dezember 2024 besuchten 13 Kinder im Alter von drei bis sechs Jahren mit zwei Betreuerinnen vom evangelischen Kindergarten Babenhausen den Weltladen in der&hellip;<\/p>\n<\/div>\n\t\n<a href=\"https:\/\/weltlaeden.de\/babenhausen\/kinder-zu-besuch-im-weltladen\/\" class=\"dt-btn-s dt-btn post-details details-type-btn\" aria-label=\"Read more about Kinder zu Besuch im Weltladen\">Weiterlesen<i class=\"dt-icon-the7-arrow-03\" aria-hidden=\"true\"><\/i><\/a>\n\n<\/div><\/article><\/div><div class=\"visible wf-cell iso-item\" data-post-id=\"1740\" data-date=\"2024-11-21T13:21:07+01:00\" data-name=\"Adventssammlung f\u00fcr CSRA - ein Gesundheitsprojekt in Bolivien\"><article class=\"post project-odd visible post-1740 type-post status-publish format-standard has-post-thumbnail hentry category-neues category-spendenprojekte category-verein tag-spendenprojekt-bolivien tag-spendenprojekt-csra category-8 category-25 category-12\" data-name=\"Adventssammlung f\u00fcr CSRA &#8211; ein Gesundheitsprojekt in Bolivien\" data-date=\"2024-11-21T13:21:07+01:00\">\n\n<div class=\"post-thumbnail-wrap\">\n\t<div class=\"post-thumbnail\">\n\t\t\n\t\t\n\t\t<a href=\"https:\/\/weltlaeden.de\/babenhausen\/csra-das-gesundheitsprojekt-in-bolivien\/\" class=\"post-thumbnail-rollover layzr-bg layzr-bg\" ><img decoding=\"async\" class=\"iso-lazy-load preload-me iso-lazy-load aspect\" src=\"data:image\/svg+xml,%3Csvg%20xmlns%3D&#39;http%3A%2F%2Fwww.w3.org%2F2000%2Fsvg&#39;%20viewBox%3D&#39;0%200%20364%20189&#39;%2F%3E\" data-src=\"https:\/\/weltlaeden.de\/babenhausen\/wp-content\/uploads\/sites\/107\/2024\/11\/Bild-CSRA_3.jpg\" data-srcset=\"https:\/\/weltlaeden.de\/babenhausen\/wp-content\/uploads\/sites\/107\/2024\/11\/Bild-CSRA_3.jpg 364w\" loading=\"eager\" style=\"--ratio: 364 \/ 189\" sizes=\"(max-width: 364px) 100vw, 364px\" alt=\"\" title=\"Bild CSRA_3\" width=\"364\" height=\"189\"  \/><\/a>\t<\/div>\n<\/div>\n\n\n<div class=\"post-entry-content\">\n\n\t<h3 class=\"entry-title\">\n\t\t<a href=\"https:\/\/weltlaeden.de\/babenhausen\/csra-das-gesundheitsprojekt-in-bolivien\/\" title=\"Adventssammlung f\u00fcr CSRA &#8211; ein Gesundheitsprojekt in Bolivien\" rel=\"bookmark\">Adventssammlung f\u00fcr CSRA &#8211; ein Gesundheitsprojekt in Bolivien<\/a>\n\t<\/h3>\n\n\t<div class=\"entry-meta\"><a href=\"https:\/\/weltlaeden.de\/babenhausen\/2024\/11\/21\/\" title=\"13:21\" class=\"data-link\" rel=\"bookmark\"><time class=\"entry-date updated\" datetime=\"2024-11-21T13:21:07+01:00\">21. November 2024<\/time><\/a><\/div>\n\t<div class=\"entry-excerpt\"><p>Der Weltladen engagiert sich seit 1992 verl\u00e4sslich f\u00fcr ein erfolgreiches Gesundheitsprojekt in Bolivien und m\u00f6chte in der Adventszeit eine Spendenaktion daf\u00fcr durchf\u00fchren. Hier stellen wir&hellip;<\/p>\n<\/div>\n\t\n<a href=\"https:\/\/weltlaeden.de\/babenhausen\/csra-das-gesundheitsprojekt-in-bolivien\/\" class=\"dt-btn-s dt-btn post-details details-type-btn\" aria-label=\"Read more about Adventssammlung f\u00fcr CSRA &#8211; ein Gesundheitsprojekt in Bolivien\">Weiterlesen<i class=\"dt-icon-the7-arrow-03\" aria-hidden=\"true\"><\/i><\/a>\n\n<\/div><\/article><\/div><div class=\"visible wf-cell iso-item\" data-post-id=\"1650\" data-date=\"2024-10-13T10:30:38+02:00\" data-name=\"KULTUR IM WELTLADEN\"><article class=\"post project-odd visible post-1650 type-post status-publish format-standard has-post-thumbnail hentry category-neues category-termine-abgelaufen category-verein tag-kultur-im-weltladen tag-preview-theaterstueck-weiblich-geboren tag-veranstaltungen category-8 category-6 category-12\" data-name=\"KULTUR IM WELTLADEN\" data-date=\"2024-10-13T10:30:38+02:00\">\n\n<div class=\"post-thumbnail-wrap\">\n\t<div class=\"post-thumbnail\">\n\t\t\n\t\t\n\t\t<a href=\"https:\/\/weltlaeden.de\/babenhausen\/kultur-im-weltladen\/\" class=\"post-thumbnail-rollover layzr-bg layzr-bg\" ><img decoding=\"async\" class=\"iso-lazy-load preload-me iso-lazy-load aspect\" src=\"data:image\/svg+xml,%3Csvg%20xmlns%3D&#39;http%3A%2F%2Fwww.w3.org%2F2000%2Fsvg&#39;%20viewBox%3D&#39;0%200%20768%20432&#39;%2F%3E\" data-src=\"https:\/\/weltlaeden.de\/babenhausen\/wp-content\/uploads\/sites\/107\/2024\/10\/Applaus_4-768x432.jpg\" data-srcset=\"https:\/\/weltlaeden.de\/babenhausen\/wp-content\/uploads\/sites\/107\/2024\/10\/Applaus_4-768x432.jpg 768w, https:\/\/weltlaeden.de\/babenhausen\/wp-content\/uploads\/sites\/107\/2024\/10\/Applaus_4-1152x648.jpg 1152w\" loading=\"eager\" style=\"--ratio: 768 \/ 432\" sizes=\"(max-width: 768px) 100vw, 768px\" alt=\"\" title=\"Applaus_4\" width=\"768\" height=\"432\"  \/><\/a>\t<\/div>\n<\/div>\n\n\n<div class=\"post-entry-content\">\n\n\t<h3 class=\"entry-title\">\n\t\t<a href=\"https:\/\/weltlaeden.de\/babenhausen\/kultur-im-weltladen\/\" title=\"KULTUR IM WELTLADEN\" rel=\"bookmark\">KULTUR IM WELTLADEN<\/a>\n\t<\/h3>\n\n\t<div class=\"entry-meta\"><a href=\"https:\/\/weltlaeden.de\/babenhausen\/2024\/10\/13\/\" title=\"10:30\" class=\"data-link\" rel=\"bookmark\"><time class=\"entry-date updated\" datetime=\"2024-10-13T10:30:38+02:00\">13. Oktober 2024<\/time><\/a><\/div>\n\t<div class=\"entry-excerpt\"><p>Das Preview des Theaterst\u00fccks &#8222;Weiblich geboren&#8220; brachte am Samstag, 12. Oktober 2024 Theaterflair in den Weltladen. Mit dieser au\u00dfergew\u00f6hnlichen Veranstaltung wurde die im Januar 2024&hellip;<\/p>\n<\/div>\n\t\n<a href=\"https:\/\/weltlaeden.de\/babenhausen\/kultur-im-weltladen\/\" class=\"dt-btn-s dt-btn post-details details-type-btn\" aria-label=\"Read more about KULTUR IM WELTLADEN\">Weiterlesen<i class=\"dt-icon-the7-arrow-03\" aria-hidden=\"true\"><\/i><\/a>\n\n<\/div><\/article><\/div><div class=\"visible wf-cell iso-item\" data-post-id=\"1595\" data-date=\"2024-08-17T15:13:23+02:00\" data-name=\"Bio-Limonade\u00a0im Weltladen\"><article class=\"post project-odd visible post-1595 type-post status-publish format-standard has-post-thumbnail hentry category-allgemein category-1\" data-name=\"Bio-Limonade\u00a0im Weltladen\" data-date=\"2024-08-17T15:13:23+02:00\">\n\n<div class=\"post-thumbnail-wrap\">\n\t<div class=\"post-thumbnail\">\n\t\t\n\t\t\n\t\t<a href=\"https:\/\/weltlaeden.de\/babenhausen\/neu-im-weltladen-bio-limonade-spritzige-erfrischungsgetraenke-fuer-jede-gelegenheit\/\" class=\"post-thumbnail-rollover layzr-bg layzr-bg\" ><img decoding=\"async\" class=\"iso-lazy-load preload-me iso-lazy-load aspect\" src=\"data:image\/svg+xml,%3Csvg%20xmlns%3D&#39;http%3A%2F%2Fwww.w3.org%2F2000%2Fsvg&#39;%20viewBox%3D&#39;0%200%20768%20521&#39;%2F%3E\" data-src=\"https:\/\/weltlaeden.de\/babenhausen\/wp-content\/uploads\/sites\/107\/2024\/08\/Mix_Limo_Tee2-768x521.jpg\" data-srcset=\"https:\/\/weltlaeden.de\/babenhausen\/wp-content\/uploads\/sites\/107\/2024\/08\/Mix_Limo_Tee2-768x521.jpg 768w, https:\/\/weltlaeden.de\/babenhausen\/wp-content\/uploads\/sites\/107\/2024\/08\/Mix_Limo_Tee2-1152x782.jpg 1152w\" loading=\"eager\" style=\"--ratio: 768 \/ 521\" sizes=\"(max-width: 768px) 100vw, 768px\" alt=\"\" title=\"Mix_Limo_Tee2\" width=\"768\" height=\"521\"  \/><\/a>\t<\/div>\n<\/div>\n\n\n<div class=\"post-entry-content\">\n\n\t<h3 class=\"entry-title\">\n\t\t<a href=\"https:\/\/weltlaeden.de\/babenhausen\/neu-im-weltladen-bio-limonade-spritzige-erfrischungsgetraenke-fuer-jede-gelegenheit\/\" title=\"Bio-Limonade\u00a0im Weltladen\" rel=\"bookmark\">Bio-Limonade\u00a0im Weltladen<\/a>\n\t<\/h3>\n\n\t<div class=\"entry-meta\"><a href=\"https:\/\/weltlaeden.de\/babenhausen\/2024\/08\/17\/\" title=\"15:13\" class=\"data-link\" rel=\"bookmark\"><time class=\"entry-date updated\" datetime=\"2024-08-17T15:13:23+02:00\">17. August 2024<\/time><\/a><\/div>\n\t<div class=\"entry-excerpt\"><p>Spritzige Erfrischungsgetr\u00e4nke f\u00fcr jede Gelegenheit! Wir bieten Zitronen und Orangen Bio-Limo an, beide sind mit Rohrrohrzucker aus Paraguay nur ganz leicht ges\u00fc\u00dft. Sie werden von&hellip;<\/p>\n<\/div>\n\t\n<a href=\"https:\/\/weltlaeden.de\/babenhausen\/neu-im-weltladen-bio-limonade-spritzige-erfrischungsgetraenke-fuer-jede-gelegenheit\/\" class=\"dt-btn-s dt-btn post-details details-type-btn\" aria-label=\"Read more about Bio-Limonade\u00a0im Weltladen\">Weiterlesen<i class=\"dt-icon-the7-arrow-03\" aria-hidden=\"true\"><\/i><\/a>\n\n<\/div><\/article><\/div><div class=\"visible wf-cell iso-item\" data-post-id=\"1545\" data-date=\"2024-07-19T13:21:19+02:00\" data-name=\"NEUIGKEITEN - von der Fachmesse in Bad Hersfeld, vegane Produkte und vieles mehr...\"><article class=\"post project-odd visible post-1545 type-post status-publish format-standard has-post-thumbnail hentry category-neues category-verein tag-kunsthandwerk tag-vegane-kueche tag-wellness category-8 category-12\" data-name=\"NEUIGKEITEN &#8211; von der Fachmesse in Bad Hersfeld, vegane Produkte und vieles mehr&#8230;\" data-date=\"2024-07-19T13:21:19+02:00\">\n\n<div class=\"post-thumbnail-wrap\">\n\t<div class=\"post-thumbnail\">\n\t\t\n\t\t\n\t\t<a href=\"https:\/\/weltlaeden.de\/babenhausen\/neuigkeiten-von-der-fachmesse-in-bad-hersfeld-vegane-produkte-und-vieles-mehr\/\" class=\"post-thumbnail-rollover layzr-bg layzr-bg\" ><img decoding=\"async\" class=\"iso-lazy-load preload-me iso-lazy-load aspect\" src=\"data:image\/svg+xml,%3Csvg%20xmlns%3D&#39;http%3A%2F%2Fwww.w3.org%2F2000%2Fsvg&#39;%20viewBox%3D&#39;0%200%20768%20991&#39;%2F%3E\" data-src=\"https:\/\/weltlaeden.de\/babenhausen\/wp-content\/uploads\/sites\/107\/2024\/07\/Vegan-1-768x991.jpg\" data-srcset=\"https:\/\/weltlaeden.de\/babenhausen\/wp-content\/uploads\/sites\/107\/2024\/07\/Vegan-1-768x991.jpg 768w, https:\/\/weltlaeden.de\/babenhausen\/wp-content\/uploads\/sites\/107\/2024\/07\/Vegan-1-1152x1487.jpg 1152w\" loading=\"eager\" style=\"--ratio: 768 \/ 991\" sizes=\"(max-width: 768px) 100vw, 768px\" alt=\"\" title=\"Vegan 1\" width=\"768\" height=\"991\"  \/><\/a>\t<\/div>\n<\/div>\n\n\n<div class=\"post-entry-content\">\n\n\t<h3 class=\"entry-title\">\n\t\t<a href=\"https:\/\/weltlaeden.de\/babenhausen\/neuigkeiten-von-der-fachmesse-in-bad-hersfeld-vegane-produkte-und-vieles-mehr\/\" title=\"NEUIGKEITEN &#8211; von der Fachmesse in Bad Hersfeld, vegane Produkte und vieles mehr&#8230;\" rel=\"bookmark\">NEUIGKEITEN &#8211; von der Fachmesse in Bad Hersfeld, vegane Produkte und vieles mehr&#8230;<\/a>\n\t<\/h3>\n\n\t<div class=\"entry-meta\"><a href=\"https:\/\/weltlaeden.de\/babenhausen\/2024\/07\/19\/\" title=\"13:21\" class=\"data-link\" rel=\"bookmark\"><time class=\"entry-date updated\" datetime=\"2024-07-19T13:21:19+02:00\">19. Juli 2024<\/time><\/a><\/div>\n\t<div class=\"entry-excerpt\"><p>Veganes Kochen leichtgemacht &#8211; neue Produktpalette im Weltladen Babenhausen! Immer mehr Menschen ern\u00e4hren sich bewusst vegetarisch, manche sind \u201eFlexitarier\u201c und wechseln zwischen Fisch, Fleisch und&hellip;<\/p>\n<\/div>\n\t\n<a href=\"https:\/\/weltlaeden.de\/babenhausen\/neuigkeiten-von-der-fachmesse-in-bad-hersfeld-vegane-produkte-und-vieles-mehr\/\" class=\"dt-btn-s dt-btn post-details details-type-btn\" aria-label=\"Read more about NEUIGKEITEN &#8211; von der Fachmesse in Bad Hersfeld, vegane Produkte und vieles mehr&#8230;\">Weiterlesen<i class=\"dt-icon-the7-arrow-03\" aria-hidden=\"true\"><\/i><\/a>\n\n<\/div><\/article><\/div><div class=\"visible wf-cell iso-item\" data-post-id=\"1538\" data-date=\"2024-06-23T20:52:46+02:00\" data-name=\"Beim Ball beginnt das Fair-Play\"><article class=\"post project-odd visible post-1538 type-post status-publish format-standard has-post-thumbnail hentry category-allgemein category-1\" data-name=\"Beim Ball beginnt das Fair-Play\" data-date=\"2024-06-23T20:52:46+02:00\">\n\n<div class=\"post-thumbnail-wrap\">\n\t<div class=\"post-thumbnail\">\n\t\t\n\t\t\n\t\t<a href=\"https:\/\/weltlaeden.de\/babenhausen\/beim-ball-beginnt-das-fair-play\/\" class=\"post-thumbnail-rollover layzr-bg layzr-bg\" ><img decoding=\"async\" class=\"iso-lazy-load preload-me iso-lazy-load aspect\" src=\"data:image\/svg+xml,%3Csvg%20xmlns%3D&#39;http%3A%2F%2Fwww.w3.org%2F2000%2Fsvg&#39;%20viewBox%3D&#39;0%200%20768%20280&#39;%2F%3E\" data-src=\"https:\/\/weltlaeden.de\/babenhausen\/wp-content\/uploads\/sites\/107\/2024\/06\/B_7_Baelle-768x280.jpg\" data-srcset=\"https:\/\/weltlaeden.de\/babenhausen\/wp-content\/uploads\/sites\/107\/2024\/06\/B_7_Baelle-768x280.jpg 768w, https:\/\/weltlaeden.de\/babenhausen\/wp-content\/uploads\/sites\/107\/2024\/06\/B_7_Baelle-1152x420.jpg 1152w\" loading=\"eager\" style=\"--ratio: 768 \/ 280\" sizes=\"(max-width: 768px) 100vw, 768px\" alt=\"\" title=\"B_7_B\u00e4lle\" width=\"768\" height=\"280\"  \/><\/a>\t<\/div>\n<\/div>\n\n\n<div class=\"post-entry-content\">\n\n\t<h3 class=\"entry-title\">\n\t\t<a href=\"https:\/\/weltlaeden.de\/babenhausen\/beim-ball-beginnt-das-fair-play\/\" title=\"Beim Ball beginnt das Fair-Play\" rel=\"bookmark\">Beim Ball beginnt das Fair-Play<\/a>\n\t<\/h3>\n\n\t<div class=\"entry-meta\"><a href=\"https:\/\/weltlaeden.de\/babenhausen\/2024\/06\/23\/\" title=\"20:52\" class=\"data-link\" rel=\"bookmark\"><time class=\"entry-date updated\" datetime=\"2024-06-23T20:52:46+02:00\">23. Juni 2024<\/time><\/a><\/div>\n\t<div class=\"entry-excerpt\"><p>Der Weltladen\u00a0 Babenhausen leistet einen eigenst\u00e4ndigen Beitrag zur Fu\u00dfball-EM in Deutschland: Er bietet Fu\u00dfb\u00e4lle an, die ohne Ausbeutung hergestellt sind. Wahrscheinlich haben alle Fu\u00dfballerinnen und&hellip;<\/p>\n<\/div>\n\t\n<a href=\"https:\/\/weltlaeden.de\/babenhausen\/beim-ball-beginnt-das-fair-play\/\" class=\"dt-btn-s dt-btn post-details details-type-btn\" aria-label=\"Read more about Beim Ball beginnt das Fair-Play\">Weiterlesen<i class=\"dt-icon-the7-arrow-03\" aria-hidden=\"true\"><\/i><\/a>\n\n<\/div><\/article><\/div><div class=\"visible wf-cell iso-item\" data-post-id=\"1527\" data-date=\"2024-04-30T09:30:52+02:00\" data-name=\"Nach Jahreshauptversammlung am 24.04.2024 - Vorstandsteam wiedergew\u00e4hlt\"><article class=\"post project-odd visible post-1527 type-post status-publish format-standard has-post-thumbnail hentry category-neues category-verein category-8 category-12\" data-name=\"Nach Jahreshauptversammlung am 24.04.2024 &#8211; Vorstandsteam wiedergew\u00e4hlt\" data-date=\"2024-04-30T09:30:52+02:00\">\n\n<div class=\"post-thumbnail-wrap\">\n\t<div class=\"post-thumbnail\">\n\t\t\n\t\t\n\t\t<a href=\"https:\/\/weltlaeden.de\/babenhausen\/nach-jahreshauptversammlung-am-24-04-24-vorstandsteam-wiedergewaehlt\/\" class=\"post-thumbnail-rollover layzr-bg layzr-bg\" ><img decoding=\"async\" class=\"iso-lazy-load preload-me iso-lazy-load aspect\" src=\"data:image\/svg+xml,%3Csvg%20xmlns%3D&#39;http%3A%2F%2Fwww.w3.org%2F2000%2Fsvg&#39;%20viewBox%3D&#39;0%200%20768%201118&#39;%2F%3E\" data-src=\"https:\/\/weltlaeden.de\/babenhausen\/wp-content\/uploads\/sites\/107\/2024\/04\/Vorstand_2024_04_24-scaled-768x1118.jpg\" data-srcset=\"https:\/\/weltlaeden.de\/babenhausen\/wp-content\/uploads\/sites\/107\/2024\/04\/Vorstand_2024_04_24-scaled-768x1118.jpg 768w, https:\/\/weltlaeden.de\/babenhausen\/wp-content\/uploads\/sites\/107\/2024\/04\/Vorstand_2024_04_24-scaled-1152x1677.jpg 1152w\" loading=\"eager\" style=\"--ratio: 768 \/ 1118\" sizes=\"(max-width: 768px) 100vw, 768px\" alt=\"\" title=\"Vorstand_2024_04_24\" width=\"768\" height=\"1118\"  \/><\/a>\t<\/div>\n<\/div>\n\n\n<div class=\"post-entry-content\">\n\n\t<h3 class=\"entry-title\">\n\t\t<a href=\"https:\/\/weltlaeden.de\/babenhausen\/nach-jahreshauptversammlung-am-24-04-24-vorstandsteam-wiedergewaehlt\/\" title=\"Nach Jahreshauptversammlung am 24.04.2024 &#8211; Vorstandsteam wiedergew\u00e4hlt\" rel=\"bookmark\">Nach Jahreshauptversammlung am 24.04.2024 &#8211; Vorstandsteam wiedergew\u00e4hlt<\/a>\n\t<\/h3>\n\n\t<div class=\"entry-meta\"><a href=\"https:\/\/weltlaeden.de\/babenhausen\/2024\/04\/30\/\" title=\"9:30\" class=\"data-link\" rel=\"bookmark\"><time class=\"entry-date updated\" datetime=\"2024-04-30T09:30:52+02:00\">30. April 2024<\/time><\/a><\/div>\n\t<div class=\"entry-excerpt\"><p>Die Mitglieder des Eine Welt Vereins Babenhausen haben auf der Jahreshauptversammlung das bisherige Vorstandsteam best\u00e4tigt. F\u00fcr weitere zwei Jahre wurden als Gesch\u00e4ftsf\u00fchrender Vorstand Ulrike Blees,&hellip;<\/p>\n<\/div>\n\t\n<a href=\"https:\/\/weltlaeden.de\/babenhausen\/nach-jahreshauptversammlung-am-24-04-24-vorstandsteam-wiedergewaehlt\/\" class=\"dt-btn-s dt-btn post-details details-type-btn\" aria-label=\"Read more about Nach Jahreshauptversammlung am 24.04.2024 &#8211; Vorstandsteam wiedergew\u00e4hlt\">Weiterlesen<i class=\"dt-icon-the7-arrow-03\" aria-hidden=\"true\"><\/i><\/a>\n\n<\/div><\/article><\/div><div class=\"visible wf-cell iso-item\" data-post-id=\"1523\" data-date=\"2024-04-16T10:09:39+02:00\" data-name=\"Weltladentag 2024 - Internationaler Tag des Fairen Handels und bundesweiter Aktionstag f\u00fcr Klimagerechtigkeit\"><article class=\"post project-odd visible no-img post-1523 type-post status-publish format-standard hentry category-neues category-verein tag-weltladentag category-8 category-12\" data-name=\"Weltladentag 2024 &#8211; Internationaler Tag des Fairen Handels und bundesweiter Aktionstag f\u00fcr Klimagerechtigkeit\" data-date=\"2024-04-16T10:09:39+02:00\">\n\n<div class=\"post-entry-content\">\n\n\t<h3 class=\"entry-title\">\n\t\t<a href=\"https:\/\/weltlaeden.de\/babenhausen\/weltladentag-2024-internationaler-tag-des-fairen-handels-und-bundesweiter-aktionstag-fuer-klimagerechtigkeit\/\" title=\"Weltladentag 2024 &#8211; Internationaler Tag des Fairen Handels und bundesweiter Aktionstag f\u00fcr Klimagerechtigkeit\" rel=\"bookmark\">Weltladentag 2024 &#8211; Internationaler Tag des Fairen Handels und bundesweiter Aktionstag f\u00fcr Klimagerechtigkeit<\/a>\n\t<\/h3>\n\n\t<div class=\"entry-meta\"><a href=\"https:\/\/weltlaeden.de\/babenhausen\/2024\/04\/16\/\" title=\"10:09\" class=\"data-link\" rel=\"bookmark\"><time class=\"entry-date updated\" datetime=\"2024-04-16T10:09:39+02:00\">16. April 2024<\/time><\/a><\/div>\n\t<div class=\"entry-excerpt\"><p>Der Weltladen Babenhausen beteiligt sich am Internationalen Tag des Fairen Handels, der dieses Jahr am 11. Mai als bundesweiter Aktionstag f\u00fcr Klimagerechtigkeit ausgerichtet wird. Unter&hellip;<\/p>\n<\/div>\n\t\n<a href=\"https:\/\/weltlaeden.de\/babenhausen\/weltladentag-2024-internationaler-tag-des-fairen-handels-und-bundesweiter-aktionstag-fuer-klimagerechtigkeit\/\" class=\"dt-btn-s dt-btn post-details details-type-btn\" aria-label=\"Read more about Weltladentag 2024 &#8211; Internationaler Tag des Fairen Handels und bundesweiter Aktionstag f\u00fcr Klimagerechtigkeit\">Weiterlesen<i class=\"dt-icon-the7-arrow-03\" aria-hidden=\"true\"><\/i><\/a>\n\n<\/div><\/article><\/div><div class=\"visible wf-cell iso-item\" data-post-id=\"1477\" data-date=\"2024-04-09T16:04:33+02:00\" data-name=\"Neu im Weltladen \u2013 Geschenkaufkleber f\u00fcr viele Gelegenheiten\"><article class=\"post project-odd visible no-img post-1477 type-post status-publish format-standard hentry category-neues category-8\" data-name=\"Neu im Weltladen \u2013 Geschenkaufkleber f\u00fcr viele Gelegenheiten\" data-date=\"2024-04-09T16:04:33+02:00\">\n\n<div class=\"post-entry-content\">\n\n\t<h3 class=\"entry-title\">\n\t\t<a href=\"https:\/\/weltlaeden.de\/babenhausen\/neu-im-weltladen-geschenkaufkleber-fuer-viele-gelegenheiten\/\" title=\"Neu im Weltladen \u2013 Geschenkaufkleber f\u00fcr viele Gelegenheiten\" rel=\"bookmark\">Neu im Weltladen \u2013 Geschenkaufkleber f\u00fcr viele Gelegenheiten<\/a>\n\t<\/h3>\n\n\t<div class=\"entry-meta\"><a href=\"https:\/\/weltlaeden.de\/babenhausen\/2024\/04\/09\/\" title=\"16:04\" class=\"data-link\" rel=\"bookmark\"><time class=\"entry-date updated\" datetime=\"2024-04-09T16:04:33+02:00\">9. April 2024<\/time><\/a><\/div>\n\t<div class=\"entry-excerpt\"><p>Suchen Sie ein Geschenk, ein Mitbringsel f\u00fcr ihre Liebsten, gute Freunde und allen, denen sie eine kleine Freude machen m\u00f6chten? Mit einem originellen Aufkleber k\u00f6nnen&hellip;<\/p>\n<\/div>\n\t\n<a href=\"https:\/\/weltlaeden.de\/babenhausen\/neu-im-weltladen-geschenkaufkleber-fuer-viele-gelegenheiten\/\" class=\"dt-btn-s dt-btn post-details details-type-btn\" aria-label=\"Read more about Neu im Weltladen \u2013 Geschenkaufkleber f\u00fcr viele Gelegenheiten\">Weiterlesen<i class=\"dt-icon-the7-arrow-03\" aria-hidden=\"true\"><\/i><\/a>\n\n<\/div><\/article><\/div><div class=\"visible wf-cell iso-item\" data-post-id=\"1437\" data-date=\"2024-01-31T18:45:41+01:00\" data-name=\"Januar 2024 - Die Wiederer\u00f6ffnung des Weltladens war ein voller Erfolg!\"><article class=\"post project-odd visible post-1437 type-post status-publish format-standard has-post-thumbnail hentry category-neues category-verein tag-weltladen-babenhausen tag-wiedereroeffnung category-8 category-12\" data-name=\"Januar 2024 &#8211; Die Wiederer\u00f6ffnung des Weltladens war ein voller Erfolg!\" data-date=\"2024-01-31T18:45:41+01:00\">\n\n<div class=\"post-thumbnail-wrap\">\n\t<div class=\"post-thumbnail\">\n\t\t\n\t\t\n\t\t<a href=\"https:\/\/weltlaeden.de\/babenhausen\/die-eroeffnungstage-waren-ein-voller-erfolg\/\" class=\"post-thumbnail-rollover layzr-bg layzr-bg\" ><img decoding=\"async\" class=\"iso-lazy-load preload-me iso-lazy-load aspect\" src=\"data:image\/svg+xml,%3Csvg%20xmlns%3D&#39;http%3A%2F%2Fwww.w3.org%2F2000%2Fsvg&#39;%20viewBox%3D&#39;0%200%20768%20438&#39;%2F%3E\" data-src=\"https:\/\/weltlaeden.de\/babenhausen\/wp-content\/uploads\/sites\/107\/2024\/01\/Bild4-768x438.jpg\" data-srcset=\"https:\/\/weltlaeden.de\/babenhausen\/wp-content\/uploads\/sites\/107\/2024\/01\/Bild4-768x438.jpg 768w, https:\/\/weltlaeden.de\/babenhausen\/wp-content\/uploads\/sites\/107\/2024\/01\/Bild4-1152x657.jpg 1152w\" loading=\"eager\" style=\"--ratio: 768 \/ 438\" sizes=\"(max-width: 768px) 100vw, 768px\" alt=\"Mitarbeiterinnen WL Babenhausen\" title=\"Mitarbeiterinnen WL Babenhausen\" width=\"768\" height=\"438\"  \/><\/a>\t<\/div>\n<\/div>\n\n\n<div class=\"post-entry-content\">\n\n\t<h3 class=\"entry-title\">\n\t\t<a href=\"https:\/\/weltlaeden.de\/babenhausen\/die-eroeffnungstage-waren-ein-voller-erfolg\/\" title=\"Januar 2024 &#8211; Die Wiederer\u00f6ffnung des Weltladens war ein voller Erfolg!\" rel=\"bookmark\">Januar 2024 &#8211; Die Wiederer\u00f6ffnung des Weltladens war ein voller Erfolg!<\/a>\n\t<\/h3>\n\n\t<div class=\"entry-meta\"><a href=\"https:\/\/weltlaeden.de\/babenhausen\/2024\/01\/31\/\" title=\"18:45\" class=\"data-link\" rel=\"bookmark\"><time class=\"entry-date updated\" datetime=\"2024-01-31T18:45:41+01:00\">31. Januar 2024<\/time><\/a><\/div>\n\t<div class=\"entry-excerpt\"><p>Nach vor\u00fcbergehender Schlie\u00dfung aufgrund des Umzugs von der Schlossgasse 2 in die neuen, gr\u00f6\u00dferen und sch\u00f6neren Ladenr\u00e4ume in der Fahrstra\u00dfe 11 wurde der Weltladen am&hellip;<\/p>\n<\/div>\n\t\n<a href=\"https:\/\/weltlaeden.de\/babenhausen\/die-eroeffnungstage-waren-ein-voller-erfolg\/\" class=\"dt-btn-s dt-btn post-details details-type-btn\" aria-label=\"Read more about Januar 2024 &#8211; Die Wiederer\u00f6ffnung des Weltladens war ein voller Erfolg!\">Weiterlesen<i class=\"dt-icon-the7-arrow-03\" aria-hidden=\"true\"><\/i><\/a>\n\n<\/div><\/article><\/div><div class=\"visible wf-cell iso-item\" data-post-id=\"1412\" data-date=\"2023-12-08T17:40:41+01:00\" data-name=\"Zu Weihnachten \u2013 \u201efairschenken\u201c und im Januar \u2013 Umzug &quot;\u00fcber die Gass&quot;\"><article class=\"post project-odd visible post-1412 type-post status-publish format-standard has-post-thumbnail hentry category-neues category-termine category-8 category-3\" data-name=\"Zu Weihnachten \u2013 \u201efairschenken\u201c und im Januar \u2013 Umzug &#8222;\u00fcber die Gass&#8220;\" data-date=\"2023-12-08T17:40:41+01:00\">\n\n<div class=\"post-thumbnail-wrap\">\n\t<div class=\"post-thumbnail\">\n\t\t\n\t\t\n\t\t<a href=\"https:\/\/weltlaeden.de\/babenhausen\/zu-weihnachten-fairschenken\/\" class=\"post-thumbnail-rollover layzr-bg layzr-bg\" ><img decoding=\"async\" class=\"iso-lazy-load preload-me iso-lazy-load aspect\" src=\"data:image\/svg+xml,%3Csvg%20xmlns%3D&#39;http%3A%2F%2Fwww.w3.org%2F2000%2Fsvg&#39;%20viewBox%3D&#39;0%200%20768%20390&#39;%2F%3E\" data-src=\"https:\/\/weltlaeden.de\/babenhausen\/wp-content\/uploads\/sites\/107\/2020\/10\/IMG_3241news-nov-2020-768x390.jpg\" data-srcset=\"https:\/\/weltlaeden.de\/babenhausen\/wp-content\/uploads\/sites\/107\/2020\/10\/IMG_3241news-nov-2020-768x390.jpg 768w, https:\/\/weltlaeden.de\/babenhausen\/wp-content\/uploads\/sites\/107\/2020\/10\/IMG_3241news-nov-2020.jpg 787w\" loading=\"eager\" style=\"--ratio: 768 \/ 390\" sizes=\"(max-width: 768px) 100vw, 768px\" alt=\"\" title=\"IMG_3241news nov 2020\" width=\"768\" height=\"390\"  \/><\/a>\t<\/div>\n<\/div>\n\n\n<div class=\"post-entry-content\">\n\n\t<h3 class=\"entry-title\">\n\t\t<a href=\"https:\/\/weltlaeden.de\/babenhausen\/zu-weihnachten-fairschenken\/\" title=\"Zu Weihnachten \u2013 \u201efairschenken\u201c und im Januar \u2013 Umzug &#8222;\u00fcber die Gass&#8220;\" rel=\"bookmark\">Zu Weihnachten \u2013 \u201efairschenken\u201c und im Januar \u2013 Umzug &#8222;\u00fcber die Gass&#8220;<\/a>\n\t<\/h3>\n\n\t<div class=\"entry-meta\"><a href=\"https:\/\/weltlaeden.de\/babenhausen\/2023\/12\/08\/\" title=\"17:40\" class=\"data-link\" rel=\"bookmark\"><time class=\"entry-date updated\" datetime=\"2023-12-08T17:40:41+01:00\">8. Dezember 2023<\/time><\/a><\/div>\n\t<div class=\"entry-excerpt\"><p>Im Weltladen Babenhausen finden Sie Kunsthandwerk, Schmuck, Feinkost, Geschenkk\u00f6rbe nach Wunsch \u2013 ganz besonders viel und sch\u00f6n zur Weihnachtszeit. Anderswo gibt es das vielleicht auch,&hellip;<\/p>\n<\/div>\n\t\n<a href=\"https:\/\/weltlaeden.de\/babenhausen\/zu-weihnachten-fairschenken\/\" class=\"dt-btn-s dt-btn post-details details-type-btn\" aria-label=\"Read more about Zu Weihnachten \u2013 \u201efairschenken\u201c und im Januar \u2013 Umzug &#8222;\u00fcber die Gass&#8220;\">Weiterlesen<i class=\"dt-icon-the7-arrow-03\" aria-hidden=\"true\"><\/i><\/a>\n\n<\/div><\/article><\/div><\/div><!-- iso-container|iso-grid --><div class=\"paginator\" role=\"navigation\"><span class=\"nav-prev disabled\">\u2192<\/span><a href=\"https:\/\/weltlaeden.de\/babenhausen\/wp-json\/wp\/v2\/pages\/361\/\" class=\"page-numbers act\" data-page-num=\"1\">1<\/a><a href=\"https:\/\/weltlaeden.de\/babenhausen\/wp-json\/wp\/v2\/pages\/361\/page\/2\/\" class=\"page-numbers \" data-page-num=\"2\">2<\/a><a href=\"https:\/\/weltlaeden.de\/babenhausen\/wp-json\/wp\/v2\/pages\/361\/page\/3\/\" class=\"page-numbers \" data-page-num=\"3\">3<\/a><a href=\"https:\/\/weltlaeden.de\/babenhausen\/wp-json\/wp\/v2\/pages\/361\/page\/2\/\" class=\"page-numbers nav-next filter-item\" data-page-num=\"2\" >\u2192<\/a><\/div><\/div>[\/vc_column][\/vc_row]<\/p>\n<\/div>","protected":false},"excerpt":{"rendered":"<p>[vc_row][vc_column][vc_column_text] Neuigkeiten [\/vc_column_text][\/vc_column][\/vc_row]<\/p>\n","protected":false},"author":1,"featured_media":0,"parent":0,"menu_order":4,"comment_status":"closed","ping_status":"closed","template":"","meta":{"footnotes":""},"class_list":["post-361","page","type-page","status-publish","hentry","description-off"],"yoast_head":"<!-- This site is optimized with the Yoast SEO plugin v26.8 - https:\/\/yoast.com\/product\/yoast-seo-wordpress\/ -->\n<title>Neuigkeiten - Weltladen Babenhausen<\/title>\n<meta name=\"robots\" content=\"index, follow, max-snippet:-1, max-image-preview:large, max-video-preview:-1\" \/>\n<link rel=\"canonical\" href=\"https:\/\/weltlaeden.de\/babenhausen\/neuigkeiten\/\" \/>\n<meta property=\"og:locale\" content=\"de_DE\" \/>\n<meta property=\"og:type\" content=\"article\" \/>\n<meta property=\"og:title\" content=\"Neuigkeiten - Weltladen Babenhausen\" \/>\n<meta property=\"og:description\" content=\"[vc_row][vc_column][vc_column_text] Neuigkeiten [\/vc_column_text][\/vc_column][\/vc_row]\" \/>\n<meta property=\"og:url\" content=\"https:\/\/weltlaeden.de\/babenhausen\/neuigkeiten\/\" \/>\n<meta property=\"og:site_name\" content=\"Weltladen Babenhausen\" \/>\n<meta property=\"article:modified_time\" content=\"2022-02-04T10:51:02+00:00\" \/>\n<meta name=\"twitter:card\" content=\"summary_large_image\" \/>\n<meta name=\"twitter:label1\" content=\"Gesch\u00e4tzte Lesezeit\" \/>\n\t<meta name=\"twitter:data1\" content=\"1\u00a0Minute\" \/>\n<script type=\"application\/ld+json\" class=\"yoast-schema-graph\">{\"@context\":\"https:\/\/schema.org\",\"@graph\":[{\"@type\":\"WebPage\",\"@id\":\"https:\/\/weltlaeden.de\/babenhausen\/neuigkeiten\/\",\"url\":\"https:\/\/weltlaeden.de\/babenhausen\/neuigkeiten\/\",\"name\":\"Neuigkeiten - Weltladen Babenhausen\",\"isPartOf\":{\"@id\":\"https:\/\/weltlaeden.de\/babenhausen\/#website\"},\"datePublished\":\"2018-04-05T07:52:53+00:00\",\"dateModified\":\"2022-02-04T10:51:02+00:00\",\"breadcrumb\":{\"@id\":\"https:\/\/weltlaeden.de\/babenhausen\/neuigkeiten\/#breadcrumb\"},\"inLanguage\":\"de\",\"potentialAction\":[{\"@type\":\"ReadAction\",\"target\":[\"https:\/\/weltlaeden.de\/babenhausen\/neuigkeiten\/\"]}]},{\"@type\":\"BreadcrumbList\",\"@id\":\"https:\/\/weltlaeden.de\/babenhausen\/neuigkeiten\/#breadcrumb\",\"itemListElement\":[{\"@type\":\"ListItem\",\"position\":1,\"name\":\"Startseite\",\"item\":\"https:\/\/weltlaeden.de\/babenhausen\/\"},{\"@type\":\"ListItem\",\"position\":2,\"name\":\"Neuigkeiten\"}]},{\"@type\":\"WebSite\",\"@id\":\"https:\/\/weltlaeden.de\/babenhausen\/#website\",\"url\":\"https:\/\/weltlaeden.de\/babenhausen\/\",\"name\":\"Weltladen Babenhausen\",\"description\":\"Faire Produkte seit 1990\",\"potentialAction\":[{\"@type\":\"SearchAction\",\"target\":{\"@type\":\"EntryPoint\",\"urlTemplate\":\"https:\/\/weltlaeden.de\/babenhausen\/?s={search_term_string}\"},\"query-input\":{\"@type\":\"PropertyValueSpecification\",\"valueRequired\":true,\"valueName\":\"search_term_string\"}}],\"inLanguage\":\"de\"}]}<\/script>\n<!-- \/ Yoast SEO plugin. -->","yoast_head_json":{"title":"Neuigkeiten - Weltladen Babenhausen","robots":{"index":"index","follow":"follow","max-snippet":"max-snippet:-1","max-image-preview":"max-image-preview:large","max-video-preview":"max-video-preview:-1"},"canonical":"https:\/\/weltlaeden.de\/babenhausen\/neuigkeiten\/","og_locale":"de_DE","og_type":"article","og_title":"Neuigkeiten - Weltladen Babenhausen","og_description":"[vc_row][vc_column][vc_column_text] Neuigkeiten [\/vc_column_text][\/vc_column][\/vc_row]","og_url":"https:\/\/weltlaeden.de\/babenhausen\/neuigkeiten\/","og_site_name":"Weltladen Babenhausen","article_modified_time":"2022-02-04T10:51:02+00:00","twitter_card":"summary_large_image","twitter_misc":{"Gesch\u00e4tzte Lesezeit":"1\u00a0Minute"},"schema":{"@context":"https:\/\/schema.org","@graph":[{"@type":"WebPage","@id":"https:\/\/weltlaeden.de\/babenhausen\/neuigkeiten\/","url":"https:\/\/weltlaeden.de\/babenhausen\/neuigkeiten\/","name":"Neuigkeiten - Weltladen Babenhausen","isPartOf":{"@id":"https:\/\/weltlaeden.de\/babenhausen\/#website"},"datePublished":"2018-04-05T07:52:53+00:00","dateModified":"2022-02-04T10:51:02+00:00","breadcrumb":{"@id":"https:\/\/weltlaeden.de\/babenhausen\/neuigkeiten\/#breadcrumb"},"inLanguage":"de","potentialAction":[{"@type":"ReadAction","target":["https:\/\/weltlaeden.de\/babenhausen\/neuigkeiten\/"]}]},{"@type":"BreadcrumbList","@id":"https:\/\/weltlaeden.de\/babenhausen\/neuigkeiten\/#breadcrumb","itemListElement":[{"@type":"ListItem","position":1,"name":"Startseite","item":"https:\/\/weltlaeden.de\/babenhausen\/"},{"@type":"ListItem","position":2,"name":"Neuigkeiten"}]},{"@type":"WebSite","@id":"https:\/\/weltlaeden.de\/babenhausen\/#website","url":"https:\/\/weltlaeden.de\/babenhausen\/","name":"Weltladen Babenhausen","description":"Faire Produkte seit 1990","potentialAction":[{"@type":"SearchAction","target":{"@type":"EntryPoint","urlTemplate":"https:\/\/weltlaeden.de\/babenhausen\/?s={search_term_string}"},"query-input":{"@type":"PropertyValueSpecification","valueRequired":true,"valueName":"search_term_string"}}],"inLanguage":"de"}]}},"_links":{"self":[{"href":"https:\/\/weltlaeden.de\/babenhausen\/wp-json\/wp\/v2\/pages\/361","targetHints":{"allow":["GET"]}}],"collection":[{"href":"https:\/\/weltlaeden.de\/babenhausen\/wp-json\/wp\/v2\/pages"}],"about":[{"href":"https:\/\/weltlaeden.de\/babenhausen\/wp-json\/wp\/v2\/types\/page"}],"author":[{"embeddable":true,"href":"https:\/\/weltlaeden.de\/babenhausen\/wp-json\/wp\/v2\/users\/1"}],"replies":[{"embeddable":true,"href":"https:\/\/weltlaeden.de\/babenhausen\/wp-json\/wp\/v2\/comments?post=361"}],"version-history":[{"count":21,"href":"https:\/\/weltlaeden.de\/babenhausen\/wp-json\/wp\/v2\/pages\/361\/revisions"}],"predecessor-version":[{"id":1185,"href":"https:\/\/weltlaeden.de\/babenhausen\/wp-json\/wp\/v2\/pages\/361\/revisions\/1185"}],"wp:attachment":[{"href":"https:\/\/weltlaeden.de\/babenhausen\/wp-json\/wp\/v2\/media?parent=361"}],"curies":[{"name":"wp","href":"https:\/\/api.w.org\/{rel}","templated":true}]}}