{"id":217,"date":"2016-10-28T13:34:47","date_gmt":"2016-10-28T11:34:47","guid":{"rendered":"https:\/\/wl.heimpixel.de\/vorlage\/produkte\/"},"modified":"2021-01-31T20:08:01","modified_gmt":"2021-01-31T19:08:01","slug":"produkte","status":"publish","type":"page","link":"https:\/\/weltlaeden.de\/attendorn\/produkte\/","title":{"rendered":"Produkte"},"content":{"rendered":"<div class=\"wpb-content-wrapper\"><p>[vc_row][vc_column][vc_column_text]<\/p>\n<h1>Unser Sortiment<\/h1>\n<p>Unsere Ware erhalten wir insbesondere von der GEPA, ElPuente, WeltPartner, Globo und anderen kleinen Fair-Handels-Partnern.<\/p>\n<p>Teile unseres Sortiments, insbesondere &#8222;Bellebaums Traum Kaffee&#8220; sind auch im Feinkost-Laden von <a href=\"https:\/\/www.kost-attendorn.de\/\">Nicole Kost<\/a>\u00a0, der <a href=\"https:\/\/www.sauerlandsenf.de\/\">Senfm\u00fchle<\/a>\u00a0und\u00a0<a href=\"https:\/\/www.harnischmacher.com\/\">Caf\u00e9 Harnischmacher<\/a>\u00a0in Attendorn erh\u00e4ltlich.<\/p>\n<p>Bei uns kann man aus den Katalogen der Importeure einzelne Artikel bestellen, auch wenn wir sie nicht im Laden haben.[\/vc_column_text][vc_empty_space height=&#8220;20px&#8220;][vc_row_inner][vc_column_inner width=&#8220;1\/2&#8243;][vc_column_text]<\/p>\n<h2><a href=\"https:\/\/weltlaeden.de\/attendorn\/produkte\/lebensmittel\/\">Essen &amp; Genie\u00dfen<\/a><\/h2>\n<p>[\/vc_column_text]<div class=\"wl_einzelbild\"><p><a href=\"https:\/\/weltlaeden.de\/attendorn\/produkte\/lebensmittel\/\"><img loading=\"lazy\" decoding=\"async\" class=\"aligncenter wp-image-826 size-large\" src=\"https:\/\/weltlaeden.de\/attendorn\/wp-content\/uploads\/sites\/99\/2020\/03\/Weltladen-26-1024x683.jpg\" alt=\"\" width=\"1024\" height=\"683\" srcset=\"https:\/\/weltlaeden.de\/attendorn\/wp-content\/uploads\/sites\/99\/2020\/03\/Weltladen-26-1024x683.jpg 1024w, https:\/\/weltlaeden.de\/attendorn\/wp-content\/uploads\/sites\/99\/2020\/03\/Weltladen-26-300x200.jpg 300w, https:\/\/weltlaeden.de\/attendorn\/wp-content\/uploads\/sites\/99\/2020\/03\/Weltladen-26-768x512.jpg 768w, https:\/\/weltlaeden.de\/attendorn\/wp-content\/uploads\/sites\/99\/2020\/03\/Weltladen-26.jpg 1920w\" sizes=\"auto, (max-width: 1024px) 100vw, 1024px\" \/><\/a><\/p><\/div>[vc_column_text]Zum Kernsortiment geh\u00f6ren Lebensmittel wie Kaffee, Tee, Honig, Schokolade. Gerne empfehlen wir unseren Stadt-Kaffee &#8222;Bellebaums Traum&#8220;, der fair gehandelt ist. <a href=\"https:\/\/weltlaeden.de\/attendorn\/produkte\/lebensmittel\/\">Zu den Produkten!<\/a>[\/vc_column_text][vc_empty_space height=&#8220;10px&#8220;][vc_column_text]<\/p>\n<h2><a href=\"https:\/\/weltlaeden.de\/attendorn\/produkte\/kinderkleidung\/\">Kinderkleidung &amp; Spielzeug<\/a><\/h2>\n<p>[\/vc_column_text]<div class=\"wl_einzelbild\"><p><a href=\"https:\/\/weltlaeden.de\/attendorn\/produkte\/kinderkleidung\/\"><img loading=\"lazy\" decoding=\"async\" class=\"aligncenter wp-image-920 size-large\" src=\"https:\/\/weltlaeden.de\/attendorn\/wp-content\/uploads\/sites\/99\/2020\/03\/Weltladen-115-1024x683.jpg\" alt=\"\" width=\"1024\" height=\"683\" srcset=\"https:\/\/weltlaeden.de\/attendorn\/wp-content\/uploads\/sites\/99\/2020\/03\/Weltladen-115-1024x683.jpg 1024w, https:\/\/weltlaeden.de\/attendorn\/wp-content\/uploads\/sites\/99\/2020\/03\/Weltladen-115-300x200.jpg 300w, https:\/\/weltlaeden.de\/attendorn\/wp-content\/uploads\/sites\/99\/2020\/03\/Weltladen-115-768x512.jpg 768w, https:\/\/weltlaeden.de\/attendorn\/wp-content\/uploads\/sites\/99\/2020\/03\/Weltladen-115.jpg 1920w\" sizes=\"auto, (max-width: 1024px) 100vw, 1024px\" \/><\/a><\/p><\/div>[vc_column_text]Kindermode, die \u00f6kologisch, fair und nachhaltig produziert wird, wie zum Beispiel Bodys, Strampler und M\u00fctzen. Wir haben auch eine tolle Auswahl an Kinder-Spielzeug.\u00a0<a href=\"https:\/\/weltlaeden.de\/attendorn\/produkte\/kinderkleidung\/\">Zu den Produkten!<\/a>[\/vc_column_text][vc_empty_space height=&#8220;10px&#8220;][vc_column_text]<\/p>\n<h2><a href=\"https:\/\/weltlaeden.de\/attendorn\/produkte\/wohnen-deko\/\">Wohnen &amp; Deko<\/a><\/h2>\n<p>[\/vc_column_text]<div class=\"wl_einzelbild\"><p><a href=\"https:\/\/weltlaeden.de\/attendorn\/produkte\/wohnen-deko\/\"><img loading=\"lazy\" decoding=\"async\" class=\"aligncenter wp-image-914 size-large\" src=\"https:\/\/weltlaeden.de\/attendorn\/wp-content\/uploads\/sites\/99\/2020\/03\/Weltladen-109-1024x683.jpg\" alt=\"\" width=\"1024\" height=\"683\" srcset=\"https:\/\/weltlaeden.de\/attendorn\/wp-content\/uploads\/sites\/99\/2020\/03\/Weltladen-109-1024x683.jpg 1024w, https:\/\/weltlaeden.de\/attendorn\/wp-content\/uploads\/sites\/99\/2020\/03\/Weltladen-109-300x200.jpg 300w, https:\/\/weltlaeden.de\/attendorn\/wp-content\/uploads\/sites\/99\/2020\/03\/Weltladen-109-768x512.jpg 768w, https:\/\/weltlaeden.de\/attendorn\/wp-content\/uploads\/sites\/99\/2020\/03\/Weltladen-109.jpg 1920w\" sizes=\"auto, (max-width: 1024px) 100vw, 1024px\" \/><\/a><\/p><\/div>[vc_column_text]Hier findest du eine Vielfalt an sch\u00f6nen Dingen f\u00fcr Inneneinrichtung und Dekoration. Sowie fair-gehandelte K\u00fcchenutensilien. <a href=\"https:\/\/weltlaeden.de\/attendorn\/produkte\/wohnen-deko\/\">Zu den Produkten!<\/a>[\/vc_column_text][\/vc_column_inner][vc_column_inner width=&#8220;1\/2&#8243;][vc_column_text]<\/p>\n<h2><a href=\"https:\/\/weltlaeden.de\/attendorn\/produkte\/faire-kleidung-accessoires\/\">Faire Kleidung &amp; Accessoires<\/a><\/h2>\n<p>[\/vc_column_text]<div class=\"wl_einzelbild\"><p><a href=\"https:\/\/weltlaeden.de\/attendorn\/produkte\/faire-kleidung-accessoires\/\"><img loading=\"lazy\" decoding=\"async\" class=\"aligncenter wp-image-900 size-large\" src=\"https:\/\/weltlaeden.de\/attendorn\/wp-content\/uploads\/sites\/99\/2020\/03\/Weltladen-95-1024x683.jpg\" alt=\"\" width=\"1024\" height=\"683\" srcset=\"https:\/\/weltlaeden.de\/attendorn\/wp-content\/uploads\/sites\/99\/2020\/03\/Weltladen-95-1024x683.jpg 1024w, https:\/\/weltlaeden.de\/attendorn\/wp-content\/uploads\/sites\/99\/2020\/03\/Weltladen-95-300x200.jpg 300w, https:\/\/weltlaeden.de\/attendorn\/wp-content\/uploads\/sites\/99\/2020\/03\/Weltladen-95-768x512.jpg 768w, https:\/\/weltlaeden.de\/attendorn\/wp-content\/uploads\/sites\/99\/2020\/03\/Weltladen-95.jpg 1920w\" sizes=\"auto, (max-width: 1024px) 100vw, 1024px\" \/><\/a><\/p><\/div>[vc_column_text]Entdecke eine Auswahl an fair-produzierten Schals, T\u00fcchern und Taschen. Du kannst T-Shirts mit individuellen Motiven klimafreundlich drucken lassen.\u00a0<a href=\"https:\/\/weltlaeden.de\/attendorn\/produkte\/faire-kleidung-accessoires\/\">Zu den Produkten!<\/a>[\/vc_column_text][vc_empty_space height=&#8220;10px&#8220;][vc_column_text]<\/p>\n<h2><a href=\"https:\/\/weltlaeden.de\/attendorn\/produkte\/geschenkideen\/\">Geschenkideen<\/a><\/h2>\n<p>[\/vc_column_text]<div class=\"wl_einzelbild\"><p><a href=\"https:\/\/weltlaeden.de\/attendorn\/produkte\/geschenkideen\/\"><img loading=\"lazy\" decoding=\"async\" class=\"aligncenter\" src=\"https:\/\/weltlaeden.de\/attendorn\/wp-content\/uploads\/sites\/3\/2018\/05\/Lebensmittel_WL-Bornheim-Christian-Schilling.jpg\" alt=\"\" width=\"600\" height=\"402\" \/><\/a><\/p><\/div>[vc_column_text]Du bist auf der Suche nach einem fair-produzierten Geschenk f\u00fcr einen besonderen Anlass? Wir stellen dir gerne individuelle Geschenkboxen und -K\u00f6rbe zusammen oder erstellen Gutscheine, die sch\u00f6n <em>fair-packt<\/em> werden.\u00a0\u00a0 \u00a0<a href=\"https:\/\/weltlaeden.de\/attendorn\/produkte\/geschenkideen\/\">Zu den Produkten!<\/a>[\/vc_column_text][vc_empty_space height=&#8220;10px&#8220;][vc_column_text]<\/p>\n<h2><a href=\"https:\/\/weltlaeden.de\/attendorn\/produkte\/wellness\/\">Wellness<\/a><\/h2>\n<p>[\/vc_column_text]<div class=\"wl_einzelbild\"><p><a href=\"https:\/\/weltlaeden.de\/attendorn\/produkte\/wellness\"><img loading=\"lazy\" decoding=\"async\" class=\"aligncenter wp-image-883 size-large\" src=\"https:\/\/weltlaeden.de\/attendorn\/wp-content\/uploads\/sites\/99\/2020\/03\/Weltladen-78-1024x683.jpg\" alt=\"\" width=\"1024\" height=\"683\" srcset=\"https:\/\/weltlaeden.de\/attendorn\/wp-content\/uploads\/sites\/99\/2020\/03\/Weltladen-78-1024x683.jpg 1024w, https:\/\/weltlaeden.de\/attendorn\/wp-content\/uploads\/sites\/99\/2020\/03\/Weltladen-78-300x200.jpg 300w, https:\/\/weltlaeden.de\/attendorn\/wp-content\/uploads\/sites\/99\/2020\/03\/Weltladen-78-768x512.jpg 768w, https:\/\/weltlaeden.de\/attendorn\/wp-content\/uploads\/sites\/99\/2020\/03\/Weltladen-78.jpg 1920w\" sizes=\"auto, (max-width: 1024px) 100vw, 1024px\" \/><\/a><\/p><\/div>[vc_column_text]In unserem Wellnessbereich findest Du eine Auswahl an hochwertigen Produkten. Zum Beispiel Hammamt\u00fccher, feste Seifen und K\u00f6rper\u00f6le. <a href=\"https:\/\/weltlaeden.de\/attendorn\/produkte\/wellness\/\">Zu den Produkten!<\/a>[\/vc_column_text][\/vc_column_inner][\/vc_row_inner][\/vc_column][\/vc_row][vc_row][vc_column][\/vc_column][\/vc_row][vc_row][vc_column][\/vc_column][\/vc_row]<\/p>\n<\/div>","protected":false},"excerpt":{"rendered":"<p>[vc_row][vc_column][vc_column_text] Unser Sortiment Unsere Ware erhalten wir insbesondere von der GEPA, ElPuente, WeltPartner, Globo und anderen kleinen Fair-Handels-Partnern. Teile unseres Sortiments, insbesondere &#8222;Bellebaums Traum Kaffee&#8220; sind auch im Feinkost-Laden von Nicole Kost\u00a0, der Senfm\u00fchle\u00a0und\u00a0Caf\u00e9 Harnischmacher\u00a0in Attendorn erh\u00e4ltlich. Bei uns kann man aus den Katalogen der Importeure einzelne Artikel bestellen, auch wenn wir sie nicht im&hellip;<\/p>\n","protected":false},"author":1,"featured_media":0,"parent":0,"menu_order":10,"comment_status":"closed","ping_status":"closed","template":"","meta":{"footnotes":""},"class_list":["post-217","page","type-page","status-publish","hentry","description-off"],"yoast_head":"<!-- This site is optimized with the Yoast SEO plugin v26.8 - https:\/\/yoast.com\/product\/yoast-seo-wordpress\/ -->\n<title>Produkte - Weltgruppe Attendorn<\/title>\n<meta name=\"robots\" content=\"index, follow, max-snippet:-1, max-image-preview:large, max-video-preview:-1\" \/>\n<link rel=\"canonical\" href=\"https:\/\/weltlaeden.de\/attendorn\/produkte\/\" \/>\n<meta property=\"og:locale\" content=\"de_DE\" \/>\n<meta property=\"og:type\" content=\"article\" \/>\n<meta property=\"og:title\" content=\"Produkte - Weltgruppe Attendorn\" \/>\n<meta property=\"og:description\" content=\"[vc_row][vc_column][vc_column_text] Unser Sortiment Unsere Ware erhalten wir insbesondere von der GEPA, ElPuente, WeltPartner, Globo und anderen kleinen Fair-Handels-Partnern. Teile unseres Sortiments, insbesondere &#8222;Bellebaums Traum Kaffee&#8220; sind auch im Feinkost-Laden von Nicole Kost\u00a0, der Senfm\u00fchle\u00a0und\u00a0Caf\u00e9 Harnischmacher\u00a0in Attendorn erh\u00e4ltlich. Bei uns kann man aus den Katalogen der Importeure einzelne Artikel bestellen, auch wenn wir sie nicht im&hellip;\" \/>\n<meta property=\"og:url\" content=\"https:\/\/weltlaeden.de\/attendorn\/produkte\/\" \/>\n<meta property=\"og:site_name\" content=\"Weltgruppe Attendorn\" \/>\n<meta property=\"article:modified_time\" content=\"2021-01-31T19:08:01+00:00\" \/>\n<meta property=\"og:image\" content=\"https:\/\/weltlaeden.de\/attendorn\/wp-content\/uploads\/sites\/99\/2020\/03\/Weltladen-26-1024x683.jpg\" \/>\n<meta name=\"twitter:card\" content=\"summary_large_image\" \/>\n<meta name=\"twitter:label1\" content=\"Gesch\u00e4tzte Lesezeit\" \/>\n\t<meta name=\"twitter:data1\" content=\"2\u00a0Minuten\" \/>\n<script type=\"application\/ld+json\" class=\"yoast-schema-graph\">{\"@context\":\"https:\/\/schema.org\",\"@graph\":[{\"@type\":\"WebPage\",\"@id\":\"https:\/\/weltlaeden.de\/attendorn\/produkte\/\",\"url\":\"https:\/\/weltlaeden.de\/attendorn\/produkte\/\",\"name\":\"Produkte - Weltgruppe Attendorn\",\"isPartOf\":{\"@id\":\"https:\/\/weltlaeden.de\/attendorn\/#website\"},\"primaryImageOfPage\":{\"@id\":\"https:\/\/weltlaeden.de\/attendorn\/produkte\/#primaryimage\"},\"image\":{\"@id\":\"https:\/\/weltlaeden.de\/attendorn\/produkte\/#primaryimage\"},\"thumbnailUrl\":\"https:\/\/weltlaeden.de\/attendorn\/wp-content\/uploads\/sites\/99\/2020\/03\/Weltladen-26-1024x683.jpg\",\"datePublished\":\"2016-10-28T11:34:47+00:00\",\"dateModified\":\"2021-01-31T19:08:01+00:00\",\"breadcrumb\":{\"@id\":\"https:\/\/weltlaeden.de\/attendorn\/produkte\/#breadcrumb\"},\"inLanguage\":\"de\",\"potentialAction\":[{\"@type\":\"ReadAction\",\"target\":[\"https:\/\/weltlaeden.de\/attendorn\/produkte\/\"]}]},{\"@type\":\"ImageObject\",\"inLanguage\":\"de\",\"@id\":\"https:\/\/weltlaeden.de\/attendorn\/produkte\/#primaryimage\",\"url\":\"https:\/\/weltlaeden.de\/attendorn\/wp-content\/uploads\/sites\/99\/2020\/03\/Weltladen-26.jpg\",\"contentUrl\":\"https:\/\/weltlaeden.de\/attendorn\/wp-content\/uploads\/sites\/99\/2020\/03\/Weltladen-26.jpg\",\"width\":1920,\"height\":1280},{\"@type\":\"BreadcrumbList\",\"@id\":\"https:\/\/weltlaeden.de\/attendorn\/produkte\/#breadcrumb\",\"itemListElement\":[{\"@type\":\"ListItem\",\"position\":1,\"name\":\"Startseite\",\"item\":\"https:\/\/weltlaeden.de\/attendorn\/\"},{\"@type\":\"ListItem\",\"position\":2,\"name\":\"Produkte\"}]},{\"@type\":\"WebSite\",\"@id\":\"https:\/\/weltlaeden.de\/attendorn\/#website\",\"url\":\"https:\/\/weltlaeden.de\/attendorn\/\",\"name\":\"Weltgruppe Attendorn\",\"description\":\"Faire Produkte seit 1984\",\"potentialAction\":[{\"@type\":\"SearchAction\",\"target\":{\"@type\":\"EntryPoint\",\"urlTemplate\":\"https:\/\/weltlaeden.de\/attendorn\/?s={search_term_string}\"},\"query-input\":{\"@type\":\"PropertyValueSpecification\",\"valueRequired\":true,\"valueName\":\"search_term_string\"}}],\"inLanguage\":\"de\"}]}<\/script>\n<!-- \/ Yoast SEO plugin. -->","yoast_head_json":{"title":"Produkte - Weltgruppe Attendorn","robots":{"index":"index","follow":"follow","max-snippet":"max-snippet:-1","max-image-preview":"max-image-preview:large","max-video-preview":"max-video-preview:-1"},"canonical":"https:\/\/weltlaeden.de\/attendorn\/produkte\/","og_locale":"de_DE","og_type":"article","og_title":"Produkte - Weltgruppe Attendorn","og_description":"[vc_row][vc_column][vc_column_text] Unser Sortiment Unsere Ware erhalten wir insbesondere von der GEPA, ElPuente, WeltPartner, Globo und anderen kleinen Fair-Handels-Partnern. Teile unseres Sortiments, insbesondere &#8222;Bellebaums Traum Kaffee&#8220; sind auch im Feinkost-Laden von Nicole Kost\u00a0, der Senfm\u00fchle\u00a0und\u00a0Caf\u00e9 Harnischmacher\u00a0in Attendorn erh\u00e4ltlich. Bei uns kann man aus den Katalogen der Importeure einzelne Artikel bestellen, auch wenn wir sie nicht im&hellip;","og_url":"https:\/\/weltlaeden.de\/attendorn\/produkte\/","og_site_name":"Weltgruppe Attendorn","article_modified_time":"2021-01-31T19:08:01+00:00","og_image":[{"url":"https:\/\/weltlaeden.de\/attendorn\/wp-content\/uploads\/sites\/99\/2020\/03\/Weltladen-26-1024x683.jpg","type":"","width":"","height":""}],"twitter_card":"summary_large_image","twitter_misc":{"Gesch\u00e4tzte Lesezeit":"2\u00a0Minuten"},"schema":{"@context":"https:\/\/schema.org","@graph":[{"@type":"WebPage","@id":"https:\/\/weltlaeden.de\/attendorn\/produkte\/","url":"https:\/\/weltlaeden.de\/attendorn\/produkte\/","name":"Produkte - Weltgruppe Attendorn","isPartOf":{"@id":"https:\/\/weltlaeden.de\/attendorn\/#website"},"primaryImageOfPage":{"@id":"https:\/\/weltlaeden.de\/attendorn\/produkte\/#primaryimage"},"image":{"@id":"https:\/\/weltlaeden.de\/attendorn\/produkte\/#primaryimage"},"thumbnailUrl":"https:\/\/weltlaeden.de\/attendorn\/wp-content\/uploads\/sites\/99\/2020\/03\/Weltladen-26-1024x683.jpg","datePublished":"2016-10-28T11:34:47+00:00","dateModified":"2021-01-31T19:08:01+00:00","breadcrumb":{"@id":"https:\/\/weltlaeden.de\/attendorn\/produkte\/#breadcrumb"},"inLanguage":"de","potentialAction":[{"@type":"ReadAction","target":["https:\/\/weltlaeden.de\/attendorn\/produkte\/"]}]},{"@type":"ImageObject","inLanguage":"de","@id":"https:\/\/weltlaeden.de\/attendorn\/produkte\/#primaryimage","url":"https:\/\/weltlaeden.de\/attendorn\/wp-content\/uploads\/sites\/99\/2020\/03\/Weltladen-26.jpg","contentUrl":"https:\/\/weltlaeden.de\/attendorn\/wp-content\/uploads\/sites\/99\/2020\/03\/Weltladen-26.jpg","width":1920,"height":1280},{"@type":"BreadcrumbList","@id":"https:\/\/weltlaeden.de\/attendorn\/produkte\/#breadcrumb","itemListElement":[{"@type":"ListItem","position":1,"name":"Startseite","item":"https:\/\/weltlaeden.de\/attendorn\/"},{"@type":"ListItem","position":2,"name":"Produkte"}]},{"@type":"WebSite","@id":"https:\/\/weltlaeden.de\/attendorn\/#website","url":"https:\/\/weltlaeden.de\/attendorn\/","name":"Weltgruppe Attendorn","description":"Faire Produkte seit 1984","potentialAction":[{"@type":"SearchAction","target":{"@type":"EntryPoint","urlTemplate":"https:\/\/weltlaeden.de\/attendorn\/?s={search_term_string}"},"query-input":{"@type":"PropertyValueSpecification","valueRequired":true,"valueName":"search_term_string"}}],"inLanguage":"de"}]}},"_links":{"self":[{"href":"https:\/\/weltlaeden.de\/attendorn\/wp-json\/wp\/v2\/pages\/217","targetHints":{"allow":["GET"]}}],"collection":[{"href":"https:\/\/weltlaeden.de\/attendorn\/wp-json\/wp\/v2\/pages"}],"about":[{"href":"https:\/\/weltlaeden.de\/attendorn\/wp-json\/wp\/v2\/types\/page"}],"author":[{"embeddable":true,"href":"https:\/\/weltlaeden.de\/attendorn\/wp-json\/wp\/v2\/users\/1"}],"replies":[{"embeddable":true,"href":"https:\/\/weltlaeden.de\/attendorn\/wp-json\/wp\/v2\/comments?post=217"}],"version-history":[{"count":44,"href":"https:\/\/weltlaeden.de\/attendorn\/wp-json\/wp\/v2\/pages\/217\/revisions"}],"predecessor-version":[{"id":792,"href":"https:\/\/weltlaeden.de\/attendorn\/wp-json\/wp\/v2\/pages\/217\/revisions\/792"}],"wp:attachment":[{"href":"https:\/\/weltlaeden.de\/attendorn\/wp-json\/wp\/v2\/media?parent=217"}],"curies":[{"name":"wp","href":"https:\/\/api.w.org\/{rel}","templated":true}]}}